{"id":86,"date":"2024-05-03T09:18:33","date_gmt":"2024-05-03T09:18:33","guid":{"rendered":"https:\/\/montataire.local\/?page_id=86"},"modified":"2025-11-25T16:29:22","modified_gmt":"2025-11-25T16:29:22","slug":"participatory-democracy","status":"publish","type":"page","link":"https:\/\/mairie-montataire.fr\/en\/s-informer\/les-valeurs\/democratie-participative\/","title":{"rendered":"Participatory democracy"},"content":{"rendered":"<p><strong>The aim of participatory democracy is to provide a link between residents and the town council's policies and actions. In Montataire, public meetings, consultations, neighbourhood visits and on-site meetings are all ways of soliciting residents' opinions.<\/strong><\/p>\n\n\n\n<p>Above all, the aim is to consult the population on the challenges facing the town, both in terms of the quality of life and the budgetary guidelines. The City does not use this democracy as a pretext, explaining each time the framework of the reflection and the inherent constraints.<\/p>\n\n\n\n<h2 class=\"wp-block-heading\"><strong>Neighbourhood meetings<\/strong><\/h2>\n\n\n\n<p>They take place every year in the city's eleven neighbourhoods. They are part of the budget preparation process and are identified by bringing together elected representatives and residents. Specific information is provided for each district, giving details of the time and place of the meeting.<\/p>\n\n\n\t\t\t\t\t<div\n\t\t\t\t\t\tclass=\"wp-block-uagb-image-gallery uagb-block-292fce38\"\n\t\t\t\t\t\tstyle=\"\"\n\t\t\t\t\t>\n\t\t\t\t\t\t\t\t\t\t\t<div class=\"spectra-image-gallery spectra-image-gallery__layout--masonry spectra-image-gallery__layout--masonry-col-2 spectra-image-gallery__layout--masonry-col-tab-2 spectra-image-gallery__layout--masonry-col-mob-2\">\n\t\t\t\t\t\t\t\t\t\t\t<div class='spectra-image-gallery__media-wrapper--isotope'>\n\t\t\t\t\t\t\t<div class='spectra-image-gallery__media-wrapper' data-spectra-gallery-image-id='2696' tabindex=\"0\">\n\t\t\t\t\t\t\t<div class=\"spectra-image-gallery__media spectra-image-gallery__media--masonry\">\n\t\t\t\t<picture>\n\t\t\t\t\t<source media=\"(min-width: 1024px)\" srcset=\"https:\/\/mairie-montataire.fr\/app\/uploads\/2024\/08\/2023-02-07-RQ-Fonds-de-Montataire-15-1024x683.jpg\">\n\t\t\t\t\t<source media=\"(min-width: 768px)\" srcset=\"https:\/\/mairie-montataire.fr\/app\/uploads\/2024\/08\/2023-02-07-RQ-Fonds-de-Montataire-15-1024x683.jpg\">\n\t\t\t\t\t<img decoding=\"async\" class=\"spectra-image-gallery__media-thumbnail spectra-image-gallery__media-thumbnail--masonry\" src=\"https:\/\/mairie-montataire.fr\/app\/uploads\/2024\/08\/2023-02-07-RQ-Fonds-de-Montataire-15-300x200.jpg\" alt=\"\" loading=\"lazy\" \/>\n\t\t\t\t<\/picture>\n\t\t\t\t<div class=\"spectra-image-gallery__media-thumbnail-blurrer\"><\/div>\n\t\t\t\t\t\t\t\t\t\t\t<div class=\"spectra-image-gallery__media-thumbnail-caption-wrapper spectra-image-gallery__media-thumbnail-caption-wrapper--overlay\">\n\t\t\t\t\t\t\t\t\t\t\t<div class=\"spectra-image-gallery__media-thumbnail-caption spectra-image-gallery__media-thumbnail-caption--overlay\">\n\t\t\t\t\tNeighbourhood meetings - Fonds de Montataire\t\t\t\t<\/div>\n\t\t\t\t\t\t\t\t\t\t<\/div>\n\t\t\t\t\t\t\t\t\t<\/div>\n\t\t\t\t\t\t<\/div>\n\t\t\t\t\t\t<\/div>\n\t\t\t\t\t\t<div class='spectra-image-gallery__media-wrapper--isotope'>\n\t\t\t\t\t\t\t<div class='spectra-image-gallery__media-wrapper' data-spectra-gallery-image-id='2697' tabindex=\"0\">\n\t\t\t\t\t\t\t<div class=\"spectra-image-gallery__media spectra-image-gallery__media--masonry\">\n\t\t\t\t<picture>\n\t\t\t\t\t<source media=\"(min-width: 1024px)\" srcset=\"https:\/\/mairie-montataire.fr\/app\/uploads\/2024\/08\/2023-11-28-RQ-Curie-2-1024x683.jpg\">\n\t\t\t\t\t<source media=\"(min-width: 768px)\" srcset=\"https:\/\/mairie-montataire.fr\/app\/uploads\/2024\/08\/2023-11-28-RQ-Curie-2-1024x683.jpg\">\n\t\t\t\t\t<img decoding=\"async\" class=\"spectra-image-gallery__media-thumbnail spectra-image-gallery__media-thumbnail--masonry\" src=\"https:\/\/mairie-montataire.fr\/app\/uploads\/2024\/08\/2023-11-28-RQ-Curie-2-300x200.jpg\" alt=\"\" loading=\"lazy\" \/>\n\t\t\t\t<\/picture>\n\t\t\t\t<div class=\"spectra-image-gallery__media-thumbnail-blurrer\"><\/div>\n\t\t\t\t\t\t\t\t\t\t\t<div class=\"spectra-image-gallery__media-thumbnail-caption-wrapper spectra-image-gallery__media-thumbnail-caption-wrapper--overlay\">\n\t\t\t\t\t\t\t\t\t\t\t<div class=\"spectra-image-gallery__media-thumbnail-caption spectra-image-gallery__media-thumbnail-caption--overlay\">\n\t\t\t\t\tNeighbourhood meetings - Ir\u00e8ne &amp; Fr\u00e9d\u00e9ric Joliot-Curie school\t\t\t\t<\/div>\n\t\t\t\t\t\t\t\t\t\t<\/div>\n\t\t\t\t\t\t\t\t\t<\/div>\n\t\t\t\t\t\t<\/div>\n\t\t\t\t\t\t<\/div>\n\t\t\t\t\t\t\t\t\t\t<\/div>\n\t\t\t\t\t\t\t\t\t\t\t\t\t\t\t\t\t\t<\/div>\n\t\t\t\t\t\t\t\t\t\t\t<div class='spectra-image-gallery__control-lightbox' tabindex='0'>\n\t\t\t\t\t\t\t\t\t\t\t<div class=\"swiper spectra-image-gallery__control-lightbox--main\" dir=\"\">\n\t\t\t\t\t<div class=\"swiper-wrapper\">\n\t\t\t\t\t\t\t\t\t\t\t\t\t\n\t\t\t\t\t\t\t<div class=\"swiper-slide\">\n\t\t\t\t\t\t\t\t<img class=\"swiper-lazy\" data-src=\"https:\/\/mairie-montataire.fr\/app\/uploads\/2024\/08\/2023-02-07-RQ-Fonds-de-Montataire-15-scaled.jpg\" alt=\"\"\/>\n\t\t\t\t\t\t\t\t<div class=\"swiper-lazy-preloader swiper-lazy-preloader-white\"><\/div>\n\t\t\t\t\t\t\t\t\t\t\t\t\t\t\t\t\t<div class=\"spectra-image-gallery__control-lightbox--caption\" data-spectra-gallery-image-id='2696'>\n\t\t\t\t\t\t\t\t\t\tNeighbourhood meetings - Fonds de Montataire\t\t\t\t\t\t\t\t\t<\/div>\n\t\t\t\t\t\t\t\t\t\t\t\t\t\t\t<\/div>\n\t\t\t\t\t\t\t\t\t\t\t\t\t\n\t\t\t\t\t\t\t<div class=\"swiper-slide\">\n\t\t\t\t\t\t\t\t<img class=\"swiper-lazy\" data-src=\"https:\/\/mairie-montataire.fr\/app\/uploads\/2024\/08\/2023-11-28-RQ-Curie-2-scaled.jpg\" alt=\"\"\/>\n\t\t\t\t\t\t\t\t<div class=\"swiper-lazy-preloader swiper-lazy-preloader-white\"><\/div>\n\t\t\t\t\t\t\t\t\t\t\t\t\t\t\t\t\t<div class=\"spectra-image-gallery__control-lightbox--caption\" data-spectra-gallery-image-id='2697'>\n\t\t\t\t\t\t\t\t\t\tNeighbourhood meetings - Ir\u00e8ne &amp; Fr\u00e9d\u00e9ric Joliot-Curie school\t\t\t\t\t\t\t\t\t<\/div>\n\t\t\t\t\t\t\t\t\t\t\t\t\t\t\t<\/div>\n\t\t\t\t\t\t\t\t\t\t\t<\/div>\n\t\t\t\t\t<div class=\"swiper-button-next\"><\/div>\n\t\t\t\t\t<div class=\"swiper-button-prev\"><\/div>\n\t\t\t\t<\/div>\t\t\t\n\t\t\t\t\t\t\t\t\t\t\t\t\t\t\t\t\t\t\t\t\t\t\t\t\t\t\t\t\t\t\t\t<button class='spectra-image-gallery__control-lightbox--close' aria-label=\"Close\">\n\t\t\t\t\t\t\t\t\t\t\t\t\t<svg xmlns=\"https:\/\/www.w3.org\/2000\/svg\" viewbox= \"0 0 320 512\"><path d=\"M310.6 361.4c12.5 12.5 12.5 32.75 0 45.25C304.4 412.9 296.2 416 288 416s-16.38-3.125-22.62-9.375L160 301.3L54.63 406.6C48.38 412.9 40.19 416 32 416S15.63 412.9 9.375 406.6c-12.5-12.5-12.5-32.75 0-45.25l105.4-105.4L9.375 150.6c-12.5-12.5-12.5-32.75 0-45.25s32.75-12.5 45.25 0L160 210.8l105.4-105.4c12.5-12.5 32.75-12.5 45.25 0s12.5 32.75 0 45.25l-105.4 105.4L310.6 361.4z\"><\/path><\/svg>\n\t\t\t\t\t\t\t\t\t\t\t\t<\/button>\n\t\t\t\t\t\t\t\t\t\t\t\t\t<\/div>\n\t\t\t\t\t\t\t\t\t\n\n\n<h2 class=\"wp-block-heading\"><strong>Neighbourhood visits <\/strong><\/h2>\n\n\n\n<p>The elected representatives spend several hours touring the city's neighbourhoods, listening to the concerns of residents. These visits are organised regularly in the mornings. Specific information is sent to the residents concerned<\/p>\n\n\n\t\t\t\t\t<div\n\t\t\t\t\t\tclass=\"wp-block-uagb-image-gallery uagb-block-e6111e76\"\n\t\t\t\t\t\tstyle=\"\"\n\t\t\t\t\t>\n\t\t\t\t\t\t\t\t\t\t\t<div class=\"spectra-image-gallery spectra-image-gallery__layout--grid spectra-image-gallery__layout--grid-col-3 spectra-image-gallery__layout--grid-col-tab-3 spectra-image-gallery__layout--grid-col-mob-3\">\n\t\t\t\t\t\t\t\t\t\t\t<div class='spectra-image-gallery__media-wrapper' data-spectra-gallery-image-id='2700' tabindex=\"0\">\n\t\t\t\t\t\t\t<div class=\"spectra-image-gallery__media spectra-image-gallery__media--grid\">\n\t\t\t\t<picture>\n\t\t\t\t\t<source media=\"(min-width: 1024px)\" srcset=\"https:\/\/mairie-montataire.fr\/app\/uploads\/2024\/08\/2024-05-22-Visite-quartier-Helene-3-1024x683.jpg\">\n\t\t\t\t\t<source media=\"(min-width: 768px)\" srcset=\"https:\/\/mairie-montataire.fr\/app\/uploads\/2024\/08\/2024-05-22-Visite-quartier-Helene-3-1024x683.jpg\">\n\t\t\t\t\t<img decoding=\"async\" class=\"spectra-image-gallery__media-thumbnail spectra-image-gallery__media-thumbnail--grid\" src=\"https:\/\/mairie-montataire.fr\/app\/uploads\/2024\/08\/2024-05-22-Visite-quartier-Helene-3-300x200.jpg\" alt=\"\" loading=\"lazy\" \/>\n\t\t\t\t<\/picture>\n\t\t\t\t<div class=\"spectra-image-gallery__media-thumbnail-blurrer\"><\/div>\n\t\t\t\t\t\t\t\t\t\t\t<div class=\"spectra-image-gallery__media-thumbnail-caption-wrapper spectra-image-gallery__media-thumbnail-caption-wrapper--overlay\">\n\t\t\t\t\t\t\t\t\t\t\t<div class=\"spectra-image-gallery__media-thumbnail-caption spectra-image-gallery__media-thumbnail-caption--overlay\">\n\t\t\t\t\tNeighbourhood visits - R\u00e9sidences H\u00e9l\u00e8ne\t\t\t\t<\/div>\n\t\t\t\t\t\t\t\t\t\t<\/div>\n\t\t\t\t\t\t\t\t\t<\/div>\n\t\t\t\t\t\t<\/div>\n\t\t\t\t\t\t<div class='spectra-image-gallery__media-wrapper' data-spectra-gallery-image-id='2699' tabindex=\"0\">\n\t\t\t\t\t\t\t<div class=\"spectra-image-gallery__media spectra-image-gallery__media--grid\">\n\t\t\t\t<picture>\n\t\t\t\t\t<source media=\"(min-width: 1024px)\" srcset=\"https:\/\/mairie-montataire.fr\/app\/uploads\/2024\/08\/2024-01-20-Visite-de-quartier-Magenta-3-683x1024.jpg\">\n\t\t\t\t\t<source media=\"(min-width: 768px)\" srcset=\"https:\/\/mairie-montataire.fr\/app\/uploads\/2024\/08\/2024-01-20-Visite-de-quartier-Magenta-3-683x1024.jpg\">\n\t\t\t\t\t<img decoding=\"async\" class=\"spectra-image-gallery__media-thumbnail spectra-image-gallery__media-thumbnail--grid\" src=\"https:\/\/mairie-montataire.fr\/app\/uploads\/2024\/08\/2024-01-20-Visite-de-quartier-Magenta-3-200x300.jpg\" alt=\"\" loading=\"lazy\" \/>\n\t\t\t\t<\/picture>\n\t\t\t\t<div class=\"spectra-image-gallery__media-thumbnail-blurrer\"><\/div>\n\t\t\t\t\t\t\t\t\t\t\t<div class=\"spectra-image-gallery__media-thumbnail-caption-wrapper spectra-image-gallery__media-thumbnail-caption-wrapper--overlay\">\n\t\t\t\t\t\t\t\t\t\t\t<div class=\"spectra-image-gallery__media-thumbnail-caption spectra-image-gallery__media-thumbnail-caption--overlay\">\n\t\t\t\t\tNeighbourhood visits - Magenta\t\t\t\t<\/div>\n\t\t\t\t\t\t\t\t\t\t<\/div>\n\t\t\t\t\t\t\t\t\t<\/div>\n\t\t\t\t\t\t<\/div>\n\t\t\t\t\t\t<div class='spectra-image-gallery__media-wrapper' data-spectra-gallery-image-id='2698' tabindex=\"0\">\n\t\t\t\t\t\t\t<div class=\"spectra-image-gallery__media spectra-image-gallery__media--grid\">\n\t\t\t\t<picture>\n\t\t\t\t\t<source media=\"(min-width: 1024px)\" srcset=\"https:\/\/mairie-montataire.fr\/app\/uploads\/2024\/08\/2024-06-22-Visite-quartier-RCCEM-4-1024x683.jpg\">\n\t\t\t\t\t<source media=\"(min-width: 768px)\" srcset=\"https:\/\/mairie-montataire.fr\/app\/uploads\/2024\/08\/2024-06-22-Visite-quartier-RCCEM-4-1024x683.jpg\">\n\t\t\t\t\t<img decoding=\"async\" class=\"spectra-image-gallery__media-thumbnail spectra-image-gallery__media-thumbnail--grid\" src=\"https:\/\/mairie-montataire.fr\/app\/uploads\/2024\/08\/2024-06-22-Visite-quartier-RCCEM-4-300x200.jpg\" alt=\"\" loading=\"lazy\" \/>\n\t\t\t\t<\/picture>\n\t\t\t\t<div class=\"spectra-image-gallery__media-thumbnail-blurrer\"><\/div>\n\t\t\t\t\t\t\t\t\t\t\t<div class=\"spectra-image-gallery__media-thumbnail-caption-wrapper spectra-image-gallery__media-thumbnail-caption-wrapper--overlay\">\n\t\t\t\t\t\t\t\t\t\t\t<div class=\"spectra-image-gallery__media-thumbnail-caption spectra-image-gallery__media-thumbnail-caption--overlay\">\n\t\t\t\t\tNeighbourhood visits - RCCEM\t\t\t\t<\/div>\n\t\t\t\t\t\t\t\t\t\t<\/div>\n\t\t\t\t\t\t\t\t\t<\/div>\n\t\t\t\t\t\t<\/div>\n\t\t\t\t\t\t\t\t\t\t<\/div>\n\t\t\t\t\t\t\t\t\t\t\t\t\t\t\t\t\t\t<\/div>\n\t\t\t\t\t\t\t\t\t\t\t<div class='spectra-image-gallery__control-lightbox' tabindex='0'>\n\t\t\t\t\t\t\t\t\t\t\t<div class=\"swiper spectra-image-gallery__control-lightbox--main\" dir=\"\">\n\t\t\t\t\t<div class=\"swiper-wrapper\">\n\t\t\t\t\t\t\t\t\t\t\t\t\t\n\t\t\t\t\t\t\t<div class=\"swiper-slide\">\n\t\t\t\t\t\t\t\t<img class=\"swiper-lazy\" data-src=\"https:\/\/mairie-montataire.fr\/app\/uploads\/2024\/08\/2024-05-22-Visite-quartier-Helene-3-scaled.jpg\" alt=\"\"\/>\n\t\t\t\t\t\t\t\t<div class=\"swiper-lazy-preloader swiper-lazy-preloader-white\"><\/div>\n\t\t\t\t\t\t\t\t\t\t\t\t\t\t\t\t\t<div class=\"spectra-image-gallery__control-lightbox--caption\" data-spectra-gallery-image-id='2700'>\n\t\t\t\t\t\t\t\t\t\tNeighbourhood visits - R\u00e9sidences H\u00e9l\u00e8ne\t\t\t\t\t\t\t\t\t<\/div>\n\t\t\t\t\t\t\t\t\t\t\t\t\t\t\t<\/div>\n\t\t\t\t\t\t\t\t\t\t\t\t\t\n\t\t\t\t\t\t\t<div class=\"swiper-slide\">\n\t\t\t\t\t\t\t\t<img class=\"swiper-lazy\" data-src=\"https:\/\/mairie-montataire.fr\/app\/uploads\/2024\/08\/2024-01-20-Visite-de-quartier-Magenta-3-scaled.jpg\" alt=\"\"\/>\n\t\t\t\t\t\t\t\t<div class=\"swiper-lazy-preloader swiper-lazy-preloader-white\"><\/div>\n\t\t\t\t\t\t\t\t\t\t\t\t\t\t\t\t\t<div class=\"spectra-image-gallery__control-lightbox--caption\" data-spectra-gallery-image-id='2699'>\n\t\t\t\t\t\t\t\t\t\tNeighbourhood visits - Magenta\t\t\t\t\t\t\t\t\t<\/div>\n\t\t\t\t\t\t\t\t\t\t\t\t\t\t\t<\/div>\n\t\t\t\t\t\t\t\t\t\t\t\t\t\n\t\t\t\t\t\t\t<div class=\"swiper-slide\">\n\t\t\t\t\t\t\t\t<img class=\"swiper-lazy\" data-src=\"https:\/\/mairie-montataire.fr\/app\/uploads\/2024\/08\/2024-06-22-Visite-quartier-RCCEM-4-scaled.jpg\" alt=\"\"\/>\n\t\t\t\t\t\t\t\t<div class=\"swiper-lazy-preloader swiper-lazy-preloader-white\"><\/div>\n\t\t\t\t\t\t\t\t\t\t\t\t\t\t\t\t\t<div class=\"spectra-image-gallery__control-lightbox--caption\" data-spectra-gallery-image-id='2698'>\n\t\t\t\t\t\t\t\t\t\tNeighbourhood visits - RCCEM\t\t\t\t\t\t\t\t\t<\/div>\n\t\t\t\t\t\t\t\t\t\t\t\t\t\t\t<\/div>\n\t\t\t\t\t\t\t\t\t\t\t<\/div>\n\t\t\t\t\t<div class=\"swiper-button-next\"><\/div>\n\t\t\t\t\t<div class=\"swiper-button-prev\"><\/div>\n\t\t\t\t<\/div>\t\t\t\n\t\t\t\t\t\t\t\t\t\t\t\t\t\t\t\t\t\t\t\t\t\t\t\t\t\t\t\t\t\t\t\t<button class='spectra-image-gallery__control-lightbox--close' aria-label=\"Close\">\n\t\t\t\t\t\t\t\t\t\t\t\t\t<svg xmlns=\"https:\/\/www.w3.org\/2000\/svg\" viewbox= \"0 0 320 512\"><path d=\"M310.6 361.4c12.5 12.5 12.5 32.75 0 45.25C304.4 412.9 296.2 416 288 416s-16.38-3.125-22.62-9.375L160 301.3L54.63 406.6C48.38 412.9 40.19 416 32 416S15.63 412.9 9.375 406.6c-12.5-12.5-12.5-32.75 0-45.25l105.4-105.4L9.375 150.6c-12.5-12.5-12.5-32.75 0-45.25s32.75-12.5 45.25 0L160 210.8l105.4-105.4c12.5-12.5 32.75-12.5 45.25 0s12.5 32.75 0 45.25l-105.4 105.4L310.6 361.4z\"><\/path><\/svg>\n\t\t\t\t\t\t\t\t\t\t\t\t<\/button>\n\t\t\t\t\t\t\t\t\t\t\t\t\t<\/div>\n\t\t\t\t\t\t\t\t\t\n\n\n<h2 class=\"wp-block-heading\"><strong>Consultation meetings<\/strong><\/h2>\n\n\n\n<p>As part of the urban renewal project, the city's policy department regularly meets with local residents to discuss their day-to-day lives and the progress of the project: meetings, neighbourhood tables, walking diagnoses, etc. Numerous tools have been put in place to put residents at the heart of the project.<\/p>\n\n\n\n<p>The technical services offer information meetings for residents affected by major works in their neighbourhood. The mairies infos are then distributed.<\/p>\n\n\n\n<div class=\"wp-block-columns is-layout-flex wp-container-core-columns-is-layout-9d6595d7 wp-block-columns-is-layout-flex\">\n<div class=\"wp-block-column is-layout-flow wp-block-column-is-layout-flow\" style=\"flex-basis:25%\"><\/div>\n\n\n\n<div class=\"wp-block-column is-layout-flow wp-block-column-is-layout-flow\" style=\"flex-basis:50%\">\t\t\t\t\t<div\n\t\t\t\t\t\tclass=\"wp-block-uagb-image-gallery uagb-block-2fd07cd0\"\n\t\t\t\t\t\tstyle=\"\"\n\t\t\t\t\t>\n\t\t\t\t\t\t\t\t\t\t\t<div class=\"spectra-image-gallery spectra-image-gallery__layout--masonry spectra-image-gallery__layout--masonry-col-1 spectra-image-gallery__layout--masonry-col-tab-1 spectra-image-gallery__layout--masonry-col-mob-1\">\n\t\t\t\t\t\t\t\t\t\t\t<div class='spectra-image-gallery__media-wrapper--isotope'>\n\t\t\t\t\t\t\t<div class='spectra-image-gallery__media-wrapper' data-spectra-gallery-image-id='2703' tabindex=\"0\">\n\t\t\t\t\t\t\t<div class=\"spectra-image-gallery__media spectra-image-gallery__media--masonry\">\n\t\t\t\t<picture>\n\t\t\t\t\t<source media=\"(min-width: 1024px)\" srcset=\"https:\/\/mairie-montataire.fr\/app\/uploads\/2024\/08\/2024-06-04-Reunion-publique-Uhry-5-scaled.jpg\">\n\t\t\t\t\t<source media=\"(min-width: 768px)\" srcset=\"https:\/\/mairie-montataire.fr\/app\/uploads\/2024\/08\/2024-06-04-Reunion-publique-Uhry-5-1024x683.jpg\">\n\t\t\t\t\t<img decoding=\"async\" class=\"spectra-image-gallery__media-thumbnail spectra-image-gallery__media-thumbnail--masonry\" src=\"https:\/\/mairie-montataire.fr\/app\/uploads\/2024\/08\/2024-06-04-Reunion-publique-Uhry-5-300x200.jpg\" alt=\"\" loading=\"lazy\" \/>\n\t\t\t\t<\/picture>\n\t\t\t\t<div class=\"spectra-image-gallery__media-thumbnail-blurrer\"><\/div>\n\t\t\t\t\t\t\t\t\t\t\t<div class=\"spectra-image-gallery__media-thumbnail-caption-wrapper spectra-image-gallery__media-thumbnail-caption-wrapper--overlay\">\n\t\t\t\t\t\t\t\t\t\t\t<div class=\"spectra-image-gallery__media-thumbnail-caption spectra-image-gallery__media-thumbnail-caption--overlay\">\n\t\t\t\t\tPublic meeting on the redevelopment of the intersection of Rue Lesiour, Rue Jules Uhry, Rue du 8 mai 1945, Rue Cav\u00e9e des Aiguillons and Rue G\u00e9n\u00e9ral de Gaulle\t\t\t\t<\/div>\n\t\t\t\t\t\t\t\t\t\t<\/div>\n\t\t\t\t\t\t\t\t\t<\/div>\n\t\t\t\t\t\t<\/div>\n\t\t\t\t\t\t<\/div>\n\t\t\t\t\t\t\t\t\t\t<\/div>\n\t\t\t\t\t\t\t\t\t\t\t\t\t\t\t\t\t\t<\/div>\n\t\t\t\t\t\t\t\t\t\t\t<div class='spectra-image-gallery__control-lightbox' tabindex='0'>\n\t\t\t\t\t\t\t\t\t\t\t<div class=\"swiper spectra-image-gallery__control-lightbox--main\" dir=\"\">\n\t\t\t\t\t<div class=\"swiper-wrapper\">\n\t\t\t\t\t\t\t\t\t\t\t\t\t\n\t\t\t\t\t\t\t<div class=\"swiper-slide\">\n\t\t\t\t\t\t\t\t<img class=\"swiper-lazy\" data-src=\"https:\/\/mairie-montataire.fr\/app\/uploads\/2024\/08\/2024-06-04-Reunion-publique-Uhry-5-scaled.jpg\" alt=\"\"\/>\n\t\t\t\t\t\t\t\t<div class=\"swiper-lazy-preloader swiper-lazy-preloader-white\"><\/div>\n\t\t\t\t\t\t\t\t\t\t\t\t\t\t\t\t\t<div class=\"spectra-image-gallery__control-lightbox--caption\" data-spectra-gallery-image-id='2703'>\n\t\t\t\t\t\t\t\t\t\tPublic meeting on the redevelopment of the intersection of Rue Lesiour, Rue Jules Uhry, Rue du 8 mai 1945, Rue Cav\u00e9e des Aiguillons and Rue G\u00e9n\u00e9ral de Gaulle\t\t\t\t\t\t\t\t\t<\/div>\n\t\t\t\t\t\t\t\t\t\t\t\t\t\t\t<\/div>\n\t\t\t\t\t\t\t\t\t\t\t<\/div>\n\t\t\t\t\t<div class=\"swiper-button-next\"><\/div>\n\t\t\t\t\t<div class=\"swiper-button-prev\"><\/div>\n\t\t\t\t<\/div>\t\t\t\n\t\t\t\t\t\t\t\t\t\t\t\t\t\t\t\t\t\t\t\t\t\t\t\t\t\t\t\t\t\t\t\t<button class='spectra-image-gallery__control-lightbox--close' aria-label=\"Close\">\n\t\t\t\t\t\t\t\t\t\t\t\t\t<svg xmlns=\"https:\/\/www.w3.org\/2000\/svg\" viewbox= \"0 0 320 512\"><path d=\"M310.6 361.4c12.5 12.5 12.5 32.75 0 45.25C304.4 412.9 296.2 416 288 416s-16.38-3.125-22.62-9.375L160 301.3L54.63 406.6C48.38 412.9 40.19 416 32 416S15.63 412.9 9.375 406.6c-12.5-12.5-12.5-32.75 0-45.25l105.4-105.4L9.375 150.6c-12.5-12.5-12.5-32.75 0-45.25s32.75-12.5 45.25 0L160 210.8l105.4-105.4c12.5-12.5 32.75-12.5 45.25 0s12.5 32.75 0 45.25l-105.4 105.4L310.6 361.4z\"><\/path><\/svg>\n\t\t\t\t\t\t\t\t\t\t\t\t<\/button>\n\t\t\t\t\t\t\t\t\t\t\t\t\t<\/div>\n\t\t\t\t\t\t\t\t\t<\/div>\n\n\n\n<div class=\"wp-block-column is-layout-flow wp-block-column-is-layout-flow\" style=\"flex-basis:25%\"><\/div>\n<\/div>\n\n\n\n<h2 class=\"wp-block-heading\"><strong>Citizens' Initiative Projects (CIP)<\/strong><\/h2>\n\n\n\n<div class=\"wp-block-uagb-image aligncenter uagb-block-76cfb01a wp-block-uagb-image--layout-default wp-block-uagb-image--effect-static wp-block-uagb-image--align-center\"><figure class=\"wp-block-uagb-image__figure\"><img decoding=\"async\"  sizes=\"auto, (max-width: 480px) 150px\" src=\"https:\/\/mairie-montataire.fr\/app\/uploads\/2024\/08\/PIC_illustration-1024x666.png\" alt=\"\" width=\"472\" height=\"307\" title=\"\" loading=\"lazy\" role=\"img\"\/><\/figure><\/div>\n\n\n\n<p>The PIC is a scheme that supports and finances micro-projects in the Martinets district or for its residents. <br>A few examples: organising a show, an intercultural meal, creating a shared vegetable garden, setting up a solidarity market, etc.<\/p>\n\n\n\n<h3 class=\"wp-block-heading\">How do you go about it?<\/h3>\n\n\n\n<ol class=\"wp-block-list\">\n<li>With a group of residents, set up a micro-project to bring the neighbourhood to life. It could raise awareness of sustainable development and transition issues, encourage the exchange of knowledge and skills and access to culture, promote physical activity, health and well-being, or bring life to the neighbourhood and combat isolation. You can help build your project by\u00a0<strong>the rules of procedure<\/strong>\u00a0and\u00a0<strong>of the best practice sheet<\/strong>.<\/li>\n\n\n\n<li>Propose your idea using\u00a0<strong>the project sheet<\/strong>. You can also pick it up from the ABSS association, the social centre or the urban policy department at the town hall.\u00a0<strong>You must submit your application to the social centre before the 15th of each month.<\/strong><\/li>\n\n\n\n<li>The awards committee will examine your application.\u00a0<\/li>\n\n\n\n<li>You will present your project to the committee.<\/li>\n\n\n\n<li>He will then give his answer.<\/li>\n<\/ol>\n\n\n\n<div class=\"wp-block-uagb-separator uagb-block-1b39294a\"><div class=\"uagb-separator-spacing-wrapper\"><div class=\"wp-block-uagb-separator__inner\" style=\"--my-background-image:\"><\/div><\/div><\/div>\n\n\n\n<div class=\"wp-block-uagb-icon-list uagb-block-a29fc561\"><div class=\"uagb-icon-list__wrap\">\n<div class=\"wp-block-uagb-icon-list-child uagb-block-a0da2618\"><a target=\"_blank\" aria-label=\"All documents relating to the CIP can be downloaded here\" rel=\"noopener noreferrer\" href=\"https:\/\/mairie-montataire.fr\/en\/app\/uploads\/2024\/11\/docs_admini_courrier-et-bilan-version-11oct2024.pdf\/\"> <\/a><span class=\"uagb-icon-list__source-wrap\"><svg xmlns=\"https:\/\/www.w3.org\/2000\/svg\" viewbox=\"0 0 384 512\"><path d=\"M256 0v128h128L256 0zM224 128L224 0H48C21.49 0 0 21.49 0 48v416C0 490.5 21.49 512 48 512h288c26.51 0 48-21.49 48-48V160h-127.1C238.3 160 224 145.7 224 128zM272 416h-160C103.2 416 96 408.8 96 400C96 391.2 103.2 384 112 384h160c8.836 0 16 7.162 16 16C288 408.8 280.8 416 272 416zM272 352h-160C103.2 352 96 344.8 96 336C96 327.2 103.2 320 112 320h160c8.836 0 16 7.162 16 16C288 344.8 280.8 352 272 352zM288 272C288 280.8 280.8 288 272 288h-160C103.2 288 96 280.8 96 272C96 263.2 103.2 256 112 256h160C280.8 256 288 263.2 288 272z\"><\/path><\/svg><\/span><span class=\"uagb-icon-list__label\"><strong>All documents relating to the CIP can be downloaded here<\/strong><\/span><\/div>\n<\/div><\/div>\n\n\n\n<h3 class=\"wp-block-heading\">Micro-projects carried out<\/h3>\n\n\n\n<div class=\"wp-block-uagb-container uagb-block-e3249f12 alignfull uagb-is-root-container\"><div class=\"uagb-container-inner-blocks-wrap\">\n<div class=\"wp-block-columns is-layout-flex wp-container-core-columns-is-layout-9d6595d7 wp-block-columns-is-layout-flex\">\n<div class=\"wp-block-column is-vertically-aligned-top is-layout-flow wp-block-column-is-layout-flow\">\t\t\t\t\t<div\n\t\t\t\t\t\tclass=\"wp-block-uagb-image-gallery uagb-block-e4f48899\"\n\t\t\t\t\t\tstyle=\"\"\n\t\t\t\t\t>\n\t\t\t\t\t\t\t\t\t\t\t<div class=\"spectra-image-gallery spectra-image-gallery__layout--masonry spectra-image-gallery__layout--masonry-col-1 spectra-image-gallery__layout--masonry-col-tab-1 spectra-image-gallery__layout--masonry-col-mob-1\">\n\t\t\t\t\t\t\t\t\t\t\t<div class='spectra-image-gallery__media-wrapper--isotope'>\n\t\t\t\t\t\t\t<div class='spectra-image-gallery__media-wrapper' data-spectra-gallery-image-id='2712' tabindex=\"0\">\n\t\t\t\t\t\t\t<div class=\"spectra-image-gallery__media spectra-image-gallery__media--masonry\">\n\t\t\t\t<picture>\n\t\t\t\t\t<source media=\"(min-width: 1024px)\" srcset=\"https:\/\/mairie-montataire.fr\/app\/uploads\/2024\/08\/2024-07-03-PIC-Tournoi-football-51-1024x683.jpg\">\n\t\t\t\t\t<source media=\"(min-width: 768px)\" srcset=\"https:\/\/mairie-montataire.fr\/app\/uploads\/2024\/08\/2024-07-03-PIC-Tournoi-football-51-1024x683.jpg\">\n\t\t\t\t\t<img decoding=\"async\" class=\"spectra-image-gallery__media-thumbnail spectra-image-gallery__media-thumbnail--masonry\" src=\"https:\/\/mairie-montataire.fr\/app\/uploads\/2024\/08\/2024-07-03-PIC-Tournoi-football-51-300x200.jpg\" alt=\"\" loading=\"lazy\" \/>\n\t\t\t\t<\/picture>\n\t\t\t\t<div class=\"spectra-image-gallery__media-thumbnail-blurrer\"><\/div>\n\t\t\t\t\t\t\t\t\t\t\t<div class=\"spectra-image-gallery__media-thumbnail-caption-wrapper spectra-image-gallery__media-thumbnail-caption-wrapper--overlay\"><\/div>\n\t\t\t\t\t\t\t\t<\/div>\n\t\t\t\t\t\t<\/div>\n\t\t\t\t\t\t<\/div>\n\t\t\t\t\t\t\t\t\t\t<\/div>\n\t\t\t\t\t\t\t\t\t\t\t\t\t\t\t\t\t\t<\/div>\n\t\t\t\t\t\t\t\t\t\t\t<div class='spectra-image-gallery__control-lightbox' tabindex='0'>\n\t\t\t\t\t\t\t\t\t\t\t<div class=\"swiper spectra-image-gallery__control-lightbox--main\" dir=\"\">\n\t\t\t\t\t<div class=\"swiper-wrapper\">\n\t\t\t\t\t\t\t\t\t\t\t\t\t\n\t\t\t\t\t\t\t<div class=\"swiper-slide\">\n\t\t\t\t\t\t\t\t<img class=\"swiper-lazy\" data-src=\"https:\/\/mairie-montataire.fr\/app\/uploads\/2024\/08\/2024-07-03-PIC-Tournoi-football-51-scaled.jpg\" alt=\"\"\/>\n\t\t\t\t\t\t\t\t<div class=\"swiper-lazy-preloader swiper-lazy-preloader-white\"><\/div>\n\t\t\t\t\t\t\t\t\t\t\t\t\t\t\t\t\t<div class=\"spectra-image-gallery__control-lightbox--caption\" data-spectra-gallery-image-id='2712'>\n\t\t\t\t\t\t\t\t\t\tNo Caption\t\t\t\t\t\t\t\t\t<\/div>\n\t\t\t\t\t\t\t\t\t\t\t\t\t\t\t<\/div>\n\t\t\t\t\t\t\t\t\t\t\t<\/div>\n\t\t\t\t\t<div class=\"swiper-button-next\"><\/div>\n\t\t\t\t\t<div class=\"swiper-button-prev\"><\/div>\n\t\t\t\t<\/div>\t\t\t\n\t\t\t\t\t\t\t\t\t\t\t\t\t\t\t\t\t\t\t\t\t\t\t\t\t\t\t\t\t\t\t\t<button class='spectra-image-gallery__control-lightbox--close' aria-label=\"Close\">\n\t\t\t\t\t\t\t\t\t\t\t\t\t<svg xmlns=\"https:\/\/www.w3.org\/2000\/svg\" viewbox= \"0 0 320 512\"><path d=\"M310.6 361.4c12.5 12.5 12.5 32.75 0 45.25C304.4 412.9 296.2 416 288 416s-16.38-3.125-22.62-9.375L160 301.3L54.63 406.6C48.38 412.9 40.19 416 32 416S15.63 412.9 9.375 406.6c-12.5-12.5-12.5-32.75 0-45.25l105.4-105.4L9.375 150.6c-12.5-12.5-12.5-32.75 0-45.25s32.75-12.5 45.25 0L160 210.8l105.4-105.4c12.5-12.5 32.75-12.5 45.25 0s12.5 32.75 0 45.25l-105.4 105.4L310.6 361.4z\"><\/path><\/svg>\n\t\t\t\t\t\t\t\t\t\t\t\t<\/button>\n\t\t\t\t\t\t\t\t\t\t\t\t\t<\/div>\n\t\t\t\t\t\t\t\t\t\n\n\n<p>On Wednesday 3 July 2024, a group of young Montatairiens organised a football tournament at the Armand Bellard stadium. The PIC financed a lunch for the participants.<\/p>\n<\/div>\n\n\n\n<div class=\"wp-block-column is-layout-flow wp-block-column-is-layout-flow\">\t\t\t\t\t<div\n\t\t\t\t\t\tclass=\"wp-block-uagb-image-gallery uagb-block-b11d63b6\"\n\t\t\t\t\t\tstyle=\"\"\n\t\t\t\t\t>\n\t\t\t\t\t\t\t\t\t\t\t<div class=\"spectra-image-gallery spectra-image-gallery__layout--masonry spectra-image-gallery__layout--masonry-col-1 spectra-image-gallery__layout--masonry-col-tab-1 spectra-image-gallery__layout--masonry-col-mob-1\">\n\t\t\t\t\t\t\t\t\t\t\t<div class='spectra-image-gallery__media-wrapper--isotope'>\n\t\t\t\t\t\t\t<div class='spectra-image-gallery__media-wrapper' data-spectra-gallery-image-id='2713' tabindex=\"0\">\n\t\t\t\t\t\t\t<div class=\"spectra-image-gallery__media spectra-image-gallery__media--masonry\">\n\t\t\t\t<picture>\n\t\t\t\t\t<source media=\"(min-width: 1024px)\" srcset=\"https:\/\/mairie-montataire.fr\/app\/uploads\/2024\/08\/2024-07-06-Fete-du-centre-social-32-1024x683.jpg\">\n\t\t\t\t\t<source media=\"(min-width: 768px)\" srcset=\"https:\/\/mairie-montataire.fr\/app\/uploads\/2024\/08\/2024-07-06-Fete-du-centre-social-32-1024x683.jpg\">\n\t\t\t\t\t<img decoding=\"async\" class=\"spectra-image-gallery__media-thumbnail spectra-image-gallery__media-thumbnail--masonry\" src=\"https:\/\/mairie-montataire.fr\/app\/uploads\/2024\/08\/2024-07-06-Fete-du-centre-social-32-300x200.jpg\" alt=\"\" loading=\"lazy\" \/>\n\t\t\t\t<\/picture>\n\t\t\t\t<div class=\"spectra-image-gallery__media-thumbnail-blurrer\"><\/div>\n\t\t\t\t\t\t\t\t\t\t\t<div class=\"spectra-image-gallery__media-thumbnail-caption-wrapper spectra-image-gallery__media-thumbnail-caption-wrapper--overlay\"><\/div>\n\t\t\t\t\t\t\t\t<\/div>\n\t\t\t\t\t\t<\/div>\n\t\t\t\t\t\t<\/div>\n\t\t\t\t\t\t\t\t\t\t<\/div>\n\t\t\t\t\t\t\t\t\t\t\t\t\t\t\t\t\t\t<\/div>\n\t\t\t\t\t\t\t\t\t\t\t<div class='spectra-image-gallery__control-lightbox' tabindex='0'>\n\t\t\t\t\t\t\t\t\t\t\t<div class=\"swiper spectra-image-gallery__control-lightbox--main\" dir=\"\">\n\t\t\t\t\t<div class=\"swiper-wrapper\">\n\t\t\t\t\t\t\t\t\t\t\t\t\t\n\t\t\t\t\t\t\t<div class=\"swiper-slide\">\n\t\t\t\t\t\t\t\t<img class=\"swiper-lazy\" data-src=\"https:\/\/mairie-montataire.fr\/app\/uploads\/2024\/08\/2024-07-06-Fete-du-centre-social-32-scaled.jpg\" alt=\"\"\/>\n\t\t\t\t\t\t\t\t<div class=\"swiper-lazy-preloader swiper-lazy-preloader-white\"><\/div>\n\t\t\t\t\t\t\t\t\t\t\t\t\t\t\t\t\t<div class=\"spectra-image-gallery__control-lightbox--caption\" data-spectra-gallery-image-id='2713'>\n\t\t\t\t\t\t\t\t\t\tNo Caption\t\t\t\t\t\t\t\t\t<\/div>\n\t\t\t\t\t\t\t\t\t\t\t\t\t\t\t<\/div>\n\t\t\t\t\t\t\t\t\t\t\t<\/div>\n\t\t\t\t\t<div class=\"swiper-button-next\"><\/div>\n\t\t\t\t\t<div class=\"swiper-button-prev\"><\/div>\n\t\t\t\t<\/div>\t\t\t\n\t\t\t\t\t\t\t\t\t\t\t\t\t\t\t\t\t\t\t\t\t\t\t\t\t\t\t\t\t\t\t\t<button class='spectra-image-gallery__control-lightbox--close' aria-label=\"Close\">\n\t\t\t\t\t\t\t\t\t\t\t\t\t<svg xmlns=\"https:\/\/www.w3.org\/2000\/svg\" viewbox= \"0 0 320 512\"><path d=\"M310.6 361.4c12.5 12.5 12.5 32.75 0 45.25C304.4 412.9 296.2 416 288 416s-16.38-3.125-22.62-9.375L160 301.3L54.63 406.6C48.38 412.9 40.19 416 32 416S15.63 412.9 9.375 406.6c-12.5-12.5-12.5-32.75 0-45.25l105.4-105.4L9.375 150.6c-12.5-12.5-12.5-32.75 0-45.25s32.75-12.5 45.25 0L160 210.8l105.4-105.4c12.5-12.5 32.75-12.5 45.25 0s12.5 32.75 0 45.25l-105.4 105.4L310.6 361.4z\"><\/path><\/svg>\n\t\t\t\t\t\t\t\t\t\t\t\t<\/button>\n\t\t\t\t\t\t\t\t\t\t\t\t\t<\/div>\n\t\t\t\t\t\t\t\t\t\n\n\n<p>On Saturday 6 July 2024, a group of local residents set up a stand to discover the cuisines of the world during the Centre Social's festival. The PIC made it possible to buy the food needed to prepare several traditional African and Asian dishes.<\/p>\n<\/div>\n\n\n\n<div class=\"wp-block-column is-layout-flow wp-block-column-is-layout-flow\">\t\t\t\t\t<div\n\t\t\t\t\t\tclass=\"wp-block-uagb-image-gallery uagb-block-138b4517\"\n\t\t\t\t\t\tstyle=\"\"\n\t\t\t\t\t>\n\t\t\t\t\t\t\t\t\t\t\t<div class=\"spectra-image-gallery spectra-image-gallery__layout--masonry spectra-image-gallery__layout--masonry-col-1 spectra-image-gallery__layout--masonry-col-tab-1 spectra-image-gallery__layout--masonry-col-mob-1\">\n\t\t\t\t\t\t\t\t\t\t\t<div class='spectra-image-gallery__media-wrapper--isotope'>\n\t\t\t\t\t\t\t<div class='spectra-image-gallery__media-wrapper' data-spectra-gallery-image-id='2714' tabindex=\"0\">\n\t\t\t\t\t\t\t<div class=\"spectra-image-gallery__media spectra-image-gallery__media--masonry\">\n\t\t\t\t<picture>\n\t\t\t\t\t<source media=\"(min-width: 1024px)\" srcset=\"https:\/\/mairie-montataire.fr\/app\/uploads\/2024\/08\/2024-07-06-Fete-du-centre-social-43-1024x684.jpg\">\n\t\t\t\t\t<source media=\"(min-width: 768px)\" srcset=\"https:\/\/mairie-montataire.fr\/app\/uploads\/2024\/08\/2024-07-06-Fete-du-centre-social-43-1024x684.jpg\">\n\t\t\t\t\t<img decoding=\"async\" class=\"spectra-image-gallery__media-thumbnail spectra-image-gallery__media-thumbnail--masonry\" src=\"https:\/\/mairie-montataire.fr\/app\/uploads\/2024\/08\/2024-07-06-Fete-du-centre-social-43-300x200.jpg\" alt=\"\" loading=\"lazy\" \/>\n\t\t\t\t<\/picture>\n\t\t\t\t<div class=\"spectra-image-gallery__media-thumbnail-blurrer\"><\/div>\n\t\t\t\t\t\t\t\t\t\t\t<div class=\"spectra-image-gallery__media-thumbnail-caption-wrapper spectra-image-gallery__media-thumbnail-caption-wrapper--overlay\"><\/div>\n\t\t\t\t\t\t\t\t<\/div>\n\t\t\t\t\t\t<\/div>\n\t\t\t\t\t\t<\/div>\n\t\t\t\t\t\t\t\t\t\t<\/div>\n\t\t\t\t\t\t\t\t\t\t\t\t\t\t\t\t\t\t<\/div>\n\t\t\t\t\t\t\t\t\t\t\t<div class='spectra-image-gallery__control-lightbox' tabindex='0'>\n\t\t\t\t\t\t\t\t\t\t\t<div class=\"swiper spectra-image-gallery__control-lightbox--main\" dir=\"\">\n\t\t\t\t\t<div class=\"swiper-wrapper\">\n\t\t\t\t\t\t\t\t\t\t\t\t\t\n\t\t\t\t\t\t\t<div class=\"swiper-slide\">\n\t\t\t\t\t\t\t\t<img class=\"swiper-lazy\" data-src=\"https:\/\/mairie-montataire.fr\/app\/uploads\/2024\/08\/2024-07-06-Fete-du-centre-social-43-scaled.jpg\" alt=\"\"\/>\n\t\t\t\t\t\t\t\t<div class=\"swiper-lazy-preloader swiper-lazy-preloader-white\"><\/div>\n\t\t\t\t\t\t\t\t\t\t\t\t\t\t\t\t\t<div class=\"spectra-image-gallery__control-lightbox--caption\" data-spectra-gallery-image-id='2714'>\n\t\t\t\t\t\t\t\t\t\tNo Caption\t\t\t\t\t\t\t\t\t<\/div>\n\t\t\t\t\t\t\t\t\t\t\t\t\t\t\t<\/div>\n\t\t\t\t\t\t\t\t\t\t\t<\/div>\n\t\t\t\t\t<div class=\"swiper-button-next\"><\/div>\n\t\t\t\t\t<div class=\"swiper-button-prev\"><\/div>\n\t\t\t\t<\/div>\t\t\t\n\t\t\t\t\t\t\t\t\t\t\t\t\t\t\t\t\t\t\t\t\t\t\t\t\t\t\t\t\t\t\t\t<button class='spectra-image-gallery__control-lightbox--close' aria-label=\"Close\">\n\t\t\t\t\t\t\t\t\t\t\t\t\t<svg xmlns=\"https:\/\/www.w3.org\/2000\/svg\" viewbox= \"0 0 320 512\"><path d=\"M310.6 361.4c12.5 12.5 12.5 32.75 0 45.25C304.4 412.9 296.2 416 288 416s-16.38-3.125-22.62-9.375L160 301.3L54.63 406.6C48.38 412.9 40.19 416 32 416S15.63 412.9 9.375 406.6c-12.5-12.5-12.5-32.75 0-45.25l105.4-105.4L9.375 150.6c-12.5-12.5-12.5-32.75 0-45.25s32.75-12.5 45.25 0L160 210.8l105.4-105.4c12.5-12.5 32.75-12.5 45.25 0s12.5 32.75 0 45.25l-105.4 105.4L310.6 361.4z\"><\/path><\/svg>\n\t\t\t\t\t\t\t\t\t\t\t\t<\/button>\n\t\t\t\t\t\t\t\t\t\t\t\t\t<\/div>\n\t\t\t\t\t\t\t\t\t\n\n\n<p>On Saturday 6 July 2024, a group of local sewing enthusiasts set up a sewing stand at the Centre Social's festival. The PIC enabled them to buy sewing equipment to make aprons.<\/p>\n<\/div>\n<\/div>\n<\/div><\/div>","protected":false},"excerpt":{"rendered":"<p>Faire le lien entre les habitants et les orientations ou les actions de la municipalit\u00e9, telle est le but de la d\u00e9mocratie participative. \u00c0 Montataire, r\u00e9unions publiques, concertations, visites de quartiers, rencontres sur site sont autant de moyens pour solliciter l\u2019avis des habitants. Il s\u2019agit avant tout de concerter la population sur les enjeux de [&hellip;]<\/p>\n","protected":false},"author":1,"featured_media":1473,"parent":72,"menu_order":61,"comment_status":"closed","ping_status":"closed","template":"","meta":{"_acf_changed":false,"_uag_custom_page_level_css":"","footnotes":""},"class_list":["post-86","page","type-page","status-publish","has-post-thumbnail","hentry"],"acf":[],"uagb_featured_image_src":{"full":["https:\/\/mairie-montataire.fr\/app\/uploads\/2024\/07\/3.2.3_democratie_participative.jpg",500,333,false],"thumbnail":["https:\/\/mairie-montataire.fr\/app\/uploads\/2024\/07\/3.2.3_democratie_participative-150x150.jpg",150,150,true],"medium":["https:\/\/mairie-montataire.fr\/app\/uploads\/2024\/07\/3.2.3_democratie_participative-300x200.jpg",300,200,true],"medium_large":["https:\/\/mairie-montataire.fr\/app\/uploads\/2024\/07\/3.2.3_democratie_participative.jpg",500,333,false],"large":["https:\/\/mairie-montataire.fr\/app\/uploads\/2024\/07\/3.2.3_democratie_participative.jpg",500,333,false],"1536x1536":["https:\/\/mairie-montataire.fr\/app\/uploads\/2024\/07\/3.2.3_democratie_participative.jpg",500,333,false],"2048x2048":["https:\/\/mairie-montataire.fr\/app\/uploads\/2024\/07\/3.2.3_democratie_participative.jpg",500,333,false],"trp-custom-language-flag":["https:\/\/mairie-montataire.fr\/app\/uploads\/2024\/07\/3.2.3_democratie_participative.jpg",18,12,false],"gform-image-choice-sm":["https:\/\/mairie-montataire.fr\/app\/uploads\/2024\/07\/3.2.3_democratie_participative.jpg",300,200,false],"gform-image-choice-md":["https:\/\/mairie-montataire.fr\/app\/uploads\/2024\/07\/3.2.3_democratie_participative.jpg",400,266,false],"gform-image-choice-lg":["https:\/\/mairie-montataire.fr\/app\/uploads\/2024\/07\/3.2.3_democratie_participative.jpg",500,333,false]},"uagb_author_info":{"display_name":"mentalworks","author_link":"https:\/\/mairie-montataire.fr\/en\/actualites\/author\/mentalworks\/"},"uagb_comment_info":0,"uagb_excerpt":"Faire le lien entre les habitants et les orientations ou les actions de la municipalit\u00e9, telle est le but de la d\u00e9mocratie participative. \u00c0 Montataire, r\u00e9unions publiques, concertations, visites de quartiers, rencontres sur site sont autant de moyens pour solliciter l\u2019avis des habitants. Il s\u2019agit avant tout de concerter la population sur les enjeux de&hellip;","_links":{"self":[{"href":"https:\/\/mairie-montataire.fr\/en\/wp-json\/wp\/v2\/pages\/86","targetHints":{"allow":["GET"]}}],"collection":[{"href":"https:\/\/mairie-montataire.fr\/en\/wp-json\/wp\/v2\/pages"}],"about":[{"href":"https:\/\/mairie-montataire.fr\/en\/wp-json\/wp\/v2\/types\/page"}],"author":[{"embeddable":true,"href":"https:\/\/mairie-montataire.fr\/en\/wp-json\/wp\/v2\/users\/1"}],"replies":[{"embeddable":true,"href":"https:\/\/mairie-montataire.fr\/en\/wp-json\/wp\/v2\/comments?post=86"}],"version-history":[{"count":48,"href":"https:\/\/mairie-montataire.fr\/en\/wp-json\/wp\/v2\/pages\/86\/revisions"}],"predecessor-version":[{"id":7252,"href":"https:\/\/mairie-montataire.fr\/en\/wp-json\/wp\/v2\/pages\/86\/revisions\/7252"}],"up":[{"embeddable":true,"href":"https:\/\/mairie-montataire.fr\/en\/wp-json\/wp\/v2\/pages\/72"}],"wp:featuredmedia":[{"embeddable":true,"href":"https:\/\/mairie-montataire.fr\/en\/wp-json\/wp\/v2\/media\/1473"}],"wp:attachment":[{"href":"https:\/\/mairie-montataire.fr\/en\/wp-json\/wp\/v2\/media?parent=86"}],"curies":[{"name":"wp","href":"https:\/\/api.w.org\/{rel}","templated":true}]}}