{"id":84,"date":"2024-05-03T09:18:17","date_gmt":"2024-05-03T09:18:17","guid":{"rendered":"https:\/\/montataire.local\/?page_id=84"},"modified":"2025-09-30T14:47:41","modified_gmt":"2025-09-30T14:47:41","slug":"combating-discrimination-and-violence-against-women","status":"publish","type":"page","link":"https:\/\/mairie-montataire.fr\/en\/s-informer\/les-valeurs\/lutte-contre-les-discriminations-et-les-violences-faite-aux-femmes\/","title":{"rendered":"Women's rights"},"content":{"rendered":"<h2 class=\"wp-block-heading\"><strong>Menstrual insecurity<\/strong><\/h2>\n\n\n\n<div class=\"wp-block-columns is-layout-flex wp-container-core-columns-is-layout-9d6595d7 wp-block-columns-is-layout-flex\">\n<div class=\"wp-block-column is-layout-flow wp-block-column-is-layout-flow\" style=\"flex-basis:33.33%\">\n<div class=\"wp-block-uagb-image uagb-block-93e6948d wp-block-uagb-image--layout-default wp-block-uagb-image--effect-static wp-block-uagb-image--align-none\"><figure class=\"wp-block-uagb-image__figure\"><img decoding=\"async\" srcset=\"https:\/\/mairie-montataire.fr\/app\/uploads\/2024\/08\/2022-03-09-8mars-inauguration-distributeurs-protections-19-1024x683.jpg ,https:\/\/mairie-montataire.fr\/app\/uploads\/2024\/08\/2022-03-09-8mars-inauguration-distributeurs-protections-19-scaled.jpg 780w, https:\/\/mairie-montataire.fr\/app\/uploads\/2024\/08\/2022-03-09-8mars-inauguration-distributeurs-protections-19-scaled.jpg 360w\" sizes=\"auto, (max-width: 480px) 150px\" src=\"https:\/\/mairie-montataire.fr\/app\/uploads\/2024\/08\/2022-03-09-8mars-inauguration-distributeurs-protections-19-1024x683.jpg\" alt=\"\" class=\"uag-image-3495\" width=\"1024\" height=\"683\" title=\"2022-03-09 #8March inauguration of protective spool valves (19)\" loading=\"lazy\" role=\"img\"\/><\/figure><\/div>\n<\/div>\n\n\n\n<div class=\"wp-block-column is-layout-flow wp-block-column-is-layout-flow\" style=\"flex-basis:66.66%\">\n<p>Montataire is the first commune in the Oise region to install free dispensers of sanitary protection for women. They are made of 100% cotton, with no plastic, no toxic products and are biodegradable. The pads have been freely available since 2022:<\/p>\n\n\n\n<ul class=\"wp-block-list\">\n<li style=\"font-style:normal;font-weight:400\">at <a href=\"https:\/\/mairie-montataire.fr\/en\/directories\/municipal-services\/dejss\/social-services-ccas\/\">Local social action centre<\/a><\/li>\n\n\n\n<li style=\"font-style:normal;font-weight:400\">to<a href=\"https:\/\/mairie-montataire.fr\/en\/fulfill-out\/espace-huberte-d-hoker\/\" data-type=\"link\" data-id=\"https:\/\/mairie-montataire.fr\/s-epanouir\/espace-huberte-d-hoker\/\">Espace Huberte d'Hoker<\/a><\/li>\n\n\n\n<li style=\"font-style:normal;font-weight:400\">to the <a href=\"https:\/\/mairie-montataire.fr\/en\/directories\/municipal-services\/town-hall\/marie-centrale\/\">town hall<\/a><\/li>\n\n\n\n<li style=\"font-style:normal;font-weight:400\">to the <a href=\"https:\/\/mairie-montataire.fr\/en\/directories\/municipal-services\/town-hall\/marie-annexe-des-martinets\/\">Martinets Town Hall<\/a><\/li>\n\n\n\n<li style=\"font-style:normal;font-weight:400\">to both libraries (<a href=\"https:\/\/mairie-montataire.fr\/en\/directories\/municipal-services\/dcsdt\/public-reading-at-the-elsa-triolet-library\/\">Elsa Triolet<\/a> and <a href=\"https:\/\/mairie-montataire.fr\/en\/directories\/municipal-services\/dcsdt\/public-reading-paul-eluard-library\/\">Paul Eluard<\/a>)<\/li>\n\n\n\n<li style=\"font-style:normal;font-weight:400\">at <a href=\"https:\/\/mairie-montataire.fr\/en\/directories\/municipal-services\/dcsdt\/le-palace-cultural-service\/\">Palace<\/a><\/li>\n\n\n\n<li style=\"font-style:normal;font-weight:400\">at <a href=\"https:\/\/mairie-montataire.fr\/en\/directories\/municipal-services\/dejss\/leisure-centre\/\">leisure centre<\/a> in the teen pavilion<\/li>\n\n\n\n<li style=\"font-style:normal;font-weight:400\">on the association's premises <a href=\"https:\/\/mairie-montataire.fr\/en\/directories\/associations\/youth-education-and-integration\/jade\/\">JADE<\/a><\/li>\n<\/ul>\n<\/div>\n<\/div>\n\n\n\n<h2 class=\"wp-block-heading\">A conurbation concerned<\/h2>\n\n\n\n<div class=\"wp-block-columns is-layout-flex wp-container-core-columns-is-layout-9d6595d7 wp-block-columns-is-layout-flex\">\n<div class=\"wp-block-column is-layout-flow wp-block-column-is-layout-flow\">\n<div class=\"wp-block-uagb-image uagb-block-120fa4a4 wp-block-uagb-image--layout-default wp-block-uagb-image--effect-static wp-block-uagb-image--align-none\"><figure class=\"wp-block-uagb-image__figure\"><img decoding=\"async\" srcset=\"https:\/\/mairie-montataire.fr\/app\/uploads\/2025\/09\/Visuel-Carrefour-de-femmes.png ,https:\/\/mairie-montataire.fr\/app\/uploads\/2025\/09\/Visuel-Carrefour-de-femmes.png 780w, https:\/\/mairie-montataire.fr\/app\/uploads\/2025\/09\/Visuel-Carrefour-de-femmes.png 360w\" sizes=\"auto, (max-width: 480px) 150px\" src=\"https:\/\/mairie-montataire.fr\/app\/uploads\/2025\/09\/Visuel-Carrefour-de-femmes.png\" alt=\"\" class=\"uag-image-6984\" width=\"771\" height=\"597\" title=\"Visual Carrefour de femmes\" loading=\"lazy\" role=\"img\"\/><\/figure><\/div>\n<\/div>\n\n\n\n<div class=\"wp-block-column is-layout-flow wp-block-column-is-layout-flow\">\n<p>L'<a href=\"https:\/\/www.creilsudoise.fr\/\">Creil Sud Oise conurbation<\/a> opened the doors of <a href=\"https:\/\/www.creilsudoise.fr\/carrefour-de-femmes\/?section=carrefour-de-femmes\">Crossroads of Women<\/a>. A unique space, created&nbsp;<strong>BY<\/strong>&nbsp;and&nbsp;<strong>FOR<\/strong>&nbsp;women in the region. A place that&nbsp;<strong>listening<\/strong>the&nbsp;<strong>informs<\/strong>&nbsp;and the&nbsp;<strong>directs you to professionals<\/strong>depending on their personal situation. Various workshops will be offered over the long term to enable them to dare, to&nbsp;<strong>to (re)discover themselves, to learn how to take control of their own freedom, to find out about their rights and entitlements and to exchange ideas and experiences<\/strong>&nbsp;on subjects that women wouldn't dare discuss outside a place like this, where caring and mutual support are priorities.<\/p>\n<\/div>\n<\/div>\n\n\n\n<h2 class=\"wp-block-heading\">Combating violence against women<\/h2>\n\n\n\n<p><strong>The fight against violence against women is a battle waged all year round by the city. High points are the International Day for the Elimination of Violence against Women in November, and the Women's Rights Day in March, which brings together departments, associations working in this field and the French Ministry of Education.<\/strong><\/p>\n\n\n\n<h3 class=\"wp-block-heading\"><strong>Existing tools and numbers for dealing with violence<\/strong><\/h3>\n\n\n\n<div class=\"wp-block-columns is-layout-flex wp-container-core-columns-is-layout-9d6595d7 wp-block-columns-is-layout-flex\">\n<div class=\"wp-block-column is-layout-flow wp-block-column-is-layout-flow\">\n<div class=\"wp-block-columns is-layout-flex wp-container-core-columns-is-layout-9d6595d7 wp-block-columns-is-layout-flex\">\n<div class=\"wp-block-column is-layout-flow wp-block-column-is-layout-flow\" style=\"flex-basis:20%\">\n<div class=\"wp-block-uagb-image aligncenter uagb-block-325ae02a wp-block-uagb-image--layout-default wp-block-uagb-image--effect-static wp-block-uagb-image--align-center\"><figure class=\"wp-block-uagb-image__figure\"><a class=\"\" href=\"https:\/\/memo-de-vie.org\/\" target=\"_blank\" rel=\"noreferrer noopener\"><img decoding=\"async\" srcset=\"https:\/\/mairie-montataire.fr\/app\/uploads\/2024\/08\/Logo_MemoDeVie.jpg ,https:\/\/mairie-montataire.fr\/app\/uploads\/2024\/08\/Logo_MemoDeVie.jpg 780w, https:\/\/mairie-montataire.fr\/app\/uploads\/2024\/08\/Logo_MemoDeVie.jpg 360w\" sizes=\"auto, (max-width: 480px) 150px\" src=\"https:\/\/mairie-montataire.fr\/app\/uploads\/2024\/08\/Logo_MemoDeVie.jpg\" alt=\"\" class=\"uag-image-3502\" width=\"2000\" height=\"1525\" title=\"Logo_LifeMemo\" loading=\"lazy\" role=\"img\"\/><\/a><\/figure><\/div>\n<\/div>\n\n\n\n<div class=\"wp-block-column is-layout-flow wp-block-column-is-layout-flow\" style=\"flex-basis:66.66%\">\n<h4 class=\"wp-block-heading\">Life memo<\/h4>\n\n\n\n<p>A free, secure digital platform that will help you understand your situation, that of a loved one or as a witness. You can store and centralise testimonies and documents, prepare procedures and be accompanied by a professional.<\/p>\n<\/div>\n<\/div>\n<\/div>\n\n\n\n<div class=\"wp-block-column is-layout-flow wp-block-column-is-layout-flow\">\n<div class=\"wp-block-columns is-layout-flex wp-container-core-columns-is-layout-9d6595d7 wp-block-columns-is-layout-flex\">\n<div class=\"wp-block-column is-layout-flow wp-block-column-is-layout-flow\" style=\"flex-basis:20%\">\n<div class=\"wp-block-uagb-image aligncenter uagb-block-5ccf7f6a wp-block-uagb-image--layout-default wp-block-uagb-image--effect-static wp-block-uagb-image--align-center\"><figure class=\"wp-block-uagb-image__figure\"><a class=\"\" href=\"https:\/\/play.google.com\/store\/apps\/details?id=com.thesorority\" target=\"_blank\" rel=\"noreferrer noopener\"><img decoding=\"async\" srcset=\"https:\/\/mairie-montataire.fr\/app\/uploads\/2024\/08\/Logo_TheSorority-1024x781.jpg ,https:\/\/mairie-montataire.fr\/app\/uploads\/2024\/08\/Logo_TheSorority.jpg 780w, https:\/\/mairie-montataire.fr\/app\/uploads\/2024\/08\/Logo_TheSorority.jpg 360w\" sizes=\"auto, (max-width: 480px) 150px\" src=\"https:\/\/mairie-montataire.fr\/app\/uploads\/2024\/08\/Logo_TheSorority-1024x781.jpg\" alt=\"\" class=\"uag-image-3504\" width=\"243\" height=\"207\" title=\"Logo_TheSorority\" loading=\"lazy\" role=\"img\"\/><\/a><\/figure><\/div>\n<\/div>\n\n\n\n<div class=\"wp-block-column is-layout-flow wp-block-column-is-layout-flow\" style=\"flex-basis:66.66%\">\n<h4 class=\"wp-block-heading\"><strong>The Sorority<\/strong><\/h4>\n\n\n\n<p>A security application that works by geolocating women in relation to each other. So if one of them is in danger, she can alert the others via an ad hoc button.<\/p>\n<\/div>\n<\/div>\n<\/div>\n<\/div>\n\n\n\n<div class=\"wp-block-columns is-layout-flex wp-container-core-columns-is-layout-9d6595d7 wp-block-columns-is-layout-flex\">\n<div class=\"wp-block-column is-layout-flow wp-block-column-is-layout-flow\">\n<div class=\"wp-block-columns is-layout-flex wp-container-core-columns-is-layout-9d6595d7 wp-block-columns-is-layout-flex\">\n<div class=\"wp-block-column is-layout-flow wp-block-column-is-layout-flow\" style=\"flex-basis:20%\">\n<div class=\"wp-block-uagb-image aligncenter uagb-block-fd546a8c wp-block-uagb-image--layout-default wp-block-uagb-image--effect-static wp-block-uagb-image--align-center\"><figure class=\"wp-block-uagb-image__figure\"><a class=\"\" href=\"https:\/\/monsherif.com\/\" target=\"_blank\" rel=\"noreferrer noopener\"><img decoding=\"async\" srcset=\"https:\/\/mairie-montataire.fr\/app\/uploads\/2024\/08\/Logo_MonSherif-1024x781.jpg ,https:\/\/mairie-montataire.fr\/app\/uploads\/2024\/08\/Logo_MonSherif.jpg 780w, https:\/\/mairie-montataire.fr\/app\/uploads\/2024\/08\/Logo_MonSherif.jpg 360w\" sizes=\"auto, (max-width: 480px) 150px\" src=\"https:\/\/mairie-montataire.fr\/app\/uploads\/2024\/08\/Logo_MonSherif-1024x781.jpg\" alt=\"\" class=\"uag-image-3503\" width=\"243\" height=\"207\" title=\"Logo_MonSherif\" loading=\"lazy\" role=\"img\"\/><\/a><\/figure><\/div>\n<\/div>\n\n\n\n<div class=\"wp-block-column is-layout-flow wp-block-column-is-layout-flow\" style=\"flex-basis:66.66%\">\n<h4 class=\"wp-block-heading\"><strong>My Sheriff<\/strong><\/h4>\n\n\n\n<p>A connected, wearable button that communicates a person's geographical position with a pre-written message to inform a third party.<\/p>\n<\/div>\n<\/div>\n<\/div>\n\n\n\n<div class=\"wp-block-column is-layout-flow wp-block-column-is-layout-flow\">\n<div class=\"wp-block-columns is-layout-flex wp-container-core-columns-is-layout-9d6595d7 wp-block-columns-is-layout-flex\">\n<div class=\"wp-block-column is-layout-flow wp-block-column-is-layout-flow\" style=\"flex-basis:20%\">\n<div class=\"wp-block-uagb-image aligncenter uagb-block-778705e1 wp-block-uagb-image--layout-default wp-block-uagb-image--effect-static wp-block-uagb-image--align-center\"><figure class=\"wp-block-uagb-image__figure\"><a class=\"\" href=\"https:\/\/play.google.com\/store\/apps\/details?id=fr.resonantes.app_elles\" target=\"_blank\" rel=\"noreferrer noopener\"><img decoding=\"async\" srcset=\"https:\/\/mairie-montataire.fr\/app\/uploads\/2024\/08\/Logo_AppElles-1-1024x781.jpg ,https:\/\/mairie-montataire.fr\/app\/uploads\/2024\/08\/Logo_AppElles-1.jpg 780w, https:\/\/mairie-montataire.fr\/app\/uploads\/2024\/08\/Logo_AppElles-1.jpg 360w\" sizes=\"auto, (max-width: 480px) 150px\" src=\"https:\/\/mairie-montataire.fr\/app\/uploads\/2024\/08\/Logo_AppElles-1-1024x781.jpg\" alt=\"\" class=\"uag-image-3497\" width=\"243\" height=\"207\" title=\"Logo_AppElles\" loading=\"lazy\" role=\"img\"\/><\/a><\/figure><\/div>\n<\/div>\n\n\n\n<div class=\"wp-block-column is-layout-flow wp-block-column-is-layout-flow\" style=\"flex-basis:66.66%\">\n<h4 class=\"wp-block-heading\"><strong>App'elles<\/strong><\/h4>\n\n\n\n<p>An application designed to meet the main assistance and support needs of victims and witnesses faced with a situation of current, past or potential violence. It provides access to local resources.<\/p>\n<\/div>\n<\/div>\n<\/div>\n<\/div>\n\n\n\n<div class=\"wp-block-columns is-layout-flex wp-container-core-columns-is-layout-9d6595d7 wp-block-columns-is-layout-flex\">\n<div class=\"wp-block-column is-layout-flow wp-block-column-is-layout-flow\">\n<div class=\"wp-block-columns is-layout-flex wp-container-core-columns-is-layout-9d6595d7 wp-block-columns-is-layout-flex\">\n<div class=\"wp-block-column is-layout-flow wp-block-column-is-layout-flow\" style=\"flex-basis:20%\">\n<div class=\"wp-block-uagb-image aligncenter uagb-block-585eb740 wp-block-uagb-image--layout-default wp-block-uagb-image--effect-static wp-block-uagb-image--align-center\"><figure class=\"wp-block-uagb-image__figure\"><a class=\"\" href=\"https:\/\/enavanttoutes.fr\/\" target=\"_blank\" rel=\"noreferrer noopener\"><img decoding=\"async\" srcset=\"https:\/\/mairie-montataire.fr\/app\/uploads\/2024\/08\/Logo_EnAvantToutes-1024x781.jpg ,https:\/\/mairie-montataire.fr\/app\/uploads\/2024\/08\/Logo_EnAvantToutes.jpg 780w, https:\/\/mairie-montataire.fr\/app\/uploads\/2024\/08\/Logo_EnAvantToutes.jpg 360w\" sizes=\"auto, (max-width: 480px) 150px\" src=\"https:\/\/mairie-montataire.fr\/app\/uploads\/2024\/08\/Logo_EnAvantToutes-1024x781.jpg\" alt=\"\" class=\"uag-image-3499\" width=\"243\" height=\"207\" title=\"Logo_BeforeAll\" loading=\"lazy\" role=\"img\"\/><\/a><\/figure><\/div>\n<\/div>\n\n\n\n<div class=\"wp-block-column is-layout-flow wp-block-column-is-layout-flow\" style=\"flex-basis:66.66%\">\n<h4 class=\"wp-block-heading\"><strong>Full steam ahead<\/strong><\/h4>\n\n\n\n<p>Free chat, open Monday to Saturday from 10am to 9pm, anonymous, secure and caring, putting you in touch with professionals who listen, advise and refer you to the structures you need. <br>Available on :<br><a href=\"https:\/\/commentonsaime.fr\/\" target=\"_blank\" rel=\"noreferrer noopener\">commentonsaime.fr<\/a><br><a href=\"https:\/\/enavanttoutes.fr\/\" target=\"_blank\" rel=\"noreferrer noopener\">enavanttoutes.fr<\/a><\/p>\n<\/div>\n<\/div>\n<\/div>\n\n\n\n<div class=\"wp-block-column is-layout-flow wp-block-column-is-layout-flow\">\n<div class=\"wp-block-columns is-layout-flex wp-container-core-columns-is-layout-9d6595d7 wp-block-columns-is-layout-flex\">\n<div class=\"wp-block-column is-layout-flow wp-block-column-is-layout-flow\" style=\"flex-basis:20%\">\n<div class=\"wp-block-uagb-image aligncenter uagb-block-4fd8d2de wp-block-uagb-image--layout-default wp-block-uagb-image--effect-static wp-block-uagb-image--align-center\"><figure class=\"wp-block-uagb-image__figure\"><a class=\"\" href=\"https:\/\/droitsdirects.fr\/\" target=\"_blank\" rel=\"noreferrer noopener\"><img decoding=\"async\" srcset=\"https:\/\/mairie-montataire.fr\/app\/uploads\/2024\/08\/Logo_DroitDirect-1024x781.jpg ,https:\/\/mairie-montataire.fr\/app\/uploads\/2024\/08\/Logo_DroitDirect.jpg 780w, https:\/\/mairie-montataire.fr\/app\/uploads\/2024\/08\/Logo_DroitDirect.jpg 360w\" sizes=\"auto, (max-width: 480px) 150px\" src=\"https:\/\/mairie-montataire.fr\/app\/uploads\/2024\/08\/Logo_DroitDirect-1024x781.jpg\" alt=\"\" class=\"uag-image-3508\" width=\"243\" height=\"207\" title=\"Logo_DroitDirect\" loading=\"lazy\" role=\"img\"\/><\/a><\/figure><\/div>\n<\/div>\n\n\n\n<div class=\"wp-block-column is-layout-flow wp-block-column-is-layout-flow\" style=\"flex-basis:66.66%\">\n<h4 class=\"wp-block-heading\"><strong>Direct rights<\/strong><\/h4>\n\n\n\n<p>This site provides free information sheets that are regularly updated by legal experts, lawyers, social workers and others. It contains the main information you need to understand violence, know the law and the legal and social measures available to protect yourself and your children.<\/p>\n<\/div>\n<\/div>\n<\/div>\n<\/div>\n\n\n\n<div class=\"wp-block-columns is-layout-flex wp-container-core-columns-is-layout-9d6595d7 wp-block-columns-is-layout-flex\">\n<div class=\"wp-block-column is-layout-flow wp-block-column-is-layout-flow\">\n<div class=\"wp-block-columns is-layout-flex wp-container-core-columns-is-layout-9d6595d7 wp-block-columns-is-layout-flex\">\n<div class=\"wp-block-column is-layout-flow wp-block-column-is-layout-flow\" style=\"flex-basis:20%\">\n<div class=\"wp-block-uagb-image aligncenter uagb-block-29aee953 wp-block-uagb-image--layout-default wp-block-uagb-image--effect-static wp-block-uagb-image--align-center\"><figure class=\"wp-block-uagb-image__figure\"><a class=\"\" href=\"https:\/\/parcours-victimes.fr\/\" target=\"_blank\" rel=\"noreferrer noopener\"><img decoding=\"async\" srcset=\"https:\/\/mairie-montataire.fr\/app\/uploads\/2024\/08\/Logo_FranceVictimes-2-1024x781.jpg ,https:\/\/mairie-montataire.fr\/app\/uploads\/2024\/08\/Logo_FranceVictimes-2.jpg 780w, https:\/\/mairie-montataire.fr\/app\/uploads\/2024\/08\/Logo_FranceVictimes-2.jpg 360w\" sizes=\"auto, (max-width: 480px) 150px\" src=\"https:\/\/mairie-montataire.fr\/app\/uploads\/2024\/08\/Logo_FranceVictimes-2-1024x781.jpg\" alt=\"\" class=\"uag-image-3501\" width=\"243\" height=\"207\" title=\"Logo_FranceVictimes\" loading=\"lazy\" role=\"img\"\/><\/a><\/figure><\/div>\n\n\n\n<div class=\"wp-block-uagb-image aligncenter uagb-block-a3e3ff44 wp-block-uagb-image--layout-default wp-block-uagb-image--effect-static wp-block-uagb-image--align-center\"><figure class=\"wp-block-uagb-image__figure\"><a class=\"\" href=\"https:\/\/parcours-victimes.fr\/\" target=\"_blank\" rel=\"noreferrer noopener\"><img decoding=\"async\" srcset=\"https:\/\/mairie-montataire.fr\/app\/uploads\/2024\/08\/Logo_FondDeGarentieDesVictimes-1-1024x781.jpg ,https:\/\/mairie-montataire.fr\/app\/uploads\/2024\/08\/Logo_FondDeGarentieDesVictimes-1.jpg 780w, https:\/\/mairie-montataire.fr\/app\/uploads\/2024\/08\/Logo_FondDeGarentieDesVictimes-1.jpg 360w\" sizes=\"auto, (max-width: 480px) 150px\" src=\"https:\/\/mairie-montataire.fr\/app\/uploads\/2024\/08\/Logo_FondDeGarentieDesVictimes-1-1024x781.jpg\" alt=\"\" class=\"uag-image-3500\" width=\"243\" height=\"207\" title=\"Logo_VictimsGarentieFund\" loading=\"lazy\" role=\"img\"\/><\/a><\/figure><\/div>\n<\/div>\n\n\n\n<div class=\"wp-block-column is-layout-flow wp-block-column-is-layout-flow\" style=\"flex-basis:66.66%\">\n<h4 class=\"wp-block-heading\"><strong>Victims trail<\/strong><\/h4>\n\n\n\n<p>A site that helps adults and minors alike, guiding them through the 5 key stages of their journey, from the facts of the case to possible compensation.<\/p>\n<\/div>\n<\/div>\n<\/div>\n\n\n\n<div class=\"wp-block-column is-layout-flow wp-block-column-is-layout-flow\">\n<div class=\"wp-block-columns is-layout-flex wp-container-core-columns-is-layout-9d6595d7 wp-block-columns-is-layout-flex\">\n<div class=\"wp-block-column is-layout-flow wp-block-column-is-layout-flow\" style=\"flex-basis:20%\">\n<div class=\"wp-block-uagb-image aligncenter uagb-block-bcc45b62 wp-block-uagb-image--layout-default wp-block-uagb-image--effect-static wp-block-uagb-image--align-center\"><figure class=\"wp-block-uagb-image__figure\"><a class=\"\" href=\"https:\/\/www.womenforwomenfrance.org\/fr\/\" target=\"_blank\" rel=\"noreferrer noopener\"><img decoding=\"async\" srcset=\"https:\/\/mairie-montataire.fr\/app\/uploads\/2024\/08\/Logo_Women-1024x781.jpg ,https:\/\/mairie-montataire.fr\/app\/uploads\/2024\/08\/Logo_Women.jpg 780w, https:\/\/mairie-montataire.fr\/app\/uploads\/2024\/08\/Logo_Women.jpg 360w\" sizes=\"auto, (max-width: 480px) 150px\" src=\"https:\/\/mairie-montataire.fr\/app\/uploads\/2024\/08\/Logo_Women-1024x781.jpg\" alt=\"\" class=\"uag-image-3505\" width=\"243\" height=\"207\" title=\"Logo_Women\" loading=\"lazy\" role=\"img\"\/><\/a><\/figure><\/div>\n<\/div>\n\n\n\n<div class=\"wp-block-column is-layout-flow wp-block-column-is-layout-flow\" style=\"flex-basis:66.66%\">\n<h4 class=\"wp-block-heading\"><strong>Women for Women France<\/strong><\/h4>\n\n\n\n<p>Multilingual resources portal meeting the primary need of non-French and\/or immigrant people facing domestic violence to access practical information that addresses their concerns and concrete needs, in a language they understand.<\/p>\n<\/div>\n<\/div>\n<\/div>\n<\/div>","protected":false},"excerpt":{"rendered":"<p>La pr\u00e9carit\u00e9 menstruelle Montataire est la premi\u00e8re commune de l&rsquo;Oise \u00e0 installer des distributeurs gratuits de protections p\u00e9riodiques pour les femmes. Elles sont en 100% coton, sans plastique, sans produits toxiques et biod\u00e9gradables. Depuis 2022, ces protections sont en libre acc\u00e8s : Une agglom\u00e9ration concern\u00e9e L\u2019agglom\u00e9ration Creil Sud Oise a ouvert en 2024 les portes [&hellip;]<\/p>\n","protected":false},"author":1,"featured_media":4092,"parent":72,"menu_order":60,"comment_status":"closed","ping_status":"closed","template":"","meta":{"_acf_changed":false,"_uag_custom_page_level_css":"","footnotes":""},"class_list":["post-84","page","type-page","status-publish","has-post-thumbnail","hentry"],"acf":[],"uagb_featured_image_src":{"full":["https:\/\/mairie-montataire.fr\/app\/uploads\/2024\/08\/3.2.3_LutteViolenceFemmes.jpg",500,350,false],"thumbnail":["https:\/\/mairie-montataire.fr\/app\/uploads\/2024\/08\/3.2.3_LutteViolenceFemmes-150x150.jpg",150,150,true],"medium":["https:\/\/mairie-montataire.fr\/app\/uploads\/2024\/08\/3.2.3_LutteViolenceFemmes-300x210.jpg",300,210,true],"medium_large":["https:\/\/mairie-montataire.fr\/app\/uploads\/2024\/08\/3.2.3_LutteViolenceFemmes.jpg",500,350,false],"large":["https:\/\/mairie-montataire.fr\/app\/uploads\/2024\/08\/3.2.3_LutteViolenceFemmes.jpg",500,350,false],"1536x1536":["https:\/\/mairie-montataire.fr\/app\/uploads\/2024\/08\/3.2.3_LutteViolenceFemmes.jpg",500,350,false],"2048x2048":["https:\/\/mairie-montataire.fr\/app\/uploads\/2024\/08\/3.2.3_LutteViolenceFemmes.jpg",500,350,false],"trp-custom-language-flag":["https:\/\/mairie-montataire.fr\/app\/uploads\/2024\/08\/3.2.3_LutteViolenceFemmes-18x12.jpg",18,12,true],"gform-image-choice-sm":["https:\/\/mairie-montataire.fr\/app\/uploads\/2024\/08\/3.2.3_LutteViolenceFemmes.jpg",300,210,false],"gform-image-choice-md":["https:\/\/mairie-montataire.fr\/app\/uploads\/2024\/08\/3.2.3_LutteViolenceFemmes.jpg",400,280,false],"gform-image-choice-lg":["https:\/\/mairie-montataire.fr\/app\/uploads\/2024\/08\/3.2.3_LutteViolenceFemmes.jpg",500,350,false]},"uagb_author_info":{"display_name":"mentalworks","author_link":"https:\/\/mairie-montataire.fr\/en\/actualites\/author\/mentalworks\/"},"uagb_comment_info":0,"uagb_excerpt":"La pr\u00e9carit\u00e9 menstruelle Montataire est la premi\u00e8re commune de l&rsquo;Oise \u00e0 installer des distributeurs gratuits de protections p\u00e9riodiques pour les femmes. Elles sont en 100% coton, sans plastique, sans produits toxiques et biod\u00e9gradables. Depuis 2022, ces protections sont en libre acc\u00e8s : Une agglom\u00e9ration concern\u00e9e L\u2019agglom\u00e9ration Creil Sud Oise a ouvert en 2024 les portes&hellip;","_links":{"self":[{"href":"https:\/\/mairie-montataire.fr\/en\/wp-json\/wp\/v2\/pages\/84","targetHints":{"allow":["GET"]}}],"collection":[{"href":"https:\/\/mairie-montataire.fr\/en\/wp-json\/wp\/v2\/pages"}],"about":[{"href":"https:\/\/mairie-montataire.fr\/en\/wp-json\/wp\/v2\/types\/page"}],"author":[{"embeddable":true,"href":"https:\/\/mairie-montataire.fr\/en\/wp-json\/wp\/v2\/users\/1"}],"replies":[{"embeddable":true,"href":"https:\/\/mairie-montataire.fr\/en\/wp-json\/wp\/v2\/comments?post=84"}],"version-history":[{"count":25,"href":"https:\/\/mairie-montataire.fr\/en\/wp-json\/wp\/v2\/pages\/84\/revisions"}],"predecessor-version":[{"id":6985,"href":"https:\/\/mairie-montataire.fr\/en\/wp-json\/wp\/v2\/pages\/84\/revisions\/6985"}],"up":[{"embeddable":true,"href":"https:\/\/mairie-montataire.fr\/en\/wp-json\/wp\/v2\/pages\/72"}],"wp:featuredmedia":[{"embeddable":true,"href":"https:\/\/mairie-montataire.fr\/en\/wp-json\/wp\/v2\/media\/4092"}],"wp:attachment":[{"href":"https:\/\/mairie-montataire.fr\/en\/wp-json\/wp\/v2\/media?parent=84"}],"curies":[{"name":"wp","href":"https:\/\/api.w.org\/{rel}","templated":true}]}}