{"id":82,"date":"2024-05-03T09:17:49","date_gmt":"2024-05-03T09:17:49","guid":{"rendered":"https:\/\/montataire.local\/?page_id=82"},"modified":"2026-02-17T09:40:02","modified_gmt":"2026-02-17T09:40:02","slug":"solidarity-2","status":"publish","type":"page","link":"https:\/\/mairie-montataire.fr\/en\/s-informer\/les-valeurs\/jumelages-solidarite-internationale\/","title":{"rendered":"Twinning &amp; International Solidarity"},"content":{"rendered":"<p><strong>Montataire is twinned with the German town of Finsterwalde and the Palestinian refugee camp of Dheisheh. Numerous exchanges are organised with the support of the municipality and the twinning committees.<\/strong><\/p>\n\n\n\n<h2 class=\"wp-block-heading\"><strong>F<\/strong><strong>insterwalde in Germany<\/strong><\/h2>\n\n\n\n<p><strong>In 1962, Montataire became twinned with Finsterwalde, a town in the German Democratic Republic (GDR). The twinning committee was set up in the aftermath of the Second World War, and has played a part in bringing the two countries closer together over the long term. <\/strong><strong>two peoples, symbols of Franco-German friendship and peace.<\/strong><\/p>\n\n\n\n<div class=\"wp-block-group is-content-justification-center is-nowrap is-layout-flex wp-container-core-group-is-layout-94bc23d7 wp-block-group-is-layout-flex\">\n<div class=\"wp-block-uagb-image aligncenter uagb-block-24fb620b wp-block-uagb-image--layout-default wp-block-uagb-image--effect-static wp-block-uagb-image--align-center\"><figure class=\"wp-block-uagb-image__figure\"><a class=\"\" href=\"https:\/\/www.finsterwalde.de\/\" target=\"_blank\" rel=\"noreferrer noopener\"><img decoding=\"async\" srcset=\"https:\/\/mairie-montataire.fr\/app\/uploads\/2024\/08\/Logo_Finsterwalde.png ,https:\/\/mairie-montataire.fr\/app\/uploads\/2024\/08\/Logo_Finsterwalde.png 780w, https:\/\/mairie-montataire.fr\/app\/uploads\/2024\/08\/Logo_Finsterwalde.png 360w\" sizes=\"auto, (max-width: 480px) 150px\" src=\"https:\/\/mairie-montataire.fr\/app\/uploads\/2024\/08\/Logo_Finsterwalde.png\" alt=\"\" class=\"uag-image-2652\" width=\"124\" height=\"130\" title=\"Logo_Finsterwalde\" loading=\"lazy\" role=\"img\"\/><\/a><\/figure><\/div>\n\n\n\n<div class=\"wp-block-uagb-image aligncenter uagb-block-0e1d6daa wp-block-uagb-image--layout-default wp-block-uagb-image--effect-static wp-block-uagb-image--align-center\"><figure class=\"wp-block-uagb-image__figure\"><a class=\"\" href=\"\/en\/directories\/associations\/franco-german-exchanges\/\" target=\"\" rel=\"noopener\"><img decoding=\"async\" srcset=\"https:\/\/mairie-montataire.fr\/app\/uploads\/2024\/08\/logo_EFA.png ,https:\/\/mairie-montataire.fr\/app\/uploads\/2024\/08\/logo_EFA.png 780w, https:\/\/mairie-montataire.fr\/app\/uploads\/2024\/08\/logo_EFA.png 360w\" sizes=\"auto, (max-width: 480px) 150px\" src=\"https:\/\/mairie-montataire.fr\/app\/uploads\/2024\/08\/logo_EFA.png\" alt=\"\" class=\"uag-image-2650\" width=\"237\" height=\"93\" title=\"logoo_EFA\" loading=\"lazy\" role=\"img\"\/><\/a><\/figure><\/div>\n<\/div>\n\n\n\t\t\t\t\t<div\n\t\t\t\t\t\tclass=\"wp-block-uagb-image-gallery uagb-block-f9e88761\"\n\t\t\t\t\t\tstyle=\"\"\n\t\t\t\t\t>\n\t\t\t\t\t\t\t\t\t\t\t<div class=\"spectra-image-gallery spectra-image-gallery__layout--masonry spectra-image-gallery__layout--masonry-col-2 spectra-image-gallery__layout--masonry-col-tab-2 spectra-image-gallery__layout--masonry-col-mob-2\">\n\t\t\t\t\t\t\t\t\t\t\t<div class='spectra-image-gallery__media-wrapper--isotope'>\n\t\t\t\t\t\t\t<div class='spectra-image-gallery__media-wrapper' data-spectra-gallery-image-id='3942' tabindex=\"0\">\n\t\t\t\t\t\t\t<div class=\"spectra-image-gallery__media spectra-image-gallery__media--masonry\">\n\t\t\t\t<picture>\n\t\t\t\t\t<source media=\"(min-width: 1024px)\" srcset=\"https:\/\/mairie-montataire.fr\/app\/uploads\/2024\/08\/2022-05-27-Vernissage-Expo-La-Caricade-37-1024x683.jpg\">\n\t\t\t\t\t<source media=\"(min-width: 768px)\" srcset=\"https:\/\/mairie-montataire.fr\/app\/uploads\/2024\/08\/2022-05-27-Vernissage-Expo-La-Caricade-37-1024x683.jpg\">\n\t\t\t\t\t<img decoding=\"async\" class=\"spectra-image-gallery__media-thumbnail spectra-image-gallery__media-thumbnail--masonry\" src=\"https:\/\/mairie-montataire.fr\/app\/uploads\/2024\/08\/2022-05-27-Vernissage-Expo-La-Caricade-37-300x200.jpg\" alt=\"\" loading=\"lazy\" \/>\n\t\t\t\t<\/picture>\n\t\t\t\t<div class=\"spectra-image-gallery__media-thumbnail-blurrer\"><\/div>\n\t\t\t\t\t\t\t\t\t\t\t<div class=\"spectra-image-gallery__media-thumbnail-caption-wrapper spectra-image-gallery__media-thumbnail-caption-wrapper--overlay\">\n\t\t\t\t\t\t\t\t\t\t\t<div class=\"spectra-image-gallery__media-thumbnail-caption spectra-image-gallery__media-thumbnail-caption--overlay\">\n\t\t\t\t\tGerman youth music group at the World Music and Dance Festival - May 2022\t\t\t\t<\/div>\n\t\t\t\t\t\t\t\t\t\t<\/div>\n\t\t\t\t\t\t\t\t\t<\/div>\n\t\t\t\t\t\t<\/div>\n\t\t\t\t\t\t<\/div>\n\t\t\t\t\t\t<div class='spectra-image-gallery__media-wrapper--isotope'>\n\t\t\t\t\t\t\t<div class='spectra-image-gallery__media-wrapper' data-spectra-gallery-image-id='3941' tabindex=\"0\">\n\t\t\t\t\t\t\t<div class=\"spectra-image-gallery__media spectra-image-gallery__media--masonry\">\n\t\t\t\t<picture>\n\t\t\t\t\t<source media=\"(min-width: 1024px)\" srcset=\"https:\/\/mairie-montataire.fr\/app\/uploads\/2024\/08\/2024-03-08-8mars-femmes-de-Finsterwalde-8-1024x683.jpg\">\n\t\t\t\t\t<source media=\"(min-width: 768px)\" srcset=\"https:\/\/mairie-montataire.fr\/app\/uploads\/2024\/08\/2024-03-08-8mars-femmes-de-Finsterwalde-8-1024x683.jpg\">\n\t\t\t\t\t<img decoding=\"async\" class=\"spectra-image-gallery__media-thumbnail spectra-image-gallery__media-thumbnail--masonry\" src=\"https:\/\/mairie-montataire.fr\/app\/uploads\/2024\/08\/2024-03-08-8mars-femmes-de-Finsterwalde-8-300x200.jpg\" alt=\"\" loading=\"lazy\" \/>\n\t\t\t\t<\/picture>\n\t\t\t\t<div class=\"spectra-image-gallery__media-thumbnail-blurrer\"><\/div>\n\t\t\t\t\t\t\t\t\t\t\t<div class=\"spectra-image-gallery__media-thumbnail-caption-wrapper spectra-image-gallery__media-thumbnail-caption-wrapper--overlay\">\n\t\t\t\t\t\t\t\t\t\t\t<div class=\"spectra-image-gallery__media-thumbnail-caption spectra-image-gallery__media-thumbnail-caption--overlay\">\n\t\t\t\t\tGerman women's delegation for 8 March 2022\t\t\t\t<\/div>\n\t\t\t\t\t\t\t\t\t\t<\/div>\n\t\t\t\t\t\t\t\t\t<\/div>\n\t\t\t\t\t\t<\/div>\n\t\t\t\t\t\t<\/div>\n\t\t\t\t\t\t\t\t\t\t<\/div>\n\t\t\t\t\t\t\t\t\t\t\t\t\t\t\t\t\t\t<\/div>\n\t\t\t\t\t\t\t\t\t\t\t<div class='spectra-image-gallery__control-lightbox' tabindex='0'>\n\t\t\t\t\t\t\t\t\t\t\t<div class=\"swiper spectra-image-gallery__control-lightbox--main\" dir=\"\">\n\t\t\t\t\t<div class=\"swiper-wrapper\">\n\t\t\t\t\t\t\t\t\t\t\t\t\t\n\t\t\t\t\t\t\t<div class=\"swiper-slide\">\n\t\t\t\t\t\t\t\t<img class=\"swiper-lazy\" data-src=\"https:\/\/mairie-montataire.fr\/app\/uploads\/2024\/08\/2022-05-27-Vernissage-Expo-La-Caricade-37-scaled.jpg\" alt=\"\"\/>\n\t\t\t\t\t\t\t\t<div class=\"swiper-lazy-preloader swiper-lazy-preloader-white\"><\/div>\n\t\t\t\t\t\t\t\t\t\t\t\t\t\t\t\t\t<div class=\"spectra-image-gallery__control-lightbox--caption\" data-spectra-gallery-image-id='3942'>\n\t\t\t\t\t\t\t\t\t\tGerman youth music group at the World Music and Dance Festival - May 2022\t\t\t\t\t\t\t\t\t<\/div>\n\t\t\t\t\t\t\t\t\t\t\t\t\t\t\t<\/div>\n\t\t\t\t\t\t\t\t\t\t\t\t\t\n\t\t\t\t\t\t\t<div class=\"swiper-slide\">\n\t\t\t\t\t\t\t\t<img class=\"swiper-lazy\" data-src=\"https:\/\/mairie-montataire.fr\/app\/uploads\/2024\/08\/2024-03-08-8mars-femmes-de-Finsterwalde-8-scaled.jpg\" alt=\"\"\/>\n\t\t\t\t\t\t\t\t<div class=\"swiper-lazy-preloader swiper-lazy-preloader-white\"><\/div>\n\t\t\t\t\t\t\t\t\t\t\t\t\t\t\t\t\t<div class=\"spectra-image-gallery__control-lightbox--caption\" data-spectra-gallery-image-id='3941'>\n\t\t\t\t\t\t\t\t\t\tGerman women's delegation for 8 March 2022\t\t\t\t\t\t\t\t\t<\/div>\n\t\t\t\t\t\t\t\t\t\t\t\t\t\t\t<\/div>\n\t\t\t\t\t\t\t\t\t\t\t<\/div>\n\t\t\t\t\t<div class=\"swiper-button-next\"><\/div>\n\t\t\t\t\t<div class=\"swiper-button-prev\"><\/div>\n\t\t\t\t<\/div>\t\t\t\n\t\t\t\t\t\t\t\t\t\t\t\t\t\t\t\t\t\t\t\t\t\t\t\t\t\t\t\t\t\t\t\t<button class='spectra-image-gallery__control-lightbox--close' aria-label=\"Close\">\n\t\t\t\t\t\t\t\t\t\t\t\t\t<svg xmlns=\"https:\/\/www.w3.org\/2000\/svg\" viewbox= \"0 0 320 512\"><path d=\"M310.6 361.4c12.5 12.5 12.5 32.75 0 45.25C304.4 412.9 296.2 416 288 416s-16.38-3.125-22.62-9.375L160 301.3L54.63 406.6C48.38 412.9 40.19 416 32 416S15.63 412.9 9.375 406.6c-12.5-12.5-12.5-32.75 0-45.25l105.4-105.4L9.375 150.6c-12.5-12.5-12.5-32.75 0-45.25s32.75-12.5 45.25 0L160 210.8l105.4-105.4c12.5-12.5 32.75-12.5 45.25 0s12.5 32.75 0 45.25l-105.4 105.4L310.6 361.4z\"><\/path><\/svg>\n\t\t\t\t\t\t\t\t\t\t\t\t<\/button>\n\t\t\t\t\t\t\t\t\t\t\t\t\t<\/div>\n\t\t\t\t\t\t\t\t\t\n\n\n<div style=\"height:42px\" aria-hidden=\"true\" class=\"wp-block-spacer\"><\/div>\n\n\n\n<p>Finsterwald is a town in the German state of Brandenburg. With a population of around 16,000, it lies in the historic region of Lower Lusatia. The town is known for its rich cultural and historical heritage, including the famous Finsterwalde Castle, a medieval building that attracts many visitors.<\/p>\n\n\n\n<p>&nbsp;Despite major historical events such as the fall of the Berlin Wall on 9 November 1989, the twinning arrangement has endured, thanks in particular to the efforts of the members of the committee and the Montataire municipality. Today, this lively twinning arrangement is one of more than 2,300 Franco-German twinnings.<\/p>\n\n\n\n<h2 class=\"wp-block-heading\"><strong>Dheisheh Palestinian refugee camp<\/strong><\/h2>\n\n\n\n<p><strong>In 1989, Montataire signed the world's first twinning agreement with a Palestinian refugee camp, Dheisheh. This commitment has resulted in numerous acts of solidarity with a people suffering from occupation, daily violence and fighting for their rights.<\/strong><\/p>\n\n\n\n<h3 class=\"wp-block-heading\"><strong>Regular exchanges<\/strong><\/h3>\n\n\n\n<p>Whenever possible, exchanges are organised.<\/p>\n\n\n\n<p>For the 30th<sup>e<\/sup> anniversary of the twinning, Montataire welcomed a delegation of eleven Palestinians. The weekend was marked by a dance, a screening of short films and a friendly basketball match, bringing together the delegation, the twinning committee and the people of Montataire.<\/p>\n\n\n\n<p>Since then, as the situation in Palestine has deteriorated, the twinning committee has stepped up its efforts to support the Palestinians and inform local residents about the situation in the camp. These actions include the sale of products and foodstuffs at the associations' festival and the Danses et Musiques du Monde festival, as well as several campaigns for a ceasefire in Palestine.<\/p>\n\n\n\n<div class=\"wp-block-uagb-image aligncenter uagb-block-5fccdd10 wp-block-uagb-image--layout-default wp-block-uagb-image--effect-static wp-block-uagb-image--align-center\"><figure class=\"wp-block-uagb-image__figure\"><a class=\"\" href=\"https:\/\/mairie-montataire.fr\/en\/directories\/associations\/montataire-dheisheh-twinning-committee\/\" target=\"\" rel=\"noopener\"><img decoding=\"async\" srcset=\"https:\/\/mairie-montataire.fr\/app\/uploads\/2024\/08\/Logo_ComiteDeJumelageMontataireDheisheh.png ,https:\/\/mairie-montataire.fr\/app\/uploads\/2024\/08\/Logo_ComiteDeJumelageMontataireDheisheh.png 780w, https:\/\/mairie-montataire.fr\/app\/uploads\/2024\/08\/Logo_ComiteDeJumelageMontataireDheisheh.png 360w\" sizes=\"auto, (max-width: 480px) 150px\" src=\"https:\/\/mairie-montataire.fr\/app\/uploads\/2024\/08\/Logo_ComiteDeJumelageMontataireDheisheh.png\" alt=\"\" class=\"uag-image-2651\" width=\"170\" height=\"151\" title=\"Logo_MontataireDheishehTwinningCommittee\" loading=\"lazy\" role=\"img\"\/><\/a><\/figure><\/div>\n\n\n\t\t\t\t\t<div\n\t\t\t\t\t\tclass=\"wp-block-uagb-image-gallery uagb-block-cc43ebee\"\n\t\t\t\t\t\tstyle=\"\"\n\t\t\t\t\t>\n\t\t\t\t\t\t\t\t\t\t\t<div class=\"spectra-image-gallery spectra-image-gallery__layout--masonry spectra-image-gallery__layout--masonry-col-2 spectra-image-gallery__layout--masonry-col-tab-2 spectra-image-gallery__layout--masonry-col-mob-2\">\n\t\t\t\t\t\t\t\t\t\t\t<div class='spectra-image-gallery__media-wrapper--isotope'>\n\t\t\t\t\t\t\t<div class='spectra-image-gallery__media-wrapper' data-spectra-gallery-image-id='2653' tabindex=\"0\">\n\t\t\t\t\t\t\t<div class=\"spectra-image-gallery__media spectra-image-gallery__media--masonry\">\n\t\t\t\t<picture>\n\t\t\t\t\t<source media=\"(min-width: 1024px)\" srcset=\"https:\/\/mairie-montataire.fr\/app\/uploads\/2024\/08\/2024-05-09-FDMM-201-1024x683.jpg\">\n\t\t\t\t\t<source media=\"(min-width: 768px)\" srcset=\"https:\/\/mairie-montataire.fr\/app\/uploads\/2024\/08\/2024-05-09-FDMM-201-1024x683.jpg\">\n\t\t\t\t\t<img decoding=\"async\" class=\"spectra-image-gallery__media-thumbnail spectra-image-gallery__media-thumbnail--masonry\" src=\"https:\/\/mairie-montataire.fr\/app\/uploads\/2024\/08\/2024-05-09-FDMM-201-300x200.jpg\" alt=\"\" loading=\"lazy\" \/>\n\t\t\t\t<\/picture>\n\t\t\t\t<div class=\"spectra-image-gallery__media-thumbnail-blurrer\"><\/div>\n\t\t\t\t\t\t\t\t\t\t\t<div class=\"spectra-image-gallery__media-thumbnail-caption-wrapper spectra-image-gallery__media-thumbnail-caption-wrapper--overlay\">\n\t\t\t\t\t\t\t\t\t\t\t<div class=\"spectra-image-gallery__media-thumbnail-caption spectra-image-gallery__media-thumbnail-caption--overlay\">\n\t\t\t\t\tTraditional dance demonstration at the World Dance and Music Festival in May 2024\t\t\t\t<\/div>\n\t\t\t\t\t\t\t\t\t\t<\/div>\n\t\t\t\t\t\t\t\t\t<\/div>\n\t\t\t\t\t\t<\/div>\n\t\t\t\t\t\t<\/div>\n\t\t\t\t\t\t<div class='spectra-image-gallery__media-wrapper--isotope'>\n\t\t\t\t\t\t\t<div class='spectra-image-gallery__media-wrapper' data-spectra-gallery-image-id='3938' tabindex=\"0\">\n\t\t\t\t\t\t\t<div class=\"spectra-image-gallery__media spectra-image-gallery__media--masonry\">\n\t\t\t\t<picture>\n\t\t\t\t\t<source media=\"(min-width: 1024px)\" srcset=\"https:\/\/mairie-montataire.fr\/app\/uploads\/2024\/08\/2024-07-31-Delegation-femmes-sportives-palestiniennes-1-e1724318988763.jpg\">\n\t\t\t\t\t<source media=\"(min-width: 768px)\" srcset=\"https:\/\/mairie-montataire.fr\/app\/uploads\/2024\/08\/2024-07-31-Delegation-femmes-sportives-palestiniennes-1-e1724318988763.jpg\">\n\t\t\t\t\t<img decoding=\"async\" class=\"spectra-image-gallery__media-thumbnail spectra-image-gallery__media-thumbnail--masonry\" src=\"https:\/\/mairie-montataire.fr\/app\/uploads\/2024\/08\/2024-07-31-Delegation-femmes-sportives-palestiniennes-1-e1724318988763-300x200.jpg\" alt=\"\" loading=\"lazy\" \/>\n\t\t\t\t<\/picture>\n\t\t\t\t<div class=\"spectra-image-gallery__media-thumbnail-blurrer\"><\/div>\n\t\t\t\t\t\t\t\t\t\t\t<div class=\"spectra-image-gallery__media-thumbnail-caption-wrapper spectra-image-gallery__media-thumbnail-caption-wrapper--overlay\">\n\t\t\t\t\t\t\t\t\t\t\t<div class=\"spectra-image-gallery__media-thumbnail-caption spectra-image-gallery__media-thumbnail-caption--overlay\">\n\t\t\t\t\tPalestinian delegation of women athletes - 31 July 2024\t\t\t\t<\/div>\n\t\t\t\t\t\t\t\t\t\t<\/div>\n\t\t\t\t\t\t\t\t\t<\/div>\n\t\t\t\t\t\t<\/div>\n\t\t\t\t\t\t<\/div>\n\t\t\t\t\t\t\t\t\t\t<\/div>\n\t\t\t\t\t\t\t\t\t\t\t\t\t\t\t\t\t\t<\/div>\n\t\t\t\t\t\t\t\t\t\t\t<div class='spectra-image-gallery__control-lightbox' tabindex='0'>\n\t\t\t\t\t\t\t\t\t\t\t<div class=\"swiper spectra-image-gallery__control-lightbox--main\" dir=\"\">\n\t\t\t\t\t<div class=\"swiper-wrapper\">\n\t\t\t\t\t\t\t\t\t\t\t\t\t\n\t\t\t\t\t\t\t<div class=\"swiper-slide\">\n\t\t\t\t\t\t\t\t<img class=\"swiper-lazy\" data-src=\"https:\/\/mairie-montataire.fr\/app\/uploads\/2024\/08\/2024-05-09-FDMM-201-scaled.jpg\" alt=\"\"\/>\n\t\t\t\t\t\t\t\t<div class=\"swiper-lazy-preloader swiper-lazy-preloader-white\"><\/div>\n\t\t\t\t\t\t\t\t\t\t\t\t\t\t\t\t\t<div class=\"spectra-image-gallery__control-lightbox--caption\" data-spectra-gallery-image-id='2653'>\n\t\t\t\t\t\t\t\t\t\tTraditional dance demonstration at the World Dance and Music Festival in May 2024\t\t\t\t\t\t\t\t\t<\/div>\n\t\t\t\t\t\t\t\t\t\t\t\t\t\t\t<\/div>\n\t\t\t\t\t\t\t\t\t\t\t\t\t\n\t\t\t\t\t\t\t<div class=\"swiper-slide\">\n\t\t\t\t\t\t\t\t<img class=\"swiper-lazy\" data-src=\"https:\/\/mairie-montataire.fr\/app\/uploads\/2024\/08\/2024-07-31-Delegation-femmes-sportives-palestiniennes-1-e1724318988763.jpg\" alt=\"\"\/>\n\t\t\t\t\t\t\t\t<div class=\"swiper-lazy-preloader swiper-lazy-preloader-white\"><\/div>\n\t\t\t\t\t\t\t\t\t\t\t\t\t\t\t\t\t<div class=\"spectra-image-gallery__control-lightbox--caption\" data-spectra-gallery-image-id='3938'>\n\t\t\t\t\t\t\t\t\t\tPalestinian delegation of women athletes - 31 July 2024\t\t\t\t\t\t\t\t\t<\/div>\n\t\t\t\t\t\t\t\t\t\t\t\t\t\t\t<\/div>\n\t\t\t\t\t\t\t\t\t\t\t<\/div>\n\t\t\t\t\t<div class=\"swiper-button-next\"><\/div>\n\t\t\t\t\t<div class=\"swiper-button-prev\"><\/div>\n\t\t\t\t<\/div>\t\t\t\n\t\t\t\t\t\t\t\t\t\t\t\t\t\t\t\t\t\t\t\t\t\t\t\t\t\t\t\t\t\t\t\t<button class='spectra-image-gallery__control-lightbox--close' aria-label=\"Close\">\n\t\t\t\t\t\t\t\t\t\t\t\t\t<svg xmlns=\"https:\/\/www.w3.org\/2000\/svg\" viewbox= \"0 0 320 512\"><path d=\"M310.6 361.4c12.5 12.5 12.5 32.75 0 45.25C304.4 412.9 296.2 416 288 416s-16.38-3.125-22.62-9.375L160 301.3L54.63 406.6C48.38 412.9 40.19 416 32 416S15.63 412.9 9.375 406.6c-12.5-12.5-12.5-32.75 0-45.25l105.4-105.4L9.375 150.6c-12.5-12.5-12.5-32.75 0-45.25s32.75-12.5 45.25 0L160 210.8l105.4-105.4c12.5-12.5 32.75-12.5 45.25 0s12.5 32.75 0 45.25l-105.4 105.4L310.6 361.4z\"><\/path><\/svg>\n\t\t\t\t\t\t\t\t\t\t\t\t<\/button>\n\t\t\t\t\t\t\t\t\t\t\t\t\t<\/div>\n\t\t\t\t\t\t\t\t\t\n\n\n<h3 class=\"wp-block-heading\">Marouane Barghouti<\/h3>\n\n\n\n<p>Marouane Barghouti is an emblematic figure in the Palestinian struggle. In 2010, he was declared an honorary citizen of the town of Montataire in recognition of his fight for Palestinian rights. Imprisoned in Israel, Barghouti remains a symbol of resistance and the quest for justice for his people. His commitment has inspired numerous acts of international solidarity, strengthening the links between Montataire and the Palestinian cause.<\/p>\n\n\n\n<h2 class=\"wp-block-heading\"><strong>International solidarity<\/strong><\/h2>\n\n\n\n<p>Alongside these two twinning arrangements, Montataire is affirming its international solidarity through various actions. The town declared Nelson Mandela an honorary citizen while he was imprisoned under the apartheid regime, and paid tribute to him by naming the esplanade of the Lyc\u00e9e Andr\u00e9 Malraux after him.<\/p>\n\n\n\n<p>In March 2019, to mark International Women's Rights Day, Montataire sponsored Mukkades Kubilay, imprisoned in Turkey for her political beliefs.<\/p>\n\n\n\n<p>You can find all the associations working for international solidarity in the<a href=\"https:\/\/mairie-montataire.fr\/en\/directories\/?categorie=associations&amp;ordre=a-z\">directory of associations<\/a>. Finally, the Town Council awards grants to solidarity organisations such as Secours Populaire, to respond to emergencies in certain countries, SOS m\u00e9diterran\u00e9e and M\u00e9decins Sans Fronti\u00e8res.<\/p>","protected":false},"excerpt":{"rendered":"<p>La ville de Montataire est jumel\u00e9e avec la ville allemande de Finsterwalde et le camp de r\u00e9fugi\u00e9s&nbsp;palestiniens de Dheisheh. De nombreux \u00e9changes sont organis\u00e9s avec le soutien de la municipalit\u00e9 et l\u2019action des comit\u00e9s de jumelage. Finsterwalde en Allemagne En 1962, Montataire s\u2019est jumel\u00e9e avec Finsterwalde, ville de la R\u00e9publique D\u00e9mocratique Allemande (RDA). N\u00e9 au [&hellip;]<\/p>\n","protected":false},"author":1,"featured_media":1474,"parent":72,"menu_order":58,"comment_status":"closed","ping_status":"closed","template":"","meta":{"_acf_changed":false,"_uag_custom_page_level_css":"","footnotes":""},"class_list":["post-82","page","type-page","status-publish","has-post-thumbnail","hentry"],"acf":[],"uagb_featured_image_src":{"full":["https:\/\/mairie-montataire.fr\/app\/uploads\/2024\/07\/3.2.4_jumelages-scaled.jpg",2560,1721,false],"thumbnail":["https:\/\/mairie-montataire.fr\/app\/uploads\/2024\/07\/3.2.4_jumelages-150x150.jpg",150,150,true],"medium":["https:\/\/mairie-montataire.fr\/app\/uploads\/2024\/07\/3.2.4_jumelages-300x202.jpg",300,202,true],"medium_large":["https:\/\/mairie-montataire.fr\/app\/uploads\/2024\/07\/3.2.4_jumelages-768x516.jpg",768,516,true],"large":["https:\/\/mairie-montataire.fr\/app\/uploads\/2024\/07\/3.2.4_jumelages-1024x689.jpg",1024,689,true],"1536x1536":["https:\/\/mairie-montataire.fr\/app\/uploads\/2024\/07\/3.2.4_jumelages-1536x1033.jpg",1536,1033,true],"2048x2048":["https:\/\/mairie-montataire.fr\/app\/uploads\/2024\/07\/3.2.4_jumelages-2048x1377.jpg",2048,1377,true],"trp-custom-language-flag":["https:\/\/mairie-montataire.fr\/app\/uploads\/2024\/07\/3.2.4_jumelages-scaled.jpg",18,12,false],"gform-image-choice-sm":["https:\/\/mairie-montataire.fr\/app\/uploads\/2024\/07\/3.2.4_jumelages-scaled.jpg",300,202,false],"gform-image-choice-md":["https:\/\/mairie-montataire.fr\/app\/uploads\/2024\/07\/3.2.4_jumelages-scaled.jpg",400,269,false],"gform-image-choice-lg":["https:\/\/mairie-montataire.fr\/app\/uploads\/2024\/07\/3.2.4_jumelages-scaled.jpg",600,403,false]},"uagb_author_info":{"display_name":"mentalworks","author_link":"https:\/\/mairie-montataire.fr\/en\/actualites\/author\/mentalworks\/"},"uagb_comment_info":0,"uagb_excerpt":"La ville de Montataire est jumel\u00e9e avec la ville allemande de Finsterwalde et le camp de r\u00e9fugi\u00e9s&nbsp;palestiniens de Dheisheh. De nombreux \u00e9changes sont organis\u00e9s avec le soutien de la municipalit\u00e9 et l\u2019action des comit\u00e9s de jumelage. Finsterwalde en Allemagne En 1962, Montataire s\u2019est jumel\u00e9e avec Finsterwalde, ville de la R\u00e9publique D\u00e9mocratique Allemande (RDA). N\u00e9 au&hellip;","_links":{"self":[{"href":"https:\/\/mairie-montataire.fr\/en\/wp-json\/wp\/v2\/pages\/82","targetHints":{"allow":["GET"]}}],"collection":[{"href":"https:\/\/mairie-montataire.fr\/en\/wp-json\/wp\/v2\/pages"}],"about":[{"href":"https:\/\/mairie-montataire.fr\/en\/wp-json\/wp\/v2\/types\/page"}],"author":[{"embeddable":true,"href":"https:\/\/mairie-montataire.fr\/en\/wp-json\/wp\/v2\/users\/1"}],"replies":[{"embeddable":true,"href":"https:\/\/mairie-montataire.fr\/en\/wp-json\/wp\/v2\/comments?post=82"}],"version-history":[{"count":21,"href":"https:\/\/mairie-montataire.fr\/en\/wp-json\/wp\/v2\/pages\/82\/revisions"}],"predecessor-version":[{"id":7611,"href":"https:\/\/mairie-montataire.fr\/en\/wp-json\/wp\/v2\/pages\/82\/revisions\/7611"}],"up":[{"embeddable":true,"href":"https:\/\/mairie-montataire.fr\/en\/wp-json\/wp\/v2\/pages\/72"}],"wp:featuredmedia":[{"embeddable":true,"href":"https:\/\/mairie-montataire.fr\/en\/wp-json\/wp\/v2\/media\/1474"}],"wp:attachment":[{"href":"https:\/\/mairie-montataire.fr\/en\/wp-json\/wp\/v2\/media?parent=82"}],"curies":[{"name":"wp","href":"https:\/\/api.w.org\/{rel}","templated":true}]}}