{"id":70,"date":"2024-05-03T09:16:11","date_gmt":"2024-05-03T09:16:11","guid":{"rendered":"https:\/\/montataire.local\/?page_id=70"},"modified":"2026-04-10T07:27:05","modified_gmt":"2026-04-10T07:27:05","slug":"the-mayor-the-elected-representatives","status":"publish","type":"page","link":"https:\/\/mairie-montataire.fr\/en\/s-informer\/le-maire-les-elu-e-s\/","title":{"rendered":"The mayor and elected representatives"},"content":{"rendered":"<p><strong><strong>The Montataire Town Council, elected on 15 March 2026 at the municipal elections for the term 2026 to 2032, is made up of 33 councillors.<\/strong><\/strong><\/p>\n\n\n\t\t\t\t\t<div\n\t\t\t\t\t\tclass=\"wp-block-uagb-image-gallery uagb-block-57b63d9a\"\n\t\t\t\t\t\tstyle=\"\"\n\t\t\t\t\t>\n\t\t\t\t\t\t\t\t\t\t\t<div class=\"spectra-image-gallery spectra-image-gallery__layout--masonry spectra-image-gallery__layout--masonry-col-1 spectra-image-gallery__layout--masonry-col-tab-1 spectra-image-gallery__layout--masonry-col-mob-1\">\n\t\t\t\t\t\t\t\t\t\t\t<div class='spectra-image-gallery__media-wrapper--isotope'>\n\t\t\t\t\t\t\t<div class='spectra-image-gallery__media-wrapper' data-spectra-gallery-image-id='7796' tabindex=\"0\">\n\t\t\t\t\t\t\t<div class=\"spectra-image-gallery__media spectra-image-gallery__media--masonry\">\n\t\t\t\t<picture>\n\t\t\t\t\t<source media=\"(min-width: 1024px)\" srcset=\"https:\/\/mairie-montataire.fr\/app\/uploads\/2026\/04\/Trombinoscope-2026-scaled.png\">\n\t\t\t\t\t<source media=\"(min-width: 768px)\" srcset=\"https:\/\/mairie-montataire.fr\/app\/uploads\/2026\/04\/Trombinoscope-2026-1024x724.png\">\n\t\t\t\t\t<img decoding=\"async\" class=\"spectra-image-gallery__media-thumbnail spectra-image-gallery__media-thumbnail--masonry\" src=\"https:\/\/mairie-montataire.fr\/app\/uploads\/2026\/04\/Trombinoscope-2026-300x212.png\" alt=\"\" loading=\"lazy\" \/>\n\t\t\t\t<\/picture>\n\t\t\t\t<div class=\"spectra-image-gallery__media-thumbnail-blurrer\"><\/div>\n\t\t\t\t\t\t\t\t\t\t\t<div class=\"spectra-image-gallery__media-thumbnail-caption-wrapper spectra-image-gallery__media-thumbnail-caption-wrapper--overlay\"><\/div>\n\t\t\t\t\t\t\t\t<\/div>\n\t\t\t\t\t\t<\/div>\n\t\t\t\t\t\t<\/div>\n\t\t\t\t\t\t\t\t\t\t<\/div>\n\t\t\t\t\t\t\t\t\t\t\t\t\t\t\t\t\t\t<\/div>\n\t\t\t\t\t\t\t\t\t\t\t<div class='spectra-image-gallery__control-lightbox' tabindex='0'>\n\t\t\t\t\t\t\t\t\t\t\t<div class=\"swiper spectra-image-gallery__control-lightbox--main\" dir=\"\">\n\t\t\t\t\t<div class=\"swiper-wrapper\">\n\t\t\t\t\t\t\t\t\t\t\t\t\t\n\t\t\t\t\t\t\t<div class=\"swiper-slide\">\n\t\t\t\t\t\t\t\t<img class=\"swiper-lazy\" data-src=\"https:\/\/mairie-montataire.fr\/app\/uploads\/2026\/04\/Trombinoscope-2026-scaled.png\" alt=\"\"\/>\n\t\t\t\t\t\t\t\t<div class=\"swiper-lazy-preloader swiper-lazy-preloader-white\"><\/div>\n\t\t\t\t\t\t\t\t\t\t\t\t\t\t\t<\/div>\n\t\t\t\t\t\t\t\t\t\t\t<\/div>\n\t\t\t\t\t<div class=\"swiper-button-next\"><\/div>\n\t\t\t\t\t<div class=\"swiper-button-prev\"><\/div>\n\t\t\t\t<\/div>\t\t\t\n\t\t\t\t\t\t\t\t\t\t\t\t\t\t\t\t\t\t\t\t\t\t\t\t\t\t\t\t\t\t\t\t<button class='spectra-image-gallery__control-lightbox--close' aria-label=\"Close\">\n\t\t\t\t\t\t\t\t\t\t\t\t\t<svg xmlns=\"https:\/\/www.w3.org\/2000\/svg\" viewbox= \"0 0 320 512\"><path d=\"M310.6 361.4c12.5 12.5 12.5 32.75 0 45.25C304.4 412.9 296.2 416 288 416s-16.38-3.125-22.62-9.375L160 301.3L54.63 406.6C48.38 412.9 40.19 416 32 416S15.63 412.9 9.375 406.6c-12.5-12.5-12.5-32.75 0-45.25l105.4-105.4L9.375 150.6c-12.5-12.5-12.5-32.75 0-45.25s32.75-12.5 45.25 0L160 210.8l105.4-105.4c12.5-12.5 32.75-12.5 45.25 0s12.5 32.75 0 45.25l-105.4 105.4L310.6 361.4z\"><\/path><\/svg>\n\t\t\t\t\t\t\t\t\t\t\t\t<\/button>\n\t\t\t\t\t\t\t\t\t\t\t\t\t<\/div>\n\t\t\t\t\t\t\t\t\t\n\n\n<p>The \u00abCitoyen.ne.s rassembl\u00e9.e.s pour Montataire\u00bb list won an absolute majority of votes with 77.59 % at the last elections in March 2026. It was thus awarded thirty seats out of thirty-three, while the three seats will be awarded to the \u00abMONTATAIRE EN COMMUN\u00bb list. On Saturday 21 March, the Municipal Council elected Jean-Pierre Bosino as Mayor of Montataire, together with his deputies.<\/p>\n\n\n\n<h2 class=\"wp-block-heading\">List of mayors of the city :<\/h2>\n\n\n\n<figure class=\"wp-block-table is-style-stripes\"><table class=\"has-fixed-layout\"><thead><tr><th class=\"has-text-align-center\" data-align=\"center\">Mayor<\/th><th class=\"has-text-align-center\" data-align=\"center\">Start of mandate<\/th><th class=\"has-text-align-center\" data-align=\"center\">End of mandate<\/th><th class=\"has-text-align-center\" data-align=\"center\">Political leadership<\/th><th>Business<\/th><\/tr><\/thead><tbody><tr><td class=\"has-text-align-center\" data-align=\"center\">Jean-Pierre Bosino<\/td><td class=\"has-text-align-center\" data-align=\"center\">March 1994<\/td><td class=\"has-text-align-center\" data-align=\"center\">In progress<\/td><td class=\"has-text-align-center\" data-align=\"center\"><br>PCF<\/td><td><br>- Vice-Chairman of ACSO&nbsp;<em>(since 2017)<\/em><br>- Departmental councillor for Montataire&nbsp;<em>(since 2017)<\/em><br>- Vice-Chairman of the Communaut\u00e9 de l'agglom\u00e9ration creilloise&nbsp;<em>(until 2016)<\/em><br>- Senator for Oise&nbsp;<em>(from May 2014 to June 2017)<\/em><br>\u2013 <em>Re-elected for the 2026-2032 term<\/em><br>- Worker at Chausson, union activist,<\/td><\/tr><tr><td class=\"has-text-align-center\" data-align=\"center\">Maurice Bambier<\/td><td class=\"has-text-align-center\" data-align=\"center\">March 1983<\/td><td class=\"has-text-align-center\" data-align=\"center\">March 1994<\/td><td class=\"has-text-align-center\" data-align=\"center\"><br>PCF<\/td><td>- General Councillor for Montataire&nbsp;<em>(from 1976 to 1994)<\/em><br>- Federal Secretary of the French Communist Party<br>- Union activist<br><br><em>Died in office<\/em><\/td><\/tr><tr><td class=\"has-text-align-center\" data-align=\"center\">Robert Trin<\/td><td class=\"has-text-align-center\" data-align=\"center\">June 1966<\/td><td class=\"has-text-align-center\" data-align=\"center\">March 1983<\/td><td class=\"has-text-align-center\" data-align=\"center\"><br>PCF<\/td><td><\/td><\/tr><tr><td class=\"has-text-align-center\" data-align=\"center\">Marcel Coene<\/td><td class=\"has-text-align-center\" data-align=\"center\">1945<\/td><td class=\"has-text-align-center\" data-align=\"center\">June 1966<\/td><td class=\"has-text-align-center\" data-align=\"center\"><br>PCF<\/td><td>Trade union activist, Resistance fighter <\/td><\/tr><tr><td class=\"has-text-align-center\" data-align=\"center\">Fernand Fournier<\/td><td class=\"has-text-align-center\" data-align=\"center\">1938<\/td><td class=\"has-text-align-center\" data-align=\"center\">1945<\/td><td class=\"has-text-align-center\" data-align=\"center\">SFIO<\/td><td>- General Councillor for Montataire <em>(from 1973 to 1976)<\/em><br>- General Councillor for Creil <em>(from 1945 to 1973)<\/em><br>- Retailer<\/td><\/tr><tr><td class=\"has-text-align-center\" data-align=\"center\">Auguste G\u00e9nie<\/td><td class=\"has-text-align-center\" data-align=\"center\"><br>1919<\/td><td class=\"has-text-align-center\" data-align=\"center\">1938<\/td><td class=\"has-text-align-center\" data-align=\"center\">SFIO<\/td><td>Metalworker and trade union activist<\/td><\/tr><tr><td class=\"has-text-align-center\" data-align=\"center\">Jules Daussin<\/td><td class=\"has-text-align-center\" data-align=\"center\">1904<\/td><td class=\"has-text-align-center\" data-align=\"center\">1919<\/td><td class=\"has-text-align-center\" data-align=\"center\">Radical Party<\/td><td>General Councillor for Creil <em>(from 1910 to 1919)<\/em><\/td><\/tr><tr><td class=\"has-text-align-center\" data-align=\"center\">Dominique Faur\u00e9-H\u00e9rouard<\/td><td class=\"has-text-align-center\" data-align=\"center\"><br>1895<\/td><td class=\"has-text-align-center\" data-align=\"center\"><br>1904<\/td><td class=\"has-text-align-center\" data-align=\"center\">Radical Party<\/td><td>Borough councillor<\/td><\/tr><tr><td class=\"has-text-align-center\" data-align=\"center\">\u00c9mile Cu\u00e9nin<\/td><td class=\"has-text-align-center\" data-align=\"center\">1892<\/td><td class=\"has-text-align-center\" data-align=\"center\">1895<\/td><td class=\"has-text-align-center\" data-align=\"center\">Radical Party<\/td><td>Pharmacist<\/td><\/tr><tr><td class=\"has-text-align-center\" data-align=\"center\">Maxime Barbier<\/td><td class=\"has-text-align-center\" data-align=\"center\">1886<\/td><td class=\"has-text-align-center\" data-align=\"center\">1892<\/td><td class=\"has-text-align-center\" data-align=\"center\">Radical Party<\/td><td><\/td><\/tr><tr><td class=\"has-text-align-center\" data-align=\"center\">C\u00e9lestin Marcel H\u00e9rouard<\/td><td class=\"has-text-align-center\" data-align=\"center\">1878<\/td><td class=\"has-text-align-center\" data-align=\"center\">1886<\/td><td class=\"has-text-align-center\" data-align=\"center\">Radical Party<\/td><td><\/td><\/tr><tr><td class=\"has-text-align-center\" data-align=\"center\">Georges Ferdinand de Cond\u00e9<\/td><td class=\"has-text-align-center\" data-align=\"center\">1870<\/td><td class=\"has-text-align-center\" data-align=\"center\">1878<\/td><td class=\"has-text-align-center\" data-align=\"center\"><\/td><td>- General Councillor for Creil <em>(from 1868 to 1878)<\/em><br>- Owner of Ch\u00e2teau de Montataire<br>- Inspector General of Railways<br>- State Councillor<br>- Baron de Cond\u00e9<\/td><\/tr><\/tbody><\/table><\/figure>","protected":false},"excerpt":{"rendered":"<p>Le Conseil municipal de Montataire, \u00e9lu le 15 mars 2026 lors des \u00e9lections municipales pour le mandat de 2026 \u00e0 2032, est compos\u00e9 de 33 conseillers. La liste \u00ab&nbsp;Citoyen.ne.s rassembl\u00e9.e.s pour Montataire&nbsp;\u00bb a remport\u00e9 la majorit\u00e9 absolue des voix avec 77.59 % lors des derni\u00e8res \u00e9lections en mars 2026. Elle s\u2019est ainsi vue attribuer trente [&hellip;]<\/p>\n","protected":false},"author":1,"featured_media":1113,"parent":36,"menu_order":56,"comment_status":"closed","ping_status":"closed","template":"","meta":{"_acf_changed":false,"_uag_custom_page_level_css":"","footnotes":""},"class_list":["post-70","page","type-page","status-publish","has-post-thumbnail","hentry"],"acf":[],"uagb_featured_image_src":{"full":["https:\/\/mairie-montataire.fr\/app\/uploads\/2024\/07\/3.1_le-maire-et-les-elu.e.s.jpg",490,327,false],"thumbnail":["https:\/\/mairie-montataire.fr\/app\/uploads\/2024\/07\/3.1_le-maire-et-les-elu.e.s-150x150.jpg",150,150,true],"medium":["https:\/\/mairie-montataire.fr\/app\/uploads\/2024\/07\/3.1_le-maire-et-les-elu.e.s-300x200.jpg",300,200,true],"medium_large":["https:\/\/mairie-montataire.fr\/app\/uploads\/2024\/07\/3.1_le-maire-et-les-elu.e.s.jpg",490,327,false],"large":["https:\/\/mairie-montataire.fr\/app\/uploads\/2024\/07\/3.1_le-maire-et-les-elu.e.s.jpg",490,327,false],"1536x1536":["https:\/\/mairie-montataire.fr\/app\/uploads\/2024\/07\/3.1_le-maire-et-les-elu.e.s.jpg",490,327,false],"2048x2048":["https:\/\/mairie-montataire.fr\/app\/uploads\/2024\/07\/3.1_le-maire-et-les-elu.e.s.jpg",490,327,false],"trp-custom-language-flag":["https:\/\/mairie-montataire.fr\/app\/uploads\/2024\/07\/3.1_le-maire-et-les-elu.e.s.jpg",18,12,false],"gform-image-choice-sm":["https:\/\/mairie-montataire.fr\/app\/uploads\/2024\/07\/3.1_le-maire-et-les-elu.e.s.jpg",300,200,false],"gform-image-choice-md":["https:\/\/mairie-montataire.fr\/app\/uploads\/2024\/07\/3.1_le-maire-et-les-elu.e.s.jpg",400,267,false],"gform-image-choice-lg":["https:\/\/mairie-montataire.fr\/app\/uploads\/2024\/07\/3.1_le-maire-et-les-elu.e.s.jpg",490,327,false]},"uagb_author_info":{"display_name":"mentalworks","author_link":"https:\/\/mairie-montataire.fr\/en\/actualites\/author\/mentalworks\/"},"uagb_comment_info":0,"uagb_excerpt":"Le Conseil municipal de Montataire, \u00e9lu le 15 mars 2026 lors des \u00e9lections municipales pour le mandat de 2026 \u00e0 2032, est compos\u00e9 de 33 conseillers. La liste \u00ab&nbsp;Citoyen.ne.s rassembl\u00e9.e.s pour Montataire&nbsp;\u00bb a remport\u00e9 la majorit\u00e9 absolue des voix avec 77.59 % lors des derni\u00e8res \u00e9lections en mars 2026. Elle s\u2019est ainsi vue attribuer trente&hellip;","_links":{"self":[{"href":"https:\/\/mairie-montataire.fr\/en\/wp-json\/wp\/v2\/pages\/70","targetHints":{"allow":["GET"]}}],"collection":[{"href":"https:\/\/mairie-montataire.fr\/en\/wp-json\/wp\/v2\/pages"}],"about":[{"href":"https:\/\/mairie-montataire.fr\/en\/wp-json\/wp\/v2\/types\/page"}],"author":[{"embeddable":true,"href":"https:\/\/mairie-montataire.fr\/en\/wp-json\/wp\/v2\/users\/1"}],"replies":[{"embeddable":true,"href":"https:\/\/mairie-montataire.fr\/en\/wp-json\/wp\/v2\/comments?post=70"}],"version-history":[{"count":33,"href":"https:\/\/mairie-montataire.fr\/en\/wp-json\/wp\/v2\/pages\/70\/revisions"}],"predecessor-version":[{"id":7797,"href":"https:\/\/mairie-montataire.fr\/en\/wp-json\/wp\/v2\/pages\/70\/revisions\/7797"}],"up":[{"embeddable":true,"href":"https:\/\/mairie-montataire.fr\/en\/wp-json\/wp\/v2\/pages\/36"}],"wp:featuredmedia":[{"embeddable":true,"href":"https:\/\/mairie-montataire.fr\/en\/wp-json\/wp\/v2\/media\/1113"}],"wp:attachment":[{"href":"https:\/\/mairie-montataire.fr\/en\/wp-json\/wp\/v2\/media?parent=70"}],"curies":[{"name":"wp","href":"https:\/\/api.w.org\/{rel}","templated":true}]}}