{"id":6144,"date":"2025-05-09T12:52:20","date_gmt":"2025-05-09T12:52:20","guid":{"rendered":"https:\/\/mairie-montataire.fr\/?page_id=6144"},"modified":"2025-09-29T08:45:42","modified_gmt":"2025-09-29T08:45:42","slug":"the-new-national-urban-renewal-programme-npnru","status":"publish","type":"page","link":"https:\/\/mairie-montataire.fr\/en\/s-informer\/finances-projets-de-la-ville\/le-nouveau-programme-national-de-renouvellement-urbain-npnru\/","title":{"rendered":"The New National Urban Renewal Programme (NPNRU)"},"content":{"rendered":"<h2 class=\"wp-block-heading\">The NPNRU in the Martinets district<\/h2>\n\n\n\n<p><strong>The town of Montataire and the social landlords Oise Habitat and SA HLM de l'Oise have launched a new urban regeneration project in the Martinets district.&nbsp;<\/strong><\/p>\n\n\n\n<p><strong>The project is also being developed with local residents, through consultation workshops.<\/strong><\/p>\n\n\n\n<p><strong>It follows on from the 1<\/strong><strong><sup>er<\/sup><\/strong><strong> urban renewal project launched in 2006 and completed in 2015. It led to the renovation of a large number of homes and the creation of the Coul\u00e9e Verte, the Bois Godart and the health centre.&nbsp;<\/strong><\/p>\n\n\n\n<p><strong>The NPRU began in 2021 and will last until 2030.&nbsp;<\/strong><\/p>\n\n\n\n<p><strong>It will enable :<\/strong><\/p>\n\n\n\n<ul style=\"padding-right:var(--wp--preset--spacing--70);padding-left:var(--wp--preset--spacing--70)\" class=\"wp-block-list\">\n<li style=\"font-style:normal;font-weight:400\"><strong>Continuing to renovate local housing<\/strong> (by improving insulation, for example, and renovating damp rooms);<\/li>\n\n\n\n<li style=\"font-style:normal;font-weight:400\"><strong>Improving traffic flow and parking<\/strong> (by redeveloping the 2 main avenues and increasing the number of parking spaces);<\/li>\n\n\n\n<li style=\"font-style:normal;font-weight:400\"><strong>Improve certain green spaces and play areas<\/strong> (from the Esplanade Fernand Tuil to the City Stade).<\/li>\n<\/ul>\n\n\n\n<div style=\"height:20px\" aria-hidden=\"true\" class=\"wp-block-spacer\"><\/div>\n\n\n\n<div class=\"wp-block-uagb-separator uagb-block-c89207e6\"><div class=\"uagb-separator-spacing-wrapper\"><div class=\"wp-block-uagb-separator__inner\" style=\"--my-background-image:\"><\/div><\/div><\/div>\n\n\n\n<p>Find out all about the project in the presentation below: <\/p>\n\n\n\n<div class=\"wp-block-uagb-icon-list uagb-block-9dc78662\"><div class=\"uagb-icon-list__wrap\">\n<div class=\"wp-block-uagb-icon-list-child uagb-block-78629753\"><a target=\"_blank\" aria-label=\"Presentation of the PRU project co-constructed with residents\" rel=\"noopener noreferrer\" href=\"https:\/\/mairie-montataire.fr\/en\/app\/uploads\/2024\/08\/PresentationDuProjetDuPRUCoconstruitAvecLesHabitants-1.pdf\/\"> <\/a><span class=\"uagb-icon-list__source-wrap\"><svg xmlns=\"https:\/\/www.w3.org\/2000\/svg\" viewbox=\"0 0 384 512\"><path d=\"M256 0v128h128L256 0zM224 128L224 0H48C21.49 0 0 21.49 0 48v416C0 490.5 21.49 512 48 512h288c26.51 0 48-21.49 48-48V160h-127.1C238.3 160 224 145.7 224 128zM272 416h-160C103.2 416 96 408.8 96 400C96 391.2 103.2 384 112 384h160c8.836 0 16 7.162 16 16C288 408.8 280.8 416 272 416zM272 352h-160C103.2 352 96 344.8 96 336C96 327.2 103.2 320 112 320h160c8.836 0 16 7.162 16 16C288 344.8 280.8 352 272 352zM288 272C288 280.8 280.8 288 272 288h-160C103.2 288 96 280.8 96 272C96 263.2 103.2 256 112 256h160C280.8 256 288 263.2 288 272z\"><\/path><\/svg><\/span><span class=\"uagb-icon-list__label\"><strong>Presentation of the PRU project co-constructed with residents<\/strong><\/span><\/div>\n<\/div><\/div>\n\n\n\n<h2 class=\"wp-block-heading\">How is the project financed?<\/h2>\n\n\n\n<p>The Agence Nationale pour la R\u00e9novation Urbaine (ANRU) is one of the funders of this project. In 2014, this agency launched a major programme to fund work in priority neighbourhoods: the New National Urban Renewal Programme. In 2015, the Martinets district project was designated as being of regional interest by the ANRU, enabling it to be funded. The ANRU is funding the project to the tune of \u20ac1 million.&nbsp;<\/p>\n\n\n\n<p>As the Martinets urban renewal project has been designated as being of regional interest, the <strong>Regional Council<\/strong> is also helping to finance the project. It is providing <strong>3 million euros<\/strong>.&nbsp;&nbsp;<\/p>\n\n\n\n<p>The landlord is also financing a large part of this project, to renovate 449 homes and demolish 39.&nbsp;<\/p>\n\n\n\n<ul style=\"padding-right:var(--wp--preset--spacing--70);padding-left:var(--wp--preset--spacing--70)\" class=\"wp-block-list\">\n<li style=\"font-style:normal;font-weight:400\"><strong>Oise Habitat<\/strong> is investing nearly <strong>20 million euros<\/strong> ;<\/li>\n\n\n\n<li style=\"font-style:normal;font-weight:400\">La <strong>SA HLM de l'Oise<\/strong> invests <strong>8 million euros<\/strong>.<br><\/li>\n<\/ul>\n\n\n\n<div style=\"height:20px\" aria-hidden=\"true\" class=\"wp-block-spacer\"><\/div>\n\n\n\n<p><strong>La Ville<\/strong> finances improvements to traffic flow, parking, green spaces and play areas. It is investing nearly <strong>3 million euros<\/strong>.<\/p>\n\n\n\n<p>Other State subsidies, such as the Dotation Politique de la Ville (City Policy Grant) and the Fonds National d'Am\u00e9nagement et de D\u00e9veloppement du Territoire (National Fund for Territorial Planning and Development) are also contributing to the funding of this project.&nbsp;<\/p>\n\n\n\n<div class=\"wp-block-uagb-image uagb-block-433b1579 wp-block-uagb-image--layout-default wp-block-uagb-image--effect-static wp-block-uagb-image--align-none\"><figure class=\"wp-block-uagb-image__figure\"><img decoding=\"async\" srcset=\"https:\/\/mairie-montataire.fr\/app\/uploads\/2024\/08\/Logos_PRU-1024x193.png ,https:\/\/mairie-montataire.fr\/app\/uploads\/2024\/08\/Logos_PRU.png 780w, https:\/\/mairie-montataire.fr\/app\/uploads\/2024\/08\/Logos_PRU.png 360w\" sizes=\"auto, (max-width: 480px) 150px\" src=\"https:\/\/mairie-montataire.fr\/app\/uploads\/2024\/08\/Logos_PRU-1024x193.png\" alt=\"\" class=\"uag-image-3151\" width=\"1024\" height=\"193\" title=\"Logos_PRU\" loading=\"lazy\" role=\"img\"\/><\/figure><\/div>\n\n\n\n<h3 class=\"wp-block-heading\">Key figures<\/h3>\n\n\n\n<div class=\"wp-block-uagb-counter uagb-block-f6cea455 wp-block-uagb-counter--number\"><div class=\"wp-block-uagb-counter__number\"><span class=\"uagb-counter-block-number\" data-duration=\"1.001\" data-to-value=\"38\" data-from-value=\"0\" data-delimiter=\"\"><\/span><span class=\"uagb-counter-block-suffix\"> million<\/span><\/div><div class=\"wp-block-uagb-counter__title\"><strong>project cost<\/strong><\/div><\/div>\n\n\n\n<div style=\"height:52px\" aria-hidden=\"true\" class=\"wp-block-spacer\"><\/div>\n\n\n\n<div class=\"wp-block-columns is-layout-flex wp-container-core-columns-is-layout-9d6595d7 wp-block-columns-is-layout-flex\">\n<div class=\"wp-block-column is-layout-flow wp-block-column-is-layout-flow\">\n<p class=\"has-text-align-center\" style=\"font-style:normal;font-weight:1000;letter-spacing:3px\"><strong>3 million<\/strong>&nbsp;<\/p>\n\n\n\n<p class=\"has-text-align-center\"><strong>invested by the City<\/strong><\/p>\n<\/div>\n\n\n\n<div class=\"wp-block-column is-layout-flow wp-block-column-is-layout-flow\">\n<p class=\"has-text-align-center\" style=\"font-style:normal;font-weight:1000;letter-spacing:3px\"><strong>500 000 m\u00b2<\/strong>&nbsp;<\/p>\n\n\n\n<p class=\"has-text-align-center\"><strong>of landscaped public space<\/strong><\/p>\n<\/div>\n\n\n\n<div class=\"wp-block-column is-layout-flow wp-block-column-is-layout-flow\">\n<p class=\"has-text-align-center\" style=\"font-style:normal;font-weight:1000;letter-spacing:3px\"><strong>50 000 \u20ac<\/strong>&nbsp;<\/p>\n\n\n\n<p class=\"has-text-align-center\"><strong>average cost of refurbishment \/ building<\/strong><\/p>\n<\/div>\n<\/div>\n\n\n\n<div class=\"wp-block-columns is-layout-flex wp-container-core-columns-is-layout-9d6595d7 wp-block-columns-is-layout-flex\">\n<div class=\"wp-block-column is-layout-flow wp-block-column-is-layout-flow\">\n<p class=\"has-text-align-center\" style=\"font-style:normal;font-weight:1000;letter-spacing:3px;line-height:1.5\"><strong>397<\/strong><\/p>\n\n\n\n<p class=\"has-text-align-center\"><strong>renovated homes<\/strong><\/p>\n<\/div>\n\n\n\n<div class=\"wp-block-column is-layout-flow wp-block-column-is-layout-flow\">\n<p class=\"has-text-align-center\" style=\"font-style:normal;font-weight:1000;letter-spacing:3px\"><strong>39<\/strong><\/p>\n\n\n\n<p class=\"has-text-align-center\"><strong>flats demolished<\/strong><\/p>\n<\/div>\n<\/div>\n\n\n\n<div style=\"height:52px\" aria-hidden=\"true\" class=\"wp-block-spacer\"><\/div>\n\n\n\n<h2 class=\"wp-block-heading\">The project's ambitions<\/h2>\n\n\n\t\t\t\t\t<div\n\t\t\t\t\t\tclass=\"wp-block-uagb-image-gallery uagb-block-bc90f304\"\n\t\t\t\t\t\tstyle=\"\"\n\t\t\t\t\t>\n\t\t\t\t\t\t\t\t\t\t\t<div class=\"spectra-image-gallery spectra-image-gallery__layout--masonry spectra-image-gallery__layout--masonry-col-1 spectra-image-gallery__layout--masonry-col-tab-1 spectra-image-gallery__layout--masonry-col-mob-1\">\n\t\t\t\t\t\t\t\t\t\t\t<div class='spectra-image-gallery__media-wrapper--isotope'>\n\t\t\t\t\t\t\t<div class='spectra-image-gallery__media-wrapper' data-spectra-gallery-image-id='3154' tabindex=\"0\">\n\t\t\t\t\t\t\t<div class=\"spectra-image-gallery__media spectra-image-gallery__media--masonry\">\n\t\t\t\t<picture>\n\t\t\t\t\t<source media=\"(min-width: 1024px)\" srcset=\"https:\/\/mairie-montataire.fr\/app\/uploads\/2024\/08\/plaquette_PRU.png\">\n\t\t\t\t\t<source media=\"(min-width: 768px)\" srcset=\"https:\/\/mairie-montataire.fr\/app\/uploads\/2024\/08\/plaquette_PRU-1024x708.png\">\n\t\t\t\t\t<img decoding=\"async\" class=\"spectra-image-gallery__media-thumbnail spectra-image-gallery__media-thumbnail--masonry\" src=\"https:\/\/mairie-montataire.fr\/app\/uploads\/2024\/08\/plaquette_PRU-300x207.png\" alt=\"\" loading=\"lazy\" \/>\n\t\t\t\t<\/picture>\n\t\t\t\t<div class=\"spectra-image-gallery__media-thumbnail-blurrer\"><\/div>\n\t\t\t\t\t\t\t\t\t\t\t<div class=\"spectra-image-gallery__media-thumbnail-caption-wrapper spectra-image-gallery__media-thumbnail-caption-wrapper--overlay\"><\/div>\n\t\t\t\t\t\t\t\t<\/div>\n\t\t\t\t\t\t<\/div>\n\t\t\t\t\t\t<\/div>\n\t\t\t\t\t\t\t\t\t\t<\/div>\n\t\t\t\t\t\t\t\t\t\t\t\t\t\t\t\t\t\t<\/div>\n\t\t\t\t\t\t\t\t\t\t\t<div class='spectra-image-gallery__control-lightbox' tabindex='0'>\n\t\t\t\t\t\t\t\t\t\t\t<div class=\"swiper spectra-image-gallery__control-lightbox--main\" dir=\"\">\n\t\t\t\t\t<div class=\"swiper-wrapper\">\n\t\t\t\t\t\t\t\t\t\t\t\t\t\n\t\t\t\t\t\t\t<div class=\"swiper-slide\">\n\t\t\t\t\t\t\t\t<img class=\"swiper-lazy\" data-src=\"https:\/\/mairie-montataire.fr\/app\/uploads\/2024\/08\/plaquette_PRU.png\" alt=\"\"\/>\n\t\t\t\t\t\t\t\t<div class=\"swiper-lazy-preloader swiper-lazy-preloader-white\"><\/div>\n\t\t\t\t\t\t\t\t\t\t\t\t\t\t\t<\/div>\n\t\t\t\t\t\t\t\t\t\t\t<\/div>\n\t\t\t\t\t<div class=\"swiper-button-next\"><\/div>\n\t\t\t\t\t<div class=\"swiper-button-prev\"><\/div>\n\t\t\t\t<\/div>\t\t\t\n\t\t\t\t\t\t\t\t\t\t\t\t\t\t\t\t\t\t\t\t\t\t\t\t\t\t\t\t\t\t\t\t<button class='spectra-image-gallery__control-lightbox--close' aria-label=\"Close\">\n\t\t\t\t\t\t\t\t\t\t\t\t\t<svg xmlns=\"https:\/\/www.w3.org\/2000\/svg\" viewbox= \"0 0 320 512\"><path d=\"M310.6 361.4c12.5 12.5 12.5 32.75 0 45.25C304.4 412.9 296.2 416 288 416s-16.38-3.125-22.62-9.375L160 301.3L54.63 406.6C48.38 412.9 40.19 416 32 416S15.63 412.9 9.375 406.6c-12.5-12.5-12.5-32.75 0-45.25l105.4-105.4L9.375 150.6c-12.5-12.5-12.5-32.75 0-45.25s32.75-12.5 45.25 0L160 210.8l105.4-105.4c12.5-12.5 32.75-12.5 45.25 0s12.5 32.75 0 45.25l-105.4 105.4L310.6 361.4z\"><\/path><\/svg>\n\t\t\t\t\t\t\t\t\t\t\t\t<\/button>\n\t\t\t\t\t\t\t\t\t\t\t\t\t<\/div>\n\t\t\t\t\t\t\t\t\t\n\n<div class=\"highlight\">\n                <div class=\"highlight__description\"><h3 style=\"text-align: center;\"><a href=\"https:\/\/geo.creilsudoise.fr\/adws\/app\/cc76e174-6f7e-11ef-ab99-6511aa92b9c8\/index.html\">See the map of facilities<\/a><a href=\"https:\/\/geo.creilsudoise.fr\/adws\/app\/cc76e174-6f7e-11ef-ab99-6511aa92b9c8\/index.html\" target=\"_blank\" rel=\"noreferrer noopener\"> the heart of the Martinets.<\/a><\/h3>\n<\/div>\n    <\/div>\n\n\n<div style=\"height:52px\" aria-hidden=\"true\" class=\"wp-block-spacer\"><\/div>\n\n\n\n<h2 class=\"wp-block-heading\">Residents in the project<\/h2>\n\n\n\n<p>As part of the Martinets Urban Renewal Project, two films were made in summer 2022 by <strong>Marine Schneider with local residents<\/strong>. The films are the initiative of the local authority, SAHLM and Oise Habitat.<\/p>\n\n\n\n<div class=\"wp-block-columns is-layout-flex wp-container-core-columns-is-layout-9d6595d7 wp-block-columns-is-layout-flex\">\n<div class=\"wp-block-column is-layout-flow wp-block-column-is-layout-flow\">\n<figure class=\"wp-block-embed is-type-video is-provider-youtube wp-block-embed-youtube wp-embed-aspect-16-9 wp-has-aspect-ratio\"><div class=\"wp-block-embed__wrapper\">\n<script>document.addEventListener('DOMContentLoaded', function() {(tarteaucitron.job = tarteaucitron.job || []).push('youtube');});<\/script><div class=\"youtube_player\" videoid=\"8CxLHTU3Pi8\" width=\"100%\" height=\"100%\" style=\"height:50vw\" theme=\"light\" rel=\"0\" controls=\"1\" showinfo=\"1\" autoplay=\"0\"><\/div>\n<\/div><\/figure>\n<\/div>\n\n\n\n<div class=\"wp-block-column is-layout-flow wp-block-column-is-layout-flow\">\n<figure class=\"wp-block-embed is-type-video is-provider-youtube wp-block-embed-youtube wp-embed-aspect-16-9 wp-has-aspect-ratio\"><div class=\"wp-block-embed__wrapper\">\n<script>document.addEventListener('DOMContentLoaded', function() {(tarteaucitron.job = tarteaucitron.job || []).push('youtube');});<\/script><div class=\"youtube_player\" videoid=\"yqkc6ZBieco\" width=\"100%\" height=\"100%\" style=\"height:50vw\" theme=\"light\" rel=\"0\" controls=\"1\" showinfo=\"1\" autoplay=\"0\"><\/div>\n<\/div><\/figure>\n<\/div>\n<\/div>\n\n\n\n<div class=\"wp-block-columns is-layout-flex wp-container-core-columns-is-layout-9d6595d7 wp-block-columns-is-layout-flex\">\n<div class=\"wp-block-column is-layout-flow wp-block-column-is-layout-flow\">\n<p class=\"has-text-align-center wp-embed-aspect-16-9 wp-has-aspect-ratio\">Also as part of the Martinets Urban Renewal Project, a film depicting a TV news programme has been produced for the summer of 2023 by the <strong>local residents and students from the Lille School of Journalism<\/strong>.<\/p>\n\n\n\n<figure class=\"wp-block-embed is-type-video is-provider-youtube wp-block-embed-youtube wp-embed-aspect-16-9 wp-has-aspect-ratio\"><div class=\"wp-block-embed__wrapper\">\n<script>document.addEventListener('DOMContentLoaded', function() {(tarteaucitron.job = tarteaucitron.job || []).push('youtube');});<\/script><div class=\"youtube_player\" videoid=\"5TtKakQwYzk\" width=\"100%\" height=\"100%\" style=\"height:50vw\" theme=\"light\" rel=\"0\" controls=\"1\" showinfo=\"1\" autoplay=\"0\"><\/div>\n<\/div><\/figure>\n<\/div>\n\n\n\n<div class=\"wp-block-column is-layout-flow wp-block-column-is-layout-flow\">\n<p><strong>7 February 2024<\/strong>A public feedback meeting was held to share the results of the consultation workshops held in autumn 2023. It was also an opportunity to present the planned developments to residents.  It was also an opportunity for those present to ask questions and discuss the work ahead.&nbsp;<\/p>\n\n\n\n<p><strong>On 9 October 2024, a 2<sup>e<\/sup>&nbsp;public meeting<\/strong>&nbsp;took place. It provided an opportunity to present the final design for the Esplanade Fernand Tuil and the layout of the car parks around the shopping centre and the Jack Decour school entrance before the work begins. It was also an opportunity to talk with those present and answer questions.<\/p>\n<\/div>\n<\/div>\n\n\n\n<p>As part of the Martinets Urban Renewal Project (PRU), a major milestone has been reached with the launch of the <strong>partial demolition of the buildings at 50 and 52 avenue Anatole France<\/strong> in Montataire. To keep a record of this page in the history of the district, the director <strong>Marine Schneider<\/strong> shot a short documentary in March 2025.<\/p>\n\n\n\n<figure class=\"wp-block-embed aligncenter is-type-video is-provider-youtube wp-block-embed-youtube wp-embed-aspect-16-9 wp-has-aspect-ratio\"><div class=\"wp-block-embed__wrapper\">\n<script>document.addEventListener('DOMContentLoaded', function() {(tarteaucitron.job = tarteaucitron.job || []).push('youtube');});<\/script><div class=\"youtube_player\" videoid=\"PCGKQTZtvgw\" width=\"100%\" height=\"100%\" style=\"height:50vw\" theme=\"light\" rel=\"0\" controls=\"1\" showinfo=\"1\" autoplay=\"0\"><\/div>\n<\/div><\/figure>\n\n\n\n<h2 class=\"wp-block-heading\">How far has the project got?<\/h2>\n\n\n\t\t\t\t\t<div\n\t\t\t\t\t\tclass=\"wp-block-uagb-image-gallery uagb-block-2e0d9a7d\"\n\t\t\t\t\t\tstyle=\"\"\n\t\t\t\t\t>\n\t\t\t\t\t\t\t\t\t\t\t<div class=\"spectra-image-gallery spectra-image-gallery__layout--masonry spectra-image-gallery__layout--masonry-col-1 spectra-image-gallery__layout--masonry-col-tab-1 spectra-image-gallery__layout--masonry-col-mob-1\">\n\t\t\t\t\t\t\t\t\t\t\t<div class='spectra-image-gallery__media-wrapper--isotope'>\n\t\t\t\t\t\t\t<div class='spectra-image-gallery__media-wrapper' data-spectra-gallery-image-id='6954' tabindex=\"0\">\n\t\t\t\t\t\t\t<div class=\"spectra-image-gallery__media spectra-image-gallery__media--masonry\">\n\t\t\t\t<picture>\n\t\t\t\t\t<source media=\"(min-width: 1024px)\" srcset=\"https:\/\/mairie-montataire.fr\/app\/uploads\/2025\/09\/Calendrier-previsionnel-des-travaux-PRU-_-23092025-scaled.jpg\">\n\t\t\t\t\t<source media=\"(min-width: 768px)\" srcset=\"https:\/\/mairie-montataire.fr\/app\/uploads\/2025\/09\/Calendrier-previsionnel-des-travaux-PRU-_-23092025-860x1024.jpg\">\n\t\t\t\t\t<img decoding=\"async\" class=\"spectra-image-gallery__media-thumbnail spectra-image-gallery__media-thumbnail--masonry\" src=\"https:\/\/mairie-montataire.fr\/app\/uploads\/2025\/09\/Calendrier-previsionnel-des-travaux-PRU-_-23092025-252x300.jpg\" alt=\"\" loading=\"lazy\" \/>\n\t\t\t\t<\/picture>\n\t\t\t\t<div class=\"spectra-image-gallery__media-thumbnail-blurrer\"><\/div>\n\t\t\t\t\t\t\t\t\t\t\t<div class=\"spectra-image-gallery__media-thumbnail-caption-wrapper spectra-image-gallery__media-thumbnail-caption-wrapper--overlay\"><\/div>\n\t\t\t\t\t\t\t\t<\/div>\n\t\t\t\t\t\t<\/div>\n\t\t\t\t\t\t<\/div>\n\t\t\t\t\t\t\t\t\t\t<\/div>\n\t\t\t\t\t\t\t\t\t\t\t\t\t\t\t\t\t\t<\/div>\n\t\t\t\t\t\t\t\t\t\t\t<div class='spectra-image-gallery__control-lightbox' tabindex='0'>\n\t\t\t\t\t\t\t\t\t\t\t<div class=\"swiper spectra-image-gallery__control-lightbox--main\" dir=\"\">\n\t\t\t\t\t<div class=\"swiper-wrapper\">\n\t\t\t\t\t\t\t\t\t\t\t\t\t\n\t\t\t\t\t\t\t<div class=\"swiper-slide\">\n\t\t\t\t\t\t\t\t<img class=\"swiper-lazy\" data-src=\"https:\/\/mairie-montataire.fr\/app\/uploads\/2025\/09\/Calendrier-previsionnel-des-travaux-PRU-_-23092025-scaled.jpg\" alt=\"\"\/>\n\t\t\t\t\t\t\t\t<div class=\"swiper-lazy-preloader swiper-lazy-preloader-white\"><\/div>\n\t\t\t\t\t\t\t\t\t\t\t\t\t\t\t<\/div>\n\t\t\t\t\t\t\t\t\t\t\t<\/div>\n\t\t\t\t\t<div class=\"swiper-button-next\"><\/div>\n\t\t\t\t\t<div class=\"swiper-button-prev\"><\/div>\n\t\t\t\t<\/div>\t\t\t\n\t\t\t\t\t\t\t\t\t\t\t\t\t\t\t\t\t\t\t\t\t\t\t\t\t\t\t\t\t\t\t\t<button class='spectra-image-gallery__control-lightbox--close' aria-label=\"Close\">\n\t\t\t\t\t\t\t\t\t\t\t\t\t<svg xmlns=\"https:\/\/www.w3.org\/2000\/svg\" viewbox= \"0 0 320 512\"><path d=\"M310.6 361.4c12.5 12.5 12.5 32.75 0 45.25C304.4 412.9 296.2 416 288 416s-16.38-3.125-22.62-9.375L160 301.3L54.63 406.6C48.38 412.9 40.19 416 32 416S15.63 412.9 9.375 406.6c-12.5-12.5-12.5-32.75 0-45.25l105.4-105.4L9.375 150.6c-12.5-12.5-12.5-32.75 0-45.25s32.75-12.5 45.25 0L160 210.8l105.4-105.4c12.5-12.5 32.75-12.5 45.25 0s12.5 32.75 0 45.25l-105.4 105.4L310.6 361.4z\"><\/path><\/svg>\n\t\t\t\t\t\t\t\t\t\t\t\t<\/button>\n\t\t\t\t\t\t\t\t\t\t\t\t\t<\/div>","protected":false},"excerpt":{"rendered":"<p>Le NPNRU sur le quartier des Martinets Sur le quartier des Martinets, un nouveau projet de r\u00e9novation urbaine a \u00e9t\u00e9 initi\u00e9 par la Ville de Montataire et les bailleurs sociaux Oise Habitat et la SA HLM de l\u2019Oise.&nbsp; Ce projet est aussi construit avec les habitantes et les habitants du quartier, lors d\u2019ateliers de concertation. [&hellip;]<\/p>\n","protected":false},"author":2,"featured_media":0,"parent":74,"menu_order":64,"comment_status":"closed","ping_status":"closed","template":"","meta":{"_acf_changed":false,"_uag_custom_page_level_css":"","footnotes":""},"class_list":["post-6144","page","type-page","status-publish","hentry"],"acf":[],"uagb_featured_image_src":{"full":false,"thumbnail":false,"medium":false,"medium_large":false,"large":false,"1536x1536":false,"2048x2048":false,"trp-custom-language-flag":false,"gform-image-choice-sm":false,"gform-image-choice-md":false,"gform-image-choice-lg":false},"uagb_author_info":{"display_name":"Laure Pubert","author_link":"https:\/\/mairie-montataire.fr\/en\/actualites\/author\/l-pubert\/"},"uagb_comment_info":0,"uagb_excerpt":"Le NPNRU sur le quartier des Martinets Sur le quartier des Martinets, un nouveau projet de r\u00e9novation urbaine a \u00e9t\u00e9 initi\u00e9 par la Ville de Montataire et les bailleurs sociaux Oise Habitat et la SA HLM de l\u2019Oise.&nbsp; Ce projet est aussi construit avec les habitantes et les habitants du quartier, lors d\u2019ateliers de concertation.&hellip;","_links":{"self":[{"href":"https:\/\/mairie-montataire.fr\/en\/wp-json\/wp\/v2\/pages\/6144","targetHints":{"allow":["GET"]}}],"collection":[{"href":"https:\/\/mairie-montataire.fr\/en\/wp-json\/wp\/v2\/pages"}],"about":[{"href":"https:\/\/mairie-montataire.fr\/en\/wp-json\/wp\/v2\/types\/page"}],"author":[{"embeddable":true,"href":"https:\/\/mairie-montataire.fr\/en\/wp-json\/wp\/v2\/users\/2"}],"replies":[{"embeddable":true,"href":"https:\/\/mairie-montataire.fr\/en\/wp-json\/wp\/v2\/comments?post=6144"}],"version-history":[{"count":21,"href":"https:\/\/mairie-montataire.fr\/en\/wp-json\/wp\/v2\/pages\/6144\/revisions"}],"predecessor-version":[{"id":6957,"href":"https:\/\/mairie-montataire.fr\/en\/wp-json\/wp\/v2\/pages\/6144\/revisions\/6957"}],"up":[{"embeddable":true,"href":"https:\/\/mairie-montataire.fr\/en\/wp-json\/wp\/v2\/pages\/74"}],"wp:attachment":[{"href":"https:\/\/mairie-montataire.fr\/en\/wp-json\/wp\/v2\/media?parent=6144"}],"curies":[{"name":"wp","href":"https:\/\/api.w.org\/{rel}","templated":true}]}}