{"id":148,"date":"2024-05-03T09:28:31","date_gmt":"2024-05-03T09:28:31","guid":{"rendered":"https:\/\/montataire.local\/?page_id=148"},"modified":"2024-09-19T13:51:38","modified_gmt":"2024-09-19T13:51:38","slug":"other-devices","status":"publish","type":"page","link":"https:\/\/mairie-montataire.fr\/en\/habiter\/retraite-e-s\/autres-dispositifs\/","title":{"rendered":"Other devices"},"content":{"rendered":"<p><strong>Welcoming, informing and listening to all the town's retired people.<\/strong><\/p>\n\n\n\n<h2 class=\"wp-block-heading\">Proposed by the city<\/h2>\n\n\n\n<h3 class=\"wp-block-heading\">We will accompany you to the cemeteries<\/h3>\n\n\n\n<p>On Fridays, the town's bus service is available to local pensioners to take them to the cemeteries. The bus meets at 2pm at the roundabout in rue Andr\u00e9 Ginisti. The bus then serves several stops throughout the town. <strong>Please note that there is no collection on the fifth Friday of the month.<\/strong><\/p>\n\n\n\n<p><strong>To find out which stops are served, contact the pensioners' service.<\/strong><\/p>\n\n\n\t\t\t\t\t<div\n\t\t\t\t\t\tclass=\"wp-block-uagb-image-gallery uagb-block-1ad6cfa6\"\n\t\t\t\t\t\tstyle=\"\"\n\t\t\t\t\t>\n\t\t\t\t\t\t\t\t\t\t\t<div class=\"spectra-image-gallery spectra-image-gallery__layout--grid spectra-image-gallery__layout--grid-col-2 spectra-image-gallery__layout--grid-col-tab-2 spectra-image-gallery__layout--grid-col-mob-2\">\n\t\t\t\t\t\t\t\t\t\t\t<div class='spectra-image-gallery__media-wrapper' data-spectra-gallery-image-id='2250' tabindex=\"0\">\n\t\t\t\t\t\t\t<div class=\"spectra-image-gallery__media spectra-image-gallery__media--grid\">\n\t\t\t\t<picture>\n\t\t\t\t\t<source media=\"(min-width: 1024px)\" srcset=\"https:\/\/mairie-montataire.fr\/app\/uploads\/2024\/07\/2023-09-13-cimetiere-11-1024x683.jpg\">\n\t\t\t\t\t<source media=\"(min-width: 768px)\" srcset=\"https:\/\/mairie-montataire.fr\/app\/uploads\/2024\/07\/2023-09-13-cimetiere-11-1024x683.jpg\">\n\t\t\t\t\t<img decoding=\"async\" class=\"spectra-image-gallery__media-thumbnail spectra-image-gallery__media-thumbnail--grid\" src=\"https:\/\/mairie-montataire.fr\/app\/uploads\/2024\/07\/2023-09-13-cimetiere-11-300x200.jpg\" alt=\"\" loading=\"lazy\" \/>\n\t\t\t\t<\/picture>\n\t\t\t\t<div class=\"spectra-image-gallery__media-thumbnail-blurrer\"><\/div>\n\t\t\t\t\t\t\t\t\t\t\t<div class=\"spectra-image-gallery__media-thumbnail-caption-wrapper spectra-image-gallery__media-thumbnail-caption-wrapper--overlay\"><\/div>\n\t\t\t\t\t\t\t\t<\/div>\n\t\t\t\t\t\t<\/div>\n\t\t\t\t\t\t<div class='spectra-image-gallery__media-wrapper' data-spectra-gallery-image-id='2251' tabindex=\"0\">\n\t\t\t\t\t\t\t<div class=\"spectra-image-gallery__media spectra-image-gallery__media--grid\">\n\t\t\t\t<picture>\n\t\t\t\t\t<source media=\"(min-width: 1024px)\" srcset=\"https:\/\/mairie-montataire.fr\/app\/uploads\/2024\/07\/IMGL9636-1024x706.jpg\">\n\t\t\t\t\t<source media=\"(min-width: 768px)\" srcset=\"https:\/\/mairie-montataire.fr\/app\/uploads\/2024\/07\/IMGL9636-1024x706.jpg\">\n\t\t\t\t\t<img decoding=\"async\" class=\"spectra-image-gallery__media-thumbnail spectra-image-gallery__media-thumbnail--grid\" src=\"https:\/\/mairie-montataire.fr\/app\/uploads\/2024\/07\/IMGL9636-300x207.jpg\" alt=\"\" loading=\"lazy\" \/>\n\t\t\t\t<\/picture>\n\t\t\t\t<div class=\"spectra-image-gallery__media-thumbnail-blurrer\"><\/div>\n\t\t\t\t\t\t\t\t\t\t\t<div class=\"spectra-image-gallery__media-thumbnail-caption-wrapper spectra-image-gallery__media-thumbnail-caption-wrapper--overlay\"><\/div>\n\t\t\t\t\t\t\t\t<\/div>\n\t\t\t\t\t\t<\/div>\n\t\t\t\t\t\t\t\t\t\t<\/div>\n\t\t\t\t\t\t\t\t\t\t\t\t\t\t\t\t\t\t<\/div>\n\t\t\t\t\t\t\t\t\t\n\n\n<h3 class=\"wp-block-heading\">We're with you through the heatwave<\/h3>\n\n\n\n<p>Every year, when summer arrives, the town council implements the \"blue plan\" to prevent a possible heatwave. The aim is to list and identify vulnerable elderly people so that they can be contacted in the event of a heatwave and, if necessary, offered advice and assistance.&nbsp;<\/p>\n\n\n\n<p>If you are interested, you can <a href=\"https:\/\/mairie-montataire.fr\/en\/online-procedures\/registration-for-the-heatwave-plan\/\">register you on the<\/a> corresponding to the initiative. This file will be sent to the Prefecture if the national heatwave plan is activated.<\/p>\n\n\n\n<p>The Maurice Mignon independent residence has <strong>an air-conditioned foyer<\/strong>available every day.<\/p>\n\n\n\n<h2 class=\"wp-block-heading\"><strong>More information<\/strong><\/h2>\n\n\n\n<h3 class=\"wp-block-heading\">Senior Solidarity Mobility Pass<\/h3>\n\n\n\n<p>It allows you to use all the lines on the AXO transport network. It is valid for 2 years. You get 40 journeys per month (automatically renewed every month for the duration of the contract). To qualify, you must be aged 65 or over, have lived in the commune for more than 6 months and have a non-taxable notice of assessment before deductions.<\/p>\n\n\n\n<div class=\"wp-block-uagb-icon-list uagb-block-a29fc561\"><div class=\"uagb-icon-list__wrap\">\n<div class=\"wp-block-uagb-icon-list-child uagb-block-a0da2618\"><a target=\"_blank\" aria-label=\"AXO form to apply for a Pass Pass card\" rel=\"noopener noreferrer\" href=\"https:\/\/mairie-montataire.fr\/en\/app\/uploads\/2024\/07\/axo-formulaire-de-demande-de-carte-pass-pass-solidarite-1.pdf\/\"> <\/a><span class=\"uagb-icon-list__source-wrap\"><svg xmlns=\"https:\/\/www.w3.org\/2000\/svg\" viewbox=\"0 0 384 512\"><path d=\"M256 0v128h128L256 0zM224 128L224 0H48C21.49 0 0 21.49 0 48v416C0 490.5 21.49 512 48 512h288c26.51 0 48-21.49 48-48V160h-127.1C238.3 160 224 145.7 224 128zM272 416h-160C103.2 416 96 408.8 96 400C96 391.2 103.2 384 112 384h160c8.836 0 16 7.162 16 16C288 408.8 280.8 416 272 416zM272 352h-160C103.2 352 96 344.8 96 336C96 327.2 103.2 320 112 320h160c8.836 0 16 7.162 16 16C288 344.8 280.8 352 272 352zM288 272C288 280.8 280.8 288 272 288h-160C103.2 288 96 280.8 96 272C96 263.2 103.2 256 112 256h160C280.8 256 288 263.2 288 272z\"><\/path><\/svg><\/span><span class=\"uagb-icon-list__label\"><strong>AXO form to apply for a Pass Pass card<\/strong><\/span><\/div>\n<\/div><\/div>\n\n\n\n<h3 class=\"wp-block-heading\">Personal Autonomy Allowance (APA)<\/h3>\n\n\n\n<p>The Allocation personnalis\u00e9e d'autonomie (personalised autonomy allowance) is intended for people aged 60 and over who need help to perform the essential acts of daily life (getting out of bed, washing, getting dressed, etc.) or whose condition requires regular supervision.<\/p>\n\n\n\n<div class=\"wp-block-uagb-icon-list uagb-block-962d3dba\"><div class=\"uagb-icon-list__wrap\">\n<div class=\"wp-block-uagb-icon-list-child uagb-block-2d568eaa\"><a target=\"_blank\" aria-label=\"List of SAADs in the department (Oise)\" rel=\"noopener noreferrer\" href=\"https:\/\/mairie-montataire.fr\/en\/app\/uploads\/2024\/07\/liste-SAAD.pdf\/\"> <\/a><span class=\"uagb-icon-list__source-wrap\"><svg xmlns=\"https:\/\/www.w3.org\/2000\/svg\" viewbox=\"0 0 384 512\"><path d=\"M256 0v128h128L256 0zM224 128L224 0H48C21.49 0 0 21.49 0 48v416C0 490.5 21.49 512 48 512h288c26.51 0 48-21.49 48-48V160h-127.1C238.3 160 224 145.7 224 128zM272 416h-160C103.2 416 96 408.8 96 400C96 391.2 103.2 384 112 384h160c8.836 0 16 7.162 16 16C288 408.8 280.8 416 272 416zM272 352h-160C103.2 352 96 344.8 96 336C96 327.2 103.2 320 112 320h160c8.836 0 16 7.162 16 16C288 344.8 280.8 352 272 352zM288 272C288 280.8 280.8 288 272 288h-160C103.2 288 96 280.8 96 272C96 263.2 103.2 256 112 256h160C280.8 256 288 263.2 288 272z\"><\/path><\/svg><\/span><span class=\"uagb-icon-list__label\"><strong>List of SAADs in the department<\/strong> (Oise)<\/span><\/div>\n\n\n\n<div class=\"wp-block-uagb-icon-list-child uagb-block-7acd80b3\"><a target=\"_blank\" aria-label=\"Application form for independence grants for elderly people living at home\" rel=\"noopener noreferrer\" href=\"https:\/\/mairie-montataire.fr\/en\/app\/uploads\/2024\/07\/Formulaire_unique_de_demande_d_aides_a_l_autonomie_pour_les_personnes_agees_a_domicile_2023.pdf\/\"> <\/a><span class=\"uagb-icon-list__source-wrap\"><svg xmlns=\"https:\/\/www.w3.org\/2000\/svg\" viewbox=\"0 0 384 512\"><path d=\"M256 0v128h128L256 0zM224 128L224 0H48C21.49 0 0 21.49 0 48v416C0 490.5 21.49 512 48 512h288c26.51 0 48-21.49 48-48V160h-127.1C238.3 160 224 145.7 224 128zM272 416h-160C103.2 416 96 408.8 96 400C96 391.2 103.2 384 112 384h160c8.836 0 16 7.162 16 16C288 408.8 280.8 416 272 416zM272 352h-160C103.2 352 96 344.8 96 336C96 327.2 103.2 320 112 320h160c8.836 0 16 7.162 16 16C288 344.8 280.8 352 272 352zM288 272C288 280.8 280.8 288 272 288h-160C103.2 288 96 280.8 96 272C96 263.2 103.2 256 112 256h160C280.8 256 288 263.2 288 272z\"><\/path><\/svg><\/span><span class=\"uagb-icon-list__label\"><strong>Application form for independence grants for elderly people living at home<\/strong><\/span><\/div>\n<\/div><\/div>\n\n\n\n<h3 class=\"wp-block-heading\">Teleassistance<\/h3>\n\n\n\n<p>A teleassistance service is available to the elderly or seriously ill 24 hours a day. Qualified and specially trained staff centralise and manage subscribers' calls and alarms.<\/p>\n\n\n\n<div class=\"wp-block-uagb-icon-list uagb-block-8481f5a2\"><div class=\"uagb-icon-list__wrap\">\n<div class=\"wp-block-uagb-icon-list-child uagb-block-f013089a\"><a target=\"_blank\" aria-label=\"Conditions of membership and request for installation of remote assistance\" rel=\"noopener noreferrer\" href=\"https:\/\/mairie-montataire.fr\/en\/app\/uploads\/2024\/07\/TELEASSISTANCE.pdf\/\"> <\/a><span class=\"uagb-icon-list__source-wrap\"><svg xmlns=\"https:\/\/www.w3.org\/2000\/svg\" viewbox=\"0 0 384 512\"><path d=\"M256 0v128h128L256 0zM224 128L224 0H48C21.49 0 0 21.49 0 48v416C0 490.5 21.49 512 48 512h288c26.51 0 48-21.49 48-48V160h-127.1C238.3 160 224 145.7 224 128zM272 416h-160C103.2 416 96 408.8 96 400C96 391.2 103.2 384 112 384h160c8.836 0 16 7.162 16 16C288 408.8 280.8 416 272 416zM272 352h-160C103.2 352 96 344.8 96 336C96 327.2 103.2 320 112 320h160c8.836 0 16 7.162 16 16C288 344.8 280.8 352 272 352zM288 272C288 280.8 280.8 288 272 288h-160C103.2 288 96 280.8 96 272C96 263.2 103.2 256 112 256h160C280.8 256 288 263.2 288 272z\"><\/path><\/svg><\/span><span class=\"uagb-icon-list__label\"><strong>Conditions of membership and request for installation of remote assistance<\/strong><\/span><\/div>\n<\/div><\/div>\n\n\n\n<h3 class=\"wp-block-heading\">Allocation de Solidarit\u00e9 aux Personnes \u00c2g\u00e9es (ASPA) - Carsat<\/h3>\n\n\n\n<p>Allocation de solidarit\u00e9 aux personnes \u00e2g\u00e9es is a monthly benefit paid to low-income pensioners.<strong>&nbsp;<\/strong>(income and assets) living in France<strong>.<\/strong><br><\/p>\n\n\n\n<div class=\"wp-block-uagb-icon-list uagb-block-5c522eb3\"><div class=\"uagb-icon-list__wrap\">\n<div class=\"wp-block-uagb-icon-list-child uagb-block-4a3b639f\"><a target=\"_blank\" aria-label=\"Application form for the Allocation de Solidarit\u00e9 aux Personnes Ag\u00e9es (ASPA) for people insured under the Assurance Retraite or Culte schemes (Cavimac)\" rel=\"noopener noreferrer\" href=\"https:\/\/mairie-montataire.fr\/en\/app\/uploads\/2024\/07\/demande-aspa-2024.pdf\/\"> <\/a><span class=\"uagb-icon-list__source-wrap\"><svg xmlns=\"https:\/\/www.w3.org\/2000\/svg\" viewbox=\"0 0 384 512\"><path d=\"M256 0v128h128L256 0zM224 128L224 0H48C21.49 0 0 21.49 0 48v416C0 490.5 21.49 512 48 512h288c26.51 0 48-21.49 48-48V160h-127.1C238.3 160 224 145.7 224 128zM272 416h-160C103.2 416 96 408.8 96 400C96 391.2 103.2 384 112 384h160c8.836 0 16 7.162 16 16C288 408.8 280.8 416 272 416zM272 352h-160C103.2 352 96 344.8 96 336C96 327.2 103.2 320 112 320h160c8.836 0 16 7.162 16 16C288 344.8 280.8 352 272 352zM288 272C288 280.8 280.8 288 272 288h-160C103.2 288 96 280.8 96 272C96 263.2 103.2 256 112 256h160C280.8 256 288 263.2 288 272z\"><\/path><\/svg><\/span><span class=\"uagb-icon-list__label\"><strong>Application form for solidarity allowance for the elderly (ASPA) <\/strong>for people insured under the pension insurance scheme or the religious services scheme (Cavimac)<\/span><\/div>\n\n\n\n<div class=\"wp-block-uagb-icon-list-child uagb-block-8925f769\"><a target=\"_blank\" aria-label=\"SASPA (Allocation de Solidarit\u00e9 aux Personnes \u00c2g\u00e9es) application service for elderly people not covered by the French old-age insurance system\" rel=\"noopener noreferrer\" href=\"https:\/\/mairie-montataire.fr\/en\/app\/uploads\/2024\/07\/Demande-dallocation-aux-personnes-agees-Saspa.pdf\/\"> <\/a><span class=\"uagb-icon-list__source-wrap\"><svg xmlns=\"https:\/\/www.w3.org\/2000\/svg\" viewbox=\"0 0 384 512\"><path d=\"M256 0v128h128L256 0zM224 128L224 0H48C21.49 0 0 21.49 0 48v416C0 490.5 21.49 512 48 512h288c26.51 0 48-21.49 48-48V160h-127.1C238.3 160 224 145.7 224 128zM272 416h-160C103.2 416 96 408.8 96 400C96 391.2 103.2 384 112 384h160c8.836 0 16 7.162 16 16C288 408.8 280.8 416 272 416zM272 352h-160C103.2 352 96 344.8 96 336C96 327.2 103.2 320 112 320h160c8.836 0 16 7.162 16 16C288 344.8 280.8 352 272 352zM288 272C288 280.8 280.8 288 272 288h-160C103.2 288 96 280.8 96 272C96 263.2 103.2 256 112 256h160C280.8 256 288 263.2 288 272z\"><\/path><\/svg><\/span><span class=\"uagb-icon-list__label\"><strong>Application service for the Allocation de Solidarit\u00e9 aux Personnes Ag\u00e9es (SASPA - Solidarity Allowance for the Elderly)<\/strong>) for elderly people not covered by the French old-age insurance system<\/span><\/div>\n<\/div><\/div>\n\n\n\n<h3 class=\"wp-block-heading\">Allocation de Solidarit\u00e9 aux Personnes \u00c2g\u00e9es (ASPA) - Minimum old-age allowance<\/h3>\n\n\n\n<p>If you are not receiving a personal or survivor's pension<strong>, <\/strong>you must complete an application for<strong>&nbsp;<\/strong>Service d'ASPA (SASPA), which you should submit to the Retirement Department.<\/p>\n\n\n\n<div class=\"wp-block-uagb-icon-list uagb-block-9fb940c1\"><div class=\"uagb-icon-list__wrap\">\n<div class=\"wp-block-uagb-icon-list-child uagb-block-13519bbc\"><a target=\"_blank\" aria-label=\"Application form for the Allocation de Solidarit\u00e9 aux Personnes Ag\u00e9es (ASPA) for people insured under the Assurance Retraite or Culte schemes (Cavimac)\" rel=\"noopener noreferrer\" href=\"https:\/\/mairie-montataire.fr\/en\/app\/uploads\/2024\/07\/demande-aspa-2024.pdf\/\"> <\/a><span class=\"uagb-icon-list__source-wrap\"><svg xmlns=\"https:\/\/www.w3.org\/2000\/svg\" viewbox=\"0 0 384 512\"><path d=\"M256 0v128h128L256 0zM224 128L224 0H48C21.49 0 0 21.49 0 48v416C0 490.5 21.49 512 48 512h288c26.51 0 48-21.49 48-48V160h-127.1C238.3 160 224 145.7 224 128zM272 416h-160C103.2 416 96 408.8 96 400C96 391.2 103.2 384 112 384h160c8.836 0 16 7.162 16 16C288 408.8 280.8 416 272 416zM272 352h-160C103.2 352 96 344.8 96 336C96 327.2 103.2 320 112 320h160c8.836 0 16 7.162 16 16C288 344.8 280.8 352 272 352zM288 272C288 280.8 280.8 288 272 288h-160C103.2 288 96 280.8 96 272C96 263.2 103.2 256 112 256h160C280.8 256 288 263.2 288 272z\"><\/path><\/svg><\/span><span class=\"uagb-icon-list__label\"><strong>Application form for solidarity allowance for the elderly (ASPA) <\/strong>for people insured under the pension insurance scheme or the religious services scheme (Cavimac)<\/span><\/div>\n\n\n\n<div class=\"wp-block-uagb-icon-list-child uagb-block-9a9db104\"><a target=\"_blank\" aria-label=\"SASPA (Allocation de Solidarit\u00e9 aux Personnes \u00c2g\u00e9es) application service for elderly people not covered by the French old-age insurance system\" rel=\"noopener noreferrer\" href=\"https:\/\/mairie-montataire.fr\/en\/app\/uploads\/2024\/07\/Demande-dallocation-aux-personnes-agees-Saspa.pdf\/\"> <\/a><span class=\"uagb-icon-list__source-wrap\"><svg xmlns=\"https:\/\/www.w3.org\/2000\/svg\" viewbox=\"0 0 384 512\"><path d=\"M256 0v128h128L256 0zM224 128L224 0H48C21.49 0 0 21.49 0 48v416C0 490.5 21.49 512 48 512h288c26.51 0 48-21.49 48-48V160h-127.1C238.3 160 224 145.7 224 128zM272 416h-160C103.2 416 96 408.8 96 400C96 391.2 103.2 384 112 384h160c8.836 0 16 7.162 16 16C288 408.8 280.8 416 272 416zM272 352h-160C103.2 352 96 344.8 96 336C96 327.2 103.2 320 112 320h160c8.836 0 16 7.162 16 16C288 344.8 280.8 352 272 352zM288 272C288 280.8 280.8 288 272 288h-160C103.2 288 96 280.8 96 272C96 263.2 103.2 256 112 256h160C280.8 256 288 263.2 288 272z\"><\/path><\/svg><\/span><span class=\"uagb-icon-list__label\"><strong>Application service for the Allocation de Solidarit\u00e9 aux Personnes Ag\u00e9es (SASPA - Solidarity Allowance for the Elderly)<\/strong>) for elderly people not covered by the French old-age insurance system<\/span><\/div>\n<\/div><\/div>\n\n\n\n<h3 class=\"wp-block-heading\">Maison D\u00e9partementale des Personnes Handicap\u00e9es (MDPH) - Inclusion mobility card<\/h3>\n\n\n\n<p>In the Oise d\u00e9partement, the mobility and inclusion card has replaced the disability, priority and parking cards since 1 June 2017. The conditions for entitlement and the benefits provided by these cards remain unchanged (parking, disability and priority).<br>You must complete the following form: <a href=\"https:\/\/mairie-montataire.fr\/en\/app\/uploads\/2024\/07\/MDPH.pdf\/\">https:\/\/mairie-montataire.fr\/app\/uploads\/2024\/07\/MDPH.pdf<\/a><br><\/p>\n\n\n\n<div class=\"wp-block-uagb-icon-list uagb-block-efa1361f\"><div class=\"uagb-icon-list__wrap\">\n<div class=\"wp-block-uagb-icon-list-child uagb-block-76a0a496\"><a target=\"_blank\" aria-label=\"MDPH application form\" rel=\"noopener noreferrer\" href=\"https:\/\/mairie-montataire.fr\/en\/app\/uploads\/2024\/07\/MDPH.pdf\/\"> <\/a><span class=\"uagb-icon-list__source-wrap\"><svg xmlns=\"https:\/\/www.w3.org\/2000\/svg\" viewbox=\"0 0 384 512\"><path d=\"M256 0v128h128L256 0zM224 128L224 0H48C21.49 0 0 21.49 0 48v416C0 490.5 21.49 512 48 512h288c26.51 0 48-21.49 48-48V160h-127.1C238.3 160 224 145.7 224 128zM272 416h-160C103.2 416 96 408.8 96 400C96 391.2 103.2 384 112 384h160c8.836 0 16 7.162 16 16C288 408.8 280.8 416 272 416zM272 352h-160C103.2 352 96 344.8 96 336C96 327.2 103.2 320 112 320h160c8.836 0 16 7.162 16 16C288 344.8 280.8 352 272 352zM288 272C288 280.8 280.8 288 272 288h-160C103.2 288 96 280.8 96 272C96 263.2 103.2 256 112 256h160C280.8 256 288 263.2 288 272z\"><\/path><\/svg><\/span><span class=\"uagb-icon-list__label\"><strong>MDPH application form<\/strong><\/span><\/div>\n<\/div><\/div>\n\n\n\n<h3 class=\"wp-block-heading\">List of EHPAS accommodation in Oise<\/h3>\n\n\n\n<p>EHPADs are medico-social establishments for people who have lost their independence or are dependent on others. They offer seniors comprehensive care, including accommodation, catering, entertainment, assistance with daily living and care.<\/p>\n\n\n\n<p>Go to <a href=\"https:\/\/www.pour-les-personnes-agees.gouv.fr\/annuaire-ehpad-et-comparateur-de-prix-et-restes-a-charge\/liste-ehpad\/Oise%20%2860%29?form=form-annuaire&amp;annuaire=EHPAD#container-result-query\" target=\"_blank\" rel=\"noreferrer noopener\">this link<\/a> to consult the list of EHPAD accommodation in Oise <\/p>","protected":false},"excerpt":{"rendered":"<p>Accueillir, informer et \u00eatre \u00e0 l\u2019\u00e9coute de l\u2019ensemble des retrait\u00e9\u00b7e\u00b7s de la ville. Propos\u00e9s par la ville Nous vous accompagnons pour vous rendre aux cimeti\u00e8res Les vendredis, le car de la ville est mis \u00e0 disposition des retrait\u00e9\u00b7e\u00b7s de la commune pour se rendre aux cimeti\u00e8res. Le rendez-vous est donn\u00e9 \u00e0 14h au rond-point de [&hellip;]<\/p>\n","protected":false},"author":1,"featured_media":1396,"parent":116,"menu_order":28,"comment_status":"closed","ping_status":"closed","template":"","meta":{"_acf_changed":false,"_uag_custom_page_level_css":"","footnotes":""},"class_list":["post-148","page","type-page","status-publish","has-post-thumbnail","hentry"],"acf":[],"uagb_featured_image_src":{"full":["https:\/\/mairie-montataire.fr\/app\/uploads\/2024\/07\/1.4.5_Icono-carrefour-site2bis.jpg",500,333,false],"thumbnail":["https:\/\/mairie-montataire.fr\/app\/uploads\/2024\/07\/1.4.5_Icono-carrefour-site2bis-150x150.jpg",150,150,true],"medium":["https:\/\/mairie-montataire.fr\/app\/uploads\/2024\/07\/1.4.5_Icono-carrefour-site2bis-300x200.jpg",300,200,true],"medium_large":["https:\/\/mairie-montataire.fr\/app\/uploads\/2024\/07\/1.4.5_Icono-carrefour-site2bis.jpg",500,333,false],"large":["https:\/\/mairie-montataire.fr\/app\/uploads\/2024\/07\/1.4.5_Icono-carrefour-site2bis.jpg",500,333,false],"1536x1536":["https:\/\/mairie-montataire.fr\/app\/uploads\/2024\/07\/1.4.5_Icono-carrefour-site2bis.jpg",500,333,false],"2048x2048":["https:\/\/mairie-montataire.fr\/app\/uploads\/2024\/07\/1.4.5_Icono-carrefour-site2bis.jpg",500,333,false],"trp-custom-language-flag":["https:\/\/mairie-montataire.fr\/app\/uploads\/2024\/07\/1.4.5_Icono-carrefour-site2bis.jpg",18,12,false],"gform-image-choice-sm":["https:\/\/mairie-montataire.fr\/app\/uploads\/2024\/07\/1.4.5_Icono-carrefour-site2bis.jpg",300,200,false],"gform-image-choice-md":["https:\/\/mairie-montataire.fr\/app\/uploads\/2024\/07\/1.4.5_Icono-carrefour-site2bis.jpg",400,266,false],"gform-image-choice-lg":["https:\/\/mairie-montataire.fr\/app\/uploads\/2024\/07\/1.4.5_Icono-carrefour-site2bis.jpg",500,333,false]},"uagb_author_info":{"display_name":"mentalworks","author_link":"https:\/\/mairie-montataire.fr\/en\/actualites\/author\/mentalworks\/"},"uagb_comment_info":0,"uagb_excerpt":"Accueillir, informer et \u00eatre \u00e0 l\u2019\u00e9coute de l\u2019ensemble des retrait\u00e9\u00b7e\u00b7s de la ville. Propos\u00e9s par la ville Nous vous accompagnons pour vous rendre aux cimeti\u00e8res Les vendredis, le car de la ville est mis \u00e0 disposition des retrait\u00e9\u00b7e\u00b7s de la commune pour se rendre aux cimeti\u00e8res. Le rendez-vous est donn\u00e9 \u00e0 14h au rond-point de&hellip;","_links":{"self":[{"href":"https:\/\/mairie-montataire.fr\/en\/wp-json\/wp\/v2\/pages\/148","targetHints":{"allow":["GET"]}}],"collection":[{"href":"https:\/\/mairie-montataire.fr\/en\/wp-json\/wp\/v2\/pages"}],"about":[{"href":"https:\/\/mairie-montataire.fr\/en\/wp-json\/wp\/v2\/types\/page"}],"author":[{"embeddable":true,"href":"https:\/\/mairie-montataire.fr\/en\/wp-json\/wp\/v2\/users\/1"}],"replies":[{"embeddable":true,"href":"https:\/\/mairie-montataire.fr\/en\/wp-json\/wp\/v2\/comments?post=148"}],"version-history":[{"count":28,"href":"https:\/\/mairie-montataire.fr\/en\/wp-json\/wp\/v2\/pages\/148\/revisions"}],"predecessor-version":[{"id":4704,"href":"https:\/\/mairie-montataire.fr\/en\/wp-json\/wp\/v2\/pages\/148\/revisions\/4704"}],"up":[{"embeddable":true,"href":"https:\/\/mairie-montataire.fr\/en\/wp-json\/wp\/v2\/pages\/116"}],"wp:featuredmedia":[{"embeddable":true,"href":"https:\/\/mairie-montataire.fr\/en\/wp-json\/wp\/v2\/media\/1396"}],"wp:attachment":[{"href":"https:\/\/mairie-montataire.fr\/en\/wp-json\/wp\/v2\/media?parent=148"}],"curies":[{"name":"wp","href":"https:\/\/api.w.org\/{rel}","templated":true}]}}