{"id":138,"date":"2024-05-03T09:26:51","date_gmt":"2024-05-03T09:26:51","guid":{"rendered":"https:\/\/montataire.local\/?page_id=138"},"modified":"2026-01-14T10:37:35","modified_gmt":"2026-01-14T10:37:35","slug":"support","status":"publish","type":"page","link":"https:\/\/mairie-montataire.fr\/en\/habiter\/jeunesse\/accompagnement\/","title":{"rendered":"Support"},"content":{"rendered":"<h2 class=\"wp-block-heading\">Scholarships...<\/h2>\n\n\n\n<h3 class=\"wp-block-heading\">... for post-baccalaureate students<\/h3>\n\n\n\n<p>The town offers a grant to young Montatairien-ne-s to support their higher education, with additional aid available depending on geographical area. Students aged 28 or under whose parents live in Montataire are eligible. The amount of the grant is determined according to the income of the parents, the student and the family quotient.<\/p>\n\n\n\n<div class=\"wp-block-uagb-separator uagb-block-1b39294a\"><div class=\"uagb-separator-spacing-wrapper\"><div class=\"wp-block-uagb-separator__inner\" style=\"--my-background-image:\"><\/div><\/div><\/div>\n\n\n\n<p>You can find the form and the protocol at children's reception, on your <a href=\"https:\/\/www.espace-citoyens.net\/montataire\/espace-citoyens\/Home\/AccueilPublic\" data-type=\"link\" data-id=\"https:\/\/www.espace-citoyens.net\/montataire\/espace-citoyens\/Home\/AccueilPublic\">Citizen Space<\/a> or download here :<\/p>\n\n\n\n<div class=\"wp-block-uagb-icon-list uagb-block-a29fc561\"><div class=\"uagb-icon-list__wrap\">\n<div class=\"wp-block-uagb-icon-list-child uagb-block-a0da2618\"><a target=\"_blank\" aria-label=\"2025-2026 Municipal Bursary Form\" rel=\"noopener noreferrer\" href=\"https:\/\/mairie-montataire.fr\/en\/app\/uploads\/2025\/08\/Formulaire-Bourse-Municipale-2025-2026.pdf\/\"> <\/a><span class=\"uagb-icon-list__source-wrap\"><svg xmlns=\"https:\/\/www.w3.org\/2000\/svg\" viewbox=\"0 0 384 512\"><path d=\"M256 0v128h128L256 0zM224 128L224 0H48C21.49 0 0 21.49 0 48v416C0 490.5 21.49 512 48 512h288c26.51 0 48-21.49 48-48V160h-127.1C238.3 160 224 145.7 224 128zM272 416h-160C103.2 416 96 408.8 96 400C96 391.2 103.2 384 112 384h160c8.836 0 16 7.162 16 16C288 408.8 280.8 416 272 416zM272 352h-160C103.2 352 96 344.8 96 336C96 327.2 103.2 320 112 320h160c8.836 0 16 7.162 16 16C288 344.8 280.8 352 272 352zM288 272C288 280.8 280.8 288 272 288h-160C103.2 288 96 280.8 96 272C96 263.2 103.2 256 112 256h160C280.8 256 288 263.2 288 272z\"><\/path><\/svg><\/span><span class=\"uagb-icon-list__label\"><strong>2025-2026 Municipal Bursary Form<\/strong><\/span><\/div>\n<\/div><\/div>\n\n\n\n<h3 class=\"wp-block-heading\">... project support<\/h3>\n\n\n\n<p>The project grant encourages initiatives by young people in Montataire aged between 16 and 28 who have been resident for one year. They may be secondary school pupils, students or unemployed, involved in cultural, sporting, civic, environmental, health or local community projects. Limited to one per year, it requires a financial contribution of at least 30 % of the total cost of the project. Individuals can get up to \u20ac200 and group projects up to \u20ac600.<\/p>\n\n\n\n<p>The grant application is available from the children's reception. It must be submitted before the project begins.<\/p>\n\n\n\n<h2 class=\"wp-block-heading\">Financing<\/h2>\n\n\n\n<p>Financial aid for young people, such as study grants, housing allowances and mobility grants, is designed to support their independence and facilitate their social and professional integration. Run a simulation <a href=\"https:\/\/www.jeunes.gouv.fr\/le-simulateur-mes-aides-649\" target=\"_blank\" rel=\"noreferrer noopener\">on the government website<\/a> to find out about the grants you can claim.<\/p>\n\n\n\n<h2 class=\"wp-block-heading\">Useful contacts<\/h2>\n\n\n\n<div style=\"height:28px\" aria-hidden=\"true\" class=\"wp-block-spacer\"><\/div>\n\n\n\n<div class=\"wp-block-uagb-container uagb-layout-grid uagb-block-db0eb4ad alignfull uagb-is-root-container\"><div class=\"uagb-container-inner-blocks-wrap\">\n<div class=\"wp-block-uagb-container uagb-block-1d7a3ce2\">\n<div class=\"wp-block-columns are-vertically-aligned-top is-layout-flex wp-container-core-columns-is-layout-9d6595d7 wp-block-columns-is-layout-flex\">\n<div class=\"wp-block-column is-vertically-aligned-top is-layout-flow wp-block-column-is-layout-flow\" style=\"flex-basis:20%\">\t\t\t\t\t<div\n\t\t\t\t\t\tclass=\"wp-block-uagb-image-gallery uagb-block-db429479\"\n\t\t\t\t\t\tstyle=\"\"\n\t\t\t\t\t>\n\t\t\t\t\t\t\t\t\t\t\t<div class=\"spectra-image-gallery spectra-image-gallery__layout--masonry spectra-image-gallery__layout--masonry-col-1 spectra-image-gallery__layout--masonry-col-tab-1 spectra-image-gallery__layout--masonry-col-mob-1\">\n\t\t\t\t\t\t\t\t\t\t\t<div class='spectra-image-gallery__media-wrapper--isotope'>\n\t\t\t\t\t\t\t<div class='spectra-image-gallery__media-wrapper' data-spectra-gallery-image-id='2272' tabindex=\"0\">\n\t\t\t\t\t\t\t<div class=\"spectra-image-gallery__media spectra-image-gallery__media--masonry\">\n\t\t\t\t<picture>\n\t\t\t\t\t<source media=\"(min-width: 1024px)\" srcset=\"https:\/\/mairie-montataire.fr\/app\/uploads\/2024\/07\/LOGO-MLVO-1024x512.jpg\">\n\t\t\t\t\t<source media=\"(min-width: 768px)\" srcset=\"https:\/\/mairie-montataire.fr\/app\/uploads\/2024\/07\/LOGO-MLVO-1024x512.jpg\">\n\t\t\t\t\t<img decoding=\"async\" class=\"spectra-image-gallery__media-thumbnail spectra-image-gallery__media-thumbnail--masonry\" src=\"https:\/\/mairie-montataire.fr\/app\/uploads\/2024\/07\/LOGO-MLVO-300x150.jpg\" alt=\"\" loading=\"lazy\" \/>\n\t\t\t\t<\/picture>\n\t\t\t\t<div class=\"spectra-image-gallery__media-thumbnail-blurrer\"><\/div>\n\t\t\t\t\t\t\t\t\t\t\t<div class=\"spectra-image-gallery__media-thumbnail-caption-wrapper spectra-image-gallery__media-thumbnail-caption-wrapper--overlay\"><\/div>\n\t\t\t\t\t\t\t\t<\/div>\n\t\t\t\t\t\t<\/div>\n\t\t\t\t\t\t<\/div>\n\t\t\t\t\t\t\t\t\t\t<\/div>\n\t\t\t\t\t\t\t\t\t\t\t\t\t\t\t\t\t\t<\/div>\n\t\t\t\t\t\t\t\t\t<\/div>\n\n\n\n<div class=\"wp-block-column is-vertically-aligned-top is-layout-flow wp-block-column-is-layout-flow\" style=\"flex-basis:66.66%\">\n<h3 class=\"wp-block-heading\">Oise Valley Local Mission (MLVO)<\/h3>\n\n\n\n<p>The MLVO welcomes, informs, guides and supports young people aged 16 to 25 who have left the school system in the Creillois area. A personalised welcome and follow-up are put in place to help them.<\/p>\n\n\n\n<p>3, square de la Lib\u00e9ration<br>60100 - Creil<br><br>03 44 24 22 07<br><br><a href=\"http:\/\/www.mlvo.net\" target=\"_blank\" rel=\"noreferrer noopener\">mlvo.net<\/a><\/p>\n<\/div>\n<\/div>\n<\/div>\n\n\n\n<div class=\"wp-block-uagb-container uagb-block-8e491549\">\n<div class=\"wp-block-columns are-vertically-aligned-top is-layout-flex wp-container-core-columns-is-layout-9d6595d7 wp-block-columns-is-layout-flex\">\n<div class=\"wp-block-column is-vertically-aligned-top is-layout-flow wp-block-column-is-layout-flow\" style=\"flex-basis:20%\">\t\t\t\t\t<div\n\t\t\t\t\t\tclass=\"wp-block-uagb-image-gallery uagb-block-a8596b0b\"\n\t\t\t\t\t\tstyle=\"\"\n\t\t\t\t\t>\n\t\t\t\t\t\t\t\t\t\t\t<div class=\"spectra-image-gallery spectra-image-gallery__layout--masonry spectra-image-gallery__layout--masonry-col-1 spectra-image-gallery__layout--masonry-col-tab-1 spectra-image-gallery__layout--masonry-col-mob-1\">\n\t\t\t\t\t\t\t\t\t\t\t<div class='spectra-image-gallery__media-wrapper--isotope'>\n\t\t\t\t\t\t\t<div class='spectra-image-gallery__media-wrapper' data-spectra-gallery-image-id='2267' tabindex=\"0\">\n\t\t\t\t\t\t\t<div class=\"spectra-image-gallery__media spectra-image-gallery__media--masonry\">\n\t\t\t\t<picture>\n\t\t\t\t\t<source media=\"(min-width: 1024px)\" srcset=\"https:\/\/mairie-montataire.fr\/app\/uploads\/2024\/07\/LOGO-MDA-OISE_CMJ_1BIS-2.png\">\n\t\t\t\t\t<source media=\"(min-width: 768px)\" srcset=\"https:\/\/mairie-montataire.fr\/app\/uploads\/2024\/07\/LOGO-MDA-OISE_CMJ_1BIS-2.png\">\n\t\t\t\t\t<img decoding=\"async\" class=\"spectra-image-gallery__media-thumbnail spectra-image-gallery__media-thumbnail--masonry\" src=\"https:\/\/mairie-montataire.fr\/app\/uploads\/2024\/07\/LOGO-MDA-OISE_CMJ_1BIS-2.png\" alt=\"\" loading=\"lazy\" \/>\n\t\t\t\t<\/picture>\n\t\t\t\t<div class=\"spectra-image-gallery__media-thumbnail-blurrer\"><\/div>\n\t\t\t\t\t\t\t\t\t\t\t<div class=\"spectra-image-gallery__media-thumbnail-caption-wrapper spectra-image-gallery__media-thumbnail-caption-wrapper--overlay\"><\/div>\n\t\t\t\t\t\t\t\t<\/div>\n\t\t\t\t\t\t<\/div>\n\t\t\t\t\t\t<\/div>\n\t\t\t\t\t\t\t\t\t\t<\/div>\n\t\t\t\t\t\t\t\t\t\t\t\t\t\t\t\t\t\t<\/div>\n\t\t\t\t\t\t\t\t\t<\/div>\n\n\n\n<div class=\"wp-block-column is-vertically-aligned-top is-layout-flow wp-block-column-is-layout-flow\" style=\"padding-top:0;padding-right:0;padding-bottom:0;padding-left:0;flex-basis:66.66%\">\n<h3 class=\"wp-block-heading\">Oise teenagers' centre (MDA)<\/h3>\n\n\n\n<p>The MDA de l'Oise is a place where teenagers can find psychological, medical and social support tailored to their needs. It also offers support to parents and professionals, providing advice and resources to better understand young people and help them in their development.<\/p>\n\n\n\n<p>62, rue de la R\u00e9publique<br>60160 - Montataire<br><br>03 44 64 73 22<br><br><a href=\"https:\/\/www.maisondesados-oise.fr\" target=\"_blank\" rel=\"noreferrer noopener\">maisondesados-oise.fr<\/a><\/p>\n<\/div>\n<\/div>\n<\/div>\n\n\n\n<div class=\"wp-block-uagb-container uagb-layout-grid uagb-block-1314a83f\">\n<div class=\"wp-block-columns is-layout-flex wp-container-core-columns-is-layout-9d6595d7 wp-block-columns-is-layout-flex\">\n<div class=\"wp-block-column is-vertically-aligned-top is-layout-flow wp-block-column-is-layout-flow\" style=\"flex-basis:20%\">\t\t\t\t\t<div\n\t\t\t\t\t\tclass=\"wp-block-uagb-image-gallery uagb-block-80036f84\"\n\t\t\t\t\t\tstyle=\"\"\n\t\t\t\t\t>\n\t\t\t\t\t\t\t\t\t\t\t<div class=\"spectra-image-gallery spectra-image-gallery__layout--masonry spectra-image-gallery__layout--masonry-col-1 spectra-image-gallery__layout--masonry-col-tab-1 spectra-image-gallery__layout--masonry-col-mob-1\">\n\t\t\t\t\t\t\t\t\t\t\t<div class='spectra-image-gallery__media-wrapper--isotope'>\n\t\t\t\t\t\t\t<div class='spectra-image-gallery__media-wrapper' data-spectra-gallery-image-id='2274' tabindex=\"0\">\n\t\t\t\t\t\t\t<div class=\"spectra-image-gallery__media spectra-image-gallery__media--masonry\">\n\t\t\t\t<picture>\n\t\t\t\t\t<source media=\"(min-width: 1024px)\" srcset=\"https:\/\/mairie-montataire.fr\/app\/uploads\/2024\/07\/Montataire_Logo_300dpi.png\">\n\t\t\t\t\t<source media=\"(min-width: 768px)\" srcset=\"https:\/\/mairie-montataire.fr\/app\/uploads\/2024\/07\/Montataire_Logo_300dpi.png\">\n\t\t\t\t\t<img decoding=\"async\" class=\"spectra-image-gallery__media-thumbnail spectra-image-gallery__media-thumbnail--masonry\" src=\"https:\/\/mairie-montataire.fr\/app\/uploads\/2024\/07\/Montataire_Logo_300dpi-266x300.png\" alt=\"\" loading=\"lazy\" \/>\n\t\t\t\t<\/picture>\n\t\t\t\t<div class=\"spectra-image-gallery__media-thumbnail-blurrer\"><\/div>\n\t\t\t\t\t\t\t\t\t\t\t<div class=\"spectra-image-gallery__media-thumbnail-caption-wrapper spectra-image-gallery__media-thumbnail-caption-wrapper--overlay\"><\/div>\n\t\t\t\t\t\t\t\t<\/div>\n\t\t\t\t\t\t<\/div>\n\t\t\t\t\t\t<\/div>\n\t\t\t\t\t\t\t\t\t\t<\/div>\n\t\t\t\t\t\t\t\t\t\t\t\t\t\t\t\t\t\t<\/div>\n\t\t\t\t\t\t\t\t\t<\/div>\n\n\n\n<div class=\"wp-block-column is-layout-constrained wp-block-column-is-layout-constrained\" style=\"flex-basis:66.66%\">\n<h3 class=\"wp-block-heading\">City mediators<\/h3>\n\n\n\n<p><a href=\"https:\/\/mairie-montataire.fr\/en\/live-at\/living-environment\/public-tranquillity\/\">The Citizenship, Prevention and Mediation Department<\/a> welcomes, advises and guides residents on a day-to-day basis, providing a social presence in the evenings to strengthen links between residents and raising awareness of people's rights and duties. In collaboration with its partners, it implements preventive measures to combat violence, addictive behaviour and truancy.<\/p>\n\n\n\n<p><a href=\"mailto:cpm@mairie-montataire.fr\">cpm@mairie-montataire.fr<\/a><\/p>\n\n\n\n<div class=\"wp-block-columns is-layout-flex wp-container-core-columns-is-layout-9d6595d7 wp-block-columns-is-layout-flex\">\n<div class=\"wp-block-column is-layout-flow wp-block-column-is-layout-flow\">\n<p style=\"line-height:1.5;text-decoration:underline\">Local Le Bray<\/p>\n\n\n\n<p style=\"line-height:1.5\">7, rue \u00c9tienne Duwes<br>60160 - Montataire<br><br>03 44 27 69 84<br>06 38 26 56 54<br>06 15 11 76 77&nbsp;<br><br>Monday to Thursday, 2pm to 7pm <br>and from 8pm to 10.30pm<br>Friday from 10am to 12.30pm <br>and from 2 p.m. to 6.30 p.m.<\/p>\n<\/div>\n\n\n\n<div class=\"wp-block-column is-layout-flow wp-block-column-is-layout-flow\">\n<p style=\"text-decoration:underline\">Town Hall<\/p>\n\n\n\n<p>place Auguste G\u00e9nie<br>60160 - Montataire<br><br>03 44 64 44 20<br><br>Monday to Thursday, 8.30am to 12pm <br>and from 13h30 to 17h30<br>Friday from 8.30am to 12pm <br>and from 1.30 p.m. to 5 p.m.<\/p>\n<\/div>\n<\/div>\n<\/div>\n<\/div>\n<\/div>\n\n\n\n<div class=\"wp-block-uagb-container uagb-block-fdc38d39\">\n<div class=\"wp-block-columns are-vertically-aligned-top is-layout-flex wp-container-core-columns-is-layout-9d6595d7 wp-block-columns-is-layout-flex\">\n<div class=\"wp-block-column is-vertically-aligned-top is-layout-flow wp-block-column-is-layout-flow\" style=\"flex-basis:20%\">\t\t\t\t\t<div\n\t\t\t\t\t\tclass=\"wp-block-uagb-image-gallery uagb-block-0f6be0a8\"\n\t\t\t\t\t\tstyle=\"\"\n\t\t\t\t\t>\n\t\t\t\t\t\t\t\t\t\t\t<div class=\"spectra-image-gallery spectra-image-gallery__layout--masonry spectra-image-gallery__layout--masonry-col-1 spectra-image-gallery__layout--masonry-col-tab-1 spectra-image-gallery__layout--masonry-col-mob-1\">\n\t\t\t\t\t\t\t\t\t\t\t<div class='spectra-image-gallery__media-wrapper--isotope'>\n\t\t\t\t\t\t\t<div class='spectra-image-gallery__media-wrapper' data-spectra-gallery-image-id='2273' tabindex=\"0\">\n\t\t\t\t\t\t\t<div class=\"spectra-image-gallery__media spectra-image-gallery__media--masonry\">\n\t\t\t\t<picture>\n\t\t\t\t\t<source media=\"(min-width: 1024px)\" srcset=\"https:\/\/mairie-montataire.fr\/app\/uploads\/2024\/07\/MIN_Justice_RVB-1024x831.png\">\n\t\t\t\t\t<source media=\"(min-width: 768px)\" srcset=\"https:\/\/mairie-montataire.fr\/app\/uploads\/2024\/07\/MIN_Justice_RVB-1024x831.png\">\n\t\t\t\t\t<img decoding=\"async\" class=\"spectra-image-gallery__media-thumbnail spectra-image-gallery__media-thumbnail--masonry\" src=\"https:\/\/mairie-montataire.fr\/app\/uploads\/2024\/07\/MIN_Justice_RVB-300x243.png\" alt=\"\" loading=\"lazy\" \/>\n\t\t\t\t<\/picture>\n\t\t\t\t<div class=\"spectra-image-gallery__media-thumbnail-blurrer\"><\/div>\n\t\t\t\t\t\t\t\t\t\t\t<div class=\"spectra-image-gallery__media-thumbnail-caption-wrapper spectra-image-gallery__media-thumbnail-caption-wrapper--overlay\"><\/div>\n\t\t\t\t\t\t\t\t<\/div>\n\t\t\t\t\t\t<\/div>\n\t\t\t\t\t\t<\/div>\n\t\t\t\t\t\t\t\t\t\t<\/div>\n\t\t\t\t\t\t\t\t\t\t\t\t\t\t\t\t\t\t<\/div>\n\t\t\t\t\t\t\t\t\t<\/div>\n\n\n\n<div class=\"wp-block-column is-vertically-aligned-top is-layout-flow wp-block-column-is-layout-flow\" style=\"flex-basis:66.66%\">\n<h3 class=\"wp-block-heading\">House of Justice and Law (MJD)<\/h3>\n\n\n\n<p>The MJD will help and guide you through the legal process and access to the law, in a respectful, free and confidential manner.<\/p>\n\n\n\n<p>26, rue Voltaire<br>60100 - Creil<br><br>03 44 64 46 70<br><br>Monday 2pm to 5pm<br>Tuesday to Friday, 9am to 12pm and 1.30pm to 5pm<br><br><a href=\"https:\/\/www.creilsudoise.fr\/acces-aux-droits\/maison-de-la-justice-et-du-droit\/\" data-type=\"link\" data-id=\"https:\/\/www.creilsudoise.fr\/acces-aux-droits\/maison-de-la-justice-et-du-droit\/\" target=\"_blank\" rel=\"noreferrer noopener\">creilsudoise.fr<\/a><\/p>\n<\/div>\n<\/div>\n<\/div>\n\n\n\n<div class=\"wp-block-uagb-container uagb-block-014a47b7 alignfull uagb-is-root-container\"><div class=\"uagb-container-inner-blocks-wrap\">\n<div class=\"wp-block-columns are-vertically-aligned-top is-layout-flex wp-container-core-columns-is-layout-9d6595d7 wp-block-columns-is-layout-flex\">\n<div class=\"wp-block-column is-vertically-aligned-top is-layout-flow wp-block-column-is-layout-flow\" style=\"flex-basis:20%\">\t\t\t\t\t<div\n\t\t\t\t\t\tclass=\"wp-block-uagb-image-gallery uagb-block-443ef056\"\n\t\t\t\t\t\tstyle=\"\"\n\t\t\t\t\t>\n\t\t\t\t\t\t\t\t\t\t\t<div class=\"spectra-image-gallery spectra-image-gallery__layout--masonry spectra-image-gallery__layout--masonry-col-1 spectra-image-gallery__layout--masonry-col-tab-1 spectra-image-gallery__layout--masonry-col-mob-1\">\n\t\t\t\t\t\t\t\t\t\t\t<div class='spectra-image-gallery__media-wrapper--isotope'>\n\t\t\t\t\t\t\t<div class='spectra-image-gallery__media-wrapper' data-spectra-gallery-image-id='2270' tabindex=\"0\">\n\t\t\t\t\t\t\t<div class=\"spectra-image-gallery__media spectra-image-gallery__media--masonry\">\n\t\t\t\t<picture>\n\t\t\t\t\t<source media=\"(min-width: 1024px)\" srcset=\"https:\/\/mairie-montataire.fr\/app\/uploads\/2024\/07\/Logo_FranceVictimes-1024x949.jpg\">\n\t\t\t\t\t<source media=\"(min-width: 768px)\" srcset=\"https:\/\/mairie-montataire.fr\/app\/uploads\/2024\/07\/Logo_FranceVictimes-1024x949.jpg\">\n\t\t\t\t\t<img decoding=\"async\" class=\"spectra-image-gallery__media-thumbnail spectra-image-gallery__media-thumbnail--masonry\" src=\"https:\/\/mairie-montataire.fr\/app\/uploads\/2024\/07\/Logo_FranceVictimes-300x278.jpg\" alt=\"\" loading=\"lazy\" \/>\n\t\t\t\t<\/picture>\n\t\t\t\t<div class=\"spectra-image-gallery__media-thumbnail-blurrer\"><\/div>\n\t\t\t\t\t\t\t\t\t\t\t<div class=\"spectra-image-gallery__media-thumbnail-caption-wrapper spectra-image-gallery__media-thumbnail-caption-wrapper--overlay\"><\/div>\n\t\t\t\t\t\t\t\t<\/div>\n\t\t\t\t\t\t<\/div>\n\t\t\t\t\t\t<\/div>\n\t\t\t\t\t\t\t\t\t\t<\/div>\n\t\t\t\t\t\t\t\t\t\t\t\t\t\t\t\t\t\t<\/div>\n\t\t\t\t\t\t\t\t\t<\/div>\n\n\n\n<div class=\"wp-block-column is-vertically-aligned-top is-layout-flow wp-block-column-is-layout-flow\" style=\"flex-basis:66.66%\">\n<h3 class=\"wp-block-heading\">Victim support 60<\/h3>\n\n\n\n<p>Anyone who considers themselves to be the victim of an act that can be classified as an offence, as well as the next of kin of the direct victim who are directly and personally affected by the consequences and repercussions of this act, can <a href=\"https:\/\/aideauxvictimes.wordpress.com\" target=\"_blank\" rel=\"noreferrer noopener\">ask for help<\/a> to the <a href=\"https:\/\/www.france-victimes.fr\/index.php\" data-type=\"link\" data-id=\"https:\/\/www.france-victimes.fr\/index.php\" target=\"_blank\" rel=\"noreferrer noopener\">Federation France Victimes.<\/a><\/p>\n<\/div>\n<\/div>\n<\/div><\/div>\n<\/div><\/div>\n\n\n\n<h2 class=\"wp-block-heading\">Homes<\/h2>\n\n\n\n<div style=\"height:28px\" aria-hidden=\"true\" class=\"wp-block-spacer\"><\/div>\n\n\n\n<div class=\"wp-block-uagb-container uagb-block-810709ed alignfull uagb-is-root-container\"><div class=\"uagb-container-inner-blocks-wrap\">\n<div class=\"wp-block-uagb-container uagb-block-be2ba174\">\n<div class=\"wp-block-columns is-layout-flex wp-container-core-columns-is-layout-9d6595d7 wp-block-columns-is-layout-flex\">\n<div class=\"wp-block-column is-vertically-aligned-top is-layout-flow wp-block-column-is-layout-flow\" style=\"flex-basis:20%\">\t\t\t\t\t<div\n\t\t\t\t\t\tclass=\"wp-block-uagb-image-gallery uagb-block-ba4a6573\"\n\t\t\t\t\t\tstyle=\"\"\n\t\t\t\t\t>\n\t\t\t\t\t\t\t\t\t\t\t<div class=\"spectra-image-gallery spectra-image-gallery__layout--masonry spectra-image-gallery__layout--masonry-col-1 spectra-image-gallery__layout--masonry-col-tab-1 spectra-image-gallery__layout--masonry-col-mob-1\">\n\t\t\t\t\t\t\t\t\t\t\t<div class='spectra-image-gallery__media-wrapper--isotope'>\n\t\t\t\t\t\t\t<div class='spectra-image-gallery__media-wrapper' data-spectra-gallery-image-id='2269' tabindex=\"0\">\n\t\t\t\t\t\t\t<div class=\"spectra-image-gallery__media spectra-image-gallery__media--masonry\">\n\t\t\t\t<picture>\n\t\t\t\t\t<source media=\"(min-width: 1024px)\" srcset=\"https:\/\/mairie-montataire.fr\/app\/uploads\/2024\/07\/Logo_Coallia-1024x286.jpg\">\n\t\t\t\t\t<source media=\"(min-width: 768px)\" srcset=\"https:\/\/mairie-montataire.fr\/app\/uploads\/2024\/07\/Logo_Coallia-1024x286.jpg\">\n\t\t\t\t\t<img decoding=\"async\" class=\"spectra-image-gallery__media-thumbnail spectra-image-gallery__media-thumbnail--masonry\" src=\"https:\/\/mairie-montataire.fr\/app\/uploads\/2024\/07\/Logo_Coallia-300x84.jpg\" alt=\"\" loading=\"lazy\" \/>\n\t\t\t\t<\/picture>\n\t\t\t\t<div class=\"spectra-image-gallery__media-thumbnail-blurrer\"><\/div>\n\t\t\t\t\t\t\t\t\t\t\t<div class=\"spectra-image-gallery__media-thumbnail-caption-wrapper spectra-image-gallery__media-thumbnail-caption-wrapper--overlay\"><\/div>\n\t\t\t\t\t\t\t\t<\/div>\n\t\t\t\t\t\t<\/div>\n\t\t\t\t\t\t<\/div>\n\t\t\t\t\t\t\t\t\t\t<\/div>\n\t\t\t\t\t\t\t\t\t\t\t\t\t\t\t\t\t\t<\/div>\n\t\t\t\t\t\t\t\t\t<\/div>\n\n\n\n<div class=\"wp-block-column is-layout-constrained wp-block-column-is-layout-constrained\" style=\"flex-basis:66.66%\">\n<h3 class=\"wp-block-heading\">Coallia<\/h3>\n\n\n\n<p>Coallia is an association dedicated to the social and professional integration of people in precarious situations. It offers social support services, adapted housing and vocational training.<br><br>14, rue Andr\u00e9 Ginisti<br>60160 - Montataire<br><br>03 44 25 67 14<br><br><a href=\"https:\/\/coallia.org\/\" data-type=\"link\" data-id=\"https:\/\/coallia.org\/\" target=\"_blank\" rel=\"noreferrer noopener\">coallia.org<\/a><\/p>\n<\/div>\n<\/div>\n<\/div>\n\n\n\n<div class=\"wp-block-uagb-container uagb-block-513c2c12\">\n<div class=\"wp-block-columns is-layout-flex wp-container-core-columns-is-layout-9d6595d7 wp-block-columns-is-layout-flex\">\n<div class=\"wp-block-column is-vertically-aligned-top is-layout-constrained wp-block-column-is-layout-constrained\" style=\"flex-basis:20%\">\t\t\t\t\t<div\n\t\t\t\t\t\tclass=\"wp-block-uagb-image-gallery uagb-block-dc3a25be\"\n\t\t\t\t\t\tstyle=\"\"\n\t\t\t\t\t>\n\t\t\t\t\t\t\t\t\t\t\t<div class=\"spectra-image-gallery spectra-image-gallery__layout--masonry spectra-image-gallery__layout--masonry-col-1 spectra-image-gallery__layout--masonry-col-tab-1 spectra-image-gallery__layout--masonry-col-mob-1\">\n\t\t\t\t\t\t\t\t\t\t\t<div class='spectra-image-gallery__media-wrapper--isotope'>\n\t\t\t\t\t\t\t<div class='spectra-image-gallery__media-wrapper' data-spectra-gallery-image-id='2266' tabindex=\"0\">\n\t\t\t\t\t\t\t<div class=\"spectra-image-gallery__media spectra-image-gallery__media--masonry\">\n\t\t\t\t<picture>\n\t\t\t\t\t<source media=\"(min-width: 1024px)\" srcset=\"https:\/\/mairie-montataire.fr\/app\/uploads\/2024\/07\/logo-CAF.png\">\n\t\t\t\t\t<source media=\"(min-width: 768px)\" srcset=\"https:\/\/mairie-montataire.fr\/app\/uploads\/2024\/07\/logo-CAF.png\">\n\t\t\t\t\t<img decoding=\"async\" class=\"spectra-image-gallery__media-thumbnail spectra-image-gallery__media-thumbnail--masonry\" src=\"https:\/\/mairie-montataire.fr\/app\/uploads\/2024\/07\/logo-CAF.png\" alt=\"\" loading=\"lazy\" \/>\n\t\t\t\t<\/picture>\n\t\t\t\t<div class=\"spectra-image-gallery__media-thumbnail-blurrer\"><\/div>\n\t\t\t\t\t\t\t\t\t\t\t<div class=\"spectra-image-gallery__media-thumbnail-caption-wrapper spectra-image-gallery__media-thumbnail-caption-wrapper--overlay\"><\/div>\n\t\t\t\t\t\t\t\t<\/div>\n\t\t\t\t\t\t<\/div>\n\t\t\t\t\t\t<\/div>\n\t\t\t\t\t\t\t\t\t\t<\/div>\n\t\t\t\t\t\t\t\t\t\t\t\t\t\t\t\t\t\t<\/div>\n\t\t\t\t\t\t\t\t\t<\/div>\n\n\n\n<div class=\"wp-block-column is-layout-constrained wp-block-column-is-layout-constrained\" style=\"flex-basis:66.66%\">\n<h3 class=\"wp-block-heading\">Family Allowance Funds (CAF)<\/h3>\n\n\n\n<p>The CAF offers the Aide Personnalis\u00e9e au Logement (APL) to reduce rent or mortgage repayments, subject to a means test. It also offers a moving allowance to large families to cover part of the cost of moving house.&nbsp;<\/p>\n\n\n\n<p>2, rue Charles Auguste Duguet<br>60100 - Creil<\/p>\n\n\n\n<p><a href=\"https:\/\/www.caf.fr\/allocataires\/caf-de-l-oise\" target=\"_blank\" rel=\"noreferrer noopener\">caf.fr<\/a><\/p>\n<\/div>\n<\/div>\n<\/div>\n<\/div><\/div>\n\n\n\n<div class=\"wp-block-uagb-container uagb-block-d9eae22c alignfull uagb-is-root-container\"><div class=\"uagb-container-inner-blocks-wrap\">\n<div class=\"wp-block-uagb-container uagb-block-09add62c\">\n<div class=\"wp-block-columns is-layout-flex wp-container-core-columns-is-layout-9d6595d7 wp-block-columns-is-layout-flex\">\n<div class=\"wp-block-column is-vertically-aligned-top is-layout-flow wp-block-column-is-layout-flow\" style=\"padding-top:0;padding-right:0;padding-bottom:0;padding-left:0;flex-basis:20%\">\t\t\t\t\t<div\n\t\t\t\t\t\tclass=\"wp-block-uagb-image-gallery uagb-block-85f8ccc9\"\n\t\t\t\t\t\tstyle=\"\"\n\t\t\t\t\t>\n\t\t\t\t\t\t\t\t\t\t\t<div class=\"spectra-image-gallery spectra-image-gallery__layout--masonry spectra-image-gallery__layout--masonry-col-1 spectra-image-gallery__layout--masonry-col-tab-1 spectra-image-gallery__layout--masonry-col-mob-1\">\n\t\t\t\t\t\t\t\t\t\t\t<div class='spectra-image-gallery__media-wrapper--isotope'>\n\t\t\t\t\t\t\t<div class='spectra-image-gallery__media-wrapper' data-spectra-gallery-image-id='2268' tabindex=\"0\">\n\t\t\t\t\t\t\t<div class=\"spectra-image-gallery__media spectra-image-gallery__media--masonry\">\n\t\t\t\t<picture>\n\t\t\t\t\t<source media=\"(min-width: 1024px)\" srcset=\"https:\/\/mairie-montataire.fr\/app\/uploads\/2024\/07\/Logo_ADOHJ.png\">\n\t\t\t\t\t<source media=\"(min-width: 768px)\" srcset=\"https:\/\/mairie-montataire.fr\/app\/uploads\/2024\/07\/Logo_ADOHJ.png\">\n\t\t\t\t\t<img decoding=\"async\" class=\"spectra-image-gallery__media-thumbnail spectra-image-gallery__media-thumbnail--masonry\" src=\"https:\/\/mairie-montataire.fr\/app\/uploads\/2024\/07\/Logo_ADOHJ-300x263.png\" alt=\"\" loading=\"lazy\" \/>\n\t\t\t\t<\/picture>\n\t\t\t\t<div class=\"spectra-image-gallery__media-thumbnail-blurrer\"><\/div>\n\t\t\t\t\t\t\t\t\t\t\t<div class=\"spectra-image-gallery__media-thumbnail-caption-wrapper spectra-image-gallery__media-thumbnail-caption-wrapper--overlay\"><\/div>\n\t\t\t\t\t\t\t\t<\/div>\n\t\t\t\t\t\t<\/div>\n\t\t\t\t\t\t<\/div>\n\t\t\t\t\t\t\t\t\t\t<\/div>\n\t\t\t\t\t\t\t\t\t\t\t\t\t\t\t\t\t\t<\/div>\n\t\t\t\t\t\t\t\t\t<\/div>\n\n\n\n<div class=\"wp-block-column is-layout-flow wp-block-column-is-layout-flow\" style=\"flex-basis:66.66%\">\n<h3 class=\"wp-block-heading\">Oise Departmental Association for Youth Housing (ADOHJ)<\/h3>\n\n\n\n<p>ADOHJ offers temporary accommodation in 7 residences in Nogent-sur-Oise, Montataire, Beauvais, Chantilly and Senlis. Personalised support helps each resident to pursue his or her plans and to flourish, with each housing application considered on an individual basis.<\/p>\n\n\n\n<p style=\"text-decoration:underline\">Foyer des Jeunes Travailleurs<\/p>\n\n\n\n<p>50, rue G\u00e9n\u00e9ral de Gaulle<br>60180 - Nogent-sur-Oise<br><br>03 44 71 68 61<br><br><a href=\"mailto:adohj@adohj.fr\">adohj@adohj.fr<\/a><br><br><a href=\"https:\/\/www.adohj.fr\/\" data-type=\"link\" data-id=\"https:\/\/www.adohj.fr\/\" target=\"_blank\" rel=\"noreferrer noopener\">adohj.fr<\/a><\/p>\n<\/div>\n<\/div>\n<\/div>\n\n\n\n<div class=\"wp-block-uagb-container uagb-block-dec8b7a8\"><\/div>\n<\/div><\/div>","protected":false},"excerpt":{"rendered":"<p>Bourses\u2026 &#8230; aux \u00e9tudiants post bac La ville offre une bourse aux jeunes Montatairien\u00b7ne\u00b7s pour soutenir leurs \u00e9tudes sup\u00e9rieures, avec une aide compl\u00e9mentaire possible selon la zone g\u00e9ographique. Les \u00e9tudiants, \u00e2g\u00e9s de 28 ans maximum, dont les parents r\u00e9sident \u00e0 Montataire sont \u00e9ligibles. Le montant de la bourse est d\u00e9termin\u00e9 en fonction des revenus des [&hellip;]<\/p>\n","protected":false},"author":1,"featured_media":2264,"parent":114,"menu_order":21,"comment_status":"closed","ping_status":"closed","template":"","meta":{"_acf_changed":false,"_uag_custom_page_level_css":"","footnotes":""},"class_list":["post-138","page","type-page","status-publish","has-post-thumbnail","hentry"],"acf":[],"uagb_featured_image_src":{"full":["https:\/\/mairie-montataire.fr\/app\/uploads\/2024\/07\/1.3.3_AccompagnementsJeunesse.jpg",500,350,false],"thumbnail":["https:\/\/mairie-montataire.fr\/app\/uploads\/2024\/07\/1.3.3_AccompagnementsJeunesse-150x150.jpg",150,150,true],"medium":["https:\/\/mairie-montataire.fr\/app\/uploads\/2024\/07\/1.3.3_AccompagnementsJeunesse-300x210.jpg",300,210,true],"medium_large":["https:\/\/mairie-montataire.fr\/app\/uploads\/2024\/07\/1.3.3_AccompagnementsJeunesse.jpg",500,350,false],"large":["https:\/\/mairie-montataire.fr\/app\/uploads\/2024\/07\/1.3.3_AccompagnementsJeunesse.jpg",500,350,false],"1536x1536":["https:\/\/mairie-montataire.fr\/app\/uploads\/2024\/07\/1.3.3_AccompagnementsJeunesse.jpg",500,350,false],"2048x2048":["https:\/\/mairie-montataire.fr\/app\/uploads\/2024\/07\/1.3.3_AccompagnementsJeunesse.jpg",500,350,false],"trp-custom-language-flag":["https:\/\/mairie-montataire.fr\/app\/uploads\/2024\/07\/1.3.3_AccompagnementsJeunesse.jpg",18,12,false],"gform-image-choice-sm":["https:\/\/mairie-montataire.fr\/app\/uploads\/2024\/07\/1.3.3_AccompagnementsJeunesse.jpg",300,210,false],"gform-image-choice-md":["https:\/\/mairie-montataire.fr\/app\/uploads\/2024\/07\/1.3.3_AccompagnementsJeunesse.jpg",400,280,false],"gform-image-choice-lg":["https:\/\/mairie-montataire.fr\/app\/uploads\/2024\/07\/1.3.3_AccompagnementsJeunesse.jpg",500,350,false]},"uagb_author_info":{"display_name":"mentalworks","author_link":"https:\/\/mairie-montataire.fr\/en\/actualites\/author\/mentalworks\/"},"uagb_comment_info":0,"uagb_excerpt":"Bourses\u2026 &#8230; aux \u00e9tudiants post bac La ville offre une bourse aux jeunes Montatairien\u00b7ne\u00b7s pour soutenir leurs \u00e9tudes sup\u00e9rieures, avec une aide compl\u00e9mentaire possible selon la zone g\u00e9ographique. Les \u00e9tudiants, \u00e2g\u00e9s de 28 ans maximum, dont les parents r\u00e9sident \u00e0 Montataire sont \u00e9ligibles. Le montant de la bourse est d\u00e9termin\u00e9 en fonction des revenus des&hellip;","_links":{"self":[{"href":"https:\/\/mairie-montataire.fr\/en\/wp-json\/wp\/v2\/pages\/138","targetHints":{"allow":["GET"]}}],"collection":[{"href":"https:\/\/mairie-montataire.fr\/en\/wp-json\/wp\/v2\/pages"}],"about":[{"href":"https:\/\/mairie-montataire.fr\/en\/wp-json\/wp\/v2\/types\/page"}],"author":[{"embeddable":true,"href":"https:\/\/mairie-montataire.fr\/en\/wp-json\/wp\/v2\/users\/1"}],"replies":[{"embeddable":true,"href":"https:\/\/mairie-montataire.fr\/en\/wp-json\/wp\/v2\/comments?post=138"}],"version-history":[{"count":86,"href":"https:\/\/mairie-montataire.fr\/en\/wp-json\/wp\/v2\/pages\/138\/revisions"}],"predecessor-version":[{"id":7469,"href":"https:\/\/mairie-montataire.fr\/en\/wp-json\/wp\/v2\/pages\/138\/revisions\/7469"}],"up":[{"embeddable":true,"href":"https:\/\/mairie-montataire.fr\/en\/wp-json\/wp\/v2\/pages\/114"}],"wp:featuredmedia":[{"embeddable":true,"href":"https:\/\/mairie-montataire.fr\/en\/wp-json\/wp\/v2\/media\/2264"}],"wp:attachment":[{"href":"https:\/\/mairie-montataire.fr\/en\/wp-json\/wp\/v2\/media?parent=138"}],"curies":[{"name":"wp","href":"https:\/\/api.w.org\/{rel}","templated":true}]}}