{"id":124,"date":"2024-05-03T09:24:10","date_gmt":"2024-05-03T09:24:10","guid":{"rendered":"https:\/\/montataire.local\/?page_id=124"},"modified":"2025-10-29T14:02:28","modified_gmt":"2025-10-29T14:02:28","slug":"multi-care-nursery","status":"publish","type":"page","link":"https:\/\/mairie-montataire.fr\/en\/habiter\/petite-enfance\/creche-multi-accueil\/","title":{"rendered":"Cr\u00e8che &amp; Multi-Accueil"},"content":{"rendered":"<p><strong>The \"Le Jardin Enchant\u00e9\" multi-care centre and the \"Louise Michel\" cr\u00e8che welcome children from the age of four months until they start school in optimum conditions, thanks to qualified staff and suitable premises. These collective childcare services are open to all, with priority given to Montataire residents.<\/strong><\/p>\n\n\n\n<h2 class=\"wp-block-heading\">A choice of facilities<\/h2>\n\n\n\n<p>The cr\u00e8che and multi-accueil offer two types of care:<\/p>\n\n\n\n<ul style=\"padding-right:var(--wp--preset--spacing--70);padding-left:var(--wp--preset--spacing--70)\" class=\"wp-block-list\">\n<li style=\"font-style:normal;font-weight:400\">Regular care for families who work or are in training,<\/li>\n\n\n\n<li style=\"font-style:normal;font-weight:400\">Occasional childcare for families looking for work, those who want to work on separation and encourage socialisation.<\/li>\n<\/ul>\n\n\n\n<h2 class=\"wp-block-heading\">Opening times for facilities<\/h2>\n\n\n\n<figure class=\"wp-block-table\"><table><thead><tr><th><\/th><th>Cr\u00e8che<\/th><th>Multi-accueil<\/th><\/tr><\/thead><tbody><tr><td>Timetable<\/td><td>7am-7pm<br>Monday to Friday, excluding public holidays<\/td><td>8 a.m. to 6 p.m.<br>Monday to Friday, excluding public holidays<\/td><\/tr><tr><td>Capacity<\/td><td>48 per day<br>(44 regular places and 4 occasional places).<\/td><td>22 per day<br>(15 regular places and 7 occasional places. <br>Continuous days and two half-days are possible depending on the number of places available).<\/td><\/tr><tr><td>Management <br>of the group<\/td><td colspan=\"2\">Mixed-age care<\/td><\/tr><tr><td>Reception mode<\/td><td colspan=\"2\">Regular childcare is reserved for families where both parents have a professional activity (job or training), unlike occasional childcare.<br><br><strong>A contract between the municipality and the families is obligatory in both cases.<\/strong><\/td><\/tr><\/tbody><\/table><\/figure>\n\n\n\n<h2 class=\"wp-block-heading\">Price list<\/h2>\n\n\n\n<p><strong>The hourly rate for childcare varies from \u20ac0.44 to \u20ac3.71 per hour per child for a family with one child. This amount is determined on the basis of the family's income two years previously and its composition.<\/strong><\/p>\n\n\n\n<p>This approach aims to adapt costs to families' financial resources, thereby ensuring fair access to these essential childcare services. Thanks to this fee modulation, families can benefit from assistance tailored to their needs while taking into account their specific financial situation.<\/p>\n\n\n\n<h2 class=\"wp-block-heading\">How do I register?&nbsp;<\/h2>\n\n\n\n<p><a href=\"https:\/\/mairie-montataire.fr\/en\/online-procedures\/day-nurseries-and-childminders\/\">You must make an appointment with the RPE coordinator.<\/a> She will guide you through the procedure and help you pre-register.&nbsp;<\/p>\n\n\n\n<h2 class=\"wp-block-heading\">The most!&nbsp;<\/h2>\n\n\n\n<p>Children attending the town's early childhood centres benefit from individual and collective support:<\/p>\n\n\n\n<ul style=\"padding-top:0;padding-right:var(--wp--preset--spacing--70);padding-bottom:0;padding-left:var(--wp--preset--spacing--70)\" class=\"wp-block-list\">\n<li style=\"padding-right:0;padding-left:0;font-style:normal;font-weight:400\">Autonomy<\/li>\n\n\n\n<li style=\"font-style:normal;font-weight:400\">Socialisation<\/li>\n\n\n\n<li style=\"font-style:normal;font-weight:400\">Respect for psycho-affective development<\/li>\n<\/ul>\n\n\n\n<p><br>Prevention initiatives are also carried out by a multidisciplinary team:<\/p>\n\n\n\n<ul style=\"padding-right:var(--wp--preset--spacing--70);padding-left:var(--wp--preset--spacing--70)\" class=\"wp-block-list\">\n<li style=\"font-style:normal;font-weight:400\">Psychologist,\u00a0<\/li>\n\n\n\n<li style=\"font-style:normal;font-weight:400\">Nursery nurse<\/li>\n\n\n\n<li style=\"font-style:normal;font-weight:400\">Health and inclusion advisor<\/li>\n\n\n\n<li style=\"font-style:normal;font-weight:400\">Early childhood educators<\/li>\n\n\n\n<li style=\"font-style:normal;font-weight:400\">Childcare assistants&nbsp;&nbsp;<\/li>\n<\/ul>\n\n\n\n<p><br>There are also a few other highlights:&nbsp;<\/p>\n\n\n\n<ul style=\"padding-right:var(--wp--preset--spacing--70);padding-left:var(--wp--preset--spacing--70)\" class=\"wp-block-list\">\n<li style=\"font-style:normal;font-weight:400\">A musician comes in once a week to introduce children to music.<\/li>\n\n\n\n<li style=\"font-style:normal;font-weight:400\">An intergenerational partnership with the R\u00e9sidence Autonomie Maurice Mignon and the cr\u00e8che.<\/li>\n<\/ul>\n\n\n<div class=\"highlight\">\n                <div class=\"highlight__description\"><p style=\"text-align: center;\"><strong>All children attending the cr\u00e8che, the multi-accueil and the RPE<br \/>\nmeet at key events throughout the year,<br \/>\nsuch as the end-of-year party and the children's carnival.<\/strong><\/p>\n<\/div>\n    <\/div>\n\n\t\t\t\t\t<div\n\t\t\t\t\t\tclass=\"wp-block-uagb-image-gallery uagb-block-a3ca9379\"\n\t\t\t\t\t\tstyle=\"\"\n\t\t\t\t\t>\n\t\t\t\t\t\t\t\t\t\t\t<div class=\"spectra-image-gallery spectra-image-gallery__layout--grid spectra-image-gallery__layout--grid-col-3 spectra-image-gallery__layout--grid-col-tab-3 spectra-image-gallery__layout--grid-col-mob-3\">\n\t\t\t\t\t\t\t\t\t\t\t<div class='spectra-image-gallery__media-wrapper' data-spectra-gallery-image-id='1961' tabindex=\"0\">\n\t\t\t\t\t\t\t<div class=\"spectra-image-gallery__media spectra-image-gallery__media--grid\">\n\t\t\t\t<picture>\n\t\t\t\t\t<source media=\"(min-width: 1024px)\" srcset=\"https:\/\/mairie-montataire.fr\/app\/uploads\/2024\/07\/2024-05-29-50-ans-creche-40-1024x683.jpg\">\n\t\t\t\t\t<source media=\"(min-width: 768px)\" srcset=\"https:\/\/mairie-montataire.fr\/app\/uploads\/2024\/07\/2024-05-29-50-ans-creche-40-1024x683.jpg\">\n\t\t\t\t\t<img decoding=\"async\" class=\"spectra-image-gallery__media-thumbnail spectra-image-gallery__media-thumbnail--grid\" src=\"https:\/\/mairie-montataire.fr\/app\/uploads\/2024\/07\/2024-05-29-50-ans-creche-40-300x200.jpg\" alt=\"50th anniversary of the Louise Michel cr\u00e8che\" loading=\"lazy\" \/>\n\t\t\t\t<\/picture>\n\t\t\t\t<div class=\"spectra-image-gallery__media-thumbnail-blurrer\"><\/div>\n\t\t\t\t\t\t\t\t\t\t\t<div class=\"spectra-image-gallery__media-thumbnail-caption-wrapper spectra-image-gallery__media-thumbnail-caption-wrapper--overlay\">\n\t\t\t\t\t\t\t\t\t\t\t<div class=\"spectra-image-gallery__media-thumbnail-caption spectra-image-gallery__media-thumbnail-caption--overlay\">\n\t\t\t\t\t50th anniversary of the Louise Michel cr\u00e8che\t\t\t\t<\/div>\n\t\t\t\t\t\t\t\t\t\t<\/div>\n\t\t\t\t\t\t\t\t\t<\/div>\n\t\t\t\t\t\t<\/div>\n\t\t\t\t\t\t<div class='spectra-image-gallery__media-wrapper' data-spectra-gallery-image-id='1960' tabindex=\"0\">\n\t\t\t\t\t\t\t<div class=\"spectra-image-gallery__media spectra-image-gallery__media--grid\">\n\t\t\t\t<picture>\n\t\t\t\t\t<source media=\"(min-width: 1024px)\" srcset=\"https:\/\/mairie-montataire.fr\/app\/uploads\/2024\/07\/2022-05-25-Carnaval-Petite-Enfance-36-1024x683.jpg\">\n\t\t\t\t\t<source media=\"(min-width: 768px)\" srcset=\"https:\/\/mairie-montataire.fr\/app\/uploads\/2024\/07\/2022-05-25-Carnaval-Petite-Enfance-36-1024x683.jpg\">\n\t\t\t\t\t<img decoding=\"async\" class=\"spectra-image-gallery__media-thumbnail spectra-image-gallery__media-thumbnail--grid\" src=\"https:\/\/mairie-montataire.fr\/app\/uploads\/2024\/07\/2022-05-25-Carnaval-Petite-Enfance-36-300x200.jpg\" alt=\"children dressed up for carnival Early childhood\" loading=\"lazy\" \/>\n\t\t\t\t<\/picture>\n\t\t\t\t<div class=\"spectra-image-gallery__media-thumbnail-blurrer\"><\/div>\n\t\t\t\t\t\t\t\t\t\t\t<div class=\"spectra-image-gallery__media-thumbnail-caption-wrapper spectra-image-gallery__media-thumbnail-caption-wrapper--overlay\">\n\t\t\t\t\t\t\t\t\t\t\t<div class=\"spectra-image-gallery__media-thumbnail-caption spectra-image-gallery__media-thumbnail-caption--overlay\">\n\t\t\t\t\tCarnival for young children at the leisure centre \t\t\t\t<\/div>\n\t\t\t\t\t\t\t\t\t\t<\/div>\n\t\t\t\t\t\t\t\t\t<\/div>\n\t\t\t\t\t\t<\/div>\n\t\t\t\t\t\t<div class='spectra-image-gallery__media-wrapper' data-spectra-gallery-image-id='1958' tabindex=\"0\">\n\t\t\t\t\t\t\t<div class=\"spectra-image-gallery__media spectra-image-gallery__media--grid\">\n\t\t\t\t<picture>\n\t\t\t\t\t<source media=\"(min-width: 1024px)\" srcset=\"https:\/\/mairie-montataire.fr\/app\/uploads\/2024\/07\/2022-05-25-Carnaval-Petite-Enfance-16-1024x683.jpg\">\n\t\t\t\t\t<source media=\"(min-width: 768px)\" srcset=\"https:\/\/mairie-montataire.fr\/app\/uploads\/2024\/07\/2022-05-25-Carnaval-Petite-Enfance-16-1024x683.jpg\">\n\t\t\t\t\t<img decoding=\"async\" class=\"spectra-image-gallery__media-thumbnail spectra-image-gallery__media-thumbnail--grid\" src=\"https:\/\/mairie-montataire.fr\/app\/uploads\/2024\/07\/2022-05-25-Carnaval-Petite-Enfance-16-300x200.jpg\" alt=\"Group of adults dancing in a circle with toddlers\" loading=\"lazy\" \/>\n\t\t\t\t<\/picture>\n\t\t\t\t<div class=\"spectra-image-gallery__media-thumbnail-blurrer\"><\/div>\n\t\t\t\t\t\t\t\t\t\t\t<div class=\"spectra-image-gallery__media-thumbnail-caption-wrapper spectra-image-gallery__media-thumbnail-caption-wrapper--overlay\">\n\t\t\t\t\t\t\t\t\t\t\t<div class=\"spectra-image-gallery__media-thumbnail-caption spectra-image-gallery__media-thumbnail-caption--overlay\">\n\t\t\t\t\tCarnival for young children at the leisure centre \t\t\t\t<\/div>\n\t\t\t\t\t\t\t\t\t\t<\/div>\n\t\t\t\t\t\t\t\t\t<\/div>\n\t\t\t\t\t\t<\/div>\n\t\t\t\t\t\t\t\t\t\t<\/div>\n\t\t\t\t\t\t\t\t\t\t\t\t\t\t\t\t\t\t<\/div>\n\t\t\t\t\t\t\t\t\t\t\t<div class='spectra-image-gallery__control-lightbox' tabindex='0'>\n\t\t\t\t\t\t\t\t\t\t\t<div class=\"swiper spectra-image-gallery__control-lightbox--main\" dir=\"\">\n\t\t\t\t\t<div class=\"swiper-wrapper\">\n\t\t\t\t\t\t\t\t\t\t\t\t\t\n\t\t\t\t\t\t\t<div class=\"swiper-slide\">\n\t\t\t\t\t\t\t\t<img class=\"swiper-lazy\" data-src=\"https:\/\/mairie-montataire.fr\/app\/uploads\/2024\/07\/2024-05-29-50-ans-creche-40-scaled.jpg\" alt=\"50th anniversary of the Louise Michel cr\u00e8che\"\/>\n\t\t\t\t\t\t\t\t<div class=\"swiper-lazy-preloader swiper-lazy-preloader-white\"><\/div>\n\t\t\t\t\t\t\t\t\t\t\t\t\t\t\t\t\t<div class=\"spectra-image-gallery__control-lightbox--caption\" data-spectra-gallery-image-id='1961'>\n\t\t\t\t\t\t\t\t\t\t50th anniversary of the Louise Michel cr\u00e8che\t\t\t\t\t\t\t\t\t<\/div>\n\t\t\t\t\t\t\t\t\t\t\t\t\t\t\t<\/div>\n\t\t\t\t\t\t\t\t\t\t\t\t\t\n\t\t\t\t\t\t\t<div class=\"swiper-slide\">\n\t\t\t\t\t\t\t\t<img class=\"swiper-lazy\" data-src=\"https:\/\/mairie-montataire.fr\/app\/uploads\/2024\/07\/2022-05-25-Carnaval-Petite-Enfance-36-scaled.jpg\" alt=\"children dressed up for carnival Early childhood\"\/>\n\t\t\t\t\t\t\t\t<div class=\"swiper-lazy-preloader swiper-lazy-preloader-white\"><\/div>\n\t\t\t\t\t\t\t\t\t\t\t\t\t\t\t\t\t<div class=\"spectra-image-gallery__control-lightbox--caption\" data-spectra-gallery-image-id='1960'>\n\t\t\t\t\t\t\t\t\t\tCarnival for young children at the leisure centre \t\t\t\t\t\t\t\t\t<\/div>\n\t\t\t\t\t\t\t\t\t\t\t\t\t\t\t<\/div>\n\t\t\t\t\t\t\t\t\t\t\t\t\t\n\t\t\t\t\t\t\t<div class=\"swiper-slide\">\n\t\t\t\t\t\t\t\t<img class=\"swiper-lazy\" data-src=\"https:\/\/mairie-montataire.fr\/app\/uploads\/2024\/07\/2022-05-25-Carnaval-Petite-Enfance-16-scaled.jpg\" alt=\"Group of adults dancing in a circle with toddlers\"\/>\n\t\t\t\t\t\t\t\t<div class=\"swiper-lazy-preloader swiper-lazy-preloader-white\"><\/div>\n\t\t\t\t\t\t\t\t\t\t\t\t\t\t\t\t\t<div class=\"spectra-image-gallery__control-lightbox--caption\" data-spectra-gallery-image-id='1958'>\n\t\t\t\t\t\t\t\t\t\tCarnival for young children at the leisure centre \t\t\t\t\t\t\t\t\t<\/div>\n\t\t\t\t\t\t\t\t\t\t\t\t\t\t\t<\/div>\n\t\t\t\t\t\t\t\t\t\t\t<\/div>\n\t\t\t\t\t<div class=\"swiper-button-next\"><\/div>\n\t\t\t\t\t<div class=\"swiper-button-prev\"><\/div>\n\t\t\t\t<\/div>\t\t\t\n\t\t\t\t\t\t\t\t\t\t\t\t\t\t\t\t\t\t\t\t\t\t\t\t\t\t\t\t\t\t\t\t<button class='spectra-image-gallery__control-lightbox--close' aria-label=\"Close\">\n\t\t\t\t\t\t\t\t\t\t\t\t\t<svg xmlns=\"https:\/\/www.w3.org\/2000\/svg\" viewbox= \"0 0 320 512\"><path d=\"M310.6 361.4c12.5 12.5 12.5 32.75 0 45.25C304.4 412.9 296.2 416 288 416s-16.38-3.125-22.62-9.375L160 301.3L54.63 406.6C48.38 412.9 40.19 416 32 416S15.63 412.9 9.375 406.6c-12.5-12.5-12.5-32.75 0-45.25l105.4-105.4L9.375 150.6c-12.5-12.5-12.5-32.75 0-45.25s32.75-12.5 45.25 0L160 210.8l105.4-105.4c12.5-12.5 32.75-12.5 45.25 0s12.5 32.75 0 45.25l-105.4 105.4L310.6 361.4z\"><\/path><\/svg>\n\t\t\t\t\t\t\t\t\t\t\t\t<\/button>\n\t\t\t\t\t\t\t\t\t\t\t\t\t<\/div>\n\t\t\t\t\t\t\t\t\t\n\n\n<div style=\"height:75px\" aria-hidden=\"true\" class=\"wp-block-spacer\"><\/div>","protected":false},"excerpt":{"rendered":"<p>Le multi-accueil \u00ab\u00a0Le Jardin Enchant\u00e9\u00a0\u00bb et la cr\u00e8che \u00ab&nbsp;Louise Michel&nbsp;\u00bb accueillent les enfants \u00e2g\u00e9s de quatre mois jusqu&rsquo;\u00e0 leur entr\u00e9e \u00e0 l&rsquo;\u00e9cole dans des conditions optimales, gr\u00e2ce \u00e0 un personnel qualifi\u00e9 et des locaux adapt\u00e9s. Ces services d&rsquo;accueil collectif sont accessibles \u00e0 tous et toutes, avec une priorit\u00e9 accord\u00e9e aux habitant\u00b7e\u00b7s de Montataire. Accueils au [&hellip;]<\/p>\n","protected":false},"author":1,"featured_media":1012,"parent":110,"menu_order":11,"comment_status":"closed","ping_status":"closed","template":"","meta":{"_acf_changed":false,"_uag_custom_page_level_css":"","footnotes":""},"class_list":["post-124","page","type-page","status-publish","has-post-thumbnail","hentry"],"acf":[],"uagb_featured_image_src":{"full":["https:\/\/mairie-montataire.fr\/app\/uploads\/2024\/07\/1.1.2_creche.jpg",525,350,false],"thumbnail":["https:\/\/mairie-montataire.fr\/app\/uploads\/2024\/07\/1.1.2_creche-150x150.jpg",150,150,true],"medium":["https:\/\/mairie-montataire.fr\/app\/uploads\/2024\/07\/1.1.2_creche-300x200.jpg",300,200,true],"medium_large":["https:\/\/mairie-montataire.fr\/app\/uploads\/2024\/07\/1.1.2_creche.jpg",525,350,false],"large":["https:\/\/mairie-montataire.fr\/app\/uploads\/2024\/07\/1.1.2_creche.jpg",525,350,false],"1536x1536":["https:\/\/mairie-montataire.fr\/app\/uploads\/2024\/07\/1.1.2_creche.jpg",525,350,false],"2048x2048":["https:\/\/mairie-montataire.fr\/app\/uploads\/2024\/07\/1.1.2_creche.jpg",525,350,false],"trp-custom-language-flag":["https:\/\/mairie-montataire.fr\/app\/uploads\/2024\/07\/1.1.2_creche.jpg",18,12,false],"gform-image-choice-sm":["https:\/\/mairie-montataire.fr\/app\/uploads\/2024\/07\/1.1.2_creche.jpg",300,200,false],"gform-image-choice-md":["https:\/\/mairie-montataire.fr\/app\/uploads\/2024\/07\/1.1.2_creche.jpg",400,267,false],"gform-image-choice-lg":["https:\/\/mairie-montataire.fr\/app\/uploads\/2024\/07\/1.1.2_creche.jpg",525,350,false]},"uagb_author_info":{"display_name":"mentalworks","author_link":"https:\/\/mairie-montataire.fr\/en\/actualites\/author\/mentalworks\/"},"uagb_comment_info":0,"uagb_excerpt":"Le multi-accueil \u00ab\u00a0Le Jardin Enchant\u00e9\u00a0\u00bb et la cr\u00e8che \u00ab&nbsp;Louise Michel&nbsp;\u00bb accueillent les enfants \u00e2g\u00e9s de quatre mois jusqu&rsquo;\u00e0 leur entr\u00e9e \u00e0 l&rsquo;\u00e9cole dans des conditions optimales, gr\u00e2ce \u00e0 un personnel qualifi\u00e9 et des locaux adapt\u00e9s. Ces services d&rsquo;accueil collectif sont accessibles \u00e0 tous et toutes, avec une priorit\u00e9 accord\u00e9e aux habitant\u00b7e\u00b7s de Montataire. Accueils au&hellip;","_links":{"self":[{"href":"https:\/\/mairie-montataire.fr\/en\/wp-json\/wp\/v2\/pages\/124","targetHints":{"allow":["GET"]}}],"collection":[{"href":"https:\/\/mairie-montataire.fr\/en\/wp-json\/wp\/v2\/pages"}],"about":[{"href":"https:\/\/mairie-montataire.fr\/en\/wp-json\/wp\/v2\/types\/page"}],"author":[{"embeddable":true,"href":"https:\/\/mairie-montataire.fr\/en\/wp-json\/wp\/v2\/users\/1"}],"replies":[{"embeddable":true,"href":"https:\/\/mairie-montataire.fr\/en\/wp-json\/wp\/v2\/comments?post=124"}],"version-history":[{"count":53,"href":"https:\/\/mairie-montataire.fr\/en\/wp-json\/wp\/v2\/pages\/124\/revisions"}],"predecessor-version":[{"id":7060,"href":"https:\/\/mairie-montataire.fr\/en\/wp-json\/wp\/v2\/pages\/124\/revisions\/7060"}],"up":[{"embeddable":true,"href":"https:\/\/mairie-montataire.fr\/en\/wp-json\/wp\/v2\/pages\/110"}],"wp:featuredmedia":[{"embeddable":true,"href":"https:\/\/mairie-montataire.fr\/en\/wp-json\/wp\/v2\/media\/1012"}],"wp:attachment":[{"href":"https:\/\/mairie-montataire.fr\/en\/wp-json\/wp\/v2\/media?parent=124"}],"curies":[{"name":"wp","href":"https:\/\/api.w.org\/{rel}","templated":true}]}}