{"id":122,"date":"2024-05-03T09:23:52","date_gmt":"2024-05-03T09:23:52","guid":{"rendered":"https:\/\/montataire.local\/?page_id=122"},"modified":"2025-11-05T11:08:35","modified_gmt":"2025-11-05T11:08:35","slug":"early-childhood-relay","status":"publish","type":"page","link":"https:\/\/mairie-montataire.fr\/en\/habiter\/petite-enfance\/relais-petite-enfance\/","title":{"rendered":"Relais Petite Enfance (RPE)"},"content":{"rendered":"<div class=\"wp-block-uagb-container uagb-block-82392e2e alignfull uagb-is-root-container\"><div class=\"uagb-container-inner-blocks-wrap\">\n<div class=\"wp-block-uagb-container uagb-block-04d0a61d\">\n<figure class=\"wp-block-image aligncenter size-large is-resized\"><img loading=\"lazy\" decoding=\"async\" width=\"723\" height=\"1024\" src=\"https:\/\/mairie-montataire.fr\/app\/uploads\/2025\/10\/logo_RPE-723x1024.png\" alt=\"\" class=\"wp-image-7084\" style=\"width:191px;height:auto\" srcset=\"https:\/\/mairie-montataire.fr\/app\/uploads\/2025\/10\/logo_RPE-723x1024.png 723w, https:\/\/mairie-montataire.fr\/app\/uploads\/2025\/10\/logo_RPE-212x300.png 212w, https:\/\/mairie-montataire.fr\/app\/uploads\/2025\/10\/logo_RPE-768x1088.png 768w, https:\/\/mairie-montataire.fr\/app\/uploads\/2025\/10\/logo_RPE-1085x1536.png 1085w, https:\/\/mairie-montataire.fr\/app\/uploads\/2025\/10\/logo_RPE-8x12.png 8w, https:\/\/mairie-montataire.fr\/app\/uploads\/2025\/10\/logo_RPE.png 1168w\" sizes=\"auto, (max-width: 723px) 100vw, 723px\" \/><\/figure>\n<\/div>\n\n\n\n<div class=\"wp-block-uagb-container uagb-block-1f3363ba\">\n<p><strong><strong>The town of Montataire is piloting a multi-communal RPE, enabling Montatairiens and member towns to benefit from support on the various forms of individual and collective childcare.\u00a0<\/strong><\/strong><\/p>\n<\/div>\n<\/div><\/div>\n\n\n\n<h2 class=\"wp-block-heading\">What is an EPR?<\/h2>\n\n\n\n<p>The RPE coordinator provides families with information and guidance on all the different types of childcare available in the area: individual childcare (childminders) or collective childcare (cr\u00e8che or multi-accueil).<\/p>\n\n\n\n<p>For information about childcare, pre-registration or the list of childminders, please contact<strong> make an appointment with the facilitator.  She will guide you through the procedure.<\/strong><\/p>\n\n\n\n<h2 class=\"wp-block-heading\">The RPE for parents or future parents who employ a childminder or home childminder<\/h2>\n\n\n\n<p>The facilitator assists parents with the administrative formalities involved in employing a childminder (contracts, rights, duties, etc.). The RPE also informs you about the assistance and benefits to which you are entitled as the employer of a childminder or home childminder.<\/p>\n\n\n\n<p>When you employ a childminder or home childminder, you can benefit from <a href=\"https:\/\/www.caf.fr\/allocataires\/aides-et-demarches\/droits-et-prestations\/vie-personnelle\/le-complement-de-libre-choix-du-mode-de-garde-cmg\" target=\"_blank\" rel=\"noreferrer noopener\">Complement de libre choix du mode de garde (CMG) (childcare supplement)<\/a> which helps finance part of the cost of looking after your child.<\/p>\n\n\n\n<p>The Hauts-de-France region also offers a <a href=\"https:\/\/guide-aides.hautsdefrance.fr\/dispositif636\" target=\"_blank\" rel=\"noreferrer noopener\">childcare assistance AGE<\/a>.<\/p>\n\n\n\n<p>For further information, please contact the RPE coordinator.<\/p>\n\n\n\n<h2 class=\"wp-block-heading\">The RPE for childminders<\/h2>\n\n\n\n<p>The RPE is a place for professionals to meet and exchange ideas:<\/p>\n\n\n\n<ul class=\"wp-block-list\">\n<li style=\"font-style:normal;font-weight:400\">Take part in training courses, events and debates with other professionals<\/li>\n\n\n\n<li style=\"font-style:normal;font-weight:400\">Assistance with remuneration, paid leave and rights and obligations<\/li>\n\n\n\n<li style=\"font-style:normal;font-weight:400\">Take part in workshops for the children being looked after, subject to authorisation from the parent-employer<\/li>\n<\/ul>\n\n\n\n<div style=\"height:23px\" aria-hidden=\"true\" class=\"wp-block-spacer\"><\/div>\n\n\n\n<p>A few projects to highlight:<\/p>\n\n\n\n<ul class=\"wp-block-list\">\n<li style=\"font-style:normal;font-weight:400\"><strong>Intergenerational project :<\/strong> 1 workshop every 2 months at RAMM<\/li>\n\n\n\n<li style=\"font-style:normal;font-weight:400\"><strong>Baby gym project :<\/strong> 1 workshop every 2 months at the <a href=\"https:\/\/mairie-montataire.fr\/en\/directories\/sports-facilities\/michel-bouchoux-gymnasium\/\">Bouchoux room<\/a><\/li>\n\n\n\n<li style=\"font-style:normal;font-weight:400\"><strong>Library and games library project :<\/strong> about once a month<\/li>\n<\/ul>\n\n\n\n<div style=\"height:23px\" aria-hidden=\"true\" class=\"wp-block-spacer\"><\/div>\n\n\n\n<div class=\"wp-block-uagb-separator uagb-block-c6f0877f\"><div class=\"uagb-separator-spacing-wrapper\"><div class=\"wp-block-uagb-separator__inner\" style=\"--my-background-image:\"><\/div><\/div><\/div>\n\n\n\n<div class=\"wp-block-uagb-icon-list uagb-block-da0b9b7a\"><div class=\"uagb-icon-list__wrap\">\n<div class=\"wp-block-uagb-icon-list-child uagb-block-a0da2618\"><a target=\"_blank\" aria-label=\"Parental authorisation\" rel=\"noopener noreferrer\" href=\"https:\/\/mairie-montataire.fr\/en\/app\/uploads\/2025\/10\/Autorisation-parentale2025.pdf\/\"> <\/a><span class=\"uagb-icon-list__source-wrap\"><svg xmlns=\"https:\/\/www.w3.org\/2000\/svg\" viewbox=\"0 0 384 512\"><path d=\"M256 0v128h128L256 0zM224 128L224 0H48C21.49 0 0 21.49 0 48v416C0 490.5 21.49 512 48 512h288c26.51 0 48-21.49 48-48V160h-127.1C238.3 160 224 145.7 224 128zM272 416h-160C103.2 416 96 408.8 96 400C96 391.2 103.2 384 112 384h160c8.836 0 16 7.162 16 16C288 408.8 280.8 416 272 416zM272 352h-160C103.2 352 96 344.8 96 336C96 327.2 103.2 320 112 320h160c8.836 0 16 7.162 16 16C288 344.8 280.8 352 272 352zM288 272C288 280.8 280.8 288 272 288h-160C103.2 288 96 280.8 96 272C96 263.2 103.2 256 112 256h160C280.8 256 288 263.2 288 272z\"><\/path><\/svg><\/span><span class=\"uagb-icon-list__label\"><strong>Parental authorisation<\/strong><\/span><\/div>\n<\/div><\/div>\n\n\n\n<h2 class=\"wp-block-heading\">Would you like to become a marshal? The RPE can help.<\/h2>\n\n\n\n<p>By appointment, the facilitator will inform you about the conditions for accessing and practising the profession of childminder, as well as the financial aid available to help you set up your business.<\/p>\n\n\n\n<p><a href=\"https:\/\/www.service-public.gouv.fr\/particuliers\/vosdroits\/F798\" target=\"_blank\" rel=\"noreferrer noopener\">The government website also explains the process step by step.<\/a><\/p>\n\n\n\n<div class=\"wp-block-uagb-separator uagb-block-1b39294a\"><div class=\"uagb-separator-spacing-wrapper\"><div class=\"wp-block-uagb-separator__inner\" style=\"--my-background-image:\"><\/div><\/div><\/div>\n\n\n\n<div class=\"wp-block-uagb-icon-list uagb-block-a29fc561\"><div class=\"uagb-icon-list__wrap\">\n<div class=\"wp-block-uagb-icon-list-child uagb-block-9eeec83e\"><a target=\"_blank\" aria-label=\"Collective agreement for individual employers\" rel=\"noopener noreferrer\" href=\"https:\/\/mairie-montataire.fr\/en\/app\/uploads\/2025\/10\/Convention_collective2025.pdf\/\"> <\/a><span class=\"uagb-icon-list__source-wrap\"><svg xmlns=\"https:\/\/www.w3.org\/2000\/svg\" viewbox=\"0 0 384 512\"><path d=\"M256 0v128h128L256 0zM224 128L224 0H48C21.49 0 0 21.49 0 48v416C0 490.5 21.49 512 48 512h288c26.51 0 48-21.49 48-48V160h-127.1C238.3 160 224 145.7 224 128zM272 416h-160C103.2 416 96 408.8 96 400C96 391.2 103.2 384 112 384h160c8.836 0 16 7.162 16 16C288 408.8 280.8 416 272 416zM272 352h-160C103.2 352 96 344.8 96 336C96 327.2 103.2 320 112 320h160c8.836 0 16 7.162 16 16C288 344.8 280.8 352 272 352zM288 272C288 280.8 280.8 288 272 288h-160C103.2 288 96 280.8 96 272C96 263.2 103.2 256 112 256h160C280.8 256 288 263.2 288 272z\"><\/path><\/svg><\/span><span class=\"uagb-icon-list__label\"><strong>Collective agreement for individual employers<\/strong><\/span><\/div>\n<\/div><\/div>\n\n\n\n<h2 class=\"wp-block-heading\">City information<\/h2>\n\n\n\n<p><strong>All appointments are open to the public and to childminders.<\/strong><\/p>\n\n\n\n<div class=\"wp-block-uagb-container uagb-block-8373d82a alignfull uagb-is-root-container\"><div class=\"uagb-container-inner-blocks-wrap\">\n<div class=\"wp-block-uagb-container uagb-block-8e17eb49\">\n<figure class=\"wp-block-image size-large\"><a href=\"https:\/\/mairie-montataire.fr\/en\/\"><img loading=\"lazy\" decoding=\"async\" width=\"1024\" height=\"677\" src=\"https:\/\/mairie-montataire.fr\/app\/uploads\/2025\/10\/Logo_Montataire_RPE-1024x677.jpg\" alt=\"\" class=\"wp-image-7100\" srcset=\"https:\/\/mairie-montataire.fr\/app\/uploads\/2025\/10\/Logo_Montataire_RPE-1024x677.jpg 1024w, https:\/\/mairie-montataire.fr\/app\/uploads\/2025\/10\/Logo_Montataire_RPE-300x198.jpg 300w, https:\/\/mairie-montataire.fr\/app\/uploads\/2025\/10\/Logo_Montataire_RPE-768x508.jpg 768w, https:\/\/mairie-montataire.fr\/app\/uploads\/2025\/10\/Logo_Montataire_RPE-1536x1016.jpg 1536w, https:\/\/mairie-montataire.fr\/app\/uploads\/2025\/10\/Logo_Montataire_RPE-2048x1354.jpg 2048w, https:\/\/mairie-montataire.fr\/app\/uploads\/2025\/10\/Logo_Montataire_RPE-18x12.jpg 18w\" sizes=\"auto, (max-width: 1024px) 100vw, 1024px\" \/><\/a><\/figure>\n\n\n\n<p><strong>Administrative offices<\/strong><br>By appointment Monday to Friday <br><a href=\"https:\/\/www.google.com\/maps\/dir\/\/9+Imp.+de+l'Argili%C3%A8re,+60160+Montataire\/@49.2632813,2.4268551,898m\/data=!3m1!1e3!4m17!1m7!3m6!1s0x47e64bd94c3afdad:0x214b016d5af8561e!2s9+Imp.+de+l'Argili%C3%A8re,+60160+Montataire!3b1!8m2!3d49.2632813!4d2.42943!4m8!1m0!1m5!1m1!1s0x47e64bd94c3afdad:0x214b016d5af8561e!2m2!1d2.42943!2d49.2632813!3e0?authuser=0&amp;entry=ttu&amp;g_ep=EgoyMDI1MTAyOC4wIKXMDSoASAFQAw%3D%3D\" target=\"_blank\" rel=\"noreferrer noopener\">9 impasse de l'Argili\u00e8re - 60160 Montataire<\/a><\/p>\n\n\n\n<p><strong>Educational workshops for childminders<\/strong><br>Tuesdays and Thursdays from 9am to 11am <br><a href=\"https:\/\/www.google.com\/maps\/dir\/\/Centre+De+Loisirs+Pierre+Legrand,+3+Av.+Anatole+France,+60160+Montataire\/@49.2577523,2.4428296,231m\/data=!3m1!1e3!4m18!1m8!3m7!1s0x47e64bd58aca2d8f:0x5cedc3b28dc709da!2sCentre+De+Loisirs+Pierre+Legrand!8m2!3d49.2585937!4d2.4437193!15sCg9BTFNIIG1vbnRhdGFpcmVaESIPYWxzaCBtb250YXRhaXJlkgERcmVjcmVhdGlvbl9jZW50ZXKaASRDaGREU1VoTk1HOW5TMFZKUTBGblNVTktkRWxIZDNwUlJSQULgAQD6AQQIABAc!16s%2Fg%2F11fy_gghxd!4m8!1m0!1m5!1m1!1s0x47e64bd58aca2d8f:0x5cedc3b28dc709da!2m2!1d2.4437193!2d49.2585937!3e0?authuser=0&amp;entry=ttu&amp;g_ep=EgoyMDI1MTAyOC4wIKXMDSoASAFQAw%3D%3D\" target=\"_blank\" rel=\"noreferrer noopener\">At the Pierre Legrand Leisure Centre - Pavillon maternelle 3 years (outside school holidays), avenue Anatole France - 60160 Montataire<\/a><\/p>\n<\/div>\n\n\n\n<div class=\"wp-block-uagb-container uagb-block-4f662593\">\n<figure class=\"wp-block-image size-large\"><a href=\"https:\/\/www.saintmaximin.eu\/\" target=\"_blank\" rel=\" noreferrer noopener\"><img loading=\"lazy\" decoding=\"async\" width=\"1024\" height=\"677\" src=\"https:\/\/mairie-montataire.fr\/app\/uploads\/2025\/10\/Logo_SaintMaximin_RPE-1024x677.jpg\" alt=\"\" class=\"wp-image-7121\" srcset=\"https:\/\/mairie-montataire.fr\/app\/uploads\/2025\/10\/Logo_SaintMaximin_RPE-1024x677.jpg 1024w, https:\/\/mairie-montataire.fr\/app\/uploads\/2025\/10\/Logo_SaintMaximin_RPE-300x198.jpg 300w, https:\/\/mairie-montataire.fr\/app\/uploads\/2025\/10\/Logo_SaintMaximin_RPE-768x508.jpg 768w, https:\/\/mairie-montataire.fr\/app\/uploads\/2025\/10\/Logo_SaintMaximin_RPE-1536x1016.jpg 1536w, https:\/\/mairie-montataire.fr\/app\/uploads\/2025\/10\/Logo_SaintMaximin_RPE-2048x1354.jpg 2048w, https:\/\/mairie-montataire.fr\/app\/uploads\/2025\/10\/Logo_SaintMaximin_RPE-18x12.jpg 18w\" sizes=\"auto, (max-width: 1024px) 100vw, 1024px\" \/><\/a><\/figure>\n\n\n\n<p><strong>Administrative offices<\/strong><br>By appointment on Tuesdays from 8.30am to 12pm<br><a href=\"https:\/\/www.google.com\/maps\/dir\/\/Centre,+42+Rue+des+Fontaines,+60740+Saint-Maximin\/@49.2254685,2.4472478,240m\/data=!3m1!1e3!4m18!1m8!3m7!1s0x47e649a8e09a0f3b:0xa6139baa9b1814f6!2sCentre!8m2!3d49.2255479!4d2.4478155!15sCtwBQXRlbGllcnMgcMOpZGFnb2dpcXVlcyBkw6lkacOpcyBhdXggYXNzaXN0YW50ZXMgbWF0ZXJuZWxsZXMgTGVzIHZlbmRyZWRpcyBkZSA4aDMwIMOgIDEyaCDDgCBsJ2FjY3VlaWwgZGUgbG9pc2lycyBHdXkgTcO0cXVldCAtIFNhbGxlIGRlcyB0b3V0IHBldGl0cyAoaG9ycyB2YWNhbmNlcyBzY29sYWlyZXMpLCA0MiBydWUgZGVzIEZvbnRhaW5lcyDigJMgNjA3NDAgU2FpbnQtTWF4aW1pbpIBF2xvY2FsX2dvdmVybm1lbnRfb2ZmaWNl4AEA!16s%2Fg%2F11btmbs481!4m8!1m0!1m5!1m1!1s0x47e649a8e09a0f3b:0xa6139baa9b1814f6!2m2!1d2.4477142!2d49.2255722!3e0?authuser=0&amp;entry=ttu&amp;g_ep=EgoyMDI1MTAyOC4wIKXMDSoASAFQAw%3D%3D\" target=\"_blank\" rel=\"noreferrer noopener\">At the Guy M\u00f4quet leisure centre, 42 rue des Fontaines - 60740 Saint-Maximin<\/a><\/p>\n\n\n\n<p><strong>Educational workshops for childminders<\/strong><br>Fridays from 8.30am to 12pm<br><a href=\"https:\/\/www.google.com\/maps\/dir\/\/Centre,+42+Rue+des+Fontaines,+60740+Saint-Maximin\/@49.2254685,2.4472478,240m\/data=!3m1!1e3!4m18!1m8!3m7!1s0x47e649a8e09a0f3b:0xa6139baa9b1814f6!2sCentre!8m2!3d49.2255479!4d2.4478155!15sCtwBQXRlbGllcnMgcMOpZGFnb2dpcXVlcyBkw6lkacOpcyBhdXggYXNzaXN0YW50ZXMgbWF0ZXJuZWxsZXMgTGVzIHZlbmRyZWRpcyBkZSA4aDMwIMOgIDEyaCDDgCBsJ2FjY3VlaWwgZGUgbG9pc2lycyBHdXkgTcO0cXVldCAtIFNhbGxlIGRlcyB0b3V0IHBldGl0cyAoaG9ycyB2YWNhbmNlcyBzY29sYWlyZXMpLCA0MiBydWUgZGVzIEZvbnRhaW5lcyDigJMgNjA3NDAgU2FpbnQtTWF4aW1pbpIBF2xvY2FsX2dvdmVybm1lbnRfb2ZmaWNl4AEA!16s%2Fg%2F11btmbs481!4m8!1m0!1m5!1m1!1s0x47e649a8e09a0f3b:0xa6139baa9b1814f6!2m2!1d2.4477142!2d49.2255722!3e0?authuser=0&amp;entry=ttu&amp;g_ep=EgoyMDI1MTAyOC4wIKXMDSoASAFQAw%3D%3D\" target=\"_blank\" rel=\"noreferrer noopener\">At the Guy M\u00f4quet leisure centre - Salle des tout petits (outside school holidays), 42 rue des Fontaines - 60740 Saint-Maximin<\/a><br><\/p>\n<\/div>\n\n\n\n<div class=\"wp-block-uagb-container uagb-block-95c505f2\">\n<figure class=\"wp-block-image size-large\"><a href=\"http:\/\/www.ville-de-thiverny.fr\/\" target=\"_blank\" rel=\" noreferrer noopener\"><img loading=\"lazy\" decoding=\"async\" width=\"1024\" height=\"677\" src=\"https:\/\/mairie-montataire.fr\/app\/uploads\/2025\/10\/Logo_Thiverny_RPE-1024x677.jpg\" alt=\"\" class=\"wp-image-7102\" srcset=\"https:\/\/mairie-montataire.fr\/app\/uploads\/2025\/10\/Logo_Thiverny_RPE-1024x677.jpg 1024w, https:\/\/mairie-montataire.fr\/app\/uploads\/2025\/10\/Logo_Thiverny_RPE-300x198.jpg 300w, https:\/\/mairie-montataire.fr\/app\/uploads\/2025\/10\/Logo_Thiverny_RPE-768x508.jpg 768w, https:\/\/mairie-montataire.fr\/app\/uploads\/2025\/10\/Logo_Thiverny_RPE-1536x1016.jpg 1536w, https:\/\/mairie-montataire.fr\/app\/uploads\/2025\/10\/Logo_Thiverny_RPE-2048x1354.jpg 2048w, https:\/\/mairie-montataire.fr\/app\/uploads\/2025\/10\/Logo_Thiverny_RPE-18x12.jpg 18w\" sizes=\"auto, (max-width: 1024px) 100vw, 1024px\" \/><\/a><\/figure>\n\n\n\n<p><strong>Administrative offices<\/strong><br>By appointment Monday to Friday<br><a href=\"https:\/\/www.google.com\/maps\/dir\/\/9+Imp.+de+l'Argili%C3%A8re,+60160+Montataire\/@49.2632813,2.4268551,898m\/data=!3m1!1e3!4m17!1m7!3m6!1s0x47e64bd94c3afdad:0x214b016d5af8561e!2s9+Imp.+de+l'Argili%C3%A8re,+60160+Montataire!3b1!8m2!3d49.2632813!4d2.42943!4m8!1m0!1m5!1m1!1s0x47e64bd94c3afdad:0x214b016d5af8561e!2m2!1d2.42943!2d49.2632813!3e0?authuser=0&amp;entry=ttu&amp;g_ep=EgoyMDI1MTAyOC4wIKXMDSoASAFQAw%3D%3D\" target=\"_blank\" rel=\"noreferrer noopener\">9 impasse de l'Argili\u00e8re - 60160 Montataire<\/a><\/p>\n\n\n\n<p><strong>Educational workshops for childminders<\/strong><br>Tuesdays and Thursdays from 9am to 11am <br><a href=\"https:\/\/www.google.com\/maps\/dir\/\/Centre+De+Loisirs+Pierre+Legrand,+3+Av.+Anatole+France,+60160+Montataire\/@49.2577523,2.4428296,231m\/data=!3m1!1e3!4m18!1m8!3m7!1s0x47e64bd58aca2d8f:0x5cedc3b28dc709da!2sCentre+De+Loisirs+Pierre+Legrand!8m2!3d49.2585937!4d2.4437193!15sCg9BTFNIIG1vbnRhdGFpcmVaESIPYWxzaCBtb250YXRhaXJlkgERcmVjcmVhdGlvbl9jZW50ZXKaASRDaGREU1VoTk1HOW5TMFZKUTBGblNVTktkRWxIZDNwUlJSQULgAQD6AQQIABAc!16s%2Fg%2F11fy_gghxd!4m8!1m0!1m5!1m1!1s0x47e64bd58aca2d8f:0x5cedc3b28dc709da!2m2!1d2.4437193!2d49.2585937!3e0?authuser=0&amp;entry=ttu&amp;g_ep=EgoyMDI1MTAyOC4wIKXMDSoASAFQAw%3D%3D\" target=\"_blank\" rel=\"noreferrer noopener\">At the Pierre Legrand Leisure Centre - Pavillon maternelle 3 years (outside school holidays), avenue Anatole France - 60160 Montataire<\/a><\/p>\n<\/div>\n\n\n\n<div class=\"wp-block-uagb-container uagb-block-aafd96c4\">\n<figure class=\"wp-block-image size-large\"><a href=\"https:\/\/www.villers-saint-paul.fr\/\" target=\"_blank\" rel=\" noreferrer noopener\"><img loading=\"lazy\" decoding=\"async\" width=\"1024\" height=\"677\" src=\"https:\/\/mairie-montataire.fr\/app\/uploads\/2025\/10\/Logo_VillersSaintPaul_RPE-1024x677.jpg\" alt=\"\" class=\"wp-image-7098\" srcset=\"https:\/\/mairie-montataire.fr\/app\/uploads\/2025\/10\/Logo_VillersSaintPaul_RPE-1024x677.jpg 1024w, https:\/\/mairie-montataire.fr\/app\/uploads\/2025\/10\/Logo_VillersSaintPaul_RPE-300x198.jpg 300w, https:\/\/mairie-montataire.fr\/app\/uploads\/2025\/10\/Logo_VillersSaintPaul_RPE-768x508.jpg 768w, https:\/\/mairie-montataire.fr\/app\/uploads\/2025\/10\/Logo_VillersSaintPaul_RPE-1536x1016.jpg 1536w, https:\/\/mairie-montataire.fr\/app\/uploads\/2025\/10\/Logo_VillersSaintPaul_RPE-2048x1354.jpg 2048w, https:\/\/mairie-montataire.fr\/app\/uploads\/2025\/10\/Logo_VillersSaintPaul_RPE-18x12.jpg 18w\" sizes=\"auto, (max-width: 1024px) 100vw, 1024px\" \/><\/a><\/figure>\n\n\n\n<p><strong>Administrative offices<\/strong><br>By appointment on Mondays from 9am to 12pm<br><a href=\"https:\/\/www.google.com\/maps\/dir\/\/23+rue+Belle+Vis%C3%A9e+%E2%80%93+60870+Villers-Saint-Paul%C2%A0%C2%A0%C2%A0\/@49.2931407,2.499407,230m\/data=!3m1!1e3!4m2!4m1!3e0?authuser=0&amp;entry=ttu&amp;g_ep=EgoyMDI1MTAyOC4wIKXMDSoASAFQAw%3D%3D\" target=\"_blank\" rel=\"noreferrer noopener\">At the PMI premises, 23 rue Belle Vis\u00e9e - 60870 Villers-Saint-Paul&nbsp;&nbsp;&nbsp;<\/a><\/p>\n\n\n\n<p><strong>Educational workshops for childminders<\/strong><br>Thursdays from 9am to 12pm<br><a href=\"https:\/\/www.google.com\/maps\/dir\/\/Espace+Pierre+Perret,+60870+Villers-Saint-Paul\/@49.2931407,2.499407,230m\/data=!3m1!1e3!4m17!1m7!3m6!1s0x47e63581451077b1:0x9efdd14c0c886d0e!2sEspace+Pierre+Perret!8m2!3d49.2933405!4d2.4996392!16s%2Fg%2F11b6q1k232!4m8!1m0!1m5!1m1!1s0x47e63581451077b1:0x9efdd14c0c886d0e!2m2!1d2.4996392!2d49.2933405!3e0?authuser=0&amp;entry=ttu&amp;g_ep=EgoyMDI1MTAyOC4wIKXMDSoASAFQAw%3D%3D\" target=\"_blank\" rel=\"noreferrer noopener\">At the Centre Socioculturel Trait d'Union - Salle du LAEP de l'Espace Pierre Perret, 2 cav\u00e9e des renards - 60870 Villers-Saint-Paul<\/a><\/p>\n<\/div>\n\n\n\n<div class=\"wp-block-uagb-container uagb-block-fb559ea2\">\n<figure class=\"wp-block-image size-large\"><a href=\"https:\/\/saintvaastlesmello.neopse-site.fr\/fr\/\" target=\"_blank\" rel=\" noreferrer noopener\"><img loading=\"lazy\" decoding=\"async\" width=\"1024\" height=\"677\" src=\"https:\/\/mairie-montataire.fr\/app\/uploads\/2025\/10\/Logo_SaintVaastLesMello_RPE-1024x677.jpg\" alt=\"\" class=\"wp-image-7101\" srcset=\"https:\/\/mairie-montataire.fr\/app\/uploads\/2025\/10\/Logo_SaintVaastLesMello_RPE-1024x677.jpg 1024w, https:\/\/mairie-montataire.fr\/app\/uploads\/2025\/10\/Logo_SaintVaastLesMello_RPE-300x198.jpg 300w, https:\/\/mairie-montataire.fr\/app\/uploads\/2025\/10\/Logo_SaintVaastLesMello_RPE-768x508.jpg 768w, https:\/\/mairie-montataire.fr\/app\/uploads\/2025\/10\/Logo_SaintVaastLesMello_RPE-1536x1016.jpg 1536w, https:\/\/mairie-montataire.fr\/app\/uploads\/2025\/10\/Logo_SaintVaastLesMello_RPE-2048x1354.jpg 2048w, https:\/\/mairie-montataire.fr\/app\/uploads\/2025\/10\/Logo_SaintVaastLesMello_RPE-18x12.jpg 18w\" sizes=\"auto, (max-width: 1024px) 100vw, 1024px\" \/><\/a><\/figure>\n\n\n\n<p><strong>Administrative offices<\/strong><br>By appointment on Fridays from 2pm to 5pm<br><a href=\"https:\/\/www.google.com\/maps\/dir\/\/Mairie+de+Saint-Vaast-l%C3%A8s-Mello,+Rue+de+la+Paix,+60660+Saint-Vaast-l%C3%A8s-Mello\/@49.2669852,2.3859237,898m\/data=!3m1!1e3!4m17!1m7!3m6!1s0x47e64c1aaa8e34df:0xcb0282fe517eb5d!2sMairie+de+Saint-Vaast-l%C3%A8s-Mello!8m2!3d49.2669852!4d2.3884986!16s%2Fg%2F11b6dgj51k!4m8!1m0!1m5!1m1!1s0x47e64c1aaa8e34df:0xcb0282fe517eb5d!2m2!1d2.388579!2d49.2669784!3e0?authuser=0&amp;entry=ttu&amp;g_ep=EgoyMDI1MTAyOC4wIKXMDSoASAFQAw%3D%3D\" target=\"_blank\" rel=\"noreferrer noopener\">At Saint-Vaast-l\u00e8s-Mello Town Hall, rue de la Paix - 60660 Saint-Vaast-l\u00e8s-Mello<\/a><\/p>\n\n\n\n<p><strong>Educational workshops for childminders<\/strong><br>One Friday a month from 9.30am to 11am<br><a href=\"https:\/\/www.google.com\/maps\/dir\/\/P%C3%B4le+Louise+Michel,+486+Rue+de+la+Paix,+60660+Saint-Vaast-l%C3%A8s-Mello\/@49.2677956,2.3888157,231m\/data=!3m1!1e3!4m17!1m7!3m6!1s0x47e64d81bbf08075:0x3c0cf544db0305e5!2sP%C3%B4le+Louise+Michel!8m2!3d49.2679882!4d2.3889834!16s%2Fg%2F11v0y69njw!4m8!1m0!1m5!1m1!1s0x47e64d81bbf08075:0x3c0cf544db0305e5!2m2!1d2.3889834!2d49.2679882!3e0?authuser=0&amp;entry=ttu&amp;g_ep=EgoyMDI1MTAyOC4wIKXMDSoASAFQAw%3D%3D\" target=\"_blank\" rel=\"noreferrer noopener\">At the M\u00e9diath\u00e8que - P\u00f4le Louise Michel, 486 rue de la Paix - 60660 Saint-Vaast-l\u00e8s-Mello<\/a><\/p>\n<\/div>\n\n\n\n<div class=\"wp-block-uagb-container uagb-block-3511201a\">\n<figure class=\"wp-block-image size-large\"><a href=\"https:\/\/www.cramoisy.fr\/\" target=\"_blank\" rel=\" noreferrer noopener\"><img loading=\"lazy\" decoding=\"async\" width=\"1024\" height=\"677\" src=\"https:\/\/mairie-montataire.fr\/app\/uploads\/2025\/10\/Logo_Cramoisy_RPE-1024x677.jpg\" alt=\"\" class=\"wp-image-7099\" srcset=\"https:\/\/mairie-montataire.fr\/app\/uploads\/2025\/10\/Logo_Cramoisy_RPE-1024x677.jpg 1024w, https:\/\/mairie-montataire.fr\/app\/uploads\/2025\/10\/Logo_Cramoisy_RPE-300x198.jpg 300w, https:\/\/mairie-montataire.fr\/app\/uploads\/2025\/10\/Logo_Cramoisy_RPE-768x508.jpg 768w, https:\/\/mairie-montataire.fr\/app\/uploads\/2025\/10\/Logo_Cramoisy_RPE-1536x1016.jpg 1536w, https:\/\/mairie-montataire.fr\/app\/uploads\/2025\/10\/Logo_Cramoisy_RPE-2048x1354.jpg 2048w, https:\/\/mairie-montataire.fr\/app\/uploads\/2025\/10\/Logo_Cramoisy_RPE-18x12.jpg 18w\" sizes=\"auto, (max-width: 1024px) 100vw, 1024px\" \/><\/a><\/figure>\n\n\n\n<p><strong>Administrative offices<\/strong><br>By appointment on Fridays from 2pm to 5pm<br><a href=\"https:\/\/www.google.com\/maps\/dir\/\/Mairie+de+Saint-Vaast-l%C3%A8s-Mello,+Rue+de+la+Paix,+60660+Saint-Vaast-l%C3%A8s-Mello\/@49.2669852,2.3859237,898m\/data=!3m1!1e3!4m17!1m7!3m6!1s0x47e64c1aaa8e34df:0xcb0282fe517eb5d!2sMairie+de+Saint-Vaast-l%C3%A8s-Mello!8m2!3d49.2669852!4d2.3884986!16s%2Fg%2F11b6dgj51k!4m8!1m0!1m5!1m1!1s0x47e64c1aaa8e34df:0xcb0282fe517eb5d!2m2!1d2.388579!2d49.2669784!3e0?authuser=0&amp;entry=ttu&amp;g_ep=EgoyMDI1MTAyOC4wIKXMDSoASAFQAw%3D%3D\" target=\"_blank\" rel=\"noreferrer noopener\">At Saint-Vaast-l\u00e8s-Mello Town Hall, rue de la Paix - 60660 Saint-Vaast-l\u00e8s-Mello<\/a><\/p>\n\n\n\n<p><strong>Educational workshops for childminders<\/strong><br>One Friday a month from 9.30am to 11am<br><a href=\"https:\/\/www.google.com\/maps\/dir\/\/P%C3%B4le+Louise+Michel,+486+Rue+de+la+Paix,+60660+Saint-Vaast-l%C3%A8s-Mello\/@49.2677956,2.3888157,231m\/data=!3m1!1e3!4m17!1m7!3m6!1s0x47e64d81bbf08075:0x3c0cf544db0305e5!2sP%C3%B4le+Louise+Michel!8m2!3d49.2679882!4d2.3889834!16s%2Fg%2F11v0y69njw!4m8!1m0!1m5!1m1!1s0x47e64d81bbf08075:0x3c0cf544db0305e5!2m2!1d2.3889834!2d49.2679882!3e0?authuser=0&amp;entry=ttu&amp;g_ep=EgoyMDI1MTAyOC4wIKXMDSoASAFQAw%3D%3D\" target=\"_blank\" rel=\"noreferrer noopener\">At the M\u00e9diath\u00e8que - P\u00f4le Louise Michel, 486 rue de la Paix - 60660 Saint-Vaast-l\u00e8s-Mello<\/a><\/p>\n<\/div>\n<\/div><\/div>\n\n\n\n<p><\/p>","protected":false},"excerpt":{"rendered":"<p>La ville de Montataire pilote un RPE multicommunal, il permet aux Montatairiens et aux villes adh\u00e9rentes de b\u00e9n\u00e9ficier d\u2019un accompagnement sur les diff\u00e9rents modes d\u2019accueils individuels et collectifs.\u00a0 C\u2019est quoi un RPE&nbsp;? L\u2019animatrice du RPE informe et oriente les familles sur l\u2019ensemble des diff\u00e9rentes modes d\u2019accueil du territoire&nbsp;: accueil individuel (Assistantes maternelles) ou collectif (cr\u00e8che [&hellip;]<\/p>\n","protected":false},"author":1,"featured_media":7080,"parent":110,"menu_order":10,"comment_status":"closed","ping_status":"closed","template":"","meta":{"_acf_changed":false,"_uag_custom_page_level_css":"","footnotes":""},"class_list":["post-122","page","type-page","status-publish","has-post-thumbnail","hentry"],"acf":[],"uagb_featured_image_src":{"full":["https:\/\/mairie-montataire.fr\/app\/uploads\/2025\/10\/1.1.1_2022-03-18-Creche-7.jpg",500,350,false],"thumbnail":["https:\/\/mairie-montataire.fr\/app\/uploads\/2025\/10\/1.1.1_2022-03-18-Creche-7-150x150.jpg",150,150,true],"medium":["https:\/\/mairie-montataire.fr\/app\/uploads\/2025\/10\/1.1.1_2022-03-18-Creche-7-300x210.jpg",300,210,true],"medium_large":["https:\/\/mairie-montataire.fr\/app\/uploads\/2025\/10\/1.1.1_2022-03-18-Creche-7.jpg",500,350,false],"large":["https:\/\/mairie-montataire.fr\/app\/uploads\/2025\/10\/1.1.1_2022-03-18-Creche-7.jpg",500,350,false],"1536x1536":["https:\/\/mairie-montataire.fr\/app\/uploads\/2025\/10\/1.1.1_2022-03-18-Creche-7.jpg",500,350,false],"2048x2048":["https:\/\/mairie-montataire.fr\/app\/uploads\/2025\/10\/1.1.1_2022-03-18-Creche-7.jpg",500,350,false],"trp-custom-language-flag":["https:\/\/mairie-montataire.fr\/app\/uploads\/2025\/10\/1.1.1_2022-03-18-Creche-7-18x12.jpg",18,12,true],"gform-image-choice-sm":["https:\/\/mairie-montataire.fr\/app\/uploads\/2025\/10\/1.1.1_2022-03-18-Creche-7.jpg",300,210,false],"gform-image-choice-md":["https:\/\/mairie-montataire.fr\/app\/uploads\/2025\/10\/1.1.1_2022-03-18-Creche-7.jpg",400,280,false],"gform-image-choice-lg":["https:\/\/mairie-montataire.fr\/app\/uploads\/2025\/10\/1.1.1_2022-03-18-Creche-7.jpg",500,350,false]},"uagb_author_info":{"display_name":"mentalworks","author_link":"https:\/\/mairie-montataire.fr\/en\/actualites\/author\/mentalworks\/"},"uagb_comment_info":0,"uagb_excerpt":"La ville de Montataire pilote un RPE multicommunal, il permet aux Montatairiens et aux villes adh\u00e9rentes de b\u00e9n\u00e9ficier d\u2019un accompagnement sur les diff\u00e9rents modes d\u2019accueils individuels et collectifs.\u00a0 C\u2019est quoi un RPE&nbsp;? L\u2019animatrice du RPE informe et oriente les familles sur l\u2019ensemble des diff\u00e9rentes modes d\u2019accueil du territoire&nbsp;: accueil individuel (Assistantes maternelles) ou collectif (cr\u00e8che&hellip;","_links":{"self":[{"href":"https:\/\/mairie-montataire.fr\/en\/wp-json\/wp\/v2\/pages\/122","targetHints":{"allow":["GET"]}}],"collection":[{"href":"https:\/\/mairie-montataire.fr\/en\/wp-json\/wp\/v2\/pages"}],"about":[{"href":"https:\/\/mairie-montataire.fr\/en\/wp-json\/wp\/v2\/types\/page"}],"author":[{"embeddable":true,"href":"https:\/\/mairie-montataire.fr\/en\/wp-json\/wp\/v2\/users\/1"}],"replies":[{"embeddable":true,"href":"https:\/\/mairie-montataire.fr\/en\/wp-json\/wp\/v2\/comments?post=122"}],"version-history":[{"count":63,"href":"https:\/\/mairie-montataire.fr\/en\/wp-json\/wp\/v2\/pages\/122\/revisions"}],"predecessor-version":[{"id":7172,"href":"https:\/\/mairie-montataire.fr\/en\/wp-json\/wp\/v2\/pages\/122\/revisions\/7172"}],"up":[{"embeddable":true,"href":"https:\/\/mairie-montataire.fr\/en\/wp-json\/wp\/v2\/pages\/110"}],"wp:featuredmedia":[{"embeddable":true,"href":"https:\/\/mairie-montataire.fr\/en\/wp-json\/wp\/v2\/media\/7080"}],"wp:attachment":[{"href":"https:\/\/mairie-montataire.fr\/en\/wp-json\/wp\/v2\/media?parent=122"}],"curies":[{"name":"wp","href":"https:\/\/api.w.org\/{rel}","templated":true}]}}