{"id":6594,"date":"2025-09-01T06:00:00","date_gmt":"2025-09-01T06:00:00","guid":{"rendered":"https:\/\/mairie-montataire.fr\/?post_type=event&#038;p=6594"},"modified":"2025-09-18T14:01:38","modified_gmt":"2025-09-18T14:01:38","slug":"giedre","status":"publish","type":"event","link":"https:\/\/mairie-montataire.fr\/en\/agenda\/concert\/giedre\/","title":{"rendered":"GiedR\u00e9"},"content":{"rendered":"<figure class=\"wp-block-image aligncenter size-large is-resized\"><img loading=\"lazy\" decoding=\"async\" width=\"1024\" height=\"537\" src=\"https:\/\/mairie-montataire.fr\/app\/uploads\/2025\/09\/Gabarit_Couverture-event-giedre-1024x537.jpg\" alt=\"\" class=\"wp-image-6624\" style=\"width:1024px;height:auto\" srcset=\"https:\/\/mairie-montataire.fr\/app\/uploads\/2025\/09\/Gabarit_Couverture-event-giedre-1024x537.jpg 1024w, https:\/\/mairie-montataire.fr\/app\/uploads\/2025\/09\/Gabarit_Couverture-event-giedre-300x157.jpg 300w, https:\/\/mairie-montataire.fr\/app\/uploads\/2025\/09\/Gabarit_Couverture-event-giedre-768x402.jpg 768w, https:\/\/mairie-montataire.fr\/app\/uploads\/2025\/09\/Gabarit_Couverture-event-giedre-1536x805.jpg 1536w, https:\/\/mairie-montataire.fr\/app\/uploads\/2025\/09\/Gabarit_Couverture-event-giedre-2048x1073.jpg 2048w, https:\/\/mairie-montataire.fr\/app\/uploads\/2025\/09\/Gabarit_Couverture-event-giedre-18x9.jpg 18w\" sizes=\"auto, (max-width: 1024px) 100vw, 1024px\" \/><figcaption class=\"wp-element-caption\">Les Enchanteurs<\/figcaption><\/figure>\n\n\n\n<div style=\"height:32px\" aria-hidden=\"true\" class=\"wp-block-spacer\"><\/div>\n\n\n\n<p><strong>GiedR\u00e9's favourite thing in life is writing funny songs about things that aren't very funny. And what she likes even more is singing her funny songs about not-so-funny things on stage, because the lights are so bright and it \"makes her look ten years younger\". At least that's what she thinks, but people aren't fooled.<\/strong><\/p>\n\n\n\n<p><strong>So she's off on tour again, with a new Maxi Best Of formula, without chips but with her greatest hits, at least in the eyes of her family (who always confuse her with Barbara Streisand).<\/strong><\/p>\n\n\n\n<div class=\"wp-block-columns is-layout-flex wp-container-core-columns-is-layout-9d6595d7 wp-block-columns-is-layout-flex\">\n<div class=\"wp-block-column is-vertically-aligned-center is-layout-flow wp-block-column-is-layout-flow\" style=\"flex-basis:66.66%\">\n<p>As part of the Enchanteurs festival.<\/p>\n\n\n\n<div class=\"wp-block-uagb-buttons uagb-buttons__outer-wrap uagb-btn__default-btn uagb-btn-tablet__default-btn uagb-btn-mobile__default-btn uagb-block-f31fdf59\"><div class=\"uagb-buttons__wrap uagb-buttons-layout-wrap\">\n<div class=\"wp-block-uagb-buttons-child uagb-buttons__outer-wrap uagb-block-fdffd621 wp-block-button\"><div class=\"uagb-button__wrapper\"><a class=\"uagb-buttons-repeater wp-block-button__link\" aria-label=\"\" href=\"https:\/\/www.festival-lesenchanteurs.com\/\" rel=\"follow noopener\" target=\"_blank\" role=\"button\"><div class=\"uagb-button__link\">Full programme of the Festival Les Enchanteurs<\/div><span class=\"uagb-button__icon uagb-button__icon-position-after\"><svg xmlns=\"https:\/\/www.w3.org\/2000\/svg\" viewbox=\"0 0 448 512\" aria-hidden=\"true\" focussable=\"false\"><path d=\"M438.6 278.6l-160 160C272.4 444.9 264.2 448 256 448s-16.38-3.125-22.62-9.375c-12.5-12.5-12.5-32.75 0-45.25L338.8 288H32C14.33 288 .0016 273.7 .0016 256S14.33 224 32 224h306.8l-105.4-105.4c-12.5-12.5-12.5-32.75 0-45.25s32.75-12.5 45.25 0l160 160C451.1 245.9 451.1 266.1 438.6 278.6z\"><\/path><\/svg><\/span><\/a><\/div><\/div>\n<\/div><\/div>\n<\/div>\n\n\n\n<div class=\"wp-block-column is-layout-flow wp-block-column-is-layout-flow\" style=\"flex-basis:15%\">\n<figure class=\"wp-block-image size-full\"><img loading=\"lazy\" decoding=\"async\" width=\"1828\" height=\"2560\" src=\"https:\/\/mairie-montataire.fr\/app\/uploads\/2025\/07\/AfficheA3_297x420mm_LesEnchanteursOISE_Plan-de-travail-1_Plan-de-travail-1-scaled.jpg\" alt=\"\" class=\"wp-image-6596\" srcset=\"https:\/\/mairie-montataire.fr\/app\/uploads\/2025\/07\/AfficheA3_297x420mm_LesEnchanteursOISE_Plan-de-travail-1_Plan-de-travail-1-scaled.jpg 1828w, https:\/\/mairie-montataire.fr\/app\/uploads\/2025\/07\/AfficheA3_297x420mm_LesEnchanteursOISE_Plan-de-travail-1_Plan-de-travail-1-214x300.jpg 214w, https:\/\/mairie-montataire.fr\/app\/uploads\/2025\/07\/AfficheA3_297x420mm_LesEnchanteursOISE_Plan-de-travail-1_Plan-de-travail-1-731x1024.jpg 731w, https:\/\/mairie-montataire.fr\/app\/uploads\/2025\/07\/AfficheA3_297x420mm_LesEnchanteursOISE_Plan-de-travail-1_Plan-de-travail-1-768x1076.jpg 768w, https:\/\/mairie-montataire.fr\/app\/uploads\/2025\/07\/AfficheA3_297x420mm_LesEnchanteursOISE_Plan-de-travail-1_Plan-de-travail-1-1097x1536.jpg 1097w, https:\/\/mairie-montataire.fr\/app\/uploads\/2025\/07\/AfficheA3_297x420mm_LesEnchanteursOISE_Plan-de-travail-1_Plan-de-travail-1-1462x2048.jpg 1462w, https:\/\/mairie-montataire.fr\/app\/uploads\/2025\/07\/AfficheA3_297x420mm_LesEnchanteursOISE_Plan-de-travail-1_Plan-de-travail-1-9x12.jpg 9w\" sizes=\"auto, (max-width: 1828px) 100vw, 1828px\" \/><\/figure>\n<\/div>\n<\/div>\n\n\n\n<figure class=\"wp-block-embed is-type-video is-provider-youtube wp-block-embed-youtube wp-embed-aspect-16-9 wp-has-aspect-ratio\"><div class=\"wp-block-embed__wrapper\">\n<script>document.addEventListener('DOMContentLoaded', function() {(tarteaucitron.job = tarteaucitron.job || []).push('youtube');});<\/script><div class=\"youtube_player\" videoid=\"hVKGbIAhf84\" width=\"100%\" height=\"100%\" style=\"height:50vw\" theme=\"light\" rel=\"0\" controls=\"1\" showinfo=\"1\" autoplay=\"0\"><\/div>\n<\/div><\/figure>\n\n\n\n<div style=\"height:19px\" aria-hidden=\"true\" class=\"wp-block-spacer\"><\/div>\n\n\n\n<div class=\"wp-block-uagb-separator uagb-block-5799be37\"><div class=\"wp-block-uagb-separator__inner\" style=\"--my-background-image:\"><\/div><\/div>\n\n\n\n<div class=\"wp-block-columns is-layout-flex wp-container-core-columns-is-layout-9d6595d7 wp-block-columns-is-layout-flex\">\n<div class=\"wp-block-column is-layout-flow wp-block-column-is-layout-flow\">\n<h3 class=\"wp-block-heading\">Artist contacts<\/h3>\n\n\n\n<p>\ud83c\udf10 <a href=\"https:\/\/www.giedre.fr\/\" target=\"_blank\" rel=\"noreferrer noopener\">giedre.fr<\/a><\/p>\n\n\n\n<p><a href=\"https:\/\/www.facebook.com\/Giedrelalala\/#\" target=\"_blank\" rel=\"noreferrer noopener\"><img loading=\"lazy\" decoding=\"async\" width=\"60\" height=\"58\" class=\"wp-image-4481\" style=\"width: 60px;\" src=\"https:\/\/mairie-montataire.fr\/app\/uploads\/2024\/09\/Facebook.png\" alt=\"\" srcset=\"https:\/\/mairie-montataire.fr\/app\/uploads\/2024\/09\/Facebook.png 398w, https:\/\/mairie-montataire.fr\/app\/uploads\/2024\/09\/Facebook-300x292.png 300w, https:\/\/mairie-montataire.fr\/app\/uploads\/2024\/09\/Facebook-12x12.png 12w\" sizes=\"auto, (max-width: 60px) 100vw, 60px\" \/><\/a><a href=\"https:\/\/www.instagram.com\/giedrelalala\/\" target=\"_blank\" rel=\"noreferrer noopener\"><img loading=\"lazy\" decoding=\"async\" width=\"60\" height=\"58\" class=\"wp-image-4482\" style=\"width: 60px;\" src=\"https:\/\/mairie-montataire.fr\/app\/uploads\/2024\/09\/Instagram.png\" alt=\"\" srcset=\"https:\/\/mairie-montataire.fr\/app\/uploads\/2024\/09\/Instagram.png 399w, https:\/\/mairie-montataire.fr\/app\/uploads\/2024\/09\/Instagram-300x292.png 300w, https:\/\/mairie-montataire.fr\/app\/uploads\/2024\/09\/Instagram-12x12.png 12w\" sizes=\"auto, (max-width: 60px) 100vw, 60px\" \/><\/a><a href=\"https:\/\/www.youtube.com\/giedrelalala\" target=\"_blank\" rel=\"noreferrer noopener\"><img loading=\"lazy\" decoding=\"async\" width=\"60\" height=\"58\" class=\"wp-image-4286\" style=\"width: 60px;\" src=\"https:\/\/mairie-montataire.fr\/app\/uploads\/2024\/09\/Youtube.png\" alt=\"\" srcset=\"https:\/\/mairie-montataire.fr\/app\/uploads\/2024\/09\/Youtube.png 398w, https:\/\/mairie-montataire.fr\/app\/uploads\/2024\/09\/Youtube-300x292.png 300w, https:\/\/mairie-montataire.fr\/app\/uploads\/2024\/09\/Youtube-12x12.png 12w\" sizes=\"auto, (max-width: 60px) 100vw, 60px\" \/><\/a><\/p>\n\n\n\n<h3 class=\"wp-block-heading\">Festival contacts<\/h3>\n\n\n\n<p>\ud83c\udf10 <a href=\"https:\/\/www.festival-lesenchanteurs.com\/\" target=\"_blank\" rel=\"noreferrer noopener\">festival-lesenchanteurs.com<\/a><\/p>\n\n\n\n<p><a href=\"https:\/\/www.facebook.com\/lesenchanteursfestival\" target=\"_blank\" rel=\"noreferrer noopener\"><img loading=\"lazy\" decoding=\"async\" width=\"60\" height=\"58\" class=\"wp-image-4481\" style=\"width: 60px;\" src=\"https:\/\/mairie-montataire.fr\/app\/uploads\/2024\/09\/Facebook.png\" alt=\"\" srcset=\"https:\/\/mairie-montataire.fr\/app\/uploads\/2024\/09\/Facebook.png 398w, https:\/\/mairie-montataire.fr\/app\/uploads\/2024\/09\/Facebook-300x292.png 300w, https:\/\/mairie-montataire.fr\/app\/uploads\/2024\/09\/Facebook-12x12.png 12w\" sizes=\"auto, (max-width: 60px) 100vw, 60px\" \/><\/a><a href=\"https:\/\/www.instagram.com\/festival_lesenchanteurs\/?hl=fr\" target=\"_blank\" rel=\"noreferrer noopener\"><img loading=\"lazy\" decoding=\"async\" width=\"60\" height=\"58\" class=\"wp-image-4482\" style=\"width: 60px;\" src=\"https:\/\/mairie-montataire.fr\/app\/uploads\/2024\/09\/Instagram.png\" alt=\"\" srcset=\"https:\/\/mairie-montataire.fr\/app\/uploads\/2024\/09\/Instagram.png 399w, https:\/\/mairie-montataire.fr\/app\/uploads\/2024\/09\/Instagram-300x292.png 300w, https:\/\/mairie-montataire.fr\/app\/uploads\/2024\/09\/Instagram-12x12.png 12w\" sizes=\"auto, (max-width: 60px) 100vw, 60px\" \/><\/a><a href=\"https:\/\/www.youtube.com\/giedrelalala\" target=\"_blank\" rel=\"noreferrer noopener\"><\/a><\/p>\n<\/div>\n\n\n\n<div class=\"wp-block-column is-layout-flow wp-block-column-is-layout-flow\">\n<h3 class=\"wp-block-heading\">Palace contacts<\/h3>\n\n\n\n<p><strong><a href=\"https:\/\/mairie-montataire.fr\/en\/fulfill-out\/the-palace\/\" target=\"_blank\" rel=\"noreferrer noopener\">Le Palace - Cultural Service<br><\/a><\/strong><a href=\"https:\/\/www.google.com\/maps\/dir\/\/8+bis+Rue+des+D%C3%A9port%C3%A9s,+60160+Montataire\/@49.2560594,2.3962432,13z\/data=!3m1!4b1!4m8!4m7!1m0!1m5!1m1!1s0x47e6497d005f6e8b:0xd4944e46ec7768c5!2m2!1d2.4375282!2d49.2560668?entry=ttu\" target=\"_blank\" rel=\"noreferrer noopener\">8 bis, rue des D\u00e9port\u00e9s - 60160 Montataire<\/a><br>Monday to Friday, 9am to 12pm and 2pm to 5.30pm<br><a href=\"tel:03 44 24 69 97\">03 44 24 69 97<\/a><br><a href=\"https:\/\/mairie-montataire.fr\/en\/online-procedures\/contact-the-palace\/\" target=\"_blank\" rel=\"noreferrer noopener\">Contact form<\/a><\/p>\n<\/div>\n<\/div>\n\n\n\n<p><\/p>","protected":false},"featured_media":6571,"parent":0,"template":"","meta":{"_acf_changed":false,"_uag_custom_page_level_css":""},"event-theme":[75],"class_list":["post-6594","event","type-event","status-publish","has-post-thumbnail","hentry","event-theme-concert"],"acf":[],"uagb_featured_image_src":{"full":["https:\/\/mairie-montataire.fr\/app\/uploads\/2025\/07\/Agenda_GiedRe.jpg",450,335,false],"thumbnail":["https:\/\/mairie-montataire.fr\/app\/uploads\/2025\/07\/Agenda_GiedRe-150x150.jpg",150,150,true],"medium":["https:\/\/mairie-montataire.fr\/app\/uploads\/2025\/07\/Agenda_GiedRe-300x223.jpg",300,223,true],"medium_large":["https:\/\/mairie-montataire.fr\/app\/uploads\/2025\/07\/Agenda_GiedRe.jpg",450,335,false],"large":["https:\/\/mairie-montataire.fr\/app\/uploads\/2025\/07\/Agenda_GiedRe.jpg",450,335,false],"1536x1536":["https:\/\/mairie-montataire.fr\/app\/uploads\/2025\/07\/Agenda_GiedRe.jpg",450,335,false],"2048x2048":["https:\/\/mairie-montataire.fr\/app\/uploads\/2025\/07\/Agenda_GiedRe.jpg",450,335,false],"trp-custom-language-flag":["https:\/\/mairie-montataire.fr\/app\/uploads\/2025\/07\/Agenda_GiedRe-16x12.jpg",16,12,true],"gform-image-choice-sm":["https:\/\/mairie-montataire.fr\/app\/uploads\/2025\/07\/Agenda_GiedRe.jpg",300,223,false],"gform-image-choice-md":["https:\/\/mairie-montataire.fr\/app\/uploads\/2025\/07\/Agenda_GiedRe.jpg",400,298,false],"gform-image-choice-lg":["https:\/\/mairie-montataire.fr\/app\/uploads\/2025\/07\/Agenda_GiedRe.jpg",450,335,false]},"uagb_author_info":{"display_name":"Laure Pubert","author_link":"https:\/\/mairie-montataire.fr\/en\/actualites\/author\/"},"uagb_comment_info":0,"uagb_excerpt":"GiedR\u00e9, ce qu\u2019elle aime bien dans la vie, c\u2019est \u00e9crire des chansons rigolotes sur des trucs pas tr\u00e8s rigolos. Et ce qu\u2019elle aime encore plus, c\u2019est chanter ses chansons rigolotes-sur-des-trucs-pas-rigolos sur sc\u00e8ne, car les lumi\u00e8res sont tr\u00e8s fortes et \u00e7a lui \u00ab donne dix ans de moins \u00bb. Du moins c\u2019est ce qu\u2019elle croit, mais&hellip;","_links":{"self":[{"href":"https:\/\/mairie-montataire.fr\/en\/wp-json\/wp\/v2\/event\/6594","targetHints":{"allow":["GET"]}}],"collection":[{"href":"https:\/\/mairie-montataire.fr\/en\/wp-json\/wp\/v2\/event"}],"about":[{"href":"https:\/\/mairie-montataire.fr\/en\/wp-json\/wp\/v2\/types\/event"}],"wp:featuredmedia":[{"embeddable":true,"href":"https:\/\/mairie-montataire.fr\/en\/wp-json\/wp\/v2\/media\/6571"}],"wp:attachment":[{"href":"https:\/\/mairie-montataire.fr\/en\/wp-json\/wp\/v2\/media?parent=6594"}],"wp:term":[{"taxonomy":"event-theme","embeddable":true,"href":"https:\/\/mairie-montataire.fr\/en\/wp-json\/wp\/v2\/event-theme?post=6594"}],"curies":[{"name":"wp","href":"https:\/\/api.w.org\/{rel}","templated":true}]}}