{"id":5194,"date":"2025-09-25T10:00:09","date_gmt":"2025-09-25T10:00:09","guid":{"rendered":"https:\/\/mairie-montataire.fr\/?post_type=event&#038;p=5194"},"modified":"2025-10-03T09:12:55","modified_gmt":"2025-10-03T09:12:55","slug":"alsh-neighbourhood-meetings","status":"publish","type":"event","link":"https:\/\/mairie-montataire.fr\/en\/agenda\/rencontres\/reunions-de-quartier-alsh\/","title":{"rendered":"Neighbourhood meetings - ALSH"},"content":{"rendered":"<p><strong>It concerns :<\/strong><\/p>\n\n\n\n<div class=\"wp-block-columns is-layout-flex wp-container-core-columns-is-layout-9d6595d7 wp-block-columns-is-layout-flex\">\n<div class=\"wp-block-column is-layout-flow wp-block-column-is-layout-flow\">\n<ul class=\"wp-block-list\">\n<li>Rue des Champs<\/li>\n\n\n\n<li>Rue de la Coul\u00e9e verte<\/li>\n\n\n\n<li>Rue des Roinssettes<\/li>\n\n\n\n<li>Chemin vert<\/li>\n\n\n\n<li>Square de la Justice<\/li>\n\n\n\n<li>Chemin des Champarts<\/li>\n\n\n\n<li>Impasse de la Garenne<\/li>\n\n\n\n<li>Rue du Colonel Fabien<\/li>\n\n\n\n<li>Avenue anatole France<\/li>\n\n\n\n<li>Rue Louis Dondeyne<\/li>\n\n\n\n<li>Cav\u00e9e d'Angry<\/li>\n<\/ul>\n<\/div>\n\n\n\n<div class=\"wp-block-column is-layout-flow wp-block-column-is-layout-flow\">\n<ul class=\"wp-block-list\">\n<li>Rue du Jeu d'Arc<\/li>\n\n\n\n<li>Rue de l'\u00c9glise<\/li>\n\n\n\n<li>Impasse Jeu d'Arc<\/li>\n\n\n\n<li>Rue Raoul Dedicourt<\/li>\n\n\n\n<li>Rue Cyrille de Foor<\/li>\n\n\n\n<li>Cav\u00e9e d'Angry<\/li>\n\n\n\n<li>Rue du Jeu d'Arc<\/li>\n\n\n\n<li>Rue de l'\u00c9glise<\/li>\n\n\n\n<li>Impasse Jeu d'Arc<\/li>\n\n\n\n<li>Rue Raoul Dedicourt<\/li>\n\n\n\n<li>Rue Cyrille de Foor<\/li>\n<\/ul>\n<\/div>\n<\/div>\n\n\n\n<h2 class=\"wp-block-heading\">Montataire and its budget: you have the floor!<\/h2>\n\n\n\n<p><strong>These meetings are at the heart of local democratic life and provide a valuable forum for exchange and citizen participation.&nbsp;<\/strong><\/p>\n\n\n\n<p>These meetings enable :<\/p>\n\n\n\n<ul style=\"padding-right:var(--wp--preset--spacing--60);padding-left:var(--wp--preset--spacing--60)\" class=\"wp-block-list\">\n<li style=\"font-style:normal;font-weight:400\">A presentation on the budget.&nbsp;<\/li>\n\n\n\n<li style=\"font-style:normal;font-weight:400\">To put questions directly to elected representatives and the municipal team.<\/li>\n\n\n\n<li style=\"font-style:normal;font-weight:400\">&nbsp;Talk to neighbours about neighbourhood issues.<\/li>\n\n\n\n<li style=\"font-style:normal;font-weight:400\">&nbsp;To help improve the quality of life in the neighbourhood.<\/li>\n<\/ul>","protected":false},"featured_media":6902,"parent":0,"template":"","meta":{"_acf_changed":false,"_uag_custom_page_level_css":""},"event-theme":[78],"class_list":["post-5194","event","type-event","status-publish","has-post-thumbnail","hentry","event-theme-rencontres"],"acf":[],"uagb_featured_image_src":{"full":["https:\/\/mairie-montataire.fr\/app\/uploads\/2024\/09\/Reu_quartier_2025-2026-HD381-x-284-Agenda-site-scaled.jpg",2560,1909,false],"thumbnail":["https:\/\/mairie-montataire.fr\/app\/uploads\/2024\/09\/Reu_quartier_2025-2026-HD381-x-284-Agenda-site-150x150.jpg",150,150,true],"medium":["https:\/\/mairie-montataire.fr\/app\/uploads\/2024\/09\/Reu_quartier_2025-2026-HD381-x-284-Agenda-site-300x224.jpg",300,224,true],"medium_large":["https:\/\/mairie-montataire.fr\/app\/uploads\/2024\/09\/Reu_quartier_2025-2026-HD381-x-284-Agenda-site-768x573.jpg",768,573,true],"large":["https:\/\/mairie-montataire.fr\/app\/uploads\/2024\/09\/Reu_quartier_2025-2026-HD381-x-284-Agenda-site-1024x764.jpg",1024,764,true],"1536x1536":["https:\/\/mairie-montataire.fr\/app\/uploads\/2024\/09\/Reu_quartier_2025-2026-HD381-x-284-Agenda-site-1536x1145.jpg",1536,1145,true],"2048x2048":["https:\/\/mairie-montataire.fr\/app\/uploads\/2024\/09\/Reu_quartier_2025-2026-HD381-x-284-Agenda-site-2048x1527.jpg",2048,1527,true],"trp-custom-language-flag":["https:\/\/mairie-montataire.fr\/app\/uploads\/2024\/09\/Reu_quartier_2025-2026-HD381-x-284-Agenda-site-16x12.jpg",16,12,true],"gform-image-choice-sm":["https:\/\/mairie-montataire.fr\/app\/uploads\/2024\/09\/Reu_quartier_2025-2026-HD381-x-284-Agenda-site-scaled.jpg",300,224,false],"gform-image-choice-md":["https:\/\/mairie-montataire.fr\/app\/uploads\/2024\/09\/Reu_quartier_2025-2026-HD381-x-284-Agenda-site-scaled.jpg",400,298,false],"gform-image-choice-lg":["https:\/\/mairie-montataire.fr\/app\/uploads\/2024\/09\/Reu_quartier_2025-2026-HD381-x-284-Agenda-site-scaled.jpg",600,447,false]},"uagb_author_info":{"display_name":"Laure Pubert","author_link":"https:\/\/mairie-montataire.fr\/en\/actualites\/author\/"},"uagb_comment_info":0,"uagb_excerpt":"Elle concerne : Montataire et son budget : vous avez la parole ! Ces rencontres sont le c\u0153ur de la vie d\u00e9mocratique locale et un espace pr\u00e9cieux pour l\u2019\u00e9change et la participation citoyenne.&nbsp; Ces r\u00e9unions permettent :","_links":{"self":[{"href":"https:\/\/mairie-montataire.fr\/en\/wp-json\/wp\/v2\/event\/5194","targetHints":{"allow":["GET"]}}],"collection":[{"href":"https:\/\/mairie-montataire.fr\/en\/wp-json\/wp\/v2\/event"}],"about":[{"href":"https:\/\/mairie-montataire.fr\/en\/wp-json\/wp\/v2\/types\/event"}],"wp:featuredmedia":[{"embeddable":true,"href":"https:\/\/mairie-montataire.fr\/en\/wp-json\/wp\/v2\/media\/6902"}],"wp:attachment":[{"href":"https:\/\/mairie-montataire.fr\/en\/wp-json\/wp\/v2\/media?parent=5194"}],"wp:term":[{"taxonomy":"event-theme","embeddable":true,"href":"https:\/\/mairie-montataire.fr\/en\/wp-json\/wp\/v2\/event-theme?post=5194"}],"curies":[{"name":"wp","href":"https:\/\/api.w.org\/{rel}","templated":true}]}}