{"id":96,"date":"2024-05-03T09:19:54","date_gmt":"2024-05-03T09:19:54","guid":{"rendered":"https:\/\/montataire.local\/?page_id=96"},"modified":"2024-08-19T10:06:03","modified_gmt":"2024-08-19T10:06:03","slug":"gesundheit","status":"publish","type":"page","link":"https:\/\/mairie-montataire.fr\/de\/visiter\/sante\/","title":{"rendered":"Gesundheit"},"content":{"rendered":"<p><strong>Die Stadtverwaltung ist um das Wohlergehen ihrer B\u00fcrgerinnen und B\u00fcrger bem\u00fcht und setzt sich f\u00fcr eine gesunde und ausgewogene Lebensweise sowie f\u00fcr die Pr\u00e4vention von Krankheiten ein. Indem sie Pflegekr\u00e4ften Geb\u00e4ude im Herzen der Stadt zu g\u00fcnstigen Mieten anbietet (wie z. B. das Gesundheitszentrum Gis\u00e8le Halimi, die medizinische Gruppe Marfan...). Die Stadt m\u00f6chte den Zugang zu qualitativ hochwertigen Gesundheitsdienstleistungen f\u00fcr alle erleichtern.<\/strong><\/p>\n\n\n\n<div style=\"height:44px\" aria-hidden=\"true\" class=\"wp-block-spacer\"><\/div>\n\n\n\n<div class=\"wp-block-uagb-buttons uagb-buttons__outer-wrap uagb-btn__default-btn uagb-btn-tablet__default-btn uagb-btn-mobile__default-btn uagb-block-880ff14b\"><div class=\"uagb-buttons__wrap uagb-buttons-layout-wrap\">\n<div class=\"wp-block-uagb-buttons-child uagb-buttons__outer-wrap uagb-block-892171ac wp-block-button\"><div class=\"uagb-button__wrapper\"><a class=\"uagb-buttons-repeater wp-block-button__link\" aria-label=\"\" href=\"https:\/\/mairie-montataire.fr\/de\/verzeichnisse\/?categorie=sante&amp;ordre=a-z\" rel=\"follow noopener\" target=\"_self\" role=\"button\"><div class=\"uagb-button__link\"><strong>Finden Sie medizinische Einrichtungen, Apotheken und Angeh\u00f6rige der Gesundheitsberufe in Montataire im entsprechenden Verzeichnis. <\/strong><\/div><span class=\"uagb-button__icon uagb-button__icon-position-after\"><svg xmlns=\"https:\/\/www.w3.org\/2000\/svg\" viewbox=\"0 0 448 512\" aria-hidden=\"true\" focussable=\"false\"><path d=\"M438.6 278.6l-160 160C272.4 444.9 264.2 448 256 448s-16.38-3.125-22.62-9.375c-12.5-12.5-12.5-32.75 0-45.25L338.8 288H32C14.33 288 .0016 273.7 .0016 256S14.33 224 32 224h306.8l-105.4-105.4c-12.5-12.5-12.5-32.75 0-45.25s32.75-12.5 45.25 0l160 160C451.1 245.9 451.1 266.1 438.6 278.6z\"><\/path><\/svg><\/span><\/a><\/div><\/div>\n<\/div><\/div>","protected":false},"excerpt":{"rendered":"<p>Soucieuse du bien-\u00eatre de ses citoyen\u00b7ne\u00b7s, la collectivit\u00e9 s&rsquo;engage \u00e0 promouvoir des modes de vie sains et \u00e9quilibr\u00e9s, et \u00e0 encourager la pr\u00e9vention des maladies. En proposant aux soignant\u00b7e\u00b7s des b\u00e2timents au c\u0153ur de la ville \u00e0 un loyer avantageux (tels que la Maison de sant\u00e9 Gis\u00e8le Halimi, le Groupe m\u00e9dical Marfan&#8230;). La ville souhaite [&hellip;]<\/p>\n","protected":false},"author":1,"featured_media":3597,"parent":38,"menu_order":77,"comment_status":"closed","ping_status":"closed","template":"","meta":{"_acf_changed":false,"_uag_custom_page_level_css":"","footnotes":""},"class_list":["post-96","page","type-page","status-publish","has-post-thumbnail","hentry"],"acf":[],"uagb_featured_image_src":{"full":["https:\/\/mairie-montataire.fr\/app\/uploads\/2024\/08\/4.3_2024-08-13-Maison-de-sante-Gisele-Halimi-7.jpg",500,350,false],"thumbnail":["https:\/\/mairie-montataire.fr\/app\/uploads\/2024\/08\/4.3_2024-08-13-Maison-de-sante-Gisele-Halimi-7-150x150.jpg",150,150,true],"medium":["https:\/\/mairie-montataire.fr\/app\/uploads\/2024\/08\/4.3_2024-08-13-Maison-de-sante-Gisele-Halimi-7-300x210.jpg",300,210,true],"medium_large":["https:\/\/mairie-montataire.fr\/app\/uploads\/2024\/08\/4.3_2024-08-13-Maison-de-sante-Gisele-Halimi-7.jpg",500,350,false],"large":["https:\/\/mairie-montataire.fr\/app\/uploads\/2024\/08\/4.3_2024-08-13-Maison-de-sante-Gisele-Halimi-7.jpg",500,350,false],"1536x1536":["https:\/\/mairie-montataire.fr\/app\/uploads\/2024\/08\/4.3_2024-08-13-Maison-de-sante-Gisele-Halimi-7.jpg",500,350,false],"2048x2048":["https:\/\/mairie-montataire.fr\/app\/uploads\/2024\/08\/4.3_2024-08-13-Maison-de-sante-Gisele-Halimi-7.jpg",500,350,false],"trp-custom-language-flag":["https:\/\/mairie-montataire.fr\/app\/uploads\/2024\/08\/4.3_2024-08-13-Maison-de-sante-Gisele-Halimi-7-18x12.jpg",18,12,true],"gform-image-choice-sm":["https:\/\/mairie-montataire.fr\/app\/uploads\/2024\/08\/4.3_2024-08-13-Maison-de-sante-Gisele-Halimi-7.jpg",300,210,false],"gform-image-choice-md":["https:\/\/mairie-montataire.fr\/app\/uploads\/2024\/08\/4.3_2024-08-13-Maison-de-sante-Gisele-Halimi-7.jpg",400,280,false],"gform-image-choice-lg":["https:\/\/mairie-montataire.fr\/app\/uploads\/2024\/08\/4.3_2024-08-13-Maison-de-sante-Gisele-Halimi-7.jpg",500,350,false]},"uagb_author_info":{"display_name":"mentalworks","author_link":"https:\/\/mairie-montataire.fr\/de\/actualites\/author\/mentalworks\/"},"uagb_comment_info":0,"uagb_excerpt":"Soucieuse du bien-\u00eatre de ses citoyen\u00b7ne\u00b7s, la collectivit\u00e9 s&rsquo;engage \u00e0 promouvoir des modes de vie sains et \u00e9quilibr\u00e9s, et \u00e0 encourager la pr\u00e9vention des maladies. En proposant aux soignant\u00b7e\u00b7s des b\u00e2timents au c\u0153ur de la ville \u00e0 un loyer avantageux (tels que la Maison de sant\u00e9 Gis\u00e8le Halimi, le Groupe m\u00e9dical Marfan&#8230;). La ville souhaite&hellip;","_links":{"self":[{"href":"https:\/\/mairie-montataire.fr\/de\/wp-json\/wp\/v2\/pages\/96","targetHints":{"allow":["GET"]}}],"collection":[{"href":"https:\/\/mairie-montataire.fr\/de\/wp-json\/wp\/v2\/pages"}],"about":[{"href":"https:\/\/mairie-montataire.fr\/de\/wp-json\/wp\/v2\/types\/page"}],"author":[{"embeddable":true,"href":"https:\/\/mairie-montataire.fr\/de\/wp-json\/wp\/v2\/users\/1"}],"replies":[{"embeddable":true,"href":"https:\/\/mairie-montataire.fr\/de\/wp-json\/wp\/v2\/comments?post=96"}],"version-history":[{"count":3,"href":"https:\/\/mairie-montataire.fr\/de\/wp-json\/wp\/v2\/pages\/96\/revisions"}],"predecessor-version":[{"id":3596,"href":"https:\/\/mairie-montataire.fr\/de\/wp-json\/wp\/v2\/pages\/96\/revisions\/3596"}],"up":[{"embeddable":true,"href":"https:\/\/mairie-montataire.fr\/de\/wp-json\/wp\/v2\/pages\/38"}],"wp:featuredmedia":[{"embeddable":true,"href":"https:\/\/mairie-montataire.fr\/de\/wp-json\/wp\/v2\/media\/3597"}],"wp:attachment":[{"href":"https:\/\/mairie-montataire.fr\/de\/wp-json\/wp\/v2\/media?parent=96"}],"curies":[{"name":"wp","href":"https:\/\/api.w.org\/{rel}","templated":true}]}}