{"id":92,"date":"2024-05-03T09:19:28","date_gmt":"2024-05-03T09:19:28","guid":{"rendered":"https:\/\/montataire.local\/?page_id=92"},"modified":"2024-08-22T15:15:04","modified_gmt":"2024-08-22T15:15:04","slug":"zugang-zu-parkplatzen","status":"publish","type":"page","link":"https:\/\/mairie-montataire.fr\/de\/visiter\/acces-stationnement\/","title":{"rendered":"Anfahrt &amp; Parken"},"content":{"rendered":"<p><strong>Alles, was Sie wissen m\u00fcssen, um nach Montataire zu kommen und dort zu parken.<\/strong><\/p>\n\n\n\n<div style=\"height:46px\" aria-hidden=\"true\" class=\"wp-block-spacer\"><\/div>\n\n\n\n<div class=\"wp-block-columns are-vertically-aligned-top is-not-stacked-on-mobile is-layout-flex wp-container-core-columns-is-layout-a31ce547 wp-block-columns-is-layout-flex\" style=\"margin-top:0;margin-bottom:0;padding-top:0;padding-right:0;padding-bottom:0;padding-left:0\">\n<div class=\"wp-block-column is-vertically-aligned-top is-layout-constrained wp-container-core-column-is-layout-dbf2e5f7 wp-block-column-is-layout-constrained\" style=\"flex-basis:3%\">\t\t\t\t\t<div\n\t\t\t\t\t\tclass=\"wp-block-uagb-image-gallery uagb-block-7ae36172\"\n\t\t\t\t\t\tstyle=\"\"\n\t\t\t\t\t>\n\t\t\t\t\t\t\t\t\t\t\t<div class=\"spectra-image-gallery spectra-image-gallery__layout--grid spectra-image-gallery__layout--grid-col-1 spectra-image-gallery__layout--grid-col-tab-1 spectra-image-gallery__layout--grid-col-mob-1\">\n\t\t\t\t\t\t\t\t\t\t\t<div class='spectra-image-gallery__media-wrapper' data-spectra-gallery-image-id='3204' tabindex=\"0\">\n\t\t\t\t\t\t\t<div class=\"spectra-image-gallery__media spectra-image-gallery__media--grid\">\n\t\t\t\t<picture>\n\t\t\t\t\t<source media=\"(min-width: 1024px)\" srcset=\"https:\/\/mairie-montataire.fr\/app\/uploads\/2024\/08\/cycliste_jaune.png\">\n\t\t\t\t\t<source media=\"(min-width: 768px)\" srcset=\"https:\/\/mairie-montataire.fr\/app\/uploads\/2024\/08\/cycliste_jaune.png\">\n\t\t\t\t\t<img decoding=\"async\" class=\"spectra-image-gallery__media-thumbnail spectra-image-gallery__media-thumbnail--grid\" src=\"https:\/\/mairie-montataire.fr\/app\/uploads\/2024\/08\/cycliste_jaune-295x300.png\" alt=\"\" loading=\"lazy\" \/>\n\t\t\t\t<\/picture>\n\t\t\t\t<div class=\"spectra-image-gallery__media-thumbnail-blurrer\"><\/div>\n\t\t\t\t\t\t\t\t\t\t\t<div class=\"spectra-image-gallery__media-thumbnail-caption-wrapper spectra-image-gallery__media-thumbnail-caption-wrapper--overlay\"><\/div>\n\t\t\t\t\t\t\t\t<\/div>\n\t\t\t\t\t\t<\/div>\n\t\t\t\t\t\t\t\t\t\t<\/div>\n\t\t\t\t\t\t\t\t\t\t\t\t\t\t\t\t\t\t<\/div>\n\t\t\t\t\t\t\t\t\t<\/div>\n\n\n\n<div class=\"wp-block-column is-vertically-aligned-top is-layout-flow wp-block-column-is-layout-flow\" style=\"flex-basis:66.66%\">\n<h2 class=\"wp-block-heading\">Mit dem Fahrrad<\/h2>\n<\/div>\n<\/div>\n\n\n\n<p>Ein Fahrrad f\u00fcr die t\u00e4glichen Fahrten zu nehmen, ist eine gesunde und umweltfreundliche Wahl. Indem es die k\u00f6rperliche Aktivit\u00e4t f\u00f6rdert und gleichzeitig die Umweltverschmutzung und den CO2-Aussto\u00df verringert, bietet das Fahrrad eine praktische und flexible Alternative zum Auto.&nbsp;<\/p>\n\n\n\n<p><a href=\"https:\/\/www.creilsudoise.fr\/mon-quotidien\/deplacements\/circulation-douce\/\" target=\"_blank\" rel=\"noreferrer noopener\">Finden Sie die Radwege und gr\u00fcnen Wege auf der Website der Agglomeration.<\/a><\/p>\n\n\n\n<p><a href=\"https:\/\/www.creilsudoise.fr\/service-de-location-de-velos-a-assistance-electrique\/\" data-type=\"link\" data-id=\"https:\/\/www.creilsudoise.fr\/service-de-location-de-velos-a-assistance-electrique\/\" target=\"_blank\" rel=\"noreferrer noopener\">Sie k\u00f6nnen auch ein Fahrrad mit Elektrounterst\u00fctzung von AXO mieten!<\/a><\/p>\n\n\n\n<div style=\"height:46px\" aria-hidden=\"true\" class=\"wp-block-spacer\"><\/div>\n\n\n\n<div class=\"wp-block-columns are-vertically-aligned-top is-not-stacked-on-mobile is-layout-flex wp-container-core-columns-is-layout-a31ce547 wp-block-columns-is-layout-flex\" style=\"margin-top:0;margin-bottom:0;padding-top:0;padding-right:0;padding-bottom:0;padding-left:0\">\n<div class=\"wp-block-column is-vertically-aligned-top is-layout-constrained wp-container-core-column-is-layout-dbf2e5f7 wp-block-column-is-layout-constrained\" style=\"flex-basis:3%\">\t\t\t\t\t<div\n\t\t\t\t\t\tclass=\"wp-block-uagb-image-gallery uagb-block-20b0b701\"\n\t\t\t\t\t\tstyle=\"\"\n\t\t\t\t\t>\n\t\t\t\t\t\t\t\t\t\t\t<div class=\"spectra-image-gallery spectra-image-gallery__layout--grid spectra-image-gallery__layout--grid-col-1 spectra-image-gallery__layout--grid-col-tab-1 spectra-image-gallery__layout--grid-col-mob-1\">\n\t\t\t\t\t\t\t\t\t\t\t<div class='spectra-image-gallery__media-wrapper' data-spectra-gallery-image-id='3202' tabindex=\"0\">\n\t\t\t\t\t\t\t<div class=\"spectra-image-gallery__media spectra-image-gallery__media--grid\">\n\t\t\t\t<picture>\n\t\t\t\t\t<source media=\"(min-width: 1024px)\" srcset=\"https:\/\/mairie-montataire.fr\/app\/uploads\/2024\/08\/bus_jaune.png\">\n\t\t\t\t\t<source media=\"(min-width: 768px)\" srcset=\"https:\/\/mairie-montataire.fr\/app\/uploads\/2024\/08\/bus_jaune.png\">\n\t\t\t\t\t<img decoding=\"async\" class=\"spectra-image-gallery__media-thumbnail spectra-image-gallery__media-thumbnail--grid\" src=\"https:\/\/mairie-montataire.fr\/app\/uploads\/2024\/08\/bus_jaune-296x300.png\" alt=\"\" loading=\"lazy\" \/>\n\t\t\t\t<\/picture>\n\t\t\t\t<div class=\"spectra-image-gallery__media-thumbnail-blurrer\"><\/div>\n\t\t\t\t\t\t\t\t\t\t\t<div class=\"spectra-image-gallery__media-thumbnail-caption-wrapper spectra-image-gallery__media-thumbnail-caption-wrapper--overlay\"><\/div>\n\t\t\t\t\t\t\t\t<\/div>\n\t\t\t\t\t\t<\/div>\n\t\t\t\t\t\t\t\t\t\t<\/div>\n\t\t\t\t\t\t\t\t\t\t\t\t\t\t\t\t\t\t<\/div>\n\t\t\t\t\t\t\t\t\t<\/div>\n\n\n\n<div class=\"wp-block-column is-vertically-aligned-top is-layout-flow wp-block-column-is-layout-flow\" style=\"flex-basis:66.66%\">\n<h2 class=\"wp-block-heading\">Mit dem Bus<\/h2>\n<\/div>\n<\/div>\n\n\n\n<p>Das Netzwerk von <a href=\"https:\/\/www.creilsudoise.fr\/mon-quotidien\/deplacements\/transports-urbains-axo\/\" target=\"_blank\" rel=\"noreferrer noopener\">AXO-Transport<\/a>Der Bus, der von der Agglomeration Creil Sud Oise verwaltet wird, bedient die 11 Gemeinden der Region. Sieben Buslinien bedienen Montataire von Montag bis Sonntag, von morgens bis abends.<br><br><a href=\"https:\/\/www.creilsudoise.fr\/mon-quotidien\/deplacements\/transports-urbains-axo\/horaires-et-carte-du-reseau-axo\/\" target=\"_blank\" rel=\"noreferrer noopener\">Sie k\u00f6nnen die Fahrpl\u00e4ne und den Plan des st\u00e4dtischen Verkehrsnetzes online abrufen.<\/a><\/p>\n\n\n\n<div style=\"height:46px\" aria-hidden=\"true\" class=\"wp-block-spacer\"><\/div>\n\n\n\n<div class=\"wp-block-columns are-vertically-aligned-top is-not-stacked-on-mobile is-layout-flex wp-container-core-columns-is-layout-a31ce547 wp-block-columns-is-layout-flex\" style=\"margin-top:0;margin-bottom:0;padding-top:0;padding-right:0;padding-bottom:0;padding-left:0\">\n<div class=\"wp-block-column is-vertically-aligned-top is-layout-constrained wp-container-core-column-is-layout-dbf2e5f7 wp-block-column-is-layout-constrained\" style=\"flex-basis:3%\">\t\t\t\t\t<div\n\t\t\t\t\t\tclass=\"wp-block-uagb-image-gallery uagb-block-1a1b9bd4\"\n\t\t\t\t\t\tstyle=\"\"\n\t\t\t\t\t>\n\t\t\t\t\t\t\t\t\t\t\t<div class=\"spectra-image-gallery spectra-image-gallery__layout--grid spectra-image-gallery__layout--grid-col-1 spectra-image-gallery__layout--grid-col-tab-1 spectra-image-gallery__layout--grid-col-mob-1\">\n\t\t\t\t\t\t\t\t\t\t\t<div class='spectra-image-gallery__media-wrapper' data-spectra-gallery-image-id='3592' tabindex=\"0\">\n\t\t\t\t\t\t\t<div class=\"spectra-image-gallery__media spectra-image-gallery__media--grid\">\n\t\t\t\t<picture>\n\t\t\t\t\t<source media=\"(min-width: 1024px)\" srcset=\"https:\/\/mairie-montataire.fr\/app\/uploads\/2024\/08\/Train.png\">\n\t\t\t\t\t<source media=\"(min-width: 768px)\" srcset=\"https:\/\/mairie-montataire.fr\/app\/uploads\/2024\/08\/Train.png\">\n\t\t\t\t\t<img decoding=\"async\" class=\"spectra-image-gallery__media-thumbnail spectra-image-gallery__media-thumbnail--grid\" src=\"https:\/\/mairie-montataire.fr\/app\/uploads\/2024\/08\/Train-296x300.png\" alt=\"\" loading=\"lazy\" \/>\n\t\t\t\t<\/picture>\n\t\t\t\t<div class=\"spectra-image-gallery__media-thumbnail-blurrer\"><\/div>\n\t\t\t\t\t\t\t\t\t\t\t<div class=\"spectra-image-gallery__media-thumbnail-caption-wrapper spectra-image-gallery__media-thumbnail-caption-wrapper--overlay\"><\/div>\n\t\t\t\t\t\t\t\t<\/div>\n\t\t\t\t\t\t<\/div>\n\t\t\t\t\t\t\t\t\t\t<\/div>\n\t\t\t\t\t\t\t\t\t\t\t\t\t\t\t\t\t\t<\/div>\n\t\t\t\t\t\t\t\t\t<\/div>\n\n\n\n<div class=\"wp-block-column is-vertically-aligned-top is-layout-flow wp-block-column-is-layout-flow\" style=\"flex-basis:66.66%\">\n<h2 class=\"wp-block-heading\">Mit dem Zug<\/h2>\n<\/div>\n<\/div>\n\n\n\n<p>Der SNCF-Bahnhof Montataire befindet sich auf dem Place S\u00e9mard, in der Verl\u00e4ngerung der Rue des D\u00e9port\u00e9s. Er ist in :&nbsp;<\/p>\n\n\n\n<ul style=\"padding-right:var(--wp--preset--spacing--70);padding-left:var(--wp--preset--spacing--70)\" class=\"wp-block-list\">\n<li style=\"font-style:normal;font-weight:400\">3 min von Creil<\/li>\n\n\n\n<li style=\"font-style:normal;font-weight:400\">30 Min. von Beauvais<\/li>\n\n\n\n<li style=\"font-style:normal;font-weight:400\">44 min von Amiens (mit Umsteigen in Creil)<\/li>\n\n\n\n<li style=\"font-style:normal;font-weight:400\">31 Min. von Paris (mit Umsteigen in Creil)<\/li>\n<\/ul>\n\n\n\n<div style=\"height:46px\" aria-hidden=\"true\" class=\"wp-block-spacer\"><\/div>\n\n\n\n<div class=\"wp-block-uagb-container uagb-block-18cb1566 alignfull uagb-is-root-container\"><div class=\"uagb-container-inner-blocks-wrap\">\n<div class=\"wp-block-uagb-container uagb-block-448261da\">\n<div class=\"wp-block-columns are-vertically-aligned-top is-not-stacked-on-mobile is-layout-flex wp-container-core-columns-is-layout-a31ce547 wp-block-columns-is-layout-flex\" style=\"margin-top:0;margin-bottom:0;padding-top:0;padding-right:0;padding-bottom:0;padding-left:0\">\n<div class=\"wp-block-column is-vertically-aligned-top is-layout-constrained wp-container-core-column-is-layout-dbf2e5f7 wp-block-column-is-layout-constrained\" style=\"flex-basis:10%\">\t\t\t\t\t<div\n\t\t\t\t\t\tclass=\"wp-block-uagb-image-gallery uagb-block-8a10d242\"\n\t\t\t\t\t\tstyle=\"\"\n\t\t\t\t\t>\n\t\t\t\t\t\t\t\t\t\t\t<div class=\"spectra-image-gallery spectra-image-gallery__layout--grid spectra-image-gallery__layout--grid-col-1 spectra-image-gallery__layout--grid-col-tab-1 spectra-image-gallery__layout--grid-col-mob-1\">\n\t\t\t\t\t\t\t\t\t\t\t<div class='spectra-image-gallery__media-wrapper' data-spectra-gallery-image-id='3593' tabindex=\"0\">\n\t\t\t\t\t\t\t<div class=\"spectra-image-gallery__media spectra-image-gallery__media--grid\">\n\t\t\t\t<picture>\n\t\t\t\t\t<source media=\"(min-width: 1024px)\" srcset=\"https:\/\/mairie-montataire.fr\/app\/uploads\/2024\/08\/Voiture.png\">\n\t\t\t\t\t<source media=\"(min-width: 768px)\" srcset=\"https:\/\/mairie-montataire.fr\/app\/uploads\/2024\/08\/Voiture.png\">\n\t\t\t\t\t<img decoding=\"async\" class=\"spectra-image-gallery__media-thumbnail spectra-image-gallery__media-thumbnail--grid\" src=\"https:\/\/mairie-montataire.fr\/app\/uploads\/2024\/08\/Voiture-295x300.png\" alt=\"\" loading=\"lazy\" \/>\n\t\t\t\t<\/picture>\n\t\t\t\t<div class=\"spectra-image-gallery__media-thumbnail-blurrer\"><\/div>\n\t\t\t\t\t\t\t\t\t\t\t<div class=\"spectra-image-gallery__media-thumbnail-caption-wrapper spectra-image-gallery__media-thumbnail-caption-wrapper--overlay\"><\/div>\n\t\t\t\t\t\t\t\t<\/div>\n\t\t\t\t\t\t<\/div>\n\t\t\t\t\t\t\t\t\t\t<\/div>\n\t\t\t\t\t\t\t\t\t\t\t\t\t\t\t\t\t\t<\/div>\n\t\t\t\t\t\t\t\t\t<\/div>\n\n\n\n<div class=\"wp-block-column is-vertically-aligned-top is-layout-flow wp-block-column-is-layout-flow\" style=\"flex-basis:66.66%\">\n<h2 class=\"wp-block-heading\">Mit dem Auto und Fahrgemeinschaften<\/h2>\n<\/div>\n<\/div>\n\n\n\n<p>Montataire liegt mit dem Auto in :&nbsp;<\/p>\n\n\n\n<ul style=\"padding-right:var(--wp--preset--spacing--70);padding-left:var(--wp--preset--spacing--70)\" class=\"wp-block-list\">\n<li style=\"font-style:normal;font-weight:400\">12 min von Creil<\/li>\n\n\n\n<li style=\"font-style:normal;font-weight:400\">15 Min. Schlagsahne<\/li>\n\n\n\n<li style=\"font-style:normal;font-weight:400\">40 Min. von Compi\u00e8gne und Beauvais entfernt<\/li>\n\n\n\n<li style=\"font-style:normal;font-weight:400\">1 Stunde und 15 Minuten von Amiens und Paris entfernt<\/li>\n\n\n\n<li style=\"font-style:normal;font-weight:400\">1h20 von Paris<\/li>\n<\/ul>\n\n\n\n<p><br>Fahrgemeinschaften sind eine praktische und umweltfreundliche L\u00f6sung, um gemeinsam mit anderen Personen eine Strecke zur\u00fcckzulegen. Indem sie die Anzahl der Fahrzeuge auf der Stra\u00dfe reduziert, tr\u00e4gt sie dazu bei, den CO2-Aussto\u00df zu verringern und Staus zu vermeiden.&nbsp;<br><br>Weitere Informationen : <a href=\"http:\/\/www.covoiturage-oise.fr\/\" target=\"_blank\" rel=\"noreferrer noopener\">www.covoiturage-oise.fr<\/a> oder <a href=\"http:\/\/www.oise-mobilite.fr\/\" target=\"_blank\" rel=\"noreferrer noopener\">www.oise-mobilite.fr<\/a>&nbsp;<\/p>\n<\/div>\n\n\n\n<div class=\"wp-block-uagb-container uagb-block-95c5b17d\">\n<h2 class=\"wp-block-heading\">Und zum Parken&nbsp;<\/h2>\n\n\n\n<p>Das Parken ist in der gesamten Gemeinde kostenlos, die \u00fcber umfangreiche Parkpl\u00e4tze verf\u00fcgt:<\/p>\n\n\n\n<ul style=\"padding-right:var(--wp--preset--spacing--70);padding-left:var(--wp--preset--spacing--70)\" class=\"wp-block-list\">\n<li style=\"font-style:normal;font-weight:400\">Parkplatz des Rathauses auf dem Place Auguste G\u00e9nie<\/li>\n\n\n\n<li style=\"font-style:normal;font-weight:400\">Parkplatz in der Avenue Ambroise Croizat<\/li>\n\n\n\n<li style=\"font-style:normal;font-weight:400\">Parkplatz des Palace in 8bis, rue des D\u00e9port\u00e9s&nbsp;<\/li>\n\n\n\n<li style=\"font-style:normal;font-weight:400\">Parkplatz vor dem Sportkomplex Armand Bellard am Ende der Avenue Anatole France.&nbsp;<br><\/li>\n<\/ul>\n<\/div>\n<\/div><\/div>","protected":false},"excerpt":{"rendered":"<p>Tout savoir pour venir \u00e0 Montataire et s\u2019y stationner. En v\u00e9lo Prendre un v\u00e9lo pour ses trajets quotidiens est un choix sain et \u00e9cologique. En favorisant l&rsquo;activit\u00e9 physique tout en r\u00e9duisant la pollution et les \u00e9missions de CO2, le v\u00e9lo offre une alternative pratique et flexible \u00e0 la voiture.&nbsp; Retrouvez les pistes cyclables et voies [&hellip;]<\/p>\n","protected":false},"author":1,"featured_media":1125,"parent":38,"menu_order":76,"comment_status":"closed","ping_status":"closed","template":"","meta":{"_acf_changed":false,"_uag_custom_page_level_css":"","footnotes":""},"class_list":["post-92","page","type-page","status-publish","has-post-thumbnail","hentry"],"acf":[],"uagb_featured_image_src":{"full":["https:\/\/mairie-montataire.fr\/app\/uploads\/2024\/07\/4.2_access-et-stationnement.jpg",500,333,false],"thumbnail":["https:\/\/mairie-montataire.fr\/app\/uploads\/2024\/07\/4.2_access-et-stationnement-150x150.jpg",150,150,true],"medium":["https:\/\/mairie-montataire.fr\/app\/uploads\/2024\/07\/4.2_access-et-stationnement-300x200.jpg",300,200,true],"medium_large":["https:\/\/mairie-montataire.fr\/app\/uploads\/2024\/07\/4.2_access-et-stationnement.jpg",500,333,false],"large":["https:\/\/mairie-montataire.fr\/app\/uploads\/2024\/07\/4.2_access-et-stationnement.jpg",500,333,false],"1536x1536":["https:\/\/mairie-montataire.fr\/app\/uploads\/2024\/07\/4.2_access-et-stationnement.jpg",500,333,false],"2048x2048":["https:\/\/mairie-montataire.fr\/app\/uploads\/2024\/07\/4.2_access-et-stationnement.jpg",500,333,false],"trp-custom-language-flag":["https:\/\/mairie-montataire.fr\/app\/uploads\/2024\/07\/4.2_access-et-stationnement.jpg",18,12,false],"gform-image-choice-sm":["https:\/\/mairie-montataire.fr\/app\/uploads\/2024\/07\/4.2_access-et-stationnement.jpg",300,200,false],"gform-image-choice-md":["https:\/\/mairie-montataire.fr\/app\/uploads\/2024\/07\/4.2_access-et-stationnement.jpg",400,266,false],"gform-image-choice-lg":["https:\/\/mairie-montataire.fr\/app\/uploads\/2024\/07\/4.2_access-et-stationnement.jpg",500,333,false]},"uagb_author_info":{"display_name":"mentalworks","author_link":"https:\/\/mairie-montataire.fr\/de\/actualites\/author\/mentalworks\/"},"uagb_comment_info":0,"uagb_excerpt":"Tout savoir pour venir \u00e0 Montataire et s\u2019y stationner. En v\u00e9lo Prendre un v\u00e9lo pour ses trajets quotidiens est un choix sain et \u00e9cologique. En favorisant l&rsquo;activit\u00e9 physique tout en r\u00e9duisant la pollution et les \u00e9missions de CO2, le v\u00e9lo offre une alternative pratique et flexible \u00e0 la voiture.&nbsp; Retrouvez les pistes cyclables et voies&hellip;","_links":{"self":[{"href":"https:\/\/mairie-montataire.fr\/de\/wp-json\/wp\/v2\/pages\/92","targetHints":{"allow":["GET"]}}],"collection":[{"href":"https:\/\/mairie-montataire.fr\/de\/wp-json\/wp\/v2\/pages"}],"about":[{"href":"https:\/\/mairie-montataire.fr\/de\/wp-json\/wp\/v2\/types\/page"}],"author":[{"embeddable":true,"href":"https:\/\/mairie-montataire.fr\/de\/wp-json\/wp\/v2\/users\/1"}],"replies":[{"embeddable":true,"href":"https:\/\/mairie-montataire.fr\/de\/wp-json\/wp\/v2\/comments?post=92"}],"version-history":[{"count":25,"href":"https:\/\/mairie-montataire.fr\/de\/wp-json\/wp\/v2\/pages\/92\/revisions"}],"predecessor-version":[{"id":4056,"href":"https:\/\/mairie-montataire.fr\/de\/wp-json\/wp\/v2\/pages\/92\/revisions\/4056"}],"up":[{"embeddable":true,"href":"https:\/\/mairie-montataire.fr\/de\/wp-json\/wp\/v2\/pages\/38"}],"wp:featuredmedia":[{"embeddable":true,"href":"https:\/\/mairie-montataire.fr\/de\/wp-json\/wp\/v2\/media\/1125"}],"wp:attachment":[{"href":"https:\/\/mairie-montataire.fr\/de\/wp-json\/wp\/v2\/media?parent=92"}],"curies":[{"name":"wp","href":"https:\/\/api.w.org\/{rel}","templated":true}]}}