{"id":84,"date":"2024-05-03T09:18:17","date_gmt":"2024-05-03T09:18:17","guid":{"rendered":"https:\/\/montataire.local\/?page_id=84"},"modified":"2025-09-30T14:47:41","modified_gmt":"2025-09-30T14:47:41","slug":"bekampfung-von-diskriminierung-und-gewalt-gegen-frauen","status":"publish","type":"page","link":"https:\/\/mairie-montataire.fr\/de\/s-informer\/les-valeurs\/lutte-contre-les-discriminations-et-les-violences-faite-aux-femmes\/","title":{"rendered":"Rechte von Frauen"},"content":{"rendered":"<h2 class=\"wp-block-heading\"><strong>Menstruelle Unsicherheit<\/strong><\/h2>\n\n\n\n<div class=\"wp-block-columns is-layout-flex wp-container-core-columns-is-layout-9d6595d7 wp-block-columns-is-layout-flex\">\n<div class=\"wp-block-column is-layout-flow wp-block-column-is-layout-flow\" style=\"flex-basis:33.33%\">\n<div class=\"wp-block-uagb-image uagb-block-93e6948d wp-block-uagb-image--layout-default wp-block-uagb-image--effect-static wp-block-uagb-image--align-none\"><figure class=\"wp-block-uagb-image__figure\"><img decoding=\"async\" srcset=\"https:\/\/mairie-montataire.fr\/app\/uploads\/2024\/08\/2022-03-09-8mars-inauguration-distributeurs-protections-19-1024x683.jpg ,https:\/\/mairie-montataire.fr\/app\/uploads\/2024\/08\/2022-03-09-8mars-inauguration-distributeurs-protections-19-scaled.jpg 780w, https:\/\/mairie-montataire.fr\/app\/uploads\/2024\/08\/2022-03-09-8mars-inauguration-distributeurs-protections-19-scaled.jpg 360w\" sizes=\"auto, (max-width: 480px) 150px\" src=\"https:\/\/mairie-montataire.fr\/app\/uploads\/2024\/08\/2022-03-09-8mars-inauguration-distributeurs-protections-19-1024x683.jpg\" alt=\"\" class=\"uag-image-3495\" width=\"1024\" height=\"683\" title=\"2022-03-09 #8M\u00e4rz Einweihung von Schutzverteilern (19)\" loading=\"lazy\" role=\"img\"\/><\/figure><\/div>\n<\/div>\n\n\n\n<div class=\"wp-block-column is-layout-flow wp-block-column-is-layout-flow\" style=\"flex-basis:66.66%\">\n<p>Montataire ist die erste Gemeinde im Departement Oise, die kostenlose Automaten mit periodischen Schutzvorrichtungen f\u00fcr Frauen aufstellt. Sie bestehen aus 100% Baumwolle, sind plastikfrei, frei von giftigen Stoffen und biologisch abbaubar. Seit 2022 sind diese Einlagen frei zug\u00e4nglich :<\/p>\n\n\n\n<ul class=\"wp-block-list\">\n<li style=\"font-style:normal;font-weight:400\">unter <a href=\"https:\/\/mairie-montataire.fr\/de\/verzeichnisse\/gemeindedienste\/dejss\/social-pole-ccas\/\">Kommunales Zentrum f\u00fcr Sozialarbeit<\/a><\/li>\n\n\n\n<li style=\"font-style:normal;font-weight:400\">zu I'<a href=\"https:\/\/mairie-montataire.fr\/de\/aufbluhen\/espace-huberte-d-hoker\/\" data-type=\"link\" data-id=\"https:\/\/mairie-montataire.fr\/s-epanouir\/espace-huberte-d-hoker\/\">Raum Huberte d'Hoker<\/a><\/li>\n\n\n\n<li style=\"font-style:normal;font-weight:400\">an die <a href=\"https:\/\/mairie-montataire.fr\/de\/verzeichnisse\/gemeindedienste\/rathaus\/zentrale-marie\/\">Rathaus<\/a><\/li>\n\n\n\n<li style=\"font-style:normal;font-weight:400\">an die <a href=\"https:\/\/mairie-montataire.fr\/de\/verzeichnisse\/gemeindedienste\/rathaus\/marie-anhang-der-mauersegler\/\">Rathaus im Nebengeb\u00e4ude von Les Martinets<\/a><\/li>\n\n\n\n<li style=\"font-style:normal;font-weight:400\">zu den beiden Bibliotheken (<a href=\"https:\/\/mairie-montataire.fr\/de\/verzeichnisse\/gemeindedienste\/dcsdt\/offentliche-lesung-bibliothek-elsa-triolet\/\">Elsa Triolet<\/a> und <a href=\"https:\/\/mairie-montataire.fr\/de\/verzeichnisse\/gemeindedienste\/dcsdt\/offentliche-lesung-bibliothek-paul-eluard\/\">Paul Eluard<\/a>)<\/li>\n\n\n\n<li style=\"font-style:normal;font-weight:400\">unter <a href=\"https:\/\/mairie-montataire.fr\/de\/verzeichnisse\/gemeindedienste\/dcsdt\/kulturdienst-le-palace\/\">Palast<\/a><\/li>\n\n\n\n<li style=\"font-style:normal;font-weight:400\">unter <a href=\"https:\/\/mairie-montataire.fr\/de\/verzeichnisse\/gemeindedienste\/dejss\/freizeitbetreuung\/\">Freizeitzentrum<\/a> im Teenager-Pavillon<\/li>\n\n\n\n<li style=\"font-style:normal;font-weight:400\">in den R\u00e4umlichkeiten des Vereins <a href=\"https:\/\/mairie-montataire.fr\/de\/verzeichnisse\/vereine-2\/jugend-bildung-und-integration\/jade\/\">JADE<\/a><\/li>\n<\/ul>\n<\/div>\n<\/div>\n\n\n\n<h2 class=\"wp-block-heading\">Ein betroffener Ballungsraum<\/h2>\n\n\n\n<div class=\"wp-block-columns is-layout-flex wp-container-core-columns-is-layout-9d6595d7 wp-block-columns-is-layout-flex\">\n<div class=\"wp-block-column is-layout-flow wp-block-column-is-layout-flow\">\n<div class=\"wp-block-uagb-image uagb-block-120fa4a4 wp-block-uagb-image--layout-default wp-block-uagb-image--effect-static wp-block-uagb-image--align-none\"><figure class=\"wp-block-uagb-image__figure\"><img decoding=\"async\" srcset=\"https:\/\/mairie-montataire.fr\/app\/uploads\/2025\/09\/Visuel-Carrefour-de-femmes.png ,https:\/\/mairie-montataire.fr\/app\/uploads\/2025\/09\/Visuel-Carrefour-de-femmes.png 780w, https:\/\/mairie-montataire.fr\/app\/uploads\/2025\/09\/Visuel-Carrefour-de-femmes.png 360w\" sizes=\"auto, (max-width: 480px) 150px\" src=\"https:\/\/mairie-montataire.fr\/app\/uploads\/2025\/09\/Visuel-Carrefour-de-femmes.png\" alt=\"\" class=\"uag-image-6984\" width=\"771\" height=\"597\" title=\"Visuell Carrefour de femmes\" loading=\"lazy\" role=\"img\"\/><\/figure><\/div>\n<\/div>\n\n\n\n<div class=\"wp-block-column is-layout-flow wp-block-column-is-layout-flow\">\n<p>L'<a href=\"https:\/\/www.creilsudoise.fr\/\">Ballungsraum Creil Sud Oise<\/a> \u00f6ffnete 2024 die Tore von <a href=\"https:\/\/www.creilsudoise.fr\/carrefour-de-femmes\/?section=carrefour-de-femmes\">Carrefour de Femmes<\/a>. Ein einzigartiger Raum, geschaffen&nbsp;<strong>PER<\/strong>&nbsp;und&nbsp;<strong>F\u00dcR<\/strong>&nbsp;die Frauen der Region. Ein Ort, der sie&nbsp;<strong>zuh\u00f6ren<\/strong>Die&nbsp;<strong>informiert<\/strong>&nbsp;und der&nbsp;<strong>leitet an Fachleute weiter<\/strong>je nach ihrem pers\u00f6nlichen Fall. Verschiedene Workshops werden langfristig angeboten, um ihnen zu erm\u00f6glichen, sich zu trauen, zu&nbsp;<strong>sich selbst (neu) zu entdecken, zu lernen, sich seine eigene Freiheit anzueignen, seine Rechte und Hilfen zu kennen und sich auszutauschen<\/strong>&nbsp;zu Themen, die Frauen sich nicht trauen w\u00fcrden, au\u00dferhalb von Orten wie diesem anzusprechen, wo Wohlwollen und gegenseitige Unterst\u00fctzung an erster Stelle stehen.<\/p>\n<\/div>\n<\/div>\n\n\n\n<h2 class=\"wp-block-heading\">Kampf gegen Gewalt gegen Frauen<\/h2>\n\n\n\n<p><strong>Die Bek\u00e4mpfung von Gewalt gegen Frauen ist ein Kampf, der das ganze Jahr \u00fcber von der Stadt gef\u00fchrt wird. Im November, am Internationalen Tag gegen Gewalt an Frauen, und im M\u00e4rz, am Tag f\u00fcr die Rechte der Frauen, werden die Dienste, die in diesem Bereich t\u00e4tigen Vereine und die nationale Bildung zusammengef\u00fchrt.<\/strong><\/p>\n\n\n\n<h3 class=\"wp-block-heading\"><strong>Bestehende Tools und Nummern f\u00fcr Gewalt<\/strong><\/h3>\n\n\n\n<div class=\"wp-block-columns is-layout-flex wp-container-core-columns-is-layout-9d6595d7 wp-block-columns-is-layout-flex\">\n<div class=\"wp-block-column is-layout-flow wp-block-column-is-layout-flow\">\n<div class=\"wp-block-columns is-layout-flex wp-container-core-columns-is-layout-9d6595d7 wp-block-columns-is-layout-flex\">\n<div class=\"wp-block-column is-layout-flow wp-block-column-is-layout-flow\" style=\"flex-basis:20%\">\n<div class=\"wp-block-uagb-image aligncenter uagb-block-325ae02a wp-block-uagb-image--layout-default wp-block-uagb-image--effect-static wp-block-uagb-image--align-center\"><figure class=\"wp-block-uagb-image__figure\"><a class=\"\" href=\"https:\/\/memo-de-vie.org\/\" target=\"_blank\" rel=\"noreferrer noopener\"><img decoding=\"async\" srcset=\"https:\/\/mairie-montataire.fr\/app\/uploads\/2024\/08\/Logo_MemoDeVie.jpg ,https:\/\/mairie-montataire.fr\/app\/uploads\/2024\/08\/Logo_MemoDeVie.jpg 780w, https:\/\/mairie-montataire.fr\/app\/uploads\/2024\/08\/Logo_MemoDeVie.jpg 360w\" sizes=\"auto, (max-width: 480px) 150px\" src=\"https:\/\/mairie-montataire.fr\/app\/uploads\/2024\/08\/Logo_MemoDeVie.jpg\" alt=\"\" class=\"uag-image-3502\" width=\"2000\" height=\"1525\" title=\"Logo_MemoDeVie\" loading=\"lazy\" role=\"img\"\/><\/a><\/figure><\/div>\n<\/div>\n\n\n\n<div class=\"wp-block-column is-layout-flow wp-block-column-is-layout-flow\" style=\"flex-basis:66.66%\">\n<h4 class=\"wp-block-heading\">Memo des Lebens<\/h4>\n\n\n\n<p>Kostenlose und sichere digitale Plattform, die es Ihnen erm\u00f6glicht, Ihre Situation, die einer nahestehenden Person oder als Zeuge zu verstehen. Sie k\u00f6nnen Zeugenaussagen und Dokumente aufbewahren und zentralisieren, Schritte vorbereiten und sich von einem Fachmann begleiten lassen.<\/p>\n<\/div>\n<\/div>\n<\/div>\n\n\n\n<div class=\"wp-block-column is-layout-flow wp-block-column-is-layout-flow\">\n<div class=\"wp-block-columns is-layout-flex wp-container-core-columns-is-layout-9d6595d7 wp-block-columns-is-layout-flex\">\n<div class=\"wp-block-column is-layout-flow wp-block-column-is-layout-flow\" style=\"flex-basis:20%\">\n<div class=\"wp-block-uagb-image aligncenter uagb-block-5ccf7f6a wp-block-uagb-image--layout-default wp-block-uagb-image--effect-static wp-block-uagb-image--align-center\"><figure class=\"wp-block-uagb-image__figure\"><a class=\"\" href=\"https:\/\/play.google.com\/store\/apps\/details?id=com.thesorority\" target=\"_blank\" rel=\"noreferrer noopener\"><img decoding=\"async\" srcset=\"https:\/\/mairie-montataire.fr\/app\/uploads\/2024\/08\/Logo_TheSorority-1024x781.jpg ,https:\/\/mairie-montataire.fr\/app\/uploads\/2024\/08\/Logo_TheSorority.jpg 780w, https:\/\/mairie-montataire.fr\/app\/uploads\/2024\/08\/Logo_TheSorority.jpg 360w\" sizes=\"auto, (max-width: 480px) 150px\" src=\"https:\/\/mairie-montataire.fr\/app\/uploads\/2024\/08\/Logo_TheSorority-1024x781.jpg\" alt=\"\" class=\"uag-image-3504\" width=\"243\" height=\"207\" title=\"Logo_TheSorority\" loading=\"lazy\" role=\"img\"\/><\/a><\/figure><\/div>\n<\/div>\n\n\n\n<div class=\"wp-block-column is-layout-flow wp-block-column-is-layout-flow\" style=\"flex-basis:66.66%\">\n<h4 class=\"wp-block-heading\"><strong>The Sorority<\/strong><\/h4>\n\n\n\n<p>Sicherheitsanwendung, die mit einem System arbeitet, das Frauen untereinander geolokalisiert. Wenn also eine von ihnen in Gefahr ist, kann sie die anderen \u00fcber eine Ad-hoc-Schaltfl\u00e4che alarmieren.<\/p>\n<\/div>\n<\/div>\n<\/div>\n<\/div>\n\n\n\n<div class=\"wp-block-columns is-layout-flex wp-container-core-columns-is-layout-9d6595d7 wp-block-columns-is-layout-flex\">\n<div class=\"wp-block-column is-layout-flow wp-block-column-is-layout-flow\">\n<div class=\"wp-block-columns is-layout-flex wp-container-core-columns-is-layout-9d6595d7 wp-block-columns-is-layout-flex\">\n<div class=\"wp-block-column is-layout-flow wp-block-column-is-layout-flow\" style=\"flex-basis:20%\">\n<div class=\"wp-block-uagb-image aligncenter uagb-block-fd546a8c wp-block-uagb-image--layout-default wp-block-uagb-image--effect-static wp-block-uagb-image--align-center\"><figure class=\"wp-block-uagb-image__figure\"><a class=\"\" href=\"https:\/\/monsherif.com\/\" target=\"_blank\" rel=\"noreferrer noopener\"><img decoding=\"async\" srcset=\"https:\/\/mairie-montataire.fr\/app\/uploads\/2024\/08\/Logo_MonSherif-1024x781.jpg ,https:\/\/mairie-montataire.fr\/app\/uploads\/2024\/08\/Logo_MonSherif.jpg 780w, https:\/\/mairie-montataire.fr\/app\/uploads\/2024\/08\/Logo_MonSherif.jpg 360w\" sizes=\"auto, (max-width: 480px) 150px\" src=\"https:\/\/mairie-montataire.fr\/app\/uploads\/2024\/08\/Logo_MonSherif-1024x781.jpg\" alt=\"\" class=\"uag-image-3503\" width=\"243\" height=\"207\" title=\"Logo_MonSherif\" loading=\"lazy\" role=\"img\"\/><\/a><\/figure><\/div>\n<\/div>\n\n\n\n<div class=\"wp-block-column is-layout-flow wp-block-column-is-layout-flow\" style=\"flex-basis:66.66%\">\n<h4 class=\"wp-block-heading\"><strong>Mein Sheriff<\/strong><\/h4>\n\n\n\n<p>Ein am K\u00f6rper zu tragender, verbundener Knopf, der die geografische Position der Person mit einer zuvor verfassten Nachricht mitteilt, um Dritte zu informieren.<\/p>\n<\/div>\n<\/div>\n<\/div>\n\n\n\n<div class=\"wp-block-column is-layout-flow wp-block-column-is-layout-flow\">\n<div class=\"wp-block-columns is-layout-flex wp-container-core-columns-is-layout-9d6595d7 wp-block-columns-is-layout-flex\">\n<div class=\"wp-block-column is-layout-flow wp-block-column-is-layout-flow\" style=\"flex-basis:20%\">\n<div class=\"wp-block-uagb-image aligncenter uagb-block-778705e1 wp-block-uagb-image--layout-default wp-block-uagb-image--effect-static wp-block-uagb-image--align-center\"><figure class=\"wp-block-uagb-image__figure\"><a class=\"\" href=\"https:\/\/play.google.com\/store\/apps\/details?id=fr.resonantes.app_elles\" target=\"_blank\" rel=\"noreferrer noopener\"><img decoding=\"async\" srcset=\"https:\/\/mairie-montataire.fr\/app\/uploads\/2024\/08\/Logo_AppElles-1-1024x781.jpg ,https:\/\/mairie-montataire.fr\/app\/uploads\/2024\/08\/Logo_AppElles-1.jpg 780w, https:\/\/mairie-montataire.fr\/app\/uploads\/2024\/08\/Logo_AppElles-1.jpg 360w\" sizes=\"auto, (max-width: 480px) 150px\" src=\"https:\/\/mairie-montataire.fr\/app\/uploads\/2024\/08\/Logo_AppElles-1-1024x781.jpg\" alt=\"\" class=\"uag-image-3497\" width=\"243\" height=\"207\" title=\"Logo_AppElles\" loading=\"lazy\" role=\"img\"\/><\/a><\/figure><\/div>\n<\/div>\n\n\n\n<div class=\"wp-block-column is-layout-flow wp-block-column-is-layout-flow\" style=\"flex-basis:66.66%\">\n<h4 class=\"wp-block-heading\"><strong>App'elles<\/strong><\/h4>\n\n\n\n<p>Eine Anwendung, die darauf abzielt, die wichtigsten Hilfs- und Unterst\u00fctzungsbed\u00fcrfnisse von Opfern und Zeugen zu erf\u00fcllen, die mit einer aktuellen, fr\u00fcheren oder potenziellen Gewaltsituation konfrontiert sind. Sie erm\u00f6glicht den Zugang zu Ressourcen in der N\u00e4he.<\/p>\n<\/div>\n<\/div>\n<\/div>\n<\/div>\n\n\n\n<div class=\"wp-block-columns is-layout-flex wp-container-core-columns-is-layout-9d6595d7 wp-block-columns-is-layout-flex\">\n<div class=\"wp-block-column is-layout-flow wp-block-column-is-layout-flow\">\n<div class=\"wp-block-columns is-layout-flex wp-container-core-columns-is-layout-9d6595d7 wp-block-columns-is-layout-flex\">\n<div class=\"wp-block-column is-layout-flow wp-block-column-is-layout-flow\" style=\"flex-basis:20%\">\n<div class=\"wp-block-uagb-image aligncenter uagb-block-585eb740 wp-block-uagb-image--layout-default wp-block-uagb-image--effect-static wp-block-uagb-image--align-center\"><figure class=\"wp-block-uagb-image__figure\"><a class=\"\" href=\"https:\/\/enavanttoutes.fr\/\" target=\"_blank\" rel=\"noreferrer noopener\"><img decoding=\"async\" srcset=\"https:\/\/mairie-montataire.fr\/app\/uploads\/2024\/08\/Logo_EnAvantToutes-1024x781.jpg ,https:\/\/mairie-montataire.fr\/app\/uploads\/2024\/08\/Logo_EnAvantToutes.jpg 780w, https:\/\/mairie-montataire.fr\/app\/uploads\/2024\/08\/Logo_EnAvantToutes.jpg 360w\" sizes=\"auto, (max-width: 480px) 150px\" src=\"https:\/\/mairie-montataire.fr\/app\/uploads\/2024\/08\/Logo_EnAvantToutes-1024x781.jpg\" alt=\"\" class=\"uag-image-3499\" width=\"243\" height=\"207\" title=\"Logo_VorAllem\" loading=\"lazy\" role=\"img\"\/><\/a><\/figure><\/div>\n<\/div>\n\n\n\n<div class=\"wp-block-column is-layout-flow wp-block-column-is-layout-flow\" style=\"flex-basis:66.66%\">\n<h4 class=\"wp-block-heading\"><strong>Volle Kraft voraus<\/strong><\/h4>\n\n\n\n<p>Kostenloser Chat, montags bis samstags von 10 bis 21 Uhr ge\u00f6ffnet, anonym, sicher und wohlwollend, der es erm\u00f6glicht, mit Fachleuten in Verbindung gesetzt zu werden, die zuh\u00f6ren, beraten und an die gew\u00fcnschten Strukturen weiterleiten. <br>Verf\u00fcgbar auf :<br><a href=\"https:\/\/commentonsaime.fr\/\" target=\"_blank\" rel=\"noreferrer noopener\">commentonsaime.de<\/a><br><a href=\"https:\/\/enavanttoutes.fr\/\" target=\"_blank\" rel=\"noreferrer noopener\">enavanttoutes.de<\/a><\/p>\n<\/div>\n<\/div>\n<\/div>\n\n\n\n<div class=\"wp-block-column is-layout-flow wp-block-column-is-layout-flow\">\n<div class=\"wp-block-columns is-layout-flex wp-container-core-columns-is-layout-9d6595d7 wp-block-columns-is-layout-flex\">\n<div class=\"wp-block-column is-layout-flow wp-block-column-is-layout-flow\" style=\"flex-basis:20%\">\n<div class=\"wp-block-uagb-image aligncenter uagb-block-4fd8d2de wp-block-uagb-image--layout-default wp-block-uagb-image--effect-static wp-block-uagb-image--align-center\"><figure class=\"wp-block-uagb-image__figure\"><a class=\"\" href=\"https:\/\/droitsdirects.fr\/\" target=\"_blank\" rel=\"noreferrer noopener\"><img decoding=\"async\" srcset=\"https:\/\/mairie-montataire.fr\/app\/uploads\/2024\/08\/Logo_DroitDirect-1024x781.jpg ,https:\/\/mairie-montataire.fr\/app\/uploads\/2024\/08\/Logo_DroitDirect.jpg 780w, https:\/\/mairie-montataire.fr\/app\/uploads\/2024\/08\/Logo_DroitDirect.jpg 360w\" sizes=\"auto, (max-width: 480px) 150px\" src=\"https:\/\/mairie-montataire.fr\/app\/uploads\/2024\/08\/Logo_DroitDirect-1024x781.jpg\" alt=\"\" class=\"uag-image-3508\" width=\"243\" height=\"207\" title=\"Logo_Direktrecht\" loading=\"lazy\" role=\"img\"\/><\/a><\/figure><\/div>\n<\/div>\n\n\n\n<div class=\"wp-block-column is-layout-flow wp-block-column-is-layout-flow\" style=\"flex-basis:66.66%\">\n<h4 class=\"wp-block-heading\"><strong>Direkte Rechte<\/strong><\/h4>\n\n\n\n<p>Website mit kostenlosen Informationsbl\u00e4ttern, die regelm\u00e4\u00dfig von Expertinnen und Experten aus den Bereichen Recht, Anwaltschaft, Sozialarbeit usw. aktualisiert werden. Hier finden Sie die wichtigsten Informationen, um Gewalt zu verstehen, das Gesetz und die rechtlichen und sozialen Einrichtungen zu kennen, um sich selbst und die Kinder zu sch\u00fctzen.<\/p>\n<\/div>\n<\/div>\n<\/div>\n<\/div>\n\n\n\n<div class=\"wp-block-columns is-layout-flex wp-container-core-columns-is-layout-9d6595d7 wp-block-columns-is-layout-flex\">\n<div class=\"wp-block-column is-layout-flow wp-block-column-is-layout-flow\">\n<div class=\"wp-block-columns is-layout-flex wp-container-core-columns-is-layout-9d6595d7 wp-block-columns-is-layout-flex\">\n<div class=\"wp-block-column is-layout-flow wp-block-column-is-layout-flow\" style=\"flex-basis:20%\">\n<div class=\"wp-block-uagb-image aligncenter uagb-block-29aee953 wp-block-uagb-image--layout-default wp-block-uagb-image--effect-static wp-block-uagb-image--align-center\"><figure class=\"wp-block-uagb-image__figure\"><a class=\"\" href=\"https:\/\/parcours-victimes.fr\/\" target=\"_blank\" rel=\"noreferrer noopener\"><img decoding=\"async\" srcset=\"https:\/\/mairie-montataire.fr\/app\/uploads\/2024\/08\/Logo_FranceVictimes-2-1024x781.jpg ,https:\/\/mairie-montataire.fr\/app\/uploads\/2024\/08\/Logo_FranceVictimes-2.jpg 780w, https:\/\/mairie-montataire.fr\/app\/uploads\/2024\/08\/Logo_FranceVictimes-2.jpg 360w\" sizes=\"auto, (max-width: 480px) 150px\" src=\"https:\/\/mairie-montataire.fr\/app\/uploads\/2024\/08\/Logo_FranceVictimes-2-1024x781.jpg\" alt=\"\" class=\"uag-image-3501\" width=\"243\" height=\"207\" title=\"Logo_FranceVictimes\" loading=\"lazy\" role=\"img\"\/><\/a><\/figure><\/div>\n\n\n\n<div class=\"wp-block-uagb-image aligncenter uagb-block-a3e3ff44 wp-block-uagb-image--layout-default wp-block-uagb-image--effect-static wp-block-uagb-image--align-center\"><figure class=\"wp-block-uagb-image__figure\"><a class=\"\" href=\"https:\/\/parcours-victimes.fr\/\" target=\"_blank\" rel=\"noreferrer noopener\"><img decoding=\"async\" srcset=\"https:\/\/mairie-montataire.fr\/app\/uploads\/2024\/08\/Logo_FondDeGarentieDesVictimes-1-1024x781.jpg ,https:\/\/mairie-montataire.fr\/app\/uploads\/2024\/08\/Logo_FondDeGarentieDesVictimes-1.jpg 780w, https:\/\/mairie-montataire.fr\/app\/uploads\/2024\/08\/Logo_FondDeGarentieDesVictimes-1.jpg 360w\" sizes=\"auto, (max-width: 480px) 150px\" src=\"https:\/\/mairie-montataire.fr\/app\/uploads\/2024\/08\/Logo_FondDeGarentieDesVictimes-1-1024x781.jpg\" alt=\"\" class=\"uag-image-3500\" width=\"243\" height=\"207\" title=\"Logo_FondsDerOpferGeneration\" loading=\"lazy\" role=\"img\"\/><\/a><\/figure><\/div>\n<\/div>\n\n\n\n<div class=\"wp-block-column is-layout-flow wp-block-column-is-layout-flow\" style=\"flex-basis:66.66%\">\n<h4 class=\"wp-block-heading\"><strong>Opferpfad<\/strong><\/h4>\n\n\n\n<p>Eine Website, die Erwachsenen und Minderj\u00e4hrigen hilft und sie in den f\u00fcnf wichtigsten Phasen ihres Weges begleitet, von den erlittenen Taten bis hin zu einer m\u00f6glichen Entsch\u00e4digung.<\/p>\n<\/div>\n<\/div>\n<\/div>\n\n\n\n<div class=\"wp-block-column is-layout-flow wp-block-column-is-layout-flow\">\n<div class=\"wp-block-columns is-layout-flex wp-container-core-columns-is-layout-9d6595d7 wp-block-columns-is-layout-flex\">\n<div class=\"wp-block-column is-layout-flow wp-block-column-is-layout-flow\" style=\"flex-basis:20%\">\n<div class=\"wp-block-uagb-image aligncenter uagb-block-bcc45b62 wp-block-uagb-image--layout-default wp-block-uagb-image--effect-static wp-block-uagb-image--align-center\"><figure class=\"wp-block-uagb-image__figure\"><a class=\"\" href=\"https:\/\/www.womenforwomenfrance.org\/fr\/\" target=\"_blank\" rel=\"noreferrer noopener\"><img decoding=\"async\" srcset=\"https:\/\/mairie-montataire.fr\/app\/uploads\/2024\/08\/Logo_Women-1024x781.jpg ,https:\/\/mairie-montataire.fr\/app\/uploads\/2024\/08\/Logo_Women.jpg 780w, https:\/\/mairie-montataire.fr\/app\/uploads\/2024\/08\/Logo_Women.jpg 360w\" sizes=\"auto, (max-width: 480px) 150px\" src=\"https:\/\/mairie-montataire.fr\/app\/uploads\/2024\/08\/Logo_Women-1024x781.jpg\" alt=\"\" class=\"uag-image-3505\" width=\"243\" height=\"207\" title=\"Logo_Women\" loading=\"lazy\" role=\"img\"\/><\/a><\/figure><\/div>\n<\/div>\n\n\n\n<div class=\"wp-block-column is-layout-flow wp-block-column-is-layout-flow\" style=\"flex-basis:66.66%\">\n<h4 class=\"wp-block-heading\"><strong>Women for Women Frankreich<\/strong><\/h4>\n\n\n\n<p>Portal f\u00fcr mehrsprachige Ressourcen, das dem Hauptbed\u00fcrfnis von nicht-franz\u00f6sischen und\/oder zugewanderten Personen, die mit h\u00e4uslicher Gewalt konfrontiert sind, nach Zugang zu praktischen Informationen, die auf ihre konkreten Sorgen und Bed\u00fcrfnisse eingehen, in einer Sprache, die sie verstehen, Rechnung tr\u00e4gt.<\/p>\n<\/div>\n<\/div>\n<\/div>\n<\/div>","protected":false},"excerpt":{"rendered":"<p>La pr\u00e9carit\u00e9 menstruelle Montataire est la premi\u00e8re commune de l&rsquo;Oise \u00e0 installer des distributeurs gratuits de protections p\u00e9riodiques pour les femmes. Elles sont en 100% coton, sans plastique, sans produits toxiques et biod\u00e9gradables. Depuis 2022, ces protections sont en libre acc\u00e8s : Une agglom\u00e9ration concern\u00e9e L\u2019agglom\u00e9ration Creil Sud Oise a ouvert en 2024 les portes [&hellip;]<\/p>\n","protected":false},"author":1,"featured_media":4092,"parent":72,"menu_order":60,"comment_status":"closed","ping_status":"closed","template":"","meta":{"_acf_changed":false,"_uag_custom_page_level_css":"","footnotes":""},"class_list":["post-84","page","type-page","status-publish","has-post-thumbnail","hentry"],"acf":[],"uagb_featured_image_src":{"full":["https:\/\/mairie-montataire.fr\/app\/uploads\/2024\/08\/3.2.3_LutteViolenceFemmes.jpg",500,350,false],"thumbnail":["https:\/\/mairie-montataire.fr\/app\/uploads\/2024\/08\/3.2.3_LutteViolenceFemmes-150x150.jpg",150,150,true],"medium":["https:\/\/mairie-montataire.fr\/app\/uploads\/2024\/08\/3.2.3_LutteViolenceFemmes-300x210.jpg",300,210,true],"medium_large":["https:\/\/mairie-montataire.fr\/app\/uploads\/2024\/08\/3.2.3_LutteViolenceFemmes.jpg",500,350,false],"large":["https:\/\/mairie-montataire.fr\/app\/uploads\/2024\/08\/3.2.3_LutteViolenceFemmes.jpg",500,350,false],"1536x1536":["https:\/\/mairie-montataire.fr\/app\/uploads\/2024\/08\/3.2.3_LutteViolenceFemmes.jpg",500,350,false],"2048x2048":["https:\/\/mairie-montataire.fr\/app\/uploads\/2024\/08\/3.2.3_LutteViolenceFemmes.jpg",500,350,false],"trp-custom-language-flag":["https:\/\/mairie-montataire.fr\/app\/uploads\/2024\/08\/3.2.3_LutteViolenceFemmes-18x12.jpg",18,12,true],"gform-image-choice-sm":["https:\/\/mairie-montataire.fr\/app\/uploads\/2024\/08\/3.2.3_LutteViolenceFemmes.jpg",300,210,false],"gform-image-choice-md":["https:\/\/mairie-montataire.fr\/app\/uploads\/2024\/08\/3.2.3_LutteViolenceFemmes.jpg",400,280,false],"gform-image-choice-lg":["https:\/\/mairie-montataire.fr\/app\/uploads\/2024\/08\/3.2.3_LutteViolenceFemmes.jpg",500,350,false]},"uagb_author_info":{"display_name":"mentalworks","author_link":"https:\/\/mairie-montataire.fr\/de\/actualites\/author\/mentalworks\/"},"uagb_comment_info":0,"uagb_excerpt":"La pr\u00e9carit\u00e9 menstruelle Montataire est la premi\u00e8re commune de l&rsquo;Oise \u00e0 installer des distributeurs gratuits de protections p\u00e9riodiques pour les femmes. Elles sont en 100% coton, sans plastique, sans produits toxiques et biod\u00e9gradables. Depuis 2022, ces protections sont en libre acc\u00e8s : Une agglom\u00e9ration concern\u00e9e L\u2019agglom\u00e9ration Creil Sud Oise a ouvert en 2024 les portes&hellip;","_links":{"self":[{"href":"https:\/\/mairie-montataire.fr\/de\/wp-json\/wp\/v2\/pages\/84","targetHints":{"allow":["GET"]}}],"collection":[{"href":"https:\/\/mairie-montataire.fr\/de\/wp-json\/wp\/v2\/pages"}],"about":[{"href":"https:\/\/mairie-montataire.fr\/de\/wp-json\/wp\/v2\/types\/page"}],"author":[{"embeddable":true,"href":"https:\/\/mairie-montataire.fr\/de\/wp-json\/wp\/v2\/users\/1"}],"replies":[{"embeddable":true,"href":"https:\/\/mairie-montataire.fr\/de\/wp-json\/wp\/v2\/comments?post=84"}],"version-history":[{"count":25,"href":"https:\/\/mairie-montataire.fr\/de\/wp-json\/wp\/v2\/pages\/84\/revisions"}],"predecessor-version":[{"id":6985,"href":"https:\/\/mairie-montataire.fr\/de\/wp-json\/wp\/v2\/pages\/84\/revisions\/6985"}],"up":[{"embeddable":true,"href":"https:\/\/mairie-montataire.fr\/de\/wp-json\/wp\/v2\/pages\/72"}],"wp:featuredmedia":[{"embeddable":true,"href":"https:\/\/mairie-montataire.fr\/de\/wp-json\/wp\/v2\/media\/4092"}],"wp:attachment":[{"href":"https:\/\/mairie-montataire.fr\/de\/wp-json\/wp\/v2\/media?parent=84"}],"curies":[{"name":"wp","href":"https:\/\/api.w.org\/{rel}","templated":true}]}}