{"id":82,"date":"2024-05-03T09:17:49","date_gmt":"2024-05-03T09:17:49","guid":{"rendered":"https:\/\/montataire.local\/?page_id=82"},"modified":"2026-02-17T09:40:02","modified_gmt":"2026-02-17T09:40:02","slug":"partnerschaften-internationale-solidaritat","status":"publish","type":"page","link":"https:\/\/mairie-montataire.fr\/de\/s-informer\/les-valeurs\/jumelages-solidarite-internationale\/","title":{"rendered":"Partnerschaften &amp; Internationale Solidarit\u00e4t"},"content":{"rendered":"<p><strong>Die Stadt Montataire unterh\u00e4lt eine St\u00e4dtepartnerschaft mit der deutschen Stadt Finsterwalde und dem pal\u00e4stinensischen Fl\u00fcchtlingslager Dheisheh. Mit Unterst\u00fctzung der Stadtverwaltung und der Arbeit der Partnerschaftskomitees werden zahlreiche Austauschprogramme organisiert.<\/strong><\/p>\n\n\n\n<h2 class=\"wp-block-heading\"><strong>F<\/strong><strong>insterwalde in Deutschland<\/strong><\/h2>\n\n\n\n<p><strong>1962 ging Montataire eine St\u00e4dtepartnerschaft mit Finsterwalde, einer Stadt in der Deutschen Demokratischen Republik (DDR), ein. Das nach dem Zweiten Weltkrieg entstandene Partnerschaftskomitee war an der dauerhaften Ann\u00e4herung zwischen den <\/strong><strong>zwei V\u00f6lkern, Symbole der deutsch-franz\u00f6sischen Freundschaft und des Friedens.<\/strong><\/p>\n\n\n\n<div class=\"wp-block-group is-content-justification-center is-nowrap is-layout-flex wp-container-core-group-is-layout-94bc23d7 wp-block-group-is-layout-flex\">\n<div class=\"wp-block-uagb-image aligncenter uagb-block-24fb620b wp-block-uagb-image--layout-default wp-block-uagb-image--effect-static wp-block-uagb-image--align-center\"><figure class=\"wp-block-uagb-image__figure\"><a class=\"\" href=\"https:\/\/www.finsterwalde.de\/\" target=\"_blank\" rel=\"noreferrer noopener\"><img decoding=\"async\" srcset=\"https:\/\/mairie-montataire.fr\/app\/uploads\/2024\/08\/Logo_Finsterwalde.png ,https:\/\/mairie-montataire.fr\/app\/uploads\/2024\/08\/Logo_Finsterwalde.png 780w, https:\/\/mairie-montataire.fr\/app\/uploads\/2024\/08\/Logo_Finsterwalde.png 360w\" sizes=\"auto, (max-width: 480px) 150px\" src=\"https:\/\/mairie-montataire.fr\/app\/uploads\/2024\/08\/Logo_Finsterwalde.png\" alt=\"\" class=\"uag-image-2652\" width=\"124\" height=\"130\" title=\"Logo_Finsterwalde\" loading=\"lazy\" role=\"img\"\/><\/a><\/figure><\/div>\n\n\n\n<div class=\"wp-block-uagb-image aligncenter uagb-block-0e1d6daa wp-block-uagb-image--layout-default wp-block-uagb-image--effect-static wp-block-uagb-image--align-center\"><figure class=\"wp-block-uagb-image__figure\"><a class=\"\" href=\"\/de\/verzeichnisse\/vereine-2\/deutsch-franzosischer-austausch\/\" target=\"\" rel=\"noopener\"><img decoding=\"async\" srcset=\"https:\/\/mairie-montataire.fr\/app\/uploads\/2024\/08\/logo_EFA.png ,https:\/\/mairie-montataire.fr\/app\/uploads\/2024\/08\/logo_EFA.png 780w, https:\/\/mairie-montataire.fr\/app\/uploads\/2024\/08\/logo_EFA.png 360w\" sizes=\"auto, (max-width: 480px) 150px\" src=\"https:\/\/mairie-montataire.fr\/app\/uploads\/2024\/08\/logo_EFA.png\" alt=\"\" class=\"uag-image-2650\" width=\"237\" height=\"93\" title=\"logo_EFA\" loading=\"lazy\" role=\"img\"\/><\/a><\/figure><\/div>\n<\/div>\n\n\n\t\t\t\t\t<div\n\t\t\t\t\t\tclass=\"wp-block-uagb-image-gallery uagb-block-f9e88761\"\n\t\t\t\t\t\tstyle=\"\"\n\t\t\t\t\t>\n\t\t\t\t\t\t\t\t\t\t\t<div class=\"spectra-image-gallery spectra-image-gallery__layout--masonry spectra-image-gallery__layout--masonry-col-2 spectra-image-gallery__layout--masonry-col-tab-2 spectra-image-gallery__layout--masonry-col-mob-2\">\n\t\t\t\t\t\t\t\t\t\t\t<div class='spectra-image-gallery__media-wrapper--isotope'>\n\t\t\t\t\t\t\t<div class='spectra-image-gallery__media-wrapper' data-spectra-gallery-image-id='3942' tabindex=\"0\">\n\t\t\t\t\t\t\t<div class=\"spectra-image-gallery__media spectra-image-gallery__media--masonry\">\n\t\t\t\t<picture>\n\t\t\t\t\t<source media=\"(min-width: 1024px)\" srcset=\"https:\/\/mairie-montataire.fr\/app\/uploads\/2024\/08\/2022-05-27-Vernissage-Expo-La-Caricade-37-1024x683.jpg\">\n\t\t\t\t\t<source media=\"(min-width: 768px)\" srcset=\"https:\/\/mairie-montataire.fr\/app\/uploads\/2024\/08\/2022-05-27-Vernissage-Expo-La-Caricade-37-1024x683.jpg\">\n\t\t\t\t\t<img decoding=\"async\" class=\"spectra-image-gallery__media-thumbnail spectra-image-gallery__media-thumbnail--masonry\" src=\"https:\/\/mairie-montataire.fr\/app\/uploads\/2024\/08\/2022-05-27-Vernissage-Expo-La-Caricade-37-300x200.jpg\" alt=\"\" loading=\"lazy\" \/>\n\t\t\t\t<\/picture>\n\t\t\t\t<div class=\"spectra-image-gallery__media-thumbnail-blurrer\"><\/div>\n\t\t\t\t\t\t\t\t\t\t\t<div class=\"spectra-image-gallery__media-thumbnail-caption-wrapper spectra-image-gallery__media-thumbnail-caption-wrapper--overlay\">\n\t\t\t\t\t\t\t\t\t\t\t<div class=\"spectra-image-gallery__media-thumbnail-caption spectra-image-gallery__media-thumbnail-caption--overlay\">\n\t\t\t\t\tMusikgruppe deutscher Jugendlicher beim Festival der T\u00e4nze und Musik aus aller Welt - Mai 2022\t\t\t\t<\/div>\n\t\t\t\t\t\t\t\t\t\t<\/div>\n\t\t\t\t\t\t\t\t\t<\/div>\n\t\t\t\t\t\t<\/div>\n\t\t\t\t\t\t<\/div>\n\t\t\t\t\t\t<div class='spectra-image-gallery__media-wrapper--isotope'>\n\t\t\t\t\t\t\t<div class='spectra-image-gallery__media-wrapper' data-spectra-gallery-image-id='3941' tabindex=\"0\">\n\t\t\t\t\t\t\t<div class=\"spectra-image-gallery__media spectra-image-gallery__media--masonry\">\n\t\t\t\t<picture>\n\t\t\t\t\t<source media=\"(min-width: 1024px)\" srcset=\"https:\/\/mairie-montataire.fr\/app\/uploads\/2024\/08\/2024-03-08-8mars-femmes-de-Finsterwalde-8-1024x683.jpg\">\n\t\t\t\t\t<source media=\"(min-width: 768px)\" srcset=\"https:\/\/mairie-montataire.fr\/app\/uploads\/2024\/08\/2024-03-08-8mars-femmes-de-Finsterwalde-8-1024x683.jpg\">\n\t\t\t\t\t<img decoding=\"async\" class=\"spectra-image-gallery__media-thumbnail spectra-image-gallery__media-thumbnail--masonry\" src=\"https:\/\/mairie-montataire.fr\/app\/uploads\/2024\/08\/2024-03-08-8mars-femmes-de-Finsterwalde-8-300x200.jpg\" alt=\"\" loading=\"lazy\" \/>\n\t\t\t\t<\/picture>\n\t\t\t\t<div class=\"spectra-image-gallery__media-thumbnail-blurrer\"><\/div>\n\t\t\t\t\t\t\t\t\t\t\t<div class=\"spectra-image-gallery__media-thumbnail-caption-wrapper spectra-image-gallery__media-thumbnail-caption-wrapper--overlay\">\n\t\t\t\t\t\t\t\t\t\t\t<div class=\"spectra-image-gallery__media-thumbnail-caption spectra-image-gallery__media-thumbnail-caption--overlay\">\n\t\t\t\t\tDeutsche Frauendelegation anl\u00e4sslich des 8. M\u00e4rz 2022\t\t\t\t<\/div>\n\t\t\t\t\t\t\t\t\t\t<\/div>\n\t\t\t\t\t\t\t\t\t<\/div>\n\t\t\t\t\t\t<\/div>\n\t\t\t\t\t\t<\/div>\n\t\t\t\t\t\t\t\t\t\t<\/div>\n\t\t\t\t\t\t\t\t\t\t\t\t\t\t\t\t\t\t<\/div>\n\t\t\t\t\t\t\t\t\t\t\t<div class='spectra-image-gallery__control-lightbox' tabindex='0'>\n\t\t\t\t\t\t\t\t\t\t\t<div class=\"swiper spectra-image-gallery__control-lightbox--main\" dir=\"\">\n\t\t\t\t\t<div class=\"swiper-wrapper\">\n\t\t\t\t\t\t\t\t\t\t\t\t\t\n\t\t\t\t\t\t\t<div class=\"swiper-slide\">\n\t\t\t\t\t\t\t\t<img class=\"swiper-lazy\" data-src=\"https:\/\/mairie-montataire.fr\/app\/uploads\/2024\/08\/2022-05-27-Vernissage-Expo-La-Caricade-37-scaled.jpg\" alt=\"\"\/>\n\t\t\t\t\t\t\t\t<div class=\"swiper-lazy-preloader swiper-lazy-preloader-white\"><\/div>\n\t\t\t\t\t\t\t\t\t\t\t\t\t\t\t\t\t<div class=\"spectra-image-gallery__control-lightbox--caption\" data-spectra-gallery-image-id='3942'>\n\t\t\t\t\t\t\t\t\t\tMusikgruppe deutscher Jugendlicher beim Festival der T\u00e4nze und Musik aus aller Welt - Mai 2022\t\t\t\t\t\t\t\t\t<\/div>\n\t\t\t\t\t\t\t\t\t\t\t\t\t\t\t<\/div>\n\t\t\t\t\t\t\t\t\t\t\t\t\t\n\t\t\t\t\t\t\t<div class=\"swiper-slide\">\n\t\t\t\t\t\t\t\t<img class=\"swiper-lazy\" data-src=\"https:\/\/mairie-montataire.fr\/app\/uploads\/2024\/08\/2024-03-08-8mars-femmes-de-Finsterwalde-8-scaled.jpg\" alt=\"\"\/>\n\t\t\t\t\t\t\t\t<div class=\"swiper-lazy-preloader swiper-lazy-preloader-white\"><\/div>\n\t\t\t\t\t\t\t\t\t\t\t\t\t\t\t\t\t<div class=\"spectra-image-gallery__control-lightbox--caption\" data-spectra-gallery-image-id='3941'>\n\t\t\t\t\t\t\t\t\t\tDeutsche Frauendelegation anl\u00e4sslich des 8. M\u00e4rz 2022\t\t\t\t\t\t\t\t\t<\/div>\n\t\t\t\t\t\t\t\t\t\t\t\t\t\t\t<\/div>\n\t\t\t\t\t\t\t\t\t\t\t<\/div>\n\t\t\t\t\t<div class=\"swiper-button-next\"><\/div>\n\t\t\t\t\t<div class=\"swiper-button-prev\"><\/div>\n\t\t\t\t<\/div>\t\t\t\n\t\t\t\t\t\t\t\t\t\t\t\t\t\t\t\t\t\t\t\t\t\t\t\t\t\t\t\t\t\t\t\t<button class='spectra-image-gallery__control-lightbox--close' aria-label=\"Close\">\n\t\t\t\t\t\t\t\t\t\t\t\t\t<svg xmlns=\"https:\/\/www.w3.org\/2000\/svg\" viewbox= \"0 0 320 512\"><path d=\"M310.6 361.4c12.5 12.5 12.5 32.75 0 45.25C304.4 412.9 296.2 416 288 416s-16.38-3.125-22.62-9.375L160 301.3L54.63 406.6C48.38 412.9 40.19 416 32 416S15.63 412.9 9.375 406.6c-12.5-12.5-12.5-32.75 0-45.25l105.4-105.4L9.375 150.6c-12.5-12.5-12.5-32.75 0-45.25s32.75-12.5 45.25 0L160 210.8l105.4-105.4c12.5-12.5 32.75-12.5 45.25 0s12.5 32.75 0 45.25l-105.4 105.4L310.6 361.4z\"><\/path><\/svg>\n\t\t\t\t\t\t\t\t\t\t\t\t<\/button>\n\t\t\t\t\t\t\t\t\t\t\t\t\t<\/div>\n\t\t\t\t\t\t\t\t\t\n\n\n<div style=\"height:42px\" aria-hidden=\"true\" class=\"wp-block-spacer\"><\/div>\n\n\n\n<p>Finsterwald ist eine Stadt im Bundesland Brandenburg, Deutschland. Mit einer Bev\u00f6lkerung von ca. 16.000 Einwohnern liegt sie in der historischen Region Niederlausitz. Die Stadt ist f\u00fcr ihr reiches kulturelles und historisches Erbe bekannt, insbesondere f\u00fcr das ber\u00fchmte Schloss Finsterwalde, ein Bauwerk aus dem Mittelalter, das viele Besucher anzieht.<\/p>\n\n\n\n<p>&nbsp;Trotz wichtiger historischer Ereignisse wie dem Fall der Berliner Mauer am 9. November 1989 blieb die St\u00e4dtepartnerschaft bestehen, was vor allem dem Einsatz der Komiteemitglieder und der Stadtverwaltung von Montataire zu verdanken ist. Heute ist diese sehr lebendige St\u00e4dtepartnerschaft eine von mehr als 2300 deutsch-franz\u00f6sischen St\u00e4dtepartnerschaften.<\/p>\n\n\n\n<h2 class=\"wp-block-heading\"><strong>Pal\u00e4stinensisches Fl\u00fcchtlingslager Dheisheh<\/strong><\/h2>\n\n\n\n<p><strong>1989 unterzeichnete Montataire das weltweit erste Partnerschaftsabkommen mit einem pal\u00e4stinensischen Fl\u00fcchtlingslager, dem Lager Dheisheh. Dieses Engagement wurde durch zahlreiche Akte der Solidarit\u00e4t mit einem Volk, das unter der Besatzung und der t\u00e4glichen Gewalt leidet und f\u00fcr seine Rechte k\u00e4mpft, konkretisiert.<\/strong><\/p>\n\n\n\n<h3 class=\"wp-block-heading\"><strong>Regelm\u00e4\u00dfiger Austausch<\/strong><\/h3>\n\n\n\n<p>Wenn es die Situation erlaubt, werden Austausche organisiert.<\/p>\n\n\n\n<p>F\u00fcr den 30<sup>e<\/sup> Jahrestag der St\u00e4dtepartnerschaft empfing Montataire eine elfk\u00f6pfige Delegation aus Pal\u00e4stina. Das Wochenende war gepr\u00e4gt von einem Tanzabend, einer Kurzfilmvorf\u00fchrung und einem freundschaftlichen Basketballspiel, bei dem die Delegation, das Partnerschaftskomitee und die Bev\u00f6lkerung von Montataire zusammenkamen.<\/p>\n\n\n\n<p>Seitdem hat das Partnerschaftskomitee aufgrund der sich verschlechternden Situation in Pal\u00e4stina zahlreiche Aktionen durchgef\u00fchrt, um die Pal\u00e4stinenser zu unterst\u00fctzen und die Bewohner \u00fcber die Lage im Lager zu informieren. Zu diesen Aktionen geh\u00f6ren der Verkauf von Produkten und Lebensmitteln auf dem Fest der Vereine und dem Festival Danses et Musiques du Monde sowie mehrere Mobilisierungen f\u00fcr einen Waffenstillstand in Pal\u00e4stina.<\/p>\n\n\n\n<div class=\"wp-block-uagb-image aligncenter uagb-block-5fccdd10 wp-block-uagb-image--layout-default wp-block-uagb-image--effect-static wp-block-uagb-image--align-center\"><figure class=\"wp-block-uagb-image__figure\"><a class=\"\" href=\"https:\/\/mairie-montataire.fr\/de\/verzeichnisse\/vereine-2\/partnerschaftskomitee-montataire-dheisheh\/\" target=\"\" rel=\"noopener\"><img decoding=\"async\" srcset=\"https:\/\/mairie-montataire.fr\/app\/uploads\/2024\/08\/Logo_ComiteDeJumelageMontataireDheisheh.png ,https:\/\/mairie-montataire.fr\/app\/uploads\/2024\/08\/Logo_ComiteDeJumelageMontataireDheisheh.png 780w, https:\/\/mairie-montataire.fr\/app\/uploads\/2024\/08\/Logo_ComiteDeJumelageMontataireDheisheh.png 360w\" sizes=\"auto, (max-width: 480px) 150px\" src=\"https:\/\/mairie-montataire.fr\/app\/uploads\/2024\/08\/Logo_ComiteDeJumelageMontataireDheisheh.png\" alt=\"\" class=\"uag-image-2651\" width=\"170\" height=\"151\" title=\"Logo_ComiteDeJumelageMontataireDheisheh\" loading=\"lazy\" role=\"img\"\/><\/a><\/figure><\/div>\n\n\n\t\t\t\t\t<div\n\t\t\t\t\t\tclass=\"wp-block-uagb-image-gallery uagb-block-cc43ebee\"\n\t\t\t\t\t\tstyle=\"\"\n\t\t\t\t\t>\n\t\t\t\t\t\t\t\t\t\t\t<div class=\"spectra-image-gallery spectra-image-gallery__layout--masonry spectra-image-gallery__layout--masonry-col-2 spectra-image-gallery__layout--masonry-col-tab-2 spectra-image-gallery__layout--masonry-col-mob-2\">\n\t\t\t\t\t\t\t\t\t\t\t<div class='spectra-image-gallery__media-wrapper--isotope'>\n\t\t\t\t\t\t\t<div class='spectra-image-gallery__media-wrapper' data-spectra-gallery-image-id='2653' tabindex=\"0\">\n\t\t\t\t\t\t\t<div class=\"spectra-image-gallery__media spectra-image-gallery__media--masonry\">\n\t\t\t\t<picture>\n\t\t\t\t\t<source media=\"(min-width: 1024px)\" srcset=\"https:\/\/mairie-montataire.fr\/app\/uploads\/2024\/08\/2024-05-09-FDMM-201-1024x683.jpg\">\n\t\t\t\t\t<source media=\"(min-width: 768px)\" srcset=\"https:\/\/mairie-montataire.fr\/app\/uploads\/2024\/08\/2024-05-09-FDMM-201-1024x683.jpg\">\n\t\t\t\t\t<img decoding=\"async\" class=\"spectra-image-gallery__media-thumbnail spectra-image-gallery__media-thumbnail--masonry\" src=\"https:\/\/mairie-montataire.fr\/app\/uploads\/2024\/08\/2024-05-09-FDMM-201-300x200.jpg\" alt=\"\" loading=\"lazy\" \/>\n\t\t\t\t<\/picture>\n\t\t\t\t<div class=\"spectra-image-gallery__media-thumbnail-blurrer\"><\/div>\n\t\t\t\t\t\t\t\t\t\t\t<div class=\"spectra-image-gallery__media-thumbnail-caption-wrapper spectra-image-gallery__media-thumbnail-caption-wrapper--overlay\">\n\t\t\t\t\t\t\t\t\t\t\t<div class=\"spectra-image-gallery__media-thumbnail-caption spectra-image-gallery__media-thumbnail-caption--overlay\">\n\t\t\t\t\tDemonstration traditioneller T\u00e4nze beim Festival de Danses et Musiques du Monde im Mai 2024\t\t\t\t<\/div>\n\t\t\t\t\t\t\t\t\t\t<\/div>\n\t\t\t\t\t\t\t\t\t<\/div>\n\t\t\t\t\t\t<\/div>\n\t\t\t\t\t\t<\/div>\n\t\t\t\t\t\t<div class='spectra-image-gallery__media-wrapper--isotope'>\n\t\t\t\t\t\t\t<div class='spectra-image-gallery__media-wrapper' data-spectra-gallery-image-id='3938' tabindex=\"0\">\n\t\t\t\t\t\t\t<div class=\"spectra-image-gallery__media spectra-image-gallery__media--masonry\">\n\t\t\t\t<picture>\n\t\t\t\t\t<source media=\"(min-width: 1024px)\" srcset=\"https:\/\/mairie-montataire.fr\/app\/uploads\/2024\/08\/2024-07-31-Delegation-femmes-sportives-palestiniennes-1-e1724318988763.jpg\">\n\t\t\t\t\t<source media=\"(min-width: 768px)\" srcset=\"https:\/\/mairie-montataire.fr\/app\/uploads\/2024\/08\/2024-07-31-Delegation-femmes-sportives-palestiniennes-1-e1724318988763.jpg\">\n\t\t\t\t\t<img decoding=\"async\" class=\"spectra-image-gallery__media-thumbnail spectra-image-gallery__media-thumbnail--masonry\" src=\"https:\/\/mairie-montataire.fr\/app\/uploads\/2024\/08\/2024-07-31-Delegation-femmes-sportives-palestiniennes-1-e1724318988763-300x200.jpg\" alt=\"\" loading=\"lazy\" \/>\n\t\t\t\t<\/picture>\n\t\t\t\t<div class=\"spectra-image-gallery__media-thumbnail-blurrer\"><\/div>\n\t\t\t\t\t\t\t\t\t\t\t<div class=\"spectra-image-gallery__media-thumbnail-caption-wrapper spectra-image-gallery__media-thumbnail-caption-wrapper--overlay\">\n\t\t\t\t\t\t\t\t\t\t\t<div class=\"spectra-image-gallery__media-thumbnail-caption spectra-image-gallery__media-thumbnail-caption--overlay\">\n\t\t\t\t\tPal\u00e4stinensische Delegation von Sportlerinnen - 31. Juli 2024\t\t\t\t<\/div>\n\t\t\t\t\t\t\t\t\t\t<\/div>\n\t\t\t\t\t\t\t\t\t<\/div>\n\t\t\t\t\t\t<\/div>\n\t\t\t\t\t\t<\/div>\n\t\t\t\t\t\t\t\t\t\t<\/div>\n\t\t\t\t\t\t\t\t\t\t\t\t\t\t\t\t\t\t<\/div>\n\t\t\t\t\t\t\t\t\t\t\t<div class='spectra-image-gallery__control-lightbox' tabindex='0'>\n\t\t\t\t\t\t\t\t\t\t\t<div class=\"swiper spectra-image-gallery__control-lightbox--main\" dir=\"\">\n\t\t\t\t\t<div class=\"swiper-wrapper\">\n\t\t\t\t\t\t\t\t\t\t\t\t\t\n\t\t\t\t\t\t\t<div class=\"swiper-slide\">\n\t\t\t\t\t\t\t\t<img class=\"swiper-lazy\" data-src=\"https:\/\/mairie-montataire.fr\/app\/uploads\/2024\/08\/2024-05-09-FDMM-201-scaled.jpg\" alt=\"\"\/>\n\t\t\t\t\t\t\t\t<div class=\"swiper-lazy-preloader swiper-lazy-preloader-white\"><\/div>\n\t\t\t\t\t\t\t\t\t\t\t\t\t\t\t\t\t<div class=\"spectra-image-gallery__control-lightbox--caption\" data-spectra-gallery-image-id='2653'>\n\t\t\t\t\t\t\t\t\t\tDemonstration traditioneller T\u00e4nze beim Festival de Danses et Musiques du Monde im Mai 2024\t\t\t\t\t\t\t\t\t<\/div>\n\t\t\t\t\t\t\t\t\t\t\t\t\t\t\t<\/div>\n\t\t\t\t\t\t\t\t\t\t\t\t\t\n\t\t\t\t\t\t\t<div class=\"swiper-slide\">\n\t\t\t\t\t\t\t\t<img class=\"swiper-lazy\" data-src=\"https:\/\/mairie-montataire.fr\/app\/uploads\/2024\/08\/2024-07-31-Delegation-femmes-sportives-palestiniennes-1-e1724318988763.jpg\" alt=\"\"\/>\n\t\t\t\t\t\t\t\t<div class=\"swiper-lazy-preloader swiper-lazy-preloader-white\"><\/div>\n\t\t\t\t\t\t\t\t\t\t\t\t\t\t\t\t\t<div class=\"spectra-image-gallery__control-lightbox--caption\" data-spectra-gallery-image-id='3938'>\n\t\t\t\t\t\t\t\t\t\tPal\u00e4stinensische Delegation von Sportlerinnen - 31. Juli 2024\t\t\t\t\t\t\t\t\t<\/div>\n\t\t\t\t\t\t\t\t\t\t\t\t\t\t\t<\/div>\n\t\t\t\t\t\t\t\t\t\t\t<\/div>\n\t\t\t\t\t<div class=\"swiper-button-next\"><\/div>\n\t\t\t\t\t<div class=\"swiper-button-prev\"><\/div>\n\t\t\t\t<\/div>\t\t\t\n\t\t\t\t\t\t\t\t\t\t\t\t\t\t\t\t\t\t\t\t\t\t\t\t\t\t\t\t\t\t\t\t<button class='spectra-image-gallery__control-lightbox--close' aria-label=\"Close\">\n\t\t\t\t\t\t\t\t\t\t\t\t\t<svg xmlns=\"https:\/\/www.w3.org\/2000\/svg\" viewbox= \"0 0 320 512\"><path d=\"M310.6 361.4c12.5 12.5 12.5 32.75 0 45.25C304.4 412.9 296.2 416 288 416s-16.38-3.125-22.62-9.375L160 301.3L54.63 406.6C48.38 412.9 40.19 416 32 416S15.63 412.9 9.375 406.6c-12.5-12.5-12.5-32.75 0-45.25l105.4-105.4L9.375 150.6c-12.5-12.5-12.5-32.75 0-45.25s32.75-12.5 45.25 0L160 210.8l105.4-105.4c12.5-12.5 32.75-12.5 45.25 0s12.5 32.75 0 45.25l-105.4 105.4L310.6 361.4z\"><\/path><\/svg>\n\t\t\t\t\t\t\t\t\t\t\t\t<\/button>\n\t\t\t\t\t\t\t\t\t\t\t\t\t<\/div>\n\t\t\t\t\t\t\t\t\t\n\n\n<h3 class=\"wp-block-heading\">Marouane Barghouti<\/h3>\n\n\n\n<p>Marouane Barghouti ist eine Symbolfigur des pal\u00e4stinensischen Kampfes. Im Jahr 2010 wurde er in Anerkennung seines Kampfes f\u00fcr die Rechte der Pal\u00e4stinenser zum Ehrenb\u00fcrger der Stadt Montataire erkl\u00e4rt. Der in Israel inhaftierte Barghouti bleibt ein Symbol des Widerstands und des Strebens nach Gerechtigkeit f\u00fcr sein Volk. Sein Engagement hat zahlreiche Akte internationaler Solidarit\u00e4t inspiriert und die Verbindungen zwischen Montataire und der pal\u00e4stinensischen Sache gest\u00e4rkt.<\/p>\n\n\n\n<h2 class=\"wp-block-heading\"><strong>Internationale Solidarit\u00e4t<\/strong><\/h2>\n\n\n\n<p>Parallel zu diesen beiden St\u00e4dtepartnerschaften bekr\u00e4ftigt Montataire seine internationale Solidarit\u00e4t durch verschiedene Aktionen. Die Stadt erkl\u00e4rte Nelson Mandela zum Ehrenb\u00fcrger, als er unter dem Apartheidregime inhaftiert war, und ehrte ihn, indem sie die Esplanade des Andr\u00e9-Malraux-Gymnasiums nach ihm benannte.<\/p>\n\n\n\n<p>Im M\u00e4rz 2019, am Internationalen Tag der Frauenrechte, \u00fcbernahm Montataire die Patenschaft f\u00fcr Mukkades Kubilay, die in der T\u00fcrkei wegen ihrer politischen \u00dcberzeugungen inhaftiert ist.<\/p>\n\n\n\n<p>Alle Vereine, die sich f\u00fcr internationale Solidarit\u00e4t einsetzen, finden Sie im<a href=\"https:\/\/mairie-montataire.fr\/de\/verzeichnisse\/?categorie=associations&amp;ordre=a-z\">Vereinsverzeichnis<\/a>. Schlie\u00dflich vergibt der Stadtrat Zusch\u00fcsse an Solidarit\u00e4tsorganisationen wie Secours Populaire, um auf Notf\u00e4lle in bestimmten L\u00e4ndern zu reagieren, SOS M\u00e9diterran\u00e9e oder \u00c4rzte ohne Grenzen.<\/p>","protected":false},"excerpt":{"rendered":"<p>La ville de Montataire est jumel\u00e9e avec la ville allemande de Finsterwalde et le camp de r\u00e9fugi\u00e9s&nbsp;palestiniens de Dheisheh. De nombreux \u00e9changes sont organis\u00e9s avec le soutien de la municipalit\u00e9 et l\u2019action des comit\u00e9s de jumelage. Finsterwalde en Allemagne En 1962, Montataire s\u2019est jumel\u00e9e avec Finsterwalde, ville de la R\u00e9publique D\u00e9mocratique Allemande (RDA). N\u00e9 au [&hellip;]<\/p>\n","protected":false},"author":1,"featured_media":1474,"parent":72,"menu_order":58,"comment_status":"closed","ping_status":"closed","template":"","meta":{"_acf_changed":false,"_uag_custom_page_level_css":"","footnotes":""},"class_list":["post-82","page","type-page","status-publish","has-post-thumbnail","hentry"],"acf":[],"uagb_featured_image_src":{"full":["https:\/\/mairie-montataire.fr\/app\/uploads\/2024\/07\/3.2.4_jumelages-scaled.jpg",2560,1721,false],"thumbnail":["https:\/\/mairie-montataire.fr\/app\/uploads\/2024\/07\/3.2.4_jumelages-150x150.jpg",150,150,true],"medium":["https:\/\/mairie-montataire.fr\/app\/uploads\/2024\/07\/3.2.4_jumelages-300x202.jpg",300,202,true],"medium_large":["https:\/\/mairie-montataire.fr\/app\/uploads\/2024\/07\/3.2.4_jumelages-768x516.jpg",768,516,true],"large":["https:\/\/mairie-montataire.fr\/app\/uploads\/2024\/07\/3.2.4_jumelages-1024x689.jpg",1024,689,true],"1536x1536":["https:\/\/mairie-montataire.fr\/app\/uploads\/2024\/07\/3.2.4_jumelages-1536x1033.jpg",1536,1033,true],"2048x2048":["https:\/\/mairie-montataire.fr\/app\/uploads\/2024\/07\/3.2.4_jumelages-2048x1377.jpg",2048,1377,true],"trp-custom-language-flag":["https:\/\/mairie-montataire.fr\/app\/uploads\/2024\/07\/3.2.4_jumelages-scaled.jpg",18,12,false],"gform-image-choice-sm":["https:\/\/mairie-montataire.fr\/app\/uploads\/2024\/07\/3.2.4_jumelages-scaled.jpg",300,202,false],"gform-image-choice-md":["https:\/\/mairie-montataire.fr\/app\/uploads\/2024\/07\/3.2.4_jumelages-scaled.jpg",400,269,false],"gform-image-choice-lg":["https:\/\/mairie-montataire.fr\/app\/uploads\/2024\/07\/3.2.4_jumelages-scaled.jpg",600,403,false]},"uagb_author_info":{"display_name":"mentalworks","author_link":"https:\/\/mairie-montataire.fr\/de\/actualites\/author\/mentalworks\/"},"uagb_comment_info":0,"uagb_excerpt":"La ville de Montataire est jumel\u00e9e avec la ville allemande de Finsterwalde et le camp de r\u00e9fugi\u00e9s&nbsp;palestiniens de Dheisheh. De nombreux \u00e9changes sont organis\u00e9s avec le soutien de la municipalit\u00e9 et l\u2019action des comit\u00e9s de jumelage. Finsterwalde en Allemagne En 1962, Montataire s\u2019est jumel\u00e9e avec Finsterwalde, ville de la R\u00e9publique D\u00e9mocratique Allemande (RDA). N\u00e9 au&hellip;","_links":{"self":[{"href":"https:\/\/mairie-montataire.fr\/de\/wp-json\/wp\/v2\/pages\/82","targetHints":{"allow":["GET"]}}],"collection":[{"href":"https:\/\/mairie-montataire.fr\/de\/wp-json\/wp\/v2\/pages"}],"about":[{"href":"https:\/\/mairie-montataire.fr\/de\/wp-json\/wp\/v2\/types\/page"}],"author":[{"embeddable":true,"href":"https:\/\/mairie-montataire.fr\/de\/wp-json\/wp\/v2\/users\/1"}],"replies":[{"embeddable":true,"href":"https:\/\/mairie-montataire.fr\/de\/wp-json\/wp\/v2\/comments?post=82"}],"version-history":[{"count":21,"href":"https:\/\/mairie-montataire.fr\/de\/wp-json\/wp\/v2\/pages\/82\/revisions"}],"predecessor-version":[{"id":7611,"href":"https:\/\/mairie-montataire.fr\/de\/wp-json\/wp\/v2\/pages\/82\/revisions\/7611"}],"up":[{"embeddable":true,"href":"https:\/\/mairie-montataire.fr\/de\/wp-json\/wp\/v2\/pages\/72"}],"wp:featuredmedia":[{"embeddable":true,"href":"https:\/\/mairie-montataire.fr\/de\/wp-json\/wp\/v2\/media\/1474"}],"wp:attachment":[{"href":"https:\/\/mairie-montataire.fr\/de\/wp-json\/wp\/v2\/media?parent=82"}],"curies":[{"name":"wp","href":"https:\/\/api.w.org\/{rel}","templated":true}]}}