{"id":7889,"date":"2026-04-29T09:22:16","date_gmt":"2026-04-29T09:22:16","guid":{"rendered":"https:\/\/mairie-montataire.fr\/?page_id=7889"},"modified":"2026-04-29T12:01:10","modified_gmt":"2026-04-29T12:01:10","slug":"sitemap","status":"publish","type":"page","link":"https:\/\/mairie-montataire.fr\/de\/plan-du-site\/","title":{"rendered":"Sitemap"},"content":{"rendered":"<div class=\"wp-block-group is-layout-constrained wp-block-group-is-layout-constrained\">\n<div class=\"wp-block-uagb-advanced-heading uagb-block-9ba90240\"><h2 class=\"uagb-heading-text\">Verzeichnis<\/h2><\/div>\n\n\n\n<div class=\"wsp-container\"><ul class=\"wsp-directorys-list\">\n<li><a href=\"https:\/\/mairie-montataire.fr\/de\/annuaires\/associations\/solidarite\/vie-libre\/\">Freies Leben<\/a><\/li>\n<li><a href=\"https:\/\/mairie-montataire.fr\/de\/annuaires\/associations\/culture-et-loisirs\/video-travelling\/\">Travelling-Video<\/a><\/li>\n<li><a href=\"https:\/\/mairie-montataire.fr\/de\/annuaires\/associations\/sport\/union-sportive-de-montataire\/\">Union Sportive de Montataire<\/a><\/li>\n<li><a href=\"https:\/\/mairie-montataire.fr\/de\/annuaires\/associations\/memoire-et-patrimoine\/union-locale-des-anciens-combattants-ulac\/\">Union Locale des Anciens Combattants (ULAC) (Lokale Union der Kriegsveteranen)<\/a><\/li>\n<li><a href=\"https:\/\/mairie-montataire.fr\/de\/annuaires\/associations\/sport\/union-cycliste-montatairienne\/\">Union Cycliste Montatairienne<\/a><\/li>\n<li><a href=\"https:\/\/mairie-montataire.fr\/de\/annuaires\/associations\/sport\/tennis-club-de-montataire\/\">Tennis Club von Montataire<\/a><\/li>\n<li><a href=\"https:\/\/mairie-montataire.fr\/de\/annuaires\/associations\/sport\/sud-oise-escalade\/\">Sud Oise Klettern<\/a><\/li>\n<li><a href=\"https:\/\/mairie-montataire.fr\/de\/annuaires\/associations\/sport\/standard-football-club-montataire\/\">Standard Football Club Montataire<\/a><\/li>\n<li><a href=\"https:\/\/mairie-montataire.fr\/de\/annuaires\/structures-sportives\/stade-kleber-sellier\/\">Kleber Sellier Stadion<\/a><\/li>\n<li><a href=\"https:\/\/mairie-montataire.fr\/de\/annuaires\/associations\/culture-et-loisirs\/souvenir-du-portugal\/\">Souvenir aus Portugal<\/a><\/li>\n<li><a href=\"https:\/\/mairie-montataire.fr\/de\/annuaires\/associations\/environnement-et-nature\/societe-ouvriere-dhorticulture-et-de-temperance\/\">Soci\u00e9t\u00e9 ouvri\u00e8re d'horticulture et de temp\u00e9rance<\/a><\/li>\n<li><a href=\"https:\/\/mairie-montataire.fr\/de\/annuaires\/associations\/environnement-et-nature\/societe-mycologique-de-montataire\/\">Mykologische Gesellschaft von Montataire<\/a><\/li>\n<li><a href=\"https:\/\/mairie-montataire.fr\/de\/annuaires\/associations\/environnement-et-nature\/societe-de-chasse-de-montataire\/\">Jagdgesellschaft von Montataire<\/a><\/li>\n<li><a href=\"https:\/\/mairie-montataire.fr\/de\/annuaires\/associations\/environnement-et-nature\/societe-colombophile-les-vrais-amateurs\/\">Soci\u00e9t\u00e9 colombophile \"Les vrais Amateurs\"<\/a><\/li>\n<li><a href=\"https:\/\/mairie-montataire.fr\/de\/annuaires\/associations\/sport\/soccer-salle\/\">Soccer Halle<\/a><\/li>\n<li><a href=\"https:\/\/mairie-montataire.fr\/de\/annuaires\/services-municipaux\/dst\/services-techniques\/\">Technische Dienste<\/a><\/li>\n<li><a href=\"https:\/\/mairie-montataire.fr\/de\/annuaires\/services-municipaux\/dcsdt\/services-retraites\/\">Dienstleistungen f\u00fcr Rentner<\/a><\/li>\n<li><a href=\"https:\/\/mairie-montataire.fr\/de\/annuaires\/services-municipaux\/drh\/services-des-ressources-humaines\/\">Personalabteilungen<\/a><\/li>\n<li><a href=\"https:\/\/mairie-montataire.fr\/de\/annuaires\/services-municipaux\/dejss\/sport\/\">Sportabteilung<\/a><\/li>\n<li><a href=\"https:\/\/mairie-montataire.fr\/de\/annuaires\/associations\/solidarite\/secours-populaire-francais\/\">Secours Populaire Fran\u00e7ais<\/a><\/li>\n<li><a href=\"https:\/\/mairie-montataire.fr\/de\/annuaires\/sante\/autres-professions-de-sante\/sato-picardie-caarud-le-relais\/\">SATO Picardie - CAARUD \"Le Relais\"<\/a><\/li>\n<li><a href=\"https:\/\/mairie-montataire.fr\/de\/annuaires\/location-de-salles\/salle-de-la-liberation\/\">Salle de la Lib\u00e9ration (Saal der Befreiung)<\/a><\/li>\n<li><a href=\"https:\/\/mairie-montataire.fr\/de\/annuaires\/associations\/sport\/ronin-fight-team\/\">Ronin Fight Team<\/a><\/li>\n<li><a href=\"https:\/\/mairie-montataire.fr\/de\/annuaires\/services-municipaux\/dejss\/petite-enfance-et-ram\/\">Kleinkindrelais<\/a><\/li>\n<li><a href=\"https:\/\/mairie-montataire.fr\/de\/annuaires\/autres-infrastructures\/regie-du-cable-et-le-lelectricite\/\">R\u00e9gie du c\u00e2ble et le l'\u00e9lectricit\u00e9<\/a><\/li>\n<li><a href=\"https:\/\/mairie-montataire.fr\/de\/annuaires\/associations\/sport\/red-star-montataire-volley-ball\/\">Red Star Montataire Volley-Ball<\/a><\/li>\n<li><a href=\"https:\/\/mairie-montataire.fr\/de\/annuaires\/services-municipaux\/dcsdt\/politique-de-la-ville\/\">Stadtpolitik<\/a><\/li>\n<li><a href=\"https:\/\/mairie-montataire.fr\/de\/annuaires\/services-municipaux\/dgs\/police-municipale\/\">St\u00e4dtische Polizei<\/a><\/li>\n<li><a href=\"https:\/\/mairie-montataire.fr\/de\/annuaires\/services-municipaux\/dejss\/pole-social-ccas\/\">Sozialer Pol - CCAS<\/a><\/li>\n<li><a href=\"https:\/\/mairie-montataire.fr\/de\/annuaires\/associations\/jeunesse-education-et-insertion\/plurielles\/\">Plural(les)<\/a><\/li>\n<li><a href=\"https:\/\/mairie-montataire.fr\/de\/annuaires\/structures-sportives\/piscine-intercommunale\/\">Interkommunales Schwimmbad<\/a><\/li>\n<li><a href=\"https:\/\/mairie-montataire.fr\/de\/annuaires\/associations\/culture-et-loisirs\/photo-club-de-montataire\/\">Foto-Club von Montataire<\/a><\/li>\n<li><a href=\"https:\/\/mairie-montataire.fr\/de\/annuaires\/sante\/pharmacies\/pharmacie-facq\/\">Facq-Apotheke<\/a><\/li>\n<li><a href=\"https:\/\/mairie-montataire.fr\/de\/annuaires\/sante\/pharmacies\/pharmacie-du-therain\/\">Pharmacie du Therain<\/a><\/li>\n<li><a href=\"https:\/\/mairie-montataire.fr\/de\/annuaires\/sante\/pharmacies\/pharmacie-de-la-mairie\/\">Apotheke des Rathauses<\/a><\/li>\n<li><a href=\"https:\/\/mairie-montataire.fr\/de\/annuaires\/associations\/sport\/petanque-club-de-montataire\/\">P\u00e9tanque Club de Montataire<\/a><\/li>\n<li><a href=\"https:\/\/mairie-montataire.fr\/de\/annuaires\/associations\/sport\/palanquee-club-intercommunal-de-montataire-pcim\/\">Palanqu\u00e9e Club Intercommunal de Montataire (PCIM)<\/a><\/li>\n<li><a href=\"https:\/\/mairie-montataire.fr\/de\/annuaires\/associations\/sport\/nu-djunta-mo\/\">Nu Djunta Mo<\/a><\/li>\n<li><a href=\"https:\/\/mairie-montataire.fr\/de\/annuaires\/services-municipaux\/dejss\/multi-accueil\/\">Multi-Kinderbetreuung<\/a><\/li>\n<li><a href=\"https:\/\/mairie-montataire.fr\/de\/annuaires\/associations\/culture-et-loisirs\/mots-passants-pas-sages-mpps\/\">Mots passants, pas-sages (MPPS) (Vor\u00fcbergehende W\u00f6rter, nicht weise (MPPS))<\/a><\/li>\n<li><a href=\"https:\/\/mairie-montataire.fr\/de\/annuaires\/associations\/sport\/montataire-basket-ball-mbb\/\">Montataire Basket-Ball (MBB)<\/a><\/li>\n<li><a href=\"https:\/\/mairie-montataire.fr\/de\/annuaires\/associations\/sport\/montataire-athletic-club-2\/\">Montataire Athletic Club<\/a><\/li>\n<li><a href=\"https:\/\/mairie-montataire.fr\/de\/annuaires\/associations\/sport\/montabad\/\">MONTABAD<\/a><\/li>\n<li><a href=\"https:\/\/mairie-montataire.fr\/de\/annuaires\/sante\/infirmier-ere-s\/monsieur-bertaux-patrice\/\">Herr BERTAUX Patrice<\/a><\/li>\n<li><a href=\"https:\/\/mairie-montataire.fr\/de\/annuaires\/sante\/autres-professions-de-sante\/docteur-arnold-sene-psychomotricien\/\">Herr Arnold SENE - Psychomotoriker<\/a><\/li>\n<li><a href=\"https:\/\/mairie-montataire.fr\/de\/annuaires\/associations\/memoire-et-patrimoine\/mons-ad-theram\/\">Mons Ad Theram<\/a><\/li>\n<li><a href=\"https:\/\/mairie-montataire.fr\/de\/annuaires\/associations\/jumelage-et-international\/mame-gamou-senegal-solidarite-de-france\/\">Mame Gamou S\u00e9n\u00e9gal Solidarit\u00e4t aus Frankreich<\/a><\/li>\n<li><a href=\"https:\/\/mairie-montataire.fr\/de\/annuaires\/associations\/jumelage-et-international\/mame-diarra\/\">Mame Diarra<\/a><\/li>\n<li><a href=\"https:\/\/mairie-montataire.fr\/de\/annuaires\/sante\/structures-sante\/maison-des-ados\/\">Haus der Teens<\/a><\/li>\n<li><a href=\"https:\/\/mairie-montataire.fr\/de\/annuaires\/sante\/structures-sante\/maison-de-sante-pluti-professionnelle-gisele-halimi\/\">Maison de sant\u00e9 pluri-professionnelle \"Gis\u00e8le Halimi\"<\/a><\/li>\n<li><a href=\"https:\/\/mairie-montataire.fr\/de\/annuaires\/services-municipaux\/mairie\/marie-annexe-des-martinets\/\">Rathaus Nebengeb\u00e4ude Les Martinets<\/a><\/li>\n<li><a href=\"https:\/\/mairie-montataire.fr\/de\/annuaires\/services-municipaux\/mairie\/marie-centrale\/\">Rathaus<\/a><\/li>\n<li><a href=\"https:\/\/mairie-montataire.fr\/de\/annuaires\/sante\/infirmier-ere-s\/madame-virginie-guaddouri\/\">Frau Virginie GUADDOURI<\/a><\/li>\n<li><a href=\"https:\/\/mairie-montataire.fr\/de\/annuaires\/sante\/autres-professions-de-sante\/madame-sonia-berrechid-sage-femme\/\">Frau Sonia BERRECHID - Hebamme<\/a><\/li>\n<li><a href=\"https:\/\/mairie-montataire.fr\/de\/annuaires\/sante\/infirmier-ere-s\/madame-pascale-pauffert\/\">Frau Pascale PAUFFERT<\/a><\/li>\n<li><a href=\"https:\/\/mairie-montataire.fr\/de\/annuaires\/sante\/autres-professions-de-sante\/madame-nathalie-monteiro-pina-osteopathe\/\">Frau Nathalie MONTEIRO PINA - Osteopathin<\/a><\/li>\n<li><a href=\"https:\/\/mairie-montataire.fr\/de\/annuaires\/sante\/infirmier-ere-s\/madame-melanie-tuypens\/\">Frau Melanie TUYPENS<\/a><\/li>\n<li><a href=\"https:\/\/mairie-montataire.fr\/de\/annuaires\/sante\/infirmier-ere-s\/madame-mariline-pais\/\">Frau Mariline PAIS<\/a><\/li>\n<li><a href=\"https:\/\/mairie-montataire.fr\/de\/annuaires\/sante\/autres-professions-de-sante\/docteure-magali-roussel-sene-psychomotricienne\/\">Frau Magali ROUSSEL-SENE Psychomotorikerin<\/a><\/li>\n<li><a href=\"https:\/\/mairie-montataire.fr\/de\/annuaires\/sante\/infirmier-ere-s\/madame-laure-debay\/\">Frau Laure DEBAY<\/a><\/li>\n<li><a href=\"https:\/\/mairie-montataire.fr\/de\/annuaires\/sante\/autres-professions-de-sante\/docteure-francelina-flamant-sophrologue\/\">Frau Francelina FLAMANT - Sophrologin<\/a><\/li>\n<li><a href=\"https:\/\/mairie-montataire.fr\/de\/annuaires\/sante\/infirmier-ere-s\/madame-florence-tarcy\/\">Frau Florence TARCY<\/a><\/li>\n<li><a href=\"https:\/\/mairie-montataire.fr\/de\/annuaires\/sante\/infirmier-ere-s\/madame-chaladia-benziane\/\">Frau Chaladia BENZIANE<\/a><\/li>\n<li><a href=\"https:\/\/mairie-montataire.fr\/de\/annuaires\/sante\/infirmier-ere-s\/madame-ayda-tounkara\/\">Frau Ayda TOUNKARA<\/a><\/li>\n<li><a href=\"https:\/\/mairie-montataire.fr\/de\/annuaires\/sante\/autres-professions-de-sante\/madame-amandine-coquet-dieteticienne\/\">Frau Amandine COQUET - Ern\u00e4hrungswissenschaftlerin<\/a><\/li>\n<li><a href=\"https:\/\/mairie-montataire.fr\/de\/annuaires\/sante\/infirmier-ere-s\/madame-aissatou-ngom\/\">Madame A\u00efssatou N'GOM<\/a><\/li>\n<li><a href=\"https:\/\/mairie-montataire.fr\/de\/annuaires\/enseignement\/colleges-lycees\/lycee-andre-malraux\/\">Andr\u00e9-Malraux-Gymnasium<\/a><\/li>\n<li><a href=\"https:\/\/mairie-montataire.fr\/de\/annuaires\/services-municipaux\/dejss\/lutte-contre-lhabitat-indigne-et-sante\/\">Lutte contre l'habitat indigne et sant\u00e9<\/a><\/li>\n<li><a href=\"https:\/\/mairie-montataire.fr\/de\/annuaires\/associations\/culture-et-loisirs\/loisirs-solidarite-retraites\/\">Freizeit Solidarit\u00e4t Rentner<\/a><\/li>\n<li><a href=\"https:\/\/mairie-montataire.fr\/de\/annuaires\/associations\/environnement-et-nature\/les-vignerons-du-bois-godart\/\">Les Vignerons du Bois Godart<\/a><\/li>\n<li><a href=\"https:\/\/mairie-montataire.fr\/de\/annuaires\/associations\/environnement-et-nature\/les-martins-pecheurs-de-montataire\/\">Les Martins P\u00eacheurs de Montataire (Die Martinsfischer von Montataire)<\/a><\/li>\n<li><a href=\"https:\/\/mairie-montataire.fr\/de\/annuaires\/associations\/sport\/les-joyeux-godillots\/\">Die fr\u00f6hlichen Godillots<\/a><\/li>\n<li><a href=\"https:\/\/mairie-montataire.fr\/de\/annuaires\/associations\/jumelage-et-international\/les-enfants-de-sirgui-en-france\/\">Sirguis Kinder in Frankreich<\/a><\/li>\n<li><a href=\"https:\/\/mairie-montataire.fr\/de\/annuaires\/associations\/memoire-et-patrimoine\/les-amis-du-chateau-de-montataire\/\">Freunde des Schlosses von Montataire<\/a><\/li>\n<li><a href=\"https:\/\/mairie-montataire.fr\/de\/annuaires\/services-municipaux\/dcsdt\/lecture-publique-bibliotheque-paul-eluard\/\">\u00d6ffentliche Lesung - Paul Eluard Bibliothek<\/a><\/li>\n<li><a href=\"https:\/\/mairie-montataire.fr\/de\/annuaires\/services-municipaux\/dcsdt\/lecture-publique-bibliotheque-elsa-triolet\/\">\u00d6ffentliche Lesung - Bibliothek Elsa Triolet<\/a><\/li>\n<li><a href=\"https:\/\/mairie-montataire.fr\/de\/annuaires\/services-municipaux\/dcsdt\/service-culturel-le-palace\/\">Le Palace - Kulturabteilung<\/a><\/li>\n<li><a href=\"https:\/\/mairie-montataire.fr\/de\/annuaires\/associations\/vie-locale\/le-marche-de-montataire\/\">Der Markt in Montataire<\/a><\/li>\n<li><a href=\"https:\/\/mairie-montataire.fr\/de\/annuaires\/associations\/solidarite\/le-clos-du-nid-de-loise-univi-handicap\/\">Le Clos du Nid de l'Oise - UNIVI Handicap<\/a><\/li>\n<li><a href=\"https:\/\/mairie-montataire.fr\/de\/annuaires\/associations\/environnement-et-nature\/letoile-du-chat\/\">L'\u00e9toile du chat<\/a><\/li>\n<li><a href=\"https:\/\/mairie-montataire.fr\/de\/annuaires\/associations\/culture-et-loisirs\/lasso-fro\/\">L'asso Fr\u00f4<\/a><\/li>\n<li><a href=\"https:\/\/mairie-montataire.fr\/de\/annuaires\/associations\/sport\/lamicale-sportive-des-sapeurs-pompiers-de-montataire\/\">L'amicale sportive des sapeurs pompiers de Montataire<\/a><\/li>\n<li><a href=\"https:\/\/mairie-montataire.fr\/de\/annuaires\/associations\/jeunesse-education-et-insertion\/jade\/\">JADE<\/a><\/li>\n<li><a href=\"https:\/\/mairie-montataire.fr\/de\/annuaires\/associations\/jeunesse-education-et-insertion\/jadinsert\/\">JAD'INSERT<\/a><\/li>\n<li><a href=\"https:\/\/mairie-montataire.fr\/de\/annuaires\/associations\/solidarite\/hygie\/\">HYGIE<\/a><\/li>\n<li><a href=\"https:\/\/mairie-montataire.fr\/de\/annuaires\/associations\/culture-et-loisirs\/harmonie-municipale-de-montataire\/\">Harmonie Municipale de Montataire<\/a><\/li>\n<li><a href=\"https:\/\/mairie-montataire.fr\/de\/annuaires\/structures-sportives\/gymnase-paul-langevin\/\">Paul-Langevin-Gymnasium<\/a><\/li>\n<li><a href=\"https:\/\/mairie-montataire.fr\/de\/annuaires\/structures-sportives\/gymnase-michel-bouchoux\/\">Sporthalle Michel Bouchoux<\/a><\/li>\n<li><a href=\"https:\/\/mairie-montataire.fr\/de\/annuaires\/sante\/structures-sante\/groupe-medical-marfan\/\">Marfan Medical Group<\/a><\/li>\n<li><a href=\"https:\/\/mairie-montataire.fr\/de\/annuaires\/associations\/jumelage-et-international\/gabon-solidarite-de-france\/\">Gabun Solidarit\u00e4t aus Frankreich<\/a><\/li>\n<li><a href=\"https:\/\/mairie-montataire.fr\/de\/annuaires\/associations\/solidarite\/femmes-solidaires\/\">Frauen in Solidarit\u00e4t<\/a><\/li>\n<li><a href=\"https:\/\/mairie-montataire.fr\/de\/annuaires\/associations\/memoire-et-patrimoine\/federation-nationale-des-deportes-internes-resistants-et-patriotes-fndirp-oise\/\">F\u00e9d\u00e9ration Nationale des D\u00e9port\u00e9s, Intern\u00e9s, R\u00e9sistants et Patriotes (Nationale F\u00f6deration der Deportierten, Internierten, Widerstandsk\u00e4mpfer und Patrioten - FNDIRP) - Oise<\/a><\/li>\n<li><a href=\"https:\/\/mairie-montataire.fr\/de\/annuaires\/associations\/memoire-et-patrimoine\/federation-nationale-des-anciens-combattants-en-algerie-tunisie-maroc-fnaca\/\">F\u00e9d\u00e9ration Nationale des Anciens Combattants en Alg\u00e9rie, Tunisie, Maroc (FNACA) (Nationaler Verband der Kriegsveteranen in Algerien, Tunesien und Marokko)<\/a><\/li>\n<li><a href=\"https:\/\/mairie-montataire.fr\/de\/annuaires\/associations\/jeunesse-education-et-insertion\/fcpe-andre-malraux\/\">FCPE Andr\u00e9 Malraux<\/a><\/li>\n<li><a href=\"https:\/\/mairie-montataire.fr\/de\/annuaires\/associations\/jeunesse-education-et-insertion\/fcpe-anatole-france\/\">FCPE Anatole France<\/a><\/li>\n<li><a href=\"https:\/\/mairie-montataire.fr\/de\/annuaires\/associations\/sport\/esperance-municipale-de-montataire\/\">Esp\u00e9rance Municipale de Montataire<\/a><\/li>\n<li><a href=\"https:\/\/mairie-montataire.fr\/de\/annuaires\/services-municipaux\/dcsdt\/espace-huberte-dhoker\/\">Espace Huberte d'Hoker<\/a><\/li>\n<li><a href=\"https:\/\/mairie-montataire.fr\/de\/annuaires\/location-de-salles\/espace-de-rencontres\/\">Raum f\u00fcr Begegnungen<\/a><\/li>\n<li><a href=\"https:\/\/mairie-montataire.fr\/de\/annuaires\/associations\/culture-et-loisirs\/ensemble-solidaires-union-nationale-des-retraites-et-des-personnes-agees-unrpa\/\">Ensemble &amp; Solidaires - Union Nationale des Retrait\u00e9s et des personnes \u00c2g\u00e9es (UNRPA)<\/a><\/li>\n<li><a href=\"https:\/\/mairie-montataire.fr\/de\/annuaires\/associations\/jeunesse-education-et-insertion\/ejcm\/\">ejcm<\/a><\/li>\n<li><a href=\"https:\/\/mairie-montataire.fr\/de\/annuaires\/enseignement\/ecoles\/ecole-primaire-maurice-lucie-bambier\/\">Grundschule Maurice &amp; Lucie Bambier<\/a><\/li>\n<li><a href=\"https:\/\/mairie-montataire.fr\/de\/annuaires\/enseignement\/ecoles\/jean-jaures\/\">Grundschule Jean Jaur\u00e8s<\/a><\/li>\n<li><a href=\"https:\/\/mairie-montataire.fr\/de\/annuaires\/enseignement\/ecoles\/ecole-primaire-daniele-casanova\/\">Grundschule Dani\u00e8le Casanova<\/a><\/li>\n<li><a href=\"https:\/\/mairie-montataire.fr\/de\/annuaires\/enseignement\/ecoles\/ecole-maternelle-paul-langevin\/\">Vorschule Paul Langevin<\/a><\/li>\n<li><a href=\"https:\/\/mairie-montataire.fr\/de\/annuaires\/enseignement\/ecoles\/ecole-jean-mace\/\">Vorschule Jean Mac\u00e9<\/a><\/li>\n<li><a href=\"https:\/\/mairie-montataire.fr\/de\/annuaires\/enseignement\/ecoles\/ecole-elementaire-jacques-decour-ii\/\">Vorschule Jacques Decour II<\/a><\/li>\n<li><a href=\"https:\/\/mairie-montataire.fr\/de\/annuaires\/enseignement\/ecoles\/ecole-maternelle-jacques-decour-i\/\">Vorschule Jacques Decour I<\/a><\/li>\n<li><a href=\"https:\/\/mairie-montataire.fr\/de\/annuaires\/enseignement\/ecoles\/ecole-maternelle-irene-frederic-joliot-curie\/\">Vorschule Ir\u00e8ne &amp; Fr\u00e9d\u00e9ric Joliot Curie<\/a><\/li>\n<li><a href=\"https:\/\/mairie-montataire.fr\/de\/annuaires\/enseignement\/ecoles\/ecole-henri-wallon\/\">Vorschule Henri Wallon<\/a><\/li>\n<li><a href=\"https:\/\/mairie-montataire.fr\/de\/annuaires\/enseignement\/ecoles\/ecole-elementaire-paul-langevin\/\">Paul-Langevin-Grundschule<\/a><\/li>\n<li><a href=\"https:\/\/mairie-montataire.fr\/de\/annuaires\/enseignement\/ecoles\/ecole-elementaire-jacques-decour\/\">Grundschule Jacques Decour<\/a><\/li>\n<li><a href=\"https:\/\/mairie-montataire.fr\/de\/annuaires\/enseignement\/ecoles\/ecole-elementaire-irene-frederic-joliot-curie\/\">Grundschule Ir\u00e8ne &amp; Fr\u00e9d\u00e9ric Joliot Curie<\/a><\/li>\n<li><a href=\"https:\/\/mairie-montataire.fr\/de\/annuaires\/enseignement\/ecoles\/ecole-elementaire-edmond-leveille\/\">Edmond L\u00e9veill\u00e9-Grundschule<\/a><\/li>\n<li><a href=\"https:\/\/mairie-montataire.fr\/de\/annuaires\/associations\/jumelage-et-international\/echanges-franco-allemands\/\">Deutsch-franz\u00f6sischer Austausch<\/a><\/li>\n<li><a href=\"https:\/\/mairie-montataire.fr\/de\/annuaires\/structures-sportives\/dojo-marc-taildeman\/\">Dojo Marc Taildeman<\/a><\/li>\n<li><a href=\"https:\/\/mairie-montataire.fr\/de\/annuaires\/structures-sportives\/dojo-departemental-creil-sud-oise\/\">Dojo d\u00e9partemental Creil Sud Oise<\/a><\/li>\n<li><a href=\"https:\/\/mairie-montataire.fr\/de\/annuaires\/sante\/autres-professions-de-sante\/docteure-virginie-dambrinne-psychologue-clinicienne\/\">Docteure Virginie DAMBRINNE - Klinische Psychologin<\/a><\/li>\n<li><a href=\"https:\/\/mairie-montataire.fr\/de\/annuaires\/sante\/medecins-generalistes\/docteure-salima-bouhamida\/\">Dr. Salima BOUHAMIDA<\/a><\/li>\n<li><a href=\"https:\/\/mairie-montataire.fr\/de\/annuaires\/sante\/dentiste\/docteure-rima-dubois\/\">Dr. Rima DUBOIS<\/a><\/li>\n<li><a href=\"https:\/\/mairie-montataire.fr\/de\/annuaires\/sante\/autres-professions-de-sante\/docteure-mariam-el-khloufi-psychologue-clinicienne\/\">Dr. Mariam EL KHLOUFI - Klinische Psychologin<\/a><\/li>\n<li><a href=\"https:\/\/mairie-montataire.fr\/de\/annuaires\/sante\/medecins-generalistes\/docteure-lucille-boudoux\/\">Dr. Lucille BOUDOUX<\/a><\/li>\n<li><a href=\"https:\/\/mairie-montataire.fr\/de\/annuaires\/sante\/autres-professions-de-sante\/docteure-lubelia-ribeiro-da-silva-pediatre\/\">Dr. Lubelia RIBEIRO DA SILVA - Kinder\u00e4rztin<\/a><\/li>\n<li><a href=\"https:\/\/mairie-montataire.fr\/de\/annuaires\/sante\/dentiste\/docteure-eva-bettan\/\">Dr. Eva BETTAN<\/a><\/li>\n<li><a href=\"https:\/\/mairie-montataire.fr\/de\/annuaires\/sante\/dentiste\/docteure-christine-nguyen\/\">Dr. Christine NGUYEN<\/a><\/li>\n<li><a href=\"https:\/\/mairie-montataire.fr\/de\/annuaires\/sante\/autres-professions-de-sante\/docteure-cecile-cortana-pedicure-podologue\/\">Dr. C\u00e9cile CORTANA - Fu\u00dfpflegerin\/Podologin<\/a><\/li>\n<li><a href=\"https:\/\/mairie-montataire.fr\/de\/annuaires\/sante\/dentiste\/docteure-catherine-mangold\/\">Dr. Catherine MANGOLD<\/a><\/li>\n<li><a href=\"https:\/\/mairie-montataire.fr\/de\/annuaires\/sante\/medecins-generalistes\/docteur-sofia-aissaoui\/\">Dr. Sofia AISSAOUI<\/a><\/li>\n<li><a href=\"https:\/\/mairie-montataire.fr\/de\/annuaires\/sante\/autres-professions-de-sante\/docteur-philippe-favelin-kinesitherapeute\/\">Dr. Philippe FAVELIN - Physiotherapeut<\/a><\/li>\n<li><a href=\"https:\/\/mairie-montataire.fr\/de\/annuaires\/sante\/dentiste\/docteure-patrick-halimi\/\">Doktor Patrick HALIMI<\/a><\/li>\n<li><a href=\"https:\/\/mairie-montataire.fr\/de\/annuaires\/sante\/medecins-generalistes\/docteur-patrice-dacheux\/\">Doktor Patrice DACHEUX<\/a><\/li>\n<li><a href=\"https:\/\/mairie-montataire.fr\/de\/annuaires\/sante\/autres-professions-de-sante\/docteur-nadji-ghardi-psychiatre\/\">Dr. Nadji GHARDI - Psychiater<\/a><\/li>\n<li><a href=\"https:\/\/mairie-montataire.fr\/de\/annuaires\/sante\/medecins-generalistes\/docteur-myriam-lakehal\/\">Dr. Myriam LAKEHAL<\/a><\/li>\n<li><a href=\"https:\/\/mairie-montataire.fr\/de\/annuaires\/sante\/medecins-generalistes\/docteur-jean-luc-boudoux\/\">Doktor Jean-Luc BOUDOUX<\/a><\/li>\n<li><a href=\"https:\/\/mairie-montataire.fr\/de\/annuaires\/sante\/dentiste\/docteur-hortense-franquet\/\">Doktor Hortense FRANQUET<\/a><\/li>\n<li><a href=\"https:\/\/mairie-montataire.fr\/de\/annuaires\/sante\/medecins-generalistes\/docteur-hamida-boudhar\/\">Dr. Hamida BOUDHAR<\/a><\/li>\n<li><a href=\"https:\/\/mairie-montataire.fr\/de\/annuaires\/sante\/medecins-generalistes\/docteur-francois-cordier\/\">Doktor Fran\u00e7ois CORDIER<\/a><\/li>\n<li><a href=\"https:\/\/mairie-montataire.fr\/de\/annuaires\/sante\/dentiste\/docteur-francisco-zoio\/\">Dr. Francisco ZOIO<\/a><\/li>\n<li><a href=\"https:\/\/mairie-montataire.fr\/de\/annuaires\/sante\/medecins-generalistes\/docteur-ali-badara-konate\/\">Doktor Ali Badara KONATE<\/a><\/li>\n<li><a href=\"https:\/\/mairie-montataire.fr\/de\/annuaires\/services-municipaux\/dejss\/creche\/\">Kindertagesst\u00e4tte<\/a><\/li>\n<li><a href=\"https:\/\/mairie-montataire.fr\/de\/annuaires\/associations\/solidarite\/consommation-logement-cadre-de-vie-clcv-union-locale-clcv-creil-nogent-sur-oise-et-montataire\/\">Consommation Logement Cadre de Vie (CLCV)  - Union D\u00e9partementale de l'Oise<\/a><\/li>\n<li><a href=\"https:\/\/mairie-montataire.fr\/de\/annuaires\/associations\/solidarite\/confederation-nationale-du-logement-cnl-oise\/\">Conf\u00e9d\u00e9ration Nationale du Logement (CNL) - Oise<\/a><\/li>\n<li><a href=\"https:\/\/mairie-montataire.fr\/de\/annuaires\/structures-sportives\/complexe-marcel-coene\/\">Marcel-Coene-Komplex<\/a><\/li>\n<li><a href=\"https:\/\/mairie-montataire.fr\/de\/annuaires\/structures-sportives\/complexe-armand-bellard\/\">Armand Bellard-Komplex<\/a><\/li>\n<li><a href=\"https:\/\/mairie-montataire.fr\/de\/annuaires\/associations\/culture-et-loisirs\/compagnie-theatrale-funambules\/\">Theatergruppe Funambules\u00a0<\/a><\/li>\n<li><a href=\"https:\/\/mairie-montataire.fr\/de\/annuaires\/associations\/jumelage-et-international\/comite-de-jumelage-montataire-dheisheh\/\">Partnerschaftskomitee Montataire-Dheisheh<\/a><\/li>\n<li><a href=\"https:\/\/mairie-montataire.fr\/de\/annuaires\/enseignement\/colleges-lycees\/college-anatole-france\/\">Coll\u00e8ge Anatole France<\/a><\/li>\n<li><a href=\"https:\/\/mairie-montataire.fr\/de\/annuaires\/associations\/sport\/club-halterophilie-musculation\/\">Club Gewichtheben Krafttraining<\/a><\/li>\n<li><a href=\"https:\/\/mairie-montataire.fr\/de\/annuaires\/services-municipaux\/dejss\/citoyennete-prevention-mediation\/\">B\u00fcrgerschaft, Pr\u00e4vention, Mediation<\/a><\/li>\n<li><a href=\"https:\/\/mairie-montataire.fr\/de\/annuaires\/services-municipaux\/dejss\/cite-educative\/\">Bildungsstadt<\/a><\/li>\n<li><a href=\"https:\/\/mairie-montataire.fr\/de\/annuaires\/autres-infrastructures\/cinema-pathe\/\">Path\u00e9-Kino<\/a><\/li>\n<li><a href=\"https:\/\/mairie-montataire.fr\/de\/annuaires\/sante\/structures-sante\/centre-medico-psychologique\/\">Medizinisch-psychologisches Zentrum<\/a><\/li>\n<li><a href=\"https:\/\/mairie-montataire.fr\/de\/annuaires\/location-de-salles\/centre-de-loisirs-pierre-legrand\/\">Freizeitzentrum Pierre Legrand<\/a><\/li>\n<li><a href=\"https:\/\/mairie-montataire.fr\/de\/annuaires\/associations\/solidarite\/carnaval-des-possibles\/\">Karneval der M\u00f6glichkeiten<\/a><\/li>\n<li><a href=\"https:\/\/mairie-montataire.fr\/de\/annuaires\/associations\/sport\/canoe-kayak-club-du-therain-ckct\/\">Canoe-Kayak Club du Th\u00e9rain (CKCT)<\/a><\/li>\n<li><a href=\"https:\/\/mairie-montataire.fr\/de\/annuaires\/sante\/structures-sante\/cabinet-dentaire\/\">Zahnarztpraxis<\/a><\/li>\n<li><a href=\"https:\/\/mairie-montataire.fr\/de\/annuaires\/associations\/sport\/boxing-club-de-lagglomeration-creilloise\/\">Boxing Club de l'agglom\u00e9ration creilloise<\/a><\/li>\n<li><a href=\"https:\/\/mairie-montataire.fr\/de\/annuaires\/sante\/structures-sante\/biomag-laboratoire-analyses-medicales\/\">Biogroup - Laboratorium f\u00fcr medizinische Analysen<\/a><\/li>\n<li><a href=\"https:\/\/mairie-montataire.fr\/de\/annuaires\/associations\/sport\/billard-club-de-montataire\/\">Billard Club de Montataire<\/a><\/li>\n<li><a href=\"https:\/\/mairie-montataire.fr\/de\/annuaires\/autres-infrastructures\/base-de-loisirs-intercommunale-saint-leu-desserent\/\">Interkommunale Freizeitanlage Saint-Leu-d'Esserent<\/a><\/li>\n<li><a href=\"https:\/\/mairie-montataire.fr\/de\/annuaires\/associations\/jumelage-et-international\/balalaika-association-france-russie\/\">Balalaika - Frankreich-Russland-Vereinigung<\/a><\/li>\n<li><a href=\"https:\/\/mairie-montataire.fr\/de\/annuaires\/associations\/environnement-et-nature\/baika-chats\/\">Baika Katzen<\/a><\/li>\n<li><a href=\"https:\/\/mairie-montataire.fr\/de\/annuaires\/associations\/solidarite\/association-republique-democratique-du-congo-solidarite-de-france\/\">Verein Demokratische Republik Kongo Solidarit\u00e4t aus Frankreich<\/a><\/li>\n<li><a href=\"https:\/\/mairie-montataire.fr\/de\/annuaires\/associations\/memoire-et-patrimoine\/association-republicaine-des-anciens-combattants-arac\/\">Republikanischer Verband der Kriegsveteranen (Association R\u00e9publicaine des Anciens Combattants, ARAC)<\/a><\/li>\n<li><a href=\"https:\/\/mairie-montataire.fr\/de\/annuaires\/associations\/memoire-et-patrimoine\/association-pour-la-memoire-ouvriere-et-industrielle-du-bassin-creillois-amoi\/\">Association pour la M\u00e9moire Ouvri\u00e8re et Industrielle du Bassin Creillois (AMOI) (Verein f\u00fcr das Arbeiter- und Industrieged\u00e4chtnis des Creilloiser Beckens)<\/a><\/li>\n<li><a href=\"https:\/\/mairie-montataire.fr\/de\/annuaires\/associations\/memoire-et-patrimoine\/association-nationale-des-anciens-combattants-et-amis-de-la-resistance-anacr-comite-sud-et-ouest-de-loise\/\">Association Nationale des Anciens Combattants et Amis de la R\u00e9sistance (ANACR) - Comit\u00e9 Sud et Ouest de l'Oise<\/a><\/li>\n<li><a href=\"https:\/\/mairie-montataire.fr\/de\/annuaires\/associations\/culture-et-loisirs\/association-municipale-denseignement-et-deducation-musicale-de-danse-et-darts-plastiques-amem\/\">Association Municipale d'Enseignement et d'\u00e9ducation Musicale, de danse et d'arts plastiques (AMEM)<\/a><\/li>\n<li><a href=\"https:\/\/mairie-montataire.fr\/de\/annuaires\/associations\/vie-locale\/association-des-habitants-des-fonds-de-montataire-et-de-nogent-sur-oise-ahfmn\/\">Association des Habitants des Fonds de Montataire et de Nogent-sur-Oise (AHFMN) (Verein der Bewohner der Fonds von Montataire und Nogent-sur-Oise)<\/a><\/li>\n<li><a href=\"https:\/\/mairie-montataire.fr\/de\/annuaires\/associations\/solidarite\/association-des-donneurs-de-sang-benevoles-de-creil-et-ses-environs\/\">Association des donneurs de sang b\u00e9n\u00e9voles de Creil et ses environs (Verein der freiwilligen Blutspender von Creil und Umgebung)<\/a><\/li>\n<li><a href=\"https:\/\/mairie-montataire.fr\/de\/annuaires\/associations\/solidarite\/association-de-defense-des-victimes-de-lamiante-de-a-siderurgie-usine-de-montataire-advasum\/\">Association de D\u00e9fense des Victimes de l'Amiante de a Sid\u00e9rurgie Usine de Montataire (ADVASUM)<\/a><\/li>\n<li><a href=\"https:\/\/mairie-montataire.fr\/de\/annuaires\/associations\/sport\/association-de-danse-de-montataire-adm\/\">Tanzverein von Montataire (ADM)<\/a><\/li>\n<li><a href=\"https:\/\/mairie-montataire.fr\/de\/annuaires\/associations\/jeunesse-education-et-insertion\/association-battants-service-solidarite\/\">Association Battants Service Solidarit\u00e9<\/a><\/li>\n<li><a href=\"https:\/\/mairie-montataire.fr\/de\/annuaires\/services-municipaux\/dcsdt\/archives\/\">Archiv<\/a><\/li>\n<li><a href=\"https:\/\/mairie-montataire.fr\/de\/annuaires\/associations\/sport\/aquatic-club-intercommunal-de-montataire-acim\/\">Aquatic Club Intercommunal de Montataire (ACIM)<\/a><\/li>\n<li><a href=\"https:\/\/mairie-montataire.fr\/de\/annuaires\/associations\/solidarite\/amour-denfants-picardie\/\">Amour d'enfants Picardie<\/a><\/li>\n<li><a href=\"https:\/\/mairie-montataire.fr\/de\/annuaires\/associations\/jumelage-et-international\/agence-internationale-pour-le-developpement-economique-et-social-aides\/\">International Agency for Economic and Social Development (Internationale Agentur f\u00fcr wirtschaftliche und soziale Entwicklung) (AIDES)<\/a><\/li>\n<li><a href=\"https:\/\/mairie-montataire.fr\/de\/annuaires\/services-municipaux\/dejss\/accueil-enfance\/\">Startseite Kindheit<\/a><\/li>\n<li><a href=\"https:\/\/mairie-montataire.fr\/de\/annuaires\/services-municipaux\/dejss\/accueil-de-loisirs\/\">Freizeitbetreuung (ALSH)<\/a><\/li>\n<\/ul>\n<\/div>\n\n\n\n<div style=\"height:30px\" aria-hidden=\"true\" class=\"wp-block-spacer\"><\/div>\n<\/div>\n\n\n\n<div class=\"wp-block-group is-layout-constrained wp-block-group-is-layout-constrained\">\n<div class=\"wp-block-uagb-advanced-heading uagb-block-b80f8b6d\"><h2 class=\"uagb-heading-text\">Online-Antr\u00e4ge<\/h2><\/div>\n\n\n\n<div class=\"wsp-container\"><ul class=\"wsp-online-approachs-list\">\n<li><a href=\"https:\/\/mairie-montataire.fr\/de\/demarches-en-ligne\/adhesion-au-centre-social\/\">Mitgliedschaft im Sozialzentrum<\/a><\/li>\n<li><a href=\"https:\/\/mairie-montataire.fr\/de\/demarches-en-ligne\/attestation-daccueil\/\">Bescheinigung \u00fcber die Aufnahme<\/a><\/li>\n<li><a href=\"https:\/\/mairie-montataire.fr\/de\/demarches-en-ligne\/autorisation-de-sortie-de-territoire\/\">Genehmigung zur Ausreise aus dem Land<\/a><\/li>\n<li><a href=\"https:\/\/mairie-montataire.fr\/de\/demarches-en-ligne\/bourse-daide-aux-projets\/\">Bourse d'aide aux projets<\/a><\/li>\n<li><a href=\"https:\/\/mairie-montataire.fr\/de\/demarches-en-ligne\/bourses-municipales\/\">St\u00e4dtische Stipendien<\/a><\/li>\n<li><a href=\"https:\/\/mairie-montataire.fr\/de\/demarches-en-ligne\/candidature-spontanee\/\">Initiativbewerbung - Praktikum - Ausbildung<\/a><\/li>\n<li><a href=\"https:\/\/mairie-montataire.fr\/de\/demarches-en-ligne\/carte-de-piscine\/\">Poolkarte<\/a><\/li>\n<li><a href=\"https:\/\/mairie-montataire.fr\/de\/demarches-en-ligne\/carte-pour-la-base-de-loisirs-de-saint-leu-desserent\/\">Karte f\u00fcr das Freizeitzentrum Saint-Leu-d'Esserent<\/a><\/li>\n<li><a href=\"https:\/\/mairie-montataire.fr\/de\/demarches-en-ligne\/changement-de-prenom\/\">\u00c4nderung des Vornamens<\/a><\/li>\n<li><a href=\"https:\/\/mairie-montataire.fr\/de\/demarches-en-ligne\/contacter-le-palace\/\">Kontakt zu Le Palace<\/a><\/li>\n<li><a href=\"https:\/\/mairie-montataire.fr\/de\/demarches-en-ligne\/declaration-dincident\/\">Meldung eines Vorfalls<\/a><\/li>\n<li><a href=\"https:\/\/mairie-montataire.fr\/de\/demarches-en-ligne\/declarer-un-deces-ayant-eu-lieu-a-montataire\/\">Einen Todesfall melden, der sich in Montataire ereignet hat<\/a><\/li>\n<li><a href=\"https:\/\/mairie-montataire.fr\/de\/demarches-en-ligne\/declarer-une-naissance-ayant-eu-lieu-a-montataire\/\">Eine in Montataire stattgefundene Geburt melden<\/a><\/li>\n<li><a href=\"https:\/\/mairie-montataire.fr\/de\/demarches-en-ligne\/demande-au-juge-aux-affaires-familiales\/\">Antrag an den Familienrichter<\/a><\/li>\n<li><a href=\"https:\/\/mairie-montataire.fr\/de\/demarches-en-ligne\/postuler-a-la-ville-de-montataire\/\">Demande d'Action Citoyenne (Pass Permis, BAFA)<\/a><\/li>\n<li><a href=\"https:\/\/mairie-montataire.fr\/de\/demarches-en-ligne\/demande-daide-juridictionelle\/\">Demande d'aide juridictionelle<\/a><\/li>\n<li><a href=\"https:\/\/mairie-montataire.fr\/de\/demarches-en-ligne\/demande-douverture-dun-debit-de-boissons-temporaire\/\">Demande d'ouverture d'un d\u00e9bit de boissons temporaire<\/a><\/li>\n<li><a href=\"https:\/\/mairie-montataire.fr\/de\/demarches-en-ligne\/accueil-creches-et-assistantes-maternelle\/\">Antrag auf Aufnahme in eine Kindertageseinrichtung und bei einer Tagesmutter.<\/a><\/li>\n<li><a href=\"https:\/\/mairie-montataire.fr\/de\/demarches-en-ligne\/demande-dacte-de-deces\/\">Antrag auf eine Sterbeurkunde<\/a><\/li>\n<li><a href=\"https:\/\/mairie-montataire.fr\/de\/demarches-en-ligne\/demande-dacte-de-mariage\/\">Antrag auf eine Heiratsurkunde<\/a><\/li>\n<li><a href=\"https:\/\/mairie-montataire.fr\/de\/demarches-en-ligne\/demande-dacte-de-naissance\/\">Antrag auf eine Geburtsurkunde<\/a><\/li>\n<li><a href=\"https:\/\/mairie-montataire.fr\/de\/demarches-en-ligne\/demande-daide-medicale-de-letat-ame\/\">Demande d\u2019aide m\u00e9dicale de l'\u00c9tat (AME)<\/a><\/li>\n<li><a href=\"https:\/\/mairie-montataire.fr\/de\/demarches-en-ligne\/demande-dautorisation-de-vente-au-deballage\/\">Antrag auf Genehmigung eines R\u00e4umungsverkaufs<\/a><\/li>\n<li><a href=\"https:\/\/mairie-montataire.fr\/de\/demarches-en-ligne\/demande-dintervention\/\">Antrag auf Einschreiten der Dienststelle f\u00fcr B\u00fcrgerrechte, Pr\u00e4vention und Mediation<\/a><\/li>\n<li><a href=\"https:\/\/mairie-montataire.fr\/de\/demarches-en-ligne\/demande-de-complementaire-sante-solidaire\/\">Antrag auf eine solidarische Gesundheitskomplement\u00e4rin<\/a><\/li>\n<li><a href=\"https:\/\/mairie-montataire.fr\/de\/demarches-en-ligne\/demande-de-consultation-des-archives\/\">Antrag auf Einsichtnahme in das Archiv<\/a><\/li>\n<li><a href=\"https:\/\/mairie-montataire.fr\/de\/demarches-en-ligne\/demande-de-disponibilite-de-salle\/\">Anfrage zur Verf\u00fcgbarkeit eines Raumes (Verein)<\/a><\/li>\n<li><a href=\"https:\/\/mairie-montataire.fr\/de\/demarches-en-ligne\/demande-de-droit-au-compte\/\">Antrag auf ein Recht auf ein Konto<\/a><\/li>\n<li><a href=\"https:\/\/mairie-montataire.fr\/de\/demarches-en-ligne\/demande-de-duplicata-de-livret-de-famille\/\">Antrag auf ein Duplikat des Familienbuchs<\/a><\/li>\n<li><a href=\"https:\/\/mairie-montataire.fr\/de\/demarches-en-ligne\/demande-de-licence-debit-de-boissons\/\">Antrag auf eine Schanklizenz<\/a><\/li>\n<li><a href=\"https:\/\/mairie-montataire.fr\/de\/demarches-en-ligne\/demande-de-location-de-salles\/\">Antrag auf Anmietung von R\u00e4umen (Privatperson)<\/a><\/li>\n<li><a href=\"https:\/\/mairie-montataire.fr\/de\/demarches-en-ligne\/demande-de-logement-a-la-residence-autonomie-maurice-mignon\/\">Antrag auf eine Unterkunft in der autonomen Residenz Maurice Mignon<\/a><\/li>\n<li><a href=\"https:\/\/mairie-montataire.fr\/de\/demarches-en-ligne\/enregistrer-une-demande-de-logement-social-sur-le-systeme-national-denregistrement-de-la-demande-de-logement-social\/\">Antrag auf eine Sozialwohnung<\/a><\/li>\n<li><a href=\"https:\/\/mairie-montataire.fr\/de\/demarches-en-ligne\/demande-de-mise-a-disposition-dun-mini-bus\/\">Demande de mise \u00e0 disposition d'un mini bus<\/a><\/li>\n<li><a href=\"https:\/\/mairie-montataire.fr\/de\/demarches-en-ligne\/demande-de-mise-sous-protection-juridique-dun-majeur-vulnerable\/\">Antrag auf Rechtsschutz f\u00fcr einen schutzbed\u00fcrftigen Erwachsenen<\/a><\/li>\n<li><a href=\"https:\/\/mairie-montataire.fr\/de\/demarches-en-ligne\/demande-de-pass-pass-solidarite\/\">Antrag auf den Solidarit\u00e4ts-Pass PASS<\/a><\/li>\n<li><a href=\"https:\/\/mairie-montataire.fr\/de\/demarches-en-ligne\/demande-de-retraite-personnelle\/\">Antrag auf pers\u00f6nliche Pensionierung<\/a><\/li>\n<li><a href=\"https:\/\/mairie-montataire.fr\/de\/demarches-en-ligne\/demande-de-subventions-municipales\/\">Antrag auf st\u00e4dtische Zusch\u00fcsse<\/a><\/li>\n<li><a href=\"https:\/\/mairie-montataire.fr\/de\/demarches-en-ligne\/demande-de-travaux-dimpressions-graphiques\/\">Demande de travaux d'impressions\/graphiques<\/a><\/li>\n<li><a href=\"https:\/\/mairie-montataire.fr\/de\/demarches-en-ligne\/demande-de-vote-par-procuration\/\">Antrag auf Stimmabgabe durch einen Bevollm\u00e4chtigten<\/a><\/li>\n<li><a href=\"https:\/\/mairie-montataire.fr\/de\/demarches-en-ligne\/dossier-de-surendettement-aupres-de-la-banque-de-france\/\">\u00dcberschuldungsakte bei der Banque de France<\/a><\/li>\n<li><a href=\"https:\/\/mairie-montataire.fr\/de\/demarches-en-ligne\/dossier-mdph\/\">MDPH-Dossier<\/a><\/li>\n<li><a href=\"https:\/\/mairie-montataire.fr\/de\/demarches-en-ligne\/espace-citoyen\/\">B\u00fcrgerbereich<\/a><\/li>\n<li><a href=\"https:\/\/mairie-montataire.fr\/de\/demarches-en-ligne\/formulaire-de-contact\/\">Kontaktformular<\/a><\/li>\n<li><a href=\"https:\/\/mairie-montataire.fr\/de\/demarches-en-ligne\/inscription-au-plan-canicule\/\">Anmeldung zum Hitzewellenplan<\/a><\/li>\n<li><a href=\"https:\/\/mairie-montataire.fr\/de\/demarches-en-ligne\/inscription-aux-bibliotheques\/\">Anmeldung in Bibliotheken<\/a><\/li>\n<li><a href=\"https:\/\/mairie-montataire.fr\/de\/demarches-en-ligne\/inscription-sur-le-fichier-retraite%c2%b7e%c2%b7s\/\">Anmeldung in der Rentnerdatei<\/a><\/li>\n<li><a href=\"https:\/\/mairie-montataire.fr\/de\/demarches-en-ligne\/demande-dinscription-sur-les-listes-electorales\/\">Eintragung in die W\u00e4hlerlisten<\/a><\/li>\n<li><a href=\"https:\/\/mairie-montataire.fr\/de\/demarches-en-ligne\/instruction-de-la-famille\/\">Bildung in der Familie<\/a><\/li>\n<li><a href=\"https:\/\/mairie-montataire.fr\/de\/demarches-en-ligne\/la-declaration-dintention-daliener-ou-dia-ou-droit-de-preemption-urbain-dpu\/\">Die D\u00e9claration d'Intention d'Ali\u00e9ner (oder DIA) oder das st\u00e4dtische Vorkaufsrecht (DPU)<\/a><\/li>\n<li><a href=\"https:\/\/mairie-montataire.fr\/de\/demarches-en-ligne\/urbanisme-foncier-les-autorisations-du-droit-des-sols-ads\/\">Die Voraberkl\u00e4rung (D\u00e9claration Pr\u00e9alable, DP)<\/a><\/li>\n<li><a href=\"https:\/\/mairie-montataire.fr\/de\/demarches-en-ligne\/le-certificat-durbanisme-cu\/\">Le Certificat d'Urbanisme (CU)<\/a><\/li>\n<li><a href=\"https:\/\/mairie-montataire.fr\/de\/demarches-en-ligne\/le-permis-damenager-pa\/\">Die Erschlie\u00dfungsgenehmigung (Permis d'Am\u00e9nager, PA)<\/a><\/li>\n<li><a href=\"https:\/\/mairie-montataire.fr\/de\/demarches-en-ligne\/le-permis-de-construire-pc\/\">Die Baugenehmigung (Permis de Construire, PC)<\/a><\/li>\n<li><a href=\"https:\/\/mairie-montataire.fr\/de\/demarches-en-ligne\/le-permis-de-demolir-pd\/\">Die Abrissgenehmigung (Permis de D\u00e9molir, PD)<\/a><\/li>\n<li><a href=\"https:\/\/mairie-montataire.fr\/de\/demarches-en-ligne\/legalisation-de-signature\/\">Beglaubigung von Unterschriften<\/a><\/li>\n<li><a href=\"https:\/\/mairie-montataire.fr\/de\/demarches-en-ligne\/parrainage-civil\/\">Zivile Patenschaft<\/a><\/li>\n<li><a href=\"https:\/\/mairie-montataire.fr\/de\/demarches-en-ligne\/pass-agglo\/\">Pass 'Agglo<\/a><\/li>\n<li><a href=\"https:\/\/mairie-montataire.fr\/de\/demarches-en-ligne\/inscription-pour-la-permanence-de-monsieur-le-maire\/\">Sprechstunde des B\u00fcrgermeisters<\/a><\/li>\n<li><a href=\"https:\/\/mairie-montataire.fr\/de\/demarches-en-ligne\/permis-de-detention-de-chien-categorise\/\">Genehmigung zur Haltung eines kategorisierten Hundes<\/a><\/li>\n<li><a href=\"https:\/\/mairie-montataire.fr\/de\/demarches-en-ligne\/portage-de-repas\/\">Essenslieferung<\/a><\/li>\n<li><a href=\"https:\/\/mairie-montataire.fr\/de\/demarches-en-ligne\/procedure-simplifiee-du-changement-de-nom\/\">Verfahren der Namens\u00e4nderung<\/a><\/li>\n<li><a href=\"https:\/\/mairie-montataire.fr\/de\/demarches-en-ligne\/recensement-citoyen\/\">B\u00fcrgerliche Volksz\u00e4hlung<\/a><\/li>\n<li><a href=\"https:\/\/mairie-montataire.fr\/de\/demarches-en-ligne\/reconnaissance-dun-enfant-ne-ou-a-naitre\/\">Anerkennung eines geborenen oder ungeborenen Kindes<\/a><\/li>\n<li><a href=\"https:\/\/mairie-montataire.fr\/de\/demarches-en-ligne\/recours-droit-au-logement-opposable-dalo\/\">Rekurs Droit Au Logement Opposable (DALO)<\/a><\/li>\n<li><a href=\"https:\/\/mairie-montataire.fr\/de\/demarches-en-ligne\/rendez-vous-avec-les-elu-e-s\/\">Treffen mit den gew\u00e4hlten Vertretern<\/a><\/li>\n<li><a href=\"https:\/\/mairie-montataire.fr\/de\/demarches-en-ligne\/rendez-vous-carte-nationale-identite-passeport\/\">Rendez-vous Carte Nationale d'Identit\u00e9 - Passeport<\/a><\/li>\n<li><a href=\"https:\/\/mairie-montataire.fr\/de\/demarches-en-ligne\/se-marier-mairie-montataire\/\">Heiraten im Rathaus von Montataire<\/a><\/li>\n<li><a href=\"https:\/\/mairie-montataire.fr\/de\/demarches-en-ligne\/se-pacser-a-montataire\/\">Sich in Montataire verpartnern<\/a><\/li>\n<\/ul>\n<\/div>\n\n\n\n<div style=\"height:30px\" aria-hidden=\"true\" class=\"wp-block-spacer\"><\/div>\n<\/div>\n\n\n\n<div class=\"wp-block-group is-layout-constrained wp-block-group-is-layout-constrained\">\n<div class=\"wp-block-uagb-advanced-heading uagb-block-0d32524f\"><h2 class=\"uagb-heading-text\">Seiten<\/h2><\/div>\n\n\n\n<div class=\"wsp-container\"><ul class=\"wsp-pages-list\">\n<li class=\"page_item page-item-7889\"><a href=\"https:\/\/mairie-montataire.fr\/de\/plan-du-site\/\">Sitemap<\/a><\/li>\n<li class=\"page_item page-item-5222\"><a href=\"https:\/\/mairie-montataire.fr\/de\/accessibilite\/\">Zug\u00e4nglichkeit<\/a><\/li>\n<li class=\"page_item page-item-4165\"><a href=\"https:\/\/mairie-montataire.fr\/de\/agenda\/\">Agenda<\/a><\/li>\n<li class=\"page_item page-item-1340\"><a href=\"https:\/\/mairie-montataire.fr\/de\/unicef-ville-amie-des-enfants\/\">UNICEF - Kinderfreundliche Stadt<\/a><\/li>\n<li class=\"page_item page-item-266\"><a href=\"https:\/\/mairie-montataire.fr\/de\/politique-de-confidentialite\/\">Datenschutzrichtlinie<\/a><\/li>\n<li class=\"page_item page-item-10\"><a href=\"https:\/\/mairie-montataire.fr\/de\/\">Stadt Montataire, stolz und solidarisch<\/a><\/li>\n<li class=\"page_item page-item-14 current_page_parent\"><a href=\"https:\/\/mairie-montataire.fr\/de\/actualites\/\">Nachrichten<\/a><\/li>\n<li class=\"page_item page-item-32 page_item_has_children\"><a href=\"https:\/\/mairie-montataire.fr\/de\/habiter\/\">Wohnen<\/a>\n<ul class='children'>\n\t<li class=\"page_item page-item-110 page_item_has_children\"><a href=\"https:\/\/mairie-montataire.fr\/de\/habiter\/petite-enfance\/\">Kleinkindalter<\/a>\n\t<ul class='children'>\n\t\t<li class=\"page_item page-item-122\"><a href=\"https:\/\/mairie-montataire.fr\/de\/habiter\/petite-enfance\/relais-petite-enfance\/\">Relais Petite Enfance (RPE)<\/a><\/li>\n\t\t<li class=\"page_item page-item-124\"><a href=\"https:\/\/mairie-montataire.fr\/de\/habiter\/petite-enfance\/creche-multi-accueil\/\">Kinderkrippe &amp; Multi-Asyl<\/a><\/li>\n\t\t<li class=\"page_item page-item-126\"><a href=\"https:\/\/mairie-montataire.fr\/de\/habiter\/petite-enfance\/protection-maternelle-et-infantile-pmi\/\">Mutter- und Kindschutz (PMI)<\/a><\/li>\n\t<\/ul>\n<\/li>\n\t<li class=\"page_item page-item-112 page_item_has_children\"><a href=\"https:\/\/mairie-montataire.fr\/de\/habiter\/enfance\/\">Kindheit<\/a>\n\t<ul class='children'>\n\t\t<li class=\"page_item page-item-128\"><a href=\"https:\/\/mairie-montataire.fr\/de\/habiter\/enfance\/ecoles\/\">Schulen<\/a><\/li>\n\t\t<li class=\"page_item page-item-130\"><a href=\"https:\/\/mairie-montataire.fr\/de\/habiter\/enfance\/restaurants-scolaires\/\">Schulrestaurants<\/a><\/li>\n\t\t<li class=\"page_item page-item-132\"><a href=\"https:\/\/mairie-montataire.fr\/de\/habiter\/enfance\/accueils-periscolaires\/\">Au\u00dferschulische Betreuung<\/a><\/li>\n\t\t<li class=\"page_item page-item-134\"><a href=\"https:\/\/mairie-montataire.fr\/de\/habiter\/enfance\/accueil-de-loisirs-pierre-legrand\/\">Freizeitheim Pierre Legrand<\/a><\/li>\n\t<\/ul>\n<\/li>\n\t<li class=\"page_item page-item-114 page_item_has_children\"><a href=\"https:\/\/mairie-montataire.fr\/de\/habiter\/jeunesse\/\">Jugend<\/a>\n\t<ul class='children'>\n\t\t<li class=\"page_item page-item-433\"><a href=\"https:\/\/mairie-montataire.fr\/de\/habiter\/jeunesse\/programme-de-reussite-educative\/\">Programm f\u00fcr Bildungserfolg (Programme de R\u00e9ussite \u00c9ducative - PRE)<\/a><\/li>\n\t\t<li class=\"page_item page-item-136\"><a href=\"https:\/\/mairie-montataire.fr\/de\/habiter\/jeunesse\/vers-le-monde-du-travail\/\">Auf dem Weg in die Arbeitswelt<\/a><\/li>\n\t\t<li class=\"page_item page-item-138\"><a href=\"https:\/\/mairie-montataire.fr\/de\/habiter\/jeunesse\/accompagnement\/\">Begleitung<\/a><\/li>\n\t\t<li class=\"page_item page-item-140\"><a href=\"https:\/\/mairie-montataire.fr\/de\/habiter\/jeunesse\/jade\/\">JADE<\/a><\/li>\n\t<\/ul>\n<\/li>\n\t<li class=\"page_item page-item-116 page_item_has_children\"><a href=\"https:\/\/mairie-montataire.fr\/de\/habiter\/retraite-e-s\/\">Rentner\/innen<\/a>\n\t<ul class='children'>\n\t\t<li class=\"page_item page-item-435\"><a href=\"https:\/\/mairie-montataire.fr\/de\/habiter\/retraite-e-s\/services-des-retraite-e-s\/\">Dienstleistungen f\u00fcr Rentner<\/a><\/li>\n\t\t<li class=\"page_item page-item-142\"><a href=\"https:\/\/mairie-montataire.fr\/de\/habiter\/retraite-e-s\/residence-autonomie-maurice-mignon\/\">Eigenst\u00e4ndige Residenz Maurice Mignon<\/a><\/li>\n\t\t<li class=\"page_item page-item-144\"><a href=\"https:\/\/mairie-montataire.fr\/de\/habiter\/retraite-e-s\/restaurant-municipal\/\">St\u00e4dtisches Restaurant<\/a><\/li>\n\t\t<li class=\"page_item page-item-146\"><a href=\"https:\/\/mairie-montataire.fr\/de\/habiter\/retraite-e-s\/ateliers-animations\/\">Workshops &amp; Animationen<\/a><\/li>\n\t\t<li class=\"page_item page-item-148\"><a href=\"https:\/\/mairie-montataire.fr\/de\/habiter\/retraite-e-s\/autres-dispositifs\/\">Andere Ger\u00e4te<\/a><\/li>\n\t<\/ul>\n<\/li>\n\t<li class=\"page_item page-item-118 page_item_has_children\"><a href=\"https:\/\/mairie-montataire.fr\/de\/habiter\/solidarite\/\">Solidarit\u00e4t<\/a>\n\t<ul class='children'>\n\t\t<li class=\"page_item page-item-150\"><a href=\"https:\/\/mairie-montataire.fr\/de\/habiter\/solidarite\/ccas\/\">Centre Communal d'action sociale (CCAS) (Kommunales Sozialhilfezentrum)<\/a><\/li>\n\t\t<li class=\"page_item page-item-152\"><a href=\"https:\/\/mairie-montataire.fr\/de\/habiter\/solidarite\/mairie-annexe-des-martinets-logements-sociaux\/\">Rathaus Annexe des Martinets &amp; Sozialwohnungen<\/a><\/li>\n\t\t<li class=\"page_item page-item-154\"><a href=\"https:\/\/mairie-montataire.fr\/de\/habiter\/solidarite\/habitat-indigne\/\">Unw\u00fcrdige Wohnverh\u00e4ltnisse<\/a><\/li>\n\t<\/ul>\n<\/li>\n\t<li class=\"page_item page-item-120 page_item_has_children\"><a href=\"https:\/\/mairie-montataire.fr\/de\/habiter\/cadre-de-vie\/\">Lebensrahmen<\/a>\n\t<ul class='children'>\n\t\t<li class=\"page_item page-item-156\"><a href=\"https:\/\/mairie-montataire.fr\/de\/habiter\/cadre-de-vie\/etat-civil-election\/\">Zivilstand &amp; Wahl<\/a><\/li>\n\t\t<li class=\"page_item page-item-158\"><a href=\"https:\/\/mairie-montataire.fr\/de\/habiter\/cadre-de-vie\/tranquillite-publique\/\">\u00d6ffentliche Ruhe<\/a><\/li>\n\t\t<li class=\"page_item page-item-160\"><a href=\"https:\/\/mairie-montataire.fr\/de\/habiter\/cadre-de-vie\/urbanisme\/\">Die st\u00e4dtische Strategie in Montataire<\/a><\/li>\n\t\t<li class=\"page_item page-item-162\"><a href=\"https:\/\/mairie-montataire.fr\/de\/habiter\/cadre-de-vie\/rccem\/\">RCCEM<\/a><\/li>\n\t\t<li class=\"page_item page-item-164\"><a href=\"https:\/\/mairie-montataire.fr\/de\/habiter\/cadre-de-vie\/transport\/\">Transporte<\/a><\/li>\n\t\t<li class=\"page_item page-item-166\"><a href=\"https:\/\/mairie-montataire.fr\/de\/habiter\/cadre-de-vie\/collecte-des-dechets\/\">Sammeln von M\u00fcll<\/a><\/li>\n\t<\/ul>\n<\/li>\n<\/ul>\n<\/li>\n<li class=\"page_item page-item-34 page_item_has_children\"><a href=\"https:\/\/mairie-montataire.fr\/de\/s-epanouir\/\">Sich entfalten<\/a>\n<ul class='children'>\n\t<li class=\"page_item page-item-48 page_item_has_children\"><a href=\"https:\/\/mairie-montataire.fr\/de\/s-epanouir\/le-palace\/\">Der Palast<\/a>\n\t<ul class='children'>\n\t\t<li class=\"page_item page-item-60\"><a href=\"https:\/\/mairie-montataire.fr\/de\/s-epanouir\/le-palace\/presentation\/\">Vorstellung des Palace<\/a><\/li>\n\t\t<li class=\"page_item page-item-62\"><a href=\"https:\/\/mairie-montataire.fr\/de\/s-epanouir\/le-palace\/saison-culturelle\/\">Kulturelle Saison<\/a><\/li>\n\t\t<li class=\"page_item page-item-66\"><a href=\"https:\/\/mairie-montataire.fr\/de\/s-epanouir\/le-palace\/programmation-scolaire\/\">Schulprogrammierung<\/a><\/li>\n\t\t<li class=\"page_item page-item-419\"><a href=\"https:\/\/mairie-montataire.fr\/de\/s-epanouir\/le-palace\/reseaux\/\">Netzwerke<\/a><\/li>\n\t\t<li class=\"page_item page-item-68\"><a href=\"https:\/\/mairie-montataire.fr\/de\/s-epanouir\/le-palace\/infos-pratiques\/\">Praktische Infos<\/a><\/li>\n\t<\/ul>\n<\/li>\n\t<li class=\"page_item page-item-50\"><a href=\"https:\/\/mairie-montataire.fr\/de\/s-epanouir\/bibliotheques\/\">Bibliotheken<\/a><\/li>\n\t<li class=\"page_item page-item-52\"><a href=\"https:\/\/mairie-montataire.fr\/de\/s-epanouir\/amem\/\">AMEM<\/a><\/li>\n\t<li class=\"page_item page-item-54\"><a href=\"https:\/\/mairie-montataire.fr\/de\/s-epanouir\/les-associations\/\">Die Vereine<\/a><\/li>\n\t<li class=\"page_item page-item-56 page_item_has_children\"><a href=\"https:\/\/mairie-montataire.fr\/de\/s-epanouir\/sports-loisirs\/\">Sport &amp; Freizeit<\/a>\n\t<ul class='children'>\n\t\t<li class=\"page_item page-item-421\"><a href=\"https:\/\/mairie-montataire.fr\/de\/s-epanouir\/sports-loisirs\/ecole-municipale-des-sports\/\">St\u00e4dtische Sportschule<\/a><\/li>\n\t\t<li class=\"page_item page-item-423\"><a href=\"https:\/\/mairie-montataire.fr\/de\/s-epanouir\/sports-loisirs\/piscine-intercommunale\/\">Interkommunales Schwimmbad<\/a><\/li>\n\t\t<li class=\"page_item page-item-425\"><a href=\"https:\/\/mairie-montataire.fr\/de\/s-epanouir\/sports-loisirs\/base-de-loisirs-de-saint-leu-d-esserent\/\">Freizeitzentrum von Saint-Leu d'Esserent<\/a><\/li>\n\t<\/ul>\n<\/li>\n\t<li class=\"page_item page-item-58\"><a href=\"https:\/\/mairie-montataire.fr\/de\/s-epanouir\/espace-huberte-d-hoker\/\">Raum Huberte d'Hoker<\/a><\/li>\n<\/ul>\n<\/li>\n<li class=\"page_item page-item-36 page_item_has_children\"><a href=\"https:\/\/mairie-montataire.fr\/de\/s-informer\/\">Sich informieren<\/a>\n<ul class='children'>\n\t<li class=\"page_item page-item-70\"><a href=\"https:\/\/mairie-montataire.fr\/de\/s-informer\/le-maire-les-elu-e-s\/\">Der B\u00fcrgermeister &amp; die gew\u00e4hlten Vertreter<\/a><\/li>\n\t<li class=\"page_item page-item-72 page_item_has_children\"><a href=\"https:\/\/mairie-montataire.fr\/de\/s-informer\/les-valeurs\/\">Die Werte<\/a>\n\t<ul class='children'>\n\t\t<li class=\"page_item page-item-82\"><a href=\"https:\/\/mairie-montataire.fr\/de\/s-informer\/les-valeurs\/jumelages-solidarite-internationale\/\">Partnerschaften &amp; Internationale Solidarit\u00e4t<\/a><\/li>\n\t\t<li class=\"page_item page-item-2661\"><a href=\"https:\/\/mairie-montataire.fr\/de\/s-informer\/les-valeurs\/lutte-contre-les-discriminations\/\">Kampf gegen Diskriminierung<\/a><\/li>\n\t\t<li class=\"page_item page-item-84\"><a href=\"https:\/\/mairie-montataire.fr\/de\/s-informer\/les-valeurs\/lutte-contre-les-discriminations-et-les-violences-faite-aux-femmes\/\">Rechte von Frauen<\/a><\/li>\n\t\t<li class=\"page_item page-item-86\"><a href=\"https:\/\/mairie-montataire.fr\/de\/s-informer\/les-valeurs\/democratie-participative\/\">Partizipative Demokratie<\/a><\/li>\n\t<\/ul>\n<\/li>\n\t<li class=\"page_item page-item-74 page_item_has_children\"><a href=\"https:\/\/mairie-montataire.fr\/de\/s-informer\/finances-projets-de-la-ville\/\">Finanzen &amp; Projekte der Stadt<\/a>\n\t<ul class='children'>\n\t\t<li class=\"page_item page-item-6032\"><a href=\"https:\/\/mairie-montataire.fr\/de\/s-informer\/finances-projets-de-la-ville\/les-budgets\/\">Die Budgets<\/a><\/li>\n\t\t<li class=\"page_item page-item-6144\"><a href=\"https:\/\/mairie-montataire.fr\/de\/s-informer\/finances-projets-de-la-ville\/le-nouveau-programme-national-de-renouvellement-urbain-npnru\/\">Das Neue Nationale Programm zur Stadterneuerung (NPNRU)<\/a><\/li>\n\t<\/ul>\n<\/li>\n\t<li class=\"page_item page-item-76\"><a href=\"https:\/\/mairie-montataire.fr\/de\/s-informer\/acces-aux-documents-administratifs\/\">Zugang zu Verwaltungsdokumenten<\/a><\/li>\n\t<li class=\"page_item page-item-78\"><a href=\"https:\/\/mairie-montataire.fr\/de\/s-informer\/administration-communale\/\">Gemeindeverwaltung<\/a><\/li>\n\t<li class=\"page_item page-item-80\"><a href=\"https:\/\/mairie-montataire.fr\/de\/s-informer\/publications\/\">Ver\u00f6ffentlichungen<\/a><\/li>\n<\/ul>\n<\/li>\n<li class=\"page_item page-item-38 page_item_has_children\"><a href=\"https:\/\/mairie-montataire.fr\/de\/visiter\/\">Besuchen Sie<\/a>\n<ul class='children'>\n\t<li class=\"page_item page-item-90 page_item_has_children\"><a href=\"https:\/\/mairie-montataire.fr\/de\/visiter\/environnement\/\">Umgebung<\/a>\n\t<ul class='children'>\n\t\t<li class=\"page_item page-item-102\"><a href=\"https:\/\/mairie-montataire.fr\/de\/visiter\/environnement\/ville-fleurie\/\">Bl\u00fchende Stadt<\/a><\/li>\n\t\t<li class=\"page_item page-item-104\"><a href=\"https:\/\/mairie-montataire.fr\/de\/visiter\/environnement\/parc-urbain-du-prieure\/\">Stadtpark von Le Prieur\u00e9<\/a><\/li>\n\t\t<li class=\"page_item page-item-106\"><a href=\"https:\/\/mairie-montataire.fr\/de\/visiter\/environnement\/bois-godart\/\">Godart Wood<\/a><\/li>\n\t\t<li class=\"page_item page-item-108\"><a href=\"https:\/\/mairie-montataire.fr\/de\/visiter\/environnement\/berges-du-therain\/\">Ufer des Th\u00e9rain<\/a><\/li>\n\t\t<li class=\"page_item page-item-770\"><a href=\"https:\/\/mairie-montataire.fr\/de\/visiter\/environnement\/action-pedagogique\/\">P\u00e4dagogische Ma\u00dfnahmen<\/a><\/li>\n\t<\/ul>\n<\/li>\n\t<li class=\"page_item page-item-92\"><a href=\"https:\/\/mairie-montataire.fr\/de\/visiter\/acces-stationnement\/\">Anfahrt &amp; Parken<\/a><\/li>\n\t<li class=\"page_item page-item-96\"><a href=\"https:\/\/mairie-montataire.fr\/de\/visiter\/sante\/\">Gesundheit<\/a><\/li>\n\t<li class=\"page_item page-item-98\"><a href=\"https:\/\/mairie-montataire.fr\/de\/visiter\/marche\/\">Markt<\/a><\/li>\n\t<li class=\"page_item page-item-100\"><a href=\"https:\/\/mairie-montataire.fr\/de\/visiter\/creil-sud-oise-tourisme\/\">Creil Sud Oise Tourismus<\/a><\/li>\n<\/ul>\n<\/li>\n<li class=\"page_item page-item-40\"><a href=\"https:\/\/mairie-montataire.fr\/de\/annuaires\/\">Verzeichnisse<\/a><\/li>\n<li class=\"page_item page-item-230\"><a href=\"https:\/\/mairie-montataire.fr\/de\/nous-contacter\/\">Kontaktieren Sie das Rathaus<\/a><\/li>\n<li class=\"page_item page-item-232\"><a href=\"https:\/\/mairie-montataire.fr\/de\/demarches-en-ligne\/\">Online-Antr\u00e4ge<\/a><\/li>\n<li class=\"page_item page-item-265\"><a href=\"https:\/\/mairie-montataire.fr\/de\/mentions-legales\/\">Rechtliche Hinweise<\/a><\/li>\n<\/ul>\n<\/div>\n\n\n\n<div style=\"height:30px\" aria-hidden=\"true\" class=\"wp-block-spacer\"><\/div>\n<\/div>\n\n\n\n<div class=\"wp-block-group is-layout-constrained wp-block-group-is-layout-constrained\">\n<div class=\"wp-block-uagb-advanced-heading uagb-block-0cf6bd64\"><h2 class=\"uagb-heading-text\">Agenda<\/h2><\/div>\n\n\n\n<div class=\"wsp-container\"><ul class=\"wsp-events-list\">\n<li><a href=\"https:\/\/mairie-montataire.fr\/de\/agenda\/information\/les-avocats-au-service-des-contribuables-aide-a-la-declaration-de-revenus-2025\/\">Rechtsanw\u00e4lte im Dienste der Steuerzahler - Hilfe bei der Einkommensteuererkl\u00e4rung 2025<\/a><\/li>\n<li><a href=\"https:\/\/mairie-montataire.fr\/de\/agenda\/evenement\/commemoration-capitulation-de-lallemagne-nazie\/\">Comm\u00e9moration - Capitulation de l'Allemagne nazie<\/a><\/li>\n<li><a href=\"https:\/\/mairie-montataire.fr\/de\/agenda\/vie-associative\/les-concerts-de-la-halle\/\">Die Konzerte in der Halle<\/a><\/li>\n<li><a href=\"https:\/\/mairie-montataire.fr\/de\/agenda\/vie-associative\/festival-des-clochers\/\">Festival des Clochers<\/a><\/li>\n<li><a href=\"https:\/\/mairie-montataire.fr\/de\/agenda\/vie-associative\/brocante-de-saint-leu\/\">Flohmarkt in Saint-Leu<\/a><\/li>\n<li><a href=\"https:\/\/mairie-montataire.fr\/de\/agenda\/evenement\/commemoration-liberation-des-camps\/\">Gedenken - Befreiung der Lager<\/a><\/li>\n<li><a href=\"https:\/\/mairie-montataire.fr\/de\/agenda\/evenement\/festival-danses-et-musiques-du-monde\/\">Festival Danses et Musiques du Monde (Tanz und Musik aus aller Welt)<\/a><\/li>\n<li><a href=\"https:\/\/mairie-montataire.fr\/de\/agenda\/vie-associative\/brocante-de-lascension-mbb\/\">Brocante de l'Ascension - MBB<\/a><\/li>\n<li><a href=\"https:\/\/mairie-montataire.fr\/de\/agenda\/evenement\/il-va-y-avoir-du-sport-dans-le-quartier-des-martinets\/\">Im Martinets-Viertel wird es sportlich zugehen!<\/a><\/li>\n<li><a href=\"https:\/\/mairie-montataire.fr\/de\/agenda\/rencontres\/un-cafe-des-idees-les-petits-dejeuners-des-martinets\/\">Wie w\u00e4re es mit einem Kaffee? Ein paar Ideen! Die Fr\u00fchst\u00fccke der Martinets<\/a><\/li>\n<li><a href=\"https:\/\/mairie-montataire.fr\/de\/agenda\/vie-associative\/concert-de-ramzi-aburedwan-et-son-ensemble-dalouna\/\">Concert de Ramzi Aburedwan et son Ensemble Dal'Ouna<\/a><\/li>\n<li><a href=\"https:\/\/mairie-montataire.fr\/de\/agenda\/rencontres\/laire-de-jeux-jacques-decour-se-renove-grace-a-vos-idees\/\">Der Jacques-Decour-Spielplatz wird dank Ihrer Ideen renoviert!<\/a><\/li>\n<li><a href=\"https:\/\/mairie-montataire.fr\/de\/agenda\/rencontres\/rassemblement-pour-la-palestine\/\">Kundgebung f\u00fcr Pal\u00e4stina<\/a><\/li>\n<li><a href=\"https:\/\/mairie-montataire.fr\/de\/agenda\/rencontres\/soiree-des-parents\/\">Elternabend<\/a><\/li>\n<li><a href=\"https:\/\/mairie-montataire.fr\/de\/agenda\/vie-associative\/amour-denfants-picardie-et-theatrarires-unis-pour-venir-en-aide-aux-enfants\/\">Amour d'enfants Picardie et Th\u00e9\u00e2tr\u00e0Rires : Unis pour venir en aide aux enfants<\/a><\/li>\n<li><a href=\"https:\/\/mairie-montataire.fr\/de\/agenda\/rencontres\/marche-verte\/\">Gr\u00fcne Wanderung<\/a><\/li>\n<li><a href=\"https:\/\/mairie-montataire.fr\/de\/agenda\/information\/seance-dinstallation-du-nouveau-conseil-municipal\/\">S\u00e9ance d'installation du nouveau Conseil Municipal<\/a><\/li>\n<li><a href=\"https:\/\/mairie-montataire.fr\/de\/agenda\/vie-associative\/national-cup-pickleball\/\">National Cup Pickleball<\/a><\/li>\n<li><a href=\"https:\/\/mairie-montataire.fr\/de\/agenda\/information\/elections-municipale\/\">Kommunalwahlen<\/a><\/li>\n<li><a href=\"https:\/\/mairie-montataire.fr\/de\/agenda\/evenement\/commemoration-de-la-fin-de-la-guerre-dalgerie\/\">Comm\u00e9moration - Fin de la guerre d'Alg\u00e9rie<\/a><\/li>\n<li><a href=\"https:\/\/mairie-montataire.fr\/de\/agenda\/vie-associative\/journee-nettoyage\/\">Tag Reinigung<\/a><\/li>\n<li><a href=\"https:\/\/mairie-montataire.fr\/de\/agenda\/evenement\/8-mars-droits-des-femmes\/\">8. M\u00e4rz - Rechte der Frauen<\/a><\/li>\n<li><a href=\"https:\/\/mairie-montataire.fr\/de\/agenda\/vie-associative\/baptemes-de-plongee\/\">Schnuppertauchen<\/a><\/li>\n<li><a href=\"https:\/\/mairie-montataire.fr\/de\/agenda\/vie-associative\/initiation-au-kayak\/\">Einf\u00fchrung in das Kajakfahren<\/a><\/li>\n<li><a href=\"https:\/\/mairie-montataire.fr\/de\/agenda\/information\/acces-au-terrain-synthetique-armand-bellard-pour-les-vacances\/\">Zugang zum Kunstrasenplatz Armand Bellard in den Ferien<\/a><\/li>\n<li><a href=\"https:\/\/mairie-montataire.fr\/de\/agenda\/culture\/vacances-en-bibliotheque\/\">Ferien in der Bibliothek<\/a><\/li>\n<li><a href=\"https:\/\/mairie-montataire.fr\/de\/agenda\/vie-associative\/vacances-avec-la-maison-des-ados\/\">Ferien mit dem Maison des Ados<\/a><\/li>\n<li><a href=\"https:\/\/mairie-montataire.fr\/de\/agenda\/vie-associative\/femmes-solidaires-remise-de-cartes-et-vernissage-dexposition\/\">Femmes Solidaires : Remise de cartes et vernissage d'exposition<\/a><\/li>\n<li><a href=\"https:\/\/mairie-montataire.fr\/de\/agenda\/vie-associative\/super-loto\/\">Super Lotto<\/a><\/li>\n<li><a href=\"https:\/\/mairie-montataire.fr\/de\/agenda\/scolaire\/forum-des-bts\/\">BTS-Forum<\/a><\/li>\n<li><a href=\"https:\/\/mairie-montataire.fr\/de\/agenda\/rencontres\/mini-forum\/\">Mini-Forum<\/a><\/li>\n<li><a href=\"https:\/\/mairie-montataire.fr\/de\/agenda\/vie-associative\/rencontres-de-la-vie-associative\/\">Treffen des Vereinslebens<\/a><\/li>\n<li><a href=\"https:\/\/mairie-montataire.fr\/de\/agenda\/evenement\/recrutjeunes\/\">Recrut'Jeunes<\/a><\/li>\n<li><a href=\"https:\/\/mairie-montataire.fr\/de\/agenda\/rencontres\/debat-dorientations-budgetaires\/\">D\u00e9bat d'orientations budg\u00e9taires<\/a><\/li>\n<li><a href=\"https:\/\/mairie-montataire.fr\/de\/agenda\/culture\/nuit-de-la-lecture\/\">Lesenacht<\/a><\/li>\n<li><a href=\"https:\/\/mairie-montataire.fr\/de\/agenda\/information\/collecte-de-sapins\/\">Einsammeln von Tannenb\u00e4umen<\/a><\/li>\n<li><a href=\"https:\/\/mairie-montataire.fr\/de\/agenda\/vie-associative\/les-pompiers-de-paris-en-spectacle-a-montataire\/\">Die Pariser Feuerwehrleute geben eine Vorf\u00fchrung in Montataire<\/a><\/li>\n<li><a href=\"https:\/\/mairie-montataire.fr\/de\/agenda\/vie-associative\/portes-ouvertes-football-pour-les-filles\/\">Fu\u00dfball-Tag der offenen T\u00fcr f\u00fcr M\u00e4dchen<\/a><\/li>\n<li><a href=\"https:\/\/mairie-montataire.fr\/de\/agenda\/evenement\/traversee-de-loise-a-la-nage\/\">Durchqueren der Oise schwimmend<\/a><\/li>\n<li><a href=\"https:\/\/mairie-montataire.fr\/de\/agenda\/vie-associative\/don-du-sang\/\">Blut spenden<\/a><\/li>\n<li><a href=\"https:\/\/mairie-montataire.fr\/de\/agenda\/information\/forum-bac-2-et-plus\/\">Forum Bac +2 und h\u00f6her<\/a><\/li>\n<li><a href=\"https:\/\/mairie-montataire.fr\/de\/agenda\/evenement\/festivites-de-fin-dannee-reveillon-de-la-solidarite\/\">Silvesterfeier der Solidarit\u00e4t<\/a><\/li>\n<li><a href=\"https:\/\/mairie-montataire.fr\/de\/agenda\/evenement\/festivites-de-fin-dannee-4\/\">Festivit\u00e9s de fin d'ann\u00e9e<\/a><\/li>\n<li><a href=\"https:\/\/mairie-montataire.fr\/de\/agenda\/retraites\/colis-de-fin-dannee-pour-les-retraites\/\">Colis de fin d'ann\u00e9e pour les retrait\u00e9s<\/a><\/li>\n<li><a href=\"https:\/\/mairie-montataire.fr\/de\/agenda\/vie-associative\/femmes-solidaires-celebre-ses-80-ans-un-apres-midi-dechanges-de-memoire-et-dengagement\/\">Femmes Solidaires feiert ihren 80. Geburtstag: ein Nachmittag des Austauschs, der Erinnerung und des Engagements<\/a><\/li>\n<li><a href=\"https:\/\/mairie-montataire.fr\/de\/agenda\/vie-associative\/societe-ouvriere-dhorticulture-st-de-temperance-renouvellement-des-cotisation-2026\/\">Soci\u00e9t\u00e9 Ouvri\u00e8re d'Horticulture et de Temp\u00e9rance - Renouvellement des cotisations 2026<\/a><\/li>\n<li><a href=\"https:\/\/mairie-montataire.fr\/de\/agenda\/scolaire\/forum-des-metiers-et-des-formations\/\">Forum f\u00fcr Berufe und Ausbildungen<\/a><\/li>\n<li><a href=\"https:\/\/mairie-montataire.fr\/de\/agenda\/vie-associative\/ecran-ouvert-sur-la-ville\/\">Open Screen auf die Stadt<\/a><\/li>\n<li><a href=\"https:\/\/mairie-montataire.fr\/de\/agenda\/culture\/la-voix-de-hind-rajab-en-avant-premiere\/\">\"La voix de Hind Rajab\" en avant-premi\u00e8re<\/a><\/li>\n<li><a href=\"https:\/\/mairie-montataire.fr\/de\/agenda\/retraites\/inscriptions-sortie-retraites\/\">Einschreibung Ausflug Rentner<\/a><\/li>\n<li><a href=\"https:\/\/mairie-montataire.fr\/de\/agenda\/festival-films-et-debats\/festival-les-yeux-ouverts-sur-la-diversite\/\">Festival - Augen auf f\u00fcr die Vielfalt<\/a><\/li>\n<li><a href=\"https:\/\/mairie-montataire.fr\/de\/agenda\/evenement\/semaine-des-droits-de-lenfant\/\">Semaine des droits de l'enfant<\/a><\/li>\n<li><a href=\"https:\/\/mairie-montataire.fr\/de\/agenda\/sensibilisation\/lutte-contre-les-violences-faites-aux-femmes\/\">Kampf gegen Gewalt gegen Frauen<\/a><\/li>\n<li><a href=\"https:\/\/mairie-montataire.fr\/de\/agenda\/sensibilisation\/mois-sans-tabac\/\">Rauchfreier Monat<\/a><\/li>\n<li><a href=\"https:\/\/mairie-montataire.fr\/de\/agenda\/culture\/semaine-du-jeu-5\/\">Woche des Spiels<\/a><\/li>\n<li><a href=\"https:\/\/mairie-montataire.fr\/de\/agenda\/evenement\/marche-de-noel\/\">Weihnachtsmarkt<\/a><\/li>\n<li><a href=\"https:\/\/mairie-montataire.fr\/de\/agenda\/evenement\/commemoration-fin-de-la-premiere-guerre-mondiale\/\">Gedenken - Ende des Ersten Weltkriegs<\/a><\/li>\n<li><a href=\"https:\/\/mairie-montataire.fr\/de\/agenda\/vie-associative\/vide-grenier-brocante\/\">Spielzeugb\u00f6rse &amp; Weihnachtsmarkt<\/a><\/li>\n<li><a href=\"https:\/\/mairie-montataire.fr\/de\/agenda\/rencontres\/cafe-parents\/\">Elterncaf\u00e9<\/a><\/li>\n<li><a href=\"https:\/\/mairie-montataire.fr\/de\/agenda\/rencontres\/reunion-publique\/\">\u00d6ffentliches Treffen<\/a><\/li>\n<li><a href=\"https:\/\/mairie-montataire.fr\/de\/agenda\/vie-associative\/46e-exposition-mycologique\/\">Mykologische Ausstellung und Verkostung<\/a><\/li>\n<li><a href=\"https:\/\/mairie-montataire.fr\/de\/agenda\/rencontres\/reunions-de-quartier-residences-helene\/\">Nachbarschaftsversammlungen - H\u00e9l\u00e8ne-Residenzen<\/a><\/li>\n<li><a href=\"https:\/\/mairie-montataire.fr\/de\/agenda\/rencontres\/reunions-de-quartier-bambier\/\">Stadtteilversammlungen - Bambier<\/a><\/li>\n<li><a href=\"https:\/\/mairie-montataire.fr\/de\/agenda\/rencontres\/reunions-de-quartier-rccem\/\">Nachbarschaftsversammlungen - RCCEM<\/a><\/li>\n<li><a href=\"https:\/\/mairie-montataire.fr\/de\/agenda\/rencontres\/reunions-de-quartier-joliot-curie\/\">Stadtteilversammlungen - Joliot-Curie<\/a><\/li>\n<li><a href=\"https:\/\/mairie-montataire.fr\/de\/agenda\/rencontres\/reunions-de-quartier-langevin\/\">Nachbarschaftsversammlungen - Langevin<\/a><\/li>\n<li><a href=\"https:\/\/mairie-montataire.fr\/de\/agenda\/rencontres\/reunions-de-quartier-elsa-triolet\/\">Nachbarschaftsversammlungen - Elsa Triolet<\/a><\/li>\n<li><a href=\"https:\/\/mairie-montataire.fr\/de\/agenda\/rencontres\/reunions-de-quartier-wallon\/\">Nachbarschaftsversammlungen - Wallon<\/a><\/li>\n<li><a href=\"https:\/\/mairie-montataire.fr\/de\/agenda\/rencontres\/reunions-de-quartier-liberation\/\">Stadtteilversammlungen - Lib\u00e9ration<\/a><\/li>\n<li><a href=\"https:\/\/mairie-montataire.fr\/de\/agenda\/rencontres\/reunions-de-quartier-casanova\/\">Stadtteilversammlungen - Casanova<\/a><\/li>\n<li><a href=\"https:\/\/mairie-montataire.fr\/de\/agenda\/rencontres\/reunions-de-quartier-fonds-de-montataire\/\">Nachbarschaftsversammlungen - Fonds von Montataire<\/a><\/li>\n<li><a href=\"https:\/\/mairie-montataire.fr\/de\/agenda\/rencontres\/reunions-de-quartier-alsh\/\">Nachbarschaftsversammlungen - ALSH<\/a><\/li>\n<li><a href=\"https:\/\/mairie-montataire.fr\/de\/agenda\/vie-associative\/carnaval-des-possibles\/\">Karneval der M\u00f6glichkeiten<\/a><\/li>\n<li><a href=\"https:\/\/mairie-montataire.fr\/de\/agenda\/information\/ensemble-apprenons-comment-trier-nos-dechets\/\">Gemeinsam lernen wir, wie man seinen M\u00fcll trennt<\/a><\/li>\n<li><a href=\"https:\/\/mairie-montataire.fr\/de\/agenda\/information\/octobre-rose\/\">Rosa Oktober<\/a><\/li>\n<li><a href=\"https:\/\/mairie-montataire.fr\/de\/agenda\/%theme%\/la-semaine-bleue\/\">Die Blaue Woche<\/a><\/li>\n<li><a href=\"https:\/\/mairie-montataire.fr\/de\/agenda\/rencontres\/mini-forum-mission-locale\/\">Mini Forum - Mission Locale<\/a><\/li>\n<li><a href=\"https:\/\/mairie-montataire.fr\/de\/agenda\/culture\/journees-du-patrimoine\/\">Tage des Kulturerbes<\/a><\/li>\n<li><a href=\"https:\/\/mairie-montataire.fr\/de\/agenda\/%theme%\/le-tennis-club-montataire-propose-une-journee-portes-ouvertes-le-10-septembre\/\">Der Tennisclub Montataire bietet am 10. September einen Tag der offenen T\u00fcr an.<\/a><\/li>\n<li><a href=\"https:\/\/mairie-montataire.fr\/de\/agenda\/concert\/concert-des-classes-de-musiques-actuelles-2\/\">Konzert der Klassen f\u00fcr aktuelle Musik<\/a><\/li>\n<li><a href=\"https:\/\/mairie-montataire.fr\/de\/agenda\/danse\/gala-de-danse-2\/\">Tanzgala<\/a><\/li>\n<li><a href=\"https:\/\/mairie-montataire.fr\/de\/agenda\/theatre\/britannicus-musical-circus\/\">Britannicus Musical Circus<\/a><\/li>\n<li><a href=\"https:\/\/mairie-montataire.fr\/de\/agenda\/theatre\/la-france-empire\/\">Frankreich, Kaiserreich<\/a><\/li>\n<li><a href=\"https:\/\/mairie-montataire.fr\/de\/agenda\/magie\/ca-disparait\/\">Es verschwindet<\/a><\/li>\n<li><a href=\"https:\/\/mairie-montataire.fr\/de\/agenda\/theatre\/cyrano-de-bergerac\/\">Cyrano de Bergerac<\/a><\/li>\n<li><a href=\"https:\/\/mairie-montataire.fr\/de\/agenda\/magie\/cerebro\/\">Zerebro<\/a><\/li>\n<li><a href=\"https:\/\/mairie-montataire.fr\/de\/agenda\/theatre\/en-avant-toutes\/\">Volle Kraft voraus<\/a><\/li>\n<li><a href=\"https:\/\/mairie-montataire.fr\/de\/agenda\/cine-concert\/la-nuit-des-morts-vivants\/\">Die Nacht der lebenden Toten<\/a><\/li>\n<li><a href=\"https:\/\/mairie-montataire.fr\/de\/agenda\/cine-concert\/bricolo\/\">Bricolo<\/a><\/li>\n<li><a href=\"https:\/\/mairie-montataire.fr\/de\/agenda\/one-woman-show\/tania-dutel\/\">Tania Dutel<\/a><\/li>\n<li><a href=\"https:\/\/mairie-montataire.fr\/de\/agenda\/concert\/concert-de-noel\/\">Weihnachtskonzert<\/a><\/li>\n<li><a href=\"https:\/\/mairie-montataire.fr\/de\/agenda\/festival-films-et-debats\/festival-alimenterre\/\">AlimenTERRE-Festival<\/a><\/li>\n<li><a href=\"https:\/\/mairie-montataire.fr\/de\/agenda\/concert-dessine\/mahaleb\/\">Mahaleb<\/a><\/li>\n<li><a href=\"https:\/\/mairie-montataire.fr\/de\/agenda\/theatre\/les-evades\/\">Die Entflohenen<\/a><\/li>\n<li><a href=\"https:\/\/mairie-montataire.fr\/de\/agenda\/concert\/giedre\/\">GiedR\u00e9<\/a><\/li>\n<li><a href=\"https:\/\/mairie-montataire.fr\/de\/agenda\/hypnose-mentalisme\/hallucination\/\">Halluzination<\/a><\/li>\n<li><a href=\"https:\/\/mairie-montataire.fr\/de\/agenda\/cinema\/case-depart\/\">Case Start<\/a><\/li>\n<li><a href=\"https:\/\/mairie-montataire.fr\/de\/agenda\/concert\/les-fills-monkey\/\">Die Fills Monkey<\/a><\/li>\n<li><a href=\"https:\/\/mairie-montataire.fr\/de\/agenda\/arts-de-la-rue-le-palace\/symfeuny\/\">Symfeuny<\/a><\/li>\n<li><a href=\"https:\/\/mairie-montataire.fr\/de\/agenda\/humour\/ouverture-de-saison-avec-le-comedy-chantilly-club\/\">Saisoner\u00f6ffnung mit dem Comedy Chantilly Club<\/a><\/li>\n<li><a href=\"https:\/\/mairie-montataire.fr\/de\/agenda\/vie-associative\/brocante-maysel\/\">Tr\u00f6delmarkt Maysel<\/a><\/li>\n<li><a href=\"https:\/\/mairie-montataire.fr\/de\/agenda\/vie-associative\/portes-ouvertes-emm-fitness\/\">Tag der offenen T\u00fcr EMM - Fitness<\/a><\/li>\n<li><a href=\"https:\/\/mairie-montataire.fr\/de\/agenda\/vie-associative\/portes-ouvertes-emm-des-15-mois\/\">Offene T\u00fcren EMM - Ab 15 Monaten<\/a><\/li>\n<li><a href=\"https:\/\/mairie-montataire.fr\/de\/agenda\/vie-associative\/portes-ouvertes-emm-parkour\/\">Tag der offenen T\u00fcr EMM - Parkour<\/a><\/li>\n<li><a href=\"https:\/\/mairie-montataire.fr\/de\/agenda\/information\/les-geeks-du-batiment\/\">Die Geeks des Bauwesens<\/a><\/li>\n<li><a href=\"https:\/\/mairie-montataire.fr\/de\/agenda\/evenement\/inauguration-esplanade-fernand-tuil\/\">Einweihung Esplanade Fernand Tuil<\/a><\/li>\n<li><a href=\"https:\/\/mairie-montataire.fr\/de\/agenda\/vie-associative\/run-2k-challenge\/\">Run 2K Challenge<\/a><\/li>\n<li><a href=\"https:\/\/mairie-montataire.fr\/de\/agenda\/vie-associative\/kinder-joy-moving-athletics-day\/\">Kinder Joy Moving Athletics Day<\/a><\/li>\n<li><a href=\"https:\/\/mairie-montataire.fr\/de\/agenda\/vie-associative\/fete-des-associations\/\">Fest der Vereine<\/a><\/li>\n<li><a href=\"https:\/\/mairie-montataire.fr\/de\/agenda\/evenement\/commemoration-liberation-de-la-ville\/\">Gedenken - Befreiung der Stadt<\/a><\/li>\n<li><a href=\"https:\/\/mairie-montataire.fr\/de\/agenda\/evenement\/fete-foraine-distribution-de-tickets\/\">Jahrmarkt - Verteilung von Eintrittskarten<\/a><\/li>\n<li><a href=\"https:\/\/mairie-montataire.fr\/de\/agenda\/evenement\/fete-foraine-tombola\/\">Jahrmarkt - Tombola<\/a><\/li>\n<li><a href=\"https:\/\/mairie-montataire.fr\/de\/agenda\/evenement\/fete-foraine-brocante-des-fonds\/\">Fonds Brocante<\/a><\/li>\n<li><a href=\"https:\/\/mairie-montataire.fr\/de\/agenda\/evenement\/fete-foraine-concours-de-peche\/\">Jahrmarkt - Angelwettbewerb<\/a><\/li>\n<li><a href=\"https:\/\/mairie-montataire.fr\/de\/agenda\/evenement\/fete-foraine-mascottes-2\/\">Jahrmarkt - Maskottchen<\/a><\/li>\n<li><a href=\"https:\/\/mairie-montataire.fr\/de\/agenda\/evenement\/fete-foraine-mascottes\/\">Jahrmarkt<\/a><\/li>\n<li><a href=\"https:\/\/mairie-montataire.fr\/de\/agenda\/vie-associative\/les-rdv-du-sport-tennis\/\">Sport-RDVs : Tennis<\/a><\/li>\n<li><a href=\"https:\/\/mairie-montataire.fr\/de\/agenda\/vie-associative\/les-rdv-du-sport-gym-gymnastique-2\/\">ANNULLIERT - RDVs des Sports: Gymnastik Gymnastik<\/a><\/li>\n<li><a href=\"https:\/\/mairie-montataire.fr\/de\/agenda\/vie-associative\/les-rdv-du-sport-gym-gymnastique\/\">Sport-RDVs : Fu\u00dfball<\/a><\/li>\n<li><a href=\"https:\/\/mairie-montataire.fr\/de\/agenda\/vie-associative\/les-rdv-du-sport-basket\/\">Sport-RDVs: Basketball<\/a><\/li>\n<li><a href=\"https:\/\/mairie-montataire.fr\/de\/agenda\/evenement\/cinema-plein-air\/\">Kino unter freiem Himmel<\/a><\/li>\n<li><a href=\"https:\/\/mairie-montataire.fr\/de\/agenda\/evenement\/les-mercredis-dete\/\">Les mercredis d'\u00e9t\u00e9<\/a><\/li>\n<li><a href=\"https:\/\/mairie-montataire.fr\/de\/agenda\/rencontres\/la-table-de-lhumanite\/\">La table de l'humanit\u00e9<\/a><\/li>\n<li><a href=\"https:\/\/mairie-montataire.fr\/de\/agenda\/evenement\/ceremonie-fete-nationale\/\">Zeremonie - Nationalfeiertag<\/a><\/li>\n<li><a href=\"https:\/\/mairie-montataire.fr\/de\/agenda\/%theme%\/inscriptions-a-la-journee-libre-au-treport-des-retraites\/\">Anmeldungen f\u00fcr den freien Tag in Le Tr\u00e9port f\u00fcr Rentner<\/a><\/li>\n<li><a href=\"https:\/\/mairie-montataire.fr\/de\/agenda\/evenement\/feu-dartifice\/\">Feu d'artifice<\/a><\/li>\n<li><a href=\"https:\/\/mairie-montataire.fr\/de\/agenda\/evenement\/fete-du-centre-social\/\">Fest des Sozialzentrums<\/a><\/li>\n<li><a href=\"https:\/\/mairie-montataire.fr\/de\/agenda\/%theme%\/inscriptions-ateliers-des-retraites\/\">Einschreibung Workshops f\u00fcr Rentner<\/a><\/li>\n<li><a href=\"https:\/\/mairie-montataire.fr\/de\/agenda\/vie-associative\/fete-du-quartier\/\">Stadtteilfest<\/a><\/li>\n<li><a href=\"https:\/\/mairie-montataire.fr\/de\/agenda\/vie-associative\/concours-de-peche-solidaire-journee-contre-le-cancer\/\">Solidarischer Angelwettbewerb - Tag gegen Krebs<\/a><\/li>\n<li><a href=\"https:\/\/mairie-montataire.fr\/de\/agenda\/rencontres\/diagnostic-en-marchant\/\">Diagnose beim Gehen<\/a><\/li>\n<li><a href=\"https:\/\/mairie-montataire.fr\/de\/agenda\/evenement\/concert-de-lete-marwa-loud\/\">Concert de l'\u00e9t\u00e9 - Marwa Loud<\/a><\/li>\n<li><a href=\"https:\/\/mairie-montataire.fr\/de\/agenda\/rencontres\/journee-de-la-parentalite\/\">Tag der Elternschaft<\/a><\/li>\n<li><a href=\"https:\/\/mairie-montataire.fr\/de\/agenda\/vie-associative\/brocante-du-montataire-basket-ball\/\">Flohmarkt des Montataire Basket Ball<\/a><\/li>\n<li><a href=\"https:\/\/mairie-montataire.fr\/de\/agenda\/evenement\/semaine-du-developpement-durable\/\">Woche der nachhaltigen Entwicklung<\/a><\/li>\n<li><a href=\"https:\/\/mairie-montataire.fr\/de\/agenda\/evenement\/finales-des-coupes-de-loise-de-basket\/\">Finales des Coupes de l'Oise de Basket<\/a><\/li>\n<li><a href=\"https:\/\/mairie-montataire.fr\/de\/agenda\/culture\/a-la-croisee-des-chemins\/\">Am Scheideweg<\/a><\/li>\n<li><a href=\"https:\/\/mairie-montataire.fr\/de\/agenda\/vie-associative\/tennis-sur-oise\/\">Tennis sur Oise<\/a><\/li>\n<li><a href=\"https:\/\/mairie-montataire.fr\/de\/agenda\/evenement\/fete-du-livre\/\">Fest des Buches<\/a><\/li>\n<li><a href=\"https:\/\/mairie-montataire.fr\/de\/agenda\/evenement\/commemoration-creation-du-cnr\/\">Gedenken - Gr\u00fcndung des CNR<\/a><\/li>\n<li><a href=\"https:\/\/mairie-montataire.fr\/de\/agenda\/information\/test-de-fr-alert\/\">Test von Fr-Alert<\/a><\/li>\n<li><a href=\"https:\/\/mairie-montataire.fr\/de\/agenda\/rencontres\/tables-de-quartier-4\/\">Nachbarschaftstische<\/a><\/li>\n<li><a href=\"https:\/\/mairie-montataire.fr\/de\/agenda\/rencontres\/tables-de-quartier-3\/\">Nachbarschaftstische<\/a><\/li>\n<li><a href=\"https:\/\/mairie-montataire.fr\/de\/agenda\/rencontres\/tables-de-quartier-2\/\">Nachbarschaftstische<\/a><\/li>\n<li><a href=\"https:\/\/mairie-montataire.fr\/de\/agenda\/culture\/soiree-decouverte-au-chateau\/\">Entdeckungsabend im Schloss<\/a><\/li>\n<li><a href=\"https:\/\/mairie-montataire.fr\/de\/agenda\/rencontres\/quel-territoire-a-horizon-2045\/\">Welches Gebiet im Jahr 2045?<\/a><\/li>\n<li><a href=\"https:\/\/mairie-montataire.fr\/de\/agenda\/culture\/atelier-creatif\/\">Kreative Werkstatt<\/a><\/li>\n<li><a href=\"https:\/\/mairie-montataire.fr\/de\/agenda\/culture\/jeu-de-bingo\/\">Bingo-Spiel<\/a><\/li>\n<li><a href=\"https:\/\/mairie-montataire.fr\/de\/agenda\/culture\/cine-mioches-documentaire-special-nature\/\">Dokumentarfilm Cin\u00e9-mioches sp\u00e9cial Nature<\/a><\/li>\n<li><a href=\"https:\/\/mairie-montataire.fr\/de\/agenda\/culture\/monopoly-geant-special-montataire\/\">Monopoly G\u00e9ant Sp\u00e9cial Montataire<\/a><\/li>\n<li><a href=\"https:\/\/mairie-montataire.fr\/de\/agenda\/vie-associative\/tournois-de-basketball-100-feminin\/\">Basketballturniere 100% weiblich<\/a><\/li>\n<li><a href=\"https:\/\/mairie-montataire.fr\/de\/agenda\/evenement\/mars-bleu\/\">Blauer M\u00e4rz<\/a><\/li>\n<li><a href=\"https:\/\/mairie-montataire.fr\/de\/agenda\/vie-associative\/tournois-futsal-feminin\/\">Futsal-Turnier f\u00fcr Frauen - VERSCHIEBEN<\/a><\/li>\n<li><a href=\"https:\/\/mairie-montataire.fr\/de\/agenda\/vie-associative\/marche-artisanal-gourmand\/\">Kunsthandwerker- &amp; Gourmetmarkt<\/a><\/li>\n<li><a href=\"https:\/\/mairie-montataire.fr\/de\/agenda\/rencontres\/reunion-publique-riverains-de-la-rue-victor-hugo\/\">\u00d6ffentliches Treffen - Anwohner der Rue Victor Hugo<\/a><\/li>\n<li><a href=\"https:\/\/mairie-montataire.fr\/de\/agenda\/vie-associative\/6h-de-nage\/\">6h Schwimmen<\/a><\/li>\n<li><a href=\"https:\/\/mairie-montataire.fr\/de\/agenda\/rencontres\/job-dating-de-la-croix-rouge-francaise\/\">Job dating des Franz\u00f6sischen Roten Kreuzes<\/a><\/li>\n<li><a href=\"https:\/\/mairie-montataire.fr\/de\/agenda\/evenement\/journee-sante-des-femmes\/\">Frauengesundheitstag<\/a><\/li>\n<li><a href=\"https:\/\/mairie-montataire.fr\/de\/agenda\/scolaire\/portes-ouvertes-du-lycee\/\">Tag der offenen T\u00fcr in der Schule<\/a><\/li>\n<li><a href=\"https:\/\/mairie-montataire.fr\/de\/agenda\/rencontres\/atelier-de-concertation\/\">Konzertierungsworkshop<\/a><\/li>\n<li><a href=\"https:\/\/mairie-montataire.fr\/de\/agenda\/evenement\/atelier-participatif-la-depollution-par-les-plantes\/\">Partizipativer Workshop: Entgiftung durch Pflanzen<\/a><\/li>\n<li><a href=\"https:\/\/mairie-montataire.fr\/de\/agenda\/evenement\/en-attendant-noel\/\">En attendant No\u00ebl...<\/a><\/li>\n<li><a href=\"https:\/\/mairie-montataire.fr\/de\/agenda\/vie-associative\/delegation-palestinienne-a-montataire\/\">Pal\u00e4stinensische Delegation in Montataire<\/a><\/li>\n<li><a href=\"https:\/\/mairie-montataire.fr\/de\/agenda\/vie-associative\/21eme-bourse-toutes-collections\/\">21. Alle-Sammlungen-B\u00f6rse<\/a><\/li>\n<li><a href=\"https:\/\/mairie-montataire.fr\/de\/agenda\/rencontres\/visite-de-quartier-curie\/\">Nachbarschaftsbesuch - Curie<\/a><\/li>\n<li><a href=\"https:\/\/mairie-montataire.fr\/de\/agenda\/vie-associative\/brocante-du-standard\/\">Flohmarkt im Standard<\/a><\/li>\n<li><a href=\"https:\/\/mairie-montataire.fr\/de\/agenda\/scolaire\/pret-de-manuels-scolaires-du-secondaire\/\">Ausleihe von Schulb\u00fcchern f\u00fcr die Sekundarstufe<\/a><\/li>\n<li><a href=\"https:\/\/mairie-montataire.fr\/de\/agenda\/rencontres\/tables-de-quartier\/\">Nachbarschaftstische<\/a><\/li>\n<li><a href=\"https:\/\/mairie-montataire.fr\/de\/agenda\/rencontres\/tables-de-quartier-emploi\/\">Stadtteiltische Besch\u00e4ftigung<\/a><\/li>\n<\/ul>\n<\/div>\n\n\n\n<div style=\"height:30px\" aria-hidden=\"true\" class=\"wp-block-spacer\"><\/div>\n<\/div>\n\n\n\n<div class=\"wp-block-group is-layout-constrained wp-block-group-is-layout-constrained\">\n<div class=\"wp-block-uagb-advanced-heading uagb-block-22e17f7a\"><h2 class=\"uagb-heading-text\">Artikel<\/h2><\/div>\n\n\n\n<div class=\"wsp-container\"><ul class=\"wsp-posts-list\">\n\t<li><strong class=\"wsp-category-title\">Category: <a href=\"https:\/\/mairie-montataire.fr\/de\/actualites\/category\/a-la-une\/\">Schlagzeilen<\/a><\/strong>\n<ul class=\"wsp-posts-list\">\t\t<li class=\"wsp-post\"><a href=\"https:\/\/mairie-montataire.fr\/de\/actualites\/concours-jecris-a-la-craie\/\">Wettbewerb \u00abIch schreibe mit Kreide...\u00bb.\u00bb<\/a><\/li>\n<\/ul><\/li>\n\t<li><strong class=\"wsp-category-title\">Category: <a href=\"https:\/\/mairie-montataire.fr\/de\/actualites\/category\/ehh\/\">EHH<\/a><\/strong>\n<ul class=\"wsp-posts-list\">\t\t<li class=\"wsp-post\"><a href=\"https:\/\/mairie-montataire.fr\/de\/actualites\/programme-de-lehh\/\">Programme der EHH<\/a><\/li>\n<\/ul><\/li>\n\t<li><strong class=\"wsp-category-title\">Category: <a href=\"https:\/\/mairie-montataire.fr\/de\/actualites\/category\/information\/\">Informationen<\/a><\/strong>\n<ul class=\"wsp-posts-list\">\t\t<li class=\"wsp-post\"><a href=\"https:\/\/mairie-montataire.fr\/de\/actualites\/eco-paturage-de-nouvelles-habitantes-au-quartier-des-martinets\/\">\u00d6koweide: Neue Bewohnerinnen im Martinets-Viertel<\/a><\/li>\n\t\t<li class=\"wsp-post\"><a href=\"https:\/\/mairie-montataire.fr\/de\/actualites\/campagne-de-deratisation-sur-la-ville-de-montataire\/\">Rattenbek\u00e4mpfungskampagne in der Stadt Montataire<\/a><\/li>\n\t\t<li class=\"wsp-post\"><a href=\"https:\/\/mairie-montataire.fr\/de\/actualites\/medaille-dhonneur-du-travail-conditions-et-demarches\/\">Ehrenmedaille f\u00fcr die Arbeit: Bedingungen und Verfahren<\/a><\/li>\n\t\t<li class=\"wsp-post\"><a href=\"https:\/\/mairie-montataire.fr\/de\/actualites\/demarchage-a-domicile-comment-reperer-les-arnaques\/\">Haust\u00fcrgesch\u00e4fte: Wie erkennt man Betr\u00fcgereien?<\/a><\/li>\n\t\t<li class=\"wsp-post\"><a href=\"https:\/\/mairie-montataire.fr\/de\/actualites\/appel-a-candidatures-destine-aux-associations\/\">Aufruf zur Einreichung von Bewerbungen f\u00fcr Vereine<\/a><\/li>\n\t\t<li class=\"wsp-post\"><a href=\"https:\/\/mairie-montataire.fr\/de\/actualites\/votre-avis-sur-lavenue-gabriel-peri\/\">Ihre Meinung zu Avenue Gabriel P\u00e9ri<\/a><\/li>\n\t\t<li class=\"wsp-post\"><a href=\"https:\/\/mairie-montataire.fr\/de\/actualites\/une-nouvelle-phase-de-travaux-debute-aux-martinets\/\">Eine neue Bauphase beginnt in Les Martinets<\/a><\/li>\n\t\t<li class=\"wsp-post\"><a href=\"https:\/\/mairie-montataire.fr\/de\/actualites\/journees-du-reemploi-dans-les-dechetteries-du-smdo\/\">Tage der Wiederverwendung in den Abfallsammelstellen des SMDO<\/a><\/li>\n\t\t<li class=\"wsp-post\"><a href=\"https:\/\/mairie-montataire.fr\/de\/actualites\/fermeture-de-lannee-des-marronniers\/\">Schlie\u00dfung der All\u00e9e des Marronniers<\/a><\/li>\n\t\t<li class=\"wsp-post\"><a href=\"https:\/\/mairie-montataire.fr\/de\/actualites\/resultats-des-elections-municipales\/\">Ergebnisse der Kommunalwahlen<\/a><\/li>\n\t\t<li class=\"wsp-post\"><a href=\"https:\/\/mairie-montataire.fr\/de\/actualites\/attention-vol-par-ruse-au-prejudice-de-personnes-agees\/\">Achtung: Trickdiebstahl zum Nachteil \u00e4lterer Menschen<\/a><\/li>\n\t\t<li class=\"wsp-post\"><a href=\"https:\/\/mairie-montataire.fr\/de\/actualites\/pic\/\">Projekt B\u00fcrgerinitiative (PIC)<\/a><\/li>\n\t\t<li class=\"wsp-post\"><a href=\"https:\/\/mairie-montataire.fr\/de\/actualites\/mairie-info\/\">Rathaus-Info<\/a><\/li>\n<\/ul><\/li>\n\t<li><strong class=\"wsp-category-title\">Category: <a href=\"https:\/\/mairie-montataire.fr\/de\/actualites\/category\/retour-sur\/\">Zur\u00fcck zu<\/a><\/strong>\n<ul class=\"wsp-posts-list\">\t\t<li class=\"wsp-post\"><a href=\"https:\/\/mairie-montataire.fr\/de\/actualites\/retour-sur-le-repas-des-aines\/\">R\u00fcckblick auf das Seniorenessen<\/a><\/li>\n<\/ul><\/li>\n<\/ul>\n<\/div>\n\n\n\n<div style=\"height:30px\" aria-hidden=\"true\" class=\"wp-block-spacer\"><\/div>\n<\/div>\n\n\n\n<div class=\"wp-block-group is-layout-constrained wp-block-group-is-layout-constrained\">\n<div class=\"wp-block-uagb-advanced-heading uagb-block-917545c8\"><h2 class=\"uagb-heading-text\">Ver\u00f6ffentlichungen<\/h2><\/div>\n\n\n\n<div class=\"wsp-container\"><ul class=\"wsp-publications-list\">\n<li><a href=\"https:\/\/mairie-montataire.fr\/de\/actualites\/publications\/l-entre-deux\/lentre-deux-n220-bis-avril-2026\/\">L'Entre-Deux n\u00b0220 bis Avril 2026<\/a><\/li>\n<li><a href=\"https:\/\/mairie-montataire.fr\/de\/actualites\/publications\/vivre\/vivre-2\/\">Leben<\/a><\/li>\n<li><a href=\"https:\/\/mairie-montataire.fr\/de\/actualites\/publications\/l-entre-deux\/lentre-deux-n219-bis-fevrier-2026\/\">L'Entre-Deux n\u00b0219 bis F\u00e9vrier 2026<\/a><\/li>\n<li><a href=\"https:\/\/mairie-montataire.fr\/de\/actualites\/publications\/vivre\/vivre-n219-janvier-fevrier-2026\/\">Leben Nr. 219 - Januar Februar 2026<\/a><\/li>\n<li><a href=\"https:\/\/mairie-montataire.fr\/de\/actualites\/publications\/l-entre-deux\/lentre-deux-n218-bis-decembre-2025\/\">L'Entre-Deux ! n\u00b0218 bis D\u00e9cembre 2025<\/a><\/li>\n<li><a href=\"https:\/\/mairie-montataire.fr\/de\/actualites\/publications\/vivre\/vivre-n218-novembre-decembre-2025\/\">Vivre Nr. 218 November Dezember 2025<\/a><\/li>\n<li><a href=\"https:\/\/mairie-montataire.fr\/de\/actualites\/publications\/l-entre-deux\/lentre-deux-n217-bis-octobre-2025\/\">L'Entre-Deux n\u00b0217 bis Octobre 2025<\/a><\/li>\n<li><a href=\"https:\/\/mairie-montataire.fr\/de\/actualites\/publications\/vivre\/vivre-n217-septembre-octobre-2025\/\">Leben Nr. 217 - September Oktober 2025<\/a><\/li>\n<li><a href=\"https:\/\/mairie-montataire.fr\/de\/actualites\/publications\/vivre\/vivre-n216-juillet-aout-2025\/\">Leben Nr. 216 - Juli August 2025<\/a><\/li>\n<li><a href=\"https:\/\/mairie-montataire.fr\/de\/actualites\/publications\/programme\/programme-quartiers-dete-2025-montataire\/\">Programme Quartiers d'\u00e9t\u00e9 2025 Montataire<\/a><\/li>\n<li><a href=\"https:\/\/mairie-montataire.fr\/de\/actualites\/publications\/l-entre-deux\/lentre-deux-n215-bis-juin-2025\/\">L'Entre-Deux n\u00b0215 bis - Juin 2025<\/a><\/li>\n<li><a href=\"https:\/\/mairie-montataire.fr\/de\/actualites\/publications\/vivre\/vivre-n215-mai-juin-2025\/\">Leben Nr. 215 - Mai Juni 2025<\/a><\/li>\n<li><a href=\"https:\/\/mairie-montataire.fr\/de\/actualites\/publications\/l-entre-deux\/lentre-deux-n214-bis-avril-2025\/\">L'Entre-Deux n\u00b0214 bis - Avril 2025<\/a><\/li>\n<li><a href=\"https:\/\/mairie-montataire.fr\/de\/actualites\/publications\/vivre\/vivre-n214-mars-avril-2025\/\">Leben Nr. 214 - M\u00e4rz April 2025<\/a><\/li>\n<li><a href=\"https:\/\/mairie-montataire.fr\/de\/actualites\/publications\/l-entre-deux\/lentre-deux-n-213-bis-fevrier-2025\/\">L'Entre-Deux Nr. 213 bis Februar 2025<\/a><\/li>\n<li><a href=\"https:\/\/mairie-montataire.fr\/de\/actualites\/publications\/vivre\/vivre-n213-janvier-fevrier-2025\/\">Leben! Nr. 213 - Januar Februar 2025<\/a><\/li>\n<li><a href=\"https:\/\/mairie-montataire.fr\/de\/actualites\/publications\/l-entre-deux\/lentre-deux-n-212-bis-decembre-2024\/\">L'Entre-Deux n\u00b0 212 bis D\u00e9cembre 2024<\/a><\/li>\n<li><a href=\"https:\/\/mairie-montataire.fr\/de\/actualites\/publications\/vivre\/vivre\/\">Leben! Nr. 212 - November Dezember 2024<\/a><\/li>\n<li><a href=\"https:\/\/mairie-montataire.fr\/de\/actualites\/publications\/l-entre-deux\/lentre-deux-n-211-bis-octobre-2024\/\">L'Entre-Deux n\u00b0 211 bis Octobre 2024<\/a><\/li>\n<li><a href=\"https:\/\/mairie-montataire.fr\/de\/actualites\/publications\/programme\/saison-culturelle-24-25-du-palace\/\">Kulturelle Saison 24-25 des Palace<\/a><\/li>\n<li><a href=\"https:\/\/mairie-montataire.fr\/de\/actualites\/publications\/vivre\/vivre-n207-janvier-fevrier-2024\/\">Leben Nr. 207 - Januar Februar 2024<\/a><\/li>\n<li><a href=\"https:\/\/mairie-montataire.fr\/de\/actualites\/publications\/vivre\/vivre-n208-mars-avril-2024\/\">Leben Nr. 208 - M\u00e4rz April 2024<\/a><\/li>\n<li><a href=\"https:\/\/mairie-montataire.fr\/de\/actualites\/publications\/vivre\/vivre-n209-mai-juin-2024\/\">Leben Nr. 209 - Mai Juni 2024<\/a><\/li>\n<li><a href=\"https:\/\/mairie-montataire.fr\/de\/actualites\/publications\/vivre\/vivre-n210-juillet-aout-2024\/\">Leben Nr. 210 - Juli August 2024<\/a><\/li>\n<li><a href=\"https:\/\/mairie-montataire.fr\/de\/actualites\/publications\/l-entre-deux\/lentre-deux-n-209-bis-juin-2024\/\">L'Entre-Deux n\u00b0 209 bis Juin 2024<\/a><\/li>\n<li><a href=\"https:\/\/mairie-montataire.fr\/de\/actualites\/publications\/l-entre-deux\/lentre-deux-n-208-bis-avril-2024\/\">L'Entre-Deux n\u00b0 208 bis Avril 2024<\/a><\/li>\n<li><a href=\"https:\/\/mairie-montataire.fr\/de\/actualites\/publications\/l-entre-deux\/lentre-deux-n-207-bis-fevrier-2024\/\">L'Entre-Deux n\u00b0 207 bis F\u00e9vrier 2024<\/a><\/li>\n<\/ul>\n<\/div>\n\n\n\n<div style=\"height:30px\" aria-hidden=\"true\" class=\"wp-block-spacer\"><\/div>\n<\/div>","protected":false},"excerpt":{"rendered":"<p>Annuaire D\u00e9marches en ligne Pages Agenda Articles Publications<\/p>","protected":false},"author":1,"featured_media":0,"parent":0,"menu_order":0,"comment_status":"closed","ping_status":"closed","template":"","meta":{"_acf_changed":false,"_uag_custom_page_level_css":"","footnotes":""},"class_list":["post-7889","page","type-page","status-publish","hentry"],"acf":[],"uagb_featured_image_src":{"full":false,"thumbnail":false,"medium":false,"medium_large":false,"large":false,"1536x1536":false,"2048x2048":false,"trp-custom-language-flag":false,"gform-image-choice-sm":false,"gform-image-choice-md":false,"gform-image-choice-lg":false},"uagb_author_info":{"display_name":"mentalworks","author_link":"https:\/\/mairie-montataire.fr\/de\/actualites\/author\/mentalworks\/"},"uagb_comment_info":0,"uagb_excerpt":"Annuaire D\u00e9marches en ligne Pages Agenda Articles Publications","_links":{"self":[{"href":"https:\/\/mairie-montataire.fr\/de\/wp-json\/wp\/v2\/pages\/7889","targetHints":{"allow":["GET"]}}],"collection":[{"href":"https:\/\/mairie-montataire.fr\/de\/wp-json\/wp\/v2\/pages"}],"about":[{"href":"https:\/\/mairie-montataire.fr\/de\/wp-json\/wp\/v2\/types\/page"}],"author":[{"embeddable":true,"href":"https:\/\/mairie-montataire.fr\/de\/wp-json\/wp\/v2\/users\/1"}],"replies":[{"embeddable":true,"href":"https:\/\/mairie-montataire.fr\/de\/wp-json\/wp\/v2\/comments?post=7889"}],"version-history":[{"count":21,"href":"https:\/\/mairie-montataire.fr\/de\/wp-json\/wp\/v2\/pages\/7889\/revisions"}],"predecessor-version":[{"id":7924,"href":"https:\/\/mairie-montataire.fr\/de\/wp-json\/wp\/v2\/pages\/7889\/revisions\/7924"}],"wp:attachment":[{"href":"https:\/\/mairie-montataire.fr\/de\/wp-json\/wp\/v2\/media?parent=7889"}],"curies":[{"name":"wp","href":"https:\/\/api.w.org\/{rel}","templated":true}]}}