{"id":770,"date":"2024-06-27T07:35:38","date_gmt":"2024-06-27T07:35:38","guid":{"rendered":"https:\/\/montataire.mentalworks.me\/?page_id=770"},"modified":"2024-08-23T14:29:51","modified_gmt":"2024-08-23T14:29:51","slug":"padagogische-masnahme","status":"publish","type":"page","link":"https:\/\/mairie-montataire.fr\/de\/visiter\/environnement\/action-pedagogique\/","title":{"rendered":"P\u00e4dagogische Ma\u00dfnahmen"},"content":{"rendered":"<p>Angesichts der \u00fcberm\u00e4\u00dfigen Produktion von Plastikverpackungen und Papier wird die Stadtsauberkeit zu einer gro\u00dfen Herausforderung. Ein Dutzend Inselarbeiter sind im Einsatz, um mehr als 300 Abfallk\u00f6rbe zu leeren und den Abfall auf 100 Kilometern Gehwegen und Stra\u00dfen mit der Pinzette einzusammeln. Sie sammeln durchschnittlich f\u00fcnf Tonnen Abfall pro Woche und stellen sich damit der st\u00e4ndigen Herausforderung, die Stadt sauber zu halten.<\/p>\n\n\n\n<p>Um das richtige Verhalten schon in jungen Jahren zu vermitteln, hat die Stadtverwaltung beschlossen, vor allem auf die Sch\u00fcler der Grundschulen der Stadt einzuwirken, wobei sie auch auf die \u00dcbertragung von Kindern auf ihre Eltern setzt. So kommen jedes Jahr mehr als 400 Sch\u00fcler in den Genuss der \"Woche der nachhaltigen Entwicklung\" (eine Veranstaltung, die allen offen steht). Zus\u00e4tzlich zu dieser Veranstaltung verfolgen die Schulen ein Sauberkeitsprojekt. In der Joliot-Curie-Schule hat dies zur Folge, dass die dritte Klasse w\u00f6chentlich den M\u00fcll auf dem Schulhof einsammelt.<\/p>\n\n\n\n<div class=\"wp-block-uagb-container uagb-block-458e1257 alignfull uagb-is-root-container\"><div class=\"uagb-container-inner-blocks-wrap\">\n<div class=\"wp-block-uagb-blockquote uagb-block-8955bfe9 uagb-blockquote__skin-border uagb-blockquote__stack-img-none\"><blockquote class=\"uagb-blockquote\"><div class=\"uagb-blockquote__content\">\"Um zu sehen, ob unsere Arbeit effektiv ist, haben wir beschlossen, den M\u00fcll jede Woche zu wiegen und das Gewicht im Schulhof auszuh\u00e4ngen. Mithilfe einer Kurve zeigen wir unseren Mitsch\u00fclern, wie sich unsere Bem\u00fchungen entwickelt haben, das bezieht sie mit ein und macht sie verantwortlich. Wir sind zwar noch nicht bei null M\u00fcll, was unser Ziel ist, aber der Hof ist viel sauberer, das motiviert!\".<\/div><footer><div class=\"uagb-blockquote__author-wrap uagb-blockquote__author-at-left\"><cite class=\"uagb-blockquote__author\">Sch\u00fclerinnen und Sch\u00fcler, die das Projekt tragen<\/cite><\/div><\/footer><\/blockquote><\/div>\n<\/div><\/div>\n\n\n\n<div class=\"wp-block-uagb-separator uagb-block-c9213438\"><div class=\"uagb-separator-spacing-wrapper\"><div class=\"wp-block-uagb-separator__inner\" style=\"--my-background-image:\"><\/div><\/div><\/div>\n\n\n\t\t\t\t\t<div\n\t\t\t\t\t\tclass=\"wp-block-uagb-image-gallery uagb-block-89b73388\"\n\t\t\t\t\t\tstyle=\"\"\n\t\t\t\t\t>\n\t\t\t\t\t\t\t\t\t\t\t<div class=\"spectra-image-gallery spectra-image-gallery__layout--grid spectra-image-gallery__layout--grid-col-4 spectra-image-gallery__layout--grid-col-tab-4 spectra-image-gallery__layout--grid-col-mob-4\">\n\t\t\t\t\t\t\t\t\t\t\t<div class='spectra-image-gallery__media-wrapper' data-spectra-gallery-image-id='1943' tabindex=\"0\">\n\t\t\t\t\t\t\t<div class=\"spectra-image-gallery__media spectra-image-gallery__media--grid\">\n\t\t\t\t<picture>\n\t\t\t\t\t<source media=\"(min-width: 1024px)\" srcset=\"https:\/\/mairie-montataire.fr\/app\/uploads\/2024\/07\/2024-06-06-Semaine-Dev.-durable-13-scaled.jpg\">\n\t\t\t\t\t<source media=\"(min-width: 768px)\" srcset=\"https:\/\/mairie-montataire.fr\/app\/uploads\/2024\/07\/2024-06-06-Semaine-Dev.-durable-13-1024x683.jpg\">\n\t\t\t\t\t<img decoding=\"async\" class=\"spectra-image-gallery__media-thumbnail spectra-image-gallery__media-thumbnail--grid\" src=\"https:\/\/mairie-montataire.fr\/app\/uploads\/2024\/07\/2024-06-06-Semaine-Dev.-durable-13-300x200.jpg\" alt=\"Kinder unter einem Barnum, die sich auf eine Aktivit\u00e4t im Rahmen der Woche f\u00fcr nachhaltige Entwicklung vorbereiten\" loading=\"lazy\" \/>\n\t\t\t\t<\/picture>\n\t\t\t\t<div class=\"spectra-image-gallery__media-thumbnail-blurrer\"><\/div>\n\t\t\t\t\t\t\t\t\t\t\t<div class=\"spectra-image-gallery__media-thumbnail-caption-wrapper spectra-image-gallery__media-thumbnail-caption-wrapper--overlay\">\n\t\t\t\t\t\t\t\t\t\t\t<div class=\"spectra-image-gallery__media-thumbnail-caption spectra-image-gallery__media-thumbnail-caption--overlay\">\n\t\t\t\t\tSch\u00fclerinnen und Sch\u00fcler aus Montataire im Parc urbain du Prieur\u00e9 f\u00fcr Aktivit\u00e4ten im Rahmen der Woche f\u00fcr nachhaltige Entwicklung 2024.\t\t\t\t<\/div>\n\t\t\t\t\t\t\t\t\t\t<\/div>\n\t\t\t\t\t\t\t\t\t<\/div>\n\t\t\t\t\t\t<\/div>\n\t\t\t\t\t\t<div class='spectra-image-gallery__media-wrapper' data-spectra-gallery-image-id='1941' tabindex=\"0\">\n\t\t\t\t\t\t\t<div class=\"spectra-image-gallery__media spectra-image-gallery__media--grid\">\n\t\t\t\t<picture>\n\t\t\t\t\t<source media=\"(min-width: 1024px)\" srcset=\"https:\/\/mairie-montataire.fr\/app\/uploads\/2024\/07\/2024-06-06-Semaine-Dev.-durable-18-scaled.jpg\">\n\t\t\t\t\t<source media=\"(min-width: 768px)\" srcset=\"https:\/\/mairie-montataire.fr\/app\/uploads\/2024\/07\/2024-06-06-Semaine-Dev.-durable-18-1024x683.jpg\">\n\t\t\t\t\t<img decoding=\"async\" class=\"spectra-image-gallery__media-thumbnail spectra-image-gallery__media-thumbnail--grid\" src=\"https:\/\/mairie-montataire.fr\/app\/uploads\/2024\/07\/2024-06-06-Semaine-Dev.-durable-18-300x200.jpg\" alt=\"Verschiedene Kindergruppen, links eine Gruppe f\u00fcr die einfachere Sortierung durch die SMDO, in der Mitte eine Gruppe, die sich bewegt und rechts eine Gruppe unter einem Barnum \u00fcber die Sensibilisierung f\u00fcr das Leben im Th\u00e9rain.\" loading=\"lazy\" \/>\n\t\t\t\t<\/picture>\n\t\t\t\t<div class=\"spectra-image-gallery__media-thumbnail-blurrer\"><\/div>\n\t\t\t\t\t\t\t\t\t\t\t<div class=\"spectra-image-gallery__media-thumbnail-caption-wrapper spectra-image-gallery__media-thumbnail-caption-wrapper--overlay\">\n\t\t\t\t\t\t\t\t\t\t\t<div class=\"spectra-image-gallery__media-thumbnail-caption spectra-image-gallery__media-thumbnail-caption--overlay\">\n\t\t\t\t\tSch\u00fclerinnen und Sch\u00fcler aus Montataire im Parc urbain du Prieur\u00e9 f\u00fcr Aktivit\u00e4ten im Rahmen der Woche f\u00fcr nachhaltige Entwicklung 2024.\t\t\t\t<\/div>\n\t\t\t\t\t\t\t\t\t\t<\/div>\n\t\t\t\t\t\t\t\t\t<\/div>\n\t\t\t\t\t\t<\/div>\n\t\t\t\t\t\t<div class='spectra-image-gallery__media-wrapper' data-spectra-gallery-image-id='1938' tabindex=\"0\">\n\t\t\t\t\t\t\t<div class=\"spectra-image-gallery__media spectra-image-gallery__media--grid\">\n\t\t\t\t<picture>\n\t\t\t\t\t<source media=\"(min-width: 1024px)\" srcset=\"https:\/\/mairie-montataire.fr\/app\/uploads\/2024\/07\/2024-06-06-Semaine-Dev.-durable-80-scaled.jpg\">\n\t\t\t\t\t<source media=\"(min-width: 768px)\" srcset=\"https:\/\/mairie-montataire.fr\/app\/uploads\/2024\/07\/2024-06-06-Semaine-Dev.-durable-80-1024x683.jpg\">\n\t\t\t\t\t<img decoding=\"async\" class=\"spectra-image-gallery__media-thumbnail spectra-image-gallery__media-thumbnail--grid\" src=\"https:\/\/mairie-montataire.fr\/app\/uploads\/2024\/07\/2024-06-06-Semaine-Dev.-durable-80-300x200.jpg\" alt=\"Ein dem Radverkehr gewidmeter Bereich mit Parcours und Hindernissen, um Kinder f\u00fcr ein verantwortungsbewusstes Fahren zu sensibilisieren.\" loading=\"lazy\" \/>\n\t\t\t\t<\/picture>\n\t\t\t\t<div class=\"spectra-image-gallery__media-thumbnail-blurrer\"><\/div>\n\t\t\t\t\t\t\t\t\t\t\t<div class=\"spectra-image-gallery__media-thumbnail-caption-wrapper spectra-image-gallery__media-thumbnail-caption-wrapper--overlay\">\n\t\t\t\t\t\t\t\t\t\t\t<div class=\"spectra-image-gallery__media-thumbnail-caption spectra-image-gallery__media-thumbnail-caption--overlay\">\n\t\t\t\t\tSch\u00fclerinnen und Sch\u00fcler aus Montataire im Parc urbain du Prieur\u00e9 f\u00fcr Aktivit\u00e4ten im Rahmen der Woche f\u00fcr nachhaltige Entwicklung 2024.\t\t\t\t<\/div>\n\t\t\t\t\t\t\t\t\t\t<\/div>\n\t\t\t\t\t\t\t\t\t<\/div>\n\t\t\t\t\t\t<\/div>\n\t\t\t\t\t\t<div class='spectra-image-gallery__media-wrapper' data-spectra-gallery-image-id='1939' tabindex=\"0\">\n\t\t\t\t\t\t\t<div class=\"spectra-image-gallery__media spectra-image-gallery__media--grid\">\n\t\t\t\t<picture>\n\t\t\t\t\t<source media=\"(min-width: 1024px)\" srcset=\"https:\/\/mairie-montataire.fr\/app\/uploads\/2024\/07\/2024-06-06-Semaine-Dev.-durable-49-scaled.jpg\">\n\t\t\t\t\t<source media=\"(min-width: 768px)\" srcset=\"https:\/\/mairie-montataire.fr\/app\/uploads\/2024\/07\/2024-06-06-Semaine-Dev.-durable-49-1024x576.jpg\">\n\t\t\t\t\t<img decoding=\"async\" class=\"spectra-image-gallery__media-thumbnail spectra-image-gallery__media-thumbnail--grid\" src=\"https:\/\/mairie-montataire.fr\/app\/uploads\/2024\/07\/2024-06-06-Semaine-Dev.-durable-49-300x169.jpg\" alt=\"Kindergruppe, die eine Tafel \u00fcber die Fische im Therain betrachtet\" loading=\"lazy\" \/>\n\t\t\t\t<\/picture>\n\t\t\t\t<div class=\"spectra-image-gallery__media-thumbnail-blurrer\"><\/div>\n\t\t\t\t\t\t\t\t\t\t\t<div class=\"spectra-image-gallery__media-thumbnail-caption-wrapper spectra-image-gallery__media-thumbnail-caption-wrapper--overlay\">\n\t\t\t\t\t\t\t\t\t\t\t<div class=\"spectra-image-gallery__media-thumbnail-caption spectra-image-gallery__media-thumbnail-caption--overlay\">\n\t\t\t\t\tSch\u00fclerinnen und Sch\u00fcler aus Montataire im Parc urbain du Prieur\u00e9 f\u00fcr Aktivit\u00e4ten im Rahmen der Woche f\u00fcr nachhaltige Entwicklung 2024.\t\t\t\t<\/div>\n\t\t\t\t\t\t\t\t\t\t<\/div>\n\t\t\t\t\t\t\t\t\t<\/div>\n\t\t\t\t\t\t<\/div>\n\t\t\t\t\t\t\t\t\t\t<\/div>\n\t\t\t\t\t\t\t\t\t\t\t\t\t\t\t\t\t\t<\/div>\n\t\t\t\t\t\t\t\t\t\t\t<div class='spectra-image-gallery__control-lightbox' tabindex='0'>\n\t\t\t\t\t\t\t\t\t\t\t<div class=\"swiper spectra-image-gallery__control-lightbox--main\" dir=\"\">\n\t\t\t\t\t<div class=\"swiper-wrapper\">\n\t\t\t\t\t\t\t\t\t\t\t\t\t\n\t\t\t\t\t\t\t<div class=\"swiper-slide\">\n\t\t\t\t\t\t\t\t<img class=\"swiper-lazy\" data-src=\"https:\/\/mairie-montataire.fr\/app\/uploads\/2024\/07\/2024-06-06-Semaine-Dev.-durable-13-scaled.jpg\" alt=\"Kinder unter einem Barnum, die sich auf eine Aktivit\u00e4t im Rahmen der Woche f\u00fcr nachhaltige Entwicklung vorbereiten\"\/>\n\t\t\t\t\t\t\t\t<div class=\"swiper-lazy-preloader swiper-lazy-preloader-white\"><\/div>\n\t\t\t\t\t\t\t\t\t\t\t\t\t\t\t\t\t<div class=\"spectra-image-gallery__control-lightbox--caption\" data-spectra-gallery-image-id='1943'>\n\t\t\t\t\t\t\t\t\t\tSch\u00fclerinnen und Sch\u00fcler aus Montataire im Parc urbain du Prieur\u00e9 f\u00fcr Aktivit\u00e4ten im Rahmen der Woche f\u00fcr nachhaltige Entwicklung 2024.\t\t\t\t\t\t\t\t\t<\/div>\n\t\t\t\t\t\t\t\t\t\t\t\t\t\t\t<\/div>\n\t\t\t\t\t\t\t\t\t\t\t\t\t\n\t\t\t\t\t\t\t<div class=\"swiper-slide\">\n\t\t\t\t\t\t\t\t<img class=\"swiper-lazy\" data-src=\"https:\/\/mairie-montataire.fr\/app\/uploads\/2024\/07\/2024-06-06-Semaine-Dev.-durable-18-scaled.jpg\" alt=\"Verschiedene Kindergruppen, links eine Gruppe f\u00fcr die einfachere Sortierung durch die SMDO, in der Mitte eine Gruppe, die sich bewegt und rechts eine Gruppe unter einem Barnum \u00fcber die Sensibilisierung f\u00fcr das Leben im Th\u00e9rain.\"\/>\n\t\t\t\t\t\t\t\t<div class=\"swiper-lazy-preloader swiper-lazy-preloader-white\"><\/div>\n\t\t\t\t\t\t\t\t\t\t\t\t\t\t\t\t\t<div class=\"spectra-image-gallery__control-lightbox--caption\" data-spectra-gallery-image-id='1941'>\n\t\t\t\t\t\t\t\t\t\tSch\u00fclerinnen und Sch\u00fcler aus Montataire im Parc urbain du Prieur\u00e9 f\u00fcr Aktivit\u00e4ten im Rahmen der Woche f\u00fcr nachhaltige Entwicklung 2024.\t\t\t\t\t\t\t\t\t<\/div>\n\t\t\t\t\t\t\t\t\t\t\t\t\t\t\t<\/div>\n\t\t\t\t\t\t\t\t\t\t\t\t\t\n\t\t\t\t\t\t\t<div class=\"swiper-slide\">\n\t\t\t\t\t\t\t\t<img class=\"swiper-lazy\" data-src=\"https:\/\/mairie-montataire.fr\/app\/uploads\/2024\/07\/2024-06-06-Semaine-Dev.-durable-80-scaled.jpg\" alt=\"Ein dem Radverkehr gewidmeter Bereich mit Parcours und Hindernissen, um Kinder f\u00fcr ein verantwortungsbewusstes Fahren zu sensibilisieren.\"\/>\n\t\t\t\t\t\t\t\t<div class=\"swiper-lazy-preloader swiper-lazy-preloader-white\"><\/div>\n\t\t\t\t\t\t\t\t\t\t\t\t\t\t\t\t\t<div class=\"spectra-image-gallery__control-lightbox--caption\" data-spectra-gallery-image-id='1938'>\n\t\t\t\t\t\t\t\t\t\tSch\u00fclerinnen und Sch\u00fcler aus Montataire im Parc urbain du Prieur\u00e9 f\u00fcr Aktivit\u00e4ten im Rahmen der Woche f\u00fcr nachhaltige Entwicklung 2024.\t\t\t\t\t\t\t\t\t<\/div>\n\t\t\t\t\t\t\t\t\t\t\t\t\t\t\t<\/div>\n\t\t\t\t\t\t\t\t\t\t\t\t\t\n\t\t\t\t\t\t\t<div class=\"swiper-slide\">\n\t\t\t\t\t\t\t\t<img class=\"swiper-lazy\" data-src=\"https:\/\/mairie-montataire.fr\/app\/uploads\/2024\/07\/2024-06-06-Semaine-Dev.-durable-49-scaled.jpg\" alt=\"Kindergruppe, die eine Tafel \u00fcber die Fische im Therain betrachtet\"\/>\n\t\t\t\t\t\t\t\t<div class=\"swiper-lazy-preloader swiper-lazy-preloader-white\"><\/div>\n\t\t\t\t\t\t\t\t\t\t\t\t\t\t\t\t\t<div class=\"spectra-image-gallery__control-lightbox--caption\" data-spectra-gallery-image-id='1939'>\n\t\t\t\t\t\t\t\t\t\tSch\u00fclerinnen und Sch\u00fcler aus Montataire im Parc urbain du Prieur\u00e9 f\u00fcr Aktivit\u00e4ten im Rahmen der Woche f\u00fcr nachhaltige Entwicklung 2024.\t\t\t\t\t\t\t\t\t<\/div>\n\t\t\t\t\t\t\t\t\t\t\t\t\t\t\t<\/div>\n\t\t\t\t\t\t\t\t\t\t\t<\/div>\n\t\t\t\t\t<div class=\"swiper-button-next\"><\/div>\n\t\t\t\t\t<div class=\"swiper-button-prev\"><\/div>\n\t\t\t\t<\/div>\t\t\t\n\t\t\t\t\t\t\t\t\t\t\t\t\t\t\t\t\t\t\t\t\t\t\t\t\t\t\t\t\t\t\t\t<button class='spectra-image-gallery__control-lightbox--close' aria-label=\"Close\">\n\t\t\t\t\t\t\t\t\t\t\t\t\t<svg xmlns=\"https:\/\/www.w3.org\/2000\/svg\" viewbox= \"0 0 320 512\"><path d=\"M310.6 361.4c12.5 12.5 12.5 32.75 0 45.25C304.4 412.9 296.2 416 288 416s-16.38-3.125-22.62-9.375L160 301.3L54.63 406.6C48.38 412.9 40.19 416 32 416S15.63 412.9 9.375 406.6c-12.5-12.5-12.5-32.75 0-45.25l105.4-105.4L9.375 150.6c-12.5-12.5-12.5-32.75 0-45.25s32.75-12.5 45.25 0L160 210.8l105.4-105.4c12.5-12.5 32.75-12.5 45.25 0s12.5 32.75 0 45.25l-105.4 105.4L310.6 361.4z\"><\/path><\/svg>\n\t\t\t\t\t\t\t\t\t\t\t\t<\/button>\n\t\t\t\t\t\t\t\t\t\t\t\t\t<\/div>\n\t\t\t\t\t\t\t\t\t\n\n\t\t\t\t\t<div\n\t\t\t\t\t\tclass=\"wp-block-uagb-image-gallery uagb-block-bddb06ca\"\n\t\t\t\t\t\tstyle=\"\"\n\t\t\t\t\t>\n\t\t\t\t\t\t\t\t\t\t\t<div class=\"spectra-image-gallery spectra-image-gallery__layout--carousel\">\n\t\t\t\t\t\t\t\t<div class=\"uagb-slick-carousel uagb-block-bddb06ca\">\n\t\t\t\t\t\t\t\t\t\t\t\t<div class='spectra-image-gallery__media-wrapper' data-spectra-gallery-image-id='1940'>\n\t\t\t\t\t\t\t<div class=\"spectra-image-gallery__media spectra-image-gallery__media--carousel\">\n\t\t\t\t<picture>\n\t\t\t\t\t<source media=\"(min-width: 1024px)\" srcset=\"https:\/\/mairie-montataire.fr\/app\/uploads\/2024\/07\/2024-06-06-Semaine-Dev.-durable-38-scaled.jpg\">\n\t\t\t\t\t<source media=\"(min-width: 768px)\" srcset=\"https:\/\/mairie-montataire.fr\/app\/uploads\/2024\/07\/2024-06-06-Semaine-Dev.-durable-38-1024x683.jpg\">\n\t\t\t\t\t<img decoding=\"async\" class=\"spectra-image-gallery__media-thumbnail spectra-image-gallery__media-thumbnail--carousel\" src=\"https:\/\/mairie-montataire.fr\/app\/uploads\/2024\/07\/2024-06-06-Semaine-Dev.-durable-38-300x200.jpg\" alt=\"Kindergruppe, die einem Moderator zuh\u00f6rt, wie die SMDO einfacher sortiert.\" loading=\"lazy\" \/>\n\t\t\t\t<\/picture>\n\t\t\t\t<div class=\"spectra-image-gallery__media-thumbnail-blurrer\"><\/div>\n\t\t\t\t\t\t\t\t\t\t\t<div class=\"spectra-image-gallery__media-thumbnail-caption-wrapper spectra-image-gallery__media-thumbnail-caption-wrapper--overlay\">\n\t\t\t\t\t\t\t\t\t\t\t<div class=\"spectra-image-gallery__media-thumbnail-caption spectra-image-gallery__media-thumbnail-caption--overlay\">\n\t\t\t\t\tSch\u00fclerinnen und Sch\u00fcler aus Montataire im Parc urbain du Prieur\u00e9 f\u00fcr Aktivit\u00e4ten im Rahmen der Woche f\u00fcr nachhaltige Entwicklung 2024.\t\t\t\t<\/div>\n\t\t\t\t\t\t\t\t\t\t<\/div>\n\t\t\t\t\t\t\t\t\t<\/div>\n\t\t\t\t\t\t<\/div>\n\t\t\t\t\t\t\t\t\t\t\t<\/div>\n\t\t\t\t\t\t\t<\/div>\n\t\t\t\t\t\t\t\t\t\t\t<\/div>\n\t\t\t\t\t\t\t\t\t\t\t<div class='spectra-image-gallery__control-lightbox' tabindex='0'>\n\t\t\t\t\t\t\t\t\t\t\t<div class=\"swiper spectra-image-gallery__control-lightbox--main\" dir=\"\">\n\t\t\t\t\t<div class=\"swiper-wrapper\">\n\t\t\t\t\t\t\t\t\t\t\t\t\t\n\t\t\t\t\t\t\t<div class=\"swiper-slide\">\n\t\t\t\t\t\t\t\t<img class=\"swiper-lazy\" data-src=\"https:\/\/mairie-montataire.fr\/app\/uploads\/2024\/07\/2024-06-06-Semaine-Dev.-durable-38-scaled.jpg\" alt=\"Kindergruppe, die einem Moderator zuh\u00f6rt, wie die SMDO einfacher sortiert.\"\/>\n\t\t\t\t\t\t\t\t<div class=\"swiper-lazy-preloader swiper-lazy-preloader-white\"><\/div>\n\t\t\t\t\t\t\t\t\t\t\t\t\t\t\t\t\t<div class=\"spectra-image-gallery__control-lightbox--caption\" data-spectra-gallery-image-id='1940'>\n\t\t\t\t\t\t\t\t\t\tSch\u00fclerinnen und Sch\u00fcler aus Montataire im Parc urbain du Prieur\u00e9 f\u00fcr Aktivit\u00e4ten im Rahmen der Woche f\u00fcr nachhaltige Entwicklung 2024.\t\t\t\t\t\t\t\t\t<\/div>\n\t\t\t\t\t\t\t\t\t\t\t\t\t\t\t<\/div>\n\t\t\t\t\t\t\t\t\t\t\t<\/div>\n\t\t\t\t\t<div class=\"swiper-button-next\"><\/div>\n\t\t\t\t\t<div class=\"swiper-button-prev\"><\/div>\n\t\t\t\t<\/div>\t\t\t\n\t\t\t\t\t\t\t\t\t\t\t\t\t\t\t\t\t\t\t\t\t\t\t\t\t\t\t\t\t\t\t\t<button class='spectra-image-gallery__control-lightbox--close' aria-label=\"Close\">\n\t\t\t\t\t\t\t\t\t\t\t\t\t<svg xmlns=\"https:\/\/www.w3.org\/2000\/svg\" viewbox= \"0 0 320 512\"><path d=\"M310.6 361.4c12.5 12.5 12.5 32.75 0 45.25C304.4 412.9 296.2 416 288 416s-16.38-3.125-22.62-9.375L160 301.3L54.63 406.6C48.38 412.9 40.19 416 32 416S15.63 412.9 9.375 406.6c-12.5-12.5-12.5-32.75 0-45.25l105.4-105.4L9.375 150.6c-12.5-12.5-12.5-32.75 0-45.25s32.75-12.5 45.25 0L160 210.8l105.4-105.4c12.5-12.5 32.75-12.5 45.25 0s12.5 32.75 0 45.25l-105.4 105.4L310.6 361.4z\"><\/path><\/svg>\n\t\t\t\t\t\t\t\t\t\t\t\t<\/button>\n\t\t\t\t\t\t\t\t\t\t\t\t\t<\/div>","protected":false},"excerpt":{"rendered":"<p>Face \u00e0 la production excessive d\u2019emballages plastiques et de papiers, la propret\u00e9 urbaine devient un enjeu majeur. Une dizaine d&rsquo;\u00eelotiers est mobilis\u00e9e pour vider plus de trois cents corbeilles et ramasser \u00e0 la pince les d\u00e9chets sur une centaine de kilom\u00e8tres de trottoirs et de voiries. Collectant en moyenne cinq tonnes de d\u00e9chets par semaine, [&hellip;]<\/p>\n","protected":false},"author":1,"featured_media":1475,"parent":90,"menu_order":74,"comment_status":"closed","ping_status":"closed","template":"","meta":{"_acf_changed":false,"_uag_custom_page_level_css":"","footnotes":""},"class_list":["post-770","page","type-page","status-publish","has-post-thumbnail","hentry"],"acf":[],"uagb_featured_image_src":{"full":["https:\/\/mairie-montataire.fr\/app\/uploads\/2024\/07\/4.1.5_semaine_developpement_durable.jpg",500,333,false],"thumbnail":["https:\/\/mairie-montataire.fr\/app\/uploads\/2024\/07\/4.1.5_semaine_developpement_durable-150x150.jpg",150,150,true],"medium":["https:\/\/mairie-montataire.fr\/app\/uploads\/2024\/07\/4.1.5_semaine_developpement_durable-300x200.jpg",300,200,true],"medium_large":["https:\/\/mairie-montataire.fr\/app\/uploads\/2024\/07\/4.1.5_semaine_developpement_durable.jpg",500,333,false],"large":["https:\/\/mairie-montataire.fr\/app\/uploads\/2024\/07\/4.1.5_semaine_developpement_durable.jpg",500,333,false],"1536x1536":["https:\/\/mairie-montataire.fr\/app\/uploads\/2024\/07\/4.1.5_semaine_developpement_durable.jpg",500,333,false],"2048x2048":["https:\/\/mairie-montataire.fr\/app\/uploads\/2024\/07\/4.1.5_semaine_developpement_durable.jpg",500,333,false],"trp-custom-language-flag":["https:\/\/mairie-montataire.fr\/app\/uploads\/2024\/07\/4.1.5_semaine_developpement_durable.jpg",18,12,false],"gform-image-choice-sm":["https:\/\/mairie-montataire.fr\/app\/uploads\/2024\/07\/4.1.5_semaine_developpement_durable.jpg",300,200,false],"gform-image-choice-md":["https:\/\/mairie-montataire.fr\/app\/uploads\/2024\/07\/4.1.5_semaine_developpement_durable.jpg",400,266,false],"gform-image-choice-lg":["https:\/\/mairie-montataire.fr\/app\/uploads\/2024\/07\/4.1.5_semaine_developpement_durable.jpg",500,333,false]},"uagb_author_info":{"display_name":"mentalworks","author_link":"https:\/\/mairie-montataire.fr\/de\/actualites\/author\/mentalworks\/"},"uagb_comment_info":0,"uagb_excerpt":"Face \u00e0 la production excessive d\u2019emballages plastiques et de papiers, la propret\u00e9 urbaine devient un enjeu majeur. Une dizaine d&rsquo;\u00eelotiers est mobilis\u00e9e pour vider plus de trois cents corbeilles et ramasser \u00e0 la pince les d\u00e9chets sur une centaine de kilom\u00e8tres de trottoirs et de voiries. Collectant en moyenne cinq tonnes de d\u00e9chets par semaine,&hellip;","_links":{"self":[{"href":"https:\/\/mairie-montataire.fr\/de\/wp-json\/wp\/v2\/pages\/770","targetHints":{"allow":["GET"]}}],"collection":[{"href":"https:\/\/mairie-montataire.fr\/de\/wp-json\/wp\/v2\/pages"}],"about":[{"href":"https:\/\/mairie-montataire.fr\/de\/wp-json\/wp\/v2\/types\/page"}],"author":[{"embeddable":true,"href":"https:\/\/mairie-montataire.fr\/de\/wp-json\/wp\/v2\/users\/1"}],"replies":[{"embeddable":true,"href":"https:\/\/mairie-montataire.fr\/de\/wp-json\/wp\/v2\/comments?post=770"}],"version-history":[{"count":10,"href":"https:\/\/mairie-montataire.fr\/de\/wp-json\/wp\/v2\/pages\/770\/revisions"}],"predecessor-version":[{"id":4111,"href":"https:\/\/mairie-montataire.fr\/de\/wp-json\/wp\/v2\/pages\/770\/revisions\/4111"}],"up":[{"embeddable":true,"href":"https:\/\/mairie-montataire.fr\/de\/wp-json\/wp\/v2\/pages\/90"}],"wp:featuredmedia":[{"embeddable":true,"href":"https:\/\/mairie-montataire.fr\/de\/wp-json\/wp\/v2\/media\/1475"}],"wp:attachment":[{"href":"https:\/\/mairie-montataire.fr\/de\/wp-json\/wp\/v2\/media?parent=770"}],"curies":[{"name":"wp","href":"https:\/\/api.w.org\/{rel}","templated":true}]}}