{"id":6144,"date":"2025-05-09T12:52:20","date_gmt":"2025-05-09T12:52:20","guid":{"rendered":"https:\/\/mairie-montataire.fr\/?page_id=6144"},"modified":"2025-09-29T08:45:42","modified_gmt":"2025-09-29T08:45:42","slug":"das-neue-nationale-programm-zur-stadterneuerung-npnru","status":"publish","type":"page","link":"https:\/\/mairie-montataire.fr\/de\/s-informer\/finances-projets-de-la-ville\/le-nouveau-programme-national-de-renouvellement-urbain-npnru\/","title":{"rendered":"Das Neue Nationale Programm zur Stadterneuerung (NPNRU)"},"content":{"rendered":"<h2 class=\"wp-block-heading\">Das NPNRU im Viertel Martinets<\/h2>\n\n\n\n<p><strong>Im Viertel Martinets wurde ein neues Stadterneuerungsprojekt von der Stadt Montataire und den Sozialvermietern Oise Habitat und SA HLM de l'Oise initiiert.&nbsp;<\/strong><\/p>\n\n\n\n<p><strong>Dieses Projekt wird auch mit den Bewohnerinnen und Bewohnern des Viertels in Workshops aufgebaut.<\/strong><\/p>\n\n\n\n<p><strong>Er folgt auf 1<\/strong><strong><sup>er<\/sup><\/strong><strong> Ein Stadterneuerungsprojekt, das 2006 begonnen und 2015 abgeschlossen wurde. Im Rahmen des Projekts wurden zahlreiche Wohnungen saniert und der Coul\u00e9e Verte, der Bois Godart und das Gesundheitszentrum geschaffen.&nbsp;<\/strong><\/p>\n\n\n\n<p><strong>Das NPRU begann 2021 und wird bis 2030 dauern.&nbsp;<\/strong><\/p>\n\n\n\n<p><strong>Er wird es erm\u00f6glichen, :<\/strong><\/p>\n\n\n\n<ul style=\"padding-right:var(--wp--preset--spacing--70);padding-left:var(--wp--preset--spacing--70)\" class=\"wp-block-list\">\n<li style=\"font-style:normal;font-weight:400\"><strong>Die Sanierung der Wohnungen im Viertel fortsetzen<\/strong> (z. B. durch eine bessere Isolierung und die Renovierung von Feuchtr\u00e4umen) ;<\/li>\n\n\n\n<li style=\"font-style:normal;font-weight:400\"><strong>Verbesserung des Verkehrs und der Parkplatzsituation<\/strong> (durch Neugestaltung der 2 Hauptalleen und Erh\u00f6hung der Anzahl der Parkpl\u00e4tze) ;<\/li>\n\n\n\n<li style=\"font-style:normal;font-weight:400\"><strong>Verbesserung einiger Gr\u00fcnfl\u00e4chen und Spielpl\u00e4tze<\/strong> (von der Esplanade Fernand Tuil bis zum City Stadium).<\/li>\n<\/ul>\n\n\n\n<div style=\"height:20px\" aria-hidden=\"true\" class=\"wp-block-spacer\"><\/div>\n\n\n\n<div class=\"wp-block-uagb-separator uagb-block-c89207e6\"><div class=\"uagb-separator-spacing-wrapper\"><div class=\"wp-block-uagb-separator__inner\" style=\"--my-background-image:\"><\/div><\/div><\/div>\n\n\n\n<p>Finden Sie das gesamte Projekt in der folgenden Pr\u00e4sentation : <\/p>\n\n\n\n<div class=\"wp-block-uagb-icon-list uagb-block-9dc78662\"><div class=\"uagb-icon-list__wrap\">\n<div class=\"wp-block-uagb-icon-list-child uagb-block-78629753\"><a target=\"_blank\" aria-label=\"Vorstellung des PRU-Projekts, das gemeinsam mit den Bewohnerinnen und Bewohnern aufgebaut wurde\" rel=\"noopener noreferrer\" href=\"https:\/\/mairie-montataire.fr\/de\/app\/uploads\/2024\/08\/PresentationDuProjetDuPRUCoconstruitAvecLesHabitants-1.pdf\/\"> <\/a><span class=\"uagb-icon-list__source-wrap\"><svg xmlns=\"https:\/\/www.w3.org\/2000\/svg\" viewbox=\"0 0 384 512\"><path d=\"M256 0v128h128L256 0zM224 128L224 0H48C21.49 0 0 21.49 0 48v416C0 490.5 21.49 512 48 512h288c26.51 0 48-21.49 48-48V160h-127.1C238.3 160 224 145.7 224 128zM272 416h-160C103.2 416 96 408.8 96 400C96 391.2 103.2 384 112 384h160c8.836 0 16 7.162 16 16C288 408.8 280.8 416 272 416zM272 352h-160C103.2 352 96 344.8 96 336C96 327.2 103.2 320 112 320h160c8.836 0 16 7.162 16 16C288 344.8 280.8 352 272 352zM288 272C288 280.8 280.8 288 272 288h-160C103.2 288 96 280.8 96 272C96 263.2 103.2 256 112 256h160C280.8 256 288 263.2 288 272z\"><\/path><\/svg><\/span><span class=\"uagb-icon-list__label\"><strong>Vorstellung des PRU-Projekts, das gemeinsam mit den Bewohnerinnen und Bewohnern aufgebaut wurde<\/strong><\/span><\/div>\n<\/div><\/div>\n\n\n\n<h2 class=\"wp-block-heading\">Wie wird das Projekt finanziert?<\/h2>\n\n\n\n<p>Die Agence Nationale pour la R\u00e9novation Urbaine (ANRU) ist einer der Finanziers dieses Projekts. Im Jahr 2014 startete diese Agentur ein gro\u00dfes Programm zur Finanzierung von Arbeiten in vorrangigen Vierteln: das Neue Nationale Programm zur Stadterneuerung (Nouveau Programme National de Renouvellement Urbain). Im Jahr 2015 wurde das Projekt im Martinets-Viertel von der ANRU als von regionalem Interesse eingestuft, wodurch seine Finanzierung erm\u00f6glicht wurde. Sie finanziert das Projekt mit 1 Mio. EUR.&nbsp;<\/p>\n\n\n\n<p>Da das Stadterneuerungsprojekt Martinets als Projekt von regionalem Interesse bezeichnet wird, ist der <strong>Regionaler Rat<\/strong> beteiligt sich auch an seiner Finanzierung. Er finanziert das Projekt in H\u00f6he von <strong>3 Millionen Euro<\/strong>.&nbsp;&nbsp;<\/p>\n\n\n\n<p>Der Vermieter finanziert auch einen gro\u00dfen Teil des Projekts, um 449 Wohnungen zu sanieren und 39 abzurei\u00dfen.&nbsp;<\/p>\n\n\n\n<ul style=\"padding-right:var(--wp--preset--spacing--70);padding-left:var(--wp--preset--spacing--70)\" class=\"wp-block-list\">\n<li style=\"font-style:normal;font-weight:400\"><strong>Oise Habitat<\/strong> investiert fast <strong>20 Millionen Euro<\/strong> ;<\/li>\n\n\n\n<li style=\"font-style:normal;font-weight:400\">Die <strong>SA HLM de l'Oise<\/strong> investiert <strong>8 Millionen Euro<\/strong>.<br><\/li>\n<\/ul>\n\n\n\n<div style=\"height:20px\" aria-hidden=\"true\" class=\"wp-block-spacer\"><\/div>\n\n\n\n<p><strong>Die Stadt<\/strong> finanziert die Verbesserung des Verkehrs, der Parkpl\u00e4tze, der Gr\u00fcnanlagen und der Spielpl\u00e4tze. Sie investiert fast <strong>3 Millionen Euro<\/strong>.<\/p>\n\n\n\n<p>Weitere staatliche Zusch\u00fcsse wie die Dotation Politique de la Ville und der Fonds National d'Am\u00e9nagement et de D\u00e9veloppement du Territoire beteiligen sich an der Finanzierung dieses Projekts.&nbsp;<\/p>\n\n\n\n<div class=\"wp-block-uagb-image uagb-block-433b1579 wp-block-uagb-image--layout-default wp-block-uagb-image--effect-static wp-block-uagb-image--align-none\"><figure class=\"wp-block-uagb-image__figure\"><img decoding=\"async\" srcset=\"https:\/\/mairie-montataire.fr\/app\/uploads\/2024\/08\/Logos_PRU-1024x193.png ,https:\/\/mairie-montataire.fr\/app\/uploads\/2024\/08\/Logos_PRU.png 780w, https:\/\/mairie-montataire.fr\/app\/uploads\/2024\/08\/Logos_PRU.png 360w\" sizes=\"auto, (max-width: 480px) 150px\" src=\"https:\/\/mairie-montataire.fr\/app\/uploads\/2024\/08\/Logos_PRU-1024x193.png\" alt=\"\" class=\"uag-image-3151\" width=\"1024\" height=\"193\" title=\"Logos_PRU\" loading=\"lazy\" role=\"img\"\/><\/figure><\/div>\n\n\n\n<h3 class=\"wp-block-heading\">In einigen Zahlen<\/h3>\n\n\n\n<div class=\"wp-block-uagb-counter uagb-block-f6cea455 wp-block-uagb-counter--number\"><div class=\"wp-block-uagb-counter__number\"><span class=\"uagb-counter-block-number\" data-duration=\"1.001\" data-to-value=\"38\" data-from-value=\"0\" data-delimiter=\"\"><\/span><span class=\"uagb-counter-block-suffix\"> Millionen \u20ac<\/span><\/div><div class=\"wp-block-uagb-counter__title\"><strong>Projektkosten<\/strong><\/div><\/div>\n\n\n\n<div style=\"height:52px\" aria-hidden=\"true\" class=\"wp-block-spacer\"><\/div>\n\n\n\n<div class=\"wp-block-columns is-layout-flex wp-container-core-columns-is-layout-9d6595d7 wp-block-columns-is-layout-flex\">\n<div class=\"wp-block-column is-layout-flow wp-block-column-is-layout-flow\">\n<p class=\"has-text-align-center\" style=\"font-style:normal;font-weight:1000;letter-spacing:3px\"><strong>3 Millionen \u20ac<\/strong>&nbsp;<\/p>\n\n\n\n<p class=\"has-text-align-center\"><strong>von der Stadt investiert<\/strong><\/p>\n<\/div>\n\n\n\n<div class=\"wp-block-column is-layout-flow wp-block-column-is-layout-flow\">\n<p class=\"has-text-align-center\" style=\"font-style:normal;font-weight:1000;letter-spacing:3px\"><strong>500 000 m\u00b2<\/strong>&nbsp;<\/p>\n\n\n\n<p class=\"has-text-align-center\"><strong>gestalteter \u00f6ffentlicher Raum<\/strong><\/p>\n<\/div>\n\n\n\n<div class=\"wp-block-column is-layout-flow wp-block-column-is-layout-flow\">\n<p class=\"has-text-align-center\" style=\"font-style:normal;font-weight:1000;letter-spacing:3px\"><strong>50 000 \u20ac<\/strong>&nbsp;<\/p>\n\n\n\n<p class=\"has-text-align-center\"><strong>durchschnittliche Sanierungskosten \/ Geb\u00e4ude<\/strong><\/p>\n<\/div>\n<\/div>\n\n\n\n<div class=\"wp-block-columns is-layout-flex wp-container-core-columns-is-layout-9d6595d7 wp-block-columns-is-layout-flex\">\n<div class=\"wp-block-column is-layout-flow wp-block-column-is-layout-flow\">\n<p class=\"has-text-align-center\" style=\"font-style:normal;font-weight:1000;letter-spacing:3px;line-height:1.5\"><strong>397<\/strong><\/p>\n\n\n\n<p class=\"has-text-align-center\"><strong>sanierte Wohnungen<\/strong><\/p>\n<\/div>\n\n\n\n<div class=\"wp-block-column is-layout-flow wp-block-column-is-layout-flow\">\n<p class=\"has-text-align-center\" style=\"font-style:normal;font-weight:1000;letter-spacing:3px\"><strong>39<\/strong><\/p>\n\n\n\n<p class=\"has-text-align-center\"><strong>abgerissene Wohnungen<\/strong><\/p>\n<\/div>\n<\/div>\n\n\n\n<div style=\"height:52px\" aria-hidden=\"true\" class=\"wp-block-spacer\"><\/div>\n\n\n\n<h2 class=\"wp-block-heading\">Die Ambitionen des Projekts<\/h2>\n\n\n\t\t\t\t\t<div\n\t\t\t\t\t\tclass=\"wp-block-uagb-image-gallery uagb-block-bc90f304\"\n\t\t\t\t\t\tstyle=\"\"\n\t\t\t\t\t>\n\t\t\t\t\t\t\t\t\t\t\t<div class=\"spectra-image-gallery spectra-image-gallery__layout--masonry spectra-image-gallery__layout--masonry-col-1 spectra-image-gallery__layout--masonry-col-tab-1 spectra-image-gallery__layout--masonry-col-mob-1\">\n\t\t\t\t\t\t\t\t\t\t\t<div class='spectra-image-gallery__media-wrapper--isotope'>\n\t\t\t\t\t\t\t<div class='spectra-image-gallery__media-wrapper' data-spectra-gallery-image-id='3154' tabindex=\"0\">\n\t\t\t\t\t\t\t<div class=\"spectra-image-gallery__media spectra-image-gallery__media--masonry\">\n\t\t\t\t<picture>\n\t\t\t\t\t<source media=\"(min-width: 1024px)\" srcset=\"https:\/\/mairie-montataire.fr\/app\/uploads\/2024\/08\/plaquette_PRU.png\">\n\t\t\t\t\t<source media=\"(min-width: 768px)\" srcset=\"https:\/\/mairie-montataire.fr\/app\/uploads\/2024\/08\/plaquette_PRU-1024x708.png\">\n\t\t\t\t\t<img decoding=\"async\" class=\"spectra-image-gallery__media-thumbnail spectra-image-gallery__media-thumbnail--masonry\" src=\"https:\/\/mairie-montataire.fr\/app\/uploads\/2024\/08\/plaquette_PRU-300x207.png\" alt=\"\" loading=\"lazy\" \/>\n\t\t\t\t<\/picture>\n\t\t\t\t<div class=\"spectra-image-gallery__media-thumbnail-blurrer\"><\/div>\n\t\t\t\t\t\t\t\t\t\t\t<div class=\"spectra-image-gallery__media-thumbnail-caption-wrapper spectra-image-gallery__media-thumbnail-caption-wrapper--overlay\"><\/div>\n\t\t\t\t\t\t\t\t<\/div>\n\t\t\t\t\t\t<\/div>\n\t\t\t\t\t\t<\/div>\n\t\t\t\t\t\t\t\t\t\t<\/div>\n\t\t\t\t\t\t\t\t\t\t\t\t\t\t\t\t\t\t<\/div>\n\t\t\t\t\t\t\t\t\t\t\t<div class='spectra-image-gallery__control-lightbox' tabindex='0'>\n\t\t\t\t\t\t\t\t\t\t\t<div class=\"swiper spectra-image-gallery__control-lightbox--main\" dir=\"\">\n\t\t\t\t\t<div class=\"swiper-wrapper\">\n\t\t\t\t\t\t\t\t\t\t\t\t\t\n\t\t\t\t\t\t\t<div class=\"swiper-slide\">\n\t\t\t\t\t\t\t\t<img class=\"swiper-lazy\" data-src=\"https:\/\/mairie-montataire.fr\/app\/uploads\/2024\/08\/plaquette_PRU.png\" alt=\"\"\/>\n\t\t\t\t\t\t\t\t<div class=\"swiper-lazy-preloader swiper-lazy-preloader-white\"><\/div>\n\t\t\t\t\t\t\t\t\t\t\t\t\t\t\t<\/div>\n\t\t\t\t\t\t\t\t\t\t\t<\/div>\n\t\t\t\t\t<div class=\"swiper-button-next\"><\/div>\n\t\t\t\t\t<div class=\"swiper-button-prev\"><\/div>\n\t\t\t\t<\/div>\t\t\t\n\t\t\t\t\t\t\t\t\t\t\t\t\t\t\t\t\t\t\t\t\t\t\t\t\t\t\t\t\t\t\t\t<button class='spectra-image-gallery__control-lightbox--close' aria-label=\"Close\">\n\t\t\t\t\t\t\t\t\t\t\t\t\t<svg xmlns=\"https:\/\/www.w3.org\/2000\/svg\" viewbox= \"0 0 320 512\"><path d=\"M310.6 361.4c12.5 12.5 12.5 32.75 0 45.25C304.4 412.9 296.2 416 288 416s-16.38-3.125-22.62-9.375L160 301.3L54.63 406.6C48.38 412.9 40.19 416 32 416S15.63 412.9 9.375 406.6c-12.5-12.5-12.5-32.75 0-45.25l105.4-105.4L9.375 150.6c-12.5-12.5-12.5-32.75 0-45.25s32.75-12.5 45.25 0L160 210.8l105.4-105.4c12.5-12.5 32.75-12.5 45.25 0s12.5 32.75 0 45.25l-105.4 105.4L310.6 361.4z\"><\/path><\/svg>\n\t\t\t\t\t\t\t\t\t\t\t\t<\/button>\n\t\t\t\t\t\t\t\t\t\t\t\t\t<\/div>\n\t\t\t\t\t\t\t\t\t\n\n<div class=\"highlight\">\n                <div class=\"highlight__description\"><h3 style=\"text-align: center;\"><a href=\"https:\/\/geo.creilsudoise.fr\/adws\/app\/cc76e174-6f7e-11ef-ab99-6511aa92b9c8\/index.html\">Siehe Karte der Annehmlichkeiten<\/a><a href=\"https:\/\/geo.creilsudoise.fr\/adws\/app\/cc76e174-6f7e-11ef-ab99-6511aa92b9c8\/index.html\" target=\"_blank\" rel=\"noreferrer noopener\"> des Herzens der Mauersegler.<\/a><\/h3>\n<\/div>\n    <\/div>\n\n\n<div style=\"height:52px\" aria-hidden=\"true\" class=\"wp-block-spacer\"><\/div>\n\n\n\n<h2 class=\"wp-block-heading\">Die Einwohner im Projekt<\/h2>\n\n\n\n<p>Im Rahmen des Projet de Renouvellement Urbain des Martinets wurden im Sommer 2022 zwei Filme gedreht von <strong>Marine Schneider mit Einwohnern und Einwohnerinnen der Stadt<\/strong>. Die Filme wurden von der Gemeinde, der SAHLM und Oise Habitat initiiert.<\/p>\n\n\n\n<div class=\"wp-block-columns is-layout-flex wp-container-core-columns-is-layout-9d6595d7 wp-block-columns-is-layout-flex\">\n<div class=\"wp-block-column is-layout-flow wp-block-column-is-layout-flow\">\n<figure class=\"wp-block-embed is-type-video is-provider-youtube wp-block-embed-youtube wp-embed-aspect-16-9 wp-has-aspect-ratio\"><div class=\"wp-block-embed__wrapper\">\n<script>document.addEventListener('DOMContentLoaded', function() {(tarteaucitron.job = tarteaucitron.job || []).push('youtube');});<\/script><div class=\"youtube_player\" videoid=\"8CxLHTU3Pi8\" width=\"100%\" height=\"100%\" style=\"height:50vw\" theme=\"light\" rel=\"0\" controls=\"1\" showinfo=\"1\" autoplay=\"0\"><\/div>\n<\/div><\/figure>\n<\/div>\n\n\n\n<div class=\"wp-block-column is-layout-flow wp-block-column-is-layout-flow\">\n<figure class=\"wp-block-embed is-type-video is-provider-youtube wp-block-embed-youtube wp-embed-aspect-16-9 wp-has-aspect-ratio\"><div class=\"wp-block-embed__wrapper\">\n<script>document.addEventListener('DOMContentLoaded', function() {(tarteaucitron.job = tarteaucitron.job || []).push('youtube');});<\/script><div class=\"youtube_player\" videoid=\"yqkc6ZBieco\" width=\"100%\" height=\"100%\" style=\"height:50vw\" theme=\"light\" rel=\"0\" controls=\"1\" showinfo=\"1\" autoplay=\"0\"><\/div>\n<\/div><\/figure>\n<\/div>\n<\/div>\n\n\n\n<div class=\"wp-block-columns is-layout-flex wp-container-core-columns-is-layout-9d6595d7 wp-block-columns-is-layout-flex\">\n<div class=\"wp-block-column is-layout-flow wp-block-column-is-layout-flow\">\n<p class=\"has-text-align-center wp-embed-aspect-16-9 wp-has-aspect-ratio\">Ebenfalls im Rahmen des Projet de Renouv\u00e8lement Urbain des Martinets wurde im Sommer 2023 ein Film, der ein JT darstellt, mit den <strong>Bewohner des Viertels und Sch\u00fcler der \u00c9cole Sup\u00e9rieure de Journalisme in Lille<\/strong>.<\/p>\n\n\n\n<figure class=\"wp-block-embed is-type-video is-provider-youtube wp-block-embed-youtube wp-embed-aspect-16-9 wp-has-aspect-ratio\"><div class=\"wp-block-embed__wrapper\">\n<script>document.addEventListener('DOMContentLoaded', function() {(tarteaucitron.job = tarteaucitron.job || []).push('youtube');});<\/script><div class=\"youtube_player\" videoid=\"5TtKakQwYzk\" width=\"100%\" height=\"100%\" style=\"height:50vw\" theme=\"light\" rel=\"0\" controls=\"1\" showinfo=\"1\" autoplay=\"0\"><\/div>\n<\/div><\/figure>\n<\/div>\n\n\n\n<div class=\"wp-block-column is-layout-flow wp-block-column-is-layout-flow\">\n<p><strong>Am 7. Februar 2024<\/strong>In einer \u00f6ffentlichen Sitzung wurden die Ergebnisse der Workshops, die im Herbst 2023 stattfanden, ausgetauscht. Sie bot auch die Gelegenheit, die mit den Bewohnerinnen und Bewohnern geplanten Umgestaltungen vorzustellen.  Es war auch ein Moment, in dem die Anwesenden ihre Fragen stellen und sich \u00fcber die bevorstehenden Arbeiten austauschen konnten.&nbsp;<\/p>\n\n\n\n<p><strong>Am 9. Oktober 2024 wird eine 2<sup>e<\/sup>&nbsp;\u00f6ffentliche Versammlung<\/strong>&nbsp;hat stattgefunden. Sie bot die Gelegenheit, das endg\u00fcltige Projekt der Esplanade Fernand Tuil und die Gestaltung der Parkpl\u00e4tze in der Umgebung des Einkaufszentrums und des Eingangs der Jack-Decour-Schule vorzustellen, bevor die Bauarbeiten begannen. Au\u00dferdem bot sie die Gelegenheit, mit den Anwesenden zu diskutieren und Fragen zu beantworten.<\/p>\n<\/div>\n<\/div>\n\n\n\n<p>Im Rahmen des Stadterneuerungsprojekts (Projet de Renouvellement Urbain, PRU) von Martinets wurde ein wichtiger Schritt mit der <strong>Teilabriss der Geb\u00e4ude in der Avenue Anatole France 50 und 52<\/strong> in Montataire. Um diese Seite der Geschichte des Viertels festzuhalten, hat die Regisseurin <strong>Marine Schneider<\/strong> drehte im M\u00e4rz 2025 einen kurzen Dokumentarfilm.<\/p>\n\n\n\n<figure class=\"wp-block-embed aligncenter is-type-video is-provider-youtube wp-block-embed-youtube wp-embed-aspect-16-9 wp-has-aspect-ratio\"><div class=\"wp-block-embed__wrapper\">\n<script>document.addEventListener('DOMContentLoaded', function() {(tarteaucitron.job = tarteaucitron.job || []).push('youtube');});<\/script><div class=\"youtube_player\" videoid=\"PCGKQTZtvgw\" width=\"100%\" height=\"100%\" style=\"height:50vw\" theme=\"light\" rel=\"0\" controls=\"1\" showinfo=\"1\" autoplay=\"0\"><\/div>\n<\/div><\/figure>\n\n\n\n<h2 class=\"wp-block-heading\">Wie ist der Stand des Projekts?<\/h2>\n\n\n\t\t\t\t\t<div\n\t\t\t\t\t\tclass=\"wp-block-uagb-image-gallery uagb-block-2e0d9a7d\"\n\t\t\t\t\t\tstyle=\"\"\n\t\t\t\t\t>\n\t\t\t\t\t\t\t\t\t\t\t<div class=\"spectra-image-gallery spectra-image-gallery__layout--masonry spectra-image-gallery__layout--masonry-col-1 spectra-image-gallery__layout--masonry-col-tab-1 spectra-image-gallery__layout--masonry-col-mob-1\">\n\t\t\t\t\t\t\t\t\t\t\t<div class='spectra-image-gallery__media-wrapper--isotope'>\n\t\t\t\t\t\t\t<div class='spectra-image-gallery__media-wrapper' data-spectra-gallery-image-id='6954' tabindex=\"0\">\n\t\t\t\t\t\t\t<div class=\"spectra-image-gallery__media spectra-image-gallery__media--masonry\">\n\t\t\t\t<picture>\n\t\t\t\t\t<source media=\"(min-width: 1024px)\" srcset=\"https:\/\/mairie-montataire.fr\/app\/uploads\/2025\/09\/Calendrier-previsionnel-des-travaux-PRU-_-23092025-scaled.jpg\">\n\t\t\t\t\t<source media=\"(min-width: 768px)\" srcset=\"https:\/\/mairie-montataire.fr\/app\/uploads\/2025\/09\/Calendrier-previsionnel-des-travaux-PRU-_-23092025-860x1024.jpg\">\n\t\t\t\t\t<img decoding=\"async\" class=\"spectra-image-gallery__media-thumbnail spectra-image-gallery__media-thumbnail--masonry\" src=\"https:\/\/mairie-montataire.fr\/app\/uploads\/2025\/09\/Calendrier-previsionnel-des-travaux-PRU-_-23092025-252x300.jpg\" alt=\"\" loading=\"lazy\" \/>\n\t\t\t\t<\/picture>\n\t\t\t\t<div class=\"spectra-image-gallery__media-thumbnail-blurrer\"><\/div>\n\t\t\t\t\t\t\t\t\t\t\t<div class=\"spectra-image-gallery__media-thumbnail-caption-wrapper spectra-image-gallery__media-thumbnail-caption-wrapper--overlay\"><\/div>\n\t\t\t\t\t\t\t\t<\/div>\n\t\t\t\t\t\t<\/div>\n\t\t\t\t\t\t<\/div>\n\t\t\t\t\t\t\t\t\t\t<\/div>\n\t\t\t\t\t\t\t\t\t\t\t\t\t\t\t\t\t\t<\/div>\n\t\t\t\t\t\t\t\t\t\t\t<div class='spectra-image-gallery__control-lightbox' tabindex='0'>\n\t\t\t\t\t\t\t\t\t\t\t<div class=\"swiper spectra-image-gallery__control-lightbox--main\" dir=\"\">\n\t\t\t\t\t<div class=\"swiper-wrapper\">\n\t\t\t\t\t\t\t\t\t\t\t\t\t\n\t\t\t\t\t\t\t<div class=\"swiper-slide\">\n\t\t\t\t\t\t\t\t<img class=\"swiper-lazy\" data-src=\"https:\/\/mairie-montataire.fr\/app\/uploads\/2025\/09\/Calendrier-previsionnel-des-travaux-PRU-_-23092025-scaled.jpg\" alt=\"\"\/>\n\t\t\t\t\t\t\t\t<div class=\"swiper-lazy-preloader swiper-lazy-preloader-white\"><\/div>\n\t\t\t\t\t\t\t\t\t\t\t\t\t\t\t<\/div>\n\t\t\t\t\t\t\t\t\t\t\t<\/div>\n\t\t\t\t\t<div class=\"swiper-button-next\"><\/div>\n\t\t\t\t\t<div class=\"swiper-button-prev\"><\/div>\n\t\t\t\t<\/div>\t\t\t\n\t\t\t\t\t\t\t\t\t\t\t\t\t\t\t\t\t\t\t\t\t\t\t\t\t\t\t\t\t\t\t\t<button class='spectra-image-gallery__control-lightbox--close' aria-label=\"Close\">\n\t\t\t\t\t\t\t\t\t\t\t\t\t<svg xmlns=\"https:\/\/www.w3.org\/2000\/svg\" viewbox= \"0 0 320 512\"><path d=\"M310.6 361.4c12.5 12.5 12.5 32.75 0 45.25C304.4 412.9 296.2 416 288 416s-16.38-3.125-22.62-9.375L160 301.3L54.63 406.6C48.38 412.9 40.19 416 32 416S15.63 412.9 9.375 406.6c-12.5-12.5-12.5-32.75 0-45.25l105.4-105.4L9.375 150.6c-12.5-12.5-12.5-32.75 0-45.25s32.75-12.5 45.25 0L160 210.8l105.4-105.4c12.5-12.5 32.75-12.5 45.25 0s12.5 32.75 0 45.25l-105.4 105.4L310.6 361.4z\"><\/path><\/svg>\n\t\t\t\t\t\t\t\t\t\t\t\t<\/button>\n\t\t\t\t\t\t\t\t\t\t\t\t\t<\/div>","protected":false},"excerpt":{"rendered":"<p>Le NPNRU sur le quartier des Martinets Sur le quartier des Martinets, un nouveau projet de r\u00e9novation urbaine a \u00e9t\u00e9 initi\u00e9 par la Ville de Montataire et les bailleurs sociaux Oise Habitat et la SA HLM de l\u2019Oise.&nbsp; Ce projet est aussi construit avec les habitantes et les habitants du quartier, lors d\u2019ateliers de concertation. [&hellip;]<\/p>\n","protected":false},"author":2,"featured_media":0,"parent":74,"menu_order":64,"comment_status":"closed","ping_status":"closed","template":"","meta":{"_acf_changed":false,"_uag_custom_page_level_css":"","footnotes":""},"class_list":["post-6144","page","type-page","status-publish","hentry"],"acf":[],"uagb_featured_image_src":{"full":false,"thumbnail":false,"medium":false,"medium_large":false,"large":false,"1536x1536":false,"2048x2048":false,"trp-custom-language-flag":false,"gform-image-choice-sm":false,"gform-image-choice-md":false,"gform-image-choice-lg":false},"uagb_author_info":{"display_name":"Laure Pubert","author_link":"https:\/\/mairie-montataire.fr\/de\/actualites\/author\/l-pubert\/"},"uagb_comment_info":0,"uagb_excerpt":"Le NPNRU sur le quartier des Martinets Sur le quartier des Martinets, un nouveau projet de r\u00e9novation urbaine a \u00e9t\u00e9 initi\u00e9 par la Ville de Montataire et les bailleurs sociaux Oise Habitat et la SA HLM de l\u2019Oise.&nbsp; Ce projet est aussi construit avec les habitantes et les habitants du quartier, lors d\u2019ateliers de concertation.&hellip;","_links":{"self":[{"href":"https:\/\/mairie-montataire.fr\/de\/wp-json\/wp\/v2\/pages\/6144","targetHints":{"allow":["GET"]}}],"collection":[{"href":"https:\/\/mairie-montataire.fr\/de\/wp-json\/wp\/v2\/pages"}],"about":[{"href":"https:\/\/mairie-montataire.fr\/de\/wp-json\/wp\/v2\/types\/page"}],"author":[{"embeddable":true,"href":"https:\/\/mairie-montataire.fr\/de\/wp-json\/wp\/v2\/users\/2"}],"replies":[{"embeddable":true,"href":"https:\/\/mairie-montataire.fr\/de\/wp-json\/wp\/v2\/comments?post=6144"}],"version-history":[{"count":21,"href":"https:\/\/mairie-montataire.fr\/de\/wp-json\/wp\/v2\/pages\/6144\/revisions"}],"predecessor-version":[{"id":6957,"href":"https:\/\/mairie-montataire.fr\/de\/wp-json\/wp\/v2\/pages\/6144\/revisions\/6957"}],"up":[{"embeddable":true,"href":"https:\/\/mairie-montataire.fr\/de\/wp-json\/wp\/v2\/pages\/74"}],"wp:attachment":[{"href":"https:\/\/mairie-montataire.fr\/de\/wp-json\/wp\/v2\/media?parent=6144"}],"curies":[{"name":"wp","href":"https:\/\/api.w.org\/{rel}","templated":true}]}}