{"id":54,"date":"2024-05-03T09:13:05","date_gmt":"2024-05-03T09:13:05","guid":{"rendered":"https:\/\/montataire.local\/?page_id=54"},"modified":"2024-08-14T09:20:03","modified_gmt":"2024-08-14T09:20:03","slug":"vereine","status":"publish","type":"page","link":"https:\/\/mairie-montataire.fr\/de\/s-epanouir\/les-associations\/","title":{"rendered":"Die Vereine"},"content":{"rendered":"<p><strong>Die Vielzahl und Vielfalt unserer Vereine l\u00e4sst das Herz unserer Stadt h\u00f6her schlagen. Von Kultur \u00fcber Sport bis hin zu sozialen und umweltbezogenen Themen findet jeder seine Leidenschaft und tr\u00e4gt dazu bei, die Bande zu kn\u00fcpfen, die unsere Gemeinschaft ausmachen. So wird jeder B\u00fcrger zu einem vollwertigen Akteur des lokalen Lebens.<\/strong><strong>Um diese Dynamik zu erhalten, setzt die Stadtverwaltung Zusch\u00fcsse und Dienstleistungen ein und stellt R\u00e4ume, Material und einen Minibus zur Verf\u00fcgung. <\/strong><strong>Au\u00dferdem organisiert sie jedes Jahr Anfang September ein Fest der Vereine.<\/strong><\/p>\n\n\n\n<div style=\"height:44px\" aria-hidden=\"true\" class=\"wp-block-spacer\"><\/div>\n\n\n\n<div class=\"wp-block-uagb-buttons uagb-buttons__outer-wrap uagb-btn__default-btn uagb-btn-tablet__default-btn uagb-btn-mobile__default-btn uagb-block-880ff14b\"><div class=\"uagb-buttons__wrap uagb-buttons-layout-wrap\">\n<div class=\"wp-block-uagb-buttons-child uagb-buttons__outer-wrap uagb-block-892171ac wp-block-button\"><div class=\"uagb-button__wrapper\"><a class=\"uagb-buttons-repeater wp-block-button__link\" aria-label=\"\" href=\"https:\/\/mairie-montataire.fr\/de\/verzeichnisse\/?categorie=associations&amp;ordre=a-z\" rel=\"follow noopener\" target=\"_self\" role=\"button\"><div class=\"uagb-button__link\"><strong>Finden Sie alle Vereine im Verzeichnis<\/strong><\/div><span class=\"uagb-button__icon uagb-button__icon-position-after\"><svg xmlns=\"https:\/\/www.w3.org\/2000\/svg\" viewbox=\"0 0 448 512\" aria-hidden=\"true\" focussable=\"false\"><path d=\"M438.6 278.6l-160 160C272.4 444.9 264.2 448 256 448s-16.38-3.125-22.62-9.375c-12.5-12.5-12.5-32.75 0-45.25L338.8 288H32C14.33 288 .0016 273.7 .0016 256S14.33 224 32 224h306.8l-105.4-105.4c-12.5-12.5-12.5-32.75 0-45.25s32.75-12.5 45.25 0l160 160C451.1 245.9 451.1 266.1 438.6 278.6z\"><\/path><\/svg><\/span><\/a><\/div><\/div>\n<\/div><\/div>","protected":false},"excerpt":{"rendered":"<p>La multitude et la diversit\u00e9 de nos associations font battre le c\u0153ur de notre ville. De la culture au sport, en passant par le social et l&rsquo;environnement, chacun trouve sa passion et contribue \u00e0 tisser les liens qui font notre communaut\u00e9. Ainsi, chaque citoyen devient un acteur \u00e0 part enti\u00e8re de la vie locale.Pour pr\u00e9server [&hellip;]<\/p>\n","protected":false},"author":1,"featured_media":1397,"parent":34,"menu_order":49,"comment_status":"closed","ping_status":"closed","template":"","meta":{"_acf_changed":false,"_uag_custom_page_level_css":"","footnotes":""},"class_list":["post-54","page","type-page","status-publish","has-post-thumbnail","hentry"],"acf":[],"uagb_featured_image_src":{"full":["https:\/\/mairie-montataire.fr\/app\/uploads\/2024\/07\/2.4_fete_des_assos.jpg",500,333,false],"thumbnail":["https:\/\/mairie-montataire.fr\/app\/uploads\/2024\/07\/2.4_fete_des_assos-150x150.jpg",150,150,true],"medium":["https:\/\/mairie-montataire.fr\/app\/uploads\/2024\/07\/2.4_fete_des_assos-300x200.jpg",300,200,true],"medium_large":["https:\/\/mairie-montataire.fr\/app\/uploads\/2024\/07\/2.4_fete_des_assos.jpg",500,333,false],"large":["https:\/\/mairie-montataire.fr\/app\/uploads\/2024\/07\/2.4_fete_des_assos.jpg",500,333,false],"1536x1536":["https:\/\/mairie-montataire.fr\/app\/uploads\/2024\/07\/2.4_fete_des_assos.jpg",500,333,false],"2048x2048":["https:\/\/mairie-montataire.fr\/app\/uploads\/2024\/07\/2.4_fete_des_assos.jpg",500,333,false],"trp-custom-language-flag":["https:\/\/mairie-montataire.fr\/app\/uploads\/2024\/07\/2.4_fete_des_assos.jpg",18,12,false],"gform-image-choice-sm":["https:\/\/mairie-montataire.fr\/app\/uploads\/2024\/07\/2.4_fete_des_assos.jpg",300,200,false],"gform-image-choice-md":["https:\/\/mairie-montataire.fr\/app\/uploads\/2024\/07\/2.4_fete_des_assos.jpg",400,266,false],"gform-image-choice-lg":["https:\/\/mairie-montataire.fr\/app\/uploads\/2024\/07\/2.4_fete_des_assos.jpg",500,333,false]},"uagb_author_info":{"display_name":"mentalworks","author_link":"https:\/\/mairie-montataire.fr\/de\/actualites\/author\/mentalworks\/"},"uagb_comment_info":0,"uagb_excerpt":"La multitude et la diversit\u00e9 de nos associations font battre le c\u0153ur de notre ville. De la culture au sport, en passant par le social et l&rsquo;environnement, chacun trouve sa passion et contribue \u00e0 tisser les liens qui font notre communaut\u00e9. Ainsi, chaque citoyen devient un acteur \u00e0 part enti\u00e8re de la vie locale.Pour pr\u00e9server&hellip;","_links":{"self":[{"href":"https:\/\/mairie-montataire.fr\/de\/wp-json\/wp\/v2\/pages\/54","targetHints":{"allow":["GET"]}}],"collection":[{"href":"https:\/\/mairie-montataire.fr\/de\/wp-json\/wp\/v2\/pages"}],"about":[{"href":"https:\/\/mairie-montataire.fr\/de\/wp-json\/wp\/v2\/types\/page"}],"author":[{"embeddable":true,"href":"https:\/\/mairie-montataire.fr\/de\/wp-json\/wp\/v2\/users\/1"}],"replies":[{"embeddable":true,"href":"https:\/\/mairie-montataire.fr\/de\/wp-json\/wp\/v2\/comments?post=54"}],"version-history":[{"count":5,"href":"https:\/\/mairie-montataire.fr\/de\/wp-json\/wp\/v2\/pages\/54\/revisions"}],"predecessor-version":[{"id":3424,"href":"https:\/\/mairie-montataire.fr\/de\/wp-json\/wp\/v2\/pages\/54\/revisions\/3424"}],"up":[{"embeddable":true,"href":"https:\/\/mairie-montataire.fr\/de\/wp-json\/wp\/v2\/pages\/34"}],"wp:featuredmedia":[{"embeddable":true,"href":"https:\/\/mairie-montataire.fr\/de\/wp-json\/wp\/v2\/media\/1397"}],"wp:attachment":[{"href":"https:\/\/mairie-montataire.fr\/de\/wp-json\/wp\/v2\/media?parent=54"}],"curies":[{"name":"wp","href":"https:\/\/api.w.org\/{rel}","templated":true}]}}