{"id":40,"date":"2024-05-03T09:00:42","date_gmt":"2024-05-03T09:00:42","guid":{"rendered":"https:\/\/montataire.local\/?page_id=40"},"modified":"2024-08-21T08:24:07","modified_gmt":"2024-08-21T08:24:07","slug":"verzeichnisse","status":"publish","type":"page","link":"https:\/\/mairie-montataire.fr\/de\/annuaires\/","title":{"rendered":"Verzeichnisse"},"content":{"rendered":"\n<p><strong>Vous trouverez ici les informations sur les salles en location, la liste des associations, des infrastructures sportives, ainsi que les \u00e9coles, coll\u00e8ges, lyc\u00e9es et les services municipaux&#8230; Vous pouvez cibler votre recherche avec la cat\u00e9gorisation juste en dessous. <\/strong><\/p>\n\n\n<div class=\"directory-archive\">\n    <div class=\"post-title__container\">\n        <h1 class=\"wp-block-post-title\"><\/h1>\n    <\/div>\n            <form action=\"https:\/\/mairie-montataire.fr\/wp\/wp-admin\/admin-ajax.php\" method=\"POST\" class=\"directory-archive__filters\">\n    <input class=\"directory-archive__input\" type=\"hidden\" name=\"nonce\" value=\"c2e8a92ed9\"\/>\n    <input class=\"directory-archive__input\" type=\"hidden\" name=\"tab\" value=\"0\"\/>\n    <input class=\"directory-archive__input\" type=\"hidden\" name=\"action\" value=\"get_entity_directory\"\/>\n    <input class=\"directory-archive__input\" type=\"hidden\" name=\"current_term\" value=\"\"\/>\n    <fieldset>\n        <label for=\"categorie\">Cat\u00e9gorisation<\/label>\n        <select name=\"categorie\" id=\"categorie\">\n            <option value=\"\"selected>S\u00e9lectionnez<\/option>\n                            <option value=\"associations\">\n                                        Associations\n                <\/option>\n                            <option value=\"culture-et-loisirs\">\n                                            &nbsp;&nbsp;&nbsp;&nbsp;\n                                        Culture et loisirs\n                <\/option>\n                            <option value=\"environnement-et-nature\">\n                                            &nbsp;&nbsp;&nbsp;&nbsp;\n                                        Environnement et nature\n                <\/option>\n                            <option value=\"jeunesse-education-et-insertion\">\n                                            &nbsp;&nbsp;&nbsp;&nbsp;\n                                        Jeunesse, \u00e9ducation et insertion\n                <\/option>\n                            <option value=\"jumelage-et-international\">\n                                            &nbsp;&nbsp;&nbsp;&nbsp;\n                                        Jumelage et international\n                <\/option>\n                            <option value=\"memoire-et-patrimoine\">\n                                            &nbsp;&nbsp;&nbsp;&nbsp;\n                                        M\u00e9moire et patrimoine\n                <\/option>\n                            <option value=\"solidarite\">\n                                            &nbsp;&nbsp;&nbsp;&nbsp;\n                                        Solidarit\u00e9\n                <\/option>\n                            <option value=\"sport\">\n                                            &nbsp;&nbsp;&nbsp;&nbsp;\n                                        Sport\n                <\/option>\n                            <option value=\"vie-locale\">\n                                            &nbsp;&nbsp;&nbsp;&nbsp;\n                                        Vie locale\n                <\/option>\n                            <option value=\"location-de-salles\">\n                                        Location de salles\n                <\/option>\n                            <option value=\"structures-sportives\">\n                                        Structures sportives\n                <\/option>\n                            <option value=\"autres-infrastructures\">\n                                        Autres infrastructures\n                <\/option>\n                            <option value=\"enseignement\">\n                                        Enseignement\n                <\/option>\n                            <option value=\"ecoles\">\n                                            &nbsp;&nbsp;&nbsp;&nbsp;\n                                        \u00c9coles\n                <\/option>\n                            <option value=\"colleges-lycees\">\n                                            &nbsp;&nbsp;&nbsp;&nbsp;\n                                        Coll\u00e8ge &amp; Lyc\u00e9e\n                <\/option>\n                            <option value=\"services-municipaux\">\n                                        Services municipaux\n                <\/option>\n                            <option value=\"mairie\">\n                                            &nbsp;&nbsp;&nbsp;&nbsp;\n                                        Mairie\n                <\/option>\n                            <option value=\"dgs\">\n                                            &nbsp;&nbsp;&nbsp;&nbsp;\n                                        Direction g\u00e9n\u00e9rale des services\n                <\/option>\n                            <option value=\"dst\">\n                                            &nbsp;&nbsp;&nbsp;&nbsp;\n                                        Services techniques\n                <\/option>\n                            <option value=\"drh\">\n                                            &nbsp;&nbsp;&nbsp;&nbsp;\n                                        Ressources humaines\n                <\/option>\n                            <option value=\"dejss\">\n                                            &nbsp;&nbsp;&nbsp;&nbsp;\n                                        Enfance, jeunesse, sport et solidarit\u00e9\n                <\/option>\n                            <option value=\"dcsdt\">\n                                            &nbsp;&nbsp;&nbsp;&nbsp;\n                                        Coh\u00e9sion sociale et d\u00e9veloppement territorial\n                <\/option>\n                            <option value=\"sante\">\n                                        Sant\u00e9\n                <\/option>\n                            <option value=\"pharmacies\">\n                                            &nbsp;&nbsp;&nbsp;&nbsp;\n                                        Pharmacies\n                <\/option>\n                            <option value=\"structures-sante\">\n                                            &nbsp;&nbsp;&nbsp;&nbsp;\n                                        Structures\n                <\/option>\n                            <option value=\"medecins-generalistes\">\n                                            &nbsp;&nbsp;&nbsp;&nbsp;\n                                        M\u00e9decins g\u00e9n\u00e9ralistes\n                <\/option>\n                            <option value=\"dentiste\">\n                                            &nbsp;&nbsp;&nbsp;&nbsp;\n                                        Dentistes\n                <\/option>\n                            <option value=\"infirmier-ere-s\">\n                                            &nbsp;&nbsp;&nbsp;&nbsp;\n                                        Infirmier\u00b7\u00e8re\u00b7s\n                <\/option>\n                            <option value=\"autres-professions-de-sante\">\n                                            &nbsp;&nbsp;&nbsp;&nbsp;\n                                        Autres professions de sant\u00e9\n                <\/option>\n                    <\/select>\n        <svg width=\"24\" height=\"24\" viewBox=\"0 0 24 24\" fill=\"none\" xmlns=\"http:\/\/www.w3.org\/2000\/svg\">\n<path d=\"M6 9L12 15L18 9\" stroke=\"black\" stroke-width=\"2\" stroke-linecap=\"round\" stroke-linejoin=\"round\"\/>\n<\/svg>\n    <\/fieldset>\n    <fieldset>\n        <label for=\"ordre\">Trier<\/label>\n        <select name=\"ordre\" id=\"ordre\">\n            <option value=\"a-z\">A \u00e0 Z<\/option>\n            <option value=\"z-a\">Z \u00e0 A<\/option>\n        <\/select>\n        <svg width=\"24\" height=\"24\" viewBox=\"0 0 24 24\" fill=\"none\" xmlns=\"http:\/\/www.w3.org\/2000\/svg\">\n<path d=\"M6 9L12 15L18 9\" stroke=\"black\" stroke-width=\"2\" stroke-linecap=\"round\" stroke-linejoin=\"round\"\/>\n<\/svg>\n\n    <\/fieldset>\n\n<\/form>        <div class=\"directory-archive__tabs\">\n    <div class=\"directory-archive__tablist\" role=\"tablist\">\n        <button id=\"directory-archive__tab--list\" type=\"button\" class=\"directory-archive__tab\" role=\"tab\"\n                aria-selected=\"true\" aria-controls=\"directory-archive__panel--list\">\n            <span>Liste<\/span>\n        <\/button>\n        <button id=\"directory-archive__tab--map\" type=\"button\" class=\"directory-archive__tab\" role=\"tab\"\n                aria-selected=\"false\" aria-controls=\"directory-archive__panel--map\" tabindex=\"-1\">\n            <span>Plan<\/span>\n        <\/button>\n    <\/div>\n    <div class=\"directory-archive__tabpanel-result\">\n        <div role=\"tabpanel\" class=\"directory-archive__tabpanel\" id=\"directory-archive__panel--list\" aria-labelledby=\"directory-archive__tab--list\">\n    <div class=\"directory-archive__list\">\n            <ul class=\"directory-archive__list-list\">\n                            <li class=\"directory-archive__list-item\">\n                    <div class=\"directory-archive__card\">\n    <a href=\"https:\/\/mairie-montataire.fr\/de\/annuaires\/services-municipaux\/dejss\/accueil-de-loisirs\/\" class=\"directory-archive__card-link\">\n        <figure class=\"directory-archive__card-thumbnail-container\">\n                                                    <img loading=\"lazy\" decoding=\"async\" class=\"directory-archive__card-thumbnail\" src=\"https:\/\/mairie-montataire.fr\/app\/uploads\/2024\/08\/Logo_Ville.jpg\" srcset=\"https:\/\/mairie-montataire.fr\/app\/uploads\/2024\/08\/Logo_Ville.jpg 270w, https:\/\/mairie-montataire.fr\/app\/uploads\/2024\/08\/Logo_Ville-14x12.jpg 14w\"\n                 sizes=\"auto, (max-width: 270px) 100vw, 270px\" alt=\"\" width=\"270\"\n                 height=\"230\"\/>\n        <\/figure>\n        <div class=\"directory-archive__card-content\">\n            <h3 class=\"directory-archive__card-title\">Accueil de loisirs (ALSH)<\/h3>\n            <p class=\"directory-archive__card-excerpt\"><\/p>\n        <\/div>\n    <\/a>\n<\/div>                <\/li>\n                            <li class=\"directory-archive__list-item\">\n                    <div class=\"directory-archive__card\">\n    <a href=\"https:\/\/mairie-montataire.fr\/de\/annuaires\/services-municipaux\/dejss\/accueil-enfance\/\" class=\"directory-archive__card-link\">\n        <figure class=\"directory-archive__card-thumbnail-container\">\n                                                    <img loading=\"lazy\" decoding=\"async\" class=\"directory-archive__card-thumbnail\" src=\"https:\/\/mairie-montataire.fr\/app\/uploads\/2024\/08\/Logo_Ville.jpg\" srcset=\"https:\/\/mairie-montataire.fr\/app\/uploads\/2024\/08\/Logo_Ville.jpg 270w, https:\/\/mairie-montataire.fr\/app\/uploads\/2024\/08\/Logo_Ville-14x12.jpg 14w\"\n                 sizes=\"auto, (max-width: 270px) 100vw, 270px\" alt=\"\" width=\"270\"\n                 height=\"230\"\/>\n        <\/figure>\n        <div class=\"directory-archive__card-content\">\n            <h3 class=\"directory-archive__card-title\">Accueil enfance<\/h3>\n            <p class=\"directory-archive__card-excerpt\"><\/p>\n        <\/div>\n    <\/a>\n<\/div>                <\/li>\n                            <li class=\"directory-archive__list-item\">\n                    <div class=\"directory-archive__card\">\n    <a href=\"https:\/\/mairie-montataire.fr\/de\/annuaires\/associations\/jumelage-et-international\/agence-internationale-pour-le-developpement-economique-et-social-aides\/\" class=\"directory-archive__card-link\">\n        <figure class=\"directory-archive__card-thumbnail-container\">\n                                                    <img loading=\"lazy\" decoding=\"async\" class=\"directory-archive__card-thumbnail\" src=\"https:\/\/mairie-montataire.fr\/app\/uploads\/2024\/08\/Logo_AIDES.jpg\" srcset=\"\"\n                 sizes=\"auto, (max-width: 270px) 100vw, 270px\" alt=\"\" width=\"270\"\n                 height=\"230\"\/>\n        <\/figure>\n        <div class=\"directory-archive__card-content\">\n            <h3 class=\"directory-archive__card-title\">Agence Internationale pour le D\u00e9veloppement \u00c9conomique et Social (AIDES)<\/h3>\n            <p class=\"directory-archive__card-excerpt\"><\/p>\n        <\/div>\n    <\/a>\n<\/div>                <\/li>\n                            <li class=\"directory-archive__list-item\">\n                    <div class=\"directory-archive__card\">\n    <a href=\"https:\/\/mairie-montataire.fr\/de\/annuaires\/associations\/solidarite\/amour-denfants-picardie\/\" class=\"directory-archive__card-link\">\n        <figure class=\"directory-archive__card-thumbnail-container\">\n                                                    <img loading=\"lazy\" decoding=\"async\" class=\"directory-archive__card-thumbnail\" src=\"https:\/\/mairie-montataire.fr\/app\/uploads\/2024\/08\/Logo_AmourdEnfantsPicardie.jpg\" srcset=\"\"\n                 sizes=\"auto, (max-width: 270px) 100vw, 270px\" alt=\"\" width=\"270\"\n                 height=\"230\"\/>\n        <\/figure>\n        <div class=\"directory-archive__card-content\">\n            <h3 class=\"directory-archive__card-title\">Amour d&rsquo;enfants Picardie<\/h3>\n            <p class=\"directory-archive__card-excerpt\"><\/p>\n        <\/div>\n    <\/a>\n<\/div>                <\/li>\n                            <li class=\"directory-archive__list-item\">\n                    <div class=\"directory-archive__card\">\n    <a href=\"https:\/\/mairie-montataire.fr\/de\/annuaires\/associations\/sport\/aquatic-club-intercommunal-de-montataire-acim\/\" class=\"directory-archive__card-link\">\n        <figure class=\"directory-archive__card-thumbnail-container\">\n                                                    <img loading=\"lazy\" decoding=\"async\" class=\"directory-archive__card-thumbnail\" src=\"https:\/\/mairie-montataire.fr\/app\/uploads\/2024\/08\/Logo_ACIM.jpg\" srcset=\"\"\n                 sizes=\"auto, (max-width: 270px) 100vw, 270px\" alt=\"\" width=\"270\"\n                 height=\"230\"\/>\n        <\/figure>\n        <div class=\"directory-archive__card-content\">\n            <h3 class=\"directory-archive__card-title\">Aquatic Club Intercommunal de Montataire (ACIM)<\/h3>\n            <p class=\"directory-archive__card-excerpt\"><\/p>\n        <\/div>\n    <\/a>\n<\/div>                <\/li>\n                            <li class=\"directory-archive__list-item\">\n                    <div class=\"directory-archive__card\">\n    <a href=\"https:\/\/mairie-montataire.fr\/de\/annuaires\/services-municipaux\/dcsdt\/archives\/\" class=\"directory-archive__card-link\">\n        <figure class=\"directory-archive__card-thumbnail-container\">\n                                                    <img loading=\"lazy\" decoding=\"async\" class=\"directory-archive__card-thumbnail\" src=\"https:\/\/mairie-montataire.fr\/app\/uploads\/2024\/08\/Logo_Ville.jpg\" srcset=\"https:\/\/mairie-montataire.fr\/app\/uploads\/2024\/08\/Logo_Ville.jpg 270w, https:\/\/mairie-montataire.fr\/app\/uploads\/2024\/08\/Logo_Ville-14x12.jpg 14w\"\n                 sizes=\"auto, (max-width: 270px) 100vw, 270px\" alt=\"\" width=\"270\"\n                 height=\"230\"\/>\n        <\/figure>\n        <div class=\"directory-archive__card-content\">\n            <h3 class=\"directory-archive__card-title\">Archives<\/h3>\n            <p class=\"directory-archive__card-excerpt\"><\/p>\n        <\/div>\n    <\/a>\n<\/div>                <\/li>\n                            <li class=\"directory-archive__list-item\">\n                    <div class=\"directory-archive__card\">\n    <a href=\"https:\/\/mairie-montataire.fr\/de\/annuaires\/associations\/jeunesse-education-et-insertion\/association-battants-service-solidarite\/\" class=\"directory-archive__card-link\">\n        <figure class=\"directory-archive__card-thumbnail-container\">\n                                                    <img loading=\"lazy\" decoding=\"async\" class=\"directory-archive__card-thumbnail\" src=\"https:\/\/mairie-montataire.fr\/app\/uploads\/2024\/05\/default_thumbnail-montataire.png\" srcset=\"https:\/\/mairie-montataire.fr\/app\/uploads\/2024\/05\/default_thumbnail-montataire.png 466w, https:\/\/mairie-montataire.fr\/app\/uploads\/2024\/05\/default_thumbnail-montataire-300x215.png 300w\"\n                 sizes=\"auto, (max-width: 466px) 100vw, 466px\" alt=\"\" width=\"466\"\n                 height=\"334\"\/>\n        <\/figure>\n        <div class=\"directory-archive__card-content\">\n            <h3 class=\"directory-archive__card-title\">Association Battants Service Solidarit\u00e9<\/h3>\n            <p class=\"directory-archive__card-excerpt\"><\/p>\n        <\/div>\n    <\/a>\n<\/div>                <\/li>\n                            <li class=\"directory-archive__list-item\">\n                    <div class=\"directory-archive__card\">\n    <a href=\"https:\/\/mairie-montataire.fr\/de\/annuaires\/associations\/sport\/association-de-danse-de-montataire-adm\/\" class=\"directory-archive__card-link\">\n        <figure class=\"directory-archive__card-thumbnail-container\">\n                                                    <img loading=\"lazy\" decoding=\"async\" class=\"directory-archive__card-thumbnail\" src=\"https:\/\/mairie-montataire.fr\/app\/uploads\/2024\/08\/Logo_ADM.jpg\" srcset=\"\"\n                 sizes=\"auto, (max-width: 270px) 100vw, 270px\" alt=\"\" width=\"270\"\n                 height=\"230\"\/>\n        <\/figure>\n        <div class=\"directory-archive__card-content\">\n            <h3 class=\"directory-archive__card-title\">Association de Danse de Montataire (ADM)<\/h3>\n            <p class=\"directory-archive__card-excerpt\"><\/p>\n        <\/div>\n    <\/a>\n<\/div>                <\/li>\n                            <li class=\"directory-archive__list-item\">\n                    <div class=\"directory-archive__card\">\n    <a href=\"https:\/\/mairie-montataire.fr\/de\/annuaires\/associations\/solidarite\/association-de-defense-des-victimes-de-lamiante-de-a-siderurgie-usine-de-montataire-advasum\/\" class=\"directory-archive__card-link\">\n        <figure class=\"directory-archive__card-thumbnail-container\">\n                                                    <img loading=\"lazy\" decoding=\"async\" class=\"directory-archive__card-thumbnail\" src=\"https:\/\/mairie-montataire.fr\/app\/uploads\/2024\/08\/Logo_ADVASUM.jpg\" srcset=\"\"\n                 sizes=\"auto, (max-width: 270px) 100vw, 270px\" alt=\"\" width=\"270\"\n                 height=\"230\"\/>\n        <\/figure>\n        <div class=\"directory-archive__card-content\">\n            <h3 class=\"directory-archive__card-title\">Association de D\u00e9fense des Victimes de l&rsquo;Amiante de a Sid\u00e9rurgie Usine de Montataire (ADVASUM)<\/h3>\n            <p class=\"directory-archive__card-excerpt\"><\/p>\n        <\/div>\n    <\/a>\n<\/div>                <\/li>\n                            <li class=\"directory-archive__list-item\">\n                    <div class=\"directory-archive__card\">\n    <a href=\"https:\/\/mairie-montataire.fr\/de\/annuaires\/associations\/solidarite\/association-des-donneurs-de-sang-benevoles-de-creil-et-ses-environs\/\" class=\"directory-archive__card-link\">\n        <figure class=\"directory-archive__card-thumbnail-container\">\n                                                    <img loading=\"lazy\" decoding=\"async\" class=\"directory-archive__card-thumbnail\" src=\"https:\/\/mairie-montataire.fr\/app\/uploads\/2024\/08\/Logo_FFDSB.jpg\" srcset=\"\"\n                 sizes=\"auto, (max-width: 270px) 100vw, 270px\" alt=\"\" width=\"270\"\n                 height=\"230\"\/>\n        <\/figure>\n        <div class=\"directory-archive__card-content\">\n            <h3 class=\"directory-archive__card-title\">Association des donneurs de sang b\u00e9n\u00e9voles de Creil et ses environs<\/h3>\n            <p class=\"directory-archive__card-excerpt\"><\/p>\n        <\/div>\n    <\/a>\n<\/div>                <\/li>\n                            <li class=\"directory-archive__list-item\">\n                    <div class=\"directory-archive__card\">\n    <a href=\"https:\/\/mairie-montataire.fr\/de\/annuaires\/associations\/vie-locale\/association-des-habitants-des-fonds-de-montataire-et-de-nogent-sur-oise-ahfmn\/\" class=\"directory-archive__card-link\">\n        <figure class=\"directory-archive__card-thumbnail-container\">\n                                                    <img loading=\"lazy\" decoding=\"async\" class=\"directory-archive__card-thumbnail\" src=\"https:\/\/mairie-montataire.fr\/app\/uploads\/2024\/08\/Logo_AHFMN.jpg\" srcset=\"\"\n                 sizes=\"auto, (max-width: 270px) 100vw, 270px\" alt=\"\" width=\"270\"\n                 height=\"230\"\/>\n        <\/figure>\n        <div class=\"directory-archive__card-content\">\n            <h3 class=\"directory-archive__card-title\">Association des Habitants des Fonds de Montataire et de Nogent-sur-Oise (AHFMN)<\/h3>\n            <p class=\"directory-archive__card-excerpt\"><\/p>\n        <\/div>\n    <\/a>\n<\/div>                <\/li>\n                            <li class=\"directory-archive__list-item\">\n                    <div class=\"directory-archive__card\">\n    <a href=\"https:\/\/mairie-montataire.fr\/de\/annuaires\/associations\/culture-et-loisirs\/association-municipale-denseignement-et-deducation-musicale-de-danse-et-darts-plastiques-amem\/\" class=\"directory-archive__card-link\">\n        <figure class=\"directory-archive__card-thumbnail-container\">\n                                                    <img loading=\"lazy\" decoding=\"async\" class=\"directory-archive__card-thumbnail\" src=\"https:\/\/mairie-montataire.fr\/app\/uploads\/2024\/08\/Logo_AMEM.jpg\" srcset=\"\"\n                 sizes=\"auto, (max-width: 270px) 100vw, 270px\" alt=\"\" width=\"270\"\n                 height=\"230\"\/>\n        <\/figure>\n        <div class=\"directory-archive__card-content\">\n            <h3 class=\"directory-archive__card-title\">Association Municipale d&rsquo;Enseignement et d&rsquo;\u00e9ducation Musicale, de danse et d&rsquo;arts plastiques (AMEM)<\/h3>\n            <p class=\"directory-archive__card-excerpt\"><\/p>\n        <\/div>\n    <\/a>\n<\/div>                <\/li>\n                            <li class=\"directory-archive__list-item\">\n                    <div class=\"directory-archive__card\">\n    <a href=\"https:\/\/mairie-montataire.fr\/de\/annuaires\/associations\/memoire-et-patrimoine\/association-nationale-des-anciens-combattants-et-amis-de-la-resistance-anacr-comite-sud-et-ouest-de-loise\/\" class=\"directory-archive__card-link\">\n        <figure class=\"directory-archive__card-thumbnail-container\">\n                                                    <img loading=\"lazy\" decoding=\"async\" class=\"directory-archive__card-thumbnail\" src=\"https:\/\/mairie-montataire.fr\/app\/uploads\/2024\/08\/Logo_ANACR.jpg\" srcset=\"\"\n                 sizes=\"auto, (max-width: 270px) 100vw, 270px\" alt=\"\" width=\"270\"\n                 height=\"230\"\/>\n        <\/figure>\n        <div class=\"directory-archive__card-content\">\n            <h3 class=\"directory-archive__card-title\">Association Nationale des Anciens Combattants et Amis de la R\u00e9sistance (ANACR) &#8211; Comit\u00e9 Sud et Ouest de l&rsquo;Oise<\/h3>\n            <p class=\"directory-archive__card-excerpt\"><\/p>\n        <\/div>\n    <\/a>\n<\/div>                <\/li>\n                            <li class=\"directory-archive__list-item\">\n                    <div class=\"directory-archive__card\">\n    <a href=\"https:\/\/mairie-montataire.fr\/de\/annuaires\/associations\/memoire-et-patrimoine\/association-pour-la-memoire-ouvriere-et-industrielle-du-bassin-creillois-amoi\/\" class=\"directory-archive__card-link\">\n        <figure class=\"directory-archive__card-thumbnail-container\">\n                                                    <img loading=\"lazy\" decoding=\"async\" class=\"directory-archive__card-thumbnail\" src=\"https:\/\/mairie-montataire.fr\/app\/uploads\/2024\/08\/Logo_AMOI_noir.jpg\" srcset=\"\"\n                 sizes=\"auto, (max-width: 270px) 100vw, 270px\" alt=\"\" width=\"270\"\n                 height=\"230\"\/>\n        <\/figure>\n        <div class=\"directory-archive__card-content\">\n            <h3 class=\"directory-archive__card-title\">Association pour la M\u00e9moire Ouvri\u00e8re et Industrielle du bassin creillois (AMOI)<\/h3>\n            <p class=\"directory-archive__card-excerpt\"><\/p>\n        <\/div>\n    <\/a>\n<\/div>                <\/li>\n                            <li class=\"directory-archive__list-item\">\n                    <div class=\"directory-archive__card\">\n    <a href=\"https:\/\/mairie-montataire.fr\/de\/annuaires\/associations\/memoire-et-patrimoine\/association-republicaine-des-anciens-combattants-arac\/\" class=\"directory-archive__card-link\">\n        <figure class=\"directory-archive__card-thumbnail-container\">\n                                                    <img loading=\"lazy\" decoding=\"async\" class=\"directory-archive__card-thumbnail\" src=\"https:\/\/mairie-montataire.fr\/app\/uploads\/2024\/08\/Logo_ARAC.jpg\" srcset=\"\"\n                 sizes=\"auto, (max-width: 270px) 100vw, 270px\" alt=\"\" width=\"270\"\n                 height=\"230\"\/>\n        <\/figure>\n        <div class=\"directory-archive__card-content\">\n            <h3 class=\"directory-archive__card-title\">Association R\u00e9publicaine des Anciens Combattants (ARAC)<\/h3>\n            <p class=\"directory-archive__card-excerpt\"><\/p>\n        <\/div>\n    <\/a>\n<\/div>                <\/li>\n                            <li class=\"directory-archive__list-item\">\n                    <div class=\"directory-archive__card\">\n    <a href=\"https:\/\/mairie-montataire.fr\/de\/annuaires\/associations\/solidarite\/association-republique-democratique-du-congo-solidarite-de-france\/\" class=\"directory-archive__card-link\">\n        <figure class=\"directory-archive__card-thumbnail-container\">\n                                                    <img loading=\"lazy\" decoding=\"async\" class=\"directory-archive__card-thumbnail\" src=\"https:\/\/mairie-montataire.fr\/app\/uploads\/2024\/05\/default_thumbnail-montataire.png\" srcset=\"https:\/\/mairie-montataire.fr\/app\/uploads\/2024\/05\/default_thumbnail-montataire.png 466w, https:\/\/mairie-montataire.fr\/app\/uploads\/2024\/05\/default_thumbnail-montataire-300x215.png 300w\"\n                 sizes=\"auto, (max-width: 466px) 100vw, 466px\" alt=\"\" width=\"466\"\n                 height=\"334\"\/>\n        <\/figure>\n        <div class=\"directory-archive__card-content\">\n            <h3 class=\"directory-archive__card-title\">Association r\u00e9publique d\u00e9mocratique du Congo Solidarit\u00e9 de France<\/h3>\n            <p class=\"directory-archive__card-excerpt\"><\/p>\n        <\/div>\n    <\/a>\n<\/div>                <\/li>\n                            <li class=\"directory-archive__list-item\">\n                    <div class=\"directory-archive__card\">\n    <a href=\"https:\/\/mairie-montataire.fr\/de\/annuaires\/associations\/environnement-et-nature\/baika-chats\/\" class=\"directory-archive__card-link\">\n        <figure class=\"directory-archive__card-thumbnail-container\">\n                                                    <img loading=\"lazy\" decoding=\"async\" class=\"directory-archive__card-thumbnail\" src=\"https:\/\/mairie-montataire.fr\/app\/uploads\/2024\/08\/Logo_BaikaChats.jpg\" srcset=\"\"\n                 sizes=\"auto, (max-width: 270px) 100vw, 270px\" alt=\"\" width=\"270\"\n                 height=\"230\"\/>\n        <\/figure>\n        <div class=\"directory-archive__card-content\">\n            <h3 class=\"directory-archive__card-title\">Ba\u00efka chats<\/h3>\n            <p class=\"directory-archive__card-excerpt\"><\/p>\n        <\/div>\n    <\/a>\n<\/div>                <\/li>\n                            <li class=\"directory-archive__list-item\">\n                    <div class=\"directory-archive__card\">\n    <a href=\"https:\/\/mairie-montataire.fr\/de\/annuaires\/associations\/jumelage-et-international\/balalaika-association-france-russie\/\" class=\"directory-archive__card-link\">\n        <figure class=\"directory-archive__card-thumbnail-container\">\n                                                    <img loading=\"lazy\" decoding=\"async\" class=\"directory-archive__card-thumbnail\" src=\"https:\/\/mairie-montataire.fr\/app\/uploads\/2024\/05\/default_thumbnail-montataire.png\" srcset=\"https:\/\/mairie-montataire.fr\/app\/uploads\/2024\/05\/default_thumbnail-montataire.png 466w, https:\/\/mairie-montataire.fr\/app\/uploads\/2024\/05\/default_thumbnail-montataire-300x215.png 300w\"\n                 sizes=\"auto, (max-width: 466px) 100vw, 466px\" alt=\"\" width=\"466\"\n                 height=\"334\"\/>\n        <\/figure>\n        <div class=\"directory-archive__card-content\">\n            <h3 class=\"directory-archive__card-title\">Balala\u00efka &#8211; Association France-Russie<\/h3>\n            <p class=\"directory-archive__card-excerpt\"><\/p>\n        <\/div>\n    <\/a>\n<\/div>                <\/li>\n                            <li class=\"directory-archive__list-item\">\n                    <div class=\"directory-archive__card\">\n    <a href=\"https:\/\/mairie-montataire.fr\/de\/annuaires\/autres-infrastructures\/base-de-loisirs-intercommunale-saint-leu-desserent\/\" class=\"directory-archive__card-link\">\n        <figure class=\"directory-archive__card-thumbnail-container\">\n                                                    <img loading=\"lazy\" decoding=\"async\" class=\"directory-archive__card-thumbnail\" src=\"https:\/\/mairie-montataire.fr\/app\/uploads\/2024\/07\/LOGO-base-st-leu-HD-1-1024x772.jpg\" srcset=\"https:\/\/mairie-montataire.fr\/app\/uploads\/2024\/07\/LOGO-base-st-leu-HD-1-1024x772.jpg 1024w, https:\/\/mairie-montataire.fr\/app\/uploads\/2024\/07\/LOGO-base-st-leu-HD-1-300x226.jpg 300w, https:\/\/mairie-montataire.fr\/app\/uploads\/2024\/07\/LOGO-base-st-leu-HD-1-768x579.jpg 768w, https:\/\/mairie-montataire.fr\/app\/uploads\/2024\/07\/LOGO-base-st-leu-HD-1-1536x1158.jpg 1536w, https:\/\/mairie-montataire.fr\/app\/uploads\/2024\/07\/LOGO-base-st-leu-HD-1-2048x1544.jpg 2048w, https:\/\/mairie-montataire.fr\/app\/uploads\/2024\/07\/LOGO-base-st-leu-HD-1-16x12.jpg 16w\"\n                 sizes=\"auto, (max-width: 1024px) 100vw, 1024px\" alt=\"\" width=\"2560\"\n                 height=\"1931\"\/>\n        <\/figure>\n        <div class=\"directory-archive__card-content\">\n            <h3 class=\"directory-archive__card-title\">Base de loisirs intercommunale Saint-Leu-d\u2019Esserent<\/h3>\n            <p class=\"directory-archive__card-excerpt\"><\/p>\n        <\/div>\n    <\/a>\n<\/div>                <\/li>\n                            <li class=\"directory-archive__list-item\">\n                    <div class=\"directory-archive__card\">\n    <a href=\"https:\/\/mairie-montataire.fr\/de\/annuaires\/associations\/sport\/billard-club-de-montataire\/\" class=\"directory-archive__card-link\">\n        <figure class=\"directory-archive__card-thumbnail-container\">\n                                                    <img loading=\"lazy\" decoding=\"async\" class=\"directory-archive__card-thumbnail\" src=\"https:\/\/mairie-montataire.fr\/app\/uploads\/2024\/08\/Logo_BillardClubMontataire.jpg\" srcset=\"\"\n                 sizes=\"auto, (max-width: 270px) 100vw, 270px\" alt=\"\" width=\"270\"\n                 height=\"230\"\/>\n        <\/figure>\n        <div class=\"directory-archive__card-content\">\n            <h3 class=\"directory-archive__card-title\">Billard Club de Montataire<\/h3>\n            <p class=\"directory-archive__card-excerpt\"><\/p>\n        <\/div>\n    <\/a>\n<\/div>                <\/li>\n                            <li class=\"directory-archive__list-item\">\n                    <div class=\"directory-archive__card\">\n    <a href=\"https:\/\/mairie-montataire.fr\/de\/annuaires\/sante\/structures-sante\/biomag-laboratoire-analyses-medicales\/\" class=\"directory-archive__card-link\">\n        <figure class=\"directory-archive__card-thumbnail-container\">\n                                                    <img loading=\"lazy\" decoding=\"async\" class=\"directory-archive__card-thumbnail\" src=\"https:\/\/mairie-montataire.fr\/app\/uploads\/2024\/07\/Biogroup.jpg\" srcset=\"https:\/\/mairie-montataire.fr\/app\/uploads\/2024\/07\/Biogroup.jpg 270w, https:\/\/mairie-montataire.fr\/app\/uploads\/2024\/07\/Biogroup-14x12.jpg 14w\"\n                 sizes=\"auto, (max-width: 270px) 100vw, 270px\" alt=\"\" width=\"270\"\n                 height=\"230\"\/>\n        <\/figure>\n        <div class=\"directory-archive__card-content\">\n            <h3 class=\"directory-archive__card-title\">Biogroup &#8211; Laboratoire analyses m\u00e9dicales<\/h3>\n            <p class=\"directory-archive__card-excerpt\"><\/p>\n        <\/div>\n    <\/a>\n<\/div>                <\/li>\n                            <li class=\"directory-archive__list-item\">\n                    <div class=\"directory-archive__card\">\n    <a href=\"https:\/\/mairie-montataire.fr\/de\/annuaires\/associations\/sport\/boxing-club-de-lagglomeration-creilloise\/\" class=\"directory-archive__card-link\">\n        <figure class=\"directory-archive__card-thumbnail-container\">\n                                                    <img loading=\"lazy\" decoding=\"async\" class=\"directory-archive__card-thumbnail\" src=\"https:\/\/mairie-montataire.fr\/app\/uploads\/2024\/07\/AnnuaireAssoSport_BCAC.jpg\" srcset=\"https:\/\/mairie-montataire.fr\/app\/uploads\/2024\/07\/AnnuaireAssoSport_BCAC.jpg 270w, https:\/\/mairie-montataire.fr\/app\/uploads\/2024\/07\/AnnuaireAssoSport_BCAC-14x12.jpg 14w\"\n                 sizes=\"auto, (max-width: 270px) 100vw, 270px\" alt=\"\" width=\"270\"\n                 height=\"230\"\/>\n        <\/figure>\n        <div class=\"directory-archive__card-content\">\n            <h3 class=\"directory-archive__card-title\">Boxing Club de l&rsquo;agglom\u00e9ration creilloise<\/h3>\n            <p class=\"directory-archive__card-excerpt\"><\/p>\n        <\/div>\n    <\/a>\n<\/div>                <\/li>\n                            <li class=\"directory-archive__list-item\">\n                    <div class=\"directory-archive__card\">\n    <a href=\"https:\/\/mairie-montataire.fr\/de\/annuaires\/sante\/structures-sante\/cabinet-dentaire\/\" class=\"directory-archive__card-link\">\n        <figure class=\"directory-archive__card-thumbnail-container\">\n                                                    <img loading=\"lazy\" decoding=\"async\" class=\"directory-archive__card-thumbnail\" src=\"https:\/\/mairie-montataire.fr\/app\/uploads\/2024\/08\/StructuresSante.jpg\" srcset=\"https:\/\/mairie-montataire.fr\/app\/uploads\/2024\/08\/StructuresSante.jpg 270w, https:\/\/mairie-montataire.fr\/app\/uploads\/2024\/08\/StructuresSante-14x12.jpg 14w\"\n                 sizes=\"auto, (max-width: 270px) 100vw, 270px\" alt=\"\" width=\"270\"\n                 height=\"230\"\/>\n        <\/figure>\n        <div class=\"directory-archive__card-content\">\n            <h3 class=\"directory-archive__card-title\">Cabinet dentaire<\/h3>\n            <p class=\"directory-archive__card-excerpt\"><\/p>\n        <\/div>\n    <\/a>\n<\/div>                <\/li>\n                            <li class=\"directory-archive__list-item\">\n                    <div class=\"directory-archive__card\">\n    <a href=\"https:\/\/mairie-montataire.fr\/de\/annuaires\/associations\/sport\/canoe-kayak-club-du-therain-ckct\/\" class=\"directory-archive__card-link\">\n        <figure class=\"directory-archive__card-thumbnail-container\">\n                                                    <img loading=\"lazy\" decoding=\"async\" class=\"directory-archive__card-thumbnail\" src=\"https:\/\/mairie-montataire.fr\/app\/uploads\/2024\/08\/Logo_CKTC.jpg\" srcset=\"\"\n                 sizes=\"auto, (max-width: 270px) 100vw, 270px\" alt=\"\" width=\"270\"\n                 height=\"230\"\/>\n        <\/figure>\n        <div class=\"directory-archive__card-content\">\n            <h3 class=\"directory-archive__card-title\">Cano\u00eb-Kayak Club du Th\u00e9rain (CKCT)<\/h3>\n            <p class=\"directory-archive__card-excerpt\"><\/p>\n        <\/div>\n    <\/a>\n<\/div>                <\/li>\n                            <li class=\"directory-archive__list-item\">\n                    <div class=\"directory-archive__card\">\n    <a href=\"https:\/\/mairie-montataire.fr\/de\/annuaires\/associations\/solidarite\/carnaval-des-possibles\/\" class=\"directory-archive__card-link\">\n        <figure class=\"directory-archive__card-thumbnail-container\">\n                                                    <img loading=\"lazy\" decoding=\"async\" class=\"directory-archive__card-thumbnail\" src=\"https:\/\/mairie-montataire.fr\/app\/uploads\/2024\/08\/Logo_CarnavalDesPossibles.jpg\" srcset=\"\"\n                 sizes=\"auto, (max-width: 270px) 100vw, 270px\" alt=\"\" width=\"270\"\n                 height=\"230\"\/>\n        <\/figure>\n        <div class=\"directory-archive__card-content\">\n            <h3 class=\"directory-archive__card-title\">Carnaval des possibles<\/h3>\n            <p class=\"directory-archive__card-excerpt\"><\/p>\n        <\/div>\n    <\/a>\n<\/div>                <\/li>\n                            <li class=\"directory-archive__list-item\">\n                    <div class=\"directory-archive__card\">\n    <a href=\"https:\/\/mairie-montataire.fr\/de\/annuaires\/location-de-salles\/centre-de-loisirs-pierre-legrand\/\" class=\"directory-archive__card-link\">\n        <figure class=\"directory-archive__card-thumbnail-container\">\n                                                    <img loading=\"lazy\" decoding=\"async\" class=\"directory-archive__card-thumbnail\" src=\"https:\/\/mairie-montataire.fr\/app\/uploads\/2024\/07\/Annuaire_salleALSH.jpg\" srcset=\"https:\/\/mairie-montataire.fr\/app\/uploads\/2024\/07\/Annuaire_salleALSH.jpg 270w, https:\/\/mairie-montataire.fr\/app\/uploads\/2024\/07\/Annuaire_salleALSH-14x12.jpg 14w\"\n                 sizes=\"auto, (max-width: 270px) 100vw, 270px\" alt=\"\" width=\"270\"\n                 height=\"230\"\/>\n        <\/figure>\n        <div class=\"directory-archive__card-content\">\n            <h3 class=\"directory-archive__card-title\">Centre de loisirs Pierre Legrand<\/h3>\n            <p class=\"directory-archive__card-excerpt\"><\/p>\n        <\/div>\n    <\/a>\n<\/div>                <\/li>\n                            <li class=\"directory-archive__list-item\">\n                    <div class=\"directory-archive__card\">\n    <a href=\"https:\/\/mairie-montataire.fr\/de\/annuaires\/sante\/structures-sante\/centre-medico-psychologique\/\" class=\"directory-archive__card-link\">\n        <figure class=\"directory-archive__card-thumbnail-container\">\n                                                    <img loading=\"lazy\" decoding=\"async\" class=\"directory-archive__card-thumbnail\" src=\"https:\/\/mairie-montataire.fr\/app\/uploads\/2024\/08\/StructuresSante.jpg\" srcset=\"https:\/\/mairie-montataire.fr\/app\/uploads\/2024\/08\/StructuresSante.jpg 270w, https:\/\/mairie-montataire.fr\/app\/uploads\/2024\/08\/StructuresSante-14x12.jpg 14w\"\n                 sizes=\"auto, (max-width: 270px) 100vw, 270px\" alt=\"\" width=\"270\"\n                 height=\"230\"\/>\n        <\/figure>\n        <div class=\"directory-archive__card-content\">\n            <h3 class=\"directory-archive__card-title\">Centre M\u00e9dico Psychologique<\/h3>\n            <p class=\"directory-archive__card-excerpt\"><\/p>\n        <\/div>\n    <\/a>\n<\/div>                <\/li>\n                            <li class=\"directory-archive__list-item\">\n                    <div class=\"directory-archive__card\">\n    <a href=\"https:\/\/mairie-montataire.fr\/de\/annuaires\/autres-infrastructures\/cinema-pathe\/\" class=\"directory-archive__card-link\">\n        <figure class=\"directory-archive__card-thumbnail-container\">\n                                                    <img loading=\"lazy\" decoding=\"async\" class=\"directory-archive__card-thumbnail\" src=\"https:\/\/mairie-montataire.fr\/app\/uploads\/2024\/05\/default_thumbnail-montataire.png\" srcset=\"https:\/\/mairie-montataire.fr\/app\/uploads\/2024\/05\/default_thumbnail-montataire.png 466w, https:\/\/mairie-montataire.fr\/app\/uploads\/2024\/05\/default_thumbnail-montataire-300x215.png 300w\"\n                 sizes=\"auto, (max-width: 466px) 100vw, 466px\" alt=\"\" width=\"466\"\n                 height=\"334\"\/>\n        <\/figure>\n        <div class=\"directory-archive__card-content\">\n            <h3 class=\"directory-archive__card-title\">Cin\u00e9ma Path\u00e9<\/h3>\n            <p class=\"directory-archive__card-excerpt\"><\/p>\n        <\/div>\n    <\/a>\n<\/div>                <\/li>\n                            <li class=\"directory-archive__list-item\">\n                    <div class=\"directory-archive__card\">\n    <a href=\"https:\/\/mairie-montataire.fr\/de\/annuaires\/services-municipaux\/dejss\/cite-educative\/\" class=\"directory-archive__card-link\">\n        <figure class=\"directory-archive__card-thumbnail-container\">\n                                                    <img loading=\"lazy\" decoding=\"async\" class=\"directory-archive__card-thumbnail\" src=\"https:\/\/mairie-montataire.fr\/app\/uploads\/2024\/07\/Logo_CiteEducative.jpg\" srcset=\"https:\/\/mairie-montataire.fr\/app\/uploads\/2024\/07\/Logo_CiteEducative.jpg 270w, https:\/\/mairie-montataire.fr\/app\/uploads\/2024\/07\/Logo_CiteEducative-14x12.jpg 14w\"\n                 sizes=\"auto, (max-width: 270px) 100vw, 270px\" alt=\"\" width=\"270\"\n                 height=\"230\"\/>\n        <\/figure>\n        <div class=\"directory-archive__card-content\">\n            <h3 class=\"directory-archive__card-title\">Cit\u00e9 \u00c9ducative<\/h3>\n            <p class=\"directory-archive__card-excerpt\"><\/p>\n        <\/div>\n    <\/a>\n<\/div>                <\/li>\n                            <li class=\"directory-archive__list-item\">\n                    <div class=\"directory-archive__card\">\n    <a href=\"https:\/\/mairie-montataire.fr\/de\/annuaires\/services-municipaux\/dejss\/citoyennete-prevention-mediation\/\" class=\"directory-archive__card-link\">\n        <figure class=\"directory-archive__card-thumbnail-container\">\n                                                    <img loading=\"lazy\" decoding=\"async\" class=\"directory-archive__card-thumbnail\" src=\"https:\/\/mairie-montataire.fr\/app\/uploads\/2024\/08\/Logo_Ville.jpg\" srcset=\"https:\/\/mairie-montataire.fr\/app\/uploads\/2024\/08\/Logo_Ville.jpg 270w, https:\/\/mairie-montataire.fr\/app\/uploads\/2024\/08\/Logo_Ville-14x12.jpg 14w\"\n                 sizes=\"auto, (max-width: 270px) 100vw, 270px\" alt=\"\" width=\"270\"\n                 height=\"230\"\/>\n        <\/figure>\n        <div class=\"directory-archive__card-content\">\n            <h3 class=\"directory-archive__card-title\">Citoyennet\u00e9, pr\u00e9vention, m\u00e9diation<\/h3>\n            <p class=\"directory-archive__card-excerpt\"><\/p>\n        <\/div>\n    <\/a>\n<\/div>                <\/li>\n                            <li class=\"directory-archive__list-item\">\n                    <div class=\"directory-archive__card\">\n    <a href=\"https:\/\/mairie-montataire.fr\/de\/annuaires\/associations\/sport\/club-halterophilie-musculation\/\" class=\"directory-archive__card-link\">\n        <figure class=\"directory-archive__card-thumbnail-container\">\n                                                    <img loading=\"lazy\" decoding=\"async\" class=\"directory-archive__card-thumbnail\" src=\"https:\/\/mairie-montataire.fr\/app\/uploads\/2024\/08\/Logo_CHMM.jpg\" srcset=\"\"\n                 sizes=\"auto, (max-width: 270px) 100vw, 270px\" alt=\"\" width=\"270\"\n                 height=\"230\"\/>\n        <\/figure>\n        <div class=\"directory-archive__card-content\">\n            <h3 class=\"directory-archive__card-title\">Club Halt\u00e9rophilie Musculation<\/h3>\n            <p class=\"directory-archive__card-excerpt\"><\/p>\n        <\/div>\n    <\/a>\n<\/div>                <\/li>\n                            <li class=\"directory-archive__list-item\">\n                    <div class=\"directory-archive__card\">\n    <a href=\"https:\/\/mairie-montataire.fr\/de\/annuaires\/enseignement\/colleges-lycees\/college-anatole-france\/\" class=\"directory-archive__card-link\">\n        <figure class=\"directory-archive__card-thumbnail-container\">\n                                                    <img loading=\"lazy\" decoding=\"async\" class=\"directory-archive__card-thumbnail\" src=\"https:\/\/mairie-montataire.fr\/app\/uploads\/2024\/05\/default_thumbnail-montataire.png\" srcset=\"https:\/\/mairie-montataire.fr\/app\/uploads\/2024\/05\/default_thumbnail-montataire.png 466w, https:\/\/mairie-montataire.fr\/app\/uploads\/2024\/05\/default_thumbnail-montataire-300x215.png 300w\"\n                 sizes=\"auto, (max-width: 466px) 100vw, 466px\" alt=\"\" width=\"466\"\n                 height=\"334\"\/>\n        <\/figure>\n        <div class=\"directory-archive__card-content\">\n            <h3 class=\"directory-archive__card-title\">Coll\u00e8ge Anatole France<\/h3>\n            <p class=\"directory-archive__card-excerpt\"><\/p>\n        <\/div>\n    <\/a>\n<\/div>                <\/li>\n                            <li class=\"directory-archive__list-item\">\n                    <div class=\"directory-archive__card\">\n    <a href=\"https:\/\/mairie-montataire.fr\/de\/annuaires\/associations\/jumelage-et-international\/comite-de-jumelage-montataire-dheisheh\/\" class=\"directory-archive__card-link\">\n        <figure class=\"directory-archive__card-thumbnail-container\">\n                                                    <img loading=\"lazy\" decoding=\"async\" class=\"directory-archive__card-thumbnail\" src=\"https:\/\/mairie-montataire.fr\/app\/uploads\/2024\/08\/Logo_ComiteDeJumelageMontataireDheisheh.jpg\" srcset=\"\"\n                 sizes=\"auto, (max-width: 270px) 100vw, 270px\" alt=\"\" width=\"270\"\n                 height=\"230\"\/>\n        <\/figure>\n        <div class=\"directory-archive__card-content\">\n            <h3 class=\"directory-archive__card-title\">Comit\u00e9 de jumelage Montataire-Dheisheh<\/h3>\n            <p class=\"directory-archive__card-excerpt\"><\/p>\n        <\/div>\n    <\/a>\n<\/div>                <\/li>\n                            <li class=\"directory-archive__list-item\">\n                    <div class=\"directory-archive__card\">\n    <a href=\"https:\/\/mairie-montataire.fr\/de\/annuaires\/associations\/culture-et-loisirs\/compagnie-theatrale-funambules\/\" class=\"directory-archive__card-link\">\n        <figure class=\"directory-archive__card-thumbnail-container\">\n                                                    <img loading=\"lazy\" decoding=\"async\" class=\"directory-archive__card-thumbnail\" src=\"https:\/\/mairie-montataire.fr\/app\/uploads\/2025\/09\/Annuaire_CieFunambules.jpg\" srcset=\"https:\/\/mairie-montataire.fr\/app\/uploads\/2025\/09\/Annuaire_CieFunambules.jpg 270w, https:\/\/mairie-montataire.fr\/app\/uploads\/2025\/09\/Annuaire_CieFunambules-14x12.jpg 14w\"\n                 sizes=\"auto, (max-width: 270px) 100vw, 270px\" alt=\"\" width=\"270\"\n                 height=\"230\"\/>\n        <\/figure>\n        <div class=\"directory-archive__card-content\">\n            <h3 class=\"directory-archive__card-title\">Compagnie th\u00e9\u00e2trale Funambules\u00a0<\/h3>\n            <p class=\"directory-archive__card-excerpt\"><\/p>\n        <\/div>\n    <\/a>\n<\/div>                <\/li>\n                            <li class=\"directory-archive__list-item\">\n                    <div class=\"directory-archive__card\">\n    <a href=\"https:\/\/mairie-montataire.fr\/de\/annuaires\/structures-sportives\/complexe-armand-bellard\/\" class=\"directory-archive__card-link\">\n        <figure class=\"directory-archive__card-thumbnail-container\">\n                                                    <img loading=\"lazy\" decoding=\"async\" class=\"directory-archive__card-thumbnail\" src=\"https:\/\/mairie-montataire.fr\/app\/uploads\/2024\/08\/Gymnase-Bellard-3.jpg\" srcset=\"https:\/\/mairie-montataire.fr\/app\/uploads\/2024\/08\/Gymnase-Bellard-3.jpg 270w, https:\/\/mairie-montataire.fr\/app\/uploads\/2024\/08\/Gymnase-Bellard-3-14x12.jpg 14w\"\n                 sizes=\"auto, (max-width: 270px) 100vw, 270px\" alt=\"\" width=\"270\"\n                 height=\"230\"\/>\n        <\/figure>\n        <div class=\"directory-archive__card-content\">\n            <h3 class=\"directory-archive__card-title\">Complexe Armand Bellard<\/h3>\n            <p class=\"directory-archive__card-excerpt\"><\/p>\n        <\/div>\n    <\/a>\n<\/div>                <\/li>\n                            <li class=\"directory-archive__list-item\">\n                    <div class=\"directory-archive__card\">\n    <a href=\"https:\/\/mairie-montataire.fr\/de\/annuaires\/structures-sportives\/complexe-marcel-coene\/\" class=\"directory-archive__card-link\">\n        <figure class=\"directory-archive__card-thumbnail-container\">\n                                                    <img loading=\"lazy\" decoding=\"async\" class=\"directory-archive__card-thumbnail\" src=\"https:\/\/mairie-montataire.fr\/app\/uploads\/2024\/08\/Stade-Marcel-Coene-4.jpg\" srcset=\"https:\/\/mairie-montataire.fr\/app\/uploads\/2024\/08\/Stade-Marcel-Coene-4.jpg 270w, https:\/\/mairie-montataire.fr\/app\/uploads\/2024\/08\/Stade-Marcel-Coene-4-14x12.jpg 14w\"\n                 sizes=\"auto, (max-width: 270px) 100vw, 270px\" alt=\"\" width=\"270\"\n                 height=\"230\"\/>\n        <\/figure>\n        <div class=\"directory-archive__card-content\">\n            <h3 class=\"directory-archive__card-title\">Complexe Marcel Coene<\/h3>\n            <p class=\"directory-archive__card-excerpt\"><\/p>\n        <\/div>\n    <\/a>\n<\/div>                <\/li>\n                            <li class=\"directory-archive__list-item\">\n                    <div class=\"directory-archive__card\">\n    <a href=\"https:\/\/mairie-montataire.fr\/de\/annuaires\/associations\/solidarite\/confederation-nationale-du-logement-cnl-oise\/\" class=\"directory-archive__card-link\">\n        <figure class=\"directory-archive__card-thumbnail-container\">\n                                                    <img loading=\"lazy\" decoding=\"async\" class=\"directory-archive__card-thumbnail\" src=\"https:\/\/mairie-montataire.fr\/app\/uploads\/2024\/08\/Logo_CNL.jpg\" srcset=\"\"\n                 sizes=\"auto, (max-width: 270px) 100vw, 270px\" alt=\"\" width=\"270\"\n                 height=\"230\"\/>\n        <\/figure>\n        <div class=\"directory-archive__card-content\">\n            <h3 class=\"directory-archive__card-title\">Conf\u00e9d\u00e9ration Nationale du Logement (CNL) &#8211; Oise<\/h3>\n            <p class=\"directory-archive__card-excerpt\"><\/p>\n        <\/div>\n    <\/a>\n<\/div>                <\/li>\n                            <li class=\"directory-archive__list-item\">\n                    <div class=\"directory-archive__card\">\n    <a href=\"https:\/\/mairie-montataire.fr\/de\/annuaires\/associations\/solidarite\/consommation-logement-cadre-de-vie-clcv-union-locale-clcv-creil-nogent-sur-oise-et-montataire\/\" class=\"directory-archive__card-link\">\n        <figure class=\"directory-archive__card-thumbnail-container\">\n                                                    <img loading=\"lazy\" decoding=\"async\" class=\"directory-archive__card-thumbnail\" src=\"https:\/\/mairie-montataire.fr\/app\/uploads\/2024\/08\/Logo_CLCV.jpg\" srcset=\"\"\n                 sizes=\"auto, (max-width: 270px) 100vw, 270px\" alt=\"\" width=\"270\"\n                 height=\"230\"\/>\n        <\/figure>\n        <div class=\"directory-archive__card-content\">\n            <h3 class=\"directory-archive__card-title\">Consommation Logement Cadre de Vie (CLCV)  &#8211; Union D\u00e9partementale de l&rsquo;Oise<\/h3>\n            <p class=\"directory-archive__card-excerpt\"><\/p>\n        <\/div>\n    <\/a>\n<\/div>                <\/li>\n                            <li class=\"directory-archive__list-item\">\n                    <div class=\"directory-archive__card\">\n    <a href=\"https:\/\/mairie-montataire.fr\/de\/annuaires\/services-municipaux\/dejss\/creche\/\" class=\"directory-archive__card-link\">\n        <figure class=\"directory-archive__card-thumbnail-container\">\n                                                    <img loading=\"lazy\" decoding=\"async\" class=\"directory-archive__card-thumbnail\" src=\"https:\/\/mairie-montataire.fr\/app\/uploads\/2024\/08\/Logo_Ville.jpg\" srcset=\"https:\/\/mairie-montataire.fr\/app\/uploads\/2024\/08\/Logo_Ville.jpg 270w, https:\/\/mairie-montataire.fr\/app\/uploads\/2024\/08\/Logo_Ville-14x12.jpg 14w\"\n                 sizes=\"auto, (max-width: 270px) 100vw, 270px\" alt=\"\" width=\"270\"\n                 height=\"230\"\/>\n        <\/figure>\n        <div class=\"directory-archive__card-content\">\n            <h3 class=\"directory-archive__card-title\">Cr\u00e8che<\/h3>\n            <p class=\"directory-archive__card-excerpt\"><\/p>\n        <\/div>\n    <\/a>\n<\/div>                <\/li>\n                            <li class=\"directory-archive__list-item\">\n                    <div class=\"directory-archive__card\">\n    <a href=\"https:\/\/mairie-montataire.fr\/de\/annuaires\/sante\/medecins-generalistes\/docteur-ali-badara-konate\/\" class=\"directory-archive__card-link\">\n        <figure class=\"directory-archive__card-thumbnail-container\">\n                                                    <img loading=\"lazy\" decoding=\"async\" class=\"directory-archive__card-thumbnail\" src=\"https:\/\/mairie-montataire.fr\/app\/uploads\/2024\/08\/Medecins.jpg\" srcset=\"https:\/\/mairie-montataire.fr\/app\/uploads\/2024\/08\/Medecins.jpg 270w, https:\/\/mairie-montataire.fr\/app\/uploads\/2024\/08\/Medecins-14x12.jpg 14w\"\n                 sizes=\"auto, (max-width: 270px) 100vw, 270px\" alt=\"\" width=\"270\"\n                 height=\"230\"\/>\n        <\/figure>\n        <div class=\"directory-archive__card-content\">\n            <h3 class=\"directory-archive__card-title\">Docteur Ali Badara KONATE<\/h3>\n            <p class=\"directory-archive__card-excerpt\"><\/p>\n        <\/div>\n    <\/a>\n<\/div>                <\/li>\n                            <li class=\"directory-archive__list-item\">\n                    <div class=\"directory-archive__card\">\n    <a href=\"https:\/\/mairie-montataire.fr\/de\/annuaires\/sante\/dentiste\/docteur-francisco-zoio\/\" class=\"directory-archive__card-link\">\n        <figure class=\"directory-archive__card-thumbnail-container\">\n                                                    <img loading=\"lazy\" decoding=\"async\" class=\"directory-archive__card-thumbnail\" src=\"https:\/\/mairie-montataire.fr\/app\/uploads\/2024\/07\/Dentitiste.jpg\" srcset=\"https:\/\/mairie-montataire.fr\/app\/uploads\/2024\/07\/Dentitiste.jpg 270w, https:\/\/mairie-montataire.fr\/app\/uploads\/2024\/07\/Dentitiste-14x12.jpg 14w\"\n                 sizes=\"auto, (max-width: 270px) 100vw, 270px\" alt=\"\" width=\"270\"\n                 height=\"230\"\/>\n        <\/figure>\n        <div class=\"directory-archive__card-content\">\n            <h3 class=\"directory-archive__card-title\">Docteur Francisco ZOIO<\/h3>\n            <p class=\"directory-archive__card-excerpt\"><\/p>\n        <\/div>\n    <\/a>\n<\/div>                <\/li>\n                            <li class=\"directory-archive__list-item\">\n                    <div class=\"directory-archive__card\">\n    <a href=\"https:\/\/mairie-montataire.fr\/de\/annuaires\/sante\/medecins-generalistes\/docteur-francois-cordier\/\" class=\"directory-archive__card-link\">\n        <figure class=\"directory-archive__card-thumbnail-container\">\n                                                    <img loading=\"lazy\" decoding=\"async\" class=\"directory-archive__card-thumbnail\" src=\"https:\/\/mairie-montataire.fr\/app\/uploads\/2024\/08\/Medecins.jpg\" srcset=\"https:\/\/mairie-montataire.fr\/app\/uploads\/2024\/08\/Medecins.jpg 270w, https:\/\/mairie-montataire.fr\/app\/uploads\/2024\/08\/Medecins-14x12.jpg 14w\"\n                 sizes=\"auto, (max-width: 270px) 100vw, 270px\" alt=\"\" width=\"270\"\n                 height=\"230\"\/>\n        <\/figure>\n        <div class=\"directory-archive__card-content\">\n            <h3 class=\"directory-archive__card-title\">Docteur Fran\u00e7ois CORDIER<\/h3>\n            <p class=\"directory-archive__card-excerpt\"><\/p>\n        <\/div>\n    <\/a>\n<\/div>                <\/li>\n                            <li class=\"directory-archive__list-item\">\n                    <div class=\"directory-archive__card\">\n    <a href=\"https:\/\/mairie-montataire.fr\/de\/annuaires\/sante\/medecins-generalistes\/docteur-hamida-boudhar\/\" class=\"directory-archive__card-link\">\n        <figure class=\"directory-archive__card-thumbnail-container\">\n                                                    <img loading=\"lazy\" decoding=\"async\" class=\"directory-archive__card-thumbnail\" src=\"https:\/\/mairie-montataire.fr\/app\/uploads\/2024\/08\/Medecins.jpg\" srcset=\"https:\/\/mairie-montataire.fr\/app\/uploads\/2024\/08\/Medecins.jpg 270w, https:\/\/mairie-montataire.fr\/app\/uploads\/2024\/08\/Medecins-14x12.jpg 14w\"\n                 sizes=\"auto, (max-width: 270px) 100vw, 270px\" alt=\"\" width=\"270\"\n                 height=\"230\"\/>\n        <\/figure>\n        <div class=\"directory-archive__card-content\">\n            <h3 class=\"directory-archive__card-title\">Docteur Hamida BOUDHAR<\/h3>\n            <p class=\"directory-archive__card-excerpt\"><\/p>\n        <\/div>\n    <\/a>\n<\/div>                <\/li>\n                            <li class=\"directory-archive__list-item\">\n                    <div class=\"directory-archive__card\">\n    <a href=\"https:\/\/mairie-montataire.fr\/de\/annuaires\/sante\/dentiste\/docteur-hortense-franquet\/\" class=\"directory-archive__card-link\">\n        <figure class=\"directory-archive__card-thumbnail-container\">\n                                                    <img loading=\"lazy\" decoding=\"async\" class=\"directory-archive__card-thumbnail\" src=\"https:\/\/mairie-montataire.fr\/app\/uploads\/2024\/07\/Dentitiste.jpg\" srcset=\"https:\/\/mairie-montataire.fr\/app\/uploads\/2024\/07\/Dentitiste.jpg 270w, https:\/\/mairie-montataire.fr\/app\/uploads\/2024\/07\/Dentitiste-14x12.jpg 14w\"\n                 sizes=\"auto, (max-width: 270px) 100vw, 270px\" alt=\"\" width=\"270\"\n                 height=\"230\"\/>\n        <\/figure>\n        <div class=\"directory-archive__card-content\">\n            <h3 class=\"directory-archive__card-title\">Docteur Hortense FRANQUET<\/h3>\n            <p class=\"directory-archive__card-excerpt\"><\/p>\n        <\/div>\n    <\/a>\n<\/div>                <\/li>\n                            <li class=\"directory-archive__list-item\">\n                    <div class=\"directory-archive__card\">\n    <a href=\"https:\/\/mairie-montataire.fr\/de\/annuaires\/sante\/medecins-generalistes\/docteur-jean-luc-boudoux\/\" class=\"directory-archive__card-link\">\n        <figure class=\"directory-archive__card-thumbnail-container\">\n                                                    <img loading=\"lazy\" decoding=\"async\" class=\"directory-archive__card-thumbnail\" src=\"https:\/\/mairie-montataire.fr\/app\/uploads\/2024\/08\/Medecins.jpg\" srcset=\"https:\/\/mairie-montataire.fr\/app\/uploads\/2024\/08\/Medecins.jpg 270w, https:\/\/mairie-montataire.fr\/app\/uploads\/2024\/08\/Medecins-14x12.jpg 14w\"\n                 sizes=\"auto, (max-width: 270px) 100vw, 270px\" alt=\"\" width=\"270\"\n                 height=\"230\"\/>\n        <\/figure>\n        <div class=\"directory-archive__card-content\">\n            <h3 class=\"directory-archive__card-title\">Docteur Jean-Luc BOUDOUX<\/h3>\n            <p class=\"directory-archive__card-excerpt\"><\/p>\n        <\/div>\n    <\/a>\n<\/div>                <\/li>\n                            <li class=\"directory-archive__list-item\">\n                    <div class=\"directory-archive__card\">\n    <a href=\"https:\/\/mairie-montataire.fr\/de\/annuaires\/sante\/medecins-generalistes\/docteur-myriam-lakehal\/\" class=\"directory-archive__card-link\">\n        <figure class=\"directory-archive__card-thumbnail-container\">\n                                                    <img loading=\"lazy\" decoding=\"async\" class=\"directory-archive__card-thumbnail\" src=\"https:\/\/mairie-montataire.fr\/app\/uploads\/2024\/08\/Medecins.jpg\" srcset=\"https:\/\/mairie-montataire.fr\/app\/uploads\/2024\/08\/Medecins.jpg 270w, https:\/\/mairie-montataire.fr\/app\/uploads\/2024\/08\/Medecins-14x12.jpg 14w\"\n                 sizes=\"auto, (max-width: 270px) 100vw, 270px\" alt=\"\" width=\"270\"\n                 height=\"230\"\/>\n        <\/figure>\n        <div class=\"directory-archive__card-content\">\n            <h3 class=\"directory-archive__card-title\">Docteur Myriam LAKEHAL<\/h3>\n            <p class=\"directory-archive__card-excerpt\"><\/p>\n        <\/div>\n    <\/a>\n<\/div>                <\/li>\n                            <li class=\"directory-archive__list-item\">\n                    <div class=\"directory-archive__card\">\n    <a href=\"https:\/\/mairie-montataire.fr\/de\/annuaires\/sante\/autres-professions-de-sante\/docteur-nadji-ghardi-psychiatre\/\" class=\"directory-archive__card-link\">\n        <figure class=\"directory-archive__card-thumbnail-container\">\n                                                    <img loading=\"lazy\" decoding=\"async\" class=\"directory-archive__card-thumbnail\" src=\"https:\/\/mairie-montataire.fr\/app\/uploads\/2024\/07\/AntresSante.jpg\" srcset=\"https:\/\/mairie-montataire.fr\/app\/uploads\/2024\/07\/AntresSante.jpg 270w, https:\/\/mairie-montataire.fr\/app\/uploads\/2024\/07\/AntresSante-14x12.jpg 14w\"\n                 sizes=\"auto, (max-width: 270px) 100vw, 270px\" alt=\"\" width=\"270\"\n                 height=\"230\"\/>\n        <\/figure>\n        <div class=\"directory-archive__card-content\">\n            <h3 class=\"directory-archive__card-title\">Docteur Nadji GHARDI &#8211; Psychiatre<\/h3>\n            <p class=\"directory-archive__card-excerpt\"><\/p>\n        <\/div>\n    <\/a>\n<\/div>                <\/li>\n                            <li class=\"directory-archive__list-item\">\n                    <div class=\"directory-archive__card\">\n    <a href=\"https:\/\/mairie-montataire.fr\/de\/annuaires\/sante\/medecins-generalistes\/docteur-patrice-dacheux\/\" class=\"directory-archive__card-link\">\n        <figure class=\"directory-archive__card-thumbnail-container\">\n                                                    <img loading=\"lazy\" decoding=\"async\" class=\"directory-archive__card-thumbnail\" src=\"https:\/\/mairie-montataire.fr\/app\/uploads\/2024\/08\/Medecins.jpg\" srcset=\"https:\/\/mairie-montataire.fr\/app\/uploads\/2024\/08\/Medecins.jpg 270w, https:\/\/mairie-montataire.fr\/app\/uploads\/2024\/08\/Medecins-14x12.jpg 14w\"\n                 sizes=\"auto, (max-width: 270px) 100vw, 270px\" alt=\"\" width=\"270\"\n                 height=\"230\"\/>\n        <\/figure>\n        <div class=\"directory-archive__card-content\">\n            <h3 class=\"directory-archive__card-title\">Docteur Patrice DACHEUX<\/h3>\n            <p class=\"directory-archive__card-excerpt\"><\/p>\n        <\/div>\n    <\/a>\n<\/div>                <\/li>\n                            <li class=\"directory-archive__list-item\">\n                    <div class=\"directory-archive__card\">\n    <a href=\"https:\/\/mairie-montataire.fr\/de\/annuaires\/sante\/dentiste\/docteure-patrick-halimi\/\" class=\"directory-archive__card-link\">\n        <figure class=\"directory-archive__card-thumbnail-container\">\n                                                    <img loading=\"lazy\" decoding=\"async\" class=\"directory-archive__card-thumbnail\" src=\"https:\/\/mairie-montataire.fr\/app\/uploads\/2024\/07\/Dentitiste.jpg\" srcset=\"https:\/\/mairie-montataire.fr\/app\/uploads\/2024\/07\/Dentitiste.jpg 270w, https:\/\/mairie-montataire.fr\/app\/uploads\/2024\/07\/Dentitiste-14x12.jpg 14w\"\n                 sizes=\"auto, (max-width: 270px) 100vw, 270px\" alt=\"\" width=\"270\"\n                 height=\"230\"\/>\n        <\/figure>\n        <div class=\"directory-archive__card-content\">\n            <h3 class=\"directory-archive__card-title\">Docteur Patrick HALIMI<\/h3>\n            <p class=\"directory-archive__card-excerpt\"><\/p>\n        <\/div>\n    <\/a>\n<\/div>                <\/li>\n                            <li class=\"directory-archive__list-item\">\n                    <div class=\"directory-archive__card\">\n    <a href=\"https:\/\/mairie-montataire.fr\/de\/annuaires\/sante\/autres-professions-de-sante\/docteur-philippe-favelin-kinesitherapeute\/\" class=\"directory-archive__card-link\">\n        <figure class=\"directory-archive__card-thumbnail-container\">\n                                                    <img loading=\"lazy\" decoding=\"async\" class=\"directory-archive__card-thumbnail\" src=\"https:\/\/mairie-montataire.fr\/app\/uploads\/2024\/07\/AntresSante.jpg\" srcset=\"https:\/\/mairie-montataire.fr\/app\/uploads\/2024\/07\/AntresSante.jpg 270w, https:\/\/mairie-montataire.fr\/app\/uploads\/2024\/07\/AntresSante-14x12.jpg 14w\"\n                 sizes=\"auto, (max-width: 270px) 100vw, 270px\" alt=\"\" width=\"270\"\n                 height=\"230\"\/>\n        <\/figure>\n        <div class=\"directory-archive__card-content\">\n            <h3 class=\"directory-archive__card-title\">Docteur Philippe FAVELIN &#8211; Kin\u00e9sith\u00e9rapeute<\/h3>\n            <p class=\"directory-archive__card-excerpt\"><\/p>\n        <\/div>\n    <\/a>\n<\/div>                <\/li>\n                            <li class=\"directory-archive__list-item\">\n                    <div class=\"directory-archive__card\">\n    <a href=\"https:\/\/mairie-montataire.fr\/de\/annuaires\/sante\/medecins-generalistes\/docteur-sofia-aissaoui\/\" class=\"directory-archive__card-link\">\n        <figure class=\"directory-archive__card-thumbnail-container\">\n                                                    <img loading=\"lazy\" decoding=\"async\" class=\"directory-archive__card-thumbnail\" src=\"https:\/\/mairie-montataire.fr\/app\/uploads\/2024\/08\/Medecins.jpg\" srcset=\"https:\/\/mairie-montataire.fr\/app\/uploads\/2024\/08\/Medecins.jpg 270w, https:\/\/mairie-montataire.fr\/app\/uploads\/2024\/08\/Medecins-14x12.jpg 14w\"\n                 sizes=\"auto, (max-width: 270px) 100vw, 270px\" alt=\"\" width=\"270\"\n                 height=\"230\"\/>\n        <\/figure>\n        <div class=\"directory-archive__card-content\">\n            <h3 class=\"directory-archive__card-title\">Docteur Sofia AISSAOUI<\/h3>\n            <p class=\"directory-archive__card-excerpt\"><\/p>\n        <\/div>\n    <\/a>\n<\/div>                <\/li>\n                            <li class=\"directory-archive__list-item\">\n                    <div class=\"directory-archive__card\">\n    <a href=\"https:\/\/mairie-montataire.fr\/de\/annuaires\/sante\/dentiste\/docteure-catherine-mangold\/\" class=\"directory-archive__card-link\">\n        <figure class=\"directory-archive__card-thumbnail-container\">\n                                                    <img loading=\"lazy\" decoding=\"async\" class=\"directory-archive__card-thumbnail\" src=\"https:\/\/mairie-montataire.fr\/app\/uploads\/2024\/07\/Dentitiste.jpg\" srcset=\"https:\/\/mairie-montataire.fr\/app\/uploads\/2024\/07\/Dentitiste.jpg 270w, https:\/\/mairie-montataire.fr\/app\/uploads\/2024\/07\/Dentitiste-14x12.jpg 14w\"\n                 sizes=\"auto, (max-width: 270px) 100vw, 270px\" alt=\"\" width=\"270\"\n                 height=\"230\"\/>\n        <\/figure>\n        <div class=\"directory-archive__card-content\">\n            <h3 class=\"directory-archive__card-title\">Docteure Catherine MANGOLD<\/h3>\n            <p class=\"directory-archive__card-excerpt\"><\/p>\n        <\/div>\n    <\/a>\n<\/div>                <\/li>\n                            <li class=\"directory-archive__list-item\">\n                    <div class=\"directory-archive__card\">\n    <a href=\"https:\/\/mairie-montataire.fr\/de\/annuaires\/sante\/autres-professions-de-sante\/docteure-cecile-cortana-pedicure-podologue\/\" class=\"directory-archive__card-link\">\n        <figure class=\"directory-archive__card-thumbnail-container\">\n                                                    <img loading=\"lazy\" decoding=\"async\" class=\"directory-archive__card-thumbnail\" src=\"https:\/\/mairie-montataire.fr\/app\/uploads\/2024\/07\/AntresSante.jpg\" srcset=\"https:\/\/mairie-montataire.fr\/app\/uploads\/2024\/07\/AntresSante.jpg 270w, https:\/\/mairie-montataire.fr\/app\/uploads\/2024\/07\/AntresSante-14x12.jpg 14w\"\n                 sizes=\"auto, (max-width: 270px) 100vw, 270px\" alt=\"\" width=\"270\"\n                 height=\"230\"\/>\n        <\/figure>\n        <div class=\"directory-archive__card-content\">\n            <h3 class=\"directory-archive__card-title\">Docteure C\u00e9cile CORTANA &#8211; P\u00e9dicure\/Podologue<\/h3>\n            <p class=\"directory-archive__card-excerpt\"><\/p>\n        <\/div>\n    <\/a>\n<\/div>                <\/li>\n                            <li class=\"directory-archive__list-item\">\n                    <div class=\"directory-archive__card\">\n    <a href=\"https:\/\/mairie-montataire.fr\/de\/annuaires\/sante\/dentiste\/docteure-christine-nguyen\/\" class=\"directory-archive__card-link\">\n        <figure class=\"directory-archive__card-thumbnail-container\">\n                                                    <img loading=\"lazy\" decoding=\"async\" class=\"directory-archive__card-thumbnail\" src=\"https:\/\/mairie-montataire.fr\/app\/uploads\/2024\/07\/Dentitiste.jpg\" srcset=\"https:\/\/mairie-montataire.fr\/app\/uploads\/2024\/07\/Dentitiste.jpg 270w, https:\/\/mairie-montataire.fr\/app\/uploads\/2024\/07\/Dentitiste-14x12.jpg 14w\"\n                 sizes=\"auto, (max-width: 270px) 100vw, 270px\" alt=\"\" width=\"270\"\n                 height=\"230\"\/>\n        <\/figure>\n        <div class=\"directory-archive__card-content\">\n            <h3 class=\"directory-archive__card-title\">Docteure Christine NGUYEN<\/h3>\n            <p class=\"directory-archive__card-excerpt\"><\/p>\n        <\/div>\n    <\/a>\n<\/div>                <\/li>\n                            <li class=\"directory-archive__list-item\">\n                    <div class=\"directory-archive__card\">\n    <a href=\"https:\/\/mairie-montataire.fr\/de\/annuaires\/sante\/dentiste\/docteure-eva-bettan\/\" class=\"directory-archive__card-link\">\n        <figure class=\"directory-archive__card-thumbnail-container\">\n                                                    <img loading=\"lazy\" decoding=\"async\" class=\"directory-archive__card-thumbnail\" src=\"https:\/\/mairie-montataire.fr\/app\/uploads\/2024\/07\/Dentitiste.jpg\" srcset=\"https:\/\/mairie-montataire.fr\/app\/uploads\/2024\/07\/Dentitiste.jpg 270w, https:\/\/mairie-montataire.fr\/app\/uploads\/2024\/07\/Dentitiste-14x12.jpg 14w\"\n                 sizes=\"auto, (max-width: 270px) 100vw, 270px\" alt=\"\" width=\"270\"\n                 height=\"230\"\/>\n        <\/figure>\n        <div class=\"directory-archive__card-content\">\n            <h3 class=\"directory-archive__card-title\">Docteure Eva BETTAN<\/h3>\n            <p class=\"directory-archive__card-excerpt\"><\/p>\n        <\/div>\n    <\/a>\n<\/div>                <\/li>\n                            <li class=\"directory-archive__list-item\">\n                    <div class=\"directory-archive__card\">\n    <a href=\"https:\/\/mairie-montataire.fr\/de\/annuaires\/sante\/autres-professions-de-sante\/docteure-lubelia-ribeiro-da-silva-pediatre\/\" class=\"directory-archive__card-link\">\n        <figure class=\"directory-archive__card-thumbnail-container\">\n                                                    <img loading=\"lazy\" decoding=\"async\" class=\"directory-archive__card-thumbnail\" src=\"https:\/\/mairie-montataire.fr\/app\/uploads\/2024\/07\/AntresSante.jpg\" srcset=\"https:\/\/mairie-montataire.fr\/app\/uploads\/2024\/07\/AntresSante.jpg 270w, https:\/\/mairie-montataire.fr\/app\/uploads\/2024\/07\/AntresSante-14x12.jpg 14w\"\n                 sizes=\"auto, (max-width: 270px) 100vw, 270px\" alt=\"\" width=\"270\"\n                 height=\"230\"\/>\n        <\/figure>\n        <div class=\"directory-archive__card-content\">\n            <h3 class=\"directory-archive__card-title\">Docteure Lubelia RIBEIRO DA SILVA &#8211; P\u00e9diatre<\/h3>\n            <p class=\"directory-archive__card-excerpt\"><\/p>\n        <\/div>\n    <\/a>\n<\/div>                <\/li>\n                            <li class=\"directory-archive__list-item\">\n                    <div class=\"directory-archive__card\">\n    <a href=\"https:\/\/mairie-montataire.fr\/de\/annuaires\/sante\/medecins-generalistes\/docteure-lucille-boudoux\/\" class=\"directory-archive__card-link\">\n        <figure class=\"directory-archive__card-thumbnail-container\">\n                                                    <img loading=\"lazy\" decoding=\"async\" class=\"directory-archive__card-thumbnail\" src=\"https:\/\/mairie-montataire.fr\/app\/uploads\/2024\/08\/Medecins.jpg\" srcset=\"https:\/\/mairie-montataire.fr\/app\/uploads\/2024\/08\/Medecins.jpg 270w, https:\/\/mairie-montataire.fr\/app\/uploads\/2024\/08\/Medecins-14x12.jpg 14w\"\n                 sizes=\"auto, (max-width: 270px) 100vw, 270px\" alt=\"\" width=\"270\"\n                 height=\"230\"\/>\n        <\/figure>\n        <div class=\"directory-archive__card-content\">\n            <h3 class=\"directory-archive__card-title\">Docteure Lucille BOUDOUX<\/h3>\n            <p class=\"directory-archive__card-excerpt\"><\/p>\n        <\/div>\n    <\/a>\n<\/div>                <\/li>\n                            <li class=\"directory-archive__list-item\">\n                    <div class=\"directory-archive__card\">\n    <a href=\"https:\/\/mairie-montataire.fr\/de\/annuaires\/sante\/autres-professions-de-sante\/docteure-mariam-el-khloufi-psychologue-clinicienne\/\" class=\"directory-archive__card-link\">\n        <figure class=\"directory-archive__card-thumbnail-container\">\n                                                    <img loading=\"lazy\" decoding=\"async\" class=\"directory-archive__card-thumbnail\" src=\"https:\/\/mairie-montataire.fr\/app\/uploads\/2024\/07\/AntresSante.jpg\" srcset=\"https:\/\/mairie-montataire.fr\/app\/uploads\/2024\/07\/AntresSante.jpg 270w, https:\/\/mairie-montataire.fr\/app\/uploads\/2024\/07\/AntresSante-14x12.jpg 14w\"\n                 sizes=\"auto, (max-width: 270px) 100vw, 270px\" alt=\"\" width=\"270\"\n                 height=\"230\"\/>\n        <\/figure>\n        <div class=\"directory-archive__card-content\">\n            <h3 class=\"directory-archive__card-title\">Docteure Mariam EL KHLOUFI &#8211; Psychologue clinicienne<\/h3>\n            <p class=\"directory-archive__card-excerpt\"><\/p>\n        <\/div>\n    <\/a>\n<\/div>                <\/li>\n                            <li class=\"directory-archive__list-item\">\n                    <div class=\"directory-archive__card\">\n    <a href=\"https:\/\/mairie-montataire.fr\/de\/annuaires\/sante\/dentiste\/docteure-rima-dubois\/\" class=\"directory-archive__card-link\">\n        <figure class=\"directory-archive__card-thumbnail-container\">\n                                                    <img loading=\"lazy\" decoding=\"async\" class=\"directory-archive__card-thumbnail\" src=\"https:\/\/mairie-montataire.fr\/app\/uploads\/2024\/07\/Dentitiste.jpg\" srcset=\"https:\/\/mairie-montataire.fr\/app\/uploads\/2024\/07\/Dentitiste.jpg 270w, https:\/\/mairie-montataire.fr\/app\/uploads\/2024\/07\/Dentitiste-14x12.jpg 14w\"\n                 sizes=\"auto, (max-width: 270px) 100vw, 270px\" alt=\"\" width=\"270\"\n                 height=\"230\"\/>\n        <\/figure>\n        <div class=\"directory-archive__card-content\">\n            <h3 class=\"directory-archive__card-title\">Docteure Rima DUBOIS<\/h3>\n            <p class=\"directory-archive__card-excerpt\"><\/p>\n        <\/div>\n    <\/a>\n<\/div>                <\/li>\n                            <li class=\"directory-archive__list-item\">\n                    <div class=\"directory-archive__card\">\n    <a href=\"https:\/\/mairie-montataire.fr\/de\/annuaires\/sante\/medecins-generalistes\/docteure-salima-bouhamida\/\" class=\"directory-archive__card-link\">\n        <figure class=\"directory-archive__card-thumbnail-container\">\n                                                    <img loading=\"lazy\" decoding=\"async\" class=\"directory-archive__card-thumbnail\" src=\"https:\/\/mairie-montataire.fr\/app\/uploads\/2024\/08\/Medecins.jpg\" srcset=\"https:\/\/mairie-montataire.fr\/app\/uploads\/2024\/08\/Medecins.jpg 270w, https:\/\/mairie-montataire.fr\/app\/uploads\/2024\/08\/Medecins-14x12.jpg 14w\"\n                 sizes=\"auto, (max-width: 270px) 100vw, 270px\" alt=\"\" width=\"270\"\n                 height=\"230\"\/>\n        <\/figure>\n        <div class=\"directory-archive__card-content\">\n            <h3 class=\"directory-archive__card-title\">Docteure Salima BOUHAMIDA<\/h3>\n            <p class=\"directory-archive__card-excerpt\"><\/p>\n        <\/div>\n    <\/a>\n<\/div>                <\/li>\n                            <li class=\"directory-archive__list-item\">\n                    <div class=\"directory-archive__card\">\n    <a href=\"https:\/\/mairie-montataire.fr\/de\/annuaires\/sante\/autres-professions-de-sante\/docteure-virginie-dambrinne-psychologue-clinicienne\/\" class=\"directory-archive__card-link\">\n        <figure class=\"directory-archive__card-thumbnail-container\">\n                                                    <img loading=\"lazy\" decoding=\"async\" class=\"directory-archive__card-thumbnail\" src=\"https:\/\/mairie-montataire.fr\/app\/uploads\/2024\/07\/AntresSante.jpg\" srcset=\"https:\/\/mairie-montataire.fr\/app\/uploads\/2024\/07\/AntresSante.jpg 270w, https:\/\/mairie-montataire.fr\/app\/uploads\/2024\/07\/AntresSante-14x12.jpg 14w\"\n                 sizes=\"auto, (max-width: 270px) 100vw, 270px\" alt=\"\" width=\"270\"\n                 height=\"230\"\/>\n        <\/figure>\n        <div class=\"directory-archive__card-content\">\n            <h3 class=\"directory-archive__card-title\">Docteure Virginie DAMBRINNE &#8211; Psychologue clinicienne<\/h3>\n            <p class=\"directory-archive__card-excerpt\"><\/p>\n        <\/div>\n    <\/a>\n<\/div>                <\/li>\n                            <li class=\"directory-archive__list-item\">\n                    <div class=\"directory-archive__card\">\n    <a href=\"https:\/\/mairie-montataire.fr\/de\/annuaires\/structures-sportives\/dojo-departemental-creil-sud-oise\/\" class=\"directory-archive__card-link\">\n        <figure class=\"directory-archive__card-thumbnail-container\">\n                                                    <img loading=\"lazy\" decoding=\"async\" class=\"directory-archive__card-thumbnail\" src=\"https:\/\/mairie-montataire.fr\/app\/uploads\/2024\/05\/default_thumbnail-montataire.png\" srcset=\"https:\/\/mairie-montataire.fr\/app\/uploads\/2024\/05\/default_thumbnail-montataire.png 466w, https:\/\/mairie-montataire.fr\/app\/uploads\/2024\/05\/default_thumbnail-montataire-300x215.png 300w\"\n                 sizes=\"auto, (max-width: 466px) 100vw, 466px\" alt=\"\" width=\"466\"\n                 height=\"334\"\/>\n        <\/figure>\n        <div class=\"directory-archive__card-content\">\n            <h3 class=\"directory-archive__card-title\">Dojo d\u00e9partemental Creil Sud Oise<\/h3>\n            <p class=\"directory-archive__card-excerpt\"><\/p>\n        <\/div>\n    <\/a>\n<\/div>                <\/li>\n                            <li class=\"directory-archive__list-item\">\n                    <div class=\"directory-archive__card\">\n    <a href=\"https:\/\/mairie-montataire.fr\/de\/annuaires\/structures-sportives\/dojo-marc-taildeman\/\" class=\"directory-archive__card-link\">\n        <figure class=\"directory-archive__card-thumbnail-container\">\n                                                    <img loading=\"lazy\" decoding=\"async\" class=\"directory-archive__card-thumbnail\" src=\"https:\/\/mairie-montataire.fr\/app\/uploads\/2024\/08\/2024-07-26_Dojo.jpg\" srcset=\"https:\/\/mairie-montataire.fr\/app\/uploads\/2024\/08\/2024-07-26_Dojo.jpg 270w, https:\/\/mairie-montataire.fr\/app\/uploads\/2024\/08\/2024-07-26_Dojo-14x12.jpg 14w\"\n                 sizes=\"auto, (max-width: 270px) 100vw, 270px\" alt=\"\" width=\"270\"\n                 height=\"230\"\/>\n        <\/figure>\n        <div class=\"directory-archive__card-content\">\n            <h3 class=\"directory-archive__card-title\">Dojo Marc Taildeman<\/h3>\n            <p class=\"directory-archive__card-excerpt\"><\/p>\n        <\/div>\n    <\/a>\n<\/div>                <\/li>\n                            <li class=\"directory-archive__list-item\">\n                    <div class=\"directory-archive__card\">\n    <a href=\"https:\/\/mairie-montataire.fr\/de\/annuaires\/associations\/jumelage-et-international\/echanges-franco-allemands\/\" class=\"directory-archive__card-link\">\n        <figure class=\"directory-archive__card-thumbnail-container\">\n                                                    <img loading=\"lazy\" decoding=\"async\" class=\"directory-archive__card-thumbnail\" src=\"https:\/\/mairie-montataire.fr\/app\/uploads\/2024\/08\/logo_EFA.jpg\" srcset=\"\"\n                 sizes=\"auto, (max-width: 270px) 100vw, 270px\" alt=\"\" width=\"270\"\n                 height=\"230\"\/>\n        <\/figure>\n        <div class=\"directory-archive__card-content\">\n            <h3 class=\"directory-archive__card-title\">\u00c9changes Franco-Allemands<\/h3>\n            <p class=\"directory-archive__card-excerpt\"><\/p>\n        <\/div>\n    <\/a>\n<\/div>                <\/li>\n                            <li class=\"directory-archive__list-item\">\n                    <div class=\"directory-archive__card\">\n    <a href=\"https:\/\/mairie-montataire.fr\/de\/annuaires\/enseignement\/ecoles\/ecole-elementaire-edmond-leveille\/\" class=\"directory-archive__card-link\">\n        <figure class=\"directory-archive__card-thumbnail-container\">\n                                                    <img loading=\"lazy\" decoding=\"async\" class=\"directory-archive__card-thumbnail\" src=\"https:\/\/mairie-montataire.fr\/app\/uploads\/2024\/08\/2024-08-13-Ecole-Edmond-Leveille-1.jpg\" srcset=\"https:\/\/mairie-montataire.fr\/app\/uploads\/2024\/08\/2024-08-13-Ecole-Edmond-Leveille-1.jpg 270w, https:\/\/mairie-montataire.fr\/app\/uploads\/2024\/08\/2024-08-13-Ecole-Edmond-Leveille-1-14x12.jpg 14w\"\n                 sizes=\"auto, (max-width: 270px) 100vw, 270px\" alt=\"\" width=\"270\"\n                 height=\"230\"\/>\n        <\/figure>\n        <div class=\"directory-archive__card-content\">\n            <h3 class=\"directory-archive__card-title\">\u00c9cole \u00e9l\u00e9mentaire Edmond L\u00e9veill\u00e9<\/h3>\n            <p class=\"directory-archive__card-excerpt\"><\/p>\n        <\/div>\n    <\/a>\n<\/div>                <\/li>\n                            <li class=\"directory-archive__list-item\">\n                    <div class=\"directory-archive__card\">\n    <a href=\"https:\/\/mairie-montataire.fr\/de\/annuaires\/enseignement\/ecoles\/ecole-elementaire-irene-frederic-joliot-curie\/\" class=\"directory-archive__card-link\">\n        <figure class=\"directory-archive__card-thumbnail-container\">\n                                                    <img loading=\"lazy\" decoding=\"async\" class=\"directory-archive__card-thumbnail\" src=\"https:\/\/mairie-montataire.fr\/app\/uploads\/2024\/08\/2024-07-26-Ecole-Joliot-Curie-1.jpg\" srcset=\"https:\/\/mairie-montataire.fr\/app\/uploads\/2024\/08\/2024-07-26-Ecole-Joliot-Curie-1.jpg 270w, https:\/\/mairie-montataire.fr\/app\/uploads\/2024\/08\/2024-07-26-Ecole-Joliot-Curie-1-14x12.jpg 14w\"\n                 sizes=\"auto, (max-width: 270px) 100vw, 270px\" alt=\"\" width=\"270\"\n                 height=\"230\"\/>\n        <\/figure>\n        <div class=\"directory-archive__card-content\">\n            <h3 class=\"directory-archive__card-title\">\u00c9cole \u00e9l\u00e9mentaire Ir\u00e8ne &#038; Fr\u00e9d\u00e9ric Joliot Curie<\/h3>\n            <p class=\"directory-archive__card-excerpt\"><\/p>\n        <\/div>\n    <\/a>\n<\/div>                <\/li>\n                            <li class=\"directory-archive__list-item\">\n                    <div class=\"directory-archive__card\">\n    <a href=\"https:\/\/mairie-montataire.fr\/de\/annuaires\/enseignement\/ecoles\/ecole-elementaire-jacques-decour\/\" class=\"directory-archive__card-link\">\n        <figure class=\"directory-archive__card-thumbnail-container\">\n                                                    <img loading=\"lazy\" decoding=\"async\" class=\"directory-archive__card-thumbnail\" src=\"https:\/\/mairie-montataire.fr\/app\/uploads\/2024\/08\/2024-07-17-Decour-elementaire-1.jpg\" srcset=\"https:\/\/mairie-montataire.fr\/app\/uploads\/2024\/08\/2024-07-17-Decour-elementaire-1.jpg 270w, https:\/\/mairie-montataire.fr\/app\/uploads\/2024\/08\/2024-07-17-Decour-elementaire-1-14x12.jpg 14w\"\n                 sizes=\"auto, (max-width: 270px) 100vw, 270px\" alt=\"\" width=\"270\"\n                 height=\"230\"\/>\n        <\/figure>\n        <div class=\"directory-archive__card-content\">\n            <h3 class=\"directory-archive__card-title\">\u00c9cole \u00e9l\u00e9mentaire Jacques Decour<\/h3>\n            <p class=\"directory-archive__card-excerpt\"><\/p>\n        <\/div>\n    <\/a>\n<\/div>                <\/li>\n                            <li class=\"directory-archive__list-item\">\n                    <div class=\"directory-archive__card\">\n    <a href=\"https:\/\/mairie-montataire.fr\/de\/annuaires\/enseignement\/ecoles\/ecole-elementaire-paul-langevin\/\" class=\"directory-archive__card-link\">\n        <figure class=\"directory-archive__card-thumbnail-container\">\n                                                    <img loading=\"lazy\" decoding=\"async\" class=\"directory-archive__card-thumbnail\" src=\"https:\/\/mairie-montataire.fr\/app\/uploads\/2024\/08\/2024-08-13-Ecole-Paul-Langevin-3.jpg\" srcset=\"https:\/\/mairie-montataire.fr\/app\/uploads\/2024\/08\/2024-08-13-Ecole-Paul-Langevin-3.jpg 270w, https:\/\/mairie-montataire.fr\/app\/uploads\/2024\/08\/2024-08-13-Ecole-Paul-Langevin-3-14x12.jpg 14w\"\n                 sizes=\"auto, (max-width: 270px) 100vw, 270px\" alt=\"\" width=\"270\"\n                 height=\"230\"\/>\n        <\/figure>\n        <div class=\"directory-archive__card-content\">\n            <h3 class=\"directory-archive__card-title\">\u00c9cole \u00e9l\u00e9mentaire Paul Langevin<\/h3>\n            <p class=\"directory-archive__card-excerpt\"><\/p>\n        <\/div>\n    <\/a>\n<\/div>                <\/li>\n                            <li class=\"directory-archive__list-item\">\n                    <div class=\"directory-archive__card\">\n    <a href=\"https:\/\/mairie-montataire.fr\/de\/annuaires\/enseignement\/ecoles\/ecole-henri-wallon\/\" class=\"directory-archive__card-link\">\n        <figure class=\"directory-archive__card-thumbnail-container\">\n                                                    <img loading=\"lazy\" decoding=\"async\" class=\"directory-archive__card-thumbnail\" src=\"https:\/\/mairie-montataire.fr\/app\/uploads\/2024\/08\/Ecole-Henri-Vallion-exterieur-4.jpg\" srcset=\"https:\/\/mairie-montataire.fr\/app\/uploads\/2024\/08\/Ecole-Henri-Vallion-exterieur-4.jpg 270w, https:\/\/mairie-montataire.fr\/app\/uploads\/2024\/08\/Ecole-Henri-Vallion-exterieur-4-14x12.jpg 14w\"\n                 sizes=\"auto, (max-width: 270px) 100vw, 270px\" alt=\"\" width=\"270\"\n                 height=\"230\"\/>\n        <\/figure>\n        <div class=\"directory-archive__card-content\">\n            <h3 class=\"directory-archive__card-title\">\u00c9cole maternelle Henri Wallon<\/h3>\n            <p class=\"directory-archive__card-excerpt\"><\/p>\n        <\/div>\n    <\/a>\n<\/div>                <\/li>\n                            <li class=\"directory-archive__list-item\">\n                    <div class=\"directory-archive__card\">\n    <a href=\"https:\/\/mairie-montataire.fr\/de\/annuaires\/enseignement\/ecoles\/ecole-maternelle-irene-frederic-joliot-curie\/\" class=\"directory-archive__card-link\">\n        <figure class=\"directory-archive__card-thumbnail-container\">\n                                                    <img loading=\"lazy\" decoding=\"async\" class=\"directory-archive__card-thumbnail\" src=\"https:\/\/mairie-montataire.fr\/app\/uploads\/2024\/08\/2024-07-26-Ecole-Joliot-Curie-1.jpg\" srcset=\"https:\/\/mairie-montataire.fr\/app\/uploads\/2024\/08\/2024-07-26-Ecole-Joliot-Curie-1.jpg 270w, https:\/\/mairie-montataire.fr\/app\/uploads\/2024\/08\/2024-07-26-Ecole-Joliot-Curie-1-14x12.jpg 14w\"\n                 sizes=\"auto, (max-width: 270px) 100vw, 270px\" alt=\"\" width=\"270\"\n                 height=\"230\"\/>\n        <\/figure>\n        <div class=\"directory-archive__card-content\">\n            <h3 class=\"directory-archive__card-title\">\u00c9cole maternelle Ir\u00e8ne &#038; Fr\u00e9d\u00e9ric Joliot Curie<\/h3>\n            <p class=\"directory-archive__card-excerpt\"><\/p>\n        <\/div>\n    <\/a>\n<\/div>                <\/li>\n                            <li class=\"directory-archive__list-item\">\n                    <div class=\"directory-archive__card\">\n    <a href=\"https:\/\/mairie-montataire.fr\/de\/annuaires\/enseignement\/ecoles\/ecole-maternelle-jacques-decour-i\/\" class=\"directory-archive__card-link\">\n        <figure class=\"directory-archive__card-thumbnail-container\">\n                                                    <img loading=\"lazy\" decoding=\"async\" class=\"directory-archive__card-thumbnail\" src=\"https:\/\/mairie-montataire.fr\/app\/uploads\/2024\/08\/2024-07-17-Decour-maternelle-2.jpg\" srcset=\"https:\/\/mairie-montataire.fr\/app\/uploads\/2024\/08\/2024-07-17-Decour-maternelle-2.jpg 270w, https:\/\/mairie-montataire.fr\/app\/uploads\/2024\/08\/2024-07-17-Decour-maternelle-2-14x12.jpg 14w\"\n                 sizes=\"auto, (max-width: 270px) 100vw, 270px\" alt=\"\" width=\"270\"\n                 height=\"230\"\/>\n        <\/figure>\n        <div class=\"directory-archive__card-content\">\n            <h3 class=\"directory-archive__card-title\">\u00c9cole maternelle Jacques Decour I<\/h3>\n            <p class=\"directory-archive__card-excerpt\"><\/p>\n        <\/div>\n    <\/a>\n<\/div>                <\/li>\n                            <li class=\"directory-archive__list-item\">\n                    <div class=\"directory-archive__card\">\n    <a href=\"https:\/\/mairie-montataire.fr\/de\/annuaires\/enseignement\/ecoles\/ecole-elementaire-jacques-decour-ii\/\" class=\"directory-archive__card-link\">\n        <figure class=\"directory-archive__card-thumbnail-container\">\n                                                    <img loading=\"lazy\" decoding=\"async\" class=\"directory-archive__card-thumbnail\" src=\"https:\/\/mairie-montataire.fr\/app\/uploads\/2024\/08\/2024-07-17-Decour-maternelle-2.jpg\" srcset=\"https:\/\/mairie-montataire.fr\/app\/uploads\/2024\/08\/2024-07-17-Decour-maternelle-2.jpg 270w, https:\/\/mairie-montataire.fr\/app\/uploads\/2024\/08\/2024-07-17-Decour-maternelle-2-14x12.jpg 14w\"\n                 sizes=\"auto, (max-width: 270px) 100vw, 270px\" alt=\"\" width=\"270\"\n                 height=\"230\"\/>\n        <\/figure>\n        <div class=\"directory-archive__card-content\">\n            <h3 class=\"directory-archive__card-title\">\u00c9cole maternelle Jacques Decour II<\/h3>\n            <p class=\"directory-archive__card-excerpt\"><\/p>\n        <\/div>\n    <\/a>\n<\/div>                <\/li>\n                            <li class=\"directory-archive__list-item\">\n                    <div class=\"directory-archive__card\">\n    <a href=\"https:\/\/mairie-montataire.fr\/de\/annuaires\/enseignement\/ecoles\/ecole-jean-mace\/\" class=\"directory-archive__card-link\">\n        <figure class=\"directory-archive__card-thumbnail-container\">\n                                                    <img loading=\"lazy\" decoding=\"async\" class=\"directory-archive__card-thumbnail\" src=\"https:\/\/mairie-montataire.fr\/app\/uploads\/2024\/07\/2024-09-03-Ecole-Jean-Mace.jpg\" srcset=\"https:\/\/mairie-montataire.fr\/app\/uploads\/2024\/07\/2024-09-03-Ecole-Jean-Mace.jpg 270w, https:\/\/mairie-montataire.fr\/app\/uploads\/2024\/07\/2024-09-03-Ecole-Jean-Mace-14x12.jpg 14w\"\n                 sizes=\"auto, (max-width: 270px) 100vw, 270px\" alt=\"\" width=\"270\"\n                 height=\"230\"\/>\n        <\/figure>\n        <div class=\"directory-archive__card-content\">\n            <h3 class=\"directory-archive__card-title\">\u00c9cole maternelle Jean Mac\u00e9<\/h3>\n            <p class=\"directory-archive__card-excerpt\"><\/p>\n        <\/div>\n    <\/a>\n<\/div>                <\/li>\n                            <li class=\"directory-archive__list-item\">\n                    <div class=\"directory-archive__card\">\n    <a href=\"https:\/\/mairie-montataire.fr\/de\/annuaires\/enseignement\/ecoles\/ecole-maternelle-paul-langevin\/\" class=\"directory-archive__card-link\">\n        <figure class=\"directory-archive__card-thumbnail-container\">\n                                                    <img loading=\"lazy\" decoding=\"async\" class=\"directory-archive__card-thumbnail\" src=\"https:\/\/mairie-montataire.fr\/app\/uploads\/2024\/08\/2024-08-13-Ecole-Paul-Langevin-3.jpg\" srcset=\"https:\/\/mairie-montataire.fr\/app\/uploads\/2024\/08\/2024-08-13-Ecole-Paul-Langevin-3.jpg 270w, https:\/\/mairie-montataire.fr\/app\/uploads\/2024\/08\/2024-08-13-Ecole-Paul-Langevin-3-14x12.jpg 14w\"\n                 sizes=\"auto, (max-width: 270px) 100vw, 270px\" alt=\"\" width=\"270\"\n                 height=\"230\"\/>\n        <\/figure>\n        <div class=\"directory-archive__card-content\">\n            <h3 class=\"directory-archive__card-title\">\u00c9cole maternelle Paul Langevin<\/h3>\n            <p class=\"directory-archive__card-excerpt\"><\/p>\n        <\/div>\n    <\/a>\n<\/div>                <\/li>\n                            <li class=\"directory-archive__list-item\">\n                    <div class=\"directory-archive__card\">\n    <a href=\"https:\/\/mairie-montataire.fr\/de\/annuaires\/enseignement\/ecoles\/ecole-primaire-daniele-casanova\/\" class=\"directory-archive__card-link\">\n        <figure class=\"directory-archive__card-thumbnail-container\">\n                                                    <img loading=\"lazy\" decoding=\"async\" class=\"directory-archive__card-thumbnail\" src=\"https:\/\/mairie-montataire.fr\/app\/uploads\/2024\/08\/Ecole-Daniele-Casanova-3.jpg\" srcset=\"https:\/\/mairie-montataire.fr\/app\/uploads\/2024\/08\/Ecole-Daniele-Casanova-3.jpg 270w, https:\/\/mairie-montataire.fr\/app\/uploads\/2024\/08\/Ecole-Daniele-Casanova-3-14x12.jpg 14w\"\n                 sizes=\"auto, (max-width: 270px) 100vw, 270px\" alt=\"\" width=\"270\"\n                 height=\"230\"\/>\n        <\/figure>\n        <div class=\"directory-archive__card-content\">\n            <h3 class=\"directory-archive__card-title\">\u00c9cole primaire Dani\u00e8le Casanova<\/h3>\n            <p class=\"directory-archive__card-excerpt\"><\/p>\n        <\/div>\n    <\/a>\n<\/div>                <\/li>\n                            <li class=\"directory-archive__list-item\">\n                    <div class=\"directory-archive__card\">\n    <a href=\"https:\/\/mairie-montataire.fr\/de\/annuaires\/enseignement\/ecoles\/jean-jaures\/\" class=\"directory-archive__card-link\">\n        <figure class=\"directory-archive__card-thumbnail-container\">\n                                                    <img loading=\"lazy\" decoding=\"async\" class=\"directory-archive__card-thumbnail\" src=\"https:\/\/mairie-montataire.fr\/app\/uploads\/2024\/08\/2024-08-13-Ecole-Jean-Jaures-1.jpg\" srcset=\"https:\/\/mairie-montataire.fr\/app\/uploads\/2024\/08\/2024-08-13-Ecole-Jean-Jaures-1.jpg 270w, https:\/\/mairie-montataire.fr\/app\/uploads\/2024\/08\/2024-08-13-Ecole-Jean-Jaures-1-14x12.jpg 14w\"\n                 sizes=\"auto, (max-width: 270px) 100vw, 270px\" alt=\"\" width=\"270\"\n                 height=\"230\"\/>\n        <\/figure>\n        <div class=\"directory-archive__card-content\">\n            <h3 class=\"directory-archive__card-title\">\u00c9cole primaire Jean Jaur\u00e8s<\/h3>\n            <p class=\"directory-archive__card-excerpt\"><\/p>\n        <\/div>\n    <\/a>\n<\/div>                <\/li>\n                            <li class=\"directory-archive__list-item\">\n                    <div class=\"directory-archive__card\">\n    <a href=\"https:\/\/mairie-montataire.fr\/de\/annuaires\/enseignement\/ecoles\/ecole-primaire-maurice-lucie-bambier\/\" class=\"directory-archive__card-link\">\n        <figure class=\"directory-archive__card-thumbnail-container\">\n                                                    <img loading=\"lazy\" decoding=\"async\" class=\"directory-archive__card-thumbnail\" src=\"https:\/\/mairie-montataire.fr\/app\/uploads\/2024\/08\/2024-07-17-Bambier-6.jpg\" srcset=\"https:\/\/mairie-montataire.fr\/app\/uploads\/2024\/08\/2024-07-17-Bambier-6.jpg 270w, https:\/\/mairie-montataire.fr\/app\/uploads\/2024\/08\/2024-07-17-Bambier-6-14x12.jpg 14w\"\n                 sizes=\"auto, (max-width: 270px) 100vw, 270px\" alt=\"\" width=\"270\"\n                 height=\"230\"\/>\n        <\/figure>\n        <div class=\"directory-archive__card-content\">\n            <h3 class=\"directory-archive__card-title\">\u00c9cole primaire Maurice &#038; Lucie Bambier<\/h3>\n            <p class=\"directory-archive__card-excerpt\"><\/p>\n        <\/div>\n    <\/a>\n<\/div>                <\/li>\n                            <li class=\"directory-archive__list-item\">\n                    <div class=\"directory-archive__card\">\n    <a href=\"https:\/\/mairie-montataire.fr\/de\/annuaires\/associations\/jeunesse-education-et-insertion\/ejcm\/\" class=\"directory-archive__card-link\">\n        <figure class=\"directory-archive__card-thumbnail-container\">\n                                                    <img loading=\"lazy\" decoding=\"async\" class=\"directory-archive__card-thumbnail\" src=\"https:\/\/mairie-montataire.fr\/app\/uploads\/2025\/10\/Logo_AEJCM.jpg\" srcset=\"https:\/\/mairie-montataire.fr\/app\/uploads\/2025\/10\/Logo_AEJCM.jpg 714w, https:\/\/mairie-montataire.fr\/app\/uploads\/2025\/10\/Logo_AEJCM-300x300.jpg 300w, https:\/\/mairie-montataire.fr\/app\/uploads\/2025\/10\/Logo_AEJCM-150x150.jpg 150w, https:\/\/mairie-montataire.fr\/app\/uploads\/2025\/10\/Logo_AEJCM-12x12.jpg 12w\"\n                 sizes=\"auto, (max-width: 714px) 100vw, 714px\" alt=\"\" width=\"714\"\n                 height=\"714\"\/>\n        <\/figure>\n        <div class=\"directory-archive__card-content\">\n            <h3 class=\"directory-archive__card-title\">ejcm<\/h3>\n            <p class=\"directory-archive__card-excerpt\"><\/p>\n        <\/div>\n    <\/a>\n<\/div>                <\/li>\n                            <li class=\"directory-archive__list-item\">\n                    <div class=\"directory-archive__card\">\n    <a href=\"https:\/\/mairie-montataire.fr\/de\/annuaires\/associations\/culture-et-loisirs\/ensemble-solidaires-union-nationale-des-retraites-et-des-personnes-agees-unrpa\/\" class=\"directory-archive__card-link\">\n        <figure class=\"directory-archive__card-thumbnail-container\">\n                                                    <img loading=\"lazy\" decoding=\"async\" class=\"directory-archive__card-thumbnail\" src=\"https:\/\/mairie-montataire.fr\/app\/uploads\/2024\/08\/Logo_UNRPA.jpg\" srcset=\"\"\n                 sizes=\"auto, (max-width: 270px) 100vw, 270px\" alt=\"\" width=\"270\"\n                 height=\"230\"\/>\n        <\/figure>\n        <div class=\"directory-archive__card-content\">\n            <h3 class=\"directory-archive__card-title\">Ensemble &#038; Solidaires &#8211; Union Nationale des Retrait\u00e9s et des personnes \u00c2g\u00e9es (UNRPA)<\/h3>\n            <p class=\"directory-archive__card-excerpt\"><\/p>\n        <\/div>\n    <\/a>\n<\/div>                <\/li>\n                            <li class=\"directory-archive__list-item\">\n                    <div class=\"directory-archive__card\">\n    <a href=\"https:\/\/mairie-montataire.fr\/de\/annuaires\/location-de-salles\/espace-de-rencontres\/\" class=\"directory-archive__card-link\">\n        <figure class=\"directory-archive__card-thumbnail-container\">\n                                                    <img loading=\"lazy\" decoding=\"async\" class=\"directory-archive__card-thumbnail\" src=\"https:\/\/mairie-montataire.fr\/app\/uploads\/2024\/07\/Annuaire_EspaceRencontres2.jpg\" srcset=\"https:\/\/mairie-montataire.fr\/app\/uploads\/2024\/07\/Annuaire_EspaceRencontres2.jpg 270w, https:\/\/mairie-montataire.fr\/app\/uploads\/2024\/07\/Annuaire_EspaceRencontres2-14x12.jpg 14w\"\n                 sizes=\"auto, (max-width: 270px) 100vw, 270px\" alt=\"\" width=\"270\"\n                 height=\"230\"\/>\n        <\/figure>\n        <div class=\"directory-archive__card-content\">\n            <h3 class=\"directory-archive__card-title\">Espace de Rencontres<\/h3>\n            <p class=\"directory-archive__card-excerpt\"><\/p>\n        <\/div>\n    <\/a>\n<\/div>                <\/li>\n                            <li class=\"directory-archive__list-item\">\n                    <div class=\"directory-archive__card\">\n    <a href=\"https:\/\/mairie-montataire.fr\/de\/annuaires\/services-municipaux\/dcsdt\/espace-huberte-dhoker\/\" class=\"directory-archive__card-link\">\n        <figure class=\"directory-archive__card-thumbnail-container\">\n                                                    <img loading=\"lazy\" decoding=\"async\" class=\"directory-archive__card-thumbnail\" src=\"https:\/\/mairie-montataire.fr\/app\/uploads\/2024\/08\/Logo_EHH.jpg\" srcset=\"https:\/\/mairie-montataire.fr\/app\/uploads\/2024\/08\/Logo_EHH.jpg 270w, https:\/\/mairie-montataire.fr\/app\/uploads\/2024\/08\/Logo_EHH-14x12.jpg 14w\"\n                 sizes=\"auto, (max-width: 270px) 100vw, 270px\" alt=\"\" width=\"270\"\n                 height=\"230\"\/>\n        <\/figure>\n        <div class=\"directory-archive__card-content\">\n            <h3 class=\"directory-archive__card-title\">Espace Huberte d&rsquo;Hoker<\/h3>\n            <p class=\"directory-archive__card-excerpt\"><\/p>\n        <\/div>\n    <\/a>\n<\/div>                <\/li>\n                            <li class=\"directory-archive__list-item\">\n                    <div class=\"directory-archive__card\">\n    <a href=\"https:\/\/mairie-montataire.fr\/de\/annuaires\/associations\/sport\/esperance-municipale-de-montataire\/\" class=\"directory-archive__card-link\">\n        <figure class=\"directory-archive__card-thumbnail-container\">\n                                                    <img loading=\"lazy\" decoding=\"async\" class=\"directory-archive__card-thumbnail\" src=\"https:\/\/mairie-montataire.fr\/app\/uploads\/2024\/08\/Logo_EMM.jpg\" srcset=\"\"\n                 sizes=\"auto, (max-width: 270px) 100vw, 270px\" alt=\"\" width=\"270\"\n                 height=\"230\"\/>\n        <\/figure>\n        <div class=\"directory-archive__card-content\">\n            <h3 class=\"directory-archive__card-title\">Esp\u00e9rance Municipale de Montataire<\/h3>\n            <p class=\"directory-archive__card-excerpt\"><\/p>\n        <\/div>\n    <\/a>\n<\/div>                <\/li>\n                            <li class=\"directory-archive__list-item\">\n                    <div class=\"directory-archive__card\">\n    <a href=\"https:\/\/mairie-montataire.fr\/de\/annuaires\/associations\/jeunesse-education-et-insertion\/fcpe-anatole-france\/\" class=\"directory-archive__card-link\">\n        <figure class=\"directory-archive__card-thumbnail-container\">\n                                                    <img loading=\"lazy\" decoding=\"async\" class=\"directory-archive__card-thumbnail\" src=\"https:\/\/mairie-montataire.fr\/app\/uploads\/2024\/08\/Logo_FCPE.jpg\" srcset=\"\"\n                 sizes=\"auto, (max-width: 270px) 100vw, 270px\" alt=\"\" width=\"270\"\n                 height=\"230\"\/>\n        <\/figure>\n        <div class=\"directory-archive__card-content\">\n            <h3 class=\"directory-archive__card-title\">FCPE Anatole France<\/h3>\n            <p class=\"directory-archive__card-excerpt\"><\/p>\n        <\/div>\n    <\/a>\n<\/div>                <\/li>\n                            <li class=\"directory-archive__list-item\">\n                    <div class=\"directory-archive__card\">\n    <a href=\"https:\/\/mairie-montataire.fr\/de\/annuaires\/associations\/jeunesse-education-et-insertion\/fcpe-andre-malraux\/\" class=\"directory-archive__card-link\">\n        <figure class=\"directory-archive__card-thumbnail-container\">\n                                                    <img loading=\"lazy\" decoding=\"async\" class=\"directory-archive__card-thumbnail\" src=\"https:\/\/mairie-montataire.fr\/app\/uploads\/2024\/08\/Logo_FCPE.jpg\" srcset=\"\"\n                 sizes=\"auto, (max-width: 270px) 100vw, 270px\" alt=\"\" width=\"270\"\n                 height=\"230\"\/>\n        <\/figure>\n        <div class=\"directory-archive__card-content\">\n            <h3 class=\"directory-archive__card-title\">FCPE Andr\u00e9 Malraux<\/h3>\n            <p class=\"directory-archive__card-excerpt\"><\/p>\n        <\/div>\n    <\/a>\n<\/div>                <\/li>\n                            <li class=\"directory-archive__list-item\">\n                    <div class=\"directory-archive__card\">\n    <a href=\"https:\/\/mairie-montataire.fr\/de\/annuaires\/associations\/memoire-et-patrimoine\/federation-nationale-des-anciens-combattants-en-algerie-tunisie-maroc-fnaca\/\" class=\"directory-archive__card-link\">\n        <figure class=\"directory-archive__card-thumbnail-container\">\n                                                    <img loading=\"lazy\" decoding=\"async\" class=\"directory-archive__card-thumbnail\" src=\"https:\/\/mairie-montataire.fr\/app\/uploads\/2024\/08\/Logo_Fnaca.jpg\" srcset=\"\"\n                 sizes=\"auto, (max-width: 270px) 100vw, 270px\" alt=\"\" width=\"270\"\n                 height=\"230\"\/>\n        <\/figure>\n        <div class=\"directory-archive__card-content\">\n            <h3 class=\"directory-archive__card-title\">F\u00e9d\u00e9ration Nationale des Anciens Combattants en Alg\u00e9rie, Tunisie, Maroc (FNACA)<\/h3>\n            <p class=\"directory-archive__card-excerpt\"><\/p>\n        <\/div>\n    <\/a>\n<\/div>                <\/li>\n                            <li class=\"directory-archive__list-item\">\n                    <div class=\"directory-archive__card\">\n    <a href=\"https:\/\/mairie-montataire.fr\/de\/annuaires\/associations\/memoire-et-patrimoine\/federation-nationale-des-deportes-internes-resistants-et-patriotes-fndirp-oise\/\" class=\"directory-archive__card-link\">\n        <figure class=\"directory-archive__card-thumbnail-container\">\n                                                    <img loading=\"lazy\" decoding=\"async\" class=\"directory-archive__card-thumbnail\" src=\"https:\/\/mairie-montataire.fr\/app\/uploads\/2024\/08\/Logo_FNDIRP.jpg\" srcset=\"\"\n                 sizes=\"auto, (max-width: 270px) 100vw, 270px\" alt=\"\" width=\"270\"\n                 height=\"230\"\/>\n        <\/figure>\n        <div class=\"directory-archive__card-content\">\n            <h3 class=\"directory-archive__card-title\">F\u00e9d\u00e9ration Nationale des D\u00e9port\u00e9s, Intern\u00e9s, R\u00e9sistants et Patriotes (FNDIRP) &#8211; Oise<\/h3>\n            <p class=\"directory-archive__card-excerpt\"><\/p>\n        <\/div>\n    <\/a>\n<\/div>                <\/li>\n                            <li class=\"directory-archive__list-item\">\n                    <div class=\"directory-archive__card\">\n    <a href=\"https:\/\/mairie-montataire.fr\/de\/annuaires\/associations\/solidarite\/femmes-solidaires\/\" class=\"directory-archive__card-link\">\n        <figure class=\"directory-archive__card-thumbnail-container\">\n                                                    <img loading=\"lazy\" decoding=\"async\" class=\"directory-archive__card-thumbnail\" src=\"https:\/\/mairie-montataire.fr\/app\/uploads\/2024\/08\/Logo_FemmesSolidaires.jpg\" srcset=\"\"\n                 sizes=\"auto, (max-width: 270px) 100vw, 270px\" alt=\"\" width=\"270\"\n                 height=\"230\"\/>\n        <\/figure>\n        <div class=\"directory-archive__card-content\">\n            <h3 class=\"directory-archive__card-title\">Femmes Solidaires<\/h3>\n            <p class=\"directory-archive__card-excerpt\"><\/p>\n        <\/div>\n    <\/a>\n<\/div>                <\/li>\n                            <li class=\"directory-archive__list-item\">\n                    <div class=\"directory-archive__card\">\n    <a href=\"https:\/\/mairie-montataire.fr\/de\/annuaires\/associations\/jumelage-et-international\/gabon-solidarite-de-france\/\" class=\"directory-archive__card-link\">\n        <figure class=\"directory-archive__card-thumbnail-container\">\n                                                    <img loading=\"lazy\" decoding=\"async\" class=\"directory-archive__card-thumbnail\" src=\"https:\/\/mairie-montataire.fr\/app\/uploads\/2024\/08\/Logo_GabonSolidariteFrance.jpg\" srcset=\"\"\n                 sizes=\"auto, (max-width: 270px) 100vw, 270px\" alt=\"\" width=\"270\"\n                 height=\"230\"\/>\n        <\/figure>\n        <div class=\"directory-archive__card-content\">\n            <h3 class=\"directory-archive__card-title\">Gabon Solidarit\u00e9 de France<\/h3>\n            <p class=\"directory-archive__card-excerpt\"><\/p>\n        <\/div>\n    <\/a>\n<\/div>                <\/li>\n                            <li class=\"directory-archive__list-item\">\n                    <div class=\"directory-archive__card\">\n    <a href=\"https:\/\/mairie-montataire.fr\/de\/annuaires\/sante\/structures-sante\/groupe-medical-marfan\/\" class=\"directory-archive__card-link\">\n        <figure class=\"directory-archive__card-thumbnail-container\">\n                                                    <img loading=\"lazy\" decoding=\"async\" class=\"directory-archive__card-thumbnail\" src=\"https:\/\/mairie-montataire.fr\/app\/uploads\/2024\/08\/StructuresSante.jpg\" srcset=\"https:\/\/mairie-montataire.fr\/app\/uploads\/2024\/08\/StructuresSante.jpg 270w, https:\/\/mairie-montataire.fr\/app\/uploads\/2024\/08\/StructuresSante-14x12.jpg 14w\"\n                 sizes=\"auto, (max-width: 270px) 100vw, 270px\" alt=\"\" width=\"270\"\n                 height=\"230\"\/>\n        <\/figure>\n        <div class=\"directory-archive__card-content\">\n            <h3 class=\"directory-archive__card-title\">Groupe m\u00e9dical Marfan<\/h3>\n            <p class=\"directory-archive__card-excerpt\"><\/p>\n        <\/div>\n    <\/a>\n<\/div>                <\/li>\n                            <li class=\"directory-archive__list-item\">\n                    <div class=\"directory-archive__card\">\n    <a href=\"https:\/\/mairie-montataire.fr\/de\/annuaires\/structures-sportives\/gymnase-michel-bouchoux\/\" class=\"directory-archive__card-link\">\n        <figure class=\"directory-archive__card-thumbnail-container\">\n                                                    <img loading=\"lazy\" decoding=\"async\" class=\"directory-archive__card-thumbnail\" src=\"https:\/\/mairie-montataire.fr\/app\/uploads\/2024\/08\/Bouchoux-2.jpg\" srcset=\"https:\/\/mairie-montataire.fr\/app\/uploads\/2024\/08\/Bouchoux-2.jpg 270w, https:\/\/mairie-montataire.fr\/app\/uploads\/2024\/08\/Bouchoux-2-14x12.jpg 14w\"\n                 sizes=\"auto, (max-width: 270px) 100vw, 270px\" alt=\"\" width=\"270\"\n                 height=\"230\"\/>\n        <\/figure>\n        <div class=\"directory-archive__card-content\">\n            <h3 class=\"directory-archive__card-title\">Gymnase Michel Bouchoux<\/h3>\n            <p class=\"directory-archive__card-excerpt\"><\/p>\n        <\/div>\n    <\/a>\n<\/div>                <\/li>\n                            <li class=\"directory-archive__list-item\">\n                    <div class=\"directory-archive__card\">\n    <a href=\"https:\/\/mairie-montataire.fr\/de\/annuaires\/structures-sportives\/gymnase-paul-langevin\/\" class=\"directory-archive__card-link\">\n        <figure class=\"directory-archive__card-thumbnail-container\">\n                                                    <img loading=\"lazy\" decoding=\"async\" class=\"directory-archive__card-thumbnail\" src=\"https:\/\/mairie-montataire.fr\/app\/uploads\/2024\/07\/Gymnase-Paul-Langevin.jpg\" srcset=\"https:\/\/mairie-montataire.fr\/app\/uploads\/2024\/07\/Gymnase-Paul-Langevin.jpg 270w, https:\/\/mairie-montataire.fr\/app\/uploads\/2024\/07\/Gymnase-Paul-Langevin-14x12.jpg 14w\"\n                 sizes=\"auto, (max-width: 270px) 100vw, 270px\" alt=\"\" width=\"270\"\n                 height=\"230\"\/>\n        <\/figure>\n        <div class=\"directory-archive__card-content\">\n            <h3 class=\"directory-archive__card-title\">Gymnase Paul Langevin<\/h3>\n            <p class=\"directory-archive__card-excerpt\"><\/p>\n        <\/div>\n    <\/a>\n<\/div>                <\/li>\n                            <li class=\"directory-archive__list-item\">\n                    <div class=\"directory-archive__card\">\n    <a href=\"https:\/\/mairie-montataire.fr\/de\/annuaires\/associations\/culture-et-loisirs\/harmonie-municipale-de-montataire\/\" class=\"directory-archive__card-link\">\n        <figure class=\"directory-archive__card-thumbnail-container\">\n                                                    <img loading=\"lazy\" decoding=\"async\" class=\"directory-archive__card-thumbnail\" src=\"https:\/\/mairie-montataire.fr\/app\/uploads\/2024\/08\/Logo_HarmonieMunicipale.jpg\" srcset=\"\"\n                 sizes=\"auto, (max-width: 270px) 100vw, 270px\" alt=\"\" width=\"270\"\n                 height=\"230\"\/>\n        <\/figure>\n        <div class=\"directory-archive__card-content\">\n            <h3 class=\"directory-archive__card-title\">Harmonie Municipale de Montataire<\/h3>\n            <p class=\"directory-archive__card-excerpt\"><\/p>\n        <\/div>\n    <\/a>\n<\/div>                <\/li>\n                            <li class=\"directory-archive__list-item\">\n                    <div class=\"directory-archive__card\">\n    <a href=\"https:\/\/mairie-montataire.fr\/de\/annuaires\/associations\/solidarite\/hygie\/\" class=\"directory-archive__card-link\">\n        <figure class=\"directory-archive__card-thumbnail-container\">\n                                                    <img loading=\"lazy\" decoding=\"async\" class=\"directory-archive__card-thumbnail\" src=\"https:\/\/mairie-montataire.fr\/app\/uploads\/2024\/08\/Logo_HYGIE.jpg\" srcset=\"\"\n                 sizes=\"auto, (max-width: 270px) 100vw, 270px\" alt=\"\" width=\"270\"\n                 height=\"230\"\/>\n        <\/figure>\n        <div class=\"directory-archive__card-content\">\n            <h3 class=\"directory-archive__card-title\">HYGIE<\/h3>\n            <p class=\"directory-archive__card-excerpt\"><\/p>\n        <\/div>\n    <\/a>\n<\/div>                <\/li>\n                            <li class=\"directory-archive__list-item\">\n                    <div class=\"directory-archive__card\">\n    <a href=\"https:\/\/mairie-montataire.fr\/de\/annuaires\/associations\/jeunesse-education-et-insertion\/jadinsert\/\" class=\"directory-archive__card-link\">\n        <figure class=\"directory-archive__card-thumbnail-container\">\n                                                    <img loading=\"lazy\" decoding=\"async\" class=\"directory-archive__card-thumbnail\" src=\"https:\/\/mairie-montataire.fr\/app\/uploads\/2024\/08\/Logo_JADEInsert.jpg\" srcset=\"\"\n                 sizes=\"auto, (max-width: 270px) 100vw, 270px\" alt=\"\" width=\"270\"\n                 height=\"230\"\/>\n        <\/figure>\n        <div class=\"directory-archive__card-content\">\n            <h3 class=\"directory-archive__card-title\">JAD&rsquo;INSERT<\/h3>\n            <p class=\"directory-archive__card-excerpt\"><\/p>\n        <\/div>\n    <\/a>\n<\/div>                <\/li>\n                            <li class=\"directory-archive__list-item\">\n                    <div class=\"directory-archive__card\">\n    <a href=\"https:\/\/mairie-montataire.fr\/de\/annuaires\/associations\/jeunesse-education-et-insertion\/jade\/\" class=\"directory-archive__card-link\">\n        <figure class=\"directory-archive__card-thumbnail-container\">\n                                                    <img loading=\"lazy\" decoding=\"async\" class=\"directory-archive__card-thumbnail\" src=\"https:\/\/mairie-montataire.fr\/app\/uploads\/2024\/08\/Logo_JADE.jpg\" srcset=\"\"\n                 sizes=\"auto, (max-width: 270px) 100vw, 270px\" alt=\"\" width=\"270\"\n                 height=\"230\"\/>\n        <\/figure>\n        <div class=\"directory-archive__card-content\">\n            <h3 class=\"directory-archive__card-title\">JADE<\/h3>\n            <p class=\"directory-archive__card-excerpt\"><\/p>\n        <\/div>\n    <\/a>\n<\/div>                <\/li>\n                            <li class=\"directory-archive__list-item\">\n                    <div class=\"directory-archive__card\">\n    <a href=\"https:\/\/mairie-montataire.fr\/de\/annuaires\/associations\/sport\/lamicale-sportive-des-sapeurs-pompiers-de-montataire\/\" class=\"directory-archive__card-link\">\n        <figure class=\"directory-archive__card-thumbnail-container\">\n                                                    <img loading=\"lazy\" decoding=\"async\" class=\"directory-archive__card-thumbnail\" src=\"https:\/\/mairie-montataire.fr\/app\/uploads\/2024\/05\/default_thumbnail-montataire.png\" srcset=\"https:\/\/mairie-montataire.fr\/app\/uploads\/2024\/05\/default_thumbnail-montataire.png 466w, https:\/\/mairie-montataire.fr\/app\/uploads\/2024\/05\/default_thumbnail-montataire-300x215.png 300w\"\n                 sizes=\"auto, (max-width: 466px) 100vw, 466px\" alt=\"\" width=\"466\"\n                 height=\"334\"\/>\n        <\/figure>\n        <div class=\"directory-archive__card-content\">\n            <h3 class=\"directory-archive__card-title\">L&rsquo;amicale sportive des sapeurs pompiers de Montataire<\/h3>\n            <p class=\"directory-archive__card-excerpt\"><\/p>\n        <\/div>\n    <\/a>\n<\/div>                <\/li>\n                            <li class=\"directory-archive__list-item\">\n                    <div class=\"directory-archive__card\">\n    <a href=\"https:\/\/mairie-montataire.fr\/de\/annuaires\/associations\/culture-et-loisirs\/lasso-fro\/\" class=\"directory-archive__card-link\">\n        <figure class=\"directory-archive__card-thumbnail-container\">\n                                                    <img loading=\"lazy\" decoding=\"async\" class=\"directory-archive__card-thumbnail\" src=\"https:\/\/mairie-montataire.fr\/app\/uploads\/2024\/05\/default_thumbnail-montataire.png\" srcset=\"https:\/\/mairie-montataire.fr\/app\/uploads\/2024\/05\/default_thumbnail-montataire.png 466w, https:\/\/mairie-montataire.fr\/app\/uploads\/2024\/05\/default_thumbnail-montataire-300x215.png 300w\"\n                 sizes=\"auto, (max-width: 466px) 100vw, 466px\" alt=\"\" width=\"466\"\n                 height=\"334\"\/>\n        <\/figure>\n        <div class=\"directory-archive__card-content\">\n            <h3 class=\"directory-archive__card-title\">L&rsquo;asso Fr\u00f4<\/h3>\n            <p class=\"directory-archive__card-excerpt\"><\/p>\n        <\/div>\n    <\/a>\n<\/div>                <\/li>\n                            <li class=\"directory-archive__list-item\">\n                    <div class=\"directory-archive__card\">\n    <a href=\"https:\/\/mairie-montataire.fr\/de\/annuaires\/associations\/environnement-et-nature\/letoile-du-chat\/\" class=\"directory-archive__card-link\">\n        <figure class=\"directory-archive__card-thumbnail-container\">\n                                                    <img loading=\"lazy\" decoding=\"async\" class=\"directory-archive__card-thumbnail\" src=\"https:\/\/mairie-montataire.fr\/app\/uploads\/2024\/08\/Logo_LEtoileDuChat.jpg\" srcset=\"\"\n                 sizes=\"auto, (max-width: 270px) 100vw, 270px\" alt=\"\" width=\"270\"\n                 height=\"230\"\/>\n        <\/figure>\n        <div class=\"directory-archive__card-content\">\n            <h3 class=\"directory-archive__card-title\">L&rsquo;\u00e9toile du chat<\/h3>\n            <p class=\"directory-archive__card-excerpt\"><\/p>\n        <\/div>\n    <\/a>\n<\/div>                <\/li>\n                            <li class=\"directory-archive__list-item\">\n                    <div class=\"directory-archive__card\">\n    <a href=\"https:\/\/mairie-montataire.fr\/de\/annuaires\/associations\/solidarite\/le-clos-du-nid-de-loise-univi-handicap\/\" class=\"directory-archive__card-link\">\n        <figure class=\"directory-archive__card-thumbnail-container\">\n                                                    <img loading=\"lazy\" decoding=\"async\" class=\"directory-archive__card-thumbnail\" src=\"https:\/\/mairie-montataire.fr\/app\/uploads\/2024\/08\/Logo_LeClosDuNid.jpg\" srcset=\"\"\n                 sizes=\"auto, (max-width: 270px) 100vw, 270px\" alt=\"\" width=\"270\"\n                 height=\"230\"\/>\n        <\/figure>\n        <div class=\"directory-archive__card-content\">\n            <h3 class=\"directory-archive__card-title\">Le Clos du Nid de l&rsquo;Oise &#8211; UNIVI Handicap<\/h3>\n            <p class=\"directory-archive__card-excerpt\"><\/p>\n        <\/div>\n    <\/a>\n<\/div>                <\/li>\n                            <li class=\"directory-archive__list-item\">\n                    <div class=\"directory-archive__card\">\n    <a href=\"https:\/\/mairie-montataire.fr\/de\/annuaires\/associations\/vie-locale\/le-marche-de-montataire\/\" class=\"directory-archive__card-link\">\n        <figure class=\"directory-archive__card-thumbnail-container\">\n                                                    <img loading=\"lazy\" decoding=\"async\" class=\"directory-archive__card-thumbnail\" src=\"https:\/\/mairie-montataire.fr\/app\/uploads\/2024\/08\/Logo_MarcheDeMontataire.jpg\" srcset=\"\"\n                 sizes=\"auto, (max-width: 270px) 100vw, 270px\" alt=\"\" width=\"270\"\n                 height=\"230\"\/>\n        <\/figure>\n        <div class=\"directory-archive__card-content\">\n            <h3 class=\"directory-archive__card-title\">Le march\u00e9 de Montataire<\/h3>\n            <p class=\"directory-archive__card-excerpt\"><\/p>\n        <\/div>\n    <\/a>\n<\/div>                <\/li>\n                            <li class=\"directory-archive__list-item\">\n                    <div class=\"directory-archive__card\">\n    <a href=\"https:\/\/mairie-montataire.fr\/de\/annuaires\/services-municipaux\/dcsdt\/service-culturel-le-palace\/\" class=\"directory-archive__card-link\">\n        <figure class=\"directory-archive__card-thumbnail-container\">\n                                                    <img loading=\"lazy\" decoding=\"async\" class=\"directory-archive__card-thumbnail\" src=\"https:\/\/mairie-montataire.fr\/app\/uploads\/2024\/08\/Logo_Palace.jpg\" srcset=\"https:\/\/mairie-montataire.fr\/app\/uploads\/2024\/08\/Logo_Palace.jpg 270w, https:\/\/mairie-montataire.fr\/app\/uploads\/2024\/08\/Logo_Palace-14x12.jpg 14w\"\n                 sizes=\"auto, (max-width: 270px) 100vw, 270px\" alt=\"\" width=\"270\"\n                 height=\"230\"\/>\n        <\/figure>\n        <div class=\"directory-archive__card-content\">\n            <h3 class=\"directory-archive__card-title\">Le Palace &#8211; Service culturel<\/h3>\n            <p class=\"directory-archive__card-excerpt\"><\/p>\n        <\/div>\n    <\/a>\n<\/div>                <\/li>\n                            <li class=\"directory-archive__list-item\">\n                    <div class=\"directory-archive__card\">\n    <a href=\"https:\/\/mairie-montataire.fr\/de\/annuaires\/services-municipaux\/dcsdt\/lecture-publique-bibliotheque-elsa-triolet\/\" class=\"directory-archive__card-link\">\n        <figure class=\"directory-archive__card-thumbnail-container\">\n                                                    <img loading=\"lazy\" decoding=\"async\" class=\"directory-archive__card-thumbnail\" src=\"https:\/\/mairie-montataire.fr\/app\/uploads\/2024\/08\/Logo_Biblios.jpg\" srcset=\"https:\/\/mairie-montataire.fr\/app\/uploads\/2024\/08\/Logo_Biblios.jpg 270w, https:\/\/mairie-montataire.fr\/app\/uploads\/2024\/08\/Logo_Biblios-14x12.jpg 14w\"\n                 sizes=\"auto, (max-width: 270px) 100vw, 270px\" alt=\"\" width=\"270\"\n                 height=\"230\"\/>\n        <\/figure>\n        <div class=\"directory-archive__card-content\">\n            <h3 class=\"directory-archive__card-title\">Lecture publique &#8211; Biblioth\u00e8que Elsa Triolet<\/h3>\n            <p class=\"directory-archive__card-excerpt\"><\/p>\n        <\/div>\n    <\/a>\n<\/div>                <\/li>\n                            <li class=\"directory-archive__list-item\">\n                    <div class=\"directory-archive__card\">\n    <a href=\"https:\/\/mairie-montataire.fr\/de\/annuaires\/services-municipaux\/dcsdt\/lecture-publique-bibliotheque-paul-eluard\/\" class=\"directory-archive__card-link\">\n        <figure class=\"directory-archive__card-thumbnail-container\">\n                                                    <img loading=\"lazy\" decoding=\"async\" class=\"directory-archive__card-thumbnail\" src=\"https:\/\/mairie-montataire.fr\/app\/uploads\/2024\/08\/Logo_Biblios.jpg\" srcset=\"https:\/\/mairie-montataire.fr\/app\/uploads\/2024\/08\/Logo_Biblios.jpg 270w, https:\/\/mairie-montataire.fr\/app\/uploads\/2024\/08\/Logo_Biblios-14x12.jpg 14w\"\n                 sizes=\"auto, (max-width: 270px) 100vw, 270px\" alt=\"\" width=\"270\"\n                 height=\"230\"\/>\n        <\/figure>\n        <div class=\"directory-archive__card-content\">\n            <h3 class=\"directory-archive__card-title\">Lecture publique &#8211; Biblioth\u00e8que Paul Eluard<\/h3>\n            <p class=\"directory-archive__card-excerpt\"><\/p>\n        <\/div>\n    <\/a>\n<\/div>                <\/li>\n                            <li class=\"directory-archive__list-item\">\n                    <div class=\"directory-archive__card\">\n    <a href=\"https:\/\/mairie-montataire.fr\/de\/annuaires\/associations\/memoire-et-patrimoine\/les-amis-du-chateau-de-montataire\/\" class=\"directory-archive__card-link\">\n        <figure class=\"directory-archive__card-thumbnail-container\">\n                                                    <img loading=\"lazy\" decoding=\"async\" class=\"directory-archive__card-thumbnail\" src=\"https:\/\/mairie-montataire.fr\/app\/uploads\/2024\/08\/Logo_LesAmisDuChateauDeMontataire.jpg\" srcset=\"\"\n                 sizes=\"auto, (max-width: 270px) 100vw, 270px\" alt=\"\" width=\"270\"\n                 height=\"230\"\/>\n        <\/figure>\n        <div class=\"directory-archive__card-content\">\n            <h3 class=\"directory-archive__card-title\">Les amis du ch\u00e2teau de Montataire<\/h3>\n            <p class=\"directory-archive__card-excerpt\"><\/p>\n        <\/div>\n    <\/a>\n<\/div>                <\/li>\n                            <li class=\"directory-archive__list-item\">\n                    <div class=\"directory-archive__card\">\n    <a href=\"https:\/\/mairie-montataire.fr\/de\/annuaires\/associations\/jumelage-et-international\/les-enfants-de-sirgui-en-france\/\" class=\"directory-archive__card-link\">\n        <figure class=\"directory-archive__card-thumbnail-container\">\n                                                    <img loading=\"lazy\" decoding=\"async\" class=\"directory-archive__card-thumbnail\" src=\"https:\/\/mairie-montataire.fr\/app\/uploads\/2024\/05\/default_thumbnail-montataire.png\" srcset=\"https:\/\/mairie-montataire.fr\/app\/uploads\/2024\/05\/default_thumbnail-montataire.png 466w, https:\/\/mairie-montataire.fr\/app\/uploads\/2024\/05\/default_thumbnail-montataire-300x215.png 300w\"\n                 sizes=\"auto, (max-width: 466px) 100vw, 466px\" alt=\"\" width=\"466\"\n                 height=\"334\"\/>\n        <\/figure>\n        <div class=\"directory-archive__card-content\">\n            <h3 class=\"directory-archive__card-title\">Les enfants de Sirgui en France<\/h3>\n            <p class=\"directory-archive__card-excerpt\"><\/p>\n        <\/div>\n    <\/a>\n<\/div>                <\/li>\n                            <li class=\"directory-archive__list-item\">\n                    <div class=\"directory-archive__card\">\n    <a href=\"https:\/\/mairie-montataire.fr\/de\/annuaires\/associations\/sport\/les-joyeux-godillots\/\" class=\"directory-archive__card-link\">\n        <figure class=\"directory-archive__card-thumbnail-container\">\n                                                    <img loading=\"lazy\" decoding=\"async\" class=\"directory-archive__card-thumbnail\" src=\"https:\/\/mairie-montataire.fr\/app\/uploads\/2024\/08\/Logo_LesJoyeuxGodillots.jpg\" srcset=\"\"\n                 sizes=\"auto, (max-width: 270px) 100vw, 270px\" alt=\"\" width=\"270\"\n                 height=\"230\"\/>\n        <\/figure>\n        <div class=\"directory-archive__card-content\">\n            <h3 class=\"directory-archive__card-title\">Les joyeux Godillots<\/h3>\n            <p class=\"directory-archive__card-excerpt\"><\/p>\n        <\/div>\n    <\/a>\n<\/div>                <\/li>\n                            <li class=\"directory-archive__list-item\">\n                    <div class=\"directory-archive__card\">\n    <a href=\"https:\/\/mairie-montataire.fr\/de\/annuaires\/associations\/environnement-et-nature\/les-martins-pecheurs-de-montataire\/\" class=\"directory-archive__card-link\">\n        <figure class=\"directory-archive__card-thumbnail-container\">\n                                                    <img loading=\"lazy\" decoding=\"async\" class=\"directory-archive__card-thumbnail\" src=\"https:\/\/mairie-montataire.fr\/app\/uploads\/2024\/08\/Logo_LesMartinsPecheursdeMontataire.jpg\" srcset=\"\"\n                 sizes=\"auto, (max-width: 270px) 100vw, 270px\" alt=\"\" width=\"270\"\n                 height=\"230\"\/>\n        <\/figure>\n        <div class=\"directory-archive__card-content\">\n            <h3 class=\"directory-archive__card-title\">Les Martins P\u00eacheurs de Montataire<\/h3>\n            <p class=\"directory-archive__card-excerpt\"><\/p>\n        <\/div>\n    <\/a>\n<\/div>                <\/li>\n                            <li class=\"directory-archive__list-item\">\n                    <div class=\"directory-archive__card\">\n    <a href=\"https:\/\/mairie-montataire.fr\/de\/annuaires\/associations\/environnement-et-nature\/les-vignerons-du-bois-godart\/\" class=\"directory-archive__card-link\">\n        <figure class=\"directory-archive__card-thumbnail-container\">\n                                                    <img loading=\"lazy\" decoding=\"async\" class=\"directory-archive__card-thumbnail\" src=\"https:\/\/mairie-montataire.fr\/app\/uploads\/2024\/08\/Logo_LesVigneronsduboisGodart1.jpg\" srcset=\"\"\n                 sizes=\"auto, (max-width: 270px) 100vw, 270px\" alt=\"\" width=\"270\"\n                 height=\"230\"\/>\n        <\/figure>\n        <div class=\"directory-archive__card-content\">\n            <h3 class=\"directory-archive__card-title\">Les Vignerons du Bois Godart<\/h3>\n            <p class=\"directory-archive__card-excerpt\"><\/p>\n        <\/div>\n    <\/a>\n<\/div>                <\/li>\n                            <li class=\"directory-archive__list-item\">\n                    <div class=\"directory-archive__card\">\n    <a href=\"https:\/\/mairie-montataire.fr\/de\/annuaires\/associations\/culture-et-loisirs\/loisirs-solidarite-retraites\/\" class=\"directory-archive__card-link\">\n        <figure class=\"directory-archive__card-thumbnail-container\">\n                                                    <img loading=\"lazy\" decoding=\"async\" class=\"directory-archive__card-thumbnail\" src=\"https:\/\/mairie-montataire.fr\/app\/uploads\/2024\/05\/default_thumbnail-montataire.png\" srcset=\"https:\/\/mairie-montataire.fr\/app\/uploads\/2024\/05\/default_thumbnail-montataire.png 466w, https:\/\/mairie-montataire.fr\/app\/uploads\/2024\/05\/default_thumbnail-montataire-300x215.png 300w\"\n                 sizes=\"auto, (max-width: 466px) 100vw, 466px\" alt=\"\" width=\"466\"\n                 height=\"334\"\/>\n        <\/figure>\n        <div class=\"directory-archive__card-content\">\n            <h3 class=\"directory-archive__card-title\">Loisirs Solidarit\u00e9 Retrait\u00e9s<\/h3>\n            <p class=\"directory-archive__card-excerpt\"><\/p>\n        <\/div>\n    <\/a>\n<\/div>                <\/li>\n                            <li class=\"directory-archive__list-item\">\n                    <div class=\"directory-archive__card\">\n    <a href=\"https:\/\/mairie-montataire.fr\/de\/annuaires\/services-municipaux\/dejss\/lutte-contre-lhabitat-indigne-et-sante\/\" class=\"directory-archive__card-link\">\n        <figure class=\"directory-archive__card-thumbnail-container\">\n                                                    <img loading=\"lazy\" decoding=\"async\" class=\"directory-archive__card-thumbnail\" src=\"https:\/\/mairie-montataire.fr\/app\/uploads\/2024\/08\/Logo_Ville.jpg\" srcset=\"https:\/\/mairie-montataire.fr\/app\/uploads\/2024\/08\/Logo_Ville.jpg 270w, https:\/\/mairie-montataire.fr\/app\/uploads\/2024\/08\/Logo_Ville-14x12.jpg 14w\"\n                 sizes=\"auto, (max-width: 270px) 100vw, 270px\" alt=\"\" width=\"270\"\n                 height=\"230\"\/>\n        <\/figure>\n        <div class=\"directory-archive__card-content\">\n            <h3 class=\"directory-archive__card-title\">Lutte contre l&rsquo;habitat indigne et sant\u00e9<\/h3>\n            <p class=\"directory-archive__card-excerpt\"><\/p>\n        <\/div>\n    <\/a>\n<\/div>                <\/li>\n                            <li class=\"directory-archive__list-item\">\n                    <div class=\"directory-archive__card\">\n    <a href=\"https:\/\/mairie-montataire.fr\/de\/annuaires\/enseignement\/colleges-lycees\/lycee-andre-malraux\/\" class=\"directory-archive__card-link\">\n        <figure class=\"directory-archive__card-thumbnail-container\">\n                                                    <img loading=\"lazy\" decoding=\"async\" class=\"directory-archive__card-thumbnail\" src=\"https:\/\/mairie-montataire.fr\/app\/uploads\/2024\/08\/Lycee-Andre-Malraux-6.jpg\" srcset=\"https:\/\/mairie-montataire.fr\/app\/uploads\/2024\/08\/Lycee-Andre-Malraux-6.jpg 270w, https:\/\/mairie-montataire.fr\/app\/uploads\/2024\/08\/Lycee-Andre-Malraux-6-14x12.jpg 14w\"\n                 sizes=\"auto, (max-width: 270px) 100vw, 270px\" alt=\"\" width=\"270\"\n                 height=\"230\"\/>\n        <\/figure>\n        <div class=\"directory-archive__card-content\">\n            <h3 class=\"directory-archive__card-title\">Lyc\u00e9e Andr\u00e9 Malraux<\/h3>\n            <p class=\"directory-archive__card-excerpt\"><\/p>\n        <\/div>\n    <\/a>\n<\/div>                <\/li>\n                            <li class=\"directory-archive__list-item\">\n                    <div class=\"directory-archive__card\">\n    <a href=\"https:\/\/mairie-montataire.fr\/de\/annuaires\/sante\/infirmier-ere-s\/madame-aissatou-ngom\/\" class=\"directory-archive__card-link\">\n        <figure class=\"directory-archive__card-thumbnail-container\">\n                                                    <img loading=\"lazy\" decoding=\"async\" class=\"directory-archive__card-thumbnail\" src=\"https:\/\/mairie-montataire.fr\/app\/uploads\/2024\/07\/Infermier.jpg\" srcset=\"https:\/\/mairie-montataire.fr\/app\/uploads\/2024\/07\/Infermier.jpg 270w, https:\/\/mairie-montataire.fr\/app\/uploads\/2024\/07\/Infermier-14x12.jpg 14w\"\n                 sizes=\"auto, (max-width: 270px) 100vw, 270px\" alt=\"\" width=\"270\"\n                 height=\"230\"\/>\n        <\/figure>\n        <div class=\"directory-archive__card-content\">\n            <h3 class=\"directory-archive__card-title\">Madame A\u00efssatou N&rsquo;GOM<\/h3>\n            <p class=\"directory-archive__card-excerpt\"><\/p>\n        <\/div>\n    <\/a>\n<\/div>                <\/li>\n                            <li class=\"directory-archive__list-item\">\n                    <div class=\"directory-archive__card\">\n    <a href=\"https:\/\/mairie-montataire.fr\/de\/annuaires\/sante\/autres-professions-de-sante\/madame-amandine-coquet-dieteticienne\/\" class=\"directory-archive__card-link\">\n        <figure class=\"directory-archive__card-thumbnail-container\">\n                                                    <img loading=\"lazy\" decoding=\"async\" class=\"directory-archive__card-thumbnail\" src=\"https:\/\/mairie-montataire.fr\/app\/uploads\/2024\/07\/AntresSante.jpg\" srcset=\"https:\/\/mairie-montataire.fr\/app\/uploads\/2024\/07\/AntresSante.jpg 270w, https:\/\/mairie-montataire.fr\/app\/uploads\/2024\/07\/AntresSante-14x12.jpg 14w\"\n                 sizes=\"auto, (max-width: 270px) 100vw, 270px\" alt=\"\" width=\"270\"\n                 height=\"230\"\/>\n        <\/figure>\n        <div class=\"directory-archive__card-content\">\n            <h3 class=\"directory-archive__card-title\">Madame Amandine COQUET &#8211; Di\u00e9t\u00e9ticienne<\/h3>\n            <p class=\"directory-archive__card-excerpt\"><\/p>\n        <\/div>\n    <\/a>\n<\/div>                <\/li>\n                            <li class=\"directory-archive__list-item\">\n                    <div class=\"directory-archive__card\">\n    <a href=\"https:\/\/mairie-montataire.fr\/de\/annuaires\/sante\/infirmier-ere-s\/madame-ayda-tounkara\/\" class=\"directory-archive__card-link\">\n        <figure class=\"directory-archive__card-thumbnail-container\">\n                                                    <img loading=\"lazy\" decoding=\"async\" class=\"directory-archive__card-thumbnail\" src=\"https:\/\/mairie-montataire.fr\/app\/uploads\/2024\/07\/Infermier.jpg\" srcset=\"https:\/\/mairie-montataire.fr\/app\/uploads\/2024\/07\/Infermier.jpg 270w, https:\/\/mairie-montataire.fr\/app\/uploads\/2024\/07\/Infermier-14x12.jpg 14w\"\n                 sizes=\"auto, (max-width: 270px) 100vw, 270px\" alt=\"\" width=\"270\"\n                 height=\"230\"\/>\n        <\/figure>\n        <div class=\"directory-archive__card-content\">\n            <h3 class=\"directory-archive__card-title\">Madame Ayda TOUNKARA<\/h3>\n            <p class=\"directory-archive__card-excerpt\"><\/p>\n        <\/div>\n    <\/a>\n<\/div>                <\/li>\n                            <li class=\"directory-archive__list-item\">\n                    <div class=\"directory-archive__card\">\n    <a href=\"https:\/\/mairie-montataire.fr\/de\/annuaires\/sante\/infirmier-ere-s\/madame-chaladia-benziane\/\" class=\"directory-archive__card-link\">\n        <figure class=\"directory-archive__card-thumbnail-container\">\n                                                    <img loading=\"lazy\" decoding=\"async\" class=\"directory-archive__card-thumbnail\" src=\"https:\/\/mairie-montataire.fr\/app\/uploads\/2024\/07\/Infermier.jpg\" srcset=\"https:\/\/mairie-montataire.fr\/app\/uploads\/2024\/07\/Infermier.jpg 270w, https:\/\/mairie-montataire.fr\/app\/uploads\/2024\/07\/Infermier-14x12.jpg 14w\"\n                 sizes=\"auto, (max-width: 270px) 100vw, 270px\" alt=\"\" width=\"270\"\n                 height=\"230\"\/>\n        <\/figure>\n        <div class=\"directory-archive__card-content\">\n            <h3 class=\"directory-archive__card-title\">Madame Chaladia BENZIANE<\/h3>\n            <p class=\"directory-archive__card-excerpt\"><\/p>\n        <\/div>\n    <\/a>\n<\/div>                <\/li>\n                            <li class=\"directory-archive__list-item\">\n                    <div class=\"directory-archive__card\">\n    <a href=\"https:\/\/mairie-montataire.fr\/de\/annuaires\/sante\/infirmier-ere-s\/madame-florence-tarcy\/\" class=\"directory-archive__card-link\">\n        <figure class=\"directory-archive__card-thumbnail-container\">\n                                                    <img loading=\"lazy\" decoding=\"async\" class=\"directory-archive__card-thumbnail\" src=\"https:\/\/mairie-montataire.fr\/app\/uploads\/2024\/07\/Infermier.jpg\" srcset=\"https:\/\/mairie-montataire.fr\/app\/uploads\/2024\/07\/Infermier.jpg 270w, https:\/\/mairie-montataire.fr\/app\/uploads\/2024\/07\/Infermier-14x12.jpg 14w\"\n                 sizes=\"auto, (max-width: 270px) 100vw, 270px\" alt=\"\" width=\"270\"\n                 height=\"230\"\/>\n        <\/figure>\n        <div class=\"directory-archive__card-content\">\n            <h3 class=\"directory-archive__card-title\">Madame Florence TARCY<\/h3>\n            <p class=\"directory-archive__card-excerpt\"><\/p>\n        <\/div>\n    <\/a>\n<\/div>                <\/li>\n                            <li class=\"directory-archive__list-item\">\n                    <div class=\"directory-archive__card\">\n    <a href=\"https:\/\/mairie-montataire.fr\/de\/annuaires\/sante\/autres-professions-de-sante\/docteure-francelina-flamant-sophrologue\/\" class=\"directory-archive__card-link\">\n        <figure class=\"directory-archive__card-thumbnail-container\">\n                                                    <img loading=\"lazy\" decoding=\"async\" class=\"directory-archive__card-thumbnail\" src=\"https:\/\/mairie-montataire.fr\/app\/uploads\/2024\/07\/AntresSante.jpg\" srcset=\"https:\/\/mairie-montataire.fr\/app\/uploads\/2024\/07\/AntresSante.jpg 270w, https:\/\/mairie-montataire.fr\/app\/uploads\/2024\/07\/AntresSante-14x12.jpg 14w\"\n                 sizes=\"auto, (max-width: 270px) 100vw, 270px\" alt=\"\" width=\"270\"\n                 height=\"230\"\/>\n        <\/figure>\n        <div class=\"directory-archive__card-content\">\n            <h3 class=\"directory-archive__card-title\">Madame Francelina FLAMANT &#8211; Sophrologue<\/h3>\n            <p class=\"directory-archive__card-excerpt\"><\/p>\n        <\/div>\n    <\/a>\n<\/div>                <\/li>\n                            <li class=\"directory-archive__list-item\">\n                    <div class=\"directory-archive__card\">\n    <a href=\"https:\/\/mairie-montataire.fr\/de\/annuaires\/sante\/infirmier-ere-s\/madame-laure-debay\/\" class=\"directory-archive__card-link\">\n        <figure class=\"directory-archive__card-thumbnail-container\">\n                                                    <img loading=\"lazy\" decoding=\"async\" class=\"directory-archive__card-thumbnail\" src=\"https:\/\/mairie-montataire.fr\/app\/uploads\/2024\/07\/Infermier.jpg\" srcset=\"https:\/\/mairie-montataire.fr\/app\/uploads\/2024\/07\/Infermier.jpg 270w, https:\/\/mairie-montataire.fr\/app\/uploads\/2024\/07\/Infermier-14x12.jpg 14w\"\n                 sizes=\"auto, (max-width: 270px) 100vw, 270px\" alt=\"\" width=\"270\"\n                 height=\"230\"\/>\n        <\/figure>\n        <div class=\"directory-archive__card-content\">\n            <h3 class=\"directory-archive__card-title\">Madame Laure DEBAY<\/h3>\n            <p class=\"directory-archive__card-excerpt\"><\/p>\n        <\/div>\n    <\/a>\n<\/div>                <\/li>\n                            <li class=\"directory-archive__list-item\">\n                    <div class=\"directory-archive__card\">\n    <a href=\"https:\/\/mairie-montataire.fr\/de\/annuaires\/sante\/autres-professions-de-sante\/docteure-magali-roussel-sene-psychomotricienne\/\" class=\"directory-archive__card-link\">\n        <figure class=\"directory-archive__card-thumbnail-container\">\n                                                    <img loading=\"lazy\" decoding=\"async\" class=\"directory-archive__card-thumbnail\" src=\"https:\/\/mairie-montataire.fr\/app\/uploads\/2024\/07\/AntresSante.jpg\" srcset=\"https:\/\/mairie-montataire.fr\/app\/uploads\/2024\/07\/AntresSante.jpg 270w, https:\/\/mairie-montataire.fr\/app\/uploads\/2024\/07\/AntresSante-14x12.jpg 14w\"\n                 sizes=\"auto, (max-width: 270px) 100vw, 270px\" alt=\"\" width=\"270\"\n                 height=\"230\"\/>\n        <\/figure>\n        <div class=\"directory-archive__card-content\">\n            <h3 class=\"directory-archive__card-title\">Madame Magali ROUSSEL-SENE Psychomotricienne<\/h3>\n            <p class=\"directory-archive__card-excerpt\"><\/p>\n        <\/div>\n    <\/a>\n<\/div>                <\/li>\n                            <li class=\"directory-archive__list-item\">\n                    <div class=\"directory-archive__card\">\n    <a href=\"https:\/\/mairie-montataire.fr\/de\/annuaires\/sante\/infirmier-ere-s\/madame-mariline-pais\/\" class=\"directory-archive__card-link\">\n        <figure class=\"directory-archive__card-thumbnail-container\">\n                                                    <img loading=\"lazy\" decoding=\"async\" class=\"directory-archive__card-thumbnail\" src=\"https:\/\/mairie-montataire.fr\/app\/uploads\/2024\/07\/Infermier.jpg\" srcset=\"https:\/\/mairie-montataire.fr\/app\/uploads\/2024\/07\/Infermier.jpg 270w, https:\/\/mairie-montataire.fr\/app\/uploads\/2024\/07\/Infermier-14x12.jpg 14w\"\n                 sizes=\"auto, (max-width: 270px) 100vw, 270px\" alt=\"\" width=\"270\"\n                 height=\"230\"\/>\n        <\/figure>\n        <div class=\"directory-archive__card-content\">\n            <h3 class=\"directory-archive__card-title\">Madame Mariline PAIS<\/h3>\n            <p class=\"directory-archive__card-excerpt\"><\/p>\n        <\/div>\n    <\/a>\n<\/div>                <\/li>\n                            <li class=\"directory-archive__list-item\">\n                    <div class=\"directory-archive__card\">\n    <a href=\"https:\/\/mairie-montataire.fr\/de\/annuaires\/sante\/infirmier-ere-s\/madame-melanie-tuypens\/\" class=\"directory-archive__card-link\">\n        <figure class=\"directory-archive__card-thumbnail-container\">\n                                                    <img loading=\"lazy\" decoding=\"async\" class=\"directory-archive__card-thumbnail\" src=\"https:\/\/mairie-montataire.fr\/app\/uploads\/2024\/07\/Infermier.jpg\" srcset=\"https:\/\/mairie-montataire.fr\/app\/uploads\/2024\/07\/Infermier.jpg 270w, https:\/\/mairie-montataire.fr\/app\/uploads\/2024\/07\/Infermier-14x12.jpg 14w\"\n                 sizes=\"auto, (max-width: 270px) 100vw, 270px\" alt=\"\" width=\"270\"\n                 height=\"230\"\/>\n        <\/figure>\n        <div class=\"directory-archive__card-content\">\n            <h3 class=\"directory-archive__card-title\">Madame M\u00e9lanie TUYPENS<\/h3>\n            <p class=\"directory-archive__card-excerpt\"><\/p>\n        <\/div>\n    <\/a>\n<\/div>                <\/li>\n                            <li class=\"directory-archive__list-item\">\n                    <div class=\"directory-archive__card\">\n    <a href=\"https:\/\/mairie-montataire.fr\/de\/annuaires\/sante\/autres-professions-de-sante\/madame-nathalie-monteiro-pina-osteopathe\/\" class=\"directory-archive__card-link\">\n        <figure class=\"directory-archive__card-thumbnail-container\">\n                                                    <img loading=\"lazy\" decoding=\"async\" class=\"directory-archive__card-thumbnail\" src=\"https:\/\/mairie-montataire.fr\/app\/uploads\/2024\/07\/AntresSante.jpg\" srcset=\"https:\/\/mairie-montataire.fr\/app\/uploads\/2024\/07\/AntresSante.jpg 270w, https:\/\/mairie-montataire.fr\/app\/uploads\/2024\/07\/AntresSante-14x12.jpg 14w\"\n                 sizes=\"auto, (max-width: 270px) 100vw, 270px\" alt=\"\" width=\"270\"\n                 height=\"230\"\/>\n        <\/figure>\n        <div class=\"directory-archive__card-content\">\n            <h3 class=\"directory-archive__card-title\">Madame Nathalie MONTEIRO PINA &#8211; Ost\u00e9opathe<\/h3>\n            <p class=\"directory-archive__card-excerpt\"><\/p>\n        <\/div>\n    <\/a>\n<\/div>                <\/li>\n                            <li class=\"directory-archive__list-item\">\n                    <div class=\"directory-archive__card\">\n    <a href=\"https:\/\/mairie-montataire.fr\/de\/annuaires\/sante\/infirmier-ere-s\/madame-pascale-pauffert\/\" class=\"directory-archive__card-link\">\n        <figure class=\"directory-archive__card-thumbnail-container\">\n                                                    <img loading=\"lazy\" decoding=\"async\" class=\"directory-archive__card-thumbnail\" src=\"https:\/\/mairie-montataire.fr\/app\/uploads\/2024\/07\/Infermier.jpg\" srcset=\"https:\/\/mairie-montataire.fr\/app\/uploads\/2024\/07\/Infermier.jpg 270w, https:\/\/mairie-montataire.fr\/app\/uploads\/2024\/07\/Infermier-14x12.jpg 14w\"\n                 sizes=\"auto, (max-width: 270px) 100vw, 270px\" alt=\"\" width=\"270\"\n                 height=\"230\"\/>\n        <\/figure>\n        <div class=\"directory-archive__card-content\">\n            <h3 class=\"directory-archive__card-title\">Madame Pascale PAUFFERT<\/h3>\n            <p class=\"directory-archive__card-excerpt\"><\/p>\n        <\/div>\n    <\/a>\n<\/div>                <\/li>\n                            <li class=\"directory-archive__list-item\">\n                    <div class=\"directory-archive__card\">\n    <a href=\"https:\/\/mairie-montataire.fr\/de\/annuaires\/sante\/autres-professions-de-sante\/madame-sonia-berrechid-sage-femme\/\" class=\"directory-archive__card-link\">\n        <figure class=\"directory-archive__card-thumbnail-container\">\n                                                    <img loading=\"lazy\" decoding=\"async\" class=\"directory-archive__card-thumbnail\" src=\"https:\/\/mairie-montataire.fr\/app\/uploads\/2024\/07\/AntresSante.jpg\" srcset=\"https:\/\/mairie-montataire.fr\/app\/uploads\/2024\/07\/AntresSante.jpg 270w, https:\/\/mairie-montataire.fr\/app\/uploads\/2024\/07\/AntresSante-14x12.jpg 14w\"\n                 sizes=\"auto, (max-width: 270px) 100vw, 270px\" alt=\"\" width=\"270\"\n                 height=\"230\"\/>\n        <\/figure>\n        <div class=\"directory-archive__card-content\">\n            <h3 class=\"directory-archive__card-title\">Madame Sonia BERRECHID &#8211; Sage-femme<\/h3>\n            <p class=\"directory-archive__card-excerpt\"><\/p>\n        <\/div>\n    <\/a>\n<\/div>                <\/li>\n                            <li class=\"directory-archive__list-item\">\n                    <div class=\"directory-archive__card\">\n    <a href=\"https:\/\/mairie-montataire.fr\/de\/annuaires\/sante\/infirmier-ere-s\/madame-virginie-guaddouri\/\" class=\"directory-archive__card-link\">\n        <figure class=\"directory-archive__card-thumbnail-container\">\n                                                    <img loading=\"lazy\" decoding=\"async\" class=\"directory-archive__card-thumbnail\" src=\"https:\/\/mairie-montataire.fr\/app\/uploads\/2024\/07\/Infermier.jpg\" srcset=\"https:\/\/mairie-montataire.fr\/app\/uploads\/2024\/07\/Infermier.jpg 270w, https:\/\/mairie-montataire.fr\/app\/uploads\/2024\/07\/Infermier-14x12.jpg 14w\"\n                 sizes=\"auto, (max-width: 270px) 100vw, 270px\" alt=\"\" width=\"270\"\n                 height=\"230\"\/>\n        <\/figure>\n        <div class=\"directory-archive__card-content\">\n            <h3 class=\"directory-archive__card-title\">Madame Virginie GUADDOURI<\/h3>\n            <p class=\"directory-archive__card-excerpt\"><\/p>\n        <\/div>\n    <\/a>\n<\/div>                <\/li>\n                            <li class=\"directory-archive__list-item\">\n                    <div class=\"directory-archive__card\">\n    <a href=\"https:\/\/mairie-montataire.fr\/de\/annuaires\/services-municipaux\/mairie\/marie-centrale\/\" class=\"directory-archive__card-link\">\n        <figure class=\"directory-archive__card-thumbnail-container\">\n                                                    <img loading=\"lazy\" decoding=\"async\" class=\"directory-archive__card-thumbnail\" src=\"https:\/\/mairie-montataire.fr\/app\/uploads\/2024\/08\/Logo_Ville.jpg\" srcset=\"https:\/\/mairie-montataire.fr\/app\/uploads\/2024\/08\/Logo_Ville.jpg 270w, https:\/\/mairie-montataire.fr\/app\/uploads\/2024\/08\/Logo_Ville-14x12.jpg 14w\"\n                 sizes=\"auto, (max-width: 270px) 100vw, 270px\" alt=\"\" width=\"270\"\n                 height=\"230\"\/>\n        <\/figure>\n        <div class=\"directory-archive__card-content\">\n            <h3 class=\"directory-archive__card-title\">Mairie<\/h3>\n            <p class=\"directory-archive__card-excerpt\"><\/p>\n        <\/div>\n    <\/a>\n<\/div>                <\/li>\n                            <li class=\"directory-archive__list-item\">\n                    <div class=\"directory-archive__card\">\n    <a href=\"https:\/\/mairie-montataire.fr\/de\/annuaires\/services-municipaux\/mairie\/marie-annexe-des-martinets\/\" class=\"directory-archive__card-link\">\n        <figure class=\"directory-archive__card-thumbnail-container\">\n                                                    <img loading=\"lazy\" decoding=\"async\" class=\"directory-archive__card-thumbnail\" src=\"https:\/\/mairie-montataire.fr\/app\/uploads\/2024\/08\/Logo_Ville.jpg\" srcset=\"https:\/\/mairie-montataire.fr\/app\/uploads\/2024\/08\/Logo_Ville.jpg 270w, https:\/\/mairie-montataire.fr\/app\/uploads\/2024\/08\/Logo_Ville-14x12.jpg 14w\"\n                 sizes=\"auto, (max-width: 270px) 100vw, 270px\" alt=\"\" width=\"270\"\n                 height=\"230\"\/>\n        <\/figure>\n        <div class=\"directory-archive__card-content\">\n            <h3 class=\"directory-archive__card-title\">Mairie annexe des Martinets<\/h3>\n            <p class=\"directory-archive__card-excerpt\"><\/p>\n        <\/div>\n    <\/a>\n<\/div>                <\/li>\n                            <li class=\"directory-archive__list-item\">\n                    <div class=\"directory-archive__card\">\n    <a href=\"https:\/\/mairie-montataire.fr\/de\/annuaires\/sante\/structures-sante\/maison-de-sante-pluti-professionnelle-gisele-halimi\/\" class=\"directory-archive__card-link\">\n        <figure class=\"directory-archive__card-thumbnail-container\">\n                                                    <img loading=\"lazy\" decoding=\"async\" class=\"directory-archive__card-thumbnail\" src=\"https:\/\/mairie-montataire.fr\/app\/uploads\/2024\/08\/StructuresSante.jpg\" srcset=\"https:\/\/mairie-montataire.fr\/app\/uploads\/2024\/08\/StructuresSante.jpg 270w, https:\/\/mairie-montataire.fr\/app\/uploads\/2024\/08\/StructuresSante-14x12.jpg 14w\"\n                 sizes=\"auto, (max-width: 270px) 100vw, 270px\" alt=\"\" width=\"270\"\n                 height=\"230\"\/>\n        <\/figure>\n        <div class=\"directory-archive__card-content\">\n            <h3 class=\"directory-archive__card-title\">Maison de sant\u00e9 pluri-professionnelle \u00ab\u00a0Gis\u00e8le Halimi\u00a0\u00bb<\/h3>\n            <p class=\"directory-archive__card-excerpt\"><\/p>\n        <\/div>\n    <\/a>\n<\/div>                <\/li>\n                            <li class=\"directory-archive__list-item\">\n                    <div class=\"directory-archive__card\">\n    <a href=\"https:\/\/mairie-montataire.fr\/de\/annuaires\/sante\/structures-sante\/maison-des-ados\/\" class=\"directory-archive__card-link\">\n        <figure class=\"directory-archive__card-thumbnail-container\">\n                                                    <img loading=\"lazy\" decoding=\"async\" class=\"directory-archive__card-thumbnail\" src=\"https:\/\/mairie-montataire.fr\/app\/uploads\/2024\/07\/MaisondesAdos.jpg\" srcset=\"https:\/\/mairie-montataire.fr\/app\/uploads\/2024\/07\/MaisondesAdos.jpg 270w, https:\/\/mairie-montataire.fr\/app\/uploads\/2024\/07\/MaisondesAdos-14x12.jpg 14w\"\n                 sizes=\"auto, (max-width: 270px) 100vw, 270px\" alt=\"\" width=\"270\"\n                 height=\"230\"\/>\n        <\/figure>\n        <div class=\"directory-archive__card-content\">\n            <h3 class=\"directory-archive__card-title\">Maison des ados<\/h3>\n            <p class=\"directory-archive__card-excerpt\"><\/p>\n        <\/div>\n    <\/a>\n<\/div>                <\/li>\n                            <li class=\"directory-archive__list-item\">\n                    <div class=\"directory-archive__card\">\n    <a href=\"https:\/\/mairie-montataire.fr\/de\/annuaires\/associations\/jumelage-et-international\/mame-diarra\/\" class=\"directory-archive__card-link\">\n        <figure class=\"directory-archive__card-thumbnail-container\">\n                                                    <img loading=\"lazy\" decoding=\"async\" class=\"directory-archive__card-thumbnail\" src=\"https:\/\/mairie-montataire.fr\/app\/uploads\/2024\/05\/default_thumbnail-montataire.png\" srcset=\"https:\/\/mairie-montataire.fr\/app\/uploads\/2024\/05\/default_thumbnail-montataire.png 466w, https:\/\/mairie-montataire.fr\/app\/uploads\/2024\/05\/default_thumbnail-montataire-300x215.png 300w\"\n                 sizes=\"auto, (max-width: 466px) 100vw, 466px\" alt=\"\" width=\"466\"\n                 height=\"334\"\/>\n        <\/figure>\n        <div class=\"directory-archive__card-content\">\n            <h3 class=\"directory-archive__card-title\">Mame Diarra<\/h3>\n            <p class=\"directory-archive__card-excerpt\"><\/p>\n        <\/div>\n    <\/a>\n<\/div>                <\/li>\n                            <li class=\"directory-archive__list-item\">\n                    <div class=\"directory-archive__card\">\n    <a href=\"https:\/\/mairie-montataire.fr\/de\/annuaires\/associations\/jumelage-et-international\/mame-gamou-senegal-solidarite-de-france\/\" class=\"directory-archive__card-link\">\n        <figure class=\"directory-archive__card-thumbnail-container\">\n                                                    <img loading=\"lazy\" decoding=\"async\" class=\"directory-archive__card-thumbnail\" src=\"https:\/\/mairie-montataire.fr\/app\/uploads\/2024\/05\/default_thumbnail-montataire.png\" srcset=\"https:\/\/mairie-montataire.fr\/app\/uploads\/2024\/05\/default_thumbnail-montataire.png 466w, https:\/\/mairie-montataire.fr\/app\/uploads\/2024\/05\/default_thumbnail-montataire-300x215.png 300w\"\n                 sizes=\"auto, (max-width: 466px) 100vw, 466px\" alt=\"\" width=\"466\"\n                 height=\"334\"\/>\n        <\/figure>\n        <div class=\"directory-archive__card-content\">\n            <h3 class=\"directory-archive__card-title\">Mame Gamou S\u00e9n\u00e9gal Solidarit\u00e9 de France<\/h3>\n            <p class=\"directory-archive__card-excerpt\"><\/p>\n        <\/div>\n    <\/a>\n<\/div>                <\/li>\n                            <li class=\"directory-archive__list-item\">\n                    <div class=\"directory-archive__card\">\n    <a href=\"https:\/\/mairie-montataire.fr\/de\/annuaires\/associations\/memoire-et-patrimoine\/mons-ad-theram\/\" class=\"directory-archive__card-link\">\n        <figure class=\"directory-archive__card-thumbnail-container\">\n                                                    <img loading=\"lazy\" decoding=\"async\" class=\"directory-archive__card-thumbnail\" src=\"https:\/\/mairie-montataire.fr\/app\/uploads\/2024\/08\/Logo_MonsAdTheram.jpg\" srcset=\"\"\n                 sizes=\"auto, (max-width: 270px) 100vw, 270px\" alt=\"\" width=\"270\"\n                 height=\"230\"\/>\n        <\/figure>\n        <div class=\"directory-archive__card-content\">\n            <h3 class=\"directory-archive__card-title\">Mons Ad Theram<\/h3>\n            <p class=\"directory-archive__card-excerpt\"><\/p>\n        <\/div>\n    <\/a>\n<\/div>                <\/li>\n                            <li class=\"directory-archive__list-item\">\n                    <div class=\"directory-archive__card\">\n    <a href=\"https:\/\/mairie-montataire.fr\/de\/annuaires\/sante\/autres-professions-de-sante\/docteur-arnold-sene-psychomotricien\/\" class=\"directory-archive__card-link\">\n        <figure class=\"directory-archive__card-thumbnail-container\">\n                                                    <img loading=\"lazy\" decoding=\"async\" class=\"directory-archive__card-thumbnail\" src=\"https:\/\/mairie-montataire.fr\/app\/uploads\/2024\/07\/AntresSante.jpg\" srcset=\"https:\/\/mairie-montataire.fr\/app\/uploads\/2024\/07\/AntresSante.jpg 270w, https:\/\/mairie-montataire.fr\/app\/uploads\/2024\/07\/AntresSante-14x12.jpg 14w\"\n                 sizes=\"auto, (max-width: 270px) 100vw, 270px\" alt=\"\" width=\"270\"\n                 height=\"230\"\/>\n        <\/figure>\n        <div class=\"directory-archive__card-content\">\n            <h3 class=\"directory-archive__card-title\">Monsieur Arnold SENE &#8211; Psychomotricien<\/h3>\n            <p class=\"directory-archive__card-excerpt\"><\/p>\n        <\/div>\n    <\/a>\n<\/div>                <\/li>\n                            <li class=\"directory-archive__list-item\">\n                    <div class=\"directory-archive__card\">\n    <a href=\"https:\/\/mairie-montataire.fr\/de\/annuaires\/sante\/infirmier-ere-s\/monsieur-bertaux-patrice\/\" class=\"directory-archive__card-link\">\n        <figure class=\"directory-archive__card-thumbnail-container\">\n                                                    <img loading=\"lazy\" decoding=\"async\" class=\"directory-archive__card-thumbnail\" src=\"https:\/\/mairie-montataire.fr\/app\/uploads\/2024\/07\/Infermier.jpg\" srcset=\"https:\/\/mairie-montataire.fr\/app\/uploads\/2024\/07\/Infermier.jpg 270w, https:\/\/mairie-montataire.fr\/app\/uploads\/2024\/07\/Infermier-14x12.jpg 14w\"\n                 sizes=\"auto, (max-width: 270px) 100vw, 270px\" alt=\"\" width=\"270\"\n                 height=\"230\"\/>\n        <\/figure>\n        <div class=\"directory-archive__card-content\">\n            <h3 class=\"directory-archive__card-title\">Monsieur BERTAUX Patrice<\/h3>\n            <p class=\"directory-archive__card-excerpt\"><\/p>\n        <\/div>\n    <\/a>\n<\/div>                <\/li>\n                            <li class=\"directory-archive__list-item\">\n                    <div class=\"directory-archive__card\">\n    <a href=\"https:\/\/mairie-montataire.fr\/de\/annuaires\/associations\/sport\/montabad\/\" class=\"directory-archive__card-link\">\n        <figure class=\"directory-archive__card-thumbnail-container\">\n                                                    <img loading=\"lazy\" decoding=\"async\" class=\"directory-archive__card-thumbnail\" src=\"https:\/\/mairie-montataire.fr\/app\/uploads\/2024\/08\/Logo_Montabad.jpg\" srcset=\"\"\n                 sizes=\"auto, (max-width: 270px) 100vw, 270px\" alt=\"\" width=\"270\"\n                 height=\"230\"\/>\n        <\/figure>\n        <div class=\"directory-archive__card-content\">\n            <h3 class=\"directory-archive__card-title\">MONTABAD<\/h3>\n            <p class=\"directory-archive__card-excerpt\"><\/p>\n        <\/div>\n    <\/a>\n<\/div>                <\/li>\n                            <li class=\"directory-archive__list-item\">\n                    <div class=\"directory-archive__card\">\n    <a href=\"https:\/\/mairie-montataire.fr\/de\/annuaires\/associations\/sport\/montataire-athletic-club-2\/\" class=\"directory-archive__card-link\">\n        <figure class=\"directory-archive__card-thumbnail-container\">\n                                                    <img loading=\"lazy\" decoding=\"async\" class=\"directory-archive__card-thumbnail\" src=\"https:\/\/mairie-montataire.fr\/app\/uploads\/2025\/09\/Logo_EtenteOiseAthletisme.jpg\" srcset=\"https:\/\/mairie-montataire.fr\/app\/uploads\/2025\/09\/Logo_EtenteOiseAthletisme.jpg 651w, https:\/\/mairie-montataire.fr\/app\/uploads\/2025\/09\/Logo_EtenteOiseAthletisme-300x234.jpg 300w, https:\/\/mairie-montataire.fr\/app\/uploads\/2025\/09\/Logo_EtenteOiseAthletisme-15x12.jpg 15w\"\n                 sizes=\"auto, (max-width: 651px) 100vw, 651px\" alt=\"\" width=\"651\"\n                 height=\"507\"\/>\n        <\/figure>\n        <div class=\"directory-archive__card-content\">\n            <h3 class=\"directory-archive__card-title\">Montataire Athletic Club<\/h3>\n            <p class=\"directory-archive__card-excerpt\"><\/p>\n        <\/div>\n    <\/a>\n<\/div>                <\/li>\n                            <li class=\"directory-archive__list-item\">\n                    <div class=\"directory-archive__card\">\n    <a href=\"https:\/\/mairie-montataire.fr\/de\/annuaires\/associations\/sport\/montataire-basket-ball-mbb\/\" class=\"directory-archive__card-link\">\n        <figure class=\"directory-archive__card-thumbnail-container\">\n                                                    <img loading=\"lazy\" decoding=\"async\" class=\"directory-archive__card-thumbnail\" src=\"https:\/\/mairie-montataire.fr\/app\/uploads\/2024\/08\/Logo_MBB.jpg\" srcset=\"\"\n                 sizes=\"auto, (max-width: 270px) 100vw, 270px\" alt=\"\" width=\"270\"\n                 height=\"230\"\/>\n        <\/figure>\n        <div class=\"directory-archive__card-content\">\n            <h3 class=\"directory-archive__card-title\">Montataire Basket-Ball (MBB)<\/h3>\n            <p class=\"directory-archive__card-excerpt\"><\/p>\n        <\/div>\n    <\/a>\n<\/div>                <\/li>\n                            <li class=\"directory-archive__list-item\">\n                    <div class=\"directory-archive__card\">\n    <a href=\"https:\/\/mairie-montataire.fr\/de\/annuaires\/associations\/culture-et-loisirs\/mots-passants-pas-sages-mpps\/\" class=\"directory-archive__card-link\">\n        <figure class=\"directory-archive__card-thumbnail-container\">\n                                                    <img loading=\"lazy\" decoding=\"async\" class=\"directory-archive__card-thumbnail\" src=\"https:\/\/mairie-montataire.fr\/app\/uploads\/2024\/05\/default_thumbnail-montataire.png\" srcset=\"https:\/\/mairie-montataire.fr\/app\/uploads\/2024\/05\/default_thumbnail-montataire.png 466w, https:\/\/mairie-montataire.fr\/app\/uploads\/2024\/05\/default_thumbnail-montataire-300x215.png 300w\"\n                 sizes=\"auto, (max-width: 466px) 100vw, 466px\" alt=\"\" width=\"466\"\n                 height=\"334\"\/>\n        <\/figure>\n        <div class=\"directory-archive__card-content\">\n            <h3 class=\"directory-archive__card-title\">Mots passants, pas-sages (MPPS)<\/h3>\n            <p class=\"directory-archive__card-excerpt\"><\/p>\n        <\/div>\n    <\/a>\n<\/div>                <\/li>\n                            <li class=\"directory-archive__list-item\">\n                    <div class=\"directory-archive__card\">\n    <a href=\"https:\/\/mairie-montataire.fr\/de\/annuaires\/services-municipaux\/dejss\/multi-accueil\/\" class=\"directory-archive__card-link\">\n        <figure class=\"directory-archive__card-thumbnail-container\">\n                                                    <img loading=\"lazy\" decoding=\"async\" class=\"directory-archive__card-thumbnail\" src=\"https:\/\/mairie-montataire.fr\/app\/uploads\/2024\/08\/Logo_Ville.jpg\" srcset=\"https:\/\/mairie-montataire.fr\/app\/uploads\/2024\/08\/Logo_Ville.jpg 270w, https:\/\/mairie-montataire.fr\/app\/uploads\/2024\/08\/Logo_Ville-14x12.jpg 14w\"\n                 sizes=\"auto, (max-width: 270px) 100vw, 270px\" alt=\"\" width=\"270\"\n                 height=\"230\"\/>\n        <\/figure>\n        <div class=\"directory-archive__card-content\">\n            <h3 class=\"directory-archive__card-title\">Multi-Accueil<\/h3>\n            <p class=\"directory-archive__card-excerpt\"><\/p>\n        <\/div>\n    <\/a>\n<\/div>                <\/li>\n                            <li class=\"directory-archive__list-item\">\n                    <div class=\"directory-archive__card\">\n    <a href=\"https:\/\/mairie-montataire.fr\/de\/annuaires\/associations\/sport\/nu-djunta-mo\/\" class=\"directory-archive__card-link\">\n        <figure class=\"directory-archive__card-thumbnail-container\">\n                                                    <img loading=\"lazy\" decoding=\"async\" class=\"directory-archive__card-thumbnail\" src=\"https:\/\/mairie-montataire.fr\/app\/uploads\/2024\/08\/Logo_NuDjuntaMo.jpg\" srcset=\"\"\n                 sizes=\"auto, (max-width: 270px) 100vw, 270px\" alt=\"\" width=\"270\"\n                 height=\"230\"\/>\n        <\/figure>\n        <div class=\"directory-archive__card-content\">\n            <h3 class=\"directory-archive__card-title\">Nu Djunta Mo<\/h3>\n            <p class=\"directory-archive__card-excerpt\"><\/p>\n        <\/div>\n    <\/a>\n<\/div>                <\/li>\n                            <li class=\"directory-archive__list-item\">\n                    <div class=\"directory-archive__card\">\n    <a href=\"https:\/\/mairie-montataire.fr\/de\/annuaires\/associations\/sport\/palanquee-club-intercommunal-de-montataire-pcim\/\" class=\"directory-archive__card-link\">\n        <figure class=\"directory-archive__card-thumbnail-container\">\n                                                    <img loading=\"lazy\" decoding=\"async\" class=\"directory-archive__card-thumbnail\" src=\"https:\/\/mairie-montataire.fr\/app\/uploads\/2024\/08\/Logo_PalanqueeClubIntercommunalDeMontataire.jpg\" srcset=\"\"\n                 sizes=\"auto, (max-width: 270px) 100vw, 270px\" alt=\"\" width=\"270\"\n                 height=\"230\"\/>\n        <\/figure>\n        <div class=\"directory-archive__card-content\">\n            <h3 class=\"directory-archive__card-title\">Palanqu\u00e9e Club Intercommunal de Montataire (PCIM)<\/h3>\n            <p class=\"directory-archive__card-excerpt\"><\/p>\n        <\/div>\n    <\/a>\n<\/div>                <\/li>\n                            <li class=\"directory-archive__list-item\">\n                    <div class=\"directory-archive__card\">\n    <a href=\"https:\/\/mairie-montataire.fr\/de\/annuaires\/associations\/sport\/petanque-club-de-montataire\/\" class=\"directory-archive__card-link\">\n        <figure class=\"directory-archive__card-thumbnail-container\">\n                                                    <img loading=\"lazy\" decoding=\"async\" class=\"directory-archive__card-thumbnail\" src=\"https:\/\/mairie-montataire.fr\/app\/uploads\/2024\/05\/default_thumbnail-montataire.png\" srcset=\"https:\/\/mairie-montataire.fr\/app\/uploads\/2024\/05\/default_thumbnail-montataire.png 466w, https:\/\/mairie-montataire.fr\/app\/uploads\/2024\/05\/default_thumbnail-montataire-300x215.png 300w\"\n                 sizes=\"auto, (max-width: 466px) 100vw, 466px\" alt=\"\" width=\"466\"\n                 height=\"334\"\/>\n        <\/figure>\n        <div class=\"directory-archive__card-content\">\n            <h3 class=\"directory-archive__card-title\">P\u00e9tanque Club de Montataire<\/h3>\n            <p class=\"directory-archive__card-excerpt\"><\/p>\n        <\/div>\n    <\/a>\n<\/div>                <\/li>\n                            <li class=\"directory-archive__list-item\">\n                    <div class=\"directory-archive__card\">\n    <a href=\"https:\/\/mairie-montataire.fr\/de\/annuaires\/sante\/pharmacies\/pharmacie-de-la-mairie\/\" class=\"directory-archive__card-link\">\n        <figure class=\"directory-archive__card-thumbnail-container\">\n                                                    <img loading=\"lazy\" decoding=\"async\" class=\"directory-archive__card-thumbnail\" src=\"https:\/\/mairie-montataire.fr\/app\/uploads\/2024\/08\/Pharmacie.jpg\" srcset=\"https:\/\/mairie-montataire.fr\/app\/uploads\/2024\/08\/Pharmacie.jpg 270w, https:\/\/mairie-montataire.fr\/app\/uploads\/2024\/08\/Pharmacie-14x12.jpg 14w\"\n                 sizes=\"auto, (max-width: 270px) 100vw, 270px\" alt=\"\" width=\"270\"\n                 height=\"230\"\/>\n        <\/figure>\n        <div class=\"directory-archive__card-content\">\n            <h3 class=\"directory-archive__card-title\">Pharmacie de la Mairie<\/h3>\n            <p class=\"directory-archive__card-excerpt\"><\/p>\n        <\/div>\n    <\/a>\n<\/div>                <\/li>\n                            <li class=\"directory-archive__list-item\">\n                    <div class=\"directory-archive__card\">\n    <a href=\"https:\/\/mairie-montataire.fr\/de\/annuaires\/sante\/pharmacies\/pharmacie-du-therain\/\" class=\"directory-archive__card-link\">\n        <figure class=\"directory-archive__card-thumbnail-container\">\n                                                    <img loading=\"lazy\" decoding=\"async\" class=\"directory-archive__card-thumbnail\" src=\"https:\/\/mairie-montataire.fr\/app\/uploads\/2024\/08\/Pharmacie.jpg\" srcset=\"https:\/\/mairie-montataire.fr\/app\/uploads\/2024\/08\/Pharmacie.jpg 270w, https:\/\/mairie-montataire.fr\/app\/uploads\/2024\/08\/Pharmacie-14x12.jpg 14w\"\n                 sizes=\"auto, (max-width: 270px) 100vw, 270px\" alt=\"\" width=\"270\"\n                 height=\"230\"\/>\n        <\/figure>\n        <div class=\"directory-archive__card-content\">\n            <h3 class=\"directory-archive__card-title\">Pharmacie du Therain<\/h3>\n            <p class=\"directory-archive__card-excerpt\"><\/p>\n        <\/div>\n    <\/a>\n<\/div>                <\/li>\n                            <li class=\"directory-archive__list-item\">\n                    <div class=\"directory-archive__card\">\n    <a href=\"https:\/\/mairie-montataire.fr\/de\/annuaires\/sante\/pharmacies\/pharmacie-facq\/\" class=\"directory-archive__card-link\">\n        <figure class=\"directory-archive__card-thumbnail-container\">\n                                                    <img loading=\"lazy\" decoding=\"async\" class=\"directory-archive__card-thumbnail\" src=\"https:\/\/mairie-montataire.fr\/app\/uploads\/2024\/08\/Pharmacie.jpg\" srcset=\"https:\/\/mairie-montataire.fr\/app\/uploads\/2024\/08\/Pharmacie.jpg 270w, https:\/\/mairie-montataire.fr\/app\/uploads\/2024\/08\/Pharmacie-14x12.jpg 14w\"\n                 sizes=\"auto, (max-width: 270px) 100vw, 270px\" alt=\"\" width=\"270\"\n                 height=\"230\"\/>\n        <\/figure>\n        <div class=\"directory-archive__card-content\">\n            <h3 class=\"directory-archive__card-title\">Pharmacie Facq<\/h3>\n            <p class=\"directory-archive__card-excerpt\"><\/p>\n        <\/div>\n    <\/a>\n<\/div>                <\/li>\n                            <li class=\"directory-archive__list-item\">\n                    <div class=\"directory-archive__card\">\n    <a href=\"https:\/\/mairie-montataire.fr\/de\/annuaires\/associations\/culture-et-loisirs\/photo-club-de-montataire\/\" class=\"directory-archive__card-link\">\n        <figure class=\"directory-archive__card-thumbnail-container\">\n                                                    <img loading=\"lazy\" decoding=\"async\" class=\"directory-archive__card-thumbnail\" src=\"https:\/\/mairie-montataire.fr\/app\/uploads\/2024\/08\/Logo_PhotoClubMontataire.jpg\" srcset=\"\"\n                 sizes=\"auto, (max-width: 270px) 100vw, 270px\" alt=\"\" width=\"270\"\n                 height=\"230\"\/>\n        <\/figure>\n        <div class=\"directory-archive__card-content\">\n            <h3 class=\"directory-archive__card-title\">Photo-Club de Montataire<\/h3>\n            <p class=\"directory-archive__card-excerpt\"><\/p>\n        <\/div>\n    <\/a>\n<\/div>                <\/li>\n                            <li class=\"directory-archive__list-item\">\n                    <div class=\"directory-archive__card\">\n    <a href=\"https:\/\/mairie-montataire.fr\/de\/annuaires\/structures-sportives\/piscine-intercommunale\/\" class=\"directory-archive__card-link\">\n        <figure class=\"directory-archive__card-thumbnail-container\">\n                                                    <img loading=\"lazy\" decoding=\"async\" class=\"directory-archive__card-thumbnail\" src=\"https:\/\/mairie-montataire.fr\/app\/uploads\/2024\/08\/Logo-SIPM-HD-1.jpg\" srcset=\"https:\/\/mairie-montataire.fr\/app\/uploads\/2024\/08\/Logo-SIPM-HD-1.jpg 270w, https:\/\/mairie-montataire.fr\/app\/uploads\/2024\/08\/Logo-SIPM-HD-1-14x12.jpg 14w\"\n                 sizes=\"auto, (max-width: 270px) 100vw, 270px\" alt=\"\" width=\"270\"\n                 height=\"230\"\/>\n        <\/figure>\n        <div class=\"directory-archive__card-content\">\n            <h3 class=\"directory-archive__card-title\">Piscine Intercommunale<\/h3>\n            <p class=\"directory-archive__card-excerpt\"><\/p>\n        <\/div>\n    <\/a>\n<\/div>                <\/li>\n                            <li class=\"directory-archive__list-item\">\n                    <div class=\"directory-archive__card\">\n    <a href=\"https:\/\/mairie-montataire.fr\/de\/annuaires\/associations\/jeunesse-education-et-insertion\/plurielles\/\" class=\"directory-archive__card-link\">\n        <figure class=\"directory-archive__card-thumbnail-container\">\n                                                    <img loading=\"lazy\" decoding=\"async\" class=\"directory-archive__card-thumbnail\" src=\"https:\/\/mairie-montataire.fr\/app\/uploads\/2024\/08\/Logo_Plurielles.jpg\" srcset=\"\"\n                 sizes=\"auto, (max-width: 270px) 100vw, 270px\" alt=\"\" width=\"270\"\n                 height=\"230\"\/>\n        <\/figure>\n        <div class=\"directory-archive__card-content\">\n            <h3 class=\"directory-archive__card-title\">Pluriel(les)<\/h3>\n            <p class=\"directory-archive__card-excerpt\"><\/p>\n        <\/div>\n    <\/a>\n<\/div>                <\/li>\n                            <li class=\"directory-archive__list-item\">\n                    <div class=\"directory-archive__card\">\n    <a href=\"https:\/\/mairie-montataire.fr\/de\/annuaires\/services-municipaux\/dejss\/pole-social-ccas\/\" class=\"directory-archive__card-link\">\n        <figure class=\"directory-archive__card-thumbnail-container\">\n                                                    <img loading=\"lazy\" decoding=\"async\" class=\"directory-archive__card-thumbnail\" src=\"https:\/\/mairie-montataire.fr\/app\/uploads\/2024\/08\/Logo_Ville.jpg\" srcset=\"https:\/\/mairie-montataire.fr\/app\/uploads\/2024\/08\/Logo_Ville.jpg 270w, https:\/\/mairie-montataire.fr\/app\/uploads\/2024\/08\/Logo_Ville-14x12.jpg 14w\"\n                 sizes=\"auto, (max-width: 270px) 100vw, 270px\" alt=\"\" width=\"270\"\n                 height=\"230\"\/>\n        <\/figure>\n        <div class=\"directory-archive__card-content\">\n            <h3 class=\"directory-archive__card-title\">P\u00f4le social &#8211; CCAS<\/h3>\n            <p class=\"directory-archive__card-excerpt\"><\/p>\n        <\/div>\n    <\/a>\n<\/div>                <\/li>\n                            <li class=\"directory-archive__list-item\">\n                    <div class=\"directory-archive__card\">\n    <a href=\"https:\/\/mairie-montataire.fr\/de\/annuaires\/services-municipaux\/dgs\/police-municipale\/\" class=\"directory-archive__card-link\">\n        <figure class=\"directory-archive__card-thumbnail-container\">\n                                                    <img loading=\"lazy\" decoding=\"async\" class=\"directory-archive__card-thumbnail\" src=\"https:\/\/mairie-montataire.fr\/app\/uploads\/2024\/08\/Logo_Ville.jpg\" srcset=\"https:\/\/mairie-montataire.fr\/app\/uploads\/2024\/08\/Logo_Ville.jpg 270w, https:\/\/mairie-montataire.fr\/app\/uploads\/2024\/08\/Logo_Ville-14x12.jpg 14w\"\n                 sizes=\"auto, (max-width: 270px) 100vw, 270px\" alt=\"\" width=\"270\"\n                 height=\"230\"\/>\n        <\/figure>\n        <div class=\"directory-archive__card-content\">\n            <h3 class=\"directory-archive__card-title\">Police municipale<\/h3>\n            <p class=\"directory-archive__card-excerpt\"><\/p>\n        <\/div>\n    <\/a>\n<\/div>                <\/li>\n                            <li class=\"directory-archive__list-item\">\n                    <div class=\"directory-archive__card\">\n    <a href=\"https:\/\/mairie-montataire.fr\/de\/annuaires\/services-municipaux\/dcsdt\/politique-de-la-ville\/\" class=\"directory-archive__card-link\">\n        <figure class=\"directory-archive__card-thumbnail-container\">\n                                                    <img loading=\"lazy\" decoding=\"async\" class=\"directory-archive__card-thumbnail\" src=\"https:\/\/mairie-montataire.fr\/app\/uploads\/2024\/08\/Logo_Ville.jpg\" srcset=\"https:\/\/mairie-montataire.fr\/app\/uploads\/2024\/08\/Logo_Ville.jpg 270w, https:\/\/mairie-montataire.fr\/app\/uploads\/2024\/08\/Logo_Ville-14x12.jpg 14w\"\n                 sizes=\"auto, (max-width: 270px) 100vw, 270px\" alt=\"\" width=\"270\"\n                 height=\"230\"\/>\n        <\/figure>\n        <div class=\"directory-archive__card-content\">\n            <h3 class=\"directory-archive__card-title\">Politique de la ville<\/h3>\n            <p class=\"directory-archive__card-excerpt\"><\/p>\n        <\/div>\n    <\/a>\n<\/div>                <\/li>\n                            <li class=\"directory-archive__list-item\">\n                    <div class=\"directory-archive__card\">\n    <a href=\"https:\/\/mairie-montataire.fr\/de\/annuaires\/associations\/sport\/red-star-montataire-volley-ball\/\" class=\"directory-archive__card-link\">\n        <figure class=\"directory-archive__card-thumbnail-container\">\n                                                    <img loading=\"lazy\" decoding=\"async\" class=\"directory-archive__card-thumbnail\" src=\"https:\/\/mairie-montataire.fr\/app\/uploads\/2024\/08\/Logo_RedStarMontataireVolley.jpg\" srcset=\"\"\n                 sizes=\"auto, (max-width: 270px) 100vw, 270px\" alt=\"\" width=\"270\"\n                 height=\"230\"\/>\n        <\/figure>\n        <div class=\"directory-archive__card-content\">\n            <h3 class=\"directory-archive__card-title\">Red Star Montataire Volley-Ball<\/h3>\n            <p class=\"directory-archive__card-excerpt\"><\/p>\n        <\/div>\n    <\/a>\n<\/div>                <\/li>\n                            <li class=\"directory-archive__list-item\">\n                    <div class=\"directory-archive__card\">\n    <a href=\"https:\/\/mairie-montataire.fr\/de\/annuaires\/autres-infrastructures\/regie-du-cable-et-le-lelectricite\/\" class=\"directory-archive__card-link\">\n        <figure class=\"directory-archive__card-thumbnail-container\">\n                                                    <img loading=\"lazy\" decoding=\"async\" class=\"directory-archive__card-thumbnail\" src=\"https:\/\/mairie-montataire.fr\/app\/uploads\/2024\/07\/Annuaire_RCCEM.jpg\" srcset=\"https:\/\/mairie-montataire.fr\/app\/uploads\/2024\/07\/Annuaire_RCCEM.jpg 270w, https:\/\/mairie-montataire.fr\/app\/uploads\/2024\/07\/Annuaire_RCCEM-14x12.jpg 14w\"\n                 sizes=\"auto, (max-width: 270px) 100vw, 270px\" alt=\"\" width=\"270\"\n                 height=\"230\"\/>\n        <\/figure>\n        <div class=\"directory-archive__card-content\">\n            <h3 class=\"directory-archive__card-title\">R\u00e9gie du c\u00e2ble et le l&rsquo;\u00e9lectricit\u00e9<\/h3>\n            <p class=\"directory-archive__card-excerpt\"><\/p>\n        <\/div>\n    <\/a>\n<\/div>                <\/li>\n                            <li class=\"directory-archive__list-item\">\n                    <div class=\"directory-archive__card\">\n    <a href=\"https:\/\/mairie-montataire.fr\/de\/annuaires\/services-municipaux\/dejss\/petite-enfance-et-ram\/\" class=\"directory-archive__card-link\">\n        <figure class=\"directory-archive__card-thumbnail-container\">\n                                                    <img loading=\"lazy\" decoding=\"async\" class=\"directory-archive__card-thumbnail\" src=\"https:\/\/mairie-montataire.fr\/app\/uploads\/2024\/08\/Logo_Ville.jpg\" srcset=\"https:\/\/mairie-montataire.fr\/app\/uploads\/2024\/08\/Logo_Ville.jpg 270w, https:\/\/mairie-montataire.fr\/app\/uploads\/2024\/08\/Logo_Ville-14x12.jpg 14w\"\n                 sizes=\"auto, (max-width: 270px) 100vw, 270px\" alt=\"\" width=\"270\"\n                 height=\"230\"\/>\n        <\/figure>\n        <div class=\"directory-archive__card-content\">\n            <h3 class=\"directory-archive__card-title\">Relais Petite Enfance<\/h3>\n            <p class=\"directory-archive__card-excerpt\"><\/p>\n        <\/div>\n    <\/a>\n<\/div>                <\/li>\n                            <li class=\"directory-archive__list-item\">\n                    <div class=\"directory-archive__card\">\n    <a href=\"https:\/\/mairie-montataire.fr\/de\/annuaires\/associations\/sport\/ronin-fight-team\/\" class=\"directory-archive__card-link\">\n        <figure class=\"directory-archive__card-thumbnail-container\">\n                                                    <img loading=\"lazy\" decoding=\"async\" class=\"directory-archive__card-thumbnail\" src=\"https:\/\/mairie-montataire.fr\/app\/uploads\/2024\/08\/Logo_RoninFightTeam.png.jpg\" srcset=\"\"\n                 sizes=\"auto, (max-width: 270px) 100vw, 270px\" alt=\"\" width=\"270\"\n                 height=\"230\"\/>\n        <\/figure>\n        <div class=\"directory-archive__card-content\">\n            <h3 class=\"directory-archive__card-title\">Ronin Fight Team<\/h3>\n            <p class=\"directory-archive__card-excerpt\"><\/p>\n        <\/div>\n    <\/a>\n<\/div>                <\/li>\n                            <li class=\"directory-archive__list-item\">\n                    <div class=\"directory-archive__card\">\n    <a href=\"https:\/\/mairie-montataire.fr\/de\/annuaires\/location-de-salles\/salle-de-la-liberation\/\" class=\"directory-archive__card-link\">\n        <figure class=\"directory-archive__card-thumbnail-container\">\n                                                    <img loading=\"lazy\" decoding=\"async\" class=\"directory-archive__card-thumbnail\" src=\"https:\/\/mairie-montataire.fr\/app\/uploads\/2024\/07\/Annuaire_Liberation.jpg\" srcset=\"https:\/\/mairie-montataire.fr\/app\/uploads\/2024\/07\/Annuaire_Liberation.jpg 270w, https:\/\/mairie-montataire.fr\/app\/uploads\/2024\/07\/Annuaire_Liberation-14x12.jpg 14w\"\n                 sizes=\"auto, (max-width: 270px) 100vw, 270px\" alt=\"\" width=\"270\"\n                 height=\"230\"\/>\n        <\/figure>\n        <div class=\"directory-archive__card-content\">\n            <h3 class=\"directory-archive__card-title\">Salle de la Lib\u00e9ration<\/h3>\n            <p class=\"directory-archive__card-excerpt\"><\/p>\n        <\/div>\n    <\/a>\n<\/div>                <\/li>\n                            <li class=\"directory-archive__list-item\">\n                    <div class=\"directory-archive__card\">\n    <a href=\"https:\/\/mairie-montataire.fr\/de\/annuaires\/sante\/autres-professions-de-sante\/sato-picardie-caarud-le-relais\/\" class=\"directory-archive__card-link\">\n        <figure class=\"directory-archive__card-thumbnail-container\">\n                                                    <img loading=\"lazy\" decoding=\"async\" class=\"directory-archive__card-thumbnail\" src=\"https:\/\/mairie-montataire.fr\/app\/uploads\/2024\/07\/AntresSante.jpg\" srcset=\"https:\/\/mairie-montataire.fr\/app\/uploads\/2024\/07\/AntresSante.jpg 270w, https:\/\/mairie-montataire.fr\/app\/uploads\/2024\/07\/AntresSante-14x12.jpg 14w\"\n                 sizes=\"auto, (max-width: 270px) 100vw, 270px\" alt=\"\" width=\"270\"\n                 height=\"230\"\/>\n        <\/figure>\n        <div class=\"directory-archive__card-content\">\n            <h3 class=\"directory-archive__card-title\">SATO Picardie &#8211; CAARUD \u00ab\u00a0Le Relais\u00a0\u00bb<\/h3>\n            <p class=\"directory-archive__card-excerpt\"><\/p>\n        <\/div>\n    <\/a>\n<\/div>                <\/li>\n                            <li class=\"directory-archive__list-item\">\n                    <div class=\"directory-archive__card\">\n    <a href=\"https:\/\/mairie-montataire.fr\/de\/annuaires\/associations\/solidarite\/secours-populaire-francais\/\" class=\"directory-archive__card-link\">\n        <figure class=\"directory-archive__card-thumbnail-container\">\n                                                    <img loading=\"lazy\" decoding=\"async\" class=\"directory-archive__card-thumbnail\" src=\"https:\/\/mairie-montataire.fr\/app\/uploads\/2024\/08\/Logo_SecoursPopulaireFrancais_noir.jpg\" srcset=\"\"\n                 sizes=\"auto, (max-width: 270px) 100vw, 270px\" alt=\"\" width=\"270\"\n                 height=\"230\"\/>\n        <\/figure>\n        <div class=\"directory-archive__card-content\">\n            <h3 class=\"directory-archive__card-title\">Secours Populaire Fran\u00e7ais<\/h3>\n            <p class=\"directory-archive__card-excerpt\"><\/p>\n        <\/div>\n    <\/a>\n<\/div>                <\/li>\n                            <li class=\"directory-archive__list-item\">\n                    <div class=\"directory-archive__card\">\n    <a href=\"https:\/\/mairie-montataire.fr\/de\/annuaires\/services-municipaux\/dejss\/sport\/\" class=\"directory-archive__card-link\">\n        <figure class=\"directory-archive__card-thumbnail-container\">\n                                                    <img loading=\"lazy\" decoding=\"async\" class=\"directory-archive__card-thumbnail\" src=\"https:\/\/mairie-montataire.fr\/app\/uploads\/2024\/08\/Logo_Ville.jpg\" srcset=\"https:\/\/mairie-montataire.fr\/app\/uploads\/2024\/08\/Logo_Ville.jpg 270w, https:\/\/mairie-montataire.fr\/app\/uploads\/2024\/08\/Logo_Ville-14x12.jpg 14w\"\n                 sizes=\"auto, (max-width: 270px) 100vw, 270px\" alt=\"\" width=\"270\"\n                 height=\"230\"\/>\n        <\/figure>\n        <div class=\"directory-archive__card-content\">\n            <h3 class=\"directory-archive__card-title\">Service des sports<\/h3>\n            <p class=\"directory-archive__card-excerpt\"><\/p>\n        <\/div>\n    <\/a>\n<\/div>                <\/li>\n                            <li class=\"directory-archive__list-item\">\n                    <div class=\"directory-archive__card\">\n    <a href=\"https:\/\/mairie-montataire.fr\/de\/annuaires\/services-municipaux\/drh\/services-des-ressources-humaines\/\" class=\"directory-archive__card-link\">\n        <figure class=\"directory-archive__card-thumbnail-container\">\n                                                    <img loading=\"lazy\" decoding=\"async\" class=\"directory-archive__card-thumbnail\" src=\"https:\/\/mairie-montataire.fr\/app\/uploads\/2024\/08\/Logo_Ville.jpg\" srcset=\"https:\/\/mairie-montataire.fr\/app\/uploads\/2024\/08\/Logo_Ville.jpg 270w, https:\/\/mairie-montataire.fr\/app\/uploads\/2024\/08\/Logo_Ville-14x12.jpg 14w\"\n                 sizes=\"auto, (max-width: 270px) 100vw, 270px\" alt=\"\" width=\"270\"\n                 height=\"230\"\/>\n        <\/figure>\n        <div class=\"directory-archive__card-content\">\n            <h3 class=\"directory-archive__card-title\">Services des ressources humaines<\/h3>\n            <p class=\"directory-archive__card-excerpt\"><\/p>\n        <\/div>\n    <\/a>\n<\/div>                <\/li>\n                            <li class=\"directory-archive__list-item\">\n                    <div class=\"directory-archive__card\">\n    <a href=\"https:\/\/mairie-montataire.fr\/de\/annuaires\/services-municipaux\/dcsdt\/services-retraites\/\" class=\"directory-archive__card-link\">\n        <figure class=\"directory-archive__card-thumbnail-container\">\n                                                    <img loading=\"lazy\" decoding=\"async\" class=\"directory-archive__card-thumbnail\" src=\"https:\/\/mairie-montataire.fr\/app\/uploads\/2024\/08\/Logo_Ville.jpg\" srcset=\"https:\/\/mairie-montataire.fr\/app\/uploads\/2024\/08\/Logo_Ville.jpg 270w, https:\/\/mairie-montataire.fr\/app\/uploads\/2024\/08\/Logo_Ville-14x12.jpg 14w\"\n                 sizes=\"auto, (max-width: 270px) 100vw, 270px\" alt=\"\" width=\"270\"\n                 height=\"230\"\/>\n        <\/figure>\n        <div class=\"directory-archive__card-content\">\n            <h3 class=\"directory-archive__card-title\">Services retrait\u00e9s<\/h3>\n            <p class=\"directory-archive__card-excerpt\"><\/p>\n        <\/div>\n    <\/a>\n<\/div>                <\/li>\n                            <li class=\"directory-archive__list-item\">\n                    <div class=\"directory-archive__card\">\n    <a href=\"https:\/\/mairie-montataire.fr\/de\/annuaires\/services-municipaux\/dst\/services-techniques\/\" class=\"directory-archive__card-link\">\n        <figure class=\"directory-archive__card-thumbnail-container\">\n                                                    <img loading=\"lazy\" decoding=\"async\" class=\"directory-archive__card-thumbnail\" src=\"https:\/\/mairie-montataire.fr\/app\/uploads\/2024\/08\/Logo_Ville.jpg\" srcset=\"https:\/\/mairie-montataire.fr\/app\/uploads\/2024\/08\/Logo_Ville.jpg 270w, https:\/\/mairie-montataire.fr\/app\/uploads\/2024\/08\/Logo_Ville-14x12.jpg 14w\"\n                 sizes=\"auto, (max-width: 270px) 100vw, 270px\" alt=\"\" width=\"270\"\n                 height=\"230\"\/>\n        <\/figure>\n        <div class=\"directory-archive__card-content\">\n            <h3 class=\"directory-archive__card-title\">Services Techniques<\/h3>\n            <p class=\"directory-archive__card-excerpt\"><\/p>\n        <\/div>\n    <\/a>\n<\/div>                <\/li>\n                            <li class=\"directory-archive__list-item\">\n                    <div class=\"directory-archive__card\">\n    <a href=\"https:\/\/mairie-montataire.fr\/de\/annuaires\/associations\/sport\/soccer-salle\/\" class=\"directory-archive__card-link\">\n        <figure class=\"directory-archive__card-thumbnail-container\">\n                                                    <img loading=\"lazy\" decoding=\"async\" class=\"directory-archive__card-thumbnail\" src=\"https:\/\/mairie-montataire.fr\/app\/uploads\/2024\/05\/default_thumbnail-montataire.png\" srcset=\"https:\/\/mairie-montataire.fr\/app\/uploads\/2024\/05\/default_thumbnail-montataire.png 466w, https:\/\/mairie-montataire.fr\/app\/uploads\/2024\/05\/default_thumbnail-montataire-300x215.png 300w\"\n                 sizes=\"auto, (max-width: 466px) 100vw, 466px\" alt=\"\" width=\"466\"\n                 height=\"334\"\/>\n        <\/figure>\n        <div class=\"directory-archive__card-content\">\n            <h3 class=\"directory-archive__card-title\">Soccer Salle<\/h3>\n            <p class=\"directory-archive__card-excerpt\"><\/p>\n        <\/div>\n    <\/a>\n<\/div>                <\/li>\n                            <li class=\"directory-archive__list-item\">\n                    <div class=\"directory-archive__card\">\n    <a href=\"https:\/\/mairie-montataire.fr\/de\/annuaires\/associations\/environnement-et-nature\/societe-colombophile-les-vrais-amateurs\/\" class=\"directory-archive__card-link\">\n        <figure class=\"directory-archive__card-thumbnail-container\">\n                                                    <img loading=\"lazy\" decoding=\"async\" class=\"directory-archive__card-thumbnail\" src=\"https:\/\/mairie-montataire.fr\/app\/uploads\/2024\/05\/default_thumbnail-montataire.png\" srcset=\"https:\/\/mairie-montataire.fr\/app\/uploads\/2024\/05\/default_thumbnail-montataire.png 466w, https:\/\/mairie-montataire.fr\/app\/uploads\/2024\/05\/default_thumbnail-montataire-300x215.png 300w\"\n                 sizes=\"auto, (max-width: 466px) 100vw, 466px\" alt=\"\" width=\"466\"\n                 height=\"334\"\/>\n        <\/figure>\n        <div class=\"directory-archive__card-content\">\n            <h3 class=\"directory-archive__card-title\">Soci\u00e9t\u00e9 colombophile \u00ab\u00a0Les vrais Amateurs\u00a0\u00bb<\/h3>\n            <p class=\"directory-archive__card-excerpt\"><\/p>\n        <\/div>\n    <\/a>\n<\/div>                <\/li>\n                            <li class=\"directory-archive__list-item\">\n                    <div class=\"directory-archive__card\">\n    <a href=\"https:\/\/mairie-montataire.fr\/de\/annuaires\/associations\/environnement-et-nature\/societe-de-chasse-de-montataire\/\" class=\"directory-archive__card-link\">\n        <figure class=\"directory-archive__card-thumbnail-container\">\n                                                    <img loading=\"lazy\" decoding=\"async\" class=\"directory-archive__card-thumbnail\" src=\"https:\/\/mairie-montataire.fr\/app\/uploads\/2024\/08\/Logo_UnionDesProprietairesDeMontataire.jpg\" srcset=\"\"\n                 sizes=\"auto, (max-width: 270px) 100vw, 270px\" alt=\"\" width=\"270\"\n                 height=\"230\"\/>\n        <\/figure>\n        <div class=\"directory-archive__card-content\">\n            <h3 class=\"directory-archive__card-title\">Soci\u00e9t\u00e9 de chasse de Montataire<\/h3>\n            <p class=\"directory-archive__card-excerpt\"><\/p>\n        <\/div>\n    <\/a>\n<\/div>                <\/li>\n                            <li class=\"directory-archive__list-item\">\n                    <div class=\"directory-archive__card\">\n    <a href=\"https:\/\/mairie-montataire.fr\/de\/annuaires\/associations\/environnement-et-nature\/societe-mycologique-de-montataire\/\" class=\"directory-archive__card-link\">\n        <figure class=\"directory-archive__card-thumbnail-container\">\n                                                    <img loading=\"lazy\" decoding=\"async\" class=\"directory-archive__card-thumbnail\" src=\"https:\/\/mairie-montataire.fr\/app\/uploads\/2024\/08\/Logo_SocieteMycologiqueDeMontataire.jpg\" srcset=\"\"\n                 sizes=\"auto, (max-width: 270px) 100vw, 270px\" alt=\"\" width=\"270\"\n                 height=\"230\"\/>\n        <\/figure>\n        <div class=\"directory-archive__card-content\">\n            <h3 class=\"directory-archive__card-title\">Soci\u00e9t\u00e9 Mycologique de Montataire<\/h3>\n            <p class=\"directory-archive__card-excerpt\"><\/p>\n        <\/div>\n    <\/a>\n<\/div>                <\/li>\n                            <li class=\"directory-archive__list-item\">\n                    <div class=\"directory-archive__card\">\n    <a href=\"https:\/\/mairie-montataire.fr\/de\/annuaires\/associations\/environnement-et-nature\/societe-ouvriere-dhorticulture-et-de-temperance\/\" class=\"directory-archive__card-link\">\n        <figure class=\"directory-archive__card-thumbnail-container\">\n                                                    <img loading=\"lazy\" decoding=\"async\" class=\"directory-archive__card-thumbnail\" src=\"https:\/\/mairie-montataire.fr\/app\/uploads\/2024\/08\/Logo_SocieteOuvriereHorticultureTemperanceMontataire.jpg\" srcset=\"\"\n                 sizes=\"auto, (max-width: 270px) 100vw, 270px\" alt=\"\" width=\"270\"\n                 height=\"230\"\/>\n        <\/figure>\n        <div class=\"directory-archive__card-content\">\n            <h3 class=\"directory-archive__card-title\">Soci\u00e9t\u00e9 ouvri\u00e8re d&rsquo;horticulture et de temp\u00e9rance<\/h3>\n            <p class=\"directory-archive__card-excerpt\"><\/p>\n        <\/div>\n    <\/a>\n<\/div>                <\/li>\n                            <li class=\"directory-archive__list-item\">\n                    <div class=\"directory-archive__card\">\n    <a href=\"https:\/\/mairie-montataire.fr\/de\/annuaires\/associations\/culture-et-loisirs\/souvenir-du-portugal\/\" class=\"directory-archive__card-link\">\n        <figure class=\"directory-archive__card-thumbnail-container\">\n                                                    <img loading=\"lazy\" decoding=\"async\" class=\"directory-archive__card-thumbnail\" src=\"https:\/\/mairie-montataire.fr\/app\/uploads\/2024\/08\/Logo_SouvenirDuPortugal.jpg\" srcset=\"\"\n                 sizes=\"auto, (max-width: 270px) 100vw, 270px\" alt=\"\" width=\"270\"\n                 height=\"230\"\/>\n        <\/figure>\n        <div class=\"directory-archive__card-content\">\n            <h3 class=\"directory-archive__card-title\">Souvenir du Portugal<\/h3>\n            <p class=\"directory-archive__card-excerpt\"><\/p>\n        <\/div>\n    <\/a>\n<\/div>                <\/li>\n                            <li class=\"directory-archive__list-item\">\n                    <div class=\"directory-archive__card\">\n    <a href=\"https:\/\/mairie-montataire.fr\/de\/annuaires\/structures-sportives\/stade-kleber-sellier\/\" class=\"directory-archive__card-link\">\n        <figure class=\"directory-archive__card-thumbnail-container\">\n                                                    <img loading=\"lazy\" decoding=\"async\" class=\"directory-archive__card-thumbnail\" src=\"https:\/\/mairie-montataire.fr\/app\/uploads\/2024\/08\/Stade-Sellier-9.jpg\" srcset=\"https:\/\/mairie-montataire.fr\/app\/uploads\/2024\/08\/Stade-Sellier-9.jpg 270w, https:\/\/mairie-montataire.fr\/app\/uploads\/2024\/08\/Stade-Sellier-9-14x12.jpg 14w\"\n                 sizes=\"auto, (max-width: 270px) 100vw, 270px\" alt=\"\" width=\"270\"\n                 height=\"230\"\/>\n        <\/figure>\n        <div class=\"directory-archive__card-content\">\n            <h3 class=\"directory-archive__card-title\">Stade Kleber Sellier<\/h3>\n            <p class=\"directory-archive__card-excerpt\"><\/p>\n        <\/div>\n    <\/a>\n<\/div>                <\/li>\n                            <li class=\"directory-archive__list-item\">\n                    <div class=\"directory-archive__card\">\n    <a href=\"https:\/\/mairie-montataire.fr\/de\/annuaires\/associations\/sport\/standard-football-club-montataire\/\" class=\"directory-archive__card-link\">\n        <figure class=\"directory-archive__card-thumbnail-container\">\n                                                    <img loading=\"lazy\" decoding=\"async\" class=\"directory-archive__card-thumbnail\" src=\"https:\/\/mairie-montataire.fr\/app\/uploads\/2024\/08\/Logo_SFCM.jpg\" srcset=\"\"\n                 sizes=\"auto, (max-width: 270px) 100vw, 270px\" alt=\"\" width=\"270\"\n                 height=\"230\"\/>\n        <\/figure>\n        <div class=\"directory-archive__card-content\">\n            <h3 class=\"directory-archive__card-title\">Standard Football Club Montataire<\/h3>\n            <p class=\"directory-archive__card-excerpt\"><\/p>\n        <\/div>\n    <\/a>\n<\/div>                <\/li>\n                            <li class=\"directory-archive__list-item\">\n                    <div class=\"directory-archive__card\">\n    <a href=\"https:\/\/mairie-montataire.fr\/de\/annuaires\/associations\/sport\/sud-oise-escalade\/\" class=\"directory-archive__card-link\">\n        <figure class=\"directory-archive__card-thumbnail-container\">\n                                                    <img loading=\"lazy\" decoding=\"async\" class=\"directory-archive__card-thumbnail\" src=\"https:\/\/mairie-montataire.fr\/app\/uploads\/2024\/08\/Logo_SudOiseEscalade.jpg\" srcset=\"\"\n                 sizes=\"auto, (max-width: 270px) 100vw, 270px\" alt=\"\" width=\"270\"\n                 height=\"230\"\/>\n        <\/figure>\n        <div class=\"directory-archive__card-content\">\n            <h3 class=\"directory-archive__card-title\">Sud Oise Escalade<\/h3>\n            <p class=\"directory-archive__card-excerpt\"><\/p>\n        <\/div>\n    <\/a>\n<\/div>                <\/li>\n                            <li class=\"directory-archive__list-item\">\n                    <div class=\"directory-archive__card\">\n    <a href=\"https:\/\/mairie-montataire.fr\/de\/annuaires\/associations\/sport\/tennis-club-de-montataire\/\" class=\"directory-archive__card-link\">\n        <figure class=\"directory-archive__card-thumbnail-container\">\n                                                    <img loading=\"lazy\" decoding=\"async\" class=\"directory-archive__card-thumbnail\" src=\"https:\/\/mairie-montataire.fr\/app\/uploads\/2024\/08\/Logo_TennisClubMontataire-new.jpg\" srcset=\"https:\/\/mairie-montataire.fr\/app\/uploads\/2024\/08\/Logo_TennisClubMontataire-new.jpg 270w, https:\/\/mairie-montataire.fr\/app\/uploads\/2024\/08\/Logo_TennisClubMontataire-new-14x12.jpg 14w\"\n                 sizes=\"auto, (max-width: 270px) 100vw, 270px\" alt=\"\" width=\"270\"\n                 height=\"230\"\/>\n        <\/figure>\n        <div class=\"directory-archive__card-content\">\n            <h3 class=\"directory-archive__card-title\">Tennis Club de Montataire<\/h3>\n            <p class=\"directory-archive__card-excerpt\"><\/p>\n        <\/div>\n    <\/a>\n<\/div>                <\/li>\n                            <li class=\"directory-archive__list-item\">\n                    <div class=\"directory-archive__card\">\n    <a href=\"https:\/\/mairie-montataire.fr\/de\/annuaires\/associations\/sport\/union-cycliste-montatairienne\/\" class=\"directory-archive__card-link\">\n        <figure class=\"directory-archive__card-thumbnail-container\">\n                                                    <img loading=\"lazy\" decoding=\"async\" class=\"directory-archive__card-thumbnail\" src=\"https:\/\/mairie-montataire.fr\/app\/uploads\/2024\/08\/Logo_UCM.jpg\" srcset=\"\"\n                 sizes=\"auto, (max-width: 270px) 100vw, 270px\" alt=\"\" width=\"270\"\n                 height=\"230\"\/>\n        <\/figure>\n        <div class=\"directory-archive__card-content\">\n            <h3 class=\"directory-archive__card-title\">Union Cycliste Montatairienne<\/h3>\n            <p class=\"directory-archive__card-excerpt\"><\/p>\n        <\/div>\n    <\/a>\n<\/div>                <\/li>\n                            <li class=\"directory-archive__list-item\">\n                    <div class=\"directory-archive__card\">\n    <a href=\"https:\/\/mairie-montataire.fr\/de\/annuaires\/associations\/memoire-et-patrimoine\/union-locale-des-anciens-combattants-ulac\/\" class=\"directory-archive__card-link\">\n        <figure class=\"directory-archive__card-thumbnail-container\">\n                                                    <img loading=\"lazy\" decoding=\"async\" class=\"directory-archive__card-thumbnail\" src=\"https:\/\/mairie-montataire.fr\/app\/uploads\/2024\/05\/default_thumbnail-montataire.png\" srcset=\"https:\/\/mairie-montataire.fr\/app\/uploads\/2024\/05\/default_thumbnail-montataire.png 466w, https:\/\/mairie-montataire.fr\/app\/uploads\/2024\/05\/default_thumbnail-montataire-300x215.png 300w\"\n                 sizes=\"auto, (max-width: 466px) 100vw, 466px\" alt=\"\" width=\"466\"\n                 height=\"334\"\/>\n        <\/figure>\n        <div class=\"directory-archive__card-content\">\n            <h3 class=\"directory-archive__card-title\">Union Locale des Anciens Combattants (ULAC)<\/h3>\n            <p class=\"directory-archive__card-excerpt\"><\/p>\n        <\/div>\n    <\/a>\n<\/div>                <\/li>\n                            <li class=\"directory-archive__list-item\">\n                    <div class=\"directory-archive__card\">\n    <a href=\"https:\/\/mairie-montataire.fr\/de\/annuaires\/associations\/sport\/union-sportive-de-montataire\/\" class=\"directory-archive__card-link\">\n        <figure class=\"directory-archive__card-thumbnail-container\">\n                                                    <img loading=\"lazy\" decoding=\"async\" class=\"directory-archive__card-thumbnail\" src=\"https:\/\/mairie-montataire.fr\/app\/uploads\/2024\/08\/Logo_UnionSportiveDeMontataire.jpg\" srcset=\"\"\n                 sizes=\"auto, (max-width: 270px) 100vw, 270px\" alt=\"\" width=\"270\"\n                 height=\"230\"\/>\n        <\/figure>\n        <div class=\"directory-archive__card-content\">\n            <h3 class=\"directory-archive__card-title\">Union Sportive de Montataire<\/h3>\n            <p class=\"directory-archive__card-excerpt\"><\/p>\n        <\/div>\n    <\/a>\n<\/div>                <\/li>\n                            <li class=\"directory-archive__list-item\">\n                    <div class=\"directory-archive__card\">\n    <a href=\"https:\/\/mairie-montataire.fr\/de\/annuaires\/associations\/culture-et-loisirs\/video-travelling\/\" class=\"directory-archive__card-link\">\n        <figure class=\"directory-archive__card-thumbnail-container\">\n                                                    <img loading=\"lazy\" decoding=\"async\" class=\"directory-archive__card-thumbnail\" src=\"https:\/\/mairie-montataire.fr\/app\/uploads\/2024\/08\/Logo_VideoTravelling.jpg\" srcset=\"\"\n                 sizes=\"auto, (max-width: 270px) 100vw, 270px\" alt=\"\" width=\"270\"\n                 height=\"230\"\/>\n        <\/figure>\n        <div class=\"directory-archive__card-content\">\n            <h3 class=\"directory-archive__card-title\">Vid\u00e9o Travelling<\/h3>\n            <p class=\"directory-archive__card-excerpt\"><\/p>\n        <\/div>\n    <\/a>\n<\/div>                <\/li>\n                            <li class=\"directory-archive__list-item\">\n                    <div class=\"directory-archive__card\">\n    <a href=\"https:\/\/mairie-montataire.fr\/de\/annuaires\/associations\/solidarite\/vie-libre\/\" class=\"directory-archive__card-link\">\n        <figure class=\"directory-archive__card-thumbnail-container\">\n                                                    <img loading=\"lazy\" decoding=\"async\" class=\"directory-archive__card-thumbnail\" src=\"https:\/\/mairie-montataire.fr\/app\/uploads\/2024\/08\/Logo_VieLibre.jpg\" srcset=\"\"\n                 sizes=\"auto, (max-width: 270px) 100vw, 270px\" alt=\"\" width=\"270\"\n                 height=\"230\"\/>\n        <\/figure>\n        <div class=\"directory-archive__card-content\">\n            <h3 class=\"directory-archive__card-title\">Vie Libre<\/h3>\n            <p class=\"directory-archive__card-excerpt\"><\/p>\n        <\/div>\n    <\/a>\n<\/div>                <\/li>\n                    <\/ul>\n    <\/div><\/div><div role=\"tabpanel\" class=\"directory-archive__tabpanel is-hidden\" id=\"directory-archive__panel--map\"\n     aria-labelledby=\"directory-archive__tab--map\">\n    <div class=\"directory-archive__map\">\n            <ul class=\"directory-archive__map-list\">\n                            <li class=\"directory-archive__map-item\">\n                    <div class=\"directory-archive__map-card\">\n    <a href=\"https:\/\/mairie-montataire.fr\/de\/annuaires\/services-municipaux\/dejss\/accueil-de-loisirs\/\" class=\"directory-archive__map-card-link\">\n        <div class=\"directory-archive__map-card-content\">\n            <h3 class=\"directory-archive__map-card-title\">Accueil de loisirs (ALSH)<\/h3>\n            <p class=\"directory-archive__map-card-type\">Services municipaux<\/p>\n        <\/div>\n        <div class=\"directory-archive__map-card-info\">\n                            <div class=\"directory-archive__map-card-address\">\n                                            <p>Avenue Anatole France<\/p>\n                                                                <div class=\"\">\n                                                            <p>60160 <\/p>\n                                                                                        <p>Montataire<\/p>\n                                                    <\/div>\n                                    <\/div>\n                                                                                            \n                                                                                                                                                                                                                                                                                                                        \n                <p>03 44 27 48 65<\/p>\n                    <\/div>\n    <\/a>\n<\/div>                <\/li>\n                            <li class=\"directory-archive__map-item\">\n                    <div class=\"directory-archive__map-card\">\n    <a href=\"https:\/\/mairie-montataire.fr\/de\/annuaires\/services-municipaux\/dejss\/accueil-enfance\/\" class=\"directory-archive__map-card-link\">\n        <div class=\"directory-archive__map-card-content\">\n            <h3 class=\"directory-archive__map-card-title\">Accueil enfance<\/h3>\n            <p class=\"directory-archive__map-card-type\">Services municipaux<\/p>\n        <\/div>\n        <div class=\"directory-archive__map-card-info\">\n                            <div class=\"directory-archive__map-card-address\">\n                                            <p>2, rue Armand Desnosse<\/p>\n                                                                <div class=\"\">\n                                                            <p>60160 <\/p>\n                                                                                        <p>Montataire<\/p>\n                                                    <\/div>\n                                    <\/div>\n                                                                                            \n                                                                                                                                                                                                                                                                                                                        \n                <p>03 44 64 45 80<\/p>\n                    <\/div>\n    <\/a>\n<\/div>                <\/li>\n                            <li class=\"directory-archive__map-item\">\n                    <div class=\"directory-archive__map-card\">\n    <a href=\"https:\/\/mairie-montataire.fr\/de\/annuaires\/associations\/jumelage-et-international\/agence-internationale-pour-le-developpement-economique-et-social-aides\/\" class=\"directory-archive__map-card-link\">\n        <div class=\"directory-archive__map-card-content\">\n            <h3 class=\"directory-archive__map-card-title\">Agence Internationale pour le D\u00e9veloppement \u00c9conomique et Social (AIDES)<\/h3>\n            <p class=\"directory-archive__map-card-type\">Associations<\/p>\n        <\/div>\n        <div class=\"directory-archive__map-card-info\">\n                                <\/div>\n    <\/a>\n<\/div>                <\/li>\n                            <li class=\"directory-archive__map-item\">\n                    <div class=\"directory-archive__map-card\">\n    <a href=\"https:\/\/mairie-montataire.fr\/de\/annuaires\/associations\/solidarite\/amour-denfants-picardie\/\" class=\"directory-archive__map-card-link\">\n        <div class=\"directory-archive__map-card-content\">\n            <h3 class=\"directory-archive__map-card-title\">Amour d&rsquo;enfants Picardie<\/h3>\n            <p class=\"directory-archive__map-card-type\">Associations<\/p>\n        <\/div>\n        <div class=\"directory-archive__map-card-info\">\n                                                                                            \n                                                                                                                                                                                                                                                                                                                        \n                <p>06 52 62 64 52<\/p>\n                    <\/div>\n    <\/a>\n<\/div>                <\/li>\n                            <li class=\"directory-archive__map-item\">\n                    <div class=\"directory-archive__map-card\">\n    <a href=\"https:\/\/mairie-montataire.fr\/de\/annuaires\/associations\/sport\/aquatic-club-intercommunal-de-montataire-acim\/\" class=\"directory-archive__map-card-link\">\n        <div class=\"directory-archive__map-card-content\">\n            <h3 class=\"directory-archive__map-card-title\">Aquatic Club Intercommunal de Montataire (ACIM)<\/h3>\n            <p class=\"directory-archive__map-card-type\">Associations<\/p>\n        <\/div>\n        <div class=\"directory-archive__map-card-info\">\n                                                                                            \n                                                                                                                                                                                                                                                                                                                        \n                <p>07 83 64 82 06<\/p>\n                    <\/div>\n    <\/a>\n<\/div>                <\/li>\n                            <li class=\"directory-archive__map-item\">\n                    <div class=\"directory-archive__map-card\">\n    <a href=\"https:\/\/mairie-montataire.fr\/de\/annuaires\/services-municipaux\/dcsdt\/archives\/\" class=\"directory-archive__map-card-link\">\n        <div class=\"directory-archive__map-card-content\">\n            <h3 class=\"directory-archive__map-card-title\">Archives<\/h3>\n            <p class=\"directory-archive__map-card-type\">Services municipaux<\/p>\n        <\/div>\n        <div class=\"directory-archive__map-card-info\">\n                            <div class=\"directory-archive__map-card-address\">\n                                            <p>Place Auguste G\u00e9nie <\/p>\n                                                                <div class=\"\">\n                                                            <p>60160 <\/p>\n                                                                                        <p>Montataire<\/p>\n                                                    <\/div>\n                                    <\/div>\n                                                                                            \n                                                                                                                                                                                                                                                                                                                        \n                <p>03 44 64 44 44<\/p>\n                    <\/div>\n    <\/a>\n<\/div>                <\/li>\n                            <li class=\"directory-archive__map-item\">\n                    <div class=\"directory-archive__map-card\">\n    <a href=\"https:\/\/mairie-montataire.fr\/de\/annuaires\/associations\/jeunesse-education-et-insertion\/association-battants-service-solidarite\/\" class=\"directory-archive__map-card-link\">\n        <div class=\"directory-archive__map-card-content\">\n            <h3 class=\"directory-archive__map-card-title\">Association Battants Service Solidarit\u00e9<\/h3>\n            <p class=\"directory-archive__map-card-type\">Associations<\/p>\n        <\/div>\n        <div class=\"directory-archive__map-card-info\">\n                                                                                            \n                                                                                                                                                                                                                                                                                                                        \n                <p>03 44 27 58 91<\/p>\n                    <\/div>\n    <\/a>\n<\/div>                <\/li>\n                            <li class=\"directory-archive__map-item\">\n                    <div class=\"directory-archive__map-card\">\n    <a href=\"https:\/\/mairie-montataire.fr\/de\/annuaires\/associations\/sport\/association-de-danse-de-montataire-adm\/\" class=\"directory-archive__map-card-link\">\n        <div class=\"directory-archive__map-card-content\">\n            <h3 class=\"directory-archive__map-card-title\">Association de Danse de Montataire (ADM)<\/h3>\n            <p class=\"directory-archive__map-card-type\">Associations<\/p>\n        <\/div>\n        <div class=\"directory-archive__map-card-info\">\n                                                                                            \n                                                                                                                                                                                                                                                                                                                        \n                <p>06 89 63 92 65<\/p>\n                    <\/div>\n    <\/a>\n<\/div>                <\/li>\n                            <li class=\"directory-archive__map-item\">\n                    <div class=\"directory-archive__map-card\">\n    <a href=\"https:\/\/mairie-montataire.fr\/de\/annuaires\/associations\/solidarite\/association-de-defense-des-victimes-de-lamiante-de-a-siderurgie-usine-de-montataire-advasum\/\" class=\"directory-archive__map-card-link\">\n        <div class=\"directory-archive__map-card-content\">\n            <h3 class=\"directory-archive__map-card-title\">Association de D\u00e9fense des Victimes de l&rsquo;Amiante de a Sid\u00e9rurgie Usine de Montataire (ADVASUM)<\/h3>\n            <p class=\"directory-archive__map-card-type\">Associations<\/p>\n        <\/div>\n        <div class=\"directory-archive__map-card-info\">\n                                                                                            \n                                                                                                                                                                                                                                                                                                                        \n                <p>06 72 92 48 33<\/p>\n                    <\/div>\n    <\/a>\n<\/div>                <\/li>\n                            <li class=\"directory-archive__map-item\">\n                    <div class=\"directory-archive__map-card\">\n    <a href=\"https:\/\/mairie-montataire.fr\/de\/annuaires\/associations\/solidarite\/association-des-donneurs-de-sang-benevoles-de-creil-et-ses-environs\/\" class=\"directory-archive__map-card-link\">\n        <div class=\"directory-archive__map-card-content\">\n            <h3 class=\"directory-archive__map-card-title\">Association des donneurs de sang b\u00e9n\u00e9voles de Creil et ses environs<\/h3>\n            <p class=\"directory-archive__map-card-type\">Associations<\/p>\n        <\/div>\n        <div class=\"directory-archive__map-card-info\">\n                                                                                            \n                                                                                                                                                                                                                                                                                                                        \n                <p>06 62 43 74 05<\/p>\n                    <\/div>\n    <\/a>\n<\/div>                <\/li>\n                            <li class=\"directory-archive__map-item\">\n                    <div class=\"directory-archive__map-card\">\n    <a href=\"https:\/\/mairie-montataire.fr\/de\/annuaires\/associations\/vie-locale\/association-des-habitants-des-fonds-de-montataire-et-de-nogent-sur-oise-ahfmn\/\" class=\"directory-archive__map-card-link\">\n        <div class=\"directory-archive__map-card-content\">\n            <h3 class=\"directory-archive__map-card-title\">Association des Habitants des Fonds de Montataire et de Nogent-sur-Oise (AHFMN)<\/h3>\n            <p class=\"directory-archive__map-card-type\">Associations<\/p>\n        <\/div>\n        <div class=\"directory-archive__map-card-info\">\n                                                                                            \n                                                                                                                                                                                                                                                                                                                        \n                <p>06 70 87 26 13<\/p>\n                    <\/div>\n    <\/a>\n<\/div>                <\/li>\n                            <li class=\"directory-archive__map-item\">\n                    <div class=\"directory-archive__map-card\">\n    <a href=\"https:\/\/mairie-montataire.fr\/de\/annuaires\/associations\/culture-et-loisirs\/association-municipale-denseignement-et-deducation-musicale-de-danse-et-darts-plastiques-amem\/\" class=\"directory-archive__map-card-link\">\n        <div class=\"directory-archive__map-card-content\">\n            <h3 class=\"directory-archive__map-card-title\">Association Municipale d&rsquo;Enseignement et d&rsquo;\u00e9ducation Musicale, de danse et d&rsquo;arts plastiques (AMEM)<\/h3>\n            <p class=\"directory-archive__map-card-type\">Associations<\/p>\n        <\/div>\n        <div class=\"directory-archive__map-card-info\">\n                                                                                            \n                                                                                                                                                                                                                                                                                                                        \n                <p>03 44 27 05 05<\/p>\n                    <\/div>\n    <\/a>\n<\/div>                <\/li>\n                            <li class=\"directory-archive__map-item\">\n                    <div class=\"directory-archive__map-card\">\n    <a href=\"https:\/\/mairie-montataire.fr\/de\/annuaires\/associations\/memoire-et-patrimoine\/association-nationale-des-anciens-combattants-et-amis-de-la-resistance-anacr-comite-sud-et-ouest-de-loise\/\" class=\"directory-archive__map-card-link\">\n        <div class=\"directory-archive__map-card-content\">\n            <h3 class=\"directory-archive__map-card-title\">Association Nationale des Anciens Combattants et Amis de la R\u00e9sistance (ANACR) &#8211; Comit\u00e9 Sud et Ouest de l&rsquo;Oise<\/h3>\n            <p class=\"directory-archive__map-card-type\">Associations<\/p>\n        <\/div>\n        <div class=\"directory-archive__map-card-info\">\n                                                                                            \n                                                                                                                                                                                                                                                                                                                        \n                <p>06 30 48 77 48<\/p>\n                    <\/div>\n    <\/a>\n<\/div>                <\/li>\n                            <li class=\"directory-archive__map-item\">\n                    <div class=\"directory-archive__map-card\">\n    <a href=\"https:\/\/mairie-montataire.fr\/de\/annuaires\/associations\/memoire-et-patrimoine\/association-pour-la-memoire-ouvriere-et-industrielle-du-bassin-creillois-amoi\/\" class=\"directory-archive__map-card-link\">\n        <div class=\"directory-archive__map-card-content\">\n            <h3 class=\"directory-archive__map-card-title\">Association pour la M\u00e9moire Ouvri\u00e8re et Industrielle du bassin creillois (AMOI)<\/h3>\n            <p class=\"directory-archive__map-card-type\">Associations<\/p>\n        <\/div>\n        <div class=\"directory-archive__map-card-info\">\n                                                                                            \n                                                                                                                                                                                                                                                                                                                        \n                <p>06 86 60 53 70<\/p>\n                    <\/div>\n    <\/a>\n<\/div>                <\/li>\n                            <li class=\"directory-archive__map-item\">\n                    <div class=\"directory-archive__map-card\">\n    <a href=\"https:\/\/mairie-montataire.fr\/de\/annuaires\/associations\/memoire-et-patrimoine\/association-republicaine-des-anciens-combattants-arac\/\" class=\"directory-archive__map-card-link\">\n        <div class=\"directory-archive__map-card-content\">\n            <h3 class=\"directory-archive__map-card-title\">Association R\u00e9publicaine des Anciens Combattants (ARAC)<\/h3>\n            <p class=\"directory-archive__map-card-type\">Associations<\/p>\n        <\/div>\n        <div class=\"directory-archive__map-card-info\">\n                                                                                            \n                                                                                                                                                                                                                                                                                                                        \n                <p>03 44 31 68 90<\/p>\n                    <\/div>\n    <\/a>\n<\/div>                <\/li>\n                            <li class=\"directory-archive__map-item\">\n                    <div class=\"directory-archive__map-card\">\n    <a href=\"https:\/\/mairie-montataire.fr\/de\/annuaires\/associations\/solidarite\/association-republique-democratique-du-congo-solidarite-de-france\/\" class=\"directory-archive__map-card-link\">\n        <div class=\"directory-archive__map-card-content\">\n            <h3 class=\"directory-archive__map-card-title\">Association r\u00e9publique d\u00e9mocratique du Congo Solidarit\u00e9 de France<\/h3>\n            <p class=\"directory-archive__map-card-type\">Associations<\/p>\n        <\/div>\n        <div class=\"directory-archive__map-card-info\">\n                                <\/div>\n    <\/a>\n<\/div>                <\/li>\n                            <li class=\"directory-archive__map-item\">\n                    <div class=\"directory-archive__map-card\">\n    <a href=\"https:\/\/mairie-montataire.fr\/de\/annuaires\/associations\/environnement-et-nature\/baika-chats\/\" class=\"directory-archive__map-card-link\">\n        <div class=\"directory-archive__map-card-content\">\n            <h3 class=\"directory-archive__map-card-title\">Ba\u00efka chats<\/h3>\n            <p class=\"directory-archive__map-card-type\">Associations<\/p>\n        <\/div>\n        <div class=\"directory-archive__map-card-info\">\n                                                                                            \n                                                                                                                                                                                                                                                                                                                        \n                <p>06 95 16 40 26<\/p>\n                    <\/div>\n    <\/a>\n<\/div>                <\/li>\n                            <li class=\"directory-archive__map-item\">\n                    <div class=\"directory-archive__map-card\">\n    <a href=\"https:\/\/mairie-montataire.fr\/de\/annuaires\/associations\/jumelage-et-international\/balalaika-association-france-russie\/\" class=\"directory-archive__map-card-link\">\n        <div class=\"directory-archive__map-card-content\">\n            <h3 class=\"directory-archive__map-card-title\">Balala\u00efka &#8211; Association France-Russie<\/h3>\n            <p class=\"directory-archive__map-card-type\">Associations<\/p>\n        <\/div>\n        <div class=\"directory-archive__map-card-info\">\n                                                                                            \n                                                                                                                                                                                                                                                                                                                        \n                <p>06 17 70 40 49<\/p>\n                    <\/div>\n    <\/a>\n<\/div>                <\/li>\n                            <li class=\"directory-archive__map-item\">\n                    <div class=\"directory-archive__map-card\">\n    <a href=\"https:\/\/mairie-montataire.fr\/de\/annuaires\/autres-infrastructures\/base-de-loisirs-intercommunale-saint-leu-desserent\/\" class=\"directory-archive__map-card-link\">\n        <div class=\"directory-archive__map-card-content\">\n            <h3 class=\"directory-archive__map-card-title\">Base de loisirs intercommunale Saint-Leu-d\u2019Esserent<\/h3>\n            <p class=\"directory-archive__map-card-type\">Autres infrastructures<\/p>\n        <\/div>\n        <div class=\"directory-archive__map-card-info\">\n                            <div class=\"directory-archive__map-card-address\">\n                                            <p>19, rue de la Garenne<\/p>\n                                                                <div class=\"\">\n                                                            <p>60340<\/p>\n                                                                                        <p>Saint-Leu-d&rsquo;Esserent<\/p>\n                                                    <\/div>\n                                    <\/div>\n                                                                                            \n                                                                                                                                                                                                                                                                                                                        \n                <p>03 44 56 77 88<\/p>\n                    <\/div>\n    <\/a>\n<\/div>                <\/li>\n                            <li class=\"directory-archive__map-item\">\n                    <div class=\"directory-archive__map-card\">\n    <a href=\"https:\/\/mairie-montataire.fr\/de\/annuaires\/associations\/sport\/billard-club-de-montataire\/\" class=\"directory-archive__map-card-link\">\n        <div class=\"directory-archive__map-card-content\">\n            <h3 class=\"directory-archive__map-card-title\">Billard Club de Montataire<\/h3>\n            <p class=\"directory-archive__map-card-type\">Associations<\/p>\n        <\/div>\n        <div class=\"directory-archive__map-card-info\">\n                                                                                            \n                                                                                                                                                                                                                                                                                                                        \n                <p>06 07 23 73 80<\/p>\n                    <\/div>\n    <\/a>\n<\/div>                <\/li>\n                            <li class=\"directory-archive__map-item\">\n                    <div class=\"directory-archive__map-card\">\n    <a href=\"https:\/\/mairie-montataire.fr\/de\/annuaires\/sante\/structures-sante\/biomag-laboratoire-analyses-medicales\/\" class=\"directory-archive__map-card-link\">\n        <div class=\"directory-archive__map-card-content\">\n            <h3 class=\"directory-archive__map-card-title\">Biogroup &#8211; Laboratoire analyses m\u00e9dicales<\/h3>\n            <p class=\"directory-archive__map-card-type\">Sant\u00e9<\/p>\n        <\/div>\n        <div class=\"directory-archive__map-card-info\">\n                            <div class=\"directory-archive__map-card-address\">\n                                            <p>1 place Auguste G\u00e9nie <\/p>\n                                                                <div class=\"\">\n                                                            <p>60160<\/p>\n                                                                                        <p>Montataire<\/p>\n                                                    <\/div>\n                                    <\/div>\n                                                                                            \n                                                                                                                                                                                                                                                                                                                        \n                <p>03 44 26 11 26<\/p>\n                    <\/div>\n    <\/a>\n<\/div>                <\/li>\n                            <li class=\"directory-archive__map-item\">\n                    <div class=\"directory-archive__map-card\">\n    <a href=\"https:\/\/mairie-montataire.fr\/de\/annuaires\/associations\/sport\/boxing-club-de-lagglomeration-creilloise\/\" class=\"directory-archive__map-card-link\">\n        <div class=\"directory-archive__map-card-content\">\n            <h3 class=\"directory-archive__map-card-title\">Boxing Club de l&rsquo;agglom\u00e9ration creilloise<\/h3>\n            <p class=\"directory-archive__map-card-type\">Associations<\/p>\n        <\/div>\n        <div class=\"directory-archive__map-card-info\">\n                                                                                            \n                                                                                                                                                                                                                                                                                                                        \n                <p>06 58 82 48 87<\/p>\n                    <\/div>\n    <\/a>\n<\/div>                <\/li>\n                            <li class=\"directory-archive__map-item\">\n                    <div class=\"directory-archive__map-card\">\n    <a href=\"https:\/\/mairie-montataire.fr\/de\/annuaires\/sante\/structures-sante\/cabinet-dentaire\/\" class=\"directory-archive__map-card-link\">\n        <div class=\"directory-archive__map-card-content\">\n            <h3 class=\"directory-archive__map-card-title\">Cabinet dentaire<\/h3>\n            <p class=\"directory-archive__map-card-type\">Sant\u00e9<\/p>\n        <\/div>\n        <div class=\"directory-archive__map-card-info\">\n                            <div class=\"directory-archive__map-card-address\">\n                                            <p>17, rue Salvador Allende<\/p>\n                                                                <div class=\"\">\n                                                            <p>60160 <\/p>\n                                                                                        <p>Montataire<\/p>\n                                                    <\/div>\n                                    <\/div>\n                                                                                            \n                                                                                                                                                                                                                                                                                                                        \n                <p>03 44 24 66 75<\/p>\n                    <\/div>\n    <\/a>\n<\/div>                <\/li>\n                            <li class=\"directory-archive__map-item\">\n                    <div class=\"directory-archive__map-card\">\n    <a href=\"https:\/\/mairie-montataire.fr\/de\/annuaires\/associations\/sport\/canoe-kayak-club-du-therain-ckct\/\" class=\"directory-archive__map-card-link\">\n        <div class=\"directory-archive__map-card-content\">\n            <h3 class=\"directory-archive__map-card-title\">Cano\u00eb-Kayak Club du Th\u00e9rain (CKCT)<\/h3>\n            <p class=\"directory-archive__map-card-type\">Associations<\/p>\n        <\/div>\n        <div class=\"directory-archive__map-card-info\">\n                                                                                            \n                                                                                                                                                                                                                                                                                                                        \n                <p>06 17 54 83 09<\/p>\n                    <\/div>\n    <\/a>\n<\/div>                <\/li>\n                            <li class=\"directory-archive__map-item\">\n                    <div class=\"directory-archive__map-card\">\n    <a href=\"https:\/\/mairie-montataire.fr\/de\/annuaires\/associations\/solidarite\/carnaval-des-possibles\/\" class=\"directory-archive__map-card-link\">\n        <div class=\"directory-archive__map-card-content\">\n            <h3 class=\"directory-archive__map-card-title\">Carnaval des possibles<\/h3>\n            <p class=\"directory-archive__map-card-type\">Associations<\/p>\n        <\/div>\n        <div class=\"directory-archive__map-card-info\">\n                                <\/div>\n    <\/a>\n<\/div>                <\/li>\n                            <li class=\"directory-archive__map-item\">\n                    <div class=\"directory-archive__map-card\">\n    <a href=\"https:\/\/mairie-montataire.fr\/de\/annuaires\/location-de-salles\/centre-de-loisirs-pierre-legrand\/\" class=\"directory-archive__map-card-link\">\n        <div class=\"directory-archive__map-card-content\">\n            <h3 class=\"directory-archive__map-card-title\">Centre de loisirs Pierre Legrand<\/h3>\n            <p class=\"directory-archive__map-card-type\">Location de salles<\/p>\n        <\/div>\n        <div class=\"directory-archive__map-card-info\">\n                            <div class=\"directory-archive__map-card-address\">\n                                            <p>Avenue Anatole France<\/p>\n                                                                <div class=\"\">\n                                                            <p>60160<\/p>\n                                                                                        <p>Montataire <\/p>\n                                                    <\/div>\n                                    <\/div>\n                                <\/div>\n    <\/a>\n<\/div>                <\/li>\n                            <li class=\"directory-archive__map-item\">\n                    <div class=\"directory-archive__map-card\">\n    <a href=\"https:\/\/mairie-montataire.fr\/de\/annuaires\/sante\/structures-sante\/centre-medico-psychologique\/\" class=\"directory-archive__map-card-link\">\n        <div class=\"directory-archive__map-card-content\">\n            <h3 class=\"directory-archive__map-card-title\">Centre M\u00e9dico Psychologique<\/h3>\n            <p class=\"directory-archive__map-card-type\">Sant\u00e9<\/p>\n        <\/div>\n        <div class=\"directory-archive__map-card-info\">\n                            <div class=\"directory-archive__map-card-address\">\n                                            <p>1, rue Robert Trin<\/p>\n                                                                <div class=\"\">\n                                                            <p>60160 <\/p>\n                                                                                        <p>Montataire<\/p>\n                                                    <\/div>\n                                    <\/div>\n                                                                                            \n                                                                                                                                                                                                                                                                                                                        \n                <p>03 44 24 74 40<\/p>\n                    <\/div>\n    <\/a>\n<\/div>                <\/li>\n                            <li class=\"directory-archive__map-item\">\n                    <div class=\"directory-archive__map-card\">\n    <a href=\"https:\/\/mairie-montataire.fr\/de\/annuaires\/autres-infrastructures\/cinema-pathe\/\" class=\"directory-archive__map-card-link\">\n        <div class=\"directory-archive__map-card-content\">\n            <h3 class=\"directory-archive__map-card-title\">Cin\u00e9ma Path\u00e9<\/h3>\n            <p class=\"directory-archive__map-card-type\">Autres infrastructures<\/p>\n        <\/div>\n        <div class=\"directory-archive__map-card-info\">\n                            <div class=\"directory-archive__map-card-address\">\n                                            <p>91 rue Louis Blanc<\/p>\n                                                                <div class=\"\">\n                                                            <p>60160<\/p>\n                                                                                        <p>Montataire<\/p>\n                                                    <\/div>\n                                    <\/div>\n                                                                                            \n                                                                                                                                                                                                                                                                                                                        \n                <p>08 92 69 66 96<\/p>\n                    <\/div>\n    <\/a>\n<\/div>                <\/li>\n                            <li class=\"directory-archive__map-item\">\n                    <div class=\"directory-archive__map-card\">\n    <a href=\"https:\/\/mairie-montataire.fr\/de\/annuaires\/services-municipaux\/dejss\/cite-educative\/\" class=\"directory-archive__map-card-link\">\n        <div class=\"directory-archive__map-card-content\">\n            <h3 class=\"directory-archive__map-card-title\">Cit\u00e9 \u00c9ducative<\/h3>\n            <p class=\"directory-archive__map-card-type\">Services municipaux<\/p>\n        <\/div>\n        <div class=\"directory-archive__map-card-info\">\n                            <div class=\"directory-archive__map-card-address\">\n                                            <p>2, rue Romain Rolland <\/p>\n                                                                <div class=\"\">\n                                                            <p>60160 <\/p>\n                                                                                        <p>Montataire<\/p>\n                                                    <\/div>\n                                    <\/div>\n                                                                                            \n                                                                                                                                                                                                                                                                                                                        \n                <p>03 44 27 55 31<\/p>\n                    <\/div>\n    <\/a>\n<\/div>                <\/li>\n                            <li class=\"directory-archive__map-item\">\n                    <div class=\"directory-archive__map-card\">\n    <a href=\"https:\/\/mairie-montataire.fr\/de\/annuaires\/services-municipaux\/dejss\/citoyennete-prevention-mediation\/\" class=\"directory-archive__map-card-link\">\n        <div class=\"directory-archive__map-card-content\">\n            <h3 class=\"directory-archive__map-card-title\">Citoyennet\u00e9, pr\u00e9vention, m\u00e9diation<\/h3>\n            <p class=\"directory-archive__map-card-type\">Services municipaux<\/p>\n        <\/div>\n        <div class=\"directory-archive__map-card-info\">\n                            <div class=\"directory-archive__map-card-address\">\n                                            <p>Local Le Bray \u2013 7, rue \u00c9tienne Duwes<\/p>\n                                                                <div class=\"\">\n                                                            <p>60160 <\/p>\n                                                                                        <p>Montataire<\/p>\n                                                    <\/div>\n                                    <\/div>\n                                                                                            \n                                                                                                                                                                                                                                                                                                                        \n                <p>03 44 27 69 84<\/p>\n                    <\/div>\n    <\/a>\n<\/div>                <\/li>\n                            <li class=\"directory-archive__map-item\">\n                    <div class=\"directory-archive__map-card\">\n    <a href=\"https:\/\/mairie-montataire.fr\/de\/annuaires\/associations\/sport\/club-halterophilie-musculation\/\" class=\"directory-archive__map-card-link\">\n        <div class=\"directory-archive__map-card-content\">\n            <h3 class=\"directory-archive__map-card-title\">Club Halt\u00e9rophilie Musculation<\/h3>\n            <p class=\"directory-archive__map-card-type\">Associations<\/p>\n        <\/div>\n        <div class=\"directory-archive__map-card-info\">\n                                                                                            \n                                                                                                                                                                                                                                                                                                                        \n                <p>06 17 29 84 97<\/p>\n                    <\/div>\n    <\/a>\n<\/div>                <\/li>\n                            <li class=\"directory-archive__map-item\">\n                    <div class=\"directory-archive__map-card\">\n    <a href=\"https:\/\/mairie-montataire.fr\/de\/annuaires\/enseignement\/colleges-lycees\/college-anatole-france\/\" class=\"directory-archive__map-card-link\">\n        <div class=\"directory-archive__map-card-content\">\n            <h3 class=\"directory-archive__map-card-title\">Coll\u00e8ge Anatole France<\/h3>\n            <p class=\"directory-archive__map-card-type\">Enseignement<\/p>\n        <\/div>\n        <div class=\"directory-archive__map-card-info\">\n                            <div class=\"directory-archive__map-card-address\">\n                                            <p>1, chemin des Champarts<\/p>\n                                                                <div class=\"\">\n                                                            <p>60160<\/p>\n                                                                                        <p>Montataire<\/p>\n                                                    <\/div>\n                                    <\/div>\n                                                                                            \n                                                                                                                                                                                                                                                                                                                        \n                <p>03 44 27 07 90<\/p>\n                    <\/div>\n    <\/a>\n<\/div>                <\/li>\n                            <li class=\"directory-archive__map-item\">\n                    <div class=\"directory-archive__map-card\">\n    <a href=\"https:\/\/mairie-montataire.fr\/de\/annuaires\/associations\/jumelage-et-international\/comite-de-jumelage-montataire-dheisheh\/\" class=\"directory-archive__map-card-link\">\n        <div class=\"directory-archive__map-card-content\">\n            <h3 class=\"directory-archive__map-card-title\">Comit\u00e9 de jumelage Montataire-Dheisheh<\/h3>\n            <p class=\"directory-archive__map-card-type\">Associations<\/p>\n        <\/div>\n        <div class=\"directory-archive__map-card-info\">\n                                                                                            \n                                                                                                                                                                                                                                                                                                                        \n                <p>06 48 27 02 14<\/p>\n                    <\/div>\n    <\/a>\n<\/div>                <\/li>\n                            <li class=\"directory-archive__map-item\">\n                    <div class=\"directory-archive__map-card\">\n    <a href=\"https:\/\/mairie-montataire.fr\/de\/annuaires\/associations\/culture-et-loisirs\/compagnie-theatrale-funambules\/\" class=\"directory-archive__map-card-link\">\n        <div class=\"directory-archive__map-card-content\">\n            <h3 class=\"directory-archive__map-card-title\">Compagnie th\u00e9\u00e2trale Funambules\u00a0<\/h3>\n            <p class=\"directory-archive__map-card-type\">Associations<\/p>\n        <\/div>\n        <div class=\"directory-archive__map-card-info\">\n                                <\/div>\n    <\/a>\n<\/div>                <\/li>\n                            <li class=\"directory-archive__map-item\">\n                    <div class=\"directory-archive__map-card\">\n    <a href=\"https:\/\/mairie-montataire.fr\/de\/annuaires\/structures-sportives\/complexe-armand-bellard\/\" class=\"directory-archive__map-card-link\">\n        <div class=\"directory-archive__map-card-content\">\n            <h3 class=\"directory-archive__map-card-title\">Complexe Armand Bellard<\/h3>\n            <p class=\"directory-archive__map-card-type\">Structures sportives<\/p>\n        <\/div>\n        <div class=\"directory-archive__map-card-info\">\n                            <div class=\"directory-archive__map-card-address\">\n                                            <p>rue du 19 Mars 1962<\/p>\n                                                                <div class=\"\">\n                                                            <p>60160 <\/p>\n                                                                                        <p>Montataire<\/p>\n                                                    <\/div>\n                                    <\/div>\n                                <\/div>\n    <\/a>\n<\/div>                <\/li>\n                            <li class=\"directory-archive__map-item\">\n                    <div class=\"directory-archive__map-card\">\n    <a href=\"https:\/\/mairie-montataire.fr\/de\/annuaires\/structures-sportives\/complexe-marcel-coene\/\" class=\"directory-archive__map-card-link\">\n        <div class=\"directory-archive__map-card-content\">\n            <h3 class=\"directory-archive__map-card-title\">Complexe Marcel Coene<\/h3>\n            <p class=\"directory-archive__map-card-type\">Structures sportives<\/p>\n        <\/div>\n        <div class=\"directory-archive__map-card-info\">\n                            <div class=\"directory-archive__map-card-address\">\n                                            <p>2, avenue Guy M\u00f4quet <\/p>\n                                                                <div class=\"\">\n                                                            <p>60160<\/p>\n                                                                                        <p>Montataire<\/p>\n                                                    <\/div>\n                                    <\/div>\n                                <\/div>\n    <\/a>\n<\/div>                <\/li>\n                            <li class=\"directory-archive__map-item\">\n                    <div class=\"directory-archive__map-card\">\n    <a href=\"https:\/\/mairie-montataire.fr\/de\/annuaires\/associations\/solidarite\/confederation-nationale-du-logement-cnl-oise\/\" class=\"directory-archive__map-card-link\">\n        <div class=\"directory-archive__map-card-content\">\n            <h3 class=\"directory-archive__map-card-title\">Conf\u00e9d\u00e9ration Nationale du Logement (CNL) &#8211; Oise<\/h3>\n            <p class=\"directory-archive__map-card-type\">Associations<\/p>\n        <\/div>\n        <div class=\"directory-archive__map-card-info\">\n                                                                                            \n                                                                                                                                                                                                                                                                                                                        \n                <p>06 68 25 14 17<\/p>\n                    <\/div>\n    <\/a>\n<\/div>                <\/li>\n                            <li class=\"directory-archive__map-item\">\n                    <div class=\"directory-archive__map-card\">\n    <a href=\"https:\/\/mairie-montataire.fr\/de\/annuaires\/associations\/solidarite\/consommation-logement-cadre-de-vie-clcv-union-locale-clcv-creil-nogent-sur-oise-et-montataire\/\" class=\"directory-archive__map-card-link\">\n        <div class=\"directory-archive__map-card-content\">\n            <h3 class=\"directory-archive__map-card-title\">Consommation Logement Cadre de Vie (CLCV)  &#8211; Union D\u00e9partementale de l&rsquo;Oise<\/h3>\n            <p class=\"directory-archive__map-card-type\">Associations<\/p>\n        <\/div>\n        <div class=\"directory-archive__map-card-info\">\n                                                                                            \n                                                                                                                                                                                                                                                                                                                        \n                <p>03 44 64 00 94<\/p>\n                    <\/div>\n    <\/a>\n<\/div>                <\/li>\n                            <li class=\"directory-archive__map-item\">\n                    <div class=\"directory-archive__map-card\">\n    <a href=\"https:\/\/mairie-montataire.fr\/de\/annuaires\/services-municipaux\/dejss\/creche\/\" class=\"directory-archive__map-card-link\">\n        <div class=\"directory-archive__map-card-content\">\n            <h3 class=\"directory-archive__map-card-title\">Cr\u00e8che<\/h3>\n            <p class=\"directory-archive__map-card-type\">Services municipaux<\/p>\n        <\/div>\n        <div class=\"directory-archive__map-card-info\">\n                            <div class=\"directory-archive__map-card-address\">\n                                            <p>9, impasse de l&rsquo;Argili\u00e8re<\/p>\n                                                                <div class=\"\">\n                                                            <p>60160 <\/p>\n                                                                                        <p>Montataire<\/p>\n                                                    <\/div>\n                                    <\/div>\n                                                                                            \n                                                                                                                                                                                                                                                                                                                        \n                <p>03 44 27 47 54<\/p>\n                    <\/div>\n    <\/a>\n<\/div>                <\/li>\n                            <li class=\"directory-archive__map-item\">\n                    <div class=\"directory-archive__map-card\">\n    <a href=\"https:\/\/mairie-montataire.fr\/de\/annuaires\/sante\/medecins-generalistes\/docteur-ali-badara-konate\/\" class=\"directory-archive__map-card-link\">\n        <div class=\"directory-archive__map-card-content\">\n            <h3 class=\"directory-archive__map-card-title\">Docteur Ali Badara KONATE<\/h3>\n            <p class=\"directory-archive__map-card-type\">Sant\u00e9<\/p>\n        <\/div>\n        <div class=\"directory-archive__map-card-info\">\n                            <div class=\"directory-archive__map-card-address\">\n                                            <p>Maison de sant\u00e9 Gis\u00e8le Halimi &#8211; 43, avenue Anatole France<\/p>\n                                                                <div class=\"\">\n                                                            <p>60160<\/p>\n                                                                                        <p>Montataire<\/p>\n                                                    <\/div>\n                                    <\/div>\n                                                                                            \n                                                                                                                                                                                                                                                                                                                        \n                <p>03 44 57 10 11<\/p>\n                    <\/div>\n    <\/a>\n<\/div>                <\/li>\n                            <li class=\"directory-archive__map-item\">\n                    <div class=\"directory-archive__map-card\">\n    <a href=\"https:\/\/mairie-montataire.fr\/de\/annuaires\/sante\/dentiste\/docteur-francisco-zoio\/\" class=\"directory-archive__map-card-link\">\n        <div class=\"directory-archive__map-card-content\">\n            <h3 class=\"directory-archive__map-card-title\">Docteur Francisco ZOIO<\/h3>\n            <p class=\"directory-archive__map-card-type\">Sant\u00e9<\/p>\n        <\/div>\n        <div class=\"directory-archive__map-card-info\">\n                            <div class=\"directory-archive__map-card-address\">\n                                            <p>Maison de sant\u00e9 Gis\u00e8le Halimi &#8211; 43, avenue Anatole France<\/p>\n                                                                <div class=\"\">\n                                                            <p>60160<\/p>\n                                                                                        <p>Montataire<\/p>\n                                                    <\/div>\n                                    <\/div>\n                                                                                            \n                                                                                                                                                                                                                                                                                                                        \n                <p>03 44 27 57 58<\/p>\n                    <\/div>\n    <\/a>\n<\/div>                <\/li>\n                            <li class=\"directory-archive__map-item\">\n                    <div class=\"directory-archive__map-card\">\n    <a href=\"https:\/\/mairie-montataire.fr\/de\/annuaires\/sante\/medecins-generalistes\/docteur-francois-cordier\/\" class=\"directory-archive__map-card-link\">\n        <div class=\"directory-archive__map-card-content\">\n            <h3 class=\"directory-archive__map-card-title\">Docteur Fran\u00e7ois CORDIER<\/h3>\n            <p class=\"directory-archive__map-card-type\">Sant\u00e9<\/p>\n        <\/div>\n        <div class=\"directory-archive__map-card-info\">\n                            <div class=\"directory-archive__map-card-address\">\n                                            <p>Maison de sant\u00e9 Gis\u00e8le Halimi &#8211; 43 Avenue Anatole France<\/p>\n                                                                <div class=\"\">\n                                                            <p>60160 <\/p>\n                                                                                        <p>Montataire<\/p>\n                                                    <\/div>\n                                    <\/div>\n                                                                                            \n                                                                                                                                                                                                                                                                                                                        \n                <p>03 44 65 64 47<\/p>\n                    <\/div>\n    <\/a>\n<\/div>                <\/li>\n                            <li class=\"directory-archive__map-item\">\n                    <div class=\"directory-archive__map-card\">\n    <a href=\"https:\/\/mairie-montataire.fr\/de\/annuaires\/sante\/medecins-generalistes\/docteur-hamida-boudhar\/\" class=\"directory-archive__map-card-link\">\n        <div class=\"directory-archive__map-card-content\">\n            <h3 class=\"directory-archive__map-card-title\">Docteur Hamida BOUDHAR<\/h3>\n            <p class=\"directory-archive__map-card-type\">Sant\u00e9<\/p>\n        <\/div>\n        <div class=\"directory-archive__map-card-info\">\n                            <div class=\"directory-archive__map-card-address\">\n                                            <p> Maison de sant\u00e9 Gis\u00e8le Halimi &#8211; 43, avenue Anatole France<\/p>\n                                                                <div class=\"\">\n                                                            <p>60160<\/p>\n                                                                                        <p>Montataire<\/p>\n                                                    <\/div>\n                                    <\/div>\n                                                                                            \n                                                                                                                                                                                                                                                                                                                        \n                <p>03 44 65 64 47<\/p>\n                    <\/div>\n    <\/a>\n<\/div>                <\/li>\n                            <li class=\"directory-archive__map-item\">\n                    <div class=\"directory-archive__map-card\">\n    <a href=\"https:\/\/mairie-montataire.fr\/de\/annuaires\/sante\/dentiste\/docteur-hortense-franquet\/\" class=\"directory-archive__map-card-link\">\n        <div class=\"directory-archive__map-card-content\">\n            <h3 class=\"directory-archive__map-card-title\">Docteur Hortense FRANQUET<\/h3>\n            <p class=\"directory-archive__map-card-type\">Sant\u00e9<\/p>\n        <\/div>\n        <div class=\"directory-archive__map-card-info\">\n                            <div class=\"directory-archive__map-card-address\">\n                                            <p>Maison de sant\u00e9 Gis\u00e8le Halimi &#8211; 43, avenue Anatole France<\/p>\n                                                                <div class=\"\">\n                                                            <p>60160<\/p>\n                                                                                        <p>Montataire<\/p>\n                                                    <\/div>\n                                    <\/div>\n                                                                                            \n                                                                                                                                                                                                                                                                                                                        \n                <p>03 44 27 57 58<\/p>\n                    <\/div>\n    <\/a>\n<\/div>                <\/li>\n                            <li class=\"directory-archive__map-item\">\n                    <div class=\"directory-archive__map-card\">\n    <a href=\"https:\/\/mairie-montataire.fr\/de\/annuaires\/sante\/medecins-generalistes\/docteur-jean-luc-boudoux\/\" class=\"directory-archive__map-card-link\">\n        <div class=\"directory-archive__map-card-content\">\n            <h3 class=\"directory-archive__map-card-title\">Docteur Jean-Luc BOUDOUX<\/h3>\n            <p class=\"directory-archive__map-card-type\">Sant\u00e9<\/p>\n        <\/div>\n        <div class=\"directory-archive__map-card-info\">\n                            <div class=\"directory-archive__map-card-address\">\n                                            <p>Maison de sant\u00e9 Gis\u00e8le Halimi &#8211; 43, avenue Anatole France<\/p>\n                                                                <div class=\"\">\n                                                            <p>60160<\/p>\n                                                                                        <p>Montataire<\/p>\n                                                    <\/div>\n                                    <\/div>\n                                                                                            \n                                                                                                                                                                                                                                                                                                                        \n                <p>03 44 27 54 54<\/p>\n                    <\/div>\n    <\/a>\n<\/div>                <\/li>\n                            <li class=\"directory-archive__map-item\">\n                    <div class=\"directory-archive__map-card\">\n    <a href=\"https:\/\/mairie-montataire.fr\/de\/annuaires\/sante\/medecins-generalistes\/docteur-myriam-lakehal\/\" class=\"directory-archive__map-card-link\">\n        <div class=\"directory-archive__map-card-content\">\n            <h3 class=\"directory-archive__map-card-title\">Docteur Myriam LAKEHAL<\/h3>\n            <p class=\"directory-archive__map-card-type\">Sant\u00e9<\/p>\n        <\/div>\n        <div class=\"directory-archive__map-card-info\">\n                            <div class=\"directory-archive__map-card-address\">\n                                            <p>Groupe Marfan &#8211; 1, rue des D\u00e9port\u00e9s<\/p>\n                                                                <div class=\"\">\n                                                            <p>60160<\/p>\n                                                                                        <p>Montataire<\/p>\n                                                    <\/div>\n                                    <\/div>\n                                                                                            \n                                                                                                                                                                                                                                                                                                                        \n                <p>03 44 25 14 24<\/p>\n                    <\/div>\n    <\/a>\n<\/div>                <\/li>\n                            <li class=\"directory-archive__map-item\">\n                    <div class=\"directory-archive__map-card\">\n    <a href=\"https:\/\/mairie-montataire.fr\/de\/annuaires\/sante\/autres-professions-de-sante\/docteur-nadji-ghardi-psychiatre\/\" class=\"directory-archive__map-card-link\">\n        <div class=\"directory-archive__map-card-content\">\n            <h3 class=\"directory-archive__map-card-title\">Docteur Nadji GHARDI &#8211; Psychiatre<\/h3>\n            <p class=\"directory-archive__map-card-type\">Sant\u00e9<\/p>\n        <\/div>\n        <div class=\"directory-archive__map-card-info\">\n                            <div class=\"directory-archive__map-card-address\">\n                                            <p>Maison de sant\u00e9 Gis\u00e8le Halimi &#8211; 43, avenue Anatole France<\/p>\n                                                                <div class=\"\">\n                                                            <p>60160<\/p>\n                                                                                        <p>Montataire<\/p>\n                                                    <\/div>\n                                    <\/div>\n                                                                                            \n                                                                                                                                                                                                                                                                                                                        \n                <p>07 66 89 00 24<\/p>\n                    <\/div>\n    <\/a>\n<\/div>                <\/li>\n                            <li class=\"directory-archive__map-item\">\n                    <div class=\"directory-archive__map-card\">\n    <a href=\"https:\/\/mairie-montataire.fr\/de\/annuaires\/sante\/medecins-generalistes\/docteur-patrice-dacheux\/\" class=\"directory-archive__map-card-link\">\n        <div class=\"directory-archive__map-card-content\">\n            <h3 class=\"directory-archive__map-card-title\">Docteur Patrice DACHEUX<\/h3>\n            <p class=\"directory-archive__map-card-type\">Sant\u00e9<\/p>\n        <\/div>\n        <div class=\"directory-archive__map-card-info\">\n                            <div class=\"directory-archive__map-card-address\">\n                                            <p>Maison de sant\u00e9 Gis\u00e8le Halimi &#8211; 43, avenue Anatole France<\/p>\n                                                                <div class=\"\">\n                                                            <p>60160<\/p>\n                                                                                        <p>Montataire<\/p>\n                                                    <\/div>\n                                    <\/div>\n                                                                                            \n                                                                                                                                                                                                                                                                                                                        \n                <p>03 44 25 18 40<\/p>\n                    <\/div>\n    <\/a>\n<\/div>                <\/li>\n                            <li class=\"directory-archive__map-item\">\n                    <div class=\"directory-archive__map-card\">\n    <a href=\"https:\/\/mairie-montataire.fr\/de\/annuaires\/sante\/dentiste\/docteure-patrick-halimi\/\" class=\"directory-archive__map-card-link\">\n        <div class=\"directory-archive__map-card-content\">\n            <h3 class=\"directory-archive__map-card-title\">Docteur Patrick HALIMI<\/h3>\n            <p class=\"directory-archive__map-card-type\">Sant\u00e9<\/p>\n        <\/div>\n        <div class=\"directory-archive__map-card-info\">\n                            <div class=\"directory-archive__map-card-address\">\n                                            <p>Cabinet dentaire &#8211; 17, rue Salvador Allende<\/p>\n                                                                <div class=\"\">\n                                                            <p>60160<\/p>\n                                                                                        <p>Montataire<\/p>\n                                                    <\/div>\n                                    <\/div>\n                                                                                            \n                                                                                                                                                                                                                                                                                                                        \n                <p>03 44 24 66 75<\/p>\n                    <\/div>\n    <\/a>\n<\/div>                <\/li>\n                            <li class=\"directory-archive__map-item\">\n                    <div class=\"directory-archive__map-card\">\n    <a href=\"https:\/\/mairie-montataire.fr\/de\/annuaires\/sante\/autres-professions-de-sante\/docteur-philippe-favelin-kinesitherapeute\/\" class=\"directory-archive__map-card-link\">\n        <div class=\"directory-archive__map-card-content\">\n            <h3 class=\"directory-archive__map-card-title\">Docteur Philippe FAVELIN &#8211; Kin\u00e9sith\u00e9rapeute<\/h3>\n            <p class=\"directory-archive__map-card-type\">Sant\u00e9<\/p>\n        <\/div>\n        <div class=\"directory-archive__map-card-info\">\n                            <div class=\"directory-archive__map-card-address\">\n                                            <p>9, place Auguste G\u00e9nie <\/p>\n                                                                <div class=\"\">\n                                                            <p>60160<\/p>\n                                                                                        <p>Montataire<\/p>\n                                                    <\/div>\n                                    <\/div>\n                                                                                            \n                                                                                                                                                                                                                                                                                                                        \n                <p>03 44 24 60 82<\/p>\n                    <\/div>\n    <\/a>\n<\/div>                <\/li>\n                            <li class=\"directory-archive__map-item\">\n                    <div class=\"directory-archive__map-card\">\n    <a href=\"https:\/\/mairie-montataire.fr\/de\/annuaires\/sante\/medecins-generalistes\/docteur-sofia-aissaoui\/\" class=\"directory-archive__map-card-link\">\n        <div class=\"directory-archive__map-card-content\">\n            <h3 class=\"directory-archive__map-card-title\">Docteur Sofia AISSAOUI<\/h3>\n            <p class=\"directory-archive__map-card-type\">Sant\u00e9<\/p>\n        <\/div>\n        <div class=\"directory-archive__map-card-info\">\n                            <div class=\"directory-archive__map-card-address\">\n                                            <p> Maison de sant\u00e9 Gis\u00e8le Halimi &#8211; 43, avenue Anatole France<\/p>\n                                                                <div class=\"\">\n                                                            <p>60160<\/p>\n                                                                                        <p>Montataire<\/p>\n                                                    <\/div>\n                                    <\/div>\n                                                                                            \n                                                                                                                                                                                                                                                                                                                        \n                <p>03 44 66 66 95<\/p>\n                    <\/div>\n    <\/a>\n<\/div>                <\/li>\n                            <li class=\"directory-archive__map-item\">\n                    <div class=\"directory-archive__map-card\">\n    <a href=\"https:\/\/mairie-montataire.fr\/de\/annuaires\/sante\/dentiste\/docteure-catherine-mangold\/\" class=\"directory-archive__map-card-link\">\n        <div class=\"directory-archive__map-card-content\">\n            <h3 class=\"directory-archive__map-card-title\">Docteure Catherine MANGOLD<\/h3>\n            <p class=\"directory-archive__map-card-type\">Sant\u00e9<\/p>\n        <\/div>\n        <div class=\"directory-archive__map-card-info\">\n                            <div class=\"directory-archive__map-card-address\">\n                                            <p>Cabinet dentaire &#8211; 17, rue Salvador Allende<\/p>\n                                                                <div class=\"\">\n                                                            <p>60160<\/p>\n                                                                                        <p>Montataire<\/p>\n                                                    <\/div>\n                                    <\/div>\n                                                                                            \n                                                                                                                                                                                                                                                                                                                        \n                <p>03 44 24 66 75<\/p>\n                    <\/div>\n    <\/a>\n<\/div>                <\/li>\n                            <li class=\"directory-archive__map-item\">\n                    <div class=\"directory-archive__map-card\">\n    <a href=\"https:\/\/mairie-montataire.fr\/de\/annuaires\/sante\/autres-professions-de-sante\/docteure-cecile-cortana-pedicure-podologue\/\" class=\"directory-archive__map-card-link\">\n        <div class=\"directory-archive__map-card-content\">\n            <h3 class=\"directory-archive__map-card-title\">Docteure C\u00e9cile CORTANA &#8211; P\u00e9dicure\/Podologue<\/h3>\n            <p class=\"directory-archive__map-card-type\">Sant\u00e9<\/p>\n        <\/div>\n        <div class=\"directory-archive__map-card-info\">\n                            <div class=\"directory-archive__map-card-address\">\n                                            <p>Maison de sant\u00e9 Gis\u00e8le Halimi &#8211; 43, avenue Anatole France<\/p>\n                                                                <div class=\"\">\n                                                            <p>60160<\/p>\n                                                                                        <p>Montataire<\/p>\n                                                    <\/div>\n                                    <\/div>\n                                                                                            \n                                                                                                                                                                                                                                                                                                                        \n                <p>03 44 24 53 41<\/p>\n                    <\/div>\n    <\/a>\n<\/div>                <\/li>\n                            <li class=\"directory-archive__map-item\">\n                    <div class=\"directory-archive__map-card\">\n    <a href=\"https:\/\/mairie-montataire.fr\/de\/annuaires\/sante\/dentiste\/docteure-christine-nguyen\/\" class=\"directory-archive__map-card-link\">\n        <div class=\"directory-archive__map-card-content\">\n            <h3 class=\"directory-archive__map-card-title\">Docteure Christine NGUYEN<\/h3>\n            <p class=\"directory-archive__map-card-type\">Sant\u00e9<\/p>\n        <\/div>\n        <div class=\"directory-archive__map-card-info\">\n                            <div class=\"directory-archive__map-card-address\">\n                                            <p>56, rue de la R\u00e9publique <\/p>\n                                                                <div class=\"\">\n                                                            <p>60160<\/p>\n                                                                                        <p>Montataire<\/p>\n                                                    <\/div>\n                                    <\/div>\n                                                                                            \n                                                                                                                                                                                                                                                                                                                        \n                <p>03 44 25 57 93<\/p>\n                    <\/div>\n    <\/a>\n<\/div>                <\/li>\n                            <li class=\"directory-archive__map-item\">\n                    <div class=\"directory-archive__map-card\">\n    <a href=\"https:\/\/mairie-montataire.fr\/de\/annuaires\/sante\/dentiste\/docteure-eva-bettan\/\" class=\"directory-archive__map-card-link\">\n        <div class=\"directory-archive__map-card-content\">\n            <h3 class=\"directory-archive__map-card-title\">Docteure Eva BETTAN<\/h3>\n            <p class=\"directory-archive__map-card-type\">Sant\u00e9<\/p>\n        <\/div>\n        <div class=\"directory-archive__map-card-info\">\n                            <div class=\"directory-archive__map-card-address\">\n                                            <p>Cabinet dentaire &#8211; 17, rue Salvador Allende<\/p>\n                                                                <div class=\"\">\n                                                            <p>60160<\/p>\n                                                                                        <p>Montataire<\/p>\n                                                    <\/div>\n                                    <\/div>\n                                                                                            \n                                                                                                                                                                                                                                                                                                                        \n                <p>03 44 24 66 75<\/p>\n                    <\/div>\n    <\/a>\n<\/div>                <\/li>\n                            <li class=\"directory-archive__map-item\">\n                    <div class=\"directory-archive__map-card\">\n    <a href=\"https:\/\/mairie-montataire.fr\/de\/annuaires\/sante\/autres-professions-de-sante\/docteure-lubelia-ribeiro-da-silva-pediatre\/\" class=\"directory-archive__map-card-link\">\n        <div class=\"directory-archive__map-card-content\">\n            <h3 class=\"directory-archive__map-card-title\">Docteure Lubelia RIBEIRO DA SILVA &#8211; P\u00e9diatre<\/h3>\n            <p class=\"directory-archive__map-card-type\">Sant\u00e9<\/p>\n        <\/div>\n        <div class=\"directory-archive__map-card-info\">\n                            <div class=\"directory-archive__map-card-address\">\n                                            <p>Groupe Mafran &#8211; 1, rue des D\u00e9port\u00e9s<\/p>\n                                                                <div class=\"\">\n                                                            <p>60160<\/p>\n                                                                                        <p>Montataire<\/p>\n                                                    <\/div>\n                                    <\/div>\n                                                                                            \n                                                                                                                                                                                                                                                                                                                        \n                <p>03 44 24 41 53<\/p>\n                    <\/div>\n    <\/a>\n<\/div>                <\/li>\n                            <li class=\"directory-archive__map-item\">\n                    <div class=\"directory-archive__map-card\">\n    <a href=\"https:\/\/mairie-montataire.fr\/de\/annuaires\/sante\/medecins-generalistes\/docteure-lucille-boudoux\/\" class=\"directory-archive__map-card-link\">\n        <div class=\"directory-archive__map-card-content\">\n            <h3 class=\"directory-archive__map-card-title\">Docteure Lucille BOUDOUX<\/h3>\n            <p class=\"directory-archive__map-card-type\">Sant\u00e9<\/p>\n        <\/div>\n        <div class=\"directory-archive__map-card-info\">\n                            <div class=\"directory-archive__map-card-address\">\n                                            <p>Maison de sant\u00e9 Gis\u00e8le Halimi &#8211;  43, avenue Anatole France<\/p>\n                                                                <div class=\"\">\n                                                            <p>60160<\/p>\n                                                                                        <p>Montataire<\/p>\n                                                    <\/div>\n                                    <\/div>\n                                                                                            \n                                                                                                                                                                                                                                                                                                                        \n                <p>03 67 47 12 02<\/p>\n                    <\/div>\n    <\/a>\n<\/div>                <\/li>\n                            <li class=\"directory-archive__map-item\">\n                    <div class=\"directory-archive__map-card\">\n    <a href=\"https:\/\/mairie-montataire.fr\/de\/annuaires\/sante\/autres-professions-de-sante\/docteure-mariam-el-khloufi-psychologue-clinicienne\/\" class=\"directory-archive__map-card-link\">\n        <div class=\"directory-archive__map-card-content\">\n            <h3 class=\"directory-archive__map-card-title\">Docteure Mariam EL KHLOUFI &#8211; Psychologue clinicienne<\/h3>\n            <p class=\"directory-archive__map-card-type\">Sant\u00e9<\/p>\n        <\/div>\n        <div class=\"directory-archive__map-card-info\">\n                            <div class=\"directory-archive__map-card-address\">\n                                            <p>Maison de sant\u00e9 Gis\u00e8le Halimi &#8211; 43, avenue Anatole France<\/p>\n                                                                <div class=\"\">\n                                                            <p>60160<\/p>\n                                                                                <\/div>\n                                    <\/div>\n                                                                                            \n                                                                                                                                                                                                                                                                                                                        \n                <p>06 29 97 16 79<\/p>\n                    <\/div>\n    <\/a>\n<\/div>                <\/li>\n                            <li class=\"directory-archive__map-item\">\n                    <div class=\"directory-archive__map-card\">\n    <a href=\"https:\/\/mairie-montataire.fr\/de\/annuaires\/sante\/dentiste\/docteure-rima-dubois\/\" class=\"directory-archive__map-card-link\">\n        <div class=\"directory-archive__map-card-content\">\n            <h3 class=\"directory-archive__map-card-title\">Docteure Rima DUBOIS<\/h3>\n            <p class=\"directory-archive__map-card-type\">Sant\u00e9<\/p>\n        <\/div>\n        <div class=\"directory-archive__map-card-info\">\n                            <div class=\"directory-archive__map-card-address\">\n                                            <p>Maison de sant\u00e9 Gis\u00e8le HAlimi &#8211; 43, avenue Anatole France<\/p>\n                                                                <div class=\"\">\n                                                            <p>60160<\/p>\n                                                                                        <p>Montataire<\/p>\n                                                    <\/div>\n                                    <\/div>\n                                                                                            \n                                                                                                                                                                                                                                                                                                                        \n                <p>03 44 27 57 58<\/p>\n                    <\/div>\n    <\/a>\n<\/div>                <\/li>\n                            <li class=\"directory-archive__map-item\">\n                    <div class=\"directory-archive__map-card\">\n    <a href=\"https:\/\/mairie-montataire.fr\/de\/annuaires\/sante\/medecins-generalistes\/docteure-salima-bouhamida\/\" class=\"directory-archive__map-card-link\">\n        <div class=\"directory-archive__map-card-content\">\n            <h3 class=\"directory-archive__map-card-title\">Docteure Salima BOUHAMIDA<\/h3>\n            <p class=\"directory-archive__map-card-type\">Sant\u00e9<\/p>\n        <\/div>\n        <div class=\"directory-archive__map-card-info\">\n                            <div class=\"directory-archive__map-card-address\">\n                                            <p>Maison de sant\u00e9 Gis\u00e8le Halimi &#8211;  43, avenue Anatole France<\/p>\n                                                                <div class=\"\">\n                                                            <p>60160<\/p>\n                                                                                        <p>Montataire<\/p>\n                                                    <\/div>\n                                    <\/div>\n                                                                                            \n                                                                                                                                                                                                                                                                                                                        \n                <p>03 44 85 34 48<\/p>\n                    <\/div>\n    <\/a>\n<\/div>                <\/li>\n                            <li class=\"directory-archive__map-item\">\n                    <div class=\"directory-archive__map-card\">\n    <a href=\"https:\/\/mairie-montataire.fr\/de\/annuaires\/sante\/autres-professions-de-sante\/docteure-virginie-dambrinne-psychologue-clinicienne\/\" class=\"directory-archive__map-card-link\">\n        <div class=\"directory-archive__map-card-content\">\n            <h3 class=\"directory-archive__map-card-title\">Docteure Virginie DAMBRINNE &#8211; Psychologue clinicienne<\/h3>\n            <p class=\"directory-archive__map-card-type\">Sant\u00e9<\/p>\n        <\/div>\n        <div class=\"directory-archive__map-card-info\">\n                            <div class=\"directory-archive__map-card-address\">\n                                            <p>Maison de sant\u00e9 Gis\u00e8le Halimi &#8211; 43, avenue Anatole France<\/p>\n                                                                <div class=\"\">\n                                                            <p>60160<\/p>\n                                                                                        <p>Montataire<\/p>\n                                                    <\/div>\n                                    <\/div>\n                                                                                            \n                                                                                                                                                                                                                                                                                                                        \n                <p>06 89 71 67 81<\/p>\n                    <\/div>\n    <\/a>\n<\/div>                <\/li>\n                            <li class=\"directory-archive__map-item\">\n                    <div class=\"directory-archive__map-card\">\n    <a href=\"https:\/\/mairie-montataire.fr\/de\/annuaires\/structures-sportives\/dojo-departemental-creil-sud-oise\/\" class=\"directory-archive__map-card-link\">\n        <div class=\"directory-archive__map-card-content\">\n            <h3 class=\"directory-archive__map-card-title\">Dojo d\u00e9partemental Creil Sud Oise<\/h3>\n            <p class=\"directory-archive__map-card-type\">Structures sportives<\/p>\n        <\/div>\n        <div class=\"directory-archive__map-card-info\">\n                            <div class=\"directory-archive__map-card-address\">\n                                            <p>5, boulevard Pierre de Coubertin<\/p>\n                                                                <div class=\"\">\n                                                            <p>60180<\/p>\n                                                                                        <p>Nogent-sur-Oise<\/p>\n                                                    <\/div>\n                                    <\/div>\n                                <\/div>\n    <\/a>\n<\/div>                <\/li>\n                            <li class=\"directory-archive__map-item\">\n                    <div class=\"directory-archive__map-card\">\n    <a href=\"https:\/\/mairie-montataire.fr\/de\/annuaires\/structures-sportives\/dojo-marc-taildeman\/\" class=\"directory-archive__map-card-link\">\n        <div class=\"directory-archive__map-card-content\">\n            <h3 class=\"directory-archive__map-card-title\">Dojo Marc Taildeman<\/h3>\n            <p class=\"directory-archive__map-card-type\">Structures sportives<\/p>\n        <\/div>\n        <div class=\"directory-archive__map-card-info\">\n                            <div class=\"directory-archive__map-card-address\">\n                                            <p>35, av. Anatole France<\/p>\n                                                                <div class=\"\">\n                                                            <p>60160 <\/p>\n                                                                                        <p>Montataire<\/p>\n                                                    <\/div>\n                                    <\/div>\n                                <\/div>\n    <\/a>\n<\/div>                <\/li>\n                            <li class=\"directory-archive__map-item\">\n                    <div class=\"directory-archive__map-card\">\n    <a href=\"https:\/\/mairie-montataire.fr\/de\/annuaires\/associations\/jumelage-et-international\/echanges-franco-allemands\/\" class=\"directory-archive__map-card-link\">\n        <div class=\"directory-archive__map-card-content\">\n            <h3 class=\"directory-archive__map-card-title\">\u00c9changes Franco-Allemands<\/h3>\n            <p class=\"directory-archive__map-card-type\">Associations<\/p>\n        <\/div>\n        <div class=\"directory-archive__map-card-info\">\n                                                                                            \n                                                                                                                                                                                                                                                                                                                        \n                <p>06 34 39 94 62<\/p>\n                    <\/div>\n    <\/a>\n<\/div>                <\/li>\n                            <li class=\"directory-archive__map-item\">\n                    <div class=\"directory-archive__map-card\">\n    <a href=\"https:\/\/mairie-montataire.fr\/de\/annuaires\/enseignement\/ecoles\/ecole-elementaire-edmond-leveille\/\" class=\"directory-archive__map-card-link\">\n        <div class=\"directory-archive__map-card-content\">\n            <h3 class=\"directory-archive__map-card-title\">\u00c9cole \u00e9l\u00e9mentaire Edmond L\u00e9veill\u00e9<\/h3>\n            <p class=\"directory-archive__map-card-type\">Enseignement<\/p>\n        <\/div>\n        <div class=\"directory-archive__map-card-info\">\n                            <div class=\"directory-archive__map-card-address\">\n                                            <p>127, rue Jacques Duclos<\/p>\n                                                                <div class=\"\">\n                                                            <p>60160<\/p>\n                                                                                        <p>Montataire<\/p>\n                                                    <\/div>\n                                    <\/div>\n                                                                                            \n                                                                                                                                                                                                                                                                                                                        \n                <p>03 44 25 57 49<\/p>\n                    <\/div>\n    <\/a>\n<\/div>                <\/li>\n                            <li class=\"directory-archive__map-item\">\n                    <div class=\"directory-archive__map-card\">\n    <a href=\"https:\/\/mairie-montataire.fr\/de\/annuaires\/enseignement\/ecoles\/ecole-elementaire-irene-frederic-joliot-curie\/\" class=\"directory-archive__map-card-link\">\n        <div class=\"directory-archive__map-card-content\">\n            <h3 class=\"directory-archive__map-card-title\">\u00c9cole \u00e9l\u00e9mentaire Ir\u00e8ne &#038; Fr\u00e9d\u00e9ric Joliot Curie<\/h3>\n            <p class=\"directory-archive__map-card-type\">Enseignement<\/p>\n        <\/div>\n        <div class=\"directory-archive__map-card-info\">\n                            <div class=\"directory-archive__map-card-address\">\n                                            <p>32, rue Louis Blanc<\/p>\n                                                                <div class=\"\">\n                                                            <p>60160<\/p>\n                                                                                        <p> Montataire<\/p>\n                                                    <\/div>\n                                    <\/div>\n                                                                                            \n                                                                                                                                                                                                                                                                                                                        \n                <p>03 44 25 04 97<\/p>\n                    <\/div>\n    <\/a>\n<\/div>                <\/li>\n                            <li class=\"directory-archive__map-item\">\n                    <div class=\"directory-archive__map-card\">\n    <a href=\"https:\/\/mairie-montataire.fr\/de\/annuaires\/enseignement\/ecoles\/ecole-elementaire-jacques-decour\/\" class=\"directory-archive__map-card-link\">\n        <div class=\"directory-archive__map-card-content\">\n            <h3 class=\"directory-archive__map-card-title\">\u00c9cole \u00e9l\u00e9mentaire Jacques Decour<\/h3>\n            <p class=\"directory-archive__map-card-type\">Enseignement<\/p>\n        <\/div>\n        <div class=\"directory-archive__map-card-info\">\n                            <div class=\"directory-archive__map-card-address\">\n                                            <p>Avenue Anatole France<\/p>\n                                                                <div class=\"\">\n                                                            <p>60160 <\/p>\n                                                                                        <p>Montataire<\/p>\n                                                    <\/div>\n                                    <\/div>\n                                                                                            \n                                                                                                                                                                                                                                                                                                                        \n                <p>03 44 27 39 60<\/p>\n                    <\/div>\n    <\/a>\n<\/div>                <\/li>\n                            <li class=\"directory-archive__map-item\">\n                    <div class=\"directory-archive__map-card\">\n    <a href=\"https:\/\/mairie-montataire.fr\/de\/annuaires\/enseignement\/ecoles\/ecole-elementaire-paul-langevin\/\" class=\"directory-archive__map-card-link\">\n        <div class=\"directory-archive__map-card-content\">\n            <h3 class=\"directory-archive__map-card-title\">\u00c9cole \u00e9l\u00e9mentaire Paul Langevin<\/h3>\n            <p class=\"directory-archive__map-card-type\">Enseignement<\/p>\n        <\/div>\n        <div class=\"directory-archive__map-card-info\">\n                            <div class=\"directory-archive__map-card-address\">\n                                            <p>19, rue du 8 mai 1945<\/p>\n                                                                <div class=\"\">\n                                                            <p>60160<\/p>\n                                                                                        <p>Montataire<\/p>\n                                                    <\/div>\n                                    <\/div>\n                                                                                            \n                                                                                                                                                                                                                                                                                                                        \n                <p>03 44 25 67 89<\/p>\n                    <\/div>\n    <\/a>\n<\/div>                <\/li>\n                            <li class=\"directory-archive__map-item\">\n                    <div class=\"directory-archive__map-card\">\n    <a href=\"https:\/\/mairie-montataire.fr\/de\/annuaires\/enseignement\/ecoles\/ecole-henri-wallon\/\" class=\"directory-archive__map-card-link\">\n        <div class=\"directory-archive__map-card-content\">\n            <h3 class=\"directory-archive__map-card-title\">\u00c9cole maternelle Henri Wallon<\/h3>\n            <p class=\"directory-archive__map-card-type\">Enseignement<\/p>\n        <\/div>\n        <div class=\"directory-archive__map-card-info\">\n                            <div class=\"directory-archive__map-card-address\">\n                                            <p>Rue Jules Uhry <\/p>\n                                                                <div class=\"\">\n                                                            <p>60160 <\/p>\n                                                                                        <p>Montataire<\/p>\n                                                    <\/div>\n                                    <\/div>\n                                                                                            \n                                                                                                                                                                                                                                                                                                                        \n                <p>03 44 27 50 31<\/p>\n                    <\/div>\n    <\/a>\n<\/div>                <\/li>\n                            <li class=\"directory-archive__map-item\">\n                    <div class=\"directory-archive__map-card\">\n    <a href=\"https:\/\/mairie-montataire.fr\/de\/annuaires\/enseignement\/ecoles\/ecole-maternelle-irene-frederic-joliot-curie\/\" class=\"directory-archive__map-card-link\">\n        <div class=\"directory-archive__map-card-content\">\n            <h3 class=\"directory-archive__map-card-title\">\u00c9cole maternelle Ir\u00e8ne &#038; Fr\u00e9d\u00e9ric Joliot Curie<\/h3>\n            <p class=\"directory-archive__map-card-type\">Enseignement<\/p>\n        <\/div>\n        <div class=\"directory-archive__map-card-info\">\n                            <div class=\"directory-archive__map-card-address\">\n                                            <p>32, rue Louis Blanc <\/p>\n                                                                <div class=\"\">\n                                                            <p>60160<\/p>\n                                                                                        <p>Montataire<\/p>\n                                                    <\/div>\n                                    <\/div>\n                                                                                            \n                                                                                                                                                                                                                                                                                                                        \n                <p>03 44 25 98 09<\/p>\n                    <\/div>\n    <\/a>\n<\/div>                <\/li>\n                            <li class=\"directory-archive__map-item\">\n                    <div class=\"directory-archive__map-card\">\n    <a href=\"https:\/\/mairie-montataire.fr\/de\/annuaires\/enseignement\/ecoles\/ecole-maternelle-jacques-decour-i\/\" class=\"directory-archive__map-card-link\">\n        <div class=\"directory-archive__map-card-content\">\n            <h3 class=\"directory-archive__map-card-title\">\u00c9cole maternelle Jacques Decour I<\/h3>\n            <p class=\"directory-archive__map-card-type\">Enseignement<\/p>\n        <\/div>\n        <div class=\"directory-archive__map-card-info\">\n                            <div class=\"directory-archive__map-card-address\">\n                                            <p>8, rue Paul Vaillant Couturier<\/p>\n                                                                <div class=\"\">\n                                                            <p>60160<\/p>\n                                                                                        <p>Montataire<\/p>\n                                                    <\/div>\n                                    <\/div>\n                                                                                            \n                                                                                                                                                                                                                                                                                                                        \n                <p>03 44 27 47 45<\/p>\n                    <\/div>\n    <\/a>\n<\/div>                <\/li>\n                            <li class=\"directory-archive__map-item\">\n                    <div class=\"directory-archive__map-card\">\n    <a href=\"https:\/\/mairie-montataire.fr\/de\/annuaires\/enseignement\/ecoles\/ecole-elementaire-jacques-decour-ii\/\" class=\"directory-archive__map-card-link\">\n        <div class=\"directory-archive__map-card-content\">\n            <h3 class=\"directory-archive__map-card-title\">\u00c9cole maternelle Jacques Decour II<\/h3>\n            <p class=\"directory-archive__map-card-type\">Enseignement<\/p>\n        <\/div>\n        <div class=\"directory-archive__map-card-info\">\n                            <div class=\"directory-archive__map-card-address\">\n                                            <p>1, rue Jacques Decour <\/p>\n                                                                <div class=\"\">\n                                                            <p>60160<\/p>\n                                                                                        <p>Montataire<\/p>\n                                                    <\/div>\n                                    <\/div>\n                                                                                            \n                                                                                                                                                                                                                                                                                                                        \n                <p>03 44 27 48 43<\/p>\n                    <\/div>\n    <\/a>\n<\/div>                <\/li>\n                            <li class=\"directory-archive__map-item\">\n                    <div class=\"directory-archive__map-card\">\n    <a href=\"https:\/\/mairie-montataire.fr\/de\/annuaires\/enseignement\/ecoles\/ecole-jean-mace\/\" class=\"directory-archive__map-card-link\">\n        <div class=\"directory-archive__map-card-content\">\n            <h3 class=\"directory-archive__map-card-title\">\u00c9cole maternelle Jean Mac\u00e9<\/h3>\n            <p class=\"directory-archive__map-card-type\">Enseignement<\/p>\n        <\/div>\n        <div class=\"directory-archive__map-card-info\">\n                            <div class=\"directory-archive__map-card-address\">\n                                            <p>8, rue de l&rsquo;\u00c9glise<\/p>\n                                                                <div class=\"\">\n                                                            <p>60160<\/p>\n                                                                                        <p>Montataire<\/p>\n                                                    <\/div>\n                                    <\/div>\n                                                                                            \n                                                                                                                                                                                                                                                                                                                        \n                <p>03 44 25 04 17<\/p>\n                    <\/div>\n    <\/a>\n<\/div>                <\/li>\n                            <li class=\"directory-archive__map-item\">\n                    <div class=\"directory-archive__map-card\">\n    <a href=\"https:\/\/mairie-montataire.fr\/de\/annuaires\/enseignement\/ecoles\/ecole-maternelle-paul-langevin\/\" class=\"directory-archive__map-card-link\">\n        <div class=\"directory-archive__map-card-content\">\n            <h3 class=\"directory-archive__map-card-title\">\u00c9cole maternelle Paul Langevin<\/h3>\n            <p class=\"directory-archive__map-card-type\">Enseignement<\/p>\n        <\/div>\n        <div class=\"directory-archive__map-card-info\">\n                            <div class=\"directory-archive__map-card-address\">\n                                            <p>19, rue du 8 mai 1945<\/p>\n                                                                <div class=\"\">\n                                                            <p>60160<\/p>\n                                                                                        <p>Montataire<\/p>\n                                                    <\/div>\n                                    <\/div>\n                                                                                            \n                                                                                                                                                                                                                                                                                                                        \n                <p>03 44 25 60 70<\/p>\n                    <\/div>\n    <\/a>\n<\/div>                <\/li>\n                            <li class=\"directory-archive__map-item\">\n                    <div class=\"directory-archive__map-card\">\n    <a href=\"https:\/\/mairie-montataire.fr\/de\/annuaires\/enseignement\/ecoles\/ecole-primaire-daniele-casanova\/\" class=\"directory-archive__map-card-link\">\n        <div class=\"directory-archive__map-card-content\">\n            <h3 class=\"directory-archive__map-card-title\">\u00c9cole primaire Dani\u00e8le Casanova<\/h3>\n            <p class=\"directory-archive__map-card-type\">Enseignement<\/p>\n        <\/div>\n        <div class=\"directory-archive__map-card-info\">\n                            <div class=\"directory-archive__map-card-address\">\n                                            <p>Rue Salvador Allend\u00e9<\/p>\n                                                                <div class=\"\">\n                                                            <p>60160 <\/p>\n                                                                                        <p>Montataire<\/p>\n                                                    <\/div>\n                                    <\/div>\n                                                                                            \n                                                                                                                                                                                                                                                                                                                        \n                <p>03 44 25 67 90<\/p>\n                    <\/div>\n    <\/a>\n<\/div>                <\/li>\n                            <li class=\"directory-archive__map-item\">\n                    <div class=\"directory-archive__map-card\">\n    <a href=\"https:\/\/mairie-montataire.fr\/de\/annuaires\/enseignement\/ecoles\/jean-jaures\/\" class=\"directory-archive__map-card-link\">\n        <div class=\"directory-archive__map-card-content\">\n            <h3 class=\"directory-archive__map-card-title\">\u00c9cole primaire Jean Jaur\u00e8s<\/h3>\n            <p class=\"directory-archive__map-card-type\">Enseignement<\/p>\n        <\/div>\n        <div class=\"directory-archive__map-card-info\">\n                            <div class=\"directory-archive__map-card-address\">\n                                            <p>67, rue Jean Jaur\u00e8s<\/p>\n                                                                <div class=\"\">\n                                                            <p>60160<\/p>\n                                                                                        <p>Montataire<\/p>\n                                                    <\/div>\n                                    <\/div>\n                                                                                            \n                                                                                                                                                                                                                                                                                                                        \n                <p>03 44 27 39 60<\/p>\n                    <\/div>\n    <\/a>\n<\/div>                <\/li>\n                            <li class=\"directory-archive__map-item\">\n                    <div class=\"directory-archive__map-card\">\n    <a href=\"https:\/\/mairie-montataire.fr\/de\/annuaires\/enseignement\/ecoles\/ecole-primaire-maurice-lucie-bambier\/\" class=\"directory-archive__map-card-link\">\n        <div class=\"directory-archive__map-card-content\">\n            <h3 class=\"directory-archive__map-card-title\">\u00c9cole primaire Maurice &#038; Lucie Bambier<\/h3>\n            <p class=\"directory-archive__map-card-type\">Enseignement<\/p>\n        <\/div>\n        <div class=\"directory-archive__map-card-info\">\n                            <div class=\"directory-archive__map-card-address\">\n                                            <p>Rue Maurice Thorez<\/p>\n                                                                <div class=\"\">\n                                                            <p>60160<\/p>\n                                                                                        <p>Montataire<\/p>\n                                                    <\/div>\n                                    <\/div>\n                                                                                            \n                                                                                                                                                                                                                                                                                                                        \n                <p>03 44 27 50 42<\/p>\n                    <\/div>\n    <\/a>\n<\/div>                <\/li>\n                            <li class=\"directory-archive__map-item\">\n                    <div class=\"directory-archive__map-card\">\n    <a href=\"https:\/\/mairie-montataire.fr\/de\/annuaires\/associations\/jeunesse-education-et-insertion\/ejcm\/\" class=\"directory-archive__map-card-link\">\n        <div class=\"directory-archive__map-card-content\">\n            <h3 class=\"directory-archive__map-card-title\">ejcm<\/h3>\n            <p class=\"directory-archive__map-card-type\">Associations<\/p>\n        <\/div>\n        <div class=\"directory-archive__map-card-info\">\n                                                                                            \n                                                                                                                                                                                                                                                                                                                        \n                <p>06 81 42 77 85<\/p>\n                    <\/div>\n    <\/a>\n<\/div>                <\/li>\n                            <li class=\"directory-archive__map-item\">\n                    <div class=\"directory-archive__map-card\">\n    <a href=\"https:\/\/mairie-montataire.fr\/de\/annuaires\/associations\/culture-et-loisirs\/ensemble-solidaires-union-nationale-des-retraites-et-des-personnes-agees-unrpa\/\" class=\"directory-archive__map-card-link\">\n        <div class=\"directory-archive__map-card-content\">\n            <h3 class=\"directory-archive__map-card-title\">Ensemble &#038; Solidaires &#8211; Union Nationale des Retrait\u00e9s et des personnes \u00c2g\u00e9es (UNRPA)<\/h3>\n            <p class=\"directory-archive__map-card-type\">Associations<\/p>\n        <\/div>\n        <div class=\"directory-archive__map-card-info\">\n                                                                                            \n                                                                                                                                                                                                                                                                                                                        \n                <p>03 44 25 71 84<\/p>\n                    <\/div>\n    <\/a>\n<\/div>                <\/li>\n                            <li class=\"directory-archive__map-item\">\n                    <div class=\"directory-archive__map-card\">\n    <a href=\"https:\/\/mairie-montataire.fr\/de\/annuaires\/location-de-salles\/espace-de-rencontres\/\" class=\"directory-archive__map-card-link\">\n        <div class=\"directory-archive__map-card-content\">\n            <h3 class=\"directory-archive__map-card-title\">Espace de Rencontres<\/h3>\n            <p class=\"directory-archive__map-card-type\">Location de salles<\/p>\n        <\/div>\n        <div class=\"directory-archive__map-card-info\">\n                            <div class=\"directory-archive__map-card-address\">\n                                            <p>Rue Louis Blanc<\/p>\n                                                                <div class=\"\">\n                                                            <p> 60160 <\/p>\n                                                                                        <p>Montataire<\/p>\n                                                    <\/div>\n                                    <\/div>\n                                <\/div>\n    <\/a>\n<\/div>                <\/li>\n                            <li class=\"directory-archive__map-item\">\n                    <div class=\"directory-archive__map-card\">\n    <a href=\"https:\/\/mairie-montataire.fr\/de\/annuaires\/services-municipaux\/dcsdt\/espace-huberte-dhoker\/\" class=\"directory-archive__map-card-link\">\n        <div class=\"directory-archive__map-card-content\">\n            <h3 class=\"directory-archive__map-card-title\">Espace Huberte d&rsquo;Hoker<\/h3>\n            <p class=\"directory-archive__map-card-type\">Services municipaux<\/p>\n        <\/div>\n        <div class=\"directory-archive__map-card-info\">\n                            <div class=\"directory-archive__map-card-address\">\n                                            <p>Esplanade Fernand Tuil<\/p>\n                                                                <div class=\"\">\n                                                            <p>60160 <\/p>\n                                                                                        <p>Montataire<\/p>\n                                                    <\/div>\n                                    <\/div>\n                                                                                            \n                                                                                                                                                                                                                                                                                                                        \n                <p>03 44 24 55 80<\/p>\n                    <\/div>\n    <\/a>\n<\/div>                <\/li>\n                            <li class=\"directory-archive__map-item\">\n                    <div class=\"directory-archive__map-card\">\n    <a href=\"https:\/\/mairie-montataire.fr\/de\/annuaires\/associations\/sport\/esperance-municipale-de-montataire\/\" class=\"directory-archive__map-card-link\">\n        <div class=\"directory-archive__map-card-content\">\n            <h3 class=\"directory-archive__map-card-title\">Esp\u00e9rance Municipale de Montataire<\/h3>\n            <p class=\"directory-archive__map-card-type\">Associations<\/p>\n        <\/div>\n        <div class=\"directory-archive__map-card-info\">\n                                                                                            \n                                                                                                                                                                                                                                                                                                                        \n                <p>07 69 46 83 46<\/p>\n                    <\/div>\n    <\/a>\n<\/div>                <\/li>\n                            <li class=\"directory-archive__map-item\">\n                    <div class=\"directory-archive__map-card\">\n    <a href=\"https:\/\/mairie-montataire.fr\/de\/annuaires\/associations\/jeunesse-education-et-insertion\/fcpe-anatole-france\/\" class=\"directory-archive__map-card-link\">\n        <div class=\"directory-archive__map-card-content\">\n            <h3 class=\"directory-archive__map-card-title\">FCPE Anatole France<\/h3>\n            <p class=\"directory-archive__map-card-type\">Associations<\/p>\n        <\/div>\n        <div class=\"directory-archive__map-card-info\">\n                                                                                            \n                                                                                                                                                                                                                                                                                                                        \n                <p>07 70 01 70 92<\/p>\n                    <\/div>\n    <\/a>\n<\/div>                <\/li>\n                            <li class=\"directory-archive__map-item\">\n                    <div class=\"directory-archive__map-card\">\n    <a href=\"https:\/\/mairie-montataire.fr\/de\/annuaires\/associations\/jeunesse-education-et-insertion\/fcpe-andre-malraux\/\" class=\"directory-archive__map-card-link\">\n        <div class=\"directory-archive__map-card-content\">\n            <h3 class=\"directory-archive__map-card-title\">FCPE Andr\u00e9 Malraux<\/h3>\n            <p class=\"directory-archive__map-card-type\">Associations<\/p>\n        <\/div>\n        <div class=\"directory-archive__map-card-info\">\n                                <\/div>\n    <\/a>\n<\/div>                <\/li>\n                            <li class=\"directory-archive__map-item\">\n                    <div class=\"directory-archive__map-card\">\n    <a href=\"https:\/\/mairie-montataire.fr\/de\/annuaires\/associations\/memoire-et-patrimoine\/federation-nationale-des-anciens-combattants-en-algerie-tunisie-maroc-fnaca\/\" class=\"directory-archive__map-card-link\">\n        <div class=\"directory-archive__map-card-content\">\n            <h3 class=\"directory-archive__map-card-title\">F\u00e9d\u00e9ration Nationale des Anciens Combattants en Alg\u00e9rie, Tunisie, Maroc (FNACA)<\/h3>\n            <p class=\"directory-archive__map-card-type\">Associations<\/p>\n        <\/div>\n        <div class=\"directory-archive__map-card-info\">\n                                                                                            \n                                                                                                                                                                                                                                                                                                                        \n                <p>03 44 27 57 65<\/p>\n                    <\/div>\n    <\/a>\n<\/div>                <\/li>\n                            <li class=\"directory-archive__map-item\">\n                    <div class=\"directory-archive__map-card\">\n    <a href=\"https:\/\/mairie-montataire.fr\/de\/annuaires\/associations\/memoire-et-patrimoine\/federation-nationale-des-deportes-internes-resistants-et-patriotes-fndirp-oise\/\" class=\"directory-archive__map-card-link\">\n        <div class=\"directory-archive__map-card-content\">\n            <h3 class=\"directory-archive__map-card-title\">F\u00e9d\u00e9ration Nationale des D\u00e9port\u00e9s, Intern\u00e9s, R\u00e9sistants et Patriotes (FNDIRP) &#8211; Oise<\/h3>\n            <p class=\"directory-archive__map-card-type\">Associations<\/p>\n        <\/div>\n        <div class=\"directory-archive__map-card-info\">\n                                                                                            \n                                                                                                                                                                                                                                                                                                                        \n                <p>06 83 07 53 89<\/p>\n                    <\/div>\n    <\/a>\n<\/div>                <\/li>\n                            <li class=\"directory-archive__map-item\">\n                    <div class=\"directory-archive__map-card\">\n    <a href=\"https:\/\/mairie-montataire.fr\/de\/annuaires\/associations\/solidarite\/femmes-solidaires\/\" class=\"directory-archive__map-card-link\">\n        <div class=\"directory-archive__map-card-content\">\n            <h3 class=\"directory-archive__map-card-title\">Femmes Solidaires<\/h3>\n            <p class=\"directory-archive__map-card-type\">Associations<\/p>\n        <\/div>\n        <div class=\"directory-archive__map-card-info\">\n                                                                                            \n                                                                                                                                                                                                                                                                                                                        \n                <p>03 44 27 54 08<\/p>\n                    <\/div>\n    <\/a>\n<\/div>                <\/li>\n                            <li class=\"directory-archive__map-item\">\n                    <div class=\"directory-archive__map-card\">\n    <a href=\"https:\/\/mairie-montataire.fr\/de\/annuaires\/associations\/jumelage-et-international\/gabon-solidarite-de-france\/\" class=\"directory-archive__map-card-link\">\n        <div class=\"directory-archive__map-card-content\">\n            <h3 class=\"directory-archive__map-card-title\">Gabon Solidarit\u00e9 de France<\/h3>\n            <p class=\"directory-archive__map-card-type\">Associations<\/p>\n        <\/div>\n        <div class=\"directory-archive__map-card-info\">\n                                                                                            \n                                                                                                                                                                                                                                                                                                                        \n                <p>06 28 34 81 06<\/p>\n                    <\/div>\n    <\/a>\n<\/div>                <\/li>\n                            <li class=\"directory-archive__map-item\">\n                    <div class=\"directory-archive__map-card\">\n    <a href=\"https:\/\/mairie-montataire.fr\/de\/annuaires\/sante\/structures-sante\/groupe-medical-marfan\/\" class=\"directory-archive__map-card-link\">\n        <div class=\"directory-archive__map-card-content\">\n            <h3 class=\"directory-archive__map-card-title\">Groupe m\u00e9dical Marfan<\/h3>\n            <p class=\"directory-archive__map-card-type\">Sant\u00e9<\/p>\n        <\/div>\n        <div class=\"directory-archive__map-card-info\">\n                            <div class=\"directory-archive__map-card-address\">\n                                            <p>1, rue des D\u00e9port\u00e9s<\/p>\n                                                                <div class=\"\">\n                                                            <p>60160 <\/p>\n                                                                                        <p>Montataire<\/p>\n                                                    <\/div>\n                                    <\/div>\n                                                                                            \n                                                                                                                                                                                                                                                                                                                        \n                <p>03 44 25 14 24<\/p>\n                    <\/div>\n    <\/a>\n<\/div>                <\/li>\n                            <li class=\"directory-archive__map-item\">\n                    <div class=\"directory-archive__map-card\">\n    <a href=\"https:\/\/mairie-montataire.fr\/de\/annuaires\/structures-sportives\/gymnase-michel-bouchoux\/\" class=\"directory-archive__map-card-link\">\n        <div class=\"directory-archive__map-card-content\">\n            <h3 class=\"directory-archive__map-card-title\">Gymnase Michel Bouchoux<\/h3>\n            <p class=\"directory-archive__map-card-type\">Structures sportives<\/p>\n        <\/div>\n        <div class=\"directory-archive__map-card-info\">\n                            <div class=\"directory-archive__map-card-address\">\n                                            <p>77, rue Louis Blanc<\/p>\n                                                                <div class=\"\">\n                                                            <p>60160<\/p>\n                                                                                        <p>Montataire<\/p>\n                                                    <\/div>\n                                    <\/div>\n                                <\/div>\n    <\/a>\n<\/div>                <\/li>\n                            <li class=\"directory-archive__map-item\">\n                    <div class=\"directory-archive__map-card\">\n    <a href=\"https:\/\/mairie-montataire.fr\/de\/annuaires\/structures-sportives\/gymnase-paul-langevin\/\" class=\"directory-archive__map-card-link\">\n        <div class=\"directory-archive__map-card-content\">\n            <h3 class=\"directory-archive__map-card-title\">Gymnase Paul Langevin<\/h3>\n            <p class=\"directory-archive__map-card-type\">Structures sportives<\/p>\n        <\/div>\n        <div class=\"directory-archive__map-card-info\">\n                            <div class=\"directory-archive__map-card-address\">\n                                            <p>Rue du 8 mai 1945<\/p>\n                                                                <div class=\"\">\n                                                            <p>60160<\/p>\n                                                                                        <p>Montataire<\/p>\n                                                    <\/div>\n                                    <\/div>\n                                <\/div>\n    <\/a>\n<\/div>                <\/li>\n                            <li class=\"directory-archive__map-item\">\n                    <div class=\"directory-archive__map-card\">\n    <a href=\"https:\/\/mairie-montataire.fr\/de\/annuaires\/associations\/culture-et-loisirs\/harmonie-municipale-de-montataire\/\" class=\"directory-archive__map-card-link\">\n        <div class=\"directory-archive__map-card-content\">\n            <h3 class=\"directory-archive__map-card-title\">Harmonie Municipale de Montataire<\/h3>\n            <p class=\"directory-archive__map-card-type\">Associations<\/p>\n        <\/div>\n        <div class=\"directory-archive__map-card-info\">\n                                                                                            \n                                                                                                                                                                                                                                                                                                                        \n                <p>06 67 87 45 60<\/p>\n                    <\/div>\n    <\/a>\n<\/div>                <\/li>\n                            <li class=\"directory-archive__map-item\">\n                    <div class=\"directory-archive__map-card\">\n    <a href=\"https:\/\/mairie-montataire.fr\/de\/annuaires\/associations\/solidarite\/hygie\/\" class=\"directory-archive__map-card-link\">\n        <div class=\"directory-archive__map-card-content\">\n            <h3 class=\"directory-archive__map-card-title\">HYGIE<\/h3>\n            <p class=\"directory-archive__map-card-type\">Associations<\/p>\n        <\/div>\n        <div class=\"directory-archive__map-card-info\">\n                                                                                            \n                                                                                                                                                                                                                                                                                                                        \n                <p>06 65 76 95 85<\/p>\n                    <\/div>\n    <\/a>\n<\/div>                <\/li>\n                            <li class=\"directory-archive__map-item\">\n                    <div class=\"directory-archive__map-card\">\n    <a href=\"https:\/\/mairie-montataire.fr\/de\/annuaires\/associations\/jeunesse-education-et-insertion\/jadinsert\/\" class=\"directory-archive__map-card-link\">\n        <div class=\"directory-archive__map-card-content\">\n            <h3 class=\"directory-archive__map-card-title\">JAD&rsquo;INSERT<\/h3>\n            <p class=\"directory-archive__map-card-type\">Associations<\/p>\n        <\/div>\n        <div class=\"directory-archive__map-card-info\">\n                                                                                            \n                                                                                                                                                                                                                                                                                                                        \n                <p>07 44 43 14 34<\/p>\n                    <\/div>\n    <\/a>\n<\/div>                <\/li>\n                            <li class=\"directory-archive__map-item\">\n                    <div class=\"directory-archive__map-card\">\n    <a href=\"https:\/\/mairie-montataire.fr\/de\/annuaires\/associations\/jeunesse-education-et-insertion\/jade\/\" class=\"directory-archive__map-card-link\">\n        <div class=\"directory-archive__map-card-content\">\n            <h3 class=\"directory-archive__map-card-title\">JADE<\/h3>\n            <p class=\"directory-archive__map-card-type\">Associations<\/p>\n        <\/div>\n        <div class=\"directory-archive__map-card-info\">\n                                                                                            \n                                                                                                                                                                                                                                                                                                                        \n                <p>03 44 28 09 30<\/p>\n                    <\/div>\n    <\/a>\n<\/div>                <\/li>\n                            <li class=\"directory-archive__map-item\">\n                    <div class=\"directory-archive__map-card\">\n    <a href=\"https:\/\/mairie-montataire.fr\/de\/annuaires\/associations\/sport\/lamicale-sportive-des-sapeurs-pompiers-de-montataire\/\" class=\"directory-archive__map-card-link\">\n        <div class=\"directory-archive__map-card-content\">\n            <h3 class=\"directory-archive__map-card-title\">L&rsquo;amicale sportive des sapeurs pompiers de Montataire<\/h3>\n            <p class=\"directory-archive__map-card-type\">Associations<\/p>\n        <\/div>\n        <div class=\"directory-archive__map-card-info\">\n                                                                                            \n                                                                                                                                                                                                                                                                                                                        \n                <p>03 44 27 36 00<\/p>\n                    <\/div>\n    <\/a>\n<\/div>                <\/li>\n                            <li class=\"directory-archive__map-item\">\n                    <div class=\"directory-archive__map-card\">\n    <a href=\"https:\/\/mairie-montataire.fr\/de\/annuaires\/associations\/culture-et-loisirs\/lasso-fro\/\" class=\"directory-archive__map-card-link\">\n        <div class=\"directory-archive__map-card-content\">\n            <h3 class=\"directory-archive__map-card-title\">L&rsquo;asso Fr\u00f4<\/h3>\n            <p class=\"directory-archive__map-card-type\">Associations<\/p>\n        <\/div>\n        <div class=\"directory-archive__map-card-info\">\n                                                                                            \n                                                                                                                                                                                                                                                                                                                        \n                <p>07 70 59 72 53<\/p>\n                    <\/div>\n    <\/a>\n<\/div>                <\/li>\n                            <li class=\"directory-archive__map-item\">\n                    <div class=\"directory-archive__map-card\">\n    <a href=\"https:\/\/mairie-montataire.fr\/de\/annuaires\/associations\/environnement-et-nature\/letoile-du-chat\/\" class=\"directory-archive__map-card-link\">\n        <div class=\"directory-archive__map-card-content\">\n            <h3 class=\"directory-archive__map-card-title\">L&rsquo;\u00e9toile du chat<\/h3>\n            <p class=\"directory-archive__map-card-type\">Associations<\/p>\n        <\/div>\n        <div class=\"directory-archive__map-card-info\">\n                                                                                            \n                                                                                                                                                                                                                                                                                                                        \n                <p>06 44 94 40 41<\/p>\n                    <\/div>\n    <\/a>\n<\/div>                <\/li>\n                            <li class=\"directory-archive__map-item\">\n                    <div class=\"directory-archive__map-card\">\n    <a href=\"https:\/\/mairie-montataire.fr\/de\/annuaires\/associations\/solidarite\/le-clos-du-nid-de-loise-univi-handicap\/\" class=\"directory-archive__map-card-link\">\n        <div class=\"directory-archive__map-card-content\">\n            <h3 class=\"directory-archive__map-card-title\">Le Clos du Nid de l&rsquo;Oise &#8211; UNIVI Handicap<\/h3>\n            <p class=\"directory-archive__map-card-type\">Associations<\/p>\n        <\/div>\n        <div class=\"directory-archive__map-card-info\">\n                                                                                            \n                                                                                                                                                                                                                                                                                                                        \n                <p>03 44 64 69 40<\/p>\n                    <\/div>\n    <\/a>\n<\/div>                <\/li>\n                            <li class=\"directory-archive__map-item\">\n                    <div class=\"directory-archive__map-card\">\n    <a href=\"https:\/\/mairie-montataire.fr\/de\/annuaires\/associations\/vie-locale\/le-marche-de-montataire\/\" class=\"directory-archive__map-card-link\">\n        <div class=\"directory-archive__map-card-content\">\n            <h3 class=\"directory-archive__map-card-title\">Le march\u00e9 de Montataire<\/h3>\n            <p class=\"directory-archive__map-card-type\">Associations<\/p>\n        <\/div>\n        <div class=\"directory-archive__map-card-info\">\n                                <\/div>\n    <\/a>\n<\/div>                <\/li>\n                            <li class=\"directory-archive__map-item\">\n                    <div class=\"directory-archive__map-card\">\n    <a href=\"https:\/\/mairie-montataire.fr\/de\/annuaires\/services-municipaux\/dcsdt\/service-culturel-le-palace\/\" class=\"directory-archive__map-card-link\">\n        <div class=\"directory-archive__map-card-content\">\n            <h3 class=\"directory-archive__map-card-title\">Le Palace &#8211; Service culturel<\/h3>\n            <p class=\"directory-archive__map-card-type\">Services municipaux<\/p>\n        <\/div>\n        <div class=\"directory-archive__map-card-info\">\n                            <div class=\"directory-archive__map-card-address\">\n                                            <p>8 bis, rue des D\u00e9port\u00e9s<\/p>\n                                                                <div class=\"\">\n                                                            <p>60160 <\/p>\n                                                                                        <p>Montataire<\/p>\n                                                    <\/div>\n                                    <\/div>\n                                                                                            \n                                                                                                                                                                                                                                                                                                                        \n                <p>03 44 24 69 97<\/p>\n                    <\/div>\n    <\/a>\n<\/div>                <\/li>\n                            <li class=\"directory-archive__map-item\">\n                    <div class=\"directory-archive__map-card\">\n    <a href=\"https:\/\/mairie-montataire.fr\/de\/annuaires\/services-municipaux\/dcsdt\/lecture-publique-bibliotheque-elsa-triolet\/\" class=\"directory-archive__map-card-link\">\n        <div class=\"directory-archive__map-card-content\">\n            <h3 class=\"directory-archive__map-card-title\">Lecture publique &#8211; Biblioth\u00e8que Elsa Triolet<\/h3>\n            <p class=\"directory-archive__map-card-type\">Services municipaux<\/p>\n        <\/div>\n        <div class=\"directory-archive__map-card-info\">\n                            <div class=\"directory-archive__map-card-address\">\n                                            <p>92, avenue Anatole France<\/p>\n                                                                <div class=\"\">\n                                                            <p>60160 <\/p>\n                                                                                        <p>Montataire<\/p>\n                                                    <\/div>\n                                    <\/div>\n                                                                                            \n                                                                                                                                                                                                                                                                                                                        \n                <p>03 44 27 39 70<\/p>\n                    <\/div>\n    <\/a>\n<\/div>                <\/li>\n                            <li class=\"directory-archive__map-item\">\n                    <div class=\"directory-archive__map-card\">\n    <a href=\"https:\/\/mairie-montataire.fr\/de\/annuaires\/services-municipaux\/dcsdt\/lecture-publique-bibliotheque-paul-eluard\/\" class=\"directory-archive__map-card-link\">\n        <div class=\"directory-archive__map-card-content\">\n            <h3 class=\"directory-archive__map-card-title\">Lecture publique &#8211; Biblioth\u00e8que Paul Eluard<\/h3>\n            <p class=\"directory-archive__map-card-type\">Services municipaux<\/p>\n        <\/div>\n        <div class=\"directory-archive__map-card-info\">\n                            <div class=\"directory-archive__map-card-address\">\n                                            <p>4, rue des D\u00e9port\u00e9s<\/p>\n                                                                <div class=\"\">\n                                                            <p>60160<\/p>\n                                                                                        <p>Montataire<\/p>\n                                                    <\/div>\n                                    <\/div>\n                                                                                            \n                                                                                                                                                                                                                                                                                                                        \n                <p>03 44 64 45 50<\/p>\n                    <\/div>\n    <\/a>\n<\/div>                <\/li>\n                            <li class=\"directory-archive__map-item\">\n                    <div class=\"directory-archive__map-card\">\n    <a href=\"https:\/\/mairie-montataire.fr\/de\/annuaires\/associations\/memoire-et-patrimoine\/les-amis-du-chateau-de-montataire\/\" class=\"directory-archive__map-card-link\">\n        <div class=\"directory-archive__map-card-content\">\n            <h3 class=\"directory-archive__map-card-title\">Les amis du ch\u00e2teau de Montataire<\/h3>\n            <p class=\"directory-archive__map-card-type\">Associations<\/p>\n        <\/div>\n        <div class=\"directory-archive__map-card-info\">\n                                                                                            \n                                                                                                                                                                                                                                                                                                                        \n                <p>06 62 28 55 40<\/p>\n                    <\/div>\n    <\/a>\n<\/div>                <\/li>\n                            <li class=\"directory-archive__map-item\">\n                    <div class=\"directory-archive__map-card\">\n    <a href=\"https:\/\/mairie-montataire.fr\/de\/annuaires\/associations\/jumelage-et-international\/les-enfants-de-sirgui-en-france\/\" class=\"directory-archive__map-card-link\">\n        <div class=\"directory-archive__map-card-content\">\n            <h3 class=\"directory-archive__map-card-title\">Les enfants de Sirgui en France<\/h3>\n            <p class=\"directory-archive__map-card-type\">Associations<\/p>\n        <\/div>\n        <div class=\"directory-archive__map-card-info\">\n                                                                                            \n                                                                                                                                                                                                                                                                                                                        \n                <p>03 44 27 57 30<\/p>\n                    <\/div>\n    <\/a>\n<\/div>                <\/li>\n                            <li class=\"directory-archive__map-item\">\n                    <div class=\"directory-archive__map-card\">\n    <a href=\"https:\/\/mairie-montataire.fr\/de\/annuaires\/associations\/sport\/les-joyeux-godillots\/\" class=\"directory-archive__map-card-link\">\n        <div class=\"directory-archive__map-card-content\">\n            <h3 class=\"directory-archive__map-card-title\">Les joyeux Godillots<\/h3>\n            <p class=\"directory-archive__map-card-type\">Associations<\/p>\n        <\/div>\n        <div class=\"directory-archive__map-card-info\">\n                                                                                            \n                                                                                                                                                                                                                                                                                                                        \n                <p>06 83 21 79 92<\/p>\n                    <\/div>\n    <\/a>\n<\/div>                <\/li>\n                            <li class=\"directory-archive__map-item\">\n                    <div class=\"directory-archive__map-card\">\n    <a href=\"https:\/\/mairie-montataire.fr\/de\/annuaires\/associations\/environnement-et-nature\/les-martins-pecheurs-de-montataire\/\" class=\"directory-archive__map-card-link\">\n        <div class=\"directory-archive__map-card-content\">\n            <h3 class=\"directory-archive__map-card-title\">Les Martins P\u00eacheurs de Montataire<\/h3>\n            <p class=\"directory-archive__map-card-type\">Associations<\/p>\n        <\/div>\n        <div class=\"directory-archive__map-card-info\">\n                                                                                            \n                                                                                                                                                                                                                                                                                                                        \n                <p>06 25 17 54 01<\/p>\n                    <\/div>\n    <\/a>\n<\/div>                <\/li>\n                            <li class=\"directory-archive__map-item\">\n                    <div class=\"directory-archive__map-card\">\n    <a href=\"https:\/\/mairie-montataire.fr\/de\/annuaires\/associations\/environnement-et-nature\/les-vignerons-du-bois-godart\/\" class=\"directory-archive__map-card-link\">\n        <div class=\"directory-archive__map-card-content\">\n            <h3 class=\"directory-archive__map-card-title\">Les Vignerons du Bois Godart<\/h3>\n            <p class=\"directory-archive__map-card-type\">Associations<\/p>\n        <\/div>\n        <div class=\"directory-archive__map-card-info\">\n                                                                                            \n                                                                                                                                                                                                                                                                                                                        \n                <p>06 89 62 82 90<\/p>\n                    <\/div>\n    <\/a>\n<\/div>                <\/li>\n                            <li class=\"directory-archive__map-item\">\n                    <div class=\"directory-archive__map-card\">\n    <a href=\"https:\/\/mairie-montataire.fr\/de\/annuaires\/associations\/culture-et-loisirs\/loisirs-solidarite-retraites\/\" class=\"directory-archive__map-card-link\">\n        <div class=\"directory-archive__map-card-content\">\n            <h3 class=\"directory-archive__map-card-title\">Loisirs Solidarit\u00e9 Retrait\u00e9s<\/h3>\n            <p class=\"directory-archive__map-card-type\">Associations<\/p>\n        <\/div>\n        <div class=\"directory-archive__map-card-info\">\n                                                                                            \n                                                                                                                                                                                                                                                                                                                        \n                <p>06 99 01 66 93<\/p>\n                    <\/div>\n    <\/a>\n<\/div>                <\/li>\n                            <li class=\"directory-archive__map-item\">\n                    <div class=\"directory-archive__map-card\">\n    <a href=\"https:\/\/mairie-montataire.fr\/de\/annuaires\/services-municipaux\/dejss\/lutte-contre-lhabitat-indigne-et-sante\/\" class=\"directory-archive__map-card-link\">\n        <div class=\"directory-archive__map-card-content\">\n            <h3 class=\"directory-archive__map-card-title\">Lutte contre l&rsquo;habitat indigne et sant\u00e9<\/h3>\n            <p class=\"directory-archive__map-card-type\">Services municipaux<\/p>\n        <\/div>\n        <div class=\"directory-archive__map-card-info\">\n                            <div class=\"directory-archive__map-card-address\">\n                                            <p> 2, rue Armand Desnosse<\/p>\n                                                                <div class=\"\">\n                                                            <p>60160 <\/p>\n                                                                                        <p>Montataire<\/p>\n                                                    <\/div>\n                                    <\/div>\n                                                                                            \n                                                                                                                                                                                                                                                                                                                        \n                <p>06 40 67 28 33<\/p>\n                    <\/div>\n    <\/a>\n<\/div>                <\/li>\n                            <li class=\"directory-archive__map-item\">\n                    <div class=\"directory-archive__map-card\">\n    <a href=\"https:\/\/mairie-montataire.fr\/de\/annuaires\/enseignement\/colleges-lycees\/lycee-andre-malraux\/\" class=\"directory-archive__map-card-link\">\n        <div class=\"directory-archive__map-card-content\">\n            <h3 class=\"directory-archive__map-card-title\">Lyc\u00e9e Andr\u00e9 Malraux<\/h3>\n            <p class=\"directory-archive__map-card-type\">Enseignement<\/p>\n        <\/div>\n        <div class=\"directory-archive__map-card-info\">\n                            <div class=\"directory-archive__map-card-address\">\n                                            <p>1 place Nelson Mandela<\/p>\n                                                                <div class=\"\">\n                                                            <p>60160<\/p>\n                                                                                        <p>Montataire<\/p>\n                                                    <\/div>\n                                    <\/div>\n                                                                                            \n                                                                                                                                                                                                                                                                                                                        \n                <p>03 44 64 63 20<\/p>\n                    <\/div>\n    <\/a>\n<\/div>                <\/li>\n                            <li class=\"directory-archive__map-item\">\n                    <div class=\"directory-archive__map-card\">\n    <a href=\"https:\/\/mairie-montataire.fr\/de\/annuaires\/sante\/infirmier-ere-s\/madame-aissatou-ngom\/\" class=\"directory-archive__map-card-link\">\n        <div class=\"directory-archive__map-card-content\">\n            <h3 class=\"directory-archive__map-card-title\">Madame A\u00efssatou N&rsquo;GOM<\/h3>\n            <p class=\"directory-archive__map-card-type\">Sant\u00e9<\/p>\n        <\/div>\n        <div class=\"directory-archive__map-card-info\">\n                            <div class=\"directory-archive__map-card-address\">\n                                            <p>Maison de sant\u00e9 Gis\u00e8le Halimi &#8211; 43, avenue Anatole France<\/p>\n                                                                <div class=\"\">\n                                                            <p>60160<\/p>\n                                                                                        <p>Montataire<\/p>\n                                                    <\/div>\n                                    <\/div>\n                                                                                            \n                                                                                                                                                                                                                                                                                                                        \n                <p>03 44 24 89 79<\/p>\n                    <\/div>\n    <\/a>\n<\/div>                <\/li>\n                            <li class=\"directory-archive__map-item\">\n                    <div class=\"directory-archive__map-card\">\n    <a href=\"https:\/\/mairie-montataire.fr\/de\/annuaires\/sante\/autres-professions-de-sante\/madame-amandine-coquet-dieteticienne\/\" class=\"directory-archive__map-card-link\">\n        <div class=\"directory-archive__map-card-content\">\n            <h3 class=\"directory-archive__map-card-title\">Madame Amandine COQUET &#8211; Di\u00e9t\u00e9ticienne<\/h3>\n            <p class=\"directory-archive__map-card-type\">Sant\u00e9<\/p>\n        <\/div>\n        <div class=\"directory-archive__map-card-info\">\n                            <div class=\"directory-archive__map-card-address\">\n                                            <p>Maison de sant\u00e9 Gis\u00e8le Halimi &#8211; 43, avenue Anatole France<\/p>\n                                                                <div class=\"\">\n                                                            <p>60160  <\/p>\n                                                                                        <p>Montataire<\/p>\n                                                    <\/div>\n                                    <\/div>\n                                                                                            \n                                                                                                                                                                                                                                                                                                                        \n                <p>06 88 76 64 26<\/p>\n                    <\/div>\n    <\/a>\n<\/div>                <\/li>\n                            <li class=\"directory-archive__map-item\">\n                    <div class=\"directory-archive__map-card\">\n    <a href=\"https:\/\/mairie-montataire.fr\/de\/annuaires\/sante\/infirmier-ere-s\/madame-ayda-tounkara\/\" class=\"directory-archive__map-card-link\">\n        <div class=\"directory-archive__map-card-content\">\n            <h3 class=\"directory-archive__map-card-title\">Madame Ayda TOUNKARA<\/h3>\n            <p class=\"directory-archive__map-card-type\">Sant\u00e9<\/p>\n        <\/div>\n        <div class=\"directory-archive__map-card-info\">\n                            <div class=\"directory-archive__map-card-address\">\n                                            <p>Groupe Marfan- 1, rue des D\u00e9port\u00e9s<\/p>\n                                                                <div class=\"\">\n                                                            <p>60160 <\/p>\n                                                                                        <p>Montataire<\/p>\n                                                    <\/div>\n                                    <\/div>\n                                <\/div>\n    <\/a>\n<\/div>                <\/li>\n                            <li class=\"directory-archive__map-item\">\n                    <div class=\"directory-archive__map-card\">\n    <a href=\"https:\/\/mairie-montataire.fr\/de\/annuaires\/sante\/infirmier-ere-s\/madame-chaladia-benziane\/\" class=\"directory-archive__map-card-link\">\n        <div class=\"directory-archive__map-card-content\">\n            <h3 class=\"directory-archive__map-card-title\">Madame Chaladia BENZIANE<\/h3>\n            <p class=\"directory-archive__map-card-type\">Sant\u00e9<\/p>\n        <\/div>\n        <div class=\"directory-archive__map-card-info\">\n                            <div class=\"directory-archive__map-card-address\">\n                                            <p>Maison de sant\u00e9 Gis\u00e8le Halimi &#8211; 43, avenue Anatole France <\/p>\n                                                                <div class=\"\">\n                                                            <p>60160 <\/p>\n                                                                                        <p>Montataire<\/p>\n                                                    <\/div>\n                                    <\/div>\n                                                                                            \n                                                                                                                                                                                                                                                                                                                        \n                <p>06 24 40 72 14<\/p>\n                    <\/div>\n    <\/a>\n<\/div>                <\/li>\n                            <li class=\"directory-archive__map-item\">\n                    <div class=\"directory-archive__map-card\">\n    <a href=\"https:\/\/mairie-montataire.fr\/de\/annuaires\/sante\/infirmier-ere-s\/madame-florence-tarcy\/\" class=\"directory-archive__map-card-link\">\n        <div class=\"directory-archive__map-card-content\">\n            <h3 class=\"directory-archive__map-card-title\">Madame Florence TARCY<\/h3>\n            <p class=\"directory-archive__map-card-type\">Sant\u00e9<\/p>\n        <\/div>\n        <div class=\"directory-archive__map-card-info\">\n                            <div class=\"directory-archive__map-card-address\">\n                                            <p>11, place Auguste G\u00e9nie <\/p>\n                                                                <div class=\"\">\n                                                            <p>60160 <\/p>\n                                                                                        <p>Montataire<\/p>\n                                                    <\/div>\n                                    <\/div>\n                                                                                            \n                                                                                                                                                                                                                                                                                                                        \n                <p>03 44 24 84 60<\/p>\n                    <\/div>\n    <\/a>\n<\/div>                <\/li>\n                            <li class=\"directory-archive__map-item\">\n                    <div class=\"directory-archive__map-card\">\n    <a href=\"https:\/\/mairie-montataire.fr\/de\/annuaires\/sante\/autres-professions-de-sante\/docteure-francelina-flamant-sophrologue\/\" class=\"directory-archive__map-card-link\">\n        <div class=\"directory-archive__map-card-content\">\n            <h3 class=\"directory-archive__map-card-title\">Madame Francelina FLAMANT &#8211; Sophrologue<\/h3>\n            <p class=\"directory-archive__map-card-type\">Sant\u00e9<\/p>\n        <\/div>\n        <div class=\"directory-archive__map-card-info\">\n                            <div class=\"directory-archive__map-card-address\">\n                                            <p>Maison de sant\u00e9 Gis\u00e8le HAlimi &#8211; 43, avenue Anatole France<\/p>\n                                                                <div class=\"\">\n                                                            <p>60160<\/p>\n                                                                                        <p>Montataire<\/p>\n                                                    <\/div>\n                                    <\/div>\n                                                                                            \n                                                                                                                                                                                                                                                                                                                        \n                <p>07 80 96 06 16<\/p>\n                    <\/div>\n    <\/a>\n<\/div>                <\/li>\n                            <li class=\"directory-archive__map-item\">\n                    <div class=\"directory-archive__map-card\">\n    <a href=\"https:\/\/mairie-montataire.fr\/de\/annuaires\/sante\/infirmier-ere-s\/madame-laure-debay\/\" class=\"directory-archive__map-card-link\">\n        <div class=\"directory-archive__map-card-content\">\n            <h3 class=\"directory-archive__map-card-title\">Madame Laure DEBAY<\/h3>\n            <p class=\"directory-archive__map-card-type\">Sant\u00e9<\/p>\n        <\/div>\n        <div class=\"directory-archive__map-card-info\">\n                            <div class=\"directory-archive__map-card-address\">\n                                            <p>Maison de sant\u00e9 Gis\u00e8le Halimi &#8211; 43, avenue Anatole France<\/p>\n                                                                <div class=\"\">\n                                                            <p>60160<\/p>\n                                                                                        <p>Montataire<\/p>\n                                                    <\/div>\n                                    <\/div>\n                                                                                            \n                                                                                                                                                                                                                                                                                                                        \n                <p>06 66 69 78 68<\/p>\n                    <\/div>\n    <\/a>\n<\/div>                <\/li>\n                            <li class=\"directory-archive__map-item\">\n                    <div class=\"directory-archive__map-card\">\n    <a href=\"https:\/\/mairie-montataire.fr\/de\/annuaires\/sante\/autres-professions-de-sante\/docteure-magali-roussel-sene-psychomotricienne\/\" class=\"directory-archive__map-card-link\">\n        <div class=\"directory-archive__map-card-content\">\n            <h3 class=\"directory-archive__map-card-title\">Madame Magali ROUSSEL-SENE Psychomotricienne<\/h3>\n            <p class=\"directory-archive__map-card-type\">Sant\u00e9<\/p>\n        <\/div>\n        <div class=\"directory-archive__map-card-info\">\n                            <div class=\"directory-archive__map-card-address\">\n                                            <p>8, rue Jules Uhry <\/p>\n                                                                <div class=\"\">\n                                                            <p>60160<\/p>\n                                                                                        <p>Montataire<\/p>\n                                                    <\/div>\n                                    <\/div>\n                                                                                            \n                                                                                                                                                                                                                                                                                                                        \n                <p>03 44 26 33 18<\/p>\n                    <\/div>\n    <\/a>\n<\/div>                <\/li>\n                            <li class=\"directory-archive__map-item\">\n                    <div class=\"directory-archive__map-card\">\n    <a href=\"https:\/\/mairie-montataire.fr\/de\/annuaires\/sante\/infirmier-ere-s\/madame-mariline-pais\/\" class=\"directory-archive__map-card-link\">\n        <div class=\"directory-archive__map-card-content\">\n            <h3 class=\"directory-archive__map-card-title\">Madame Mariline PAIS<\/h3>\n            <p class=\"directory-archive__map-card-type\">Sant\u00e9<\/p>\n        <\/div>\n        <div class=\"directory-archive__map-card-info\">\n                            <div class=\"directory-archive__map-card-address\">\n                                            <p>11, place Auguste G\u00e9nie <\/p>\n                                                                <div class=\"\">\n                                                            <p>60160 <\/p>\n                                                                                        <p>Montataire<\/p>\n                                                    <\/div>\n                                    <\/div>\n                                                                                            \n                                                                                                                                                                                                                                                                                                                        \n                <p>06 72 70 21 03<\/p>\n                    <\/div>\n    <\/a>\n<\/div>                <\/li>\n                            <li class=\"directory-archive__map-item\">\n                    <div class=\"directory-archive__map-card\">\n    <a href=\"https:\/\/mairie-montataire.fr\/de\/annuaires\/sante\/infirmier-ere-s\/madame-melanie-tuypens\/\" class=\"directory-archive__map-card-link\">\n        <div class=\"directory-archive__map-card-content\">\n            <h3 class=\"directory-archive__map-card-title\">Madame M\u00e9lanie TUYPENS<\/h3>\n            <p class=\"directory-archive__map-card-type\">Sant\u00e9<\/p>\n        <\/div>\n        <div class=\"directory-archive__map-card-info\">\n                            <div class=\"directory-archive__map-card-address\">\n                                            <p>Maison de sant\u00e9 Gis\u00e8le Halimi &#8211; 43, avenue Anatole France<\/p>\n                                                                <div class=\"\">\n                                                            <p>60160<\/p>\n                                                                                        <p>Montataire<\/p>\n                                                    <\/div>\n                                    <\/div>\n                                                                                            \n                                                                                                                                                                                                                                                                                                                        \n                <p>06 86 68 72 35<\/p>\n                    <\/div>\n    <\/a>\n<\/div>                <\/li>\n                            <li class=\"directory-archive__map-item\">\n                    <div class=\"directory-archive__map-card\">\n    <a href=\"https:\/\/mairie-montataire.fr\/de\/annuaires\/sante\/autres-professions-de-sante\/madame-nathalie-monteiro-pina-osteopathe\/\" class=\"directory-archive__map-card-link\">\n        <div class=\"directory-archive__map-card-content\">\n            <h3 class=\"directory-archive__map-card-title\">Madame Nathalie MONTEIRO PINA &#8211; Ost\u00e9opathe<\/h3>\n            <p class=\"directory-archive__map-card-type\">Sant\u00e9<\/p>\n        <\/div>\n        <div class=\"directory-archive__map-card-info\">\n                            <div class=\"directory-archive__map-card-address\">\n                                            <p>Maison de sant\u00e9 &#8211; Gis\u00e8le Halimi &#8211; 43, avenue Anatole France<\/p>\n                                                                <div class=\"\">\n                                                            <p>60160  <\/p>\n                                                                                        <p>Montataire<\/p>\n                                                    <\/div>\n                                    <\/div>\n                                                                                            \n                                                                                                                                                                                                                                                                                                                        \n                <p>06 22 84 11 77<\/p>\n                    <\/div>\n    <\/a>\n<\/div>                <\/li>\n                            <li class=\"directory-archive__map-item\">\n                    <div class=\"directory-archive__map-card\">\n    <a href=\"https:\/\/mairie-montataire.fr\/de\/annuaires\/sante\/infirmier-ere-s\/madame-pascale-pauffert\/\" class=\"directory-archive__map-card-link\">\n        <div class=\"directory-archive__map-card-content\">\n            <h3 class=\"directory-archive__map-card-title\">Madame Pascale PAUFFERT<\/h3>\n            <p class=\"directory-archive__map-card-type\">Sant\u00e9<\/p>\n        <\/div>\n        <div class=\"directory-archive__map-card-info\">\n                            <div class=\"directory-archive__map-card-address\">\n                                            <p>Maison de sant\u00e9 Gis\u00e8le Halimi &#8211; 43, avenue Anatole France<\/p>\n                                                                <div class=\"\">\n                                                            <p>60160<\/p>\n                                                                                        <p>Montataire<\/p>\n                                                    <\/div>\n                                    <\/div>\n                                                                                            \n                                                                                                                                                                                                                                                                                                                        \n                <p>03 44 24 89 79<\/p>\n                    <\/div>\n    <\/a>\n<\/div>                <\/li>\n                            <li class=\"directory-archive__map-item\">\n                    <div class=\"directory-archive__map-card\">\n    <a href=\"https:\/\/mairie-montataire.fr\/de\/annuaires\/sante\/autres-professions-de-sante\/madame-sonia-berrechid-sage-femme\/\" class=\"directory-archive__map-card-link\">\n        <div class=\"directory-archive__map-card-content\">\n            <h3 class=\"directory-archive__map-card-title\">Madame Sonia BERRECHID &#8211; Sage-femme<\/h3>\n            <p class=\"directory-archive__map-card-type\">Sant\u00e9<\/p>\n        <\/div>\n        <div class=\"directory-archive__map-card-info\">\n                            <div class=\"directory-archive__map-card-address\">\n                                            <p>Groupe Mafran &#8211; 1, rue des D\u00e9port\u00e9s<\/p>\n                                                                <div class=\"\">\n                                                            <p>60160<\/p>\n                                                                                        <p>Montataire<\/p>\n                                                    <\/div>\n                                    <\/div>\n                                                                                            \n                                                                                                                                                                                                                                                                                                                        \n                <p>07 82 81 24 73<\/p>\n                    <\/div>\n    <\/a>\n<\/div>                <\/li>\n                            <li class=\"directory-archive__map-item\">\n                    <div class=\"directory-archive__map-card\">\n    <a href=\"https:\/\/mairie-montataire.fr\/de\/annuaires\/sante\/infirmier-ere-s\/madame-virginie-guaddouri\/\" class=\"directory-archive__map-card-link\">\n        <div class=\"directory-archive__map-card-content\">\n            <h3 class=\"directory-archive__map-card-title\">Madame Virginie GUADDOURI<\/h3>\n            <p class=\"directory-archive__map-card-type\">Sant\u00e9<\/p>\n        <\/div>\n        <div class=\"directory-archive__map-card-info\">\n                            <div class=\"directory-archive__map-card-address\">\n                                            <p>Groupe Marfan &#8211;  1, rue des D\u00e9port\u00e9s<\/p>\n                                                                <div class=\"\">\n                                                            <p>60160 <\/p>\n                                                                                        <p>Montataire<\/p>\n                                                    <\/div>\n                                    <\/div>\n                                                                                            \n                                                                                                                                                                                                                                                                                                                        \n                <p>06 10 65 33 95<\/p>\n                    <\/div>\n    <\/a>\n<\/div>                <\/li>\n                            <li class=\"directory-archive__map-item\">\n                    <div class=\"directory-archive__map-card\">\n    <a href=\"https:\/\/mairie-montataire.fr\/de\/annuaires\/services-municipaux\/mairie\/marie-centrale\/\" class=\"directory-archive__map-card-link\">\n        <div class=\"directory-archive__map-card-content\">\n            <h3 class=\"directory-archive__map-card-title\">Mairie<\/h3>\n            <p class=\"directory-archive__map-card-type\">Services municipaux<\/p>\n        <\/div>\n        <div class=\"directory-archive__map-card-info\">\n                            <div class=\"directory-archive__map-card-address\">\n                                            <p>Place Auguste G\u00e9nie<\/p>\n                                                                <div class=\"\">\n                                                            <p>60160<\/p>\n                                                                                        <p>Montataire<\/p>\n                                                    <\/div>\n                                    <\/div>\n                                                                                            \n                                                                                                                                                                                                                                                                                                                        \n                <p>03 44 64 44 44<\/p>\n                    <\/div>\n    <\/a>\n<\/div>                <\/li>\n                            <li class=\"directory-archive__map-item\">\n                    <div class=\"directory-archive__map-card\">\n    <a href=\"https:\/\/mairie-montataire.fr\/de\/annuaires\/services-municipaux\/mairie\/marie-annexe-des-martinets\/\" class=\"directory-archive__map-card-link\">\n        <div class=\"directory-archive__map-card-content\">\n            <h3 class=\"directory-archive__map-card-title\">Mairie annexe des Martinets<\/h3>\n            <p class=\"directory-archive__map-card-type\">Services municipaux<\/p>\n        <\/div>\n        <div class=\"directory-archive__map-card-info\">\n                            <div class=\"directory-archive__map-card-address\">\n                                            <p>82, av. Anatole France<\/p>\n                                                                <div class=\"\">\n                                                            <p>60160 <\/p>\n                                                                                        <p>Montataire<\/p>\n                                                    <\/div>\n                                    <\/div>\n                                                                                            \n                                                                                                                                                                                                                                                                                                                        \n                <p>03 44 27 09 30<\/p>\n                    <\/div>\n    <\/a>\n<\/div>                <\/li>\n                            <li class=\"directory-archive__map-item\">\n                    <div class=\"directory-archive__map-card\">\n    <a href=\"https:\/\/mairie-montataire.fr\/de\/annuaires\/sante\/structures-sante\/maison-de-sante-pluti-professionnelle-gisele-halimi\/\" class=\"directory-archive__map-card-link\">\n        <div class=\"directory-archive__map-card-content\">\n            <h3 class=\"directory-archive__map-card-title\">Maison de sant\u00e9 pluri-professionnelle \u00ab\u00a0Gis\u00e8le Halimi\u00a0\u00bb<\/h3>\n            <p class=\"directory-archive__map-card-type\">Sant\u00e9<\/p>\n        <\/div>\n        <div class=\"directory-archive__map-card-info\">\n                            <div class=\"directory-archive__map-card-address\">\n                                            <p>43, rue Anatole France<\/p>\n                                                                <div class=\"\">\n                                                            <p>60160 <\/p>\n                                                                                        <p>Montataire<\/p>\n                                                    <\/div>\n                                    <\/div>\n                                                                                            \n                                                                                                                                                                                                                                                                                                                        \n                <p>03 44 27 52 03<\/p>\n                    <\/div>\n    <\/a>\n<\/div>                <\/li>\n                            <li class=\"directory-archive__map-item\">\n                    <div class=\"directory-archive__map-card\">\n    <a href=\"https:\/\/mairie-montataire.fr\/de\/annuaires\/sante\/structures-sante\/maison-des-ados\/\" class=\"directory-archive__map-card-link\">\n        <div class=\"directory-archive__map-card-content\">\n            <h3 class=\"directory-archive__map-card-title\">Maison des ados<\/h3>\n            <p class=\"directory-archive__map-card-type\">Sant\u00e9<\/p>\n        <\/div>\n        <div class=\"directory-archive__map-card-info\">\n                            <div class=\"directory-archive__map-card-address\">\n                                            <p>62, rue de la R\u00e9publique<\/p>\n                                                                <div class=\"\">\n                                                            <p>60160<\/p>\n                                                                                        <p>Montataire<\/p>\n                                                    <\/div>\n                                    <\/div>\n                                                                                            \n                                                                                                                                                                                                                                                                                                                        \n                <p>03 44 64 73 22<\/p>\n                    <\/div>\n    <\/a>\n<\/div>                <\/li>\n                            <li class=\"directory-archive__map-item\">\n                    <div class=\"directory-archive__map-card\">\n    <a href=\"https:\/\/mairie-montataire.fr\/de\/annuaires\/associations\/jumelage-et-international\/mame-diarra\/\" class=\"directory-archive__map-card-link\">\n        <div class=\"directory-archive__map-card-content\">\n            <h3 class=\"directory-archive__map-card-title\">Mame Diarra<\/h3>\n            <p class=\"directory-archive__map-card-type\">Associations<\/p>\n        <\/div>\n        <div class=\"directory-archive__map-card-info\">\n                                                                                            \n                                                                                                                                                                                                                                                                                                                        \n                <p>06 42 25 23 04<\/p>\n                    <\/div>\n    <\/a>\n<\/div>                <\/li>\n                            <li class=\"directory-archive__map-item\">\n                    <div class=\"directory-archive__map-card\">\n    <a href=\"https:\/\/mairie-montataire.fr\/de\/annuaires\/associations\/jumelage-et-international\/mame-gamou-senegal-solidarite-de-france\/\" class=\"directory-archive__map-card-link\">\n        <div class=\"directory-archive__map-card-content\">\n            <h3 class=\"directory-archive__map-card-title\">Mame Gamou S\u00e9n\u00e9gal Solidarit\u00e9 de France<\/h3>\n            <p class=\"directory-archive__map-card-type\">Associations<\/p>\n        <\/div>\n        <div class=\"directory-archive__map-card-info\">\n                                                                                            \n                                                                                                                                                                                                                                                                                                                        \n                <p>06 16 19 96 17<\/p>\n                    <\/div>\n    <\/a>\n<\/div>                <\/li>\n                            <li class=\"directory-archive__map-item\">\n                    <div class=\"directory-archive__map-card\">\n    <a href=\"https:\/\/mairie-montataire.fr\/de\/annuaires\/associations\/memoire-et-patrimoine\/mons-ad-theram\/\" class=\"directory-archive__map-card-link\">\n        <div class=\"directory-archive__map-card-content\">\n            <h3 class=\"directory-archive__map-card-title\">Mons Ad Theram<\/h3>\n            <p class=\"directory-archive__map-card-type\">Associations<\/p>\n        <\/div>\n        <div class=\"directory-archive__map-card-info\">\n                                                                                            \n                                                                                                                                                                                                                                                                                                                        \n                <p>06 79 87 25 56<\/p>\n                    <\/div>\n    <\/a>\n<\/div>                <\/li>\n                            <li class=\"directory-archive__map-item\">\n                    <div class=\"directory-archive__map-card\">\n    <a href=\"https:\/\/mairie-montataire.fr\/de\/annuaires\/sante\/autres-professions-de-sante\/docteur-arnold-sene-psychomotricien\/\" class=\"directory-archive__map-card-link\">\n        <div class=\"directory-archive__map-card-content\">\n            <h3 class=\"directory-archive__map-card-title\">Monsieur Arnold SENE &#8211; Psychomotricien<\/h3>\n            <p class=\"directory-archive__map-card-type\">Sant\u00e9<\/p>\n        <\/div>\n        <div class=\"directory-archive__map-card-info\">\n                            <div class=\"directory-archive__map-card-address\">\n                                            <p>8, rue Jules Uhry <\/p>\n                                                                <div class=\"\">\n                                                            <p>60160<\/p>\n                                                                                        <p>Montataire<\/p>\n                                                    <\/div>\n                                    <\/div>\n                                                                                            \n                                                                                                                                                                                                                                                                                                                        \n                <p>03 44 26 33 18<\/p>\n                    <\/div>\n    <\/a>\n<\/div>                <\/li>\n                            <li class=\"directory-archive__map-item\">\n                    <div class=\"directory-archive__map-card\">\n    <a href=\"https:\/\/mairie-montataire.fr\/de\/annuaires\/sante\/infirmier-ere-s\/monsieur-bertaux-patrice\/\" class=\"directory-archive__map-card-link\">\n        <div class=\"directory-archive__map-card-content\">\n            <h3 class=\"directory-archive__map-card-title\">Monsieur BERTAUX Patrice<\/h3>\n            <p class=\"directory-archive__map-card-type\">Sant\u00e9<\/p>\n        <\/div>\n        <div class=\"directory-archive__map-card-info\">\n                            <div class=\"directory-archive__map-card-address\">\n                                            <p>61, rue de la R\u00e9publique<\/p>\n                                                                <div class=\"\">\n                                                            <p>60160 <\/p>\n                                                                                        <p>Montataire<\/p>\n                                                    <\/div>\n                                    <\/div>\n                                                                                            \n                                                                                                                                                                                                                                                                                                                        \n                <p>03 44 25 50 55<\/p>\n                    <\/div>\n    <\/a>\n<\/div>                <\/li>\n                            <li class=\"directory-archive__map-item\">\n                    <div class=\"directory-archive__map-card\">\n    <a href=\"https:\/\/mairie-montataire.fr\/de\/annuaires\/associations\/sport\/montabad\/\" class=\"directory-archive__map-card-link\">\n        <div class=\"directory-archive__map-card-content\">\n            <h3 class=\"directory-archive__map-card-title\">MONTABAD<\/h3>\n            <p class=\"directory-archive__map-card-type\">Associations<\/p>\n        <\/div>\n        <div class=\"directory-archive__map-card-info\">\n                                                                                            \n                                                                                                                                                                                                                                                                                                                        \n                <p>06 03 07 65 61<\/p>\n                    <\/div>\n    <\/a>\n<\/div>                <\/li>\n                            <li class=\"directory-archive__map-item\">\n                    <div class=\"directory-archive__map-card\">\n    <a href=\"https:\/\/mairie-montataire.fr\/de\/annuaires\/associations\/sport\/montataire-athletic-club-2\/\" class=\"directory-archive__map-card-link\">\n        <div class=\"directory-archive__map-card-content\">\n            <h3 class=\"directory-archive__map-card-title\">Montataire Athletic Club<\/h3>\n            <p class=\"directory-archive__map-card-type\">Associations<\/p>\n        <\/div>\n        <div class=\"directory-archive__map-card-info\">\n                                                                                            \n                                                                                                                                                                                                                                                                                                                        \n                <p>03 44 24 56 34<\/p>\n                    <\/div>\n    <\/a>\n<\/div>                <\/li>\n                            <li class=\"directory-archive__map-item\">\n                    <div class=\"directory-archive__map-card\">\n    <a href=\"https:\/\/mairie-montataire.fr\/de\/annuaires\/associations\/sport\/montataire-basket-ball-mbb\/\" class=\"directory-archive__map-card-link\">\n        <div class=\"directory-archive__map-card-content\">\n            <h3 class=\"directory-archive__map-card-title\">Montataire Basket-Ball (MBB)<\/h3>\n            <p class=\"directory-archive__map-card-type\">Associations<\/p>\n        <\/div>\n        <div class=\"directory-archive__map-card-info\">\n                                                                                            \n                                                                                                                                                                                                                                                                                                                        \n                <p>03 44 24 35 76<\/p>\n                    <\/div>\n    <\/a>\n<\/div>                <\/li>\n                            <li class=\"directory-archive__map-item\">\n                    <div class=\"directory-archive__map-card\">\n    <a href=\"https:\/\/mairie-montataire.fr\/de\/annuaires\/associations\/culture-et-loisirs\/mots-passants-pas-sages-mpps\/\" class=\"directory-archive__map-card-link\">\n        <div class=\"directory-archive__map-card-content\">\n            <h3 class=\"directory-archive__map-card-title\">Mots passants, pas-sages (MPPS)<\/h3>\n            <p class=\"directory-archive__map-card-type\">Associations<\/p>\n        <\/div>\n        <div class=\"directory-archive__map-card-info\">\n                                                                                            \n                                                                                                                                                                                                                                                                                                                        \n                <p>07 89 57 59 04<\/p>\n                    <\/div>\n    <\/a>\n<\/div>                <\/li>\n                            <li class=\"directory-archive__map-item\">\n                    <div class=\"directory-archive__map-card\">\n    <a href=\"https:\/\/mairie-montataire.fr\/de\/annuaires\/services-municipaux\/dejss\/multi-accueil\/\" class=\"directory-archive__map-card-link\">\n        <div class=\"directory-archive__map-card-content\">\n            <h3 class=\"directory-archive__map-card-title\">Multi-Accueil<\/h3>\n            <p class=\"directory-archive__map-card-type\">Services municipaux<\/p>\n        <\/div>\n        <div class=\"directory-archive__map-card-info\">\n                            <div class=\"directory-archive__map-card-address\">\n                                            <p>9, impasse de l&rsquo;Argili\u00e8re<\/p>\n                                                                <div class=\"\">\n                                                            <p>60160 <\/p>\n                                                                                        <p>Montataire<\/p>\n                                                    <\/div>\n                                    <\/div>\n                                                                                            \n                                                                                                                                                                                                                                                                                                                        \n                <p>03 44 27 47 54<\/p>\n                    <\/div>\n    <\/a>\n<\/div>                <\/li>\n                            <li class=\"directory-archive__map-item\">\n                    <div class=\"directory-archive__map-card\">\n    <a href=\"https:\/\/mairie-montataire.fr\/de\/annuaires\/associations\/sport\/nu-djunta-mo\/\" class=\"directory-archive__map-card-link\">\n        <div class=\"directory-archive__map-card-content\">\n            <h3 class=\"directory-archive__map-card-title\">Nu Djunta Mo<\/h3>\n            <p class=\"directory-archive__map-card-type\">Associations<\/p>\n        <\/div>\n        <div class=\"directory-archive__map-card-info\">\n                                                                                            \n                                                                                                                                                                                                                                                                                                                        \n                <p>06 68 96 50 58<\/p>\n                    <\/div>\n    <\/a>\n<\/div>                <\/li>\n                            <li class=\"directory-archive__map-item\">\n                    <div class=\"directory-archive__map-card\">\n    <a href=\"https:\/\/mairie-montataire.fr\/de\/annuaires\/associations\/sport\/palanquee-club-intercommunal-de-montataire-pcim\/\" class=\"directory-archive__map-card-link\">\n        <div class=\"directory-archive__map-card-content\">\n            <h3 class=\"directory-archive__map-card-title\">Palanqu\u00e9e Club Intercommunal de Montataire (PCIM)<\/h3>\n            <p class=\"directory-archive__map-card-type\">Associations<\/p>\n        <\/div>\n        <div class=\"directory-archive__map-card-info\">\n                                                                                            \n                                                                                                                                                                                                                                                                                                                        \n                <p>06 88 63 69 17<\/p>\n                    <\/div>\n    <\/a>\n<\/div>                <\/li>\n                            <li class=\"directory-archive__map-item\">\n                    <div class=\"directory-archive__map-card\">\n    <a href=\"https:\/\/mairie-montataire.fr\/de\/annuaires\/associations\/sport\/petanque-club-de-montataire\/\" class=\"directory-archive__map-card-link\">\n        <div class=\"directory-archive__map-card-content\">\n            <h3 class=\"directory-archive__map-card-title\">P\u00e9tanque Club de Montataire<\/h3>\n            <p class=\"directory-archive__map-card-type\">Associations<\/p>\n        <\/div>\n        <div class=\"directory-archive__map-card-info\">\n                                                                                            \n                                                                                                                                                                                                                                                                                                                        \n                <p>07 62 67 00 37<\/p>\n                    <\/div>\n    <\/a>\n<\/div>                <\/li>\n                            <li class=\"directory-archive__map-item\">\n                    <div class=\"directory-archive__map-card\">\n    <a href=\"https:\/\/mairie-montataire.fr\/de\/annuaires\/sante\/pharmacies\/pharmacie-de-la-mairie\/\" class=\"directory-archive__map-card-link\">\n        <div class=\"directory-archive__map-card-content\">\n            <h3 class=\"directory-archive__map-card-title\">Pharmacie de la Mairie<\/h3>\n            <p class=\"directory-archive__map-card-type\">Sant\u00e9<\/p>\n        <\/div>\n        <div class=\"directory-archive__map-card-info\">\n                            <div class=\"directory-archive__map-card-address\">\n                                            <p>5, place Auguste G\u00e9nie<\/p>\n                                                                <div class=\"\">\n                                                            <p>60160 <\/p>\n                                                                                        <p>Montataire<\/p>\n                                                    <\/div>\n                                    <\/div>\n                                                                                            \n                                                                                                                                                                                                                                                                                                                        \n                <p>03 44 25 43 52<\/p>\n                    <\/div>\n    <\/a>\n<\/div>                <\/li>\n                            <li class=\"directory-archive__map-item\">\n                    <div class=\"directory-archive__map-card\">\n    <a href=\"https:\/\/mairie-montataire.fr\/de\/annuaires\/sante\/pharmacies\/pharmacie-du-therain\/\" class=\"directory-archive__map-card-link\">\n        <div class=\"directory-archive__map-card-content\">\n            <h3 class=\"directory-archive__map-card-title\">Pharmacie du Therain<\/h3>\n            <p class=\"directory-archive__map-card-type\">Sant\u00e9<\/p>\n        <\/div>\n        <div class=\"directory-archive__map-card-info\">\n                            <div class=\"directory-archive__map-card-address\">\n                                            <p>1, rue Andr\u00e9 Ginisti<\/p>\n                                                                <div class=\"\">\n                                                            <p>60160 <\/p>\n                                                                                        <p>Montataire<\/p>\n                                                    <\/div>\n                                    <\/div>\n                                                                                            \n                                                                                                                                                                                                                                                                                                                        \n                <p>03 44 24 26 75<\/p>\n                    <\/div>\n    <\/a>\n<\/div>                <\/li>\n                            <li class=\"directory-archive__map-item\">\n                    <div class=\"directory-archive__map-card\">\n    <a href=\"https:\/\/mairie-montataire.fr\/de\/annuaires\/sante\/pharmacies\/pharmacie-facq\/\" class=\"directory-archive__map-card-link\">\n        <div class=\"directory-archive__map-card-content\">\n            <h3 class=\"directory-archive__map-card-title\">Pharmacie Facq<\/h3>\n            <p class=\"directory-archive__map-card-type\">Sant\u00e9<\/p>\n        <\/div>\n        <div class=\"directory-archive__map-card-info\">\n                            <div class=\"directory-archive__map-card-address\">\n                                            <p>41, avenue Anatole France<\/p>\n                                                                <div class=\"\">\n                                                            <p>60160 <\/p>\n                                                                                        <p>Montataire<\/p>\n                                                    <\/div>\n                                    <\/div>\n                                                                                            \n                                                                                                                                                                                                                                                                                                                        \n                <p>03 44 53 68 40<\/p>\n                    <\/div>\n    <\/a>\n<\/div>                <\/li>\n                            <li class=\"directory-archive__map-item\">\n                    <div class=\"directory-archive__map-card\">\n    <a href=\"https:\/\/mairie-montataire.fr\/de\/annuaires\/associations\/culture-et-loisirs\/photo-club-de-montataire\/\" class=\"directory-archive__map-card-link\">\n        <div class=\"directory-archive__map-card-content\">\n            <h3 class=\"directory-archive__map-card-title\">Photo-Club de Montataire<\/h3>\n            <p class=\"directory-archive__map-card-type\">Associations<\/p>\n        <\/div>\n        <div class=\"directory-archive__map-card-info\">\n                                <\/div>\n    <\/a>\n<\/div>                <\/li>\n                            <li class=\"directory-archive__map-item\">\n                    <div class=\"directory-archive__map-card\">\n    <a href=\"https:\/\/mairie-montataire.fr\/de\/annuaires\/structures-sportives\/piscine-intercommunale\/\" class=\"directory-archive__map-card-link\">\n        <div class=\"directory-archive__map-card-content\">\n            <h3 class=\"directory-archive__map-card-title\">Piscine Intercommunale<\/h3>\n            <p class=\"directory-archive__map-card-type\">Structures sportives<\/p>\n        <\/div>\n        <div class=\"directory-archive__map-card-info\">\n                            <div class=\"directory-archive__map-card-address\">\n                                            <p>35, av. Anatole France<\/p>\n                                                                <div class=\"\">\n                                                            <p>60160 <\/p>\n                                                                                        <p>Montataire<\/p>\n                                                    <\/div>\n                                    <\/div>\n                                                                                            \n                                                                                                                                                                                                                                                                                                                        \n                <p>03 44 27 46 03<\/p>\n                    <\/div>\n    <\/a>\n<\/div>                <\/li>\n                            <li class=\"directory-archive__map-item\">\n                    <div class=\"directory-archive__map-card\">\n    <a href=\"https:\/\/mairie-montataire.fr\/de\/annuaires\/associations\/jeunesse-education-et-insertion\/plurielles\/\" class=\"directory-archive__map-card-link\">\n        <div class=\"directory-archive__map-card-content\">\n            <h3 class=\"directory-archive__map-card-title\">Pluriel(les)<\/h3>\n            <p class=\"directory-archive__map-card-type\">Associations<\/p>\n        <\/div>\n        <div class=\"directory-archive__map-card-info\">\n                                                                                            \n                                                                                                                                                                                                                                                                                                                        \n                <p>06 95 17 36 52<\/p>\n                    <\/div>\n    <\/a>\n<\/div>                <\/li>\n                            <li class=\"directory-archive__map-item\">\n                    <div class=\"directory-archive__map-card\">\n    <a href=\"https:\/\/mairie-montataire.fr\/de\/annuaires\/services-municipaux\/dejss\/pole-social-ccas\/\" class=\"directory-archive__map-card-link\">\n        <div class=\"directory-archive__map-card-content\">\n            <h3 class=\"directory-archive__map-card-title\">P\u00f4le social &#8211; CCAS<\/h3>\n            <p class=\"directory-archive__map-card-type\">Services municipaux<\/p>\n        <\/div>\n        <div class=\"directory-archive__map-card-info\">\n                            <div class=\"directory-archive__map-card-address\">\n                                            <p> 2, rue Armand Desnosse<\/p>\n                                                                <div class=\"\">\n                                                            <p>60160 <\/p>\n                                                                                        <p>Montataire<\/p>\n                                                    <\/div>\n                                    <\/div>\n                                                                                            \n                                                                                                                                                                                                                                                                                                                        \n                <p>03 44 27 55 31<\/p>\n                    <\/div>\n    <\/a>\n<\/div>                <\/li>\n                            <li class=\"directory-archive__map-item\">\n                    <div class=\"directory-archive__map-card\">\n    <a href=\"https:\/\/mairie-montataire.fr\/de\/annuaires\/services-municipaux\/dgs\/police-municipale\/\" class=\"directory-archive__map-card-link\">\n        <div class=\"directory-archive__map-card-content\">\n            <h3 class=\"directory-archive__map-card-title\">Police municipale<\/h3>\n            <p class=\"directory-archive__map-card-type\">Services municipaux<\/p>\n        <\/div>\n        <div class=\"directory-archive__map-card-info\">\n                            <div class=\"directory-archive__map-card-address\">\n                                            <p>12, rue Andr\u00e9 Ginisti<\/p>\n                                                                <div class=\"\">\n                                                            <p>60160<\/p>\n                                                                                        <p>Montataire<\/p>\n                                                    <\/div>\n                                    <\/div>\n                                                                                            \n                                                                                                                                                                                                                                                                                                                        \n                <p>03 44 55 02 33<\/p>\n                    <\/div>\n    <\/a>\n<\/div>                <\/li>\n                            <li class=\"directory-archive__map-item\">\n                    <div class=\"directory-archive__map-card\">\n    <a href=\"https:\/\/mairie-montataire.fr\/de\/annuaires\/services-municipaux\/dcsdt\/politique-de-la-ville\/\" class=\"directory-archive__map-card-link\">\n        <div class=\"directory-archive__map-card-content\">\n            <h3 class=\"directory-archive__map-card-title\">Politique de la ville<\/h3>\n            <p class=\"directory-archive__map-card-type\">Services municipaux<\/p>\n        <\/div>\n        <div class=\"directory-archive__map-card-info\">\n                            <div class=\"directory-archive__map-card-address\">\n                                            <p>Place Auguste G\u00e9nie<\/p>\n                                                                <div class=\"\">\n                                                            <p>60160 <\/p>\n                                                                                        <p>Montataire<\/p>\n                                                    <\/div>\n                                    <\/div>\n                                                                                            \n                                                                                                                                                                                                                                                                                                                        \n                <p>03 44 64 44 44<\/p>\n                    <\/div>\n    <\/a>\n<\/div>                <\/li>\n                            <li class=\"directory-archive__map-item\">\n                    <div class=\"directory-archive__map-card\">\n    <a href=\"https:\/\/mairie-montataire.fr\/de\/annuaires\/associations\/sport\/red-star-montataire-volley-ball\/\" class=\"directory-archive__map-card-link\">\n        <div class=\"directory-archive__map-card-content\">\n            <h3 class=\"directory-archive__map-card-title\">Red Star Montataire Volley-Ball<\/h3>\n            <p class=\"directory-archive__map-card-type\">Associations<\/p>\n        <\/div>\n        <div class=\"directory-archive__map-card-info\">\n                                                                                            \n                                                                                                                                                                                                                                                                                                                        \n                <p>06 42 62 28 28<\/p>\n                    <\/div>\n    <\/a>\n<\/div>                <\/li>\n                            <li class=\"directory-archive__map-item\">\n                    <div class=\"directory-archive__map-card\">\n    <a href=\"https:\/\/mairie-montataire.fr\/de\/annuaires\/autres-infrastructures\/regie-du-cable-et-le-lelectricite\/\" class=\"directory-archive__map-card-link\">\n        <div class=\"directory-archive__map-card-content\">\n            <h3 class=\"directory-archive__map-card-title\">R\u00e9gie du c\u00e2ble et le l&rsquo;\u00e9lectricit\u00e9<\/h3>\n            <p class=\"directory-archive__map-card-type\">Autres infrastructures<\/p>\n        <\/div>\n        <div class=\"directory-archive__map-card-info\">\n                            <div class=\"directory-archive__map-card-address\">\n                                            <p>1, rue Romain Rolland<\/p>\n                                                                <div class=\"\">\n                                                            <p>60160 <\/p>\n                                                                                        <p>Montataire<\/p>\n                                                    <\/div>\n                                    <\/div>\n                                                                                            \n                                                                                                                                                                                                                                                                                                                        \n                <p>03 44 27 57 38<\/p>\n                    <\/div>\n    <\/a>\n<\/div>                <\/li>\n                            <li class=\"directory-archive__map-item\">\n                    <div class=\"directory-archive__map-card\">\n    <a href=\"https:\/\/mairie-montataire.fr\/de\/annuaires\/services-municipaux\/dejss\/petite-enfance-et-ram\/\" class=\"directory-archive__map-card-link\">\n        <div class=\"directory-archive__map-card-content\">\n            <h3 class=\"directory-archive__map-card-title\">Relais Petite Enfance<\/h3>\n            <p class=\"directory-archive__map-card-type\">Services municipaux<\/p>\n        <\/div>\n        <div class=\"directory-archive__map-card-info\">\n                            <div class=\"directory-archive__map-card-address\">\n                                            <p>9, impasse de l&rsquo;Argili\u00e8re<\/p>\n                                                                <div class=\"\">\n                                                            <p>60160 <\/p>\n                                                                                        <p>Montataire<\/p>\n                                                    <\/div>\n                                    <\/div>\n                                                                                            \n                                                                                                                                                                                                                                                                                                                        \n                <p>06 15 11 77 64<\/p>\n                    <\/div>\n    <\/a>\n<\/div>                <\/li>\n                            <li class=\"directory-archive__map-item\">\n                    <div class=\"directory-archive__map-card\">\n    <a href=\"https:\/\/mairie-montataire.fr\/de\/annuaires\/associations\/sport\/ronin-fight-team\/\" class=\"directory-archive__map-card-link\">\n        <div class=\"directory-archive__map-card-content\">\n            <h3 class=\"directory-archive__map-card-title\">Ronin Fight Team<\/h3>\n            <p class=\"directory-archive__map-card-type\">Associations<\/p>\n        <\/div>\n        <div class=\"directory-archive__map-card-info\">\n                                                                                            \n                                                                                                                                                                                                                                                                                                                        \n                <p>07 62 26 97 98<\/p>\n                    <\/div>\n    <\/a>\n<\/div>                <\/li>\n                            <li class=\"directory-archive__map-item\">\n                    <div class=\"directory-archive__map-card\">\n    <a href=\"https:\/\/mairie-montataire.fr\/de\/annuaires\/location-de-salles\/salle-de-la-liberation\/\" class=\"directory-archive__map-card-link\">\n        <div class=\"directory-archive__map-card-content\">\n            <h3 class=\"directory-archive__map-card-title\">Salle de la Lib\u00e9ration<\/h3>\n            <p class=\"directory-archive__map-card-type\">Location de salles<\/p>\n        <\/div>\n        <div class=\"directory-archive__map-card-info\">\n                            <div class=\"directory-archive__map-card-address\">\n                                            <p>8bis, rue des D\u00e9port\u00e9s<\/p>\n                                                                <div class=\"\">\n                                                            <p>60160 <\/p>\n                                                                                        <p>Montataire<\/p>\n                                                    <\/div>\n                                    <\/div>\n                                <\/div>\n    <\/a>\n<\/div>                <\/li>\n                            <li class=\"directory-archive__map-item\">\n                    <div class=\"directory-archive__map-card\">\n    <a href=\"https:\/\/mairie-montataire.fr\/de\/annuaires\/sante\/autres-professions-de-sante\/sato-picardie-caarud-le-relais\/\" class=\"directory-archive__map-card-link\">\n        <div class=\"directory-archive__map-card-content\">\n            <h3 class=\"directory-archive__map-card-title\">SATO Picardie &#8211; CAARUD \u00ab\u00a0Le Relais\u00a0\u00bb<\/h3>\n            <p class=\"directory-archive__map-card-type\">Sant\u00e9<\/p>\n        <\/div>\n        <div class=\"directory-archive__map-card-info\">\n                            <div class=\"directory-archive__map-card-address\">\n                                            <p>Groupe Mafran &#8211; 1, rue des D\u00e9port\u00e9s<\/p>\n                                                                <div class=\"\">\n                                                            <p>60160<\/p>\n                                                                                        <p>Montataire<\/p>\n                                                    <\/div>\n                                    <\/div>\n                                                                                            \n                                                                                                                                                                                                                                                                                                                        \n                <p>03 44 27 46 84<\/p>\n                    <\/div>\n    <\/a>\n<\/div>                <\/li>\n                            <li class=\"directory-archive__map-item\">\n                    <div class=\"directory-archive__map-card\">\n    <a href=\"https:\/\/mairie-montataire.fr\/de\/annuaires\/associations\/solidarite\/secours-populaire-francais\/\" class=\"directory-archive__map-card-link\">\n        <div class=\"directory-archive__map-card-content\">\n            <h3 class=\"directory-archive__map-card-title\">Secours Populaire Fran\u00e7ais<\/h3>\n            <p class=\"directory-archive__map-card-type\">Associations<\/p>\n        <\/div>\n        <div class=\"directory-archive__map-card-info\">\n                                                                                            \n                                                                                                                                                                                                                                                                                                                        \n                <p>06 12 70 89 89<\/p>\n                    <\/div>\n    <\/a>\n<\/div>                <\/li>\n                            <li class=\"directory-archive__map-item\">\n                    <div class=\"directory-archive__map-card\">\n    <a href=\"https:\/\/mairie-montataire.fr\/de\/annuaires\/services-municipaux\/dejss\/sport\/\" class=\"directory-archive__map-card-link\">\n        <div class=\"directory-archive__map-card-content\">\n            <h3 class=\"directory-archive__map-card-title\">Service des sports<\/h3>\n            <p class=\"directory-archive__map-card-type\">Services municipaux<\/p>\n        <\/div>\n        <div class=\"directory-archive__map-card-info\">\n                            <div class=\"directory-archive__map-card-address\">\n                                            <p>2, rue Armand Desnosse<\/p>\n                                                                <div class=\"\">\n                                                            <p>60160 <\/p>\n                                                                                        <p>Montataire<\/p>\n                                                    <\/div>\n                                    <\/div>\n                                                                                            \n                                                                                                                                                                                                                                                                                                                        \n                <p>03 44 27 04 00<\/p>\n                    <\/div>\n    <\/a>\n<\/div>                <\/li>\n                            <li class=\"directory-archive__map-item\">\n                    <div class=\"directory-archive__map-card\">\n    <a href=\"https:\/\/mairie-montataire.fr\/de\/annuaires\/services-municipaux\/drh\/services-des-ressources-humaines\/\" class=\"directory-archive__map-card-link\">\n        <div class=\"directory-archive__map-card-content\">\n            <h3 class=\"directory-archive__map-card-title\">Services des ressources humaines<\/h3>\n            <p class=\"directory-archive__map-card-type\">Services municipaux<\/p>\n        <\/div>\n        <div class=\"directory-archive__map-card-info\">\n                            <div class=\"directory-archive__map-card-address\">\n                                            <p>104, rue Jean Jaur\u00e8s<\/p>\n                                                                <div class=\"\">\n                                                            <p>60160 <\/p>\n                                                                                        <p>Montataire<\/p>\n                                                    <\/div>\n                                    <\/div>\n                                                                                            \n                                                                                                                                                                                                                                                                                                                        \n                <p>03 44 64 45 83<\/p>\n                    <\/div>\n    <\/a>\n<\/div>                <\/li>\n                            <li class=\"directory-archive__map-item\">\n                    <div class=\"directory-archive__map-card\">\n    <a href=\"https:\/\/mairie-montataire.fr\/de\/annuaires\/services-municipaux\/dcsdt\/services-retraites\/\" class=\"directory-archive__map-card-link\">\n        <div class=\"directory-archive__map-card-content\">\n            <h3 class=\"directory-archive__map-card-title\">Services retrait\u00e9s<\/h3>\n            <p class=\"directory-archive__map-card-type\">Services municipaux<\/p>\n        <\/div>\n        <div class=\"directory-archive__map-card-info\">\n                            <div class=\"directory-archive__map-card-address\">\n                                            <p>118, rue Jean Jaur\u00e8s<\/p>\n                                                                <div class=\"\">\n                                                            <p>60160 <\/p>\n                                                                                <\/div>\n                                    <\/div>\n                                                                                            \n                                                                                                                                                                                                                                                                                                                        \n                <p>03 44 64 45 60<\/p>\n                    <\/div>\n    <\/a>\n<\/div>                <\/li>\n                            <li class=\"directory-archive__map-item\">\n                    <div class=\"directory-archive__map-card\">\n    <a href=\"https:\/\/mairie-montataire.fr\/de\/annuaires\/services-municipaux\/dst\/services-techniques\/\" class=\"directory-archive__map-card-link\">\n        <div class=\"directory-archive__map-card-content\">\n            <h3 class=\"directory-archive__map-card-title\">Services Techniques<\/h3>\n            <p class=\"directory-archive__map-card-type\">Services municipaux<\/p>\n        <\/div>\n        <div class=\"directory-archive__map-card-info\">\n                            <div class=\"directory-archive__map-card-address\">\n                                            <p>15, rue Andr\u00e9 Ginisti<\/p>\n                                                                <div class=\"\">\n                                                            <p>60160<\/p>\n                                                                                        <p>Montataire<\/p>\n                                                    <\/div>\n                                    <\/div>\n                                                                                            \n                                                                                                                                                                                                                                                                                                                        \n                <p>03 44 64 45 45<\/p>\n                    <\/div>\n    <\/a>\n<\/div>                <\/li>\n                            <li class=\"directory-archive__map-item\">\n                    <div class=\"directory-archive__map-card\">\n    <a href=\"https:\/\/mairie-montataire.fr\/de\/annuaires\/associations\/sport\/soccer-salle\/\" class=\"directory-archive__map-card-link\">\n        <div class=\"directory-archive__map-card-content\">\n            <h3 class=\"directory-archive__map-card-title\">Soccer Salle<\/h3>\n            <p class=\"directory-archive__map-card-type\">Associations<\/p>\n        <\/div>\n        <div class=\"directory-archive__map-card-info\">\n                                                                                            \n                                                                                                                                                                                                                                                                                                                        \n                <p>06 19 02 03 55<\/p>\n                    <\/div>\n    <\/a>\n<\/div>                <\/li>\n                            <li class=\"directory-archive__map-item\">\n                    <div class=\"directory-archive__map-card\">\n    <a href=\"https:\/\/mairie-montataire.fr\/de\/annuaires\/associations\/environnement-et-nature\/societe-colombophile-les-vrais-amateurs\/\" class=\"directory-archive__map-card-link\">\n        <div class=\"directory-archive__map-card-content\">\n            <h3 class=\"directory-archive__map-card-title\">Soci\u00e9t\u00e9 colombophile \u00ab\u00a0Les vrais Amateurs\u00a0\u00bb<\/h3>\n            <p class=\"directory-archive__map-card-type\">Associations<\/p>\n        <\/div>\n        <div class=\"directory-archive__map-card-info\">\n                                                                                            \n                                                                                                                                                                                                                                                                                                                        \n                <p>06 01 14 95 52<\/p>\n                    <\/div>\n    <\/a>\n<\/div>                <\/li>\n                            <li class=\"directory-archive__map-item\">\n                    <div class=\"directory-archive__map-card\">\n    <a href=\"https:\/\/mairie-montataire.fr\/de\/annuaires\/associations\/environnement-et-nature\/societe-de-chasse-de-montataire\/\" class=\"directory-archive__map-card-link\">\n        <div class=\"directory-archive__map-card-content\">\n            <h3 class=\"directory-archive__map-card-title\">Soci\u00e9t\u00e9 de chasse de Montataire<\/h3>\n            <p class=\"directory-archive__map-card-type\">Associations<\/p>\n        <\/div>\n        <div class=\"directory-archive__map-card-info\">\n                                <\/div>\n    <\/a>\n<\/div>                <\/li>\n                            <li class=\"directory-archive__map-item\">\n                    <div class=\"directory-archive__map-card\">\n    <a href=\"https:\/\/mairie-montataire.fr\/de\/annuaires\/associations\/environnement-et-nature\/societe-mycologique-de-montataire\/\" class=\"directory-archive__map-card-link\">\n        <div class=\"directory-archive__map-card-content\">\n            <h3 class=\"directory-archive__map-card-title\">Soci\u00e9t\u00e9 Mycologique de Montataire<\/h3>\n            <p class=\"directory-archive__map-card-type\">Associations<\/p>\n        <\/div>\n        <div class=\"directory-archive__map-card-info\">\n                                                                                            \n                                                                                                                                                                                                                                                                                                                        \n                <p>06 23 22 92 39<\/p>\n                    <\/div>\n    <\/a>\n<\/div>                <\/li>\n                            <li class=\"directory-archive__map-item\">\n                    <div class=\"directory-archive__map-card\">\n    <a href=\"https:\/\/mairie-montataire.fr\/de\/annuaires\/associations\/environnement-et-nature\/societe-ouvriere-dhorticulture-et-de-temperance\/\" class=\"directory-archive__map-card-link\">\n        <div class=\"directory-archive__map-card-content\">\n            <h3 class=\"directory-archive__map-card-title\">Soci\u00e9t\u00e9 ouvri\u00e8re d&rsquo;horticulture et de temp\u00e9rance<\/h3>\n            <p class=\"directory-archive__map-card-type\">Associations<\/p>\n        <\/div>\n        <div class=\"directory-archive__map-card-info\">\n                                                                                            \n                                                                                                                                                                                                                                                                                                                        \n                <p>06 27 27 22 96<\/p>\n                    <\/div>\n    <\/a>\n<\/div>                <\/li>\n                            <li class=\"directory-archive__map-item\">\n                    <div class=\"directory-archive__map-card\">\n    <a href=\"https:\/\/mairie-montataire.fr\/de\/annuaires\/associations\/culture-et-loisirs\/souvenir-du-portugal\/\" class=\"directory-archive__map-card-link\">\n        <div class=\"directory-archive__map-card-content\">\n            <h3 class=\"directory-archive__map-card-title\">Souvenir du Portugal<\/h3>\n            <p class=\"directory-archive__map-card-type\">Associations<\/p>\n        <\/div>\n        <div class=\"directory-archive__map-card-info\">\n                                                                                            \n                                                                                                                                                                                                                                                                                                                        \n                <p>06 85 94 49 99<\/p>\n                    <\/div>\n    <\/a>\n<\/div>                <\/li>\n                            <li class=\"directory-archive__map-item\">\n                    <div class=\"directory-archive__map-card\">\n    <a href=\"https:\/\/mairie-montataire.fr\/de\/annuaires\/structures-sportives\/stade-kleber-sellier\/\" class=\"directory-archive__map-card-link\">\n        <div class=\"directory-archive__map-card-content\">\n            <h3 class=\"directory-archive__map-card-title\">Stade Kleber Sellier<\/h3>\n            <p class=\"directory-archive__map-card-type\">Structures sportives<\/p>\n        <\/div>\n        <div class=\"directory-archive__map-card-info\">\n                            <div class=\"directory-archive__map-card-address\">\n                                            <p>Rue Colonel Fabien<\/p>\n                                                                <div class=\"\">\n                                                            <p>60160 <\/p>\n                                                                                        <p>Montataire<\/p>\n                                                    <\/div>\n                                    <\/div>\n                                <\/div>\n    <\/a>\n<\/div>                <\/li>\n                            <li class=\"directory-archive__map-item\">\n                    <div class=\"directory-archive__map-card\">\n    <a href=\"https:\/\/mairie-montataire.fr\/de\/annuaires\/associations\/sport\/standard-football-club-montataire\/\" class=\"directory-archive__map-card-link\">\n        <div class=\"directory-archive__map-card-content\">\n            <h3 class=\"directory-archive__map-card-title\">Standard Football Club Montataire<\/h3>\n            <p class=\"directory-archive__map-card-type\">Associations<\/p>\n        <\/div>\n        <div class=\"directory-archive__map-card-info\">\n                                                                                            \n                                                                                                                                                                                                                                                                                                                        \n                <p>06 78 27 42 99<\/p>\n                    <\/div>\n    <\/a>\n<\/div>                <\/li>\n                            <li class=\"directory-archive__map-item\">\n                    <div class=\"directory-archive__map-card\">\n    <a href=\"https:\/\/mairie-montataire.fr\/de\/annuaires\/associations\/sport\/sud-oise-escalade\/\" class=\"directory-archive__map-card-link\">\n        <div class=\"directory-archive__map-card-content\">\n            <h3 class=\"directory-archive__map-card-title\">Sud Oise Escalade<\/h3>\n            <p class=\"directory-archive__map-card-type\">Associations<\/p>\n        <\/div>\n        <div class=\"directory-archive__map-card-info\">\n                                                                                            \n                                                                                                                                                                                                                                                                                                                        \n                <p>06 85 58 96 50<\/p>\n                    <\/div>\n    <\/a>\n<\/div>                <\/li>\n                            <li class=\"directory-archive__map-item\">\n                    <div class=\"directory-archive__map-card\">\n    <a href=\"https:\/\/mairie-montataire.fr\/de\/annuaires\/associations\/sport\/tennis-club-de-montataire\/\" class=\"directory-archive__map-card-link\">\n        <div class=\"directory-archive__map-card-content\">\n            <h3 class=\"directory-archive__map-card-title\">Tennis Club de Montataire<\/h3>\n            <p class=\"directory-archive__map-card-type\">Associations<\/p>\n        <\/div>\n        <div class=\"directory-archive__map-card-info\">\n                                                                                            \n                                                                                                                                                                                                                                                                                                                        \n                <p>06 75 30 50 96<\/p>\n                    <\/div>\n    <\/a>\n<\/div>                <\/li>\n                            <li class=\"directory-archive__map-item\">\n                    <div class=\"directory-archive__map-card\">\n    <a href=\"https:\/\/mairie-montataire.fr\/de\/annuaires\/associations\/sport\/union-cycliste-montatairienne\/\" class=\"directory-archive__map-card-link\">\n        <div class=\"directory-archive__map-card-content\">\n            <h3 class=\"directory-archive__map-card-title\">Union Cycliste Montatairienne<\/h3>\n            <p class=\"directory-archive__map-card-type\">Associations<\/p>\n        <\/div>\n        <div class=\"directory-archive__map-card-info\">\n                                                                                            \n                                                                                                                                                                                                                                                                                                                        \n                <p>06 82 62 94 03<\/p>\n                    <\/div>\n    <\/a>\n<\/div>                <\/li>\n                            <li class=\"directory-archive__map-item\">\n                    <div class=\"directory-archive__map-card\">\n    <a href=\"https:\/\/mairie-montataire.fr\/de\/annuaires\/associations\/memoire-et-patrimoine\/union-locale-des-anciens-combattants-ulac\/\" class=\"directory-archive__map-card-link\">\n        <div class=\"directory-archive__map-card-content\">\n            <h3 class=\"directory-archive__map-card-title\">Union Locale des Anciens Combattants (ULAC)<\/h3>\n            <p class=\"directory-archive__map-card-type\">Associations<\/p>\n        <\/div>\n        <div class=\"directory-archive__map-card-info\">\n                                                                                            \n                                                                                                                                                                                                                                                                                                                        \n                <p>03 44 27 57 65<\/p>\n                    <\/div>\n    <\/a>\n<\/div>                <\/li>\n                            <li class=\"directory-archive__map-item\">\n                    <div class=\"directory-archive__map-card\">\n    <a href=\"https:\/\/mairie-montataire.fr\/de\/annuaires\/associations\/sport\/union-sportive-de-montataire\/\" class=\"directory-archive__map-card-link\">\n        <div class=\"directory-archive__map-card-content\">\n            <h3 class=\"directory-archive__map-card-title\">Union Sportive de Montataire<\/h3>\n            <p class=\"directory-archive__map-card-type\">Associations<\/p>\n        <\/div>\n        <div class=\"directory-archive__map-card-info\">\n                                                                                            \n                                                                                                                                                                                                                                                                                                                        \n                <p>06 48 82 85 13<\/p>\n                    <\/div>\n    <\/a>\n<\/div>                <\/li>\n                            <li class=\"directory-archive__map-item\">\n                    <div class=\"directory-archive__map-card\">\n    <a href=\"https:\/\/mairie-montataire.fr\/de\/annuaires\/associations\/culture-et-loisirs\/video-travelling\/\" class=\"directory-archive__map-card-link\">\n        <div class=\"directory-archive__map-card-content\">\n            <h3 class=\"directory-archive__map-card-title\">Vid\u00e9o Travelling<\/h3>\n            <p class=\"directory-archive__map-card-type\">Associations<\/p>\n        <\/div>\n        <div class=\"directory-archive__map-card-info\">\n                                <\/div>\n    <\/a>\n<\/div>                <\/li>\n                            <li class=\"directory-archive__map-item\">\n                    <div class=\"directory-archive__map-card\">\n    <a href=\"https:\/\/mairie-montataire.fr\/de\/annuaires\/associations\/solidarite\/vie-libre\/\" class=\"directory-archive__map-card-link\">\n        <div class=\"directory-archive__map-card-content\">\n            <h3 class=\"directory-archive__map-card-title\">Vie Libre<\/h3>\n            <p class=\"directory-archive__map-card-type\">Associations<\/p>\n        <\/div>\n        <div class=\"directory-archive__map-card-info\">\n                                                                                            \n                                                                                                                                                                                                                                                                                                                        \n                <p>06 70 00 01 75<\/p>\n                    <\/div>\n    <\/a>\n<\/div>                <\/li>\n                    <\/ul>\n        <div class=\"directory-archive__map-map\" id=\"directory-archive__map-map\"><\/div>\n<\/div>\n\n<script>\n    const entities = [\n                            {\n                name: \"Accueil de loisirs (ALSH)\",\n                link: \"https:\\\/\\\/mairie-montataire.fr\\\/de\\\/annuaires\\\/services-municipaux\\\/dejss\\\/accueil-de-loisirs\\\/\",\n                data: {\"lat\":49.2576103,\"lng\":2.4435031,\"zoom\":17,\"markers\":[{\"label\":\"All\\u00e9e des Marronniers, 60160 Montataire, France Hauts-de-France\",\"default_label\":\"All\\u00e9e des Marronniers, 60160 Montataire, France Hauts-de-France\",\"lat\":49.2585766,\"lng\":2.4437821,\"geocode\":[{\"name\":\"Centre de Loisirs Pierre Legrand, All\\u00e9e des Marronniers, Les Champarts, Montataire, Senlis, Oise, Hauts-de-France, France m\\u00e9tropolitaine, 60160, France\",\"html\":\"All\\u00e9e des Marronniers, 60160 Montataire, France Hauts-de-France\",\"center\":{\"lat\":49.2587079,\"lng\":2.4437598},\"bbox\":{\"_southWest\":{\"lat\":49.2587079,\"lng\":2.4437598},\"_northEast\":{\"lat\":49.2587079,\"lng\":2.4437598}},\"properties\":{\"place_id\":84088323,\"licence\":\"Data \\u00a9 OpenStreetMap contributors, ODbL 1.0. http:\\\/\\\/osm.org\\\/copyright\",\"osm_type\":\"node\",\"osm_id\":1911776988,\"lat\":\"49.2587079\",\"lon\":\"2.4437598\",\"class\":\"amenity\",\"type\":\"community_centre\",\"place_rank\":30,\"importance\":9.99999999995449e-6,\"addresstype\":\"amenity\",\"name\":\"Centre de Loisirs Pierre Legrand\",\"display_name\":\"Centre de Loisirs Pierre Legrand, All\\u00e9e des Marronniers, Les Champarts, Montataire, Senlis, Oise, Hauts-de-France, France m\\u00e9tropolitaine, 60160, France\",\"address\":{\"amenity\":\"Centre de Loisirs Pierre Legrand\",\"road\":\"All\\u00e9e des Marronniers\",\"neighbourhood\":\"Les Champarts\",\"town\":\"Montataire\",\"municipality\":\"Senlis\",\"county\":\"Oise\",\"ISO3166-2-lvl6\":\"FR-60\",\"state\":\"Hauts-de-France\",\"ISO3166-2-lvl4\":\"FR-HDF\",\"region\":\"France m\\u00e9tropolitaine\",\"postcode\":\"60160\",\"country\":\"France\",\"country_code\":\"fr\",\"building\":\"\",\"house_number\":\"\",\"city\":\"\",\"village\":\"\",\"hamlet\":\"\"},\"boundingbox\":[\"49.2586579\",\"49.2587579\",\"2.4437098\",\"2.4438098\"]}}],\"uuid\":\"marker_66c490aba7c02\"}],\"address\":\"All\\u00e9e des Marronniers, 60160 Montataire, France Hauts-de-France\",\"layers\":[\"OpenStreetMap.Mapnik\"],\"version\":\"1.6.1\"},\n            },                                    {\n                name: \"Accueil enfance\",\n                link: \"https:\\\/\\\/mairie-montataire.fr\\\/de\\\/annuaires\\\/services-municipaux\\\/dejss\\\/accueil-enfance\\\/\",\n                data: {\"lat\":49.2579044,\"lng\":2.4317953,\"zoom\":19,\"markers\":[{\"label\":\"2B Rue Armand Desnosse, 60160 Montataire, France Hauts-de-France\",\"default_label\":\"2B Rue Armand Desnosse, 60160 Montataire, France Hauts-de-France\",\"lat\":49.2579954,\"lng\":2.4313421,\"geocode\":[{\"name\":\"2B, Rue Armand Desnosse, Cit\\u00e9 Jules Guesde, Montataire, Senlis, Oise, Hauts-de-France, France m\\u00e9tropolitaine, 60160, France\",\"html\":\"2B Rue Armand Desnosse, 60160 Montataire, France Hauts-de-France\",\"center\":{\"lat\":49.2581207,\"lng\":2.431401367808774},\"bbox\":{\"_southWest\":{\"lat\":49.2581207,\"lng\":2.431401367808774},\"_northEast\":{\"lat\":49.2581207,\"lng\":2.431401367808774}},\"properties\":{\"place_id\":83956562,\"licence\":\"Data \\u00a9 OpenStreetMap contributors, ODbL 1.0. http:\\\/\\\/osm.org\\\/copyright\",\"osm_type\":\"way\",\"osm_id\":71317144,\"lat\":\"49.2581207\",\"lon\":\"2.431401367808774\",\"class\":\"building\",\"type\":\"yes\",\"place_rank\":30,\"importance\":9.99999999995449e-6,\"addresstype\":\"building\",\"name\":\"\",\"display_name\":\"2B, Rue Armand Desnosse, Cit\\u00e9 Jules Guesde, Montataire, Senlis, Oise, Hauts-de-France, France m\\u00e9tropolitaine, 60160, France\",\"address\":{\"house_number\":\"2B\",\"road\":\"Rue Armand Desnosse\",\"neighbourhood\":\"Cit\\u00e9 Jules Guesde\",\"town\":\"Montataire\",\"municipality\":\"Senlis\",\"county\":\"Oise\",\"ISO3166-2-lvl6\":\"FR-60\",\"state\":\"Hauts-de-France\",\"ISO3166-2-lvl4\":\"FR-HDF\",\"region\":\"France m\\u00e9tropolitaine\",\"postcode\":\"60160\",\"country\":\"France\",\"country_code\":\"fr\",\"building\":\"\",\"city\":\"\",\"village\":\"\",\"hamlet\":\"\"},\"boundingbox\":[\"49.2580827\",\"49.2581723\",\"2.4313175\",\"2.4314853\"]}}],\"uuid\":\"marker_6699270a3e4a3\"}],\"address\":\"2B Rue Armand Desnosse, 60160 Montataire, France Hauts-de-France\",\"layers\":[\"OpenStreetMap.Mapnik\"],\"version\":\"1.6.1\"},\n            },                                    {\n                name: \"Agence Internationale pour le D\\u00e9veloppement \\u00c9conomique et Social (AIDES)\",\n                link: \"https:\\\/\\\/mairie-montataire.fr\\\/de\\\/annuaires\\\/associations\\\/jumelage-et-international\\\/agence-internationale-pour-le-developpement-economique-et-social-aides\\\/\",\n                data: {\"lat\":53.5507112,\"lng\":9.9997902,\"zoom\":12,\"markers\":[],\"address\":\"\",\"layers\":[\"OpenStreetMap.Mapnik\"],\"version\":\"1.5.6\"},\n            },                                    {\n                name: \"Amour d&rsquo;enfants Picardie\",\n                link: \"https:\\\/\\\/mairie-montataire.fr\\\/de\\\/annuaires\\\/associations\\\/solidarite\\\/amour-denfants-picardie\\\/\",\n                data: {\"lat\":53.5507112,\"lng\":10.0004768,\"zoom\":12,\"markers\":[],\"address\":\"\",\"layers\":[\"OpenStreetMap.Mapnik\"],\"version\":\"1.5.6\"},\n            },                                    {\n                name: \"Aquatic Club Intercommunal de Montataire (ACIM)\",\n                link: \"https:\\\/\\\/mairie-montataire.fr\\\/de\\\/annuaires\\\/associations\\\/sport\\\/aquatic-club-intercommunal-de-montataire-acim\\\/\",\n                data: {\"lat\":53.5507112,\"lng\":10.0001335,\"zoom\":12,\"markers\":[],\"address\":\"\",\"layers\":[\"OpenStreetMap.Mapnik\"],\"version\":\"1.5.6\"},\n            },                                    {\n                name: \"Archives\",\n                link: \"https:\\\/\\\/mairie-montataire.fr\\\/de\\\/annuaires\\\/services-municipaux\\\/dcsdt\\\/archives\\\/\",\n                data: {\"lat\":49.2560102,\"lng\":2.4346115,\"zoom\":18,\"markers\":[{\"label\":\"Place Auguste G\\u00e9nie, 60160 Montataire, France Hauts-de-France\",\"default_label\":\"Place Auguste G\\u00e9nie, 60160 Montataire, France Hauts-de-France\",\"lat\":49.2562623,\"lng\":2.4344534,\"geocode\":[{\"name\":\"Mairie de Montataire, Place Auguste G\\u00e9nie, Cit\\u00e9 Jules Guesde, Montataire, Senlis, Oise, Hauts-de-France, France m\\u00e9tropolitaine, 60160, France\",\"html\":\"Place Auguste G\\u00e9nie, 60160 Montataire, France Hauts-de-France\",\"center\":{\"lat\":49.2562877,\"lng\":2.434467034393939},\"bbox\":{\"_southWest\":{\"lat\":49.2562877,\"lng\":2.434467034393939},\"_northEast\":{\"lat\":49.2562877,\"lng\":2.434467034393939}},\"properties\":{\"place_id\":115909238,\"licence\":\"Data \\u00a9 OpenStreetMap contributors, ODbL 1.0. http:\\\/\\\/osm.org\\\/copyright\",\"osm_type\":\"way\",\"osm_id\":71310036,\"lat\":\"49.2562877\",\"lon\":\"2.434467034393939\",\"class\":\"amenity\",\"type\":\"townhall\",\"place_rank\":30,\"importance\":9.99999999995449e-6,\"addresstype\":\"amenity\",\"name\":\"Mairie de Montataire\",\"display_name\":\"Mairie de Montataire, Place Auguste G\\u00e9nie, Cit\\u00e9 Jules Guesde, Montataire, Senlis, Oise, Hauts-de-France, France m\\u00e9tropolitaine, 60160, France\",\"address\":{\"amenity\":\"Mairie de Montataire\",\"road\":\"Place Auguste G\\u00e9nie\",\"neighbourhood\":\"Cit\\u00e9 Jules Guesde\",\"town\":\"Montataire\",\"municipality\":\"Senlis\",\"county\":\"Oise\",\"ISO3166-2-lvl6\":\"FR-60\",\"state\":\"Hauts-de-France\",\"ISO3166-2-lvl4\":\"FR-HDF\",\"region\":\"France m\\u00e9tropolitaine\",\"postcode\":\"60160\",\"country\":\"France\",\"country_code\":\"fr\",\"building\":\"\",\"house_number\":\"\",\"city\":\"\",\"village\":\"\",\"hamlet\":\"\"},\"boundingbox\":[\"49.2562014\",\"49.2563826\",\"2.4342790\",\"2.4346422\"]}}],\"uuid\":\"marker_669a0fedf4d00\"}],\"address\":\"Place Auguste G\\u00e9nie, 60160 Montataire, France Hauts-de-France\",\"layers\":[\"OpenStreetMap.Mapnik\"],\"version\":\"1.5.6\"},\n            },                                    {\n                name: \"Association Battants Service Solidarit\\u00e9\",\n                link: \"https:\\\/\\\/mairie-montataire.fr\\\/de\\\/annuaires\\\/associations\\\/jeunesse-education-et-insertion\\\/association-battants-service-solidarite\\\/\",\n                data: {\"lat\":53.5507112,\"lng\":10.0006485,\"zoom\":12,\"markers\":[],\"address\":\"\",\"layers\":[\"OpenStreetMap.Mapnik\"],\"version\":\"1.5.6\"},\n            },                                    {\n                name: \"Association de Danse de Montataire (ADM)\",\n                link: \"https:\\\/\\\/mairie-montataire.fr\\\/de\\\/annuaires\\\/associations\\\/sport\\\/association-de-danse-de-montataire-adm\\\/\",\n                data: {\"lat\":53.5507112,\"lng\":10.0004768,\"zoom\":12,\"markers\":[],\"address\":\"\",\"layers\":[\"OpenStreetMap.Mapnik\"],\"version\":\"1.5.6\"},\n            },                                    {\n                name: \"Association de D\\u00e9fense des Victimes de l&rsquo;Amiante de a Sid\\u00e9rurgie Usine de Montataire (ADVASUM)\",\n                link: \"https:\\\/\\\/mairie-montataire.fr\\\/de\\\/annuaires\\\/associations\\\/solidarite\\\/association-de-defense-des-victimes-de-lamiante-de-a-siderurgie-usine-de-montataire-advasum\\\/\",\n                data: {\"lat\":53.5507112,\"lng\":10.0006485,\"zoom\":12,\"markers\":[],\"address\":\"\",\"layers\":[\"OpenStreetMap.Mapnik\"],\"version\":\"1.5.6\"},\n            },                                    {\n                name: \"Association des donneurs de sang b\\u00e9n\\u00e9voles de Creil et ses environs\",\n                link: \"https:\\\/\\\/mairie-montataire.fr\\\/de\\\/annuaires\\\/associations\\\/solidarite\\\/association-des-donneurs-de-sang-benevoles-de-creil-et-ses-environs\\\/\",\n                data: {\"lat\":53.5507112,\"lng\":10.0004768,\"zoom\":12,\"markers\":[],\"address\":\"\",\"layers\":[\"OpenStreetMap.Mapnik\"],\"version\":\"1.5.6\"},\n            },                                    {\n                name: \"Association des Habitants des Fonds de Montataire et de Nogent-sur-Oise (AHFMN)\",\n                link: \"https:\\\/\\\/mairie-montataire.fr\\\/de\\\/annuaires\\\/associations\\\/vie-locale\\\/association-des-habitants-des-fonds-de-montataire-et-de-nogent-sur-oise-ahfmn\\\/\",\n                data: {\"lat\":53.5507112,\"lng\":10.0004768,\"zoom\":12,\"markers\":[],\"address\":\"\",\"layers\":[\"OpenStreetMap.Mapnik\"],\"version\":\"1.5.6\"},\n            },                                    {\n                name: \"Association Municipale d&rsquo;Enseignement et d&rsquo;\\u00e9ducation Musicale, de danse et d&rsquo;arts plastiques (AMEM)\",\n                link: \"https:\\\/\\\/mairie-montataire.fr\\\/de\\\/annuaires\\\/associations\\\/culture-et-loisirs\\\/association-municipale-denseignement-et-deducation-musicale-de-danse-et-darts-plastiques-amem\\\/\",\n                data: {\"lat\":53.5507112,\"lng\":9.9999619,\"zoom\":12,\"markers\":[],\"address\":\"\",\"layers\":[\"OpenStreetMap.Mapnik\"],\"version\":\"1.5.7\"},\n            },                                    {\n                name: \"Association Nationale des Anciens Combattants et Amis de la R\\u00e9sistance (ANACR) &#8211; Comit\\u00e9 Sud et Ouest de l&rsquo;Oise\",\n                link: \"https:\\\/\\\/mairie-montataire.fr\\\/de\\\/annuaires\\\/associations\\\/memoire-et-patrimoine\\\/association-nationale-des-anciens-combattants-et-amis-de-la-resistance-anacr-comite-sud-et-ouest-de-loise\\\/\",\n                data: {\"lat\":53.5507112,\"lng\":10.0004768,\"zoom\":12,\"markers\":[],\"address\":\"\",\"layers\":[\"OpenStreetMap.Mapnik\"],\"version\":\"1.5.6\"},\n            },                                    {\n                name: \"Association pour la M\\u00e9moire Ouvri\\u00e8re et Industrielle du bassin creillois (AMOI)\",\n                link: \"https:\\\/\\\/mairie-montataire.fr\\\/de\\\/annuaires\\\/associations\\\/memoire-et-patrimoine\\\/association-pour-la-memoire-ouvriere-et-industrielle-du-bassin-creillois-amoi\\\/\",\n                data: {\"lat\":53.5507112,\"lng\":10.0004768,\"zoom\":12,\"markers\":[],\"address\":\"\",\"layers\":[\"OpenStreetMap.Mapnik\"],\"version\":\"1.5.6\"},\n            },                                    {\n                name: \"Association R\\u00e9publicaine des Anciens Combattants (ARAC)\",\n                link: \"https:\\\/\\\/mairie-montataire.fr\\\/de\\\/annuaires\\\/associations\\\/memoire-et-patrimoine\\\/association-republicaine-des-anciens-combattants-arac\\\/\",\n                data: {\"lat\":53.5507112,\"lng\":10.0004768,\"zoom\":12,\"markers\":[],\"address\":\"\",\"layers\":[\"OpenStreetMap.Mapnik\"],\"version\":\"1.5.6\"},\n            },                                    {\n                name: \"Association r\\u00e9publique d\\u00e9mocratique du Congo Solidarit\\u00e9 de France\",\n                link: \"https:\\\/\\\/mairie-montataire.fr\\\/de\\\/annuaires\\\/associations\\\/solidarite\\\/association-republique-democratique-du-congo-solidarite-de-france\\\/\",\n                data: {\"lat\":53.5507112,\"lng\":10.0004768,\"zoom\":12,\"markers\":[],\"address\":\"\",\"layers\":[\"OpenStreetMap.Mapnik\"],\"version\":\"1.5.6\"},\n            },                                    {\n                name: \"Ba\\u00efka chats\",\n                link: \"https:\\\/\\\/mairie-montataire.fr\\\/de\\\/annuaires\\\/associations\\\/environnement-et-nature\\\/baika-chats\\\/\",\n                data: {\"lat\":53.5507112,\"lng\":10.0001335,\"zoom\":12,\"markers\":[],\"address\":\"\",\"layers\":[\"OpenStreetMap.Mapnik\"],\"version\":\"1.5.6\"},\n            },                                    {\n                name: \"Balala\\u00efka &#8211; Association France-Russie\",\n                link: \"https:\\\/\\\/mairie-montataire.fr\\\/de\\\/annuaires\\\/associations\\\/jumelage-et-international\\\/balalaika-association-france-russie\\\/\",\n                data: {\"lat\":53.5507112,\"lng\":10.0004768,\"zoom\":12,\"markers\":[],\"address\":\"\",\"layers\":[\"OpenStreetMap.Mapnik\"],\"version\":\"1.5.6\"},\n            },                                    {\n                name: \"Base de loisirs intercommunale Saint-Leu-d\\u2019Esserent\",\n                link: \"https:\\\/\\\/mairie-montataire.fr\\\/de\\\/annuaires\\\/autres-infrastructures\\\/base-de-loisirs-intercommunale-saint-leu-desserent\\\/\",\n                data: {\"lat\":49.2312747,\"lng\":2.4429131,\"zoom\":12,\"markers\":[{\"label\":\"Rue Jim Morrison, 60340 Saint-Leu-d'Esserent, France Hauts-de-France\",\"default_label\":\"Rue Jim Morrison, 60340 Saint-Leu-d'Esserent, France Hauts-de-France\",\"lat\":49.2111494,\"lng\":2.4120569,\"geocode\":[{\"name\":\"Base de Loisirs, Rue Jim Morrison, Saint-Leu-d'Esserent, Senlis, Oise, Hauts-de-France, France m\\u00e9tropolitaine, 60340, France\",\"html\":\"Rue Jim Morrison, 60340 Saint-Leu-d'Esserent, France Hauts-de-France\",\"center\":{\"lat\":49.2112319,\"lng\":2.4118004999468843},\"bbox\":{\"_southWest\":{\"lat\":49.2112319,\"lng\":2.4118004999468843},\"_northEast\":{\"lat\":49.2112319,\"lng\":2.4118004999468843}},\"properties\":{\"place_id\":115464782,\"licence\":\"Data \\u00a9 OpenStreetMap contributors, ODbL 1.0. http:\\\/\\\/osm.org\\\/copyright\",\"osm_type\":\"way\",\"osm_id\":543387295,\"lat\":\"49.2112319\",\"lon\":\"2.4118004999468843\",\"class\":\"amenity\",\"type\":\"parking\",\"place_rank\":30,\"importance\":9.99999999995449e-6,\"addresstype\":\"amenity\",\"name\":\"Base de Loisirs\",\"display_name\":\"Base de Loisirs, Rue Jim Morrison, Saint-Leu-d'Esserent, Senlis, Oise, Hauts-de-France, France m\\u00e9tropolitaine, 60340, France\",\"address\":{\"amenity\":\"Base de Loisirs\",\"road\":\"Rue Jim Morrison\",\"village\":\"Saint-Leu-d'Esserent\",\"municipality\":\"Senlis\",\"county\":\"Oise\",\"ISO3166-2-lvl6\":\"FR-60\",\"state\":\"Hauts-de-France\",\"ISO3166-2-lvl4\":\"FR-HDF\",\"region\":\"France m\\u00e9tropolitaine\",\"postcode\":\"60340\",\"country\":\"France\",\"country_code\":\"fr\",\"building\":\"\",\"house_number\":\"\",\"city\":\"\",\"town\":\"\",\"hamlet\":\"\"},\"boundingbox\":[\"49.2107158\",\"49.2117480\",\"2.4109181\",\"2.4126829\"]}}],\"uuid\":\"marker_6697c0e733dac\"}],\"address\":\"Rue Jim Morrison, 60340 Saint-Leu-d'Esserent, France Hauts-de-France\",\"layers\":[\"OpenStreetMap.Mapnik\"],\"version\":\"1.5.6\"},\n            },                                    {\n                name: \"Billard Club de Montataire\",\n                link: \"https:\\\/\\\/mairie-montataire.fr\\\/de\\\/annuaires\\\/associations\\\/sport\\\/billard-club-de-montataire\\\/\",\n                data: {\"lat\":49.2559297,\"lng\":2.4303818,\"zoom\":18,\"markers\":[],\"address\":\"\",\"layers\":[\"OpenStreetMap.Mapnik\"],\"version\":\"1.6.1\"},\n            },                                    {\n                name: \"Biogroup &#8211; Laboratoire analyses m\\u00e9dicales\",\n                link: \"https:\\\/\\\/mairie-montataire.fr\\\/de\\\/annuaires\\\/sante\\\/structures-sante\\\/biomag-laboratoire-analyses-medicales\\\/\",\n                data: {\"lat\":49.2565316,\"lng\":2.4351261,\"zoom\":12,\"markers\":[{\"label\":\"1 Place Auguste G\\u00e9nie, 60160 Montataire, France Hauts-de-France\",\"default_label\":\"1 Place Auguste G\\u00e9nie, 60160 Montataire, France Hauts-de-France\",\"lat\":49.2565316,\"lng\":2.4351261,\"geocode\":[{\"name\":\"1, Place Auguste G\\u00e9nie, Cit\\u00e9 Jules Guesde, Montataire, Senlis, Oise, Hauts-de-France, France m\\u00e9tropolitaine, 60160, France\",\"html\":\"1 Place Auguste G\\u00e9nie, 60160 Montataire, France Hauts-de-France\",\"bbox\":{\"_southWest\":{\"lat\":49.2564945,\"lng\":2.4350351},\"_northEast\":{\"lat\":49.256567,\"lng\":2.4352157}},\"center\":{\"lat\":49.2565316,\"lng\":2.4351261489877087},\"properties\":{\"place_id\":84018368,\"licence\":\"Data \\u00a9 OpenStreetMap contributors, ODbL 1.0. http:\\\/\\\/osm.org\\\/copyright\",\"osm_type\":\"way\",\"osm_id\":71317310,\"lat\":\"49.2565316\",\"lon\":\"2.4351261489877087\",\"class\":\"building\",\"type\":\"yes\",\"place_rank\":30,\"importance\":9.99999999995449e-6,\"addresstype\":\"building\",\"name\":\"\",\"display_name\":\"1, Place Auguste G\\u00e9nie, Cit\\u00e9 Jules Guesde, Montataire, Senlis, Oise, Hauts-de-France, France m\\u00e9tropolitaine, 60160, France\",\"address\":{\"house_number\":\"1\",\"road\":\"Place Auguste G\\u00e9nie\",\"neighbourhood\":\"Cit\\u00e9 Jules Guesde\",\"town\":\"Montataire\",\"municipality\":\"Senlis\",\"county\":\"Oise\",\"ISO3166-2-lvl6\":\"FR-60\",\"state\":\"Hauts-de-France\",\"ISO3166-2-lvl4\":\"FR-HDF\",\"region\":\"France m\\u00e9tropolitaine\",\"postcode\":\"60160\",\"country\":\"France\",\"country_code\":\"fr\",\"building\":\"\",\"city\":\"\",\"village\":\"\",\"hamlet\":\"\"},\"boundingbox\":[49.2564945,49.256567,2.4350351,2.4352157]}}],\"uuid\":\"marker_670938942fd31\"}],\"address\":\"1 Place Auguste G\\u00e9nie, 60160 Montataire, France Hauts-de-France\",\"layers\":[\"OpenStreetMap.Mapnik\"],\"version\":\"1.5.7\"},\n            },                                    {\n                name: \"Boxing Club de l&rsquo;agglom\\u00e9ration creilloise\",\n                link: \"https:\\\/\\\/mairie-montataire.fr\\\/de\\\/annuaires\\\/associations\\\/sport\\\/boxing-club-de-lagglomeration-creilloise\\\/\",\n                data: {\"lat\":49.2558352,\"lng\":2.4304944,\"zoom\":18,\"markers\":[],\"address\":\"\",\"layers\":[\"OpenStreetMap.Mapnik\"],\"version\":\"1.6.1\"},\n            },                                    {\n                name: \"Cabinet dentaire\",\n                link: \"https:\\\/\\\/mairie-montataire.fr\\\/de\\\/annuaires\\\/sante\\\/structures-sante\\\/cabinet-dentaire\\\/\",\n                data: {\"lat\":49.2576161,\"lng\":2.4122026,\"zoom\":19,\"markers\":[{\"label\":\"17 Rue Salvador Allende, 60160 Montataire, France Hauts-de-France\",\"default_label\":\"17 Rue Salvador Allende, 60160 Montataire, France Hauts-de-France\",\"lat\":49.2576436,\"lng\":2.4122474,\"geocode\":[{\"name\":\"Dr Bettan Eva, 17, Rue Salvador Allende, Magenta, Montataire, Senlis, Oise, Hauts-de-France, France m\\u00e9tropolitaine, 60160, France\",\"html\":\"17 Rue Salvador Allende, 60160 Montataire, France Hauts-de-France\",\"center\":{\"lat\":49.2576161,\"lng\":2.4122026},\"bbox\":{\"_southWest\":{\"lat\":49.2576161,\"lng\":2.4122026},\"_northEast\":{\"lat\":49.2576161,\"lng\":2.4122026}},\"properties\":{\"place_id\":116049017,\"licence\":\"Data \\u00a9 OpenStreetMap contributors, ODbL 1.0. http:\\\/\\\/osm.org\\\/copyright\",\"osm_type\":\"node\",\"osm_id\":9471316893,\"lat\":\"49.2576161\",\"lon\":\"2.4122026\",\"class\":\"amenity\",\"type\":\"dentist\",\"place_rank\":30,\"importance\":9.99999999995449e-6,\"addresstype\":\"amenity\",\"name\":\"Dr Bettan Eva\",\"display_name\":\"Dr Bettan Eva, 17, Rue Salvador Allende, Magenta, Montataire, Senlis, Oise, Hauts-de-France, France m\\u00e9tropolitaine, 60160, France\",\"address\":{\"amenity\":\"Dr Bettan Eva\",\"house_number\":\"17\",\"road\":\"Rue Salvador Allende\",\"quarter\":\"Magenta\",\"town\":\"Montataire\",\"municipality\":\"Senlis\",\"county\":\"Oise\",\"ISO3166-2-lvl6\":\"FR-60\",\"state\":\"Hauts-de-France\",\"ISO3166-2-lvl4\":\"FR-HDF\",\"region\":\"France m\\u00e9tropolitaine\",\"postcode\":\"60160\",\"country\":\"France\",\"country_code\":\"fr\",\"building\":\"\",\"city\":\"\",\"village\":\"\",\"hamlet\":\"\"},\"boundingbox\":[\"49.2575661\",\"49.2576661\",\"2.4121526\",\"2.4122526\"]}}],\"uuid\":\"marker_66cf3adc6cfe6\"}],\"address\":\"17 Rue Salvador Allende, 60160 Montataire, France Hauts-de-France\",\"layers\":[\"OpenStreetMap.Mapnik\"],\"version\":\"1.5.7\"},\n            },                                    {\n                name: \"Cano\\u00eb-Kayak Club du Th\\u00e9rain (CKCT)\",\n                link: \"https:\\\/\\\/mairie-montataire.fr\\\/de\\\/annuaires\\\/associations\\\/sport\\\/canoe-kayak-club-du-therain-ckct\\\/\",\n                data: {\"lat\":49.2557547,\"lng\":2.4311543,\"zoom\":18,\"markers\":[],\"address\":\"\",\"layers\":[\"OpenStreetMap.Mapnik\"],\"version\":\"1.5.7\"},\n            },                                    {\n                name: \"Carnaval des possibles\",\n                link: \"https:\\\/\\\/mairie-montataire.fr\\\/de\\\/annuaires\\\/associations\\\/solidarite\\\/carnaval-des-possibles\\\/\",\n                data: {\"lat\":53.5507112,\"lng\":10.0004768,\"zoom\":12,\"markers\":[],\"address\":\"\",\"layers\":[\"OpenStreetMap.Mapnik\"],\"version\":\"1.5.6\"},\n            },                                    {\n                name: \"Centre de loisirs Pierre Legrand\",\n                link: \"https:\\\/\\\/mairie-montataire.fr\\\/de\\\/annuaires\\\/location-de-salles\\\/centre-de-loisirs-pierre-legrand\\\/\",\n                data: {\"lat\":49.2580689,\"lng\":2.4441791,\"zoom\":18,\"markers\":[{\"label\":\"All\\u00e9e des Marronniers, 60160 Montataire, France Hauts-de-France\",\"default_label\":\"All\\u00e9e des Marronniers, 60160 Montataire, France Hauts-de-France\",\"lat\":49.2587079,\"lng\":2.4437598,\"geocode\":[],\"uuid\":\"marker_669662fd5fb0c\"}],\"address\":\"All\\u00e9e des Marronniers, 60160 Montataire, France Hauts-de-France\",\"layers\":[\"OpenStreetMap.Mapnik\"],\"version\":\"1.6.1\"},\n            },                                    {\n                name: \"Centre M\\u00e9dico Psychologique\",\n                link: \"https:\\\/\\\/mairie-montataire.fr\\\/de\\\/annuaires\\\/sante\\\/structures-sante\\\/centre-medico-psychologique\\\/\",\n                data: {\"lat\":49.255802,\"lng\":2.4348141,\"zoom\":19,\"markers\":[{\"label\":\"Rue Robert Trin, 60160 Montataire, France Hauts-de-France\",\"default_label\":\"Rue Robert Trin, 60160 Montataire, France Hauts-de-France\",\"lat\":49.2558457,\"lng\":2.434861,\"geocode\":[{\"name\":\"Rue Robert Trin, Cit\\u00e9 Jules Guesde, Montataire, Senlis, Oise, Hauts-de-France, France m\\u00e9tropolitaine, 60160, France\",\"html\":\"Rue Robert Trin, 60160 Montataire, France Hauts-de-France\",\"center\":{\"lat\":49.2557932,\"lng\":2.4348448},\"bbox\":{\"_southWest\":{\"lat\":49.2557932,\"lng\":2.4348448},\"_northEast\":{\"lat\":49.2557932,\"lng\":2.4348448}},\"properties\":{\"place_id\":115653846,\"licence\":\"Data \\u00a9 OpenStreetMap contributors, ODbL 1.0. http:\\\/\\\/osm.org\\\/copyright\",\"osm_type\":\"node\",\"osm_id\":10262076963,\"lat\":\"49.2557932\",\"lon\":\"2.4348448\",\"class\":\"amenity\",\"type\":\"parking_space\",\"place_rank\":30,\"importance\":9.99999999995449e-6,\"addresstype\":\"amenity\",\"name\":\"\",\"display_name\":\"Rue Robert Trin, Cit\\u00e9 Jules Guesde, Montataire, Senlis, Oise, Hauts-de-France, France m\\u00e9tropolitaine, 60160, France\",\"address\":{\"road\":\"Rue Robert Trin\",\"neighbourhood\":\"Cit\\u00e9 Jules Guesde\",\"town\":\"Montataire\",\"municipality\":\"Senlis\",\"county\":\"Oise\",\"ISO3166-2-lvl6\":\"FR-60\",\"state\":\"Hauts-de-France\",\"ISO3166-2-lvl4\":\"FR-HDF\",\"region\":\"France m\\u00e9tropolitaine\",\"postcode\":\"60160\",\"country\":\"France\",\"country_code\":\"fr\",\"building\":\"\",\"house_number\":\"\",\"city\":\"\",\"village\":\"\",\"hamlet\":\"\"},\"boundingbox\":[\"49.2557432\",\"49.2558432\",\"2.4347948\",\"2.4348948\"]}}],\"uuid\":\"marker_66cf3aa449865\"}],\"address\":\"Rue Robert Trin, 60160 Montataire, France Hauts-de-France\",\"layers\":[\"OpenStreetMap.Mapnik\"],\"version\":\"1.5.7\"},\n            },                                    {\n                name: \"Cin\\u00e9ma Path\\u00e9\",\n                link: \"https:\\\/\\\/mairie-montataire.fr\\\/de\\\/annuaires\\\/autres-infrastructures\\\/cinema-pathe\\\/\",\n                data: {\"lat\":49.2595359,\"lng\":2.4536633,\"zoom\":17,\"markers\":[{\"label\":\"Rue \\u00c9mile Zola, 60160 Montataire, France Hauts-de-France\",\"default_label\":\"Rue \\u00c9mile Zola, 60160 Montataire, France Hauts-de-France\",\"lat\":49.2604111,\"lng\":2.4511206,\"geocode\":[{\"name\":\"Path\\u00e9 Montataire, Rue \\u00c9mile Zola, Montataire, Senlis, Oise, Hauts-de-France, France m\\u00e9tropolitaine, 60160, France\",\"html\":\"Rue \\u00c9mile Zola, 60160 Montataire, France Hauts-de-France\",\"center\":{\"lat\":49.2601516,\"lng\":2.4511385},\"bbox\":{\"_southWest\":{\"lat\":49.2601516,\"lng\":2.4511385},\"_northEast\":{\"lat\":49.2601516,\"lng\":2.4511385}},\"properties\":{\"place_id\":83545471,\"licence\":\"Data \\u00a9 OpenStreetMap contributors, ODbL 1.0. http:\\\/\\\/osm.org\\\/copyright\",\"osm_type\":\"node\",\"osm_id\":620865754,\"lat\":\"49.2601516\",\"lon\":\"2.4511385\",\"class\":\"amenity\",\"type\":\"cinema\",\"place_rank\":30,\"importance\":6.561760891122327e-5,\"addresstype\":\"amenity\",\"name\":\"Path\\u00e9 Montataire\",\"display_name\":\"Path\\u00e9 Montataire, Rue \\u00c9mile Zola, Montataire, Senlis, Oise, Hauts-de-France, France m\\u00e9tropolitaine, 60160, France\",\"address\":{\"amenity\":\"Path\\u00e9 Montataire\",\"road\":\"Rue \\u00c9mile Zola\",\"town\":\"Montataire\",\"municipality\":\"Senlis\",\"county\":\"Oise\",\"ISO3166-2-lvl6\":\"FR-60\",\"state\":\"Hauts-de-France\",\"ISO3166-2-lvl4\":\"FR-HDF\",\"region\":\"France m\\u00e9tropolitaine\",\"postcode\":\"60160\",\"country\":\"France\",\"country_code\":\"fr\",\"building\":\"\",\"house_number\":\"\",\"city\":\"\",\"village\":\"\",\"hamlet\":\"\"},\"boundingbox\":[\"49.2601016\",\"49.2602016\",\"2.4510885\",\"2.4511885\"]}}],\"uuid\":\"marker_6697c38aa2a33\"}],\"address\":\"Rue \\u00c9mile Zola, 60160 Montataire, France Hauts-de-France\",\"layers\":[\"OpenStreetMap.Mapnik\"],\"version\":\"1.5.6\"},\n            },                                    {\n                name: \"Cit\\u00e9 \\u00c9ducative\",\n                link: \"https:\\\/\\\/mairie-montataire.fr\\\/de\\\/annuaires\\\/services-municipaux\\\/dejss\\\/cite-educative\\\/\",\n                data: {\"lat\":49.25903,\"lng\":2.4321426,\"zoom\":19,\"markers\":[{\"label\":\"2 Rue Romain Rolland, 60160 Montataire, France Hauts-de-France\",\"default_label\":\"2 Rue Romain Rolland, 60160 Montataire, France Hauts-de-France\",\"lat\":49.2590282,\"lng\":2.4321064,\"geocode\":[{\"name\":\"2, Rue Romain Rolland, Cit\\u00e9 Jules Guesde, Montataire, Senlis, Oise, Hauts-de-France, France m\\u00e9tropolitaine, 60160, France\",\"html\":\"2 Rue Romain Rolland, 60160 Montataire, France Hauts-de-France\",\"center\":{\"lat\":49.2590297,\"lng\":2.4321434525248042},\"bbox\":{\"_southWest\":{\"lat\":49.2590297,\"lng\":2.4321434525248042},\"_northEast\":{\"lat\":49.2590297,\"lng\":2.4321434525248042}},\"properties\":{\"place_id\":83526940,\"licence\":\"Data \\u00a9 OpenStreetMap contributors, ODbL 1.0. http:\\\/\\\/osm.org\\\/copyright\",\"osm_type\":\"way\",\"osm_id\":71315384,\"lat\":\"49.2590297\",\"lon\":\"2.4321434525248042\",\"class\":\"building\",\"type\":\"yes\",\"place_rank\":30,\"importance\":9.99999999995449e-6,\"addresstype\":\"building\",\"name\":\"\",\"display_name\":\"2, Rue Romain Rolland, Cit\\u00e9 Jules Guesde, Montataire, Senlis, Oise, Hauts-de-France, France m\\u00e9tropolitaine, 60160, France\",\"address\":{\"house_number\":\"2\",\"road\":\"Rue Romain Rolland\",\"neighbourhood\":\"Cit\\u00e9 Jules Guesde\",\"town\":\"Montataire\",\"municipality\":\"Senlis\",\"county\":\"Oise\",\"ISO3166-2-lvl6\":\"FR-60\",\"state\":\"Hauts-de-France\",\"ISO3166-2-lvl4\":\"FR-HDF\",\"region\":\"France m\\u00e9tropolitaine\",\"postcode\":\"60160\",\"country\":\"France\",\"country_code\":\"fr\",\"building\":\"\",\"city\":\"\",\"village\":\"\",\"hamlet\":\"\"},\"boundingbox\":[\"49.2589867\",\"49.2590722\",\"2.4320800\",\"2.4322069\"]}}],\"uuid\":\"marker_669926be4856a\"}],\"address\":\"2 Rue Romain Rolland, 60160 Montataire, France Hauts-de-France\",\"layers\":[\"OpenStreetMap.Mapnik\"],\"version\":\"1.5.6\"},\n            },                                    {\n                name: \"Citoyennet\\u00e9, pr\\u00e9vention, m\\u00e9diation\",\n                link: \"https:\\\/\\\/mairie-montataire.fr\\\/de\\\/annuaires\\\/services-municipaux\\\/dejss\\\/citoyennete-prevention-mediation\\\/\",\n                data: {\"lat\":49.2564129,\"lng\":2.4327792,\"zoom\":17,\"markers\":[{\"label\":\"R\\u00e9sidence du Bray 7 Rue \\u00c9tienne Duwes, 60160 Montataire, France Hauts-de-France\",\"default_label\":\"R\\u00e9sidence du Bray 7 Rue \\u00c9tienne Duwes, 60160 Montataire, France Hauts-de-France\",\"lat\":49.2623871,\"lng\":2.4286458,\"geocode\":[],\"uuid\":\"marker_6699296c598ab\"},{\"label\":\"Place Auguste G\\u00e9nie, 60160 Montataire, France Hauts-de-France\",\"default_label\":\"Place Auguste G\\u00e9nie, 60160 Montataire, France Hauts-de-France\",\"lat\":49.2562728,\"lng\":2.4344373,\"geocode\":[{\"name\":\"Mairie de Montataire, Place Auguste G\\u00e9nie, Cit\\u00e9 Jules Guesde, Montataire, Senlis, Oise, Hauts-de-France, France m\\u00e9tropolitaine, 60160, France\",\"html\":\"Place Auguste G\\u00e9nie, 60160 Montataire, France Hauts-de-France\",\"center\":{\"lat\":49.2562877,\"lng\":2.434467034393939},\"bbox\":{\"_southWest\":{\"lat\":49.2562877,\"lng\":2.434467034393939},\"_northEast\":{\"lat\":49.2562877,\"lng\":2.434467034393939}},\"properties\":{\"place_id\":115909238,\"licence\":\"Data \\u00a9 OpenStreetMap contributors, ODbL 1.0. http:\\\/\\\/osm.org\\\/copyright\",\"osm_type\":\"way\",\"osm_id\":71310036,\"lat\":\"49.2562877\",\"lon\":\"2.434467034393939\",\"class\":\"amenity\",\"type\":\"townhall\",\"place_rank\":30,\"importance\":9.99999999995449e-6,\"addresstype\":\"amenity\",\"name\":\"Mairie de Montataire\",\"display_name\":\"Mairie de Montataire, Place Auguste G\\u00e9nie, Cit\\u00e9 Jules Guesde, Montataire, Senlis, Oise, Hauts-de-France, France m\\u00e9tropolitaine, 60160, France\",\"address\":{\"amenity\":\"Mairie de Montataire\",\"road\":\"Place Auguste G\\u00e9nie\",\"neighbourhood\":\"Cit\\u00e9 Jules Guesde\",\"town\":\"Montataire\",\"municipality\":\"Senlis\",\"county\":\"Oise\",\"ISO3166-2-lvl6\":\"FR-60\",\"state\":\"Hauts-de-France\",\"ISO3166-2-lvl4\":\"FR-HDF\",\"region\":\"France m\\u00e9tropolitaine\",\"postcode\":\"60160\",\"country\":\"France\",\"country_code\":\"fr\",\"building\":\"\",\"house_number\":\"\",\"city\":\"\",\"village\":\"\",\"hamlet\":\"\"},\"boundingbox\":[\"49.2562014\",\"49.2563826\",\"2.4342790\",\"2.4346422\"]}}],\"uuid\":\"marker_66c4929c4fdaa\"}],\"address\":\"R\\u00e9sidence du Bray 7 Rue \\u00c9tienne Duwes, 60160 Montataire, France Hauts-de-France\",\"layers\":[\"OpenStreetMap.Mapnik\"],\"version\":\"1.5.6\"},\n            },                                    {\n                name: \"Club Halt\\u00e9rophilie Musculation\",\n                link: \"https:\\\/\\\/mairie-montataire.fr\\\/de\\\/annuaires\\\/associations\\\/sport\\\/club-halterophilie-musculation\\\/\",\n                data: {\"lat\":49.2558352,\"lng\":2.4304971,\"zoom\":18,\"markers\":[],\"address\":\"\",\"layers\":[\"OpenStreetMap.Mapnik\"],\"version\":\"1.5.6\"},\n            },                                    {\n                name: \"Coll\\u00e8ge Anatole France\",\n                link: \"https:\\\/\\\/mairie-montataire.fr\\\/de\\\/annuaires\\\/enseignement\\\/colleges-lycees\\\/college-anatole-france\\\/\",\n                data: {\"lat\":49.2583665,\"lng\":2.4411323,\"zoom\":15,\"markers\":[{\"label\":\"Rue Cyrille-de-Foor, 60160 Montataire, France Hauts-de-France\",\"default_label\":\"Rue Cyrille-de-Foor, 60160 Montataire, France Hauts-de-France\",\"lat\":49.2608312,\"lng\":2.4384062,\"geocode\":[{\"name\":\"Coll\\u00e8ge Anatole France, Rue Cyrille-de-Foor, Les Champarts, Montataire, Senlis, Oise, Hauts-de-France, France m\\u00e9tropolitaine, 60160, France\",\"html\":\"Rue Cyrille-de-Foor, 60160 Montataire, France Hauts-de-France\",\"center\":{\"lat\":49.2610456,\"lng\":2.4387250976814547},\"bbox\":{\"_southWest\":{\"lat\":49.2610456,\"lng\":2.4387250976814547},\"_northEast\":{\"lat\":49.2610456,\"lng\":2.4387250976814547}},\"properties\":{\"place_id\":84055654,\"licence\":\"Data \\u00a9 OpenStreetMap contributors, ODbL 1.0. http:\\\/\\\/osm.org\\\/copyright\",\"osm_type\":\"way\",\"osm_id\":166841682,\"lat\":\"49.2610456\",\"lon\":\"2.4387250976814547\",\"class\":\"amenity\",\"type\":\"school\",\"place_rank\":30,\"importance\":9.99999999995449e-6,\"addresstype\":\"amenity\",\"name\":\"Coll\\u00e8ge Anatole France\",\"display_name\":\"Coll\\u00e8ge Anatole France, Rue Cyrille-de-Foor, Les Champarts, Montataire, Senlis, Oise, Hauts-de-France, France m\\u00e9tropolitaine, 60160, France\",\"address\":{\"amenity\":\"Coll\\u00e8ge Anatole France\",\"road\":\"Rue Cyrille-de-Foor\",\"neighbourhood\":\"Les Champarts\",\"town\":\"Montataire\",\"municipality\":\"Senlis\",\"county\":\"Oise\",\"ISO3166-2-lvl6\":\"FR-60\",\"state\":\"Hauts-de-France\",\"ISO3166-2-lvl4\":\"FR-HDF\",\"region\":\"France m\\u00e9tropolitaine\",\"postcode\":\"60160\",\"country\":\"France\",\"country_code\":\"fr\",\"building\":\"\",\"house_number\":\"\",\"city\":\"\",\"village\":\"\",\"hamlet\":\"\"},\"boundingbox\":[\"49.2596160\",\"49.2623466\",\"2.4367420\",\"2.4404629\"]}}],\"uuid\":\"marker_66912f910fccb\"}],\"address\":\"Rue Cyrille-de-Foor, 60160 Montataire, France Hauts-de-France\",\"layers\":[\"OpenStreetMap.Mapnik\"],\"version\":\"1.5.6\"},\n            },                                    {\n                name: \"Comit\\u00e9 de jumelage Montataire-Dheisheh\",\n                link: \"https:\\\/\\\/mairie-montataire.fr\\\/de\\\/annuaires\\\/associations\\\/jumelage-et-international\\\/comite-de-jumelage-montataire-dheisheh\\\/\",\n                data: {\"lat\":53.5507112,\"lng\":9.9999619,\"zoom\":12,\"markers\":[],\"address\":\"\",\"layers\":[\"OpenStreetMap.Mapnik\"],\"version\":\"1.6.1\"},\n            },                                    {\n                name: \"Compagnie th\\u00e9\\u00e2trale Funambules\\u00a0\",\n                link: \"https:\\\/\\\/mairie-montataire.fr\\\/de\\\/annuaires\\\/associations\\\/culture-et-loisirs\\\/compagnie-theatrale-funambules\\\/\",\n                data: {\"lat\":49.2570501,\"lng\":2.4300385,\"zoom\":12,\"markers\":[],\"address\":\"\",\"layers\":[\"OpenStreetMap.Mapnik\"],\"version\":\"1.6.1\"},\n            },                                    {\n                name: \"Complexe Armand Bellard\",\n                link: \"https:\\\/\\\/mairie-montataire.fr\\\/de\\\/annuaires\\\/structures-sportives\\\/complexe-armand-bellard\\\/\",\n                data: {\"lat\":49.2671255,\"lng\":2.433359,\"zoom\":17,\"markers\":[{\"label\":\"Avenue du 19 Mars 1962, 60160 Montataire, France Hauts-de-France\",\"default_label\":\"Avenue du 19 Mars 1962, 60160 Montataire, France Hauts-de-France\",\"lat\":49.2681479,\"lng\":2.4309458,\"geocode\":[],\"uuid\":\"marker_6697bf2b8fcbc\"}],\"address\":\"Avenue du 19 Mars 1962, 60160 Montataire, France Hauts-de-France\",\"layers\":[\"OpenStreetMap.Mapnik\"],\"version\":\"1.5.6\"},\n            },                                    {\n                name: \"Complexe Marcel Coene\",\n                link: \"https:\\\/\\\/mairie-montataire.fr\\\/de\\\/annuaires\\\/structures-sportives\\\/complexe-marcel-coene\\\/\",\n                data: {\"lat\":49.255387,\"lng\":2.4309477,\"zoom\":18,\"markers\":[{\"label\":\"Avenue Guy M\\u00f4quet, 60160 Montataire, France Hauts-de-France\",\"default_label\":\"Avenue Guy M\\u00f4quet, 60160 Montataire, France Hauts-de-France\",\"lat\":49.2555796,\"lng\":2.429443,\"geocode\":[{\"name\":\"Avenue Guy M\\u00f4quet, Cit\\u00e9 Jules Guesde, Montataire, Senlis, Oise, Hauts-de-France, France m\\u00e9tropolitaine, 60160, France\",\"html\":\"Avenue Guy M\\u00f4quet, 60160 Montataire, France Hauts-de-France\",\"center\":{\"lat\":49.255408,\"lng\":2.4289918785609794},\"bbox\":{\"_southWest\":{\"lat\":49.255408,\"lng\":2.4289918785609794},\"_northEast\":{\"lat\":49.255408,\"lng\":2.4289918785609794}},\"properties\":{\"place_id\":83247603,\"licence\":\"Data \\u00a9 OpenStreetMap contributors, ODbL 1.0. http:\\\/\\\/osm.org\\\/copyright\",\"osm_type\":\"way\",\"osm_id\":83634022,\"lat\":\"49.255408\",\"lon\":\"2.4289918785609794\",\"class\":\"leisure\",\"type\":\"sports_centre\",\"place_rank\":30,\"importance\":9.99999999995449e-6,\"addresstype\":\"leisure\",\"name\":\"\",\"display_name\":\"Avenue Guy M\\u00f4quet, Cit\\u00e9 Jules Guesde, Montataire, Senlis, Oise, Hauts-de-France, France m\\u00e9tropolitaine, 60160, France\",\"address\":{\"road\":\"Avenue Guy M\\u00f4quet\",\"neighbourhood\":\"Cit\\u00e9 Jules Guesde\",\"town\":\"Montataire\",\"municipality\":\"Senlis\",\"county\":\"Oise\",\"ISO3166-2-lvl6\":\"FR-60\",\"state\":\"Hauts-de-France\",\"ISO3166-2-lvl4\":\"FR-HDF\",\"region\":\"France m\\u00e9tropolitaine\",\"postcode\":\"60160\",\"country\":\"France\",\"country_code\":\"fr\",\"building\":\"\",\"house_number\":\"\",\"city\":\"\",\"village\":\"\",\"hamlet\":\"\"},\"boundingbox\":[\"49.2548374\",\"49.2559135\",\"2.4281759\",\"2.4299718\"]}}],\"uuid\":\"marker_6697bdccdac15\"}],\"address\":\"Avenue Guy M\\u00f4quet, 60160 Montataire, France Hauts-de-France\",\"layers\":[\"OpenStreetMap.Mapnik\"],\"version\":\"1.5.6\"},\n            },                                    {\n                name: \"Conf\\u00e9d\\u00e9ration Nationale du Logement (CNL) &#8211; Oise\",\n                link: \"https:\\\/\\\/mairie-montataire.fr\\\/de\\\/annuaires\\\/associations\\\/solidarite\\\/confederation-nationale-du-logement-cnl-oise\\\/\",\n                data: {\"lat\":53.5507112,\"lng\":10.0004768,\"zoom\":12,\"markers\":[],\"address\":\"\",\"layers\":[\"OpenStreetMap.Mapnik\"],\"version\":\"1.5.6\"},\n            },                                    {\n                name: \"Consommation Logement Cadre de Vie (CLCV)  &#8211; Union D\\u00e9partementale de l&rsquo;Oise\",\n                link: \"https:\\\/\\\/mairie-montataire.fr\\\/de\\\/annuaires\\\/associations\\\/solidarite\\\/consommation-logement-cadre-de-vie-clcv-union-locale-clcv-creil-nogent-sur-oise-et-montataire\\\/\",\n                data: {\"lat\":53.5507112,\"lng\":10.0003052,\"zoom\":12,\"markers\":[],\"address\":\"\",\"layers\":[\"OpenStreetMap.Mapnik\"],\"version\":\"1.6.1\"},\n            },                                    {\n                name: \"Cr\\u00e8che\",\n                link: \"https:\\\/\\\/mairie-montataire.fr\\\/de\\\/annuaires\\\/services-municipaux\\\/dejss\\\/creche\\\/\",\n                data: {\"lat\":49.2633238,\"lng\":2.4302101,\"zoom\":12,\"markers\":[{\"label\":\"9 Impasse de l'Argili\\u00e8re, 60160 Montataire, France Hauts-de-France\",\"default_label\":\"9 Impasse de l'Argili\\u00e8re, 60160 Montataire, France Hauts-de-France\",\"lat\":49.2633816,\"lng\":2.4302462,\"geocode\":[],\"uuid\":\"marker_669927623d536\"}],\"address\":\"9 Impasse de l'Argili\\u00e8re, 60160 Montataire, France Hauts-de-France\",\"layers\":[\"OpenStreetMap.Mapnik\"],\"version\":\"1.5.6\"},\n            },                                    {\n                name: \"Docteur Ali Badara KONATE\",\n                link: \"https:\\\/\\\/mairie-montataire.fr\\\/de\\\/annuaires\\\/sante\\\/medecins-generalistes\\\/docteur-ali-badara-konate\\\/\",\n                data: {\"lat\":49.2628757,\"lng\":2.4357033,\"zoom\":12,\"markers\":[{\"label\":\"43 Avenue Anatole France, 60160 Montataire, France Hauts-de-France\",\"default_label\":\"43 Avenue Anatole France, 60160 Montataire, France Hauts-de-France\",\"lat\":49.262862,\"lng\":2.4358466,\"geocode\":[],\"uuid\":\"marker_66990e5baabe0\"}],\"address\":\"43 Avenue Anatole France, 60160 Montataire, France Hauts-de-France\",\"layers\":[\"OpenStreetMap.Mapnik\"],\"version\":\"1.5.7\"},\n            },                                    {\n                name: \"Docteur Francisco ZOIO\",\n                link: \"https:\\\/\\\/mairie-montataire.fr\\\/de\\\/annuaires\\\/sante\\\/dentiste\\\/docteur-francisco-zoio\\\/\",\n                data: {\"lat\":49.2628757,\"lng\":2.4358749,\"zoom\":12,\"markers\":[{\"label\":\"43 Avenue Anatole France, 60160 Montataire, France Hauts-de-France\",\"default_label\":\"43 Avenue Anatole France, 60160 Montataire, France Hauts-de-France\",\"lat\":49.262862,\"lng\":2.4358466,\"geocode\":[],\"uuid\":\"marker_66991107515a5\"}],\"address\":\"43 Avenue Anatole France, 60160 Montataire, France Hauts-de-France\",\"layers\":[\"OpenStreetMap.Mapnik\"],\"version\":\"1.5.7\"},\n            },                                    {\n                name: \"Docteur Fran\\u00e7ois CORDIER\",\n                link: \"https:\\\/\\\/mairie-montataire.fr\\\/de\\\/annuaires\\\/sante\\\/medecins-generalistes\\\/docteur-francois-cordier\\\/\",\n                data: {\"lat\":49.2628757,\"lng\":2.4358749,\"zoom\":12,\"markers\":[{\"label\":\"43 Avenue Anatole France, 60160 Montataire, France Hauts-de-France\",\"default_label\":\"43 Avenue Anatole France, 60160 Montataire, France Hauts-de-France\",\"lat\":49.262862,\"lng\":2.4358466,\"geocode\":[],\"uuid\":\"marker_66990b9614a96\"}],\"address\":\"43 Avenue Anatole France, 60160 Montataire, France Hauts-de-France\",\"layers\":[\"OpenStreetMap.Mapnik\"],\"version\":\"1.5.7\"},\n            },                                    {\n                name: \"Docteur Hamida BOUDHAR\",\n                link: \"https:\\\/\\\/mairie-montataire.fr\\\/de\\\/annuaires\\\/sante\\\/medecins-generalistes\\\/docteur-hamida-boudhar\\\/\",\n                data: {\"lat\":49.2628757,\"lng\":2.4358749,\"zoom\":12,\"markers\":[{\"label\":\"43 Avenue Anatole France, 60160 Montataire, France Hauts-de-France\",\"default_label\":\"43 Avenue Anatole France, 60160 Montataire, France Hauts-de-France\",\"lat\":49.262862,\"lng\":2.4358466,\"geocode\":[],\"uuid\":\"marker_66990b75eadd5\"}],\"address\":\"43 Avenue Anatole France, 60160 Montataire, France Hauts-de-France\",\"layers\":[\"OpenStreetMap.Mapnik\"],\"version\":\"1.5.7\"},\n            },                                    {\n                name: \"Docteur Hortense FRANQUET\",\n                link: \"https:\\\/\\\/mairie-montataire.fr\\\/de\\\/annuaires\\\/sante\\\/dentiste\\\/docteur-hortense-franquet\\\/\",\n                data: {\"lat\":49.2628757,\"lng\":2.4358749,\"zoom\":12,\"markers\":[{\"label\":\"43 Avenue Anatole France, 60160 Montataire, France Hauts-de-France\",\"default_label\":\"43 Avenue Anatole France, 60160 Montataire, France Hauts-de-France\",\"lat\":49.262862,\"lng\":2.4358466,\"geocode\":[],\"uuid\":\"marker_669910fa2dfd6\"}],\"address\":\"43 Avenue Anatole France, 60160 Montataire, France Hauts-de-France\",\"layers\":[\"OpenStreetMap.Mapnik\"],\"version\":\"1.5.7\"},\n            },                                    {\n                name: \"Docteur Jean-Luc BOUDOUX\",\n                link: \"https:\\\/\\\/mairie-montataire.fr\\\/de\\\/annuaires\\\/sante\\\/medecins-generalistes\\\/docteur-jean-luc-boudoux\\\/\",\n                data: {\"lat\":49.2628757,\"lng\":2.4357033,\"zoom\":12,\"markers\":[{\"label\":\"43 Avenue Anatole France, 60160 Montataire, France Hauts-de-France\",\"default_label\":\"43 Avenue Anatole France, 60160 Montataire, France Hauts-de-France\",\"lat\":49.262862,\"lng\":2.4358466,\"geocode\":[],\"uuid\":\"marker_66990b7705fb8\"}],\"address\":\"43 Avenue Anatole France, 60160 Montataire, France Hauts-de-France\",\"layers\":[\"OpenStreetMap.Mapnik\"],\"version\":\"1.5.7\"},\n            },                                    {\n                name: \"Docteur Myriam LAKEHAL\",\n                link: \"https:\\\/\\\/mairie-montataire.fr\\\/de\\\/annuaires\\\/sante\\\/medecins-generalistes\\\/docteur-myriam-lakehal\\\/\",\n                data: {\"lat\":49.2554816,\"lng\":2.4386215,\"zoom\":16,\"markers\":[{\"label\":\"1 Rue des D\\u00e9port\\u00e9s, 60160 Montataire, France Hauts-de-France\",\"default_label\":\"1 Rue des D\\u00e9port\\u00e9s, 60160 Montataire, France Hauts-de-France\",\"lat\":49.2555292,\"lng\":2.4385208,\"geocode\":[],\"uuid\":\"marker_66990ef2c1a49\"}],\"address\":\"1 Rue des D\\u00e9port\\u00e9s, 60160 Montataire, France Hauts-de-France\",\"layers\":[\"OpenStreetMap.Mapnik\"],\"version\":\"1.5.7\"},\n            },                                    {\n                name: \"Docteur Nadji GHARDI &#8211; Psychiatre\",\n                link: \"https:\\\/\\\/mairie-montataire.fr\\\/de\\\/annuaires\\\/sante\\\/autres-professions-de-sante\\\/docteur-nadji-ghardi-psychiatre\\\/\",\n                data: {\"lat\":49.262862,\"lng\":2.4358466,\"zoom\":12,\"markers\":[{\"label\":\"43 Avenue Anatole France, 60160 Montataire, France Hauts-de-France\",\"default_label\":\"43 Avenue Anatole France, 60160 Montataire, France Hauts-de-France\",\"lat\":49.262862,\"lng\":2.4358466,\"geocode\":[{\"name\":\"Maison de Sant\\u00e9, 43, Avenue Anatole France, Les Martinets, Montataire, Senlis, Oise, Hauts-de-France, France m\\u00e9tropolitaine, 60160, France\",\"html\":\"43 Avenue Anatole France, 60160 Montataire, France Hauts-de-France\",\"bbox\":{\"_southWest\":{\"lat\":49.262636,\"lng\":2.4355568},\"_northEast\":{\"lat\":49.2630791,\"lng\":2.4361425}},\"center\":{\"lat\":49.262862,\"lng\":2.4358465773529483},\"properties\":{\"place_id\":84075906,\"licence\":\"Data \\u00a9 OpenStreetMap contributors, ODbL 1.0. http:\\\/\\\/osm.org\\\/copyright\",\"osm_type\":\"way\",\"osm_id\":999083403,\"lat\":\"49.262862\",\"lon\":\"2.4358465773529483\",\"class\":\"amenity\",\"type\":\"doctors\",\"place_rank\":30,\"importance\":9.99999999995449e-6,\"addresstype\":\"amenity\",\"name\":\"Maison de Sant\\u00e9\",\"display_name\":\"Maison de Sant\\u00e9, 43, Avenue Anatole France, Les Martinets, Montataire, Senlis, Oise, Hauts-de-France, France m\\u00e9tropolitaine, 60160, France\",\"address\":{\"amenity\":\"Maison de Sant\\u00e9\",\"house_number\":\"43\",\"road\":\"Avenue Anatole France\",\"quarter\":\"Les Martinets\",\"town\":\"Montataire\",\"municipality\":\"Senlis\",\"county\":\"Oise\",\"ISO3166-2-lvl6\":\"FR-60\",\"state\":\"Hauts-de-France\",\"ISO3166-2-lvl4\":\"FR-HDF\",\"region\":\"France m\\u00e9tropolitaine\",\"postcode\":\"60160\",\"country\":\"France\",\"country_code\":\"fr\",\"building\":\"\",\"city\":\"\",\"village\":\"\",\"hamlet\":\"\"},\"boundingbox\":[49.262636,49.2630791,2.4355568,2.4361425]}}],\"uuid\":\"marker_670938f647fa8\"}],\"address\":\"43 Avenue Anatole France, 60160 Montataire, France Hauts-de-France\",\"layers\":[\"OpenStreetMap.Mapnik\"],\"version\":\"1.5.7\"},\n            },                                    {\n                name: \"Docteur Patrice DACHEUX\",\n                link: \"https:\\\/\\\/mairie-montataire.fr\\\/de\\\/annuaires\\\/sante\\\/medecins-generalistes\\\/docteur-patrice-dacheux\\\/\",\n                data: {\"lat\":49.2628757,\"lng\":2.4358749,\"zoom\":12,\"markers\":[{\"label\":\"43 Avenue Anatole France, 60160 Montataire, France Hauts-de-France\",\"default_label\":\"43 Avenue Anatole France, 60160 Montataire, France Hauts-de-France\",\"lat\":49.262862,\"lng\":2.4358466,\"geocode\":[],\"uuid\":\"marker_66990e0520b0f\"}],\"address\":\"43 Avenue Anatole France, 60160 Montataire, France Hauts-de-France\",\"layers\":[\"OpenStreetMap.Mapnik\"],\"version\":\"1.5.7\"},\n            },                                    {\n                name: \"Docteur Patrick HALIMI\",\n                link: \"https:\\\/\\\/mairie-montataire.fr\\\/de\\\/annuaires\\\/sante\\\/dentiste\\\/docteure-patrick-halimi\\\/\",\n                data: {\"lat\":49.2576173,\"lng\":2.4122018,\"zoom\":18,\"markers\":[{\"label\":\"Rue Salvador Allende, 60160 Montataire, France Hauts-de-France\",\"default_label\":\"Rue Salvador Allende, 60160 Montataire, France Hauts-de-France\",\"lat\":49.2577048,\"lng\":2.4121052,\"geocode\":[{\"name\":\"Rue Salvador Allende, Magenta, Montataire, Senlis, Oise, Hauts-de-France, France m\\u00e9tropolitaine, 60160, France\",\"html\":\"Rue Salvador Allende, 60160 Montataire, France Hauts-de-France\",\"center\":{\"lat\":49.25767075,\"lng\":2.4120186619417274},\"bbox\":{\"_southWest\":{\"lat\":49.25767075,\"lng\":2.4120186619417274},\"_northEast\":{\"lat\":49.25767075,\"lng\":2.4120186619417274}},\"properties\":{\"place_id\":116932807,\"licence\":\"Data \\u00a9 OpenStreetMap contributors, ODbL 1.0. http:\\\/\\\/osm.org\\\/copyright\",\"osm_type\":\"way\",\"osm_id\":1027351055,\"lat\":\"49.25767075\",\"lon\":\"2.4120186619417274\",\"class\":\"amenity\",\"type\":\"parking\",\"place_rank\":30,\"importance\":9.99999999995449e-6,\"addresstype\":\"amenity\",\"name\":\"\",\"display_name\":\"Rue Salvador Allende, Magenta, Montataire, Senlis, Oise, Hauts-de-France, France m\\u00e9tropolitaine, 60160, France\",\"address\":{\"road\":\"Rue Salvador Allende\",\"quarter\":\"Magenta\",\"town\":\"Montataire\",\"municipality\":\"Senlis\",\"county\":\"Oise\",\"ISO3166-2-lvl6\":\"FR-60\",\"state\":\"Hauts-de-France\",\"ISO3166-2-lvl4\":\"FR-HDF\",\"region\":\"France m\\u00e9tropolitaine\",\"postcode\":\"60160\",\"country\":\"France\",\"country_code\":\"fr\",\"building\":\"\",\"house_number\":\"\",\"city\":\"\",\"village\":\"\",\"hamlet\":\"\"},\"boundingbox\":[\"49.2575583\",\"49.2577767\",\"2.4118609\",\"2.4121858\"]}}],\"uuid\":\"marker_669911d3850dc\"}],\"address\":\"Rue Salvador Allende, 60160 Montataire, France Hauts-de-France\",\"layers\":[\"OpenStreetMap.Mapnik\"],\"version\":\"1.5.7\"},\n            },                                    {\n                name: \"Docteur Philippe FAVELIN &#8211; Kin\\u00e9sith\\u00e9rapeute\",\n                link: \"https:\\\/\\\/mairie-montataire.fr\\\/de\\\/annuaires\\\/sante\\\/autres-professions-de-sante\\\/docteur-philippe-favelin-kinesitherapeute\\\/\",\n                data: {\"lat\":49.2560102,\"lng\":2.4347323,\"zoom\":18,\"markers\":[{\"label\":\"9 Place Auguste G\\u00e9nie, 60160 Montataire, France Hauts-de-France\",\"default_label\":\"9 Place Auguste G\\u00e9nie, 60160 Montataire, France Hauts-de-France\",\"lat\":49.2560086,\"lng\":2.4347342,\"geocode\":[],\"uuid\":\"marker_669915f69b0ff\"}],\"address\":\"9 Place Auguste G\\u00e9nie, 60160 Montataire, France Hauts-de-France\",\"layers\":[\"OpenStreetMap.Mapnik\"],\"version\":\"1.5.7\"},\n            },                                    {\n                name: \"Docteur Sofia AISSAOUI\",\n                link: \"https:\\\/\\\/mairie-montataire.fr\\\/de\\\/annuaires\\\/sante\\\/medecins-generalistes\\\/docteur-sofia-aissaoui\\\/\",\n                data: {\"lat\":49.2628757,\"lng\":2.4358749,\"zoom\":12,\"markers\":[{\"label\":\"43 Avenue Anatole France, 60160 Montataire, France Hauts-de-France\",\"default_label\":\"43 Avenue Anatole France, 60160 Montataire, France Hauts-de-France\",\"lat\":49.262862,\"lng\":2.4358466,\"geocode\":[],\"uuid\":\"marker_66990b6eafcc8\"}],\"address\":\"43 Avenue Anatole France, 60160 Montataire, France Hauts-de-France\",\"layers\":[\"OpenStreetMap.Mapnik\"],\"version\":\"1.5.7\"},\n            },                                    {\n                name: \"Docteure Catherine MANGOLD\",\n                link: \"https:\\\/\\\/mairie-montataire.fr\\\/de\\\/annuaires\\\/sante\\\/dentiste\\\/docteure-catherine-mangold\\\/\",\n                data: {\"lat\":49.2576155,\"lng\":2.4122018,\"zoom\":19,\"markers\":[{\"label\":\"Rue Salvador Allende, 60160 Montataire, France Hauts-de-France\",\"default_label\":\"Rue Salvador Allende, 60160 Montataire, France Hauts-de-France\",\"lat\":49.2577206,\"lng\":2.412065,\"geocode\":[{\"name\":\"Rue Salvador Allende, Magenta, Montataire, Senlis, Oise, Hauts-de-France, France m\\u00e9tropolitaine, 60160, France\",\"html\":\"Rue Salvador Allende, 60160 Montataire, France Hauts-de-France\",\"center\":{\"lat\":49.25767075,\"lng\":2.4120186619417274},\"bbox\":{\"_southWest\":{\"lat\":49.25767075,\"lng\":2.4120186619417274},\"_northEast\":{\"lat\":49.25767075,\"lng\":2.4120186619417274}},\"properties\":{\"place_id\":116932807,\"licence\":\"Data \\u00a9 OpenStreetMap contributors, ODbL 1.0. http:\\\/\\\/osm.org\\\/copyright\",\"osm_type\":\"way\",\"osm_id\":1027351055,\"lat\":\"49.25767075\",\"lon\":\"2.4120186619417274\",\"class\":\"amenity\",\"type\":\"parking\",\"place_rank\":30,\"importance\":9.99999999995449e-6,\"addresstype\":\"amenity\",\"name\":\"\",\"display_name\":\"Rue Salvador Allende, Magenta, Montataire, Senlis, Oise, Hauts-de-France, France m\\u00e9tropolitaine, 60160, France\",\"address\":{\"road\":\"Rue Salvador Allende\",\"quarter\":\"Magenta\",\"town\":\"Montataire\",\"municipality\":\"Senlis\",\"county\":\"Oise\",\"ISO3166-2-lvl6\":\"FR-60\",\"state\":\"Hauts-de-France\",\"ISO3166-2-lvl4\":\"FR-HDF\",\"region\":\"France m\\u00e9tropolitaine\",\"postcode\":\"60160\",\"country\":\"France\",\"country_code\":\"fr\",\"building\":\"\",\"house_number\":\"\",\"city\":\"\",\"village\":\"\",\"hamlet\":\"\"},\"boundingbox\":[\"49.2575583\",\"49.2577767\",\"2.4118609\",\"2.4121858\"]}}],\"uuid\":\"marker_66991197bc308\"}],\"address\":\"Rue Salvador Allende, 60160 Montataire, France Hauts-de-France\",\"layers\":[\"OpenStreetMap.Mapnik\"],\"version\":\"1.5.7\"},\n            },                                    {\n                name: \"Docteure C\\u00e9cile CORTANA &#8211; P\\u00e9dicure\\\/Podologue\",\n                link: \"https:\\\/\\\/mairie-montataire.fr\\\/de\\\/annuaires\\\/sante\\\/autres-professions-de-sante\\\/docteure-cecile-cortana-pedicure-podologue\\\/\",\n                data: {\"lat\":49.2628757,\"lng\":2.4358749,\"zoom\":17,\"markers\":[{\"label\":\"43 Avenue Anatole France, 60160 Montataire, France Hauts-de-France\",\"default_label\":\"43 Avenue Anatole France, 60160 Montataire, France Hauts-de-France\",\"lat\":49.262862,\"lng\":2.4358466,\"geocode\":[{\"name\":\"Maison de Sant\\u00e9, 43, Avenue Anatole France, Les Martinets, Montataire, Senlis, Oise, Hauts-de-France, France m\\u00e9tropolitaine, 60160, France\",\"html\":\"43 Avenue Anatole France, 60160 Montataire, France Hauts-de-France\",\"bbox\":{\"_southWest\":{\"lat\":49.262636,\"lng\":2.4355568},\"_northEast\":{\"lat\":49.2630791,\"lng\":2.4361425}},\"center\":{\"lat\":49.262862,\"lng\":2.4358465773529483},\"properties\":{\"place_id\":84075906,\"licence\":\"Data \\u00a9 OpenStreetMap contributors, ODbL 1.0. http:\\\/\\\/osm.org\\\/copyright\",\"osm_type\":\"way\",\"osm_id\":999083403,\"lat\":\"49.262862\",\"lon\":\"2.4358465773529483\",\"class\":\"amenity\",\"type\":\"doctors\",\"place_rank\":30,\"importance\":9.99999999995449e-6,\"addresstype\":\"amenity\",\"name\":\"Maison de Sant\\u00e9\",\"display_name\":\"Maison de Sant\\u00e9, 43, Avenue Anatole France, Les Martinets, Montataire, Senlis, Oise, Hauts-de-France, France m\\u00e9tropolitaine, 60160, France\",\"address\":{\"amenity\":\"Maison de Sant\\u00e9\",\"house_number\":\"43\",\"road\":\"Avenue Anatole France\",\"quarter\":\"Les Martinets\",\"town\":\"Montataire\",\"municipality\":\"Senlis\",\"county\":\"Oise\",\"ISO3166-2-lvl6\":\"FR-60\",\"state\":\"Hauts-de-France\",\"ISO3166-2-lvl4\":\"FR-HDF\",\"region\":\"France m\\u00e9tropolitaine\",\"postcode\":\"60160\",\"country\":\"France\",\"country_code\":\"fr\",\"building\":\"\",\"city\":\"\",\"village\":\"\",\"hamlet\":\"\"},\"boundingbox\":[49.262636,49.2630791,2.4355568,2.4361425]}}],\"uuid\":\"marker_67093959d6386\"}],\"address\":\"43 Avenue Anatole France, 60160 Montataire, France Hauts-de-France\",\"layers\":[\"OpenStreetMap.Mapnik\"],\"version\":\"1.5.7\"},\n            },                                    {\n                name: \"Docteure Christine NGUYEN\",\n                link: \"https:\\\/\\\/mairie-montataire.fr\\\/de\\\/annuaires\\\/sante\\\/dentiste\\\/docteure-christine-nguyen\\\/\",\n                data: {\"lat\":49.2572182,\"lng\":2.4321681,\"zoom\":18,\"markers\":[{\"label\":\"56 Rue de la R\\u00e9publique, 60160 Montataire, France Hauts-de-France\",\"default_label\":\"56 Rue de la R\\u00e9publique, 60160 Montataire, France Hauts-de-France\",\"lat\":49.2567209,\"lng\":2.4322857,\"geocode\":[],\"uuid\":\"marker_669910c7cc1ad\"}],\"address\":\"56 Rue de la R\\u00e9publique, 60160 Montataire, France Hauts-de-France\",\"layers\":[\"OpenStreetMap.Mapnik\"],\"version\":\"1.5.7\"},\n            },                                    {\n                name: \"Docteure Eva BETTAN\",\n                link: \"https:\\\/\\\/mairie-montataire.fr\\\/de\\\/annuaires\\\/sante\\\/dentiste\\\/docteure-eva-bettan\\\/\",\n                data: {\"lat\":49.2577223,\"lng\":2.4121857,\"zoom\":18,\"markers\":[{\"label\":\"Rue Salvador Allende, 60160 Montataire, France Hauts-de-France\",\"default_label\":\"Rue Salvador Allende, 60160 Montataire, France Hauts-de-France\",\"lat\":49.2577468,\"lng\":2.4120569,\"geocode\":[{\"name\":\"Rue Salvador Allende, Magenta, Montataire, Senlis, Oise, Hauts-de-France, France m\\u00e9tropolitaine, 60160, France\",\"html\":\"Rue Salvador Allende, 60160 Montataire, France Hauts-de-France\",\"center\":{\"lat\":49.25767075,\"lng\":2.4120186619417274},\"bbox\":{\"_southWest\":{\"lat\":49.25767075,\"lng\":2.4120186619417274},\"_northEast\":{\"lat\":49.25767075,\"lng\":2.4120186619417274}},\"properties\":{\"place_id\":116932807,\"licence\":\"Data \\u00a9 OpenStreetMap contributors, ODbL 1.0. http:\\\/\\\/osm.org\\\/copyright\",\"osm_type\":\"way\",\"osm_id\":1027351055,\"lat\":\"49.25767075\",\"lon\":\"2.4120186619417274\",\"class\":\"amenity\",\"type\":\"parking\",\"place_rank\":30,\"importance\":9.99999999995449e-6,\"addresstype\":\"amenity\",\"name\":\"\",\"display_name\":\"Rue Salvador Allende, Magenta, Montataire, Senlis, Oise, Hauts-de-France, France m\\u00e9tropolitaine, 60160, France\",\"address\":{\"road\":\"Rue Salvador Allende\",\"quarter\":\"Magenta\",\"town\":\"Montataire\",\"municipality\":\"Senlis\",\"county\":\"Oise\",\"ISO3166-2-lvl6\":\"FR-60\",\"state\":\"Hauts-de-France\",\"ISO3166-2-lvl4\":\"FR-HDF\",\"region\":\"France m\\u00e9tropolitaine\",\"postcode\":\"60160\",\"country\":\"France\",\"country_code\":\"fr\",\"building\":\"\",\"house_number\":\"\",\"city\":\"\",\"village\":\"\",\"hamlet\":\"\"},\"boundingbox\":[\"49.2575583\",\"49.2577767\",\"2.4118609\",\"2.4121858\"]}}],\"uuid\":\"marker_669911e184ad5\"}],\"address\":\"Rue Salvador Allende, 60160 Montataire, France Hauts-de-France\",\"layers\":[\"OpenStreetMap.Mapnik\"],\"version\":\"1.5.7\"},\n            },                                    {\n                name: \"Docteure Lubelia RIBEIRO DA SILVA &#8211; P\\u00e9diatre\",\n                link: \"https:\\\/\\\/mairie-montataire.fr\\\/de\\\/annuaires\\\/sante\\\/autres-professions-de-sante\\\/docteure-lubelia-ribeiro-da-silva-pediatre\\\/\",\n                data: {\"lat\":49.2555376,\"lng\":2.4385357,\"zoom\":16,\"markers\":[{\"label\":\"1 Rue des D\\u00e9port\\u00e9s, 60160 Montataire, France Hauts-de-France\",\"default_label\":\"1 Rue des D\\u00e9port\\u00e9s, 60160 Montataire, France Hauts-de-France\",\"lat\":49.2555292,\"lng\":2.4385208,\"geocode\":[{\"name\":\"Centre m\\u00e9dical, 1, Rue des D\\u00e9port\\u00e9s, Cit\\u00e9 Jules Guesde, Montataire, Senlis, Oise, Hauts-de-France, France m\\u00e9tropolitaine, 60160, France\",\"html\":\"1 Rue des D\\u00e9port\\u00e9s, 60160 Montataire, France Hauts-de-France\",\"bbox\":{\"_southWest\":{\"lat\":49.2554792,\"lng\":2.4384708},\"_northEast\":{\"lat\":49.2555792,\"lng\":2.4385708}},\"center\":{\"lat\":49.2555292,\"lng\":2.4385208},\"properties\":{\"place_id\":83463032,\"licence\":\"Data \\u00a9 OpenStreetMap contributors, ODbL 1.0. http:\\\/\\\/osm.org\\\/copyright\",\"osm_type\":\"node\",\"osm_id\":10706265730,\"lat\":\"49.2555292\",\"lon\":\"2.4385208\",\"class\":\"amenity\",\"type\":\"clinic\",\"place_rank\":30,\"importance\":9.99999999995449e-6,\"addresstype\":\"amenity\",\"name\":\"Centre m\\u00e9dical\",\"display_name\":\"Centre m\\u00e9dical, 1, Rue des D\\u00e9port\\u00e9s, Cit\\u00e9 Jules Guesde, Montataire, Senlis, Oise, Hauts-de-France, France m\\u00e9tropolitaine, 60160, France\",\"address\":{\"amenity\":\"Centre m\\u00e9dical\",\"house_number\":\"1\",\"road\":\"Rue des D\\u00e9port\\u00e9s\",\"neighbourhood\":\"Cit\\u00e9 Jules Guesde\",\"town\":\"Montataire\",\"municipality\":\"Senlis\",\"county\":\"Oise\",\"ISO3166-2-lvl6\":\"FR-60\",\"state\":\"Hauts-de-France\",\"ISO3166-2-lvl4\":\"FR-HDF\",\"region\":\"France m\\u00e9tropolitaine\",\"postcode\":\"60160\",\"country\":\"France\",\"country_code\":\"fr\",\"building\":\"\",\"city\":\"\",\"village\":\"\",\"hamlet\":\"\"},\"boundingbox\":[49.2554792,49.2555792,2.4384708,2.4385708]}}],\"uuid\":\"marker_67093b2857344\"}],\"address\":\"1 Rue des D\\u00e9port\\u00e9s, 60160 Montataire, France Hauts-de-France\",\"layers\":[\"OpenStreetMap.Mapnik\"],\"version\":\"1.5.7\"},\n            },                                    {\n                name: \"Docteure Lucille BOUDOUX\",\n                link: \"https:\\\/\\\/mairie-montataire.fr\\\/de\\\/annuaires\\\/sante\\\/medecins-generalistes\\\/docteure-lucille-boudoux\\\/\",\n                data: {\"lat\":49.2628757,\"lng\":2.4358749,\"zoom\":12,\"markers\":[{\"label\":\"43 Avenue Anatole France, 60160 Montataire, France Hauts-de-France\",\"default_label\":\"43 Avenue Anatole France, 60160 Montataire, France Hauts-de-France\",\"lat\":49.262862,\"lng\":2.4358466,\"geocode\":[],\"uuid\":\"marker_66990b7a4a993\"}],\"address\":\"43 Avenue Anatole France, 60160 Montataire, France Hauts-de-France\",\"layers\":[\"OpenStreetMap.Mapnik\"],\"version\":\"1.5.7\"},\n            },                                    {\n                name: \"Docteure Mariam EL KHLOUFI &#8211; Psychologue clinicienne\",\n                link: \"https:\\\/\\\/mairie-montataire.fr\\\/de\\\/annuaires\\\/sante\\\/autres-professions-de-sante\\\/docteure-mariam-el-khloufi-psychologue-clinicienne\\\/\",\n                data: {\"lat\":49.2628757,\"lng\":2.4358749,\"zoom\":16,\"markers\":[{\"label\":\"43 Avenue Anatole France, 60160 Montataire, France Hauts-de-France\",\"default_label\":\"43 Avenue Anatole France, 60160 Montataire, France Hauts-de-France\",\"lat\":49.262862,\"lng\":2.4358466,\"geocode\":[],\"uuid\":\"marker_66991c94110ca\"}],\"address\":\"43 Avenue Anatole France, 60160 Montataire, France Hauts-de-France\",\"layers\":[\"OpenStreetMap.Mapnik\"],\"version\":\"1.5.7\"},\n            },                                    {\n                name: \"Docteure Rima DUBOIS\",\n                link: \"https:\\\/\\\/mairie-montataire.fr\\\/de\\\/annuaires\\\/sante\\\/dentiste\\\/docteure-rima-dubois\\\/\",\n                data: {\"lat\":49.2628757,\"lng\":2.4358749,\"zoom\":12,\"markers\":[{\"label\":\"43 Avenue Anatole France, 60160 Montataire, France Hauts-de-France\",\"default_label\":\"43 Avenue Anatole France, 60160 Montataire, France Hauts-de-France\",\"lat\":49.262862,\"lng\":2.4358466,\"geocode\":[],\"uuid\":\"marker_669910ecaf78a\"}],\"address\":\"43 Avenue Anatole France, 60160 Montataire, France Hauts-de-France\",\"layers\":[\"OpenStreetMap.Mapnik\"],\"version\":\"1.5.7\"},\n            },                                    {\n                name: \"Docteure Salima BOUHAMIDA\",\n                link: \"https:\\\/\\\/mairie-montataire.fr\\\/de\\\/annuaires\\\/sante\\\/medecins-generalistes\\\/docteure-salima-bouhamida\\\/\",\n                data: {\"lat\":49.2628757,\"lng\":2.4358749,\"zoom\":12,\"markers\":[{\"label\":\"43 Avenue Anatole France, 60160 Montataire, France Hauts-de-France\",\"default_label\":\"43 Avenue Anatole France, 60160 Montataire, France Hauts-de-France\",\"lat\":49.262862,\"lng\":2.4358466,\"geocode\":[],\"uuid\":\"marker_66990b7d80d02\"}],\"address\":\"43 Avenue Anatole France, 60160 Montataire, France Hauts-de-France\",\"layers\":[\"OpenStreetMap.Mapnik\"],\"version\":\"1.5.7\"},\n            },                                    {\n                name: \"Docteure Virginie DAMBRINNE &#8211; Psychologue clinicienne\",\n                link: \"https:\\\/\\\/mairie-montataire.fr\\\/de\\\/annuaires\\\/sante\\\/autres-professions-de-sante\\\/docteure-virginie-dambrinne-psychologue-clinicienne\\\/\",\n                data: {\"lat\":49.2628757,\"lng\":2.4358749,\"zoom\":15,\"markers\":[{\"label\":\"43 Avenue Anatole France, 60160 Montataire, France Hauts-de-France\",\"default_label\":\"43 Avenue Anatole France, 60160 Montataire, France Hauts-de-France\",\"lat\":49.262862,\"lng\":2.4358466,\"geocode\":[],\"uuid\":\"marker_66991c8a32ce4\"}],\"address\":\"43 Avenue Anatole France, 60160 Montataire, France Hauts-de-France\",\"layers\":[\"OpenStreetMap.Mapnik\"],\"version\":\"1.5.7\"},\n            },                                    {\n                name: \"Dojo d\\u00e9partemental Creil Sud Oise\",\n                link: \"https:\\\/\\\/mairie-montataire.fr\\\/de\\\/annuaires\\\/structures-sportives\\\/dojo-departemental-creil-sud-oise\\\/\",\n                data: {\"lat\":49.2672515,\"lng\":2.4588293,\"zoom\":17,\"markers\":[{\"label\":\"D 200, 60180 Nogent-sur-Oise, France Hauts-de-France\",\"default_label\":\"D 200, 60180 Nogent-sur-Oise, France Hauts-de-France\",\"lat\":49.2669994,\"lng\":2.4585235,\"geocode\":[{\"name\":\"Complexe sportif Marie Curie, D 200, Les Fonds de Montataire, Nogent-sur-Oise, Senlis, Oise, Hauts-de-France, France m\\u00e9tropolitaine, 60180, France\",\"html\":\"D 200, 60180 Nogent-sur-Oise, France Hauts-de-France\",\"center\":{\"lat\":49.266099100000005,\"lng\":2.457455657293962},\"bbox\":{\"_southWest\":{\"lat\":49.266099100000005,\"lng\":2.457455657293962},\"_northEast\":{\"lat\":49.266099100000005,\"lng\":2.457455657293962}},\"properties\":{\"place_id\":83460247,\"licence\":\"Data \\u00a9 OpenStreetMap contributors, ODbL 1.0. http:\\\/\\\/osm.org\\\/copyright\",\"osm_type\":\"way\",\"osm_id\":1008107818,\"lat\":\"49.266099100000005\",\"lon\":\"2.457455657293962\",\"class\":\"leisure\",\"type\":\"sports_centre\",\"place_rank\":30,\"importance\":9.99999999995449e-6,\"addresstype\":\"leisure\",\"name\":\"Complexe sportif Marie Curie\",\"display_name\":\"Complexe sportif Marie Curie, D 200, Les Fonds de Montataire, Nogent-sur-Oise, Senlis, Oise, Hauts-de-France, France m\\u00e9tropolitaine, 60180, France\",\"address\":{\"leisure\":\"Complexe sportif Marie Curie\",\"road\":\"D 200\",\"neighbourhood\":\"Les Fonds de Montataire\",\"town\":\"Nogent-sur-Oise\",\"municipality\":\"Senlis\",\"county\":\"Oise\",\"ISO3166-2-lvl6\":\"FR-60\",\"state\":\"Hauts-de-France\",\"ISO3166-2-lvl4\":\"FR-HDF\",\"region\":\"France m\\u00e9tropolitaine\",\"postcode\":\"60180\",\"country\":\"France\",\"country_code\":\"fr\",\"building\":\"\",\"house_number\":\"\",\"city\":\"\",\"village\":\"\",\"hamlet\":\"\"},\"boundingbox\":[\"49.2641264\",\"49.2679999\",\"2.4562844\",\"2.4599006\"]}}],\"uuid\":\"marker_6697c1d49b7df\"}],\"address\":\"D 200, 60180 Nogent-sur-Oise, France Hauts-de-France\",\"layers\":[\"OpenStreetMap.Mapnik\"],\"version\":\"1.5.6\"},\n            },                                    {\n                name: \"Dojo Marc Taildeman\",\n                link: \"https:\\\/\\\/mairie-montataire.fr\\\/de\\\/annuaires\\\/structures-sportives\\\/dojo-marc-taildeman\\\/\",\n                data: {\"lat\":49.2626412,\"lng\":2.4366581,\"zoom\":18,\"markers\":[{\"label\":\"Rue des Roinssettes, 60160 Montataire, France Hauts-de-France\",\"default_label\":\"Rue des Roinssettes, 60160 Montataire, France Hauts-de-France\",\"lat\":49.2628057,\"lng\":2.4363685,\"geocode\":[{\"name\":\"Dojo Marc Taildeman, Rue des Roinssettes, Les Champarts, Montataire, Senlis, Oise, Hauts-de-France, France m\\u00e9tropolitaine, 60160, France\",\"html\":\"Rue des Roinssettes, 60160 Montataire, France Hauts-de-France\",\"center\":{\"lat\":49.262817749999996,\"lng\":2.43642649636553},\"bbox\":{\"_southWest\":{\"lat\":49.262817749999996,\"lng\":2.43642649636553},\"_northEast\":{\"lat\":49.262817749999996,\"lng\":2.43642649636553}},\"properties\":{\"place_id\":83957065,\"licence\":\"Data \\u00a9 OpenStreetMap contributors, ODbL 1.0. http:\\\/\\\/osm.org\\\/copyright\",\"osm_type\":\"way\",\"osm_id\":71315479,\"lat\":\"49.262817749999996\",\"lon\":\"2.43642649636553\",\"class\":\"leisure\",\"type\":\"sports_centre\",\"place_rank\":30,\"importance\":9.99999999995449e-6,\"addresstype\":\"leisure\",\"name\":\"Dojo Marc Taildeman\",\"display_name\":\"Dojo Marc Taildeman, Rue des Roinssettes, Les Champarts, Montataire, Senlis, Oise, Hauts-de-France, France m\\u00e9tropolitaine, 60160, France\",\"address\":{\"leisure\":\"Dojo Marc Taildeman\",\"road\":\"Rue des Roinssettes\",\"neighbourhood\":\"Les Champarts\",\"town\":\"Montataire\",\"municipality\":\"Senlis\",\"county\":\"Oise\",\"ISO3166-2-lvl6\":\"FR-60\",\"state\":\"Hauts-de-France\",\"ISO3166-2-lvl4\":\"FR-HDF\",\"region\":\"France m\\u00e9tropolitaine\",\"postcode\":\"60160\",\"country\":\"France\",\"country_code\":\"fr\",\"building\":\"\",\"house_number\":\"\",\"city\":\"\",\"village\":\"\",\"hamlet\":\"\"},\"boundingbox\":[\"49.2627231\",\"49.2629158\",\"2.4362506\",\"2.4366454\"]}}],\"uuid\":\"marker_66b5d40205d5c\"}],\"address\":\"Rue des Roinssettes, 60160 Montataire, France Hauts-de-France\",\"layers\":[\"OpenStreetMap.Mapnik\"],\"version\":\"1.5.7\"},\n            },                                    {\n                name: \"\\u00c9changes Franco-Allemands\",\n                link: \"https:\\\/\\\/mairie-montataire.fr\\\/de\\\/annuaires\\\/associations\\\/jumelage-et-international\\\/echanges-franco-allemands\\\/\",\n                data: {\"lat\":53.5507112,\"lng\":9.9999619,\"zoom\":12,\"markers\":[],\"address\":\"\",\"layers\":[\"OpenStreetMap.Mapnik\"],\"version\":\"1.5.6\"},\n            },                                    {\n                name: \"\\u00c9cole \\u00e9l\\u00e9mentaire Edmond L\\u00e9veill\\u00e9\",\n                link: \"https:\\\/\\\/mairie-montataire.fr\\\/de\\\/annuaires\\\/enseignement\\\/ecoles\\\/ecole-elementaire-edmond-leveille\\\/\",\n                data: {\"lat\":49.2580602,\"lng\":2.4349402,\"zoom\":19,\"markers\":[{\"label\":\"127, rue Jacques Duclos - 60160 Montataire\",\"default_label\":\"Sentier des \\u00c9coles, 60160 Montataire, France Hauts-de-France\",\"lat\":49.2579814,\"lng\":2.4351159,\"geocode\":[{\"name\":\"\\u00c9cole \\u00e9l\\u00e9mentaire Edmond Leveille, Sentier des \\u00c9coles, Cit\\u00e9 Jules Guesde, Montataire, Senlis, Oise, Hauts-de-France, France m\\u00e9tropolitaine, 60160, France\",\"html\":\"Sentier des \\u00c9coles, 60160 Montataire, France Hauts-de-France\",\"center\":{\"lat\":49.25802725,\"lng\":2.4353195317795624},\"bbox\":{\"_southWest\":{\"lat\":49.25802725,\"lng\":2.4353195317795624},\"_northEast\":{\"lat\":49.25802725,\"lng\":2.4353195317795624}},\"properties\":{\"place_id\":83961281,\"licence\":\"Data \\u00a9 OpenStreetMap contributors, ODbL 1.0. http:\\\/\\\/osm.org\\\/copyright\",\"osm_type\":\"way\",\"osm_id\":180716753,\"lat\":\"49.25802725\",\"lon\":\"2.4353195317795624\",\"class\":\"amenity\",\"type\":\"school\",\"place_rank\":30,\"importance\":9.99999999995449e-6,\"addresstype\":\"amenity\",\"name\":\"\\u00c9cole \\u00e9l\\u00e9mentaire Edmond Leveille\",\"display_name\":\"\\u00c9cole \\u00e9l\\u00e9mentaire Edmond Leveille, Sentier des \\u00c9coles, Cit\\u00e9 Jules Guesde, Montataire, Senlis, Oise, Hauts-de-France, France m\\u00e9tropolitaine, 60160, France\",\"address\":{\"amenity\":\"\\u00c9cole \\u00e9l\\u00e9mentaire Edmond Leveille\",\"road\":\"Sentier des \\u00c9coles\",\"neighbourhood\":\"Cit\\u00e9 Jules Guesde\",\"town\":\"Montataire\",\"municipality\":\"Senlis\",\"county\":\"Oise\",\"ISO3166-2-lvl6\":\"FR-60\",\"state\":\"Hauts-de-France\",\"ISO3166-2-lvl4\":\"FR-HDF\",\"region\":\"France m\\u00e9tropolitaine\",\"postcode\":\"60160\",\"country\":\"France\",\"country_code\":\"fr\",\"building\":\"\",\"house_number\":\"\",\"city\":\"\",\"village\":\"\",\"hamlet\":\"\"},\"boundingbox\":[\"49.2576970\",\"49.2583821\",\"2.4346668\",\"2.4358245\"]}}],\"uuid\":\"marker_6694f829aea43\"}],\"address\":\"127, rue Jacques Duclos - 60160 Montataire\",\"layers\":[\"OpenStreetMap.Mapnik\"],\"version\":\"1.5.6\"},\n            },                                    {\n                name: \"\\u00c9cole \\u00e9l\\u00e9mentaire Ir\\u00e8ne &#038; Fr\\u00e9d\\u00e9ric Joliot Curie\",\n                link: \"https:\\\/\\\/mairie-montataire.fr\\\/de\\\/annuaires\\\/enseignement\\\/ecoles\\\/ecole-elementaire-irene-frederic-joliot-curie\\\/\",\n                data: {\"lat\":49.2554676,\"lng\":2.4438031,\"zoom\":16,\"markers\":[{\"label\":\"Rue Louis Blanc, 60160 Montataire, France Hauts-de-France\",\"default_label\":\"Rue Louis Blanc, 60160 Montataire, France Hauts-de-France\",\"lat\":49.2561258,\"lng\":2.4486637,\"geocode\":[{\"name\":\"\\u00c9cole \\u00e9l\\u00e9mentaire Joliot-Curie, Rue Louis Blanc, Montataire, Senlis, Oise, Hauts-de-France, France m\\u00e9tropolitaine, 60160, France\",\"html\":\"Rue Louis Blanc, 60160 Montataire, France Hauts-de-France\",\"center\":{\"lat\":49.2561656,\"lng\":2.448369379842286},\"bbox\":{\"_southWest\":{\"lat\":49.2561656,\"lng\":2.448369379842286},\"_northEast\":{\"lat\":49.2561656,\"lng\":2.448369379842286}},\"properties\":{\"place_id\":84179765,\"licence\":\"Data \\u00a9 OpenStreetMap contributors, ODbL 1.0. http:\\\/\\\/osm.org\\\/copyright\",\"osm_type\":\"way\",\"osm_id\":994976372,\"lat\":\"49.2561656\",\"lon\":\"2.448369379842286\",\"class\":\"amenity\",\"type\":\"school\",\"place_rank\":30,\"importance\":6.561760891122327e-5,\"addresstype\":\"amenity\",\"name\":\"\\u00c9cole \\u00e9l\\u00e9mentaire Joliot-Curie\",\"display_name\":\"\\u00c9cole \\u00e9l\\u00e9mentaire Joliot-Curie, Rue Louis Blanc, Montataire, Senlis, Oise, Hauts-de-France, France m\\u00e9tropolitaine, 60160, France\",\"address\":{\"amenity\":\"\\u00c9cole \\u00e9l\\u00e9mentaire Joliot-Curie\",\"road\":\"Rue Louis Blanc\",\"town\":\"Montataire\",\"municipality\":\"Senlis\",\"county\":\"Oise\",\"ISO3166-2-lvl6\":\"FR-60\",\"state\":\"Hauts-de-France\",\"ISO3166-2-lvl4\":\"FR-HDF\",\"region\":\"France m\\u00e9tropolitaine\",\"postcode\":\"60160\",\"country\":\"France\",\"country_code\":\"fr\",\"building\":\"\",\"house_number\":\"\",\"city\":\"\",\"village\":\"\",\"hamlet\":\"\"},\"boundingbox\":[\"49.2557337\",\"49.2565549\",\"2.4474634\",\"2.4491490\"]}}],\"uuid\":\"marker_66912cca1d8bb\"}],\"address\":\"Rue Louis Blanc, 60160 Montataire, France Hauts-de-France\",\"layers\":[\"OpenStreetMap.Mapnik\"],\"version\":\"1.5.6\"},\n            },                                    {\n                name: \"\\u00c9cole \\u00e9l\\u00e9mentaire Jacques Decour\",\n                link: \"https:\\\/\\\/mairie-montataire.fr\\\/de\\\/annuaires\\\/enseignement\\\/ecoles\\\/ecole-elementaire-jacques-decour\\\/\",\n                data: {\"lat\":49.2653402,\"lng\":2.432439,\"zoom\":18,\"markers\":[{\"label\":\"Avenue Anatole France, 60160 Montataire, France Hauts-de-France\",\"default_label\":\"Avenue Anatole France, 60160 Montataire, France Hauts-de-France\",\"lat\":49.2657988,\"lng\":2.4314547,\"geocode\":[{\"name\":\"\\u00c9cole \\u00e9l\\u00e9mentaire Jacques Decour, Avenue Anatole France, Les Martinets, Montataire, Senlis, Oise, Hauts-de-France, France m\\u00e9tropolitaine, 60160, France\",\"html\":\"Avenue Anatole France, 60160 Montataire, France Hauts-de-France\",\"center\":{\"lat\":49.26589865,\"lng\":2.4315174137773914},\"bbox\":{\"_southWest\":{\"lat\":49.26589865,\"lng\":2.4315174137773914},\"_northEast\":{\"lat\":49.26589865,\"lng\":2.4315174137773914}},\"properties\":{\"place_id\":83748629,\"licence\":\"Data \\u00a9 OpenStreetMap contributors, ODbL 1.0. http:\\\/\\\/osm.org\\\/copyright\",\"osm_type\":\"way\",\"osm_id\":994947353,\"lat\":\"49.26589865\",\"lon\":\"2.4315174137773914\",\"class\":\"amenity\",\"type\":\"school\",\"place_rank\":30,\"importance\":9.99999999995449e-6,\"addresstype\":\"amenity\",\"name\":\"\\u00c9cole \\u00e9l\\u00e9mentaire Jacques Decour\",\"display_name\":\"\\u00c9cole \\u00e9l\\u00e9mentaire Jacques Decour, Avenue Anatole France, Les Martinets, Montataire, Senlis, Oise, Hauts-de-France, France m\\u00e9tropolitaine, 60160, France\",\"address\":{\"amenity\":\"\\u00c9cole \\u00e9l\\u00e9mentaire Jacques Decour\",\"road\":\"Avenue Anatole France\",\"quarter\":\"Les Martinets\",\"town\":\"Montataire\",\"municipality\":\"Senlis\",\"county\":\"Oise\",\"ISO3166-2-lvl6\":\"FR-60\",\"state\":\"Hauts-de-France\",\"ISO3166-2-lvl4\":\"FR-HDF\",\"region\":\"France m\\u00e9tropolitaine\",\"postcode\":\"60160\",\"country\":\"France\",\"country_code\":\"fr\",\"building\":\"\",\"house_number\":\"\",\"city\":\"\",\"village\":\"\",\"hamlet\":\"\"},\"boundingbox\":[\"49.2654097\",\"49.2663985\",\"2.4310103\",\"2.4319497\"]}}],\"uuid\":\"marker_6694f954a82e4\"}],\"address\":\"Avenue Anatole France, 60160 Montataire, France Hauts-de-France\",\"layers\":[\"OpenStreetMap.Mapnik\"],\"version\":\"1.5.6\"},\n            },                                    {\n                name: \"\\u00c9cole \\u00e9l\\u00e9mentaire Paul Langevin\",\n                link: \"https:\\\/\\\/mairie-montataire.fr\\\/de\\\/annuaires\\\/enseignement\\\/ecoles\\\/ecole-elementaire-paul-langevin\\\/\",\n                data: {\"lat\":49.2580444,\"lng\":2.434382,\"zoom\":16,\"markers\":[{\"label\":\"19, rue du 8 Mai 45 - 60160 Montataire\",\"default_label\":\"Cav\\u00e9e des Aiguillons, 60160 Montataire, France Hauts-de-France\",\"lat\":49.2597914,\"lng\":2.4240993,\"geocode\":[],\"uuid\":\"marker_6694f10ed44c4\"}],\"address\":\"19, rue du 8 Mai 45 - 60160 Montataire\",\"layers\":[\"OpenStreetMap.Mapnik\"],\"version\":\"1.5.6\"},\n            },                                    {\n                name: \"\\u00c9cole maternelle Henri Wallon\",\n                link: \"https:\\\/\\\/mairie-montataire.fr\\\/de\\\/annuaires\\\/enseignement\\\/ecoles\\\/ecole-henri-wallon\\\/\",\n                data: {\"lat\":49.2608277,\"lng\":2.4283835,\"zoom\":18,\"markers\":[{\"label\":\"Rue Jules Uhry, 60160 Montataire, France Hauts-de-France\",\"default_label\":\"Rue Jules Uhry, 60160 Montataire, France Hauts-de-France\",\"lat\":49.2605477,\"lng\":2.4291051,\"geocode\":[{\"name\":\"\\u00c9cole maternelle Henri Wallon, Rue Jules Uhry, Cav\\u00e9e de Gr\\u00eale, Montataire, Senlis, Oise, Hauts-de-France, France m\\u00e9tropolitaine, 60160, France\",\"html\":\"Rue Jules Uhry, 60160 Montataire, France Hauts-de-France\",\"center\":{\"lat\":49.2606087,\"lng\":2.4291088862086134},\"bbox\":{\"_southWest\":{\"lat\":49.2606087,\"lng\":2.4291088862086134},\"_northEast\":{\"lat\":49.2606087,\"lng\":2.4291088862086134}},\"properties\":{\"place_id\":118458519,\"licence\":\"Data \\u00a9 OpenStreetMap contributors, ODbL 1.0. http:\\\/\\\/osm.org\\\/copyright\",\"osm_type\":\"way\",\"osm_id\":994947336,\"lat\":\"49.2606087\",\"lon\":\"2.4291088862086134\",\"class\":\"amenity\",\"type\":\"school\",\"place_rank\":30,\"importance\":6.561760891122327e-5,\"addresstype\":\"amenity\",\"name\":\"\\u00c9cole maternelle Henri Wallon\",\"display_name\":\"\\u00c9cole maternelle Henri Wallon, Rue Jules Uhry, Cav\\u00e9e de Gr\\u00eale, Montataire, Senlis, Oise, Hauts-de-France, France m\\u00e9tropolitaine, 60160, France\",\"address\":{\"amenity\":\"\\u00c9cole maternelle Henri Wallon\",\"road\":\"Rue Jules Uhry\",\"neighbourhood\":\"Cav\\u00e9e de Gr\\u00eale\",\"town\":\"Montataire\",\"municipality\":\"Senlis\",\"county\":\"Oise\",\"ISO3166-2-lvl6\":\"FR-60\",\"state\":\"Hauts-de-France\",\"ISO3166-2-lvl4\":\"FR-HDF\",\"region\":\"France m\\u00e9tropolitaine\",\"postcode\":\"60160\",\"country\":\"France\",\"country_code\":\"fr\",\"building\":\"\",\"house_number\":\"\",\"city\":\"\",\"village\":\"\",\"hamlet\":\"\"},\"boundingbox\":[\"49.2601170\",\"49.2609925\",\"2.4283287\",\"2.4297050\"]}}],\"uuid\":\"marker_66953339ccdee\"}],\"address\":\"Rue Jules Uhry, 60160 Montataire, France Hauts-de-France\",\"layers\":[\"OpenStreetMap.Mapnik\"],\"version\":\"1.5.6\"},\n            },                                    {\n                name: \"\\u00c9cole maternelle Ir\\u00e8ne &#038; Fr\\u00e9d\\u00e9ric Joliot Curie\",\n                link: \"https:\\\/\\\/mairie-montataire.fr\\\/de\\\/annuaires\\\/enseignement\\\/ecoles\\\/ecole-maternelle-irene-frederic-joliot-curie\\\/\",\n                data: {\"lat\":49.2556986,\"lng\":2.4420394,\"zoom\":17,\"markers\":[{\"label\":\"32 Rue Louis Blanc, 60160 Montataire, France Hauts-de-France\",\"default_label\":\"32 Rue Louis Blanc, 60160 Montataire, France Hauts-de-France\",\"lat\":49.2559834,\"lng\":2.4492617,\"geocode\":[],\"uuid\":\"marker_66952b67040df\"}],\"address\":\"32 Rue Louis Blanc, 60160 Montataire, France Hauts-de-France\",\"layers\":[\"OpenStreetMap.Mapnik\"],\"version\":\"1.5.6\"},\n            },                                    {\n                name: \"\\u00c9cole maternelle Jacques Decour I\",\n                link: \"https:\\\/\\\/mairie-montataire.fr\\\/de\\\/annuaires\\\/enseignement\\\/ecoles\\\/ecole-maternelle-jacques-decour-i\\\/\",\n                data: {\"lat\":49.2608872,\"lng\":2.4328491,\"zoom\":15,\"markers\":[{\"label\":\"Rue Paul Vaillant-Couturier, 60160 Montataire, France Hauts-de-France\",\"default_label\":\"Rue Paul Vaillant-Couturier, 60160 Montataire, France Hauts-de-France\",\"lat\":49.2655642,\"lng\":2.4309182,\"geocode\":[{\"name\":\"\\u00c9cole maternelle Jacques Decour I, Rue Paul Vaillant-Couturier, Cav\\u00e9e de Gr\\u00eale, Montataire, Senlis, Oise, Hauts-de-France, France m\\u00e9tropolitaine, 60160, France\",\"html\":\"Rue Paul Vaillant-Couturier, 60160 Montataire, France Hauts-de-France\",\"center\":{\"lat\":49.2655781,\"lng\":2.431054464878531},\"bbox\":{\"_southWest\":{\"lat\":49.2655781,\"lng\":2.431054464878531},\"_northEast\":{\"lat\":49.2655781,\"lng\":2.431054464878531}},\"properties\":{\"place_id\":84050889,\"licence\":\"Data \\u00a9 OpenStreetMap contributors, ODbL 1.0. http:\\\/\\\/osm.org\\\/copyright\",\"osm_type\":\"way\",\"osm_id\":994947354,\"lat\":\"49.2655781\",\"lon\":\"2.431054464878531\",\"class\":\"amenity\",\"type\":\"school\",\"place_rank\":30,\"importance\":9.99999999995449e-6,\"addresstype\":\"amenity\",\"name\":\"\\u00c9cole maternelle Jacques Decour I\",\"display_name\":\"\\u00c9cole maternelle Jacques Decour I, Rue Paul Vaillant-Couturier, Cav\\u00e9e de Gr\\u00eale, Montataire, Senlis, Oise, Hauts-de-France, France m\\u00e9tropolitaine, 60160, France\",\"address\":{\"amenity\":\"\\u00c9cole maternelle Jacques Decour I\",\"road\":\"Rue Paul Vaillant-Couturier\",\"neighbourhood\":\"Cav\\u00e9e de Gr\\u00eale\",\"town\":\"Montataire\",\"municipality\":\"Senlis\",\"county\":\"Oise\",\"ISO3166-2-lvl6\":\"FR-60\",\"state\":\"Hauts-de-France\",\"ISO3166-2-lvl4\":\"FR-HDF\",\"region\":\"France m\\u00e9tropolitaine\",\"postcode\":\"60160\",\"country\":\"France\",\"country_code\":\"fr\",\"building\":\"\",\"house_number\":\"\",\"city\":\"\",\"village\":\"\",\"hamlet\":\"\"},\"boundingbox\":[\"49.2652982\",\"49.2659595\",\"2.4307119\",\"2.4314579\"]}}],\"uuid\":\"marker_669530edadf56\"}],\"address\":\"Rue Paul Vaillant-Couturier, 60160 Montataire, France Hauts-de-France\",\"layers\":[\"OpenStreetMap.Mapnik\"],\"version\":\"1.5.6\"},\n            },                                    {\n                name: \"\\u00c9cole maternelle Jacques Decour II\",\n                link: \"https:\\\/\\\/mairie-montataire.fr\\\/de\\\/annuaires\\\/enseignement\\\/ecoles\\\/ecole-elementaire-jacques-decour-ii\\\/\",\n                data: {\"lat\":49.2610273,\"lng\":2.4346514,\"zoom\":15,\"markers\":[{\"label\":\"Rue Jacques Decour, 60160 Montataire, France Hauts-de-France\",\"default_label\":\"Rue Jacques Decour, 60160 Montataire, France Hauts-de-France\",\"lat\":49.2652002,\"lng\":2.4313903,\"geocode\":[{\"name\":\"\\u00c9cole maternelle Jacques Decour 2, Rue Jacques Decour, Les Martinets, Montataire, Senlis, Oise, Hauts-de-France, France m\\u00e9tropolitaine, 60160, France\",\"html\":\"Rue Jacques Decour, 60160 Montataire, France Hauts-de-France\",\"center\":{\"lat\":49.265247,\"lng\":2.4315005208425906},\"bbox\":{\"_southWest\":{\"lat\":49.265247,\"lng\":2.4315005208425906},\"_northEast\":{\"lat\":49.265247,\"lng\":2.4315005208425906}},\"properties\":{\"place_id\":82807291,\"licence\":\"Data \\u00a9 OpenStreetMap contributors, ODbL 1.0. http:\\\/\\\/osm.org\\\/copyright\",\"osm_type\":\"way\",\"osm_id\":994947355,\"lat\":\"49.265247\",\"lon\":\"2.4315005208425906\",\"class\":\"amenity\",\"type\":\"school\",\"place_rank\":30,\"importance\":9.99999999995449e-6,\"addresstype\":\"amenity\",\"name\":\"\\u00c9cole maternelle Jacques Decour 2\",\"display_name\":\"\\u00c9cole maternelle Jacques Decour 2, Rue Jacques Decour, Les Martinets, Montataire, Senlis, Oise, Hauts-de-France, France m\\u00e9tropolitaine, 60160, France\",\"address\":{\"amenity\":\"\\u00c9cole maternelle Jacques Decour 2\",\"road\":\"Rue Jacques Decour\",\"quarter\":\"Les Martinets\",\"town\":\"Montataire\",\"municipality\":\"Senlis\",\"county\":\"Oise\",\"ISO3166-2-lvl6\":\"FR-60\",\"state\":\"Hauts-de-France\",\"ISO3166-2-lvl4\":\"FR-HDF\",\"region\":\"France m\\u00e9tropolitaine\",\"postcode\":\"60160\",\"country\":\"France\",\"country_code\":\"fr\",\"building\":\"\",\"house_number\":\"\",\"city\":\"\",\"village\":\"\",\"hamlet\":\"\"},\"boundingbox\":[\"49.2649638\",\"49.2654893\",\"2.4310347\",\"2.4319014\"]}}],\"uuid\":\"marker_66c45d22ce0d6\"}],\"address\":\"Rue Jacques Decour, 60160 Montataire, France Hauts-de-France\",\"layers\":[\"OpenStreetMap.Mapnik\"],\"version\":\"1.5.6\"},\n            },                                    {\n                name: \"\\u00c9cole maternelle Jean Mac\\u00e9\",\n                link: \"https:\\\/\\\/mairie-montataire.fr\\\/de\\\/annuaires\\\/enseignement\\\/ecoles\\\/ecole-jean-mace\\\/\",\n                data: {\"lat\":49.2563219,\"lng\":2.4375379,\"zoom\":17,\"markers\":[{\"label\":\"Rue de l'\\u00c9glise, 60160 Montataire, France Hauts-de-France\",\"default_label\":\"Rue de l'\\u00c9glise, 60160 Montataire, France Hauts-de-France\",\"lat\":49.2568313,\"lng\":2.4388173,\"geocode\":[{\"name\":\"\\u00c9cole maternelle Jean Mac\\u00e9, Rue de l'\\u00c9glise, Cit\\u00e9 Jules Guesde, Montataire, Senlis, Oise, Hauts-de-France, France m\\u00e9tropolitaine, 60160, France\",\"html\":\"Rue de l'\\u00c9glise, 60160 Montataire, France Hauts-de-France\",\"center\":{\"lat\":49.25694455,\"lng\":2.438784611874273},\"bbox\":{\"_southWest\":{\"lat\":49.25694455,\"lng\":2.438784611874273},\"_northEast\":{\"lat\":49.25694455,\"lng\":2.438784611874273}},\"properties\":{\"place_id\":115549117,\"licence\":\"Data \\u00a9 OpenStreetMap contributors, ODbL 1.0. http:\\\/\\\/osm.org\\\/copyright\",\"osm_type\":\"way\",\"osm_id\":180717052,\"lat\":\"49.25694455\",\"lon\":\"2.438784611874273\",\"class\":\"amenity\",\"type\":\"school\",\"place_rank\":30,\"importance\":9.99999999995449e-6,\"addresstype\":\"amenity\",\"name\":\"\\u00c9cole maternelle Jean Mac\\u00e9\",\"display_name\":\"\\u00c9cole maternelle Jean Mac\\u00e9, Rue de l'\\u00c9glise, Cit\\u00e9 Jules Guesde, Montataire, Senlis, Oise, Hauts-de-France, France m\\u00e9tropolitaine, 60160, France\",\"address\":{\"amenity\":\"\\u00c9cole maternelle Jean Mac\\u00e9\",\"road\":\"Rue de l'\\u00c9glise\",\"neighbourhood\":\"Cit\\u00e9 Jules Guesde\",\"town\":\"Montataire\",\"municipality\":\"Senlis\",\"county\":\"Oise\",\"ISO3166-2-lvl6\":\"FR-60\",\"state\":\"Hauts-de-France\",\"ISO3166-2-lvl4\":\"FR-HDF\",\"region\":\"France m\\u00e9tropolitaine\",\"postcode\":\"60160\",\"country\":\"France\",\"country_code\":\"fr\",\"building\":\"\",\"house_number\":\"\",\"city\":\"\",\"village\":\"\",\"hamlet\":\"\"},\"boundingbox\":[\"49.2567446\",\"49.2571438\",\"2.4384568\",\"2.4391146\"]}}],\"uuid\":\"marker_6695303e0ac14\"}],\"address\":\"Rue de l'\\u00c9glise, 60160 Montataire, France Hauts-de-France\",\"layers\":[\"OpenStreetMap.Mapnik\"],\"version\":\"1.5.7\"},\n            },                                    {\n                name: \"\\u00c9cole maternelle Paul Langevin\",\n                link: \"https:\\\/\\\/mairie-montataire.fr\\\/de\\\/annuaires\\\/enseignement\\\/ecoles\\\/ecole-maternelle-paul-langevin\\\/\",\n                data: {\"lat\":49.2585416,\"lng\":2.4240893,\"zoom\":17,\"markers\":[{\"label\":\"Rue du 8 Mai 1945, 60160 Montataire, France Hauts-de-France\",\"default_label\":\"Rue du 8 Mai 1945, 60160 Montataire, France Hauts-de-France\",\"lat\":49.2585381,\"lng\":2.424096,\"geocode\":[],\"uuid\":\"marker_66952de9c9b3b\"}],\"address\":\"Rue du 8 Mai 1945, 60160 Montataire, France Hauts-de-France\",\"layers\":[\"OpenStreetMap.Mapnik\"],\"version\":\"1.5.6\"},\n            },                                    {\n                name: \"\\u00c9cole primaire Dani\\u00e8le Casanova\",\n                link: \"https:\\\/\\\/mairie-montataire.fr\\\/de\\\/annuaires\\\/enseignement\\\/ecoles\\\/ecole-primaire-daniele-casanova\\\/\",\n                data: {\"lat\":49.2577223,\"lng\":2.4214869,\"zoom\":16,\"markers\":[{\"label\":\"Rue Salvador Allende, 60160 Montataire, France Hauts-de-France\",\"default_label\":\"Rue Salvador Allende, 60160 Montataire, France Hauts-de-France\",\"lat\":49.2586431,\"lng\":2.410748,\"geocode\":[{\"name\":\"\\u00c9cole primaire Dani\\u00e8le Casanova, Rue Salvador Allende, Magenta, Montataire, Senlis, Oise, Hauts-de-France, France m\\u00e9tropolitaine, 60160, France\",\"html\":\"Rue Salvador Allende, 60160 Montataire, France Hauts-de-France\",\"center\":{\"lat\":49.258544799999996,\"lng\":2.4109619177459667},\"bbox\":{\"_southWest\":{\"lat\":49.258544799999996,\"lng\":2.4109619177459667},\"_northEast\":{\"lat\":49.258544799999996,\"lng\":2.4109619177459667}},\"properties\":{\"place_id\":82952567,\"licence\":\"Data \\u00a9 OpenStreetMap contributors, ODbL 1.0. http:\\\/\\\/osm.org\\\/copyright\",\"osm_type\":\"way\",\"osm_id\":1005503611,\"lat\":\"49.258544799999996\",\"lon\":\"2.4109619177459667\",\"class\":\"amenity\",\"type\":\"school\",\"place_rank\":30,\"importance\":9.99999999995449e-6,\"addresstype\":\"amenity\",\"name\":\"\\u00c9cole primaire Dani\\u00e8le Casanova\",\"display_name\":\"\\u00c9cole primaire Dani\\u00e8le Casanova, Rue Salvador Allende, Magenta, Montataire, Senlis, Oise, Hauts-de-France, France m\\u00e9tropolitaine, 60160, France\",\"address\":{\"amenity\":\"\\u00c9cole primaire Dani\\u00e8le Casanova\",\"road\":\"Rue Salvador Allende\",\"quarter\":\"Magenta\",\"town\":\"Montataire\",\"municipality\":\"Senlis\",\"county\":\"Oise\",\"ISO3166-2-lvl6\":\"FR-60\",\"state\":\"Hauts-de-France\",\"ISO3166-2-lvl4\":\"FR-HDF\",\"region\":\"France m\\u00e9tropolitaine\",\"postcode\":\"60160\",\"country\":\"France\",\"country_code\":\"fr\",\"building\":\"\",\"house_number\":\"\",\"city\":\"\",\"village\":\"\",\"hamlet\":\"\"},\"boundingbox\":[\"49.2581383\",\"49.2589540\",\"2.4104866\",\"2.4114235\"]}}],\"uuid\":\"marker_669528d7fddc4\"}],\"address\":\"Rue Salvador Allende, 60160 Montataire, France Hauts-de-France\",\"layers\":[\"OpenStreetMap.Mapnik\"],\"version\":\"1.5.6\"},\n            },                                    {\n                name: \"\\u00c9cole primaire Jean Jaur\\u00e8s\",\n                link: \"https:\\\/\\\/mairie-montataire.fr\\\/de\\\/annuaires\\\/enseignement\\\/ecoles\\\/jean-jaures\\\/\",\n                data: {\"lat\":53.5507112,\"lng\":10.0004768,\"zoom\":12,\"markers\":[],\"address\":\"\",\"layers\":[\"OpenStreetMap.Mapnik\"],\"version\":\"1.5.6\"},\n            },                                    {\n                name: \"\\u00c9cole primaire Maurice &#038; Lucie Bambier\",\n                link: \"https:\\\/\\\/mairie-montataire.fr\\\/de\\\/annuaires\\\/enseignement\\\/ecoles\\\/ecole-primaire-maurice-lucie-bambier\\\/\",\n                data: {\"lat\":49.2641185,\"lng\":2.4282736,\"zoom\":18,\"markers\":[{\"label\":\"Rue de la R\\u00e9volution Fran\\u00e7aise, 60160 Montataire, France Hauts-de-France\",\"default_label\":\"Rue de la R\\u00e9volution Fran\\u00e7aise, 60160 Montataire, France Hauts-de-France\",\"lat\":49.2639084,\"lng\":2.4276727,\"geocode\":[{\"name\":\"\\u00c9cole primaire Maurice Bambier, Rue de la R\\u00e9volution Fran\\u00e7aise, Cav\\u00e9e de Gr\\u00eale, Montataire, Senlis, Oise, Hauts-de-France, France m\\u00e9tropolitaine, 60160, France\",\"html\":\"Rue de la R\\u00e9volution Fran\\u00e7aise, 60160 Montataire, France Hauts-de-France\",\"center\":{\"lat\":49.26388395,\"lng\":2.427596472125189},\"bbox\":{\"_southWest\":{\"lat\":49.26388395,\"lng\":2.427596472125189},\"_northEast\":{\"lat\":49.26388395,\"lng\":2.427596472125189}},\"properties\":{\"place_id\":83606258,\"licence\":\"Data \\u00a9 OpenStreetMap contributors, ODbL 1.0. http:\\\/\\\/osm.org\\\/copyright\",\"osm_type\":\"way\",\"osm_id\":995549668,\"lat\":\"49.26388395\",\"lon\":\"2.427596472125189\",\"class\":\"amenity\",\"type\":\"school\",\"place_rank\":30,\"importance\":9.99999999995449e-6,\"addresstype\":\"amenity\",\"name\":\"\\u00c9cole primaire Maurice Bambier\",\"display_name\":\"\\u00c9cole primaire Maurice Bambier, Rue de la R\\u00e9volution Fran\\u00e7aise, Cav\\u00e9e de Gr\\u00eale, Montataire, Senlis, Oise, Hauts-de-France, France m\\u00e9tropolitaine, 60160, France\",\"address\":{\"amenity\":\"\\u00c9cole primaire Maurice Bambier\",\"road\":\"Rue de la R\\u00e9volution Fran\\u00e7aise\",\"neighbourhood\":\"Cav\\u00e9e de Gr\\u00eale\",\"town\":\"Montataire\",\"municipality\":\"Senlis\",\"county\":\"Oise\",\"ISO3166-2-lvl6\":\"FR-60\",\"state\":\"Hauts-de-France\",\"ISO3166-2-lvl4\":\"FR-HDF\",\"region\":\"France m\\u00e9tropolitaine\",\"postcode\":\"60160\",\"country\":\"France\",\"country_code\":\"fr\",\"building\":\"\",\"house_number\":\"\",\"city\":\"\",\"village\":\"\",\"hamlet\":\"\"},\"boundingbox\":[\"49.2633168\",\"49.2645849\",\"2.4269190\",\"2.4282186\"]}}],\"uuid\":\"marker_66952836ac376\"}],\"address\":\"Rue de la R\\u00e9volution Fran\\u00e7aise, 60160 Montataire, France Hauts-de-France\",\"layers\":[\"OpenStreetMap.Mapnik\"],\"version\":\"1.5.7\"},\n            },                                    {\n                name: \"ejcm\",\n                link: \"https:\\\/\\\/mairie-montataire.fr\\\/de\\\/annuaires\\\/associations\\\/jeunesse-education-et-insertion\\\/ejcm\\\/\",\n                data: {\"lat\":49.2570501,\"lng\":2.4300385,\"zoom\":12,\"markers\":[],\"address\":\"\",\"layers\":[\"OpenStreetMap.Mapnik\"],\"version\":\"1.6.1\"},\n            },                                    {\n                name: \"Ensemble &#038; Solidaires &#8211; Union Nationale des Retrait\\u00e9s et des personnes \\u00c2g\\u00e9es (UNRPA)\",\n                link: \"https:\\\/\\\/mairie-montataire.fr\\\/de\\\/annuaires\\\/associations\\\/culture-et-loisirs\\\/ensemble-solidaires-union-nationale-des-retraites-et-des-personnes-agees-unrpa\\\/\",\n                data: {\"lat\":53.5507112,\"lng\":9.9997902,\"zoom\":12,\"markers\":[],\"address\":\"\",\"layers\":[\"OpenStreetMap.Mapnik\"],\"version\":\"1.5.6\"},\n            },                                    {\n                name: \"Espace de Rencontres\",\n                link: \"https:\\\/\\\/mairie-montataire.fr\\\/de\\\/annuaires\\\/location-de-salles\\\/espace-de-rencontres\\\/\",\n                data: {\"lat\":49.2602431,\"lng\":2.4538887,\"zoom\":17,\"markers\":[{\"label\":\"Rue \\u00c9mile Zola, 60160 Montataire, France Hauts-de-France\",\"default_label\":\"Rue \\u00c9mile Zola, 60160 Montataire, France Hauts-de-France\",\"lat\":49.2612023,\"lng\":2.4528909,\"geocode\":[{\"name\":\"Espace des Rencontres, Rue \\u00c9mile Zola, Les Fonds de Montataire, Montataire, Senlis, Oise, Hauts-de-France, France m\\u00e9tropolitaine, 60160, France\",\"html\":\"Rue \\u00c9mile Zola, 60160 Montataire, France Hauts-de-France\",\"center\":{\"lat\":49.261145049999996,\"lng\":2.4528780367835896},\"bbox\":{\"_southWest\":{\"lat\":49.261145049999996,\"lng\":2.4528780367835896},\"_northEast\":{\"lat\":49.261145049999996,\"lng\":2.4528780367835896}},\"properties\":{\"place_id\":84179424,\"licence\":\"Data \\u00a9 OpenStreetMap contributors, ODbL 1.0. http:\\\/\\\/osm.org\\\/copyright\",\"osm_type\":\"way\",\"osm_id\":747940433,\"lat\":\"49.261145049999996\",\"lon\":\"2.4528780367835896\",\"class\":\"amenity\",\"type\":\"community_centre\",\"place_rank\":30,\"importance\":9.99999999995449e-6,\"addresstype\":\"amenity\",\"name\":\"Espace des Rencontres\",\"display_name\":\"Espace des Rencontres, Rue \\u00c9mile Zola, Les Fonds de Montataire, Montataire, Senlis, Oise, Hauts-de-France, France m\\u00e9tropolitaine, 60160, France\",\"address\":{\"amenity\":\"Espace des Rencontres\",\"road\":\"Rue \\u00c9mile Zola\",\"neighbourhood\":\"Les Fonds de Montataire\",\"town\":\"Montataire\",\"municipality\":\"Senlis\",\"county\":\"Oise\",\"ISO3166-2-lvl6\":\"FR-60\",\"state\":\"Hauts-de-France\",\"ISO3166-2-lvl4\":\"FR-HDF\",\"region\":\"France m\\u00e9tropolitaine\",\"postcode\":\"60160\",\"country\":\"France\",\"country_code\":\"fr\",\"building\":\"\",\"house_number\":\"\",\"city\":\"\",\"village\":\"\",\"hamlet\":\"\"},\"boundingbox\":[\"49.2609692\",\"49.2613248\",\"2.4526855\",\"2.4530716\"]}}],\"uuid\":\"marker_669661a314252\"}],\"address\":\"Rue \\u00c9mile Zola, 60160 Montataire, France Hauts-de-France\",\"layers\":[\"OpenStreetMap.Mapnik\"],\"version\":\"1.6.1\"},\n            },                                    {\n                name: \"Espace Huberte d&rsquo;Hoker\",\n                link: \"https:\\\/\\\/mairie-montataire.fr\\\/de\\\/annuaires\\\/services-municipaux\\\/dcsdt\\\/espace-huberte-dhoker\\\/\",\n                data: {\"lat\":49.264297,\"lng\":2.4353653,\"zoom\":17,\"markers\":[{\"label\":\"84 Avenue Anatole France, 60160 Montataire, France Hauts-de-France\",\"default_label\":\"84 Avenue Anatole France, 60160 Montataire, France Hauts-de-France\",\"lat\":49.264297,\"lng\":2.4324417,\"geocode\":[{\"name\":\"Diagonal, 84, Avenue Anatole France, Les Martinets, Montataire, Senlis, Oise, Hauts-de-France, France m\\u00e9tropolitaine, 60160, France\",\"html\":\"84 Avenue Anatole France, 60160 Montataire, France Hauts-de-France\",\"center\":{\"lat\":49.2643599,\"lng\":2.4325973},\"bbox\":{\"_southWest\":{\"lat\":49.2643599,\"lng\":2.4325973},\"_northEast\":{\"lat\":49.2643599,\"lng\":2.4325973}},\"properties\":{\"place_id\":116351825,\"licence\":\"Data \\u00a9 OpenStreetMap contributors, ODbL 1.0. http:\\\/\\\/osm.org\\\/copyright\",\"osm_type\":\"node\",\"osm_id\":9623674576,\"lat\":\"49.2643599\",\"lon\":\"2.4325973\",\"class\":\"shop\",\"type\":\"supermarket\",\"place_rank\":30,\"importance\":9.99999999995449e-6,\"addresstype\":\"shop\",\"name\":\"Diagonal\",\"display_name\":\"Diagonal, 84, Avenue Anatole France, Les Martinets, Montataire, Senlis, Oise, Hauts-de-France, France m\\u00e9tropolitaine, 60160, France\",\"address\":{\"shop\":\"Diagonal\",\"house_number\":\"84\",\"road\":\"Avenue Anatole France\",\"quarter\":\"Les Martinets\",\"town\":\"Montataire\",\"municipality\":\"Senlis\",\"county\":\"Oise\",\"ISO3166-2-lvl6\":\"FR-60\",\"state\":\"Hauts-de-France\",\"ISO3166-2-lvl4\":\"FR-HDF\",\"region\":\"France m\\u00e9tropolitaine\",\"postcode\":\"60160\",\"country\":\"France\",\"country_code\":\"fr\",\"building\":\"\",\"city\":\"\",\"village\":\"\",\"hamlet\":\"\"},\"boundingbox\":[\"49.2643099\",\"49.2644099\",\"2.4325473\",\"2.4326473\"]}}],\"uuid\":\"marker_66c46bc21935b\"}],\"address\":\"84 Avenue Anatole France, 60160 Montataire, France Hauts-de-France\",\"layers\":[\"OpenStreetMap.Mapnik\"],\"version\":\"1.5.6\"},\n            },                                    {\n                name: \"Esp\\u00e9rance Municipale de Montataire\",\n                link: \"https:\\\/\\\/mairie-montataire.fr\\\/de\\\/annuaires\\\/associations\\\/sport\\\/esperance-municipale-de-montataire\\\/\",\n                data: {\"lat\":49.2674405,\"lng\":2.4312615,\"zoom\":17,\"markers\":[],\"address\":\"\",\"layers\":[\"OpenStreetMap.Mapnik\"],\"version\":\"1.6.1\"},\n            },                                    {\n                name: \"FCPE Anatole France\",\n                link: \"https:\\\/\\\/mairie-montataire.fr\\\/de\\\/annuaires\\\/associations\\\/jeunesse-education-et-insertion\\\/fcpe-anatole-france\\\/\",\n                data: {\"lat\":53.5507112,\"lng\":10.0001335,\"zoom\":12,\"markers\":[],\"address\":\"\",\"layers\":[\"OpenStreetMap.Mapnik\"],\"version\":\"1.5.6\"},\n            },                                    {\n                name: \"FCPE Andr\\u00e9 Malraux\",\n                link: \"https:\\\/\\\/mairie-montataire.fr\\\/de\\\/annuaires\\\/associations\\\/jeunesse-education-et-insertion\\\/fcpe-andre-malraux\\\/\",\n                data: {\"lat\":53.5507112,\"lng\":10.0003052,\"zoom\":12,\"markers\":[],\"address\":\"\",\"layers\":[\"OpenStreetMap.Mapnik\"],\"version\":\"1.5.6\"},\n            },                                    {\n                name: \"F\\u00e9d\\u00e9ration Nationale des Anciens Combattants en Alg\\u00e9rie, Tunisie, Maroc (FNACA)\",\n                link: \"https:\\\/\\\/mairie-montataire.fr\\\/de\\\/annuaires\\\/associations\\\/memoire-et-patrimoine\\\/federation-nationale-des-anciens-combattants-en-algerie-tunisie-maroc-fnaca\\\/\",\n                data: {\"lat\":53.5507112,\"lng\":10.0006485,\"zoom\":12,\"markers\":[],\"address\":\"\",\"layers\":[\"OpenStreetMap.Mapnik\"],\"version\":\"1.5.6\"},\n            },                                    {\n                name: \"F\\u00e9d\\u00e9ration Nationale des D\\u00e9port\\u00e9s, Intern\\u00e9s, R\\u00e9sistants et Patriotes (FNDIRP) &#8211; Oise\",\n                link: \"https:\\\/\\\/mairie-montataire.fr\\\/de\\\/annuaires\\\/associations\\\/memoire-et-patrimoine\\\/federation-nationale-des-deportes-internes-resistants-et-patriotes-fndirp-oise\\\/\",\n                data: {\"lat\":53.5507112,\"lng\":10.0004768,\"zoom\":12,\"markers\":[],\"address\":\"\",\"layers\":[\"OpenStreetMap.Mapnik\"],\"version\":\"1.5.6\"},\n            },                                    {\n                name: \"Femmes Solidaires\",\n                link: \"https:\\\/\\\/mairie-montataire.fr\\\/de\\\/annuaires\\\/associations\\\/solidarite\\\/femmes-solidaires\\\/\",\n                data: {\"lat\":53.5507112,\"lng\":10.0004768,\"zoom\":12,\"markers\":[],\"address\":\"\",\"layers\":[\"OpenStreetMap.Mapnik\"],\"version\":\"1.5.6\"},\n            },                                    {\n                name: \"Gabon Solidarit\\u00e9 de France\",\n                link: \"https:\\\/\\\/mairie-montataire.fr\\\/de\\\/annuaires\\\/associations\\\/jumelage-et-international\\\/gabon-solidarite-de-france\\\/\",\n                data: {\"lat\":53.5507112,\"lng\":9.9999619,\"zoom\":12,\"markers\":[],\"address\":\"\",\"layers\":[\"OpenStreetMap.Mapnik\"],\"version\":\"1.5.6\"},\n            },                                    {\n                name: \"Groupe m\\u00e9dical Marfan\",\n                link: \"https:\\\/\\\/mairie-montataire.fr\\\/de\\\/annuaires\\\/sante\\\/structures-sante\\\/groupe-medical-marfan\\\/\",\n                data: {\"lat\":49.255443,\"lng\":2.4384874,\"zoom\":18,\"markers\":[{\"label\":\"1 Rue des D\\u00e9port\\u00e9s, 60160 Montataire, France Hauts-de-France\",\"default_label\":\"1 Rue des D\\u00e9port\\u00e9s, 60160 Montataire, France Hauts-de-France\",\"lat\":49.2555411,\"lng\":2.4385276,\"geocode\":[{\"name\":\"Centre m\\u00e9dical, 1, Rue des D\\u00e9port\\u00e9s, Cit\\u00e9 Jules Guesde, Montataire, Senlis, Oise, Hauts-de-France, France m\\u00e9tropolitaine, 60160, France\",\"html\":\"1 Rue des D\\u00e9port\\u00e9s, 60160 Montataire, France Hauts-de-France\",\"center\":{\"lat\":49.2555292,\"lng\":2.4385208},\"bbox\":{\"_southWest\":{\"lat\":49.2555292,\"lng\":2.4385208},\"_northEast\":{\"lat\":49.2555292,\"lng\":2.4385208}},\"properties\":{\"place_id\":115748918,\"licence\":\"Data \\u00a9 OpenStreetMap contributors, ODbL 1.0. http:\\\/\\\/osm.org\\\/copyright\",\"osm_type\":\"node\",\"osm_id\":10706265730,\"lat\":\"49.2555292\",\"lon\":\"2.4385208\",\"class\":\"amenity\",\"type\":\"clinic\",\"place_rank\":30,\"importance\":9.99999999995449e-6,\"addresstype\":\"amenity\",\"name\":\"Centre m\\u00e9dical\",\"display_name\":\"Centre m\\u00e9dical, 1, Rue des D\\u00e9port\\u00e9s, Cit\\u00e9 Jules Guesde, Montataire, Senlis, Oise, Hauts-de-France, France m\\u00e9tropolitaine, 60160, France\",\"address\":{\"amenity\":\"Centre m\\u00e9dical\",\"house_number\":\"1\",\"road\":\"Rue des D\\u00e9port\\u00e9s\",\"neighbourhood\":\"Cit\\u00e9 Jules Guesde\",\"town\":\"Montataire\",\"municipality\":\"Senlis\",\"county\":\"Oise\",\"ISO3166-2-lvl6\":\"FR-60\",\"state\":\"Hauts-de-France\",\"ISO3166-2-lvl4\":\"FR-HDF\",\"region\":\"France m\\u00e9tropolitaine\",\"postcode\":\"60160\",\"country\":\"France\",\"country_code\":\"fr\",\"building\":\"\",\"city\":\"\",\"village\":\"\",\"hamlet\":\"\"},\"boundingbox\":[\"49.2554792\",\"49.2555792\",\"2.4384708\",\"2.4385708\"]}}],\"uuid\":\"marker_66cf3a273cf97\"}],\"address\":\"1 Rue des D\\u00e9port\\u00e9s, 60160 Montataire, France Hauts-de-France\",\"layers\":[\"OpenStreetMap.Mapnik\"],\"version\":\"1.5.7\"},\n            },                                    {\n                name: \"Gymnase Michel Bouchoux\",\n                link: \"https:\\\/\\\/mairie-montataire.fr\\\/de\\\/annuaires\\\/structures-sportives\\\/gymnase-michel-bouchoux\\\/\",\n                data: {\"lat\":49.2578134,\"lng\":2.453025,\"zoom\":17,\"markers\":[{\"label\":\"77 Rue Louis Blanc, 60160 Montataire, France Hauts-de-France\",\"default_label\":\"77 Rue Louis Blanc, 60160 Montataire, France Hauts-de-France\",\"lat\":49.2576943,\"lng\":2.4503589,\"geocode\":[{\"name\":\"Salle de gymnastique Michel Bouchoux, 77, Rue Louis Blanc, Montataire, Senlis, Oise, Hauts-de-France, France m\\u00e9tropolitaine, 60160, France\",\"html\":\"77 Rue Louis Blanc, 60160 Montataire, France Hauts-de-France\",\"center\":{\"lat\":49.2576945,\"lng\":2.450412955618151},\"bbox\":{\"_southWest\":{\"lat\":49.2576945,\"lng\":2.450412955618151},\"_northEast\":{\"lat\":49.2576945,\"lng\":2.450412955618151}},\"properties\":{\"place_id\":115959517,\"licence\":\"Data \\u00a9 OpenStreetMap contributors, ODbL 1.0. http:\\\/\\\/osm.org\\\/copyright\",\"osm_type\":\"relation\",\"osm_id\":13047149,\"lat\":\"49.2576945\",\"lon\":\"2.450412955618151\",\"class\":\"leisure\",\"type\":\"sports_hall\",\"place_rank\":30,\"importance\":9.99999999995449e-6,\"addresstype\":\"leisure\",\"name\":\"Salle de gymnastique Michel Bouchoux\",\"display_name\":\"Salle de gymnastique Michel Bouchoux, 77, Rue Louis Blanc, Montataire, Senlis, Oise, Hauts-de-France, France m\\u00e9tropolitaine, 60160, France\",\"address\":{\"leisure\":\"Salle de gymnastique Michel Bouchoux\",\"house_number\":\"77\",\"road\":\"Rue Louis Blanc\",\"town\":\"Montataire\",\"municipality\":\"Senlis\",\"county\":\"Oise\",\"ISO3166-2-lvl6\":\"FR-60\",\"state\":\"Hauts-de-France\",\"ISO3166-2-lvl4\":\"FR-HDF\",\"region\":\"France m\\u00e9tropolitaine\",\"postcode\":\"60160\",\"country\":\"France\",\"country_code\":\"fr\",\"building\":\"\",\"city\":\"\",\"village\":\"\",\"hamlet\":\"\"},\"boundingbox\":[\"49.2574872\",\"49.2578987\",\"2.4500519\",\"2.4507370\"]}}],\"uuid\":\"marker_6697bf5eb9aec\"}],\"address\":\"77 Rue Louis Blanc, 60160 Montataire, France Hauts-de-France\",\"layers\":[\"OpenStreetMap.Mapnik\"],\"version\":\"1.5.6\"},\n            },                                    {\n                name: \"Gymnase Paul Langevin\",\n                link: \"https:\\\/\\\/mairie-montataire.fr\\\/de\\\/annuaires\\\/structures-sportives\\\/gymnase-paul-langevin\\\/\",\n                data: {\"lat\":49.259837,\"lng\":2.4245614,\"zoom\":17,\"markers\":[{\"label\":\"Cav\\u00e9e des Aiguillons, 60160 Montataire, France Hauts-de-France\",\"default_label\":\"Cav\\u00e9e des Aiguillons, 60160 Montataire, France Hauts-de-France\",\"lat\":49.259788,\"lng\":2.4246204,\"geocode\":[{\"name\":\"Gymnase Paul Langevin, Cav\\u00e9e des Aiguillons, Les Tertres, Montataire, Senlis, Oise, Hauts-de-France, France m\\u00e9tropolitaine, 60160, France\",\"html\":\"Cav\\u00e9e des Aiguillons, 60160 Montataire, France Hauts-de-France\",\"center\":{\"lat\":49.25978725,\"lng\":2.4246207197578005},\"bbox\":{\"_southWest\":{\"lat\":49.25978725,\"lng\":2.4246207197578005},\"_northEast\":{\"lat\":49.25978725,\"lng\":2.4246207197578005}},\"properties\":{\"place_id\":116170724,\"licence\":\"Data \\u00a9 OpenStreetMap contributors, ODbL 1.0. http:\\\/\\\/osm.org\\\/copyright\",\"osm_type\":\"relation\",\"osm_id\":14418956,\"lat\":\"49.25978725\",\"lon\":\"2.4246207197578005\",\"class\":\"leisure\",\"type\":\"sports_hall\",\"place_rank\":30,\"importance\":9.99999999995449e-6,\"addresstype\":\"leisure\",\"name\":\"Gymnase Paul Langevin\",\"display_name\":\"Gymnase Paul Langevin, Cav\\u00e9e des Aiguillons, Les Tertres, Montataire, Senlis, Oise, Hauts-de-France, France m\\u00e9tropolitaine, 60160, France\",\"address\":{\"leisure\":\"Gymnase Paul Langevin\",\"road\":\"Cav\\u00e9e des Aiguillons\",\"neighbourhood\":\"Les Tertres\",\"town\":\"Montataire\",\"municipality\":\"Senlis\",\"county\":\"Oise\",\"ISO3166-2-lvl6\":\"FR-60\",\"state\":\"Hauts-de-France\",\"ISO3166-2-lvl4\":\"FR-HDF\",\"region\":\"France m\\u00e9tropolitaine\",\"postcode\":\"60160\",\"country\":\"France\",\"country_code\":\"fr\",\"building\":\"\",\"house_number\":\"\",\"city\":\"\",\"village\":\"\",\"hamlet\":\"\"},\"boundingbox\":[\"49.2596613\",\"49.2599042\",\"2.4244417\",\"2.4248000\"]}}],\"uuid\":\"marker_6697bfc4a16e2\"}],\"address\":\"Cav\\u00e9e des Aiguillons, 60160 Montataire, France Hauts-de-France\",\"layers\":[\"OpenStreetMap.Mapnik\"],\"version\":\"1.6.1\"},\n            },                                    {\n                name: \"Harmonie Municipale de Montataire\",\n                link: \"https:\\\/\\\/mairie-montataire.fr\\\/de\\\/annuaires\\\/associations\\\/culture-et-loisirs\\\/harmonie-municipale-de-montataire\\\/\",\n                data: {\"lat\":53.5507112,\"lng\":9.9997902,\"zoom\":12,\"markers\":[],\"address\":\"\",\"layers\":[\"OpenStreetMap.Mapnik\"],\"version\":\"1.5.6\"},\n            },                                    {\n                name: \"HYGIE\",\n                link: \"https:\\\/\\\/mairie-montataire.fr\\\/de\\\/annuaires\\\/associations\\\/solidarite\\\/hygie\\\/\",\n                data: {\"lat\":53.5507112,\"lng\":10.0004768,\"zoom\":12,\"markers\":[],\"address\":\"\",\"layers\":[\"OpenStreetMap.Mapnik\"],\"version\":\"1.5.6\"},\n            },                                    {\n                name: \"JAD&rsquo;INSERT\",\n                link: \"https:\\\/\\\/mairie-montataire.fr\\\/de\\\/annuaires\\\/associations\\\/jeunesse-education-et-insertion\\\/jadinsert\\\/\",\n                data: {\"lat\":53.5507112,\"lng\":10.0003052,\"zoom\":12,\"markers\":[],\"address\":\"\",\"layers\":[\"OpenStreetMap.Mapnik\"],\"version\":\"1.6.1\"},\n            },                                    {\n                name: \"JADE\",\n                link: \"https:\\\/\\\/mairie-montataire.fr\\\/de\\\/annuaires\\\/associations\\\/jeunesse-education-et-insertion\\\/jade\\\/\",\n                data: {\"lat\":53.5507112,\"lng\":10.0003052,\"zoom\":12,\"markers\":[],\"address\":\"\",\"layers\":[\"OpenStreetMap.Mapnik\"],\"version\":\"1.5.6\"},\n            },                                    {\n                name: \"L&rsquo;amicale sportive des sapeurs pompiers de Montataire\",\n                link: \"https:\\\/\\\/mairie-montataire.fr\\\/de\\\/annuaires\\\/associations\\\/sport\\\/lamicale-sportive-des-sapeurs-pompiers-de-montataire\\\/\",\n                data: {\"lat\":53.5507112,\"lng\":10.0004768,\"zoom\":12,\"markers\":[],\"address\":\"\",\"layers\":[\"OpenStreetMap.Mapnik\"],\"version\":\"1.5.6\"},\n            },                                    {\n                name: \"L&rsquo;asso Fr\\u00f4\",\n                link: \"https:\\\/\\\/mairie-montataire.fr\\\/de\\\/annuaires\\\/associations\\\/culture-et-loisirs\\\/lasso-fro\\\/\",\n                data: {\"lat\":53.5507112,\"lng\":10.0006485,\"zoom\":12,\"markers\":[],\"address\":\"\",\"layers\":[\"OpenStreetMap.Mapnik\"],\"version\":\"1.5.6\"},\n            },                                    {\n                name: \"L&rsquo;\\u00e9toile du chat\",\n                link: \"https:\\\/\\\/mairie-montataire.fr\\\/de\\\/annuaires\\\/associations\\\/environnement-et-nature\\\/letoile-du-chat\\\/\",\n                data: {\"lat\":53.5507112,\"lng\":10.0003052,\"zoom\":12,\"markers\":[],\"address\":\"\",\"layers\":[\"OpenStreetMap.Mapnik\"],\"version\":\"1.5.6\"},\n            },                                    {\n                name: \"Le Clos du Nid de l&rsquo;Oise &#8211; UNIVI Handicap\",\n                link: \"https:\\\/\\\/mairie-montataire.fr\\\/de\\\/annuaires\\\/associations\\\/solidarite\\\/le-clos-du-nid-de-loise-univi-handicap\\\/\",\n                data: {\"lat\":53.5507112,\"lng\":10.0004768,\"zoom\":12,\"markers\":[],\"address\":\"\",\"layers\":[\"OpenStreetMap.Mapnik\"],\"version\":\"1.5.6\"},\n            },                                    {\n                name: \"Le march\\u00e9 de Montataire\",\n                link: \"https:\\\/\\\/mairie-montataire.fr\\\/de\\\/annuaires\\\/associations\\\/vie-locale\\\/le-marche-de-montataire\\\/\",\n                data: {\"lat\":53.5507112,\"lng\":10.0004768,\"zoom\":12,\"markers\":[],\"address\":\"\",\"layers\":[\"OpenStreetMap.Mapnik\"],\"version\":\"1.5.6\"},\n            },                                    {\n                name: \"Le Palace &#8211; Service culturel\",\n                link: \"https:\\\/\\\/mairie-montataire.fr\\\/de\\\/annuaires\\\/services-municipaux\\\/dcsdt\\\/service-culturel-le-palace\\\/\",\n                data: {\"lat\":49.256089,\"lng\":2.4375366,\"zoom\":19,\"markers\":[{\"label\":\"8 bis Rue des D\\u00e9port\\u00e9s, 60160 Montataire, France Hauts-de-France\",\"default_label\":\"8 bis Rue des D\\u00e9port\\u00e9s, 60160 Montataire, France Hauts-de-France\",\"lat\":49.2560898,\"lng\":2.4375398,\"geocode\":[],\"uuid\":\"marker_669a10d9bfb87\"}],\"address\":\"8 bis Rue des D\\u00e9port\\u00e9s, 60160 Montataire, France Hauts-de-France\",\"layers\":[\"OpenStreetMap.Mapnik\"],\"version\":\"1.6.1\"},\n            },                                    {\n                name: \"Lecture publique &#8211; Biblioth\\u00e8que Elsa Triolet\",\n                link: \"https:\\\/\\\/mairie-montataire.fr\\\/de\\\/annuaires\\\/services-municipaux\\\/dcsdt\\\/lecture-publique-bibliotheque-elsa-triolet\\\/\",\n                data: {\"lat\":49.2656903,\"lng\":2.4318758,\"zoom\":18,\"markers\":[{\"label\":\"92 Avenue Anatole France, 60160 Montataire, France Hauts-de-France\",\"default_label\":\"92 Avenue Anatole France, 60160 Montataire, France Hauts-de-France\",\"lat\":49.2656893,\"lng\":2.4318767,\"geocode\":[],\"uuid\":\"marker_66992c876cd18\"}],\"address\":\"92 Avenue Anatole France, 60160 Montataire, France Hauts-de-France\",\"layers\":[\"OpenStreetMap.Mapnik\"],\"version\":\"1.5.6\"},\n            },                                    {\n                name: \"Lecture publique &#8211; Biblioth\\u00e8que Paul Eluard\",\n                link: \"https:\\\/\\\/mairie-montataire.fr\\\/de\\\/annuaires\\\/services-municipaux\\\/dcsdt\\\/lecture-publique-bibliotheque-paul-eluard\\\/\",\n                data: {\"lat\":49.2557056,\"lng\":2.4379295,\"zoom\":17,\"markers\":[{\"label\":\"4 Rue des D\\u00e9port\\u00e9s, 60160 Montataire, France Hauts-de-France\",\"default_label\":\"4 Rue des D\\u00e9port\\u00e9s, 60160 Montataire, France Hauts-de-France\",\"lat\":49.2558097,\"lng\":2.4380293,\"geocode\":[],\"uuid\":\"marker_66992cce5f3bf\"}],\"address\":\"4 Rue des D\\u00e9port\\u00e9s, 60160 Montataire, France Hauts-de-France\",\"layers\":[\"OpenStreetMap.Mapnik\"],\"version\":\"1.5.6\"},\n            },                                    {\n                name: \"Les amis du ch\\u00e2teau de Montataire\",\n                link: \"https:\\\/\\\/mairie-montataire.fr\\\/de\\\/annuaires\\\/associations\\\/memoire-et-patrimoine\\\/les-amis-du-chateau-de-montataire\\\/\",\n                data: {\"lat\":53.5507112,\"lng\":10.0003052,\"zoom\":12,\"markers\":[],\"address\":\"\",\"layers\":[\"OpenStreetMap.Mapnik\"],\"version\":\"1.6.1\"},\n            },                                    {\n                name: \"Les enfants de Sirgui en France\",\n                link: \"https:\\\/\\\/mairie-montataire.fr\\\/de\\\/annuaires\\\/associations\\\/jumelage-et-international\\\/les-enfants-de-sirgui-en-france\\\/\",\n                data: {\"lat\":53.5507112,\"lng\":10.0004768,\"zoom\":12,\"markers\":[],\"address\":\"\",\"layers\":[\"OpenStreetMap.Mapnik\"],\"version\":\"1.5.6\"},\n            },                                    {\n                name: \"Les joyeux Godillots\",\n                link: \"https:\\\/\\\/mairie-montataire.fr\\\/de\\\/annuaires\\\/associations\\\/sport\\\/les-joyeux-godillots\\\/\",\n                data: {\"lat\":53.5507112,\"lng\":10.0006485,\"zoom\":12,\"markers\":[],\"address\":\"\",\"layers\":[\"OpenStreetMap.Mapnik\"],\"version\":\"1.6.1\"},\n            },                                    {\n                name: \"Les Martins P\\u00eacheurs de Montataire\",\n                link: \"https:\\\/\\\/mairie-montataire.fr\\\/de\\\/annuaires\\\/associations\\\/environnement-et-nature\\\/les-martins-pecheurs-de-montataire\\\/\",\n                data: {\"lat\":53.5507112,\"lng\":10.0006485,\"zoom\":12,\"markers\":[],\"address\":\"\",\"layers\":[\"OpenStreetMap.Mapnik\"],\"version\":\"1.5.6\"},\n            },                                    {\n                name: \"Les Vignerons du Bois Godart\",\n                link: \"https:\\\/\\\/mairie-montataire.fr\\\/de\\\/annuaires\\\/associations\\\/environnement-et-nature\\\/les-vignerons-du-bois-godart\\\/\",\n                data: {\"lat\":53.5507112,\"lng\":10.0003052,\"zoom\":12,\"markers\":[],\"address\":\"\",\"layers\":[\"OpenStreetMap.Mapnik\"],\"version\":\"1.5.6\"},\n            },                                    {\n                name: \"Loisirs Solidarit\\u00e9 Retrait\\u00e9s\",\n                link: \"https:\\\/\\\/mairie-montataire.fr\\\/de\\\/annuaires\\\/associations\\\/culture-et-loisirs\\\/loisirs-solidarite-retraites\\\/\",\n                data: {\"lat\":53.5507112,\"lng\":10.0006485,\"zoom\":12,\"markers\":[],\"address\":\"\",\"layers\":[\"OpenStreetMap.Mapnik\"],\"version\":\"1.5.6\"},\n            },                                    {\n                name: \"Lutte contre l&rsquo;habitat indigne et sant\\u00e9\",\n                link: \"https:\\\/\\\/mairie-montataire.fr\\\/de\\\/annuaires\\\/services-municipaux\\\/dejss\\\/lutte-contre-lhabitat-indigne-et-sante\\\/\",\n                data: {\"lat\":49.2579464,\"lng\":2.4317551,\"zoom\":12,\"markers\":[{\"label\":\"2 Rue Armand Desnosse, 60160 Montataire, France Hauts-de-France\",\"default_label\":\"2 Rue Armand Desnosse, 60160 Montataire, France Hauts-de-France\",\"lat\":49.2579047,\"lng\":2.4317976,\"geocode\":[],\"uuid\":\"marker_669928e4fe4d5\"}],\"address\":\"2 Rue Armand Desnosse, 60160 Montataire, France Hauts-de-France\",\"layers\":[\"OpenStreetMap.Mapnik\"],\"version\":\"1.5.6\"},\n            },                                    {\n                name: \"Lyc\\u00e9e Andr\\u00e9 Malraux\",\n                link: \"https:\\\/\\\/mairie-montataire.fr\\\/de\\\/annuaires\\\/enseignement\\\/colleges-lycees\\\/lycee-andre-malraux\\\/\",\n                data: {\"lat\":49.2587587,\"lng\":2.4343944,\"zoom\":15,\"markers\":[{\"label\":\"Rue Jules Uhry, 60160 Montataire, France Hauts-de-France\",\"default_label\":\"Rue Jules Uhry, 60160 Montataire, France Hauts-de-France\",\"lat\":49.2609083,\"lng\":2.425263,\"geocode\":[{\"name\":\"Lyc\\u00e9e d'enseignement g\\u00e9n\\u00e9ral et technologique Andr\\u00e9 Malraux, Rue Jules Uhry, Cav\\u00e9e de Gr\\u00eale, Montataire, Senlis, Oise, Hauts-de-France, France m\\u00e9tropolitaine, 60160, France\",\"html\":\"Rue Jules Uhry, 60160 Montataire, France Hauts-de-France\",\"center\":{\"lat\":49.2607491,\"lng\":2.425870751709266},\"bbox\":{\"_southWest\":{\"lat\":49.2607491,\"lng\":2.425870751709266},\"_northEast\":{\"lat\":49.2607491,\"lng\":2.425870751709266}},\"properties\":{\"place_id\":83418084,\"licence\":\"Data \\u00a9 OpenStreetMap contributors, ODbL 1.0. http:\\\/\\\/osm.org\\\/copyright\",\"osm_type\":\"way\",\"osm_id\":166847500,\"lat\":\"49.2607491\",\"lon\":\"2.425870751709266\",\"class\":\"amenity\",\"type\":\"school\",\"place_rank\":30,\"importance\":9.99999999995449e-6,\"addresstype\":\"amenity\",\"name\":\"Lyc\\u00e9e d'enseignement g\\u00e9n\\u00e9ral et technologique Andr\\u00e9 Malraux\",\"display_name\":\"Lyc\\u00e9e d'enseignement g\\u00e9n\\u00e9ral et technologique Andr\\u00e9 Malraux, Rue Jules Uhry, Cav\\u00e9e de Gr\\u00eale, Montataire, Senlis, Oise, Hauts-de-France, France m\\u00e9tropolitaine, 60160, France\",\"address\":{\"amenity\":\"Lyc\\u00e9e d'enseignement g\\u00e9n\\u00e9ral et technologique Andr\\u00e9 Malraux\",\"road\":\"Rue Jules Uhry\",\"neighbourhood\":\"Cav\\u00e9e de Gr\\u00eale\",\"town\":\"Montataire\",\"municipality\":\"Senlis\",\"county\":\"Oise\",\"ISO3166-2-lvl6\":\"FR-60\",\"state\":\"Hauts-de-France\",\"ISO3166-2-lvl4\":\"FR-HDF\",\"region\":\"France m\\u00e9tropolitaine\",\"postcode\":\"60160\",\"country\":\"France\",\"country_code\":\"fr\",\"building\":\"\",\"house_number\":\"\",\"city\":\"\",\"village\":\"\",\"hamlet\":\"\"},\"boundingbox\":[\"49.2598734\",\"49.2616137\",\"2.4241240\",\"2.4278113\"]}}],\"uuid\":\"marker_669130b8dcb02\"}],\"address\":\"Rue Jules Uhry, 60160 Montataire, France Hauts-de-France\",\"layers\":[\"OpenStreetMap.Mapnik\"],\"version\":\"1.5.6\"},\n            },                                    {\n                name: \"Madame A\\u00efssatou N&rsquo;GOM\",\n                link: \"https:\\\/\\\/mairie-montataire.fr\\\/de\\\/annuaires\\\/sante\\\/infirmier-ere-s\\\/madame-aissatou-ngom\\\/\",\n                data: {\"lat\":49.2628757,\"lng\":2.4358749,\"zoom\":12,\"markers\":[{\"label\":\"43 Avenue Anatole France, 60160 Montataire, France Hauts-de-France\",\"default_label\":\"43 Avenue Anatole France, 60160 Montataire, France Hauts-de-France\",\"lat\":49.262862,\"lng\":2.4358466,\"geocode\":[],\"uuid\":\"marker_669904dbc83e2\"}],\"address\":\"43 Avenue Anatole France, 60160 Montataire, France Hauts-de-France\",\"layers\":[\"OpenStreetMap.Mapnik\"],\"version\":\"1.5.7\"},\n            },                                    {\n                name: \"Madame Amandine COQUET &#8211; Di\\u00e9t\\u00e9ticienne\",\n                link: \"https:\\\/\\\/mairie-montataire.fr\\\/de\\\/annuaires\\\/sante\\\/autres-professions-de-sante\\\/madame-amandine-coquet-dieteticienne\\\/\",\n                data: {\"lat\":49.2628757,\"lng\":2.4358749,\"zoom\":15,\"markers\":[{\"label\":\"43 Avenue Anatole France, 60160 Montataire, France Hauts-de-France\",\"default_label\":\"43 Avenue Anatole France, 60160 Montataire, France Hauts-de-France\",\"lat\":49.262862,\"lng\":2.4358466,\"geocode\":[],\"uuid\":\"marker_669914c3376d9\"}],\"address\":\"43 Avenue Anatole France, 60160 Montataire, France Hauts-de-France\",\"layers\":[\"OpenStreetMap.Mapnik\"],\"version\":\"1.5.7\"},\n            },                                    {\n                name: \"Madame Ayda TOUNKARA\",\n                link: \"https:\\\/\\\/mairie-montataire.fr\\\/de\\\/annuaires\\\/sante\\\/infirmier-ere-s\\\/madame-ayda-tounkara\\\/\",\n                data: {\"lat\":49.2554816,\"lng\":2.4386215,\"zoom\":12,\"markers\":[{\"label\":\"1 Rue des D\\u00e9port\\u00e9s, 60160 Montataire, France Hauts-de-France\",\"default_label\":\"1 Rue des D\\u00e9port\\u00e9s, 60160 Montataire, France Hauts-de-France\",\"lat\":49.2555292,\"lng\":2.4385208,\"geocode\":[],\"uuid\":\"marker_669907c686459\"}],\"address\":\"1 Rue des D\\u00e9port\\u00e9s, 60160 Montataire, France Hauts-de-France\",\"layers\":[\"OpenStreetMap.Mapnik\"],\"version\":\"1.5.7\"},\n            },                                    {\n                name: \"Madame Chaladia BENZIANE\",\n                link: \"https:\\\/\\\/mairie-montataire.fr\\\/de\\\/annuaires\\\/sante\\\/infirmier-ere-s\\\/madame-chaladia-benziane\\\/\",\n                data: {\"lat\":49.2627917,\"lng\":2.4368191,\"zoom\":18,\"markers\":[{\"label\":\"43 Avenue Anatole France, 60160 Montataire, France Hauts-de-France\",\"default_label\":\"43 Avenue Anatole France, 60160 Montataire, France Hauts-de-France\",\"lat\":49.262862,\"lng\":2.4358466,\"geocode\":[],\"uuid\":\"marker_669903ed1399d\"}],\"address\":\"43 Avenue Anatole France, 60160 Montataire, France Hauts-de-France\",\"layers\":[\"OpenStreetMap.Mapnik\"],\"version\":\"1.5.7\"},\n            },                                    {\n                name: \"Madame Florence TARCY\",\n                link: \"https:\\\/\\\/mairie-montataire.fr\\\/de\\\/annuaires\\\/sante\\\/infirmier-ere-s\\\/madame-florence-tarcy\\\/\",\n                data: {\"lat\":49.2559857,\"lng\":2.4343944,\"zoom\":18,\"markers\":[{\"label\":\"82 Rue Jean Jaur\\u00e8s, 60160 Montataire, France Hauts-de-France\",\"default_label\":\"82 Rue Jean Jaur\\u00e8s, 60160 Montataire, France Hauts-de-France\",\"lat\":49.2565599,\"lng\":2.4364114,\"geocode\":[{\"name\":\"Cabinet M\\u00e9dical, 82, Rue Jean Jaur\\u00e8s, Cit\\u00e9 Jules Guesde, Montataire, Senlis, Oise, Hauts-de-France, France m\\u00e9tropolitaine, 60160, France\",\"html\":\"82 Rue Jean Jaur\\u00e8s, 60160 Montataire, France Hauts-de-France\",\"center\":{\"lat\":49.2565479,\"lng\":2.436469254901962},\"bbox\":{\"_southWest\":{\"lat\":49.2565479,\"lng\":2.436469254901962},\"_northEast\":{\"lat\":49.2565479,\"lng\":2.436469254901962}},\"properties\":{\"place_id\":83159909,\"licence\":\"Data \\u00a9 OpenStreetMap contributors, ODbL 1.0. http:\\\/\\\/osm.org\\\/copyright\",\"osm_type\":\"way\",\"osm_id\":71313174,\"lat\":\"49.2565479\",\"lon\":\"2.436469254901962\",\"class\":\"amenity\",\"type\":\"doctors\",\"place_rank\":30,\"importance\":9.99999999995449e-6,\"addresstype\":\"amenity\",\"name\":\"Cabinet M\\u00e9dical\",\"display_name\":\"Cabinet M\\u00e9dical, 82, Rue Jean Jaur\\u00e8s, Cit\\u00e9 Jules Guesde, Montataire, Senlis, Oise, Hauts-de-France, France m\\u00e9tropolitaine, 60160, France\",\"address\":{\"amenity\":\"Cabinet M\\u00e9dical\",\"house_number\":\"82\",\"road\":\"Rue Jean Jaur\\u00e8s\",\"neighbourhood\":\"Cit\\u00e9 Jules Guesde\",\"town\":\"Montataire\",\"municipality\":\"Senlis\",\"county\":\"Oise\",\"ISO3166-2-lvl6\":\"FR-60\",\"state\":\"Hauts-de-France\",\"ISO3166-2-lvl4\":\"FR-HDF\",\"region\":\"France m\\u00e9tropolitaine\",\"postcode\":\"60160\",\"country\":\"France\",\"country_code\":\"fr\",\"building\":\"\",\"city\":\"\",\"village\":\"\",\"hamlet\":\"\"},\"boundingbox\":[\"49.2564754\",\"49.2566039\",\"2.4363417\",\"2.4366460\"]}}],\"uuid\":\"marker_669907e80045b\"}],\"address\":\"82 Rue Jean Jaur\\u00e8s, 60160 Montataire, France Hauts-de-France\",\"layers\":[\"OpenStreetMap.Mapnik\"],\"version\":\"1.5.7\"},\n            },                                    {\n                name: \"Madame Francelina FLAMANT &#8211; Sophrologue\",\n                link: \"https:\\\/\\\/mairie-montataire.fr\\\/de\\\/annuaires\\\/sante\\\/autres-professions-de-sante\\\/docteure-francelina-flamant-sophrologue\\\/\",\n                data: {\"lat\":49.2628757,\"lng\":2.4358749,\"zoom\":14,\"markers\":[{\"label\":\"43 Avenue Anatole France, 60160 Montataire, France Hauts-de-France\",\"default_label\":\"43 Avenue Anatole France, 60160 Montataire, France Hauts-de-France\",\"lat\":49.262862,\"lng\":2.4358466,\"geocode\":[],\"uuid\":\"marker_66991da8b6d7a\"}],\"address\":\"43 Avenue Anatole France, 60160 Montataire, France Hauts-de-France\",\"layers\":[\"OpenStreetMap.Mapnik\"],\"version\":\"1.5.7\"},\n            },                                    {\n                name: \"Madame Laure DEBAY\",\n                link: \"https:\\\/\\\/mairie-montataire.fr\\\/de\\\/annuaires\\\/sante\\\/infirmier-ere-s\\\/madame-laure-debay\\\/\",\n                data: {\"lat\":49.2628757,\"lng\":2.4358749,\"zoom\":14,\"markers\":[{\"label\":\"43 Avenue Anatole France, 60160 Montataire, France Hauts-de-France\",\"default_label\":\"43 Avenue Anatole France, 60160 Montataire, France Hauts-de-France\",\"lat\":49.262862,\"lng\":2.4358466,\"geocode\":[],\"uuid\":\"marker_669904b18d403\"}],\"address\":\"43 Avenue Anatole France, 60160 Montataire, France Hauts-de-France\",\"layers\":[\"OpenStreetMap.Mapnik\"],\"version\":\"1.5.7\"},\n            },                                    {\n                name: \"Madame Magali ROUSSEL-SENE Psychomotricienne\",\n                link: \"https:\\\/\\\/mairie-montataire.fr\\\/de\\\/annuaires\\\/sante\\\/autres-professions-de-sante\\\/docteure-magali-roussel-sene-psychomotricienne\\\/\",\n                data: {\"lat\":49.2595275,\"lng\":2.4275545,\"zoom\":16,\"markers\":[{\"label\":\"8 Rue Jules Uhry, 60160 Montataire, France Hauts-de-France\",\"default_label\":\"8 Rue Jules Uhry, 60160 Montataire, France Hauts-de-France\",\"lat\":49.2595275,\"lng\":2.4275545,\"geocode\":[{\"name\":\"8, Rue Jules Uhry, Cav\\u00e9e de Gr\\u00eale, Montataire, Senlis, Oise, Hauts-de-France, France m\\u00e9tropolitaine, 60160, France\",\"html\":\"8 Rue Jules Uhry, 60160 Montataire, France Hauts-de-France\",\"bbox\":{\"_southWest\":{\"lat\":49.2594656,\"lng\":2.4274476},\"_northEast\":{\"lat\":49.2595897,\"lng\":2.4276614}},\"center\":{\"lat\":49.25952745,\"lng\":2.4275544624435526},\"properties\":{\"place_id\":83000949,\"licence\":\"Data \\u00a9 OpenStreetMap contributors, ODbL 1.0. http:\\\/\\\/osm.org\\\/copyright\",\"osm_type\":\"way\",\"osm_id\":886320146,\"lat\":\"49.25952745\",\"lon\":\"2.4275544624435526\",\"class\":\"building\",\"type\":\"yes\",\"place_rank\":30,\"importance\":9.99999999995449e-6,\"addresstype\":\"building\",\"name\":\"\",\"display_name\":\"8, Rue Jules Uhry, Cav\\u00e9e de Gr\\u00eale, Montataire, Senlis, Oise, Hauts-de-France, France m\\u00e9tropolitaine, 60160, France\",\"address\":{\"house_number\":\"8\",\"road\":\"Rue Jules Uhry\",\"neighbourhood\":\"Cav\\u00e9e de Gr\\u00eale\",\"town\":\"Montataire\",\"municipality\":\"Senlis\",\"county\":\"Oise\",\"ISO3166-2-lvl6\":\"FR-60\",\"state\":\"Hauts-de-France\",\"ISO3166-2-lvl4\":\"FR-HDF\",\"region\":\"France m\\u00e9tropolitaine\",\"postcode\":\"60160\",\"country\":\"France\",\"country_code\":\"fr\",\"building\":\"\",\"city\":\"\",\"village\":\"\",\"hamlet\":\"\"},\"boundingbox\":[49.2594656,49.2595897,2.4274476,2.4276614]}}],\"uuid\":\"marker_670939d8ae7f2\"}],\"address\":\"8 Rue Jules Uhry, 60160 Montataire, France Hauts-de-France\",\"layers\":[\"OpenStreetMap.Mapnik\"],\"version\":\"1.5.7\"},\n            },                                    {\n                name: \"Madame Mariline PAIS\",\n                link: \"https:\\\/\\\/mairie-montataire.fr\\\/de\\\/annuaires\\\/sante\\\/infirmier-ere-s\\\/madame-mariline-pais\\\/\",\n                data: {\"lat\":49.256602,\"lng\":2.4365616,\"zoom\":12,\"markers\":[{\"label\":\"82 Rue Jean Jaur\\u00e8s, 60160 Montataire, France Hauts-de-France\",\"default_label\":\"82 Rue Jean Jaur\\u00e8s, 60160 Montataire, France Hauts-de-France\",\"lat\":49.2565479,\"lng\":2.4364693,\"geocode\":[],\"uuid\":\"marker_669908480a079\"}],\"address\":\"82 Rue Jean Jaur\\u00e8s, 60160 Montataire, France Hauts-de-France\",\"layers\":[\"OpenStreetMap.Mapnik\"],\"version\":\"1.5.7\"},\n            },                                    {\n                name: \"Madame M\\u00e9lanie TUYPENS\",\n                link: \"https:\\\/\\\/mairie-montataire.fr\\\/de\\\/annuaires\\\/sante\\\/infirmier-ere-s\\\/madame-melanie-tuypens\\\/\",\n                data: {\"lat\":49.2628757,\"lng\":2.4358749,\"zoom\":12,\"markers\":[{\"label\":\"43 Avenue Anatole France, 60160 Montataire, France Hauts-de-France\",\"default_label\":\"43 Avenue Anatole France, 60160 Montataire, France Hauts-de-France\",\"lat\":49.262862,\"lng\":2.4358466,\"geocode\":[],\"uuid\":\"marker_669904ea6d078\"}],\"address\":\"43 Avenue Anatole France, 60160 Montataire, France Hauts-de-France\",\"layers\":[\"OpenStreetMap.Mapnik\"],\"version\":\"1.5.7\"},\n            },                                    {\n                name: \"Madame Nathalie MONTEIRO PINA &#8211; Ost\\u00e9opathe\",\n                link: \"https:\\\/\\\/mairie-montataire.fr\\\/de\\\/annuaires\\\/sante\\\/autres-professions-de-sante\\\/madame-nathalie-monteiro-pina-osteopathe\\\/\",\n                data: {\"lat\":49.2628757,\"lng\":2.4358749,\"zoom\":15,\"markers\":[{\"label\":\"43 Avenue Anatole France, 60160 Montataire, France Hauts-de-France\",\"default_label\":\"43 Avenue Anatole France, 60160 Montataire, France Hauts-de-France\",\"lat\":49.262862,\"lng\":2.4358466,\"geocode\":[],\"uuid\":\"marker_669916a94adc4\"}],\"address\":\"43 Avenue Anatole France, 60160 Montataire, France Hauts-de-France\",\"layers\":[\"OpenStreetMap.Mapnik\"],\"version\":\"1.5.7\"},\n            },                                    {\n                name: \"Madame Pascale PAUFFERT\",\n                link: \"https:\\\/\\\/mairie-montataire.fr\\\/de\\\/annuaires\\\/sante\\\/infirmier-ere-s\\\/madame-pascale-pauffert\\\/\",\n                data: {\"lat\":49.2628757,\"lng\":2.4358749,\"zoom\":12,\"markers\":[{\"label\":\"43 Avenue Anatole France, 60160 Montataire, France Hauts-de-France\",\"default_label\":\"43 Avenue Anatole France, 60160 Montataire, France Hauts-de-France\",\"lat\":49.262862,\"lng\":2.4358466,\"geocode\":[],\"uuid\":\"marker_669904e16a1b9\"}],\"address\":\"43 Avenue Anatole France, 60160 Montataire, France Hauts-de-France\",\"layers\":[\"OpenStreetMap.Mapnik\"],\"version\":\"1.5.7\"},\n            },                                    {\n                name: \"Madame Sonia BERRECHID &#8211; Sage-femme\",\n                link: \"https:\\\/\\\/mairie-montataire.fr\\\/de\\\/annuaires\\\/sante\\\/autres-professions-de-sante\\\/madame-sonia-berrechid-sage-femme\\\/\",\n                data: {\"lat\":49.2556426,\"lng\":2.438533,\"zoom\":19,\"markers\":[{\"label\":\"1 Rue des D\\u00e9port\\u00e9s, 60160 Montataire, France Hauts-de-France\",\"default_label\":\"1 Rue des D\\u00e9port\\u00e9s, 60160 Montataire, France Hauts-de-France\",\"lat\":49.2555292,\"lng\":2.4385208,\"geocode\":[],\"uuid\":\"marker_66991d1f8d651\"}],\"address\":\"1 Rue des D\\u00e9port\\u00e9s, 60160 Montataire, France Hauts-de-France\",\"layers\":[\"OpenStreetMap.Mapnik\"],\"version\":\"1.5.7\"},\n            },                                    {\n                name: \"Madame Virginie GUADDOURI\",\n                link: \"https:\\\/\\\/mairie-montataire.fr\\\/de\\\/annuaires\\\/sante\\\/infirmier-ere-s\\\/madame-virginie-guaddouri\\\/\",\n                data: {\"lat\":49.2557231,\"lng\":2.4376935,\"zoom\":18,\"markers\":[{\"label\":\"1 Rue des D\\u00e9port\\u00e9s, 60160 Montataire, France Hauts-de-France\",\"default_label\":\"1 Rue des D\\u00e9port\\u00e9s, 60160 Montataire, France Hauts-de-France\",\"lat\":49.2555616,\"lng\":2.4385441,\"geocode\":[{\"name\":\"Centre m\\u00e9dical, 1, Rue des D\\u00e9port\\u00e9s, Cit\\u00e9 Jules Guesde, Montataire, Senlis, Oise, Hauts-de-France, France m\\u00e9tropolitaine, 60160, France\",\"html\":\"1 Rue des D\\u00e9port\\u00e9s, 60160 Montataire, France Hauts-de-France\",\"center\":{\"lat\":49.2555292,\"lng\":2.4385208},\"bbox\":{\"_southWest\":{\"lat\":49.2555292,\"lng\":2.4385208},\"_northEast\":{\"lat\":49.2555292,\"lng\":2.4385208}},\"properties\":{\"place_id\":115748918,\"licence\":\"Data \\u00a9 OpenStreetMap contributors, ODbL 1.0. http:\\\/\\\/osm.org\\\/copyright\",\"osm_type\":\"node\",\"osm_id\":10706265730,\"lat\":\"49.2555292\",\"lon\":\"2.4385208\",\"class\":\"amenity\",\"type\":\"clinic\",\"place_rank\":30,\"importance\":9.99999999995449e-6,\"addresstype\":\"amenity\",\"name\":\"Centre m\\u00e9dical\",\"display_name\":\"Centre m\\u00e9dical, 1, Rue des D\\u00e9port\\u00e9s, Cit\\u00e9 Jules Guesde, Montataire, Senlis, Oise, Hauts-de-France, France m\\u00e9tropolitaine, 60160, France\",\"address\":{\"amenity\":\"Centre m\\u00e9dical\",\"house_number\":\"1\",\"road\":\"Rue des D\\u00e9port\\u00e9s\",\"neighbourhood\":\"Cit\\u00e9 Jules Guesde\",\"town\":\"Montataire\",\"municipality\":\"Senlis\",\"county\":\"Oise\",\"ISO3166-2-lvl6\":\"FR-60\",\"state\":\"Hauts-de-France\",\"ISO3166-2-lvl4\":\"FR-HDF\",\"region\":\"France m\\u00e9tropolitaine\",\"postcode\":\"60160\",\"country\":\"France\",\"country_code\":\"fr\",\"building\":\"\",\"city\":\"\",\"village\":\"\",\"hamlet\":\"\"},\"boundingbox\":[\"49.2554792\",\"49.2555792\",\"2.4384708\",\"2.4385708\"]}}],\"uuid\":\"marker_6709373a4b477\"}],\"address\":\"1 Rue des D\\u00e9port\\u00e9s, 60160 Montataire, France Hauts-de-France\",\"layers\":[\"OpenStreetMap.Mapnik\"],\"version\":\"1.5.7\"},\n            },                                    {\n                name: \"Mairie\",\n                link: \"https:\\\/\\\/mairie-montataire.fr\\\/de\\\/annuaires\\\/services-municipaux\\\/mairie\\\/marie-centrale\\\/\",\n                data: {\"lat\":49.2563184,\"lng\":2.4347538,\"zoom\":18,\"markers\":[{\"label\":\"Place Auguste G\\u00e9nie, 60160 Montataire, France Hauts-de-France\",\"default_label\":\"Place Auguste G\\u00e9nie, 60160 Montataire, France Hauts-de-France\",\"lat\":49.2562693,\"lng\":2.4344587,\"geocode\":[{\"name\":\"Mairie de Montataire, Place Auguste G\\u00e9nie, Cit\\u00e9 Jules Guesde, Montataire, Senlis, Oise, Hauts-de-France, France m\\u00e9tropolitaine, 60160, France\",\"html\":\"Place Auguste G\\u00e9nie, 60160 Montataire, France Hauts-de-France\",\"center\":{\"lat\":49.2562877,\"lng\":2.434467034393939},\"bbox\":{\"_southWest\":{\"lat\":49.2562877,\"lng\":2.434467034393939},\"_northEast\":{\"lat\":49.2562877,\"lng\":2.434467034393939}},\"properties\":{\"place_id\":115909238,\"licence\":\"Data \\u00a9 OpenStreetMap contributors, ODbL 1.0. http:\\\/\\\/osm.org\\\/copyright\",\"osm_type\":\"way\",\"osm_id\":71310036,\"lat\":\"49.2562877\",\"lon\":\"2.434467034393939\",\"class\":\"amenity\",\"type\":\"townhall\",\"place_rank\":30,\"importance\":9.99999999995449e-6,\"addresstype\":\"amenity\",\"name\":\"Mairie de Montataire\",\"display_name\":\"Mairie de Montataire, Place Auguste G\\u00e9nie, Cit\\u00e9 Jules Guesde, Montataire, Senlis, Oise, Hauts-de-France, France m\\u00e9tropolitaine, 60160, France\",\"address\":{\"amenity\":\"Mairie de Montataire\",\"road\":\"Place Auguste G\\u00e9nie\",\"neighbourhood\":\"Cit\\u00e9 Jules Guesde\",\"town\":\"Montataire\",\"municipality\":\"Senlis\",\"county\":\"Oise\",\"ISO3166-2-lvl6\":\"FR-60\",\"state\":\"Hauts-de-France\",\"ISO3166-2-lvl4\":\"FR-HDF\",\"region\":\"France m\\u00e9tropolitaine\",\"postcode\":\"60160\",\"country\":\"France\",\"country_code\":\"fr\",\"building\":\"\",\"house_number\":\"\",\"city\":\"\",\"village\":\"\",\"hamlet\":\"\"},\"boundingbox\":[\"49.2562014\",\"49.2563826\",\"2.4342790\",\"2.4346422\"]}}],\"uuid\":\"marker_6699231546800\"}],\"address\":\"Place Auguste G\\u00e9nie, 60160 Montataire, France Hauts-de-France\",\"layers\":[\"OpenStreetMap.Mapnik\"],\"version\":\"1.6.1\"},\n            },                                    {\n                name: \"Mairie annexe des Martinets\",\n                link: \"https:\\\/\\\/mairie-montataire.fr\\\/de\\\/annuaires\\\/services-municipaux\\\/mairie\\\/marie-annexe-des-martinets\\\/\",\n                data: {\"lat\":49.2643985,\"lng\":2.4329111,\"zoom\":18,\"markers\":[{\"label\":\"82 Avenue Anatole France, 60160 Montataire, France Hauts-de-France\",\"default_label\":\"82 Avenue Anatole France, 60160 Montataire, France Hauts-de-France\",\"lat\":49.264346,\"lng\":2.4329352,\"geocode\":[{\"name\":\"Mairie annexe des Martinets, 82, Avenue Anatole France, Les Martinets, Montataire, Senlis, Oise, Hauts-de-France, France m\\u00e9tropolitaine, 60160, France\",\"html\":\"82 Avenue Anatole France, 60160 Montataire, France Hauts-de-France\",\"center\":{\"lat\":49.2643567,\"lng\":2.4329063},\"bbox\":{\"_southWest\":{\"lat\":49.2643567,\"lng\":2.4329063},\"_northEast\":{\"lat\":49.2643567,\"lng\":2.4329063}},\"properties\":{\"place_id\":83797540,\"licence\":\"Data \\u00a9 OpenStreetMap contributors, ODbL 1.0. http:\\\/\\\/osm.org\\\/copyright\",\"osm_type\":\"node\",\"osm_id\":9623674575,\"lat\":\"49.2643567\",\"lon\":\"2.4329063\",\"class\":\"amenity\",\"type\":\"townhall\",\"place_rank\":30,\"importance\":9.99999999995449e-6,\"addresstype\":\"amenity\",\"name\":\"Mairie annexe des Martinets\",\"display_name\":\"Mairie annexe des Martinets, 82, Avenue Anatole France, Les Martinets, Montataire, Senlis, Oise, Hauts-de-France, France m\\u00e9tropolitaine, 60160, France\",\"address\":{\"amenity\":\"Mairie annexe des Martinets\",\"house_number\":\"82\",\"road\":\"Avenue Anatole France\",\"quarter\":\"Les Martinets\",\"town\":\"Montataire\",\"municipality\":\"Senlis\",\"county\":\"Oise\",\"ISO3166-2-lvl6\":\"FR-60\",\"state\":\"Hauts-de-France\",\"ISO3166-2-lvl4\":\"FR-HDF\",\"region\":\"France m\\u00e9tropolitaine\",\"postcode\":\"60160\",\"country\":\"France\",\"country_code\":\"fr\",\"building\":\"\",\"city\":\"\",\"village\":\"\",\"hamlet\":\"\"},\"boundingbox\":[\"49.2643067\",\"49.2644067\",\"2.4328563\",\"2.4329563\"]}}],\"uuid\":\"marker_66992350b5741\"}],\"address\":\"82 Avenue Anatole France, 60160 Montataire, France Hauts-de-France\",\"layers\":[\"OpenStreetMap.Mapnik\"],\"version\":\"1.5.6\"},\n            },                                    {\n                name: \"Maison de sant\\u00e9 pluri-professionnelle \\u00ab\\u00a0Gis\\u00e8le Halimi\\u00a0\\u00bb\",\n                link: \"https:\\\/\\\/mairie-montataire.fr\\\/de\\\/annuaires\\\/sante\\\/structures-sante\\\/maison-de-sante-pluti-professionnelle-gisele-halimi\\\/\",\n                data: {\"lat\":49.2630998,\"lng\":2.4357891,\"zoom\":15,\"markers\":[],\"address\":\"\",\"layers\":[\"OpenStreetMap.Mapnik\"],\"version\":\"1.6.1\"},\n            },                                    {\n                name: \"Maison des ados\",\n                link: \"https:\\\/\\\/mairie-montataire.fr\\\/de\\\/annuaires\\\/sante\\\/structures-sante\\\/maison-des-ados\\\/\",\n                data: {\"lat\":49.2567227,\"lng\":2.4331068,\"zoom\":19,\"markers\":[{\"label\":\"62 Rue de la R\\u00e9publique, 60160 Montataire, France Hauts-de-France\",\"default_label\":\"62 Rue de la R\\u00e9publique, 60160 Montataire, France Hauts-de-France\",\"lat\":49.2566982,\"lng\":2.4329567,\"geocode\":[{\"name\":\"62, Rue de la R\\u00e9publique, Cit\\u00e9 Jules Guesde, Montataire, Senlis, Oise, Hauts-de-France, France m\\u00e9tropolitaine, 60160, France\",\"html\":\"62 Rue de la R\\u00e9publique, 60160 Montataire, France Hauts-de-France\",\"center\":{\"lat\":49.2566307,\"lng\":2.4329607968851645},\"bbox\":{\"_southWest\":{\"lat\":49.2566307,\"lng\":2.4329607968851645},\"_northEast\":{\"lat\":49.2566307,\"lng\":2.4329607968851645}},\"properties\":{\"place_id\":115740425,\"licence\":\"Data \\u00a9 OpenStreetMap contributors, ODbL 1.0. http:\\\/\\\/osm.org\\\/copyright\",\"osm_type\":\"way\",\"osm_id\":71311996,\"lat\":\"49.2566307\",\"lon\":\"2.4329607968851645\",\"class\":\"building\",\"type\":\"yes\",\"place_rank\":30,\"importance\":9.99999999995449e-6,\"addresstype\":\"building\",\"name\":\"\",\"display_name\":\"62, Rue de la R\\u00e9publique, Cit\\u00e9 Jules Guesde, Montataire, Senlis, Oise, Hauts-de-France, France m\\u00e9tropolitaine, 60160, France\",\"address\":{\"house_number\":\"62\",\"road\":\"Rue de la R\\u00e9publique\",\"neighbourhood\":\"Cit\\u00e9 Jules Guesde\",\"town\":\"Montataire\",\"municipality\":\"Senlis\",\"county\":\"Oise\",\"ISO3166-2-lvl6\":\"FR-60\",\"state\":\"Hauts-de-France\",\"ISO3166-2-lvl4\":\"FR-HDF\",\"region\":\"France m\\u00e9tropolitaine\",\"postcode\":\"60160\",\"country\":\"France\",\"country_code\":\"fr\",\"building\":\"\",\"city\":\"\",\"village\":\"\",\"hamlet\":\"\"},\"boundingbox\":[\"49.2565156\",\"49.2567656\",\"2.4328336\",\"2.4330367\"]}}],\"uuid\":\"marker_66cf378e8575f\"}],\"address\":\"62 Rue de la R\\u00e9publique, 60160 Montataire, France Hauts-de-France\",\"layers\":[\"OpenStreetMap.Mapnik\"],\"version\":\"1.5.7\"},\n            },                                    {\n                name: \"Mame Diarra\",\n                link: \"https:\\\/\\\/mairie-montataire.fr\\\/de\\\/annuaires\\\/associations\\\/jumelage-et-international\\\/mame-diarra\\\/\",\n                data: {\"lat\":53.5507112,\"lng\":10.0004768,\"zoom\":12,\"markers\":[],\"address\":\"\",\"layers\":[\"OpenStreetMap.Mapnik\"],\"version\":\"1.5.6\"},\n            },                                    {\n                name: \"Mame Gamou S\\u00e9n\\u00e9gal Solidarit\\u00e9 de France\",\n                link: \"https:\\\/\\\/mairie-montataire.fr\\\/de\\\/annuaires\\\/associations\\\/jumelage-et-international\\\/mame-gamou-senegal-solidarite-de-france\\\/\",\n                data: {\"lat\":53.5507112,\"lng\":10.0006485,\"zoom\":12,\"markers\":[],\"address\":\"\",\"layers\":[\"OpenStreetMap.Mapnik\"],\"version\":\"1.5.6\"},\n            },                                    {\n                name: \"Mons Ad Theram\",\n                link: \"https:\\\/\\\/mairie-montataire.fr\\\/de\\\/annuaires\\\/associations\\\/memoire-et-patrimoine\\\/mons-ad-theram\\\/\",\n                data: {\"lat\":53.5507112,\"lng\":10.0003052,\"zoom\":12,\"markers\":[],\"address\":\"\",\"layers\":[\"OpenStreetMap.Mapnik\"],\"version\":\"1.5.7\"},\n            },                                    {\n                name: \"Monsieur Arnold SENE &#8211; Psychomotricien\",\n                link: \"https:\\\/\\\/mairie-montataire.fr\\\/de\\\/annuaires\\\/sante\\\/autres-professions-de-sante\\\/docteur-arnold-sene-psychomotricien\\\/\",\n                data: {\"lat\":49.2595275,\"lng\":2.4275545,\"zoom\":12,\"markers\":[{\"label\":\"8 Rue Jules Uhry, 60160 Montataire, France Hauts-de-France\",\"default_label\":\"8 Rue Jules Uhry, 60160 Montataire, France Hauts-de-France\",\"lat\":49.2595275,\"lng\":2.4275545,\"geocode\":[{\"name\":\"8, Rue Jules Uhry, Cav\\u00e9e de Gr\\u00eale, Montataire, Senlis, Oise, Hauts-de-France, France m\\u00e9tropolitaine, 60160, France\",\"html\":\"8 Rue Jules Uhry, 60160 Montataire, France Hauts-de-France\",\"bbox\":{\"_southWest\":{\"lat\":49.2594656,\"lng\":2.4274476},\"_northEast\":{\"lat\":49.2595897,\"lng\":2.4276614}},\"center\":{\"lat\":49.25952745,\"lng\":2.4275544624435526},\"properties\":{\"place_id\":83000949,\"licence\":\"Data \\u00a9 OpenStreetMap contributors, ODbL 1.0. http:\\\/\\\/osm.org\\\/copyright\",\"osm_type\":\"way\",\"osm_id\":886320146,\"lat\":\"49.25952745\",\"lon\":\"2.4275544624435526\",\"class\":\"building\",\"type\":\"yes\",\"place_rank\":30,\"importance\":9.99999999995449e-6,\"addresstype\":\"building\",\"name\":\"\",\"display_name\":\"8, Rue Jules Uhry, Cav\\u00e9e de Gr\\u00eale, Montataire, Senlis, Oise, Hauts-de-France, France m\\u00e9tropolitaine, 60160, France\",\"address\":{\"house_number\":\"8\",\"road\":\"Rue Jules Uhry\",\"neighbourhood\":\"Cav\\u00e9e de Gr\\u00eale\",\"town\":\"Montataire\",\"municipality\":\"Senlis\",\"county\":\"Oise\",\"ISO3166-2-lvl6\":\"FR-60\",\"state\":\"Hauts-de-France\",\"ISO3166-2-lvl4\":\"FR-HDF\",\"region\":\"France m\\u00e9tropolitaine\",\"postcode\":\"60160\",\"country\":\"France\",\"country_code\":\"fr\",\"building\":\"\",\"city\":\"\",\"village\":\"\",\"hamlet\":\"\"},\"boundingbox\":[49.2594656,49.2595897,2.4274476,2.4276614]}}],\"uuid\":\"marker_670938cd9d15f\"}],\"address\":\"8 Rue Jules Uhry, 60160 Montataire, France Hauts-de-France\",\"layers\":[\"OpenStreetMap.Mapnik\"],\"version\":\"1.5.7\"},\n            },                                    {\n                name: \"Monsieur BERTAUX Patrice\",\n                link: \"https:\\\/\\\/mairie-montataire.fr\\\/de\\\/annuaires\\\/sante\\\/infirmier-ere-s\\\/monsieur-bertaux-patrice\\\/\",\n                data: {\"lat\":49.2567157,\"lng\":2.4343809,\"zoom\":19,\"markers\":[{\"label\":\"61 Rue de la R\\u00e9publique, 60160 Montataire, France Hauts-de-France\",\"default_label\":\"61 Rue de la R\\u00e9publique, 60160 Montataire, France Hauts-de-France\",\"lat\":49.2567153,\"lng\":2.4343821,\"geocode\":[],\"uuid\":\"marker_669902b4f1903\"}],\"address\":\"61 Rue de la R\\u00e9publique, 60160 Montataire, France Hauts-de-France\",\"layers\":[\"OpenStreetMap.Mapnik\"],\"version\":\"1.5.7\"},\n            },                                    {\n                name: \"MONTABAD\",\n                link: \"https:\\\/\\\/mairie-montataire.fr\\\/de\\\/annuaires\\\/associations\\\/sport\\\/montabad\\\/\",\n                data: {\"lat\":49.2619795,\"lng\":2.4384016,\"zoom\":17,\"markers\":[],\"address\":\"\",\"layers\":[\"OpenStreetMap.Mapnik\"],\"version\":\"1.5.6\"},\n            },                                    {\n                name: \"Montataire Athletic Club\",\n                link: \"https:\\\/\\\/mairie-montataire.fr\\\/de\\\/annuaires\\\/associations\\\/sport\\\/montataire-athletic-club-2\\\/\",\n                data: {\"lat\":49.2570501,\"lng\":2.4298668,\"zoom\":12,\"markers\":[],\"address\":\"\",\"layers\":[\"OpenStreetMap.Mapnik\"],\"version\":\"1.6.1\"},\n            },                                    {\n                name: \"Montataire Basket-Ball (MBB)\",\n                link: \"https:\\\/\\\/mairie-montataire.fr\\\/de\\\/annuaires\\\/associations\\\/sport\\\/montataire-basket-ball-mbb\\\/\",\n                data: {\"lat\":49.2558352,\"lng\":2.4304971,\"zoom\":18,\"markers\":[],\"address\":\"\",\"layers\":[\"OpenStreetMap.Mapnik\"],\"version\":\"1.5.6\"},\n            },                                    {\n                name: \"Mots passants, pas-sages (MPPS)\",\n                link: \"https:\\\/\\\/mairie-montataire.fr\\\/de\\\/annuaires\\\/associations\\\/culture-et-loisirs\\\/mots-passants-pas-sages-mpps\\\/\",\n                data: {\"lat\":53.5507112,\"lng\":10.0004768,\"zoom\":12,\"markers\":[],\"address\":\"\",\"layers\":[\"OpenStreetMap.Mapnik\"],\"version\":\"1.5.6\"},\n            },                                    {\n                name: \"Multi-Accueil\",\n                link: \"https:\\\/\\\/mairie-montataire.fr\\\/de\\\/annuaires\\\/services-municipaux\\\/dejss\\\/multi-accueil\\\/\",\n                data: {\"lat\":49.2633798,\"lng\":2.4302369,\"zoom\":17,\"markers\":[{\"label\":\"9 Impasse de l'Argili\\u00e8re, 60160 Montataire, France Hauts-de-France\",\"default_label\":\"9 Impasse de l'Argili\\u00e8re, 60160 Montataire, France Hauts-de-France\",\"lat\":49.2633816,\"lng\":2.4302462,\"geocode\":[],\"uuid\":\"marker_66c494f1a2572\"}],\"address\":\"9 Impasse de l'Argili\\u00e8re, 60160 Montataire, France Hauts-de-France\",\"layers\":[\"OpenStreetMap.Mapnik\"],\"version\":\"1.5.6\"},\n            },                                    {\n                name: \"Nu Djunta Mo\",\n                link: \"https:\\\/\\\/mairie-montataire.fr\\\/de\\\/annuaires\\\/associations\\\/sport\\\/nu-djunta-mo\\\/\",\n                data: {\"lat\":49.2558352,\"lng\":2.4304998,\"zoom\":18,\"markers\":[],\"address\":\"\",\"layers\":[\"OpenStreetMap.Mapnik\"],\"version\":\"1.5.6\"},\n            },                                    {\n                name: \"Palanqu\\u00e9e Club Intercommunal de Montataire (PCIM)\",\n                link: \"https:\\\/\\\/mairie-montataire.fr\\\/de\\\/annuaires\\\/associations\\\/sport\\\/palanquee-club-intercommunal-de-montataire-pcim\\\/\",\n                data: {\"lat\":49.2558352,\"lng\":2.4304998,\"zoom\":19,\"markers\":[],\"address\":\"\",\"layers\":[\"OpenStreetMap.Mapnik\"],\"version\":\"1.5.6\"},\n            },                                    {\n                name: \"P\\u00e9tanque Club de Montataire\",\n                link: \"https:\\\/\\\/mairie-montataire.fr\\\/de\\\/annuaires\\\/associations\\\/sport\\\/petanque-club-de-montataire\\\/\",\n                data: {\"lat\":53.5507112,\"lng\":10.0006485,\"zoom\":12,\"markers\":[],\"address\":\"\",\"layers\":[\"OpenStreetMap.Mapnik\"],\"version\":\"1.5.6\"},\n            },                                    {\n                name: \"Pharmacie de la Mairie\",\n                link: \"https:\\\/\\\/mairie-montataire.fr\\\/de\\\/annuaires\\\/sante\\\/pharmacies\\\/pharmacie-de-la-mairie\\\/\",\n                data: {\"lat\":49.2561661,\"lng\":2.4348127,\"zoom\":19,\"markers\":[{\"label\":\"5 Place Auguste G\\u00e9nie, 60160 Montataire, France Hauts-de-France\",\"default_label\":\"5 Place Auguste G\\u00e9nie, 60160 Montataire, France Hauts-de-France\",\"lat\":49.2562081,\"lng\":2.4349067,\"geocode\":[{\"name\":\"5, Place Auguste G\\u00e9nie, Cit\\u00e9 Jules Guesde, Montataire, Senlis, Oise, Hauts-de-France, France m\\u00e9tropolitaine, 60160, France\",\"html\":\"5 Place Auguste G\\u00e9nie, 60160 Montataire, France Hauts-de-France\",\"center\":{\"lat\":49.2562382,\"lng\":2.434884},\"bbox\":{\"_southWest\":{\"lat\":49.2562382,\"lng\":2.434884},\"_northEast\":{\"lat\":49.2562382,\"lng\":2.434884}},\"properties\":{\"place_id\":84116882,\"licence\":\"Data \\u00a9 OpenStreetMap contributors, ODbL 1.0. http:\\\/\\\/osm.org\\\/copyright\",\"osm_type\":\"node\",\"osm_id\":11138932351,\"lat\":\"49.2562382\",\"lon\":\"2.434884\",\"class\":\"place\",\"type\":\"house\",\"place_rank\":30,\"importance\":9.99999999995449e-6,\"addresstype\":\"place\",\"name\":\"\",\"display_name\":\"5, Place Auguste G\\u00e9nie, Cit\\u00e9 Jules Guesde, Montataire, Senlis, Oise, Hauts-de-France, France m\\u00e9tropolitaine, 60160, France\",\"address\":{\"house_number\":\"5\",\"road\":\"Place Auguste G\\u00e9nie\",\"neighbourhood\":\"Cit\\u00e9 Jules Guesde\",\"town\":\"Montataire\",\"municipality\":\"Senlis\",\"county\":\"Oise\",\"ISO3166-2-lvl6\":\"FR-60\",\"state\":\"Hauts-de-France\",\"ISO3166-2-lvl4\":\"FR-HDF\",\"region\":\"France m\\u00e9tropolitaine\",\"postcode\":\"60160\",\"country\":\"France\",\"country_code\":\"fr\",\"building\":\"\",\"city\":\"\",\"village\":\"\",\"hamlet\":\"\"},\"boundingbox\":[\"49.2561882\",\"49.2562882\",\"2.4348340\",\"2.4349340\"]}}],\"uuid\":\"marker_6697cdda7729f\"}],\"address\":\"5 Place Auguste G\\u00e9nie, 60160 Montataire, France Hauts-de-France\",\"layers\":[\"OpenStreetMap.Mapnik\"],\"version\":\"1.5.7\"},\n            },                                    {\n                name: \"Pharmacie du Therain\",\n                link: \"https:\\\/\\\/mairie-montataire.fr\\\/de\\\/annuaires\\\/sante\\\/pharmacies\\\/pharmacie-du-therain\\\/\",\n                data: {\"lat\":49.2523863,\"lng\":2.428751,\"zoom\":16,\"markers\":[{\"label\":\"19 Rue Andr\\u00e9 Ginisti, 60160 Thiverny, France Hauts-de-France\",\"default_label\":\"19 Rue Andr\\u00e9 Ginisti, 60160 Thiverny, France Hauts-de-France\",\"lat\":49.2519801,\"lng\":2.4291371,\"geocode\":[{\"name\":\"Centre Commercial E.Leclerc, 19, Rue Andr\\u00e9 Ginisti, Thiverny, Senlis, Oise, Hauts-de-France, France m\\u00e9tropolitaine, 60160, France\",\"html\":\"19 Rue Andr\\u00e9 Ginisti, 60160 Thiverny, France Hauts-de-France\",\"center\":{\"lat\":49.252115450000005,\"lng\":2.429156339960537},\"bbox\":{\"_southWest\":{\"lat\":49.252115450000005,\"lng\":2.429156339960537},\"_northEast\":{\"lat\":49.252115450000005,\"lng\":2.429156339960537}},\"properties\":{\"place_id\":83917102,\"licence\":\"Data \\u00a9 OpenStreetMap contributors, ODbL 1.0. http:\\\/\\\/osm.org\\\/copyright\",\"osm_type\":\"way\",\"osm_id\":93328544,\"lat\":\"49.252115450000005\",\"lon\":\"2.429156339960537\",\"class\":\"shop\",\"type\":\"supermarket\",\"place_rank\":30,\"importance\":9.99999999995449e-6,\"addresstype\":\"shop\",\"name\":\"Centre Commercial E.Leclerc\",\"display_name\":\"Centre Commercial E.Leclerc, 19, Rue Andr\\u00e9 Ginisti, Thiverny, Senlis, Oise, Hauts-de-France, France m\\u00e9tropolitaine, 60160, France\",\"address\":{\"shop\":\"Centre Commercial E.Leclerc\",\"house_number\":\"19\",\"road\":\"Rue Andr\\u00e9 Ginisti\",\"village\":\"Thiverny\",\"municipality\":\"Senlis\",\"county\":\"Oise\",\"ISO3166-2-lvl6\":\"FR-60\",\"state\":\"Hauts-de-France\",\"ISO3166-2-lvl4\":\"FR-HDF\",\"region\":\"France m\\u00e9tropolitaine\",\"postcode\":\"60160\",\"country\":\"France\",\"country_code\":\"fr\",\"building\":\"\",\"city\":\"\",\"town\":\"\",\"hamlet\":\"\"},\"boundingbox\":[\"49.2513790\",\"49.2526388\",\"2.4283767\",\"2.4298681\"]}}],\"uuid\":\"marker_66cf3556bb001\"}],\"address\":\"19 Rue Andr\\u00e9 Ginisti, 60160 Thiverny, France Hauts-de-France\",\"layers\":[\"OpenStreetMap.Mapnik\"],\"version\":\"1.5.7\"},\n            },                                    {\n                name: \"Pharmacie Facq\",\n                link: \"https:\\\/\\\/mairie-montataire.fr\\\/de\\\/annuaires\\\/sante\\\/pharmacies\\\/pharmacie-facq\\\/\",\n                data: {\"lat\":49.2631558,\"lng\":2.4360251,\"zoom\":17,\"markers\":[{\"label\":\"41 Avenue Anatole France, 60160 Montataire, France Hauts-de-France\",\"default_label\":\"41 Avenue Anatole France, 60160 Montataire, France Hauts-de-France\",\"lat\":49.2624906,\"lng\":2.4359715,\"geocode\":[{\"name\":\"Pharmacie Facq, 41, Avenue Anatole France, Les Martinets, Montataire, Senlis, Oise, Hauts-de-France, France m\\u00e9tropolitaine, 60160, France\",\"html\":\"41 Avenue Anatole France, 60160 Montataire, France Hauts-de-France\",\"center\":{\"lat\":49.262427,\"lng\":2.435982702267605},\"bbox\":{\"_southWest\":{\"lat\":49.262427,\"lng\":2.435982702267605},\"_northEast\":{\"lat\":49.262427,\"lng\":2.435982702267605}},\"properties\":{\"place_id\":83707039,\"licence\":\"Data \\u00a9 OpenStreetMap contributors, ODbL 1.0. http:\\\/\\\/osm.org\\\/copyright\",\"osm_type\":\"way\",\"osm_id\":885468819,\"lat\":\"49.262427\",\"lon\":\"2.435982702267605\",\"class\":\"amenity\",\"type\":\"pharmacy\",\"place_rank\":30,\"importance\":9.99999999995449e-6,\"addresstype\":\"amenity\",\"name\":\"Pharmacie Facq\",\"display_name\":\"Pharmacie Facq, 41, Avenue Anatole France, Les Martinets, Montataire, Senlis, Oise, Hauts-de-France, France m\\u00e9tropolitaine, 60160, France\",\"address\":{\"amenity\":\"Pharmacie Facq\",\"house_number\":\"41\",\"road\":\"Avenue Anatole France\",\"quarter\":\"Les Martinets\",\"town\":\"Montataire\",\"municipality\":\"Senlis\",\"county\":\"Oise\",\"ISO3166-2-lvl6\":\"FR-60\",\"state\":\"Hauts-de-France\",\"ISO3166-2-lvl4\":\"FR-HDF\",\"region\":\"France m\\u00e9tropolitaine\",\"postcode\":\"60160\",\"country\":\"France\",\"country_code\":\"fr\",\"building\":\"\",\"city\":\"\",\"village\":\"\",\"hamlet\":\"\"},\"boundingbox\":[\"49.2623682\",\"49.2625544\",\"2.4358960\",\"2.4360592\"]}}],\"uuid\":\"marker_6697cd1a1d2c8\"}],\"address\":\"41 Avenue Anatole France, 60160 Montataire, France Hauts-de-France\",\"layers\":[\"OpenStreetMap.Mapnik\"],\"version\":\"1.5.7\"},\n            },                                    {\n                name: \"Photo-Club de Montataire\",\n                link: \"https:\\\/\\\/mairie-montataire.fr\\\/de\\\/annuaires\\\/associations\\\/culture-et-loisirs\\\/photo-club-de-montataire\\\/\",\n                data: {\"lat\":53.5507112,\"lng\":10.0004768,\"zoom\":12,\"markers\":[],\"address\":\"\",\"layers\":[\"OpenStreetMap.Mapnik\"],\"version\":\"1.5.6\"},\n            },                                    {\n                name: \"Piscine Intercommunale\",\n                link: \"https:\\\/\\\/mairie-montataire.fr\\\/de\\\/annuaires\\\/structures-sportives\\\/piscine-intercommunale\\\/\",\n                data: {\"lat\":49.2618255,\"lng\":2.4366581,\"zoom\":17,\"markers\":[{\"label\":\"Rue des Champs, 60160 Montataire, France Hauts-de-France\",\"default_label\":\"Rue des Champs, 60160 Montataire, France Hauts-de-France\",\"lat\":49.2626167,\"lng\":2.4370229,\"geocode\":[{\"name\":\"Piscine Intercommunale, Rue des Champs, Les Champarts, Montataire, Senlis, Oise, Hauts-de-France, France m\\u00e9tropolitaine, 60160, France\",\"html\":\"Rue des Champs, 60160 Montataire, France Hauts-de-France\",\"center\":{\"lat\":49.262628199999995,\"lng\":2.4370946447957005},\"bbox\":{\"_southWest\":{\"lat\":49.262628199999995,\"lng\":2.4370946447957005},\"_northEast\":{\"lat\":49.262628199999995,\"lng\":2.4370946447957005}},\"properties\":{\"place_id\":115379820,\"licence\":\"Data \\u00a9 OpenStreetMap contributors, ODbL 1.0. http:\\\/\\\/osm.org\\\/copyright\",\"osm_type\":\"way\",\"osm_id\":71313841,\"lat\":\"49.262628199999995\",\"lon\":\"2.4370946447957005\",\"class\":\"leisure\",\"type\":\"sports_centre\",\"place_rank\":30,\"importance\":9.99999999995449e-6,\"addresstype\":\"leisure\",\"name\":\"Piscine Intercommunale\",\"display_name\":\"Piscine Intercommunale, Rue des Champs, Les Champarts, Montataire, Senlis, Oise, Hauts-de-France, France m\\u00e9tropolitaine, 60160, France\",\"address\":{\"leisure\":\"Piscine Intercommunale\",\"road\":\"Rue des Champs\",\"neighbourhood\":\"Les Champarts\",\"town\":\"Montataire\",\"municipality\":\"Senlis\",\"county\":\"Oise\",\"ISO3166-2-lvl6\":\"FR-60\",\"state\":\"Hauts-de-France\",\"ISO3166-2-lvl4\":\"FR-HDF\",\"region\":\"France m\\u00e9tropolitaine\",\"postcode\":\"60160\",\"country\":\"France\",\"country_code\":\"fr\",\"building\":\"\",\"house_number\":\"\",\"city\":\"\",\"village\":\"\",\"hamlet\":\"\"},\"boundingbox\":[\"49.2624599\",\"49.2628020\",\"2.4367164\",\"2.4374868\"]}}],\"uuid\":\"marker_6697c13949d54\"}],\"address\":\"Rue des Champs, 60160 Montataire, France Hauts-de-France\",\"layers\":[\"OpenStreetMap.Mapnik\"],\"version\":\"1.5.7\"},\n            },                                    {\n                name: \"Pluriel(les)\",\n                link: \"https:\\\/\\\/mairie-montataire.fr\\\/de\\\/annuaires\\\/associations\\\/jeunesse-education-et-insertion\\\/plurielles\\\/\",\n                data: {\"lat\":53.5507112,\"lng\":10.0003052,\"zoom\":12,\"markers\":[],\"address\":\"\",\"layers\":[\"OpenStreetMap.Mapnik\"],\"version\":\"1.5.6\"},\n            },                                    {\n                name: \"P\\u00f4le social &#8211; CCAS\",\n                link: \"https:\\\/\\\/mairie-montataire.fr\\\/de\\\/annuaires\\\/services-municipaux\\\/dejss\\\/pole-social-ccas\\\/\",\n                data: {\"lat\":49.2579464,\"lng\":2.4315834,\"zoom\":12,\"markers\":[{\"label\":\"2 Rue Armand Desnosse, 60160 Montataire, France Hauts-de-France\",\"default_label\":\"2 Rue Armand Desnosse, 60160 Montataire, France Hauts-de-France\",\"lat\":49.2579047,\"lng\":2.4317976,\"geocode\":[],\"uuid\":\"marker_669928fcfe440\"}],\"address\":\"2 Rue Armand Desnosse, 60160 Montataire, France Hauts-de-France\",\"layers\":[\"OpenStreetMap.Mapnik\"],\"version\":\"1.5.6\"},\n            },                                    {\n                name: \"Police municipale\",\n                link: \"https:\\\/\\\/mairie-montataire.fr\\\/de\\\/annuaires\\\/services-municipaux\\\/dgs\\\/police-municipale\\\/\",\n                data: {\"lat\":49.2537344,\"lng\":2.4288449,\"zoom\":18,\"markers\":[{\"label\":\"12 Rue Andr\\u00e9 Ginisti, 60160 Montataire, France Hauts-de-France\",\"default_label\":\"12 Rue Andr\\u00e9 Ginisti, 60160 Montataire, France Hauts-de-France\",\"lat\":49.2534403,\"lng\":2.4274635,\"geocode\":[{\"name\":\"12, Rue Andr\\u00e9 Ginisti, Montataire, Senlis, Oise, Hauts-de-France, France m\\u00e9tropolitaine, 60160, France\",\"html\":\"12 Rue Andr\\u00e9 Ginisti, 60160 Montataire, France Hauts-de-France\",\"center\":{\"lat\":49.2534331,\"lng\":2.4274593},\"bbox\":{\"_southWest\":{\"lat\":49.2534331,\"lng\":2.4274593},\"_northEast\":{\"lat\":49.2534331,\"lng\":2.4274593}},\"properties\":{\"place_id\":83595483,\"licence\":\"Data \\u00a9 OpenStreetMap contributors, ODbL 1.0. http:\\\/\\\/osm.org\\\/copyright\",\"osm_type\":\"node\",\"osm_id\":8246972343,\"lat\":\"49.2534331\",\"lon\":\"2.4274593\",\"class\":\"place\",\"type\":\"house\",\"place_rank\":30,\"importance\":9.99999999995449e-6,\"addresstype\":\"place\",\"name\":\"\",\"display_name\":\"12, Rue Andr\\u00e9 Ginisti, Montataire, Senlis, Oise, Hauts-de-France, France m\\u00e9tropolitaine, 60160, France\",\"address\":{\"house_number\":\"12\",\"road\":\"Rue Andr\\u00e9 Ginisti\",\"town\":\"Montataire\",\"municipality\":\"Senlis\",\"county\":\"Oise\",\"ISO3166-2-lvl6\":\"FR-60\",\"state\":\"Hauts-de-France\",\"ISO3166-2-lvl4\":\"FR-HDF\",\"region\":\"France m\\u00e9tropolitaine\",\"postcode\":\"60160\",\"country\":\"France\",\"country_code\":\"fr\",\"building\":\"\",\"city\":\"\",\"village\":\"\",\"hamlet\":\"\"},\"boundingbox\":[\"49.2533831\",\"49.2534831\",\"2.4274093\",\"2.4275093\"]}}],\"uuid\":\"marker_6699244c9c011\"}],\"address\":\"12 Rue Andr\\u00e9 Ginisti, 60160 Montataire, France Hauts-de-France\",\"layers\":[\"OpenStreetMap.Mapnik\"],\"version\":\"1.5.6\"},\n            },                                    {\n                name: \"Politique de la ville\",\n                link: \"https:\\\/\\\/mairie-montataire.fr\\\/de\\\/annuaires\\\/services-municipaux\\\/dcsdt\\\/politique-de-la-ville\\\/\",\n                data: {\"lat\":49.2562693,\"lng\":2.4341221,\"zoom\":19,\"markers\":[{\"label\":\"Place Auguste G\\u00e9nie, 60160 Montataire, France Hauts-de-France\",\"default_label\":\"Place Auguste G\\u00e9nie, 60160 Montataire, France Hauts-de-France\",\"lat\":49.2563096,\"lng\":2.4343863,\"geocode\":[{\"name\":\"Mairie de Montataire, Place Auguste G\\u00e9nie, Cit\\u00e9 Jules Guesde, Montataire, Senlis, Oise, Hauts-de-France, France m\\u00e9tropolitaine, 60160, France\",\"html\":\"Place Auguste G\\u00e9nie, 60160 Montataire, France Hauts-de-France\",\"center\":{\"lat\":49.2562877,\"lng\":2.434467034393939},\"bbox\":{\"_southWest\":{\"lat\":49.2562877,\"lng\":2.434467034393939},\"_northEast\":{\"lat\":49.2562877,\"lng\":2.434467034393939}},\"properties\":{\"place_id\":115909238,\"licence\":\"Data \\u00a9 OpenStreetMap contributors, ODbL 1.0. http:\\\/\\\/osm.org\\\/copyright\",\"osm_type\":\"way\",\"osm_id\":71310036,\"lat\":\"49.2562877\",\"lon\":\"2.434467034393939\",\"class\":\"amenity\",\"type\":\"townhall\",\"place_rank\":30,\"importance\":9.99999999995449e-6,\"addresstype\":\"amenity\",\"name\":\"Mairie de Montataire\",\"display_name\":\"Mairie de Montataire, Place Auguste G\\u00e9nie, Cit\\u00e9 Jules Guesde, Montataire, Senlis, Oise, Hauts-de-France, France m\\u00e9tropolitaine, 60160, France\",\"address\":{\"amenity\":\"Mairie de Montataire\",\"road\":\"Place Auguste G\\u00e9nie\",\"neighbourhood\":\"Cit\\u00e9 Jules Guesde\",\"town\":\"Montataire\",\"municipality\":\"Senlis\",\"county\":\"Oise\",\"ISO3166-2-lvl6\":\"FR-60\",\"state\":\"Hauts-de-France\",\"ISO3166-2-lvl4\":\"FR-HDF\",\"region\":\"France m\\u00e9tropolitaine\",\"postcode\":\"60160\",\"country\":\"France\",\"country_code\":\"fr\",\"building\":\"\",\"house_number\":\"\",\"city\":\"\",\"village\":\"\",\"hamlet\":\"\"},\"boundingbox\":[\"49.2562014\",\"49.2563826\",\"2.4342790\",\"2.4346422\"]}}],\"uuid\":\"marker_66992c26feb44\"}],\"address\":\"Place Auguste G\\u00e9nie, 60160 Montataire, France Hauts-de-France\",\"layers\":[\"OpenStreetMap.Mapnik\"],\"version\":\"1.5.6\"},\n            },                                    {\n                name: \"Red Star Montataire Volley-Ball\",\n                link: \"https:\\\/\\\/mairie-montataire.fr\\\/de\\\/annuaires\\\/associations\\\/sport\\\/red-star-montataire-volley-ball\\\/\",\n                data: {\"lat\":49.2681476,\"lng\":2.4309397,\"zoom\":17,\"markers\":[],\"address\":\"\",\"layers\":[\"OpenStreetMap.Mapnik\"],\"version\":\"1.5.7\"},\n            },                                    {\n                name: \"R\\u00e9gie du c\\u00e2ble et le l&rsquo;\\u00e9lectricit\\u00e9\",\n                link: \"https:\\\/\\\/mairie-montataire.fr\\\/de\\\/annuaires\\\/autres-infrastructures\\\/regie-du-cable-et-le-lelectricite\\\/\",\n                data: {\"lat\":49.2588322,\"lng\":2.4316344,\"zoom\":18,\"markers\":[{\"label\":\"1 Rue Romain Rolland, 60160 Montataire, France Hauts-de-France\",\"default_label\":\"1 Rue Romain Rolland, 60160 Montataire, France Hauts-de-France\",\"lat\":49.2589888,\"lng\":2.4316391,\"geocode\":[],\"uuid\":\"marker_6697c350cf44a\"}],\"address\":\"1 Rue Romain Rolland, 60160 Montataire, France Hauts-de-France\",\"layers\":[\"OpenStreetMap.Mapnik\"],\"version\":\"1.5.6\"},\n            },                                    {\n                name: \"Relais Petite Enfance\",\n                link: \"https:\\\/\\\/mairie-montataire.fr\\\/de\\\/annuaires\\\/services-municipaux\\\/dejss\\\/petite-enfance-et-ram\\\/\",\n                data: {\"lat\":49.2633238,\"lng\":2.4302101,\"zoom\":12,\"markers\":[{\"label\":\"9 Impasse de l'Argili\\u00e8re, 60160 Montataire, France Hauts-de-France\",\"default_label\":\"9 Impasse de l'Argili\\u00e8re, 60160 Montataire, France Hauts-de-France\",\"lat\":49.2633816,\"lng\":2.4302462,\"geocode\":[],\"uuid\":\"marker_669927575de37\"}],\"address\":\"9 Impasse de l'Argili\\u00e8re, 60160 Montataire, France Hauts-de-France\",\"layers\":[\"OpenStreetMap.Mapnik\"],\"version\":\"1.5.6\"},\n            },                                    {\n                name: \"Ronin Fight Team\",\n                link: \"https:\\\/\\\/mairie-montataire.fr\\\/de\\\/annuaires\\\/associations\\\/sport\\\/ronin-fight-team\\\/\",\n                data: {\"lat\":49.2557932,\"lng\":2.4287939,\"zoom\":19,\"markers\":[],\"address\":\"\",\"layers\":[\"OpenStreetMap.Mapnik\"],\"version\":\"1.5.6\"},\n            },                                    {\n                name: \"Salle de la Lib\\u00e9ration\",\n                link: \"https:\\\/\\\/mairie-montataire.fr\\\/de\\\/annuaires\\\/location-de-salles\\\/salle-de-la-liberation\\\/\",\n                data: {\"lat\":49.2557056,\"lng\":2.4381924,\"zoom\":14,\"markers\":[{\"label\":\"8 bis Rue des D\\u00e9port\\u00e9s, 60160 Montataire, France Hauts-de-France\",\"default_label\":\"8 bis Rue des D\\u00e9port\\u00e9s, 60160 Montataire, France Hauts-de-France\",\"lat\":49.2559787,\"lng\":2.4374736,\"geocode\":[{\"name\":\"Le Palace, 8 bis, Rue des D\\u00e9port\\u00e9s, Cit\\u00e9 Jules Guesde, Montataire, Senlis, Oise, Hauts-de-France, France m\\u00e9tropolitaine, 60160, France\",\"html\":\"8 bis Rue des D\\u00e9port\\u00e9s, 60160 Montataire, France Hauts-de-France\",\"center\":{\"lat\":49.25608975,\"lng\":2.437539776977676},\"bbox\":{\"_southWest\":{\"lat\":49.25608975,\"lng\":2.437539776977676},\"_northEast\":{\"lat\":49.25608975,\"lng\":2.437539776977676}},\"properties\":{\"place_id\":83926893,\"licence\":\"Data \\u00a9 OpenStreetMap contributors, ODbL 1.0. http:\\\/\\\/osm.org\\\/copyright\",\"osm_type\":\"way\",\"osm_id\":71317259,\"lat\":\"49.25608975\",\"lon\":\"2.437539776977676\",\"class\":\"amenity\",\"type\":\"theatre\",\"place_rank\":30,\"importance\":9.99999999995449e-6,\"addresstype\":\"amenity\",\"name\":\"Le Palace\",\"display_name\":\"Le Palace, 8 bis, Rue des D\\u00e9port\\u00e9s, Cit\\u00e9 Jules Guesde, Montataire, Senlis, Oise, Hauts-de-France, France m\\u00e9tropolitaine, 60160, France\",\"address\":{\"amenity\":\"Le Palace\",\"house_number\":\"8 bis\",\"road\":\"Rue des D\\u00e9port\\u00e9s\",\"neighbourhood\":\"Cit\\u00e9 Jules Guesde\",\"town\":\"Montataire\",\"municipality\":\"Senlis\",\"county\":\"Oise\",\"ISO3166-2-lvl6\":\"FR-60\",\"state\":\"Hauts-de-France\",\"ISO3166-2-lvl4\":\"FR-HDF\",\"region\":\"France m\\u00e9tropolitaine\",\"postcode\":\"60160\",\"country\":\"France\",\"country_code\":\"fr\",\"building\":\"\",\"city\":\"\",\"village\":\"\",\"hamlet\":\"\"},\"boundingbox\":[\"49.2558911\",\"49.2563437\",\"2.4373246\",\"2.4377790\"]}}],\"uuid\":\"marker_66913797314a1\"}],\"address\":\"8 bis Rue des D\\u00e9port\\u00e9s, 60160 Montataire, France Hauts-de-France\",\"layers\":[\"OpenStreetMap.Mapnik\"],\"version\":\"1.6.1\"},\n            },                                    {\n                name: \"SATO Picardie &#8211; CAARUD \\u00ab\\u00a0Le Relais\\u00a0\\u00bb\",\n                link: \"https:\\\/\\\/mairie-montataire.fr\\\/de\\\/annuaires\\\/sante\\\/autres-professions-de-sante\\\/sato-picardie-caarud-le-relais\\\/\",\n                data: {\"lat\":49.2555306,\"lng\":2.4385196,\"zoom\":18,\"markers\":[{\"label\":\"1 Rue des D\\u00e9port\\u00e9s, 60160 Montataire, France Hauts-de-France\",\"default_label\":\"1 Rue des D\\u00e9port\\u00e9s, 60160 Montataire, France Hauts-de-France\",\"lat\":49.2555292,\"lng\":2.4385208,\"geocode\":[],\"uuid\":\"marker_66991d5f48bc5\"}],\"address\":\"1 Rue des D\\u00e9port\\u00e9s, 60160 Montataire, France Hauts-de-France\",\"layers\":[\"OpenStreetMap.Mapnik\"],\"version\":\"1.5.7\"},\n            },                                    {\n                name: \"Secours Populaire Fran\\u00e7ais\",\n                link: \"https:\\\/\\\/mairie-montataire.fr\\\/de\\\/annuaires\\\/associations\\\/solidarite\\\/secours-populaire-francais\\\/\",\n                data: {\"lat\":53.5507112,\"lng\":10.0006485,\"zoom\":12,\"markers\":[],\"address\":\"\",\"layers\":[\"OpenStreetMap.Mapnik\"],\"version\":\"1.5.6\"},\n            },                                    {\n                name: \"Service des sports\",\n                link: \"https:\\\/\\\/mairie-montataire.fr\\\/de\\\/annuaires\\\/services-municipaux\\\/dejss\\\/sport\\\/\",\n                data: {\"lat\":49.2579044,\"lng\":2.4317953,\"zoom\":18,\"markers\":[{\"label\":\"2 Rue Armand Desnosse, 60160 Montataire, France Hauts-de-France\",\"default_label\":\"2 Rue Armand Desnosse, 60160 Montataire, France Hauts-de-France\",\"lat\":49.2579047,\"lng\":2.4317976,\"geocode\":[],\"uuid\":\"marker_66992829cb72e\"}],\"address\":\"2 Rue Armand Desnosse, 60160 Montataire, France Hauts-de-France\",\"layers\":[\"OpenStreetMap.Mapnik\"],\"version\":\"1.5.6\"},\n            },                                    {\n                name: \"Services des ressources humaines\",\n                link: \"https:\\\/\\\/mairie-montataire.fr\\\/de\\\/annuaires\\\/services-municipaux\\\/drh\\\/services-des-ressources-humaines\\\/\",\n                data: {\"lat\":49.2557617,\"lng\":2.4386591,\"zoom\":17,\"markers\":[{\"label\":\"104 Rue Jean Jaur\\u00e8s, 60160 Montataire, France Hauts-de-France\",\"default_label\":\"104 Rue Jean Jaur\\u00e8s, 60160 Montataire, France Hauts-de-France\",\"lat\":49.2557738,\"lng\":2.4386703,\"geocode\":[],\"uuid\":\"marker_6699264776a18\"}],\"address\":\"104 Rue Jean Jaur\\u00e8s, 60160 Montataire, France Hauts-de-France\",\"layers\":[\"OpenStreetMap.Mapnik\"],\"version\":\"1.5.6\"},\n            },                                    {\n                name: \"Services retrait\\u00e9s\",\n                link: \"https:\\\/\\\/mairie-montataire.fr\\\/de\\\/annuaires\\\/services-municipaux\\\/dcsdt\\\/services-retraites\\\/\",\n                data: {\"lat\":49.2554816,\"lng\":2.4389648,\"zoom\":12,\"markers\":[{\"label\":\"118 Rue Jean Jaur\\u00e8s, 60160 Montataire, France Hauts-de-France\",\"default_label\":\"118 Rue Jean Jaur\\u00e8s, 60160 Montataire, France Hauts-de-France\",\"lat\":49.2555502,\"lng\":2.4395191,\"geocode\":[],\"uuid\":\"marker_66992b29cf350\"}],\"address\":\"118 Rue Jean Jaur\\u00e8s, 60160 Montataire, France Hauts-de-France\",\"layers\":[\"OpenStreetMap.Mapnik\"],\"version\":\"1.5.6\"},\n            },                                    {\n                name: \"Services Techniques\",\n                link: \"https:\\\/\\\/mairie-montataire.fr\\\/de\\\/annuaires\\\/services-municipaux\\\/dst\\\/services-techniques\\\/\",\n                data: {\"lat\":49.2544749,\"lng\":2.4278431,\"zoom\":19,\"markers\":[{\"label\":\"15 Rue Andr\\u00e9 Ginisti, 60160 Montataire, France Hauts-de-France\",\"default_label\":\"15 Rue Andr\\u00e9 Ginisti, 60160 Montataire, France Hauts-de-France\",\"lat\":49.2544756,\"lng\":2.4278451,\"geocode\":[],\"uuid\":\"marker_66992540b4ddd\"}],\"address\":\"15 Rue Andr\\u00e9 Ginisti, 60160 Montataire, France Hauts-de-France\",\"layers\":[\"OpenStreetMap.Mapnik\"],\"version\":\"1.5.6\"},\n            },                                    {\n                name: \"Soccer Salle\",\n                link: \"https:\\\/\\\/mairie-montataire.fr\\\/de\\\/annuaires\\\/associations\\\/sport\\\/soccer-salle\\\/\",\n                data: {\"lat\":53.5507112,\"lng\":10.0004768,\"zoom\":12,\"markers\":[],\"address\":\"\",\"layers\":[\"OpenStreetMap.Mapnik\"],\"version\":\"1.5.6\"},\n            },                                    {\n                name: \"Soci\\u00e9t\\u00e9 colombophile \\u00ab\\u00a0Les vrais Amateurs\\u00a0\\u00bb\",\n                link: \"https:\\\/\\\/mairie-montataire.fr\\\/de\\\/annuaires\\\/associations\\\/environnement-et-nature\\\/societe-colombophile-les-vrais-amateurs\\\/\",\n                data: {\"lat\":53.5507112,\"lng\":10.0004768,\"zoom\":12,\"markers\":[],\"address\":\"\",\"layers\":[\"OpenStreetMap.Mapnik\"],\"version\":\"1.5.6\"},\n            },                                    {\n                name: \"Soci\\u00e9t\\u00e9 de chasse de Montataire\",\n                link: \"https:\\\/\\\/mairie-montataire.fr\\\/de\\\/annuaires\\\/associations\\\/environnement-et-nature\\\/societe-de-chasse-de-montataire\\\/\",\n                data: {\"lat\":53.5507112,\"lng\":10.0003052,\"zoom\":12,\"markers\":[],\"address\":\"\",\"layers\":[\"OpenStreetMap.Mapnik\"],\"version\":\"1.5.6\"},\n            },                                    {\n                name: \"Soci\\u00e9t\\u00e9 Mycologique de Montataire\",\n                link: \"https:\\\/\\\/mairie-montataire.fr\\\/de\\\/annuaires\\\/associations\\\/environnement-et-nature\\\/societe-mycologique-de-montataire\\\/\",\n                data: {\"lat\":53.5507112,\"lng\":10.0003052,\"zoom\":12,\"markers\":[],\"address\":\"\",\"layers\":[\"OpenStreetMap.Mapnik\"],\"version\":\"1.5.7\"},\n            },                                    {\n                name: \"Soci\\u00e9t\\u00e9 ouvri\\u00e8re d&rsquo;horticulture et de temp\\u00e9rance\",\n                link: \"https:\\\/\\\/mairie-montataire.fr\\\/de\\\/annuaires\\\/associations\\\/environnement-et-nature\\\/societe-ouvriere-dhorticulture-et-de-temperance\\\/\",\n                data: {\"lat\":53.5507112,\"lng\":10.0006485,\"zoom\":12,\"markers\":[],\"address\":\"\",\"layers\":[\"OpenStreetMap.Mapnik\"],\"version\":\"1.5.6\"},\n            },                                    {\n                name: \"Souvenir du Portugal\",\n                link: \"https:\\\/\\\/mairie-montataire.fr\\\/de\\\/annuaires\\\/associations\\\/culture-et-loisirs\\\/souvenir-du-portugal\\\/\",\n                data: {\"lat\":53.5507112,\"lng\":9.9997902,\"zoom\":12,\"markers\":[],\"address\":\"\",\"layers\":[\"OpenStreetMap.Mapnik\"],\"version\":\"1.5.6\"},\n            },                                    {\n                name: \"Stade Kleber Sellier\",\n                link: \"https:\\\/\\\/mairie-montataire.fr\\\/de\\\/annuaires\\\/structures-sportives\\\/stade-kleber-sellier\\\/\",\n                data: {\"lat\":49.2608522,\"lng\":2.4326026,\"zoom\":17,\"markers\":[{\"label\":\"Rue Maurice Vayer, 60160 Montataire, France Hauts-de-France\",\"default_label\":\"Rue Maurice Vayer, 60160 Montataire, France Hauts-de-France\",\"lat\":49.2605442,\"lng\":2.432431,\"geocode\":[{\"name\":\"Rue Maurice Vayer, Cit\\u00e9 Jules Guesde, Montataire, Senlis, Oise, Hauts-de-France, France m\\u00e9tropolitaine, 60160, France\",\"html\":\"Rue Maurice Vayer, 60160 Montataire, France Hauts-de-France\",\"center\":{\"lat\":49.260635050000005,\"lng\":2.432340357117744},\"bbox\":{\"_southWest\":{\"lat\":49.260635050000005,\"lng\":2.432340357117744},\"_northEast\":{\"lat\":49.260635050000005,\"lng\":2.432340357117744}},\"properties\":{\"place_id\":84148801,\"licence\":\"Data \\u00a9 OpenStreetMap contributors, ODbL 1.0. http:\\\/\\\/osm.org\\\/copyright\",\"osm_type\":\"way\",\"osm_id\":1035971711,\"lat\":\"49.260635050000005\",\"lon\":\"2.432340357117744\",\"class\":\"leisure\",\"type\":\"sports_centre\",\"place_rank\":30,\"importance\":9.99999999995449e-6,\"addresstype\":\"leisure\",\"name\":\"\",\"display_name\":\"Rue Maurice Vayer, Cit\\u00e9 Jules Guesde, Montataire, Senlis, Oise, Hauts-de-France, France m\\u00e9tropolitaine, 60160, France\",\"address\":{\"road\":\"Rue Maurice Vayer\",\"neighbourhood\":\"Cit\\u00e9 Jules Guesde\",\"town\":\"Montataire\",\"municipality\":\"Senlis\",\"county\":\"Oise\",\"ISO3166-2-lvl6\":\"FR-60\",\"state\":\"Hauts-de-France\",\"ISO3166-2-lvl4\":\"FR-HDF\",\"region\":\"France m\\u00e9tropolitaine\",\"postcode\":\"60160\",\"country\":\"France\",\"country_code\":\"fr\",\"building\":\"\",\"house_number\":\"\",\"city\":\"\",\"village\":\"\",\"hamlet\":\"\"},\"boundingbox\":[\"49.2598684\",\"49.2612706\",\"2.4314596\",\"2.4334160\"]}}],\"uuid\":\"marker_6697c0053269a\"}],\"address\":\"Rue Maurice Vayer, 60160 Montataire, France Hauts-de-France\",\"layers\":[\"OpenStreetMap.Mapnik\"],\"version\":\"1.5.7\"},\n            },                                    {\n                name: \"Standard Football Club Montataire\",\n                link: \"https:\\\/\\\/mairie-montataire.fr\\\/de\\\/annuaires\\\/associations\\\/sport\\\/standard-football-club-montataire\\\/\",\n                data: {\"lat\":49.2559157,\"lng\":2.4305266,\"zoom\":17,\"markers\":[],\"address\":\"\",\"layers\":[\"OpenStreetMap.Mapnik\"],\"version\":\"1.5.6\"},\n            },                                    {\n                name: \"Sud Oise Escalade\",\n                link: \"https:\\\/\\\/mairie-montataire.fr\\\/de\\\/annuaires\\\/associations\\\/sport\\\/sud-oise-escalade\\\/\",\n                data: {\"lat\":49.2558352,\"lng\":2.4304998,\"zoom\":19,\"markers\":[],\"address\":\"\",\"layers\":[\"OpenStreetMap.Mapnik\"],\"version\":\"1.5.7\"},\n            },                                    {\n                name: \"Tennis Club de Montataire\",\n                link: \"https:\\\/\\\/mairie-montataire.fr\\\/de\\\/annuaires\\\/associations\\\/sport\\\/tennis-club-de-montataire\\\/\",\n                data: {\"lat\":53.5507112,\"lng\":9.9997902,\"zoom\":12,\"markers\":[],\"address\":\"\",\"layers\":[\"OpenStreetMap.Mapnik\"],\"version\":\"1.5.7\"},\n            },                                    {\n                name: \"Union Cycliste Montatairienne\",\n                link: \"https:\\\/\\\/mairie-montataire.fr\\\/de\\\/annuaires\\\/associations\\\/sport\\\/union-cycliste-montatairienne\\\/\",\n                data: {\"lat\":53.5507112,\"lng\":10.0004768,\"zoom\":12,\"markers\":[],\"address\":\"\",\"layers\":[\"OpenStreetMap.Mapnik\"],\"version\":\"1.5.6\"},\n            },                                    {\n                name: \"Union Locale des Anciens Combattants (ULAC)\",\n                link: \"https:\\\/\\\/mairie-montataire.fr\\\/de\\\/annuaires\\\/associations\\\/memoire-et-patrimoine\\\/union-locale-des-anciens-combattants-ulac\\\/\",\n                data: {\"lat\":53.5507112,\"lng\":10.0004768,\"zoom\":12,\"markers\":[],\"address\":\"\",\"layers\":[\"OpenStreetMap.Mapnik\"],\"version\":\"1.5.6\"},\n            },                                    {\n                name: \"Union Sportive de Montataire\",\n                link: \"https:\\\/\\\/mairie-montataire.fr\\\/de\\\/annuaires\\\/associations\\\/sport\\\/union-sportive-de-montataire\\\/\",\n                data: {\"lat\":49.2681476,\"lng\":2.430945,\"zoom\":17,\"markers\":[],\"address\":\"\",\"layers\":[\"OpenStreetMap.Mapnik\"],\"version\":\"1.5.6\"},\n            },                                    {\n                name: \"Vid\\u00e9o Travelling\",\n                link: \"https:\\\/\\\/mairie-montataire.fr\\\/de\\\/annuaires\\\/associations\\\/culture-et-loisirs\\\/video-travelling\\\/\",\n                data: {\"lat\":53.5507112,\"lng\":9.9999619,\"zoom\":12,\"markers\":[],\"address\":\"\",\"layers\":[\"OpenStreetMap.Mapnik\"],\"version\":\"1.6.1\"},\n            },                                    {\n                name: \"Vie Libre\",\n                link: \"https:\\\/\\\/mairie-montataire.fr\\\/de\\\/annuaires\\\/associations\\\/solidarite\\\/vie-libre\\\/\",\n                data: {\"lat\":53.5507112,\"lng\":10.0006485,\"zoom\":12,\"markers\":[],\"address\":\"\",\"layers\":[\"OpenStreetMap.Mapnik\"],\"version\":\"1.5.6\"},\n            }                    ];\n<\/script><\/div>    <\/div>\n<\/div>    <\/div>","protected":false},"excerpt":{"rendered":"<p>Hier finden Sie Informationen \u00fcber gemietete R\u00e4ume, eine Liste von Vereinen, Sporteinrichtungen sowie Schulen, Sekundarschulen, Gymnasien und st\u00e4dtischen Einrichtungen... Sie k\u00f6nnen Ihre Suche mit der Kategorisierung direkt darunter eingrenzen.<\/p>","protected":false},"author":1,"featured_media":0,"parent":0,"menu_order":81,"comment_status":"closed","ping_status":"closed","template":"","meta":{"_acf_changed":false,"_uag_custom_page_level_css":"","footnotes":""},"class_list":["post-40","page","type-page","status-publish","hentry"],"acf":[],"uagb_featured_image_src":{"full":false,"thumbnail":false,"medium":false,"medium_large":false,"large":false,"1536x1536":false,"2048x2048":false,"trp-custom-language-flag":false,"gform-image-choice-sm":false,"gform-image-choice-md":false,"gform-image-choice-lg":false},"uagb_author_info":{"display_name":"mentalworks","author_link":"https:\/\/mairie-montataire.fr\/de\/actualites\/author\/mentalworks\/"},"uagb_comment_info":0,"uagb_excerpt":"Vous trouverez ici les informations sur les salles en location, la liste des associations, des infrastructures sportives, ainsi que les \u00e9coles, coll\u00e8ges, lyc\u00e9es et les services municipaux&#8230; Vous pouvez cibler votre recherche avec la cat\u00e9gorisation juste en dessous.","_links":{"self":[{"href":"https:\/\/mairie-montataire.fr\/de\/wp-json\/wp\/v2\/pages\/40","targetHints":{"allow":["GET"]}}],"collection":[{"href":"https:\/\/mairie-montataire.fr\/de\/wp-json\/wp\/v2\/pages"}],"about":[{"href":"https:\/\/mairie-montataire.fr\/de\/wp-json\/wp\/v2\/types\/page"}],"author":[{"embeddable":true,"href":"https:\/\/mairie-montataire.fr\/de\/wp-json\/wp\/v2\/users\/1"}],"replies":[{"embeddable":true,"href":"https:\/\/mairie-montataire.fr\/de\/wp-json\/wp\/v2\/comments?post=40"}],"version-history":[{"count":4,"href":"https:\/\/mairie-montataire.fr\/de\/wp-json\/wp\/v2\/pages\/40\/revisions"}],"predecessor-version":[{"id":3864,"href":"https:\/\/mairie-montataire.fr\/de\/wp-json\/wp\/v2\/pages\/40\/revisions\/3864"}],"wp:attachment":[{"href":"https:\/\/mairie-montataire.fr\/de\/wp-json\/wp\/v2\/media?parent=40"}],"curies":[{"name":"wp","href":"https:\/\/api.w.org\/{rel}","templated":true}]}}