{"id":166,"date":"2024-05-03T09:32:21","date_gmt":"2024-05-03T09:32:21","guid":{"rendered":"https:\/\/montataire.local\/?page_id=166"},"modified":"2026-04-02T07:52:24","modified_gmt":"2026-04-02T07:52:24","slug":"abfallsammlung","status":"publish","type":"page","link":"https:\/\/mairie-montataire.fr\/de\/habiter\/cadre-de-vie\/collecte-des-dechets\/","title":{"rendered":"Sammeln von M\u00fcll"},"content":{"rendered":"<p><strong>Die M\u00fcllabfuhr (Hausm\u00fcll, gelbe Tonnen, Gr\u00fcnabf\u00e4lle und Sperrm\u00fcll) wird von der Agglomeration Creil Sud Oise durchgef\u00fchrt :<\/strong> <a href=\"https:\/\/www.creilsudoise.fr\/mon-quotidien\/dechets\/\" target=\"_blank\" rel=\"noreferrer noopener\">creilsudoise.fr\/mein-alltag\/abfall\/<\/a><\/p>\n\n\n\t\t\t\t\t<div\n\t\t\t\t\t\tclass=\"wp-block-uagb-image-gallery uagb-block-886b6c35\"\n\t\t\t\t\t\tstyle=\"\"\n\t\t\t\t\t>\n\t\t\t\t\t\t\t\t\t\t\t<div class=\"spectra-image-gallery spectra-image-gallery__layout--carousel\">\n\t\t\t\t\t\t\t\t<div class=\"uagb-slick-carousel uagb-block-886b6c35\">\n\t\t\t\t\t\t\t\t\t\t\t\t<div class='spectra-image-gallery__media-wrapper' data-spectra-gallery-image-id='7405'>\n\t\t\t\t\t\t\t<div class=\"spectra-image-gallery__media spectra-image-gallery__media--carousel\">\n\t\t\t\t<picture>\n\t\t\t\t\t<source media=\"(min-width: 1024px)\" srcset=\"https:\/\/mairie-montataire.fr\/app\/uploads\/2026\/01\/Calendrier-de-collecte-ACSO-2026-STC_compressed_Page_1-1024x824.jpg\">\n\t\t\t\t\t<source media=\"(min-width: 768px)\" srcset=\"https:\/\/mairie-montataire.fr\/app\/uploads\/2026\/01\/Calendrier-de-collecte-ACSO-2026-STC_compressed_Page_1-1024x824.jpg\">\n\t\t\t\t\t<img decoding=\"async\" class=\"spectra-image-gallery__media-thumbnail spectra-image-gallery__media-thumbnail--carousel\" src=\"https:\/\/mairie-montataire.fr\/app\/uploads\/2026\/01\/Calendrier-de-collecte-ACSO-2026-STC_compressed_Page_1-300x241.jpg\" alt=\"Abfuhrkalender f\u00fcr Montataire: - schwarze und gelbe M\u00fclltonnen dienstagsabends - Gr\u00fcnabf\u00e4lle mittwochs vom 6. April bis Ende November Keine Abfuhr am 25. Dezember 2026 und am 1. Januar 2027. Die Abfuhr wird auf den 23.12. und den 30.12.2026 verschoben.\" loading=\"lazy\" \/>\n\t\t\t\t<\/picture>\n\t\t\t\t<div class=\"spectra-image-gallery__media-thumbnail-blurrer\"><\/div>\n\t\t\t\t\t\t\t\t\t\t\t<div class=\"spectra-image-gallery__media-thumbnail-caption-wrapper spectra-image-gallery__media-thumbnail-caption-wrapper--overlay\"><\/div>\n\t\t\t\t\t\t\t\t<\/div>\n\t\t\t\t\t\t<\/div>\n\t\t\t\t\t\t<div class='spectra-image-gallery__media-wrapper' data-spectra-gallery-image-id='7406'>\n\t\t\t\t\t\t\t<div class=\"spectra-image-gallery__media spectra-image-gallery__media--carousel\">\n\t\t\t\t<picture>\n\t\t\t\t\t<source media=\"(min-width: 1024px)\" srcset=\"https:\/\/mairie-montataire.fr\/app\/uploads\/2026\/01\/Calendrier-de-collecte-ACSO-2026-STC_compressed_Page_2-1024x724.jpg\">\n\t\t\t\t\t<source media=\"(min-width: 768px)\" srcset=\"https:\/\/mairie-montataire.fr\/app\/uploads\/2026\/01\/Calendrier-de-collecte-ACSO-2026-STC_compressed_Page_2-1024x724.jpg\">\n\t\t\t\t\t<img decoding=\"async\" class=\"spectra-image-gallery__media-thumbnail spectra-image-gallery__media-thumbnail--carousel\" src=\"https:\/\/mairie-montataire.fr\/app\/uploads\/2026\/01\/Calendrier-de-collecte-ACSO-2026-STC_compressed_Page_2-300x212.jpg\" alt=\"Erinnerung an die Terminals f\u00fcr Lebensmittelabf\u00e4lle.\" loading=\"lazy\" \/>\n\t\t\t\t<\/picture>\n\t\t\t\t<div class=\"spectra-image-gallery__media-thumbnail-blurrer\"><\/div>\n\t\t\t\t\t\t\t\t\t\t\t<div class=\"spectra-image-gallery__media-thumbnail-caption-wrapper spectra-image-gallery__media-thumbnail-caption-wrapper--overlay\"><\/div>\n\t\t\t\t\t\t\t\t<\/div>\n\t\t\t\t\t\t<\/div>\n\t\t\t\t\t\t\t\t\t\t\t<\/div>\n\t\t\t\t\t\t\t<\/div>\n\t\t\t\t\t\t\t\t\t\t\t<\/div>\n\t\t\t\t\t\t\t\t\t\t\t<div class='spectra-image-gallery__control-lightbox' tabindex='0'>\n\t\t\t\t\t\t\t\t\t\t\t<div class=\"swiper spectra-image-gallery__control-lightbox--main\" dir=\"\">\n\t\t\t\t\t<div class=\"swiper-wrapper\">\n\t\t\t\t\t\t\t\t\t\t\t\t\t\n\t\t\t\t\t\t\t<div class=\"swiper-slide\">\n\t\t\t\t\t\t\t\t<img class=\"swiper-lazy\" data-src=\"https:\/\/mairie-montataire.fr\/app\/uploads\/2026\/01\/Calendrier-de-collecte-ACSO-2026-STC_compressed_Page_1.jpg\" alt=\"Abfuhrkalender f\u00fcr Montataire: - schwarze und gelbe M\u00fclltonnen dienstagsabends - Gr\u00fcnabf\u00e4lle mittwochs vom 6. April bis Ende November Keine Abfuhr am 25. Dezember 2026 und am 1. Januar 2027. Die Abfuhr wird auf den 23.12. und den 30.12.2026 verschoben.\"\/>\n\t\t\t\t\t\t\t\t<div class=\"swiper-lazy-preloader swiper-lazy-preloader-white\"><\/div>\n\t\t\t\t\t\t\t\t\t\t\t\t\t\t\t<\/div>\n\t\t\t\t\t\t\t\t\t\t\t\t\t\n\t\t\t\t\t\t\t<div class=\"swiper-slide\">\n\t\t\t\t\t\t\t\t<img class=\"swiper-lazy\" data-src=\"https:\/\/mairie-montataire.fr\/app\/uploads\/2026\/01\/Calendrier-de-collecte-ACSO-2026-STC_compressed_Page_2.jpg\" alt=\"Erinnerung an die Terminals f\u00fcr Lebensmittelabf\u00e4lle.\"\/>\n\t\t\t\t\t\t\t\t<div class=\"swiper-lazy-preloader swiper-lazy-preloader-white\"><\/div>\n\t\t\t\t\t\t\t\t\t\t\t\t\t\t\t<\/div>\n\t\t\t\t\t\t\t\t\t\t\t<\/div>\n\t\t\t\t\t<div class=\"swiper-button-next\"><\/div>\n\t\t\t\t\t<div class=\"swiper-button-prev\"><\/div>\n\t\t\t\t<\/div>\t\t\t\n\t\t\t\t\t\t\t\t\t\t\t\t\t\t\t\t\t\t\t\t\t\t\t\t\t\t\t\t\t\t\t\t<button class='spectra-image-gallery__control-lightbox--close' aria-label=\"Close\">\n\t\t\t\t\t\t\t\t\t\t\t\t\t<svg xmlns=\"https:\/\/www.w3.org\/2000\/svg\" viewbox= \"0 0 320 512\"><path d=\"M310.6 361.4c12.5 12.5 12.5 32.75 0 45.25C304.4 412.9 296.2 416 288 416s-16.38-3.125-22.62-9.375L160 301.3L54.63 406.6C48.38 412.9 40.19 416 32 416S15.63 412.9 9.375 406.6c-12.5-12.5-12.5-32.75 0-45.25l105.4-105.4L9.375 150.6c-12.5-12.5-12.5-32.75 0-45.25s32.75-12.5 45.25 0L160 210.8l105.4-105.4c12.5-12.5 32.75-12.5 45.25 0s12.5 32.75 0 45.25l-105.4 105.4L310.6 361.4z\"><\/path><\/svg>\n\t\t\t\t\t\t\t\t\t\t\t\t<\/button>\n\t\t\t\t\t\t\t\t\t\t\t\t\t<\/div>\n\t\t\t\t\t\t\t\t\t\n\n\n<h2 class=\"wp-block-heading\">Lebensmittelabf\u00e4lle<\/h2>\n\n\n\n<h3 class=\"wp-block-heading\">Wie kann man teilnehmen?<\/h3>\n\n\n\n<p>Die Einwohner von Montataire k\u00f6nnen ihren Bio-Eimer abholen in <a href=\"https:\/\/mairie-montataire.fr\/de\/verzeichnisse\/gemeindedienste\/rathaus\/zentrale-marie\/\"><strong>Haupt-Rathaus<\/strong><\/a> und an die <strong><a href=\"https:\/\/mairie-montataire.fr\/de\/verzeichnisse\/gemeindedienste\/dst\/technische-dienste\/\">Direktion f\u00fcr technische Dienste<\/a><\/strong> zu den \u00fcblichen \u00d6ffnungszeiten. Es ist unerl\u00e4sslich, um die Sortierung von Lebensmittelabf\u00e4llen zu erleichtern.<\/p>\n\n\n\n<h3 class=\"wp-block-heading\">Warum sollte man Lebensmittelabf\u00e4lle sortieren?<\/h3>\n\n\n\n<p>Die Trennung von Lebensmittelabf\u00e4llen ist eine konkrete und wirksame Ma\u00dfnahme, um die Menge an verbranntem Abfall zu reduzieren. Sie erm\u00f6glicht die Herstellung von nat\u00fcrlichem Kompost, der in der Landwirtschaft und im Gartenbau verwendet werden kann, sowie von Biogas, einer erneuerbaren Energiequelle.<\/p>\n\n\n\n<p><strong>Einwohner von Montataire, engagieren Sie sich f\u00fcr eine verantwortungsvollere Verwaltung von <strong>Ihren Abfall und beteiligen Sie sich an dieser Umweltdynamik!<\/strong><\/strong><\/p>\n\n\n\n<div class=\"wp-block-uagb-buttons uagb-buttons__outer-wrap uagb-btn__default-btn uagb-btn-tablet__default-btn uagb-btn-mobile__default-btn uagb-block-e902c961\"><div class=\"uagb-buttons__wrap uagb-buttons-layout-wrap\">\n<div class=\"wp-block-uagb-buttons-child uagb-buttons__outer-wrap uagb-block-00bf05e1 wp-block-button\"><div class=\"uagb-button__wrapper\"><a class=\"uagb-buttons-repeater wp-block-button__link\" aria-label=\"\" href=\"https:\/\/www.creilsudoise.fr\/lacso-met-en-place-un-nouveau-service-pour-reduire-le-volume-des-ordures-menageres-la-collecte-des-dechets-alimentaires-et-organiques\/?section=points-dapport-volontaire-pav&amp;fbclid=IwY2xjawKiTeBleHRuA2FlbQIxMABicmlkETBUZnJxVjBxQnRobjZ3YVpFAR7RKCoRryhjcAOKzFGxu2eLCVQgpv80ZtRBWd-fdmqTiZmBIHlCEfIMUH3X-w_aem_wXoh7Y7IJxbkVav-ZPLMYA\" rel=\"follow noopener\" target=\"_blank\" role=\"button\"><div class=\"uagb-button__link\">Siehe Karte der Grenzsteine in Montataire<\/div><span class=\"uagb-button__icon uagb-button__icon-position-after\"><svg xmlns=\"https:\/\/www.w3.org\/2000\/svg\" viewbox=\"0 0 448 512\" aria-hidden=\"true\" focussable=\"false\"><path d=\"M438.6 278.6l-160 160C272.4 444.9 264.2 448 256 448s-16.38-3.125-22.62-9.375c-12.5-12.5-12.5-32.75 0-45.25L338.8 288H32C14.33 288 .0016 273.7 .0016 256S14.33 224 32 224h306.8l-105.4-105.4c-12.5-12.5-12.5-32.75 0-45.25s32.75-12.5 45.25 0l160 160C451.1 245.9 451.1 266.1 438.6 278.6z\"><\/path><\/svg><\/span><\/a><\/div><\/div>\n<\/div><\/div>\n\n\n\n<h2 class=\"wp-block-heading\">Die M\u00fclldeponien<\/h2>\n\n\n\n<p>Der Zugang ist f\u00fcr alle Privatpersonen, die im Gebiet der Communaut\u00e9 de l'Agglom\u00e9ration Creil Sud Oise wohnen, kostenlos.<\/p>\n\n\n\n<p>Eine&nbsp;<a href=\"https:\/\/www.smdoise.fr\/\" target=\"_blank\" rel=\"noreferrer noopener\"><strong>Zugangskarte<\/strong><\/a>&nbsp;wird den Bewohnern des Gebiets des&nbsp;<strong>SMDO<\/strong>&nbsp;<em>(eine Karte pro Haushalt)<\/em>&nbsp;und bietet Zugang zu allen M\u00fclldeponien des Verdi-Netzwerks.<br>Um ihn zu erhalten, m\u00fcssen Sie nur <a href=\"https:\/\/www.smdoise.fr\/demande-de-carte\/\" target=\"_blank\" rel=\"noreferrer noopener\">das Antragsformular auf der Website des SMDO ausf\u00fcllen<\/a>.<\/p>\n\n\n\n<div class=\"wp-block-uagb-buttons uagb-buttons__outer-wrap uagb-btn__default-btn uagb-btn-tablet__default-btn uagb-btn-mobile__default-btn uagb-block-fda1e3f6\"><div class=\"uagb-buttons__wrap uagb-buttons-layout-wrap\">\n<div class=\"wp-block-uagb-buttons-child uagb-buttons__outer-wrap uagb-block-c41137f2 wp-block-button\"><div class=\"uagb-button__wrapper\"><a class=\"uagb-buttons-repeater wp-block-button__link\" aria-label=\"\" href=\"https:\/\/www.creilsudoise.fr\/lacso-met-en-place-un-nouveau-service-pour-reduire-le-volume-des-ordures-menageres-la-collecte-des-dechets-alimentaires-et-organiques\/?section=points-dapport-volontaire-pav&amp;fbclid=IwY2xjawKiTeBleHRuA2FlbQIxMABicmlkETBUZnJxVjBxQnRobjZ3YVpFAR7RKCoRryhjcAOKzFGxu2eLCVQgpv80ZtRBWd-fdmqTiZmBIHlCEfIMUH3X-w_aem_wXoh7Y7IJxbkVav-ZPLMYA\" rel=\"follow noopener\" target=\"_blank\" role=\"button\"><div class=\"uagb-button__link\">Was k\u00f6nnen Sie zur Abfallentsorgung bringen?<\/div><span class=\"uagb-button__icon uagb-button__icon-position-after\"><svg xmlns=\"https:\/\/www.w3.org\/2000\/svg\" viewbox=\"0 0 448 512\" aria-hidden=\"true\" focussable=\"false\"><path d=\"M438.6 278.6l-160 160C272.4 444.9 264.2 448 256 448s-16.38-3.125-22.62-9.375c-12.5-12.5-12.5-32.75 0-45.25L338.8 288H32C14.33 288 .0016 273.7 .0016 256S14.33 224 32 224h306.8l-105.4-105.4c-12.5-12.5-12.5-32.75 0-45.25s32.75-12.5 45.25 0l160 160C451.1 245.9 451.1 266.1 438.6 278.6z\"><\/path><\/svg><\/span><\/a><\/div><\/div>\n<\/div><\/div>\n\n\n\n<h2 class=\"wp-block-heading\">Wohin geht der Abfall?<\/h2>\n\n\n\n<p>Sie werden zum Verwertungszentrum in Villers-Saint-Paul gebracht, wo <strong>100 % von Plastikverpackungen wird recycelt<\/strong>. Anschlie\u00dfend werden sie vom Syndicat mixte du d\u00e9partement de l'Oise (<a href=\"http:\/\/www.smvo.fr\/\" target=\"_blank\" rel=\"noreferrer noopener\">SMDO<\/a>), um den Sortierprozess fortzusetzen. Ihr Abfall kann dann zu Sekund\u00e4rrohstoffen, thermischer, elektrischer und organischer Energie werden...<\/p>\n\n\n\n<p><\/p>","protected":false},"excerpt":{"rendered":"<p>Le ramassage des&nbsp;d\u00e9chets (ordures m\u00e9nag\u00e8res,&nbsp;poubelles jaunes, d\u00e9chets verts et encombrants)&nbsp;est r\u00e9alis\u00e9 par l\u2019Agglom\u00e9ration Creil Sud Oise&nbsp;: creilsudoise.fr\/mon-quotidien\/dechets\/ Les d\u00e9chets alimentaires Comment participer ? Les habitants de Montataire peuvent r\u00e9cup\u00e9rer leur bio-seau en mairie principale et \u00e0 la Direction des Services Techniques aux horaires d&rsquo;ouverture habituels. Il est indispensable pour faciliter le tri des d\u00e9chets alimentaires. [&hellip;]<\/p>\n","protected":false},"author":1,"featured_media":3230,"parent":120,"menu_order":39,"comment_status":"closed","ping_status":"closed","template":"","meta":{"_acf_changed":false,"_uag_custom_page_level_css":"","footnotes":""},"class_list":["post-166","page","type-page","status-publish","has-post-thumbnail","hentry"],"acf":[],"uagb_featured_image_src":{"full":["https:\/\/mairie-montataire.fr\/app\/uploads\/2024\/08\/1.6.6_CollecteDechets.jpg",500,350,false],"thumbnail":["https:\/\/mairie-montataire.fr\/app\/uploads\/2024\/08\/1.6.6_CollecteDechets-150x150.jpg",150,150,true],"medium":["https:\/\/mairie-montataire.fr\/app\/uploads\/2024\/08\/1.6.6_CollecteDechets-300x210.jpg",300,210,true],"medium_large":["https:\/\/mairie-montataire.fr\/app\/uploads\/2024\/08\/1.6.6_CollecteDechets.jpg",500,350,false],"large":["https:\/\/mairie-montataire.fr\/app\/uploads\/2024\/08\/1.6.6_CollecteDechets.jpg",500,350,false],"1536x1536":["https:\/\/mairie-montataire.fr\/app\/uploads\/2024\/08\/1.6.6_CollecteDechets.jpg",500,350,false],"2048x2048":["https:\/\/mairie-montataire.fr\/app\/uploads\/2024\/08\/1.6.6_CollecteDechets.jpg",500,350,false],"trp-custom-language-flag":["https:\/\/mairie-montataire.fr\/app\/uploads\/2024\/08\/1.6.6_CollecteDechets-18x12.jpg",18,12,true],"gform-image-choice-sm":["https:\/\/mairie-montataire.fr\/app\/uploads\/2024\/08\/1.6.6_CollecteDechets.jpg",300,210,false],"gform-image-choice-md":["https:\/\/mairie-montataire.fr\/app\/uploads\/2024\/08\/1.6.6_CollecteDechets.jpg",400,280,false],"gform-image-choice-lg":["https:\/\/mairie-montataire.fr\/app\/uploads\/2024\/08\/1.6.6_CollecteDechets.jpg",500,350,false]},"uagb_author_info":{"display_name":"mentalworks","author_link":"https:\/\/mairie-montataire.fr\/de\/actualites\/author\/mentalworks\/"},"uagb_comment_info":0,"uagb_excerpt":"Le ramassage des&nbsp;d\u00e9chets (ordures m\u00e9nag\u00e8res,&nbsp;poubelles jaunes, d\u00e9chets verts et encombrants)&nbsp;est r\u00e9alis\u00e9 par l\u2019Agglom\u00e9ration Creil Sud Oise&nbsp;: creilsudoise.fr\/mon-quotidien\/dechets\/ Les d\u00e9chets alimentaires Comment participer ? Les habitants de Montataire peuvent r\u00e9cup\u00e9rer leur bio-seau en mairie principale et \u00e0 la Direction des Services Techniques aux horaires d&rsquo;ouverture habituels. Il est indispensable pour faciliter le tri des d\u00e9chets alimentaires.&hellip;","_links":{"self":[{"href":"https:\/\/mairie-montataire.fr\/de\/wp-json\/wp\/v2\/pages\/166","targetHints":{"allow":["GET"]}}],"collection":[{"href":"https:\/\/mairie-montataire.fr\/de\/wp-json\/wp\/v2\/pages"}],"about":[{"href":"https:\/\/mairie-montataire.fr\/de\/wp-json\/wp\/v2\/types\/page"}],"author":[{"embeddable":true,"href":"https:\/\/mairie-montataire.fr\/de\/wp-json\/wp\/v2\/users\/1"}],"replies":[{"embeddable":true,"href":"https:\/\/mairie-montataire.fr\/de\/wp-json\/wp\/v2\/comments?post=166"}],"version-history":[{"count":29,"href":"https:\/\/mairie-montataire.fr\/de\/wp-json\/wp\/v2\/pages\/166\/revisions"}],"predecessor-version":[{"id":7767,"href":"https:\/\/mairie-montataire.fr\/de\/wp-json\/wp\/v2\/pages\/166\/revisions\/7767"}],"up":[{"embeddable":true,"href":"https:\/\/mairie-montataire.fr\/de\/wp-json\/wp\/v2\/pages\/120"}],"wp:featuredmedia":[{"embeddable":true,"href":"https:\/\/mairie-montataire.fr\/de\/wp-json\/wp\/v2\/media\/3230"}],"wp:attachment":[{"href":"https:\/\/mairie-montataire.fr\/de\/wp-json\/wp\/v2\/media?parent=166"}],"curies":[{"name":"wp","href":"https:\/\/api.w.org\/{rel}","templated":true}]}}