{"id":148,"date":"2024-05-03T09:28:31","date_gmt":"2024-05-03T09:28:31","guid":{"rendered":"https:\/\/montataire.local\/?page_id=148"},"modified":"2024-09-19T13:51:38","modified_gmt":"2024-09-19T13:51:38","slug":"andere-gerate","status":"publish","type":"page","link":"https:\/\/mairie-montataire.fr\/de\/habiter\/retraite-e-s\/autres-dispositifs\/","title":{"rendered":"Andere Ger\u00e4te"},"content":{"rendered":"<p><strong>Alle Rentnerinnen und Rentner der Stadt empfangen, informieren und ihnen zuh\u00f6ren.<\/strong><\/p>\n\n\n\n<h2 class=\"wp-block-heading\">Angeboten von der Stadt<\/h2>\n\n\n\n<h3 class=\"wp-block-heading\">Wir begleiten Sie zu den Friedh\u00f6fen<\/h3>\n\n\n\n<p>Freitags steht den Rentnerinnen und Rentnern der Gemeinde der Stadtbus f\u00fcr Fahrten zu den Friedh\u00f6fen zur Verf\u00fcgung. Der Treffpunkt ist um 14 Uhr am Kreisverkehr in der Rue Andr\u00e9 Ginisti. Der Bus f\u00e4hrt dann mehrere Haltestellen an und deckt das gesamte Stadtgebiet ab. <strong>Bitte beachten Sie, dass am f\u00fcnften Freitag des Monats keine Abholung stattfindet.<\/strong><\/p>\n\n\n\n<p><strong>Um zu erfahren, welche Haltestellen bedient werden, wenden Sie sich an den Rentnerservice.<\/strong><\/p>\n\n\n\t\t\t\t\t<div\n\t\t\t\t\t\tclass=\"wp-block-uagb-image-gallery uagb-block-1ad6cfa6\"\n\t\t\t\t\t\tstyle=\"\"\n\t\t\t\t\t>\n\t\t\t\t\t\t\t\t\t\t\t<div class=\"spectra-image-gallery spectra-image-gallery__layout--grid spectra-image-gallery__layout--grid-col-2 spectra-image-gallery__layout--grid-col-tab-2 spectra-image-gallery__layout--grid-col-mob-2\">\n\t\t\t\t\t\t\t\t\t\t\t<div class='spectra-image-gallery__media-wrapper' data-spectra-gallery-image-id='2250' tabindex=\"0\">\n\t\t\t\t\t\t\t<div class=\"spectra-image-gallery__media spectra-image-gallery__media--grid\">\n\t\t\t\t<picture>\n\t\t\t\t\t<source media=\"(min-width: 1024px)\" srcset=\"https:\/\/mairie-montataire.fr\/app\/uploads\/2024\/07\/2023-09-13-cimetiere-11-1024x683.jpg\">\n\t\t\t\t\t<source media=\"(min-width: 768px)\" srcset=\"https:\/\/mairie-montataire.fr\/app\/uploads\/2024\/07\/2023-09-13-cimetiere-11-1024x683.jpg\">\n\t\t\t\t\t<img decoding=\"async\" class=\"spectra-image-gallery__media-thumbnail spectra-image-gallery__media-thumbnail--grid\" src=\"https:\/\/mairie-montataire.fr\/app\/uploads\/2024\/07\/2023-09-13-cimetiere-11-300x200.jpg\" alt=\"\" loading=\"lazy\" \/>\n\t\t\t\t<\/picture>\n\t\t\t\t<div class=\"spectra-image-gallery__media-thumbnail-blurrer\"><\/div>\n\t\t\t\t\t\t\t\t\t\t\t<div class=\"spectra-image-gallery__media-thumbnail-caption-wrapper spectra-image-gallery__media-thumbnail-caption-wrapper--overlay\"><\/div>\n\t\t\t\t\t\t\t\t<\/div>\n\t\t\t\t\t\t<\/div>\n\t\t\t\t\t\t<div class='spectra-image-gallery__media-wrapper' data-spectra-gallery-image-id='2251' tabindex=\"0\">\n\t\t\t\t\t\t\t<div class=\"spectra-image-gallery__media spectra-image-gallery__media--grid\">\n\t\t\t\t<picture>\n\t\t\t\t\t<source media=\"(min-width: 1024px)\" srcset=\"https:\/\/mairie-montataire.fr\/app\/uploads\/2024\/07\/IMGL9636-1024x706.jpg\">\n\t\t\t\t\t<source media=\"(min-width: 768px)\" srcset=\"https:\/\/mairie-montataire.fr\/app\/uploads\/2024\/07\/IMGL9636-1024x706.jpg\">\n\t\t\t\t\t<img decoding=\"async\" class=\"spectra-image-gallery__media-thumbnail spectra-image-gallery__media-thumbnail--grid\" src=\"https:\/\/mairie-montataire.fr\/app\/uploads\/2024\/07\/IMGL9636-300x207.jpg\" alt=\"\" loading=\"lazy\" \/>\n\t\t\t\t<\/picture>\n\t\t\t\t<div class=\"spectra-image-gallery__media-thumbnail-blurrer\"><\/div>\n\t\t\t\t\t\t\t\t\t\t\t<div class=\"spectra-image-gallery__media-thumbnail-caption-wrapper spectra-image-gallery__media-thumbnail-caption-wrapper--overlay\"><\/div>\n\t\t\t\t\t\t\t\t<\/div>\n\t\t\t\t\t\t<\/div>\n\t\t\t\t\t\t\t\t\t\t<\/div>\n\t\t\t\t\t\t\t\t\t\t\t\t\t\t\t\t\t\t<\/div>\n\t\t\t\t\t\t\t\t\t\n\n\n<h3 class=\"wp-block-heading\">Wir begleiten Sie w\u00e4hrend einer Hitzewelle<\/h3>\n\n\n\n<p>Jedes Jahr, wenn der Sommer beginnt, stellt die Stadtverwaltung den \"Plan Bleu\" auf, um einer m\u00f6glichen Hitzewelle vorzubeugen. Dabei geht es darum, gef\u00e4hrdete \u00e4ltere Menschen zu erfassen und zu identifizieren, damit sie bei gro\u00dfer Hitze kontaktiert werden k\u00f6nnen und ihnen gegebenenfalls mit Rat und Tat zur Seite stehen.&nbsp;<\/p>\n\n\n\n<p>Wenn Sie interessiert sind, k\u00f6nnen Sie <a href=\"https:\/\/mairie-montataire.fr\/de\/online-antrage\/anmeldung-zum-hitzewellenplan\/\">sich in die Datei eintragen<\/a> die der Initiative entspricht. Diese Datei wird an die Pr\u00e4fektur weitergeleitet, falls der Hitzewellenplan auf nationaler Ebene ausgel\u00f6st wird.<\/p>\n\n\n\n<p>Die autonome Residenz Maurice Mignon besitzt <strong>ein klimatisiertes Foyer<\/strong>, t\u00e4glich verf\u00fcgbar.<\/p>\n\n\n\n<h2 class=\"wp-block-heading\"><strong>Mehr<\/strong><\/h2>\n\n\n\n<h3 class=\"wp-block-heading\">Pass Pass Mobilit\u00e4t Solidarit\u00e4t Senior<\/h3>\n\n\n\n<p>Mit ihm k\u00f6nnen Sie alle Linien des AXO-Transportnetzes benutzen. Er ist zwei Jahre lang g\u00fcltig. Sie erhalten 40 Fahrten pro Monat (automatische Verl\u00e4ngerung jeden Monat w\u00e4hrend der Laufzeit des Vertrags). Um davon zu profitieren, m\u00fcssen Sie 65 Jahre oder \u00e4lter sein, seit mehr als 6 Monaten in der Gemeinde wohnen und einen Steuerbescheid haben, der vor Abz\u00fcgen steuerfrei ist.<\/p>\n\n\n\n<div class=\"wp-block-uagb-icon-list uagb-block-a29fc561\"><div class=\"uagb-icon-list__wrap\">\n<div class=\"wp-block-uagb-icon-list-child uagb-block-a0da2618\"><a target=\"_blank\" aria-label=\"AXO-Formular zur Beantragung einer Pass-Pass-Karte\" rel=\"noopener noreferrer\" href=\"https:\/\/mairie-montataire.fr\/de\/app\/uploads\/2024\/07\/axo-formulaire-de-demande-de-carte-pass-pass-solidarite-1.pdf\/\"> <\/a><span class=\"uagb-icon-list__source-wrap\"><svg xmlns=\"https:\/\/www.w3.org\/2000\/svg\" viewbox=\"0 0 384 512\"><path d=\"M256 0v128h128L256 0zM224 128L224 0H48C21.49 0 0 21.49 0 48v416C0 490.5 21.49 512 48 512h288c26.51 0 48-21.49 48-48V160h-127.1C238.3 160 224 145.7 224 128zM272 416h-160C103.2 416 96 408.8 96 400C96 391.2 103.2 384 112 384h160c8.836 0 16 7.162 16 16C288 408.8 280.8 416 272 416zM272 352h-160C103.2 352 96 344.8 96 336C96 327.2 103.2 320 112 320h160c8.836 0 16 7.162 16 16C288 344.8 280.8 352 272 352zM288 272C288 280.8 280.8 288 272 288h-160C103.2 288 96 280.8 96 272C96 263.2 103.2 256 112 256h160C280.8 256 288 263.2 288 272z\"><\/path><\/svg><\/span><span class=\"uagb-icon-list__label\"><strong>AXO-Formular zur Beantragung einer Pass-Pass-Karte<\/strong><\/span><\/div>\n<\/div><\/div>\n\n\n\n<h3 class=\"wp-block-heading\">Allocation Personnalis\u00e9 d'Autonomie (APA) (Pers\u00f6nliche Autonomiebeihilfe)<\/h3>\n\n\n\n<p>Die \"Allocation personnalis\u00e9e d'autonomie\" ist eine Beihilfe f\u00fcr Personen ab 60 Jahren: die Hilfe bei den grundlegenden Verrichtungen des t\u00e4glichen Lebens (Aufstehen, Waschen, Anziehen ...) ben\u00f6tigen oder deren Zustand eine regelm\u00e4\u00dfige \u00dcberwachung erfordert.<\/p>\n\n\n\n<div class=\"wp-block-uagb-icon-list uagb-block-962d3dba\"><div class=\"uagb-icon-list__wrap\">\n<div class=\"wp-block-uagb-icon-list-child uagb-block-2d568eaa\"><a target=\"_blank\" aria-label=\"Liste der SAADs in der Abteilung (Oise)\" rel=\"noopener noreferrer\" href=\"https:\/\/mairie-montataire.fr\/de\/app\/uploads\/2024\/07\/liste-SAAD.pdf\/\"> <\/a><span class=\"uagb-icon-list__source-wrap\"><svg xmlns=\"https:\/\/www.w3.org\/2000\/svg\" viewbox=\"0 0 384 512\"><path d=\"M256 0v128h128L256 0zM224 128L224 0H48C21.49 0 0 21.49 0 48v416C0 490.5 21.49 512 48 512h288c26.51 0 48-21.49 48-48V160h-127.1C238.3 160 224 145.7 224 128zM272 416h-160C103.2 416 96 408.8 96 400C96 391.2 103.2 384 112 384h160c8.836 0 16 7.162 16 16C288 408.8 280.8 416 272 416zM272 352h-160C103.2 352 96 344.8 96 336C96 327.2 103.2 320 112 320h160c8.836 0 16 7.162 16 16C288 344.8 280.8 352 272 352zM288 272C288 280.8 280.8 288 272 288h-160C103.2 288 96 280.8 96 272C96 263.2 103.2 256 112 256h160C280.8 256 288 263.2 288 272z\"><\/path><\/svg><\/span><span class=\"uagb-icon-list__label\"><strong>Liste der SAADs des Departements<\/strong> (Oise)<\/span><\/div>\n\n\n\n<div class=\"wp-block-uagb-icon-list-child uagb-block-7acd80b3\"><a target=\"_blank\" aria-label=\"Formular f\u00fcr den Antrag auf Pflegehilfsmittel f\u00fcr \u00e4ltere Menschen zu Hause\" rel=\"noopener noreferrer\" href=\"https:\/\/mairie-montataire.fr\/de\/app\/uploads\/2024\/07\/Formulaire_unique_de_demande_d_aides_a_l_autonomie_pour_les_personnes_agees_a_domicile_2023.pdf\/\"> <\/a><span class=\"uagb-icon-list__source-wrap\"><svg xmlns=\"https:\/\/www.w3.org\/2000\/svg\" viewbox=\"0 0 384 512\"><path d=\"M256 0v128h128L256 0zM224 128L224 0H48C21.49 0 0 21.49 0 48v416C0 490.5 21.49 512 48 512h288c26.51 0 48-21.49 48-48V160h-127.1C238.3 160 224 145.7 224 128zM272 416h-160C103.2 416 96 408.8 96 400C96 391.2 103.2 384 112 384h160c8.836 0 16 7.162 16 16C288 408.8 280.8 416 272 416zM272 352h-160C103.2 352 96 344.8 96 336C96 327.2 103.2 320 112 320h160c8.836 0 16 7.162 16 16C288 344.8 280.8 352 272 352zM288 272C288 280.8 280.8 288 272 288h-160C103.2 288 96 280.8 96 272C96 263.2 103.2 256 112 256h160C280.8 256 288 263.2 288 272z\"><\/path><\/svg><\/span><span class=\"uagb-icon-list__label\"><strong>Formular f\u00fcr den Antrag auf Pflegehilfsmittel f\u00fcr \u00e4ltere Menschen zu Hause<\/strong><\/span><\/div>\n<\/div><\/div>\n\n\n\n<h3 class=\"wp-block-heading\">Fernbetreuung<\/h3>\n\n\n\n<p>F\u00fcr \u00e4ltere Menschen oder Personen mit einer schweren Krankheit steht rund um die Uhr ein Fernbetreuungsdienst zur Verf\u00fcgung. Qualifiziertes und speziell geschultes Personal zentralisiert und verwaltet die Anrufe und Alarme der Abonnenten.<\/p>\n\n\n\n<div class=\"wp-block-uagb-icon-list uagb-block-8481f5a2\"><div class=\"uagb-icon-list__wrap\">\n<div class=\"wp-block-uagb-icon-list-child uagb-block-f013089a\"><a target=\"_blank\" aria-label=\"Bedingungen f\u00fcr die Mitgliedschaft und Antrag auf Einrichtung des Fernbetreuungssystems\" rel=\"noopener noreferrer\" href=\"https:\/\/mairie-montataire.fr\/de\/app\/uploads\/2024\/07\/TELEASSISTANCE.pdf\/\"> <\/a><span class=\"uagb-icon-list__source-wrap\"><svg xmlns=\"https:\/\/www.w3.org\/2000\/svg\" viewbox=\"0 0 384 512\"><path d=\"M256 0v128h128L256 0zM224 128L224 0H48C21.49 0 0 21.49 0 48v416C0 490.5 21.49 512 48 512h288c26.51 0 48-21.49 48-48V160h-127.1C238.3 160 224 145.7 224 128zM272 416h-160C103.2 416 96 408.8 96 400C96 391.2 103.2 384 112 384h160c8.836 0 16 7.162 16 16C288 408.8 280.8 416 272 416zM272 352h-160C103.2 352 96 344.8 96 336C96 327.2 103.2 320 112 320h160c8.836 0 16 7.162 16 16C288 344.8 280.8 352 272 352zM288 272C288 280.8 280.8 288 272 288h-160C103.2 288 96 280.8 96 272C96 263.2 103.2 256 112 256h160C280.8 256 288 263.2 288 272z\"><\/path><\/svg><\/span><span class=\"uagb-icon-list__label\"><strong>Bedingungen f\u00fcr die Mitgliedschaft und Antrag auf Einrichtung des Fernbetreuungssystems<\/strong><\/span><\/div>\n<\/div><\/div>\n\n\n\n<h3 class=\"wp-block-heading\">Solidarit\u00e4tsbeihilfe f\u00fcr \u00e4ltere Personen (ASPA) - Carsat<\/h3>\n\n\n\n<p>Allocation de solidarit\u00e9 aux personnes \u00e2g\u00e9es ist eine monatliche Leistung, die Rentnern mit geringen Eink\u00fcnften gew\u00e4hrt wird.<strong>&nbsp;<\/strong>(Einkommen und Verm\u00f6gen) und in Frankreich leben<strong>.<\/strong><br><\/p>\n\n\n\n<div class=\"wp-block-uagb-icon-list uagb-block-5c522eb3\"><div class=\"uagb-icon-list__wrap\">\n<div class=\"wp-block-uagb-icon-list-child uagb-block-4a3b639f\"><a target=\"_blank\" aria-label=\"Antragsformular f\u00fcr die Solidarit\u00e4tsbeihilfe f\u00fcr \u00e4ltere Menschen (ASPA) f\u00fcr Versicherte der Rentenversicherung oder des Systems der Kulte (Cavimac)\" rel=\"noopener noreferrer\" href=\"https:\/\/mairie-montataire.fr\/de\/app\/uploads\/2024\/07\/demande-aspa-2024.pdf\/\"> <\/a><span class=\"uagb-icon-list__source-wrap\"><svg xmlns=\"https:\/\/www.w3.org\/2000\/svg\" viewbox=\"0 0 384 512\"><path d=\"M256 0v128h128L256 0zM224 128L224 0H48C21.49 0 0 21.49 0 48v416C0 490.5 21.49 512 48 512h288c26.51 0 48-21.49 48-48V160h-127.1C238.3 160 224 145.7 224 128zM272 416h-160C103.2 416 96 408.8 96 400C96 391.2 103.2 384 112 384h160c8.836 0 16 7.162 16 16C288 408.8 280.8 416 272 416zM272 352h-160C103.2 352 96 344.8 96 336C96 327.2 103.2 320 112 320h160c8.836 0 16 7.162 16 16C288 344.8 280.8 352 272 352zM288 272C288 280.8 280.8 288 272 288h-160C103.2 288 96 280.8 96 272C96 263.2 103.2 256 112 256h160C280.8 256 288 263.2 288 272z\"><\/path><\/svg><\/span><span class=\"uagb-icon-list__label\"><strong>Formular f\u00fcr den Antrag auf Solidarit\u00e4tsbeihilfe f\u00fcr \u00e4ltere Menschen (ASPA) <\/strong>f\u00fcr Versicherte der Rentenversicherung oder des Systems der Kulte (Cavimac)<\/span><\/div>\n\n\n\n<div class=\"wp-block-uagb-icon-list-child uagb-block-8925f769\"><a target=\"_blank\" aria-label=\"Antragsstelle f\u00fcr die &quot;Allocation de Solidarit\u00e9 aux Personnes \u00c2g\u00e9es&quot; (SASPA) f\u00fcr \u00e4ltere Menschen, die nicht unter das franz\u00f6sische Altersversicherungssystem fallen\" rel=\"noopener noreferrer\" href=\"https:\/\/mairie-montataire.fr\/de\/app\/uploads\/2024\/07\/Demande-dallocation-aux-personnes-agees-Saspa.pdf\/\"> <\/a><span class=\"uagb-icon-list__source-wrap\"><svg xmlns=\"https:\/\/www.w3.org\/2000\/svg\" viewbox=\"0 0 384 512\"><path d=\"M256 0v128h128L256 0zM224 128L224 0H48C21.49 0 0 21.49 0 48v416C0 490.5 21.49 512 48 512h288c26.51 0 48-21.49 48-48V160h-127.1C238.3 160 224 145.7 224 128zM272 416h-160C103.2 416 96 408.8 96 400C96 391.2 103.2 384 112 384h160c8.836 0 16 7.162 16 16C288 408.8 280.8 416 272 416zM272 352h-160C103.2 352 96 344.8 96 336C96 327.2 103.2 320 112 320h160c8.836 0 16 7.162 16 16C288 344.8 280.8 352 272 352zM288 272C288 280.8 280.8 288 272 288h-160C103.2 288 96 280.8 96 272C96 263.2 103.2 256 112 256h160C280.8 256 288 263.2 288 272z\"><\/path><\/svg><\/span><span class=\"uagb-icon-list__label\"><strong>Antragsstelle f\u00fcr die Solidarit\u00e4tsbeihilfe f\u00fcr \u00e4ltere Menschen (SASPA)<\/strong>) f\u00fcr \u00e4ltere Menschen, die nicht unter das franz\u00f6sische Altersversicherungssystem fallen<\/span><\/div>\n<\/div><\/div>\n\n\n\n<h3 class=\"wp-block-heading\">Allocation de Solidarit\u00e9 aux Personnes \u00c2g\u00e9es (ASPA) - Mindestaltersrente<\/h3>\n\n\n\n<p>Wenn Sie keine pers\u00f6nliche Rente oder Hinterbliebenenrente beziehen<strong>, <\/strong>m\u00fcssen Sie einen Antrag im Rahmen des<strong>&nbsp;<\/strong>Service d'ASPA (SASPA), den Sie bei der Abteilung f\u00fcr Rentner einreichen m\u00fcssen.<\/p>\n\n\n\n<div class=\"wp-block-uagb-icon-list uagb-block-9fb940c1\"><div class=\"uagb-icon-list__wrap\">\n<div class=\"wp-block-uagb-icon-list-child uagb-block-13519bbc\"><a target=\"_blank\" aria-label=\"Antragsformular f\u00fcr die Solidarit\u00e4tsbeihilfe f\u00fcr \u00e4ltere Menschen (ASPA) f\u00fcr Versicherte der Rentenversicherung oder des Systems der Kulte (Cavimac)\" rel=\"noopener noreferrer\" href=\"https:\/\/mairie-montataire.fr\/de\/app\/uploads\/2024\/07\/demande-aspa-2024.pdf\/\"> <\/a><span class=\"uagb-icon-list__source-wrap\"><svg xmlns=\"https:\/\/www.w3.org\/2000\/svg\" viewbox=\"0 0 384 512\"><path d=\"M256 0v128h128L256 0zM224 128L224 0H48C21.49 0 0 21.49 0 48v416C0 490.5 21.49 512 48 512h288c26.51 0 48-21.49 48-48V160h-127.1C238.3 160 224 145.7 224 128zM272 416h-160C103.2 416 96 408.8 96 400C96 391.2 103.2 384 112 384h160c8.836 0 16 7.162 16 16C288 408.8 280.8 416 272 416zM272 352h-160C103.2 352 96 344.8 96 336C96 327.2 103.2 320 112 320h160c8.836 0 16 7.162 16 16C288 344.8 280.8 352 272 352zM288 272C288 280.8 280.8 288 272 288h-160C103.2 288 96 280.8 96 272C96 263.2 103.2 256 112 256h160C280.8 256 288 263.2 288 272z\"><\/path><\/svg><\/span><span class=\"uagb-icon-list__label\"><strong>Formular f\u00fcr den Antrag auf Solidarit\u00e4tsbeihilfe f\u00fcr \u00e4ltere Menschen (ASPA) <\/strong>f\u00fcr Versicherte der Rentenversicherung oder des Systems der Kulte (Cavimac)<\/span><\/div>\n\n\n\n<div class=\"wp-block-uagb-icon-list-child uagb-block-9a9db104\"><a target=\"_blank\" aria-label=\"Antragsstelle f\u00fcr die &quot;Allocation de Solidarit\u00e9 aux Personnes \u00c2g\u00e9es&quot; (SASPA) f\u00fcr \u00e4ltere Menschen, die nicht unter das franz\u00f6sische Altersversicherungssystem fallen\" rel=\"noopener noreferrer\" href=\"https:\/\/mairie-montataire.fr\/de\/app\/uploads\/2024\/07\/Demande-dallocation-aux-personnes-agees-Saspa.pdf\/\"> <\/a><span class=\"uagb-icon-list__source-wrap\"><svg xmlns=\"https:\/\/www.w3.org\/2000\/svg\" viewbox=\"0 0 384 512\"><path d=\"M256 0v128h128L256 0zM224 128L224 0H48C21.49 0 0 21.49 0 48v416C0 490.5 21.49 512 48 512h288c26.51 0 48-21.49 48-48V160h-127.1C238.3 160 224 145.7 224 128zM272 416h-160C103.2 416 96 408.8 96 400C96 391.2 103.2 384 112 384h160c8.836 0 16 7.162 16 16C288 408.8 280.8 416 272 416zM272 352h-160C103.2 352 96 344.8 96 336C96 327.2 103.2 320 112 320h160c8.836 0 16 7.162 16 16C288 344.8 280.8 352 272 352zM288 272C288 280.8 280.8 288 272 288h-160C103.2 288 96 280.8 96 272C96 263.2 103.2 256 112 256h160C280.8 256 288 263.2 288 272z\"><\/path><\/svg><\/span><span class=\"uagb-icon-list__label\"><strong>Antragsstelle f\u00fcr die Solidarit\u00e4tsbeihilfe f\u00fcr \u00e4ltere Menschen (SASPA)<\/strong>) f\u00fcr \u00e4ltere Menschen, die nicht unter das franz\u00f6sische Altersversicherungssystem fallen<\/span><\/div>\n<\/div><\/div>\n\n\n\n<h3 class=\"wp-block-heading\">Maison D\u00e9partementale des Personnes Handicap\u00e9es (MDPH) - Mobilit\u00e4tskarte f\u00fcr Behinderte (Carte mobilit\u00e9 inclusion)<\/h3>\n\n\n\n<p>Im Departement Oise ersetzt die Mobilit\u00e4tskarte f\u00fcr Behinderte (carte mobilit\u00e9 inclusion) seit dem 1. Juni 2017 die Behinderten-, Priorit\u00e4ts- und Parkausweise. Die Bedingungen f\u00fcr die Vergabe und die Vorteile dieser Karten bleiben unver\u00e4ndert (Parken, Behinderung und Priorit\u00e4t).<br>Sie m\u00fcssen das folgende Formular ausf\u00fcllen: <a href=\"https:\/\/mairie-montataire.fr\/de\/app\/uploads\/2024\/07\/MDPH.pdf\/\">https:\/\/mairie-montataire.fr\/app\/uploads\/2024\/07\/MDPH.pdf<\/a><br><\/p>\n\n\n\n<div class=\"wp-block-uagb-icon-list uagb-block-efa1361f\"><div class=\"uagb-icon-list__wrap\">\n<div class=\"wp-block-uagb-icon-list-child uagb-block-76a0a496\"><a target=\"_blank\" aria-label=\"Formular f\u00fcr den Antrag an das MDPH\" rel=\"noopener noreferrer\" href=\"https:\/\/mairie-montataire.fr\/de\/app\/uploads\/2024\/07\/MDPH.pdf\/\"> <\/a><span class=\"uagb-icon-list__source-wrap\"><svg xmlns=\"https:\/\/www.w3.org\/2000\/svg\" viewbox=\"0 0 384 512\"><path d=\"M256 0v128h128L256 0zM224 128L224 0H48C21.49 0 0 21.49 0 48v416C0 490.5 21.49 512 48 512h288c26.51 0 48-21.49 48-48V160h-127.1C238.3 160 224 145.7 224 128zM272 416h-160C103.2 416 96 408.8 96 400C96 391.2 103.2 384 112 384h160c8.836 0 16 7.162 16 16C288 408.8 280.8 416 272 416zM272 352h-160C103.2 352 96 344.8 96 336C96 327.2 103.2 320 112 320h160c8.836 0 16 7.162 16 16C288 344.8 280.8 352 272 352zM288 272C288 280.8 280.8 288 272 288h-160C103.2 288 96 280.8 96 272C96 263.2 103.2 256 112 256h160C280.8 256 288 263.2 288 272z\"><\/path><\/svg><\/span><span class=\"uagb-icon-list__label\"><strong>Formular f\u00fcr den Antrag an das MDPH<\/strong><\/span><\/div>\n<\/div><\/div>\n\n\n\n<h3 class=\"wp-block-heading\">Liste der Unterk\u00fcnfte EHPAS im Departement Oise<\/h3>\n\n\n\n<p>Pflegeheime sind sozialmedizinische Einrichtungen, die Menschen mit eingeschr\u00e4nkter Selbstst\u00e4ndigkeit oder abh\u00e4ngige Personen aufnehmen. Sie bieten Senioren eine umfassende Betreuung, die Unterkunft, Verpflegung, Animationen, Unterst\u00fctzung bei den Gesten des t\u00e4glichen Lebens und Pflege umfasst.<\/p>\n\n\n\n<p>Besuchen Sie auf <a href=\"https:\/\/www.pour-les-personnes-agees.gouv.fr\/annuaire-ehpad-et-comparateur-de-prix-et-restes-a-charge\/liste-ehpad\/Oise%20%2860%29?form=form-annuaire&amp;annuaire=EHPAD#container-result-query\" target=\"_blank\" rel=\"noreferrer noopener\">diesen Link<\/a> um die Liste der EHPAD-Unterk\u00fcnfte im Departement Oise einzusehen <\/p>","protected":false},"excerpt":{"rendered":"<p>Accueillir, informer et \u00eatre \u00e0 l\u2019\u00e9coute de l\u2019ensemble des retrait\u00e9\u00b7e\u00b7s de la ville. Propos\u00e9s par la ville Nous vous accompagnons pour vous rendre aux cimeti\u00e8res Les vendredis, le car de la ville est mis \u00e0 disposition des retrait\u00e9\u00b7e\u00b7s de la commune pour se rendre aux cimeti\u00e8res. Le rendez-vous est donn\u00e9 \u00e0 14h au rond-point de [&hellip;]<\/p>\n","protected":false},"author":1,"featured_media":1396,"parent":116,"menu_order":28,"comment_status":"closed","ping_status":"closed","template":"","meta":{"_acf_changed":false,"_uag_custom_page_level_css":"","footnotes":""},"class_list":["post-148","page","type-page","status-publish","has-post-thumbnail","hentry"],"acf":[],"uagb_featured_image_src":{"full":["https:\/\/mairie-montataire.fr\/app\/uploads\/2024\/07\/1.4.5_Icono-carrefour-site2bis.jpg",500,333,false],"thumbnail":["https:\/\/mairie-montataire.fr\/app\/uploads\/2024\/07\/1.4.5_Icono-carrefour-site2bis-150x150.jpg",150,150,true],"medium":["https:\/\/mairie-montataire.fr\/app\/uploads\/2024\/07\/1.4.5_Icono-carrefour-site2bis-300x200.jpg",300,200,true],"medium_large":["https:\/\/mairie-montataire.fr\/app\/uploads\/2024\/07\/1.4.5_Icono-carrefour-site2bis.jpg",500,333,false],"large":["https:\/\/mairie-montataire.fr\/app\/uploads\/2024\/07\/1.4.5_Icono-carrefour-site2bis.jpg",500,333,false],"1536x1536":["https:\/\/mairie-montataire.fr\/app\/uploads\/2024\/07\/1.4.5_Icono-carrefour-site2bis.jpg",500,333,false],"2048x2048":["https:\/\/mairie-montataire.fr\/app\/uploads\/2024\/07\/1.4.5_Icono-carrefour-site2bis.jpg",500,333,false],"trp-custom-language-flag":["https:\/\/mairie-montataire.fr\/app\/uploads\/2024\/07\/1.4.5_Icono-carrefour-site2bis.jpg",18,12,false],"gform-image-choice-sm":["https:\/\/mairie-montataire.fr\/app\/uploads\/2024\/07\/1.4.5_Icono-carrefour-site2bis.jpg",300,200,false],"gform-image-choice-md":["https:\/\/mairie-montataire.fr\/app\/uploads\/2024\/07\/1.4.5_Icono-carrefour-site2bis.jpg",400,266,false],"gform-image-choice-lg":["https:\/\/mairie-montataire.fr\/app\/uploads\/2024\/07\/1.4.5_Icono-carrefour-site2bis.jpg",500,333,false]},"uagb_author_info":{"display_name":"mentalworks","author_link":"https:\/\/mairie-montataire.fr\/de\/actualites\/author\/mentalworks\/"},"uagb_comment_info":0,"uagb_excerpt":"Accueillir, informer et \u00eatre \u00e0 l\u2019\u00e9coute de l\u2019ensemble des retrait\u00e9\u00b7e\u00b7s de la ville. Propos\u00e9s par la ville Nous vous accompagnons pour vous rendre aux cimeti\u00e8res Les vendredis, le car de la ville est mis \u00e0 disposition des retrait\u00e9\u00b7e\u00b7s de la commune pour se rendre aux cimeti\u00e8res. Le rendez-vous est donn\u00e9 \u00e0 14h au rond-point de&hellip;","_links":{"self":[{"href":"https:\/\/mairie-montataire.fr\/de\/wp-json\/wp\/v2\/pages\/148","targetHints":{"allow":["GET"]}}],"collection":[{"href":"https:\/\/mairie-montataire.fr\/de\/wp-json\/wp\/v2\/pages"}],"about":[{"href":"https:\/\/mairie-montataire.fr\/de\/wp-json\/wp\/v2\/types\/page"}],"author":[{"embeddable":true,"href":"https:\/\/mairie-montataire.fr\/de\/wp-json\/wp\/v2\/users\/1"}],"replies":[{"embeddable":true,"href":"https:\/\/mairie-montataire.fr\/de\/wp-json\/wp\/v2\/comments?post=148"}],"version-history":[{"count":28,"href":"https:\/\/mairie-montataire.fr\/de\/wp-json\/wp\/v2\/pages\/148\/revisions"}],"predecessor-version":[{"id":4704,"href":"https:\/\/mairie-montataire.fr\/de\/wp-json\/wp\/v2\/pages\/148\/revisions\/4704"}],"up":[{"embeddable":true,"href":"https:\/\/mairie-montataire.fr\/de\/wp-json\/wp\/v2\/pages\/116"}],"wp:featuredmedia":[{"embeddable":true,"href":"https:\/\/mairie-montataire.fr\/de\/wp-json\/wp\/v2\/media\/1396"}],"wp:attachment":[{"href":"https:\/\/mairie-montataire.fr\/de\/wp-json\/wp\/v2\/media?parent=148"}],"curies":[{"name":"wp","href":"https:\/\/api.w.org\/{rel}","templated":true}]}}