{"id":138,"date":"2024-05-03T09:26:51","date_gmt":"2024-05-03T09:26:51","guid":{"rendered":"https:\/\/montataire.local\/?page_id=138"},"modified":"2026-01-14T10:37:35","modified_gmt":"2026-01-14T10:37:35","slug":"begleitung","status":"publish","type":"page","link":"https:\/\/mairie-montataire.fr\/de\/habiter\/jeunesse\/accompagnement\/","title":{"rendered":"Begleitung"},"content":{"rendered":"<h2 class=\"wp-block-heading\">Stipendien...<\/h2>\n\n\n\n<h3 class=\"wp-block-heading\">... an Studierende nach dem Abitur<\/h3>\n\n\n\n<p>Die Stadt bietet jungen Menschen aus Montatairien ein Stipendium zur Unterst\u00fctzung ihres Hochschulstudiums an, wobei je nach geografischer Lage eine zus\u00e4tzliche Unterst\u00fctzung m\u00f6glich ist. F\u00f6rderf\u00e4hig sind Studierende, die maximal 28 Jahre alt sind und deren Eltern in Montataire wohnen. Die H\u00f6he des Stipendiums richtet sich nach dem Einkommen der Eltern, des Studierenden und dem Familienquotienten.<\/p>\n\n\n\n<div class=\"wp-block-uagb-separator uagb-block-1b39294a\"><div class=\"uagb-separator-spacing-wrapper\"><div class=\"wp-block-uagb-separator__inner\" style=\"--my-background-image:\"><\/div><\/div><\/div>\n\n\n\n<p>Das Formular und das Protokoll finden Sie in der Kinderbetreuung, auf Ihrem <a href=\"https:\/\/www.espace-citoyens.net\/montataire\/espace-citoyens\/Home\/AccueilPublic\" data-type=\"link\" data-id=\"https:\/\/www.espace-citoyens.net\/montataire\/espace-citoyens\/Home\/AccueilPublic\">B\u00fcrgerbereich<\/a> oder hier herunterladen :<\/p>\n\n\n\n<div class=\"wp-block-uagb-icon-list uagb-block-a29fc561\"><div class=\"uagb-icon-list__wrap\">\n<div class=\"wp-block-uagb-icon-list-child uagb-block-a0da2618\"><a target=\"_blank\" aria-label=\"Formular St\u00e4dtisches Stipendium 2025-2026\" rel=\"noopener noreferrer\" href=\"https:\/\/mairie-montataire.fr\/de\/app\/uploads\/2025\/08\/Formulaire-Bourse-Municipale-2025-2026.pdf\/\"> <\/a><span class=\"uagb-icon-list__source-wrap\"><svg xmlns=\"https:\/\/www.w3.org\/2000\/svg\" viewbox=\"0 0 384 512\"><path d=\"M256 0v128h128L256 0zM224 128L224 0H48C21.49 0 0 21.49 0 48v416C0 490.5 21.49 512 48 512h288c26.51 0 48-21.49 48-48V160h-127.1C238.3 160 224 145.7 224 128zM272 416h-160C103.2 416 96 408.8 96 400C96 391.2 103.2 384 112 384h160c8.836 0 16 7.162 16 16C288 408.8 280.8 416 272 416zM272 352h-160C103.2 352 96 344.8 96 336C96 327.2 103.2 320 112 320h160c8.836 0 16 7.162 16 16C288 344.8 280.8 352 272 352zM288 272C288 280.8 280.8 288 272 288h-160C103.2 288 96 280.8 96 272C96 263.2 103.2 256 112 256h160C280.8 256 288 263.2 288 272z\"><\/path><\/svg><\/span><span class=\"uagb-icon-list__label\"><strong>Formular St\u00e4dtisches Stipendium 2025-2026<\/strong><\/span><\/div>\n<\/div><\/div>\n\n\n\n<h3 class=\"wp-block-heading\">... Unterst\u00fctzung von Projekten<\/h3>\n\n\n\n<p>Die Projektb\u00f6rse f\u00f6rdert die Initiativen junger Menschen aus Montataire, die zwischen 16 und 28 Jahre alt sind und seit einem Jahr in Montataire wohnen. Sie k\u00f6nnen Sch\u00fcler, Studenten oder Arbeitslose sein, die sich f\u00fcr Kultur-, Sport-, B\u00fcrger-, Umwelt-, Gesundheits- oder lokale Animationsprojekte engagieren. Der Antrag ist auf einen pro Jahr begrenzt und erfordert eine finanzielle Beteiligung von mindestens 30 % der Gesamtkosten des Projekts. Einzelpersonen k\u00f6nnen bis zu 200 \u20ac und Gruppenprojekte bis zu 600 \u20ac erhalten.<\/p>\n\n\n\n<p>Der Antrag auf ein Stipendium ist in der Kinderbetreuung erh\u00e4ltlich. Er muss vor der Durchf\u00fchrung des Projekts eingereicht werden.<\/p>\n\n\n\n<h2 class=\"wp-block-heading\">Finanzierungen<\/h2>\n\n\n\n<p>Finanzielle Hilfen f\u00fcr junge Menschen, wie z. B. Stipendien, Wohngeld oder Mobilit\u00e4tshilfen, sollen ihre Autonomie unterst\u00fctzen und ihre soziale und berufliche Eingliederung erleichtern. F\u00fchren Sie eine Simulation durch <a href=\"https:\/\/www.jeunes.gouv.fr\/le-simulateur-mes-aides-649\" target=\"_blank\" rel=\"noreferrer noopener\">auf der Website der Regierung<\/a> um herauszufinden, welche Hilfen Sie in Anspruch nehmen k\u00f6nnen.<\/p>\n\n\n\n<h2 class=\"wp-block-heading\">N\u00fctzliche Kontakte<\/h2>\n\n\n\n<div style=\"height:28px\" aria-hidden=\"true\" class=\"wp-block-spacer\"><\/div>\n\n\n\n<div class=\"wp-block-uagb-container uagb-layout-grid uagb-block-db0eb4ad alignfull uagb-is-root-container\"><div class=\"uagb-container-inner-blocks-wrap\">\n<div class=\"wp-block-uagb-container uagb-block-1d7a3ce2\">\n<div class=\"wp-block-columns are-vertically-aligned-top is-layout-flex wp-container-core-columns-is-layout-9d6595d7 wp-block-columns-is-layout-flex\">\n<div class=\"wp-block-column is-vertically-aligned-top is-layout-flow wp-block-column-is-layout-flow\" style=\"flex-basis:20%\">\t\t\t\t\t<div\n\t\t\t\t\t\tclass=\"wp-block-uagb-image-gallery uagb-block-db429479\"\n\t\t\t\t\t\tstyle=\"\"\n\t\t\t\t\t>\n\t\t\t\t\t\t\t\t\t\t\t<div class=\"spectra-image-gallery spectra-image-gallery__layout--masonry spectra-image-gallery__layout--masonry-col-1 spectra-image-gallery__layout--masonry-col-tab-1 spectra-image-gallery__layout--masonry-col-mob-1\">\n\t\t\t\t\t\t\t\t\t\t\t<div class='spectra-image-gallery__media-wrapper--isotope'>\n\t\t\t\t\t\t\t<div class='spectra-image-gallery__media-wrapper' data-spectra-gallery-image-id='2272' tabindex=\"0\">\n\t\t\t\t\t\t\t<div class=\"spectra-image-gallery__media spectra-image-gallery__media--masonry\">\n\t\t\t\t<picture>\n\t\t\t\t\t<source media=\"(min-width: 1024px)\" srcset=\"https:\/\/mairie-montataire.fr\/app\/uploads\/2024\/07\/LOGO-MLVO-1024x512.jpg\">\n\t\t\t\t\t<source media=\"(min-width: 768px)\" srcset=\"https:\/\/mairie-montataire.fr\/app\/uploads\/2024\/07\/LOGO-MLVO-1024x512.jpg\">\n\t\t\t\t\t<img decoding=\"async\" class=\"spectra-image-gallery__media-thumbnail spectra-image-gallery__media-thumbnail--masonry\" src=\"https:\/\/mairie-montataire.fr\/app\/uploads\/2024\/07\/LOGO-MLVO-300x150.jpg\" alt=\"\" loading=\"lazy\" \/>\n\t\t\t\t<\/picture>\n\t\t\t\t<div class=\"spectra-image-gallery__media-thumbnail-blurrer\"><\/div>\n\t\t\t\t\t\t\t\t\t\t\t<div class=\"spectra-image-gallery__media-thumbnail-caption-wrapper spectra-image-gallery__media-thumbnail-caption-wrapper--overlay\"><\/div>\n\t\t\t\t\t\t\t\t<\/div>\n\t\t\t\t\t\t<\/div>\n\t\t\t\t\t\t<\/div>\n\t\t\t\t\t\t\t\t\t\t<\/div>\n\t\t\t\t\t\t\t\t\t\t\t\t\t\t\t\t\t\t<\/div>\n\t\t\t\t\t\t\t\t\t<\/div>\n\n\n\n<div class=\"wp-block-column is-vertically-aligned-top is-layout-flow wp-block-column-is-layout-flow\" style=\"flex-basis:66.66%\">\n<h3 class=\"wp-block-heading\">Mission locale de la vall\u00e9e de l'Oise (Lokale Mission des Oise-Tals) (MLVO)<\/h3>\n\n\n\n<p>Die MLVO empf\u00e4ngt, informiert, orientiert und begleitet junge Menschen im Alter von 16 bis 25 Jahren, die das Schulsystem im Einzugsgebiet von Creille verlassen haben. Ihnen wird ein pers\u00f6nlicher Empfang und eine pers\u00f6nliche Betreuung geboten.<\/p>\n\n\n\n<p>3, square de la Lib\u00e9ration (Platz der Befreiung)<br>60100 - Creil<br><br>03 44 24 22 07<br><br><a href=\"http:\/\/www.mlvo.net\" target=\"_blank\" rel=\"noreferrer noopener\">mlvo.net<\/a><\/p>\n<\/div>\n<\/div>\n<\/div>\n\n\n\n<div class=\"wp-block-uagb-container uagb-block-8e491549\">\n<div class=\"wp-block-columns are-vertically-aligned-top is-layout-flex wp-container-core-columns-is-layout-9d6595d7 wp-block-columns-is-layout-flex\">\n<div class=\"wp-block-column is-vertically-aligned-top is-layout-flow wp-block-column-is-layout-flow\" style=\"flex-basis:20%\">\t\t\t\t\t<div\n\t\t\t\t\t\tclass=\"wp-block-uagb-image-gallery uagb-block-a8596b0b\"\n\t\t\t\t\t\tstyle=\"\"\n\t\t\t\t\t>\n\t\t\t\t\t\t\t\t\t\t\t<div class=\"spectra-image-gallery spectra-image-gallery__layout--masonry spectra-image-gallery__layout--masonry-col-1 spectra-image-gallery__layout--masonry-col-tab-1 spectra-image-gallery__layout--masonry-col-mob-1\">\n\t\t\t\t\t\t\t\t\t\t\t<div class='spectra-image-gallery__media-wrapper--isotope'>\n\t\t\t\t\t\t\t<div class='spectra-image-gallery__media-wrapper' data-spectra-gallery-image-id='2267' tabindex=\"0\">\n\t\t\t\t\t\t\t<div class=\"spectra-image-gallery__media spectra-image-gallery__media--masonry\">\n\t\t\t\t<picture>\n\t\t\t\t\t<source media=\"(min-width: 1024px)\" srcset=\"https:\/\/mairie-montataire.fr\/app\/uploads\/2024\/07\/LOGO-MDA-OISE_CMJ_1BIS-2.png\">\n\t\t\t\t\t<source media=\"(min-width: 768px)\" srcset=\"https:\/\/mairie-montataire.fr\/app\/uploads\/2024\/07\/LOGO-MDA-OISE_CMJ_1BIS-2.png\">\n\t\t\t\t\t<img decoding=\"async\" class=\"spectra-image-gallery__media-thumbnail spectra-image-gallery__media-thumbnail--masonry\" src=\"https:\/\/mairie-montataire.fr\/app\/uploads\/2024\/07\/LOGO-MDA-OISE_CMJ_1BIS-2.png\" alt=\"\" loading=\"lazy\" \/>\n\t\t\t\t<\/picture>\n\t\t\t\t<div class=\"spectra-image-gallery__media-thumbnail-blurrer\"><\/div>\n\t\t\t\t\t\t\t\t\t\t\t<div class=\"spectra-image-gallery__media-thumbnail-caption-wrapper spectra-image-gallery__media-thumbnail-caption-wrapper--overlay\"><\/div>\n\t\t\t\t\t\t\t\t<\/div>\n\t\t\t\t\t\t<\/div>\n\t\t\t\t\t\t<\/div>\n\t\t\t\t\t\t\t\t\t\t<\/div>\n\t\t\t\t\t\t\t\t\t\t\t\t\t\t\t\t\t\t<\/div>\n\t\t\t\t\t\t\t\t\t<\/div>\n\n\n\n<div class=\"wp-block-column is-vertically-aligned-top is-layout-flow wp-block-column-is-layout-flow\" style=\"padding-top:0;padding-right:0;padding-bottom:0;padding-left:0;flex-basis:66.66%\">\n<h3 class=\"wp-block-heading\">Maison des ados de l'Oise (MDA) (Haus der Jugendlichen des Departements Oise)<\/h3>\n\n\n\n<p>Die MDA de l'Oise ist eine Anlaufstelle f\u00fcr Jugendliche, in der sie psychologische, medizinische und soziale Unterst\u00fctzung finden k\u00f6nnen, die auf ihre Bed\u00fcrfnisse zugeschnitten ist. Sie bietet auch Eltern und Fachkr\u00e4ften Unterst\u00fctzung an und stellt Ratschl\u00e4ge und Ressourcen bereit, um Jugendliche besser zu verstehen und sie in ihrer Entwicklung zu unterst\u00fctzen.<\/p>\n\n\n\n<p>62, rue de la R\u00e9publique<br>60160 - Montataire<br><br>03 44 64 73 22<br><br><a href=\"https:\/\/www.maisondesados-oise.fr\" target=\"_blank\" rel=\"noreferrer noopener\">maisondesados-oise.fr<\/a><\/p>\n<\/div>\n<\/div>\n<\/div>\n\n\n\n<div class=\"wp-block-uagb-container uagb-layout-grid uagb-block-1314a83f\">\n<div class=\"wp-block-columns is-layout-flex wp-container-core-columns-is-layout-9d6595d7 wp-block-columns-is-layout-flex\">\n<div class=\"wp-block-column is-vertically-aligned-top is-layout-flow wp-block-column-is-layout-flow\" style=\"flex-basis:20%\">\t\t\t\t\t<div\n\t\t\t\t\t\tclass=\"wp-block-uagb-image-gallery uagb-block-80036f84\"\n\t\t\t\t\t\tstyle=\"\"\n\t\t\t\t\t>\n\t\t\t\t\t\t\t\t\t\t\t<div class=\"spectra-image-gallery spectra-image-gallery__layout--masonry spectra-image-gallery__layout--masonry-col-1 spectra-image-gallery__layout--masonry-col-tab-1 spectra-image-gallery__layout--masonry-col-mob-1\">\n\t\t\t\t\t\t\t\t\t\t\t<div class='spectra-image-gallery__media-wrapper--isotope'>\n\t\t\t\t\t\t\t<div class='spectra-image-gallery__media-wrapper' data-spectra-gallery-image-id='2274' tabindex=\"0\">\n\t\t\t\t\t\t\t<div class=\"spectra-image-gallery__media spectra-image-gallery__media--masonry\">\n\t\t\t\t<picture>\n\t\t\t\t\t<source media=\"(min-width: 1024px)\" srcset=\"https:\/\/mairie-montataire.fr\/app\/uploads\/2024\/07\/Montataire_Logo_300dpi.png\">\n\t\t\t\t\t<source media=\"(min-width: 768px)\" srcset=\"https:\/\/mairie-montataire.fr\/app\/uploads\/2024\/07\/Montataire_Logo_300dpi.png\">\n\t\t\t\t\t<img decoding=\"async\" class=\"spectra-image-gallery__media-thumbnail spectra-image-gallery__media-thumbnail--masonry\" src=\"https:\/\/mairie-montataire.fr\/app\/uploads\/2024\/07\/Montataire_Logo_300dpi-266x300.png\" alt=\"\" loading=\"lazy\" \/>\n\t\t\t\t<\/picture>\n\t\t\t\t<div class=\"spectra-image-gallery__media-thumbnail-blurrer\"><\/div>\n\t\t\t\t\t\t\t\t\t\t\t<div class=\"spectra-image-gallery__media-thumbnail-caption-wrapper spectra-image-gallery__media-thumbnail-caption-wrapper--overlay\"><\/div>\n\t\t\t\t\t\t\t\t<\/div>\n\t\t\t\t\t\t<\/div>\n\t\t\t\t\t\t<\/div>\n\t\t\t\t\t\t\t\t\t\t<\/div>\n\t\t\t\t\t\t\t\t\t\t\t\t\t\t\t\t\t\t<\/div>\n\t\t\t\t\t\t\t\t\t<\/div>\n\n\n\n<div class=\"wp-block-column is-layout-constrained wp-block-column-is-layout-constrained\" style=\"flex-basis:66.66%\">\n<h3 class=\"wp-block-heading\">B\u00fcrgerbeauftragte der Stadt<\/h3>\n\n\n\n<p><a href=\"https:\/\/mairie-montataire.fr\/de\/wohnen\/lebensumfeld\/offentliche-ruhe\/\">Die Abteilung f\u00fcr B\u00fcrgerrechte, Pr\u00e4vention und Mediation<\/a> empf\u00e4ngt, ber\u00e4t und orientiert die Bewohner im Alltag, sorgt f\u00fcr eine soziale Pr\u00e4senz am Abend, um die Beziehungen zwischen den Bewohnern zu st\u00e4rken, und sensibilisiert die Bev\u00f6lkerung f\u00fcr ihre Rechte und Pflichten. In Zusammenarbeit mit seinen Partnern f\u00fchrt er Pr\u00e4ventionsma\u00dfnahmen gegen Gewalt, Suchtverhalten und Schulabsentismus durch.<\/p>\n\n\n\n<p><a href=\"mailto:cpm@mairie-montataire.fr\">cpm@mairie-montataire.fr<\/a><\/p>\n\n\n\n<div class=\"wp-block-columns is-layout-flex wp-container-core-columns-is-layout-9d6595d7 wp-block-columns-is-layout-flex\">\n<div class=\"wp-block-column is-layout-flow wp-block-column-is-layout-flow\">\n<p style=\"line-height:1.5;text-decoration:underline\">Lokal Le Bray<\/p>\n\n\n\n<p style=\"line-height:1.5\">7, rue \u00c9tienne Duwes<br>60160 - Montataire<br><br>03 44 27 69 84<br>06 38 26 56 54<br>06 15 11 76 77&nbsp;<br><br>Montag bis Donnerstag von 14:00 bis 19:00 Uhr <br>und von 20 Uhr bis 22:30 Uhr<br>Freitag von 10:00 bis 12:30 Uhr <br>und von 14 bis 18.30 Uhr<\/p>\n<\/div>\n\n\n\n<div class=\"wp-block-column is-layout-flow wp-block-column-is-layout-flow\">\n<p style=\"text-decoration:underline\">Rathaus<\/p>\n\n\n\n<p>place Auguste G\u00e9nie<br>60160 - Montataire<br><br>03 44 64 44 20<br><br>Montag bis Donnerstag von 8:30 bis 12:00 Uhr <br>und von 13:30 bis 17:30 Uhr<br>Freitag von 8:30 bis 12:00 Uhr <br>und von 13:30 bis 17:00 Uhr<\/p>\n<\/div>\n<\/div>\n<\/div>\n<\/div>\n<\/div>\n\n\n\n<div class=\"wp-block-uagb-container uagb-block-fdc38d39\">\n<div class=\"wp-block-columns are-vertically-aligned-top is-layout-flex wp-container-core-columns-is-layout-9d6595d7 wp-block-columns-is-layout-flex\">\n<div class=\"wp-block-column is-vertically-aligned-top is-layout-flow wp-block-column-is-layout-flow\" style=\"flex-basis:20%\">\t\t\t\t\t<div\n\t\t\t\t\t\tclass=\"wp-block-uagb-image-gallery uagb-block-0f6be0a8\"\n\t\t\t\t\t\tstyle=\"\"\n\t\t\t\t\t>\n\t\t\t\t\t\t\t\t\t\t\t<div class=\"spectra-image-gallery spectra-image-gallery__layout--masonry spectra-image-gallery__layout--masonry-col-1 spectra-image-gallery__layout--masonry-col-tab-1 spectra-image-gallery__layout--masonry-col-mob-1\">\n\t\t\t\t\t\t\t\t\t\t\t<div class='spectra-image-gallery__media-wrapper--isotope'>\n\t\t\t\t\t\t\t<div class='spectra-image-gallery__media-wrapper' data-spectra-gallery-image-id='2273' tabindex=\"0\">\n\t\t\t\t\t\t\t<div class=\"spectra-image-gallery__media spectra-image-gallery__media--masonry\">\n\t\t\t\t<picture>\n\t\t\t\t\t<source media=\"(min-width: 1024px)\" srcset=\"https:\/\/mairie-montataire.fr\/app\/uploads\/2024\/07\/MIN_Justice_RVB-1024x831.png\">\n\t\t\t\t\t<source media=\"(min-width: 768px)\" srcset=\"https:\/\/mairie-montataire.fr\/app\/uploads\/2024\/07\/MIN_Justice_RVB-1024x831.png\">\n\t\t\t\t\t<img decoding=\"async\" class=\"spectra-image-gallery__media-thumbnail spectra-image-gallery__media-thumbnail--masonry\" src=\"https:\/\/mairie-montataire.fr\/app\/uploads\/2024\/07\/MIN_Justice_RVB-300x243.png\" alt=\"\" loading=\"lazy\" \/>\n\t\t\t\t<\/picture>\n\t\t\t\t<div class=\"spectra-image-gallery__media-thumbnail-blurrer\"><\/div>\n\t\t\t\t\t\t\t\t\t\t\t<div class=\"spectra-image-gallery__media-thumbnail-caption-wrapper spectra-image-gallery__media-thumbnail-caption-wrapper--overlay\"><\/div>\n\t\t\t\t\t\t\t\t<\/div>\n\t\t\t\t\t\t<\/div>\n\t\t\t\t\t\t<\/div>\n\t\t\t\t\t\t\t\t\t\t<\/div>\n\t\t\t\t\t\t\t\t\t\t\t\t\t\t\t\t\t\t<\/div>\n\t\t\t\t\t\t\t\t\t<\/div>\n\n\n\n<div class=\"wp-block-column is-vertically-aligned-top is-layout-flow wp-block-column-is-layout-flow\" style=\"flex-basis:66.66%\">\n<h3 class=\"wp-block-heading\">Maison de la Justice et du Droit (MJD) (Haus der Justiz und des Rechts)<\/h3>\n\n\n\n<p>Das MJD begleitet und leitet Sie bei Ihren rechtlichen Schritten und beim Zugang zum Recht, wobei Respekt, Kostenfreiheit und Vertraulichkeit gew\u00e4hrleistet sind.<\/p>\n\n\n\n<p>26, rue Voltaire<br>60100 - Creil<br><br>03 44 64 46 70<br><br>Montag von 14:00 bis 17:00 Uhr<br>Dienstag bis Freitag von 9 bis 12 Uhr und von 13.30 bis 17 Uhr<br><br><a href=\"https:\/\/www.creilsudoise.fr\/acces-aux-droits\/maison-de-la-justice-et-du-droit\/\" data-type=\"link\" data-id=\"https:\/\/www.creilsudoise.fr\/acces-aux-droits\/maison-de-la-justice-et-du-droit\/\" target=\"_blank\" rel=\"noreferrer noopener\">creilsudoise.de<\/a><\/p>\n<\/div>\n<\/div>\n<\/div>\n\n\n\n<div class=\"wp-block-uagb-container uagb-block-014a47b7 alignfull uagb-is-root-container\"><div class=\"uagb-container-inner-blocks-wrap\">\n<div class=\"wp-block-columns are-vertically-aligned-top is-layout-flex wp-container-core-columns-is-layout-9d6595d7 wp-block-columns-is-layout-flex\">\n<div class=\"wp-block-column is-vertically-aligned-top is-layout-flow wp-block-column-is-layout-flow\" style=\"flex-basis:20%\">\t\t\t\t\t<div\n\t\t\t\t\t\tclass=\"wp-block-uagb-image-gallery uagb-block-443ef056\"\n\t\t\t\t\t\tstyle=\"\"\n\t\t\t\t\t>\n\t\t\t\t\t\t\t\t\t\t\t<div class=\"spectra-image-gallery spectra-image-gallery__layout--masonry spectra-image-gallery__layout--masonry-col-1 spectra-image-gallery__layout--masonry-col-tab-1 spectra-image-gallery__layout--masonry-col-mob-1\">\n\t\t\t\t\t\t\t\t\t\t\t<div class='spectra-image-gallery__media-wrapper--isotope'>\n\t\t\t\t\t\t\t<div class='spectra-image-gallery__media-wrapper' data-spectra-gallery-image-id='2270' tabindex=\"0\">\n\t\t\t\t\t\t\t<div class=\"spectra-image-gallery__media spectra-image-gallery__media--masonry\">\n\t\t\t\t<picture>\n\t\t\t\t\t<source media=\"(min-width: 1024px)\" srcset=\"https:\/\/mairie-montataire.fr\/app\/uploads\/2024\/07\/Logo_FranceVictimes-1024x949.jpg\">\n\t\t\t\t\t<source media=\"(min-width: 768px)\" srcset=\"https:\/\/mairie-montataire.fr\/app\/uploads\/2024\/07\/Logo_FranceVictimes-1024x949.jpg\">\n\t\t\t\t\t<img decoding=\"async\" class=\"spectra-image-gallery__media-thumbnail spectra-image-gallery__media-thumbnail--masonry\" src=\"https:\/\/mairie-montataire.fr\/app\/uploads\/2024\/07\/Logo_FranceVictimes-300x278.jpg\" alt=\"\" loading=\"lazy\" \/>\n\t\t\t\t<\/picture>\n\t\t\t\t<div class=\"spectra-image-gallery__media-thumbnail-blurrer\"><\/div>\n\t\t\t\t\t\t\t\t\t\t\t<div class=\"spectra-image-gallery__media-thumbnail-caption-wrapper spectra-image-gallery__media-thumbnail-caption-wrapper--overlay\"><\/div>\n\t\t\t\t\t\t\t\t<\/div>\n\t\t\t\t\t\t<\/div>\n\t\t\t\t\t\t<\/div>\n\t\t\t\t\t\t\t\t\t\t<\/div>\n\t\t\t\t\t\t\t\t\t\t\t\t\t\t\t\t\t\t<\/div>\n\t\t\t\t\t\t\t\t\t<\/div>\n\n\n\n<div class=\"wp-block-column is-vertically-aligned-top is-layout-flow wp-block-column-is-layout-flow\" style=\"flex-basis:66.66%\">\n<h3 class=\"wp-block-heading\">Hilfe f\u00fcr Opfer 60<\/h3>\n\n\n\n<p>Alle Personen, die sich als Opfer einer Handlung betrachten, die als Straftat eingestuft werden kann, sowie die Angeh\u00f6rigen des direkten Opfers, die direkt und pers\u00f6nlich unter den Folgen und Auswirkungen dieser Handlung zu leiden haben, k\u00f6nnen <a href=\"https:\/\/aideauxvictimes.wordpress.com\" target=\"_blank\" rel=\"noreferrer noopener\">um Hilfe bitten<\/a> an die <a href=\"https:\/\/www.france-victimes.fr\/index.php\" data-type=\"link\" data-id=\"https:\/\/www.france-victimes.fr\/index.php\" target=\"_blank\" rel=\"noreferrer noopener\">F\u00f6deration France Victimes.<\/a><\/p>\n<\/div>\n<\/div>\n<\/div><\/div>\n<\/div><\/div>\n\n\n\n<h2 class=\"wp-block-heading\">Unterk\u00fcnfte<\/h2>\n\n\n\n<div style=\"height:28px\" aria-hidden=\"true\" class=\"wp-block-spacer\"><\/div>\n\n\n\n<div class=\"wp-block-uagb-container uagb-block-810709ed alignfull uagb-is-root-container\"><div class=\"uagb-container-inner-blocks-wrap\">\n<div class=\"wp-block-uagb-container uagb-block-be2ba174\">\n<div class=\"wp-block-columns is-layout-flex wp-container-core-columns-is-layout-9d6595d7 wp-block-columns-is-layout-flex\">\n<div class=\"wp-block-column is-vertically-aligned-top is-layout-flow wp-block-column-is-layout-flow\" style=\"flex-basis:20%\">\t\t\t\t\t<div\n\t\t\t\t\t\tclass=\"wp-block-uagb-image-gallery uagb-block-ba4a6573\"\n\t\t\t\t\t\tstyle=\"\"\n\t\t\t\t\t>\n\t\t\t\t\t\t\t\t\t\t\t<div class=\"spectra-image-gallery spectra-image-gallery__layout--masonry spectra-image-gallery__layout--masonry-col-1 spectra-image-gallery__layout--masonry-col-tab-1 spectra-image-gallery__layout--masonry-col-mob-1\">\n\t\t\t\t\t\t\t\t\t\t\t<div class='spectra-image-gallery__media-wrapper--isotope'>\n\t\t\t\t\t\t\t<div class='spectra-image-gallery__media-wrapper' data-spectra-gallery-image-id='2269' tabindex=\"0\">\n\t\t\t\t\t\t\t<div class=\"spectra-image-gallery__media spectra-image-gallery__media--masonry\">\n\t\t\t\t<picture>\n\t\t\t\t\t<source media=\"(min-width: 1024px)\" srcset=\"https:\/\/mairie-montataire.fr\/app\/uploads\/2024\/07\/Logo_Coallia-1024x286.jpg\">\n\t\t\t\t\t<source media=\"(min-width: 768px)\" srcset=\"https:\/\/mairie-montataire.fr\/app\/uploads\/2024\/07\/Logo_Coallia-1024x286.jpg\">\n\t\t\t\t\t<img decoding=\"async\" class=\"spectra-image-gallery__media-thumbnail spectra-image-gallery__media-thumbnail--masonry\" src=\"https:\/\/mairie-montataire.fr\/app\/uploads\/2024\/07\/Logo_Coallia-300x84.jpg\" alt=\"\" loading=\"lazy\" \/>\n\t\t\t\t<\/picture>\n\t\t\t\t<div class=\"spectra-image-gallery__media-thumbnail-blurrer\"><\/div>\n\t\t\t\t\t\t\t\t\t\t\t<div class=\"spectra-image-gallery__media-thumbnail-caption-wrapper spectra-image-gallery__media-thumbnail-caption-wrapper--overlay\"><\/div>\n\t\t\t\t\t\t\t\t<\/div>\n\t\t\t\t\t\t<\/div>\n\t\t\t\t\t\t<\/div>\n\t\t\t\t\t\t\t\t\t\t<\/div>\n\t\t\t\t\t\t\t\t\t\t\t\t\t\t\t\t\t\t<\/div>\n\t\t\t\t\t\t\t\t\t<\/div>\n\n\n\n<div class=\"wp-block-column is-layout-constrained wp-block-column-is-layout-constrained\" style=\"flex-basis:66.66%\">\n<h3 class=\"wp-block-heading\">Coallia<\/h3>\n\n\n\n<p>Coallia ist eine Vereinigung, die sich der sozialen und beruflichen Eingliederung von Menschen in prek\u00e4ren Situationen widmet. Sie bietet soziale Betreuung, angepasste Unterk\u00fcnfte und Berufsausbildung.<br><br>14, rue Andr\u00e9 Ginisti<br>60160 - Montataire<br><br>03 44 25 67 14<br><br><a href=\"https:\/\/coallia.org\/\" data-type=\"link\" data-id=\"https:\/\/coallia.org\/\" target=\"_blank\" rel=\"noreferrer noopener\">coallia.org<\/a><\/p>\n<\/div>\n<\/div>\n<\/div>\n\n\n\n<div class=\"wp-block-uagb-container uagb-block-513c2c12\">\n<div class=\"wp-block-columns is-layout-flex wp-container-core-columns-is-layout-9d6595d7 wp-block-columns-is-layout-flex\">\n<div class=\"wp-block-column is-vertically-aligned-top is-layout-constrained wp-block-column-is-layout-constrained\" style=\"flex-basis:20%\">\t\t\t\t\t<div\n\t\t\t\t\t\tclass=\"wp-block-uagb-image-gallery uagb-block-dc3a25be\"\n\t\t\t\t\t\tstyle=\"\"\n\t\t\t\t\t>\n\t\t\t\t\t\t\t\t\t\t\t<div class=\"spectra-image-gallery spectra-image-gallery__layout--masonry spectra-image-gallery__layout--masonry-col-1 spectra-image-gallery__layout--masonry-col-tab-1 spectra-image-gallery__layout--masonry-col-mob-1\">\n\t\t\t\t\t\t\t\t\t\t\t<div class='spectra-image-gallery__media-wrapper--isotope'>\n\t\t\t\t\t\t\t<div class='spectra-image-gallery__media-wrapper' data-spectra-gallery-image-id='2266' tabindex=\"0\">\n\t\t\t\t\t\t\t<div class=\"spectra-image-gallery__media spectra-image-gallery__media--masonry\">\n\t\t\t\t<picture>\n\t\t\t\t\t<source media=\"(min-width: 1024px)\" srcset=\"https:\/\/mairie-montataire.fr\/app\/uploads\/2024\/07\/logo-CAF.png\">\n\t\t\t\t\t<source media=\"(min-width: 768px)\" srcset=\"https:\/\/mairie-montataire.fr\/app\/uploads\/2024\/07\/logo-CAF.png\">\n\t\t\t\t\t<img decoding=\"async\" class=\"spectra-image-gallery__media-thumbnail spectra-image-gallery__media-thumbnail--masonry\" src=\"https:\/\/mairie-montataire.fr\/app\/uploads\/2024\/07\/logo-CAF.png\" alt=\"\" loading=\"lazy\" \/>\n\t\t\t\t<\/picture>\n\t\t\t\t<div class=\"spectra-image-gallery__media-thumbnail-blurrer\"><\/div>\n\t\t\t\t\t\t\t\t\t\t\t<div class=\"spectra-image-gallery__media-thumbnail-caption-wrapper spectra-image-gallery__media-thumbnail-caption-wrapper--overlay\"><\/div>\n\t\t\t\t\t\t\t\t<\/div>\n\t\t\t\t\t\t<\/div>\n\t\t\t\t\t\t<\/div>\n\t\t\t\t\t\t\t\t\t\t<\/div>\n\t\t\t\t\t\t\t\t\t\t\t\t\t\t\t\t\t\t<\/div>\n\t\t\t\t\t\t\t\t\t<\/div>\n\n\n\n<div class=\"wp-block-column is-layout-constrained wp-block-column-is-layout-constrained\" style=\"flex-basis:66.66%\">\n<h3 class=\"wp-block-heading\">Familienbeihilfenkassen (Caisses d'Allocations Familiales, CAF)<\/h3>\n\n\n\n<p>Die CAF bietet die Aide Personnalis\u00e9e au Logement (APL) an, um die Miete oder die Raten f\u00fcr ein Immobiliendarlehen zu senken, sofern sie einkommensabh\u00e4ngig ist. Au\u00dferdem bietet sie kinderreichen Familien eine Umzugspr\u00e4mie an, um einen Teil der Umzugskosten zu decken.&nbsp;<\/p>\n\n\n\n<p>2, rue Charles Auguste Duguet<br>60100 - Creil<\/p>\n\n\n\n<p><a href=\"https:\/\/www.caf.fr\/allocataires\/caf-de-l-oise\" target=\"_blank\" rel=\"noreferrer noopener\">caf.de<\/a><\/p>\n<\/div>\n<\/div>\n<\/div>\n<\/div><\/div>\n\n\n\n<div class=\"wp-block-uagb-container uagb-block-d9eae22c alignfull uagb-is-root-container\"><div class=\"uagb-container-inner-blocks-wrap\">\n<div class=\"wp-block-uagb-container uagb-block-09add62c\">\n<div class=\"wp-block-columns is-layout-flex wp-container-core-columns-is-layout-9d6595d7 wp-block-columns-is-layout-flex\">\n<div class=\"wp-block-column is-vertically-aligned-top is-layout-flow wp-block-column-is-layout-flow\" style=\"padding-top:0;padding-right:0;padding-bottom:0;padding-left:0;flex-basis:20%\">\t\t\t\t\t<div\n\t\t\t\t\t\tclass=\"wp-block-uagb-image-gallery uagb-block-85f8ccc9\"\n\t\t\t\t\t\tstyle=\"\"\n\t\t\t\t\t>\n\t\t\t\t\t\t\t\t\t\t\t<div class=\"spectra-image-gallery spectra-image-gallery__layout--masonry spectra-image-gallery__layout--masonry-col-1 spectra-image-gallery__layout--masonry-col-tab-1 spectra-image-gallery__layout--masonry-col-mob-1\">\n\t\t\t\t\t\t\t\t\t\t\t<div class='spectra-image-gallery__media-wrapper--isotope'>\n\t\t\t\t\t\t\t<div class='spectra-image-gallery__media-wrapper' data-spectra-gallery-image-id='2268' tabindex=\"0\">\n\t\t\t\t\t\t\t<div class=\"spectra-image-gallery__media spectra-image-gallery__media--masonry\">\n\t\t\t\t<picture>\n\t\t\t\t\t<source media=\"(min-width: 1024px)\" srcset=\"https:\/\/mairie-montataire.fr\/app\/uploads\/2024\/07\/Logo_ADOHJ.png\">\n\t\t\t\t\t<source media=\"(min-width: 768px)\" srcset=\"https:\/\/mairie-montataire.fr\/app\/uploads\/2024\/07\/Logo_ADOHJ.png\">\n\t\t\t\t\t<img decoding=\"async\" class=\"spectra-image-gallery__media-thumbnail spectra-image-gallery__media-thumbnail--masonry\" src=\"https:\/\/mairie-montataire.fr\/app\/uploads\/2024\/07\/Logo_ADOHJ-300x263.png\" alt=\"\" loading=\"lazy\" \/>\n\t\t\t\t<\/picture>\n\t\t\t\t<div class=\"spectra-image-gallery__media-thumbnail-blurrer\"><\/div>\n\t\t\t\t\t\t\t\t\t\t\t<div class=\"spectra-image-gallery__media-thumbnail-caption-wrapper spectra-image-gallery__media-thumbnail-caption-wrapper--overlay\"><\/div>\n\t\t\t\t\t\t\t\t<\/div>\n\t\t\t\t\t\t<\/div>\n\t\t\t\t\t\t<\/div>\n\t\t\t\t\t\t\t\t\t\t<\/div>\n\t\t\t\t\t\t\t\t\t\t\t\t\t\t\t\t\t\t<\/div>\n\t\t\t\t\t\t\t\t\t<\/div>\n\n\n\n<div class=\"wp-block-column is-layout-flow wp-block-column-is-layout-flow\" style=\"flex-basis:66.66%\">\n<h3 class=\"wp-block-heading\">Association D\u00e9partementale de l'Oise pour l'Habitat des Jeunes (ADOHJ) (Verband des Departements Oise f\u00fcr die Unterbringung von Jugendlichen)<\/h3>\n\n\n\n<p>ADOHJ bietet vor\u00fcbergehende Unterk\u00fcnfte in 7 Wohnheimen in Nogent-sur-Oise, Montataire, Beauvais, Chantilly und Senlis. Eine pers\u00f6nliche Betreuung hilft jedem Bewohner, sein Projekt zu verfolgen und sich zu entfalten, wobei jeder Wohnungsantrag individuell gepr\u00fcft wird.<\/p>\n\n\n\n<p style=\"text-decoration:underline\">Foyer des Jeunes Travailleurs (Heim f\u00fcr junge Arbeiter)<\/p>\n\n\n\n<p>50, rue G\u00e9n\u00e9ral de Gaulle<br>60180 - Nogent-sur-Oise<br><br>03 44 71 68 61<br><br><a href=\"mailto:adohj@adohj.fr\">adohj@adohj.fr<\/a><br><br><a href=\"https:\/\/www.adohj.fr\/\" data-type=\"link\" data-id=\"https:\/\/www.adohj.fr\/\" target=\"_blank\" rel=\"noreferrer noopener\">adohj.de<\/a><\/p>\n<\/div>\n<\/div>\n<\/div>\n\n\n\n<div class=\"wp-block-uagb-container uagb-block-dec8b7a8\"><\/div>\n<\/div><\/div>","protected":false},"excerpt":{"rendered":"<p>Bourses\u2026 &#8230; aux \u00e9tudiants post bac La ville offre une bourse aux jeunes Montatairien\u00b7ne\u00b7s pour soutenir leurs \u00e9tudes sup\u00e9rieures, avec une aide compl\u00e9mentaire possible selon la zone g\u00e9ographique. Les \u00e9tudiants, \u00e2g\u00e9s de 28 ans maximum, dont les parents r\u00e9sident \u00e0 Montataire sont \u00e9ligibles. Le montant de la bourse est d\u00e9termin\u00e9 en fonction des revenus des [&hellip;]<\/p>\n","protected":false},"author":1,"featured_media":2264,"parent":114,"menu_order":21,"comment_status":"closed","ping_status":"closed","template":"","meta":{"_acf_changed":false,"_uag_custom_page_level_css":"","footnotes":""},"class_list":["post-138","page","type-page","status-publish","has-post-thumbnail","hentry"],"acf":[],"uagb_featured_image_src":{"full":["https:\/\/mairie-montataire.fr\/app\/uploads\/2024\/07\/1.3.3_AccompagnementsJeunesse.jpg",500,350,false],"thumbnail":["https:\/\/mairie-montataire.fr\/app\/uploads\/2024\/07\/1.3.3_AccompagnementsJeunesse-150x150.jpg",150,150,true],"medium":["https:\/\/mairie-montataire.fr\/app\/uploads\/2024\/07\/1.3.3_AccompagnementsJeunesse-300x210.jpg",300,210,true],"medium_large":["https:\/\/mairie-montataire.fr\/app\/uploads\/2024\/07\/1.3.3_AccompagnementsJeunesse.jpg",500,350,false],"large":["https:\/\/mairie-montataire.fr\/app\/uploads\/2024\/07\/1.3.3_AccompagnementsJeunesse.jpg",500,350,false],"1536x1536":["https:\/\/mairie-montataire.fr\/app\/uploads\/2024\/07\/1.3.3_AccompagnementsJeunesse.jpg",500,350,false],"2048x2048":["https:\/\/mairie-montataire.fr\/app\/uploads\/2024\/07\/1.3.3_AccompagnementsJeunesse.jpg",500,350,false],"trp-custom-language-flag":["https:\/\/mairie-montataire.fr\/app\/uploads\/2024\/07\/1.3.3_AccompagnementsJeunesse.jpg",18,12,false],"gform-image-choice-sm":["https:\/\/mairie-montataire.fr\/app\/uploads\/2024\/07\/1.3.3_AccompagnementsJeunesse.jpg",300,210,false],"gform-image-choice-md":["https:\/\/mairie-montataire.fr\/app\/uploads\/2024\/07\/1.3.3_AccompagnementsJeunesse.jpg",400,280,false],"gform-image-choice-lg":["https:\/\/mairie-montataire.fr\/app\/uploads\/2024\/07\/1.3.3_AccompagnementsJeunesse.jpg",500,350,false]},"uagb_author_info":{"display_name":"mentalworks","author_link":"https:\/\/mairie-montataire.fr\/de\/actualites\/author\/mentalworks\/"},"uagb_comment_info":0,"uagb_excerpt":"Bourses\u2026 &#8230; aux \u00e9tudiants post bac La ville offre une bourse aux jeunes Montatairien\u00b7ne\u00b7s pour soutenir leurs \u00e9tudes sup\u00e9rieures, avec une aide compl\u00e9mentaire possible selon la zone g\u00e9ographique. Les \u00e9tudiants, \u00e2g\u00e9s de 28 ans maximum, dont les parents r\u00e9sident \u00e0 Montataire sont \u00e9ligibles. Le montant de la bourse est d\u00e9termin\u00e9 en fonction des revenus des&hellip;","_links":{"self":[{"href":"https:\/\/mairie-montataire.fr\/de\/wp-json\/wp\/v2\/pages\/138","targetHints":{"allow":["GET"]}}],"collection":[{"href":"https:\/\/mairie-montataire.fr\/de\/wp-json\/wp\/v2\/pages"}],"about":[{"href":"https:\/\/mairie-montataire.fr\/de\/wp-json\/wp\/v2\/types\/page"}],"author":[{"embeddable":true,"href":"https:\/\/mairie-montataire.fr\/de\/wp-json\/wp\/v2\/users\/1"}],"replies":[{"embeddable":true,"href":"https:\/\/mairie-montataire.fr\/de\/wp-json\/wp\/v2\/comments?post=138"}],"version-history":[{"count":86,"href":"https:\/\/mairie-montataire.fr\/de\/wp-json\/wp\/v2\/pages\/138\/revisions"}],"predecessor-version":[{"id":7469,"href":"https:\/\/mairie-montataire.fr\/de\/wp-json\/wp\/v2\/pages\/138\/revisions\/7469"}],"up":[{"embeddable":true,"href":"https:\/\/mairie-montataire.fr\/de\/wp-json\/wp\/v2\/pages\/114"}],"wp:featuredmedia":[{"embeddable":true,"href":"https:\/\/mairie-montataire.fr\/de\/wp-json\/wp\/v2\/media\/2264"}],"wp:attachment":[{"href":"https:\/\/mairie-montataire.fr\/de\/wp-json\/wp\/v2\/media?parent=138"}],"curies":[{"name":"wp","href":"https:\/\/api.w.org\/{rel}","templated":true}]}}