{"id":136,"date":"2024-05-03T09:26:36","date_gmt":"2024-05-03T09:26:36","guid":{"rendered":"https:\/\/montataire.local\/?page_id=136"},"modified":"2026-01-20T15:33:19","modified_gmt":"2026-01-20T15:33:19","slug":"in-die-arbeitswelt","status":"publish","type":"page","link":"https:\/\/mairie-montataire.fr\/de\/habiter\/jeunesse\/vers-le-monde-du-travail\/","title":{"rendered":"Auf dem Weg in die Arbeitswelt"},"content":{"rendered":"<p><strong>Die Stadt Montataire bietet jungen Menschen aus Montataire durch verschiedene Ma\u00dfnahmen eine wesentliche Unterst\u00fctzung bei ihrem schulischen und beruflichen Werdegang. Die Stadtverwaltung bietet unter anderem folgende Dienstleistungen an<\/strong><\/p>\n\n\n\n<ul style=\"padding-right:var(--wp--preset--spacing--70);padding-left:var(--wp--preset--spacing--70)\" class=\"wp-block-list\">\n<li><strong>Praktikanten und Auszubildende,<\/strong><\/li>\n\n\n\n<li><strong>Beg\u00fcnstigte des Pass' Permis Citoyen,<\/strong><\/li>\n\n\n\n<li><strong>Freiwillige im B\u00fcrgerdienst,<\/strong><\/li>\n\n\n\n<li><strong>Saisonal Besch\u00e4ftigte.<\/strong><\/li>\n<\/ul>\n\n\n\n<div style=\"height:22px\" aria-hidden=\"true\" class=\"wp-block-spacer\"><\/div>\n\n\n\n<p><strong>Um Jugendlichen zu helfen, die das Schulsystem im Alter von sechzehn Jahren verlassen haben, finanziert die Stadt zwei Eingliederungsstrukturen: <a href=\"https:\/\/mairie-montataire.fr\/de\/verzeichnisse\/vereine-2\/jugend-bildung-und-integration\/jadinsert\/\">Jad'Insert<\/a> und das Atelier de la Pierre d'Angle, die in Montataire Eingliederungsma\u00dfnahmen durchf\u00fchren.<\/strong><\/p>\n\n\n\n<h2 class=\"wp-block-heading\">Praktikant\/innen und Lehrlinge<\/h2>\n\n\n\n<p>Jedes Jahr empf\u00e4ngt die Stadt mehr als 100 Praktikanten der Mittelstufe, Oberstufe und Studenten, um ihnen erste Berufserfahrungen zu erm\u00f6glichen. Alle Bildungsniveaus, von der Mittelstufe bis zum Abitur +5, werden akzeptiert, sofern eine Vereinbarung mit der Ausbildungsorganisation getroffen wurde. Mittelsch\u00fcler lernen verschiedene st\u00e4dtische Abteilungen kennen, w\u00e4hrend Studenten mit einem Berufsabschluss gegen Bezahlung aktiv an Projekten mitarbeiten. Die Stadt unterst\u00fctzt auch Jugendliche, die eine duale Ausbildung in verschiedenen Bereichen absolvieren, z. B. Kleinkinderbetreuung, Netzwerke und Telekommunikation, Mechanik usw.<\/p>\n\n\n\n<p><a href=\"https:\/\/mairie-montataire.fr\/de\/online-antrage\/initiativbewerbung\/\" data-type=\"link\" data-id=\"https:\/\/mairie-montataire.fr\/demarches-en-ligne\/candidature-spontanee\/\">Hier k\u00f6nnen Sie sich online bewerben.<\/a> <\/p>\n\n\n\n<h2 class=\"wp-block-heading\">Zivildienst&nbsp;<\/h2>\n\n\n\n<p>Der Service Civique ist eine franz\u00f6sische Ma\u00dfnahme zur F\u00f6rderung des b\u00fcrgerschaftlichen Engagements und zur \u00f6ffentlichen Unterst\u00fctzung. Er entspricht einer einzigartigen Erfahrung f\u00fcr junge Menschen zwischen 16 und 25 Jahren, die mit einer Behinderung auf 30 Jahre ausgeweitet werden k\u00f6nnen, ohne dass sie einen Schulabschluss haben m\u00fcssen. Die Stadt bietet gelegentlich Eins\u00e4tze an, die sie auf ihrer Website ver\u00f6ffentlicht. <a href=\"https:\/\/www.linkedin.com\/company\/ville-de-montataire\/mycompany\/?viewAsMember=true\" data-type=\"link\" data-id=\"https:\/\/www.linkedin.com\/company\/ville-de-montataire\/mycompany\/?viewAsMember=true\" target=\"_blank\" rel=\"noreferrer noopener\">LinkedIn-Seite<\/a>.&nbsp;<\/p>\n\n\n\n<p>Weitere Informationen : <a href=\"https:\/\/www.service-civique.gouv.fr\/\" target=\"_blank\" rel=\"noreferrer noopener\">zivildienst.gouv.de<\/a><\/p>\n\n\n\n<h2 class=\"wp-block-heading\">Pass'Permis Citoyen (B\u00fcrgerausweis)&nbsp;<\/h2>\n\n\n\n<p>Diese Ma\u00dfnahme ist eine einkommensunabh\u00e4ngige finanzielle Unterst\u00fctzung in H\u00f6he von 600 \u20ac, die vom Conseil d\u00e9partemental de l'Oise gew\u00e4hrt wird. Sie erm\u00f6glicht es Personen unter 20 Jahren, ihren F\u00fchrerschein zu finanzieren, wenn sie im Gegenzug eine 70-st\u00fcndige ehrenamtliche T\u00e4tigkeit in einer Gemeinde oder einem Verein im Departement Oise aus\u00fcben.&nbsp;<\/p>\n\n\n\n<p><a href=\"https:\/\/www.oise.fr\/les-pass-citoyens-du-conseil-departemental-de-loise\/le-passpermis-citoyen\" data-type=\"link\" data-id=\"https:\/\/www.oise.fr\/les-pass-citoyens-du-conseil-departemental-de-loise\/le-passpermis-citoyen\" target=\"_blank\" rel=\"noreferrer noopener\">Sie k\u00f6nnen die Website des Departements besuchen, um weitere Informationen zu erhalten.<\/a><\/p>\n\n\n\n<p>Angekommen in der 4<sup>e<\/sup> Schritt der Website des Departements k\u00f6nnen Sie <a href=\"https:\/\/mairie-montataire.fr\/de\/online-antrage\/sich-bei-der-stadt-montataire-bewerben\/\" data-type=\"link\" data-id=\"https:\/\/mairie-montataire.fr\/demarches-en-ligne\/postuler-a-la-ville-de-montataire\/\">Ihren Online-Antrag, um Ihren Pass'Permis Citoyen bei der Stadt Montataire zu machen<\/a>.<\/p>\n\n\n\n<h2 class=\"wp-block-heading\">Recrut'Jeune<\/h2>\n\n\n\n<p>Der Recrut'Jeunes ist ein Tag, an dem Vorstellungsgespr\u00e4che f\u00fcr Saisonjobs bei der Stadt, f\u00fcr die von der Stadt finanzierte BAFA-Ausbildung, f\u00fcr den Zivildienst, f\u00fcr Praktika in der 10. Klasse und f\u00fcr das Concordia-Projekt stattfinden. Bei dieser j\u00e4hrlichen Veranstaltung, die in der Regel um den Monat M\u00e4rz herum stattfindet, werden die Jugendlichen mit ihrem Lebenslauf zu einem Vorstellungsgespr\u00e4ch eingeladen.<\/p>\n\n\n\n<div class=\"wp-block-group is-layout-constrained wp-block-group-is-layout-constrained\">\n<div class=\"wp-block-group is-layout-constrained wp-block-group-is-layout-constrained\">\t\t\t\t\t<div\n\t\t\t\t\t\tclass=\"wp-block-uagb-image-gallery uagb-block-7680bb5f\"\n\t\t\t\t\t\tstyle=\"\"\n\t\t\t\t\t>\n\t\t\t\t\t\t\t\t\t\t\t<div class=\"spectra-image-gallery spectra-image-gallery__layout--grid spectra-image-gallery__layout--grid-col-3 spectra-image-gallery__layout--grid-col-tab-2 spectra-image-gallery__layout--grid-col-mob-2\">\n\t\t\t\t\t\t\t\t\t\t\t<div class='spectra-image-gallery__media-wrapper' data-spectra-gallery-image-id='1694' tabindex=\"0\">\n\t\t\t\t\t\t\t<div class=\"spectra-image-gallery__media spectra-image-gallery__media--grid\">\n\t\t\t\t<picture>\n\t\t\t\t\t<source media=\"(min-width: 1024px)\" srcset=\"https:\/\/mairie-montataire.fr\/app\/uploads\/2024\/07\/2024-03-30-RecrutJeunes-1bis-1-1024x683.jpg\">\n\t\t\t\t\t<source media=\"(min-width: 768px)\" srcset=\"https:\/\/mairie-montataire.fr\/app\/uploads\/2024\/07\/2024-03-30-RecrutJeunes-1bis-1-1024x683.jpg\">\n\t\t\t\t\t<img decoding=\"async\" class=\"spectra-image-gallery__media-thumbnail spectra-image-gallery__media-thumbnail--grid\" src=\"https:\/\/mairie-montataire.fr\/app\/uploads\/2024\/07\/2024-03-30-RecrutJeunes-1bis-1-300x200.jpg\" alt=\"Recrut&#039;Jeunes\" loading=\"lazy\" \/>\n\t\t\t\t<\/picture>\n\t\t\t\t<div class=\"spectra-image-gallery__media-thumbnail-blurrer\"><\/div>\n\t\t\t\t\t\t\t\t\t\t\t<div class=\"spectra-image-gallery__media-thumbnail-caption-wrapper spectra-image-gallery__media-thumbnail-caption-wrapper--overlay\"><\/div>\n\t\t\t\t\t\t\t\t<\/div>\n\t\t\t\t\t\t<\/div>\n\t\t\t\t\t\t<div class='spectra-image-gallery__media-wrapper' data-spectra-gallery-image-id='1697' tabindex=\"0\">\n\t\t\t\t\t\t\t<div class=\"spectra-image-gallery__media spectra-image-gallery__media--grid\">\n\t\t\t\t<picture>\n\t\t\t\t\t<source media=\"(min-width: 1024px)\" srcset=\"https:\/\/mairie-montataire.fr\/app\/uploads\/2024\/07\/2024-03-30-RecrutJeunes-15bis-1.jpg\">\n\t\t\t\t\t<source media=\"(min-width: 768px)\" srcset=\"https:\/\/mairie-montataire.fr\/app\/uploads\/2024\/07\/2024-03-30-RecrutJeunes-15bis-1.jpg\">\n\t\t\t\t\t<img decoding=\"async\" class=\"spectra-image-gallery__media-thumbnail spectra-image-gallery__media-thumbnail--grid\" src=\"https:\/\/mairie-montataire.fr\/app\/uploads\/2024\/07\/2024-03-30-RecrutJeunes-15bis-1-300x200.jpg\" alt=\"Recrut&#039;Jeunes\" loading=\"lazy\" \/>\n\t\t\t\t<\/picture>\n\t\t\t\t<div class=\"spectra-image-gallery__media-thumbnail-blurrer\"><\/div>\n\t\t\t\t\t\t\t\t\t\t\t<div class=\"spectra-image-gallery__media-thumbnail-caption-wrapper spectra-image-gallery__media-thumbnail-caption-wrapper--overlay\"><\/div>\n\t\t\t\t\t\t\t\t<\/div>\n\t\t\t\t\t\t<\/div>\n\t\t\t\t\t\t<div class='spectra-image-gallery__media-wrapper' data-spectra-gallery-image-id='1693' tabindex=\"0\">\n\t\t\t\t\t\t\t<div class=\"spectra-image-gallery__media spectra-image-gallery__media--grid\">\n\t\t\t\t<picture>\n\t\t\t\t\t<source media=\"(min-width: 1024px)\" srcset=\"https:\/\/mairie-montataire.fr\/app\/uploads\/2024\/07\/2024-03-30-RecrutJeunes-23bis-1024x683.jpg\">\n\t\t\t\t\t<source media=\"(min-width: 768px)\" srcset=\"https:\/\/mairie-montataire.fr\/app\/uploads\/2024\/07\/2024-03-30-RecrutJeunes-23bis-1024x683.jpg\">\n\t\t\t\t\t<img decoding=\"async\" class=\"spectra-image-gallery__media-thumbnail spectra-image-gallery__media-thumbnail--grid\" src=\"https:\/\/mairie-montataire.fr\/app\/uploads\/2024\/07\/2024-03-30-RecrutJeunes-23bis-300x200.jpg\" alt=\"Recrut&#039;Jeunes\" loading=\"lazy\" \/>\n\t\t\t\t<\/picture>\n\t\t\t\t<div class=\"spectra-image-gallery__media-thumbnail-blurrer\"><\/div>\n\t\t\t\t\t\t\t\t\t\t\t<div class=\"spectra-image-gallery__media-thumbnail-caption-wrapper spectra-image-gallery__media-thumbnail-caption-wrapper--overlay\"><\/div>\n\t\t\t\t\t\t\t\t<\/div>\n\t\t\t\t\t\t<\/div>\n\t\t\t\t\t\t\t\t\t\t<\/div>\n\t\t\t\t\t\t\t\t\t\t\t\t\t\t\t\t\t\t<\/div>\n\t\t\t\t\t\t\t\t\t\t\t<div class='spectra-image-gallery__control-lightbox' tabindex='0'>\n\t\t\t\t\t\t\t\t\t\t\t<div class=\"swiper spectra-image-gallery__control-lightbox--main\" dir=\"\">\n\t\t\t\t\t<div class=\"swiper-wrapper\">\n\t\t\t\t\t\t\t\t\t\t\t\t\t\n\t\t\t\t\t\t\t<div class=\"swiper-slide\">\n\t\t\t\t\t\t\t\t<img class=\"swiper-lazy\" data-src=\"https:\/\/mairie-montataire.fr\/app\/uploads\/2024\/07\/2024-03-30-RecrutJeunes-1bis-1-scaled.jpg\" alt=\"Recrut&#039;Jeunes\"\/>\n\t\t\t\t\t\t\t\t<div class=\"swiper-lazy-preloader swiper-lazy-preloader-white\"><\/div>\n\t\t\t\t\t\t\t\t\t\t\t\t\t\t\t<\/div>\n\t\t\t\t\t\t\t\t\t\t\t\t\t\n\t\t\t\t\t\t\t<div class=\"swiper-slide\">\n\t\t\t\t\t\t\t\t<img class=\"swiper-lazy\" data-src=\"https:\/\/mairie-montataire.fr\/app\/uploads\/2024\/07\/2024-03-30-RecrutJeunes-15bis-1.jpg\" alt=\"Recrut&#039;Jeunes\"\/>\n\t\t\t\t\t\t\t\t<div class=\"swiper-lazy-preloader swiper-lazy-preloader-white\"><\/div>\n\t\t\t\t\t\t\t\t\t\t\t\t\t\t\t<\/div>\n\t\t\t\t\t\t\t\t\t\t\t\t\t\n\t\t\t\t\t\t\t<div class=\"swiper-slide\">\n\t\t\t\t\t\t\t\t<img class=\"swiper-lazy\" data-src=\"https:\/\/mairie-montataire.fr\/app\/uploads\/2024\/07\/2024-03-30-RecrutJeunes-23bis-scaled.jpg\" alt=\"Recrut&#039;Jeunes\"\/>\n\t\t\t\t\t\t\t\t<div class=\"swiper-lazy-preloader swiper-lazy-preloader-white\"><\/div>\n\t\t\t\t\t\t\t\t\t\t\t\t\t\t\t<\/div>\n\t\t\t\t\t\t\t\t\t\t\t<\/div>\n\t\t\t\t\t<div class=\"swiper-button-next\"><\/div>\n\t\t\t\t\t<div class=\"swiper-button-prev\"><\/div>\n\t\t\t\t<\/div>\t\t\t\n\t\t\t\t\t\t\t\t\t\t\t\t\t\t\t\t\t\t\t\t\t\t\t\t\t\t\t\t\t\t\t\t<button class='spectra-image-gallery__control-lightbox--close' aria-label=\"Close\">\n\t\t\t\t\t\t\t\t\t\t\t\t\t<svg xmlns=\"https:\/\/www.w3.org\/2000\/svg\" viewbox= \"0 0 320 512\"><path d=\"M310.6 361.4c12.5 12.5 12.5 32.75 0 45.25C304.4 412.9 296.2 416 288 416s-16.38-3.125-22.62-9.375L160 301.3L54.63 406.6C48.38 412.9 40.19 416 32 416S15.63 412.9 9.375 406.6c-12.5-12.5-12.5-32.75 0-45.25l105.4-105.4L9.375 150.6c-12.5-12.5-12.5-32.75 0-45.25s32.75-12.5 45.25 0L160 210.8l105.4-105.4c12.5-12.5 32.75-12.5 45.25 0s12.5 32.75 0 45.25l-105.4 105.4L310.6 361.4z\"><\/path><\/svg>\n\t\t\t\t\t\t\t\t\t\t\t\t<\/button>\n\t\t\t\t\t\t\t\t\t\t\t\t\t<\/div>\n\t\t\t\t\t\t\t\t\t<\/div>\n<\/div>\n\n\n\n<h2 class=\"wp-block-heading\">Eingliederungsbaustellen<\/h2>\n\n\n\n<p>Um Menschen, einschlie\u00dflich Jugendlichen, die mit 16 Jahren aus dem Schulsystem ausgeschieden sind, zu helfen, unterst\u00fctzt die Stadt zwei Eingliederungsstrukturen: Jad'Insert und L'Atelier de la Pierre d'Angle. Diese Vereine bieten sogenannte \"chantiers supports\" an, um die Teilnehmer wieder in Richtung Besch\u00e4ftigung zu mobilisieren.&nbsp;<\/p>\n\n\n\n<h3 class=\"wp-block-heading\">JADE'Insert<\/h3>\n\n\n\n<p>Dabei handelt es sich um Stra\u00dfenarbeiten, die Pflege der Stadtreinigung, Malerarbeiten im Freien oder in kommunalen Geb\u00e4uden. Diese T\u00e4tigkeiten erm\u00f6glichen es den Teilnehmern, praktische und berufliche F\u00e4higkeiten zu erwerben und gleichzeitig zur Verbesserung ihres Lebensumfelds beizutragen.<\/p>\n\n\n\n<h3 class=\"wp-block-heading\">Winkelstein-Atelier<\/h3>\n\n\n\n<p>Hierbei handelt es sich um Maurer- und Steinmetzarbeiten. Diese Workcamps bieten denjenigen, die daran teilnehmen, eine wertvolle Gelegenheit f\u00fcr einen ersten Arbeitsplatz und tragen gleichzeitig zur Erhaltung des reichen lokalen historischen Erbes bei.<\/p>","protected":false},"excerpt":{"rendered":"<p>La Ville de Montataire, \u00e0 travers divers dispositifs, apporte un soutien essentiel aux jeunes Montatairien\u00b7ne\u00b7s dans leur parcours scolaire et professionnel. Les services municipaux accueillent notamment : Pour venir en aide aux jeunes ayant quitt\u00e9 le syst\u00e8me scolaire \u00e0 l&rsquo;\u00e2ge de seize ans, la Ville finance deux structures d\u2019insertion : Jad\u2019Insert et l\u2019Atelier de la [&hellip;]<\/p>\n","protected":false},"author":1,"featured_media":4193,"parent":114,"menu_order":20,"comment_status":"closed","ping_status":"closed","template":"","meta":{"_acf_changed":false,"_uag_custom_page_level_css":"","footnotes":""},"class_list":["post-136","page","type-page","status-publish","has-post-thumbnail","hentry"],"acf":[],"uagb_featured_image_src":{"full":["https:\/\/mairie-montataire.fr\/app\/uploads\/2024\/09\/1.3.2_Vers-le-monde-du-travail.jpg",500,350,false],"thumbnail":["https:\/\/mairie-montataire.fr\/app\/uploads\/2024\/09\/1.3.2_Vers-le-monde-du-travail-150x150.jpg",150,150,true],"medium":["https:\/\/mairie-montataire.fr\/app\/uploads\/2024\/09\/1.3.2_Vers-le-monde-du-travail-300x210.jpg",300,210,true],"medium_large":["https:\/\/mairie-montataire.fr\/app\/uploads\/2024\/09\/1.3.2_Vers-le-monde-du-travail.jpg",500,350,false],"large":["https:\/\/mairie-montataire.fr\/app\/uploads\/2024\/09\/1.3.2_Vers-le-monde-du-travail.jpg",500,350,false],"1536x1536":["https:\/\/mairie-montataire.fr\/app\/uploads\/2024\/09\/1.3.2_Vers-le-monde-du-travail.jpg",500,350,false],"2048x2048":["https:\/\/mairie-montataire.fr\/app\/uploads\/2024\/09\/1.3.2_Vers-le-monde-du-travail.jpg",500,350,false],"trp-custom-language-flag":["https:\/\/mairie-montataire.fr\/app\/uploads\/2024\/09\/1.3.2_Vers-le-monde-du-travail-18x12.jpg",18,12,true],"gform-image-choice-sm":["https:\/\/mairie-montataire.fr\/app\/uploads\/2024\/09\/1.3.2_Vers-le-monde-du-travail.jpg",300,210,false],"gform-image-choice-md":["https:\/\/mairie-montataire.fr\/app\/uploads\/2024\/09\/1.3.2_Vers-le-monde-du-travail.jpg",400,280,false],"gform-image-choice-lg":["https:\/\/mairie-montataire.fr\/app\/uploads\/2024\/09\/1.3.2_Vers-le-monde-du-travail.jpg",500,350,false]},"uagb_author_info":{"display_name":"mentalworks","author_link":"https:\/\/mairie-montataire.fr\/de\/actualites\/author\/mentalworks\/"},"uagb_comment_info":0,"uagb_excerpt":"La Ville de Montataire, \u00e0 travers divers dispositifs, apporte un soutien essentiel aux jeunes Montatairien\u00b7ne\u00b7s dans leur parcours scolaire et professionnel. Les services municipaux accueillent notamment : Pour venir en aide aux jeunes ayant quitt\u00e9 le syst\u00e8me scolaire \u00e0 l&rsquo;\u00e2ge de seize ans, la Ville finance deux structures d\u2019insertion : Jad\u2019Insert et l\u2019Atelier de la&hellip;","_links":{"self":[{"href":"https:\/\/mairie-montataire.fr\/de\/wp-json\/wp\/v2\/pages\/136","targetHints":{"allow":["GET"]}}],"collection":[{"href":"https:\/\/mairie-montataire.fr\/de\/wp-json\/wp\/v2\/pages"}],"about":[{"href":"https:\/\/mairie-montataire.fr\/de\/wp-json\/wp\/v2\/types\/page"}],"author":[{"embeddable":true,"href":"https:\/\/mairie-montataire.fr\/de\/wp-json\/wp\/v2\/users\/1"}],"replies":[{"embeddable":true,"href":"https:\/\/mairie-montataire.fr\/de\/wp-json\/wp\/v2\/comments?post=136"}],"version-history":[{"count":20,"href":"https:\/\/mairie-montataire.fr\/de\/wp-json\/wp\/v2\/pages\/136\/revisions"}],"predecessor-version":[{"id":7491,"href":"https:\/\/mairie-montataire.fr\/de\/wp-json\/wp\/v2\/pages\/136\/revisions\/7491"}],"up":[{"embeddable":true,"href":"https:\/\/mairie-montataire.fr\/de\/wp-json\/wp\/v2\/pages\/114"}],"wp:featuredmedia":[{"embeddable":true,"href":"https:\/\/mairie-montataire.fr\/de\/wp-json\/wp\/v2\/media\/4193"}],"wp:attachment":[{"href":"https:\/\/mairie-montataire.fr\/de\/wp-json\/wp\/v2\/media?parent=136"}],"curies":[{"name":"wp","href":"https:\/\/api.w.org\/{rel}","templated":true}]}}