{"id":1340,"date":"2024-07-17T13:06:18","date_gmt":"2024-07-17T13:06:18","guid":{"rendered":"https:\/\/montataire.mentalworks.me\/?page_id=1340"},"modified":"2025-12-02T13:23:55","modified_gmt":"2025-12-02T13:23:55","slug":"unicef-kinderfreundliche-stadt","status":"publish","type":"page","link":"https:\/\/mairie-montataire.fr\/de\/unicef-ville-amie-des-enfants\/","title":{"rendered":"UNICEF - Kinderfreundliche Stadt"},"content":{"rendered":"<div class=\"wp-block-uagb-container uagb-block-a663504f alignfull uagb-is-root-container\"><div class=\"uagb-container-inner-blocks-wrap\"><\/div><\/div>\n\n\n\n<div class=\"wp-block-uagb-image uagb-block-6a50781e wp-block-uagb-image--layout-default wp-block-uagb-image--effect-static wp-block-uagb-image--align-none no-ds\"><figure class=\"wp-block-uagb-image__figure\"><img decoding=\"async\" srcset=\"https:\/\/mairie-montataire.fr\/app\/uploads\/2025\/12\/2022-04-14-Ville-Amie-des-Enfants-Unicef-24-1024x683.jpg ,https:\/\/mairie-montataire.fr\/app\/uploads\/2025\/12\/2022-04-14-Ville-Amie-des-Enfants-Unicef-24-scaled.jpg 780w, https:\/\/mairie-montataire.fr\/app\/uploads\/2025\/12\/2022-04-14-Ville-Amie-des-Enfants-Unicef-24-scaled.jpg 360w\" sizes=\"auto, (max-width: 480px) 150px\" src=\"https:\/\/mairie-montataire.fr\/app\/uploads\/2025\/12\/2022-04-14-Ville-Amie-des-Enfants-Unicef-24-1024x683.jpg\" alt=\"Unterzeichnung der Auszeichnung &quot;Kinderfreundliche Stadt&quot; mit dem stellvertretenden B\u00fcrgermeister Herrn Rivi\u00e8re, dem B\u00fcrgermeister Herrn Bosino, dem Vertreter von UNICEF Herrn Douez und Kindern aus dem Freizeitzentrum.\" class=\"uag-image-7286\" width=\"1024\" height=\"683\" title=\"14.04.2022 Kinderfreundliche Stadt Unicef (24)\" loading=\"lazy\" role=\"img\"\/><\/figure><\/div>\n\n\n\n<p><strong>Im Jahr 2022 wurde die Stadt Montataire von UNICEF als kinderfreundliche Stadt ausgezeichnet und geh\u00f6rt damit zu den 300 Gemeinden in Frankreich, die diese Anerkennung erhalten haben. Sie engagiert sich f\u00fcr das Mandat 2020-2026 der Organisation in f\u00fcnf Bereichen: Wohlbefinden der Kinder, Kampf gegen Diskriminierung, Bildung, Beteiligung von Kindern und Jugendlichen sowie Partnerschaft mit UNICEF. Diese Auszeichnung spiegelt das politische Engagement f\u00fcr eine bessere Umsetzung der Kinderrechte in ihrem Hoheitsgebiet wider.<\/strong><\/p>\n\n\n\n<h2 class=\"wp-block-heading\">Die Anf\u00e4nge<\/h2>\n\n\n\n<p>Diese Anerkennung begann mit einem Beschluss des Gemeinderats im Dezember 2020. Die positive Antwort von Unicef kam weniger als ein Jahr sp\u00e4ter, im Oktober 2021. \" <em>Obwohl es ihre erste Bewerbung war, war die Stadt bereit<\/em> \", vertraut der Vertreter von Unicef, Marc Douez, an, der ber\u00fchrt ist von \" <em>Freundlichkeit und Aufrichtigkeit<\/em> \" des Empfangs der Stadt.<\/p>\n\n\n\n<h3 class=\"wp-block-heading\">Kein Label, sondern eine Geisteshaltung<\/h3>\n\n\n\n<p>Das Engagement der Stadt wird am Ende der laufenden Amtszeit bewertet. \"Es ist eine Anerkennung, aber in erster Linie eine Verantwortung\", erkl\u00e4rte Jean-Pierre Bosino. Marc Douez sagt gerne, dass es sich nicht um ein Label handelt, sondern um eine Geisteshaltung, die mit allen Abteilungen, die mit Kindern zu tun haben, mit den Vereinen, mit den Schulen usw. geteilt werden muss.<\/p>\n\n\n\n<div class=\"wp-block-uagb-container uagb-block-c4d2a56a alignfull uagb-is-root-container\"><div class=\"uagb-container-inner-blocks-wrap\">\n<div class=\"wp-block-uagb-blockquote uagb-block-c0c3727c uagb-blockquote__skin-border uagb-blockquote__stack-img-none\"><blockquote class=\"uagb-blockquote\"><div class=\"uagb-blockquote__content\">\"Es gibt immer noch Kinder auf der Welt, die leiden. Ich denke an die Kinder im Lager Dheisheh in Pal\u00e4stina; ich denke an die Opfer von Kriegen, wie jetzt in der Ukraine; ich denke an die kleinen M\u00e4dchen in Afghanistan, die nicht zur Schule gehen k\u00f6nnen\".<\/div><footer><div class=\"uagb-blockquote__author-wrap uagb-blockquote__author-at-left\"><cite class=\"uagb-blockquote__author\">Herr B\u00fcrgermeister von Montataire, Jean-Pierre Bosino<\/cite><\/div><\/footer><\/blockquote><\/div>\n<\/div><\/div>\n\n\n\n<div class=\"wp-block-uagb-separator uagb-block-c9213438\"><div class=\"uagb-separator-spacing-wrapper\"><div class=\"wp-block-uagb-separator__inner\" style=\"--my-background-image:\"><\/div><\/div><\/div>\n\n\n\t\t\t\t\t<div\n\t\t\t\t\t\tclass=\"wp-block-uagb-image-gallery uagb-block-e458978a\"\n\t\t\t\t\t\tstyle=\"\"\n\t\t\t\t\t>\n\t\t\t\t\t\t\t\t\t\t\t<div class=\"spectra-image-gallery spectra-image-gallery__layout--grid spectra-image-gallery__layout--grid-col-5 spectra-image-gallery__layout--grid-col-tab-3 spectra-image-gallery__layout--grid-col-mob-2\">\n\t\t\t\t\t\t\t\t\t\t\t<div class='spectra-image-gallery__media-wrapper' data-spectra-gallery-image-id='7288' tabindex=\"0\">\n\t\t\t\t\t\t\t<div class=\"spectra-image-gallery__media spectra-image-gallery__media--grid\">\n\t\t\t\t<picture>\n\t\t\t\t\t<source media=\"(min-width: 1024px)\" srcset=\"https:\/\/mairie-montataire.fr\/app\/uploads\/2025\/12\/2022-04-17-Ville-Amie-des-Enfants-Unicef-44-1024x771.jpg\">\n\t\t\t\t\t<source media=\"(min-width: 768px)\" srcset=\"https:\/\/mairie-montataire.fr\/app\/uploads\/2025\/12\/2022-04-17-Ville-Amie-des-Enfants-Unicef-44-1024x771.jpg\">\n\t\t\t\t\t<img decoding=\"async\" class=\"spectra-image-gallery__media-thumbnail spectra-image-gallery__media-thumbnail--grid\" src=\"https:\/\/mairie-montataire.fr\/app\/uploads\/2025\/12\/2022-04-17-Ville-Amie-des-Enfants-Unicef-44-300x226.jpg\" alt=\"Farbige Tafeln einer Ausstellung \u00fcber Kinderrechte von UNICEF im ALSH\" loading=\"lazy\" \/>\n\t\t\t\t<\/picture>\n\t\t\t\t<div class=\"spectra-image-gallery__media-thumbnail-blurrer\"><\/div>\n\t\t\t\t\t\t\t\t\t\t\t<div class=\"spectra-image-gallery__media-thumbnail-caption-wrapper spectra-image-gallery__media-thumbnail-caption-wrapper--overlay\"><\/div>\n\t\t\t\t\t\t\t\t<\/div>\n\t\t\t\t\t\t<\/div>\n\t\t\t\t\t\t<div class='spectra-image-gallery__media-wrapper' data-spectra-gallery-image-id='7287' tabindex=\"0\">\n\t\t\t\t\t\t\t<div class=\"spectra-image-gallery__media spectra-image-gallery__media--grid\">\n\t\t\t\t<picture>\n\t\t\t\t\t<source media=\"(min-width: 1024px)\" srcset=\"https:\/\/mairie-montataire.fr\/app\/uploads\/2025\/12\/2022-04-14-Ville-Amie-des-Enfants-Unicef-39-1024x683.jpg\">\n\t\t\t\t\t<source media=\"(min-width: 768px)\" srcset=\"https:\/\/mairie-montataire.fr\/app\/uploads\/2025\/12\/2022-04-14-Ville-Amie-des-Enfants-Unicef-39-1024x683.jpg\">\n\t\t\t\t\t<img decoding=\"async\" class=\"spectra-image-gallery__media-thumbnail spectra-image-gallery__media-thumbnail--grid\" src=\"https:\/\/mairie-montataire.fr\/app\/uploads\/2025\/12\/2022-04-14-Ville-Amie-des-Enfants-Unicef-39-300x200.jpg\" alt=\"Rede des B\u00fcrgermeisters von Montataire und von Herrn Marc Douez, Vertreter von UNICEF, auf einer B\u00fchne vor den Kindern und Eltern der Stadt Montataire\" loading=\"lazy\" \/>\n\t\t\t\t<\/picture>\n\t\t\t\t<div class=\"spectra-image-gallery__media-thumbnail-blurrer\"><\/div>\n\t\t\t\t\t\t\t\t\t\t\t<div class=\"spectra-image-gallery__media-thumbnail-caption-wrapper spectra-image-gallery__media-thumbnail-caption-wrapper--overlay\"><\/div>\n\t\t\t\t\t\t\t\t<\/div>\n\t\t\t\t\t\t<\/div>\n\t\t\t\t\t\t<div class='spectra-image-gallery__media-wrapper' data-spectra-gallery-image-id='7281' tabindex=\"0\">\n\t\t\t\t\t\t\t<div class=\"spectra-image-gallery__media spectra-image-gallery__media--grid\">\n\t\t\t\t<picture>\n\t\t\t\t\t<source media=\"(min-width: 1024px)\" srcset=\"https:\/\/mairie-montataire.fr\/app\/uploads\/2025\/12\/2022-04-14-Ville-Amie-des-Enfants-Unicef-14-1024x683.jpg\">\n\t\t\t\t\t<source media=\"(min-width: 768px)\" srcset=\"https:\/\/mairie-montataire.fr\/app\/uploads\/2025\/12\/2022-04-14-Ville-Amie-des-Enfants-Unicef-14-1024x683.jpg\">\n\t\t\t\t\t<img decoding=\"async\" class=\"spectra-image-gallery__media-thumbnail spectra-image-gallery__media-thumbnail--grid\" src=\"https:\/\/mairie-montataire.fr\/app\/uploads\/2025\/12\/2022-04-14-Ville-Amie-des-Enfants-Unicef-14-300x200.jpg\" alt=\"Zwei Kinder sitzen mit dem R\u00fccken zur Kamera und einem T-Shirt mit der Aufschrift \u201e#myUNICEF\u201d und h\u00f6ren der Rede des B\u00fcrgermeisters zu.\" loading=\"lazy\" \/>\n\t\t\t\t<\/picture>\n\t\t\t\t<div class=\"spectra-image-gallery__media-thumbnail-blurrer\"><\/div>\n\t\t\t\t\t\t\t\t\t\t\t<div class=\"spectra-image-gallery__media-thumbnail-caption-wrapper spectra-image-gallery__media-thumbnail-caption-wrapper--overlay\"><\/div>\n\t\t\t\t\t\t\t\t<\/div>\n\t\t\t\t\t\t<\/div>\n\t\t\t\t\t\t<div class='spectra-image-gallery__media-wrapper' data-spectra-gallery-image-id='7285' tabindex=\"0\">\n\t\t\t\t\t\t\t<div class=\"spectra-image-gallery__media spectra-image-gallery__media--grid\">\n\t\t\t\t<picture>\n\t\t\t\t\t<source media=\"(min-width: 1024px)\" srcset=\"https:\/\/mairie-montataire.fr\/app\/uploads\/2025\/12\/2022-04-14-Ville-Amie-des-Enfants-Unicef-23-1024x683.jpg\">\n\t\t\t\t\t<source media=\"(min-width: 768px)\" srcset=\"https:\/\/mairie-montataire.fr\/app\/uploads\/2025\/12\/2022-04-14-Ville-Amie-des-Enfants-Unicef-23-1024x683.jpg\">\n\t\t\t\t\t<img decoding=\"async\" class=\"spectra-image-gallery__media-thumbnail spectra-image-gallery__media-thumbnail--grid\" src=\"https:\/\/mairie-montataire.fr\/app\/uploads\/2025\/12\/2022-04-14-Ville-Amie-des-Enfants-Unicef-23-300x200.jpg\" alt=\"Unterzeichnung der Auszeichnung &quot;Kinderfreundliche Stadt&quot; mit dem stellvertretenden B\u00fcrgermeister Herrn Rivi\u00e8re, dem B\u00fcrgermeister Herrn Bosino, dem Vertreter von UNICEF Herrn Douez und Kindern aus dem Freizeitzentrum.\" loading=\"lazy\" \/>\n\t\t\t\t<\/picture>\n\t\t\t\t<div class=\"spectra-image-gallery__media-thumbnail-blurrer\"><\/div>\n\t\t\t\t\t\t\t\t\t\t\t<div class=\"spectra-image-gallery__media-thumbnail-caption-wrapper spectra-image-gallery__media-thumbnail-caption-wrapper--overlay\"><\/div>\n\t\t\t\t\t\t\t\t<\/div>\n\t\t\t\t\t\t<\/div>\n\t\t\t\t\t\t<div class='spectra-image-gallery__media-wrapper' data-spectra-gallery-image-id='7284' tabindex=\"0\">\n\t\t\t\t\t\t\t<div class=\"spectra-image-gallery__media spectra-image-gallery__media--grid\">\n\t\t\t\t<picture>\n\t\t\t\t\t<source media=\"(min-width: 1024px)\" srcset=\"https:\/\/mairie-montataire.fr\/app\/uploads\/2025\/12\/2022-04-14-Ville-Amie-des-Enfants-Unicef-20-1024x683.jpg\">\n\t\t\t\t\t<source media=\"(min-width: 768px)\" srcset=\"https:\/\/mairie-montataire.fr\/app\/uploads\/2025\/12\/2022-04-14-Ville-Amie-des-Enfants-Unicef-20-1024x683.jpg\">\n\t\t\t\t\t<img decoding=\"async\" class=\"spectra-image-gallery__media-thumbnail spectra-image-gallery__media-thumbnail--grid\" src=\"https:\/\/mairie-montataire.fr\/app\/uploads\/2025\/12\/2022-04-14-Ville-Amie-des-Enfants-Unicef-20-300x200.jpg\" alt=\"Unterzeichnung der Auszeichnung &quot;Kinderfreundliche Stadt&quot; mit dem stellvertretenden B\u00fcrgermeister Herrn Rivi\u00e8re, dem B\u00fcrgermeister Herrn Bosino, dem Vertreter von UNICEF Herrn Douez und Kindern aus dem Freizeitzentrum.\" loading=\"lazy\" \/>\n\t\t\t\t<\/picture>\n\t\t\t\t<div class=\"spectra-image-gallery__media-thumbnail-blurrer\"><\/div>\n\t\t\t\t\t\t\t\t\t\t\t<div class=\"spectra-image-gallery__media-thumbnail-caption-wrapper spectra-image-gallery__media-thumbnail-caption-wrapper--overlay\"><\/div>\n\t\t\t\t\t\t\t\t<\/div>\n\t\t\t\t\t\t<\/div>\n\t\t\t\t\t\t\t\t\t\t<\/div>\n\t\t\t\t\t\t\t\t\t\t\t\t\t\t\t\t\t\t<\/div>\n\t\t\t\t\t\t\t\t\t\t\t<div class='spectra-image-gallery__control-lightbox' tabindex='0'>\n\t\t\t\t\t\t\t\t\t\t\t<div class=\"swiper spectra-image-gallery__control-lightbox--main\" dir=\"\">\n\t\t\t\t\t<div class=\"swiper-wrapper\">\n\t\t\t\t\t\t\t\t\t\t\t\t\t\n\t\t\t\t\t\t\t<div class=\"swiper-slide\">\n\t\t\t\t\t\t\t\t<img class=\"swiper-lazy\" data-src=\"https:\/\/mairie-montataire.fr\/app\/uploads\/2025\/12\/2022-04-17-Ville-Amie-des-Enfants-Unicef-44-scaled.jpg\" alt=\"Farbige Tafeln einer Ausstellung \u00fcber Kinderrechte von UNICEF im ALSH\"\/>\n\t\t\t\t\t\t\t\t<div class=\"swiper-lazy-preloader swiper-lazy-preloader-white\"><\/div>\n\t\t\t\t\t\t\t\t\t\t\t\t\t\t\t<\/div>\n\t\t\t\t\t\t\t\t\t\t\t\t\t\n\t\t\t\t\t\t\t<div class=\"swiper-slide\">\n\t\t\t\t\t\t\t\t<img class=\"swiper-lazy\" data-src=\"https:\/\/mairie-montataire.fr\/app\/uploads\/2025\/12\/2022-04-14-Ville-Amie-des-Enfants-Unicef-39-scaled.jpg\" alt=\"Rede des B\u00fcrgermeisters von Montataire und von Herrn Marc Douez, Vertreter von UNICEF, auf einer B\u00fchne vor den Kindern und Eltern der Stadt Montataire\"\/>\n\t\t\t\t\t\t\t\t<div class=\"swiper-lazy-preloader swiper-lazy-preloader-white\"><\/div>\n\t\t\t\t\t\t\t\t\t\t\t\t\t\t\t<\/div>\n\t\t\t\t\t\t\t\t\t\t\t\t\t\n\t\t\t\t\t\t\t<div class=\"swiper-slide\">\n\t\t\t\t\t\t\t\t<img class=\"swiper-lazy\" data-src=\"https:\/\/mairie-montataire.fr\/app\/uploads\/2025\/12\/2022-04-14-Ville-Amie-des-Enfants-Unicef-14-scaled.jpg\" alt=\"Zwei Kinder sitzen mit dem R\u00fccken zur Kamera und einem T-Shirt mit der Aufschrift \u201e#myUNICEF\u201d und h\u00f6ren der Rede des B\u00fcrgermeisters zu.\"\/>\n\t\t\t\t\t\t\t\t<div class=\"swiper-lazy-preloader swiper-lazy-preloader-white\"><\/div>\n\t\t\t\t\t\t\t\t\t\t\t\t\t\t\t<\/div>\n\t\t\t\t\t\t\t\t\t\t\t\t\t\n\t\t\t\t\t\t\t<div class=\"swiper-slide\">\n\t\t\t\t\t\t\t\t<img class=\"swiper-lazy\" data-src=\"https:\/\/mairie-montataire.fr\/app\/uploads\/2025\/12\/2022-04-14-Ville-Amie-des-Enfants-Unicef-23-scaled.jpg\" alt=\"Unterzeichnung der Auszeichnung &quot;Kinderfreundliche Stadt&quot; mit dem stellvertretenden B\u00fcrgermeister Herrn Rivi\u00e8re, dem B\u00fcrgermeister Herrn Bosino, dem Vertreter von UNICEF Herrn Douez und Kindern aus dem Freizeitzentrum.\"\/>\n\t\t\t\t\t\t\t\t<div class=\"swiper-lazy-preloader swiper-lazy-preloader-white\"><\/div>\n\t\t\t\t\t\t\t\t\t\t\t\t\t\t\t<\/div>\n\t\t\t\t\t\t\t\t\t\t\t\t\t\n\t\t\t\t\t\t\t<div class=\"swiper-slide\">\n\t\t\t\t\t\t\t\t<img class=\"swiper-lazy\" data-src=\"https:\/\/mairie-montataire.fr\/app\/uploads\/2025\/12\/2022-04-14-Ville-Amie-des-Enfants-Unicef-20-scaled.jpg\" alt=\"Unterzeichnung der Auszeichnung &quot;Kinderfreundliche Stadt&quot; mit dem stellvertretenden B\u00fcrgermeister Herrn Rivi\u00e8re, dem B\u00fcrgermeister Herrn Bosino, dem Vertreter von UNICEF Herrn Douez und Kindern aus dem Freizeitzentrum.\"\/>\n\t\t\t\t\t\t\t\t<div class=\"swiper-lazy-preloader swiper-lazy-preloader-white\"><\/div>\n\t\t\t\t\t\t\t\t\t\t\t\t\t\t\t<\/div>\n\t\t\t\t\t\t\t\t\t\t\t<\/div>\n\t\t\t\t\t<div class=\"swiper-button-next\"><\/div>\n\t\t\t\t\t<div class=\"swiper-button-prev\"><\/div>\n\t\t\t\t<\/div>\t\t\t\n\t\t\t\t\t\t\t\t\t\t\t\t\t\t\t\t\t\t\t\t\t\t\t\t\t\t\t\t\t\t\t\t<button class='spectra-image-gallery__control-lightbox--close' aria-label=\"Close\">\n\t\t\t\t\t\t\t\t\t\t\t\t\t<svg xmlns=\"https:\/\/www.w3.org\/2000\/svg\" viewbox= \"0 0 320 512\"><path d=\"M310.6 361.4c12.5 12.5 12.5 32.75 0 45.25C304.4 412.9 296.2 416 288 416s-16.38-3.125-22.62-9.375L160 301.3L54.63 406.6C48.38 412.9 40.19 416 32 416S15.63 412.9 9.375 406.6c-12.5-12.5-12.5-32.75 0-45.25l105.4-105.4L9.375 150.6c-12.5-12.5-12.5-32.75 0-45.25s32.75-12.5 45.25 0L160 210.8l105.4-105.4c12.5-12.5 32.75-12.5 45.25 0s12.5 32.75 0 45.25l-105.4 105.4L310.6 361.4z\"><\/path><\/svg>\n\t\t\t\t\t\t\t\t\t\t\t\t<\/button>\n\t\t\t\t\t\t\t\t\t\t\t\t\t<\/div>","protected":false},"excerpt":{"rendered":"<p>En 2022, la ville de Montataire est titr\u00e9e Ville amie des enfants aupr\u00e8s de l\u2019UNICEF et fait partie des 300 communes en France \u00e0 \u00eatre reconnues. Elle s&rsquo;implique pour le mandat 2020-2026 de l\u2019organisme sur 5 axes : le bien-\u00eatre des enfants, la lutte contre les discriminations, l&rsquo;\u00e9ducation, la participation des enfants et des jeunes, [&hellip;]<\/p>\n","protected":false},"author":1,"featured_media":0,"parent":0,"menu_order":5,"comment_status":"closed","ping_status":"closed","template":"","meta":{"_acf_changed":false,"_uag_custom_page_level_css":"","footnotes":""},"class_list":["post-1340","page","type-page","status-publish","hentry"],"acf":[],"uagb_featured_image_src":{"full":false,"thumbnail":false,"medium":false,"medium_large":false,"large":false,"1536x1536":false,"2048x2048":false,"trp-custom-language-flag":false,"gform-image-choice-sm":false,"gform-image-choice-md":false,"gform-image-choice-lg":false},"uagb_author_info":{"display_name":"mentalworks","author_link":"https:\/\/mairie-montataire.fr\/de\/actualites\/author\/mentalworks\/"},"uagb_comment_info":0,"uagb_excerpt":"En 2022, la ville de Montataire est titr\u00e9e Ville amie des enfants aupr\u00e8s de l\u2019UNICEF et fait partie des 300 communes en France \u00e0 \u00eatre reconnues. Elle s&rsquo;implique pour le mandat 2020-2026 de l\u2019organisme sur 5 axes : le bien-\u00eatre des enfants, la lutte contre les discriminations, l&rsquo;\u00e9ducation, la participation des enfants et des jeunes,&hellip;","_links":{"self":[{"href":"https:\/\/mairie-montataire.fr\/de\/wp-json\/wp\/v2\/pages\/1340","targetHints":{"allow":["GET"]}}],"collection":[{"href":"https:\/\/mairie-montataire.fr\/de\/wp-json\/wp\/v2\/pages"}],"about":[{"href":"https:\/\/mairie-montataire.fr\/de\/wp-json\/wp\/v2\/types\/page"}],"author":[{"embeddable":true,"href":"https:\/\/mairie-montataire.fr\/de\/wp-json\/wp\/v2\/users\/1"}],"replies":[{"embeddable":true,"href":"https:\/\/mairie-montataire.fr\/de\/wp-json\/wp\/v2\/comments?post=1340"}],"version-history":[{"count":22,"href":"https:\/\/mairie-montataire.fr\/de\/wp-json\/wp\/v2\/pages\/1340\/revisions"}],"predecessor-version":[{"id":7289,"href":"https:\/\/mairie-montataire.fr\/de\/wp-json\/wp\/v2\/pages\/1340\/revisions\/7289"}],"wp:attachment":[{"href":"https:\/\/mairie-montataire.fr\/de\/wp-json\/wp\/v2\/media?parent=1340"}],"curies":[{"name":"wp","href":"https:\/\/api.w.org\/{rel}","templated":true}]}}