{"id":130,"date":"2024-05-03T09:25:07","date_gmt":"2024-05-03T09:25:07","guid":{"rendered":"https:\/\/montataire.local\/?page_id=130"},"modified":"2026-04-23T08:44:43","modified_gmt":"2026-04-23T08:44:43","slug":"schulrestaurants","status":"publish","type":"page","link":"https:\/\/mairie-montataire.fr\/de\/habiter\/enfance\/restaurants-scolaires\/","title":{"rendered":"Schulrestaurants"},"content":{"rendered":"<p><strong>Die Stadt Montataire verf\u00fcgt \u00fcber eine Zentralk\u00fcche, die durchschnittlich 1050 Mahlzeiten pro Tag f\u00fcr die zehn Schulrestaurants herstellt.&nbsp;<\/strong><\/p>\n\n\n\n<h2 class=\"wp-block-heading\">Die Men\u00fcs&nbsp;<\/h2>\n\n\n\n<p>Die Stadtverwaltung diversifiziert die Speisepl\u00e4ne der Schulrestaurants, indem sie biologischen und fleischlosen Produkten den Vorzug gibt. Jede Woche essen die Sch\u00fcler der Grundschulen Bio-Lebensmittel und alle zwei Wochen werden Alternativen zu Fleisch angeboten.&nbsp;<\/p>\n\n\n<div class=\"highlight\">\n                <div class=\"highlight__description\"><p style=\"text-align: center;\"><strong>Ziel ist es, eine gesunde und abwechslungsreiche Ern\u00e4hrung anzubieten und gleichzeitig die Kinder f\u00fcr den \u00f6kologischen Landbau zu sensibilisieren, indem die Umwelt geschont wird.<\/strong><\/p>\n<\/div>\n    <\/div>\n\n\t\t\t\t\t<div\n\t\t\t\t\t\tclass=\"wp-block-uagb-image-gallery uagb-block-c433515f\"\n\t\t\t\t\t\tstyle=\"\"\n\t\t\t\t\t>\n\t\t\t\t\t\t\t\t\t\t\t<div class=\"spectra-image-gallery spectra-image-gallery__layout--carousel\">\n\t\t\t\t\t\t\t\t<div class=\"uagb-slick-carousel uagb-block-c433515f\">\n\t\t\t\t\t\t\t\t\t\t\t\t<div class='spectra-image-gallery__media-wrapper' data-spectra-gallery-image-id='7793'>\n\t\t\t\t\t\t\t<div class=\"spectra-image-gallery__media spectra-image-gallery__media--carousel\">\n\t\t\t\t<picture>\n\t\t\t\t\t<source media=\"(min-width: 1024px)\" srcset=\"https:\/\/mairie-montataire.fr\/app\/uploads\/2026\/04\/17-Menus-alsh-tableau-allergenes-du-20-au-24-avril-2026-scaled.png\">\n\t\t\t\t\t<source media=\"(min-width: 768px)\" srcset=\"https:\/\/mairie-montataire.fr\/app\/uploads\/2026\/04\/17-Menus-alsh-tableau-allergenes-du-20-au-24-avril-2026-1024x724.png\">\n\t\t\t\t\t<img decoding=\"async\" class=\"spectra-image-gallery__media-thumbnail spectra-image-gallery__media-thumbnail--carousel\" src=\"https:\/\/mairie-montataire.fr\/app\/uploads\/2026\/04\/17-Menus-alsh-tableau-allergenes-du-20-au-24-avril-2026-300x212.png\" alt=\"\" loading=\"lazy\" \/>\n\t\t\t\t<\/picture>\n\t\t\t\t<div class=\"spectra-image-gallery__media-thumbnail-blurrer\"><\/div>\n\t\t\t\t\t\t\t\t\t\t\t<div class=\"spectra-image-gallery__media-thumbnail-caption-wrapper spectra-image-gallery__media-thumbnail-caption-wrapper--overlay\"><\/div>\n\t\t\t\t\t\t\t\t<\/div>\n\t\t\t\t\t\t<\/div>\n\t\t\t\t\t\t<div class='spectra-image-gallery__media-wrapper' data-spectra-gallery-image-id='7826'>\n\t\t\t\t\t\t\t<div class=\"spectra-image-gallery__media spectra-image-gallery__media--carousel\">\n\t\t\t\t<picture>\n\t\t\t\t\t<source media=\"(min-width: 1024px)\" srcset=\"https:\/\/mairie-montataire.fr\/app\/uploads\/2026\/04\/18-Menus-sco-tableau-allergenes-du-27-avril-au-1-mai-2026-scaled.png\">\n\t\t\t\t\t<source media=\"(min-width: 768px)\" srcset=\"https:\/\/mairie-montataire.fr\/app\/uploads\/2026\/04\/18-Menus-sco-tableau-allergenes-du-27-avril-au-1-mai-2026-1024x724.png\">\n\t\t\t\t\t<img decoding=\"async\" class=\"spectra-image-gallery__media-thumbnail spectra-image-gallery__media-thumbnail--carousel\" src=\"https:\/\/mairie-montataire.fr\/app\/uploads\/2026\/04\/18-Menus-sco-tableau-allergenes-du-27-avril-au-1-mai-2026-300x212.png\" alt=\"\" loading=\"lazy\" \/>\n\t\t\t\t<\/picture>\n\t\t\t\t<div class=\"spectra-image-gallery__media-thumbnail-blurrer\"><\/div>\n\t\t\t\t\t\t\t\t\t\t\t<div class=\"spectra-image-gallery__media-thumbnail-caption-wrapper spectra-image-gallery__media-thumbnail-caption-wrapper--overlay\"><\/div>\n\t\t\t\t\t\t\t\t<\/div>\n\t\t\t\t\t\t<\/div>\n\t\t\t\t\t\t<div class='spectra-image-gallery__media-wrapper' data-spectra-gallery-image-id='7841'>\n\t\t\t\t\t\t\t<div class=\"spectra-image-gallery__media spectra-image-gallery__media--carousel\">\n\t\t\t\t<picture>\n\t\t\t\t\t<source media=\"(min-width: 1024px)\" srcset=\"https:\/\/mairie-montataire.fr\/app\/uploads\/2026\/04\/19-Menus-sco-tableau-allergenes-du-4-au-8-mai-2026-scaled.png\">\n\t\t\t\t\t<source media=\"(min-width: 768px)\" srcset=\"https:\/\/mairie-montataire.fr\/app\/uploads\/2026\/04\/19-Menus-sco-tableau-allergenes-du-4-au-8-mai-2026-1024x724.png\">\n\t\t\t\t\t<img decoding=\"async\" class=\"spectra-image-gallery__media-thumbnail spectra-image-gallery__media-thumbnail--carousel\" src=\"https:\/\/mairie-montataire.fr\/app\/uploads\/2026\/04\/19-Menus-sco-tableau-allergenes-du-4-au-8-mai-2026-300x212.png\" alt=\"\" loading=\"lazy\" \/>\n\t\t\t\t<\/picture>\n\t\t\t\t<div class=\"spectra-image-gallery__media-thumbnail-blurrer\"><\/div>\n\t\t\t\t\t\t\t\t\t\t\t<div class=\"spectra-image-gallery__media-thumbnail-caption-wrapper spectra-image-gallery__media-thumbnail-caption-wrapper--overlay\"><\/div>\n\t\t\t\t\t\t\t\t<\/div>\n\t\t\t\t\t\t<\/div>\n\t\t\t\t\t\t\t\t\t\t\t<\/div>\n\t\t\t\t\t\t\t<\/div>\n\t\t\t\t\t\t\t\t\t\t\t<\/div>\n\t\t\t\t\t\t\t\t\t\t\t<div class='spectra-image-gallery__control-lightbox' tabindex='0'>\n\t\t\t\t\t\t\t\t\t\t\t<div class=\"swiper spectra-image-gallery__control-lightbox--main\" dir=\"\">\n\t\t\t\t\t<div class=\"swiper-wrapper\">\n\t\t\t\t\t\t\t\t\t\t\t\t\t\n\t\t\t\t\t\t\t<div class=\"swiper-slide\">\n\t\t\t\t\t\t\t\t<img class=\"swiper-lazy\" data-src=\"https:\/\/mairie-montataire.fr\/app\/uploads\/2026\/04\/17-Menus-alsh-tableau-allergenes-du-20-au-24-avril-2026-scaled.png\" alt=\"\"\/>\n\t\t\t\t\t\t\t\t<div class=\"swiper-lazy-preloader swiper-lazy-preloader-white\"><\/div>\n\t\t\t\t\t\t\t\t\t\t\t\t\t\t\t<\/div>\n\t\t\t\t\t\t\t\t\t\t\t\t\t\n\t\t\t\t\t\t\t<div class=\"swiper-slide\">\n\t\t\t\t\t\t\t\t<img class=\"swiper-lazy\" data-src=\"https:\/\/mairie-montataire.fr\/app\/uploads\/2026\/04\/18-Menus-sco-tableau-allergenes-du-27-avril-au-1-mai-2026-scaled.png\" alt=\"\"\/>\n\t\t\t\t\t\t\t\t<div class=\"swiper-lazy-preloader swiper-lazy-preloader-white\"><\/div>\n\t\t\t\t\t\t\t\t\t\t\t\t\t\t\t<\/div>\n\t\t\t\t\t\t\t\t\t\t\t\t\t\n\t\t\t\t\t\t\t<div class=\"swiper-slide\">\n\t\t\t\t\t\t\t\t<img class=\"swiper-lazy\" data-src=\"https:\/\/mairie-montataire.fr\/app\/uploads\/2026\/04\/19-Menus-sco-tableau-allergenes-du-4-au-8-mai-2026-scaled.png\" alt=\"\"\/>\n\t\t\t\t\t\t\t\t<div class=\"swiper-lazy-preloader swiper-lazy-preloader-white\"><\/div>\n\t\t\t\t\t\t\t\t\t\t\t\t\t\t\t<\/div>\n\t\t\t\t\t\t\t\t\t\t\t<\/div>\n\t\t\t\t\t<div class=\"swiper-button-next\"><\/div>\n\t\t\t\t\t<div class=\"swiper-button-prev\"><\/div>\n\t\t\t\t<\/div>\t\t\t\n\t\t\t\t\t\t\t\t\t\t\t\t\t\t\t\t\t\t\t\t\t\t\t\t\t\t\t\t\t\t\t\t<button class='spectra-image-gallery__control-lightbox--close' aria-label=\"Close\">\n\t\t\t\t\t\t\t\t\t\t\t\t\t<svg xmlns=\"https:\/\/www.w3.org\/2000\/svg\" viewbox= \"0 0 320 512\"><path d=\"M310.6 361.4c12.5 12.5 12.5 32.75 0 45.25C304.4 412.9 296.2 416 288 416s-16.38-3.125-22.62-9.375L160 301.3L54.63 406.6C48.38 412.9 40.19 416 32 416S15.63 412.9 9.375 406.6c-12.5-12.5-12.5-32.75 0-45.25l105.4-105.4L9.375 150.6c-12.5-12.5-12.5-32.75 0-45.25s32.75-12.5 45.25 0L160 210.8l105.4-105.4c12.5-12.5 32.75-12.5 45.25 0s12.5 32.75 0 45.25l-105.4 105.4L310.6 361.4z\"><\/path><\/svg>\n\t\t\t\t\t\t\t\t\t\t\t\t<\/button>\n\t\t\t\t\t\t\t\t\t\t\t\t\t<\/div>\n\t\t\t\t\t\t\t\t\t\n\n\n<h2 class=\"wp-block-heading\">Die Tarife<\/h2>\n\n\n\n<p>Der Preis f\u00fcr eine Mahlzeit variiert zwischen <strong>1,14 \u20ac und 6,30 \u20ac<\/strong> pro Mahlzeit, abh\u00e4ngig von der Steuer- oder Nichtsteuerveranlagung der Familien. Diese Preisdifferenzierung erm\u00f6glicht es, die Kosten f\u00fcr eine Mahlzeit an die finanziellen Mittel jedes Haushalts anzupassen, wodurch sichergestellt wird, dass alle Sch\u00fcler Zugang zu einer gesunden und ausgewogenen Ern\u00e4hrung haben.<\/p>\n\n\n\n<h2 class=\"wp-block-heading\"> Wie melde ich mich an?&nbsp;<\/h2>\n\n\n\n<p>Die Anmeldung und Buchung erfolgt \u00fcber die<a href=\"https:\/\/www.espace-citoyens.net\/montataire\/espace-citoyens\/Home\/AccueilPublic\" target=\"_blank\" rel=\"noreferrer noopener\">B\u00fcrgerbereich<\/a>.<\/p>","protected":false},"excerpt":{"rendered":"<p>La ville de Montataire dispose d&rsquo;une cuisine centrale qui confectionne en moyenne 1 050 repas par jour pour les dix restaurants scolaires.&nbsp; Les menus&nbsp; La municipalit\u00e9 diversifie les menus des restaurants scolaires en privil\u00e9giant les produits bios et non carn\u00e9s. Chaque semaine, les \u00e9l\u00e8ves des \u00e9coles primaires consomment des aliments bios et des alternatives \u00e0 [&hellip;]<\/p>\n","protected":false},"author":1,"featured_media":1603,"parent":112,"menu_order":15,"comment_status":"closed","ping_status":"closed","template":"","meta":{"_acf_changed":false,"_uag_custom_page_level_css":"","footnotes":""},"class_list":["post-130","page","type-page","status-publish","has-post-thumbnail","hentry"],"acf":[],"uagb_featured_image_src":{"full":["https:\/\/mairie-montataire.fr\/app\/uploads\/2024\/07\/1.2.2_bis_2022-07-28-Une-Dossier-Vivre-Restauration-Cantine-Scolaire-15.jpg",500,350,false],"thumbnail":["https:\/\/mairie-montataire.fr\/app\/uploads\/2024\/07\/1.2.2_bis_2022-07-28-Une-Dossier-Vivre-Restauration-Cantine-Scolaire-15-150x150.jpg",150,150,true],"medium":["https:\/\/mairie-montataire.fr\/app\/uploads\/2024\/07\/1.2.2_bis_2022-07-28-Une-Dossier-Vivre-Restauration-Cantine-Scolaire-15-300x210.jpg",300,210,true],"medium_large":["https:\/\/mairie-montataire.fr\/app\/uploads\/2024\/07\/1.2.2_bis_2022-07-28-Une-Dossier-Vivre-Restauration-Cantine-Scolaire-15.jpg",500,350,false],"large":["https:\/\/mairie-montataire.fr\/app\/uploads\/2024\/07\/1.2.2_bis_2022-07-28-Une-Dossier-Vivre-Restauration-Cantine-Scolaire-15.jpg",500,350,false],"1536x1536":["https:\/\/mairie-montataire.fr\/app\/uploads\/2024\/07\/1.2.2_bis_2022-07-28-Une-Dossier-Vivre-Restauration-Cantine-Scolaire-15.jpg",500,350,false],"2048x2048":["https:\/\/mairie-montataire.fr\/app\/uploads\/2024\/07\/1.2.2_bis_2022-07-28-Une-Dossier-Vivre-Restauration-Cantine-Scolaire-15.jpg",500,350,false],"trp-custom-language-flag":["https:\/\/mairie-montataire.fr\/app\/uploads\/2024\/07\/1.2.2_bis_2022-07-28-Une-Dossier-Vivre-Restauration-Cantine-Scolaire-15.jpg",18,12,false],"gform-image-choice-sm":["https:\/\/mairie-montataire.fr\/app\/uploads\/2024\/07\/1.2.2_bis_2022-07-28-Une-Dossier-Vivre-Restauration-Cantine-Scolaire-15.jpg",300,210,false],"gform-image-choice-md":["https:\/\/mairie-montataire.fr\/app\/uploads\/2024\/07\/1.2.2_bis_2022-07-28-Une-Dossier-Vivre-Restauration-Cantine-Scolaire-15.jpg",400,280,false],"gform-image-choice-lg":["https:\/\/mairie-montataire.fr\/app\/uploads\/2024\/07\/1.2.2_bis_2022-07-28-Une-Dossier-Vivre-Restauration-Cantine-Scolaire-15.jpg",500,350,false]},"uagb_author_info":{"display_name":"mentalworks","author_link":"https:\/\/mairie-montataire.fr\/de\/actualites\/author\/mentalworks\/"},"uagb_comment_info":0,"uagb_excerpt":"La ville de Montataire dispose d&rsquo;une cuisine centrale qui confectionne en moyenne 1 050 repas par jour pour les dix restaurants scolaires.&nbsp; Les menus&nbsp; La municipalit\u00e9 diversifie les menus des restaurants scolaires en privil\u00e9giant les produits bios et non carn\u00e9s. Chaque semaine, les \u00e9l\u00e8ves des \u00e9coles primaires consomment des aliments bios et des alternatives \u00e0&hellip;","_links":{"self":[{"href":"https:\/\/mairie-montataire.fr\/de\/wp-json\/wp\/v2\/pages\/130","targetHints":{"allow":["GET"]}}],"collection":[{"href":"https:\/\/mairie-montataire.fr\/de\/wp-json\/wp\/v2\/pages"}],"about":[{"href":"https:\/\/mairie-montataire.fr\/de\/wp-json\/wp\/v2\/types\/page"}],"author":[{"embeddable":true,"href":"https:\/\/mairie-montataire.fr\/de\/wp-json\/wp\/v2\/users\/1"}],"replies":[{"embeddable":true,"href":"https:\/\/mairie-montataire.fr\/de\/wp-json\/wp\/v2\/comments?post=130"}],"version-history":[{"count":73,"href":"https:\/\/mairie-montataire.fr\/de\/wp-json\/wp\/v2\/pages\/130\/revisions"}],"predecessor-version":[{"id":7843,"href":"https:\/\/mairie-montataire.fr\/de\/wp-json\/wp\/v2\/pages\/130\/revisions\/7843"}],"up":[{"embeddable":true,"href":"https:\/\/mairie-montataire.fr\/de\/wp-json\/wp\/v2\/pages\/112"}],"wp:featuredmedia":[{"embeddable":true,"href":"https:\/\/mairie-montataire.fr\/de\/wp-json\/wp\/v2\/media\/1603"}],"wp:attachment":[{"href":"https:\/\/mairie-montataire.fr\/de\/wp-json\/wp\/v2\/media?parent=130"}],"curies":[{"name":"wp","href":"https:\/\/api.w.org\/{rel}","templated":true}]}}