{"id":124,"date":"2024-05-03T09:24:10","date_gmt":"2024-05-03T09:24:10","guid":{"rendered":"https:\/\/montataire.local\/?page_id=124"},"modified":"2025-10-29T14:02:28","modified_gmt":"2025-10-29T14:02:28","slug":"kinderkrippe-mit-mehreren-kindern","status":"publish","type":"page","link":"https:\/\/mairie-montataire.fr\/de\/habiter\/petite-enfance\/creche-multi-accueil\/","title":{"rendered":"Kinderkrippe &amp; Multi-Asyl"},"content":{"rendered":"<p><strong>Die Kindertagesst\u00e4tte \"Le Jardin Enchant\u00e9\" und die Kinderkrippe \"Louise Michel\" betreuen Kinder im Alter von vier Monaten bis zum Schuleintritt unter optimalen Bedingungen, dank qualifiziertem Personal und geeigneten R\u00e4umlichkeiten. Diese Betreuungsangebote sind f\u00fcr alle zug\u00e4nglich, wobei den Einwohnern von Montataire Vorrang einger\u00e4umt wird.<\/strong><\/p>\n\n\n\n<h2 class=\"wp-block-heading\">Accounts nach Wahl<\/h2>\n\n\n\n<p>Die Kinderkrippe und die Multi-Accessoire bieten zwei Arten der Betreuung an:<\/p>\n\n\n\n<ul style=\"padding-right:var(--wp--preset--spacing--70);padding-left:var(--wp--preset--spacing--70)\" class=\"wp-block-list\">\n<li style=\"font-style:normal;font-weight:400\">Eine regelm\u00e4\u00dfige Betreuung f\u00fcr Familien, die arbeiten oder sich in der Ausbildung befinden,<\/li>\n\n\n\n<li style=\"font-style:normal;font-weight:400\">Eine gelegentliche Betreuung f\u00fcr Familien auf Arbeitssuche, Familien, die an der Trennung arbeiten und die Sozialisierung f\u00f6rdern m\u00f6chten.<\/li>\n<\/ul>\n\n\n\n<h2 class=\"wp-block-heading\">\u00d6ffnungszeiten der Einrichtungen<\/h2>\n\n\n\n<figure class=\"wp-block-table\"><table><thead><tr><th><\/th><th>Kindertagesst\u00e4tte<\/th><th>Multi-Kindertagesst\u00e4tte<\/th><\/tr><\/thead><tbody><tr><td>\u00d6ffnungszeiten<\/td><td>7h-19h<br>Montag bis Freitag, au\u00dfer an Feiertagen<\/td><td>8h-18h<br>Montag bis Freitag, au\u00dfer an Feiertagen<\/td><\/tr><tr><td>Aufnahmekapazit\u00e4t<\/td><td>48 pro Tag<br>(44 Pl\u00e4tze in der regul\u00e4ren Betreuung und 4 Pl\u00e4tze in der Gelegenheitsbetreuung).<\/td><td>22 pro Tag<br>(15 Pl\u00e4tze f\u00fcr regelm\u00e4\u00dfige Betreuung und 7 Pl\u00e4tze f\u00fcr gelegentliche Betreuung. <br>M\u00f6glichkeit eines durchgehenden Tages und zweier halber Tage je nach Verf\u00fcgbarkeit von Pl\u00e4tzen).<\/td><\/tr><tr><td>Verwaltung <br>der Gruppe<\/td><td colspan=\"2\">Altersgemischte Betreuung<\/td><\/tr><tr><td>Art der Aufnahme<\/td><td colspan=\"2\">Die regelm\u00e4\u00dfige Betreuung ist im Gegensatz zur gelegentlichen Betreuung Familien vorbehalten, in denen beide Elternteile erwerbst\u00e4tig sind (Besch\u00e4ftigung oder Ausbildung).<br><br><strong>Ein Vertrag zwischen der Stadtverwaltung und den Familien ist in beiden F\u00e4llen obligatorisch.<\/strong><\/td><\/tr><\/tbody><\/table><\/figure>\n\n\n\n<h2 class=\"wp-block-heading\">Die Tarife<\/h2>\n\n\n\n<p><strong>Der Stundensatz f\u00fcr die Kinderbetreuung liegt zwischen 0,44 \u20ac und 3,71 \u20ac pro Stunde und Kind f\u00fcr eine Familie mit einem Kind. Dieser Betrag wird anhand des Einkommens der Familie zwei Jahre zuvor und ihrer Zusammensetzung festgelegt.<\/strong><\/p>\n\n\n\n<p>Dieser Ansatz zielt darauf ab, die Kosten an die finanziellen Ressourcen der Familien anzupassen und so einen fairen Zugang zu diesen grundlegenden Kinderbetreuungsdiensten zu gew\u00e4hrleisten. Dank dieser Preismodulation k\u00f6nnen Familien eine auf ihre Bed\u00fcrfnisse zugeschnittene Betreuung in Anspruch nehmen, wobei ihre spezifische finanzielle Situation ber\u00fccksichtigt wird.<\/p>\n\n\n\n<h2 class=\"wp-block-heading\">Wie melde ich mich an?&nbsp;<\/h2>\n\n\n\n<p><a href=\"https:\/\/mairie-montataire.fr\/de\/online-antrage\/empfang-von-krippen-und-kindergartnerinnen\/\">Sie m\u00fcssen einen Termin mit der Betreuerin des RPE vereinbaren.<\/a> Sie wird Sie \u00fcber das Verfahren und die m\u00f6gliche Voranmeldung begleiten.&nbsp;<\/p>\n\n\n\n<h2 class=\"wp-block-heading\">Das Plus!&nbsp;<\/h2>\n\n\n\n<p>Die Kinder, die die st\u00e4dtischen Einrichtungen f\u00fcr Kleinkinder besuchen, profitieren von einer individuellen und kollektiven Betreuung:<\/p>\n\n\n\n<ul style=\"padding-top:0;padding-right:var(--wp--preset--spacing--70);padding-bottom:0;padding-left:var(--wp--preset--spacing--70)\" class=\"wp-block-list\">\n<li style=\"padding-right:0;padding-left:0;font-style:normal;font-weight:400\">Autonomie<\/li>\n\n\n\n<li style=\"font-style:normal;font-weight:400\">Sozialisation<\/li>\n\n\n\n<li style=\"font-style:normal;font-weight:400\">Achtung der psychoaffektiven Entwicklung<\/li>\n<\/ul>\n\n\n\n<p><br>Dank eines multidisziplin\u00e4ren Teams werden auch Pr\u00e4ventionsma\u00dfnahmen durchgef\u00fchrt:<\/p>\n\n\n\n<ul style=\"padding-right:var(--wp--preset--spacing--70);padding-left:var(--wp--preset--spacing--70)\" class=\"wp-block-list\">\n<li style=\"font-style:normal;font-weight:400\">Psychologin,\u00a0<\/li>\n\n\n\n<li style=\"font-style:normal;font-weight:400\">Kinderkrankenschwester<\/li>\n\n\n\n<li style=\"font-style:normal;font-weight:400\">Gesundheitsreferentin Empfang und Inklusion<\/li>\n\n\n\n<li style=\"font-style:normal;font-weight:400\">Erzieherinnen f\u00fcr Kleinkinder<\/li>\n\n\n\n<li style=\"font-style:normal;font-weight:400\">Hilfskr\u00e4fte in der Kinderbetreuung&nbsp;&nbsp;<\/li>\n<\/ul>\n\n\n\n<p><br>Einige Pluspunkte, die ebenfalls hervorzuheben sind:&nbsp;<\/p>\n\n\n\n<ul style=\"padding-right:var(--wp--preset--spacing--70);padding-left:var(--wp--preset--spacing--70)\" class=\"wp-block-list\">\n<li style=\"font-style:normal;font-weight:400\">Ein Musiker tritt einmal pro Woche auf, um das Bewusstsein f\u00fcr die musikalische Fr\u00fcherziehung zu sch\u00e4rfen.<\/li>\n\n\n\n<li style=\"font-style:normal;font-weight:400\">Eine generationen\u00fcbergreifende Partnerschaft mit der Autonomen Residenz Maurice Mignon und der Kinderkrippe.<\/li>\n<\/ul>\n\n\n<div class=\"highlight\">\n                <div class=\"highlight__description\"><p style=\"text-align: center;\"><strong>Alle Kinder, die die Kinderkrippe, den Kinderhort und das RPE besuchen<br \/>\nkommen das ganze Jahr \u00fcber bei herausragenden Ereignissen zusammen,<br \/>\nwie z. B. die Jahresabschlussfeier und der Karneval der Kleinkinderbetreuung.<\/strong><\/p>\n<\/div>\n    <\/div>\n\n\t\t\t\t\t<div\n\t\t\t\t\t\tclass=\"wp-block-uagb-image-gallery uagb-block-a3ca9379\"\n\t\t\t\t\t\tstyle=\"\"\n\t\t\t\t\t>\n\t\t\t\t\t\t\t\t\t\t\t<div class=\"spectra-image-gallery spectra-image-gallery__layout--grid spectra-image-gallery__layout--grid-col-3 spectra-image-gallery__layout--grid-col-tab-3 spectra-image-gallery__layout--grid-col-mob-3\">\n\t\t\t\t\t\t\t\t\t\t\t<div class='spectra-image-gallery__media-wrapper' data-spectra-gallery-image-id='1961' tabindex=\"0\">\n\t\t\t\t\t\t\t<div class=\"spectra-image-gallery__media spectra-image-gallery__media--grid\">\n\t\t\t\t<picture>\n\t\t\t\t\t<source media=\"(min-width: 1024px)\" srcset=\"https:\/\/mairie-montataire.fr\/app\/uploads\/2024\/07\/2024-05-29-50-ans-creche-40-1024x683.jpg\">\n\t\t\t\t\t<source media=\"(min-width: 768px)\" srcset=\"https:\/\/mairie-montataire.fr\/app\/uploads\/2024\/07\/2024-05-29-50-ans-creche-40-1024x683.jpg\">\n\t\t\t\t\t<img decoding=\"async\" class=\"spectra-image-gallery__media-thumbnail spectra-image-gallery__media-thumbnail--grid\" src=\"https:\/\/mairie-montataire.fr\/app\/uploads\/2024\/07\/2024-05-29-50-ans-creche-40-300x200.jpg\" alt=\"Fest zum 50-j\u00e4hrigen Bestehen der Kindertagesst\u00e4tte Louise Michel\" loading=\"lazy\" \/>\n\t\t\t\t<\/picture>\n\t\t\t\t<div class=\"spectra-image-gallery__media-thumbnail-blurrer\"><\/div>\n\t\t\t\t\t\t\t\t\t\t\t<div class=\"spectra-image-gallery__media-thumbnail-caption-wrapper spectra-image-gallery__media-thumbnail-caption-wrapper--overlay\">\n\t\t\t\t\t\t\t\t\t\t\t<div class=\"spectra-image-gallery__media-thumbnail-caption spectra-image-gallery__media-thumbnail-caption--overlay\">\n\t\t\t\t\tFest zum 50-j\u00e4hrigen Bestehen der Kindertagesst\u00e4tte Louise Michel\t\t\t\t<\/div>\n\t\t\t\t\t\t\t\t\t\t<\/div>\n\t\t\t\t\t\t\t\t\t<\/div>\n\t\t\t\t\t\t<\/div>\n\t\t\t\t\t\t<div class='spectra-image-gallery__media-wrapper' data-spectra-gallery-image-id='1960' tabindex=\"0\">\n\t\t\t\t\t\t\t<div class=\"spectra-image-gallery__media spectra-image-gallery__media--grid\">\n\t\t\t\t<picture>\n\t\t\t\t\t<source media=\"(min-width: 1024px)\" srcset=\"https:\/\/mairie-montataire.fr\/app\/uploads\/2024\/07\/2022-05-25-Carnaval-Petite-Enfance-36-1024x683.jpg\">\n\t\t\t\t\t<source media=\"(min-width: 768px)\" srcset=\"https:\/\/mairie-montataire.fr\/app\/uploads\/2024\/07\/2022-05-25-Carnaval-Petite-Enfance-36-1024x683.jpg\">\n\t\t\t\t\t<img decoding=\"async\" class=\"spectra-image-gallery__media-thumbnail spectra-image-gallery__media-thumbnail--grid\" src=\"https:\/\/mairie-montataire.fr\/app\/uploads\/2024\/07\/2022-05-25-Carnaval-Petite-Enfance-36-300x200.jpg\" alt=\"verkleidete Kinder f\u00fcr den Karneval Kleine Kindheit\" loading=\"lazy\" \/>\n\t\t\t\t<\/picture>\n\t\t\t\t<div class=\"spectra-image-gallery__media-thumbnail-blurrer\"><\/div>\n\t\t\t\t\t\t\t\t\t\t\t<div class=\"spectra-image-gallery__media-thumbnail-caption-wrapper spectra-image-gallery__media-thumbnail-caption-wrapper--overlay\">\n\t\t\t\t\t\t\t\t\t\t\t<div class=\"spectra-image-gallery__media-thumbnail-caption spectra-image-gallery__media-thumbnail-caption--overlay\">\n\t\t\t\t\tKarneval Kleine Kinder im Freizeitzentrum \t\t\t\t<\/div>\n\t\t\t\t\t\t\t\t\t\t<\/div>\n\t\t\t\t\t\t\t\t\t<\/div>\n\t\t\t\t\t\t<\/div>\n\t\t\t\t\t\t<div class='spectra-image-gallery__media-wrapper' data-spectra-gallery-image-id='1958' tabindex=\"0\">\n\t\t\t\t\t\t\t<div class=\"spectra-image-gallery__media spectra-image-gallery__media--grid\">\n\t\t\t\t<picture>\n\t\t\t\t\t<source media=\"(min-width: 1024px)\" srcset=\"https:\/\/mairie-montataire.fr\/app\/uploads\/2024\/07\/2022-05-25-Carnaval-Petite-Enfance-16-1024x683.jpg\">\n\t\t\t\t\t<source media=\"(min-width: 768px)\" srcset=\"https:\/\/mairie-montataire.fr\/app\/uploads\/2024\/07\/2022-05-25-Carnaval-Petite-Enfance-16-1024x683.jpg\">\n\t\t\t\t\t<img decoding=\"async\" class=\"spectra-image-gallery__media-thumbnail spectra-image-gallery__media-thumbnail--grid\" src=\"https:\/\/mairie-montataire.fr\/app\/uploads\/2024\/07\/2022-05-25-Carnaval-Petite-Enfance-16-300x200.jpg\" alt=\"Gruppe von Erwachsenen, die mit Kleinkindern im Reigen tanzen\" loading=\"lazy\" \/>\n\t\t\t\t<\/picture>\n\t\t\t\t<div class=\"spectra-image-gallery__media-thumbnail-blurrer\"><\/div>\n\t\t\t\t\t\t\t\t\t\t\t<div class=\"spectra-image-gallery__media-thumbnail-caption-wrapper spectra-image-gallery__media-thumbnail-caption-wrapper--overlay\">\n\t\t\t\t\t\t\t\t\t\t\t<div class=\"spectra-image-gallery__media-thumbnail-caption spectra-image-gallery__media-thumbnail-caption--overlay\">\n\t\t\t\t\tKarneval Kleine Kinder im Freizeitzentrum \t\t\t\t<\/div>\n\t\t\t\t\t\t\t\t\t\t<\/div>\n\t\t\t\t\t\t\t\t\t<\/div>\n\t\t\t\t\t\t<\/div>\n\t\t\t\t\t\t\t\t\t\t<\/div>\n\t\t\t\t\t\t\t\t\t\t\t\t\t\t\t\t\t\t<\/div>\n\t\t\t\t\t\t\t\t\t\t\t<div class='spectra-image-gallery__control-lightbox' tabindex='0'>\n\t\t\t\t\t\t\t\t\t\t\t<div class=\"swiper spectra-image-gallery__control-lightbox--main\" dir=\"\">\n\t\t\t\t\t<div class=\"swiper-wrapper\">\n\t\t\t\t\t\t\t\t\t\t\t\t\t\n\t\t\t\t\t\t\t<div class=\"swiper-slide\">\n\t\t\t\t\t\t\t\t<img class=\"swiper-lazy\" data-src=\"https:\/\/mairie-montataire.fr\/app\/uploads\/2024\/07\/2024-05-29-50-ans-creche-40-scaled.jpg\" alt=\"Fest zum 50-j\u00e4hrigen Bestehen der Kindertagesst\u00e4tte Louise Michel\"\/>\n\t\t\t\t\t\t\t\t<div class=\"swiper-lazy-preloader swiper-lazy-preloader-white\"><\/div>\n\t\t\t\t\t\t\t\t\t\t\t\t\t\t\t\t\t<div class=\"spectra-image-gallery__control-lightbox--caption\" data-spectra-gallery-image-id='1961'>\n\t\t\t\t\t\t\t\t\t\tFest zum 50-j\u00e4hrigen Bestehen der Kindertagesst\u00e4tte Louise Michel\t\t\t\t\t\t\t\t\t<\/div>\n\t\t\t\t\t\t\t\t\t\t\t\t\t\t\t<\/div>\n\t\t\t\t\t\t\t\t\t\t\t\t\t\n\t\t\t\t\t\t\t<div class=\"swiper-slide\">\n\t\t\t\t\t\t\t\t<img class=\"swiper-lazy\" data-src=\"https:\/\/mairie-montataire.fr\/app\/uploads\/2024\/07\/2022-05-25-Carnaval-Petite-Enfance-36-scaled.jpg\" alt=\"verkleidete Kinder f\u00fcr den Karneval Kleine Kindheit\"\/>\n\t\t\t\t\t\t\t\t<div class=\"swiper-lazy-preloader swiper-lazy-preloader-white\"><\/div>\n\t\t\t\t\t\t\t\t\t\t\t\t\t\t\t\t\t<div class=\"spectra-image-gallery__control-lightbox--caption\" data-spectra-gallery-image-id='1960'>\n\t\t\t\t\t\t\t\t\t\tKarneval Kleine Kinder im Freizeitzentrum \t\t\t\t\t\t\t\t\t<\/div>\n\t\t\t\t\t\t\t\t\t\t\t\t\t\t\t<\/div>\n\t\t\t\t\t\t\t\t\t\t\t\t\t\n\t\t\t\t\t\t\t<div class=\"swiper-slide\">\n\t\t\t\t\t\t\t\t<img class=\"swiper-lazy\" data-src=\"https:\/\/mairie-montataire.fr\/app\/uploads\/2024\/07\/2022-05-25-Carnaval-Petite-Enfance-16-scaled.jpg\" alt=\"Gruppe von Erwachsenen, die mit Kleinkindern im Reigen tanzen\"\/>\n\t\t\t\t\t\t\t\t<div class=\"swiper-lazy-preloader swiper-lazy-preloader-white\"><\/div>\n\t\t\t\t\t\t\t\t\t\t\t\t\t\t\t\t\t<div class=\"spectra-image-gallery__control-lightbox--caption\" data-spectra-gallery-image-id='1958'>\n\t\t\t\t\t\t\t\t\t\tKarneval Kleine Kinder im Freizeitzentrum \t\t\t\t\t\t\t\t\t<\/div>\n\t\t\t\t\t\t\t\t\t\t\t\t\t\t\t<\/div>\n\t\t\t\t\t\t\t\t\t\t\t<\/div>\n\t\t\t\t\t<div class=\"swiper-button-next\"><\/div>\n\t\t\t\t\t<div class=\"swiper-button-prev\"><\/div>\n\t\t\t\t<\/div>\t\t\t\n\t\t\t\t\t\t\t\t\t\t\t\t\t\t\t\t\t\t\t\t\t\t\t\t\t\t\t\t\t\t\t\t<button class='spectra-image-gallery__control-lightbox--close' aria-label=\"Close\">\n\t\t\t\t\t\t\t\t\t\t\t\t\t<svg xmlns=\"https:\/\/www.w3.org\/2000\/svg\" viewbox= \"0 0 320 512\"><path d=\"M310.6 361.4c12.5 12.5 12.5 32.75 0 45.25C304.4 412.9 296.2 416 288 416s-16.38-3.125-22.62-9.375L160 301.3L54.63 406.6C48.38 412.9 40.19 416 32 416S15.63 412.9 9.375 406.6c-12.5-12.5-12.5-32.75 0-45.25l105.4-105.4L9.375 150.6c-12.5-12.5-12.5-32.75 0-45.25s32.75-12.5 45.25 0L160 210.8l105.4-105.4c12.5-12.5 32.75-12.5 45.25 0s12.5 32.75 0 45.25l-105.4 105.4L310.6 361.4z\"><\/path><\/svg>\n\t\t\t\t\t\t\t\t\t\t\t\t<\/button>\n\t\t\t\t\t\t\t\t\t\t\t\t\t<\/div>\n\t\t\t\t\t\t\t\t\t\n\n\n<div style=\"height:75px\" aria-hidden=\"true\" class=\"wp-block-spacer\"><\/div>","protected":false},"excerpt":{"rendered":"<p>Le multi-accueil \u00ab\u00a0Le Jardin Enchant\u00e9\u00a0\u00bb et la cr\u00e8che \u00ab&nbsp;Louise Michel&nbsp;\u00bb accueillent les enfants \u00e2g\u00e9s de quatre mois jusqu&rsquo;\u00e0 leur entr\u00e9e \u00e0 l&rsquo;\u00e9cole dans des conditions optimales, gr\u00e2ce \u00e0 un personnel qualifi\u00e9 et des locaux adapt\u00e9s. Ces services d&rsquo;accueil collectif sont accessibles \u00e0 tous et toutes, avec une priorit\u00e9 accord\u00e9e aux habitant\u00b7e\u00b7s de Montataire. Accueils au [&hellip;]<\/p>\n","protected":false},"author":1,"featured_media":1012,"parent":110,"menu_order":11,"comment_status":"closed","ping_status":"closed","template":"","meta":{"_acf_changed":false,"_uag_custom_page_level_css":"","footnotes":""},"class_list":["post-124","page","type-page","status-publish","has-post-thumbnail","hentry"],"acf":[],"uagb_featured_image_src":{"full":["https:\/\/mairie-montataire.fr\/app\/uploads\/2024\/07\/1.1.2_creche.jpg",525,350,false],"thumbnail":["https:\/\/mairie-montataire.fr\/app\/uploads\/2024\/07\/1.1.2_creche-150x150.jpg",150,150,true],"medium":["https:\/\/mairie-montataire.fr\/app\/uploads\/2024\/07\/1.1.2_creche-300x200.jpg",300,200,true],"medium_large":["https:\/\/mairie-montataire.fr\/app\/uploads\/2024\/07\/1.1.2_creche.jpg",525,350,false],"large":["https:\/\/mairie-montataire.fr\/app\/uploads\/2024\/07\/1.1.2_creche.jpg",525,350,false],"1536x1536":["https:\/\/mairie-montataire.fr\/app\/uploads\/2024\/07\/1.1.2_creche.jpg",525,350,false],"2048x2048":["https:\/\/mairie-montataire.fr\/app\/uploads\/2024\/07\/1.1.2_creche.jpg",525,350,false],"trp-custom-language-flag":["https:\/\/mairie-montataire.fr\/app\/uploads\/2024\/07\/1.1.2_creche.jpg",18,12,false],"gform-image-choice-sm":["https:\/\/mairie-montataire.fr\/app\/uploads\/2024\/07\/1.1.2_creche.jpg",300,200,false],"gform-image-choice-md":["https:\/\/mairie-montataire.fr\/app\/uploads\/2024\/07\/1.1.2_creche.jpg",400,267,false],"gform-image-choice-lg":["https:\/\/mairie-montataire.fr\/app\/uploads\/2024\/07\/1.1.2_creche.jpg",525,350,false]},"uagb_author_info":{"display_name":"mentalworks","author_link":"https:\/\/mairie-montataire.fr\/de\/actualites\/author\/mentalworks\/"},"uagb_comment_info":0,"uagb_excerpt":"Le multi-accueil \u00ab\u00a0Le Jardin Enchant\u00e9\u00a0\u00bb et la cr\u00e8che \u00ab&nbsp;Louise Michel&nbsp;\u00bb accueillent les enfants \u00e2g\u00e9s de quatre mois jusqu&rsquo;\u00e0 leur entr\u00e9e \u00e0 l&rsquo;\u00e9cole dans des conditions optimales, gr\u00e2ce \u00e0 un personnel qualifi\u00e9 et des locaux adapt\u00e9s. Ces services d&rsquo;accueil collectif sont accessibles \u00e0 tous et toutes, avec une priorit\u00e9 accord\u00e9e aux habitant\u00b7e\u00b7s de Montataire. Accueils au&hellip;","_links":{"self":[{"href":"https:\/\/mairie-montataire.fr\/de\/wp-json\/wp\/v2\/pages\/124","targetHints":{"allow":["GET"]}}],"collection":[{"href":"https:\/\/mairie-montataire.fr\/de\/wp-json\/wp\/v2\/pages"}],"about":[{"href":"https:\/\/mairie-montataire.fr\/de\/wp-json\/wp\/v2\/types\/page"}],"author":[{"embeddable":true,"href":"https:\/\/mairie-montataire.fr\/de\/wp-json\/wp\/v2\/users\/1"}],"replies":[{"embeddable":true,"href":"https:\/\/mairie-montataire.fr\/de\/wp-json\/wp\/v2\/comments?post=124"}],"version-history":[{"count":53,"href":"https:\/\/mairie-montataire.fr\/de\/wp-json\/wp\/v2\/pages\/124\/revisions"}],"predecessor-version":[{"id":7060,"href":"https:\/\/mairie-montataire.fr\/de\/wp-json\/wp\/v2\/pages\/124\/revisions\/7060"}],"up":[{"embeddable":true,"href":"https:\/\/mairie-montataire.fr\/de\/wp-json\/wp\/v2\/pages\/110"}],"wp:featuredmedia":[{"embeddable":true,"href":"https:\/\/mairie-montataire.fr\/de\/wp-json\/wp\/v2\/media\/1012"}],"wp:attachment":[{"href":"https:\/\/mairie-montataire.fr\/de\/wp-json\/wp\/v2\/media?parent=124"}],"curies":[{"name":"wp","href":"https:\/\/api.w.org\/{rel}","templated":true}]}}