{"id":120,"date":"2024-05-03T09:23:20","date_gmt":"2024-05-03T09:23:20","guid":{"rendered":"https:\/\/montataire.local\/?page_id=120"},"modified":"2024-08-23T14:37:48","modified_gmt":"2024-08-23T14:37:48","slug":"lebensumfeld","status":"publish","type":"page","link":"https:\/\/mairie-montataire.fr\/de\/habiter\/cadre-de-vie\/","title":{"rendered":"Lebensrahmen"},"content":{"rendered":"<p><strong>Die Gemeinde m\u00f6chte ein lebenswertes Umfeld f\u00fcr ihre Bewohnerinnen und Bewohner erhalten und sie dazu ermutigen, sich auch als Akteurin oder Akteur in ihrer Umgebung zu f\u00fchlen.<\/strong><\/p>\n\n\n\n<div class=\"wp-block-uagb-container uagb-block-94a17409 alignfull uagb-is-root-container\"><div class=\"uagb-container-inner-blocks-wrap\"><div class=\"hub\">\n            <ul class=\"hub__list\" style=\"--nb-items: 6; --width-desktop: 3; --width-tablet: 2; --width-mobile: 1;\">\n                            <li class=\"hub__item\">\n                                            \n<div class=\"mw-card mw-card--3\">\n    <a class=\"mw-card__link\" href=\"https:\/\/mairie-montataire.fr\/de\/habiter\/cadre-de-vie\/etat-civil-election\/\" aria-label=\"\">\n        <div class=\"mw-card__top\">\n                                                                <figure class=\"mw-card__thumbnail-container\">\n                <img loading=\"lazy\" decoding=\"async\" class=\"mw-card__thumbnail\" src=\"https:\/\/mairie-montataire.fr\/app\/uploads\/2024\/07\/1.6_elections.jpg\" srcset=\"https:\/\/mairie-montataire.fr\/app\/uploads\/2024\/07\/1.6_elections.jpg 490w, https:\/\/mairie-montataire.fr\/app\/uploads\/2024\/07\/1.6_elections-300x200.jpg 300w\"\n                     sizes=\"auto, (max-width: 490px) 100vw, 490px\" alt=\"Wahlen\" width=\"490\"\n                     height=\"327\"\/>\n            <\/figure>\n        <\/div>\n        <div class=\"mw-card__bottom\">\n            <div class=\"mw-card__content\">\n                                <h3 class=\"mw-card__title\">Zivilstand &amp; Wahl<\/h3>\n                            <\/div>\n            <p class=\"mw-card__text-link\">\n                                    <span>Mehr erfahren<\/span>\n                                <svg width=\"20\" height=\"20\" viewbox=\"0 0 24 24\" fill=\"none\" xmlns=\"http:\/\/www.w3.org\/2000\/svg\">\n<path d=\"M12 5V19M5 12H19\" stroke=\"black\" stroke-width=\"2\" stroke-linecap=\"round\" stroke-linejoin=\"round\"\/>\n<\/svg>\n            <\/p>\n        <\/div>\n    <\/a>\n<\/div>                                    <\/li>\n                            <li class=\"hub__item\">\n                                            \n<div class=\"mw-card mw-card--3\">\n    <a class=\"mw-card__link\" href=\"https:\/\/mairie-montataire.fr\/de\/habiter\/cadre-de-vie\/tranquillite-publique\/\" aria-label=\"\">\n        <div class=\"mw-card__top\">\n                                                                <figure class=\"mw-card__thumbnail-container\">\n                <img loading=\"lazy\" decoding=\"async\" class=\"mw-card__thumbnail\" src=\"https:\/\/mairie-montataire.fr\/app\/uploads\/2024\/07\/1.6.2_tranquilite_publique.jpg\" srcset=\"https:\/\/mairie-montataire.fr\/app\/uploads\/2024\/07\/1.6.2_tranquilite_publique.jpg 490w, https:\/\/mairie-montataire.fr\/app\/uploads\/2024\/07\/1.6.2_tranquilite_publique-300x213.jpg 300w\"\n                     sizes=\"auto, (max-width: 490px) 100vw, 490px\" alt=\"\u00d6ffentliche Ruhe\" width=\"490\"\n                     height=\"348\"\/>\n            <\/figure>\n        <\/div>\n        <div class=\"mw-card__bottom\">\n            <div class=\"mw-card__content\">\n                                <h3 class=\"mw-card__title\">\u00d6ffentliche Ruhe<\/h3>\n                            <\/div>\n            <p class=\"mw-card__text-link\">\n                                    <span>Mehr erfahren<\/span>\n                                <svg width=\"20\" height=\"20\" viewbox=\"0 0 24 24\" fill=\"none\" xmlns=\"http:\/\/www.w3.org\/2000\/svg\">\n<path d=\"M12 5V19M5 12H19\" stroke=\"black\" stroke-width=\"2\" stroke-linecap=\"round\" stroke-linejoin=\"round\"\/>\n<\/svg>\n            <\/p>\n        <\/div>\n    <\/a>\n<\/div>                                    <\/li>\n                            <li class=\"hub__item\">\n                                            \n<div class=\"mw-card mw-card--3\">\n    <a class=\"mw-card__link\" href=\"https:\/\/mairie-montataire.fr\/de\/habiter\/cadre-de-vie\/urbanisme\/\" aria-label=\"\">\n        <div class=\"mw-card__top\">\n                                                                <figure class=\"mw-card__thumbnail-container\">\n                <img loading=\"lazy\" decoding=\"async\" class=\"mw-card__thumbnail\" src=\"https:\/\/mairie-montataire.fr\/app\/uploads\/2024\/07\/1.6.3_urbanisme.jpg\" srcset=\"https:\/\/mairie-montataire.fr\/app\/uploads\/2024\/07\/1.6.3_urbanisme.jpg 500w, https:\/\/mairie-montataire.fr\/app\/uploads\/2024\/07\/1.6.3_urbanisme-300x184.jpg 300w\"\n                     sizes=\"auto, (max-width: 500px) 100vw, 500px\" alt=\"Stadtplanung\" width=\"500\"\n                     height=\"307\"\/>\n            <\/figure>\n        <\/div>\n        <div class=\"mw-card__bottom\">\n            <div class=\"mw-card__content\">\n                                <h3 class=\"mw-card__title\">Die st\u00e4dtische Strategie in Montataire<\/h3>\n                            <\/div>\n            <p class=\"mw-card__text-link\">\n                                    <span>Mehr erfahren<\/span>\n                                <svg width=\"20\" height=\"20\" viewbox=\"0 0 24 24\" fill=\"none\" xmlns=\"http:\/\/www.w3.org\/2000\/svg\">\n<path d=\"M12 5V19M5 12H19\" stroke=\"black\" stroke-width=\"2\" stroke-linecap=\"round\" stroke-linejoin=\"round\"\/>\n<\/svg>\n            <\/p>\n        <\/div>\n    <\/a>\n<\/div>                                    <\/li>\n                            <li class=\"hub__item\">\n                                            \n<div class=\"mw-card mw-card--3\">\n    <a class=\"mw-card__link\" href=\"https:\/\/mairie-montataire.fr\/de\/habiter\/cadre-de-vie\/rccem\/\" aria-label=\"\">\n        <div class=\"mw-card__top\">\n                                                                <figure class=\"mw-card__thumbnail-container\">\n                <img loading=\"lazy\" decoding=\"async\" class=\"mw-card__thumbnail\" src=\"https:\/\/mairie-montataire.fr\/app\/uploads\/2024\/07\/1.6.4_RCCEM.jpg\" srcset=\"https:\/\/mairie-montataire.fr\/app\/uploads\/2024\/07\/1.6.4_RCCEM.jpg 490w, https:\/\/mairie-montataire.fr\/app\/uploads\/2024\/07\/1.6.4_RCCEM-300x235.jpg 300w\"\n                     sizes=\"auto, (max-width: 490px) 100vw, 490px\" alt=\"R\u00e9gie Communale d&#039;Electricit\u00e9 de Montataire (Kommunale Elektrizit\u00e4tsgesellschaft von Montataire)\" width=\"490\"\n                     height=\"384\"\/>\n            <\/figure>\n        <\/div>\n        <div class=\"mw-card__bottom\">\n            <div class=\"mw-card__content\">\n                                <h3 class=\"mw-card__title\">RCCEM<\/h3>\n                            <\/div>\n            <p class=\"mw-card__text-link\">\n                                    <span>Mehr erfahren<\/span>\n                                <svg width=\"20\" height=\"20\" viewbox=\"0 0 24 24\" fill=\"none\" xmlns=\"http:\/\/www.w3.org\/2000\/svg\">\n<path d=\"M12 5V19M5 12H19\" stroke=\"black\" stroke-width=\"2\" stroke-linecap=\"round\" stroke-linejoin=\"round\"\/>\n<\/svg>\n            <\/p>\n        <\/div>\n    <\/a>\n<\/div>                                    <\/li>\n                            <li class=\"hub__item\">\n                                            \n<div class=\"mw-card mw-card--3\">\n    <a class=\"mw-card__link\" href=\"https:\/\/mairie-montataire.fr\/de\/habiter\/cadre-de-vie\/transport\/\" aria-label=\"\">\n        <div class=\"mw-card__top\">\n                                                                <figure class=\"mw-card__thumbnail-container\">\n                <img loading=\"lazy\" decoding=\"async\" class=\"mw-card__thumbnail\" src=\"https:\/\/mairie-montataire.fr\/app\/uploads\/2024\/07\/1.6.5_transports.jpg\" srcset=\"https:\/\/mairie-montataire.fr\/app\/uploads\/2024\/07\/1.6.5_transports.jpg 495w, https:\/\/mairie-montataire.fr\/app\/uploads\/2024\/07\/1.6.5_transports-300x200.jpg 300w\"\n                     sizes=\"auto, (max-width: 495px) 100vw, 495px\" alt=\"Transporte\" width=\"495\"\n                     height=\"330\"\/>\n            <\/figure>\n        <\/div>\n        <div class=\"mw-card__bottom\">\n            <div class=\"mw-card__content\">\n                                <h3 class=\"mw-card__title\">Transporte<\/h3>\n                            <\/div>\n            <p class=\"mw-card__text-link\">\n                                    <span>Mehr erfahren<\/span>\n                                <svg width=\"20\" height=\"20\" viewbox=\"0 0 24 24\" fill=\"none\" xmlns=\"http:\/\/www.w3.org\/2000\/svg\">\n<path d=\"M12 5V19M5 12H19\" stroke=\"black\" stroke-width=\"2\" stroke-linecap=\"round\" stroke-linejoin=\"round\"\/>\n<\/svg>\n            <\/p>\n        <\/div>\n    <\/a>\n<\/div>                                    <\/li>\n                            <li class=\"hub__item\">\n                                            \n<div class=\"mw-card mw-card--3\">\n    <a class=\"mw-card__link\" href=\"https:\/\/mairie-montataire.fr\/de\/habiter\/cadre-de-vie\/collecte-des-dechets\/\" aria-label=\"\">\n        <div class=\"mw-card__top\">\n                                                                <figure class=\"mw-card__thumbnail-container\">\n                <img loading=\"lazy\" decoding=\"async\" class=\"mw-card__thumbnail\" src=\"https:\/\/mairie-montataire.fr\/app\/uploads\/2024\/08\/1.6.6_CollecteDechets.jpg\" srcset=\"https:\/\/mairie-montataire.fr\/app\/uploads\/2024\/08\/1.6.6_CollecteDechets.jpg 500w, https:\/\/mairie-montataire.fr\/app\/uploads\/2024\/08\/1.6.6_CollecteDechets-300x210.jpg 300w, https:\/\/mairie-montataire.fr\/app\/uploads\/2024\/08\/1.6.6_CollecteDechets-18x12.jpg 18w\"\n                     sizes=\"auto, (max-width: 500px) 100vw, 500px\" alt=\"\" width=\"500\"\n                     height=\"350\"\/>\n            <\/figure>\n        <\/div>\n        <div class=\"mw-card__bottom\">\n            <div class=\"mw-card__content\">\n                                <h3 class=\"mw-card__title\">Sammeln von M\u00fcll<\/h3>\n                            <\/div>\n            <p class=\"mw-card__text-link\">\n                                    <span>Mehr erfahren<\/span>\n                                <svg width=\"20\" height=\"20\" viewbox=\"0 0 24 24\" fill=\"none\" xmlns=\"http:\/\/www.w3.org\/2000\/svg\">\n<path d=\"M12 5V19M5 12H19\" stroke=\"black\" stroke-width=\"2\" stroke-linecap=\"round\" stroke-linejoin=\"round\"\/>\n<\/svg>\n            <\/p>\n        <\/div>\n    <\/a>\n<\/div>                                    <\/li>\n                    <\/ul>\n    <\/div><\/div><\/div>","protected":false},"excerpt":{"rendered":"<p>Die Gemeinde m\u00f6chte ein lebenswertes Umfeld f\u00fcr ihre Bewohnerinnen und Bewohner erhalten und sie dazu ermutigen, sich auch als Akteurin oder Akteur in ihrer Umgebung zu f\u00fchlen.<\/p>","protected":false},"author":1,"featured_media":4112,"parent":32,"menu_order":33,"comment_status":"closed","ping_status":"closed","template":"","meta":{"_acf_changed":false,"_uag_custom_page_level_css":"","footnotes":""},"class_list":["post-120","page","type-page","status-publish","has-post-thumbnail","hentry"],"acf":[],"uagb_featured_image_src":{"full":["https:\/\/mairie-montataire.fr\/app\/uploads\/2024\/08\/1.6_Cadre-de-vie.jpg",500,350,false],"thumbnail":["https:\/\/mairie-montataire.fr\/app\/uploads\/2024\/08\/1.6_Cadre-de-vie-150x150.jpg",150,150,true],"medium":["https:\/\/mairie-montataire.fr\/app\/uploads\/2024\/08\/1.6_Cadre-de-vie-300x210.jpg",300,210,true],"medium_large":["https:\/\/mairie-montataire.fr\/app\/uploads\/2024\/08\/1.6_Cadre-de-vie.jpg",500,350,false],"large":["https:\/\/mairie-montataire.fr\/app\/uploads\/2024\/08\/1.6_Cadre-de-vie.jpg",500,350,false],"1536x1536":["https:\/\/mairie-montataire.fr\/app\/uploads\/2024\/08\/1.6_Cadre-de-vie.jpg",500,350,false],"2048x2048":["https:\/\/mairie-montataire.fr\/app\/uploads\/2024\/08\/1.6_Cadre-de-vie.jpg",500,350,false],"trp-custom-language-flag":["https:\/\/mairie-montataire.fr\/app\/uploads\/2024\/08\/1.6_Cadre-de-vie-18x12.jpg",18,12,true],"gform-image-choice-sm":["https:\/\/mairie-montataire.fr\/app\/uploads\/2024\/08\/1.6_Cadre-de-vie.jpg",300,210,false],"gform-image-choice-md":["https:\/\/mairie-montataire.fr\/app\/uploads\/2024\/08\/1.6_Cadre-de-vie.jpg",400,280,false],"gform-image-choice-lg":["https:\/\/mairie-montataire.fr\/app\/uploads\/2024\/08\/1.6_Cadre-de-vie.jpg",500,350,false]},"uagb_author_info":{"display_name":"mentalworks","author_link":"https:\/\/mairie-montataire.fr\/de\/actualites\/author\/mentalworks\/"},"uagb_comment_info":0,"uagb_excerpt":"La municipalit\u00e9 souhaite maintenir un cadre de vie pour ses habitant\u00b7e\u00b7s et les encourager \u00e0 se sentir \u00e9galement acteur ou actrice de leur environnement.","_links":{"self":[{"href":"https:\/\/mairie-montataire.fr\/de\/wp-json\/wp\/v2\/pages\/120","targetHints":{"allow":["GET"]}}],"collection":[{"href":"https:\/\/mairie-montataire.fr\/de\/wp-json\/wp\/v2\/pages"}],"about":[{"href":"https:\/\/mairie-montataire.fr\/de\/wp-json\/wp\/v2\/types\/page"}],"author":[{"embeddable":true,"href":"https:\/\/mairie-montataire.fr\/de\/wp-json\/wp\/v2\/users\/1"}],"replies":[{"embeddable":true,"href":"https:\/\/mairie-montataire.fr\/de\/wp-json\/wp\/v2\/comments?post=120"}],"version-history":[{"count":5,"href":"https:\/\/mairie-montataire.fr\/de\/wp-json\/wp\/v2\/pages\/120\/revisions"}],"predecessor-version":[{"id":2335,"href":"https:\/\/mairie-montataire.fr\/de\/wp-json\/wp\/v2\/pages\/120\/revisions\/2335"}],"up":[{"embeddable":true,"href":"https:\/\/mairie-montataire.fr\/de\/wp-json\/wp\/v2\/pages\/32"}],"wp:featuredmedia":[{"embeddable":true,"href":"https:\/\/mairie-montataire.fr\/de\/wp-json\/wp\/v2\/media\/4112"}],"wp:attachment":[{"href":"https:\/\/mairie-montataire.fr\/de\/wp-json\/wp\/v2\/media?parent=120"}],"curies":[{"name":"wp","href":"https:\/\/api.w.org\/{rel}","templated":true}]}}