{"id":978,"date":"2024-07-08T13:58:10","date_gmt":"2024-07-08T13:58:10","guid":{"rendered":"https:\/\/montataire.mentalworks.me\/?post_type=online-approach&#038;p=978"},"modified":"2025-12-15T16:31:26","modified_gmt":"2025-12-15T16:31:26","slug":"antrag-auf-prozesskostenhilfe","status":"publish","type":"online-approach","link":"https:\/\/mairie-montataire.fr\/de\/demarches-en-ligne\/demande-daide-juridictionelle\/","title":{"rendered":"Antrag auf Prozesskostenhilfe"},"content":{"rendered":"<h2 class=\"wp-block-heading\">Antrag auf Prozesskostenhilfe<\/h2>\n\n\n\n<p><strong><a href=\"https:\/\/www.service-public.fr\/particuliers\/vosdroits\/F18074\" target=\"_blank\" rel=\"noreferrer noopener\">Rechtshilfe<\/a>f\u00fcr wen? Wenn Ihre finanziellen Mittel f\u00fcr Ihren Prozess vor einem franz\u00f6sischen Gericht nicht ausreichen, k\u00f6nnen Sie eine finanzielle Unterst\u00fctzung vom Staat erhalten, die sogenannte \"Rechtshilfe\" (aide juridictionnelle). Ihre Verfahrenskosten werden dann ganz oder teilweise vom Staat \u00fcbernommen.<\/strong><\/p>\n\n\n\n<h2 class=\"wp-block-heading\">Wie kann ich das tun?<\/h2>\n\n\n\n<p>Vor der Durchf\u00fchrung des Antrags k\u00f6nnen Sie <a href=\"https:\/\/www.aidejuridictionnelle.justice.fr\/simulateur\" target=\"_blank\" rel=\"noreferrer noopener\">der Simulator<\/a> um zu erfahren, ob Sie Anspruch auf Prozesskostenhilfe haben.<\/p>\n\n\n\n<h3 class=\"wp-block-heading\">Zu liefernde Dokumente : <\/h3>\n\n\n\n<ul style=\"padding-right:var(--wp--preset--spacing--60);padding-left:var(--wp--preset--spacing--60)\" class=\"wp-block-list\">\n<li><a href=\"https:\/\/mairie-montataire.fr\/de\/app\/uploads\/2024\/07\/cerfa-aide-juridictionnelle_16146-03.pdf\/\" target=\"_blank\" rel=\"noreferrer noopener\">Formular f\u00fcr den Antrag auf Prozesskostenhilfe - Cerfa 16146*03<\/a><\/li>\n\n\n\n<li>Identit\u00e4tsnachweis<\/li>\n\n\n\n<li>Einkommensnachweis<\/li>\n\n\n\n<li>Nachweis des Verm\u00f6gens<\/li>\n\n\n\n<li>Nachweis der Rechtsschutzversicherung, falls ich eine habe<\/li>\n\n\n\n<li>Nachweis des Rechtspflegers, wenn ich bereits einen Rechtspfleger in Anspruch genommen habe<\/li>\n\n\n\n<li>Bescheinigung, wenn der Versicherer die Kosten nicht \u00fcbernimmt<\/li>\n\n\n\n<li><a href=\"https:\/\/www.service-public.fr\/particuliers\/vosdroits\/R39717\" target=\"_blank\" rel=\"noreferrer noopener\">Bescheinigung, dass der Versicherer die Kosten nicht \u00fcbernimmt<\/a> <em>(Diese Bescheinigung muss von Ihnen und Ihrem Versicherer ausgef\u00fcllt werden, wenn der Versicherer die Kosten des Prozesses nicht \u00fcbernimmt.)<\/em><\/li>\n<\/ul>\n\n\n\n<h2 class=\"wp-block-heading\">Kontakte<\/h2>\n\n\n\n<p>Die&nbsp;<a href=\"https:\/\/www.service-public.fr\/particuliers\/vosdroits\/F18074\" target=\"_blank\" rel=\"noreferrer noopener\"><strong>Ort der Antragstellung<\/strong><\/a>&nbsp;ist das f\u00fcr Ihren Wohnort zust\u00e4ndige Rechtshilfeb\u00fcro.<\/p>\n\n\n\n<div style=\"height:30px\" aria-hidden=\"true\" class=\"wp-block-spacer\"><\/div>\n\n\n\n<p><strong>Sie k\u00f6nnen Hilfe finden bei:<\/strong><\/p>\n\n\n\n<div class=\"wp-block-columns is-layout-flex wp-container-core-columns-is-layout-9d6595d7 wp-block-columns-is-layout-flex\">\n<div class=\"wp-block-column is-layout-flow wp-block-column-is-layout-flow\">\n<p><strong>Maison de la Justice et du Droit (Haus der Justiz und des Rechts)<\/strong><br><a href=\"https:\/\/www.google.fr\/maps\/dir\/\/26+Rue+Voltaire,+60100+Creil\/@49.2642296,2.4792583,16.75z\/data=!4m9!4m8!1m0!1m5!1m1!1s0x47e64a1b04af6d63:0xc8dd129be1d1ecf7!2m2!1d2.4793817!2d49.265167!3e0?entry=ttu&amp;g_ep=EgoyMDI0MDkwMi4xIKXMDSoASAFQAw%3D%3D\" target=\"_blank\" rel=\"noreferrer noopener\">26, rue Voltaire - 60100 Creil<\/a><br>Montag von 14:00 bis 17:00 Uhr<br>Dienstag bis Freitag von 9 bis 12 Uhr und von 13.30 bis 17 Uhr<br><a href=\"tel:03 44 64 46 70\">03 44 64 46 70<\/a><br><a href=\"https:\/\/www.creilsudoise.fr\/acces-aux-droits\/maison-de-la-justice-et-du-droit\/\" target=\"_blank\" rel=\"noreferrer noopener\">creilsudoise.de<\/a><\/p>\n<\/div>\n\n\n\n<div class=\"wp-block-column is-layout-flow wp-block-column-is-layout-flow\">\n<p><strong>Sprechstunde eines Rechtsanwalts im Rathaus <\/strong><br><a href=\"https:\/\/www.google.com\/maps\/dir\/\/Mairie+de+Montataire,+Place+Auguste+G%C3%A9nie,+Montataire\/@49.2534496,2.4368934,15.5z\/data=!4m9!4m8!1m0!1m5!1m1!1s0x47e64bdbfeedc0f9:0x37d06c42d3f4f26d!2m2!1d2.4345724!2d49.2563201!3e2?entry=ttu&amp;g_ep=EgoyMDI0MDgyOC4wIKXMDSoASAFQAw%3D%3D\" target=\"_blank\" rel=\"noreferrer noopener\">Place Auguste G\u00e9nie - 60160 Montataire\u00a0<\/a><br><a href=\"tel:03 44 64 44 44\">03 44 64 44 44<\/a><br><a href=\"https:\/\/mairie-montataire.fr\/de\/uns-kontaktieren\/\" target=\"_blank\" rel=\"noreferrer noopener\">Kontaktieren Sie das Rathaus<\/a><\/p>\n<\/div>\n<\/div>","protected":false},"featured_media":0,"template":"","meta":{"_acf_changed":false,"_uag_custom_page_level_css":""},"online-approach-category":[17],"class_list":["post-978","online-approach","type-online-approach","status-publish","hentry","online-approach-category-centre-communal-daction-sociale-ccas"],"acf":[],"uagb_featured_image_src":{"full":false,"thumbnail":false,"medium":false,"medium_large":false,"large":false,"1536x1536":false,"2048x2048":false,"trp-custom-language-flag":false,"gform-image-choice-sm":false,"gform-image-choice-md":false,"gform-image-choice-lg":false},"uagb_author_info":{"display_name":"Laure Pubert","author_link":"https:\/\/mairie-montataire.fr\/de\/actualites\/author\/"},"uagb_comment_info":0,"uagb_excerpt":"Demande d&rsquo;aide juridictionelle L&rsquo;aide juridictionnelle, pour qui ? Si vos ressources financi\u00e8res sont insuffisantes pour votre proc\u00e8s devant un tribunal fran\u00e7ais, vous pouvez b\u00e9n\u00e9ficier d&rsquo;une aide financi\u00e8re de l&rsquo;\u00c9tat, appel\u00e9e \u00ab\u00a0aide juridictionnelle\u00a0\u00bb.&nbsp;Vos frais de proc\u00e9dure seront alors pris en charge totalement ou partiellement par l\u2019\u00c9tat. Comment faire ? Avant de r\u00e9aliser la demande vous pouvez&hellip;","_links":{"self":[{"href":"https:\/\/mairie-montataire.fr\/de\/wp-json\/wp\/v2\/online-approach\/978","targetHints":{"allow":["GET"]}}],"collection":[{"href":"https:\/\/mairie-montataire.fr\/de\/wp-json\/wp\/v2\/online-approach"}],"about":[{"href":"https:\/\/mairie-montataire.fr\/de\/wp-json\/wp\/v2\/types\/online-approach"}],"wp:attachment":[{"href":"https:\/\/mairie-montataire.fr\/de\/wp-json\/wp\/v2\/media?parent=978"}],"wp:term":[{"taxonomy":"online-approach-category","embeddable":true,"href":"https:\/\/mairie-montataire.fr\/de\/wp-json\/wp\/v2\/online-approach-category?post=978"}],"curies":[{"name":"wp","href":"https:\/\/api.w.org\/{rel}","templated":true}]}}