{"id":950,"date":"2024-07-05T14:32:28","date_gmt":"2024-07-05T14:32:28","guid":{"rendered":"https:\/\/montataire.mentalworks.me\/?post_type=online-approach&#038;p=950"},"modified":"2025-12-15T16:31:18","modified_gmt":"2025-12-15T16:31:18","slug":"beschwerde-einklagbares-wohnungsrecht-dalo","status":"publish","type":"online-approach","link":"https:\/\/mairie-montataire.fr\/de\/demarches-en-ligne\/recours-droit-au-logement-opposable-dalo\/","title":{"rendered":"Rekurs Droit Au Logement Opposable (DALO)"},"content":{"rendered":"<h2 class=\"wp-block-heading\">Rekurs Droit Au Logement Opposable (DALO)<\/h2>\n\n\n\n<p><strong>Wenn Sie einen laufenden Antrag auf eine Sozialwohnung haben, Ihnen aber noch kein Vorschlag gemacht wurde, der Ihrer Situation entspricht, dann kann Ihnen der DALO-Beschwerdeweg unter bestimmten Bedingungen und vorbehaltlich der Verf\u00fcgbarkeit die dringende Zuweisung einer Sozialwohnung erm\u00f6glichen.<\/strong><\/p>\n\n\n\n<p>Im Folgenden sind die verschiedenen Situationen aufgef\u00fchrt, in denen Sie diesen Rechtsbehelf in Anspruch nehmen k\u00f6nnen:<\/p>\n\n\n\n<ul style=\"padding-right:var(--wp--preset--spacing--60);padding-left:var(--wp--preset--spacing--60)\" class=\"wp-block-list\">\n<li>Keine oder eine negative Antwort auf Ihren Antrag auf Sozialwohnungen oder eine ungew\u00f6hnlich lange Frist f\u00fcr die Vergabe. Letztere h\u00e4ngt von der geografischen Lage des Antrags auf Sozialwohnungen ab und wird vom Pr\u00e4fekten festgelegt;<\/li>\n\n\n\n<li>Obdachlos sein oder von Zwangsr\u00e4umung bedroht sein, ohne die M\u00f6glichkeit, eine neue Unterkunft zu finden ;<\/li>\n\n\n\n<li>Sie m\u00fcssen seit mehr als sechs Monaten ununterbrochen in einer Unterkunft oder einer sozial orientierten Hotelresidenz (RHVS) untergebracht sein oder seit mehr als 18 Monaten vor\u00fcbergehend in einer \u00dcbergangsunterkunft oder einem Wohnheim leben;<\/li>\n\n\n\n<li>In R\u00e4umen untergebracht sein, die f\u00fcr Wohnzwecke ungeeignet sind oder einen ungesunden oder gef\u00e4hrlichen Charakter aufweisen, oder in einer Unterkunft untergebracht sein, die nicht \u00fcber die vorgeschriebenen Ausstattungs- und Komfortelemente verf\u00fcgt (keine Heizung, kein Trinkwasser usw.). All dies unter der Bedingung, dass Sie f\u00fcr mindestens ein minderj\u00e4hriges Kind oder eine Person mit einer Behinderung unterhaltspflichtig sind oder selbst eine Behinderung haben;<\/li>\n\n\n\n<li>In einer Wohnung untergebracht sein, deren Wohnfl\u00e4che nicht gr\u00f6\u00dfer oder gleich 16 m2 f\u00fcr einen Haushalt ohne Kinder oder 2 Personen ist. Diese Fl\u00e4che wird f\u00fcr jede weitere Person um 9 m2 erh\u00f6ht, bis zu einer Obergrenze von 70 m2 f\u00fcr 8 oder mehr Personen. All dies unter der Bedingung, dass Sie mindestens ein minderj\u00e4hriges Kind oder eine Person mit einer Behinderung zu versorgen haben oder selbst eine Behinderung haben.<\/li>\n<\/ul>\n\n\n\n<h2 class=\"wp-block-heading\">Wie kann ich das tun?<\/h2>\n\n\n\n<p>Um eine DALO-Beschwerde einzureichen :&nbsp;<\/p>\n\n\n\n<ul style=\"padding-right:var(--wp--preset--spacing--60);padding-left:var(--wp--preset--spacing--60)\" class=\"wp-block-list\">\n<li>F\u00fcllen Sie den <a href=\"https:\/\/mairie-montataire.fr\/de\/app\/uploads\/2024\/07\/cerfa_15036-01.pdf\/\" data-type=\"link\" data-id=\"https:\/\/mairie-montataire.fr\/app\/uploads\/2024\/07\/cerfa_15036-01.pdf\" target=\"_blank\" rel=\"noreferrer noopener\">cerfa-Formular Nr. 15036*01 f\u00fcr eine g\u00fctliche Beschwerde bei der Kommission f\u00fcr Mediation auf Departementsebene<\/a> (erh\u00e4ltlich bei den Rezeptionen des <a href=\"https:\/\/mairie-montataire.fr\/de\/wohnen\/solidaritat\/ccas\/\" target=\"_blank\" rel=\"noreferrer noopener\">CCAS<\/a> und der Maison D\u00e9partementale des Solidarit\u00e9 (MDS)) im Hinblick auf ein im Internet verf\u00fcgbares Wohnungsangebot (vor dem Ausdrucken online ausf\u00fcllen oder nach dem Ausdrucken handschriftlich ausf\u00fcllen). <strong>Wenn Sie Hilfe beim Ausf\u00fcllen ben\u00f6tigen, vereinbaren Sie einen Termin mit einem Sozialarbeiter (MDS) oder auch mit dem \u00f6ffentlichen Schriftsteller (<a href=\"https:\/\/mairie-montataire.fr\/de\/wohnen\/solidaritat\/annex-mairie-des-martinets-sozialwohnungen\/\" target=\"_blank\" rel=\"noreferrer noopener\">Rathaus Annexe des Martinets<\/a>).<\/strong><\/li>\n<\/ul>\n\n\n\n<div style=\"height:18px\" aria-hidden=\"true\" class=\"wp-block-spacer\"><\/div>\n\n\n\n<p>Der Antrag ist an das Sekretariat der DALO-Vermittlungskommission des Departements zu richten, in dem eine Sozialwohnung gew\u00fcnscht wird:<\/p>\n\n\n\n<ul style=\"padding-right:var(--wp--preset--spacing--60);padding-left:var(--wp--preset--spacing--60)\" class=\"wp-block-list\">\n<li><strong>Entweder <\/strong>die Beschwerde direkt beim Sekretariat der Kommission einreichen<\/li>\n\n\n\n<li><strong>Entweder <\/strong>die Beschwerde per Einschreiben mit R\u00fcckschein an das Sekretariat der Kommission schicken<\/li>\n<\/ul>\n\n\n\n<h3 class=\"wp-block-heading\"><strong>Adresse f\u00fcr das Departement Oise :<\/strong><\/h3>\n\n\n\n<p><strong>Departementale Direktion f\u00fcr sozialen Zusammenhalt des Departements Oise<\/strong><br>Sekretariat der Mediationskommission<br>13, rue Biot<br>BP 30971<br>60009 Beauvais CEDEX<\/p>\n\n\n\n<h2 class=\"wp-block-heading\">Fristen<\/h2>\n\n\n\n<p>Der Ausschuss muss seine Entscheidung innerhalb von <strong>3 Monate ab dem Datum der Empfangsbest\u00e4tigung Ihrer DALO-Beschwerde<\/strong>. Wenn nach Ablauf dieser Frist kein geeigneter Vorschlag gemacht wurde, k\u00f6nnen Sie innerhalb von vier Monaten beim Verwaltungsgericht Beschwerde einlegen. Das Verwaltungsgericht muss innerhalb von zwei Monaten antworten.<\/p>\n\n\n\n<div style=\"height:32px\" aria-hidden=\"true\" class=\"wp-block-spacer\"><\/div>\n\n\n\n<p><strong>Achtung: Sie m\u00fcssen&nbsp;<a href=\"https:\/\/www.service-public.fr\/particuliers\/vosdroits\/F32880\" target=\"_blank\" rel=\"noreferrer noopener\">seinen Antrag auf eine Sozialwohnung erneuern<\/a>&nbsp;(und ggf. aktualisieren) , bis eine Unterkunft zugewiesen wird.<\/strong><\/p>\n\n\n\n<h2 class=\"wp-block-heading\">Kontakte<\/h2>\n\n\n\n<div class=\"wp-block-columns is-layout-flex wp-container-core-columns-is-layout-9d6595d7 wp-block-columns-is-layout-flex\">\n<div class=\"wp-block-column is-layout-flow wp-block-column-is-layout-flow\">\n<p><strong>Centre Communal d'Action Sociale (<a href=\"https:\/\/mairie-montataire.fr\/de\/wohnen\/solidaritat\/ccas\/\">CCAS<\/a>)<\/strong><br><a href=\"https:\/\/www.google.com\/maps\/dir\/\/2+Rue+Armand+Desnosse,+60160+Montataire\/@49.2579942,2.3900756,13z\/data=!4m8!4m7!1m0!1m5!1m1!1s0x47e649626fe27ea9:0x2e76bff6999cd4ff!2m2!1d2.4313606!2d49.2580016?entry=ttu\">2, rue Armand Desnosse - 60160 Montataire<\/a><br>Montag, Mittwoch und Donnerstag von 8:30 bis 12:00 Uhr und von 13:30 bis 17:30 Uhr<br>Dienstag von 13:30 bis 17:30 Uhr<br>Freitag von 8:30 bis 12:00 Uhr und von 13:30 bis 17:00 Uhr<br><a href=\"tel:03 44 27 55 31\">03 44 27 55 31<\/a><\/p>\n<\/div>\n\n\n\n<div class=\"wp-block-column is-layout-flow wp-block-column-is-layout-flow\">\n<p><strong>Maison D\u00e9partementale des Solidarit\u00e9 (Departementales Haus der Solidarit\u00e4t, MDS) <br><\/strong><a href=\"https:\/\/www.google.com\/maps\/dir\/\/Maison+d%C3%A9partementale+de+la+solidarit%C3%A9+de+Montataire,+31+Rue+de+la+R%C3%A9publique,+60160+Montataire\/@49.2578034,2.4287539,16z\/data=!4m9!4m8!1m0!1m5!1m1!1s0x47e649626f703167:0x2934be4ddca8401f!2m2!1d2.4313288!2d49.2577999!3e0?entry=ttu&amp;g_ep=EgoyMDI0MDkwMi4xIKXMDSoASAFQAw%3D%3D\">31, rue de la R\u00e9publique - 60160 Montataire<\/a><br>Montag bis Freitag von 8:30 bis 12:00 Uhr und von 13:30 bis 17:30 Uhr<br><a href=\"tel:03 44 10 40 70\">03 44 10 40 70<\/a><br><\/p>\n<\/div>\n\n\n\n<div class=\"wp-block-column is-layout-flow wp-block-column-is-layout-flow\">\n<p><strong>Rathaus Annexe des Martinets (<a href=\"https:\/\/mairie-montataire.fr\/de\/wohnen\/solidaritat\/annex-mairie-des-martinets-sozialwohnungen\/\">MAM<\/a>)<\/strong><br><a href=\"https:\/\/www.google.com\/maps\/dir\/\/82+Av.+Anatole+France,+60160+Montataire\/@49.264472,2.4303277,17z\/data=!4m8!4m7!1m0!1m5!1m1!1s0x47e64bda31aef93f:0xf79354a254f460de!2m2!1d2.432908!2d49.264472?entry=ttu\">82, avenue Anatole France - 60160 Montataire<br><\/a>Montag, Dienstag, Mittwoch und Donnerstag von 8:30 bis 12:00 Uhr und von 13:30 bis 17:30 Uhr<span style=\"white-space-collapse: collapse; background-color: rgb(245, 252, 255);\"><\/span>Freitag von 13:30 bis 17:00 Uhr<br><a href=\"tel:03 44 27 09 30\">03 44 27 09 30<\/a><br><a href=\"https:\/\/mairie-montataire.fr\/de\/uns-kontaktieren\/\" target=\"_blank\" rel=\"noreferrer noopener\">Kontaktieren Sie das Rathaus<\/a><\/p>\n<\/div>\n<\/div>","protected":false},"featured_media":0,"template":"","meta":{"_acf_changed":false,"_uag_custom_page_level_css":""},"online-approach-category":[17],"class_list":["post-950","online-approach","type-online-approach","status-publish","hentry","online-approach-category-centre-communal-daction-sociale-ccas"],"acf":[],"uagb_featured_image_src":{"full":false,"thumbnail":false,"medium":false,"medium_large":false,"large":false,"1536x1536":false,"2048x2048":false,"trp-custom-language-flag":false,"gform-image-choice-sm":false,"gform-image-choice-md":false,"gform-image-choice-lg":false},"uagb_author_info":{"display_name":"Laure Pubert","author_link":"https:\/\/mairie-montataire.fr\/de\/actualites\/author\/"},"uagb_comment_info":0,"uagb_excerpt":"Recours Droit Au Logement Opposable (DALO) Si vous avez une demande de logement social en cours mais qu\u2019aucune proposition adapt\u00e9e \u00e0 votre situation ne vous a \u00e9t\u00e9 faite alors&nbsp;le recours DALO peut vous permettre, sous certaines conditions et sous r\u00e9serve de disponibilit\u00e9, l\u2019attribution en urgence d\u2019un logement social. Voici les diff\u00e9rentes situations vous permettant d\u2019acc\u00e9der&hellip;","_links":{"self":[{"href":"https:\/\/mairie-montataire.fr\/de\/wp-json\/wp\/v2\/online-approach\/950","targetHints":{"allow":["GET"]}}],"collection":[{"href":"https:\/\/mairie-montataire.fr\/de\/wp-json\/wp\/v2\/online-approach"}],"about":[{"href":"https:\/\/mairie-montataire.fr\/de\/wp-json\/wp\/v2\/types\/online-approach"}],"wp:attachment":[{"href":"https:\/\/mairie-montataire.fr\/de\/wp-json\/wp\/v2\/media?parent=950"}],"wp:term":[{"taxonomy":"online-approach-category","embeddable":true,"href":"https:\/\/mairie-montataire.fr\/de\/wp-json\/wp\/v2\/online-approach-category?post=950"}],"curies":[{"name":"wp","href":"https:\/\/api.w.org\/{rel}","templated":true}]}}