{"id":873,"date":"2024-07-04T09:06:39","date_gmt":"2024-07-04T09:06:39","guid":{"rendered":"https:\/\/montataire.mentalworks.me\/?post_type=online-approach&#038;p=873"},"modified":"2024-09-06T08:54:37","modified_gmt":"2024-09-06T08:54:37","slug":"die-declaration-dintention-daliener-oder-dia-oder-das-stadtische-vorkaufsrecht-dpu","status":"publish","type":"online-approach","link":"https:\/\/mairie-montataire.fr\/de\/demarches-en-ligne\/la-declaration-dintention-daliener-ou-dia-ou-droit-de-preemption-urbain-dpu\/","title":{"rendered":"Die D\u00e9claration d'Intention d'Ali\u00e9ner (oder DIA) oder das st\u00e4dtische Vorkaufsrecht (DPU)"},"content":{"rendered":"<h2 class=\"wp-block-heading\">Die D\u00e9claration d'Intention d'Ali\u00e9ner (oder DIA) oder das st\u00e4dtische Vorkaufsrecht (DPU)<\/h2>\n\n\n\n<p><strong>Wenn Sie Ihre Immobilie verkaufen m\u00f6chten, befindet sie sich in einer einfachen Vorkaufsrechtszone, die von der Stadtverwaltung festgelegt wurde, sodass Sie sie zuerst der Stadtverwaltung zum Verkauf anbieten m\u00fcssen. Dies ist das sogenannte&nbsp;<em>Vorkaufsrecht<\/em>.&nbsp;<br>Diese Gebiete erm\u00f6glichen es der Stadtverwaltung, st\u00e4dtebauliche Ma\u00dfnahmen von allgemeinem Interesse durchzuf\u00fchren. Es steht Ihnen also nicht frei, Ihr Eigentum an eine Person Ihrer Wahl zu verkaufen. Zu den G\u00fctern, die von der Stadtverwaltung vorentzogen werden k\u00f6nnen, geh\u00f6ren Einfamilienh\u00e4user, Geb\u00e4ude und Grundst\u00fccke.<\/strong><\/p>\n\n\n\n<p>Weitere Informationen : <a href=\"https:\/\/www.service-public.fr\/particuliers\/vosdroits\/F16\" target=\"_blank\" rel=\"noreferrer noopener\">service-public.fr\/privatpersonen\/Ihre rechte\/F16<\/a><\/p>\n\n\n\n<h2 class=\"wp-block-heading\">Wie kann ich das tun?<\/h2>\n\n\n\n<div class=\"wp-block-columns is-layout-flex wp-container-core-columns-is-layout-9d6595d7 wp-block-columns-is-layout-flex\">\n<div class=\"wp-block-column is-layout-flow wp-block-column-is-layout-flow\">\n<p class=\"has-text-align-center\">F\u00fcr die <br><strong>papierlose Verfahren zur Erteilung von Stadtplanungsgenehmigungen<\/strong><br><a href=\"https:\/\/ideau.atreal.fr\" target=\"_blank\" rel=\"noreferrer noopener\">ideau.atreal.de<\/a><\/p>\n<\/div>\n\n\n\n<div class=\"wp-block-column is-layout-flow wp-block-column-is-layout-flow\">\n<p class=\"has-text-align-center\">F\u00fcr eine <br><strong>Unterst\u00fctzung<\/strong> <strong>in Ihrem Antrag auf Stadtplanungsgenehmigung<\/strong><br><a href=\"https:\/\/www.service-public.fr\/particuliers\/vosdroits\/R52221\" target=\"_blank\" rel=\"noreferrer noopener\">service-public.fr\/privatpersonen\/Ihre Rechte\/R52221<\/a><\/p>\n<\/div>\n\n\n\n<div class=\"wp-block-column is-layout-flow wp-block-column-is-layout-flow\">\n<p class=\"has-text-align-center\">Zum Ausdrucken des <br><strong>Cerfa de d\u00e9claration d'intention d'ali\u00e9ner ou demande d'acquisition d'un bien soumis \u00e0 un droit de pr\u00e9emption (Formular zur Erkl\u00e4rung der Ver\u00e4u\u00dferungsabsicht oder zum Antrag auf Erwerb eines Gutes, das einem Vorkaufsrecht unterliegt)<\/strong><br><a href=\"https:\/\/www.service-public.fr\/particuliers\/vosdroits\/R1492\" target=\"_blank\" rel=\"noreferrer noopener\">service-public.fr\/privatpersonen\/Ihre Rechte\/R1492<\/a><\/p>\n<\/div>\n<\/div>\n\n\n\n<p>Sie k\u00f6nnen auch nehmen <strong>Termin<\/strong> bei der Abteilung f\u00fcr Stadtplanung und Grundst\u00fccke. <\/p>\n\n\n\n<h3 class=\"wp-block-heading\">Zu liefernde Dokumente : <\/h3>\n\n\n\n<ul style=\"padding-right:var(--wp--preset--spacing--60);padding-left:var(--wp--preset--spacing--60)\" class=\"wp-block-list\">\n<li>Liste vorhanden in der <strong>Cerfa de d\u00e9claration d'intention d'ali\u00e9ner ou demande d'acquisition d'un bien soumis \u00e0 un droit de pr\u00e9emption (Formular zur Erkl\u00e4rung der Ver\u00e4u\u00dferungsabsicht oder zum Antrag auf Erwerb eines Gutes, das einem Vorkaufsrecht unterliegt)<\/strong> und detailliert auf der Website des \u00f6ffentlichen Dienstes : <a href=\"https:\/\/www.service-public.fr\/particuliers\/vosdroits\/R1492\" target=\"_blank\" rel=\"noreferrer noopener\">service-public.fr\/privatpersonen\/Ihre Rechte\/R1492<\/a><\/li>\n\n\n\n<li>3 Exemplare des Cerfa einreichen<\/li>\n<\/ul>\n\n\n\n<h2 class=\"wp-block-heading\">Fristen<\/h2>\n\n\n\n<p>Die Frist f\u00fcr die Pr\u00fcfung betr\u00e4gt <strong>2 Monate ab dem Einreichungsdatum<\/strong>.<\/p>\n\n\n\n<h2 class=\"wp-block-heading\">Kontakte<\/h2>\n\n\n\n<p><strong>Abteilung Stadtplanung und Grundst\u00fccke<\/strong><br><a href=\"https:\/\/www.google.fr\/maps\/dir\/\/15+Rue+Andr%C3%A9+Ginisti,+60160+Montataire\/@49.2539114,2.4277103,18.75z\/data=!4m9!4m8!1m0!1m5!1m1!1s0x47e64961456a1ab5:0x87aabaa208db370a!2m2!1d2.4277233!2d49.2544484!3e0?entry=ttu&amp;g_ep=EgoyMDI0MDkwMy4wIKXMDSoASAFQAw%3D%3D\" target=\"_blank\" rel=\"noreferrer noopener\">15, rue Andr\u00e9 Ginisti - 60160 Montataire<br><\/a>Nach Vereinbarung Montag bis Donnerstag von 8:30 bis 12:00 Uhr und 13:30 bis 17:00 Uhr&nbsp;<br><a href=\"http:\/\/03 44 64 45 45\">03 44 64 45 45<\/a><br><a href=\"mailto:urbafoncier@mairie-montataire.fr\">urbafoncier@mairie-montataire.fr<\/a><\/p>","protected":false},"featured_media":0,"template":"","meta":{"_acf_changed":false,"_uag_custom_page_level_css":""},"online-approach-category":[25],"class_list":["post-873","online-approach","type-online-approach","status-publish","hentry","online-approach-category-urbanisme-les-autorisations-du-droit-des-sols-ads"],"acf":[],"uagb_featured_image_src":{"full":false,"thumbnail":false,"medium":false,"medium_large":false,"large":false,"1536x1536":false,"2048x2048":false,"trp-custom-language-flag":false,"gform-image-choice-sm":false,"gform-image-choice-md":false,"gform-image-choice-lg":false},"uagb_author_info":{"display_name":"Laure Pubert","author_link":"https:\/\/mairie-montataire.fr\/de\/actualites\/author\/"},"uagb_comment_info":0,"uagb_excerpt":"La D\u00e9claration d\u2019Intention d\u2019Ali\u00e9ner (ou DIA) ou Droit de Pr\u00e9emption Urbain (DPU) Si vous souhaitez vendre votre bien ce dernier se situe dans une zone de pr\u00e9emption simple d\u00e9finie par la mairie, vous devez donc en priorit\u00e9 proposer la vente \u00e0 la mairie. C&rsquo;est ce que l&rsquo;on appelle le&nbsp;droit de pr\u00e9emption.&nbsp;Ces zones permettent \u00e0 la&hellip;","_links":{"self":[{"href":"https:\/\/mairie-montataire.fr\/de\/wp-json\/wp\/v2\/online-approach\/873","targetHints":{"allow":["GET"]}}],"collection":[{"href":"https:\/\/mairie-montataire.fr\/de\/wp-json\/wp\/v2\/online-approach"}],"about":[{"href":"https:\/\/mairie-montataire.fr\/de\/wp-json\/wp\/v2\/types\/online-approach"}],"wp:attachment":[{"href":"https:\/\/mairie-montataire.fr\/de\/wp-json\/wp\/v2\/media?parent=873"}],"wp:term":[{"taxonomy":"online-approach-category","embeddable":true,"href":"https:\/\/mairie-montataire.fr\/de\/wp-json\/wp\/v2\/online-approach-category?post=873"}],"curies":[{"name":"wp","href":"https:\/\/api.w.org\/{rel}","templated":true}]}}