{"id":8264,"date":"2026-08-27T08:00:00","date_gmt":"2026-08-27T08:00:00","guid":{"rendered":"https:\/\/mairie-montataire.fr\/?post_type=event&#038;p=8264"},"modified":"2026-08-04T14:07:34","modified_gmt":"2026-08-04T14:07:34","slug":"la-semaine-bleue-3","status":"publish","type":"event","link":"https:\/\/mairie-montataire.fr\/de\/agenda\/retraites\/la-semaine-bleue-3\/","title":{"rendered":"Die Blaue Woche"},"content":{"rendered":"<p class=\"wp-block-paragraph\">La Semaine bleue, semaine nationale d\u00e9di\u00e9e aux personnes retrait\u00e9s et \u00e2g\u00e9es, est organis\u00e9e chaque ann\u00e9e elle met en valeur la place essentielle des a\u00een\u00e9s dans notre soci\u00e9t\u00e9 et rappelle l\u2019importance des liens interg\u00e9n\u00e9rationnels.<\/p>\n\n\n\n<p class=\"wp-block-paragraph\">\u00c0 Montataire, un programme vari\u00e9 m\u00ealant activit\u00e9s physiques, bien-\u00eatre, culture, loisirs et d\u00e9couverte est propos\u00e9 pour l\u2019occasion en partenariat avec le lyc\u00e9e Andr\u00e9 Malraux, l\u2019associations Femmes solidaires et les services de la Ville du 5 au 10 octobre 2026.<\/p>\n\n\n\n<div style=\"height:39px\" aria-hidden=\"true\" class=\"wp-block-spacer\"><\/div>\n\n\n<div class=\"highlight\">\n                <div class=\"highlight__description\"><p style=\"text-align: center;\"><span style=\"color: #993300;\"><strong>ACHTUNG<\/strong><\/span><br \/>\n<span style=\"color: #993300;\"><strong>Die Einschreibungen f\u00fcr die Aktivit\u00e4ten der Blauen Woche finden statt<\/strong><\/span><br \/>\n<span style=\"color: #993300;\"><strong>le jeudi 10 septembre \u00e0 partir de 14h \u00e0 la r\u00e9sidence Maurice Mignon.<\/strong><\/span><\/p>\n<\/div>\n    <\/div>\n\n\n<div style=\"height:39px\" aria-hidden=\"true\" class=\"wp-block-spacer\"><\/div>\n\n\n\n<h3 class=\"wp-block-heading has-text-align-center\">MERCREDI 7 OCTOBRE : <strong>S\u00e9ance Cin\u00e9ma<\/strong> um 14 Uhr<\/h3>\n\n\n\n<h2 class=\"wp-block-heading\">Monsieur Aznavour<\/h2>\n\n\n\n<p class=\"wp-block-paragraph\"><strong>Film de Mehdi Idir et Grand Corps Malade<\/strong><\/p>\n\n\n\n<div class=\"wp-block-uagb-image aligncenter uagb-block-f67768a2 wp-block-uagb-image--layout-default wp-block-uagb-image--effect-static wp-block-uagb-image--align-center\"><figure class=\"wp-block-uagb-image__figure\"><img decoding=\"async\" src=\"https:\/\/mairie-montataire.fr\/app\/uploads\/2026\/08\/\u00a9Caroline-Bazin-1024x683.jpg\" alt=\"\" class=\"uag-image-8265\" width=\"1024\" height=\"683\" title=\"\u00a9Caroline Bazin\" loading=\"lazy\" role=\"img\" \/><figcaption class=\"uagb-image-caption\">\u00a9Caroline Bazin<\/figcaption><\/figure><\/div>\n\n\n\n<div style=\"height:32px\" aria-hidden=\"true\" class=\"wp-block-spacer\"><\/div>\n\n\n\n<p class=\"wp-block-paragraph\"><strong>Fils de r\u00e9fugi\u00e9s, petit, pauvre, \u00e0 la voix voil\u00e9e, on disait de lui qu\u2019il n\u2019avait rien pour r\u00e9ussir. \u00c0 force de travail, de pers\u00e9v\u00e9rance et d\u2019une volont\u00e9 hors norme, Charles Aznavour est devenu un monument de la chanson, et un symbole de la culture fran\u00e7aise. Avec pr\u00e8s de 1200 titres interpr\u00e9t\u00e9s dans le monde entier et dans toutes les langues, il a inspir\u00e9 des g\u00e9n\u00e9rations enti\u00e8res. D\u00e9couvrez le parcours exceptionnel et intemporel de MONSIEUR AZNAVOUR.<\/strong><\/p>\n\n\n\n<div style=\"height:19px\" aria-hidden=\"true\" class=\"wp-block-spacer\"><\/div>\n\n\n\n<figure class=\"wp-block-embed is-type-video is-provider-youtube wp-block-embed-youtube wp-embed-aspect-16-9 wp-has-aspect-ratio\"><div class=\"wp-block-embed__wrapper\">\n<script>document.addEventListener('DOMContentLoaded', function() {(tarteaucitron.job = tarteaucitron.job || []).push('youtube');});<\/script><div class=\"youtube_player\" videoid=\"evoYNCdZGOQ\" width=\"100%\" height=\"100%\" style=\"height:50vw\" theme=\"light\" rel=\"0\" controls=\"1\" showinfo=\"1\" autoplay=\"0\"><\/div>\n<\/div><\/figure>\n\n\n\n<div style=\"height:19px\" aria-hidden=\"true\" class=\"wp-block-spacer\"><\/div>\n\n\n\n<div class=\"wp-block-uagb-separator uagb-block-bf7086f3\"><div class=\"wp-block-uagb-separator__inner\" style=\"--my-background-image:\"><\/div><\/div>\n\n\n\n<h3 class=\"wp-block-heading\">Produktionen und Erw\u00e4hnungen<\/h3>\n\n\n\n<p class=\"wp-block-paragraph\"><strong>R\u00e9alisation :<\/strong> Mehdi Idir, Grand Corps Malade<br><strong>Dolmetschen :<\/strong> Tahar Rahim, Bastien Bouillon, Marie-Julie Baup, Camille Moutawakil, Hovnatan Av\u00e9dikian, Luc Antoni, Ella Pellegrini, Narine Grigoryan, Petra Silander, Nicolas Chupin <br><strong>Sc\u00e9nario original : <\/strong>Mehdi Idir, Grand Corps Malade<\/p>","protected":false},"featured_media":4292,"parent":0,"template":"","meta":{"_acf_changed":false,"_uag_custom_page_level_css":""},"event-theme":[99],"class_list":["post-8264","event","type-event","status-publish","has-post-thumbnail","hentry","event-theme-retraites"],"acf":[],"uagb_featured_image_src":{"full":["https:\/\/mairie-montataire.fr\/app\/uploads\/2024\/09\/Agenda_SemaineBleue24.jpg",450,335,false],"thumbnail":["https:\/\/mairie-montataire.fr\/app\/uploads\/2024\/09\/Agenda_SemaineBleue24-150x150.jpg",150,150,true],"medium":["https:\/\/mairie-montataire.fr\/app\/uploads\/2024\/09\/Agenda_SemaineBleue24-300x223.jpg",300,223,true],"medium_large":["https:\/\/mairie-montataire.fr\/app\/uploads\/2024\/09\/Agenda_SemaineBleue24.jpg",450,335,false],"large":["https:\/\/mairie-montataire.fr\/app\/uploads\/2024\/09\/Agenda_SemaineBleue24.jpg",450,335,false],"1536x1536":["https:\/\/mairie-montataire.fr\/app\/uploads\/2024\/09\/Agenda_SemaineBleue24.jpg",450,335,false],"2048x2048":["https:\/\/mairie-montataire.fr\/app\/uploads\/2024\/09\/Agenda_SemaineBleue24.jpg",450,335,false],"trp-custom-language-flag":["https:\/\/mairie-montataire.fr\/app\/uploads\/2024\/09\/Agenda_SemaineBleue24-16x12.jpg",16,12,true],"gform-image-choice-sm":["https:\/\/mairie-montataire.fr\/app\/uploads\/2024\/09\/Agenda_SemaineBleue24.jpg",300,223,false],"gform-image-choice-md":["https:\/\/mairie-montataire.fr\/app\/uploads\/2024\/09\/Agenda_SemaineBleue24.jpg",400,298,false],"gform-image-choice-lg":["https:\/\/mairie-montataire.fr\/app\/uploads\/2024\/09\/Agenda_SemaineBleue24.jpg",450,335,false]},"uagb_author_info":{"display_name":"Laure Pubert","author_link":"https:\/\/mairie-montataire.fr\/de\/actualites\/author\/"},"uagb_comment_info":0,"uagb_excerpt":"La Semaine bleue, semaine nationale d\u00e9di\u00e9e aux personnes retrait\u00e9s et \u00e2g\u00e9es, est organis\u00e9e chaque ann\u00e9e elle met en valeur la place essentielle des a\u00een\u00e9s dans notre soci\u00e9t\u00e9 et rappelle l\u2019importance des liens interg\u00e9n\u00e9rationnels. \u00c0 Montataire, un programme vari\u00e9 m\u00ealant activit\u00e9s physiques, bien-\u00eatre, culture, loisirs et d\u00e9couverte est propos\u00e9 pour l\u2019occasion en partenariat avec le lyc\u00e9e&hellip;","_links":{"self":[{"href":"https:\/\/mairie-montataire.fr\/de\/wp-json\/wp\/v2\/event\/8264","targetHints":{"allow":["GET"]}}],"collection":[{"href":"https:\/\/mairie-montataire.fr\/de\/wp-json\/wp\/v2\/event"}],"about":[{"href":"https:\/\/mairie-montataire.fr\/de\/wp-json\/wp\/v2\/types\/event"}],"wp:featuredmedia":[{"embeddable":true,"href":"https:\/\/mairie-montataire.fr\/de\/wp-json\/wp\/v2\/media\/4292"}],"wp:attachment":[{"href":"https:\/\/mairie-montataire.fr\/de\/wp-json\/wp\/v2\/media?parent=8264"}],"wp:term":[{"taxonomy":"event-theme","embeddable":true,"href":"https:\/\/mairie-montataire.fr\/de\/wp-json\/wp\/v2\/event-theme?post=8264"}],"curies":[{"name":"wp","href":"https:\/\/api.w.org\/{rel}","templated":true}]}}