{"id":7221,"date":"2025-11-20T09:39:58","date_gmt":"2025-11-20T09:39:58","guid":{"rendered":"https:\/\/mairie-montataire.fr\/?post_type=event&#038;p=7221"},"modified":"2025-11-21T12:49:28","modified_gmt":"2025-11-21T12:49:28","slug":"frauen-in-solidaritat-feiert-ihren-80-geburtstag-ein-nachmittag-mit-erinnerungsaustausch-und-engagement","status":"publish","type":"event","link":"https:\/\/mairie-montataire.fr\/de\/agenda\/vie-associative\/femmes-solidaires-celebre-ses-80-ans-un-apres-midi-dechanges-de-memoire-et-dengagement\/","title":{"rendered":"Femmes Solidaires feiert ihren 80. Geburtstag: ein Nachmittag des Austauschs, der Erinnerung und des Engagements"},"content":{"rendered":"<p>Anl\u00e4sslich seiner <strong>80 Jahre<\/strong>, der Verein <strong><a href=\"https:\/\/mairie-montataire.fr\/de\/verzeichnisse\/vereine-2\/solidaritat\/solidarische-frauen\/\">Frauen in Solidarit\u00e4t<\/a><\/strong> organisiert eine gro\u00dfe Initiative am <strong>Samstag, 6. Dezember 2025<\/strong>, in der Haupthalle des Raums <strong>Elsa Triolet<\/strong>, ab <strong>15h<\/strong>. Ein starker Moment, der allen offensteht, um ein Verm\u00e4chtnis von K\u00e4mpfen, Solidarit\u00e4t und Aktionen f\u00fcr Frauenrechte zu feiern.<\/p>\n\n\n\n<h2 class=\"wp-block-heading\"><strong>Eine lebhafte Debatte \u00fcber das Frauenwahlrecht<\/strong><\/h2>\n\n\n\n<p>Unumg\u00e4ngliche Figur des Nationalen Kollektivs von Femmes Solidaires, <strong>Soad Baba Aissa<\/strong> wird eine Debatte leiten, die ein zentrales Thema als roten Faden hat: <strong>das Wahlrecht f\u00fcr Frauen<\/strong>, eine wichtige Errungenschaft und ein Symbol f\u00fcr die Gleichheit der B\u00fcrger. Diese Zeit des Austauschs wird es erm\u00f6glichen, die Geschichte noch einmal Revue passieren zu lassen, den zur\u00fcckgelegten Weg zu ermessen und die Herausforderungen zu hinterfragen, die auch heute noch bestehen.<\/p>\n\n\n\n<h2 class=\"wp-block-heading\"><strong>Eine k\u00fcnstlerische Zusammenarbeit mit den jungen M\u00e4dchen des Centre D\u00e9partemental des Enfants et des Familles (Kinder- und Familienzentrum)<\/strong> (CDEF)<\/h2>\n\n\n\n<p>Auch die Musik wird im Mittelpunkt der Veranstaltung stehen. <strong>Virginie Brantrand<\/strong>, begleitet von ihrer Gruppe <strong>Die Rue AcoustiK\u2019<\/strong>, Sie wird eine engagierte und sensible Darbietung bieten. Sie f\u00fchrt auch ein p\u00e4dagogisches Projekt mit einer Gruppe von M\u00e4dchen aus dem <strong>CDEF von Senlis <\/strong>. Gemeinsam bereiten sie eine Interpretation von <strong>\u00abDie Hymne der Frauen\u00bb<\/strong>, Die Sch\u00fclerinnen und Sch\u00fcler sollten die M\u00f6glichkeit haben, ihre eigenen Ideen zu entwickeln, die sie bei der Initiative vorstellen werden.<\/p>\n\n\n\n<h2 class=\"wp-block-heading\"><strong>Ausstellungen: Militantes Ged\u00e4chtnis und Archive<\/strong><\/h2>\n\n\n\n<p>Um diesen symbolischen Jahrestag zu feiern, werden mehrere Ausstellungen gezeigt:<\/p>\n\n\n\n<ul class=\"wp-block-list\">\n<li style=\"font-style:normal;font-weight:400\">Eine Ausstellung als Leihgabe des <strong>Franz\u00f6sische Kommunistische Partei<\/strong>, zu Frauenrechten.<\/li>\n\n\n\n<li style=\"font-style:normal;font-weight:400\">Eigens von Femmes Solidaires angefertigte Tafeln, die die Geschichte des <strong>Frauenwahlrecht<\/strong>.<\/li>\n\n\n\n<li style=\"font-style:normal;font-weight:400\">Die <strong>22 Kalender Heures Claires<\/strong>, aus dem ehemaligen Magazin des\u2019<strong>Union des Femmes Fran\u00e7aises (Franz\u00f6sischer Frauenverband)<\/strong> (1945 in Femmes Solidaires umbenannt), die zum 80-j\u00e4hrigen Bestehen der Organisation gemeinsam ausgestellt wurden.<\/li>\n<\/ul>\n\n\n\n<h2 class=\"wp-block-heading\"><strong>\u00dcber Femmes Solidaires<\/strong><\/h2>\n\n\n\n<p>Seit 80 Jahren informiert und sensibilisiert die Organisation \u00fcber Frauenrechte, um einen Mentalit\u00e4tswandel hin zu einer von Herrschaftsverh\u00e4ltnissen befreiten Gesellschaft zu bewirken. Sie setzt sich f\u00fcr grundlegende Werte ein: <strong>Laizit\u00e4t, Koedukation, Gleichheit, Frieden und Freiheit<\/strong>.<br>Ein solides Engagement, das im Mittelpunkt des sozialen und b\u00fcrgerlichen Lebens steht.<\/p>\n\n\n<div class=\"highlight\">\n                <div class=\"highlight__description\"><p style=\"text-align: center;\">\u00dcber ihre \u00f6ffentlichen Aktionen hinaus gew\u00e4hrleistet Femmes Solidaires eine <strong>Bereitschaftsdienst<\/strong> um Frauen zu informieren, zu beraten, zu orientieren und sie bei ihren Schritten zu begleiten.<br \/>\n<strong>Espace Elsa Triolet - 92, avenue Anatole France<\/strong><br \/>\n<strong>Montag und Donnerstag: 14:00 - 16:00 Uhr<\/strong><br \/>\n<strong>Letzter Donnerstag im Monat: 16:00 - 18:00 Uhr<\/strong><\/p>\n<\/div>\n    <\/div>","protected":false},"featured_media":2772,"parent":0,"template":"","meta":{"_acf_changed":true,"_uag_custom_page_level_css":""},"event-theme":[73],"class_list":["post-7221","event","type-event","status-publish","has-post-thumbnail","hentry","event-theme-vie-associative"],"acf":[],"uagb_featured_image_src":{"full":["https:\/\/mairie-montataire.fr\/app\/uploads\/2024\/08\/Logo_FemmesSolidaires.jpg",270,230,false],"thumbnail":["https:\/\/mairie-montataire.fr\/app\/uploads\/2024\/08\/Logo_FemmesSolidaires-150x150.jpg",150,150,true],"medium":["https:\/\/mairie-montataire.fr\/app\/uploads\/2024\/08\/Logo_FemmesSolidaires.jpg",270,230,false],"medium_large":["https:\/\/mairie-montataire.fr\/app\/uploads\/2024\/08\/Logo_FemmesSolidaires.jpg",270,230,false],"large":["https:\/\/mairie-montataire.fr\/app\/uploads\/2024\/08\/Logo_FemmesSolidaires.jpg",270,230,false],"1536x1536":["https:\/\/mairie-montataire.fr\/app\/uploads\/2024\/08\/Logo_FemmesSolidaires.jpg",270,230,false],"2048x2048":["https:\/\/mairie-montataire.fr\/app\/uploads\/2024\/08\/Logo_FemmesSolidaires.jpg",270,230,false],"trp-custom-language-flag":["https:\/\/mairie-montataire.fr\/app\/uploads\/2024\/08\/Logo_FemmesSolidaires.jpg",14,12,false],"gform-image-choice-sm":["https:\/\/mairie-montataire.fr\/app\/uploads\/2024\/08\/Logo_FemmesSolidaires.jpg",270,230,false],"gform-image-choice-md":["https:\/\/mairie-montataire.fr\/app\/uploads\/2024\/08\/Logo_FemmesSolidaires.jpg",270,230,false],"gform-image-choice-lg":["https:\/\/mairie-montataire.fr\/app\/uploads\/2024\/08\/Logo_FemmesSolidaires.jpg",270,230,false]},"uagb_author_info":{"display_name":"Laure Pubert","author_link":"https:\/\/mairie-montataire.fr\/de\/actualites\/author\/"},"uagb_comment_info":0,"uagb_excerpt":"\u00c0 l\u2019occasion de ses 80 ans, l\u2019association Femmes Solidaires organise une grande initiative le samedi 6 d\u00e9cembre 2025, dans la salle principale de l\u2019espace Elsa Triolet, \u00e0 partir de 15h. Un moment fort, ouvert \u00e0 toutes et \u00e0 tous, pour c\u00e9l\u00e9brer un h\u00e9ritage de luttes, de solidarit\u00e9 et d\u2019actions en faveur des droits des femmes.&hellip;","_links":{"self":[{"href":"https:\/\/mairie-montataire.fr\/de\/wp-json\/wp\/v2\/event\/7221","targetHints":{"allow":["GET"]}}],"collection":[{"href":"https:\/\/mairie-montataire.fr\/de\/wp-json\/wp\/v2\/event"}],"about":[{"href":"https:\/\/mairie-montataire.fr\/de\/wp-json\/wp\/v2\/types\/event"}],"wp:featuredmedia":[{"embeddable":true,"href":"https:\/\/mairie-montataire.fr\/de\/wp-json\/wp\/v2\/media\/2772"}],"wp:attachment":[{"href":"https:\/\/mairie-montataire.fr\/de\/wp-json\/wp\/v2\/media?parent=7221"}],"wp:term":[{"taxonomy":"event-theme","embeddable":true,"href":"https:\/\/mairie-montataire.fr\/de\/wp-json\/wp\/v2\/event-theme?post=7221"}],"curies":[{"name":"wp","href":"https:\/\/api.w.org\/{rel}","templated":true}]}}