{"id":6799,"date":"2025-08-27T08:00:00","date_gmt":"2025-08-27T08:00:00","guid":{"rendered":"https:\/\/mairie-montataire.fr\/?post_type=event&#038;p=6799"},"modified":"2025-08-22T06:57:12","modified_gmt":"2025-08-22T06:57:12","slug":"offene-turen-emm-fitness","status":"publish","type":"event","link":"https:\/\/mairie-montataire.fr\/de\/agenda\/vie-associative\/portes-ouvertes-emm-fitness\/","title":{"rendered":"Tag der offenen T\u00fcr EMM - Fitness"},"content":{"rendered":"<p>Der Verein <a href=\"https:\/\/mairie-montataire.fr\/de\/verzeichnisse\/vereine-2\/sport\/esperance-municipale-de-montataire\/\">Esp\u00e9rance Municipale de Montataire<\/a> bietet Ihnen Gymnastik f\u00fcr Kleinkinder ab 15 Monaten, Kinder ohne Behinderung oder mit Behinderung an. <\/p>\n\n\n\n<p><strong>Auf dem Programm stehen:<\/strong>&nbsp;<\/p>\n\n\n\n<ul class=\"wp-block-list\">\n<li style=\"font-style:normal;font-weight:400\">Pilates<\/li>\n\n\n\n<li style=\"font-style:normal;font-weight:400\">Yoga<\/li>\n\n\n\n<li style=\"font-style:normal;font-weight:400\">Stretching<\/li>\n\n\n\n<li style=\"font-style:normal;font-weight:400\">gym gesundheit wellness<\/li>\n\n\n\n<li style=\"font-style:normal;font-weight:400\">Kardio (Tanzen, Boxen, Springen)<\/li>\n\n\n\n<li style=\"font-style:normal;font-weight:400\">Muskelaufbau<\/li>\n\n\n\n<li style=\"font-style:normal;font-weight:400\">Papa Gym (Muskelaufbau, Kardio und Entdeckung der Ger\u00e4te: Ringe, Barren...)<\/li>\n<\/ul>\n\n\n\n<p><strong>8. bis 19. September<\/strong>Die genauen Tage, Uhrzeiten, Kurse und Beschreibungen sind auf ihrer Website angegeben. <a href=\"https:\/\/montatairegym.fr\/activites-tarifs-et-horaires\/\" target=\"_blank\" rel=\"noreferrer noopener\">Website<\/a>. Sie sollten einen Teppich oder ein Handtuch dabei haben.<\/p>\n\n\n\n<figure class=\"wp-block-image aligncenter size-large\"><img loading=\"lazy\" decoding=\"async\" width=\"1024\" height=\"683\" src=\"https:\/\/mairie-montataire.fr\/app\/uploads\/2025\/08\/FITNESS2-1024x683.jpg\" alt=\"\" class=\"wp-image-6797\" srcset=\"https:\/\/mairie-montataire.fr\/app\/uploads\/2025\/08\/FITNESS2-1024x683.jpg 1024w, https:\/\/mairie-montataire.fr\/app\/uploads\/2025\/08\/FITNESS2-300x200.jpg 300w, https:\/\/mairie-montataire.fr\/app\/uploads\/2025\/08\/FITNESS2-768x512.jpg 768w, https:\/\/mairie-montataire.fr\/app\/uploads\/2025\/08\/FITNESS2-1536x1024.jpg 1536w, https:\/\/mairie-montataire.fr\/app\/uploads\/2025\/08\/FITNESS2-18x12.jpg 18w, https:\/\/mairie-montataire.fr\/app\/uploads\/2025\/08\/FITNESS2.jpg 1837w\" sizes=\"auto, (max-width: 1024px) 100vw, 1024px\" \/><\/figure>\n\n\n\n<p class=\"has-text-align-center\"><em>Esp\u00e9rance Municipale de Montataire (St\u00e4dtische Hoffnung von Montataire)<\/em><\/p>\n\n\n\n<p>Weitere Aktivit\u00e4ten : <\/p>\n\n\n\n<ul class=\"wp-block-list\">\n<li style=\"font-style:normal;font-weight:400\">Kleinkinder ab 15 Monaten, Kinder ohne Behinderung oder mit Behinderung, Mittwoch 10. und Samstag 13. September vormittags. \u00d6ffnungszeiten je nach Geburtsjahr.<\/li>\n\n\n\n<li style=\"font-style:normal;font-weight:400\">Parkour, urbane Gymnastik f\u00fcr 2016, 2015 und \u00c4ltere, Mittwoch, 10. von 20.00 bis 21.15 Uhr und Freitag, 12. September, von 20.15 bis 21.30 Uhr.\u00a0<\/li>\n\n\n\n<li style=\"font-style:normal;font-weight:400\">Handi Gym, f\u00fcr Vollj\u00e4hrige, die in einem Heim, IME... oder zu Hause sind, nach Absprache. Sitzung, bei der die Geselligkeit und das Spielerische im Vordergrund stehen.<\/li>\n\n\n\n<li style=\"font-style:normal;font-weight:400\">Ger\u00e4teturnen, Freizeit- und Wettkampfturnen, f\u00fcr Kinder ab 6 Jahren.<\/li>\n<\/ul>\n\n\n\n<p><\/p>","protected":false},"featured_media":6797,"parent":0,"template":"","meta":{"_acf_changed":true,"_uag_custom_page_level_css":""},"event-theme":[73],"class_list":["post-6799","event","type-event","status-publish","has-post-thumbnail","hentry","event-theme-vie-associative"],"acf":[],"uagb_featured_image_src":{"full":["https:\/\/mairie-montataire.fr\/app\/uploads\/2025\/08\/FITNESS2.jpg",1837,1225,false],"thumbnail":["https:\/\/mairie-montataire.fr\/app\/uploads\/2025\/08\/FITNESS2-150x150.jpg",150,150,true],"medium":["https:\/\/mairie-montataire.fr\/app\/uploads\/2025\/08\/FITNESS2-300x200.jpg",300,200,true],"medium_large":["https:\/\/mairie-montataire.fr\/app\/uploads\/2025\/08\/FITNESS2-768x512.jpg",768,512,true],"large":["https:\/\/mairie-montataire.fr\/app\/uploads\/2025\/08\/FITNESS2-1024x683.jpg",1024,683,true],"1536x1536":["https:\/\/mairie-montataire.fr\/app\/uploads\/2025\/08\/FITNESS2-1536x1024.jpg",1536,1024,true],"2048x2048":["https:\/\/mairie-montataire.fr\/app\/uploads\/2025\/08\/FITNESS2.jpg",1837,1225,false],"trp-custom-language-flag":["https:\/\/mairie-montataire.fr\/app\/uploads\/2025\/08\/FITNESS2-18x12.jpg",18,12,true],"gform-image-choice-sm":["https:\/\/mairie-montataire.fr\/app\/uploads\/2025\/08\/FITNESS2.jpg",300,200,false],"gform-image-choice-md":["https:\/\/mairie-montataire.fr\/app\/uploads\/2025\/08\/FITNESS2.jpg",400,267,false],"gform-image-choice-lg":["https:\/\/mairie-montataire.fr\/app\/uploads\/2025\/08\/FITNESS2.jpg",600,400,false]},"uagb_author_info":{"display_name":"Laure Pubert","author_link":"https:\/\/mairie-montataire.fr\/de\/actualites\/author\/"},"uagb_comment_info":0,"uagb_excerpt":"L&rsquo;association Esp\u00e9rance Municipale de Montataire vous propose de la gym pour a petite enfance d\u00e8s 15 mois, enfants valides ou en situation de handicap. Au programme :&nbsp; Du 8 au 19 septembre, les jours pr\u00e9cis, les horaires, cours et descriptif sont indiqu\u00e9s sur leur site. Il faut avoir un tapis ou serviette. \u00a9 Esp\u00e9rance Municipale&hellip;","_links":{"self":[{"href":"https:\/\/mairie-montataire.fr\/de\/wp-json\/wp\/v2\/event\/6799","targetHints":{"allow":["GET"]}}],"collection":[{"href":"https:\/\/mairie-montataire.fr\/de\/wp-json\/wp\/v2\/event"}],"about":[{"href":"https:\/\/mairie-montataire.fr\/de\/wp-json\/wp\/v2\/types\/event"}],"wp:featuredmedia":[{"embeddable":true,"href":"https:\/\/mairie-montataire.fr\/de\/wp-json\/wp\/v2\/media\/6797"}],"wp:attachment":[{"href":"https:\/\/mairie-montataire.fr\/de\/wp-json\/wp\/v2\/media?parent=6799"}],"wp:term":[{"taxonomy":"event-theme","embeddable":true,"href":"https:\/\/mairie-montataire.fr\/de\/wp-json\/wp\/v2\/event-theme?post=6799"}],"curies":[{"name":"wp","href":"https:\/\/api.w.org\/{rel}","templated":true}]}}