{"id":6667,"date":"2025-08-01T09:26:13","date_gmt":"2025-08-01T09:26:13","guid":{"rendered":"https:\/\/mairie-montataire.fr\/?post_type=event&#038;p=6667"},"modified":"2025-08-01T09:41:01","modified_gmt":"2025-08-01T09:41:01","slug":"jahrmarkt-maskottchen-2","status":"publish","type":"event","link":"https:\/\/mairie-montataire.fr\/de\/agenda\/evenement\/fete-foraine-mascottes-2\/","title":{"rendered":"Jahrmarkt - Maskottchen"},"content":{"rendered":"<p>In diesem Jahr wird der Jahrmarkt noch zauberhafter mit der Anwesenheit von <strong>Maskottchenduos<\/strong> die den Kindern (und gro\u00dfen Kindern!) entgegenkommen werden.<\/p>\n\n\n\n<p>\ud83d\udd50 <strong>Erste Stunde<\/strong> Ein erstes Duo von farbenfrohen Figuren wird durch die G\u00e4nge schlendern und bereit sein, L\u00e4cheln, Umarmungen und warum nicht auch ein paar Erinnerungsfotos zu verteilen!<\/p>\n\n\n\n<p>\ud83d\udd51 <strong>Zweite Stunde<\/strong> : Platz f\u00fcr einen <strong>neues Maskottchen-Duo<\/strong>Die Kinder wurden von einem ebenso liebensw\u00fcrdigen Mann begleitet, der die Kleinen zum Tr\u00e4umen brachte und die Stimmung auf dem Fest weiter anheizte.<\/p>\n\n\n\n<p>Eine Animation voller guter Laune, ideal, um Ihren Besuch auf dem Jahrmarkt zu verewigen!<\/p>\n\n\n\n<p><strong><mark style=\"background-color:rgba(0, 0, 0, 0)\" class=\"has-inline-color has-secondary-700-color\">ACHTUNG die verwendete Illustration ist nicht repr\u00e4sentativ f\u00fcr die Charaktere, die in diesem Jahr anwesend sind. <\/mark><\/strong><\/p>\n\n\n\n<p><\/p>","protected":false},"featured_media":6671,"parent":0,"template":"","meta":{"_acf_changed":true,"_uag_custom_page_level_css":""},"event-theme":[88],"class_list":["post-6667","event","type-event","status-publish","has-post-thumbnail","hentry","event-theme-evenement"],"acf":[],"uagb_featured_image_src":{"full":["https:\/\/mairie-montataire.fr\/app\/uploads\/2025\/08\/Agenda_Mascottes.jpg",450,335,false],"thumbnail":["https:\/\/mairie-montataire.fr\/app\/uploads\/2025\/08\/Agenda_Mascottes-150x150.jpg",150,150,true],"medium":["https:\/\/mairie-montataire.fr\/app\/uploads\/2025\/08\/Agenda_Mascottes-300x223.jpg",300,223,true],"medium_large":["https:\/\/mairie-montataire.fr\/app\/uploads\/2025\/08\/Agenda_Mascottes.jpg",450,335,false],"large":["https:\/\/mairie-montataire.fr\/app\/uploads\/2025\/08\/Agenda_Mascottes.jpg",450,335,false],"1536x1536":["https:\/\/mairie-montataire.fr\/app\/uploads\/2025\/08\/Agenda_Mascottes.jpg",450,335,false],"2048x2048":["https:\/\/mairie-montataire.fr\/app\/uploads\/2025\/08\/Agenda_Mascottes.jpg",450,335,false],"trp-custom-language-flag":["https:\/\/mairie-montataire.fr\/app\/uploads\/2025\/08\/Agenda_Mascottes-16x12.jpg",16,12,true],"gform-image-choice-sm":["https:\/\/mairie-montataire.fr\/app\/uploads\/2025\/08\/Agenda_Mascottes.jpg",300,223,false],"gform-image-choice-md":["https:\/\/mairie-montataire.fr\/app\/uploads\/2025\/08\/Agenda_Mascottes.jpg",400,298,false],"gform-image-choice-lg":["https:\/\/mairie-montataire.fr\/app\/uploads\/2025\/08\/Agenda_Mascottes.jpg",450,335,false]},"uagb_author_info":{"display_name":"Laure Pubert","author_link":"https:\/\/mairie-montataire.fr\/de\/actualites\/author\/"},"uagb_comment_info":0,"uagb_excerpt":"Cette ann\u00e9e, la f\u00eate foraine sera encore plus magique avec la pr\u00e9sence de duos de mascottes qui viendront \u00e0 la rencontre des enfants (et des grands enfants !). \ud83d\udd50 Premi\u00e8re heure : un premier duo de personnages hauts en couleur d\u00e9ambulera dans les all\u00e9es, pr\u00eat \u00e0 distribuer des sourires, des c\u00e2lins, et pourquoi pas quelques&hellip;","_links":{"self":[{"href":"https:\/\/mairie-montataire.fr\/de\/wp-json\/wp\/v2\/event\/6667","targetHints":{"allow":["GET"]}}],"collection":[{"href":"https:\/\/mairie-montataire.fr\/de\/wp-json\/wp\/v2\/event"}],"about":[{"href":"https:\/\/mairie-montataire.fr\/de\/wp-json\/wp\/v2\/types\/event"}],"wp:featuredmedia":[{"embeddable":true,"href":"https:\/\/mairie-montataire.fr\/de\/wp-json\/wp\/v2\/media\/6671"}],"wp:attachment":[{"href":"https:\/\/mairie-montataire.fr\/de\/wp-json\/wp\/v2\/media?parent=6667"}],"wp:term":[{"taxonomy":"event-theme","embeddable":true,"href":"https:\/\/mairie-montataire.fr\/de\/wp-json\/wp\/v2\/event-theme?post=6667"}],"curies":[{"name":"wp","href":"https:\/\/api.w.org\/{rel}","templated":true}]}}