{"id":6603,"date":"2025-09-01T06:00:00","date_gmt":"2025-09-01T06:00:00","guid":{"rendered":"https:\/\/mairie-montataire.fr\/?post_type=event&#038;p=6603"},"modified":"2025-11-13T16:07:09","modified_gmt":"2025-11-13T16:07:09","slug":"alimenterre-festival","status":"publish","type":"event","link":"https:\/\/mairie-montataire.fr\/de\/agenda\/festival-films-et-debats\/festival-alimenterre\/","title":{"rendered":"AlimenTERRE-Festival"},"content":{"rendered":"<div class=\"wp-block-uagb-image aligncenter uagb-block-79c6c3fd wp-block-uagb-image--layout-default wp-block-uagb-image--effect-static wp-block-uagb-image--align-center\"><figure class=\"wp-block-uagb-image__figure\"><img decoding=\"async\" srcset=\"https:\/\/mairie-montataire.fr\/app\/uploads\/2025\/07\/2024-10-18-Festival-Alimenterre-2-1024x683.jpg ,https:\/\/mairie-montataire.fr\/app\/uploads\/2025\/07\/2024-10-18-Festival-Alimenterre-2-scaled.jpg 780w, https:\/\/mairie-montataire.fr\/app\/uploads\/2025\/07\/2024-10-18-Festival-Alimenterre-2-scaled.jpg 360w\" sizes=\"auto, (max-width: 480px) 150px\" src=\"https:\/\/mairie-montataire.fr\/app\/uploads\/2025\/07\/2024-10-18-Festival-Alimenterre-2-1024x683.jpg\" alt=\"\" class=\"uag-image-6607\" width=\"1024\" height=\"683\" title=\"2024-10-18 Festival Alimenterre (2)\" loading=\"lazy\" role=\"img\"\/><figcaption class=\"uagb-image-caption\"><em>Stadt Montataire - S\u00e9verin Espel<\/em><\/figcaption><\/figure><\/div>\n\n\n\n<div style=\"height:32px\" aria-hidden=\"true\" class=\"wp-block-spacer\"><\/div>\n\n\n\n<p><strong>Das 2007 ins Leben gerufene Festival AlimenTERRE hat sich zu einem unumg\u00e4nglichen Ereignis entwickelt, um die weltweiten Herausforderungen in den Bereichen Landwirtschaft und Ern\u00e4hrung darzustellen und zu verstehen.<br>Das vom CFSI (Comit\u00e9 Fran\u00e7ais pour la Solidarit\u00e9 Internationale) angeregte Festival informiert, sensibilisiert und macht Lust zu handeln, um zu einer nachhaltigen Ern\u00e4hrung in Frankreich und der Welt beizutragen.<br>Die Grainoth\u00e8que Also und die Amap de Creil laden Sie zu einer Filmvorf\u00fchrung mit anschlie\u00dfendem Austausch und einem Umtrunk ein.<\/strong><\/p>\n\n\n\n<div class=\"wp-block-uagb-container uagb-block-cae100b6 alignfull uagb-is-root-container\"><div class=\"uagb-container-inner-blocks-wrap\">\n<div class=\"wp-block-uagb-container uagb-block-34f65883\">\n<p>Ausgestrahlte Dokumentation : <strong><em>Ihre Herzensfelder<\/em><\/strong> von Micka\u00ebl Denis-Shi (2024)<br>Wie kann man eine qualitativ hochwertige Nahrungsmittelproduktion sicherstellen, die f\u00fcr diejenigen, die sie produzieren, eintr\u00e4glich und f\u00fcr m\u00f6glichst viele Menschen zug\u00e4nglich ist? Diese unl\u00f6sbare Frage ist der Ausgangspunkt f\u00fcr eine Tour de France von 15 Landwirten, die uns von ihren Schwierigkeiten, m\u00f6glichen L\u00f6sungen und der Sch\u00f6nheit des Berufs berichten. Mit offenem Herzen geben sie uns ehrliche und ber\u00fchrende Zeugnisse, die Lust machen, sich in Bewegung zu setzen, um gemeinsam die Art und Weise, wie wir uns ern\u00e4hren, zu verbessern. Wie k\u00f6nnen wir eine qualitativ hochwertige Nahrungsmittelproduktion sicherstellen, die denjenigen, die sie produzieren, ein Einkommen bringt und f\u00fcr m\u00f6glichst viele Menschen zug\u00e4nglich ist? Eine Tour de France mit 15 Landwirten, die uns mit offenen Herzen von ihren Schwierigkeiten, m\u00f6glichen L\u00f6sungen und der Sch\u00f6nheit des Berufs erz\u00e4hlen.<\/p>\n<\/div>\n\n\n\n<div class=\"wp-block-uagb-container uagb-block-2e98a020\">\n<figure class=\"wp-block-image size-large\"><img loading=\"lazy\" decoding=\"async\" width=\"724\" height=\"1024\" src=\"https:\/\/mairie-montataire.fr\/app\/uploads\/2025\/10\/Affiche_Leurs-Champs-du-Coeur-724x1024.png\" alt=\"\" class=\"wp-image-7124\" srcset=\"https:\/\/mairie-montataire.fr\/app\/uploads\/2025\/10\/Affiche_Leurs-Champs-du-Coeur-724x1024.png 724w, https:\/\/mairie-montataire.fr\/app\/uploads\/2025\/10\/Affiche_Leurs-Champs-du-Coeur-212x300.png 212w, https:\/\/mairie-montataire.fr\/app\/uploads\/2025\/10\/Affiche_Leurs-Champs-du-Coeur-768x1086.png 768w, https:\/\/mairie-montataire.fr\/app\/uploads\/2025\/10\/Affiche_Leurs-Champs-du-Coeur-1086x1536.png 1086w, https:\/\/mairie-montataire.fr\/app\/uploads\/2025\/10\/Affiche_Leurs-Champs-du-Coeur-1448x2048.png 1448w, https:\/\/mairie-montataire.fr\/app\/uploads\/2025\/10\/Affiche_Leurs-Champs-du-Coeur-8x12.png 8w, https:\/\/mairie-montataire.fr\/app\/uploads\/2025\/10\/Affiche_Leurs-Champs-du-Coeur.png 1587w\" sizes=\"auto, (max-width: 724px) 100vw, 724px\" \/><\/figure>\n<\/div>\n<\/div><\/div>\n\n\n\n<figure class=\"wp-block-embed is-type-video is-provider-youtube wp-block-embed-youtube wp-embed-aspect-16-9 wp-has-aspect-ratio\"><div class=\"wp-block-embed__wrapper\">\n<script>document.addEventListener('DOMContentLoaded', function() {(tarteaucitron.job = tarteaucitron.job || []).push('youtube');});<\/script><div class=\"youtube_player\" videoid=\"QvzEduAExO8\" width=\"100%\" height=\"100%\" style=\"height:50vw\" theme=\"light\" rel=\"0\" controls=\"1\" showinfo=\"1\" autoplay=\"0\"><\/div>\n<\/div><\/figure>\n\n\n\n<div class=\"wp-block-columns is-layout-flex wp-container-core-columns-is-layout-9d6595d7 wp-block-columns-is-layout-flex\">\n<div class=\"wp-block-column is-layout-flow wp-block-column-is-layout-flow\" style=\"flex-basis:33.33%\">\n<figure class=\"wp-block-image size-full\"><img loading=\"lazy\" decoding=\"async\" width=\"908\" height=\"394\" src=\"https:\/\/mairie-montataire.fr\/app\/uploads\/2025\/07\/soireedupalace2.png\" alt=\"\" class=\"wp-image-6604\" srcset=\"https:\/\/mairie-montataire.fr\/app\/uploads\/2025\/07\/soireedupalace2.png 908w, https:\/\/mairie-montataire.fr\/app\/uploads\/2025\/07\/soireedupalace2-300x130.png 300w, https:\/\/mairie-montataire.fr\/app\/uploads\/2025\/07\/soireedupalace2-768x333.png 768w, https:\/\/mairie-montataire.fr\/app\/uploads\/2025\/07\/soireedupalace2-18x8.png 18w\" sizes=\"auto, (max-width: 908px) 100vw, 908px\" \/><\/figure>\n<\/div>\n\n\n\n<div class=\"wp-block-column is-layout-flow wp-block-column-is-layout-flow\" style=\"flex-basis:66.66%\">\n<h3 class=\"wp-block-heading\">Ab 19 Uhr<\/h3>\n\n\n\n<p>Um die \u00f6kologischen, gesundheitlichen und sozialen Auswirkungen zu verringern und nachhaltigere und solidarischere Agrar- und Ern\u00e4hrungssysteme anzustreben, gibt es zahlreiche Hebel.<\/p>\n\n\n\n<p>Gemeinsam werden Sie konkrete Vorschl\u00e4ge ausarbeiten, um gemeinsam M\u00f6glichkeiten zwischen B\u00fcrgern , Vereinen, gew\u00e4hlten Vertretern usw. zu entwickeln.<\/p>\n\n\n\n<p>Ausgangspunkt ist ein Dokument der katholischen Hilfsorganisation Secours Catholique mit dem Titel \u00abUnsere 10 Empfehlungen\u00bb (Demokratie, Unterst\u00fctzung von Projekten, Gesch\u00e4fte, landwirtschaftliche Fl\u00e4chen, Gemeinschaftsg\u00e4rten usw.).<\/p>\n<\/div>\n<\/div>\n\n\n\n<div class=\"wp-block-columns is-layout-flex wp-container-core-columns-is-layout-9d6595d7 wp-block-columns-is-layout-flex\">\n<div class=\"wp-block-column is-vertically-aligned-center is-layout-flow wp-block-column-is-layout-flow\" style=\"flex-basis:66.66%\">\n<p>Die Grainoth\u00e8que Also und die Amap de Creil laden Sie zu einer Filmvorf\u00fchrung mit anschlie\u00dfendem Austausch und einem Umtrunk ein.<\/p>\n<\/div>\n\n\n\n<div class=\"wp-block-column is-layout-flow wp-block-column-is-layout-flow\" style=\"flex-basis:15%\">\n<figure class=\"wp-block-image size-full\"><img loading=\"lazy\" decoding=\"async\" width=\"450\" height=\"335\" src=\"https:\/\/mairie-montataire.fr\/app\/uploads\/2024\/09\/Logo_GrainethequeAmap.jpg\" alt=\"\" class=\"wp-image-4268\" srcset=\"https:\/\/mairie-montataire.fr\/app\/uploads\/2024\/09\/Logo_GrainethequeAmap.jpg 450w, https:\/\/mairie-montataire.fr\/app\/uploads\/2024\/09\/Logo_GrainethequeAmap-300x223.jpg 300w, https:\/\/mairie-montataire.fr\/app\/uploads\/2024\/09\/Logo_GrainethequeAmap-16x12.jpg 16w\" sizes=\"auto, (max-width: 450px) 100vw, 450px\" \/><\/figure>\n<\/div>\n<\/div>\n\n\n\n<div style=\"height:19px\" aria-hidden=\"true\" class=\"wp-block-spacer\"><\/div>\n\n\n\n<div class=\"wp-block-uagb-separator uagb-block-5799be37\"><div class=\"wp-block-uagb-separator__inner\" style=\"--my-background-image:\"><\/div><\/div>\n\n\n\n<div class=\"wp-block-columns is-layout-flex wp-container-core-columns-is-layout-9d6595d7 wp-block-columns-is-layout-flex\">\n<div class=\"wp-block-column is-layout-flow wp-block-column-is-layout-flow\">\n<h3 class=\"wp-block-heading\">Kontakte zum Festival<\/h3>\n\n\n\n<p>\ud83c\udf10 <a href=\"https:\/\/www.alimenterre.org\/le-festival-alimenterre-0\" target=\"_blank\" rel=\"noreferrer noopener\">alimenterre.org<\/a><\/p>\n\n\n\n<p><a href=\"https:\/\/www.facebook.com\/festivalALIMENTERRE\" target=\"_blank\" rel=\"noreferrer noopener\"><img loading=\"lazy\" decoding=\"async\" width=\"60\" height=\"58\" class=\"wp-image-4481\" style=\"width: 60px;\" src=\"https:\/\/mairie-montataire.fr\/app\/uploads\/2024\/09\/Facebook.png\" alt=\"\" srcset=\"https:\/\/mairie-montataire.fr\/app\/uploads\/2024\/09\/Facebook.png 398w, https:\/\/mairie-montataire.fr\/app\/uploads\/2024\/09\/Facebook-300x292.png 300w, https:\/\/mairie-montataire.fr\/app\/uploads\/2024\/09\/Facebook-12x12.png 12w\" sizes=\"auto, (max-width: 60px) 100vw, 60px\" \/><\/a><a href=\"https:\/\/www.instagram.com\/festivalalimenterre\/\" target=\"_blank\" rel=\"noreferrer noopener\"><img loading=\"lazy\" decoding=\"async\" width=\"60\" height=\"58\" class=\"wp-image-4482\" style=\"width: 60px;\" src=\"https:\/\/mairie-montataire.fr\/app\/uploads\/2024\/09\/Instagram.png\" alt=\"\" srcset=\"https:\/\/mairie-montataire.fr\/app\/uploads\/2024\/09\/Instagram.png 399w, https:\/\/mairie-montataire.fr\/app\/uploads\/2024\/09\/Instagram-300x292.png 300w, https:\/\/mairie-montataire.fr\/app\/uploads\/2024\/09\/Instagram-12x12.png 12w\" sizes=\"auto, (max-width: 60px) 100vw, 60px\" \/><\/a><a href=\"https:\/\/www.youtube.com\/@remyberthier3405\" target=\"_blank\" rel=\"noreferrer noopener\"><\/a><\/p>\n<\/div>\n\n\n\n<div class=\"wp-block-column is-layout-flow wp-block-column-is-layout-flow\">\n<h3 class=\"wp-block-heading\">Palace-Kontakte<\/h3>\n\n\n\n<p><strong><a href=\"https:\/\/mairie-montataire.fr\/de\/aufbluhen\/der-palast\/\" target=\"_blank\" rel=\"noreferrer noopener\">Le Palace - Kulturabteilung<br><\/a><\/strong><a href=\"https:\/\/www.google.com\/maps\/dir\/\/8+bis+Rue+des+D%C3%A9port%C3%A9s,+60160+Montataire\/@49.2560594,2.3962432,13z\/data=!3m1!4b1!4m8!4m7!1m0!1m5!1m1!1s0x47e6497d005f6e8b:0xd4944e46ec7768c5!2m2!1d2.4375282!2d49.2560668?entry=ttu\" target=\"_blank\" rel=\"noreferrer noopener\">8 bis, rue des D\u00e9port\u00e9s - 60160 Montataire<\/a><br>Montag bis Freitag von 9 bis 12 Uhr und von 14 bis 17.30 Uhr<br><a href=\"tel:03 44 24 69 97\">03 44 24 69 97<\/a><br><a href=\"https:\/\/mairie-montataire.fr\/de\/online-antrage\/den-palast-kontaktieren\/\" target=\"_blank\" rel=\"noreferrer noopener\">Kontaktformular<\/a><\/p>\n<\/div>\n<\/div>\n\n\n\n<p><\/p>","protected":false},"featured_media":6568,"parent":0,"template":"","meta":{"_acf_changed":false,"_uag_custom_page_level_css":""},"event-theme":[76],"class_list":["post-6603","event","type-event","status-publish","has-post-thumbnail","hentry","event-theme-festival-films-et-debats"],"acf":[],"uagb_featured_image_src":{"full":["https:\/\/mairie-montataire.fr\/app\/uploads\/2025\/07\/Agenda_FestivalAlimenTERRE25.jpg",450,335,false],"thumbnail":["https:\/\/mairie-montataire.fr\/app\/uploads\/2025\/07\/Agenda_FestivalAlimenTERRE25-150x150.jpg",150,150,true],"medium":["https:\/\/mairie-montataire.fr\/app\/uploads\/2025\/07\/Agenda_FestivalAlimenTERRE25-300x223.jpg",300,223,true],"medium_large":["https:\/\/mairie-montataire.fr\/app\/uploads\/2025\/07\/Agenda_FestivalAlimenTERRE25.jpg",450,335,false],"large":["https:\/\/mairie-montataire.fr\/app\/uploads\/2025\/07\/Agenda_FestivalAlimenTERRE25.jpg",450,335,false],"1536x1536":["https:\/\/mairie-montataire.fr\/app\/uploads\/2025\/07\/Agenda_FestivalAlimenTERRE25.jpg",450,335,false],"2048x2048":["https:\/\/mairie-montataire.fr\/app\/uploads\/2025\/07\/Agenda_FestivalAlimenTERRE25.jpg",450,335,false],"trp-custom-language-flag":["https:\/\/mairie-montataire.fr\/app\/uploads\/2025\/07\/Agenda_FestivalAlimenTERRE25-16x12.jpg",16,12,true],"gform-image-choice-sm":["https:\/\/mairie-montataire.fr\/app\/uploads\/2025\/07\/Agenda_FestivalAlimenTERRE25.jpg",300,223,false],"gform-image-choice-md":["https:\/\/mairie-montataire.fr\/app\/uploads\/2025\/07\/Agenda_FestivalAlimenTERRE25.jpg",400,298,false],"gform-image-choice-lg":["https:\/\/mairie-montataire.fr\/app\/uploads\/2025\/07\/Agenda_FestivalAlimenTERRE25.jpg",450,335,false]},"uagb_author_info":{"display_name":"Laure Pubert","author_link":"https:\/\/mairie-montataire.fr\/de\/actualites\/author\/"},"uagb_comment_info":0,"uagb_excerpt":"Le festival AlimenTERRE n\u00e9 en 2007 est devenu l\u2019\u00e9v\u00e9nement incontournable pour pr\u00e9senter et comprendre les enjeux agricoles et alimentaires dans le monde.Impuls\u00e9 par le CFSI (Comit\u00e9 Fran\u00e7ais pour la Solidarit\u00e9 Internationale), le festival informe, sensibilise et donne envie d\u2019agir pour contribuer \u00e0 une alimentation durable en France et dans le monde.La grainoth\u00e8que Also et l\u2019Amap&hellip;","_links":{"self":[{"href":"https:\/\/mairie-montataire.fr\/de\/wp-json\/wp\/v2\/event\/6603","targetHints":{"allow":["GET"]}}],"collection":[{"href":"https:\/\/mairie-montataire.fr\/de\/wp-json\/wp\/v2\/event"}],"about":[{"href":"https:\/\/mairie-montataire.fr\/de\/wp-json\/wp\/v2\/types\/event"}],"wp:featuredmedia":[{"embeddable":true,"href":"https:\/\/mairie-montataire.fr\/de\/wp-json\/wp\/v2\/media\/6568"}],"wp:attachment":[{"href":"https:\/\/mairie-montataire.fr\/de\/wp-json\/wp\/v2\/media?parent=6603"}],"wp:term":[{"taxonomy":"event-theme","embeddable":true,"href":"https:\/\/mairie-montataire.fr\/de\/wp-json\/wp\/v2\/event-theme?post=6603"}],"curies":[{"name":"wp","href":"https:\/\/api.w.org\/{rel}","templated":true}]}}