{"id":6428,"date":"2025-07-03T13:21:25","date_gmt":"2025-07-03T13:21:25","guid":{"rendered":"https:\/\/mairie-montataire.fr\/?post_type=event&#038;p=6428"},"modified":"2025-07-18T09:06:54","modified_gmt":"2025-07-18T09:06:54","slug":"der-tisch-der-menschheit","status":"publish","type":"event","link":"https:\/\/mairie-montataire.fr\/de\/agenda\/rencontres\/la-table-de-lhumanite\/","title":{"rendered":"Der Tisch der Menschheit"},"content":{"rendered":"<p>Gemeinsames Essen mit regionalen kulinarischen Spezialit\u00e4ten, Dessertstand von Sommerfreiwilligen, Sensibilisierungsausstellung<br>\u00fcber das Sortieren Der B\u00fccherbus und seine gro\u00dfen Spiele Musikalische Untermalung mit Le Bal \u00e0 chanter des Kollektivs Le Grand Pop<\/p>\n\n\n<div class=\"highlight\">\n                <div class=\"highlight__description\"><p style=\"text-align: center;\"><strong>Bringen Sie ruhig Getr\u00e4nke (neu und verschlossen) mit.<\/strong><\/p>\n<p style=\"text-align: center;\"><span style=\"color: #ff0000;\"><strong>Achtung keine selbstgemachten und keine alkoholischen Getr\u00e4nke.<\/strong><\/span><\/p>\n<\/div>\n    <\/div>\n\n\n<div style=\"height:56px\" aria-hidden=\"true\" class=\"wp-block-spacer\"><\/div>\n\n\n\n<div class=\"wp-block-uagb-separator uagb-block-1b39294a\"><div class=\"uagb-separator-spacing-wrapper\"><div class=\"wp-block-uagb-separator__inner\" style=\"--my-background-image:\"><\/div><\/div><\/div>\n\n\n\n<p>Im Rahmen von Quartiers d'\u00e9t\u00e9 2025.<\/p>\n\n\n\n<div class=\"wp-block-uagb-buttons uagb-buttons__outer-wrap uagb-btn__default-btn uagb-btn-tablet__default-btn uagb-btn-mobile__default-btn uagb-block-bc33e191\"><div class=\"uagb-buttons__wrap uagb-buttons-layout-wrap\">\n<div class=\"wp-block-uagb-buttons-child uagb-buttons__outer-wrap uagb-block-88b40543 wp-block-button\"><div class=\"uagb-button__wrapper\"><a class=\"uagb-buttons-repeater wp-block-button__link\" aria-label=\"\" href=\"https:\/\/mairie-montataire.fr\/de\/app\/uploads\/2025\/06\/QE2025-progA5-BD.pdf\/\" rel=\"follow noopener\" target=\"_blank\" role=\"button\"><div class=\"uagb-button__link\">Das gesamte Programm der Quartiers d'\u00e9t\u00e9 finden Sie hier!<\/div><\/a><\/div><\/div>\n<\/div><\/div>\n\n\n\n<div style=\"height:12px\" aria-hidden=\"true\" class=\"wp-block-spacer\"><\/div>\n\n\n\n<p>Eine Veranstaltung mit der Unterst\u00fctzung der Region Hauts-de-France, der Nationalagentur f\u00fcr den Zusammenhalt der Gebiete, der Pr\u00e4fektin des Departements Oise, des Departements Oise, des Kultursommers 2025, der CAF, Oise habitat, S.A. HLM du d\u00e9partement de l'Oise und der Gruppe habitat en r\u00e9gion.<\/p>","protected":false},"featured_media":6385,"parent":0,"template":"","meta":{"_acf_changed":true,"_uag_custom_page_level_css":""},"event-theme":[78],"class_list":["post-6428","event","type-event","status-publish","has-post-thumbnail","hentry","event-theme-rencontres"],"acf":[],"uagb_featured_image_src":{"full":["https:\/\/mairie-montataire.fr\/app\/uploads\/2025\/06\/Agenda_Tabledulhumanite25.jpg",450,335,false],"thumbnail":["https:\/\/mairie-montataire.fr\/app\/uploads\/2025\/06\/Agenda_Tabledulhumanite25-150x150.jpg",150,150,true],"medium":["https:\/\/mairie-montataire.fr\/app\/uploads\/2025\/06\/Agenda_Tabledulhumanite25-300x223.jpg",300,223,true],"medium_large":["https:\/\/mairie-montataire.fr\/app\/uploads\/2025\/06\/Agenda_Tabledulhumanite25.jpg",450,335,false],"large":["https:\/\/mairie-montataire.fr\/app\/uploads\/2025\/06\/Agenda_Tabledulhumanite25.jpg",450,335,false],"1536x1536":["https:\/\/mairie-montataire.fr\/app\/uploads\/2025\/06\/Agenda_Tabledulhumanite25.jpg",450,335,false],"2048x2048":["https:\/\/mairie-montataire.fr\/app\/uploads\/2025\/06\/Agenda_Tabledulhumanite25.jpg",450,335,false],"trp-custom-language-flag":["https:\/\/mairie-montataire.fr\/app\/uploads\/2025\/06\/Agenda_Tabledulhumanite25-16x12.jpg",16,12,true],"gform-image-choice-sm":["https:\/\/mairie-montataire.fr\/app\/uploads\/2025\/06\/Agenda_Tabledulhumanite25.jpg",300,223,false],"gform-image-choice-md":["https:\/\/mairie-montataire.fr\/app\/uploads\/2025\/06\/Agenda_Tabledulhumanite25.jpg",400,298,false],"gform-image-choice-lg":["https:\/\/mairie-montataire.fr\/app\/uploads\/2025\/06\/Agenda_Tabledulhumanite25.jpg",450,335,false]},"uagb_author_info":{"display_name":"Laure Pubert","author_link":"https:\/\/mairie-montataire.fr\/de\/actualites\/author\/"},"uagb_comment_info":0,"uagb_excerpt":"Repas collectif faisant honneur aux sp\u00e9cialit\u00e9s culinaires r\u00e9gionales, stand de desserts tenu par les b\u00e9n\u00e9voles de l\u2019\u00e9t\u00e9, Exposition de sensibilisationconcernant le tri Le bibliobus et ses grands jeux Ambiance musicale avec Le Bal \u00e0 chanter du collectif Le Grand Pop Dans le cadre des Quartiers d&rsquo;\u00e9t\u00e9 2025. Un \u00e9v\u00e9nement organis\u00e9 avec le soutien de la&hellip;","_links":{"self":[{"href":"https:\/\/mairie-montataire.fr\/de\/wp-json\/wp\/v2\/event\/6428","targetHints":{"allow":["GET"]}}],"collection":[{"href":"https:\/\/mairie-montataire.fr\/de\/wp-json\/wp\/v2\/event"}],"about":[{"href":"https:\/\/mairie-montataire.fr\/de\/wp-json\/wp\/v2\/types\/event"}],"wp:featuredmedia":[{"embeddable":true,"href":"https:\/\/mairie-montataire.fr\/de\/wp-json\/wp\/v2\/media\/6385"}],"wp:attachment":[{"href":"https:\/\/mairie-montataire.fr\/de\/wp-json\/wp\/v2\/media?parent=6428"}],"wp:term":[{"taxonomy":"event-theme","embeddable":true,"href":"https:\/\/mairie-montataire.fr\/de\/wp-json\/wp\/v2\/event-theme?post=6428"}],"curies":[{"name":"wp","href":"https:\/\/api.w.org\/{rel}","templated":true}]}}