{"id":6218,"date":"2025-05-16T14:44:19","date_gmt":"2025-05-16T14:44:19","guid":{"rendered":"https:\/\/mairie-montataire.fr\/?post_type=event&#038;p=6218"},"modified":"2025-06-02T13:10:19","modified_gmt":"2025-06-02T13:10:19","slug":"finale-der-basketball-cups-von-loise","status":"publish","type":"event","link":"https:\/\/mairie-montataire.fr\/de\/agenda\/evenement\/finales-des-coupes-de-loise-de-basket\/","title":{"rendered":"Finale der Basketball-Cups des Departements Oise"},"content":{"rendered":"<p>Basketballbegeisterte treffen sich in Montataire zu einem <strong>sportliches Gro\u00dfereignis<\/strong> : die <strong>Finale der Basketball-Cups des Departements Oise<\/strong> finden statt vom <strong>Freitag, 6. bis Sonntag, 8. Juni 2025<\/strong> unter <strong>Marcel-Coene-Stadion<\/strong> mit dem <a href=\"https:\/\/mairie-montataire.fr\/de\/verzeichnisse\/vereine-2\/sport\/montataire-basketball-mbb\/\">Montataire Basket-Ball<\/a>. <\/p>\n\n\n\n<p>Drei Tage lang werden die besten Mannschaften des Departements in einer aufgeladenen Atmosph\u00e4re auf dem Parkett gegeneinander antreten. Intensive Spiele, gutes Spiel, Emotionen und ein echtes Sportfest f\u00fcr Gro\u00df und Klein!<\/p>\n\n\n\n<h2 class=\"wp-block-heading has-text-align-center\"><strong>PROGRAMM<\/strong><\/h2>\n\n\n\n<div class=\"wp-block-columns is-layout-flex wp-container-core-columns-is-layout-9d6595d7 wp-block-columns-is-layout-flex\">\n<div class=\"wp-block-column is-layout-flow wp-block-column-is-layout-flow\">\n<h3 class=\"wp-block-heading has-text-align-center\">Freitag, 6. Juni<\/h3>\n\n\n\n<p class=\"has-text-align-center\"><strong>U13 M\u00e4nnlich<br><\/strong>um 19 Uhr<strong><br><\/strong>Mouy Basket - Beauvais BCO<\/p>\n\n\n\n<hr class=\"wp-block-separator aligncenter has-alpha-channel-opacity\"\/>\n\n\n\n<p class=\"has-text-align-center\"><strong>M\u00e4nnliche Senioren (SM)<\/strong><br><strong>(Wattelier) <br><\/strong>um 21 Uhr<br>ASCC Margny - US Cr\u00e9py en Valois <\/p>\n<\/div>\n\n\n\n<div class=\"wp-block-column is-layout-flow wp-block-column-is-layout-flow\">\n<h3 class=\"wp-block-heading has-text-align-center\">Samstag, 7. Juni<\/h3>\n\n\n\n<p class=\"has-text-align-center\"><strong>U13 weiblich<\/strong><br> um 10 Uhr<br>Montataire BB - Stade Compi\u00e9gnois<\/p>\n\n\n\n<hr class=\"wp-block-separator aligncenter has-alpha-channel-opacity\"\/>\n\n\n\n<p class=\"has-text-align-center\"><strong>U15 weiblich<\/strong><br> bei 12h<br>Stade Compi\u00e9gnois - Beauvais BCO<\/p>\n\n\n\n<hr class=\"wp-block-separator aligncenter has-alpha-channel-opacity\"\/>\n\n\n\n<p class=\"has-text-align-center\"><strong>U15 M\u00e4nnlich<br><\/strong>um 14:15 Uhr<br>Nogent BBC - US Cr\u00e9py en Valois<\/p>\n\n\n\n<hr class=\"wp-block-separator aligncenter has-alpha-channel-opacity\"\/>\n\n\n\n<p class=\"has-text-align-center\"><strong>U18 weiblich<br><\/strong>um 16:30 Uhr<br>BB La Croix - Nogent BBC<\/p>\n\n\n\n<hr class=\"wp-block-separator aligncenter has-alpha-channel-opacity\"\/>\n\n\n\n<p class=\"has-text-align-center\"><strong>U17 M\u00e4nnlich<br><\/strong>um 18:45 Uhr<br>ASCC Margny - Gouvieux basketball Oise<\/p>\n\n\n\n<hr class=\"wp-block-separator aligncenter has-alpha-channel-opacity\"\/>\n\n\n\n<p class=\"has-text-align-center\"><strong>U20 M\u00e4nnlich<br><\/strong>um 21 Uhr<br>US Cr\u00e9py en Valois - ASCC Margny<\/p>\n<\/div>\n\n\n\n<div class=\"wp-block-column is-layout-flow wp-block-column-is-layout-flow\">\n<h3 class=\"wp-block-heading has-text-align-center\">Sonntag, 8. Juni<\/h3>\n\n\n\n<p class=\"has-text-align-center\"><strong>Seniorinnen (SF)<\/strong><br><strong>(Nicole Masson)<br><\/strong>um 10 Uhr<br>Montataire BB - CS2P<\/p>\n\n\n\n<hr class=\"wp-block-separator aligncenter has-alpha-channel-opacity\"\/>\n\n\n\n<p class=\"has-text-align-center\"><strong>M\u00e4nnliche Senioren (SM)<\/strong><br><strong>(Vincent Janssen)<br><\/strong>um 12:15 Uhr<br>BC Coye la for\u00eat - Noailles BBA<\/p>\n\n\n\n<hr class=\"wp-block-separator aligncenter has-alpha-channel-opacity\"\/>\n\n\n\n<p class=\"has-text-align-center\"><strong><strong>Seniorinnen (SF)<\/strong><\/strong><br><strong>(Mich\u00e8le Guizard)<br><\/strong>um 14:30 Uhr<br>BB La Croix - Stade Compi\u00e9gnois<\/p>\n\n\n\n<hr class=\"wp-block-separator aligncenter has-alpha-channel-opacity\"\/>\n\n\n\n<p class=\"has-text-align-center\"><strong>M\u00e4nnliche Senioren (SM)<\/strong><br><strong>(Michel Hoyez)<br><\/strong>um 16:45 Uhr<br>Gouvieux Basket Oise - US Cr\u00e9py en Valois<\/p>\n<\/div>\n<\/div>","protected":false},"featured_media":6219,"parent":0,"template":"","meta":{"_acf_changed":false,"_uag_custom_page_level_css":""},"event-theme":[88],"class_list":["post-6218","event","type-event","status-publish","has-post-thumbnail","hentry","event-theme-evenement"],"acf":[],"uagb_featured_image_src":{"full":["https:\/\/mairie-montataire.fr\/app\/uploads\/2025\/05\/Agenda_Finalesdescoupesdeloisebasket-1.jpg",450,335,false],"thumbnail":["https:\/\/mairie-montataire.fr\/app\/uploads\/2025\/05\/Agenda_Finalesdescoupesdeloisebasket-1-150x150.jpg",150,150,true],"medium":["https:\/\/mairie-montataire.fr\/app\/uploads\/2025\/05\/Agenda_Finalesdescoupesdeloisebasket-1-300x223.jpg",300,223,true],"medium_large":["https:\/\/mairie-montataire.fr\/app\/uploads\/2025\/05\/Agenda_Finalesdescoupesdeloisebasket-1.jpg",450,335,false],"large":["https:\/\/mairie-montataire.fr\/app\/uploads\/2025\/05\/Agenda_Finalesdescoupesdeloisebasket-1.jpg",450,335,false],"1536x1536":["https:\/\/mairie-montataire.fr\/app\/uploads\/2025\/05\/Agenda_Finalesdescoupesdeloisebasket-1.jpg",450,335,false],"2048x2048":["https:\/\/mairie-montataire.fr\/app\/uploads\/2025\/05\/Agenda_Finalesdescoupesdeloisebasket-1.jpg",450,335,false],"trp-custom-language-flag":["https:\/\/mairie-montataire.fr\/app\/uploads\/2025\/05\/Agenda_Finalesdescoupesdeloisebasket-1-16x12.jpg",16,12,true],"gform-image-choice-sm":["https:\/\/mairie-montataire.fr\/app\/uploads\/2025\/05\/Agenda_Finalesdescoupesdeloisebasket-1.jpg",300,223,false],"gform-image-choice-md":["https:\/\/mairie-montataire.fr\/app\/uploads\/2025\/05\/Agenda_Finalesdescoupesdeloisebasket-1.jpg",400,298,false],"gform-image-choice-lg":["https:\/\/mairie-montataire.fr\/app\/uploads\/2025\/05\/Agenda_Finalesdescoupesdeloisebasket-1.jpg",450,335,false]},"uagb_author_info":{"display_name":"Laure Pubert","author_link":"https:\/\/mairie-montataire.fr\/de\/actualites\/author\/"},"uagb_comment_info":0,"uagb_excerpt":"Les passionn\u00e9s de basket ont rendez-vous \u00e0 Montataire pour un \u00e9v\u00e9nement sportif majeur : les Finales des Coupes de l\u2019Oise de Basket se tiendront du vendredi 6 au dimanche 8 juin 2025 au Stade Marcel Coene avec le Montataire Basket-Ball. Pendant 3 jours, les meilleures \u00e9quipes du d\u00e9partement s\u2019affronteront sur le parquet dans une ambiance&hellip;","_links":{"self":[{"href":"https:\/\/mairie-montataire.fr\/de\/wp-json\/wp\/v2\/event\/6218","targetHints":{"allow":["GET"]}}],"collection":[{"href":"https:\/\/mairie-montataire.fr\/de\/wp-json\/wp\/v2\/event"}],"about":[{"href":"https:\/\/mairie-montataire.fr\/de\/wp-json\/wp\/v2\/types\/event"}],"wp:featuredmedia":[{"embeddable":true,"href":"https:\/\/mairie-montataire.fr\/de\/wp-json\/wp\/v2\/media\/6219"}],"wp:attachment":[{"href":"https:\/\/mairie-montataire.fr\/de\/wp-json\/wp\/v2\/media?parent=6218"}],"wp:term":[{"taxonomy":"event-theme","embeddable":true,"href":"https:\/\/mairie-montataire.fr\/de\/wp-json\/wp\/v2\/event-theme?post=6218"}],"curies":[{"name":"wp","href":"https:\/\/api.w.org\/{rel}","templated":true}]}}