{"id":5689,"date":"2025-02-11T08:31:41","date_gmt":"2025-02-11T08:31:41","guid":{"rendered":"https:\/\/mairie-montataire.fr\/?post_type=event&#038;p=5689"},"modified":"2025-02-11T08:31:42","modified_gmt":"2025-02-11T08:31:42","slug":"frauengesundheitstag","status":"publish","type":"event","link":"https:\/\/mairie-montataire.fr\/de\/agenda\/evenement\/journee-sante-des-femmes\/","title":{"rendered":"Frauengesundheitstag"},"content":{"rendered":"<p>Die Caisse Primaire d'Assurance Maladie (CPAM) organisiert am Freitag, den 7. M\u00e4rz, einen Frauengesundheitstag mit Informations- und Sensibilisierungsaktionen zu den Gesundheitsproblemen von Frauen.<\/p>\n\n\n\n<p>Obwohl sie im Durchschnitt l\u00e4nger leben als M\u00e4nner, bleiben sie von den gro\u00dfen Herausforderungen der \u00f6ffentlichen Gesundheit, die unsere Gesellschaft betreffen, nicht verschont (Tabak, Alkohol, chronische Krankheiten ...).<br>Sie m\u00fcssen sich auch mit besonderen Herausforderungen auseinandersetzen, z. B. mit Krankheiten, die sie direkt betreffen (Geb\u00e4rmutterhalskrebs, Brustkrebs), dem Zugang zu Verh\u00fctungsmitteln, Stress, Angstzust\u00e4nden, Essst\u00f6rungen, Verzicht auf Gesundheitsversorgung usw.<br>Dies sind alles Themen, zu denen die CPAM de l'Oise Informationen, Aufkl\u00e4rung und Unterst\u00fctzung bei der Gesundheitsversorgung von Frauen anbieten m\u00f6chte.<\/p>\n\n\n\n<h2 class=\"wp-block-heading\">Programmierung<\/h2>\n\n\n\n<h3 class=\"wp-block-heading\">Ern\u00e4hrung und k\u00f6rperliche Aktivit\u00e4t<\/h3>\n\n\n\n<ul style=\"font-style:normal;font-weight:400\" class=\"wp-block-list\">\n<li style=\"font-style:normal;font-weight:400\">Alles \u00fcber eine ausgewogene Ern\u00e4hrung, dank der Ratschl\u00e4ge einer Ern\u00e4hrungsberaterin des WSA.<\/li>\n\n\n\n<li style=\"font-style:normal;font-weight:400\">Animation \"v\u00e9lo-smoothie\" und Sitzmassage, durch den Verein <a href=\"https:\/\/www.facebook.com\/PerspectivesVSlecancer\/?locale=fr_FR\" target=\"_blank\" rel=\"noreferrer noopener\">Perspektiven gegen Krebs<\/a>.<\/li>\n<\/ul>\n\n\n\n<h3 class=\"wp-block-heading\">F\u00f6rderung von Krebsvorsorgeuntersuchungen<\/h3>\n\n\n\n<ul style=\"font-style:normal;font-weight:400\" class=\"wp-block-list\">\n<li style=\"font-style:normal;font-weight:400\">Workshop zum Thema Was ist Krebs, geleitet von <a href=\"https:\/\/www.ligue-cancer.net\/60-oise\" target=\"_blank\" rel=\"noreferrer noopener\">Die Krebsliga<\/a><\/li>\n\n\n\n<li style=\"font-style:normal;font-weight:400\">Alles \u00fcber die Vorsorgeuntersuchungen f\u00fcr Brust-, Geb\u00e4rmutterhals- und Darmkrebs erfahren, dank der Beratung durch die Referenten des Vereins. <a href=\"https:\/\/www.facebook.com\/PerspectivesVSlecancer\/?locale=fr_FR\" target=\"_blank\" rel=\"noreferrer noopener\">Perspektiven gegen Krebs<\/a>.<\/li>\n\n\n\n<li style=\"font-style:normal;font-weight:400\">Aush\u00e4ndigung des Screening-Kits f\u00fcr Darmkrebs durch einen Arzt des WSA.<\/li>\n\n\n\n<li style=\"font-style:normal;font-weight:400\">Durchf\u00fchrung eines Pap-Tests zur Fr\u00fcherkennung von Geb\u00e4rmutterhalskrebs durch einen Arzt des WSA oder des <a href=\"https:\/\/oise.fr\/actions\/sante-social-solidarite\/enfance-famille\/centre-de-planification-et-deducation-familiale\" target=\"_blank\" rel=\"noreferrer noopener\">CPEF<\/a>.<\/li>\n\n\n\n<li style=\"font-style:normal;font-weight:400\">Workshop zum Thema Selbstbefriedigung, geleitet von einer Referentin des Vereins <a href=\"https:\/\/mairie-montataire.fr\/de\/verzeichnisse\/vereine-2\/solidaritat\/hygie\/\" target=\"_blank\" rel=\"noreferrer noopener\">HYGIE<\/a>.<\/li>\n<\/ul>\n\n\n\n<h3 class=\"wp-block-heading\">Gef\u00fchls- und Sexualleben<\/h3>\n\n\n\n<ul style=\"font-style:normal;font-weight:400\" class=\"wp-block-list\">\n<li style=\"font-style:normal;font-weight:400\">Alles \u00fcber Verh\u00fctung, sexuell \u00fcbertragbare Krankheiten (STD), dank der Beratung durch eine Beraterin und einen Arzt des <a href=\"https:\/\/www.sante.fr\/centre-de-sante-sexuelle\/creil\/cpef-cd60-creil\" target=\"_blank\" rel=\"noreferrer noopener\">Centre de Planification et d'\u00c9ducation Familiale (Zentrum f\u00fcr Familienplanung und -erziehung) in Creil<\/a>.<\/li>\n\n\n\n<li style=\"font-style:normal;font-weight:400\">Alles \u00fcber das Testen auf HIV (Human Immunodeficiency Virus) und STI (Sexually Transmitted Infections) mithilfe der Ratschl\u00e4ge eines ESC-Arztes.<\/li>\n<\/ul>\n\n\n\n<h3 class=\"wp-block-heading\">Impfung<\/h3>\n\n\n\n<ul style=\"font-style:normal;font-weight:400\" class=\"wp-block-list\">\n<li style=\"font-style:normal;font-weight:400\">Alles \u00fcber Impfungen, insbesondere gegen HPV (Humanes Papillomavirus), mithilfe der Ratschl\u00e4ge eines WSA-Arztes.<\/li>\n<\/ul>\n\n\n\n<h3 class=\"wp-block-heading\">Gewalt (in der Ehe, am Arbeitsplatz...)<\/h3>\n\n\n\n<ul style=\"font-style:normal;font-weight:400\" class=\"wp-block-list\">\n<li style=\"font-style:normal;font-weight:400\">Hier erfahren Sie alles \u00fcber Ihre Rechte in Bezug auf die verschiedenen Formen von Gewalt (psychische Gewalt, Gewalt in der Ehe, Gewalt am Arbeitsplatz usw.). <a href=\"https:\/\/fncidff.info\/\" target=\"_blank\" rel=\"noreferrer noopener\">Centre d'Information sur les Droits de Femmes et des Familles (CIDFF) (Informationszentrum f\u00fcr Frauen- und Familienrechte)<\/a>.<\/li>\n<\/ul>\n\n\n\n<h3 class=\"wp-block-heading\">Zugang zu Rechten und Versorgung<\/h3>\n\n\n\n<ul style=\"font-style:normal;font-weight:400\" class=\"wp-block-list\">\n<li style=\"font-style:normal;font-weight:400\">Alles \u00fcber die Rechte auf Gesundheitserg\u00e4nzungsleistungen und die Gesundheitskarte erfahren, dank des <a href=\"https:\/\/www.ameli.fr\/etablissement\/exercice-professionnel\/services-patient\/difficultes-d-acces-aux-droits-et-aux-soins#:~:text=Un%20conseiller%20accompagnement%20sant%C3%A9%20de,aide%20%C3%A0%20trouver%20des%20solutions.\" target=\"_blank\" rel=\"noreferrer noopener\">Berater Mission Accompagnement Sant\u00e9 de l'Assurance Maladie (Berater Mission Gesundheitsbegleitung der Krankenversicherung)<\/a>.<\/li>\n<\/ul>\n\n\n\n<h3 class=\"wp-block-heading\">S\u00fcchte (Tabak, Alkohol)<\/h3>\n\n\n\n<ul style=\"font-style:normal;font-weight:400\" class=\"wp-block-list\">\n<li style=\"font-style:normal;font-weight:400\">Alles \u00fcber die Raucherentw\u00f6hnung, das Aufh\u00f6ren mit Tabak und Alkohol, dank der Ratschl\u00e4ge der Krankenschwester und Gesundheitsreferentin des WSA.<\/li>\n<\/ul>\n\n\n\n<h3 class=\"wp-block-heading\">Chronische Krankheiten<\/h3>\n\n\n\n<ul style=\"font-style:normal;font-weight:400\" class=\"wp-block-list\">\n<li style=\"font-style:normal;font-weight:400\">Alles \u00fcber das Diabetes-Screening, dank der Ratschl\u00e4ge einer Krankenschwester des WSA.<\/li>\n\n\n\n<li style=\"font-style:normal;font-weight:400\">Diagnose chronischer Krankheiten durch Blutdruckmessung und Kapillarglukosetest, die von einer Krankenschwester des WSA durchgef\u00fchrt werden.<\/li>\n<\/ul>\n\n\n\n<h3 class=\"wp-block-heading\">Mund- und Zahnpflege<\/h3>\n\n\n\n<ul style=\"font-style:normal;font-weight:400\" class=\"wp-block-list\">\n<li style=\"font-style:normal;font-weight:400\">Sensibilisierung, Mundscreening durch den Zahnarzt des WSA.<\/li>\n<\/ul>\n\n\n\n<h3 class=\"wp-block-heading\">Umweltgesundheit<\/h3>\n\n\n\n<ul style=\"font-style:normal;font-weight:400\" class=\"wp-block-list\">\n<li style=\"font-style:normal;font-weight:400\">Information, Sensibilisierung \u00fcber Schadstoffe und endokrine Disruptoren.<\/li>\n<\/ul>\n\n\n\n<h2 class=\"wp-block-heading\">Kontakte ihrer Partner<\/h2>\n\n\n\n<div class=\"wp-block-uagb-container uagb-block-5a5239ed alignfull uagb-is-root-container\"><div class=\"uagb-container-inner-blocks-wrap\">\n<div class=\"wp-block-uagb-container uagb-block-4116d94d\">\n<p>Verein Perspektiven gegen Krebs<br><a href=\"https:\/\/www.google.com\/maps\/dir\/\/17+Rue+du+Pr%C3%A9+Martinet,+60000+Beauvais\/@49.4287745,2.0514784,13z\/data=!4m9!4m8!1m0!1m5!1m1!1s0x47e706d5239c199d:0x2659f19ad735d756!2m2!1d2.0926776!2d49.428726!3e0?authuser=0&amp;entry=ttu&amp;g_ep=EgoyMDI1MDIwNS4xIKXMDSoASAFQAw%3D%3D\" target=\"_blank\" rel=\"noreferrer noopener\">17 rue du Pr\u00e9 Martinet in Beauvais<\/a><br><a href=\"tel:0688578428\">06 88 57 84 28<\/a><\/p>\n<\/div>\n\n\n\n<div class=\"wp-block-uagb-container uagb-block-ef78a4a7\">\n<p>Die Krebsliga des Departements Oise<br><a href=\"https:\/\/www.google.com\/maps\/dir\/\/52+Av.+de+la+R%C3%A9publique,+60000+Beauvais\/@49.4268675,2.0443777,13z\/data=!3m1!4b1!4m9!4m8!1m0!1m5!1m1!1s0x47e7012d3cca7a3b:0x65edda3b8b408732!2m2!1d2.0855769!2d49.426819!3e0?authuser=0&amp;entry=ttu&amp;g_ep=EgoyMDI1MDIwNS4xIKXMDSoASAFQAw%3D%3D\" target=\"_blank\" rel=\"noreferrer noopener\">52 avenue de la R\u00e9publique in Beauvais<\/a><br><a href=\"tel:0344155050\">03 44 15 50 50<\/a><\/p>\n<\/div>\n\n\n\n<div class=\"wp-block-uagb-container uagb-block-193f1c12\">\n<p>Association pour la Pr\u00e9vention de la Pollution Atmosph\u00e9rique (APPA) (Verein zur Verhinderung der Luftverschmutzung)<br><a href=\"https:\/\/www.google.com\/maps\/dir\/\/Parc+Eurasant%C3%A9+-+235+avenue+de+la+Recherche+59120+LOOS\/@50.6033306,2.9503028,12z\/data=!4m2!4m1!3e0?authuser=0&amp;entry=ttu&amp;g_ep=EgoyMDI1MDIwNS4xIKXMDSoASAFQAw%3D%3D\" target=\"_blank\" rel=\"noreferrer noopener\">Parc Eurasant\u00e9 - 235 avenue de la Recherche<br>59120 LOOS<\/a><br><a href=\"tel:0320218742\">03 20 21 87 42<\/a><\/p>\n<\/div>\n\n\n\n<div class=\"wp-block-uagb-container uagb-block-fddbfc7b\">\n<p>Centre de Planification et d'\u00c9ducation Familiale (Zentrum f\u00fcr Familienplanung und -erziehung)<br><a href=\"https:\/\/www.google.com\/maps\/dir\/\/6+Rue+du+G%C3%A9n%C3%A9ral+Leclerc,+60100+Creil\/@49.254595,2.4309764,13z\/data=!4m9!4m8!1m0!1m5!1m1!1s0x47e649f45a11e833:0xb8def82a141d97f6!2m2!1d2.4721756!2d49.2545463!3e0?authuser=0&amp;entry=ttu&amp;g_ep=EgoyMDI1MDIwNS4xIKXMDSoASAFQAw%3D%3D\" target=\"_blank\" rel=\"noreferrer noopener\">6 rue G\u00e9n\u00e9ral Leclerc in Creil<\/a><br><a href=\"tel:0344104670\">03 44 10 46 70<\/a><\/p>\n<\/div>\n\n\n\n<div class=\"wp-block-uagb-container uagb-block-f6deb019\">\n<p>Verein HYGIE :<br><a href=\"https:\/\/www.google.com\/maps\/dir\/\/Complexe+Sportif+Marcel+Coene,+1+Av.+Guy+M%C3%B4quet,+60160+Montataire\/@49.2578627,2.4273194,17.25z\/data=!4m9!4m8!1m0!1m5!1m1!1s0x47e64963d3dd487f:0xb2310e33413ee1de!2m2!1d2.4309662!2d49.2551994!3e0?authuser=0&amp;entry=ttu&amp;g_ep=EgoyMDI1MDIwNS4xIKXMDSoASAFQAw%3D%3D\" target=\"_blank\" rel=\"noreferrer noopener\">Stade Marcel Coene - Avenue Guy M\u00f4quet in Montataire<\/a><br><a href=\"tel:0665769585\">06 65 76 95 85<\/a><\/p>\n<\/div>\n\n\n\n<div class=\"wp-block-uagb-container uagb-block-cc3fe9ec\">\n<p>Centre D'information sur les Droits des Femmes (Informationszentrum f\u00fcr Frauenrechte)<br>und Familie :<br><a href=\"https:\/\/www.google.com\/maps\/dir\/\/35+Rue+du+General+Leclerc,+60000+Beauvais\/@49.434052,2.0725604,17z\/data=!4m9!4m8!1m0!1m5!1m1!1s0x47e706c99ea882bd:0x8e39d6ef53bc5ce5!2m2!1d2.0751353!2d49.4340485!3e0?authuser=0&amp;entry=ttu&amp;g_ep=EgoyMDI1MDIwNS4xIKXMDSoASAFQAw%3D%3D\" target=\"_blank\" rel=\"noreferrer noopener\">35 rue du G\u00e9n\u00e9ral Leclerc in Beauvais<\/a><br><a href=\"tel:0344157412\">03 44 15 74 12<\/a><\/p>\n<\/div>\n<\/div><\/div>\n\n\n\n<p><\/p>","protected":false},"featured_media":5690,"parent":0,"template":"","meta":{"_acf_changed":true,"_uag_custom_page_level_css":""},"event-theme":[88],"class_list":["post-5689","event","type-event","status-publish","has-post-thumbnail","hentry","event-theme-evenement"],"acf":[],"uagb_featured_image_src":{"full":["https:\/\/mairie-montataire.fr\/app\/uploads\/2025\/02\/Agenda_JourneeSanteFemmes.jpg",450,335,false],"thumbnail":["https:\/\/mairie-montataire.fr\/app\/uploads\/2025\/02\/Agenda_JourneeSanteFemmes-150x150.jpg",150,150,true],"medium":["https:\/\/mairie-montataire.fr\/app\/uploads\/2025\/02\/Agenda_JourneeSanteFemmes-300x223.jpg",300,223,true],"medium_large":["https:\/\/mairie-montataire.fr\/app\/uploads\/2025\/02\/Agenda_JourneeSanteFemmes.jpg",450,335,false],"large":["https:\/\/mairie-montataire.fr\/app\/uploads\/2025\/02\/Agenda_JourneeSanteFemmes.jpg",450,335,false],"1536x1536":["https:\/\/mairie-montataire.fr\/app\/uploads\/2025\/02\/Agenda_JourneeSanteFemmes.jpg",450,335,false],"2048x2048":["https:\/\/mairie-montataire.fr\/app\/uploads\/2025\/02\/Agenda_JourneeSanteFemmes.jpg",450,335,false],"trp-custom-language-flag":["https:\/\/mairie-montataire.fr\/app\/uploads\/2025\/02\/Agenda_JourneeSanteFemmes-16x12.jpg",16,12,true],"gform-image-choice-sm":["https:\/\/mairie-montataire.fr\/app\/uploads\/2025\/02\/Agenda_JourneeSanteFemmes-300x300.jpg",300,300,true],"gform-image-choice-md":["https:\/\/mairie-montataire.fr\/app\/uploads\/2025\/02\/Agenda_JourneeSanteFemmes-400x335.jpg",400,335,true],"gform-image-choice-lg":["https:\/\/mairie-montataire.fr\/app\/uploads\/2025\/02\/Agenda_JourneeSanteFemmes.jpg",450,335,false]},"uagb_author_info":{"display_name":"Laure Pubert","author_link":"https:\/\/mairie-montataire.fr\/de\/actualites\/author\/"},"uagb_comment_info":0,"uagb_excerpt":"La Caisse Primaire d&rsquo;Assurance Maladie (CPAM) organise une journ\u00e9e sant\u00e9 des femmes le vendredi 7 mars avec des actions d\u2019information et de sensibilisation sur les probl\u00e9matiques de sant\u00e9 des femmes. Bien que celles-ci vivent en moyenne plus longtemps que les hommes, elles ne sont pas \u00e9pargn\u00e9es par les d\u00e9fis majeurs de sant\u00e9 publique qui touchent&hellip;","_links":{"self":[{"href":"https:\/\/mairie-montataire.fr\/de\/wp-json\/wp\/v2\/event\/5689","targetHints":{"allow":["GET"]}}],"collection":[{"href":"https:\/\/mairie-montataire.fr\/de\/wp-json\/wp\/v2\/event"}],"about":[{"href":"https:\/\/mairie-montataire.fr\/de\/wp-json\/wp\/v2\/types\/event"}],"wp:featuredmedia":[{"embeddable":true,"href":"https:\/\/mairie-montataire.fr\/de\/wp-json\/wp\/v2\/media\/5690"}],"wp:attachment":[{"href":"https:\/\/mairie-montataire.fr\/de\/wp-json\/wp\/v2\/media?parent=5689"}],"wp:term":[{"taxonomy":"event-theme","embeddable":true,"href":"https:\/\/mairie-montataire.fr\/de\/wp-json\/wp\/v2\/event-theme?post=5689"}],"curies":[{"name":"wp","href":"https:\/\/api.w.org\/{rel}","templated":true}]}}