{"id":96,"date":"2024-05-03T09:19:54","date_gmt":"2024-05-03T09:19:54","guid":{"rendered":"https:\/\/montataire.local\/?page_id=96"},"modified":"2024-08-19T10:06:03","modified_gmt":"2024-08-19T10:06:03","slug":"%d8%a7%d9%84%d8%b5%d8%ad%d8%a9","status":"publish","type":"page","link":"https:\/\/mairie-montataire.fr\/ar\/visiter\/sante\/","title":{"rendered":"\u0627\u0644\u0635\u062d\u0629"},"content":{"rendered":"<p><strong>\u062a\u0644\u062a\u0632\u0645 \u0627\u0644\u0633\u0644\u0637\u0629 \u0627\u0644\u0645\u062d\u0644\u064a\u0629 \u0628\u062a\u0639\u0632\u064a\u0632 \u0623\u0646\u0645\u0627\u0637 \u0627\u0644\u062d\u064a\u0627\u0629 \u0627\u0644\u0635\u062d\u064a\u0629 \u0648\u0627\u0644\u0645\u062a\u0648\u0627\u0632\u0646\u0629 \u0648\u062a\u0634\u062c\u064a\u0639 \u0627\u0644\u0648\u0642\u0627\u064a\u0629 \u0645\u0646 \u0627\u0644\u0623\u0645\u0631\u0627\u0636\u060c \u0648\u0627\u0636\u0639\u0629\u064b \u0631\u0641\u0627\u0647\u064a\u0629 \u0645\u0648\u0627\u0637\u0646\u064a\u0647\u0627 \u0641\u064a \u0635\u0645\u064a\u0645 \u0627\u0647\u062a\u0645\u0627\u0645\u0627\u062a\u0647\u0627\u060c \u0648\u0630\u0644\u0643 \u0645\u0646 \u062e\u0644\u0627\u0644 \u062a\u0639\u0632\u064a\u0632 \u0623\u0646\u0645\u0627\u0637 \u0627\u0644\u062d\u064a\u0627\u0629 \u0627\u0644\u0635\u062d\u064a\u0629 \u0648\u0627\u0644\u0645\u062a\u0648\u0627\u0632\u0646\u0629. \u0645\u0646 \u062e\u0644\u0627\u0644 \u062a\u0648\u0641\u064a\u0631 \u0645\u0628\u0627\u0646\u064d \u0644\u0644\u0639\u0627\u0645\u0644\u064a\u0646 \u0641\u064a \u0645\u062c\u0627\u0644 \u0627\u0644\u0631\u0639\u0627\u064a\u0629 \u0627\u0644\u0635\u062d\u064a\u0629 \u0641\u064a \u0642\u0644\u0628 \u0627\u0644\u0645\u062f\u064a\u0646\u0629 \u0628\u0625\u064a\u062c\u0627\u0631\u0627\u062a \u0645\u063a\u0631\u064a\u0629 (\u0645\u062b\u0644 \u062f\u0627\u0631 \u0627\u0644\u0631\u0639\u0627\u064a\u0629 \u0627\u0644\u0635\u062d\u064a\u0629 \u062c\u064a\u0632\u064a\u0644 \u062d\u0644\u064a\u0645\u064a\u060c \u0648\u0627\u0644\u0645\u062c\u0645\u0648\u0639\u0629 \u0627\u0644\u0637\u0628\u064a\u0629 \u0645\u0627\u0631\u0641\u0627\u0646\u060c \u0625\u0644\u062e). \u062a\u0631\u063a\u0628 \u0627\u0644\u0645\u062f\u064a\u0646\u0629 \u0641\u064a \u062a\u0633\u0647\u064a\u0644 \u062d\u0635\u0648\u0644 \u0627\u0644\u062c\u0645\u064a\u0639 \u0639\u0644\u0649 \u062e\u062f\u0645\u0627\u062a \u0635\u062d\u064a\u0629 \u0639\u0627\u0644\u064a\u0629 \u0627\u0644\u062c\u0648\u062f\u0629.<\/strong><\/p>\n\n\n\n<div style=\"height:44px\" aria-hidden=\"true\" class=\"wp-block-spacer\"><\/div>\n\n\n\n<div class=\"wp-block-uagb-buttons uagb-buttons__outer-wrap uagb-btn__default-btn uagb-btn-tablet__default-btn uagb-btn-mobile__default-btn uagb-block-880ff14b\"><div class=\"uagb-buttons__wrap uagb-buttons-layout-wrap\">\n<div class=\"wp-block-uagb-buttons-child uagb-buttons__outer-wrap uagb-block-892171ac wp-block-button\"><div class=\"uagb-button__wrapper\"><a class=\"uagb-buttons-repeater wp-block-button__link\" aria-label=\"\" href=\"https:\/\/mairie-montataire.fr\/ar\/%d8%a7%d9%84%d8%af%d9%84%d8%a7%d8%a6%d9%84\/?categorie=sante&amp;ordre=a-z\" rel=\"follow noopener\" target=\"_self\" role=\"button\"><div class=\"uagb-button__link\"><strong>\u0627\u0628\u062d\u062b \u0639\u0646 \u0627\u0644\u0645\u0646\u0634\u0622\u062a \u0627\u0644\u0637\u0628\u064a\u0629 \u0648\u0627\u0644\u0635\u064a\u062f\u0644\u064a\u0627\u062a \u0648\u0627\u0644\u0623\u062e\u0635\u0627\u0626\u064a\u064a\u0646 \u0627\u0644\u0635\u062d\u064a\u064a\u0646 \u0641\u064a \u0645\u0648\u0646\u062a\u0627\u062a\u064a\u0631 \u0641\u064a \u0627\u0644\u062f\u0644\u064a\u0644 \u0627\u0644\u0645\u064f\u062e\u0635\u064e\u0651\u0635 \u0644\u0630\u0644\u0643. <\/strong><\/div><span class=\"uagb-button__icon uagb-button__icon-position-after\"><svg xmlns=\"https:\/\/www.w3.org\/2000\/svg\" viewbox=\"0 0 448 512\" aria-hidden=\"true\" focussable=\"false\"><path d=\"M438.6 278.6l-160 160C272.4 444.9 264.2 448 256 448s-16.38-3.125-22.62-9.375c-12.5-12.5-12.5-32.75 0-45.25L338.8 288H32C14.33 288 .0016 273.7 .0016 256S14.33 224 32 224h306.8l-105.4-105.4c-12.5-12.5-12.5-32.75 0-45.25s32.75-12.5 45.25 0l160 160C451.1 245.9 451.1 266.1 438.6 278.6z\"><\/path><\/svg><\/span><\/a><\/div><\/div>\n<\/div><\/div>","protected":false},"excerpt":{"rendered":"<p>Soucieuse du bien-\u00eatre de ses citoyen\u00b7ne\u00b7s, la collectivit\u00e9 s&rsquo;engage \u00e0 promouvoir des modes de vie sains et \u00e9quilibr\u00e9s, et \u00e0 encourager la pr\u00e9vention des maladies. En proposant aux soignant\u00b7e\u00b7s des b\u00e2timents au c\u0153ur de la ville \u00e0 un loyer avantageux (tels que la Maison de sant\u00e9 Gis\u00e8le Halimi, le Groupe m\u00e9dical Marfan&#8230;). La ville souhaite [&hellip;]<\/p>\n","protected":false},"author":1,"featured_media":3597,"parent":38,"menu_order":77,"comment_status":"closed","ping_status":"closed","template":"","meta":{"_acf_changed":false,"_uag_custom_page_level_css":"","footnotes":""},"class_list":["post-96","page","type-page","status-publish","has-post-thumbnail","hentry"],"acf":[],"uagb_featured_image_src":{"full":["https:\/\/mairie-montataire.fr\/app\/uploads\/2024\/08\/4.3_2024-08-13-Maison-de-sante-Gisele-Halimi-7.jpg",500,350,false],"thumbnail":["https:\/\/mairie-montataire.fr\/app\/uploads\/2024\/08\/4.3_2024-08-13-Maison-de-sante-Gisele-Halimi-7-150x150.jpg",150,150,true],"medium":["https:\/\/mairie-montataire.fr\/app\/uploads\/2024\/08\/4.3_2024-08-13-Maison-de-sante-Gisele-Halimi-7-300x210.jpg",300,210,true],"medium_large":["https:\/\/mairie-montataire.fr\/app\/uploads\/2024\/08\/4.3_2024-08-13-Maison-de-sante-Gisele-Halimi-7.jpg",500,350,false],"large":["https:\/\/mairie-montataire.fr\/app\/uploads\/2024\/08\/4.3_2024-08-13-Maison-de-sante-Gisele-Halimi-7.jpg",500,350,false],"1536x1536":["https:\/\/mairie-montataire.fr\/app\/uploads\/2024\/08\/4.3_2024-08-13-Maison-de-sante-Gisele-Halimi-7.jpg",500,350,false],"2048x2048":["https:\/\/mairie-montataire.fr\/app\/uploads\/2024\/08\/4.3_2024-08-13-Maison-de-sante-Gisele-Halimi-7.jpg",500,350,false],"trp-custom-language-flag":["https:\/\/mairie-montataire.fr\/app\/uploads\/2024\/08\/4.3_2024-08-13-Maison-de-sante-Gisele-Halimi-7-18x12.jpg",18,12,true],"gform-image-choice-sm":["https:\/\/mairie-montataire.fr\/app\/uploads\/2024\/08\/4.3_2024-08-13-Maison-de-sante-Gisele-Halimi-7.jpg",300,210,false],"gform-image-choice-md":["https:\/\/mairie-montataire.fr\/app\/uploads\/2024\/08\/4.3_2024-08-13-Maison-de-sante-Gisele-Halimi-7.jpg",400,280,false],"gform-image-choice-lg":["https:\/\/mairie-montataire.fr\/app\/uploads\/2024\/08\/4.3_2024-08-13-Maison-de-sante-Gisele-Halimi-7.jpg",500,350,false]},"uagb_author_info":{"display_name":"mentalworks","author_link":"https:\/\/mairie-montataire.fr\/ar\/actualites\/author\/mentalworks\/"},"uagb_comment_info":0,"uagb_excerpt":"Soucieuse du bien-\u00eatre de ses citoyen\u00b7ne\u00b7s, la collectivit\u00e9 s&rsquo;engage \u00e0 promouvoir des modes de vie sains et \u00e9quilibr\u00e9s, et \u00e0 encourager la pr\u00e9vention des maladies. En proposant aux soignant\u00b7e\u00b7s des b\u00e2timents au c\u0153ur de la ville \u00e0 un loyer avantageux (tels que la Maison de sant\u00e9 Gis\u00e8le Halimi, le Groupe m\u00e9dical Marfan&#8230;). La ville souhaite&hellip;","_links":{"self":[{"href":"https:\/\/mairie-montataire.fr\/ar\/wp-json\/wp\/v2\/pages\/96","targetHints":{"allow":["GET"]}}],"collection":[{"href":"https:\/\/mairie-montataire.fr\/ar\/wp-json\/wp\/v2\/pages"}],"about":[{"href":"https:\/\/mairie-montataire.fr\/ar\/wp-json\/wp\/v2\/types\/page"}],"author":[{"embeddable":true,"href":"https:\/\/mairie-montataire.fr\/ar\/wp-json\/wp\/v2\/users\/1"}],"replies":[{"embeddable":true,"href":"https:\/\/mairie-montataire.fr\/ar\/wp-json\/wp\/v2\/comments?post=96"}],"version-history":[{"count":3,"href":"https:\/\/mairie-montataire.fr\/ar\/wp-json\/wp\/v2\/pages\/96\/revisions"}],"predecessor-version":[{"id":3596,"href":"https:\/\/mairie-montataire.fr\/ar\/wp-json\/wp\/v2\/pages\/96\/revisions\/3596"}],"up":[{"embeddable":true,"href":"https:\/\/mairie-montataire.fr\/ar\/wp-json\/wp\/v2\/pages\/38"}],"wp:featuredmedia":[{"embeddable":true,"href":"https:\/\/mairie-montataire.fr\/ar\/wp-json\/wp\/v2\/media\/3597"}],"wp:attachment":[{"href":"https:\/\/mairie-montataire.fr\/ar\/wp-json\/wp\/v2\/media?parent=96"}],"curies":[{"name":"\u062f\u0628\u0644\u064a\u0648 \u0628\u064a","href":"https:\/\/api.w.org\/{rel}","templated":true}]}}