{"id":92,"date":"2024-05-03T09:19:28","date_gmt":"2024-05-03T09:19:28","guid":{"rendered":"https:\/\/montataire.local\/?page_id=92"},"modified":"2024-08-22T15:15:04","modified_gmt":"2024-08-22T15:15:04","slug":"%d9%85%d9%88%d8%a7%d9%82%d9%81-%d8%a7%d9%84%d8%b3%d9%8a%d8%a7%d8%b1%d8%a7%d8%aa","status":"publish","type":"page","link":"https:\/\/mairie-montataire.fr\/ar\/visiter\/acces-stationnement\/","title":{"rendered":"\u0627\u0644\u0648\u0635\u0648\u0644 \u0648\u0645\u0648\u0627\u0642\u0641 \u0627\u0644\u0633\u064a\u0627\u0631\u0627\u062a"},"content":{"rendered":"<p><strong>\u0643\u0644 \u0645\u0627 \u062a\u062d\u062a\u0627\u062c \u0644\u0645\u0639\u0631\u0641\u062a\u0647 \u062d\u0648\u0644 \u0627\u0644\u0642\u062f\u0648\u0645 \u0625\u0644\u0649 \u0645\u0648\u0646\u062a\u0627\u062a\u064a\u0631 \u0648\u0625\u064a\u0642\u0627\u0641 \u0633\u064a\u0627\u0631\u062a\u0643 \u0641\u064a\u0647\u0627.<\/strong><\/p>\n\n\n\n<div style=\"height:46px\" aria-hidden=\"true\" class=\"wp-block-spacer\"><\/div>\n\n\n\n<div class=\"wp-block-columns are-vertically-aligned-top is-not-stacked-on-mobile is-layout-flex wp-container-core-columns-is-layout-a31ce547 wp-block-columns-is-layout-flex\" style=\"margin-top:0;margin-bottom:0;padding-top:0;padding-right:0;padding-bottom:0;padding-left:0\">\n<div class=\"wp-block-column is-vertically-aligned-top is-layout-constrained wp-container-core-column-is-layout-dbf2e5f7 wp-block-column-is-layout-constrained\" style=\"flex-basis:3%\">\t\t\t\t\t<div\n\t\t\t\t\t\tclass=\"wp-block-uagb-image-gallery uagb-block-7ae36172\"\n\t\t\t\t\t\tstyle=\"\"\n\t\t\t\t\t>\n\t\t\t\t\t\t\t\t\t\t\t<div class=\"spectra-image-gallery spectra-image-gallery__layout--grid spectra-image-gallery__layout--grid-col-1 spectra-image-gallery__layout--grid-col-tab-1 spectra-image-gallery__layout--grid-col-mob-1\">\n\t\t\t\t\t\t\t\t\t\t\t<div class='spectra-image-gallery__media-wrapper' data-spectra-gallery-image-id='3204' tabindex=\"0\">\n\t\t\t\t\t\t\t<div class=\"spectra-image-gallery__media spectra-image-gallery__media--grid\">\n\t\t\t\t<picture>\n\t\t\t\t\t<source media=\"(min-width: 1024px)\" srcset=\"https:\/\/mairie-montataire.fr\/app\/uploads\/2024\/08\/cycliste_jaune.png\">\n\t\t\t\t\t<source media=\"(min-width: 768px)\" srcset=\"https:\/\/mairie-montataire.fr\/app\/uploads\/2024\/08\/cycliste_jaune.png\">\n\t\t\t\t\t<img decoding=\"async\" class=\"spectra-image-gallery__media-thumbnail spectra-image-gallery__media-thumbnail--grid\" src=\"https:\/\/mairie-montataire.fr\/app\/uploads\/2024\/08\/cycliste_jaune-295x300.png\" alt=\"\" loading=\"lazy\" \/>\n\t\t\t\t<\/picture>\n\t\t\t\t<div class=\"spectra-image-gallery__media-thumbnail-blurrer\"><\/div>\n\t\t\t\t\t\t\t\t\t\t\t<div class=\"spectra-image-gallery__media-thumbnail-caption-wrapper spectra-image-gallery__media-thumbnail-caption-wrapper--overlay\"><\/div>\n\t\t\t\t\t\t\t\t<\/div>\n\t\t\t\t\t\t<\/div>\n\t\t\t\t\t\t\t\t\t\t<\/div>\n\t\t\t\t\t\t\t\t\t\t\t\t\t\t\t\t\t\t<\/div>\n\t\t\t\t\t\t\t\t\t<\/div>\n\n\n\n<div class=\"wp-block-column is-vertically-aligned-top is-layout-flow wp-block-column-is-layout-flow\" style=\"flex-basis:66.66%\">\n<h2 class=\"wp-block-heading\">\u0628\u0627\u0644\u062f\u0631\u0627\u062c\u0629<\/h2>\n<\/div>\n<\/div>\n\n\n\n<p>\u064a\u064f\u0639\u062f \u0631\u0643\u0648\u0628 \u0627\u0644\u062f\u0631\u0627\u062c\u0629 \u0641\u064a \u062a\u0646\u0642\u0644\u0627\u062a\u0643 \u0627\u0644\u064a\u0648\u0645\u064a\u0629 \u062e\u064a\u0627\u0631\u0627\u064b \u0635\u062d\u064a\u0627\u064b \u0648\u0635\u062f\u064a\u0642\u0627\u064b \u0644\u0644\u0628\u064a\u0626\u0629. \u0645\u0646 \u062e\u0644\u0627\u0644 \u062a\u0634\u062c\u064a\u0639 \u0627\u0644\u0646\u0634\u0627\u0637 \u0627\u0644\u0628\u062f\u0646\u064a \u0645\u0639 \u0627\u0644\u062d\u062f \u0645\u0646 \u0627\u0644\u062a\u0644\u0648\u062b \u0648\u0627\u0646\u0628\u0639\u0627\u062b\u0627\u062a \u062b\u0627\u0646\u064a \u0623\u0643\u0633\u064a\u062f \u0627\u0644\u0643\u0631\u0628\u0648\u0646\u060c \u064a\u0648\u0641\u0631 \u0631\u0643\u0648\u0628 \u0627\u0644\u062f\u0631\u0627\u062c\u0627\u062a \u0628\u062f\u064a\u0644\u0627\u064b \u0639\u0645\u0644\u064a\u0627\u064b \u0648\u0645\u0631\u0646\u0627\u064b \u0644\u0644\u0633\u064a\u0627\u0631\u0629.&nbsp;<\/p>\n\n\n\n<p><a href=\"https:\/\/www.creilsudoise.fr\/mon-quotidien\/deplacements\/circulation-douce\/\" target=\"_blank\" rel=\"noreferrer noopener\">\u062a\u0639\u0631\u0651\u0641 \u0639\u0644\u0649 \u0627\u0644\u0645\u0632\u064a\u062f \u0639\u0646 \u0645\u0633\u0627\u0631\u0627\u062a \u0627\u0644\u062f\u0631\u0627\u062c\u0627\u062a \u0648\u0627\u0644\u0645\u0645\u0631\u0627\u062a \u0627\u0644\u062e\u0636\u0631\u0627\u0621 \u0639\u0644\u0649 \u0627\u0644\u0645\u0648\u0642\u0639 \u0627\u0644\u0625\u0644\u0643\u062a\u0631\u0648\u0646\u064a \u0644\u0644\u0625\u0642\u0644\u064a\u0645.<\/a><\/p>\n\n\n\n<p><a href=\"https:\/\/www.creilsudoise.fr\/service-de-location-de-velos-a-assistance-electrique\/\" data-type=\"link\" data-id=\"https:\/\/www.creilsudoise.fr\/service-de-location-de-velos-a-assistance-electrique\/\" target=\"_blank\" rel=\"noreferrer noopener\">\u064a\u0645\u0643\u0646\u0643 \u0623\u064a\u0636\u0627\u064b \u0627\u0633\u062a\u0626\u062c\u0627\u0631 \u062f\u0631\u0627\u062c\u0629 AXO \u0627\u0644\u0643\u0647\u0631\u0628\u0627\u0626\u064a\u0629!<\/a><\/p>\n\n\n\n<div style=\"height:46px\" aria-hidden=\"true\" class=\"wp-block-spacer\"><\/div>\n\n\n\n<div class=\"wp-block-columns are-vertically-aligned-top is-not-stacked-on-mobile is-layout-flex wp-container-core-columns-is-layout-a31ce547 wp-block-columns-is-layout-flex\" style=\"margin-top:0;margin-bottom:0;padding-top:0;padding-right:0;padding-bottom:0;padding-left:0\">\n<div class=\"wp-block-column is-vertically-aligned-top is-layout-constrained wp-container-core-column-is-layout-dbf2e5f7 wp-block-column-is-layout-constrained\" style=\"flex-basis:3%\">\t\t\t\t\t<div\n\t\t\t\t\t\tclass=\"wp-block-uagb-image-gallery uagb-block-20b0b701\"\n\t\t\t\t\t\tstyle=\"\"\n\t\t\t\t\t>\n\t\t\t\t\t\t\t\t\t\t\t<div class=\"spectra-image-gallery spectra-image-gallery__layout--grid spectra-image-gallery__layout--grid-col-1 spectra-image-gallery__layout--grid-col-tab-1 spectra-image-gallery__layout--grid-col-mob-1\">\n\t\t\t\t\t\t\t\t\t\t\t<div class='spectra-image-gallery__media-wrapper' data-spectra-gallery-image-id='3202' tabindex=\"0\">\n\t\t\t\t\t\t\t<div class=\"spectra-image-gallery__media spectra-image-gallery__media--grid\">\n\t\t\t\t<picture>\n\t\t\t\t\t<source media=\"(min-width: 1024px)\" srcset=\"https:\/\/mairie-montataire.fr\/app\/uploads\/2024\/08\/bus_jaune.png\">\n\t\t\t\t\t<source media=\"(min-width: 768px)\" srcset=\"https:\/\/mairie-montataire.fr\/app\/uploads\/2024\/08\/bus_jaune.png\">\n\t\t\t\t\t<img decoding=\"async\" class=\"spectra-image-gallery__media-thumbnail spectra-image-gallery__media-thumbnail--grid\" src=\"https:\/\/mairie-montataire.fr\/app\/uploads\/2024\/08\/bus_jaune-296x300.png\" alt=\"\" loading=\"lazy\" \/>\n\t\t\t\t<\/picture>\n\t\t\t\t<div class=\"spectra-image-gallery__media-thumbnail-blurrer\"><\/div>\n\t\t\t\t\t\t\t\t\t\t\t<div class=\"spectra-image-gallery__media-thumbnail-caption-wrapper spectra-image-gallery__media-thumbnail-caption-wrapper--overlay\"><\/div>\n\t\t\t\t\t\t\t\t<\/div>\n\t\t\t\t\t\t<\/div>\n\t\t\t\t\t\t\t\t\t\t<\/div>\n\t\t\t\t\t\t\t\t\t\t\t\t\t\t\t\t\t\t<\/div>\n\t\t\t\t\t\t\t\t\t<\/div>\n\n\n\n<div class=\"wp-block-column is-vertically-aligned-top is-layout-flow wp-block-column-is-layout-flow\" style=\"flex-basis:66.66%\">\n<h2 class=\"wp-block-heading\">\u0628\u0627\u0644\u062d\u0627\u0641\u0644\u0629<\/h2>\n<\/div>\n<\/div>\n\n\n\n<p>\u0625\u0646 <a href=\"https:\/\/www.creilsudoise.fr\/mon-quotidien\/deplacements\/transports-urbains-axo\/\" target=\"_blank\" rel=\"noreferrer noopener\">\u0627\u0644\u0646\u0642\u0644 AXO<\/a>\u0627\u0644\u062a\u064a \u062a\u062f\u064a\u0631\u0647\u0627 \u0634\u0631\u0643\u0629 Agglom\u00e9ration Creil Sud Oise\u060c \u062a\u062e\u062f\u0645 11 \u0628\u0644\u062f\u064a\u0629 \u0641\u064a \u0627\u0644\u0645\u0646\u0637\u0642\u0629. \u062a\u062e\u062f\u0645 \u0645\u0648\u0646\u062a\u0627\u062a\u064a\u0631 \u0633\u0628\u0639\u0629 \u062e\u0637\u0648\u0637 \u062d\u0627\u0641\u0644\u0627\u062a \u0645\u0646 \u0627\u0644\u0627\u062b\u0646\u064a\u0646 \u0625\u0644\u0649 \u0627\u0644\u0623\u062d\u062f\u060c \u0645\u0646 \u0627\u0644\u0635\u0628\u0627\u062d \u0625\u0644\u0649 \u0627\u0644\u0645\u0633\u0627\u0621.<br><br><a href=\"https:\/\/www.creilsudoise.fr\/mon-quotidien\/deplacements\/transports-urbains-axo\/horaires-et-carte-du-reseau-axo\/\" target=\"_blank\" rel=\"noreferrer noopener\">\u064a\u0645\u0643\u0646\u0643 \u0627\u0644\u0627\u0637\u0644\u0627\u0639 \u0639\u0644\u0649 \u062c\u062f\u0627\u0648\u0644 \u0627\u0644\u0645\u0648\u0627\u0639\u064a\u062f \u0648\u062e\u0631\u064a\u0637\u0629 \u0634\u0628\u0643\u0629 \u0627\u0644\u0646\u0642\u0644 \u0627\u0644\u062d\u0636\u0631\u064a \u0639\u0628\u0631 \u0627\u0644\u0625\u0646\u062a\u0631\u0646\u062a.<\/a><\/p>\n\n\n\n<div style=\"height:46px\" aria-hidden=\"true\" class=\"wp-block-spacer\"><\/div>\n\n\n\n<div class=\"wp-block-columns are-vertically-aligned-top is-not-stacked-on-mobile is-layout-flex wp-container-core-columns-is-layout-a31ce547 wp-block-columns-is-layout-flex\" style=\"margin-top:0;margin-bottom:0;padding-top:0;padding-right:0;padding-bottom:0;padding-left:0\">\n<div class=\"wp-block-column is-vertically-aligned-top is-layout-constrained wp-container-core-column-is-layout-dbf2e5f7 wp-block-column-is-layout-constrained\" style=\"flex-basis:3%\">\t\t\t\t\t<div\n\t\t\t\t\t\tclass=\"wp-block-uagb-image-gallery uagb-block-1a1b9bd4\"\n\t\t\t\t\t\tstyle=\"\"\n\t\t\t\t\t>\n\t\t\t\t\t\t\t\t\t\t\t<div class=\"spectra-image-gallery spectra-image-gallery__layout--grid spectra-image-gallery__layout--grid-col-1 spectra-image-gallery__layout--grid-col-tab-1 spectra-image-gallery__layout--grid-col-mob-1\">\n\t\t\t\t\t\t\t\t\t\t\t<div class='spectra-image-gallery__media-wrapper' data-spectra-gallery-image-id='3592' tabindex=\"0\">\n\t\t\t\t\t\t\t<div class=\"spectra-image-gallery__media spectra-image-gallery__media--grid\">\n\t\t\t\t<picture>\n\t\t\t\t\t<source media=\"(min-width: 1024px)\" srcset=\"https:\/\/mairie-montataire.fr\/app\/uploads\/2024\/08\/Train.png\">\n\t\t\t\t\t<source media=\"(min-width: 768px)\" srcset=\"https:\/\/mairie-montataire.fr\/app\/uploads\/2024\/08\/Train.png\">\n\t\t\t\t\t<img decoding=\"async\" class=\"spectra-image-gallery__media-thumbnail spectra-image-gallery__media-thumbnail--grid\" src=\"https:\/\/mairie-montataire.fr\/app\/uploads\/2024\/08\/Train-296x300.png\" alt=\"\" loading=\"lazy\" \/>\n\t\t\t\t<\/picture>\n\t\t\t\t<div class=\"spectra-image-gallery__media-thumbnail-blurrer\"><\/div>\n\t\t\t\t\t\t\t\t\t\t\t<div class=\"spectra-image-gallery__media-thumbnail-caption-wrapper spectra-image-gallery__media-thumbnail-caption-wrapper--overlay\"><\/div>\n\t\t\t\t\t\t\t\t<\/div>\n\t\t\t\t\t\t<\/div>\n\t\t\t\t\t\t\t\t\t\t<\/div>\n\t\t\t\t\t\t\t\t\t\t\t\t\t\t\t\t\t\t<\/div>\n\t\t\t\t\t\t\t\t\t<\/div>\n\n\n\n<div class=\"wp-block-column is-vertically-aligned-top is-layout-flow wp-block-column-is-layout-flow\" style=\"flex-basis:66.66%\">\n<h2 class=\"wp-block-heading\">\u0628\u0627\u0644\u0642\u0637\u0627\u0631<\/h2>\n<\/div>\n<\/div>\n\n\n\n<p>\u062a\u0642\u0639 \u0645\u062d\u0637\u0629 \u0645\u0648\u0646\u062a\u0627\u062a\u064a\u0631 SNCF \u0641\u064a \u0633\u0627\u062d\u0629 \u0633\u064a\u0645\u0627\u0631\u060c \u0641\u064a \u0627\u0645\u062a\u062f\u0627\u062f \u0634\u0627\u0631\u0639 \u062f\u064a\u0628\u0648\u0631\u062a\u064a\u0632. \u0648\u0647\u064a :&nbsp;<\/p>\n\n\n\n<ul style=\"padding-right:var(--wp--preset--spacing--70);padding-left:var(--wp--preset--spacing--70)\" class=\"wp-block-list\">\n<li style=\"font-style:normal;font-weight:400\">3 \u062f\u0642\u0627\u0626\u0642 \u0645\u0646 \u0643\u0631\u064a\u0644<\/li>\n\n\n\n<li style=\"font-style:normal;font-weight:400\">30 \u062f\u0642\u064a\u0642\u0629 \u0645\u0646 \u0628\u0648\u0641\u064a\u0647<\/li>\n\n\n\n<li style=\"font-style:normal;font-weight:400\">44 \u062f\u0642\u064a\u0642\u0629 \u0645\u0646 \u0623\u0645\u064a\u0627\u0646 (\u0645\u0639 \u0627\u062a\u0635\u0627\u0644 \u0641\u064a \u0643\u0631\u064a\u0644)<\/li>\n\n\n\n<li style=\"font-style:normal;font-weight:400\">31 \u062f\u0642\u064a\u0642\u0629 \u0645\u0646 \u0628\u0627\u0631\u064a\u0633 (\u0645\u0639 \u0627\u062a\u0635\u0627\u0644 \u0641\u064a \u0643\u0631\u064a\u0644)<\/li>\n<\/ul>\n\n\n\n<div style=\"height:46px\" aria-hidden=\"true\" class=\"wp-block-spacer\"><\/div>\n\n\n\n<div class=\"wp-block-uagb-container uagb-block-18cb1566 alignfull uagb-is-root-container\"><div class=\"uagb-container-inner-blocks-wrap\">\n<div class=\"wp-block-uagb-container uagb-block-448261da\">\n<div class=\"wp-block-columns are-vertically-aligned-top is-not-stacked-on-mobile is-layout-flex wp-container-core-columns-is-layout-a31ce547 wp-block-columns-is-layout-flex\" style=\"margin-top:0;margin-bottom:0;padding-top:0;padding-right:0;padding-bottom:0;padding-left:0\">\n<div class=\"wp-block-column is-vertically-aligned-top is-layout-constrained wp-container-core-column-is-layout-dbf2e5f7 wp-block-column-is-layout-constrained\" style=\"flex-basis:10%\">\t\t\t\t\t<div\n\t\t\t\t\t\tclass=\"wp-block-uagb-image-gallery uagb-block-8a10d242\"\n\t\t\t\t\t\tstyle=\"\"\n\t\t\t\t\t>\n\t\t\t\t\t\t\t\t\t\t\t<div class=\"spectra-image-gallery spectra-image-gallery__layout--grid spectra-image-gallery__layout--grid-col-1 spectra-image-gallery__layout--grid-col-tab-1 spectra-image-gallery__layout--grid-col-mob-1\">\n\t\t\t\t\t\t\t\t\t\t\t<div class='spectra-image-gallery__media-wrapper' data-spectra-gallery-image-id='3593' tabindex=\"0\">\n\t\t\t\t\t\t\t<div class=\"spectra-image-gallery__media spectra-image-gallery__media--grid\">\n\t\t\t\t<picture>\n\t\t\t\t\t<source media=\"(min-width: 1024px)\" srcset=\"https:\/\/mairie-montataire.fr\/app\/uploads\/2024\/08\/Voiture.png\">\n\t\t\t\t\t<source media=\"(min-width: 768px)\" srcset=\"https:\/\/mairie-montataire.fr\/app\/uploads\/2024\/08\/Voiture.png\">\n\t\t\t\t\t<img decoding=\"async\" class=\"spectra-image-gallery__media-thumbnail spectra-image-gallery__media-thumbnail--grid\" src=\"https:\/\/mairie-montataire.fr\/app\/uploads\/2024\/08\/Voiture-295x300.png\" alt=\"\" loading=\"lazy\" \/>\n\t\t\t\t<\/picture>\n\t\t\t\t<div class=\"spectra-image-gallery__media-thumbnail-blurrer\"><\/div>\n\t\t\t\t\t\t\t\t\t\t\t<div class=\"spectra-image-gallery__media-thumbnail-caption-wrapper spectra-image-gallery__media-thumbnail-caption-wrapper--overlay\"><\/div>\n\t\t\t\t\t\t\t\t<\/div>\n\t\t\t\t\t\t<\/div>\n\t\t\t\t\t\t\t\t\t\t<\/div>\n\t\t\t\t\t\t\t\t\t\t\t\t\t\t\t\t\t\t<\/div>\n\t\t\t\t\t\t\t\t\t<\/div>\n\n\n\n<div class=\"wp-block-column is-vertically-aligned-top is-layout-flow wp-block-column-is-layout-flow\" style=\"flex-basis:66.66%\">\n<h2 class=\"wp-block-heading\">\u0628\u0627\u0644\u0633\u064a\u0627\u0631\u0629 \u0648\u0645\u0634\u0627\u0631\u0643\u0629 \u0627\u0644\u0633\u064a\u0627\u0631\u0627\u062a<\/h2>\n<\/div>\n<\/div>\n\n\n\n<p>\u062a\u0642\u0639 \u0645\u0648\u0646\u062a\u0627\u062a\u064a\u0631 \u0628\u0627\u0644\u0633\u064a\u0627\u0631\u0629 \u0641\u064a :&nbsp;<\/p>\n\n\n\n<ul style=\"padding-right:var(--wp--preset--spacing--70);padding-left:var(--wp--preset--spacing--70)\" class=\"wp-block-list\">\n<li style=\"font-style:normal;font-weight:400\">12 \u062f\u0642\u064a\u0642\u0629 \u0645\u0646 \u0643\u0631\u064a\u0644<\/li>\n\n\n\n<li style=\"font-style:normal;font-weight:400\">15 \u062f\u0642\u064a\u0642\u0629 \u0645\u0646 \u0634\u0627\u0646\u062a\u064a\u0644\u064a<\/li>\n\n\n\n<li style=\"font-style:normal;font-weight:400\">40 \u062f\u0642\u064a\u0642\u0629 \u0645\u0646 \u0643\u0648\u0645\u0628\u064a\u064a\u0646 \u0648\u0628\u0648\u0641\u064a\u0647<\/li>\n\n\n\n<li style=\"font-style:normal;font-weight:400\">1\u0633\u0627\u0639\u0629 \u064815 \u062f\u0642\u064a\u0642\u0629 \u0645\u0646 \u0623\u0645\u064a\u0627\u0646 \u0648\u0628\u0627\u0631\u064a\u0633<\/li>\n\n\n\n<li style=\"font-style:normal;font-weight:400\">1\u0633\u0627\u0639\u0629 20 \u062f\u0642\u064a\u0642\u0629 \u0645\u0646 \u0628\u0627\u0631\u064a\u0633<\/li>\n<\/ul>\n\n\n\n<p><br>\u062a\u064f\u0639\u062f \u0645\u0634\u0627\u0631\u0643\u0629 \u0627\u0644\u0633\u064a\u0627\u0631\u0627\u062a \u0637\u0631\u064a\u0642\u0629 \u0639\u0645\u0644\u064a\u0629 \u0648\u0635\u062f\u064a\u0642\u0629 \u0644\u0644\u0628\u064a\u0626\u0629 \u0644\u0644\u062a\u0646\u0642\u0644 \u0645\u0646 \u062e\u0644\u0627\u0644 \u0645\u0634\u0627\u0631\u0643\u0629 \u0627\u0644\u0631\u062d\u0644\u0629 \u0645\u0639 \u0623\u0634\u062e\u0627\u0635 \u0622\u062e\u0631\u064a\u0646. \u0641\u0645\u0646 \u062e\u0644\u0627\u0644 \u062a\u0642\u0644\u064a\u0644 \u0639\u062f\u062f \u0627\u0644\u0633\u064a\u0627\u0631\u0627\u062a \u0639\u0644\u0649 \u0627\u0644\u0637\u0631\u064a\u0642\u060c \u062a\u0633\u0627\u0639\u062f \u0647\u0630\u0647 \u0627\u0644\u0637\u0631\u064a\u0642\u0629 \u0639\u0644\u0649 \u062a\u0642\u0644\u064a\u0644 \u0627\u0646\u0628\u0639\u0627\u062b\u0627\u062a \u062b\u0627\u0646\u064a \u0623\u0643\u0633\u064a\u062f \u0627\u0644\u0643\u0631\u0628\u0648\u0646 \u0648\u0627\u0644\u0627\u062e\u062a\u0646\u0627\u0642\u0627\u062a \u0627\u0644\u0645\u0631\u0648\u0631\u064a\u0629.&nbsp;<br><br>\u0644\u0644\u0645\u0632\u064a\u062f \u0645\u0646 \u0627\u0644\u0645\u0639\u0644\u0648\u0645\u0627\u062a <a href=\"http:\/\/www.covoiturage-oise.fr\/\" target=\"_blank\" rel=\"noreferrer noopener\">www.covoiturage-oise.fr<\/a> \u0623\u0648 <a href=\"http:\/\/www.oise-mobilite.fr\/\" target=\"_blank\" rel=\"noreferrer noopener\">www.oise-mobilite.fr<\/a>&nbsp;<\/p>\n<\/div>\n\n\n\n<div class=\"wp-block-uagb-container uagb-block-95c5b17d\">\n<h2 class=\"wp-block-heading\">\u0648\u0628\u0627\u0644\u0646\u0633\u0628\u0629 \u0644\u0648\u0642\u0648\u0641 \u0627\u0644\u0633\u064a\u0627\u0631\u0627\u062a&nbsp;<\/h2>\n\n\n\n<p>\u062a\u062a\u0648\u0641\u0631 \u0645\u0648\u0627\u0642\u0641 \u0627\u0644\u0633\u064a\u0627\u0631\u0627\u062a \u0645\u062c\u0627\u0646\u0627\u064b \u0641\u064a \u062c\u0645\u064a\u0639 \u0623\u0646\u062d\u0627\u0621 \u0627\u0644\u0628\u0644\u062f\u064a\u0629 \u0627\u0644\u062a\u064a \u064a\u0648\u062c\u062f \u0628\u0647\u0627 \u0639\u062f\u062f \u0643\u0628\u064a\u0631 \u0645\u0646 \u0645\u0648\u0627\u0642\u0641 \u0627\u0644\u0633\u064a\u0627\u0631\u0627\u062a:<\/p>\n\n\n\n<ul style=\"padding-right:var(--wp--preset--spacing--70);padding-left:var(--wp--preset--spacing--70)\" class=\"wp-block-list\">\n<li style=\"font-style:normal;font-weight:400\">\u0645\u0648\u0642\u0641 \u0633\u064a\u0627\u0631\u0627\u062a \u062f\u0627\u0631 \u0627\u0644\u0628\u0644\u062f\u064a\u0629 \u0641\u064a \u0633\u0627\u062d\u0629 \u0623\u0648\u063a\u0633\u062a \u062c\u064a\u0646\u064a\u064a<\/li>\n\n\n\n<li style=\"font-style:normal;font-weight:400\">\u0645\u0648\u0642\u0641 \u0633\u064a\u0627\u0631\u0627\u062a \u0634\u0627\u0631\u0639 \u0623\u0645\u0628\u0631\u0648\u0627\u0632 \u0643\u0631\u0648\u064a\u0632\u0627\u062a<\/li>\n\n\n\n<li style=\"font-style:normal;font-weight:400\">\u0645\u0648\u0642\u0641 \u0633\u064a\u0627\u0631\u0627\u062a \u0628\u0627\u0644\u0627\u0633 \u0641\u064a 8 \u0645\u0643\u0631\u0631\u060c \u0634\u0627\u0631\u0639 \u062f\u064a\u0628\u0648\u0631\u062a\u064a\u0633 8 \u0645\u0643\u0631\u0631\u060c \u0634\u0627\u0631\u0639 \u062f\u064a\u0628\u0648\u0631\u062a\u064a\u0633&nbsp;<\/li>\n\n\n\n<li style=\"font-style:normal;font-weight:400\">\u0645\u0648\u0642\u0641 \u0627\u0644\u0633\u064a\u0627\u0631\u0627\u062a \u0623\u0645\u0627\u0645 \u0645\u062c\u0645\u0639 \u0623\u0631\u0645\u0627\u0646\u062f \u0628\u064a\u0644\u0627\u0631\u062f \u0627\u0644\u0631\u064a\u0627\u0636\u064a \u0641\u064a \u0646\u0647\u0627\u064a\u0629 \u0634\u0627\u0631\u0639 \u0623\u0646\u0627\u062a\u0648\u0644 \u0641\u0631\u0627\u0646\u0633.&nbsp;<br><\/li>\n<\/ul>\n<\/div>\n<\/div><\/div>","protected":false},"excerpt":{"rendered":"<p>Tout savoir pour venir \u00e0 Montataire et s\u2019y stationner. En v\u00e9lo Prendre un v\u00e9lo pour ses trajets quotidiens est un choix sain et \u00e9cologique. En favorisant l&rsquo;activit\u00e9 physique tout en r\u00e9duisant la pollution et les \u00e9missions de CO2, le v\u00e9lo offre une alternative pratique et flexible \u00e0 la voiture.&nbsp; Retrouvez les pistes cyclables et voies [&hellip;]<\/p>\n","protected":false},"author":1,"featured_media":1125,"parent":38,"menu_order":76,"comment_status":"closed","ping_status":"closed","template":"","meta":{"_acf_changed":false,"_uag_custom_page_level_css":"","footnotes":""},"class_list":["post-92","page","type-page","status-publish","has-post-thumbnail","hentry"],"acf":[],"uagb_featured_image_src":{"full":["https:\/\/mairie-montataire.fr\/app\/uploads\/2024\/07\/4.2_access-et-stationnement.jpg",500,333,false],"thumbnail":["https:\/\/mairie-montataire.fr\/app\/uploads\/2024\/07\/4.2_access-et-stationnement-150x150.jpg",150,150,true],"medium":["https:\/\/mairie-montataire.fr\/app\/uploads\/2024\/07\/4.2_access-et-stationnement-300x200.jpg",300,200,true],"medium_large":["https:\/\/mairie-montataire.fr\/app\/uploads\/2024\/07\/4.2_access-et-stationnement.jpg",500,333,false],"large":["https:\/\/mairie-montataire.fr\/app\/uploads\/2024\/07\/4.2_access-et-stationnement.jpg",500,333,false],"1536x1536":["https:\/\/mairie-montataire.fr\/app\/uploads\/2024\/07\/4.2_access-et-stationnement.jpg",500,333,false],"2048x2048":["https:\/\/mairie-montataire.fr\/app\/uploads\/2024\/07\/4.2_access-et-stationnement.jpg",500,333,false],"trp-custom-language-flag":["https:\/\/mairie-montataire.fr\/app\/uploads\/2024\/07\/4.2_access-et-stationnement.jpg",18,12,false],"gform-image-choice-sm":["https:\/\/mairie-montataire.fr\/app\/uploads\/2024\/07\/4.2_access-et-stationnement.jpg",300,200,false],"gform-image-choice-md":["https:\/\/mairie-montataire.fr\/app\/uploads\/2024\/07\/4.2_access-et-stationnement.jpg",400,266,false],"gform-image-choice-lg":["https:\/\/mairie-montataire.fr\/app\/uploads\/2024\/07\/4.2_access-et-stationnement.jpg",500,333,false]},"uagb_author_info":{"display_name":"mentalworks","author_link":"https:\/\/mairie-montataire.fr\/ar\/actualites\/author\/mentalworks\/"},"uagb_comment_info":0,"uagb_excerpt":"Tout savoir pour venir \u00e0 Montataire et s\u2019y stationner. En v\u00e9lo Prendre un v\u00e9lo pour ses trajets quotidiens est un choix sain et \u00e9cologique. En favorisant l&rsquo;activit\u00e9 physique tout en r\u00e9duisant la pollution et les \u00e9missions de CO2, le v\u00e9lo offre une alternative pratique et flexible \u00e0 la voiture.&nbsp; Retrouvez les pistes cyclables et voies&hellip;","_links":{"self":[{"href":"https:\/\/mairie-montataire.fr\/ar\/wp-json\/wp\/v2\/pages\/92","targetHints":{"allow":["GET"]}}],"collection":[{"href":"https:\/\/mairie-montataire.fr\/ar\/wp-json\/wp\/v2\/pages"}],"about":[{"href":"https:\/\/mairie-montataire.fr\/ar\/wp-json\/wp\/v2\/types\/page"}],"author":[{"embeddable":true,"href":"https:\/\/mairie-montataire.fr\/ar\/wp-json\/wp\/v2\/users\/1"}],"replies":[{"embeddable":true,"href":"https:\/\/mairie-montataire.fr\/ar\/wp-json\/wp\/v2\/comments?post=92"}],"version-history":[{"count":25,"href":"https:\/\/mairie-montataire.fr\/ar\/wp-json\/wp\/v2\/pages\/92\/revisions"}],"predecessor-version":[{"id":4056,"href":"https:\/\/mairie-montataire.fr\/ar\/wp-json\/wp\/v2\/pages\/92\/revisions\/4056"}],"up":[{"embeddable":true,"href":"https:\/\/mairie-montataire.fr\/ar\/wp-json\/wp\/v2\/pages\/38"}],"wp:featuredmedia":[{"embeddable":true,"href":"https:\/\/mairie-montataire.fr\/ar\/wp-json\/wp\/v2\/media\/1125"}],"wp:attachment":[{"href":"https:\/\/mairie-montataire.fr\/ar\/wp-json\/wp\/v2\/media?parent=92"}],"curies":[{"name":"\u062f\u0628\u0644\u064a\u0648 \u0628\u064a","href":"https:\/\/api.w.org\/{rel}","templated":true}]}}