{"id":90,"date":"2024-05-03T09:19:16","date_gmt":"2024-05-03T09:19:16","guid":{"rendered":"https:\/\/montataire.local\/?page_id=90"},"modified":"2024-08-22T15:09:37","modified_gmt":"2024-08-22T15:09:37","slug":"%d8%a7%d9%84%d8%a8%d9%8a%d8%a6%d8%a9","status":"publish","type":"page","link":"https:\/\/mairie-montataire.fr\/ar\/visiter\/environnement\/","title":{"rendered":"\u0627\u0644\u0628\u064a\u0626\u0629"},"content":{"rendered":"<section id=\"heading\" class=\"wp-block-uagb-container uagb-block-a718f8d9 alignfull uagb-is-root-container\"><div class=\"uagb-container-inner-blocks-wrap\">\n<div class=\"wp-block-uagb-container uagb-block-b63b0105\">\n<p><strong>\u062a\u0642\u0639 \u0645\u0648\u0646\u062a\u0627\u062a\u064a\u0631 \u0641\u064a \u0642\u0644\u0628 \u0647\u0648\u064a\u0629 \u062b\u0644\u0627\u062b\u064a\u0629: \u0627\u0644\u0635\u0646\u0627\u0639\u0629 \u0648\u0627\u0644\u0632\u0631\u0627\u0639\u0629 \u0648\u0627\u0644\u0623\u0646\u0647\u0627\u0631.<\/strong><br><br><strong>\u0644\u0645\u0648\u0627\u062c\u0647\u0629 \u0627\u0644\u062a\u062d\u062f\u064a\u0627\u062a \u0627\u0644\u0628\u064a\u0626\u064a\u0629 \u0641\u064a \u0639\u0635\u0631\u0646\u0627 \u0627\u0644\u062d\u0627\u0644\u064a\u060c \u062a\u0644\u062a\u0632\u0645 \u0627\u0644\u0628\u0644\u062f\u064a\u0629 \u0628\u0627\u0644\u062a\u062d\u0648\u0644 \u0627\u0644\u0628\u064a\u0626\u064a:<\/strong><\/p>\n\n\n\n<ul style=\"padding-right:var(--wp--preset--spacing--70);padding-left:var(--wp--preset--spacing--70)\" class=\"wp-block-list\">\n<li><strong>\u0631\u0641\u0639 \u0645\u0633\u062a\u0648\u0649 \u0627\u0644\u0648\u0639\u064a \u0628\u064a\u0646 \u0627\u0644\u0637\u0644\u0627\u0628 \u0648\u0627\u0644\u0645\u0642\u064a\u0645\u064a\u0646 \u0648\u0627\u0644\u0645\u0648\u0638\u0641\u064a\u0646<\/strong><\/li>\n\n\n\n<li><strong>\u0627\u0644\u062d\u0641\u0627\u0638 \u0639\u0644\u0649 \u0627\u0644\u0646\u0638\u0627\u0645 \u0627\u0644\u0625\u064a\u0643\u0648\u0644\u0648\u062c\u064a: \u0627\u0646\u0639\u062f\u0627\u0645 \u0627\u0644\u0646\u0628\u0627\u062a\u0627\u062a\u060c \u0648\u0627\u0644\u0625\u062f\u0627\u0631\u0629 \u0627\u0644\u0645\u062a\u0628\u0627\u064a\u0646\u0629 \u0644\u0644\u0645\u0633\u0627\u062d\u0627\u062a \u0627\u0644\u062e\u0636\u0631\u0627\u0621<\/strong><\/li>\n\n\n\n<li><strong>\u062a\u062d\u0633\u064a\u0646 \u0627\u0644\u0645\u0633\u0627\u062d\u0627\u062a \u0627\u0644\u062e\u0636\u0631\u0627\u0621 \u0648\u0627\u0644\u0623\u0631\u0627\u0636\u064a \u0627\u0644\u0631\u0637\u0628\u0629: \u062d\u062f\u064a\u0642\u0629 \u0628\u0631\u064a\u0648\u0631\u064a\u0647\u060c \u063a\u0627\u0628\u0629 \u063a\u0648\u062f\u0627\u0631\u062a\u060c \u0627\u0644\u063a\u0627\u0628\u0629 \u0627\u0644\u0645\u0634\u062a\u0631\u0643\u0629\u060c \u0636\u0641\u0627\u0641 \u0646\u0647\u0631 \u062a\u064a\u0631\u064a\u0646\u060c \u0625\u0644\u062e.<\/strong><\/li>\n<\/ul>\n\n\n\n<div style=\"height:12px\" aria-hidden=\"true\" class=\"wp-block-spacer\"><\/div>\n\n\n\n<p><strong>\u0648\u0628\u0647\u0630\u0647 \u0627\u0644\u0637\u0631\u064a\u0642\u0629\u060c \u062a\u062d\u0627\u0641\u0638 \u0645\u0648\u0646\u062a\u0627\u062a\u064a\u0631 \u0639\u0644\u0649 \u0627\u0644\u062a\u0646\u0648\u0639 \u0627\u0644\u0628\u064a\u0648\u0644\u0648\u062c\u064a \u0627\u0644\u0645\u062d\u0644\u064a \u0648\u062a\u0648\u0641\u0631 \u0644\u0633\u0643\u0627\u0646\u0647\u0627 \u0623\u0645\u0627\u0643\u0646 \u0644\u0644\u0627\u0633\u062a\u0631\u062e\u0627\u0621 \u0648\u0627\u0644\u0627\u0633\u062a\u0645\u062a\u0627\u0639.<\/strong><\/p>\n<\/div>\n<\/div><\/section>\n\n\n\n<section class=\"wp-block-uagb-container uagb-block-cb5ccf2a alignfull uagb-is-root-container\"><div class=\"uagb-container-inner-blocks-wrap\"><div class=\"hub\">\n            <ul class=\"hub__list\" style=\"--nb-items: 5; --width-desktop: 3; --width-tablet: 2; --width-mobile: 1;\">\n                            <li class=\"hub__item\">\n                                            \n<div class=\"mw-card mw-card--3\">\n    <a class=\"mw-card__link\" href=\"https:\/\/mairie-montataire.fr\/ar\/visiter\/environnement\/ville-fleurie\/\" aria-label=\"\">\n        <div class=\"mw-card__top\">\n                                                                <figure class=\"mw-card__thumbnail-container\">\n                <img loading=\"lazy\" decoding=\"async\" class=\"mw-card__thumbnail\" src=\"https:\/\/mairie-montataire.fr\/app\/uploads\/2024\/07\/4.1.1_logo-ville-et-villages-fleuris.jpg\" srcset=\"https:\/\/mairie-montataire.fr\/app\/uploads\/2024\/07\/4.1.1_logo-ville-et-villages-fleuris.jpg 500w, https:\/\/mairie-montataire.fr\/app\/uploads\/2024\/07\/4.1.1_logo-ville-et-villages-fleuris-300x210.jpg 300w\"\n                     sizes=\"auto, (max-width: 500px) 100vw, 500px\" alt=\"\" width=\"500\"\n                     height=\"350\"\/>\n            <\/figure>\n        <\/div>\n        <div class=\"mw-card__bottom\">\n            <div class=\"mw-card__content\">\n                                <h3 class=\"mw-card__title\">\u0645\u062f\u064a\u0646\u0629 \u0645\u0632\u062f\u0647\u0631\u0629<\/h3>\n                            <\/div>\n            <p class=\"mw-card__text-link\">\n                                    <span>\u0627\u0643\u062a\u0634\u0641 \u0627\u0644\u0645\u0632\u064a\u062f<\/span>\n                                <svg width=\"20\" height=\"20\" viewbox=\"0 0 24 24\" fill=\"none\" xmlns=\"http:\/\/www.w3.org\/2000\/svg\">\n<path d=\"M12 5V19M5 12H19\" stroke=\"black\" stroke-width=\"2\" stroke-linecap=\"round\" stroke-linejoin=\"round\"\/>\n<\/svg>\n            <\/p>\n        <\/div>\n    <\/a>\n<\/div>                                    <\/li>\n                            <li class=\"hub__item\">\n                                            \n<div class=\"mw-card mw-card--3\">\n    <a class=\"mw-card__link\" href=\"https:\/\/mairie-montataire.fr\/ar\/visiter\/environnement\/parc-urbain-du-prieure\/\" aria-label=\"\">\n        <div class=\"mw-card__top\">\n                                                                <figure class=\"mw-card__thumbnail-container\">\n                <img loading=\"lazy\" decoding=\"async\" class=\"mw-card__thumbnail\" src=\"https:\/\/mairie-montataire.fr\/app\/uploads\/2024\/07\/4.1.2_2024-05-15-Parc-du-Prieure-3-1024x683.jpg\" srcset=\"https:\/\/mairie-montataire.fr\/app\/uploads\/2024\/07\/4.1.2_2024-05-15-Parc-du-Prieure-3-1024x683.jpg 1024w, https:\/\/mairie-montataire.fr\/app\/uploads\/2024\/07\/4.1.2_2024-05-15-Parc-du-Prieure-3-300x200.jpg 300w, https:\/\/mairie-montataire.fr\/app\/uploads\/2024\/07\/4.1.2_2024-05-15-Parc-du-Prieure-3-768x512.jpg 768w, https:\/\/mairie-montataire.fr\/app\/uploads\/2024\/07\/4.1.2_2024-05-15-Parc-du-Prieure-3-1536x1024.jpg 1536w, https:\/\/mairie-montataire.fr\/app\/uploads\/2024\/07\/4.1.2_2024-05-15-Parc-du-Prieure-3-2048x1365.jpg 2048w\"\n                     sizes=\"auto, (max-width: 1024px) 100vw, 1024px\" alt=\"\" width=\"2560\"\n                     height=\"1707\"\/>\n            <\/figure>\n        <\/div>\n        <div class=\"mw-card__bottom\">\n            <div class=\"mw-card__content\">\n                                <h3 class=\"mw-card__title\">\u062d\u062f\u064a\u0642\u0629 \u0628\u0631\u064a\u0648\u0631\u064a \u0627\u0644\u062d\u0636\u0631\u064a\u0629<\/h3>\n                            <\/div>\n            <p class=\"mw-card__text-link\">\n                                    <span>\u0627\u0643\u062a\u0634\u0641 \u0627\u0644\u0645\u0632\u064a\u062f<\/span>\n                                <svg width=\"20\" height=\"20\" viewbox=\"0 0 24 24\" fill=\"none\" xmlns=\"http:\/\/www.w3.org\/2000\/svg\">\n<path d=\"M12 5V19M5 12H19\" stroke=\"black\" stroke-width=\"2\" stroke-linecap=\"round\" stroke-linejoin=\"round\"\/>\n<\/svg>\n            <\/p>\n        <\/div>\n    <\/a>\n<\/div>                                    <\/li>\n                            <li class=\"hub__item\">\n                                            \n<div class=\"mw-card mw-card--3\">\n    <a class=\"mw-card__link\" href=\"https:\/\/mairie-montataire.fr\/ar\/visiter\/environnement\/bois-godart\/\" aria-label=\"\">\n        <div class=\"mw-card__top\">\n                                                                <figure class=\"mw-card__thumbnail-container\">\n                <img loading=\"lazy\" decoding=\"async\" class=\"mw-card__thumbnail\" src=\"https:\/\/mairie-montataire.fr\/app\/uploads\/2024\/07\/4.1.3_2022-08-27-Vendanges-Bois-Godart-37-1024x683.jpg\" srcset=\"https:\/\/mairie-montataire.fr\/app\/uploads\/2024\/07\/4.1.3_2022-08-27-Vendanges-Bois-Godart-37-1024x683.jpg 1024w, https:\/\/mairie-montataire.fr\/app\/uploads\/2024\/07\/4.1.3_2022-08-27-Vendanges-Bois-Godart-37-300x200.jpg 300w, https:\/\/mairie-montataire.fr\/app\/uploads\/2024\/07\/4.1.3_2022-08-27-Vendanges-Bois-Godart-37-768x512.jpg 768w, https:\/\/mairie-montataire.fr\/app\/uploads\/2024\/07\/4.1.3_2022-08-27-Vendanges-Bois-Godart-37-1536x1024.jpg 1536w, https:\/\/mairie-montataire.fr\/app\/uploads\/2024\/07\/4.1.3_2022-08-27-Vendanges-Bois-Godart-37-2048x1365.jpg 2048w\"\n                     sizes=\"auto, (max-width: 1024px) 100vw, 1024px\" alt=\"\" width=\"2560\"\n                     height=\"1707\"\/>\n            <\/figure>\n        <\/div>\n        <div class=\"mw-card__bottom\">\n            <div class=\"mw-card__content\">\n                                <h3 class=\"mw-card__title\">\u063a\u0648\u062f\u0627\u0631\u062a \u0648\u0648\u062f<\/h3>\n                            <\/div>\n            <p class=\"mw-card__text-link\">\n                                    <span>\u0627\u0643\u062a\u0634\u0641 \u0627\u0644\u0645\u0632\u064a\u062f<\/span>\n                                <svg width=\"20\" height=\"20\" viewbox=\"0 0 24 24\" fill=\"none\" xmlns=\"http:\/\/www.w3.org\/2000\/svg\">\n<path d=\"M12 5V19M5 12H19\" stroke=\"black\" stroke-width=\"2\" stroke-linecap=\"round\" stroke-linejoin=\"round\"\/>\n<\/svg>\n            <\/p>\n        <\/div>\n    <\/a>\n<\/div>                                    <\/li>\n                            <li class=\"hub__item\">\n                                            \n<div class=\"mw-card mw-card--3\">\n    <a class=\"mw-card__link\" href=\"https:\/\/mairie-montataire.fr\/ar\/visiter\/environnement\/berges-du-therain\/\" aria-label=\"\">\n        <div class=\"mw-card__top\">\n                                                                <figure class=\"mw-card__thumbnail-container\">\n                <img loading=\"lazy\" decoding=\"async\" class=\"mw-card__thumbnail\" src=\"https:\/\/mairie-montataire.fr\/app\/uploads\/2024\/07\/4.1.4_berge-du-therain.jpg\" srcset=\"https:\/\/mairie-montataire.fr\/app\/uploads\/2024\/07\/4.1.4_berge-du-therain.jpg 500w, https:\/\/mairie-montataire.fr\/app\/uploads\/2024\/07\/4.1.4_berge-du-therain-300x200.jpg 300w\"\n                     sizes=\"auto, (max-width: 500px) 100vw, 500px\" alt=\"\u0636\u0641\u0629 \u0646\u0647\u0631 \u062b\u064a\u0631\u064a\u0646\" width=\"500\"\n                     height=\"333\"\/>\n            <\/figure>\n        <\/div>\n        <div class=\"mw-card__bottom\">\n            <div class=\"mw-card__content\">\n                                <h3 class=\"mw-card__title\">\u0636\u0641\u0627\u0641 \u0646\u0647\u0631 \u062a\u064a\u0631\u064a\u0646<\/h3>\n                            <\/div>\n            <p class=\"mw-card__text-link\">\n                                    <span>\u0627\u0643\u062a\u0634\u0641 \u0627\u0644\u0645\u0632\u064a\u062f<\/span>\n                                <svg width=\"20\" height=\"20\" viewbox=\"0 0 24 24\" fill=\"none\" xmlns=\"http:\/\/www.w3.org\/2000\/svg\">\n<path d=\"M12 5V19M5 12H19\" stroke=\"black\" stroke-width=\"2\" stroke-linecap=\"round\" stroke-linejoin=\"round\"\/>\n<\/svg>\n            <\/p>\n        <\/div>\n    <\/a>\n<\/div>                                    <\/li>\n                            <li class=\"hub__item\">\n                                            \n<div class=\"mw-card mw-card--3\">\n    <a class=\"mw-card__link\" href=\"https:\/\/mairie-montataire.fr\/ar\/visiter\/environnement\/action-pedagogique\/\" aria-label=\"\">\n        <div class=\"mw-card__top\">\n                                                                <figure class=\"mw-card__thumbnail-container\">\n                <img loading=\"lazy\" decoding=\"async\" class=\"mw-card__thumbnail\" src=\"https:\/\/mairie-montataire.fr\/app\/uploads\/2024\/07\/4.1.5_semaine_developpement_durable.jpg\" srcset=\"https:\/\/mairie-montataire.fr\/app\/uploads\/2024\/07\/4.1.5_semaine_developpement_durable.jpg 500w, https:\/\/mairie-montataire.fr\/app\/uploads\/2024\/07\/4.1.5_semaine_developpement_durable-300x200.jpg 300w\"\n                     sizes=\"auto, (max-width: 500px) 100vw, 500px\" alt=\"\u0627\u0644\u0623\u0646\u0634\u0637\u0629 \u0627\u0644\u062a\u062b\u0642\u064a\u0641\u064a\u0629\" width=\"500\"\n                     height=\"333\"\/>\n            <\/figure>\n        <\/div>\n        <div class=\"mw-card__bottom\">\n            <div class=\"mw-card__content\">\n                                <h3 class=\"mw-card__title\">\u0627\u0644\u0645\u0628\u0627\u062f\u0631\u0627\u062a \u0627\u0644\u062a\u0639\u0644\u064a\u0645\u064a\u0629<\/h3>\n                            <\/div>\n            <p class=\"mw-card__text-link\">\n                                    <span>\u0627\u0643\u062a\u0634\u0641 \u0627\u0644\u0645\u0632\u064a\u062f<\/span>\n                                <svg width=\"20\" height=\"20\" viewbox=\"0 0 24 24\" fill=\"none\" xmlns=\"http:\/\/www.w3.org\/2000\/svg\">\n<path d=\"M12 5V19M5 12H19\" stroke=\"black\" stroke-width=\"2\" stroke-linecap=\"round\" stroke-linejoin=\"round\"\/>\n<\/svg>\n            <\/p>\n        <\/div>\n    <\/a>\n<\/div>                                    <\/li>\n                    <\/ul>\n    <\/div><\/div><\/section>","protected":false},"excerpt":{"rendered":"<p>\u062a\u0642\u0639 \u0645\u0648\u0646\u062a\u0627\u062a\u064a\u0631 \u0641\u064a \u0642\u0644\u0628 \u0647\u0648\u064a\u0629 \u062b\u0644\u0627\u062b\u064a\u0629: \u0627\u0644\u0635\u0646\u0627\u0639\u0629 \u0648\u0627\u0644\u0632\u0631\u0627\u0639\u0629 \u0648\u0627\u0644\u0623\u0646\u0647\u0627\u0631. \u0648\u0644\u0645\u0648\u0627\u062c\u0647\u0629 \u0627\u0644\u062a\u062d\u062f\u064a\u0627\u062a \u0627\u0644\u0628\u064a\u0626\u064a\u0629 \u0641\u064a \u0639\u0635\u0631\u0646\u0627\u060c \u062a\u0644\u062a\u0632\u0645 \u0627\u0644\u0628\u0644\u062f\u064a\u0629 \u0628\u0627\u0644\u0627\u0646\u062a\u0642\u0627\u0644 \u0627\u0644\u0628\u064a\u0626\u064a: \u062a\u062d\u0627\u0641\u0638 \u0645\u0648\u0646\u062a\u0627\u062a\u064a\u0631 \u0639\u0644\u0649 \u0627\u0644\u062a\u0646\u0648\u0639 \u0627\u0644\u0628\u064a\u0648\u0644\u0648\u062c\u064a \u0627\u0644\u0645\u062d\u0644\u064a \u0648\u062a\u0648\u0641\u0631 \u0644\u0633\u0643\u0627\u0646\u0647\u0627 \u0623\u0645\u0627\u0643\u0646 \u0644\u0644\u0627\u0633\u062a\u0631\u062e\u0627\u0621 \u0648\u0627\u0644\u0627\u0633\u062a\u0645\u062a\u0627\u0639.<\/p>","protected":false},"author":1,"featured_media":1116,"parent":38,"menu_order":69,"comment_status":"closed","ping_status":"closed","template":"","meta":{"_acf_changed":false,"_uag_custom_page_level_css":"","footnotes":""},"class_list":["post-90","page","type-page","status-publish","has-post-thumbnail","hentry"],"acf":[],"uagb_featured_image_src":{"full":["https:\/\/mairie-montataire.fr\/app\/uploads\/2024\/07\/4.1_Environnement-1.jpg",500,333,false],"thumbnail":["https:\/\/mairie-montataire.fr\/app\/uploads\/2024\/07\/4.1_Environnement-1-150x150.jpg",150,150,true],"medium":["https:\/\/mairie-montataire.fr\/app\/uploads\/2024\/07\/4.1_Environnement-1-300x200.jpg",300,200,true],"medium_large":["https:\/\/mairie-montataire.fr\/app\/uploads\/2024\/07\/4.1_Environnement-1.jpg",500,333,false],"large":["https:\/\/mairie-montataire.fr\/app\/uploads\/2024\/07\/4.1_Environnement-1.jpg",500,333,false],"1536x1536":["https:\/\/mairie-montataire.fr\/app\/uploads\/2024\/07\/4.1_Environnement-1.jpg",500,333,false],"2048x2048":["https:\/\/mairie-montataire.fr\/app\/uploads\/2024\/07\/4.1_Environnement-1.jpg",500,333,false],"trp-custom-language-flag":["https:\/\/mairie-montataire.fr\/app\/uploads\/2024\/07\/4.1_Environnement-1.jpg",18,12,false],"gform-image-choice-sm":["https:\/\/mairie-montataire.fr\/app\/uploads\/2024\/07\/4.1_Environnement-1.jpg",300,200,false],"gform-image-choice-md":["https:\/\/mairie-montataire.fr\/app\/uploads\/2024\/07\/4.1_Environnement-1.jpg",400,266,false],"gform-image-choice-lg":["https:\/\/mairie-montataire.fr\/app\/uploads\/2024\/07\/4.1_Environnement-1.jpg",500,333,false]},"uagb_author_info":{"display_name":"mentalworks","author_link":"https:\/\/mairie-montataire.fr\/ar\/actualites\/author\/mentalworks\/"},"uagb_comment_info":0,"uagb_excerpt":"Montataire est au c\u0153ur d\u2019une triple identit\u00e9&nbsp;: industrie, agriculture et rivi\u00e8res. Aussi, pour r\u00e9pondre aux enjeux environnementaux de notre \u00e9poque, la municipalit\u00e9 s\u2019est engag\u00e9e dans la transition \u00e9cologique&nbsp;: Ainsi, Montataire pr\u00e9serve la biodiversit\u00e9 locale et offre \u00e0 ses habitants des lieux de d\u00e9tente et de loisirs.","_links":{"self":[{"href":"https:\/\/mairie-montataire.fr\/ar\/wp-json\/wp\/v2\/pages\/90","targetHints":{"allow":["GET"]}}],"collection":[{"href":"https:\/\/mairie-montataire.fr\/ar\/wp-json\/wp\/v2\/pages"}],"about":[{"href":"https:\/\/mairie-montataire.fr\/ar\/wp-json\/wp\/v2\/types\/page"}],"author":[{"embeddable":true,"href":"https:\/\/mairie-montataire.fr\/ar\/wp-json\/wp\/v2\/users\/1"}],"replies":[{"embeddable":true,"href":"https:\/\/mairie-montataire.fr\/ar\/wp-json\/wp\/v2\/comments?post=90"}],"version-history":[{"count":28,"href":"https:\/\/mairie-montataire.fr\/ar\/wp-json\/wp\/v2\/pages\/90\/revisions"}],"predecessor-version":[{"id":4050,"href":"https:\/\/mairie-montataire.fr\/ar\/wp-json\/wp\/v2\/pages\/90\/revisions\/4050"}],"up":[{"embeddable":true,"href":"https:\/\/mairie-montataire.fr\/ar\/wp-json\/wp\/v2\/pages\/38"}],"wp:featuredmedia":[{"embeddable":true,"href":"https:\/\/mairie-montataire.fr\/ar\/wp-json\/wp\/v2\/media\/1116"}],"wp:attachment":[{"href":"https:\/\/mairie-montataire.fr\/ar\/wp-json\/wp\/v2\/media?parent=90"}],"curies":[{"name":"\u062f\u0628\u0644\u064a\u0648 \u0628\u064a","href":"https:\/\/api.w.org\/{rel}","templated":true}]}}