{"id":84,"date":"2024-05-03T09:18:17","date_gmt":"2024-05-03T09:18:17","guid":{"rendered":"https:\/\/montataire.local\/?page_id=84"},"modified":"2025-09-30T14:47:41","modified_gmt":"2025-09-30T14:47:41","slug":"%d9%85%d9%83%d8%a7%d9%81%d8%ad%d8%a9-%d8%a7%d9%84%d8%aa%d9%85%d9%8a%d9%8a%d8%b2-%d9%88%d8%a7%d9%84%d8%b9%d9%86%d9%81-%d8%b6%d8%af-%d8%a7%d9%84%d9%85%d8%b1%d8%a3%d8%a9","status":"publish","type":"page","link":"https:\/\/mairie-montataire.fr\/ar\/s-informer\/les-valeurs\/lutte-contre-les-discriminations-et-les-violences-faite-aux-femmes\/","title":{"rendered":"\u062d\u0642\u0648\u0642 \u0627\u0644\u0645\u0631\u0623\u0629"},"content":{"rendered":"<h2 class=\"wp-block-heading\"><strong>\u0627\u0646\u0639\u062f\u0627\u0645 \u0623\u0645\u0646 \u0627\u0644\u062f\u0648\u0631\u0629 \u0627\u0644\u0634\u0647\u0631\u064a\u0629<\/strong><\/h2>\n\n\n\n<div class=\"wp-block-columns is-layout-flex wp-container-core-columns-is-layout-9d6595d7 wp-block-columns-is-layout-flex\">\n<div class=\"wp-block-column is-layout-flow wp-block-column-is-layout-flow\" style=\"flex-basis:33.33%\">\n<div class=\"wp-block-uagb-image uagb-block-93e6948d wp-block-uagb-image--layout-default wp-block-uagb-image--effect-static wp-block-uagb-image--align-none\"><figure class=\"wp-block-uagb-image__figure\"><img decoding=\"async\" srcset=\"https:\/\/mairie-montataire.fr\/app\/uploads\/2024\/08\/2022-03-09-8mars-inauguration-distributeurs-protections-19-1024x683.jpg ,https:\/\/mairie-montataire.fr\/app\/uploads\/2024\/08\/2022-03-09-8mars-inauguration-distributeurs-protections-19-scaled.jpg 780w, https:\/\/mairie-montataire.fr\/app\/uploads\/2024\/08\/2022-03-09-8mars-inauguration-distributeurs-protections-19-scaled.jpg 360w\" sizes=\"auto, (max-width: 480px) 150px\" src=\"https:\/\/mairie-montataire.fr\/app\/uploads\/2024\/08\/2022-03-09-8mars-inauguration-distributeurs-protections-19-1024x683.jpg\" alt=\"\" class=\"uag-image-3495\" width=\"1024\" height=\"683\" title=\"2022-03-09 #8 \u062a\u062f\u0634\u064a\u0646 \u0635\u0645\u0627\u0645\u0627\u062a \u0627\u0644\u062a\u062e\u0632\u064a\u0646 \u0627\u0644\u0645\u0624\u0642\u062a \u0627\u0644\u0648\u0627\u0642\u064a\u0629 (19)\" loading=\"lazy\" role=\"img\"\/><\/figure><\/div>\n<\/div>\n\n\n\n<div class=\"wp-block-column is-layout-flow wp-block-column-is-layout-flow\" style=\"flex-basis:66.66%\">\n<p>\u0645\u0648\u0646\u062a\u0627\u062a\u064a\u0631 \u0647\u064a \u0623\u0648\u0644 \u0628\u0644\u062f\u064a\u0629 \u0641\u064a \u0645\u0646\u0637\u0642\u0629 \u0623\u0648\u0632 \u062a\u0642\u0648\u0645 \u0628\u062a\u0631\u0643\u064a\u0628 \u0645\u0648\u0632\u0639\u0627\u062a \u0645\u062c\u0627\u0646\u064a\u0629 \u0644\u0644\u062d\u0645\u0627\u064a\u0629 \u0627\u0644\u0635\u062d\u064a\u0629 \u0644\u0644\u0646\u0633\u0627\u0621. \u0648\u0647\u064a \u0645\u0635\u0646\u0648\u0639\u0629 \u0645\u0646 \u0627\u0644\u0642\u0637\u0646 100%\u060c \u0628\u062f\u0648\u0646 \u0628\u0644\u0627\u0633\u062a\u064a\u0643 \u0648\u0628\u062f\u0648\u0646 \u0645\u0646\u062a\u062c\u0627\u062a \u0633\u0627\u0645\u0629 \u0648\u0642\u0627\u0628\u0644\u0629 \u0644\u0644\u062a\u062d\u0644\u0644 \u0627\u0644\u062d\u064a\u0648\u064a. \u0627\u0644\u0641\u0648\u0637 \u0627\u0644\u0635\u062d\u064a\u0629 \u0645\u062a\u0627\u062d\u0629 \u0645\u062c\u0627\u0646\u064b\u0627 \u0645\u0646\u0630 \u0639\u0627\u0645 2022:<\/p>\n\n\n\n<ul class=\"wp-block-list\">\n<li style=\"font-style:normal;font-weight:400\">\u0641\u064a <a href=\"https:\/\/mairie-montataire.fr\/ar\/%d8%a7%d9%84%d8%af%d9%84%d8%a7%d8%a6%d9%84\/%d8%a7%d9%84%d8%ae%d8%af%d9%85%d8%a7%d8%aa-%d8%a7%d9%84%d8%a8%d9%84%d8%af%d9%8a%d8%a9\/%d8%af%d9%8a%d8%ac%d9%8a%d8%b3\/%d8%a7%d9%84%d8%ae%d8%af%d9%85%d8%a7%d8%aa-%d8%a7%d9%84%d8%a7%d8%ac%d8%aa%d9%85%d8%a7%d8%b9%d9%8a%d8%a9-ccas\/\">\u0645\u0631\u0643\u0632 \u0627\u0644\u0639\u0645\u0644 \u0627\u0644\u0627\u062c\u062a\u0645\u0627\u0639\u064a \u0627\u0644\u0645\u062d\u0644\u064a<\/a><\/li>\n\n\n\n<li style=\"font-style:normal;font-weight:400\">\u0625\u0644\u0649<a href=\"https:\/\/mairie-montataire.fr\/ar\/%d9%85%d9%84%d8%a1-%d8%a7%d9%84%d9%81%d8%b1%d8%a7%d8%ba\/%d8%a5%d8%b3%d8%a8%d9%8a%d8%b3-%d9%87%d9%88%d8%a8%d9%8a%d8%b1%d8%aa-%d8%af%d9%8a-%d9%87%d9%88%d9%83%d8%b1\/\" data-type=\"link\" data-id=\"https:\/\/mairie-montataire.fr\/s-epanouir\/espace-huberte-d-hoker\/\">\u0625\u0633\u0628\u0627\u0633 \u0647\u0648\u0628\u0631\u062a \u062f\u064a \u0647\u0648\u0643\u0631<\/a><\/li>\n\n\n\n<li style=\"font-style:normal;font-weight:400\">\u0625\u0644\u0649 <a href=\"https:\/\/mairie-montataire.fr\/ar\/%d8%a7%d9%84%d8%af%d9%84%d8%a7%d8%a6%d9%84\/%d8%a7%d9%84%d8%ae%d8%af%d9%85%d8%a7%d8%aa-%d8%a7%d9%84%d8%a8%d9%84%d8%af%d9%8a%d8%a9\/%d8%af%d8%a7%d8%b1-%d8%a7%d9%84%d8%a8%d9%84%d8%af%d9%8a%d8%a9\/%d9%85%d8%a7%d8%b1%d9%8a-%d8%b3%d9%86%d8%aa%d8%b1%d8%a7%d9%84\/\">\u062f\u0627\u0631 \u0627\u0644\u0628\u0644\u062f\u064a\u0629<\/a><\/li>\n\n\n\n<li style=\"font-style:normal;font-weight:400\">\u0625\u0644\u0649 <a href=\"https:\/\/mairie-montataire.fr\/ar\/%d8%a7%d9%84%d8%af%d9%84%d8%a7%d8%a6%d9%84\/%d8%a7%d9%84%d8%ae%d8%af%d9%85%d8%a7%d8%aa-%d8%a7%d9%84%d8%a8%d9%84%d8%af%d9%8a%d8%a9\/%d8%af%d8%a7%d8%b1-%d8%a7%d9%84%d8%a8%d9%84%d8%af%d9%8a%d8%a9\/%d9%85%d9%84%d8%ad%d9%82-%d9%85%d8%a7%d8%b1%d9%8a-%d8%a3%d9%86%d9%8a%d9%86%d9%8a%d9%87-%d8%af%d9%8a-%d9%85%d8%a7%d8%b1%d8%aa%d9%8a%d9%86%d9%8a%d9%87\/\">\u062f\u0627\u0631 \u0628\u0644\u062f\u064a\u0629 \u0645\u0627\u0631\u062a\u064a\u0646\u062a\u0633<\/a><\/li>\n\n\n\n<li style=\"font-style:normal;font-weight:400\">\u0625\u0644\u0649 \u0643\u0644\u062a\u0627 \u0627\u0644\u0645\u0643\u062a\u0628\u062a\u064a\u0646 (<a href=\"https:\/\/mairie-montataire.fr\/ar\/%d8%a7%d9%84%d8%af%d9%84%d8%a7%d8%a6%d9%84\/%d8%a7%d9%84%d8%ae%d8%af%d9%85%d8%a7%d8%aa-%d8%a7%d9%84%d8%a8%d9%84%d8%af%d9%8a%d8%a9\/%d8%af%d8%b3-%d8%af%d8%b3-%d8%af%d8%b3-%d8%af%d8%aa\/%d9%82%d8%b1%d8%a7%d8%a1%d8%a9-%d8%b9%d8%a7%d9%85%d8%a9-%d9%81%d9%8a-%d9%85%d9%83%d8%aa%d8%a8%d8%a9-%d8%a5%d9%84%d8%b3%d8%a7-%d8%aa%d8%b1%d9%8a%d9%88%d9%84%d9%8a%d8%aa-%d9%81%d9%8a-%d9%85%d9%83%d8%aa\/\">\u0625\u0644\u0633\u0627 \u062a\u0631\u064a\u0648\u0644\u064a\u0647<\/a> \u0648 <a href=\"https:\/\/mairie-montataire.fr\/ar\/%d8%a7%d9%84%d8%af%d9%84%d8%a7%d8%a6%d9%84\/%d8%a7%d9%84%d8%ae%d8%af%d9%85%d8%a7%d8%aa-%d8%a7%d9%84%d8%a8%d9%84%d8%af%d9%8a%d8%a9\/%d8%af%d8%b3-%d8%af%d8%b3-%d8%af%d8%b3-%d8%af%d8%aa\/%d9%85%d9%83%d8%aa%d8%a8%d8%a9-%d8%a8%d9%88%d9%84-%d8%a5%d9%8a%d9%84%d9%88%d8%a7%d8%b1-%d9%84%d9%84%d9%82%d8%b1%d8%a7%d8%a1%d8%a9-%d8%a7%d9%84%d8%b9%d8%a7%d9%85%d8%a9\/\">\u0628\u0648\u0644 \u0625\u0644\u0648\u0627\u0631\u062f<\/a>)<\/li>\n\n\n\n<li style=\"font-style:normal;font-weight:400\">\u0641\u064a <a href=\"https:\/\/mairie-montataire.fr\/ar\/%d8%a7%d9%84%d8%af%d9%84%d8%a7%d8%a6%d9%84\/%d8%a7%d9%84%d8%ae%d8%af%d9%85%d8%a7%d8%aa-%d8%a7%d9%84%d8%a8%d9%84%d8%af%d9%8a%d8%a9\/%d8%af%d8%b3-%d8%af%d8%b3-%d8%af%d8%b3-%d8%af%d8%aa\/%d8%ae%d8%af%d9%85%d8%a9-%d8%a7%d9%84%d9%82%d8%b5%d8%b1-%d8%a7%d9%84%d8%ab%d9%82%d8%a7%d9%81%d9%8a%d8%a9\/\">\u0627\u0644\u0642\u0635\u0631<\/a><\/li>\n\n\n\n<li style=\"font-style:normal;font-weight:400\">\u0641\u064a <a href=\"https:\/\/mairie-montataire.fr\/ar\/%d8%a7%d9%84%d8%af%d9%84%d8%a7%d8%a6%d9%84\/%d8%a7%d9%84%d8%ae%d8%af%d9%85%d8%a7%d8%aa-%d8%a7%d9%84%d8%a8%d9%84%d8%af%d9%8a%d8%a9\/%d8%af%d9%8a%d8%ac%d9%8a%d8%b3\/%d9%85%d8%b1%d9%83%d8%b2-%d8%aa%d8%b1%d9%81%d9%8a%d9%87%d9%8a\/\">\u0645\u0631\u0643\u0632 \u062a\u0631\u0641\u064a\u0647\u064a<\/a> \u0641\u064a \u062c\u0646\u0627\u062d \u0627\u0644\u0645\u0631\u0627\u0647\u0642\u064a\u0646<\/li>\n\n\n\n<li style=\"font-style:normal;font-weight:400\">\u0641\u064a \u0645\u0642\u0631 \u0627\u0644\u062c\u0645\u0639\u064a\u0629 <a href=\"https:\/\/mairie-montataire.fr\/ar\/%d8%a7%d9%84%d8%af%d9%84%d8%a7%d8%a6%d9%84\/%d8%a7%d9%84%d8%ac%d9%85%d8%b9%d9%8a%d8%a7%d8%aa-2\/%d8%aa%d8%b9%d9%84%d9%8a%d9%85-%d8%a7%d9%84%d8%b4%d8%a8%d8%a7%d8%a8-%d9%88%d8%a5%d8%af%d9%85%d8%a7%d8%ac%d9%87%d9%85\/%d8%a7%d9%84%d9%8a%d8%b4%d9%85\/\">\u062c\u0627\u064a\u062f<\/a><\/li>\n<\/ul>\n<\/div>\n<\/div>\n\n\n\n<h2 class=\"wp-block-heading\">\u0627\u0644\u062a\u062c\u0645\u0639\u0627\u062a \u0627\u0644\u0633\u0643\u0627\u0646\u064a\u0629 \u0627\u0644\u0645\u0639\u0646\u064a\u0629<\/h2>\n\n\n\n<div class=\"wp-block-columns is-layout-flex wp-container-core-columns-is-layout-9d6595d7 wp-block-columns-is-layout-flex\">\n<div class=\"wp-block-column is-layout-flow wp-block-column-is-layout-flow\">\n<div class=\"wp-block-uagb-image uagb-block-120fa4a4 wp-block-uagb-image--layout-default wp-block-uagb-image--effect-static wp-block-uagb-image--align-none\"><figure class=\"wp-block-uagb-image__figure\"><img decoding=\"async\" srcset=\"https:\/\/mairie-montataire.fr\/app\/uploads\/2025\/09\/Visuel-Carrefour-de-femmes.png ,https:\/\/mairie-montataire.fr\/app\/uploads\/2025\/09\/Visuel-Carrefour-de-femmes.png 780w, https:\/\/mairie-montataire.fr\/app\/uploads\/2025\/09\/Visuel-Carrefour-de-femmes.png 360w\" sizes=\"auto, (max-width: 480px) 150px\" src=\"https:\/\/mairie-montataire.fr\/app\/uploads\/2025\/09\/Visuel-Carrefour-de-femmes.png\" alt=\"\" class=\"uag-image-6984\" width=\"771\" height=\"597\" title=\"\u0643\u0627\u0631\u0641\u0648\u0631 \u0641\u064a\u062c\u0648\u0627\u0644 \u062f\u064a \u0641\u064a\u0645\u0633\" loading=\"lazy\" role=\"img\"\/><\/figure><\/div>\n<\/div>\n\n\n\n<div class=\"wp-block-column is-layout-flow wp-block-column-is-layout-flow\">\n<p>L'<a href=\"https:\/\/www.creilsudoise.fr\/\">\u062a\u062c\u0645\u0651\u0639 \u0643\u0631\u064a\u0644 \u0633\u0648\u062f \u0623\u0648\u0632 (Creil Sud Oise)<\/a> \u0641\u062a\u062d \u0623\u0628\u0648\u0627\u0628 <a href=\"https:\/\/www.creilsudoise.fr\/carrefour-de-femmes\/?section=carrefour-de-femmes\">\u0645\u0641\u062a\u0631\u0642 \u0637\u0631\u0642 \u0627\u0644\u0646\u0633\u0627\u0621<\/a>. \u0645\u0633\u0627\u062d\u0629 \u0641\u0631\u064a\u062f\u0629 \u0645\u0646 \u0646\u0648\u0639\u0647\u0627\u060c \u062a\u0645 \u0625\u0646\u0634\u0627\u0624\u0647\u0627&nbsp;<strong>\u0628\u0648\u0627\u0633\u0637\u0629<\/strong>&nbsp;\u0648&nbsp;<strong>\u0645\u0646 \u0623\u062c\u0644<\/strong>&nbsp;\u0627\u0644\u0646\u0633\u0627\u0621 \u0641\u064a \u0627\u0644\u0645\u0646\u0637\u0642\u0629. \u0645\u0643\u0627\u0646&nbsp;<strong>\u0627\u0644\u0627\u0633\u062a\u0645\u0627\u0639<\/strong>\u0641\u0625\u0646&nbsp;<strong>\u064a\u0639\u0644\u0645<\/strong>&nbsp;\u0648&nbsp;<strong>\u064a\u0648\u062c\u0647\u0643 \u0625\u0644\u0649 \u0627\u0644\u0645\u062d\u062a\u0631\u0641\u064a\u0646<\/strong>\u062d\u0633\u0628 \u0648\u0636\u0639\u0647\u0645 \u0627\u0644\u0634\u062e\u0635\u064a. \u0633\u064a\u062a\u0645 \u062a\u0642\u062f\u064a\u0645 \u0648\u0631\u0634 \u0639\u0645\u0644 \u0645\u062e\u062a\u0644\u0641\u0629 \u0639\u0644\u0649 \u0627\u0644\u0645\u062f\u0649 \u0627\u0644\u0637\u0648\u064a\u0644 \u0644\u062a\u0645\u0643\u064a\u0646\u0647\u0645 \u0645\u0646 \u0627\u0644\u062a\u062c\u0631\u0624 \u0639\u0644\u0649&nbsp;<strong>(\u0625\u0639\u0627\u062f\u0629) \u0627\u0643\u062a\u0634\u0627\u0641 \u0623\u0646\u0641\u0633\u0647\u0645\u060c \u0648\u062a\u0639\u0644\u0645 \u0643\u064a\u0641\u064a\u0629 \u0627\u0644\u062a\u062d\u0643\u0645 \u0641\u064a \u062d\u0631\u064a\u062a\u0647\u0645\u060c \u0648\u0645\u0639\u0631\u0641\u0629 \u062d\u0642\u0648\u0642\u0647\u0645 \u0648\u0627\u0633\u062a\u062d\u0642\u0627\u0642\u0627\u062a\u0647\u0645 \u0648\u062a\u0628\u0627\u062f\u0644 \u0627\u0644\u0623\u0641\u0643\u0627\u0631 \u0648\u0627\u0644\u062e\u0628\u0631\u0627\u062a<\/strong>&nbsp;\u0641\u064a \u0645\u0648\u0627\u0636\u064a\u0639 \u0644\u0627 \u062a\u062c\u0631\u0624 \u0627\u0644\u0646\u0633\u0627\u0621 \u0639\u0644\u0649 \u0645\u0646\u0627\u0642\u0634\u062a\u0647\u0627 \u062e\u0627\u0631\u062c \u0647\u0630\u0627 \u0627\u0644\u0645\u0643\u0627\u0646\u060c \u062d\u064a\u062b \u0627\u0644\u0631\u0639\u0627\u064a\u0629 \u0648\u0627\u0644\u062f\u0639\u0645 \u0627\u0644\u0645\u062a\u0628\u0627\u062f\u0644 \u0645\u0646 \u0627\u0644\u0623\u0648\u0644\u0648\u064a\u0627\u062a.<\/p>\n<\/div>\n<\/div>\n\n\n\n<h2 class=\"wp-block-heading\">\u0645\u0643\u0627\u0641\u062d\u0629 \u0627\u0644\u0639\u0646\u0641 \u0636\u062f \u0627\u0644\u0645\u0631\u0623\u0629<\/h2>\n\n\n\n<p><strong>\u0625\u0646 \u0645\u0643\u0627\u0641\u062d\u0629 \u0627\u0644\u0639\u0646\u0641 \u0636\u062f \u0627\u0644\u0645\u0631\u0623\u0629 \u0645\u0639\u0631\u0643\u0629 \u062a\u062e\u0648\u0636\u0647\u0627 \u0627\u0644\u0645\u062f\u064a\u0646\u0629 \u0639\u0644\u0649 \u0645\u062f\u0627\u0631 \u0627\u0644\u0633\u0646\u0629. \u0648\u0645\u0646 \u0623\u0628\u0631\u0632 \u0645\u0639\u0627\u0644\u0645\u0647\u0627 \u0627\u0644\u064a\u0648\u0645 \u0627\u0644\u062f\u0648\u0644\u064a \u0644\u0644\u0642\u0636\u0627\u0621 \u0639\u0644\u0649 \u0627\u0644\u0639\u0646\u0641 \u0636\u062f \u0627\u0644\u0645\u0631\u0623\u0629 \u0641\u064a \u062a\u0634\u0631\u064a\u0646 \u0627\u0644\u062b\u0627\u0646\u064a\/\u0646\u0648\u0641\u0645\u0628\u0631\u060c \u0648\u064a\u0648\u0645 \u062d\u0642\u0648\u0642 \u0627\u0644\u0645\u0631\u0623\u0629 \u0641\u064a \u0622\u0630\u0627\u0631\/\u0645\u0627\u0631\u0633\u060c \u0627\u0644\u0630\u064a \u064a\u062c\u0645\u0639 \u0628\u064a\u0646 \u0627\u0644\u0625\u062f\u0627\u0631\u0627\u062a \u0648\u0627\u0644\u062c\u0645\u0639\u064a\u0627\u062a \u0627\u0644\u0639\u0627\u0645\u0644\u0629 \u0641\u064a \u0647\u0630\u0627 \u0627\u0644\u0645\u062c\u0627\u0644 \u0648\u0648\u0632\u0627\u0631\u0629 \u0627\u0644\u062a\u0639\u0644\u064a\u0645 \u0627\u0644\u0641\u0631\u0646\u0633\u064a\u0629.<\/strong><\/p>\n\n\n\n<h3 class=\"wp-block-heading\"><strong>\u0627\u0644\u0623\u062f\u0648\u0627\u062a \u0648\u0627\u0644\u0623\u0631\u0642\u0627\u0645 \u0627\u0644\u0645\u0648\u062c\u0648\u062f\u0629 \u0644\u0644\u062a\u0639\u0627\u0645\u0644 \u0645\u0639 \u0627\u0644\u0639\u0646\u0641<\/strong><\/h3>\n\n\n\n<div class=\"wp-block-columns is-layout-flex wp-container-core-columns-is-layout-9d6595d7 wp-block-columns-is-layout-flex\">\n<div class=\"wp-block-column is-layout-flow wp-block-column-is-layout-flow\">\n<div class=\"wp-block-columns is-layout-flex wp-container-core-columns-is-layout-9d6595d7 wp-block-columns-is-layout-flex\">\n<div class=\"wp-block-column is-layout-flow wp-block-column-is-layout-flow\" style=\"flex-basis:20%\">\n<div class=\"wp-block-uagb-image aligncenter uagb-block-325ae02a wp-block-uagb-image--layout-default wp-block-uagb-image--effect-static wp-block-uagb-image--align-center\"><figure class=\"wp-block-uagb-image__figure\"><a class=\"\" href=\"https:\/\/memo-de-vie.org\/\" target=\"_blank\" rel=\"noreferrer noopener\"><img decoding=\"async\" srcset=\"https:\/\/mairie-montataire.fr\/app\/uploads\/2024\/08\/Logo_MemoDeVie.jpg ,https:\/\/mairie-montataire.fr\/app\/uploads\/2024\/08\/Logo_MemoDeVie.jpg 780w, https:\/\/mairie-montataire.fr\/app\/uploads\/2024\/08\/Logo_MemoDeVie.jpg 360w\" sizes=\"auto, (max-width: 480px) 150px\" src=\"https:\/\/mairie-montataire.fr\/app\/uploads\/2024\/08\/Logo_MemoDeVie.jpg\" alt=\"\" class=\"uag-image-3502\" width=\"2000\" height=\"1525\" title=\"\u0634\u0639\u0627\u0631_\u0644\u0627\u064a\u0641_\u0645\u064a\u0645\u0648\" loading=\"lazy\" role=\"img\"\/><\/a><\/figure><\/div>\n<\/div>\n\n\n\n<div class=\"wp-block-column is-layout-flow wp-block-column-is-layout-flow\" style=\"flex-basis:66.66%\">\n<h4 class=\"wp-block-heading\">\u0645\u0630\u0643\u0631\u0629 \u0627\u0644\u062d\u064a\u0627\u0629<\/h4>\n\n\n\n<p>\u0645\u0646\u0635\u0629 \u0631\u0642\u0645\u064a\u0629 \u0645\u062c\u0627\u0646\u064a\u0629 \u0648\u0622\u0645\u0646\u0629 \u062a\u0633\u0627\u0639\u062f\u0643 \u0639\u0644\u0649 \u0641\u0647\u0645 \u0645\u0648\u0642\u0641\u0643 \u0623\u0648 \u0645\u0648\u0642\u0641 \u0623\u062d\u062f \u0623\u062d\u0628\u0627\u0626\u0643 \u0623\u0648 \u0643\u0634\u0627\u0647\u062f. \u064a\u0645\u0643\u0646\u0643 \u062a\u062e\u0632\u064a\u0646 \u0627\u0644\u0634\u0647\u0627\u062f\u0627\u062a \u0648\u0627\u0644\u0648\u062b\u0627\u0626\u0642 \u0648\u0645\u0631\u0643\u0632\u064a\u062a\u0647\u0627\u060c \u0648\u0625\u0639\u062f\u0627\u062f \u0627\u0644\u0625\u062c\u0631\u0627\u0621\u0627\u062a \u0648\u0645\u0631\u0627\u0641\u0642\u062a\u0643 \u0645\u0646 \u0642\u0628\u0644 \u0645\u062a\u062e\u0635\u0635.<\/p>\n<\/div>\n<\/div>\n<\/div>\n\n\n\n<div class=\"wp-block-column is-layout-flow wp-block-column-is-layout-flow\">\n<div class=\"wp-block-columns is-layout-flex wp-container-core-columns-is-layout-9d6595d7 wp-block-columns-is-layout-flex\">\n<div class=\"wp-block-column is-layout-flow wp-block-column-is-layout-flow\" style=\"flex-basis:20%\">\n<div class=\"wp-block-uagb-image aligncenter uagb-block-5ccf7f6a wp-block-uagb-image--layout-default wp-block-uagb-image--effect-static wp-block-uagb-image--align-center\"><figure class=\"wp-block-uagb-image__figure\"><a class=\"\" href=\"https:\/\/play.google.com\/store\/apps\/details?id=com.thesorority\" target=\"_blank\" rel=\"noreferrer noopener\"><img decoding=\"async\" srcset=\"https:\/\/mairie-montataire.fr\/app\/uploads\/2024\/08\/Logo_TheSorority-1024x781.jpg ,https:\/\/mairie-montataire.fr\/app\/uploads\/2024\/08\/Logo_TheSorority.jpg 780w, https:\/\/mairie-montataire.fr\/app\/uploads\/2024\/08\/Logo_TheSorority.jpg 360w\" sizes=\"auto, (max-width: 480px) 150px\" src=\"https:\/\/mairie-montataire.fr\/app\/uploads\/2024\/08\/Logo_TheSorority-1024x781.jpg\" alt=\"\" class=\"uag-image-3504\" width=\"243\" height=\"207\" title=\"\u0634\u0639\u0627\u0631_\u0627\u0644\u0645\u0624\u0633\u0633\u0629\" loading=\"lazy\" role=\"img\"\/><\/a><\/figure><\/div>\n<\/div>\n\n\n\n<div class=\"wp-block-column is-layout-flow wp-block-column-is-layout-flow\" style=\"flex-basis:66.66%\">\n<h4 class=\"wp-block-heading\"><strong>\u0627\u0644\u0646\u0627\u062f\u064a \u0627\u0644\u0646\u0633\u0627\u0626\u064a<\/strong><\/h4>\n\n\n\n<p>\u062a\u0637\u0628\u064a\u0642 \u0623\u0645\u0646\u064a \u064a\u0639\u0645\u0644 \u0645\u0646 \u062e\u0644\u0627\u0644 \u062a\u062d\u062f\u064a\u062f \u0627\u0644\u0645\u0648\u0642\u0639 \u0627\u0644\u062c\u063a\u0631\u0627\u0641\u064a \u0644\u0644\u0646\u0633\u0627\u0621 \u0628\u0627\u0644\u0646\u0633\u0628\u0629 \u0644\u0628\u0639\u0636\u0647\u0646 \u0627\u0644\u0628\u0639\u0636. \u0641\u0625\u0630\u0627 \u0643\u0627\u0646\u062a \u0625\u062d\u062f\u0627\u0647\u0646 \u0641\u064a \u062e\u0637\u0631\u060c \u064a\u0645\u0643\u0646\u0647\u0627 \u062a\u0646\u0628\u064a\u0647 \u0627\u0644\u0623\u062e\u0631\u064a\u0627\u062a \u0639\u0628\u0631 \u0632\u0631 \u0645\u062e\u0635\u0635.<\/p>\n<\/div>\n<\/div>\n<\/div>\n<\/div>\n\n\n\n<div class=\"wp-block-columns is-layout-flex wp-container-core-columns-is-layout-9d6595d7 wp-block-columns-is-layout-flex\">\n<div class=\"wp-block-column is-layout-flow wp-block-column-is-layout-flow\">\n<div class=\"wp-block-columns is-layout-flex wp-container-core-columns-is-layout-9d6595d7 wp-block-columns-is-layout-flex\">\n<div class=\"wp-block-column is-layout-flow wp-block-column-is-layout-flow\" style=\"flex-basis:20%\">\n<div class=\"wp-block-uagb-image aligncenter uagb-block-fd546a8c wp-block-uagb-image--layout-default wp-block-uagb-image--effect-static wp-block-uagb-image--align-center\"><figure class=\"wp-block-uagb-image__figure\"><a class=\"\" href=\"https:\/\/monsherif.com\/\" target=\"_blank\" rel=\"noreferrer noopener\"><img decoding=\"async\" srcset=\"https:\/\/mairie-montataire.fr\/app\/uploads\/2024\/08\/Logo_MonSherif-1024x781.jpg ,https:\/\/mairie-montataire.fr\/app\/uploads\/2024\/08\/Logo_MonSherif.jpg 780w, https:\/\/mairie-montataire.fr\/app\/uploads\/2024\/08\/Logo_MonSherif.jpg 360w\" sizes=\"auto, (max-width: 480px) 150px\" src=\"https:\/\/mairie-montataire.fr\/app\/uploads\/2024\/08\/Logo_MonSherif-1024x781.jpg\" alt=\"\" class=\"uag-image-3503\" width=\"243\" height=\"207\" title=\"\u0634\u0639\u0627\u0631_\u0645\u0646_\u0634\u0631\u064a\u0641\" loading=\"lazy\" role=\"img\"\/><\/a><\/figure><\/div>\n<\/div>\n\n\n\n<div class=\"wp-block-column is-layout-flow wp-block-column-is-layout-flow\" style=\"flex-basis:66.66%\">\n<h4 class=\"wp-block-heading\"><strong>\u0627\u0644\u0645\u0623\u0645\u0648\u0631<\/strong><\/h4>\n\n\n\n<p>\u0632\u0631 \u0645\u062a\u0635\u0644 \u0648\u0642\u0627\u0628\u0644 \u0644\u0644\u0627\u0631\u062a\u062f\u0627\u0621 \u064a\u0646\u0642\u0644 \u0627\u0644\u0645\u0648\u0642\u0639 \u0627\u0644\u062c\u063a\u0631\u0627\u0641\u064a \u0644\u0644\u0634\u062e\u0635 \u0645\u0639 \u0631\u0633\u0627\u0644\u0629 \u0645\u0643\u062a\u0648\u0628\u0629 \u0645\u0633\u0628\u0642\u0627\u064b \u0644\u0625\u0628\u0644\u0627\u063a \u0637\u0631\u0641 \u062b\u0627\u0644\u062b.<\/p>\n<\/div>\n<\/div>\n<\/div>\n\n\n\n<div class=\"wp-block-column is-layout-flow wp-block-column-is-layout-flow\">\n<div class=\"wp-block-columns is-layout-flex wp-container-core-columns-is-layout-9d6595d7 wp-block-columns-is-layout-flex\">\n<div class=\"wp-block-column is-layout-flow wp-block-column-is-layout-flow\" style=\"flex-basis:20%\">\n<div class=\"wp-block-uagb-image aligncenter uagb-block-778705e1 wp-block-uagb-image--layout-default wp-block-uagb-image--effect-static wp-block-uagb-image--align-center\"><figure class=\"wp-block-uagb-image__figure\"><a class=\"\" href=\"https:\/\/play.google.com\/store\/apps\/details?id=fr.resonantes.app_elles\" target=\"_blank\" rel=\"noreferrer noopener\"><img decoding=\"async\" srcset=\"https:\/\/mairie-montataire.fr\/app\/uploads\/2024\/08\/Logo_AppElles-1-1024x781.jpg ,https:\/\/mairie-montataire.fr\/app\/uploads\/2024\/08\/Logo_AppElles-1.jpg 780w, https:\/\/mairie-montataire.fr\/app\/uploads\/2024\/08\/Logo_AppElles-1.jpg 360w\" sizes=\"auto, (max-width: 480px) 150px\" src=\"https:\/\/mairie-montataire.fr\/app\/uploads\/2024\/08\/Logo_AppElles-1-1024x781.jpg\" alt=\"\" class=\"uag-image-3497\" width=\"243\" height=\"207\" title=\"\u0634\u0639\u0627\u0631_\u0622\u0628\u064a\u0644\u0632\" loading=\"lazy\" role=\"img\"\/><\/a><\/figure><\/div>\n<\/div>\n\n\n\n<div class=\"wp-block-column is-layout-flow wp-block-column-is-layout-flow\" style=\"flex-basis:66.66%\">\n<h4 class=\"wp-block-heading\"><strong>\u0623\u0628\u0644\u064a\u0632<\/strong><\/h4>\n\n\n\n<p>\u062a\u0637\u0628\u064a\u0642 \u0645\u0635\u0645\u0645 \u0644\u062a\u0644\u0628\u064a\u0629 \u0627\u062d\u062a\u064a\u0627\u062c\u0627\u062a \u0627\u0644\u0645\u0633\u0627\u0639\u062f\u0629 \u0648\u0627\u0644\u062f\u0639\u0645 \u0627\u0644\u0631\u0626\u064a\u0633\u064a\u0629 \u0644\u0644\u0636\u062d\u0627\u064a\u0627 \u0648\u0627\u0644\u0634\u0647\u0648\u062f \u0627\u0644\u0630\u064a\u0646 \u064a\u0648\u0627\u062c\u0647\u0648\u0646 \u062d\u0627\u0644\u0629 \u0639\u0646\u0641 \u062d\u0627\u0644\u064a \u0623\u0648 \u0633\u0627\u0628\u0642 \u0623\u0648 \u0645\u062d\u062a\u0645\u0644. \u0648\u064a\u0648\u0641\u0631 \u0625\u0645\u0643\u0627\u0646\u064a\u0629 \u0627\u0644\u0648\u0635\u0648\u0644 \u0625\u0644\u0649 \u0627\u0644\u0645\u0648\u0627\u0631\u062f \u0627\u0644\u0645\u062d\u0644\u064a\u0629.<\/p>\n<\/div>\n<\/div>\n<\/div>\n<\/div>\n\n\n\n<div class=\"wp-block-columns is-layout-flex wp-container-core-columns-is-layout-9d6595d7 wp-block-columns-is-layout-flex\">\n<div class=\"wp-block-column is-layout-flow wp-block-column-is-layout-flow\">\n<div class=\"wp-block-columns is-layout-flex wp-container-core-columns-is-layout-9d6595d7 wp-block-columns-is-layout-flex\">\n<div class=\"wp-block-column is-layout-flow wp-block-column-is-layout-flow\" style=\"flex-basis:20%\">\n<div class=\"wp-block-uagb-image aligncenter uagb-block-585eb740 wp-block-uagb-image--layout-default wp-block-uagb-image--effect-static wp-block-uagb-image--align-center\"><figure class=\"wp-block-uagb-image__figure\"><a class=\"\" href=\"https:\/\/enavanttoutes.fr\/\" target=\"_blank\" rel=\"noreferrer noopener\"><img decoding=\"async\" srcset=\"https:\/\/mairie-montataire.fr\/app\/uploads\/2024\/08\/Logo_EnAvantToutes-1024x781.jpg ,https:\/\/mairie-montataire.fr\/app\/uploads\/2024\/08\/Logo_EnAvantToutes.jpg 780w, https:\/\/mairie-montataire.fr\/app\/uploads\/2024\/08\/Logo_EnAvantToutes.jpg 360w\" sizes=\"auto, (max-width: 480px) 150px\" src=\"https:\/\/mairie-montataire.fr\/app\/uploads\/2024\/08\/Logo_EnAvantToutes-1024x781.jpg\" alt=\"\" class=\"uag-image-3499\" width=\"243\" height=\"207\" title=\"\u0627\u0644\u0634\u0639\u0627\u0631_\u0642\u0628\u0644_\u0627\u0644\u0643\u0644\" loading=\"lazy\" role=\"img\"\/><\/a><\/figure><\/div>\n<\/div>\n\n\n\n<div class=\"wp-block-column is-layout-flow wp-block-column-is-layout-flow\" style=\"flex-basis:66.66%\">\n<h4 class=\"wp-block-heading\"><strong>\u0627\u0644\u0645\u0636\u064a \u0642\u062f\u0645\u0627\u064b \u0628\u0623\u0642\u0635\u0649 \u0633\u0631\u0639\u0629<\/strong><\/h4>\n\n\n\n<p>\u062f\u0631\u062f\u0634\u0629 \u0645\u062c\u0627\u0646\u064a\u0629\u060c \u0645\u0641\u062a\u0648\u062d\u0629 \u0645\u0646 \u0627\u0644\u0627\u062b\u0646\u064a\u0646 \u0625\u0644\u0649 \u0627\u0644\u0633\u0628\u062a \u0645\u0646 \u0627\u0644\u0633\u0627\u0639\u0629 10 \u0635\u0628\u0627\u062d\u064b\u0627 \u0625\u0644\u0649 9 \u0645\u0633\u0627\u0621\u064b\u060c \u0648\u0647\u064a \u0645\u062c\u0627\u0646\u064a\u0629 \u0648\u0645\u062c\u0647\u0648\u0644\u0629 \u0627\u0644\u0647\u0648\u064a\u0629 \u0648\u0622\u0645\u0646\u0629 \u0648\u0645\u0647\u062a\u0645\u0629\u060c \u0648\u062a\u0636\u0639\u0643 \u0639\u0644\u0649 \u0627\u062a\u0635\u0627\u0644 \u0645\u0639 \u0645\u062a\u062e\u0635\u0635\u064a\u0646 \u064a\u0633\u062a\u0645\u0639\u0648\u0646 \u0625\u0644\u064a\u0643 \u0648\u064a\u0642\u062f\u0645\u0648\u0646 \u0644\u0643 \u0627\u0644\u0645\u0634\u0648\u0631\u0629 \u0648\u064a\u062d\u0648\u0644\u0648\u0646\u0643 \u0625\u0644\u0649 \u0627\u0644\u0647\u064a\u0627\u0643\u0644 \u0627\u0644\u062a\u064a \u062a\u062d\u062a\u0627\u062c\u0647\u0627. <br>\u0645\u062a\u0627\u062d \u0639\u0644\u0649 :<br><a href=\"https:\/\/commentonsaime.fr\/\" target=\"_blank\" rel=\"noreferrer noopener\">commentonsaime.fr<\/a><br><a href=\"https:\/\/enavanttoutes.fr\/\" target=\"_blank\" rel=\"noreferrer noopener\">enavanttoutes.fr<\/a><\/p>\n<\/div>\n<\/div>\n<\/div>\n\n\n\n<div class=\"wp-block-column is-layout-flow wp-block-column-is-layout-flow\">\n<div class=\"wp-block-columns is-layout-flex wp-container-core-columns-is-layout-9d6595d7 wp-block-columns-is-layout-flex\">\n<div class=\"wp-block-column is-layout-flow wp-block-column-is-layout-flow\" style=\"flex-basis:20%\">\n<div class=\"wp-block-uagb-image aligncenter uagb-block-4fd8d2de wp-block-uagb-image--layout-default wp-block-uagb-image--effect-static wp-block-uagb-image--align-center\"><figure class=\"wp-block-uagb-image__figure\"><a class=\"\" href=\"https:\/\/droitsdirects.fr\/\" target=\"_blank\" rel=\"noreferrer noopener\"><img decoding=\"async\" srcset=\"https:\/\/mairie-montataire.fr\/app\/uploads\/2024\/08\/Logo_DroitDirect-1024x781.jpg ,https:\/\/mairie-montataire.fr\/app\/uploads\/2024\/08\/Logo_DroitDirect.jpg 780w, https:\/\/mairie-montataire.fr\/app\/uploads\/2024\/08\/Logo_DroitDirect.jpg 360w\" sizes=\"auto, (max-width: 480px) 150px\" src=\"https:\/\/mairie-montataire.fr\/app\/uploads\/2024\/08\/Logo_DroitDirect-1024x781.jpg\" alt=\"\" class=\"uag-image-3508\" width=\"243\" height=\"207\" title=\"\u0644\u0648\u062c\u0648_\u062f\u0631\u0648\u064a\u062a \u062f\u0627\u064a\u0631\u0643\u062a\" loading=\"lazy\" role=\"img\"\/><\/a><\/figure><\/div>\n<\/div>\n\n\n\n<div class=\"wp-block-column is-layout-flow wp-block-column-is-layout-flow\" style=\"flex-basis:66.66%\">\n<h4 class=\"wp-block-heading\"><strong>\u0627\u0644\u062d\u0642\u0648\u0642 \u0627\u0644\u0645\u0628\u0627\u0634\u0631\u0629<\/strong><\/h4>\n\n\n\n<p>\u064a\u0648\u0641\u0631 \u0647\u0630\u0627 \u0627\u0644\u0645\u0648\u0642\u0639 \u0623\u0648\u0631\u0627\u0642 \u0645\u0639\u0644\u0648\u0645\u0627\u062a \u0645\u062c\u0627\u0646\u064a\u0629 \u064a\u062a\u0645 \u062a\u062d\u062f\u064a\u062b\u0647\u0627 \u0628\u0627\u0646\u062a\u0638\u0627\u0645 \u0645\u0646 \u0642\u0628\u0644 \u062e\u0628\u0631\u0627\u0621 \u0642\u0627\u0646\u0648\u0646\u064a\u064a\u0646 \u0648\u0645\u062d\u0627\u0645\u064a\u0646 \u0648\u0623\u062e\u0635\u0627\u0626\u064a\u064a\u0646 \u0627\u062c\u062a\u0645\u0627\u0639\u064a\u064a\u0646 \u0648\u063a\u064a\u0631\u0647\u0645. \u064a\u062d\u062a\u0648\u064a \u0639\u0644\u0649 \u0627\u0644\u0645\u0639\u0644\u0648\u0645\u0627\u062a \u0627\u0644\u0623\u0633\u0627\u0633\u064a\u0629 \u0627\u0644\u062a\u064a \u062a\u062d\u062a\u0627\u062c\u064a\u0646 \u0625\u0644\u064a\u0647\u0627 \u0644\u0641\u0647\u0645 \u0627\u0644\u0639\u0646\u0641 \u0648\u0645\u0639\u0631\u0641\u0629 \u0627\u0644\u0642\u0627\u0646\u0648\u0646 \u0648\u0627\u0644\u062a\u062f\u0627\u0628\u064a\u0631 \u0627\u0644\u0642\u0627\u0646\u0648\u0646\u064a\u0629 \u0648\u0627\u0644\u0627\u062c\u062a\u0645\u0627\u0639\u064a\u0629 \u0627\u0644\u0645\u062a\u0627\u062d\u0629 \u0644\u062d\u0645\u0627\u064a\u0629 \u0646\u0641\u0633\u0643 \u0648\u0623\u0637\u0641\u0627\u0644\u0643.<\/p>\n<\/div>\n<\/div>\n<\/div>\n<\/div>\n\n\n\n<div class=\"wp-block-columns is-layout-flex wp-container-core-columns-is-layout-9d6595d7 wp-block-columns-is-layout-flex\">\n<div class=\"wp-block-column is-layout-flow wp-block-column-is-layout-flow\">\n<div class=\"wp-block-columns is-layout-flex wp-container-core-columns-is-layout-9d6595d7 wp-block-columns-is-layout-flex\">\n<div class=\"wp-block-column is-layout-flow wp-block-column-is-layout-flow\" style=\"flex-basis:20%\">\n<div class=\"wp-block-uagb-image aligncenter uagb-block-29aee953 wp-block-uagb-image--layout-default wp-block-uagb-image--effect-static wp-block-uagb-image--align-center\"><figure class=\"wp-block-uagb-image__figure\"><a class=\"\" href=\"https:\/\/parcours-victimes.fr\/\" target=\"_blank\" rel=\"noreferrer noopener\"><img decoding=\"async\" srcset=\"https:\/\/mairie-montataire.fr\/app\/uploads\/2024\/08\/Logo_FranceVictimes-2-1024x781.jpg ,https:\/\/mairie-montataire.fr\/app\/uploads\/2024\/08\/Logo_FranceVictimes-2.jpg 780w, https:\/\/mairie-montataire.fr\/app\/uploads\/2024\/08\/Logo_FranceVictimes-2.jpg 360w\" sizes=\"auto, (max-width: 480px) 150px\" src=\"https:\/\/mairie-montataire.fr\/app\/uploads\/2024\/08\/Logo_FranceVictimes-2-1024x781.jpg\" alt=\"\" class=\"uag-image-3501\" width=\"243\" height=\"207\" title=\"\u0634\u0639\u0627\u0631_\u0641\u0631\u0627\u0646\u0633 \u0641\u064a\u0643\u062a\u064a\u0645\u0632\" loading=\"lazy\" role=\"img\"\/><\/a><\/figure><\/div>\n\n\n\n<div class=\"wp-block-uagb-image aligncenter uagb-block-a3e3ff44 wp-block-uagb-image--layout-default wp-block-uagb-image--effect-static wp-block-uagb-image--align-center\"><figure class=\"wp-block-uagb-image__figure\"><a class=\"\" href=\"https:\/\/parcours-victimes.fr\/\" target=\"_blank\" rel=\"noreferrer noopener\"><img decoding=\"async\" srcset=\"https:\/\/mairie-montataire.fr\/app\/uploads\/2024\/08\/Logo_FondDeGarentieDesVictimes-1-1024x781.jpg ,https:\/\/mairie-montataire.fr\/app\/uploads\/2024\/08\/Logo_FondDeGarentieDesVictimes-1.jpg 780w, https:\/\/mairie-montataire.fr\/app\/uploads\/2024\/08\/Logo_FondDeGarentieDesVictimes-1.jpg 360w\" sizes=\"auto, (max-width: 480px) 150px\" src=\"https:\/\/mairie-montataire.fr\/app\/uploads\/2024\/08\/Logo_FondDeGarentieDesVictimes-1-1024x781.jpg\" alt=\"\" class=\"uag-image-3500\" width=\"243\" height=\"207\" title=\"\u0634\u0639\u0627\u0631_\u0634\u0639\u0627\u0631_\u0635\u0646\u062f\u0648\u0642_\u0636\u062d\u0627\u064a\u0627_\u063a\u0627\u0631\u0646\u062a\u064a_\u0641\u0627\u0646\u062f\" loading=\"lazy\" role=\"img\"\/><\/a><\/figure><\/div>\n<\/div>\n\n\n\n<div class=\"wp-block-column is-layout-flow wp-block-column-is-layout-flow\" style=\"flex-basis:66.66%\">\n<h4 class=\"wp-block-heading\"><strong>\u0623\u062b\u0631 \u0627\u0644\u0636\u062d\u0627\u064a\u0627<\/strong><\/h4>\n\n\n\n<p>\u0645\u0648\u0642\u0639 \u064a\u0633\u0627\u0639\u062f \u0627\u0644\u0628\u0627\u0644\u063a\u064a\u0646 \u0648\u0627\u0644\u0642\u0627\u0635\u0631\u064a\u0646 \u0639\u0644\u0649 \u062d\u062f \u0633\u0648\u0627\u0621\u060c \u0648\u064a\u0631\u0634\u062f\u0647\u0645 \u062e\u0644\u0627\u0644 \u0627\u0644\u0645\u0631\u0627\u062d\u0644 \u0627\u0644\u062e\u0645\u0633 \u0627\u0644\u0631\u0626\u064a\u0633\u064a\u0629 \u0644\u0631\u062d\u0644\u062a\u0647\u0645\u060c \u0628\u062f\u0621\u064b\u0627 \u0645\u0646 \u0648\u0642\u0627\u0626\u0639 \u0627\u0644\u0642\u0636\u064a\u0629 \u0648\u062d\u062a\u0649 \u0627\u0644\u062a\u0639\u0648\u064a\u0636 \u0627\u0644\u0645\u062d\u062a\u0645\u0644.<\/p>\n<\/div>\n<\/div>\n<\/div>\n\n\n\n<div class=\"wp-block-column is-layout-flow wp-block-column-is-layout-flow\">\n<div class=\"wp-block-columns is-layout-flex wp-container-core-columns-is-layout-9d6595d7 wp-block-columns-is-layout-flex\">\n<div class=\"wp-block-column is-layout-flow wp-block-column-is-layout-flow\" style=\"flex-basis:20%\">\n<div class=\"wp-block-uagb-image aligncenter uagb-block-bcc45b62 wp-block-uagb-image--layout-default wp-block-uagb-image--effect-static wp-block-uagb-image--align-center\"><figure class=\"wp-block-uagb-image__figure\"><a class=\"\" href=\"https:\/\/www.womenforwomenfrance.org\/fr\/\" target=\"_blank\" rel=\"noreferrer noopener\"><img decoding=\"async\" srcset=\"https:\/\/mairie-montataire.fr\/app\/uploads\/2024\/08\/Logo_Women-1024x781.jpg ,https:\/\/mairie-montataire.fr\/app\/uploads\/2024\/08\/Logo_Women.jpg 780w, https:\/\/mairie-montataire.fr\/app\/uploads\/2024\/08\/Logo_Women.jpg 360w\" sizes=\"auto, (max-width: 480px) 150px\" src=\"https:\/\/mairie-montataire.fr\/app\/uploads\/2024\/08\/Logo_Women-1024x781.jpg\" alt=\"\" class=\"uag-image-3505\" width=\"243\" height=\"207\" title=\"\u0634\u0639\u0627\u0631_\u0627\u0644\u0645\u0631\u0623\u0629\" loading=\"lazy\" role=\"img\"\/><\/a><\/figure><\/div>\n<\/div>\n\n\n\n<div class=\"wp-block-column is-layout-flow wp-block-column-is-layout-flow\" style=\"flex-basis:66.66%\">\n<h4 class=\"wp-block-heading\"><strong>\u0646\u0633\u0627\u0621 \u0645\u0646 \u0623\u062c\u0644 \u0646\u0633\u0627\u0621 \u0641\u0631\u0646\u0633\u0627<\/strong><\/h4>\n\n\n\n<p>\u0628\u0648\u0627\u0628\u0629 \u0627\u0644\u0645\u0648\u0627\u0631\u062f \u0645\u062a\u0639\u062f\u062f\u0629 \u0627\u0644\u0644\u063a\u0627\u062a \u0627\u0644\u062a\u064a \u062a\u0644\u0628\u064a \u0627\u0644\u062d\u0627\u062c\u0629 \u0627\u0644\u0623\u0633\u0627\u0633\u064a\u0629 \u0644\u0644\u0623\u0634\u062e\u0627\u0635 \u063a\u064a\u0631 \u0627\u0644\u0641\u0631\u0646\u0633\u064a\u064a\u0646 \u0648\/\u0623\u0648 \u0627\u0644\u0645\u0647\u0627\u062c\u0631\u064a\u0646 \u0627\u0644\u0630\u064a\u0646 \u064a\u0648\u0627\u062c\u0647\u0648\u0646 \u0627\u0644\u0639\u0646\u0641 \u0627\u0644\u0645\u0646\u0632\u0644\u064a \u0644\u0644\u0648\u0635\u0648\u0644 \u0625\u0644\u0649 \u0627\u0644\u0645\u0639\u0644\u0648\u0645\u0627\u062a \u0627\u0644\u0639\u0645\u0644\u064a\u0629 \u0627\u0644\u062a\u064a \u062a\u0639\u0627\u0644\u062c \u0645\u062e\u0627\u0648\u0641\u0647\u0645 \u0648\u0627\u062d\u062a\u064a\u0627\u062c\u0627\u062a\u0647\u0645 \u0627\u0644\u0645\u0644\u0645\u0648\u0633\u0629 \u0628\u0644\u063a\u0629 \u064a\u0641\u0647\u0645\u0648\u0646\u0647\u0627.<\/p>\n<\/div>\n<\/div>\n<\/div>\n<\/div>","protected":false},"excerpt":{"rendered":"<p>La pr\u00e9carit\u00e9 menstruelle Montataire est la premi\u00e8re commune de l&rsquo;Oise \u00e0 installer des distributeurs gratuits de protections p\u00e9riodiques pour les femmes. Elles sont en 100% coton, sans plastique, sans produits toxiques et biod\u00e9gradables. Depuis 2022, ces protections sont en libre acc\u00e8s : Une agglom\u00e9ration concern\u00e9e L\u2019agglom\u00e9ration Creil Sud Oise a ouvert en 2024 les portes [&hellip;]<\/p>\n","protected":false},"author":1,"featured_media":4092,"parent":72,"menu_order":60,"comment_status":"closed","ping_status":"closed","template":"","meta":{"_acf_changed":false,"_uag_custom_page_level_css":"","footnotes":""},"class_list":["post-84","page","type-page","status-publish","has-post-thumbnail","hentry"],"acf":[],"uagb_featured_image_src":{"full":["https:\/\/mairie-montataire.fr\/app\/uploads\/2024\/08\/3.2.3_LutteViolenceFemmes.jpg",500,350,false],"thumbnail":["https:\/\/mairie-montataire.fr\/app\/uploads\/2024\/08\/3.2.3_LutteViolenceFemmes-150x150.jpg",150,150,true],"medium":["https:\/\/mairie-montataire.fr\/app\/uploads\/2024\/08\/3.2.3_LutteViolenceFemmes-300x210.jpg",300,210,true],"medium_large":["https:\/\/mairie-montataire.fr\/app\/uploads\/2024\/08\/3.2.3_LutteViolenceFemmes.jpg",500,350,false],"large":["https:\/\/mairie-montataire.fr\/app\/uploads\/2024\/08\/3.2.3_LutteViolenceFemmes.jpg",500,350,false],"1536x1536":["https:\/\/mairie-montataire.fr\/app\/uploads\/2024\/08\/3.2.3_LutteViolenceFemmes.jpg",500,350,false],"2048x2048":["https:\/\/mairie-montataire.fr\/app\/uploads\/2024\/08\/3.2.3_LutteViolenceFemmes.jpg",500,350,false],"trp-custom-language-flag":["https:\/\/mairie-montataire.fr\/app\/uploads\/2024\/08\/3.2.3_LutteViolenceFemmes-18x12.jpg",18,12,true],"gform-image-choice-sm":["https:\/\/mairie-montataire.fr\/app\/uploads\/2024\/08\/3.2.3_LutteViolenceFemmes.jpg",300,210,false],"gform-image-choice-md":["https:\/\/mairie-montataire.fr\/app\/uploads\/2024\/08\/3.2.3_LutteViolenceFemmes.jpg",400,280,false],"gform-image-choice-lg":["https:\/\/mairie-montataire.fr\/app\/uploads\/2024\/08\/3.2.3_LutteViolenceFemmes.jpg",500,350,false]},"uagb_author_info":{"display_name":"mentalworks","author_link":"https:\/\/mairie-montataire.fr\/ar\/actualites\/author\/mentalworks\/"},"uagb_comment_info":0,"uagb_excerpt":"La pr\u00e9carit\u00e9 menstruelle Montataire est la premi\u00e8re commune de l&rsquo;Oise \u00e0 installer des distributeurs gratuits de protections p\u00e9riodiques pour les femmes. Elles sont en 100% coton, sans plastique, sans produits toxiques et biod\u00e9gradables. Depuis 2022, ces protections sont en libre acc\u00e8s : Une agglom\u00e9ration concern\u00e9e L\u2019agglom\u00e9ration Creil Sud Oise a ouvert en 2024 les portes&hellip;","_links":{"self":[{"href":"https:\/\/mairie-montataire.fr\/ar\/wp-json\/wp\/v2\/pages\/84","targetHints":{"allow":["GET"]}}],"collection":[{"href":"https:\/\/mairie-montataire.fr\/ar\/wp-json\/wp\/v2\/pages"}],"about":[{"href":"https:\/\/mairie-montataire.fr\/ar\/wp-json\/wp\/v2\/types\/page"}],"author":[{"embeddable":true,"href":"https:\/\/mairie-montataire.fr\/ar\/wp-json\/wp\/v2\/users\/1"}],"replies":[{"embeddable":true,"href":"https:\/\/mairie-montataire.fr\/ar\/wp-json\/wp\/v2\/comments?post=84"}],"version-history":[{"count":25,"href":"https:\/\/mairie-montataire.fr\/ar\/wp-json\/wp\/v2\/pages\/84\/revisions"}],"predecessor-version":[{"id":6985,"href":"https:\/\/mairie-montataire.fr\/ar\/wp-json\/wp\/v2\/pages\/84\/revisions\/6985"}],"up":[{"embeddable":true,"href":"https:\/\/mairie-montataire.fr\/ar\/wp-json\/wp\/v2\/pages\/72"}],"wp:featuredmedia":[{"embeddable":true,"href":"https:\/\/mairie-montataire.fr\/ar\/wp-json\/wp\/v2\/media\/4092"}],"wp:attachment":[{"href":"https:\/\/mairie-montataire.fr\/ar\/wp-json\/wp\/v2\/media?parent=84"}],"curies":[{"name":"\u062f\u0628\u0644\u064a\u0648 \u0628\u064a","href":"https:\/\/api.w.org\/{rel}","templated":true}]}}