{"id":7889,"date":"2026-04-29T09:22:16","date_gmt":"2026-04-29T09:22:16","guid":{"rendered":"https:\/\/mairie-montataire.fr\/?page_id=7889"},"modified":"2026-04-29T12:01:10","modified_gmt":"2026-04-29T12:01:10","slug":"plan-du-site","status":"publish","type":"page","link":"https:\/\/mairie-montataire.fr\/ar\/plan-du-site\/","title":{"rendered":"\u062e\u0631\u064a\u0637\u0629 \u0627\u0644\u0645\u0648\u0642\u0639"},"content":{"rendered":"<div class=\"wp-block-group is-layout-constrained wp-block-group-is-layout-constrained\">\n<div class=\"wp-block-uagb-advanced-heading uagb-block-9ba90240\"><h2 class=\"uagb-heading-text\">\u0627\u0644\u062f\u0644\u064a\u0644<\/h2><\/div>\n\n\n\n<div class=\"wsp-container\"><ul class=\"wsp-directorys-list\">\n<li><a href=\"https:\/\/mairie-montataire.fr\/ar\/annuaires\/associations\/solidarite\/vie-libre\/\">\u0627\u0644\u062d\u064a\u0627\u0629 \u0627\u0644\u062d\u0631\u0629<\/a><\/li>\n<li><a href=\"https:\/\/mairie-montataire.fr\/ar\/annuaires\/associations\/culture-et-loisirs\/video-travelling\/\">\u0627\u0644\u0633\u0641\u0631 \u0628\u0627\u0644\u0641\u064a\u062f\u064a\u0648<\/a><\/li>\n<li><a href=\"https:\/\/mairie-montataire.fr\/ar\/annuaires\/associations\/sport\/union-sportive-de-montataire\/\">\u0627\u0644\u0627\u062a\u062d\u0627\u062f \u0627\u0644\u0631\u064a\u0627\u0636\u064a \u0644\u0645\u0648\u0646\u062a\u0627\u062a\u064a\u0631<\/a><\/li>\n<li><a href=\"https:\/\/mairie-montataire.fr\/ar\/annuaires\/associations\/memoire-et-patrimoine\/union-locale-des-anciens-combattants-ulac\/\">\u0627\u0644\u0627\u062a\u062d\u0627\u062f \u0627\u0644\u0645\u062d\u0644\u064a \u0644\u0644\u0645\u062d\u0627\u0631\u0628\u064a\u0646 \u0627\u0644\u0642\u062f\u0627\u0645\u0649 (ULAC)<\/a><\/li>\n<li><a href=\"https:\/\/mairie-montataire.fr\/ar\/annuaires\/associations\/sport\/union-cycliste-montatairienne\/\">\u0627\u062a\u062d\u0627\u062f \u0627\u0644\u062f\u0631\u0627\u062c\u0627\u062a \u0627\u0644\u0647\u0648\u0627\u0626\u064a\u0629 \u0641\u064a \u0645\u0648\u0646\u062a\u0627\u062a\u064a\u0631\u064a\u0646<\/a><\/li>\n<li><a href=\"https:\/\/mairie-montataire.fr\/ar\/annuaires\/associations\/sport\/tennis-club-de-montataire\/\">\u0646\u0627\u062f\u064a \u0645\u0648\u0646\u062a\u0627\u062a\u064a\u0631 \u0644\u0644\u062a\u0646\u0633<\/a><\/li>\n<li><a href=\"https:\/\/mairie-montataire.fr\/ar\/annuaires\/associations\/sport\/sud-oise-escalade\/\">\u062a\u0633\u0644\u0642 \u062c\u0646\u0648\u0628 \u0627\u0644\u0648\u0627\u0632<\/a><\/li>\n<li><a href=\"https:\/\/mairie-montataire.fr\/ar\/annuaires\/associations\/sport\/standard-football-club-montataire\/\">\u0646\u0627\u062f\u064a \u0633\u062a\u0627\u0646\u062f\u0631\u062f \u0644\u0643\u0631\u0629 \u0627\u0644\u0642\u062f\u0645 \u0645\u0648\u0646\u062a\u0627\u062a\u064a\u0631<\/a><\/li>\n<li><a href=\"https:\/\/mairie-montataire.fr\/ar\/annuaires\/structures-sportives\/stade-kleber-sellier\/\">\u0645\u0644\u0639\u0628 \u0643\u0644\u064a\u0628\u0631 \u0633\u064a\u0644\u064a\u064a\u0647<\/a><\/li>\n<li><a href=\"https:\/\/mairie-montataire.fr\/ar\/annuaires\/associations\/culture-et-loisirs\/souvenir-du-portugal\/\">\u0647\u062f\u0627\u064a\u0627 \u062a\u0630\u0643\u0627\u0631\u064a\u0629 \u0645\u0646 \u0627\u0644\u0628\u0631\u062a\u063a\u0627\u0644<\/a><\/li>\n<li><a href=\"https:\/\/mairie-montataire.fr\/ar\/annuaires\/associations\/environnement-et-nature\/societe-ouvriere-dhorticulture-et-de-temperance\/\">Soci\u00e9t\u00e9 ouvri\u00e8re d'horticulture et de temp\u00e9rance<\/a><\/li>\n<li><a href=\"https:\/\/mairie-montataire.fr\/ar\/annuaires\/associations\/environnement-et-nature\/societe-mycologique-de-montataire\/\">\u062c\u0645\u0639\u064a\u0629 \u0627\u0644\u0641\u0637\u0631\u064a\u0627\u062a \u0641\u064a \u0645\u0648\u0646\u062a\u0627\u062a\u064a\u0631<\/a><\/li>\n<li><a href=\"https:\/\/mairie-montataire.fr\/ar\/annuaires\/associations\/environnement-et-nature\/societe-de-chasse-de-montataire\/\">\u0646\u0627\u062f\u064a \u0645\u0648\u0646\u062a\u0627\u062a\u064a\u0631 \u0644\u0644\u0635\u064a\u062f \u0641\u064a \u0645\u0648\u0646\u062a\u0627\u062a\u064a\u0631<\/a><\/li>\n<li><a href=\"https:\/\/mairie-montataire.fr\/ar\/annuaires\/associations\/environnement-et-nature\/societe-colombophile-les-vrais-amateurs\/\">Soci\u00e9t\u00e9 colombophile \"Les vrais Amateurs\"<\/a><\/li>\n<li><a href=\"https:\/\/mairie-montataire.fr\/ar\/annuaires\/associations\/sport\/soccer-salle\/\">\u0643\u0631\u0629 \u0627\u0644\u0642\u062f\u0645 \u0641\u064a \u0627\u0644\u0623\u0645\u0627\u0643\u0646 \u0627\u0644\u0645\u063a\u0644\u0642\u0629<\/a><\/li>\n<li><a href=\"https:\/\/mairie-montataire.fr\/ar\/annuaires\/services-municipaux\/dst\/services-techniques\/\">\u0627\u0644\u062e\u062f\u0645\u0627\u062a \u0627\u0644\u0641\u0646\u064a\u0629<\/a><\/li>\n<li><a href=\"https:\/\/mairie-montataire.fr\/ar\/annuaires\/services-municipaux\/dcsdt\/services-retraites\/\">\u062e\u062f\u0645\u0627\u062a \u0627\u0644\u0645\u062a\u0642\u0627\u0639\u062f\u064a\u0646<\/a><\/li>\n<li><a href=\"https:\/\/mairie-montataire.fr\/ar\/annuaires\/services-municipaux\/drh\/services-des-ressources-humaines\/\">\u0625\u062f\u0627\u0631\u0627\u062a \u0627\u0644\u0645\u0648\u0627\u0631\u062f \u0627\u0644\u0628\u0634\u0631\u064a\u0629<\/a><\/li>\n<li><a href=\"https:\/\/mairie-montataire.fr\/ar\/annuaires\/services-municipaux\/dejss\/sport\/\">\u0642\u0633\u0645 \u0627\u0644\u0631\u064a\u0627\u0636\u0629<\/a><\/li>\n<li><a href=\"https:\/\/mairie-montataire.fr\/ar\/annuaires\/associations\/solidarite\/secours-populaire-francais\/\">\u0645\u0646\u0638\u0645\u0629 \u0627\u0644\u0625\u063a\u0627\u062b\u0629 \u0627\u0644\u0634\u0639\u0628\u064a\u0629 \u0627\u0644\u0641\u0631\u0646\u0633\u064a\u0629 (Secours Populaire Fran\u00e7ais)<\/a><\/li>\n<li><a href=\"https:\/\/mairie-montataire.fr\/ar\/annuaires\/sante\/autres-professions-de-sante\/sato-picardie-caarud-le-relais\/\">SATO Picardie - CAARUD \"Le Relais\"<\/a><\/li>\n<li><a href=\"https:\/\/mairie-montataire.fr\/ar\/annuaires\/location-de-salles\/salle-de-la-liberation\/\">\u0635\u0627\u0644\u0648\u0646 \u0627\u0644\u062a\u062d\u0631\u064a\u0631<\/a><\/li>\n<li><a href=\"https:\/\/mairie-montataire.fr\/ar\/annuaires\/associations\/sport\/ronin-fight-team\/\">\u0641\u0631\u064a\u0642 \u0631\u0648\u0646\u064a\u0646 \u0627\u0644\u0642\u062a\u0627\u0644\u064a<\/a><\/li>\n<li><a href=\"https:\/\/mairie-montataire.fr\/ar\/annuaires\/services-municipaux\/dejss\/petite-enfance-et-ram\/\">\u0645\u0631\u0643\u0632 \u0627\u0644\u0637\u0641\u0648\u0644\u0629 \u0627\u0644\u0645\u0628\u0643\u0631\u0629<\/a><\/li>\n<li><a href=\"https:\/\/mairie-montataire.fr\/ar\/annuaires\/autres-infrastructures\/regie-du-cable-et-le-lelectricite\/\">R\u00e9gie du c\u00e2ble et le l'\u00e9lectricit\u00e9<\/a><\/li>\n<li><a href=\"https:\/\/mairie-montataire.fr\/ar\/annuaires\/associations\/sport\/red-star-montataire-volley-ball\/\">\u0631\u064a\u062f \u0633\u062a\u0627\u0631 \u0645\u0648\u0646\u062a\u0627\u062a\u064a\u0631 \u0644\u0644\u0643\u0631\u0629 \u0627\u0644\u0637\u0627\u0626\u0631\u0629-\u0643\u0631\u0629 \u0637\u0627\u0626\u0631\u0629 \u0631\u064a\u062f \u0633\u062a\u0627\u0631<\/a><\/li>\n<li><a href=\"https:\/\/mairie-montataire.fr\/ar\/annuaires\/services-municipaux\/dcsdt\/politique-de-la-ville\/\">\u0627\u0644\u0633\u064a\u0627\u0633\u0629 \u0627\u0644\u062d\u0636\u0631\u064a\u0629<\/a><\/li>\n<li><a href=\"https:\/\/mairie-montataire.fr\/ar\/annuaires\/services-municipaux\/dgs\/police-municipale\/\">\u0634\u0631\u0637\u0629 \u0627\u0644\u0628\u0644\u062f\u064a\u0629<\/a><\/li>\n<li><a href=\"https:\/\/mairie-montataire.fr\/ar\/annuaires\/services-municipaux\/dejss\/pole-social-ccas\/\">\u0627\u0644\u062e\u062f\u0645\u0627\u062a \u0627\u0644\u0627\u062c\u062a\u0645\u0627\u0639\u064a\u0629 - CCAS<\/a><\/li>\n<li><a href=\"https:\/\/mairie-montataire.fr\/ar\/annuaires\/associations\/jeunesse-education-et-insertion\/plurielles\/\">\u062c\u0645\u0639 (\u0644\u064a\u0647)<\/a><\/li>\n<li><a href=\"https:\/\/mairie-montataire.fr\/ar\/annuaires\/structures-sportives\/piscine-intercommunale\/\">\u062d\u0645\u0627\u0645 \u0633\u0628\u0627\u062d\u0629 \u0645\u0634\u062a\u0631\u0643 \u0628\u064a\u0646 \u0627\u0644\u0637\u0627\u0626\u0641\u062a\u064a\u0646<\/a><\/li>\n<li><a href=\"https:\/\/mairie-montataire.fr\/ar\/annuaires\/associations\/culture-et-loisirs\/photo-club-de-montataire\/\">\u0646\u0627\u062f\u064a \u0641\u0648\u062a\u0648 \u0643\u0644\u0648\u0628 \u062f\u064a \u0645\u0648\u0646\u062a\u0627\u062a\u064a\u0631<\/a><\/li>\n<li><a href=\"https:\/\/mairie-montataire.fr\/ar\/annuaires\/sante\/pharmacies\/pharmacie-facq\/\">\u0641\u0627\u0631\u0645\u0627\u0633\u064a \u0641\u0627\u0643<\/a><\/li>\n<li><a href=\"https:\/\/mairie-montataire.fr\/ar\/annuaires\/sante\/pharmacies\/pharmacie-du-therain\/\">\u0635\u064a\u062f\u0644\u064a\u0629 \u062f\u0648 \u062b\u064a\u0631\u064a\u0646<\/a><\/li>\n<li><a href=\"https:\/\/mairie-montataire.fr\/ar\/annuaires\/sante\/pharmacies\/pharmacie-de-la-mairie\/\">\u0635\u064a\u062f\u0644\u064a\u0629 \u062a\u0627\u0648\u0646 \u0647\u0648\u0644<\/a><\/li>\n<li><a href=\"https:\/\/mairie-montataire.fr\/ar\/annuaires\/associations\/sport\/petanque-club-de-montataire\/\">\u0646\u0627\u062f\u064a \u0645\u0648\u0646\u062a\u0627\u062a\u064a\u0631 \u0644\u0644\u0643\u0631\u0629 \u0627\u0644\u062d\u062f\u064a\u062f\u064a\u0629<\/a><\/li>\n<li><a href=\"https:\/\/mairie-montataire.fr\/ar\/annuaires\/associations\/sport\/palanquee-club-intercommunal-de-montataire-pcim\/\">\u0646\u0627\u062f\u064a \u0628\u0627\u0644\u0627\u0646\u0643\u064a\u0647 \u0628\u064a\u0646 \u0627\u0644\u0645\u062c\u062a\u0645\u0639\u0627\u062a \u0627\u0644\u0645\u062d\u0644\u064a\u0629 \u0641\u064a \u0645\u0648\u0646\u062a\u0627\u062a\u064a\u0631 (PCIM)<\/a><\/li>\n<li><a href=\"https:\/\/mairie-montataire.fr\/ar\/annuaires\/associations\/sport\/nu-djunta-mo\/\">\u0646\u0648 \u062f\u062c\u0648\u0646\u062a\u0627 \u0645\u0648<\/a><\/li>\n<li><a href=\"https:\/\/mairie-montataire.fr\/ar\/annuaires\/services-municipaux\/dejss\/multi-accueil\/\">\u0631\u0639\u0627\u064a\u0629 \u0627\u0644\u0623\u0637\u0641\u0627\u0644<\/a><\/li>\n<li><a href=\"https:\/\/mairie-montataire.fr\/ar\/annuaires\/associations\/culture-et-loisirs\/mots-passants-pas-sages-mpps\/\">\u0627\u0644\u0645\u0642\u0627\u0637\u0639 \u0627\u0644\u0645\u0627\u0631\u0629 \u0648\u0627\u0644\u062d\u0643\u0645\u0627\u0621 (MPPS)<\/a><\/li>\n<li><a href=\"https:\/\/mairie-montataire.fr\/ar\/annuaires\/associations\/sport\/montataire-basket-ball-mbb\/\">\u0643\u0631\u0629 \u0627\u0644\u0633\u0644\u0629 \u0645\u0648\u0646\u062a\u0627\u062a\u064a\u0631 (MBB)<\/a><\/li>\n<li><a href=\"https:\/\/mairie-montataire.fr\/ar\/annuaires\/associations\/sport\/montataire-athletic-club-2\/\">\u0646\u0627\u062f\u064a \u0645\u0648\u0646\u062a\u0627\u062a\u064a\u0631 \u0627\u0644\u0631\u064a\u0627\u0636\u064a<\/a><\/li>\n<li><a href=\"https:\/\/mairie-montataire.fr\/ar\/annuaires\/associations\/sport\/montabad\/\">\u0645\u0648\u0646\u062a\u0627\u0628\u0627\u062f<\/a><\/li>\n<li><a href=\"https:\/\/mairie-montataire.fr\/ar\/annuaires\/sante\/infirmier-ere-s\/monsieur-bertaux-patrice\/\">\u0627\u0644\u0633\u064a\u062f \u0628\u0631\u062a\u0648 \u0628\u0627\u062a\u0631\u064a\u0633<\/a><\/li>\n<li><a href=\"https:\/\/mairie-montataire.fr\/ar\/annuaires\/sante\/autres-professions-de-sante\/docteur-arnold-sene-psychomotricien\/\">\u0627\u0644\u0633\u064a\u062f \u0623\u0631\u0646\u0648\u0644\u062f \u0633\u064a\u0646 - \u0623\u062e\u0635\u0627\u0626\u064a \u0627\u0644\u0637\u0628 \u0627\u0644\u0646\u0641\u0633\u064a<\/a><\/li>\n<li><a href=\"https:\/\/mairie-montataire.fr\/ar\/annuaires\/associations\/memoire-et-patrimoine\/mons-ad-theram\/\">\u0645\u0648\u0646\u0633 \u0623\u062f \u062b\u064a\u0631\u0627\u0645<\/a><\/li>\n<li><a href=\"https:\/\/mairie-montataire.fr\/ar\/annuaires\/associations\/jumelage-et-international\/mame-gamou-senegal-solidarite-de-france\/\">\u0645\u0627\u0645\u064a \u063a\u0627\u0645\u0648 \u0627\u0644\u0633\u0646\u063a\u0627\u0644 \u0644\u0644\u062a\u0636\u0627\u0645\u0646 \u0627\u0644\u0641\u0631\u0646\u0633\u064a<\/a><\/li>\n<li><a href=\"https:\/\/mairie-montataire.fr\/ar\/annuaires\/associations\/jumelage-et-international\/mame-diarra\/\">\u0645\u0627\u0645\u064a \u062f\u064a\u0627\u0631\u0627<\/a><\/li>\n<li><a href=\"https:\/\/mairie-montataire.fr\/ar\/annuaires\/sante\/structures-sante\/maison-des-ados\/\">\u0645\u064a\u0632\u0648\u0646 \u062f\u064a \u0623\u062f\u0648\u0633<\/a><\/li>\n<li><a href=\"https:\/\/mairie-montataire.fr\/ar\/annuaires\/sante\/structures-sante\/maison-de-sante-pluti-professionnelle-gisele-halimi\/\">Maison de sant\u00e9 pluri-professionnelle \"Gis\u00e8le Halimi\"<\/a><\/li>\n<li><a href=\"https:\/\/mairie-montataire.fr\/ar\/annuaires\/services-municipaux\/mairie\/marie-annexe-des-martinets\/\">\u062f\u0627\u0631 \u0628\u0644\u062f\u064a\u0629 \u0645\u0627\u0631\u062a\u064a\u0646\u062a\u0633<\/a><\/li>\n<li><a href=\"https:\/\/mairie-montataire.fr\/ar\/annuaires\/services-municipaux\/mairie\/marie-centrale\/\">\u062f\u0627\u0631 \u0627\u0644\u0628\u0644\u062f\u064a\u0629<\/a><\/li>\n<li><a href=\"https:\/\/mairie-montataire.fr\/ar\/annuaires\/sante\/infirmier-ere-s\/madame-virginie-guaddouri\/\">\u0641\u064a\u0631\u062c\u064a\u0646\u064a \u063a\u0648\u0627\u062f\u0648\u0631\u064a<\/a><\/li>\n<li><a href=\"https:\/\/mairie-montataire.fr\/ar\/annuaires\/sante\/autres-professions-de-sante\/madame-sonia-berrechid-sage-femme\/\">\u0627\u0644\u0633\u064a\u062f\u0629 \u0633\u0648\u0646\u064a\u0627 \u0628\u0631\u0634\u064a\u062f - \u0642\u0627\u0628\u0644\u0629 - \u0642\u0627\u0628\u0644\u0629<\/a><\/li>\n<li><a href=\"https:\/\/mairie-montataire.fr\/ar\/annuaires\/sante\/infirmier-ere-s\/madame-pascale-pauffert\/\">\u0627\u0644\u0633\u064a\u062f\u0629 \u0628\u0627\u0633\u0643\u0627\u0644 \u0628\u0648\u0641\u0631\u062a<\/a><\/li>\n<li><a href=\"https:\/\/mairie-montataire.fr\/ar\/annuaires\/sante\/autres-professions-de-sante\/madame-nathalie-monteiro-pina-osteopathe\/\">\u0627\u0644\u0633\u064a\u062f\u0629 \u0646\u0627\u062a\u0627\u0644\u064a \u0645\u0648\u0646\u062a\u064a\u0631\u0648 \u0628\u064a\u0646\u0627 - \u0623\u062e\u0635\u0627\u0626\u064a\u0629 \u062a\u0642\u0648\u064a\u0645 \u0627\u0644\u0639\u0638\u0627\u0645<\/a><\/li>\n<li><a href=\"https:\/\/mairie-montataire.fr\/ar\/annuaires\/sante\/infirmier-ere-s\/madame-melanie-tuypens\/\">\u0627\u0644\u0633\u064a\u062f\u0629 \u0645\u064a\u0644\u0627\u0646\u064a \u062a\u0648\u064a\u0628\u0646\u0633<\/a><\/li>\n<li><a href=\"https:\/\/mairie-montataire.fr\/ar\/annuaires\/sante\/infirmier-ere-s\/madame-mariline-pais\/\">\u0627\u0644\u0633\u064a\u062f\u0629 \u0645\u0627\u0631\u064a\u0644\u064a\u0646 \u0628\u0627\u064a\u0633<\/a><\/li>\n<li><a href=\"https:\/\/mairie-montataire.fr\/ar\/annuaires\/sante\/autres-professions-de-sante\/docteure-magali-roussel-sene-psychomotricienne\/\">\u0627\u0644\u0633\u064a\u062f\u0629 \u0645\u0627\u063a\u0627\u0644\u064a \u0631\u0648\u0633\u064a\u0644 \u0633\u064a\u0646 \u0623\u062e\u0635\u0627\u0626\u064a\u0629 \u0627\u0644\u0637\u0628 \u0627\u0644\u0646\u0641\u0633\u064a<\/a><\/li>\n<li><a href=\"https:\/\/mairie-montataire.fr\/ar\/annuaires\/sante\/infirmier-ere-s\/madame-laure-debay\/\">\u0627\u0644\u0633\u064a\u062f\u0629 \u0644\u0648\u0631 \u062f\u064a\u0628\u0627\u064a<\/a><\/li>\n<li><a href=\"https:\/\/mairie-montataire.fr\/ar\/annuaires\/sante\/autres-professions-de-sante\/docteure-francelina-flamant-sophrologue\/\">\u0627\u0644\u0633\u064a\u062f\u0629 \u0641\u0631\u0627\u0646\u0643\u0644\u064a\u0646\u0627 \u0641\u0644\u0627\u0645\u0627\u0646\u062a - \u0623\u062e\u0635\u0627\u0626\u064a\u0629 \u0641\u064a \u0639\u0644\u0645 \u0627\u0644\u0633\u0648\u0641\u0648\u0644\u0648\u062c\u064a\u0627<\/a><\/li>\n<li><a href=\"https:\/\/mairie-montataire.fr\/ar\/annuaires\/sante\/infirmier-ere-s\/madame-florence-tarcy\/\">\u0627\u0644\u0633\u064a\u062f\u0629 \u0641\u0644\u0648\u0631\u0646\u0633 \u062a\u0627\u0631\u0633\u064a<\/a><\/li>\n<li><a href=\"https:\/\/mairie-montataire.fr\/ar\/annuaires\/sante\/infirmier-ere-s\/madame-chaladia-benziane\/\">\u0627\u0644\u0633\u064a\u062f\u0629 \u0634\u0644\u0627\u062f\u064a\u0629 \u0628\u0646\u0632\u064a\u0627\u0646<\/a><\/li>\n<li><a href=\"https:\/\/mairie-montataire.fr\/ar\/annuaires\/sante\/infirmier-ere-s\/madame-ayda-tounkara\/\">\u0627\u0644\u0633\u064a\u062f\u0629 \u0639\u0627\u064a\u062f\u0629 \u062a\u0648\u0646\u0643\u0627\u0631\u0627<\/a><\/li>\n<li><a href=\"https:\/\/mairie-montataire.fr\/ar\/annuaires\/sante\/autres-professions-de-sante\/madame-amandine-coquet-dieteticienne\/\">\u0627\u0644\u0633\u064a\u062f\u0629 \u0623\u0645\u0627\u0646\u062f\u064a\u0646 \u0643\u0648\u0643\u064a\u0647 - \u0623\u062e\u0635\u0627\u0626\u064a\u0629 \u062a\u063a\u0630\u064a\u0629<\/a><\/li>\n<li><a href=\"https:\/\/mairie-montataire.fr\/ar\/annuaires\/sante\/infirmier-ere-s\/madame-aissatou-ngom\/\">Madame A\u00efssatou N'GOM<\/a><\/li>\n<li><a href=\"https:\/\/mairie-montataire.fr\/ar\/annuaires\/enseignement\/colleges-lycees\/lycee-andre-malraux\/\">\u0645\u062f\u0631\u0633\u0629 \u0623\u0646\u062f\u0631\u064a\u0647 \u0645\u0627\u0644\u0631\u0648 \u0627\u0644\u062b\u0627\u0646\u0648\u064a\u0629<\/a><\/li>\n<li><a href=\"https:\/\/mairie-montataire.fr\/ar\/annuaires\/services-municipaux\/dejss\/lutte-contre-lhabitat-indigne-et-sante\/\">Lutte contre l'habitat indigne et sant\u00e9<\/a><\/li>\n<li><a href=\"https:\/\/mairie-montataire.fr\/ar\/annuaires\/associations\/culture-et-loisirs\/loisirs-solidarite-retraites\/\">\u0644\u0648\u064a\u0632\u064a\u0631 \u0633\u0648\u0644\u064a\u062f\u0627\u0631\u064a\u062a\u064a\u0647 \u0631\u064a\u062a\u0631\u064a\u062a\u064a\u0647<\/a><\/li>\n<li><a href=\"https:\/\/mairie-montataire.fr\/ar\/annuaires\/associations\/environnement-et-nature\/les-vignerons-du-bois-godart\/\">\u0644\u064a\u0647 \u0641\u064a\u062c\u0646\u064a\u0631\u0648\u0646 \u062f\u0648 \u0628\u0648\u0627 \u063a\u0648\u062f\u0627\u0631<\/a><\/li>\n<li><a href=\"https:\/\/mairie-montataire.fr\/ar\/annuaires\/associations\/environnement-et-nature\/les-martins-pecheurs-de-montataire\/\">\u0644\u064a\u0647 \u0645\u0627\u0631\u062a\u064a\u0646\u0632 \u0628\u064a\u0634\u0648\u0631 \u062f\u064a \u0645\u0648\u0646\u062a\u0627\u062a\u064a\u0631<\/a><\/li>\n<li><a href=\"https:\/\/mairie-montataire.fr\/ar\/annuaires\/associations\/sport\/les-joyeux-godillots\/\">\u0630\u0627 \u0645\u064a\u0631\u064a \u062c\u0648\u062f\u064a\u0644\u0648\u062a\u0633<\/a><\/li>\n<li><a href=\"https:\/\/mairie-montataire.fr\/ar\/annuaires\/associations\/jumelage-et-international\/les-enfants-de-sirgui-en-france\/\">\u0623\u0628\u0646\u0627\u0621 \u0633\u064a\u0631\u063a\u064a \u0641\u064a \u0641\u0631\u0646\u0633\u0627<\/a><\/li>\n<li><a href=\"https:\/\/mairie-montataire.fr\/ar\/annuaires\/associations\/memoire-et-patrimoine\/les-amis-du-chateau-de-montataire\/\">\u0623\u0635\u062f\u0642\u0627\u0621 \u0642\u0644\u0639\u0629 \u0645\u0648\u0646\u062a\u0627\u062a\u064a\u0631<\/a><\/li>\n<li><a href=\"https:\/\/mairie-montataire.fr\/ar\/annuaires\/services-municipaux\/dcsdt\/lecture-publique-bibliotheque-paul-eluard\/\">\u0642\u0631\u0627\u0621\u0629 \u0639\u0627\u0645\u0629 - \u0645\u0643\u062a\u0628\u0629 \u0628\u0648\u0644 \u0625\u064a\u0644\u0648\u0627\u0631 - \u0645\u0643\u062a\u0628\u0629 \u0628\u0648\u0644 \u0625\u064a\u0644\u0648\u0627\u0631<\/a><\/li>\n<li><a href=\"https:\/\/mairie-montataire.fr\/ar\/annuaires\/services-municipaux\/dcsdt\/lecture-publique-bibliotheque-elsa-triolet\/\">\u0642\u0631\u0627\u0621\u0629 \u0639\u0627\u0645\u0629 - \u0645\u0643\u062a\u0628\u0629 \u0625\u0644\u0633\u0627 \u062a\u0631\u064a\u0648\u0644\u064a\u0647 - \u0645\u0643\u062a\u0628\u0629 \u0625\u0644\u0633\u0627 \u062a\u0631\u064a\u0648\u0644\u064a\u0647<\/a><\/li>\n<li><a href=\"https:\/\/mairie-montataire.fr\/ar\/annuaires\/services-municipaux\/dcsdt\/service-culturel-le-palace\/\">\u0644\u0648 \u0628\u0627\u0644\u0627\u0633 - \u0627\u0644\u0642\u0633\u0645 \u0627\u0644\u062b\u0642\u0627\u0641\u064a<\/a><\/li>\n<li><a href=\"https:\/\/mairie-montataire.fr\/ar\/annuaires\/associations\/vie-locale\/le-marche-de-montataire\/\">\u0633\u0648\u0642 \u0645\u0648\u0646\u062a\u0627\u062a\u064a\u0631<\/a><\/li>\n<li><a href=\"https:\/\/mairie-montataire.fr\/ar\/annuaires\/associations\/solidarite\/le-clos-du-nid-de-loise-univi-handicap\/\">Le Clos du Nid de l'Oise - UNIVI Handicap<\/a><\/li>\n<li><a href=\"https:\/\/mairie-montataire.fr\/ar\/annuaires\/associations\/environnement-et-nature\/letoile-du-chat\/\">L'\u00e9toile du chat<\/a><\/li>\n<li><a href=\"https:\/\/mairie-montataire.fr\/ar\/annuaires\/associations\/culture-et-loisirs\/lasso-fro\/\">L'asso Fr\u00f4<\/a><\/li>\n<li><a href=\"https:\/\/mairie-montataire.fr\/ar\/annuaires\/associations\/sport\/lamicale-sportive-des-sapeurs-pompiers-de-montataire\/\">L'amicale sportive des sapeurs pompiers de Montataire<\/a><\/li>\n<li><a href=\"https:\/\/mairie-montataire.fr\/ar\/annuaires\/associations\/jeunesse-education-et-insertion\/jade\/\">\u062c\u0627\u064a\u062f<\/a><\/li>\n<li><a href=\"https:\/\/mairie-montataire.fr\/ar\/annuaires\/associations\/jeunesse-education-et-insertion\/jadinsert\/\">JAD'INSERT<\/a><\/li>\n<li><a href=\"https:\/\/mairie-montataire.fr\/ar\/annuaires\/associations\/solidarite\/hygie\/\">\u0647\u064a\u062c\u064a<\/a><\/li>\n<li><a href=\"https:\/\/mairie-montataire.fr\/ar\/annuaires\/associations\/culture-et-loisirs\/harmonie-municipale-de-montataire\/\">\u0641\u0631\u0642\u0629 \u0645\u0648\u0646\u062a\u0627\u062a\u064a\u0631 \u0627\u0644\u0628\u0644\u062f\u064a\u0629<\/a><\/li>\n<li><a href=\"https:\/\/mairie-montataire.fr\/ar\/annuaires\/structures-sportives\/gymnase-paul-langevin\/\">\u0635\u0627\u0644\u0629 \u0628\u0648\u0644 \u0644\u0627\u0646\u062c\u0641\u064a\u0646 \u0644\u0644\u0623\u0644\u0639\u0627\u0628 \u0627\u0644\u0631\u064a\u0627\u0636\u064a\u0629<\/a><\/li>\n<li><a href=\"https:\/\/mairie-montataire.fr\/ar\/annuaires\/structures-sportives\/gymnase-michel-bouchoux\/\">\u0635\u0627\u0644\u0629 \u0645\u064a\u0634\u064a\u0644 \u0628\u0648\u0634\u0648 \u0644\u0644\u0623\u0644\u0639\u0627\u0628 \u0627\u0644\u0631\u064a\u0627\u0636\u064a\u0629<\/a><\/li>\n<li><a href=\"https:\/\/mairie-montataire.fr\/ar\/annuaires\/sante\/structures-sante\/groupe-medical-marfan\/\">\u0645\u062c\u0645\u0648\u0639\u0629 \u0645\u0627\u0631\u0641\u0627\u0646 \u0627\u0644\u0637\u0628\u064a\u0629<\/a><\/li>\n<li><a href=\"https:\/\/mairie-montataire.fr\/ar\/annuaires\/associations\/jumelage-et-international\/gabon-solidarite-de-france\/\">\u063a\u0627\u0628\u0648\u0646 \u0633\u0648\u0644\u064a\u062f\u0627\u0631\u064a\u062a\u064a\u0647 \u062f\u064a \u0641\u0631\u0627\u0646\u0633<\/a><\/li>\n<li><a href=\"https:\/\/mairie-montataire.fr\/ar\/annuaires\/associations\/solidarite\/femmes-solidaires\/\">\u0646\u0633\u0627\u0621 \u0645\u062a\u0636\u0627\u0645\u0646\u0627\u062a<\/a><\/li>\n<li><a href=\"https:\/\/mairie-montataire.fr\/ar\/annuaires\/associations\/memoire-et-patrimoine\/federation-nationale-des-deportes-internes-resistants-et-patriotes-fndirp-oise\/\">\u0627\u0644\u0627\u062a\u062d\u0627\u062f \u0627\u0644\u0648\u0637\u0646\u064a \u0644\u0644\u0648\u0627\u0641\u062f\u064a\u0646 \u0648\u0627\u0644\u0645\u062a\u062f\u0631\u0628\u064a\u0646 \u0648\u0627\u0644\u0645\u0642\u0627\u0648\u0645\u064a\u0646 \u0648\u0627\u0644\u0648\u0637\u0646\u064a\u064a\u0646 (FNDIRP) - \u0623\u0648\u0632 (\u0641\u0631\u0646\u0633\u0627)<\/a><\/li>\n<li><a href=\"https:\/\/mairie-montataire.fr\/ar\/annuaires\/associations\/memoire-et-patrimoine\/federation-nationale-des-anciens-combattants-en-algerie-tunisie-maroc-fnaca\/\">\u0627\u0644\u0627\u062a\u062d\u0627\u062f \u0627\u0644\u0648\u0637\u0646\u064a \u0644\u0644\u0645\u0642\u0627\u062a\u0644\u064a\u0646 \u0627\u0644\u0633\u0627\u0628\u0642\u064a\u0646 \u0641\u064a \u0627\u0644\u062c\u0632\u0627\u0626\u0631 \u0648\u062a\u0648\u0646\u0633 \u0648\u0627\u0644\u0645\u063a\u0631\u0628 (FNACA)<\/a><\/li>\n<li><a href=\"https:\/\/mairie-montataire.fr\/ar\/annuaires\/associations\/jeunesse-education-et-insertion\/fcpe-andre-malraux\/\">\u0623\u0646\u062f\u0631\u064a\u0647 \u0645\u0627\u0644\u0631\u0648 FCPE<\/a><\/li>\n<li><a href=\"https:\/\/mairie-montataire.fr\/ar\/annuaires\/associations\/jeunesse-education-et-insertion\/fcpe-anatole-france\/\">FCPE \u0623\u0646\u0627\u062a\u0648\u0644 \u0641\u0631\u0646\u0633\u0627<\/a><\/li>\n<li><a href=\"https:\/\/mairie-montataire.fr\/ar\/annuaires\/associations\/sport\/esperance-municipale-de-montataire\/\">\u0625\u0633\u0628\u064a\u0631\u0627\u0646\u0633 \u0628\u0644\u062f\u064a\u0629 \u0645\u0648\u0646\u062a\u0627\u062a\u064a\u0631<\/a><\/li>\n<li><a href=\"https:\/\/mairie-montataire.fr\/ar\/annuaires\/services-municipaux\/dcsdt\/espace-huberte-dhoker\/\">Espace Huberte d'Hoker<\/a><\/li>\n<li><a href=\"https:\/\/mairie-montataire.fr\/ar\/annuaires\/location-de-salles\/espace-de-rencontres\/\">\u0645\u0633\u0627\u062d\u0629 \u0627\u0644\u0627\u062c\u062a\u0645\u0627\u0639\u0627\u062a<\/a><\/li>\n<li><a href=\"https:\/\/mairie-montataire.fr\/ar\/annuaires\/associations\/culture-et-loisirs\/ensemble-solidaires-union-nationale-des-retraites-et-des-personnes-agees-unrpa\/\">Ensemble &amp; Solidaires - Union Nationale des Retrait\u00e9s et des personnes \u00c2g\u00e9es (UNRPA)<\/a><\/li>\n<li><a href=\"https:\/\/mairie-montataire.fr\/ar\/annuaires\/associations\/jeunesse-education-et-insertion\/ejcm\/\">\u0625\u064a \u062c\u064a\u0647 \u0633\u064a \u0625\u0645<\/a><\/li>\n<li><a href=\"https:\/\/mairie-montataire.fr\/ar\/annuaires\/enseignement\/ecoles\/ecole-primaire-maurice-lucie-bambier\/\">\u00c9cole primaire Maurice &amp; Lucie Bambier<\/a><\/li>\n<li><a href=\"https:\/\/mairie-montataire.fr\/ar\/annuaires\/enseignement\/ecoles\/jean-jaures\/\">\u0645\u062f\u0631\u0633\u0629 \u062c\u0627\u0646 \u062c\u0648\u0631\u064a\u0633 \u0627\u0644\u0627\u0628\u062a\u062f\u0627\u0626\u064a\u0629<\/a><\/li>\n<li><a href=\"https:\/\/mairie-montataire.fr\/ar\/annuaires\/enseignement\/ecoles\/ecole-primaire-daniele-casanova\/\">\u0645\u062f\u0631\u0633\u0629 \u062f\u0627\u0646\u064a\u064a\u0644 \u0643\u0627\u0632\u0627\u0646\u0648\u0641\u0627 \u0627\u0644\u0627\u0628\u062a\u062f\u0627\u0626\u064a\u0629<\/a><\/li>\n<li><a href=\"https:\/\/mairie-montataire.fr\/ar\/annuaires\/enseignement\/ecoles\/ecole-maternelle-paul-langevin\/\">\u062d\u0636\u0627\u0646\u0629 \u0628\u0648\u0644 \u0644\u0627\u0646\u062c\u0641\u064a\u0646<\/a><\/li>\n<li><a href=\"https:\/\/mairie-montataire.fr\/ar\/annuaires\/enseignement\/ecoles\/ecole-jean-mace\/\">\u062d\u0636\u0627\u0646\u0629 \u062c\u0627\u0646 \u0645\u0627\u0633\u064a\u0647<\/a><\/li>\n<li><a href=\"https:\/\/mairie-montataire.fr\/ar\/annuaires\/enseignement\/ecoles\/ecole-elementaire-jacques-decour-ii\/\">\u0627\u0644\u0645\u062f\u0631\u0633\u0629 \u0627\u0644\u0625\u0639\u062f\u0627\u062f\u064a\u0629 \u062c\u0627\u0643 \u062f\u064a\u0643\u0648\u0631 \u0627\u0644\u062b\u0627\u0646\u064a<\/a><\/li>\n<li><a href=\"https:\/\/mairie-montataire.fr\/ar\/annuaires\/enseignement\/ecoles\/ecole-maternelle-jacques-decour-i\/\">\u0627\u0644\u0645\u062f\u0631\u0633\u0629 \u0627\u0644\u0623\u0645 \u062c\u0627\u0643 \u062f\u064a\u0643\u0648\u0631 1 - \u0627\u0644\u0645\u062f\u0631\u0633\u0629 \u0627\u0644\u0623\u0645 \u062c\u0627\u0643 \u062f\u064a\u0643\u0648\u0631 1<\/a><\/li>\n<li><a href=\"https:\/\/mairie-montataire.fr\/ar\/annuaires\/enseignement\/ecoles\/ecole-maternelle-irene-frederic-joliot-curie\/\">\u00c9cole maternelle Ir\u00e8ne &amp; Fr\u00e9d\u00e9ric Joliot Curie<\/a><\/li>\n<li><a href=\"https:\/\/mairie-montataire.fr\/ar\/annuaires\/enseignement\/ecoles\/ecole-henri-wallon\/\">\u062d\u0636\u0627\u0646\u0629 \u0647\u0646\u0631\u064a \u0648\u0627\u0644\u0648\u0646<\/a><\/li>\n<li><a href=\"https:\/\/mairie-montataire.fr\/ar\/annuaires\/enseignement\/ecoles\/ecole-elementaire-paul-langevin\/\">\u0645\u062f\u0627\u0631\u0633 \u0628\u0648\u0644 \u0644\u0627\u0646\u062c\u0641\u064a\u0646 \u0627\u0644\u0627\u0628\u062a\u062f\u0627\u0626\u064a\u0629<\/a><\/li>\n<li><a href=\"https:\/\/mairie-montataire.fr\/ar\/annuaires\/enseignement\/ecoles\/ecole-elementaire-jacques-decour\/\">\u0627\u0644\u0645\u062f\u0631\u0633\u0629 \u0627\u0644\u062b\u0627\u0646\u0648\u064a\u0629 \u062c\u0627\u0643 \u062f\u064a\u0643\u0648\u0631<\/a><\/li>\n<li><a href=\"https:\/\/mairie-montataire.fr\/ar\/annuaires\/enseignement\/ecoles\/ecole-elementaire-irene-frederic-joliot-curie\/\">\u00c9cole \u00e9l\u00e9mentaire Ir\u00e8ne &amp; Fr\u00e9d\u00e9ric Joliot Curie<\/a><\/li>\n<li><a href=\"https:\/\/mairie-montataire.fr\/ar\/annuaires\/enseignement\/ecoles\/ecole-elementaire-edmond-leveille\/\">\u0645\u062f\u0627\u0631\u0633 \u0625\u062f\u0645\u0648\u0646\u062f \u0644\u064a\u0641\u064a\u064a\u0647 \u0627\u0644\u0627\u0628\u062a\u062f\u0627\u0626\u064a\u0629<\/a><\/li>\n<li><a href=\"https:\/\/mairie-montataire.fr\/ar\/annuaires\/associations\/jumelage-et-international\/echanges-franco-allemands\/\">\u0627\u0644\u0645\u0628\u0627\u062f\u0644\u0627\u062a \u0627\u0644\u0641\u0631\u0646\u0633\u064a\u0629 \u0627\u0644\u0623\u0644\u0645\u0627\u0646\u064a\u0629 \u0627\u0644\u0641\u0631\u0646\u0633\u064a\u0629<\/a><\/li>\n<li><a href=\"https:\/\/mairie-montataire.fr\/ar\/annuaires\/structures-sportives\/dojo-marc-taildeman\/\">\u0645\u0627\u0631\u0643 \u062a\u0627\u064a\u0644\u062f\u0645\u0627\u0646 \u062f\u0648\u062c\u0648<\/a><\/li>\n<li><a href=\"https:\/\/mairie-montataire.fr\/ar\/annuaires\/structures-sportives\/dojo-departemental-creil-sud-oise\/\">\u062f\u0648\u062c\u0648 \u0645\u0642\u0627\u0637\u0639\u0629 \u0643\u0631\u064a\u0644 \u0633\u0648\u062f \u0623\u0648\u0632<\/a><\/li>\n<li><a href=\"https:\/\/mairie-montataire.fr\/ar\/annuaires\/sante\/autres-professions-de-sante\/docteure-virginie-dambrinne-psychologue-clinicienne\/\">\u062f. \u0641\u064a\u0631\u062c\u064a\u0646\u064a \u062f\u0627\u0645\u0628\u064a\u0646 - \u0623\u062e\u0635\u0627\u0626\u064a\u0629 \u0639\u0644\u0645 \u0627\u0644\u0646\u0641\u0633 \u0627\u0644\u0639\u064a\u0627\u062f\u064a<\/a><\/li>\n<li><a href=\"https:\/\/mairie-montataire.fr\/ar\/annuaires\/sante\/medecins-generalistes\/docteure-salima-bouhamida\/\">\u062f. \u0633\u0644\u064a\u0645\u0629 \u0628\u0648\u062d\u0645\u064a\u062f\u0629<\/a><\/li>\n<li><a href=\"https:\/\/mairie-montataire.fr\/ar\/annuaires\/sante\/dentiste\/docteure-rima-dubois\/\">\u0627\u0644\u062f\u0643\u062a\u0648\u0631\u0629 \u0631\u064a\u0645\u0627 \u062f\u0648\u0628\u0648\u064a\u0633<\/a><\/li>\n<li><a href=\"https:\/\/mairie-montataire.fr\/ar\/annuaires\/sante\/autres-professions-de-sante\/docteure-mariam-el-khloufi-psychologue-clinicienne\/\">\u062f. \u0645\u0631\u064a\u0645 \u0627\u0644\u062e\u0644\u0648\u0641\u064a - \u0623\u062e\u0635\u0627\u0626\u064a\u0629 \u0639\u0644\u0645 \u0627\u0644\u0646\u0641\u0633 \u0627\u0644\u0639\u064a\u0627\u062f\u064a<\/a><\/li>\n<li><a href=\"https:\/\/mairie-montataire.fr\/ar\/annuaires\/sante\/medecins-generalistes\/docteure-lucille-boudoux\/\">\u062f. \u0644\u0648\u0633\u064a\u0644 \u0628\u0648\u062f\u0648<\/a><\/li>\n<li><a href=\"https:\/\/mairie-montataire.fr\/ar\/annuaires\/sante\/autres-professions-de-sante\/docteure-lubelia-ribeiro-da-silva-pediatre\/\">\u0627\u0644\u062f\u0643\u062a\u0648\u0631\u0629 \u0644\u0648\u0628\u064a\u0644\u064a\u0627 \u0631\u064a\u0628\u064a\u0631\u0648 \u062f\u0627 \u0633\u064a\u0644\u0641\u0627 - \u0637\u0628\u064a\u0628\u0629 \u0623\u0637\u0641\u0627\u0644<\/a><\/li>\n<li><a href=\"https:\/\/mairie-montataire.fr\/ar\/annuaires\/sante\/dentiste\/docteure-eva-bettan\/\">\u062f. \u0625\u064a\u0641\u0627 \u0628\u064a\u062a\u0627\u0646<\/a><\/li>\n<li><a href=\"https:\/\/mairie-montataire.fr\/ar\/annuaires\/sante\/dentiste\/docteure-christine-nguyen\/\">\u062f. \u0643\u0631\u064a\u0633\u062a\u064a\u0646 \u0646\u063a\u0648\u064a\u0646<\/a><\/li>\n<li><a href=\"https:\/\/mairie-montataire.fr\/ar\/annuaires\/sante\/autres-professions-de-sante\/docteure-cecile-cortana-pedicure-podologue\/\">\u062f. \u0633\u064a\u0633\u064a\u0644 \u0643\u0648\u0631\u062a\u0627\u0646\u0627 - \u0623\u062e\u0635\u0627\u0626\u064a\u0629 \u062a\u0642\u0648\u064a\u0645 \u0627\u0644\u0639\u0645\u0648\u062f \u0627\u0644\u0641\u0642\u0631\u064a\/\u0623\u062e\u0635\u0627\u0626\u064a\u0629 \u0623\u0642\u062f\u0627\u0645<\/a><\/li>\n<li><a href=\"https:\/\/mairie-montataire.fr\/ar\/annuaires\/sante\/dentiste\/docteure-catherine-mangold\/\">\u062f. \u0643\u0627\u062b\u0631\u064a\u0646 \u0645\u0627\u0646\u063a\u0648\u0644\u062f<\/a><\/li>\n<li><a href=\"https:\/\/mairie-montataire.fr\/ar\/annuaires\/sante\/medecins-generalistes\/docteur-sofia-aissaoui\/\">\u062f\u0643\u062a\u0648\u0631\u0629 \u0635\u0648\u0641\u064a\u0627 \u0639\u064a\u0633\u0627\u0648\u064a<\/a><\/li>\n<li><a href=\"https:\/\/mairie-montataire.fr\/ar\/annuaires\/sante\/autres-professions-de-sante\/docteur-philippe-favelin-kinesitherapeute\/\">\u0627\u0644\u0637\u0628\u064a\u0628 \u0641\u064a\u0644\u064a\u0628 \u0641\u0627\u0641\u0644\u064a\u0646 - \u0623\u062e\u0635\u0627\u0626\u064a \u0627\u0644\u0639\u0644\u0627\u062c \u0627\u0644\u0637\u0628\u064a\u0639\u064a<\/a><\/li>\n<li><a href=\"https:\/\/mairie-montataire.fr\/ar\/annuaires\/sante\/dentiste\/docteure-patrick-halimi\/\">\u0627\u0644\u062f\u0643\u062a\u0648\u0631 \u0628\u0627\u062a\u0631\u064a\u0643 \u062d\u0644\u064a\u0645\u064a<\/a><\/li>\n<li><a href=\"https:\/\/mairie-montataire.fr\/ar\/annuaires\/sante\/medecins-generalistes\/docteur-patrice-dacheux\/\">\u0627\u0644\u062f\u0643\u062a\u0648\u0631 \u0628\u0627\u062a\u0631\u064a\u0633 \u062f\u0627\u062a\u0634\u0648<\/a><\/li>\n<li><a href=\"https:\/\/mairie-montataire.fr\/ar\/annuaires\/sante\/autres-professions-de-sante\/docteur-nadji-ghardi-psychiatre\/\">\u0627\u0644\u062f\u0643\u062a\u0648\u0631 \u0646\u0627\u062c\u064a \u0627\u0644\u063a\u0627\u0631\u062f\u064a - \u0637\u0628\u064a\u0628 \u0646\u0641\u0633\u064a<\/a><\/li>\n<li><a href=\"https:\/\/mairie-montataire.fr\/ar\/annuaires\/sante\/medecins-generalistes\/docteur-myriam-lakehal\/\">\u0627\u0644\u062f\u0643\u062a\u0648\u0631\u0629 \u0645\u064a\u0631\u064a\u0627\u0645 \u0644\u0643\u062d\u0644<\/a><\/li>\n<li><a href=\"https:\/\/mairie-montataire.fr\/ar\/annuaires\/sante\/medecins-generalistes\/docteur-jean-luc-boudoux\/\">\u0627\u0644\u062f\u0643\u062a\u0648\u0631 \u062c\u0627\u0646 \u0644\u0648\u0643 \u0628\u0648\u062f\u0648<\/a><\/li>\n<li><a href=\"https:\/\/mairie-montataire.fr\/ar\/annuaires\/sante\/dentiste\/docteur-hortense-franquet\/\">\u0627\u0644\u062f\u0643\u062a\u0648\u0631\u0629 \u0647\u0648\u0631\u062a\u0646\u0633 \u0641\u0631\u0627\u0646\u0643\u064a\u0647<\/a><\/li>\n<li><a href=\"https:\/\/mairie-montataire.fr\/ar\/annuaires\/sante\/medecins-generalistes\/docteur-hamida-boudhar\/\">\u062f. \u062d\u0645\u064a\u062f\u0629 \u0628\u0648\u0638\u0647\u0631<\/a><\/li>\n<li><a href=\"https:\/\/mairie-montataire.fr\/ar\/annuaires\/sante\/medecins-generalistes\/docteur-francois-cordier\/\">\u0627\u0644\u062f\u0643\u062a\u0648\u0631 \u0641\u0631\u0627\u0646\u0633\u0648\u0627 \u0643\u0648\u0631\u062f\u064a\u064a\u0647<\/a><\/li>\n<li><a href=\"https:\/\/mairie-montataire.fr\/ar\/annuaires\/sante\/dentiste\/docteur-francisco-zoio\/\">\u0627\u0644\u062f\u0643\u062a\u0648\u0631 \u0641\u0631\u0627\u0646\u0633\u064a\u0633\u0643\u0648 \u0632\u0648\u064a\u0648<\/a><\/li>\n<li><a href=\"https:\/\/mairie-montataire.fr\/ar\/annuaires\/sante\/medecins-generalistes\/docteur-ali-badara-konate\/\">\u0627\u0644\u062f\u0643\u062a\u0648\u0631 \u0639\u0644\u064a \u0628\u062f\u0627\u0631\u0629 \u0643\u0648\u0646\u0627\u062a\u064a<\/a><\/li>\n<li><a href=\"https:\/\/mairie-montataire.fr\/ar\/annuaires\/services-municipaux\/dejss\/creche\/\">\u0627\u0644\u062d\u0636\u0627\u0646\u0629<\/a><\/li>\n<li><a href=\"https:\/\/mairie-montataire.fr\/ar\/annuaires\/associations\/solidarite\/consommation-logement-cadre-de-vie-clcv-union-locale-clcv-creil-nogent-sur-oise-et-montataire\/\">Consommation Logement Cadre de Vie (CLCV)  - Union D\u00e9partementale de l'Oise<\/a><\/li>\n<li><a href=\"https:\/\/mairie-montataire.fr\/ar\/annuaires\/associations\/solidarite\/confederation-nationale-du-logement-cnl-oise\/\">\u0627\u0644\u0627\u062a\u062d\u0627\u062f \u0627\u0644\u0648\u0637\u0646\u064a \u0644\u0644\u0625\u0633\u0643\u0627\u0646 (CNL) - Oise<\/a><\/li>\n<li><a href=\"https:\/\/mairie-montataire.fr\/ar\/annuaires\/structures-sportives\/complexe-marcel-coene\/\">\u0645\u062c\u0645\u0639 \u0645\u0627\u0631\u0633\u064a\u0644 \u0643\u0648\u064a\u0646<\/a><\/li>\n<li><a href=\"https:\/\/mairie-montataire.fr\/ar\/annuaires\/structures-sportives\/complexe-armand-bellard\/\">\u0645\u062c\u0645\u0639 \u0623\u0631\u0645\u0627\u0646\u062f \u0628\u064a\u0644\u0627\u0631\u062f<\/a><\/li>\n<li><a href=\"https:\/\/mairie-montataire.fr\/ar\/annuaires\/associations\/culture-et-loisirs\/compagnie-theatrale-funambules\/\">\u0634\u0631\u0643\u0629 \u0641\u0648\u0646\u0627\u0645\u0628\u0644\u0632 \u0627\u0644\u0645\u0633\u0631\u062d\u064a\u0629\u00a0<\/a><\/li>\n<li><a href=\"https:\/\/mairie-montataire.fr\/ar\/annuaires\/associations\/jumelage-et-international\/comite-de-jumelage-montataire-dheisheh\/\">\u0644\u062c\u0646\u0629 \u062a\u0648\u0623\u0645\u0629 \u0645\u0648\u0646\u062a\u0627\u062a\u064a\u0631 - \u0627\u0644\u062f\u0647\u064a\u0634\u0629<\/a><\/li>\n<li><a href=\"https:\/\/mairie-montataire.fr\/ar\/annuaires\/enseignement\/colleges-lycees\/college-anatole-france\/\">\u0643\u0648\u0644\u064a\u062c \u0623\u0646\u0627\u062a\u0648\u0644 \u0641\u0631\u0646\u0633\u0627<\/a><\/li>\n<li><a href=\"https:\/\/mairie-montataire.fr\/ar\/annuaires\/associations\/sport\/club-halterophilie-musculation\/\">\u0646\u0627\u062f\u064a \u0631\u0641\u0639 \u0627\u0644\u0623\u062b\u0642\u0627\u0644 \u0648\u0643\u0645\u0627\u0644 \u0627\u0644\u0623\u062c\u0633\u0627\u0645<\/a><\/li>\n<li><a href=\"https:\/\/mairie-montataire.fr\/ar\/annuaires\/services-municipaux\/dejss\/citoyennete-prevention-mediation\/\">\u0627\u0644\u0645\u0648\u0627\u0637\u0646\u0629 \u0648\u0627\u0644\u0648\u0642\u0627\u064a\u0629 \u0648\u0627\u0644\u0648\u0633\u0627\u0637\u0629 \u0648\u0627\u0644\u0648\u0633\u0627\u0637\u0629<\/a><\/li>\n<li><a href=\"https:\/\/mairie-montataire.fr\/ar\/annuaires\/services-municipaux\/dejss\/cite-educative\/\">\u0627\u0644\u0645\u062f\u064a\u0646\u0629 \u0627\u0644\u062a\u0639\u0644\u064a\u0645\u064a\u0629<\/a><\/li>\n<li><a href=\"https:\/\/mairie-montataire.fr\/ar\/annuaires\/autres-infrastructures\/cinema-pathe\/\">\u0633\u064a\u0646\u0645\u0627 \u0628\u0627\u062b\u064a\u0647<\/a><\/li>\n<li><a href=\"https:\/\/mairie-montataire.fr\/ar\/annuaires\/sante\/structures-sante\/centre-medico-psychologique\/\">\u0627\u0644\u0645\u0631\u0643\u0632 \u0627\u0644\u0637\u0628\u064a \u0648\u0627\u0644\u0646\u0641\u0633\u064a<\/a><\/li>\n<li><a href=\"https:\/\/mairie-montataire.fr\/ar\/annuaires\/location-de-salles\/centre-de-loisirs-pierre-legrand\/\">\u0645\u0631\u0643\u0632 \u0628\u064a\u064a\u0631 \u0644\u064a\u062c\u0631\u0627\u0646\u062f \u0627\u0644\u062a\u0631\u0641\u064a\u0647\u064a<\/a><\/li>\n<li><a href=\"https:\/\/mairie-montataire.fr\/ar\/annuaires\/associations\/solidarite\/carnaval-des-possibles\/\">\u0643\u0631\u0646\u0641\u0627\u0644 \u0627\u0644\u0627\u062d\u062a\u0645\u0627\u0644\u0627\u062a<\/a><\/li>\n<li><a href=\"https:\/\/mairie-montataire.fr\/ar\/annuaires\/associations\/sport\/canoe-kayak-club-du-therain-ckct\/\">\u0646\u0627\u062f\u064a \u0643\u0627\u0646\u0648 \u0643\u0627\u064a\u0627\u0643 \u062f\u0648 \u062a\u064a\u0631\u064a\u0646 (CKCT)<\/a><\/li>\n<li><a href=\"https:\/\/mairie-montataire.fr\/ar\/annuaires\/sante\/structures-sante\/cabinet-dentaire\/\">\u0645\u0645\u0627\u0631\u0633\u0629 \u0637\u0628 \u0627\u0644\u0623\u0633\u0646\u0627\u0646<\/a><\/li>\n<li><a href=\"https:\/\/mairie-montataire.fr\/ar\/annuaires\/associations\/sport\/boxing-club-de-lagglomeration-creilloise\/\">Boxing Club de l'agglom\u00e9ration creilloise<\/a><\/li>\n<li><a href=\"https:\/\/mairie-montataire.fr\/ar\/annuaires\/sante\/structures-sante\/biomag-laboratoire-analyses-medicales\/\">\u0627\u0644\u0645\u062c\u0645\u0648\u0639\u0629 \u0627\u0644\u0628\u064a\u0648\u0644\u0648\u062c\u064a\u0629 - \u0645\u062e\u062a\u0628\u0631 \u0627\u0644\u062a\u062d\u0627\u0644\u064a\u0644 \u0627\u0644\u0637\u0628\u064a\u0629<\/a><\/li>\n<li><a href=\"https:\/\/mairie-montataire.fr\/ar\/annuaires\/associations\/sport\/billard-club-de-montataire\/\">\u0646\u0627\u062f\u064a \u0628\u064a\u0644\u0627\u0631\u062f \u062f\u064a \u0645\u0648\u0646\u062a\u0627\u062a\u064a\u0631<\/a><\/li>\n<li><a href=\"https:\/\/mairie-montataire.fr\/ar\/annuaires\/autres-infrastructures\/base-de-loisirs-intercommunale-saint-leu-desserent\/\">\u0627\u0644\u0645\u0631\u0643\u0632 \u0627\u0644\u062a\u0631\u0641\u064a\u0647\u064a \u0627\u0644\u0645\u0634\u062a\u0631\u0643 \u0628\u064a\u0646 \u0627\u0644\u0628\u0644\u062f\u064a\u0627\u062a \u0641\u064a \u0633\u0627\u0646 \u0644\u064a\u0648 \u062f\u064a\u0633\u0631\u064a\u0646\u062a<\/a><\/li>\n<li><a href=\"https:\/\/mairie-montataire.fr\/ar\/annuaires\/associations\/jumelage-et-international\/balalaika-association-france-russie\/\">\u0628\u0627\u0644\u0627\u0644\u0627\u064a\u0643\u0627 - \u0627\u0644\u0631\u0627\u0628\u0637\u0629 \u0627\u0644\u0641\u0631\u0646\u0633\u064a\u0629 \u0627\u0644\u0631\u0648\u0633\u064a\u0629<\/a><\/li>\n<li><a href=\"https:\/\/mairie-montataire.fr\/ar\/annuaires\/associations\/environnement-et-nature\/baika-chats\/\">\u0642\u0637\u0637 \u0628\u0627\u064a\u0643\u0627<\/a><\/li>\n<li><a href=\"https:\/\/mairie-montataire.fr\/ar\/annuaires\/associations\/solidarite\/association-republique-democratique-du-congo-solidarite-de-france\/\">\u0631\u0627\u0628\u0637\u0629 \u062c\u0645\u0647\u0648\u0631\u064a\u0629 \u0627\u0644\u0643\u0648\u0646\u063a\u0648 \u0627\u0644\u062f\u064a\u0645\u0642\u0631\u0627\u0637\u064a\u0629 \u0644\u0644\u062a\u0636\u0627\u0645\u0646 \u0645\u0639 \u0641\u0631\u0646\u0633\u0627<\/a><\/li>\n<li><a href=\"https:\/\/mairie-montataire.fr\/ar\/annuaires\/associations\/memoire-et-patrimoine\/association-republicaine-des-anciens-combattants-arac\/\">\u062c\u0645\u0639\u064a\u0629 \u0642\u062f\u0627\u0645\u0649 \u0627\u0644\u0645\u062d\u0627\u0631\u0628\u064a\u0646 \u0627\u0644\u062c\u0645\u0647\u0648\u0631\u064a\u064a\u0646 \u0627\u0644\u0642\u062f\u0627\u0645\u0649 (ARAC)<\/a><\/li>\n<li><a href=\"https:\/\/mairie-montataire.fr\/ar\/annuaires\/associations\/memoire-et-patrimoine\/association-pour-la-memoire-ouvriere-et-industrielle-du-bassin-creillois-amoi\/\">\u062c\u0645\u0639\u064a\u0629 \u0627\u0644\u0630\u0627\u0643\u0631\u0629 \u0627\u0644\u0639\u0645\u0627\u0644\u064a\u0629 \u0648\u0627\u0644\u0635\u0646\u0627\u0639\u064a\u0629 \u0644\u062d\u0648\u0636 \u0643\u0631\u064a\u0644\u0648\u0627 (AMOI) (\u062c\u0645\u0639\u064a\u0629 \u0627\u0644\u0630\u0627\u0643\u0631\u0629 \u0627\u0644\u0639\u0645\u0627\u0644\u064a\u0629 \u0648\u0627\u0644\u0635\u0646\u0627\u0639\u064a\u0629 \u0644\u062d\u0648\u0636 \u0643\u0631\u064a\u0644\u0648\u0627)<\/a><\/li>\n<li><a href=\"https:\/\/mairie-montataire.fr\/ar\/annuaires\/associations\/memoire-et-patrimoine\/association-nationale-des-anciens-combattants-et-amis-de-la-resistance-anacr-comite-sud-et-ouest-de-loise\/\">Association Nationale des Anciens Combattants et Amis de la R\u00e9sistance (ANACR) - Comit\u00e9 Sud et Ouest de l'Oise<\/a><\/li>\n<li><a href=\"https:\/\/mairie-montataire.fr\/ar\/annuaires\/associations\/culture-et-loisirs\/association-municipale-denseignement-et-deducation-musicale-de-danse-et-darts-plastiques-amem\/\">Association Municipale d'Enseignement et d'\u00e9ducation Musicale, de danse et d'arts plastiques (AMEM)<\/a><\/li>\n<li><a href=\"https:\/\/mairie-montataire.fr\/ar\/annuaires\/associations\/vie-locale\/association-des-habitants-des-fonds-de-montataire-et-de-nogent-sur-oise-ahfmn\/\">\u0631\u0627\u0628\u0637\u0629 \u0633\u0643\u0627\u0646 \u0645\u0648\u0646\u062a\u0627\u062a\u064a\u0631 \u0648\u0646\u0648\u062c\u0627\u0646 \u0633\u0648\u0631 \u0623\u0648\u0632 (AHFMN)<\/a><\/li>\n<li><a href=\"https:\/\/mairie-montataire.fr\/ar\/annuaires\/associations\/solidarite\/association-des-donneurs-de-sang-benevoles-de-creil-et-ses-environs\/\">\u0631\u0627\u0628\u0637\u0629 \u0627\u0644\u0645\u062a\u0628\u0631\u0639\u064a\u0646 \u0627\u0644\u0637\u0648\u0639\u064a\u064a\u0646 \u0628\u0627\u0644\u062f\u0645 \u0641\u064a \u0643\u0631\u064a\u0644 \u0648\u0627\u0644\u0645\u0646\u0637\u0642\u0629 \u0627\u0644\u0645\u062d\u064a\u0637\u0629 \u0628\u0647\u0627<\/a><\/li>\n<li><a href=\"https:\/\/mairie-montataire.fr\/ar\/annuaires\/associations\/solidarite\/association-de-defense-des-victimes-de-lamiante-de-a-siderurgie-usine-de-montataire-advasum\/\">Association de D\u00e9fense des Victimes de l'Amiante de a Sid\u00e9rurgie Usine de Montataire (ADVASUM)<\/a><\/li>\n<li><a href=\"https:\/\/mairie-montataire.fr\/ar\/annuaires\/associations\/sport\/association-de-danse-de-montataire-adm\/\">\u0631\u0627\u0628\u0637\u0629 \u0627\u0644\u0631\u0642\u0635 \u0641\u064a \u0645\u0648\u0646\u062a\u0627\u062a\u064a\u0631 (ADM)<\/a><\/li>\n<li><a href=\"https:\/\/mairie-montataire.fr\/ar\/annuaires\/associations\/jeunesse-education-et-insertion\/association-battants-service-solidarite\/\">\u062c\u0645\u0639\u064a\u0629 \u0628\u0627\u062a\u0627\u0646\u062a\u0633 \u0633\u064a\u0631\u0641\u064a\u0633 \u0633\u0648\u0644\u064a\u062f\u0627\u0631\u064a\u062a\u064a\u0647<\/a><\/li>\n<li><a href=\"https:\/\/mairie-montataire.fr\/ar\/annuaires\/services-municipaux\/dcsdt\/archives\/\">\u0627\u0644\u0645\u062d\u0641\u0648\u0638\u0627\u062a<\/a><\/li>\n<li><a href=\"https:\/\/mairie-montataire.fr\/ar\/annuaires\/associations\/sport\/aquatic-club-intercommunal-de-montataire-acim\/\">\u0627\u0644\u0646\u0627\u062f\u064a \u0627\u0644\u0645\u0627\u0626\u064a \u0627\u0644\u0645\u0634\u062a\u0631\u0643 \u0628\u064a\u0646 \u0627\u0644\u0645\u062c\u062a\u0645\u0639\u0627\u062a \u0627\u0644\u0645\u0627\u0626\u064a\u0629 \u0641\u064a \u0645\u0648\u0646\u062a\u0627\u062a\u064a\u0631 (ACIM)<\/a><\/li>\n<li><a href=\"https:\/\/mairie-montataire.fr\/ar\/annuaires\/associations\/solidarite\/amour-denfants-picardie\/\">Amour d'enfants Picardie<\/a><\/li>\n<li><a href=\"https:\/\/mairie-montataire.fr\/ar\/annuaires\/associations\/jumelage-et-international\/agence-internationale-pour-le-developpement-economique-et-social-aides\/\">\u0627\u0644\u0648\u0643\u0627\u0644\u0629 \u0627\u0644\u062f\u0648\u0644\u064a\u0629 \u0644\u0644\u062a\u0646\u0645\u064a\u0629 \u0627\u0644\u0627\u0642\u062a\u0635\u0627\u062f\u064a\u0629 \u0648\u0627\u0644\u0627\u062c\u062a\u0645\u0627\u0639\u064a\u0629 (AIDES)<\/a><\/li>\n<li><a href=\"https:\/\/mairie-montataire.fr\/ar\/annuaires\/services-municipaux\/dejss\/accueil-enfance\/\">\u0631\u0639\u0627\u064a\u0629 \u0627\u0644\u0623\u0637\u0641\u0627\u0644<\/a><\/li>\n<li><a href=\"https:\/\/mairie-montataire.fr\/ar\/annuaires\/services-municipaux\/dejss\/accueil-de-loisirs\/\">\u0645\u0631\u0643\u0632 \u0627\u0644\u062a\u0631\u0641\u064a\u0647 (ALSH)<\/a><\/li>\n<\/ul>\n<\/div>\n\n\n\n<div style=\"height:30px\" aria-hidden=\"true\" class=\"wp-block-spacer\"><\/div>\n<\/div>\n\n\n\n<div class=\"wp-block-group is-layout-constrained wp-block-group-is-layout-constrained\">\n<div class=\"wp-block-uagb-advanced-heading uagb-block-b80f8b6d\"><h2 class=\"uagb-heading-text\">\u0627\u0644\u0625\u062c\u0631\u0627\u0621\u0627\u062a \u0639\u0628\u0631 \u0627\u0644\u0625\u0646\u062a\u0631\u0646\u062a<\/h2><\/div>\n\n\n\n<div class=\"wsp-container\"><ul class=\"wsp-online-approachs-list\">\n<li><a href=\"https:\/\/mairie-montataire.fr\/ar\/demarches-en-ligne\/adhesion-au-centre-social\/\">\u0639\u0636\u0648\u064a\u0629 \u0627\u0644\u0645\u0631\u0643\u0632 \u0627\u0644\u0627\u062c\u062a\u0645\u0627\u0639\u064a<\/a><\/li>\n<li><a href=\"https:\/\/mairie-montataire.fr\/ar\/demarches-en-ligne\/attestation-daccueil\/\">\u0634\u0647\u0627\u062f\u0629 \u062a\u0631\u062d\u064a\u0628<\/a><\/li>\n<li><a href=\"https:\/\/mairie-montataire.fr\/ar\/demarches-en-ligne\/autorisation-de-sortie-de-territoire\/\">\u0627\u0644\u0625\u0630\u0646 \u0628\u0645\u063a\u0627\u062f\u0631\u0629 \u0627\u0644\u0628\u0644\u0627\u062f<\/a><\/li>\n<li><a href=\"https:\/\/mairie-montataire.fr\/ar\/demarches-en-ligne\/bourse-daide-aux-projets\/\">Bourse d'aide aux projets<\/a><\/li>\n<li><a href=\"https:\/\/mairie-montataire.fr\/ar\/demarches-en-ligne\/bourses-municipales\/\">\u0627\u0644\u0645\u0646\u062d \u0627\u0644\u062f\u0631\u0627\u0633\u064a\u0629 \u0627\u0644\u0628\u0644\u062f\u064a\u0629<\/a><\/li>\n<li><a href=\"https:\/\/mairie-montataire.fr\/ar\/demarches-en-ligne\/candidature-spontanee\/\">\u0637\u0644\u0628 \u063a\u064a\u0631 \u0645\u0631\u063a\u0648\u0628 \u0641\u064a\u0647 - \u0627\u0644\u062a\u062f\u0631\u064a\u0628 \u0627\u0644\u062f\u0627\u062e\u0644\u064a - \u0627\u0644\u062a\u062f\u0631\u064a\u0628 \u0627\u0644\u0645\u0647\u0646\u064a<\/a><\/li>\n<li><a href=\"https:\/\/mairie-montataire.fr\/ar\/demarches-en-ligne\/carte-de-piscine\/\">\u0628\u0637\u0627\u0642\u0629 \u0627\u0644\u0628\u0644\u064a\u0627\u0631\u062f\u0648<\/a><\/li>\n<li><a href=\"https:\/\/mairie-montataire.fr\/ar\/demarches-en-ligne\/carte-pour-la-base-de-loisirs-de-saint-leu-desserent\/\">\u062e\u0631\u064a\u0637\u0629 \u0645\u062a\u0646\u0632\u0647 \u0633\u0627\u0646 \u0644\u0648 \u062f\u064a\u0633\u0631\u064a\u0646\u062a \u0627\u0644\u062a\u0631\u0641\u064a\u0647\u064a<\/a><\/li>\n<li><a href=\"https:\/\/mairie-montataire.fr\/ar\/demarches-en-ligne\/changement-de-prenom\/\">\u062a\u063a\u064a\u064a\u0631 \u0627\u0644\u0627\u0633\u0645 \u0627\u0644\u0623\u0648\u0644<\/a><\/li>\n<li><a href=\"https:\/\/mairie-montataire.fr\/ar\/demarches-en-ligne\/contacter-le-palace\/\">\u0644\u0644\u062a\u0648\u0627\u0635\u0644 \u0645\u0639 \u0644\u0648 \u0628\u0627\u0644\u0627\u0633<\/a><\/li>\n<li><a href=\"https:\/\/mairie-montataire.fr\/ar\/demarches-en-ligne\/declaration-dincident\/\">\u062a\u0642\u0631\u064a\u0631 \u0627\u0644\u062d\u0627\u062f\u062b<\/a><\/li>\n<li><a href=\"https:\/\/mairie-montataire.fr\/ar\/demarches-en-ligne\/declarer-un-deces-ayant-eu-lieu-a-montataire\/\">\u062a\u0633\u062c\u064a\u0644 \u062d\u0627\u0644\u0629 \u0648\u0641\u0627\u0629 \u0641\u064a \u0645\u0648\u0646\u062a\u0627\u062a\u064a\u0631<\/a><\/li>\n<li><a href=\"https:\/\/mairie-montataire.fr\/ar\/demarches-en-ligne\/declarer-une-naissance-ayant-eu-lieu-a-montataire\/\">\u062a\u0633\u062c\u064a\u0644 \u0627\u0644\u0645\u0648\u0627\u0644\u064a\u062f \u0641\u064a \u0645\u0648\u0646\u062a\u0627\u062a\u064a\u0631<\/a><\/li>\n<li><a href=\"https:\/\/mairie-montataire.fr\/ar\/demarches-en-ligne\/demande-au-juge-aux-affaires-familiales\/\">\u062a\u0642\u062f\u064a\u0645 \u0637\u0644\u0628 \u0625\u0644\u0649 \u0645\u062d\u0643\u0645\u0629 \u0627\u0644\u0623\u0633\u0631\u0629<\/a><\/li>\n<li><a href=\"https:\/\/mairie-montataire.fr\/ar\/demarches-en-ligne\/postuler-a-la-ville-de-montataire\/\">Demande d'Action Citoyenne (Pass Permis, BAFA)<\/a><\/li>\n<li><a href=\"https:\/\/mairie-montataire.fr\/ar\/demarches-en-ligne\/demande-daide-juridictionelle\/\">Demande d'aide juridictionelle<\/a><\/li>\n<li><a href=\"https:\/\/mairie-montataire.fr\/ar\/demarches-en-ligne\/demande-douverture-dun-debit-de-boissons-temporaire\/\">Demande d'ouverture d'un d\u00e9bit de boissons temporaire<\/a><\/li>\n<li><a href=\"https:\/\/mairie-montataire.fr\/ar\/demarches-en-ligne\/accueil-creches-et-assistantes-maternelle\/\">\u0637\u0644\u0628\u0627\u062a \u0627\u0644\u0627\u0644\u062a\u062d\u0627\u0642 \u0628\u0645\u0631\u0627\u0641\u0642 \u0631\u0639\u0627\u064a\u0629 \u0627\u0644\u0623\u0637\u0641\u0627\u0644 \u0648\u0645\u0631\u0628\u064a\u0627\u062a \u0627\u0644\u0623\u0637\u0641\u0627\u0644.<\/a><\/li>\n<li><a href=\"https:\/\/mairie-montataire.fr\/ar\/demarches-en-ligne\/demande-dacte-de-deces\/\">\u0637\u0644\u0628 \u0634\u0647\u0627\u062f\u0629 \u0648\u0641\u0627\u0629<\/a><\/li>\n<li><a href=\"https:\/\/mairie-montataire.fr\/ar\/demarches-en-ligne\/demande-dacte-de-mariage\/\">\u0637\u0644\u0628 \u0627\u0644\u062d\u0635\u0648\u0644 \u0639\u0644\u0649 \u0634\u0647\u0627\u062f\u0629 \u0632\u0648\u0627\u062c<\/a><\/li>\n<li><a href=\"https:\/\/mairie-montataire.fr\/ar\/demarches-en-ligne\/demande-dacte-de-naissance\/\">\u0637\u0644\u0628 \u0634\u0647\u0627\u062f\u0629 \u0645\u064a\u0644\u0627\u062f<\/a><\/li>\n<li><a href=\"https:\/\/mairie-montataire.fr\/ar\/demarches-en-ligne\/demande-daide-medicale-de-letat-ame\/\">Demande d\u2019aide m\u00e9dicale de l'\u00c9tat (AME)<\/a><\/li>\n<li><a href=\"https:\/\/mairie-montataire.fr\/ar\/demarches-en-ligne\/demande-dautorisation-de-vente-au-deballage\/\">\u0637\u0644\u0628 \u0627\u0644\u062d\u0635\u0648\u0644 \u0639\u0644\u0649 \u062a\u0635\u0631\u064a\u062d \u0644\u0639\u0642\u062f \u0628\u064a\u0639 \u0627\u0644\u062a\u0641\u0631\u064a\u063a<\/a><\/li>\n<li><a href=\"https:\/\/mairie-montataire.fr\/ar\/demarches-en-ligne\/demande-dintervention\/\">\u0637\u0644\u0628 \u0627\u0644\u0645\u0633\u0627\u0639\u062f\u0629 \u0645\u0646 \u0625\u062f\u0627\u0631\u0629 \u0627\u0644\u0645\u0648\u0627\u0637\u0646\u0629 \u0648\u0627\u0644\u0648\u0642\u0627\u064a\u0629 \u0648\u0627\u0644\u0648\u0633\u0627\u0637\u0629 \u0648\u0627\u0644\u0648\u0633\u0627\u0637\u0629<\/a><\/li>\n<li><a href=\"https:\/\/mairie-montataire.fr\/ar\/demarches-en-ligne\/demande-de-complementaire-sante-solidaire\/\">\u0637\u0644\u0628 \u0627\u0644\u062d\u0635\u0648\u0644 \u0639\u0644\u0649 \u0627\u0644\u062f\u0639\u0645 \u0627\u0644\u0635\u062d\u064a \u0627\u0644\u062a\u0636\u0627\u0645\u0646\u064a (Supp\u00e9mentaire Sant\u00e9 Solidaire)<\/a><\/li>\n<li><a href=\"https:\/\/mairie-montataire.fr\/ar\/demarches-en-ligne\/demande-de-consultation-des-archives\/\">\u0637\u0644\u0628 \u0627\u0633\u062a\u0634\u0627\u0631\u0629 \u0627\u0644\u0623\u0631\u0634\u064a\u0641<\/a><\/li>\n<li><a href=\"https:\/\/mairie-montataire.fr\/ar\/demarches-en-ligne\/demande-de-disponibilite-de-salle\/\">\u0637\u0644\u0628 \u062a\u0648\u0641\u0631 \u0627\u0644\u063a\u0631\u0641 (\u0627\u0644\u062c\u0645\u0639\u064a\u0629)<\/a><\/li>\n<li><a href=\"https:\/\/mairie-montataire.fr\/ar\/demarches-en-ligne\/demande-de-droit-au-compte\/\">\u0627\u0644\u062a\u0642\u062f\u0645 \u0628\u0637\u0644\u0628 \u0644\u0644\u062d\u0635\u0648\u0644 \u0639\u0644\u0649 \u062d\u0633\u0627\u0628<\/a><\/li>\n<li><a href=\"https:\/\/mairie-montataire.fr\/ar\/demarches-en-ligne\/demande-de-duplicata-de-livret-de-famille\/\">\u0637\u0644\u0628 \u0646\u0633\u062e\u0629 \u0645\u0643\u0631\u0631\u0629 \u0645\u0646 \u062f\u0641\u062a\u0631 \u0633\u062c\u0644\u0627\u062a \u0627\u0644\u0639\u0627\u0626\u0644\u0629<\/a><\/li>\n<li><a href=\"https:\/\/mairie-montataire.fr\/ar\/demarches-en-ligne\/demande-de-licence-debit-de-boissons\/\">\u0637\u0644\u0628 \u062a\u0631\u062e\u064a\u0635 \u0645\u0646\u0632\u0644 \u0639\u0627\u0645<\/a><\/li>\n<li><a href=\"https:\/\/mairie-montataire.fr\/ar\/demarches-en-ligne\/demande-de-location-de-salles\/\">\u0637\u0644\u0628 \u0627\u0633\u062a\u0626\u062c\u0627\u0631 \u063a\u0631\u0641\u0629 (\u0644\u0644\u0623\u0641\u0631\u0627\u062f)<\/a><\/li>\n<li><a href=\"https:\/\/mairie-montataire.fr\/ar\/demarches-en-ligne\/demande-de-logement-a-la-residence-autonomie-maurice-mignon\/\">\u0637\u0644\u0628 \u0627\u0644\u0625\u0642\u0627\u0645\u0629 \u0641\u064a \u0645\u0633\u0643\u0646 \u0645\u0648\u0631\u064a\u0633 \u0645\u064a\u0646\u064a\u0648\u0646 \u0627\u0644\u0645\u0633\u062a\u0642\u0644<\/a><\/li>\n<li><a href=\"https:\/\/mairie-montataire.fr\/ar\/demarches-en-ligne\/enregistrer-une-demande-de-logement-social-sur-le-systeme-national-denregistrement-de-la-demande-de-logement-social\/\">\u0637\u0644\u0628\u0627\u062a \u0627\u0644\u0625\u0633\u0643\u0627\u0646 \u0627\u0644\u0627\u062c\u062a\u0645\u0627\u0639\u064a<\/a><\/li>\n<li><a href=\"https:\/\/mairie-montataire.fr\/ar\/demarches-en-ligne\/demande-de-mise-a-disposition-dun-mini-bus\/\">Demande de mise \u00e0 disposition d'un mini bus<\/a><\/li>\n<li><a href=\"https:\/\/mairie-montataire.fr\/ar\/demarches-en-ligne\/demande-de-mise-sous-protection-juridique-dun-majeur-vulnerable\/\">\u0637\u0644\u0628 \u0648\u0636\u0639 \u0634\u062e\u0635 \u0628\u0627\u0644\u063a \u0636\u0639\u064a\u0641 \u062a\u062d\u062a \u0627\u0644\u062d\u0645\u0627\u064a\u0629 \u0627\u0644\u0642\u0627\u0646\u0648\u0646\u064a\u0629<\/a><\/li>\n<li><a href=\"https:\/\/mairie-montataire.fr\/ar\/demarches-en-ligne\/demande-de-pass-pass-solidarite\/\">\u0627\u0633\u062a\u0645\u0627\u0631\u0629 \u0637\u0644\u0628 \u062a\u0636\u0627\u0645\u0646 PASS Solidarity<\/a><\/li>\n<li><a href=\"https:\/\/mairie-montataire.fr\/ar\/demarches-en-ligne\/demande-de-retraite-personnelle\/\">\u0627\u0644\u062a\u0642\u062f\u0645 \u0628\u0637\u0644\u0628 \u0644\u0644\u062d\u0635\u0648\u0644 \u0639\u0644\u0649 \u0645\u0639\u0627\u0634 \u0634\u062e\u0635\u064a<\/a><\/li>\n<li><a href=\"https:\/\/mairie-montataire.fr\/ar\/demarches-en-ligne\/demande-de-subventions-municipales\/\">\u0637\u0644\u0628 \u0627\u0644\u062d\u0635\u0648\u0644 \u0639\u0644\u0649 \u0627\u0644\u0645\u0646\u062d \u0627\u0644\u0628\u0644\u062f\u064a\u0629<\/a><\/li>\n<li><a href=\"https:\/\/mairie-montataire.fr\/ar\/demarches-en-ligne\/demande-de-travaux-dimpressions-graphiques\/\">Demande de travaux d'impressions\/graphiques<\/a><\/li>\n<li><a href=\"https:\/\/mairie-montataire.fr\/ar\/demarches-en-ligne\/demande-de-vote-par-procuration\/\">\u0637\u0644\u0628 \u0627\u0644\u062a\u0635\u0648\u064a\u062a \u0628\u0627\u0644\u0648\u0643\u0627\u0644\u0629<\/a><\/li>\n<li><a href=\"https:\/\/mairie-montataire.fr\/ar\/demarches-en-ligne\/dossier-de-surendettement-aupres-de-la-banque-de-france\/\">\u0645\u0644\u0641 \u0627\u0644\u0645\u062f\u064a\u0648\u0646\u064a\u0629 \u0627\u0644\u0632\u0627\u0626\u062f\u0629 \u0644\u062f\u0649 \u0628\u0646\u0643 \u0641\u0631\u0646\u0633\u0627<\/a><\/li>\n<li><a href=\"https:\/\/mairie-montataire.fr\/ar\/demarches-en-ligne\/dossier-mdph\/\">\u0645\u0644\u0641 MDPH<\/a><\/li>\n<li><a href=\"https:\/\/mairie-montataire.fr\/ar\/demarches-en-ligne\/espace-citoyen\/\">\u0645\u0633\u0627\u062d\u0629 \u0627\u0644\u0645\u0648\u0627\u0637\u0646<\/a><\/li>\n<li><a href=\"https:\/\/mairie-montataire.fr\/ar\/demarches-en-ligne\/formulaire-de-contact\/\">\u0646\u0645\u0648\u0630\u062c \u0627\u0644\u0627\u062a\u0635\u0627\u0644<\/a><\/li>\n<li><a href=\"https:\/\/mairie-montataire.fr\/ar\/demarches-en-ligne\/inscription-au-plan-canicule\/\">\u0627\u0644\u062a\u0633\u062c\u064a\u0644 \u0641\u064a \u062e\u0637\u0629 \u0627\u0644\u0645\u0648\u062c\u0629 \u0627\u0644\u062d\u0627\u0631\u0629<\/a><\/li>\n<li><a href=\"https:\/\/mairie-montataire.fr\/ar\/demarches-en-ligne\/inscription-aux-bibliotheques\/\">\u0627\u0644\u062a\u0633\u062c\u064a\u0644 \u0641\u064a \u0627\u0644\u0645\u0643\u062a\u0628\u0629<\/a><\/li>\n<li><a href=\"https:\/\/mairie-montataire.fr\/ar\/demarches-en-ligne\/inscription-sur-le-fichier-retraite%c2%b7e%c2%b7s\/\">\u0627\u0644\u062a\u0633\u062c\u064a\u0644 \u0641\u064a \u0645\u0644\u0641 \u0627\u0644\u0645\u062a\u0642\u0627\u0639\u062f\u064a\u0646<\/a><\/li>\n<li><a href=\"https:\/\/mairie-montataire.fr\/ar\/demarches-en-ligne\/demande-dinscription-sur-les-listes-electorales\/\">\u062a\u0633\u062c\u064a\u0644 \u0627\u0644\u0642\u0648\u0627\u0626\u0645 \u0627\u0644\u0627\u0646\u062a\u062e\u0627\u0628\u064a\u0629<\/a><\/li>\n<li><a href=\"https:\/\/mairie-montataire.fr\/ar\/demarches-en-ligne\/instruction-de-la-famille\/\">\u0627\u0644\u062a\u0639\u0644\u064a\u0645 \u0627\u0644\u0623\u0633\u0631\u064a<\/a><\/li>\n<li><a href=\"https:\/\/mairie-montataire.fr\/ar\/demarches-en-ligne\/la-declaration-dintention-daliener-ou-dia-ou-droit-de-preemption-urbain-dpu\/\">\u0625\u0639\u0644\u0627\u0646 \u0646\u064a\u0629 \u0627\u0644\u0628\u064a\u0639 (\u0623\u0648 DIA) \u0623\u0648 \u062d\u0642 \u0627\u0644\u0634\u0641\u0639\u0629 \u0627\u0644\u062d\u0636\u0631\u064a (DPU)<\/a><\/li>\n<li><a href=\"https:\/\/mairie-montataire.fr\/ar\/demarches-en-ligne\/urbanisme-foncier-les-autorisations-du-droit-des-sols-ads\/\">\u0627\u0644\u0625\u0639\u0644\u0627\u0646 \u0627\u0644\u0623\u0648\u0644\u064a (DP)<\/a><\/li>\n<li><a href=\"https:\/\/mairie-montataire.fr\/ar\/demarches-en-ligne\/le-certificat-durbanisme-cu\/\">Le Certificat d'Urbanisme (CU)<\/a><\/li>\n<li><a href=\"https:\/\/mairie-montataire.fr\/ar\/demarches-en-ligne\/le-permis-damenager-pa\/\">\u0625\u0630\u0646 \u0627\u0644\u062a\u062e\u0637\u064a\u0637 (PA)<\/a><\/li>\n<li><a href=\"https:\/\/mairie-montataire.fr\/ar\/demarches-en-ligne\/le-permis-de-construire-pc\/\">\u0625\u0630\u0646 \u0627\u0644\u062a\u062e\u0637\u064a\u0637 (PC)<\/a><\/li>\n<li><a href=\"https:\/\/mairie-montataire.fr\/ar\/demarches-en-ligne\/le-permis-de-demolir-pd\/\">\u062a\u0635\u0631\u064a\u062d \u0627\u0644\u0647\u062f\u0645 (PD)<\/a><\/li>\n<li><a href=\"https:\/\/mairie-montataire.fr\/ar\/demarches-en-ligne\/legalisation-de-signature\/\">\u062a\u0635\u062f\u064a\u0642 \u0627\u0644\u062a\u0648\u0642\u064a\u0639<\/a><\/li>\n<li><a href=\"https:\/\/mairie-montataire.fr\/ar\/demarches-en-ligne\/parrainage-civil\/\">\u0627\u0644\u0643\u0641\u0627\u0644\u0629 \u0627\u0644\u0645\u062f\u0646\u064a\u0629<\/a><\/li>\n<li><a href=\"https:\/\/mairie-montataire.fr\/ar\/demarches-en-ligne\/pass-agglo\/\">\u0623\u063a\u0644\u0648 \u0628\u0627\u0633<\/a><\/li>\n<li><a href=\"https:\/\/mairie-montataire.fr\/ar\/demarches-en-ligne\/inscription-pour-la-permanence-de-monsieur-le-maire\/\">\u0645\u0643\u062a\u0628 \u0627\u0644\u0639\u0645\u062f\u0629<\/a><\/li>\n<li><a href=\"https:\/\/mairie-montataire.fr\/ar\/demarches-en-ligne\/permis-de-detention-de-chien-categorise\/\">\u0631\u062e\u0635\u0629 \u062a\u0631\u0628\u064a\u0629 \u0643\u0644\u0628 \u0645\u0635\u0646\u0641<\/a><\/li>\n<li><a href=\"https:\/\/mairie-montataire.fr\/ar\/demarches-en-ligne\/portage-de-repas\/\">\u062a\u0648\u0635\u064a\u0644 \u0627\u0644\u0648\u062c\u0628\u0627\u062a<\/a><\/li>\n<li><a href=\"https:\/\/mairie-montataire.fr\/ar\/demarches-en-ligne\/procedure-simplifiee-du-changement-de-nom\/\">\u0625\u062c\u0631\u0627\u0621 \u062a\u063a\u064a\u064a\u0631 \u0627\u0644\u0627\u0633\u0645<\/a><\/li>\n<li><a href=\"https:\/\/mairie-montataire.fr\/ar\/demarches-en-ligne\/recensement-citoyen\/\">\u062a\u0639\u062f\u0627\u062f \u0627\u0644\u0645\u0648\u0627\u0637\u0646\u064a\u0646<\/a><\/li>\n<li><a href=\"https:\/\/mairie-montataire.fr\/ar\/demarches-en-ligne\/reconnaissance-dun-enfant-ne-ou-a-naitre\/\">\u0627\u0644\u0627\u0639\u062a\u0631\u0627\u0641 \u0628\u0627\u0644\u0637\u0641\u0644 \u0627\u0644\u0645\u0648\u0644\u0648\u062f \u0623\u0648 \u0627\u0644\u0630\u064a \u0644\u0645 \u064a\u0648\u0644\u062f \u0628\u0639\u062f<\/a><\/li>\n<li><a href=\"https:\/\/mairie-montataire.fr\/ar\/demarches-en-ligne\/recours-droit-au-logement-opposable-dalo\/\">\u0627\u0644\u0637\u0639\u0648\u0646 \u0627\u0644\u0645\u0642\u062f\u0645\u0629 \u0636\u062f \u0642\u0627\u0646\u0648\u0646 \u0627\u0644\u062d\u0642 \u0641\u064a \u0627\u0644\u0645\u0644\u0643\u064a\u0629 \u0627\u0644\u0639\u0642\u0627\u0631\u064a\u0629 (DALO)<\/a><\/li>\n<li><a href=\"https:\/\/mairie-montataire.fr\/ar\/demarches-en-ligne\/rendez-vous-avec-les-elu-e-s\/\">\u0627\u0644\u062a\u0639\u064a\u064a\u0646\u0627\u062a \u0645\u0639 \u0627\u0644\u0645\u0645\u062b\u0644\u064a\u0646 \u0627\u0644\u0645\u0646\u062a\u062e\u0628\u064a\u0646<\/a><\/li>\n<li><a href=\"https:\/\/mairie-montataire.fr\/ar\/demarches-en-ligne\/rendez-vous-carte-nationale-identite-passeport\/\">Rendez-vous Carte Nationale d'Identit\u00e9 - Passeport<\/a><\/li>\n<li><a href=\"https:\/\/mairie-montataire.fr\/ar\/demarches-en-ligne\/se-marier-mairie-montataire\/\">\u0639\u0642\u062f \u0627\u0644\u0642\u0631\u0627\u0646 \u0641\u064a \u062f\u0627\u0631 \u0628\u0644\u062f\u064a\u0629 \u0645\u0648\u0646\u062a\u0627\u062a\u064a\u0631<\/a><\/li>\n<li><a href=\"https:\/\/mairie-montataire.fr\/ar\/demarches-en-ligne\/se-pacser-a-montataire\/\">\u0627\u0644\u0632\u0648\u0627\u062c \u0641\u064a \u0645\u0648\u0646\u062a\u0627\u062a\u064a\u0631<\/a><\/li>\n<\/ul>\n<\/div>\n\n\n\n<div style=\"height:30px\" aria-hidden=\"true\" class=\"wp-block-spacer\"><\/div>\n<\/div>\n\n\n\n<div class=\"wp-block-group is-layout-constrained wp-block-group-is-layout-constrained\">\n<div class=\"wp-block-uagb-advanced-heading uagb-block-0d32524f\"><h2 class=\"uagb-heading-text\">Pages<\/h2><\/div>\n\n\n\n<div class=\"wsp-container\"><ul class=\"wsp-pages-list\">\n<li class=\"page_item page-item-7889\"><a href=\"https:\/\/mairie-montataire.fr\/ar\/plan-du-site\/\">\u062e\u0631\u064a\u0637\u0629 \u0627\u0644\u0645\u0648\u0642\u0639<\/a><\/li>\n<li class=\"page_item page-item-5222\"><a href=\"https:\/\/mairie-montataire.fr\/ar\/accessibilite\/\">\u0625\u0645\u0643\u0627\u0646\u064a\u0629 \u0627\u0644\u0648\u0635\u0648\u0644<\/a><\/li>\n<li class=\"page_item page-item-4165\"><a href=\"https:\/\/mairie-montataire.fr\/ar\/agenda\/\">\u062c\u062f\u0648\u0644 \u0627\u0644\u0623\u0639\u0645\u0627\u0644<\/a><\/li>\n<li class=\"page_item page-item-1340\"><a href=\"https:\/\/mairie-montataire.fr\/ar\/unicef-ville-amie-des-enfants\/\">\u0627\u0644\u064a\u0648\u0646\u064a\u0633\u0641 - \u0627\u0644\u0645\u062f\u064a\u0646\u0629 \u0627\u0644\u0635\u062f\u064a\u0642\u0629 \u0644\u0644\u0637\u0641\u0644<\/a><\/li>\n<li class=\"page_item page-item-266\"><a href=\"https:\/\/mairie-montataire.fr\/ar\/politique-de-confidentialite\/\">\u0633\u064a\u0627\u0633\u0629 \u0627\u0644\u062e\u0635\u0648\u0635\u064a\u0629<\/a><\/li>\n<li class=\"page_item page-item-10\"><a href=\"https:\/\/mairie-montataire.fr\/ar\/\">\u0645\u062f\u064a\u0646\u0629 \u0645\u0648\u0646\u062a\u0627\u062a\u064a\u0631\u060c \u0641\u062e\u0648\u0631\u0629 \u0648\u0645\u062a\u062d\u062f\u0629<\/a><\/li>\n<li class=\"page_item page-item-14 current_page_parent\"><a href=\"https:\/\/mairie-montataire.fr\/ar\/actualites\/\">\u0627\u0644\u0623\u062e\u0628\u0627\u0631<\/a><\/li>\n<li class=\"page_item page-item-32 page_item_has_children\"><a href=\"https:\/\/mairie-montataire.fr\/ar\/habiter\/\">\u0627\u0644\u0639\u064a\u0634 \u0641\u064a<\/a>\n<ul class='children'>\n\t<li class=\"page_item page-item-110 page_item_has_children\"><a href=\"https:\/\/mairie-montataire.fr\/ar\/habiter\/petite-enfance\/\">\u0627\u0644\u0637\u0641\u0648\u0644\u0629 \u0627\u0644\u0645\u0628\u0643\u0631\u0629<\/a>\n\t<ul class='children'>\n\t\t<li class=\"page_item page-item-122\"><a href=\"https:\/\/mairie-montataire.fr\/ar\/habiter\/petite-enfance\/relais-petite-enfance\/\">\u0631\u064a\u0644\u0627\u064a\u0633 \u0628\u064a\u062a\u064a \u0625\u0646\u0641\u0627\u0646\u0633 (RPE)<\/a><\/li>\n\t\t<li class=\"page_item page-item-124\"><a href=\"https:\/\/mairie-montataire.fr\/ar\/habiter\/petite-enfance\/creche-multi-accueil\/\">\u062f\u0627\u0631 \u062d\u0636\u0627\u0646\u0629 \u0627\u0644\u0623\u0637\u0641\u0627\u0644 \u0648\u0627\u0644\u062d\u0636\u0627\u0646\u0629 \u0627\u0644\u0645\u062a\u0639\u062f\u062f\u0629 \u0627\u0644\u0623\u063a\u0631\u0627\u0636<\/a><\/li>\n\t\t<li class=\"page_item page-item-126\"><a href=\"https:\/\/mairie-montataire.fr\/ar\/habiter\/petite-enfance\/protection-maternelle-et-infantile-pmi\/\">\u062d\u0645\u0627\u064a\u0629 \u0627\u0644\u0623\u0645\u0648\u0645\u0629 \u0648\u0627\u0644\u0637\u0641\u0648\u0644\u0629 (PMI)<\/a><\/li>\n\t<\/ul>\n<\/li>\n\t<li class=\"page_item page-item-112 page_item_has_children\"><a href=\"https:\/\/mairie-montataire.fr\/ar\/habiter\/enfance\/\">\u0627\u0644\u0623\u0637\u0641\u0627\u0644<\/a>\n\t<ul class='children'>\n\t\t<li class=\"page_item page-item-128\"><a href=\"https:\/\/mairie-montataire.fr\/ar\/habiter\/enfance\/ecoles\/\">\u0627\u0644\u0645\u062f\u0627\u0631\u0633<\/a><\/li>\n\t\t<li class=\"page_item page-item-130\"><a href=\"https:\/\/mairie-montataire.fr\/ar\/habiter\/enfance\/restaurants-scolaires\/\">\u0627\u0644\u0645\u0637\u0627\u0639\u0645 \u0627\u0644\u0645\u062f\u0631\u0633\u064a\u0629<\/a><\/li>\n\t\t<li class=\"page_item page-item-132\"><a href=\"https:\/\/mairie-montataire.fr\/ar\/habiter\/enfance\/accueils-periscolaires\/\">\u0627\u0644\u0631\u0639\u0627\u064a\u0629 \u0628\u0639\u062f \u0627\u0644\u0645\u062f\u0631\u0633\u0629<\/a><\/li>\n\t\t<li class=\"page_item page-item-134\"><a href=\"https:\/\/mairie-montataire.fr\/ar\/habiter\/enfance\/accueil-de-loisirs-pierre-legrand\/\">\u0645\u0631\u0643\u0632 \u0628\u064a\u064a\u0631 \u0644\u064a\u062c\u0631\u0627\u0646\u062f \u0627\u0644\u062a\u0631\u0641\u064a\u0647\u064a<\/a><\/li>\n\t<\/ul>\n<\/li>\n\t<li class=\"page_item page-item-114 page_item_has_children\"><a href=\"https:\/\/mairie-montataire.fr\/ar\/habiter\/jeunesse\/\">\u0627\u0644\u0634\u0628\u0627\u0628<\/a>\n\t<ul class='children'>\n\t\t<li class=\"page_item page-item-433\"><a href=\"https:\/\/mairie-montataire.fr\/ar\/habiter\/jeunesse\/programme-de-reussite-educative\/\">\u0628\u0631\u0646\u0627\u0645\u062c \u0627\u0644\u0646\u062c\u0627\u062d \u0627\u0644\u062a\u0639\u0644\u064a\u0645\u064a (PRE)<\/a><\/li>\n\t\t<li class=\"page_item page-item-136\"><a href=\"https:\/\/mairie-montataire.fr\/ar\/habiter\/jeunesse\/vers-le-monde-du-travail\/\">\u0646\u062d\u0648 \u0639\u0627\u0644\u0645 \u0627\u0644\u0639\u0645\u0644<\/a><\/li>\n\t\t<li class=\"page_item page-item-138\"><a href=\"https:\/\/mairie-montataire.fr\/ar\/habiter\/jeunesse\/accompagnement\/\">\u0627\u0644\u062f\u0639\u0645<\/a><\/li>\n\t\t<li class=\"page_item page-item-140\"><a href=\"https:\/\/mairie-montataire.fr\/ar\/habiter\/jeunesse\/jade\/\">\u062c\u0627\u064a\u062f<\/a><\/li>\n\t<\/ul>\n<\/li>\n\t<li class=\"page_item page-item-116 page_item_has_children\"><a href=\"https:\/\/mairie-montataire.fr\/ar\/habiter\/retraite-e-s\/\">\u0627\u0644\u0645\u062a\u0642\u0627\u0639\u062f\u0648\u0646<\/a>\n\t<ul class='children'>\n\t\t<li class=\"page_item page-item-435\"><a href=\"https:\/\/mairie-montataire.fr\/ar\/habiter\/retraite-e-s\/services-des-retraite-e-s\/\">\u062e\u062f\u0645\u0627\u062a \u0627\u0644\u0645\u062a\u0642\u0627\u0639\u062f\u064a\u0646<\/a><\/li>\n\t\t<li class=\"page_item page-item-142\"><a href=\"https:\/\/mairie-montataire.fr\/ar\/habiter\/retraite-e-s\/residence-autonomie-maurice-mignon\/\">\u0633\u0643\u0646 \u0645\u0648\u0631\u064a\u0633 \u0645\u064a\u0646\u064a\u0648\u0646 \u0627\u0644\u0645\u0633\u062a\u0642\u0644<\/a><\/li>\n\t\t<li class=\"page_item page-item-144\"><a href=\"https:\/\/mairie-montataire.fr\/ar\/habiter\/retraite-e-s\/restaurant-municipal\/\">\u0645\u0637\u0639\u0645 \u0627\u0644\u0628\u0644\u062f\u064a\u0629<\/a><\/li>\n\t\t<li class=\"page_item page-item-146\"><a href=\"https:\/\/mairie-montataire.fr\/ar\/habiter\/retraite-e-s\/ateliers-animations\/\">\u0648\u0631\u0634 \u0627\u0644\u0639\u0645\u0644 \u0648\u0627\u0644\u0641\u0639\u0627\u0644\u064a\u0627\u062a<\/a><\/li>\n\t\t<li class=\"page_item page-item-148\"><a href=\"https:\/\/mairie-montataire.fr\/ar\/habiter\/retraite-e-s\/autres-dispositifs\/\">\u0623\u062c\u0647\u0632\u0629 \u0623\u062e\u0631\u0649<\/a><\/li>\n\t<\/ul>\n<\/li>\n\t<li class=\"page_item page-item-118 page_item_has_children\"><a href=\"https:\/\/mairie-montataire.fr\/ar\/habiter\/solidarite\/\">\u0627\u0644\u062a\u0636\u0627\u0645\u0646<\/a>\n\t<ul class='children'>\n\t\t<li class=\"page_item page-item-150\"><a href=\"https:\/\/mairie-montataire.fr\/ar\/habiter\/solidarite\/ccas\/\">\u0645\u0631\u0643\u0632 \u0627\u0644\u0639\u0645\u0644 \u0627\u0644\u0627\u062c\u062a\u0645\u0627\u0639\u064a \u0627\u0644\u0645\u062d\u0644\u064a (CCAS)<\/a><\/li>\n\t\t<li class=\"page_item page-item-152\"><a href=\"https:\/\/mairie-montataire.fr\/ar\/habiter\/solidarite\/mairie-annexe-des-martinets-logements-sociaux\/\">\u062f\u0627\u0631 \u0628\u0644\u062f\u064a\u0629 \u0645\u0627\u0631\u062a\u064a\u0646\u064a\u062a\u0633 \u0648\u0627\u0644\u0625\u0633\u0643\u0627\u0646 \u0627\u0644\u0627\u062c\u062a\u0645\u0627\u0639\u064a<\/a><\/li>\n\t\t<li class=\"page_item page-item-154\"><a href=\"https:\/\/mairie-montataire.fr\/ar\/habiter\/solidarite\/habitat-indigne\/\">\u0645\u0633\u0627\u0643\u0646 \u062f\u0648\u0646 \u0627\u0644\u0645\u0633\u062a\u0648\u0649 \u0627\u0644\u0645\u0637\u0644\u0648\u0628<\/a><\/li>\n\t<\/ul>\n<\/li>\n\t<li class=\"page_item page-item-120 page_item_has_children\"><a href=\"https:\/\/mairie-montataire.fr\/ar\/habiter\/cadre-de-vie\/\">\u0627\u0644\u0628\u064a\u0626\u0629 \u0627\u0644\u0645\u0639\u064a\u0634\u064a\u0629<\/a>\n\t<ul class='children'>\n\t\t<li class=\"page_item page-item-156\"><a href=\"https:\/\/mairie-montataire.fr\/ar\/habiter\/cadre-de-vie\/etat-civil-election\/\">\u0627\u0644\u0623\u062d\u0648\u0627\u0644 \u0627\u0644\u0645\u062f\u0646\u064a\u0629 \u0648\u0627\u0644\u0627\u0646\u062a\u062e\u0627\u0628\u0627\u062a<\/a><\/li>\n\t\t<li class=\"page_item page-item-158\"><a href=\"https:\/\/mairie-montataire.fr\/ar\/habiter\/cadre-de-vie\/tranquillite-publique\/\">\u0627\u0644\u0633\u0644\u0627\u0645\u0629 \u0627\u0644\u0639\u0627\u0645\u0629<\/a><\/li>\n\t\t<li class=\"page_item page-item-160\"><a href=\"https:\/\/mairie-montataire.fr\/ar\/habiter\/cadre-de-vie\/urbanisme\/\">\u0627\u0644\u0627\u0633\u062a\u0631\u0627\u062a\u064a\u062c\u064a\u0629 \u0627\u0644\u062d\u0636\u0631\u064a\u0629 \u0641\u064a \u0645\u0648\u0646\u062a\u0627\u062a\u064a\u0631<\/a><\/li>\n\t\t<li class=\"page_item page-item-162\"><a href=\"https:\/\/mairie-montataire.fr\/ar\/habiter\/cadre-de-vie\/rccem\/\">RCCEM<\/a><\/li>\n\t\t<li class=\"page_item page-item-164\"><a href=\"https:\/\/mairie-montataire.fr\/ar\/habiter\/cadre-de-vie\/transport\/\">\u0627\u0644\u0646\u0642\u0644 \u0648\u0627\u0644\u0645\u0648\u0627\u0635\u0644\u0627\u062a<\/a><\/li>\n\t\t<li class=\"page_item page-item-166\"><a href=\"https:\/\/mairie-montataire.fr\/ar\/habiter\/cadre-de-vie\/collecte-des-dechets\/\">\u062c\u0645\u0639 \u0627\u0644\u0646\u0641\u0627\u064a\u0627\u062a<\/a><\/li>\n\t<\/ul>\n<\/li>\n<\/ul>\n<\/li>\n<li class=\"page_item page-item-34 page_item_has_children\"><a href=\"https:\/\/mairie-montataire.fr\/ar\/s-epanouir\/\">\u0627\u0644\u0627\u0632\u062f\u0647\u0627\u0631<\/a>\n<ul class='children'>\n\t<li class=\"page_item page-item-48 page_item_has_children\"><a href=\"https:\/\/mairie-montataire.fr\/ar\/s-epanouir\/le-palace\/\">\u0644\u0648 \u0628\u0627\u0644\u0627\u0633<\/a>\n\t<ul class='children'>\n\t\t<li class=\"page_item page-item-60\"><a href=\"https:\/\/mairie-montataire.fr\/ar\/s-epanouir\/le-palace\/presentation\/\">\u0639\u0631\u0636 \u0627\u0644\u0642\u0635\u0631<\/a><\/li>\n\t\t<li class=\"page_item page-item-62\"><a href=\"https:\/\/mairie-montataire.fr\/ar\/s-epanouir\/le-palace\/saison-culturelle\/\">\u0627\u0644\u0645\u0648\u0633\u0645 \u0627\u0644\u062b\u0642\u0627\u0641\u064a<\/a><\/li>\n\t\t<li class=\"page_item page-item-66\"><a href=\"https:\/\/mairie-montataire.fr\/ar\/s-epanouir\/le-palace\/programmation-scolaire\/\">\u0627\u0644\u0628\u0631\u0646\u0627\u0645\u062c \u0627\u0644\u0645\u062f\u0631\u0633\u064a<\/a><\/li>\n\t\t<li class=\"page_item page-item-419\"><a href=\"https:\/\/mairie-montataire.fr\/ar\/s-epanouir\/le-palace\/reseaux\/\">\u0627\u0644\u0634\u0628\u0643\u0627\u062a<\/a><\/li>\n\t\t<li class=\"page_item page-item-68\"><a href=\"https:\/\/mairie-montataire.fr\/ar\/s-epanouir\/le-palace\/infos-pratiques\/\">\u0645\u0639\u0644\u0648\u0645\u0627\u062a \u0639\u0645\u0644\u064a\u0629<\/a><\/li>\n\t<\/ul>\n<\/li>\n\t<li class=\"page_item page-item-50\"><a href=\"https:\/\/mairie-montataire.fr\/ar\/s-epanouir\/bibliotheques\/\">\u0627\u0644\u0645\u0643\u062a\u0628\u0627\u062a<\/a><\/li>\n\t<li class=\"page_item page-item-52\"><a href=\"https:\/\/mairie-montataire.fr\/ar\/s-epanouir\/amem\/\">AMEM<\/a><\/li>\n\t<li class=\"page_item page-item-54\"><a href=\"https:\/\/mairie-montataire.fr\/ar\/s-epanouir\/les-associations\/\">\u0627\u0644\u062c\u0645\u0639\u064a\u0627\u062a<\/a><\/li>\n\t<li class=\"page_item page-item-56 page_item_has_children\"><a href=\"https:\/\/mairie-montataire.fr\/ar\/s-epanouir\/sports-loisirs\/\">\u0627\u0644\u0631\u064a\u0627\u0636\u0629 \u0648\u0627\u0644\u062a\u0631\u0641\u064a\u0647<\/a>\n\t<ul class='children'>\n\t\t<li class=\"page_item page-item-421\"><a href=\"https:\/\/mairie-montataire.fr\/ar\/s-epanouir\/sports-loisirs\/ecole-municipale-des-sports\/\">\u0627\u0644\u0645\u062f\u0631\u0633\u0629 \u0627\u0644\u0631\u064a\u0627\u0636\u064a\u0629 \u0627\u0644\u0628\u0644\u062f\u064a\u0629<\/a><\/li>\n\t\t<li class=\"page_item page-item-423\"><a href=\"https:\/\/mairie-montataire.fr\/ar\/s-epanouir\/sports-loisirs\/piscine-intercommunale\/\">\u062d\u0645\u0627\u0645 \u0633\u0628\u0627\u062d\u0629 \u0645\u0634\u062a\u0631\u0643 \u0628\u064a\u0646 \u0627\u0644\u0637\u0627\u0626\u0641\u062a\u064a\u0646<\/a><\/li>\n\t\t<li class=\"page_item page-item-425\"><a href=\"https:\/\/mairie-montataire.fr\/ar\/s-epanouir\/sports-loisirs\/base-de-loisirs-de-saint-leu-d-esserent\/\">\u0645\u0631\u0643\u0632 \u0633\u0627\u0646 \u0644\u064a\u0648 \u062f\u064a\u0633\u0631\u064a\u0646\u062a \u0627\u0644\u062a\u0631\u0641\u064a\u0647\u064a<\/a><\/li>\n\t<\/ul>\n<\/li>\n\t<li class=\"page_item page-item-58\"><a href=\"https:\/\/mairie-montataire.fr\/ar\/s-epanouir\/espace-huberte-d-hoker\/\">\u0625\u0633\u0628\u0627\u0633 \u0647\u0648\u0628\u0631\u062a \u062f\u064a \u0647\u0648\u0643\u0631<\/a><\/li>\n<\/ul>\n<\/li>\n<li class=\"page_item page-item-36 page_item_has_children\"><a href=\"https:\/\/mairie-montataire.fr\/ar\/s-informer\/\">\u0627\u0643\u062a\u0634\u0641 \u0627\u0644\u0645\u0632\u064a\u062f<\/a>\n<ul class='children'>\n\t<li class=\"page_item page-item-70\"><a href=\"https:\/\/mairie-montataire.fr\/ar\/s-informer\/le-maire-les-elu-e-s\/\">\u0631\u0626\u064a\u0633 \u0627\u0644\u0628\u0644\u062f\u064a\u0629 \u0648\u0627\u0644\u0645\u0645\u062b\u0644\u0648\u0646 \u0627\u0644\u0645\u0646\u062a\u062e\u0628\u0648\u0646<\/a><\/li>\n\t<li class=\"page_item page-item-72 page_item_has_children\"><a href=\"https:\/\/mairie-montataire.fr\/ar\/s-informer\/les-valeurs\/\">\u0627\u0644\u0642\u064a\u0645<\/a>\n\t<ul class='children'>\n\t\t<li class=\"page_item page-item-82\"><a href=\"https:\/\/mairie-montataire.fr\/ar\/s-informer\/les-valeurs\/jumelages-solidarite-internationale\/\">\u0627\u0644\u062a\u0648\u0623\u0645\u0629 \u0648\u0627\u0644\u062a\u0636\u0627\u0645\u0646 \u0627\u0644\u062f\u0648\u0644\u064a<\/a><\/li>\n\t\t<li class=\"page_item page-item-2661\"><a href=\"https:\/\/mairie-montataire.fr\/ar\/s-informer\/les-valeurs\/lutte-contre-les-discriminations\/\">\u0645\u0643\u0627\u0641\u062d\u0629 \u0627\u0644\u062a\u0645\u064a\u064a\u0632<\/a><\/li>\n\t\t<li class=\"page_item page-item-84\"><a href=\"https:\/\/mairie-montataire.fr\/ar\/s-informer\/les-valeurs\/lutte-contre-les-discriminations-et-les-violences-faite-aux-femmes\/\">\u062d\u0642\u0648\u0642 \u0627\u0644\u0645\u0631\u0623\u0629<\/a><\/li>\n\t\t<li class=\"page_item page-item-86\"><a href=\"https:\/\/mairie-montataire.fr\/ar\/s-informer\/les-valeurs\/democratie-participative\/\">\u0627\u0644\u062f\u064a\u0645\u0642\u0631\u0627\u0637\u064a\u0629 \u0627\u0644\u062a\u0634\u0627\u0631\u0643\u064a\u0629<\/a><\/li>\n\t<\/ul>\n<\/li>\n\t<li class=\"page_item page-item-74 page_item_has_children\"><a href=\"https:\/\/mairie-montataire.fr\/ar\/s-informer\/finances-projets-de-la-ville\/\">\u0645\u0634\u0627\u0631\u064a\u0639 \u0627\u0644\u062a\u0645\u0648\u064a\u0644 \u0648\u0627\u0644\u0645\u062f\u064a\u0646\u0629<\/a>\n\t<ul class='children'>\n\t\t<li class=\"page_item page-item-6032\"><a href=\"https:\/\/mairie-montataire.fr\/ar\/s-informer\/finances-projets-de-la-ville\/les-budgets\/\">\u0627\u0644\u0645\u064a\u0632\u0627\u0646\u064a\u0627\u062a<\/a><\/li>\n\t\t<li class=\"page_item page-item-6144\"><a href=\"https:\/\/mairie-montataire.fr\/ar\/s-informer\/finances-projets-de-la-ville\/le-nouveau-programme-national-de-renouvellement-urbain-npnru\/\">\u0628\u0631\u0646\u0627\u0645\u062c \u0627\u0644\u062a\u062c\u062f\u064a\u062f \u0627\u0644\u062d\u0636\u0631\u064a \u0627\u0644\u0648\u0637\u0646\u064a \u0627\u0644\u062c\u062f\u064a\u062f (NPNRU)<\/a><\/li>\n\t<\/ul>\n<\/li>\n\t<li class=\"page_item page-item-76\"><a href=\"https:\/\/mairie-montataire.fr\/ar\/s-informer\/acces-aux-documents-administratifs\/\">\u0627\u0644\u0648\u0635\u0648\u0644 \u0625\u0644\u0649 \u0627\u0644\u0648\u062b\u0627\u0626\u0642 \u0627\u0644\u0625\u062f\u0627\u0631\u064a\u0629<\/a><\/li>\n\t<li class=\"page_item page-item-78\"><a href=\"https:\/\/mairie-montataire.fr\/ar\/s-informer\/administration-communale\/\">\u0627\u0644\u062d\u0643\u0648\u0645\u0629 \u0627\u0644\u0645\u062d\u0644\u064a\u0629<\/a><\/li>\n\t<li class=\"page_item page-item-80\"><a href=\"https:\/\/mairie-montataire.fr\/ar\/s-informer\/publications\/\">\u0627\u0644\u0645\u0646\u0634\u0648\u0631\u0627\u062a<\/a><\/li>\n<\/ul>\n<\/li>\n<li class=\"page_item page-item-38 page_item_has_children\"><a href=\"https:\/\/mairie-montataire.fr\/ar\/visiter\/\">\u0642\u0645 \u0628\u0632\u064a\u0627\u0631\u0629<\/a>\n<ul class='children'>\n\t<li class=\"page_item page-item-90 page_item_has_children\"><a href=\"https:\/\/mairie-montataire.fr\/ar\/visiter\/environnement\/\">\u0627\u0644\u0628\u064a\u0626\u0629<\/a>\n\t<ul class='children'>\n\t\t<li class=\"page_item page-item-102\"><a href=\"https:\/\/mairie-montataire.fr\/ar\/visiter\/environnement\/ville-fleurie\/\">\u0645\u062f\u064a\u0646\u0629 \u0645\u0632\u062f\u0647\u0631\u0629<\/a><\/li>\n\t\t<li class=\"page_item page-item-104\"><a href=\"https:\/\/mairie-montataire.fr\/ar\/visiter\/environnement\/parc-urbain-du-prieure\/\">\u062d\u062f\u064a\u0642\u0629 \u0628\u0631\u064a\u0648\u0631\u064a \u0627\u0644\u062d\u0636\u0631\u064a\u0629<\/a><\/li>\n\t\t<li class=\"page_item page-item-106\"><a href=\"https:\/\/mairie-montataire.fr\/ar\/visiter\/environnement\/bois-godart\/\">\u063a\u0648\u062f\u0627\u0631\u062a \u0648\u0648\u062f<\/a><\/li>\n\t\t<li class=\"page_item page-item-108\"><a href=\"https:\/\/mairie-montataire.fr\/ar\/visiter\/environnement\/berges-du-therain\/\">\u0636\u0641\u0627\u0641 \u0646\u0647\u0631 \u062a\u064a\u0631\u064a\u0646<\/a><\/li>\n\t\t<li class=\"page_item page-item-770\"><a href=\"https:\/\/mairie-montataire.fr\/ar\/visiter\/environnement\/action-pedagogique\/\">\u0627\u0644\u0645\u0628\u0627\u062f\u0631\u0627\u062a \u0627\u0644\u062a\u0639\u0644\u064a\u0645\u064a\u0629<\/a><\/li>\n\t<\/ul>\n<\/li>\n\t<li class=\"page_item page-item-92\"><a href=\"https:\/\/mairie-montataire.fr\/ar\/visiter\/acces-stationnement\/\">\u0627\u0644\u0648\u0635\u0648\u0644 \u0648\u0645\u0648\u0627\u0642\u0641 \u0627\u0644\u0633\u064a\u0627\u0631\u0627\u062a<\/a><\/li>\n\t<li class=\"page_item page-item-96\"><a href=\"https:\/\/mairie-montataire.fr\/ar\/visiter\/sante\/\">\u0627\u0644\u0635\u062d\u0629<\/a><\/li>\n\t<li class=\"page_item page-item-98\"><a href=\"https:\/\/mairie-montataire.fr\/ar\/visiter\/marche\/\">\u0627\u0644\u0633\u0648\u0642<\/a><\/li>\n\t<li class=\"page_item page-item-100\"><a href=\"https:\/\/mairie-montataire.fr\/ar\/visiter\/creil-sud-oise-tourisme\/\">\u0643\u0631\u064a\u0644 \u0633\u0648\u062f \u0623\u0648\u0632 \u0644\u0644\u0633\u064a\u0627\u062d\u0629<\/a><\/li>\n<\/ul>\n<\/li>\n<li class=\"page_item page-item-40\"><a href=\"https:\/\/mairie-montataire.fr\/ar\/annuaires\/\">\u0627\u0644\u062f\u0644\u0627\u0626\u0644<\/a><\/li>\n<li class=\"page_item page-item-230\"><a href=\"https:\/\/mairie-montataire.fr\/ar\/nous-contacter\/\">\u0627\u062a\u0635\u0644 \u0628\u062f\u0627\u0631 \u0627\u0644\u0628\u0644\u062f\u064a\u0629<\/a><\/li>\n<li class=\"page_item page-item-232\"><a href=\"https:\/\/mairie-montataire.fr\/ar\/demarches-en-ligne\/\">\u0627\u0644\u0625\u062c\u0631\u0627\u0621\u0627\u062a \u0639\u0628\u0631 \u0627\u0644\u0625\u0646\u062a\u0631\u0646\u062a<\/a><\/li>\n<li class=\"page_item page-item-265\"><a href=\"https:\/\/mairie-montataire.fr\/ar\/mentions-legales\/\">\u0627\u0644\u0645\u0639\u0644\u0648\u0645\u0627\u062a \u0627\u0644\u0642\u0627\u0646\u0648\u0646\u064a\u0629<\/a><\/li>\n<\/ul>\n<\/div>\n\n\n\n<div style=\"height:30px\" aria-hidden=\"true\" class=\"wp-block-spacer\"><\/div>\n<\/div>\n\n\n\n<div class=\"wp-block-group is-layout-constrained wp-block-group-is-layout-constrained\">\n<div class=\"wp-block-uagb-advanced-heading uagb-block-0cf6bd64\"><h2 class=\"uagb-heading-text\">\u062c\u062f\u0648\u0644 \u0627\u0644\u0623\u0639\u0645\u0627\u0644<\/h2><\/div>\n\n\n\n<div class=\"wsp-container\"><ul class=\"wsp-events-list\">\n<li><a href=\"https:\/\/mairie-montataire.fr\/ar\/agenda\/information\/les-avocats-au-service-des-contribuables-aide-a-la-declaration-de-revenus-2025\/\">Les avocats au service des contribuables - Aide \u00e0 la d\u00e9claration de revenus 2025<\/a><\/li>\n<li><a href=\"https:\/\/mairie-montataire.fr\/ar\/agenda\/evenement\/commemoration-capitulation-de-lallemagne-nazie\/\">Comm\u00e9moration - Capitulation de l'Allemagne nazie<\/a><\/li>\n<li><a href=\"https:\/\/mairie-montataire.fr\/ar\/agenda\/vie-associative\/les-concerts-de-la-halle\/\">\u062d\u0641\u0644\u0627\u062a \u0645\u0648\u0633\u064a\u0642\u064a\u0629 \u0641\u064a \u0627\u0644\u0642\u0627\u0639\u0629<\/a><\/li>\n<li><a href=\"https:\/\/mairie-montataire.fr\/ar\/agenda\/vie-associative\/festival-des-clochers\/\">\u0645\u0647\u0631\u062c\u0627\u0646 \u0643\u0644\u0648\u0643\u0631\u0632 \u062f\u064a \u0643\u0644\u0648\u0643\u0631\u0632<\/a><\/li>\n<li><a href=\"https:\/\/mairie-montataire.fr\/ar\/agenda\/vie-associative\/brocante-de-saint-leu\/\">\u0633\u0648\u0642 \u0633\u0627\u0646 \u0644\u064a\u0648 \u0644\u0644\u0633\u0644\u0639 \u0627\u0644\u0645\u0633\u062a\u0639\u0645\u0644\u0629<\/a><\/li>\n<li><a href=\"https:\/\/mairie-montataire.fr\/ar\/agenda\/evenement\/commemoration-liberation-des-camps\/\">\u0625\u062d\u064a\u0627\u0621 \u0630\u0643\u0631\u0649 \u062a\u062d\u0631\u064a\u0631 \u0627\u0644\u0645\u0639\u0633\u0643\u0631\u0627\u062a - \u062a\u062d\u0631\u064a\u0631 \u0627\u0644\u0645\u0639\u0633\u0643\u0631\u0627\u062a<\/a><\/li>\n<li><a href=\"https:\/\/mairie-montataire.fr\/ar\/agenda\/evenement\/festival-danses-et-musiques-du-monde\/\">\u0645\u0647\u0631\u062c\u0627\u0646 \u0627\u0644\u0645\u0648\u0633\u064a\u0642\u0649 \u0648\u0627\u0644\u0631\u0642\u0635 \u0627\u0644\u0639\u0627\u0644\u0645\u064a<\/a><\/li>\n<li><a href=\"https:\/\/mairie-montataire.fr\/ar\/agenda\/vie-associative\/brocante-de-lascension-mbb\/\">Brocante de l'Ascension - MBB<\/a><\/li>\n<li><a href=\"https:\/\/mairie-montataire.fr\/ar\/agenda\/evenement\/il-va-y-avoir-du-sport-dans-le-quartier-des-martinets\/\">\u0633\u064a\u0643\u0648\u0646 \u0647\u0646\u0627\u0643 \u0628\u0639\u0636 \u0627\u0644\u0631\u064a\u0627\u0636\u0629 \u0641\u064a \u0645\u0646\u0637\u0642\u0629 \u0645\u0627\u0631\u062a\u064a\u0646\u064a\u062a\u0633!<\/a><\/li>\n<li><a href=\"https:\/\/mairie-montataire.fr\/ar\/agenda\/rencontres\/un-cafe-des-idees-les-petits-dejeuners-des-martinets\/\">\u0647\u0644 \u062a\u0631\u064a\u062f \u0642\u0647\u0648\u0629\u061f \u0644\u062f\u064a\u0646\u0627 \u0623\u0641\u0643\u0627\u0631! \u0641\u0637\u0648\u0631 \u0645\u0627\u0631\u062a\u064a\u0646\u064a\u062a\u0633<\/a><\/li>\n<li><a href=\"https:\/\/mairie-montataire.fr\/ar\/agenda\/vie-associative\/concert-de-ramzi-aburedwan-et-son-ensemble-dalouna\/\">Concert de Ramzi Aburedwan et son Ensemble Dal'Ouna<\/a><\/li>\n<li><a href=\"https:\/\/mairie-montataire.fr\/ar\/agenda\/rencontres\/laire-de-jeux-jacques-decour-se-renove-grace-a-vos-idees\/\">\u064a\u062a\u0645 \u062a\u062c\u062f\u064a\u062f \u0645\u0644\u0639\u0628 \u062c\u0627\u0643 \u062f\u064a\u0643\u0648\u0631 \u062c\u0627\u0643 \u062f\u064a\u0643\u0648\u0631 \u0628\u0641\u0636\u0644 \u0623\u0641\u0643\u0627\u0631\u0643!<\/a><\/li>\n<li><a href=\"https:\/\/mairie-montataire.fr\/ar\/agenda\/rencontres\/rassemblement-pour-la-palestine\/\">\u0627\u0644\u062a\u062c\u0645\u0639 \u0645\u0646 \u0623\u062c\u0644 \u0641\u0644\u0633\u0637\u064a\u0646<\/a><\/li>\n<li><a href=\"https:\/\/mairie-montataire.fr\/ar\/agenda\/rencontres\/soiree-des-parents\/\">\u0623\u0645\u0633\u064a\u0629 \u0623\u0648\u0644\u064a\u0627\u0621 \u0627\u0644\u0623\u0645\u0648\u0631<\/a><\/li>\n<li><a href=\"https:\/\/mairie-montataire.fr\/ar\/agenda\/vie-associative\/amour-denfants-picardie-et-theatrarires-unis-pour-venir-en-aide-aux-enfants\/\">Amour d'enfants Picardie et Th\u00e9\u00e2tr\u00e0Rires : Unis pour venir en aide aux enfants<\/a><\/li>\n<li><a href=\"https:\/\/mairie-montataire.fr\/ar\/agenda\/rencontres\/marche-verte\/\">\u0627\u0644\u0645\u0645\u0634\u0649 \u0627\u0644\u0623\u062e\u0636\u0631<\/a><\/li>\n<li><a href=\"https:\/\/mairie-montataire.fr\/ar\/agenda\/information\/seance-dinstallation-du-nouveau-conseil-municipal\/\">S\u00e9ance d'installation du nouveau Conseil Municipal<\/a><\/li>\n<li><a href=\"https:\/\/mairie-montataire.fr\/ar\/agenda\/vie-associative\/national-cup-pickleball\/\">\u0627\u0644\u0643\u0623\u0633 \u0627\u0644\u0648\u0637\u0646\u064a\u0629 \u0644\u0643\u0631\u0629 \u0627\u0644\u0645\u062e\u0644\u0644<\/a><\/li>\n<li><a href=\"https:\/\/mairie-montataire.fr\/ar\/agenda\/information\/elections-municipale\/\">\u0627\u0644\u0627\u0646\u062a\u062e\u0627\u0628\u0627\u062a \u0627\u0644\u0628\u0644\u062f\u064a\u0629<\/a><\/li>\n<li><a href=\"https:\/\/mairie-montataire.fr\/ar\/agenda\/evenement\/commemoration-de-la-fin-de-la-guerre-dalgerie\/\">Comm\u00e9moration - Fin de la guerre d'Alg\u00e9rie<\/a><\/li>\n<li><a href=\"https:\/\/mairie-montataire.fr\/ar\/agenda\/vie-associative\/journee-nettoyage\/\">\u064a\u0648\u0645 \u0627\u0644\u062a\u0646\u0638\u064a\u0641<\/a><\/li>\n<li><a href=\"https:\/\/mairie-montataire.fr\/ar\/agenda\/evenement\/8-mars-droits-des-femmes\/\">8 \u0645\u0627\u0631\u0633 - \u062d\u0642\u0648\u0642 \u0627\u0644\u0645\u0631\u0623\u0629<\/a><\/li>\n<li><a href=\"https:\/\/mairie-montataire.fr\/ar\/agenda\/vie-associative\/baptemes-de-plongee\/\">\u0627\u0644\u063a\u0637\u0633\u0627\u062a \u0627\u0644\u0623\u0648\u0644\u0649<\/a><\/li>\n<li><a href=\"https:\/\/mairie-montataire.fr\/ar\/agenda\/vie-associative\/initiation-au-kayak\/\">\u0645\u0642\u062f\u0645\u0629 \u0641\u064a \u0627\u0644\u062a\u062c\u062f\u064a\u0641 \u0628\u0627\u0644\u0643\u0627\u064a\u0627\u0643<\/a><\/li>\n<li><a href=\"https:\/\/mairie-montataire.fr\/ar\/agenda\/information\/acces-au-terrain-synthetique-armand-bellard-pour-les-vacances\/\">\u0627\u0644\u0648\u0635\u0648\u0644 \u0625\u0644\u0649 \u0645\u0644\u0639\u0628 \u0623\u0631\u0645\u0627\u0646\u062f \u0628\u064a\u0644\u0627\u0631\u062f \u0627\u0644\u0627\u0635\u0637\u0646\u0627\u0639\u064a \u062e\u0644\u0627\u0644 \u0627\u0644\u0639\u0637\u0644\u0627\u062a<\/a><\/li>\n<li><a href=\"https:\/\/mairie-montataire.fr\/ar\/agenda\/culture\/vacances-en-bibliotheque\/\">\u0639\u0637\u0644\u0627\u062a \u0627\u0644\u0645\u0643\u062a\u0628\u0629<\/a><\/li>\n<li><a href=\"https:\/\/mairie-montataire.fr\/ar\/agenda\/vie-associative\/vacances-avec-la-maison-des-ados\/\">\u0627\u0644\u0639\u0637\u0644\u0627\u062a \u0645\u0639 \u062f\u0627\u0631 \u0623\u062f\u0648\u0633<\/a><\/li>\n<li><a href=\"https:\/\/mairie-montataire.fr\/ar\/agenda\/vie-associative\/femmes-solidaires-remise-de-cartes-et-vernissage-dexposition\/\">Femmes Solidaires : Remise de cartes et vernissage d'exposition<\/a><\/li>\n<li><a href=\"https:\/\/mairie-montataire.fr\/ar\/agenda\/vie-associative\/super-loto\/\">\u0633\u0648\u0628\u0631 \u0644\u0648\u062a\u0648<\/a><\/li>\n<li><a href=\"https:\/\/mairie-montataire.fr\/ar\/agenda\/scolaire\/forum-des-bts\/\">\u0645\u0646\u062a\u062f\u0649 BTS<\/a><\/li>\n<li><a href=\"https:\/\/mairie-montataire.fr\/ar\/agenda\/rencontres\/mini-forum\/\">\u0627\u0644\u0645\u0646\u062a\u062f\u0649 \u0627\u0644\u0645\u0635\u063a\u0631<\/a><\/li>\n<li><a href=\"https:\/\/mairie-montataire.fr\/ar\/agenda\/vie-associative\/rencontres-de-la-vie-associative\/\">\u0627\u062c\u062a\u0645\u0627\u0639\u0627\u062a \u062d\u0648\u0644 \u0627\u0644\u062d\u064a\u0627\u0629 \u0627\u0644\u0645\u062c\u062a\u0645\u0639\u064a\u0629<\/a><\/li>\n<li><a href=\"https:\/\/mairie-montataire.fr\/ar\/agenda\/evenement\/recrutjeunes\/\">Recrut'Jeunes<\/a><\/li>\n<li><a href=\"https:\/\/mairie-montataire.fr\/ar\/agenda\/rencontres\/debat-dorientations-budgetaires\/\">D\u00e9bat d'orientations budg\u00e9taires<\/a><\/li>\n<li><a href=\"https:\/\/mairie-montataire.fr\/ar\/agenda\/culture\/nuit-de-la-lecture\/\">\u0623\u0645\u0633\u064a\u0629 \u0627\u0644\u0642\u0631\u0627\u0621\u0629<\/a><\/li>\n<li><a href=\"https:\/\/mairie-montataire.fr\/ar\/agenda\/information\/collecte-de-sapins\/\">\u0645\u062c\u0645\u0648\u0639\u0629 \u0627\u0644\u0623\u0634\u062c\u0627\u0631<\/a><\/li>\n<li><a href=\"https:\/\/mairie-montataire.fr\/ar\/agenda\/vie-associative\/les-pompiers-de-paris-en-spectacle-a-montataire\/\">\u0639\u0631\u0636 \u0644\u0641\u0631\u0642\u0629 \u0625\u0637\u0641\u0627\u0621 \u0628\u0627\u0631\u064a\u0633 \u0641\u064a \u0645\u0648\u0646\u062a\u0627\u062a\u064a\u0631<\/a><\/li>\n<li><a href=\"https:\/\/mairie-montataire.fr\/ar\/agenda\/vie-associative\/portes-ouvertes-football-pour-les-filles\/\">\u0623\u0628\u0648\u0627\u0628 \u0645\u0641\u062a\u0648\u062d\u0629 \u0644\u0643\u0631\u0629 \u0627\u0644\u0642\u062f\u0645 \u0644\u0644\u0641\u062a\u064a\u0627\u062a<\/a><\/li>\n<li><a href=\"https:\/\/mairie-montataire.fr\/ar\/agenda\/evenement\/traversee-de-loise-a-la-nage\/\">\u0639\u0628\u0648\u0631 \u0646\u0647\u0631 \u0623\u0648\u064a\u0632 \u0633\u0628\u0627\u062d\u0629<\/a><\/li>\n<li><a href=\"https:\/\/mairie-montataire.fr\/ar\/agenda\/vie-associative\/don-du-sang\/\">\u0627\u0644\u062a\u0628\u0631\u0639 \u0628\u0627\u0644\u062f\u0645<\/a><\/li>\n<li><a href=\"https:\/\/mairie-montataire.fr\/ar\/agenda\/information\/forum-bac-2-et-plus\/\">\u0645\u0646\u062a\u062f\u0649 \u0628\u0627\u0643 +2 \u0641\u0645\u0627 \u0641\u0648\u0642<\/a><\/li>\n<li><a href=\"https:\/\/mairie-montataire.fr\/ar\/agenda\/evenement\/festivites-de-fin-dannee-reveillon-de-la-solidarite\/\">\u0644\u064a\u0644\u0629 \u0631\u0623\u0633 \u0627\u0644\u0633\u0646\u0629 \u0627\u0644\u062a\u0636\u0627\u0645\u0646\u064a\u0629<\/a><\/li>\n<li><a href=\"https:\/\/mairie-montataire.fr\/ar\/agenda\/evenement\/festivites-de-fin-dannee-4\/\">Festivit\u00e9s de fin d'ann\u00e9e<\/a><\/li>\n<li><a href=\"https:\/\/mairie-montataire.fr\/ar\/agenda\/retraites\/colis-de-fin-dannee-pour-les-retraites\/\">Colis de fin d'ann\u00e9e pour les retrait\u00e9s<\/a><\/li>\n<li><a href=\"https:\/\/mairie-montataire.fr\/ar\/agenda\/vie-associative\/femmes-solidaires-celebre-ses-80-ans-un-apres-midi-dechanges-de-memoire-et-dengagement\/\">\u0645\u0646\u0638\u0645\u0629 \u0646\u0633\u0627\u0621 \u0645\u062a\u0636\u0627\u0645\u0646\u0627\u062a \u062a\u062d\u062a\u0641\u0644 \u0628\u0627\u0644\u0630\u0643\u0631\u0649 \u0627\u0644\u062b\u0645\u0627\u0646\u064a\u0646 \u0644\u062a\u0623\u0633\u064a\u0633\u0647\u0627: \u0623\u0645\u0633\u064a\u0629 \u0645\u0646 \u0627\u0644\u062a\u0628\u0627\u062f\u0644 \u0648\u0627\u0644\u0630\u0643\u0631\u0649 \u0648\u0627\u0644\u0627\u0644\u062a\u0632\u0627\u0645<\/a><\/li>\n<li><a href=\"https:\/\/mairie-montataire.fr\/ar\/agenda\/vie-associative\/societe-ouvriere-dhorticulture-st-de-temperance-renouvellement-des-cotisation-2026\/\">Soci\u00e9t\u00e9 Ouvri\u00e8re d'Horticulture et de Temp\u00e9rance - Renouvellement des cotisations 2026<\/a><\/li>\n<li><a href=\"https:\/\/mairie-montataire.fr\/ar\/agenda\/scolaire\/forum-des-metiers-et-des-formations\/\">\u0645\u0646\u062a\u062f\u0649 \u0627\u0644\u0648\u0638\u0627\u0626\u0641 \u0648\u0627\u0644\u062a\u062f\u0631\u064a\u0628<\/a><\/li>\n<li><a href=\"https:\/\/mairie-montataire.fr\/ar\/agenda\/vie-associative\/ecran-ouvert-sur-la-ville\/\">\u0634\u0627\u0634\u0629 \u0645\u0641\u062a\u0648\u062d\u0629 \u0639\u0644\u0649 \u0627\u0644\u0645\u062f\u064a\u0646\u0629<\/a><\/li>\n<li><a href=\"https:\/\/mairie-montataire.fr\/ar\/agenda\/culture\/la-voix-de-hind-rajab-en-avant-premiere\/\">\"La voix de Hind Rajab\" en avant-premi\u00e8re<\/a><\/li>\n<li><a href=\"https:\/\/mairie-montataire.fr\/ar\/agenda\/retraites\/inscriptions-sortie-retraites\/\">\u0646\u0632\u0647\u0627\u062a \u0627\u0644\u062a\u0642\u0627\u0639\u062f<\/a><\/li>\n<li><a href=\"https:\/\/mairie-montataire.fr\/ar\/agenda\/festival-films-et-debats\/festival-les-yeux-ouverts-sur-la-diversite\/\">\u0627\u0644\u0645\u0647\u0631\u062c\u0627\u0646 - \u0639\u064a\u0648\u0646 \u0645\u0641\u062a\u0648\u062d\u0629 \u0639\u0644\u0649 \u0627\u0644\u062a\u0646\u0648\u0639<\/a><\/li>\n<li><a href=\"https:\/\/mairie-montataire.fr\/ar\/agenda\/evenement\/semaine-des-droits-de-lenfant\/\">Semaine des droits de l'enfant<\/a><\/li>\n<li><a href=\"https:\/\/mairie-montataire.fr\/ar\/agenda\/sensibilisation\/lutte-contre-les-violences-faites-aux-femmes\/\">\u0645\u0643\u0627\u0641\u062d\u0629 \u0627\u0644\u0639\u0646\u0641 \u0636\u062f \u0627\u0644\u0645\u0631\u0623\u0629<\/a><\/li>\n<li><a href=\"https:\/\/mairie-montataire.fr\/ar\/agenda\/sensibilisation\/mois-sans-tabac\/\">\u0634\u0647\u0631 \u0628\u0644\u0627 \u062a\u062f\u062e\u064a\u0646<\/a><\/li>\n<li><a href=\"https:\/\/mairie-montataire.fr\/ar\/agenda\/culture\/semaine-du-jeu-5\/\">\u0623\u0633\u0628\u0648\u0639 \u0627\u0644\u0623\u0644\u0639\u0627\u0628<\/a><\/li>\n<li><a href=\"https:\/\/mairie-montataire.fr\/ar\/agenda\/evenement\/marche-de-noel\/\">\u0633\u0648\u0642 \u0627\u0644\u0643\u0631\u064a\u0633\u0645\u0627\u0633<\/a><\/li>\n<li><a href=\"https:\/\/mairie-montataire.fr\/ar\/agenda\/evenement\/commemoration-fin-de-la-premiere-guerre-mondiale\/\">\u0625\u062d\u064a\u0627\u0621 \u0627\u0644\u0630\u0643\u0631\u0649 - \u0646\u0647\u0627\u064a\u0629 \u0627\u0644\u062d\u0631\u0628 \u0627\u0644\u0639\u0627\u0644\u0645\u064a\u0629 \u0627\u0644\u0623\u0648\u0644\u0649<\/a><\/li>\n<li><a href=\"https:\/\/mairie-montataire.fr\/ar\/agenda\/vie-associative\/vide-grenier-brocante\/\">\u0645\u0639\u0631\u0636 \u0627\u0644\u0623\u0644\u0639\u0627\u0628 \u0648\u0633\u0648\u0642 \u0627\u0644\u0643\u0631\u064a\u0633\u0645\u0627\u0633<\/a><\/li>\n<li><a href=\"https:\/\/mairie-montataire.fr\/ar\/agenda\/rencontres\/cafe-parents\/\">\u0645\u0642\u0647\u0649 \u0627\u0644\u0622\u0628\u0627\u0621 \u0648\u0627\u0644\u0623\u0645\u0647\u0627\u062a<\/a><\/li>\n<li><a href=\"https:\/\/mairie-montataire.fr\/ar\/agenda\/rencontres\/reunion-publique\/\">\u0627\u062c\u062a\u0645\u0627\u0639 \u0639\u0627\u0645<\/a><\/li>\n<li><a href=\"https:\/\/mairie-montataire.fr\/ar\/agenda\/vie-associative\/46e-exposition-mycologique\/\">\u0645\u0639\u0631\u0636 \u0627\u0644\u0641\u0637\u0631\u064a\u0627\u062a \u0648\u062a\u0630\u0648\u0642\u0647\u0627<\/a><\/li>\n<li><a href=\"https:\/\/mairie-montataire.fr\/ar\/agenda\/rencontres\/reunions-de-quartier-residences-helene\/\">\u0627\u062c\u062a\u0645\u0627\u0639\u0627\u062a \u0627\u0644\u062c\u064a\u0631\u0627\u0646 - \u0631\u064a\u0632\u064a\u062f\u0646\u0633 \u0647\u064a\u0644\u064a\u0646<\/a><\/li>\n<li><a href=\"https:\/\/mairie-montataire.fr\/ar\/agenda\/rencontres\/reunions-de-quartier-bambier\/\">\u0627\u062c\u062a\u0645\u0627\u0639\u0627\u062a \u0627\u0644\u062c\u0648\u0627\u0631 - \u0628\u0627\u0645\u0628\u064a\u0631<\/a><\/li>\n<li><a href=\"https:\/\/mairie-montataire.fr\/ar\/agenda\/rencontres\/reunions-de-quartier-rccem\/\">\u0627\u062c\u062a\u0645\u0627\u0639\u0627\u062a \u0627\u0644\u062c\u0648\u0627\u0631 - RCCEM<\/a><\/li>\n<li><a href=\"https:\/\/mairie-montataire.fr\/ar\/agenda\/rencontres\/reunions-de-quartier-joliot-curie\/\">\u0627\u062c\u062a\u0645\u0627\u0639\u0627\u062a \u0627\u0644\u062c\u0648\u0627\u0631 - \u062c\u0648\u0644\u064a\u0648\u062a \u0643\u0648\u0631\u064a<\/a><\/li>\n<li><a href=\"https:\/\/mairie-montataire.fr\/ar\/agenda\/rencontres\/reunions-de-quartier-langevin\/\">\u0627\u062c\u062a\u0645\u0627\u0639\u0627\u062a \u0627\u0644\u062c\u0648\u0627\u0631 - \u0644\u0627\u0646\u062c\u0641\u064a\u0646<\/a><\/li>\n<li><a href=\"https:\/\/mairie-montataire.fr\/ar\/agenda\/rencontres\/reunions-de-quartier-elsa-triolet\/\">\u0627\u062c\u062a\u0645\u0627\u0639\u0627\u062a \u0627\u0644\u062c\u0648\u0627\u0631 - \u0625\u0644\u0633\u0627 \u062a\u0631\u064a\u0648\u0644\u064a\u0647<\/a><\/li>\n<li><a href=\"https:\/\/mairie-montataire.fr\/ar\/agenda\/rencontres\/reunions-de-quartier-wallon\/\">\u0627\u062c\u062a\u0645\u0627\u0639\u0627\u062a \u0627\u0644\u062c\u0648\u0627\u0631 - \u0648\u0627\u0644\u0648\u0646<\/a><\/li>\n<li><a href=\"https:\/\/mairie-montataire.fr\/ar\/agenda\/rencontres\/reunions-de-quartier-liberation\/\">\u0627\u062c\u062a\u0645\u0627\u0639\u0627\u062a \u0627\u0644\u062c\u0648\u0627\u0631 - Lib\u00e9ration<\/a><\/li>\n<li><a href=\"https:\/\/mairie-montataire.fr\/ar\/agenda\/rencontres\/reunions-de-quartier-casanova\/\">\u0627\u062c\u062a\u0645\u0627\u0639\u0627\u062a \u0627\u0644\u062c\u0648\u0627\u0631 - \u0643\u0627\u0632\u0627\u0646\u0648\u0641\u0627<\/a><\/li>\n<li><a href=\"https:\/\/mairie-montataire.fr\/ar\/agenda\/rencontres\/reunions-de-quartier-fonds-de-montataire\/\">\u0627\u062c\u062a\u0645\u0627\u0639\u0627\u062a \u0627\u0644\u062c\u064a\u0631\u0627\u0646 - \u0635\u0646\u062f\u0648\u0642 \u0645\u0648\u0646\u062a\u0627\u062a\u064a\u0631 - Fonds de Montataire<\/a><\/li>\n<li><a href=\"https:\/\/mairie-montataire.fr\/ar\/agenda\/rencontres\/reunions-de-quartier-alsh\/\">\u0627\u062c\u062a\u0645\u0627\u0639\u0627\u062a \u0627\u0644\u062c\u0648\u0627\u0631 - ALSH<\/a><\/li>\n<li><a href=\"https:\/\/mairie-montataire.fr\/ar\/agenda\/vie-associative\/carnaval-des-possibles\/\">\u0643\u0631\u0646\u0641\u0627\u0644 \u0627\u0644\u0627\u062d\u062a\u0645\u0627\u0644\u0627\u062a<\/a><\/li>\n<li><a href=\"https:\/\/mairie-montataire.fr\/ar\/agenda\/information\/ensemble-apprenons-comment-trier-nos-dechets\/\">\u062f\u0639\u0648\u0646\u0627 \u0646\u062a\u0639\u0644\u0645 \u0645\u0639\u0627\u064b \u0643\u064a\u0641\u064a\u0629 \u0641\u0631\u0632 \u0646\u0641\u0627\u064a\u0627\u062a\u0646\u0627<\/a><\/li>\n<li><a href=\"https:\/\/mairie-montataire.fr\/ar\/agenda\/information\/octobre-rose\/\">\u0623\u0643\u062a\u0648\u0628\u0631 \u0627\u0644\u0648\u0631\u062f\u064a<\/a><\/li>\n<li><a href=\"https:\/\/mairie-montataire.fr\/ar\/agenda\/%theme%\/la-semaine-bleue\/\">\u0627\u0644\u0623\u0633\u0628\u0648\u0639 \u0627\u0644\u0623\u0632\u0631\u0642<\/a><\/li>\n<li><a href=\"https:\/\/mairie-montataire.fr\/ar\/agenda\/rencontres\/mini-forum-mission-locale\/\">\u0627\u0644\u0645\u0646\u062a\u062f\u0649 \u0627\u0644\u0645\u0635\u063a\u0631 - \u0645\u0648\u0642\u0639 \u0627\u0644\u0628\u0639\u062b\u0629<\/a><\/li>\n<li><a href=\"https:\/\/mairie-montataire.fr\/ar\/agenda\/culture\/journees-du-patrimoine\/\">\u0623\u064a\u0627\u0645 \u0627\u0644\u062a\u0631\u0627\u062b<\/a><\/li>\n<li><a href=\"https:\/\/mairie-montataire.fr\/ar\/agenda\/%theme%\/le-tennis-club-montataire-propose-une-journee-portes-ouvertes-le-10-septembre\/\">\u064a\u0642\u064a\u0645 \u0646\u0627\u062f\u064a \u0645\u0648\u0646\u062a\u0627\u062a\u064a\u0631 \u0644\u0644\u062a\u0646\u0633 \u064a\u0648\u0645\u0627\u064b \u0645\u0641\u062a\u0648\u062d\u0627\u064b \u0641\u064a 10 \u0633\u0628\u062a\u0645\u0628\u0631<\/a><\/li>\n<li><a href=\"https:\/\/mairie-montataire.fr\/ar\/agenda\/concert\/concert-des-classes-de-musiques-actuelles-2\/\">\u062d\u0641\u0644\u0629 \u0645\u0648\u0633\u064a\u0642\u064a\u0629 \u0644\u0641\u0635\u0648\u0644 \u0627\u0644\u0645\u0648\u0633\u064a\u0642\u0649 \u0627\u0644\u0645\u0639\u0627\u0635\u0631\u0629<\/a><\/li>\n<li><a href=\"https:\/\/mairie-montataire.fr\/ar\/agenda\/danse\/gala-de-danse-2\/\">\u062d\u0641\u0644 \u0627\u0644\u0631\u0642\u0635<\/a><\/li>\n<li><a href=\"https:\/\/mairie-montataire.fr\/ar\/agenda\/theatre\/britannicus-musical-circus\/\">\u0633\u064a\u0631\u0643 \u0628\u0631\u064a\u062a\u0627\u0646\u064a\u0643\u0648\u0633 \u0627\u0644\u0645\u0648\u0633\u064a\u0642\u064a<\/a><\/li>\n<li><a href=\"https:\/\/mairie-montataire.fr\/ar\/agenda\/theatre\/la-france-empire\/\">\u0641\u0631\u0646\u0633\u0627\u060c \u0627\u0644\u0625\u0645\u0628\u0631\u0627\u0637\u0648\u0631\u064a\u0629<\/a><\/li>\n<li><a href=\"https:\/\/mairie-montataire.fr\/ar\/agenda\/magie\/ca-disparait\/\">\u064a\u062e\u062a\u0641\u064a<\/a><\/li>\n<li><a href=\"https:\/\/mairie-montataire.fr\/ar\/agenda\/theatre\/cyrano-de-bergerac\/\">\u0633\u064a\u0631\u0627\u0646\u0648 \u062f\u064a \u0628\u064a\u0631\u062c\u064a\u0631\u0627\u0643<\/a><\/li>\n<li><a href=\"https:\/\/mairie-montataire.fr\/ar\/agenda\/magie\/cerebro\/\">\u0633\u064a\u0631\u064a\u0628\u0631\u0648<\/a><\/li>\n<li><a href=\"https:\/\/mairie-montataire.fr\/ar\/agenda\/theatre\/en-avant-toutes\/\">\u0625\u0639\u0627\u062f\u0629 \u062a\u0648\u062c\u064a\u0647 \u0627\u0644\u0643\u0644<\/a><\/li>\n<li><a href=\"https:\/\/mairie-montataire.fr\/ar\/agenda\/cine-concert\/la-nuit-des-morts-vivants\/\">\u0644\u064a\u0644\u0629 \u0627\u0644\u0645\u0648\u062a\u0649 \u0627\u0644\u0623\u062d\u064a\u0627\u0621<\/a><\/li>\n<li><a href=\"https:\/\/mairie-montataire.fr\/ar\/agenda\/cine-concert\/bricolo\/\">\u0628\u0631\u064a\u0643\u0648\u0644\u0648<\/a><\/li>\n<li><a href=\"https:\/\/mairie-montataire.fr\/ar\/agenda\/one-woman-show\/tania-dutel\/\">\u062a\u0627\u0646\u064a\u0627 \u062f\u0648\u062a\u064a\u0644<\/a><\/li>\n<li><a href=\"https:\/\/mairie-montataire.fr\/ar\/agenda\/concert\/concert-de-noel\/\">\u062d\u0641\u0644 \u0639\u064a\u062f \u0627\u0644\u0645\u064a\u0644\u0627\u062f<\/a><\/li>\n<li><a href=\"https:\/\/mairie-montataire.fr\/ar\/agenda\/festival-films-et-debats\/festival-alimenterre\/\">\u0645\u0647\u0631\u062c\u0627\u0646 \u0623\u0644\u064a\u0645\u064a\u0646\u062a\u064a\u0631\u064a\u0631<\/a><\/li>\n<li><a href=\"https:\/\/mairie-montataire.fr\/ar\/agenda\/concert-dessine\/mahaleb\/\">\u0645\u062d\u0644\u0628<\/a><\/li>\n<li><a href=\"https:\/\/mairie-montataire.fr\/ar\/agenda\/theatre\/les-evades\/\">\u0627\u0644\u0647\u0627\u0631\u0628\u0648\u0646<\/a><\/li>\n<li><a href=\"https:\/\/mairie-montataire.fr\/ar\/agenda\/concert\/giedre\/\">\u063a\u064a\u062f\u0631\u064a<\/a><\/li>\n<li><a href=\"https:\/\/mairie-montataire.fr\/ar\/agenda\/hypnose-mentalisme\/hallucination\/\">\u0627\u0644\u0647\u0644\u0648\u0633\u0629<\/a><\/li>\n<li><a href=\"https:\/\/mairie-montataire.fr\/ar\/agenda\/cinema\/case-depart\/\">\u0645\u0631\u0628\u0639 \u0627\u0644\u0628\u062f\u0621<\/a><\/li>\n<li><a href=\"https:\/\/mairie-montataire.fr\/ar\/agenda\/concert\/les-fills-monkey\/\">\u064a\u0645\u0644\u0623 \u0627\u0644\u0642\u0631\u062f<\/a><\/li>\n<li><a href=\"https:\/\/mairie-montataire.fr\/ar\/agenda\/arts-de-la-rue-le-palace\/symfeuny\/\">\u0633\u064a\u0645\u0641\u0648\u0646\u064a<\/a><\/li>\n<li><a href=\"https:\/\/mairie-montataire.fr\/ar\/agenda\/humour\/ouverture-de-saison-avec-le-comedy-chantilly-club\/\">\u0627\u0641\u062a\u062a\u0627\u062d\u064a\u0629 \u0627\u0644\u0645\u0648\u0633\u0645 \u0645\u0639 \u0646\u0627\u062f\u064a \u0634\u0627\u0646\u062a\u064a\u0644\u064a \u0627\u0644\u0643\u0648\u0645\u064a\u062f\u064a<\/a><\/li>\n<li><a href=\"https:\/\/mairie-montataire.fr\/ar\/agenda\/vie-associative\/brocante-maysel\/\">\u0633\u0648\u0642 \u0645\u064a\u0633\u0644 \u0644\u0644\u0633\u0644\u0639 \u0627\u0644\u0645\u0633\u062a\u0639\u0645\u0644\u0629<\/a><\/li>\n<li><a href=\"https:\/\/mairie-montataire.fr\/ar\/agenda\/vie-associative\/portes-ouvertes-emm-fitness\/\">\u0627\u0644\u0628\u064a\u062a \u0627\u0644\u0645\u0641\u062a\u0648\u062d EMM - \u0627\u0644\u0644\u064a\u0627\u0642\u0629 \u0627\u0644\u0628\u062f\u0646\u064a\u0629<\/a><\/li>\n<li><a href=\"https:\/\/mairie-montataire.fr\/ar\/agenda\/vie-associative\/portes-ouvertes-emm-des-15-mois\/\">\u0627\u0644\u0628\u064a\u062a \u0627\u0644\u0645\u0641\u062a\u0648\u062d EMM - \u0645\u0646 15 \u0634\u0647\u0631\u064b\u0627<\/a><\/li>\n<li><a href=\"https:\/\/mairie-montataire.fr\/ar\/agenda\/vie-associative\/portes-ouvertes-emm-parkour\/\">\u0627\u0644\u0628\u064a\u062a \u0627\u0644\u0645\u0641\u062a\u0648\u062d EMM - \u0628\u0627\u0631\u0643\u0648\u0631<\/a><\/li>\n<li><a href=\"https:\/\/mairie-montataire.fr\/ar\/agenda\/information\/les-geeks-du-batiment\/\">\u0645\u0647\u0648\u0648\u0633\u0648 \u0627\u0644\u0628\u0646\u0627\u0621<\/a><\/li>\n<li><a href=\"https:\/\/mairie-montataire.fr\/ar\/agenda\/evenement\/inauguration-esplanade-fernand-tuil\/\">\u0627\u0641\u062a\u062a\u0627\u062d \u0645\u062a\u0646\u0632\u0647 \u0641\u0631\u0646\u0627\u0646\u062f \u062a\u0648\u064a\u0644 \u0641\u064a \u0641\u0631\u0646\u0627\u0646\u062f \u062a\u0648\u064a\u0644<\/a><\/li>\n<li><a href=\"https:\/\/mairie-montataire.fr\/ar\/agenda\/vie-associative\/run-2k-challenge\/\">\u062a\u062d\u062f\u064a \u0627\u0644\u062c\u0631\u064a \u0644\u0645\u0633\u0627\u0641\u0629 2 \u0643\u064a\u0644\u0648\u0645\u062a\u0631<\/a><\/li>\n<li><a href=\"https:\/\/mairie-montataire.fr\/ar\/agenda\/vie-associative\/kinder-joy-moving-athletics-day\/\">\u064a\u0648\u0645 \u0631\u064a\u0627\u0636\u064a \u0645\u062a\u062d\u0631\u0651\u0643 \u0641\u0631\u062d \u0643\u064a\u0646\u062f\u0631<\/a><\/li>\n<li><a href=\"https:\/\/mairie-montataire.fr\/ar\/agenda\/vie-associative\/fete-des-associations\/\">\u0645\u0647\u0631\u062c\u0627\u0646 \u0627\u0644\u062c\u0645\u0639\u064a\u0627\u062a<\/a><\/li>\n<li><a href=\"https:\/\/mairie-montataire.fr\/ar\/agenda\/evenement\/commemoration-liberation-de-la-ville\/\">\u0625\u062d\u064a\u0627\u0621 \u0627\u0644\u0630\u0643\u0631\u0649 - \u062a\u062d\u0631\u064a\u0631 \u0627\u0644\u0628\u0644\u062f\u0629<\/a><\/li>\n<li><a href=\"https:\/\/mairie-montataire.fr\/ar\/agenda\/evenement\/fete-foraine-distribution-de-tickets\/\">\u0627\u0644\u0645\u0644\u0627\u0647\u064a - \u062a\u0648\u0632\u064a\u0639 \u0627\u0644\u062a\u0630\u0627\u0643\u0631<\/a><\/li>\n<li><a href=\"https:\/\/mairie-montataire.fr\/ar\/agenda\/evenement\/fete-foraine-tombola\/\">\u0627\u0644\u0645\u0644\u0627\u0647\u064a - \u062a\u0648\u0645\u0628\u0648\u0644\u0627<\/a><\/li>\n<li><a href=\"https:\/\/mairie-montataire.fr\/ar\/agenda\/evenement\/fete-foraine-brocante-des-fonds\/\">\u0628\u0631\u0648\u0643\u0627\u0646\u062a\u064a \u062f\u064a \u0641\u0648\u0646\u062f<\/a><\/li>\n<li><a href=\"https:\/\/mairie-montataire.fr\/ar\/agenda\/evenement\/fete-foraine-concours-de-peche\/\">\u0645\u0647\u0631\u062c\u0627\u0646 \u0627\u0644\u0645\u0631\u062d - \u0645\u0633\u0627\u0628\u0642\u0629 \u0635\u064a\u062f \u0627\u0644\u0633\u0645\u0643<\/a><\/li>\n<li><a href=\"https:\/\/mairie-montataire.fr\/ar\/agenda\/evenement\/fete-foraine-mascottes-2\/\">\u0627\u0644\u0645\u0644\u0627\u0647\u064a - \u0627\u0644\u062a\u0645\u0627\u0626\u0645<\/a><\/li>\n<li><a href=\"https:\/\/mairie-montataire.fr\/ar\/agenda\/evenement\/fete-foraine-mascottes\/\">\u0627\u0644\u0645\u0644\u0627\u0647\u064a<\/a><\/li>\n<li><a href=\"https:\/\/mairie-montataire.fr\/ar\/agenda\/vie-associative\/les-rdv-du-sport-tennis\/\">\u0627\u0644\u0623\u062d\u062f\u0627\u062b \u0627\u0644\u0631\u064a\u0627\u0636\u064a\u0629: \u0627\u0644\u062a\u0646\u0633<\/a><\/li>\n<li><a href=\"https:\/\/mairie-montataire.fr\/ar\/agenda\/vie-associative\/les-rdv-du-sport-gym-gymnastique-2\/\">\u062a\u0645 \u0627\u0644\u0625\u0644\u063a\u0627\u0621 - \u0627\u0644\u0641\u0639\u0627\u0644\u064a\u0627\u062a \u0627\u0644\u0631\u064a\u0627\u0636\u064a\u0629: \u0627\u0644\u062c\u0645\u0628\u0627\u0632 - \u062a\u0645 \u0625\u0644\u063a\u0627\u0621 \u0627\u0644\u0641\u0639\u0627\u0644\u064a\u0627\u062a \u0627\u0644\u0631\u064a\u0627\u0636\u064a\u0629: \u0627\u0644\u062c\u0645\u0628\u0627\u0632<\/a><\/li>\n<li><a href=\"https:\/\/mairie-montataire.fr\/ar\/agenda\/vie-associative\/les-rdv-du-sport-gym-gymnastique\/\">\u0627\u0644\u0623\u062d\u062f\u0627\u062b \u0627\u0644\u0631\u064a\u0627\u0636\u064a\u0629: \u0643\u0631\u0629 \u0627\u0644\u0642\u062f\u0645<\/a><\/li>\n<li><a href=\"https:\/\/mairie-montataire.fr\/ar\/agenda\/vie-associative\/les-rdv-du-sport-basket\/\">\u0627\u0644\u0623\u062d\u062f\u0627\u062b \u0627\u0644\u0631\u064a\u0627\u0636\u064a\u0629: \u0643\u0631\u0629 \u0627\u0644\u0633\u0644\u0629<\/a><\/li>\n<li><a href=\"https:\/\/mairie-montataire.fr\/ar\/agenda\/evenement\/cinema-plein-air\/\">\u0633\u064a\u0646\u0645\u0627 \u0641\u064a \u0627\u0644\u0647\u0648\u0627\u0621 \u0627\u0644\u0637\u0644\u0642<\/a><\/li>\n<li><a href=\"https:\/\/mairie-montataire.fr\/ar\/agenda\/evenement\/les-mercredis-dete\/\">Les mercredis d'\u00e9t\u00e9<\/a><\/li>\n<li><a href=\"https:\/\/mairie-montataire.fr\/ar\/agenda\/rencontres\/la-table-de-lhumanite\/\">La table de l'humanit\u00e9<\/a><\/li>\n<li><a href=\"https:\/\/mairie-montataire.fr\/ar\/agenda\/evenement\/ceremonie-fete-nationale\/\">\u0627\u0644\u0627\u062d\u062a\u0641\u0627\u0644 - \u064a\u0648\u0645 \u0627\u0644\u0628\u0627\u0633\u062a\u064a\u0644<\/a><\/li>\n<li><a href=\"https:\/\/mairie-montataire.fr\/ar\/agenda\/%theme%\/inscriptions-a-la-journee-libre-au-treport-des-retraites\/\">\u0627\u0644\u062a\u0633\u062c\u064a\u0644 \u0641\u064a \u0627\u0644\u064a\u0648\u0645 \u0627\u0644\u0645\u062c\u0627\u0646\u064a \u0641\u064a \u0644\u064a \u062a\u0631\u064a\u0628\u0648\u0631\u062a \u0644\u0644\u0645\u062a\u0642\u0627\u0639\u062f\u064a\u0646<\/a><\/li>\n<li><a href=\"https:\/\/mairie-montataire.fr\/ar\/agenda\/evenement\/feu-dartifice\/\">Feu d'artifice<\/a><\/li>\n<li><a href=\"https:\/\/mairie-montataire.fr\/ar\/agenda\/evenement\/fete-du-centre-social\/\">\u0645\u0647\u0631\u062c\u0627\u0646 \u0627\u0644\u0645\u0631\u0643\u0632 \u0627\u0644\u0627\u062c\u062a\u0645\u0627\u0639\u064a<\/a><\/li>\n<li><a href=\"https:\/\/mairie-montataire.fr\/ar\/agenda\/%theme%\/inscriptions-ateliers-des-retraites\/\">\u0627\u0644\u062a\u0633\u062c\u064a\u0644 \u0641\u064a \u0648\u0631\u0634 \u0639\u0645\u0644 \u0627\u0644\u0645\u062a\u0642\u0627\u0639\u062f\u064a\u0646<\/a><\/li>\n<li><a href=\"https:\/\/mairie-montataire.fr\/ar\/agenda\/vie-associative\/fete-du-quartier\/\">\u062d\u0641\u0644\u0629 \u0627\u0644\u062d\u064a<\/a><\/li>\n<li><a href=\"https:\/\/mairie-montataire.fr\/ar\/agenda\/vie-associative\/concours-de-peche-solidaire-journee-contre-le-cancer\/\">\u0645\u0633\u0627\u0628\u0642\u0629 \u0627\u0644\u0635\u064a\u062f \u0627\u0644\u0628\u062d\u0631\u064a \u0627\u0644\u062a\u0636\u0627\u0645\u0646\u064a\u0629 - \u064a\u0648\u0645 \u0627\u0644\u0633\u0631\u0637\u0627\u0646<\/a><\/li>\n<li><a href=\"https:\/\/mairie-montataire.fr\/ar\/agenda\/rencontres\/diagnostic-en-marchant\/\">\u062a\u0634\u062e\u064a\u0635 \u0627\u0644\u0645\u0634\u064a<\/a><\/li>\n<li><a href=\"https:\/\/mairie-montataire.fr\/ar\/agenda\/evenement\/concert-de-lete-marwa-loud\/\">Concert de l'\u00e9t\u00e9 - Marwa Loud<\/a><\/li>\n<li><a href=\"https:\/\/mairie-montataire.fr\/ar\/agenda\/rencontres\/journee-de-la-parentalite\/\">\u064a\u0648\u0645 \u0627\u0644\u0623\u0628\u0648\u0629<\/a><\/li>\n<li><a href=\"https:\/\/mairie-montataire.fr\/ar\/agenda\/vie-associative\/brocante-du-montataire-basket-ball\/\">\u0628\u0631\u0648\u0643\u0627\u0646\u062a\u064a \u062f\u0648 \u0645\u0648\u0646\u062a\u0627\u062a\u064a\u0631 \u0644\u0643\u0631\u0629 \u0627\u0644\u0633\u0644\u0629<\/a><\/li>\n<li><a href=\"https:\/\/mairie-montataire.fr\/ar\/agenda\/evenement\/semaine-du-developpement-durable\/\">\u0623\u0633\u0628\u0648\u0639 \u0627\u0644\u062a\u0646\u0645\u064a\u0629 \u0627\u0644\u0645\u0633\u062a\u062f\u0627\u0645\u0629<\/a><\/li>\n<li><a href=\"https:\/\/mairie-montataire.fr\/ar\/agenda\/evenement\/finales-des-coupes-de-loise-de-basket\/\">Finales des Coupes de l'Oise de Basket<\/a><\/li>\n<li><a href=\"https:\/\/mairie-montataire.fr\/ar\/agenda\/culture\/a-la-croisee-des-chemins\/\">\u0639\u0646\u062f \u0645\u0641\u062a\u0631\u0642 \u0627\u0644\u0637\u0631\u0642<\/a><\/li>\n<li><a href=\"https:\/\/mairie-montataire.fr\/ar\/agenda\/vie-associative\/tennis-sur-oise\/\">\u062a\u0646\u0633 \u0633\u0648\u0631 \u0623\u0648\u0632<\/a><\/li>\n<li><a href=\"https:\/\/mairie-montataire.fr\/ar\/agenda\/evenement\/fete-du-livre\/\">\u0645\u0647\u0631\u062c\u0627\u0646 \u0627\u0644\u0643\u062a\u0627\u0628<\/a><\/li>\n<li><a href=\"https:\/\/mairie-montataire.fr\/ar\/agenda\/evenement\/commemoration-creation-du-cnr\/\">\u0625\u062d\u064a\u0627\u0621 \u0627\u0644\u0630\u0643\u0631\u0649 - \u0625\u0646\u0634\u0627\u0621 \u0627\u0644\u0645\u062c\u0644\u0633 \u0627\u0644\u0648\u0637\u0646\u064a \u0644\u0644\u0645\u0648\u0627\u0631\u062f \u0627\u0644\u0637\u0628\u064a\u0639\u064a\u0629<\/a><\/li>\n<li><a href=\"https:\/\/mairie-montataire.fr\/ar\/agenda\/information\/test-de-fr-alert\/\">\u0627\u062e\u062a\u0628\u0627\u0631 \u0641\u0631-\u062a\u0646\u0628\u064a\u0647<\/a><\/li>\n<li><a href=\"https:\/\/mairie-montataire.fr\/ar\/agenda\/rencontres\/tables-de-quartier-4\/\">\u0637\u0627\u0648\u0644\u0627\u062a \u062f\u064a \u0643\u0648\u0627\u0631\u062a\u064a\u0631<\/a><\/li>\n<li><a href=\"https:\/\/mairie-montataire.fr\/ar\/agenda\/rencontres\/tables-de-quartier-3\/\">\u0637\u0627\u0648\u0644\u0627\u062a \u062f\u064a \u0643\u0648\u0627\u0631\u062a\u064a\u0631<\/a><\/li>\n<li><a href=\"https:\/\/mairie-montataire.fr\/ar\/agenda\/rencontres\/tables-de-quartier-2\/\">\u0637\u0627\u0648\u0644\u0627\u062a \u062f\u064a \u0643\u0648\u0627\u0631\u062a\u064a\u0631<\/a><\/li>\n<li><a href=\"https:\/\/mairie-montataire.fr\/ar\/agenda\/culture\/soiree-decouverte-au-chateau\/\">\u0623\u0645\u0633\u064a\u0629 \u0627\u0633\u062a\u0643\u0634\u0627\u0641\u064a\u0629 \u0641\u064a \u0627\u0644\u0642\u0635\u0631<\/a><\/li>\n<li><a href=\"https:\/\/mairie-montataire.fr\/ar\/agenda\/rencontres\/quel-territoire-a-horizon-2045\/\">\u0645\u0627 \u0646\u0648\u0639 \u0627\u0644\u0645\u0646\u0637\u0642\u0629 \u0627\u0644\u062a\u064a \u0633\u064a\u0623\u062a\u064a \u0628\u0647\u0627 \u0639\u0627\u0645 2045\u061f<\/a><\/li>\n<li><a href=\"https:\/\/mairie-montataire.fr\/ar\/agenda\/culture\/atelier-creatif\/\">\u0648\u0631\u0634\u0629 \u0639\u0645\u0644 \u0625\u0628\u062f\u0627\u0639\u064a\u0629<\/a><\/li>\n<li><a href=\"https:\/\/mairie-montataire.fr\/ar\/agenda\/culture\/jeu-de-bingo\/\">\u0644\u0639\u0628\u0629 \u0627\u0644\u0628\u0646\u063a\u0648<\/a><\/li>\n<li><a href=\"https:\/\/mairie-montataire.fr\/ar\/agenda\/culture\/cine-mioches-documentaire-special-nature\/\">\u0641\u064a\u0644\u0645 \u0648\u062b\u0627\u0626\u0642\u064a \u062e\u0627\u0635 \u0628\u0627\u0644\u0637\u0628\u064a\u0639\u0629<\/a><\/li>\n<li><a href=\"https:\/\/mairie-montataire.fr\/ar\/agenda\/culture\/monopoly-geant-special-montataire\/\">\u0645\u0648\u0646\u0648\u0628\u0648\u0644\u064a \u0645\u0648\u0646\u0648\u0628\u0648\u0644\u064a \u0633\u0628\u064a\u0634\u0627\u0644 \u0645\u0648\u0646\u062a\u0627\u062a\u064a\u0631 \u0627\u0644\u0639\u0645\u0644\u0627\u0642<\/a><\/li>\n<li><a href=\"https:\/\/mairie-montataire.fr\/ar\/agenda\/vie-associative\/tournois-de-basketball-100-feminin\/\">100% \u0628\u0637\u0648\u0644\u0627\u062a \u0643\u0631\u0629 \u0627\u0644\u0633\u0644\u0629 \u0644\u0644\u0633\u064a\u062f\u0627\u062a<\/a><\/li>\n<li><a href=\"https:\/\/mairie-montataire.fr\/ar\/agenda\/evenement\/mars-bleu\/\">\u0627\u0644\u0645\u0631\u064a\u062e \u0627\u0644\u0623\u0632\u0631\u0642<\/a><\/li>\n<li><a href=\"https:\/\/mairie-montataire.fr\/ar\/agenda\/vie-associative\/tournois-futsal-feminin\/\">\u0628\u0637\u0648\u0644\u0629 \u0643\u0631\u0629 \u0642\u062f\u0645 \u0627\u0644\u0635\u0627\u0644\u0627\u062a \u0644\u0644\u0633\u064a\u062f\u0627\u062a - \u062a\u0645 \u062a\u0623\u062c\u064a\u0644\u0647\u0627<\/a><\/li>\n<li><a href=\"https:\/\/mairie-montataire.fr\/ar\/agenda\/vie-associative\/marche-artisanal-gourmand\/\">\u0633\u0648\u0642 \u0627\u0644\u062d\u0631\u0641 \u0627\u0644\u064a\u062f\u0648\u064a\u0629 \u0648\u0627\u0644\u0630\u0648\u0627\u0642\u0629<\/a><\/li>\n<li><a href=\"https:\/\/mairie-montataire.fr\/ar\/agenda\/rencontres\/reunion-publique-riverains-de-la-rue-victor-hugo\/\">\u0627\u062c\u062a\u0645\u0627\u0639 \u0639\u0627\u0645 - \u0633\u0643\u0627\u0646 \u0634\u0627\u0631\u0639 \u0641\u064a\u0643\u062a\u0648\u0631 \u0647\u0648\u063a\u0648<\/a><\/li>\n<li><a href=\"https:\/\/mairie-montataire.fr\/ar\/agenda\/vie-associative\/6h-de-nage\/\">6\u062d \u0627\u0644\u0633\u0628\u0627\u062d\u0629<\/a><\/li>\n<li><a href=\"https:\/\/mairie-montataire.fr\/ar\/agenda\/rencontres\/job-dating-de-la-croix-rouge-francaise\/\">\u0627\u0644\u062a\u0639\u0627\u0631\u0641 \u0627\u0644\u0648\u0638\u064a\u0641\u064a \u0645\u0639 \u0627\u0644\u0635\u0644\u064a\u0628 \u0627\u0644\u0623\u062d\u0645\u0631 \u0627\u0644\u0641\u0631\u0646\u0633\u064a<\/a><\/li>\n<li><a href=\"https:\/\/mairie-montataire.fr\/ar\/agenda\/evenement\/journee-sante-des-femmes\/\">\u064a\u0648\u0645 \u0635\u062d\u0629 \u0627\u0644\u0645\u0631\u0623\u0629<\/a><\/li>\n<li><a href=\"https:\/\/mairie-montataire.fr\/ar\/agenda\/scolaire\/portes-ouvertes-du-lycee\/\">\u0627\u0644\u0628\u064a\u062a \u0627\u0644\u0645\u0641\u062a\u0648\u062d \u0641\u064a \u0627\u0644\u0645\u062f\u0631\u0633\u0629 \u0627\u0644\u062b\u0627\u0646\u0648\u064a\u0629<\/a><\/li>\n<li><a href=\"https:\/\/mairie-montataire.fr\/ar\/agenda\/rencontres\/atelier-de-concertation\/\">\u0648\u0631\u0634\u0629 \u0639\u0645\u0644 \u0627\u0633\u062a\u0634\u0627\u0631\u064a\u0629<\/a><\/li>\n<li><a href=\"https:\/\/mairie-montataire.fr\/ar\/agenda\/evenement\/atelier-participatif-la-depollution-par-les-plantes\/\">\u0648\u0631\u0634\u0629 \u0639\u0645\u0644 \u062a\u0634\u0627\u0631\u0643\u064a\u0629: \u0645\u0643\u0627\u0641\u062d\u0629 \u0627\u0644\u062a\u0644\u0648\u062b \u0628\u0627\u0633\u062a\u062e\u062f\u0627\u0645 \u0627\u0644\u0646\u0628\u0627\u062a\u0627\u062a<\/a><\/li>\n<li><a href=\"https:\/\/mairie-montataire.fr\/ar\/agenda\/evenement\/en-attendant-noel\/\">En attendant No\u00ebl...<\/a><\/li>\n<li><a href=\"https:\/\/mairie-montataire.fr\/ar\/agenda\/vie-associative\/delegation-palestinienne-a-montataire\/\">\u0627\u0644\u0648\u0641\u062f \u0627\u0644\u0641\u0644\u0633\u0637\u064a\u0646\u064a \u0641\u064a \u0645\u0648\u0646\u062a\u0627\u062a\u064a\u0631<\/a><\/li>\n<li><a href=\"https:\/\/mairie-montataire.fr\/ar\/agenda\/vie-associative\/21eme-bourse-toutes-collections\/\">\u0645\u062c\u0645\u0648\u0639\u0629 21 \u0628\u0648\u0631\u0635\u0629 \u0628\u0648\u0631\u0635\u0629 \u062a\u0648\u062a\u0633 21<\/a><\/li>\n<li><a href=\"https:\/\/mairie-montataire.fr\/ar\/agenda\/rencontres\/visite-de-quartier-curie\/\">\u0632\u064a\u0627\u0631\u0629 \u0627\u0644\u062d\u064a - \u0643\u0648\u0631\u064a<\/a><\/li>\n<li><a href=\"https:\/\/mairie-montataire.fr\/ar\/agenda\/vie-associative\/brocante-du-standard\/\">\u0633\u0648\u0642 \u0627\u0644\u0633\u0644\u0639 \u0627\u0644\u0645\u0633\u062a\u0639\u0645\u0644\u0629 \u0627\u0644\u0642\u064a\u0627\u0633\u064a\u0629<\/a><\/li>\n<li><a href=\"https:\/\/mairie-montataire.fr\/ar\/agenda\/scolaire\/pret-de-manuels-scolaires-du-secondaire\/\">\u0625\u0639\u0627\u0631\u0629 \u0627\u0644\u0643\u062a\u0628 \u0627\u0644\u0645\u062f\u0631\u0633\u064a\u0629 \u0644\u0644\u0645\u062f\u0627\u0631\u0633 \u0627\u0644\u062b\u0627\u0646\u0648\u064a\u0629<\/a><\/li>\n<li><a href=\"https:\/\/mairie-montataire.fr\/ar\/agenda\/rencontres\/tables-de-quartier\/\">\u062c\u062f\u0627\u0648\u0644 \u0627\u0644\u062c\u0648\u0627\u0631<\/a><\/li>\n<li><a href=\"https:\/\/mairie-montataire.fr\/ar\/agenda\/rencontres\/tables-de-quartier-emploi\/\">\u062c\u062f\u0627\u0648\u0644 \u0627\u0644\u062a\u0648\u0638\u064a\u0641 \u0627\u0644\u0645\u062d\u0644\u064a<\/a><\/li>\n<\/ul>\n<\/div>\n\n\n\n<div style=\"height:30px\" aria-hidden=\"true\" class=\"wp-block-spacer\"><\/div>\n<\/div>\n\n\n\n<div class=\"wp-block-group is-layout-constrained wp-block-group-is-layout-constrained\">\n<div class=\"wp-block-uagb-advanced-heading uagb-block-22e17f7a\"><h2 class=\"uagb-heading-text\">\u0627\u0644\u0645\u0642\u0627\u0644\u0627\u062a<\/h2><\/div>\n\n\n\n<div class=\"wsp-container\"><ul class=\"wsp-posts-list\">\n\t<li><strong class=\"wsp-category-title\">\u0627\u0644\u0641\u0626\u0629: <a href=\"https:\/\/mairie-montataire.fr\/ar\/actualites\/category\/a-la-une\/\">\u0627\u0644\u0639\u0646\u0627\u0648\u064a\u0646 \u0627\u0644\u0631\u0626\u064a\u0633\u064a\u0629<\/a><\/strong>\n<ul class=\"wsp-posts-list\">\t\t<li class=\"wsp-post\"><a href=\"https:\/\/mairie-montataire.fr\/ar\/actualites\/concours-jecris-a-la-craie\/\">\u0623\u0646\u0627 \u0623\u0643\u062a\u0628 \u0628\u0627\u0644\u0637\u0628\u0627\u0634\u064a\u0631...\u00ab \u0627\u0644\u0645\u0646\u0627\u0641\u0633\u0629\u00bb<\/a><\/li>\n<\/ul><\/li>\n\t<li><strong class=\"wsp-category-title\">\u0627\u0644\u0641\u0626\u0629: <a href=\"https:\/\/mairie-montataire.fr\/ar\/actualites\/category\/ehh\/\">EHHH<\/a><\/strong>\n<ul class=\"wsp-posts-list\">\t\t<li class=\"wsp-post\"><a href=\"https:\/\/mairie-montataire.fr\/ar\/actualites\/programme-de-lehh\/\">\u0628\u0631\u0627\u0645\u062c EHHH<\/a><\/li>\n<\/ul><\/li>\n\t<li><strong class=\"wsp-category-title\">\u0627\u0644\u0641\u0626\u0629: <a href=\"https:\/\/mairie-montataire.fr\/ar\/actualites\/category\/information\/\">\u0627\u0644\u0645\u0639\u0644\u0648\u0645\u0627\u062a<\/a><\/strong>\n<ul class=\"wsp-posts-list\">\t\t<li class=\"wsp-post\"><a href=\"https:\/\/mairie-montataire.fr\/ar\/actualites\/eco-paturage-de-nouvelles-habitantes-au-quartier-des-martinets\/\">\u0627\u0644\u0632\u0631\u0627\u0639\u0629 \u0627\u0644\u0628\u064a\u0626\u064a\u0629: \u0627\u0644\u0633\u0643\u0627\u0646 \u0627\u0644\u062c\u062f\u062f \u0641\u064a \u0645\u0646\u0637\u0642\u0629 \u0645\u0627\u0631\u062a\u064a\u0646\u062a\u0633<\/a><\/li>\n\t\t<li class=\"wsp-post\"><a href=\"https:\/\/mairie-montataire.fr\/ar\/actualites\/campagne-de-deratisation-sur-la-ville-de-montataire\/\">\u062d\u0645\u0644\u0629 \u0625\u0628\u0627\u062f\u0629 \u0627\u0644\u0641\u0626\u0631\u0627\u0646 \u0641\u064a \u0645\u0648\u0646\u062a\u0627\u062a\u064a\u0631<\/a><\/li>\n\t\t<li class=\"wsp-post\"><a href=\"https:\/\/mairie-montataire.fr\/ar\/actualites\/medaille-dhonneur-du-travail-conditions-et-demarches\/\">\u0645\u064a\u062f\u0627\u0644\u064a\u0629 \u0627\u0644\u0634\u0631\u0641 \u0644\u0644\u0639\u0645\u0644: \u0627\u0644\u0634\u0631\u0648\u0637 \u0648\u0627\u0644\u0625\u062c\u0631\u0627\u0621\u0627\u062a<\/a><\/li>\n\t\t<li class=\"wsp-post\"><a href=\"https:\/\/mairie-montataire.fr\/ar\/actualites\/demarchage-a-domicile-comment-reperer-les-arnaques\/\">\u0627\u0644\u0637\u0648\u0627\u0641 \u0645\u0646 \u0628\u0627\u0628 \u0625\u0644\u0649 \u0628\u0627\u0628: \u0643\u064a\u0641 \u064a\u0645\u0643\u0646\u0643 \u0627\u0643\u062a\u0634\u0627\u0641 \u0639\u0645\u0644\u064a\u0627\u062a \u0627\u0644\u0627\u062d\u062a\u064a\u0627\u0644\u061f<\/a><\/li>\n\t\t<li class=\"wsp-post\"><a href=\"https:\/\/mairie-montataire.fr\/ar\/actualites\/appel-a-candidatures-destine-aux-associations\/\">\u062f\u0639\u0648\u0629 \u0644\u062a\u0642\u062f\u064a\u0645 \u0627\u0644\u0637\u0644\u0628\u0627\u062a \u0645\u0646 \u0627\u0644\u062c\u0645\u0639\u064a\u0627\u062a<\/a><\/li>\n\t\t<li class=\"wsp-post\"><a href=\"https:\/\/mairie-montataire.fr\/ar\/actualites\/votre-avis-sur-lavenue-gabriel-peri\/\">\u0631\u0623\u064a\u0643 \u0641\u064a \u0634\u0627\u0631\u0639 \u063a\u0627\u0628\u0631\u064a\u064a\u0644 \u0628\u064a\u0631\u064a<\/a><\/li>\n\t\t<li class=\"wsp-post\"><a href=\"https:\/\/mairie-montataire.fr\/ar\/actualites\/une-nouvelle-phase-de-travaux-debute-aux-martinets\/\">\u0628\u062f\u0621 \u0645\u0631\u062d\u0644\u0629 \u062c\u062f\u064a\u062f\u0629 \u0645\u0646 \u0627\u0644\u0623\u0639\u0645\u0627\u0644 \u0641\u064a \u0644\u064a\u0647 \u0645\u0627\u0631\u062a\u064a\u0646\u064a\u0647<\/a><\/li>\n\t\t<li class=\"wsp-post\"><a href=\"https:\/\/mairie-montataire.fr\/ar\/actualites\/journees-du-reemploi-dans-les-dechetteries-du-smdo\/\">\u0623\u064a\u0627\u0645 \u0625\u0639\u0627\u062f\u0629 \u0627\u0644\u0627\u0633\u062a\u062e\u062f\u0627\u0645 \u0641\u064a \u0645\u0631\u0627\u0643\u0632 \u062a\u062c\u0645\u064a\u0639 \u0627\u0644\u0646\u0641\u0627\u064a\u0627\u062a \u0627\u0644\u062a\u0627\u0628\u0639\u0629 \u0644\u0644\u0645\u0646\u0638\u0645\u0629<\/a><\/li>\n\t\t<li class=\"wsp-post\"><a href=\"https:\/\/mairie-montataire.fr\/ar\/actualites\/fermeture-de-lannee-des-marronniers\/\">\u0625\u063a\u0644\u0627\u0642 \u0634\u0627\u0631\u0639 \u0623\u0644\u064a\u064a\u0647 \u062f\u064a \u0645\u0627\u0631\u0648\u0646\u064a\u064a\u0647<\/a><\/li>\n\t\t<li class=\"wsp-post\"><a href=\"https:\/\/mairie-montataire.fr\/ar\/actualites\/resultats-des-elections-municipales\/\">\u0646\u062a\u0627\u0626\u062c \u0627\u0644\u0627\u0646\u062a\u062e\u0627\u0628\u0627\u062a \u0627\u0644\u0628\u0644\u062f\u064a\u0629<\/a><\/li>\n\t\t<li class=\"wsp-post\"><a href=\"https:\/\/mairie-montataire.fr\/ar\/actualites\/attention-vol-par-ruse-au-prejudice-de-personnes-agees\/\">\u062a\u062d\u0630\u064a\u0631: \u0633\u0631\u0642\u0629 \u0643\u0628\u0627\u0631 \u0627\u0644\u0633\u0646 \u0639\u0646 \u0637\u0631\u064a\u0642 \u0627\u0644\u062e\u062f\u0627\u0639<\/a><\/li>\n\t\t<li class=\"wsp-post\"><a href=\"https:\/\/mairie-montataire.fr\/ar\/actualites\/pic\/\">\u0645\u0634\u0631\u0648\u0639 \u0645\u0628\u0627\u062f\u0631\u0629 \u0627\u0644\u0645\u0648\u0627\u0637\u0646\u064a\u0646 (CIP)<\/a><\/li>\n\t\t<li class=\"wsp-post\"><a href=\"https:\/\/mairie-montataire.fr\/ar\/actualites\/mairie-info\/\">\u0645\u0639\u0644\u0648\u0645\u0627\u062a \u0627\u0644\u0628\u0644\u062f\u064a\u0629<\/a><\/li>\n<\/ul><\/li>\n\t<li><strong class=\"wsp-category-title\">\u0627\u0644\u0641\u0626\u0629: <a href=\"https:\/\/mairie-montataire.fr\/ar\/actualites\/category\/retour-sur\/\">\u0627\u0644\u0639\u0648\u062f\u0629 \u0625\u0644\u0649<\/a><\/strong>\n<ul class=\"wsp-posts-list\">\t\t<li class=\"wsp-post\"><a href=\"https:\/\/mairie-montataire.fr\/ar\/actualites\/retour-sur-le-repas-des-aines\/\">\u0646\u0638\u0631\u0629 \u0639\u0644\u0649 \u0648\u062c\u0628\u0629 \u0643\u0628\u0627\u0631 \u0627\u0644\u0633\u0646<\/a><\/li>\n<\/ul><\/li>\n<\/ul>\n<\/div>\n\n\n\n<div style=\"height:30px\" aria-hidden=\"true\" class=\"wp-block-spacer\"><\/div>\n<\/div>\n\n\n\n<div class=\"wp-block-group is-layout-constrained wp-block-group-is-layout-constrained\">\n<div class=\"wp-block-uagb-advanced-heading uagb-block-917545c8\"><h2 class=\"uagb-heading-text\">\u0627\u0644\u0645\u0646\u0634\u0648\u0631\u0627\u062a<\/h2><\/div>\n\n\n\n<div class=\"wsp-container\"><ul class=\"wsp-publications-list\">\n<li><a href=\"https:\/\/mairie-montataire.fr\/ar\/actualites\/publications\/l-entre-deux\/lentre-deux-n220-bis-avril-2026\/\">L'Entre-Deux n\u00b0220 bis Avril 2026<\/a><\/li>\n<li><a href=\"https:\/\/mairie-montataire.fr\/ar\/actualites\/publications\/vivre\/vivre-2\/\">\u0627\u0644\u0645\u0639\u064a\u0634\u0629<\/a><\/li>\n<li><a href=\"https:\/\/mairie-montataire.fr\/ar\/actualites\/publications\/l-entre-deux\/lentre-deux-n219-bis-fevrier-2026\/\">L'Entre-Deux n\u00b0219 bis F\u00e9vrier 2026<\/a><\/li>\n<li><a href=\"https:\/\/mairie-montataire.fr\/ar\/actualites\/publications\/vivre\/vivre-n219-janvier-fevrier-2026\/\">\u0641\u064a\u0641\u0631 \u0639\u062f\u062f 219 - \u064a\u0646\u0627\u064a\u0631 2026 \u0641\u0628\u0631\u0627\u064a\u0631 2026<\/a><\/li>\n<li><a href=\"https:\/\/mairie-montataire.fr\/ar\/actualites\/publications\/l-entre-deux\/lentre-deux-n218-bis-decembre-2025\/\">L'Entre-Deux ! n\u00b0218 bis D\u00e9cembre 2025<\/a><\/li>\n<li><a href=\"https:\/\/mairie-montataire.fr\/ar\/actualites\/publications\/vivre\/vivre-n218-novembre-decembre-2025\/\">\u0641\u064a\u0641\u0631 \u0639\u062f\u062f 218 \u0646\u0648\u0641\u0645\u0628\u0631 2025 \u0646\u0648\u0641\u0645\u0628\u0631 2025 \u062f\u064a\u0633\u0645\u0628\u0631 218<\/a><\/li>\n<li><a href=\"https:\/\/mairie-montataire.fr\/ar\/actualites\/publications\/l-entre-deux\/lentre-deux-n217-bis-octobre-2025\/\">L'Entre-Deux n\u00b0217 bis Octobre 2025<\/a><\/li>\n<li><a href=\"https:\/\/mairie-montataire.fr\/ar\/actualites\/publications\/vivre\/vivre-n217-septembre-octobre-2025\/\">\u0641\u064a\u0641\u0631 \u0639\u062f\u062f 217 - \u0633\u0628\u062a\u0645\u0628\u0631 \u0623\u0643\u062a\u0648\u0628\u0631 2025 - \u0633\u0628\u062a\u0645\u0628\u0631 \u0623\u0643\u062a\u0648\u0628\u0631 2025<\/a><\/li>\n<li><a href=\"https:\/\/mairie-montataire.fr\/ar\/actualites\/publications\/vivre\/vivre-n216-juillet-aout-2025\/\">\u0641\u064a\u0641\u0631 \u0639\u062f\u062f 216 - \u064a\u0648\u0644\u064a\u0648 \u0623\u063a\u0633\u0637\u0633 2025 - \u064a\u0648\u0644\u064a\u0648 2025<\/a><\/li>\n<li><a href=\"https:\/\/mairie-montataire.fr\/ar\/actualites\/publications\/programme\/programme-quartiers-dete-2025-montataire\/\">Programme Quartiers d'\u00e9t\u00e9 2025 Montataire<\/a><\/li>\n<li><a href=\"https:\/\/mairie-montataire.fr\/ar\/actualites\/publications\/l-entre-deux\/lentre-deux-n215-bis-juin-2025\/\">L'Entre-Deux n\u00b0215 bis - Juin 2025<\/a><\/li>\n<li><a href=\"https:\/\/mairie-montataire.fr\/ar\/actualites\/publications\/vivre\/vivre-n215-mai-juin-2025\/\">\u0641\u064a\u0641\u0631 \u0639\u062f\u062f 215 - \u0645\u0627\u064a\u0648 \u064a\u0648\u0646\u064a\u0648 2025 - \u0645\u0627\u064a\u0648 2025<\/a><\/li>\n<li><a href=\"https:\/\/mairie-montataire.fr\/ar\/actualites\/publications\/l-entre-deux\/lentre-deux-n214-bis-avril-2025\/\">L'Entre-Deux n\u00b0214 bis - Avril 2025<\/a><\/li>\n<li><a href=\"https:\/\/mairie-montataire.fr\/ar\/actualites\/publications\/vivre\/vivre-n214-mars-avril-2025\/\">\u0641\u064a\u0641\u0631 \u0639\u062f\u062f 214 - \u0645\u0627\u0631\u0633 \u0623\u0628\u0631\u064a\u0644 2025 - \u0645\u0627\u0631\u0633 2025<\/a><\/li>\n<li><a href=\"https:\/\/mairie-montataire.fr\/ar\/actualites\/publications\/l-entre-deux\/lentre-deux-n-213-bis-fevrier-2025\/\">L'Entre-Deux \u0631\u0642\u0645 213 \u0645\u0643\u0631\u0631 \u0641\u0628\u0631\u0627\u064a\u0631 2025<\/a><\/li>\n<li><a href=\"https:\/\/mairie-montataire.fr\/ar\/actualites\/publications\/vivre\/vivre-n213-janvier-fevrier-2025\/\">\u0641\u064a\u0641\u0631 ! \u0639\u062f\u062f 213 - \u064a\u0646\u0627\u064a\u0631 \u0641\u0628\u0631\u0627\u064a\u0631 2025 - \u0641\u0628\u0631\u0627\u064a\u0631 2025<\/a><\/li>\n<li><a href=\"https:\/\/mairie-montataire.fr\/ar\/actualites\/publications\/l-entre-deux\/lentre-deux-n-212-bis-decembre-2024\/\">L'Entre-Deux n\u00b0 212 bis D\u00e9cembre 2024<\/a><\/li>\n<li><a href=\"https:\/\/mairie-montataire.fr\/ar\/actualites\/publications\/vivre\/vivre\/\">\u0641\u064a\u0641\u0631 ! \u0631\u0642\u0645 212 - \u0646\u0648\u0641\u0645\u0628\u0631 \u062f\u064a\u0633\u0645\u0628\u0631 2024 - \u0646\u0648\u0641\u0645\u0628\u0631 2024<\/a><\/li>\n<li><a href=\"https:\/\/mairie-montataire.fr\/ar\/actualites\/publications\/l-entre-deux\/lentre-deux-n-211-bis-octobre-2024\/\">L'Entre-Deux n\u00b0 211 bis Octobre 2024<\/a><\/li>\n<li><a href=\"https:\/\/mairie-montataire.fr\/ar\/actualites\/publications\/programme\/saison-culturelle-24-25-du-palace\/\">24-25 \u0627\u0644\u0645\u0648\u0633\u0645 \u0627\u0644\u062b\u0642\u0627\u0641\u064a \u0641\u064a \u0627\u0644\u0642\u0635\u0631<\/a><\/li>\n<li><a href=\"https:\/\/mairie-montataire.fr\/ar\/actualites\/publications\/vivre\/vivre-n207-janvier-fevrier-2024\/\">\u0641\u064a\u0641\u0631 \u0631\u0642\u0645 207 - \u064a\u0646\u0627\u064a\u0631 2024 \u0641\u0628\u0631\u0627\u064a\u0631 2024<\/a><\/li>\n<li><a href=\"https:\/\/mairie-montataire.fr\/ar\/actualites\/publications\/vivre\/vivre-n208-mars-avril-2024\/\">\u0641\u064a\u0641\u0631 \u0631\u0642\u0645 208 - \u0645\u0627\u0631\u0633 \u0623\u0628\u0631\u064a\u0644 2024 - \u0645\u0627\u0631\u0633 2024<\/a><\/li>\n<li><a href=\"https:\/\/mairie-montataire.fr\/ar\/actualites\/publications\/vivre\/vivre-n209-mai-juin-2024\/\">\u0641\u064a\u0641\u0631 \u0631\u0642\u0645 209 - \u0645\u0627\u064a\u0648 \u064a\u0648\u0646\u064a\u0648 2024 - \u0645\u0627\u064a\u0648 2024<\/a><\/li>\n<li><a href=\"https:\/\/mairie-montataire.fr\/ar\/actualites\/publications\/vivre\/vivre-n210-juillet-aout-2024\/\">\u0641\u064a\u0641\u0631 \u0639\u062f\u062f210 - \u064a\u0648\u0644\u064a\u0648 - \u0623\u063a\u0633\u0637\u0633 2024<\/a><\/li>\n<li><a href=\"https:\/\/mairie-montataire.fr\/ar\/actualites\/publications\/l-entre-deux\/lentre-deux-n-209-bis-juin-2024\/\">L'Entre-Deux n\u00b0 209 bis Juin 2024<\/a><\/li>\n<li><a href=\"https:\/\/mairie-montataire.fr\/ar\/actualites\/publications\/l-entre-deux\/lentre-deux-n-208-bis-avril-2024\/\">L'Entre-Deux n\u00b0 208 bis Avril 2024<\/a><\/li>\n<li><a href=\"https:\/\/mairie-montataire.fr\/ar\/actualites\/publications\/l-entre-deux\/lentre-deux-n-207-bis-fevrier-2024\/\">L'Entre-Deux n\u00b0 207 bis F\u00e9vrier 2024<\/a><\/li>\n<\/ul>\n<\/div>\n\n\n\n<div style=\"height:30px\" aria-hidden=\"true\" class=\"wp-block-spacer\"><\/div>\n<\/div>","protected":false},"excerpt":{"rendered":"<p>Annuaire D\u00e9marches en ligne Pages Agenda Articles Publications<\/p>","protected":false},"author":1,"featured_media":0,"parent":0,"menu_order":0,"comment_status":"closed","ping_status":"closed","template":"","meta":{"_acf_changed":false,"_uag_custom_page_level_css":"","footnotes":""},"class_list":["post-7889","page","type-page","status-publish","hentry"],"acf":[],"uagb_featured_image_src":{"full":false,"thumbnail":false,"medium":false,"medium_large":false,"large":false,"1536x1536":false,"2048x2048":false,"trp-custom-language-flag":false,"gform-image-choice-sm":false,"gform-image-choice-md":false,"gform-image-choice-lg":false},"uagb_author_info":{"display_name":"mentalworks","author_link":"https:\/\/mairie-montataire.fr\/ar\/actualites\/author\/mentalworks\/"},"uagb_comment_info":0,"uagb_excerpt":"Annuaire D\u00e9marches en ligne Pages Agenda Articles Publications","_links":{"self":[{"href":"https:\/\/mairie-montataire.fr\/ar\/wp-json\/wp\/v2\/pages\/7889","targetHints":{"allow":["GET"]}}],"collection":[{"href":"https:\/\/mairie-montataire.fr\/ar\/wp-json\/wp\/v2\/pages"}],"about":[{"href":"https:\/\/mairie-montataire.fr\/ar\/wp-json\/wp\/v2\/types\/page"}],"author":[{"embeddable":true,"href":"https:\/\/mairie-montataire.fr\/ar\/wp-json\/wp\/v2\/users\/1"}],"replies":[{"embeddable":true,"href":"https:\/\/mairie-montataire.fr\/ar\/wp-json\/wp\/v2\/comments?post=7889"}],"version-history":[{"count":21,"href":"https:\/\/mairie-montataire.fr\/ar\/wp-json\/wp\/v2\/pages\/7889\/revisions"}],"predecessor-version":[{"id":7924,"href":"https:\/\/mairie-montataire.fr\/ar\/wp-json\/wp\/v2\/pages\/7889\/revisions\/7924"}],"wp:attachment":[{"href":"https:\/\/mairie-montataire.fr\/ar\/wp-json\/wp\/v2\/media?parent=7889"}],"curies":[{"name":"\u062f\u0628\u0644\u064a\u0648 \u0628\u064a","href":"https:\/\/api.w.org\/{rel}","templated":true}]}}