{"id":72,"date":"2024-05-03T09:16:24","date_gmt":"2024-05-03T09:16:24","guid":{"rendered":"https:\/\/montataire.local\/?page_id=72"},"modified":"2024-09-03T10:08:51","modified_gmt":"2024-09-03T10:08:51","slug":"%d8%a7%d9%84%d9%82%d9%8a%d9%85","status":"publish","type":"page","link":"https:\/\/mairie-montataire.fr\/ar\/s-informer\/les-valeurs\/","title":{"rendered":"\u0627\u0644\u0642\u064a\u0645"},"content":{"rendered":"<p><strong>\u062a\u062a\u0645\u064a\u0632 \u0645\u0648\u0646\u062a\u0627\u062a\u064a\u0631 \u0628\u0627\u0644\u062a\u0632\u0627\u0645\u0647\u0627 \u0628\u0627\u0644\u0642\u064a\u0645 \u0627\u0644\u0623\u0633\u0627\u0633\u064a\u0629 \u0645\u062b\u0644 \u0627\u0644\u062a\u0636\u0627\u0645\u0646 \u0648\u0645\u0643\u0627\u0641\u062d\u0629 \u0627\u0644\u062a\u0645\u064a\u064a\u0632 \u0648\u0645\u0643\u0627\u0641\u062d\u0629 \u0627\u0644\u0639\u0646\u0641 \u0636\u062f \u0627\u0644\u0645\u0631\u0623\u0629. \u0648\u062a\u0634\u0643\u0651\u0644 \u0647\u0630\u0647 \u0627\u0644\u0642\u064a\u0645\u060c \u0645\u0646 \u0628\u064a\u0646 \u0642\u064a\u0645 \u0623\u062e\u0631\u0649\u060c \u0647\u0648\u064a\u0629 \u0627\u0644\u0645\u062f\u064a\u0646\u0629 \u0648\u062a\u062a\u062c\u0644\u0649 \u0645\u0646 \u062e\u0644\u0627\u0644 \u0645\u0628\u0627\u062f\u0631\u0627\u062a \u0645\u062e\u062a\u0644\u0641\u0629 \u0648\u0625\u062c\u0631\u0627\u0621\u0627\u062a \u0645\u0644\u0645\u0648\u0633\u0629 \u062a\u0648\u0636\u062d \u062a\u0641\u0627\u0646\u064a\u0647\u0627 \u0641\u064a \u062a\u062d\u0642\u064a\u0642 \u0627\u0644\u0639\u062f\u0627\u0644\u0629 \u0627\u0644\u0627\u062c\u062a\u0645\u0627\u0639\u064a\u0629. \u0641\u0639\u0644\u0649 \u0633\u0628\u064a\u0644 \u0627\u0644\u0645\u062b\u0627\u0644\u060c \u062a\u064f\u0638\u0647\u0631 \u0627\u0644\u062a\u0648\u0623\u0645\u0629 \u0627\u0644\u062f\u0648\u0644\u064a\u0629 \u0631\u063a\u0628\u0629 \u0645\u0648\u0646\u062a\u0627\u062a\u064a\u0631 \u0641\u064a \u062a\u0639\u0632\u064a\u0632 \u0627\u0644\u0648\u062d\u062f\u0629 \u0648\u0627\u0644\u062a\u0641\u0627\u0647\u0645 \u0628\u064a\u0646 \u0627\u0644\u0634\u0639\u0648\u0628.<\/strong><\/p>\n\n\n\n<div class=\"wp-block-uagb-container uagb-block-5c382d3b alignfull uagb-is-root-container\"><div class=\"uagb-container-inner-blocks-wrap\"><div class=\"hub\">\n            <ul class=\"hub__list\" style=\"--nb-items: 4; --width-desktop: 3; --width-tablet: 2; --width-mobile: 1;\">\n                            <li class=\"hub__item\">\n                                            \n<div class=\"mw-card mw-card--3\">\n    <a class=\"mw-card__link\" href=\"https:\/\/mairie-montataire.fr\/ar\/s-informer\/les-valeurs\/jumelages-solidarite-internationale\/\" aria-label=\"\">\n        <div class=\"mw-card__top\">\n                                                                <figure class=\"mw-card__thumbnail-container\">\n                <img loading=\"lazy\" decoding=\"async\" class=\"mw-card__thumbnail\" src=\"https:\/\/mairie-montataire.fr\/app\/uploads\/2024\/07\/3.2.4_jumelages-1024x689.jpg\" srcset=\"https:\/\/mairie-montataire.fr\/app\/uploads\/2024\/07\/3.2.4_jumelages-1024x689.jpg 1024w, https:\/\/mairie-montataire.fr\/app\/uploads\/2024\/07\/3.2.4_jumelages-300x202.jpg 300w, https:\/\/mairie-montataire.fr\/app\/uploads\/2024\/07\/3.2.4_jumelages-768x516.jpg 768w, https:\/\/mairie-montataire.fr\/app\/uploads\/2024\/07\/3.2.4_jumelages-1536x1033.jpg 1536w, https:\/\/mairie-montataire.fr\/app\/uploads\/2024\/07\/3.2.4_jumelages-2048x1377.jpg 2048w\"\n                     sizes=\"auto, (max-width: 1024px) 100vw, 1024px\" alt=\"\u0627\u0644\u062a\u0648\u0623\u0645\u0629\" width=\"2560\"\n                     height=\"1721\"\/>\n            <\/figure>\n        <\/div>\n        <div class=\"mw-card__bottom\">\n            <div class=\"mw-card__content\">\n                                <h3 class=\"mw-card__title\">\u0627\u0644\u062a\u0648\u0623\u0645\u0629 \u0648\u0627\u0644\u062a\u0636\u0627\u0645\u0646 \u0627\u0644\u062f\u0648\u0644\u064a<\/h3>\n                            <\/div>\n            <p class=\"mw-card__text-link\">\n                                    <span>\u0627\u0643\u062a\u0634\u0641 \u0627\u0644\u0645\u0632\u064a\u062f<\/span>\n                                <svg width=\"20\" height=\"20\" viewbox=\"0 0 24 24\" fill=\"none\" xmlns=\"http:\/\/www.w3.org\/2000\/svg\">\n<path d=\"M12 5V19M5 12H19\" stroke=\"black\" stroke-width=\"2\" stroke-linecap=\"round\" stroke-linejoin=\"round\"\/>\n<\/svg>\n            <\/p>\n        <\/div>\n    <\/a>\n<\/div>                                    <\/li>\n                            <li class=\"hub__item\">\n                                            \n<div class=\"mw-card mw-card--3\">\n    <a class=\"mw-card__link\" href=\"https:\/\/mairie-montataire.fr\/ar\/s-informer\/les-valeurs\/lutte-contre-les-discriminations\/\" aria-label=\"\">\n        <div class=\"mw-card__top\">\n                                                                <figure class=\"mw-card__thumbnail-container\">\n                <img loading=\"lazy\" decoding=\"async\" class=\"mw-card__thumbnail\" src=\"https:\/\/mairie-montataire.fr\/app\/uploads\/2024\/09\/3.2.2_LutteDiscrimination.jpg\" srcset=\"https:\/\/mairie-montataire.fr\/app\/uploads\/2024\/09\/3.2.2_LutteDiscrimination.jpg 500w, https:\/\/mairie-montataire.fr\/app\/uploads\/2024\/09\/3.2.2_LutteDiscrimination-300x210.jpg 300w, https:\/\/mairie-montataire.fr\/app\/uploads\/2024\/09\/3.2.2_LutteDiscrimination-18x12.jpg 18w\"\n                     sizes=\"auto, (max-width: 500px) 100vw, 500px\" alt=\"\" width=\"500\"\n                     height=\"350\"\/>\n            <\/figure>\n        <\/div>\n        <div class=\"mw-card__bottom\">\n            <div class=\"mw-card__content\">\n                                <h3 class=\"mw-card__title\">\u0645\u0643\u0627\u0641\u062d\u0629 \u0627\u0644\u062a\u0645\u064a\u064a\u0632<\/h3>\n                            <\/div>\n            <p class=\"mw-card__text-link\">\n                                    <span>\u0627\u0643\u062a\u0634\u0641 \u0627\u0644\u0645\u0632\u064a\u062f<\/span>\n                                <svg width=\"20\" height=\"20\" viewbox=\"0 0 24 24\" fill=\"none\" xmlns=\"http:\/\/www.w3.org\/2000\/svg\">\n<path d=\"M12 5V19M5 12H19\" stroke=\"black\" stroke-width=\"2\" stroke-linecap=\"round\" stroke-linejoin=\"round\"\/>\n<\/svg>\n            <\/p>\n        <\/div>\n    <\/a>\n<\/div>                                    <\/li>\n                            <li class=\"hub__item\">\n                                            \n<div class=\"mw-card mw-card--3\">\n    <a class=\"mw-card__link\" href=\"https:\/\/mairie-montataire.fr\/ar\/s-informer\/les-valeurs\/lutte-contre-les-discriminations-et-les-violences-faite-aux-femmes\/\" aria-label=\"\">\n        <div class=\"mw-card__top\">\n                                                                <figure class=\"mw-card__thumbnail-container\">\n                <img loading=\"lazy\" decoding=\"async\" class=\"mw-card__thumbnail\" src=\"https:\/\/mairie-montataire.fr\/app\/uploads\/2024\/08\/3.2.3_LutteViolenceFemmes.jpg\" srcset=\"https:\/\/mairie-montataire.fr\/app\/uploads\/2024\/08\/3.2.3_LutteViolenceFemmes.jpg 500w, https:\/\/mairie-montataire.fr\/app\/uploads\/2024\/08\/3.2.3_LutteViolenceFemmes-300x210.jpg 300w, https:\/\/mairie-montataire.fr\/app\/uploads\/2024\/08\/3.2.3_LutteViolenceFemmes-18x12.jpg 18w\"\n                     sizes=\"auto, (max-width: 500px) 100vw, 500px\" alt=\"\" width=\"500\"\n                     height=\"350\"\/>\n            <\/figure>\n        <\/div>\n        <div class=\"mw-card__bottom\">\n            <div class=\"mw-card__content\">\n                                <h3 class=\"mw-card__title\">\u062d\u0642\u0648\u0642 \u0627\u0644\u0645\u0631\u0623\u0629<\/h3>\n                            <\/div>\n            <p class=\"mw-card__text-link\">\n                                    <span>\u0627\u0643\u062a\u0634\u0641 \u0627\u0644\u0645\u0632\u064a\u062f<\/span>\n                                <svg width=\"20\" height=\"20\" viewbox=\"0 0 24 24\" fill=\"none\" xmlns=\"http:\/\/www.w3.org\/2000\/svg\">\n<path d=\"M12 5V19M5 12H19\" stroke=\"black\" stroke-width=\"2\" stroke-linecap=\"round\" stroke-linejoin=\"round\"\/>\n<\/svg>\n            <\/p>\n        <\/div>\n    <\/a>\n<\/div>                                    <\/li>\n                            <li class=\"hub__item\">\n                                            \n<div class=\"mw-card mw-card--3\">\n    <a class=\"mw-card__link\" href=\"https:\/\/mairie-montataire.fr\/ar\/s-informer\/les-valeurs\/democratie-participative\/\" aria-label=\"\">\n        <div class=\"mw-card__top\">\n                                                                <figure class=\"mw-card__thumbnail-container\">\n                <img loading=\"lazy\" decoding=\"async\" class=\"mw-card__thumbnail\" src=\"https:\/\/mairie-montataire.fr\/app\/uploads\/2024\/07\/3.2.3_democratie_participative.jpg\" srcset=\"https:\/\/mairie-montataire.fr\/app\/uploads\/2024\/07\/3.2.3_democratie_participative.jpg 500w, https:\/\/mairie-montataire.fr\/app\/uploads\/2024\/07\/3.2.3_democratie_participative-300x200.jpg 300w\"\n                     sizes=\"auto, (max-width: 500px) 100vw, 500px\" alt=\"\u0627\u0644\u062f\u064a\u0645\u0642\u0631\u0627\u0637\u064a\u0629 \u0627\u0644\u062a\u0634\u0627\u0631\u0643\u064a\u0629\" width=\"500\"\n                     height=\"333\"\/>\n            <\/figure>\n        <\/div>\n        <div class=\"mw-card__bottom\">\n            <div class=\"mw-card__content\">\n                                <h3 class=\"mw-card__title\">\u0627\u0644\u062f\u064a\u0645\u0642\u0631\u0627\u0637\u064a\u0629 \u0627\u0644\u062a\u0634\u0627\u0631\u0643\u064a\u0629<\/h3>\n                            <\/div>\n            <p class=\"mw-card__text-link\">\n                                    <span>\u0627\u0643\u062a\u0634\u0641 \u0627\u0644\u0645\u0632\u064a\u062f<\/span>\n                                <svg width=\"20\" height=\"20\" viewbox=\"0 0 24 24\" fill=\"none\" xmlns=\"http:\/\/www.w3.org\/2000\/svg\">\n<path d=\"M12 5V19M5 12H19\" stroke=\"black\" stroke-width=\"2\" stroke-linecap=\"round\" stroke-linejoin=\"round\"\/>\n<\/svg>\n            <\/p>\n        <\/div>\n    <\/a>\n<\/div>                                    <\/li>\n                    <\/ul>\n    <\/div><\/div><\/div>","protected":false},"excerpt":{"rendered":"<p>Montataire se distingue par son engagement envers des valeurs essentielles telles que la solidarit\u00e9, la lutte contre les discriminations, et le combat contre les violences faites aux femmes. Ces valeurs, parmi d&rsquo;autres, fa\u00e7onnent l&rsquo;identit\u00e9 de la ville et se manifestent \u00e0 travers diverses initiatives et actions concr\u00e8tes illustrant son d\u00e9vouement \u00e0 la justice sociale. Les [&hellip;]<\/p>\n","protected":false},"author":1,"featured_media":4112,"parent":36,"menu_order":57,"comment_status":"closed","ping_status":"closed","template":"","meta":{"_acf_changed":false,"_uag_custom_page_level_css":"","footnotes":""},"class_list":["post-72","page","type-page","status-publish","has-post-thumbnail","hentry"],"acf":[],"uagb_featured_image_src":{"full":["https:\/\/mairie-montataire.fr\/app\/uploads\/2024\/08\/1.6_Cadre-de-vie.jpg",500,350,false],"thumbnail":["https:\/\/mairie-montataire.fr\/app\/uploads\/2024\/08\/1.6_Cadre-de-vie-150x150.jpg",150,150,true],"medium":["https:\/\/mairie-montataire.fr\/app\/uploads\/2024\/08\/1.6_Cadre-de-vie-300x210.jpg",300,210,true],"medium_large":["https:\/\/mairie-montataire.fr\/app\/uploads\/2024\/08\/1.6_Cadre-de-vie.jpg",500,350,false],"large":["https:\/\/mairie-montataire.fr\/app\/uploads\/2024\/08\/1.6_Cadre-de-vie.jpg",500,350,false],"1536x1536":["https:\/\/mairie-montataire.fr\/app\/uploads\/2024\/08\/1.6_Cadre-de-vie.jpg",500,350,false],"2048x2048":["https:\/\/mairie-montataire.fr\/app\/uploads\/2024\/08\/1.6_Cadre-de-vie.jpg",500,350,false],"trp-custom-language-flag":["https:\/\/mairie-montataire.fr\/app\/uploads\/2024\/08\/1.6_Cadre-de-vie-18x12.jpg",18,12,true],"gform-image-choice-sm":["https:\/\/mairie-montataire.fr\/app\/uploads\/2024\/08\/1.6_Cadre-de-vie.jpg",300,210,false],"gform-image-choice-md":["https:\/\/mairie-montataire.fr\/app\/uploads\/2024\/08\/1.6_Cadre-de-vie.jpg",400,280,false],"gform-image-choice-lg":["https:\/\/mairie-montataire.fr\/app\/uploads\/2024\/08\/1.6_Cadre-de-vie.jpg",500,350,false]},"uagb_author_info":{"display_name":"mentalworks","author_link":"https:\/\/mairie-montataire.fr\/ar\/actualites\/author\/mentalworks\/"},"uagb_comment_info":0,"uagb_excerpt":"Montataire se distingue par son engagement envers des valeurs essentielles telles que la solidarit\u00e9, la lutte contre les discriminations, et le combat contre les violences faites aux femmes. Ces valeurs, parmi d&rsquo;autres, fa\u00e7onnent l&rsquo;identit\u00e9 de la ville et se manifestent \u00e0 travers diverses initiatives et actions concr\u00e8tes illustrant son d\u00e9vouement \u00e0 la justice sociale. Les&hellip;","_links":{"self":[{"href":"https:\/\/mairie-montataire.fr\/ar\/wp-json\/wp\/v2\/pages\/72","targetHints":{"allow":["GET"]}}],"collection":[{"href":"https:\/\/mairie-montataire.fr\/ar\/wp-json\/wp\/v2\/pages"}],"about":[{"href":"https:\/\/mairie-montataire.fr\/ar\/wp-json\/wp\/v2\/types\/page"}],"author":[{"embeddable":true,"href":"https:\/\/mairie-montataire.fr\/ar\/wp-json\/wp\/v2\/users\/1"}],"replies":[{"embeddable":true,"href":"https:\/\/mairie-montataire.fr\/ar\/wp-json\/wp\/v2\/comments?post=72"}],"version-history":[{"count":5,"href":"https:\/\/mairie-montataire.fr\/ar\/wp-json\/wp\/v2\/pages\/72\/revisions"}],"predecessor-version":[{"id":2649,"href":"https:\/\/mairie-montataire.fr\/ar\/wp-json\/wp\/v2\/pages\/72\/revisions\/2649"}],"up":[{"embeddable":true,"href":"https:\/\/mairie-montataire.fr\/ar\/wp-json\/wp\/v2\/pages\/36"}],"wp:featuredmedia":[{"embeddable":true,"href":"https:\/\/mairie-montataire.fr\/ar\/wp-json\/wp\/v2\/media\/4112"}],"wp:attachment":[{"href":"https:\/\/mairie-montataire.fr\/ar\/wp-json\/wp\/v2\/media?parent=72"}],"curies":[{"name":"\u062f\u0628\u0644\u064a\u0648 \u0628\u064a","href":"https:\/\/api.w.org\/{rel}","templated":true}]}}