{"id":60,"date":"2024-05-03T09:13:51","date_gmt":"2024-05-03T09:13:51","guid":{"rendered":"https:\/\/montataire.local\/?page_id=60"},"modified":"2025-11-14T16:24:43","modified_gmt":"2025-11-14T16:24:43","slug":"%d8%a7%d9%84%d8%b9%d8%b1%d8%b6-%d8%a7%d9%84%d8%aa%d9%82%d8%af%d9%8a%d9%85%d9%8a","status":"publish","type":"page","link":"https:\/\/mairie-montataire.fr\/ar\/s-epanouir\/le-palace\/presentation\/","title":{"rendered":"\u0639\u0631\u0636 \u0627\u0644\u0642\u0635\u0631"},"content":{"rendered":"<p><strong>\u0643\u0645\u0627 \u062a\u0644\u062a\u0632\u0645 \u0627\u0644\u0628\u0644\u062f\u064a\u0629 \u0628\u062f\u0639\u0645 \u0627\u0644\u0639\u0645\u0644 \u0627\u0644\u0625\u0628\u062f\u0627\u0639\u064a \u0645\u0646 \u062e\u0644\u0627\u0644 \u0627\u0644\u0625\u0646\u062a\u0627\u062c \u0627\u0644\u0645\u0634\u062a\u0631\u0643 \u0648\u0627\u0633\u062a\u0636\u0627\u0641\u0629 \u0627\u0644\u0634\u0631\u0643\u0627\u062a \u0627\u0644\u0645\u0642\u064a\u0645\u0629.<\/strong><\/p>\n\n\n\n<figure class=\"wp-block-image alignwide size-large\"><img loading=\"lazy\" decoding=\"async\" width=\"1024\" height=\"683\" src=\"https:\/\/mairie-montataire.fr\/app\/uploads\/2024\/08\/2024-08-21-Facade-parking-Palace-5-1024x683.jpg\" alt=\"\" class=\"wp-image-3889\" srcset=\"https:\/\/mairie-montataire.fr\/app\/uploads\/2024\/08\/2024-08-21-Facade-parking-Palace-5-1024x683.jpg 1024w, https:\/\/mairie-montataire.fr\/app\/uploads\/2024\/08\/2024-08-21-Facade-parking-Palace-5-300x200.jpg 300w, https:\/\/mairie-montataire.fr\/app\/uploads\/2024\/08\/2024-08-21-Facade-parking-Palace-5-768x512.jpg 768w, https:\/\/mairie-montataire.fr\/app\/uploads\/2024\/08\/2024-08-21-Facade-parking-Palace-5-1536x1024.jpg 1536w, https:\/\/mairie-montataire.fr\/app\/uploads\/2024\/08\/2024-08-21-Facade-parking-Palace-5-2048x1365.jpg 2048w, https:\/\/mairie-montataire.fr\/app\/uploads\/2024\/08\/2024-08-21-Facade-parking-Palace-5-18x12.jpg 18w\" sizes=\"auto, (max-width: 1024px) 100vw, 1024px\" \/><\/figure>\n\n\n\n<h2 class=\"wp-block-heading\">\u0642\u0627\u0639\u0629 \u0627\u062d\u062a\u0641\u0627\u0644\u0627\u062a<\/h2>\n\n\n\n<div class=\"wp-block-columns is-layout-flex wp-container-core-columns-is-layout-9d6595d7 wp-block-columns-is-layout-flex\">\n<div class=\"wp-block-column is-layout-flow wp-block-column-is-layout-flow\">\n<h3 class=\"wp-block-heading has-text-align-center\"><strong>\u0623\u0628\u0639\u0627\u062f \u0627\u0644\u0645\u0631\u062d\u0644\u0629<\/strong>s<\/h3>\n\n\n\n<ul class=\"wp-block-list\">\n<li>\u0641\u062a\u062d\u0629 8 \u0645<\/li>\n\n\n\n<li>\u0628\u0639\u0645\u0642 6 \u0623\u0645\u062a\u0627\u0631<\/li>\n\n\n\n<li>\u0627\u0631\u062a\u0641\u0627\u0639 1 \u0645\u062a\u0631<\/li>\n\n\n\n<li>4.60 \u0645 \u062a\u062d\u062a \u0627\u0644\u0634\u0628\u0643\u0629<\/li>\n\n\n\n<li>11 \u0645 \u0645\u0646 \u0627\u0644\u062d\u0627\u0626\u0637 \u0625\u0644\u0649 \u0627\u0644\u062d\u0627\u0626\u0637<\/li>\n\n\n\n<li>7\u0645 \u0641\u064a \u0627\u0644\u0645\u0633\u0627\u0641\u0629<\/li>\n<\/ul>\n<\/div>\n\n\n\n<div class=\"wp-block-column is-layout-flow wp-block-column-is-layout-flow\">\n<h3 class=\"wp-block-heading has-text-align-center\"><strong>\u0627\u0644\u0637\u0627\u0642\u0629 \u0627\u0644\u0627\u0633\u062a\u064a\u0639\u0627\u0628\u064a\u0629<\/strong><\/h3>\n\n\n\n<div class=\"wp-block-uagb-counter uagb-block-0b3d4cd7 wp-block-uagb-counter--number\"><div class=\"wp-block-uagb-counter__number\"><span class=\"uagb-counter-block-number\" data-duration=\"0.001\" data-to-value=\"282\" data-from-value=\"0\" data-delimiter=\",\"><\/span><span class=\"uagb-counter-block-suffix\"> \u0627\u0644\u0645\u0642\u0627\u0639\u062f<\/span><\/div><div class=\"wp-block-uagb-counter__title\"><\/div><\/div>\n<\/div>\n\n\n\n<div class=\"wp-block-column is-layout-flow wp-block-column-is-layout-flow\">\n<h3 class=\"wp-block-heading has-text-align-center\"><strong>\u0641\u0631\u064a\u0642 \u0645\u062a\u062e\u0635\u0635<\/strong><\/h3>\n\n\n\n<ul class=\"wp-block-list\">\n<li>\u0645\u0646\u0633\u0642 \u062e\u062f\u0645\u0627\u062a \u062b\u0642\u0627\u0641\u064a\u0629<\/li>\n\n\n\n<li>\u0645\u062f\u064a\u0631 \u0625\u062f\u0627\u0631\u064a<\/li>\n\n\n\n<li>\u0645\u062f\u064a\u0631\u0627 \u0645\u0633\u0631\u062d<\/li>\n<\/ul>\n<\/div>\n<\/div>\n\n\n\n<h2 class=\"wp-block-heading\">\u0639\u0631\u0636 \u0627\u0644\u0645\u0648\u0633\u0645 \u0627\u0644\u062b\u0642\u0627\u0641\u064a 23\/24 :<\/h2>\n\n\n\t\t\t\t\t<div\n\t\t\t\t\t\tclass=\"wp-block-uagb-image-gallery uagb-block-0d97baa6\"\n\t\t\t\t\t\tstyle=\"\"\n\t\t\t\t\t>\n\t\t\t\t\t\t\t\t\t\t\t<div class=\"spectra-image-gallery spectra-image-gallery__layout--carousel\">\n\t\t\t\t\t\t\t\t<div class=\"uagb-slick-carousel uagb-block-0d97baa6\">\n\t\t\t\t\t\t\t\t\t\t\t\t<div class='spectra-image-gallery__media-wrapper' data-spectra-gallery-image-id='6715'>\n\t\t\t\t\t\t\t<div class=\"spectra-image-gallery__media spectra-image-gallery__media--carousel\">\n\t\t\t\t<picture>\n\t\t\t\t\t<source media=\"(min-width: 1024px)\" srcset=\"https:\/\/mairie-montataire.fr\/app\/uploads\/2025\/08\/2024-09-20-Presentation-programmation-Palace-32-1024x683.jpg\">\n\t\t\t\t\t<source media=\"(min-width: 768px)\" srcset=\"https:\/\/mairie-montataire.fr\/app\/uploads\/2025\/08\/2024-09-20-Presentation-programmation-Palace-32-1024x683.jpg\">\n\t\t\t\t\t<img decoding=\"async\" class=\"spectra-image-gallery__media-thumbnail spectra-image-gallery__media-thumbnail--carousel\" src=\"https:\/\/mairie-montataire.fr\/app\/uploads\/2025\/08\/2024-09-20-Presentation-programmation-Palace-32-300x200.jpg\" alt=\"\" loading=\"lazy\" \/>\n\t\t\t\t<\/picture>\n\t\t\t\t<div class=\"spectra-image-gallery__media-thumbnail-blurrer\"><\/div>\n\t\t\t\t\t\t\t\t\t\t\t<div class=\"spectra-image-gallery__media-thumbnail-caption-wrapper spectra-image-gallery__media-thumbnail-caption-wrapper--overlay\">\n\t\t\t\t\t\t\t\t\t\t\t<div class=\"spectra-image-gallery__media-thumbnail-caption spectra-image-gallery__media-thumbnail-caption--overlay\">\n\t\t\t\t\t19 \u0633\u0628\u062a\u0645\u0628\u0631 2024 - \u0627\u0641\u062a\u062a\u0627\u062d \u0627\u0644\u0645\u0648\u0633\u0645 19 \u0633\u0628\u062a\u0645\u0628\u0631 2024\t\t\t\t<\/div>\n\t\t\t\t\t\t\t\t\t\t<\/div>\n\t\t\t\t\t\t\t\t\t<\/div>\n\t\t\t\t\t\t<\/div>\n\t\t\t\t\t\t<div class='spectra-image-gallery__media-wrapper' data-spectra-gallery-image-id='6714'>\n\t\t\t\t\t\t\t<div class=\"spectra-image-gallery__media spectra-image-gallery__media--carousel\">\n\t\t\t\t<picture>\n\t\t\t\t\t<source media=\"(min-width: 1024px)\" srcset=\"https:\/\/mairie-montataire.fr\/app\/uploads\/2025\/08\/2024-09-20-Presentation-programmation-Palace-15-1024x689.jpg\">\n\t\t\t\t\t<source media=\"(min-width: 768px)\" srcset=\"https:\/\/mairie-montataire.fr\/app\/uploads\/2025\/08\/2024-09-20-Presentation-programmation-Palace-15-1024x689.jpg\">\n\t\t\t\t\t<img decoding=\"async\" class=\"spectra-image-gallery__media-thumbnail spectra-image-gallery__media-thumbnail--carousel\" src=\"https:\/\/mairie-montataire.fr\/app\/uploads\/2025\/08\/2024-09-20-Presentation-programmation-Palace-15-300x202.jpg\" alt=\"\" loading=\"lazy\" \/>\n\t\t\t\t<\/picture>\n\t\t\t\t<div class=\"spectra-image-gallery__media-thumbnail-blurrer\"><\/div>\n\t\t\t\t\t\t\t\t\t\t\t<div class=\"spectra-image-gallery__media-thumbnail-caption-wrapper spectra-image-gallery__media-thumbnail-caption-wrapper--overlay\">\n\t\t\t\t\t\t\t\t\t\t\t<div class=\"spectra-image-gallery__media-thumbnail-caption spectra-image-gallery__media-thumbnail-caption--overlay\">\n\t\t\t\t\t19 \u0633\u0628\u062a\u0645\u0628\u0631 2024 - \u0627\u0641\u062a\u062a\u0627\u062d \u0627\u0644\u0645\u0648\u0633\u0645 \u0645\u0639 \u0643\u0648\u0645\u0628\u0627\u0646\u064a \u0644\u064a\u0643\u0648\u0631\u0646 \u062f\u064a \u0628\u0631\u0648\u0645\t\t\t\t<\/div>\n\t\t\t\t\t\t\t\t\t\t<\/div>\n\t\t\t\t\t\t\t\t\t<\/div>\n\t\t\t\t\t\t<\/div>\n\t\t\t\t\t\t<div class='spectra-image-gallery__media-wrapper' data-spectra-gallery-image-id='6716'>\n\t\t\t\t\t\t\t<div class=\"spectra-image-gallery__media spectra-image-gallery__media--carousel\">\n\t\t\t\t<picture>\n\t\t\t\t\t<source media=\"(min-width: 1024px)\" srcset=\"https:\/\/mairie-montataire.fr\/app\/uploads\/2025\/08\/2024-09-28-Paul-Molina-footfreestyle-festival-Mosaique-41-1024x761.jpg\">\n\t\t\t\t\t<source media=\"(min-width: 768px)\" srcset=\"https:\/\/mairie-montataire.fr\/app\/uploads\/2025\/08\/2024-09-28-Paul-Molina-footfreestyle-festival-Mosaique-41-1024x761.jpg\">\n\t\t\t\t\t<img decoding=\"async\" class=\"spectra-image-gallery__media-thumbnail spectra-image-gallery__media-thumbnail--carousel\" src=\"https:\/\/mairie-montataire.fr\/app\/uploads\/2025\/08\/2024-09-28-Paul-Molina-footfreestyle-festival-Mosaique-41-300x223.jpg\" alt=\"\" loading=\"lazy\" \/>\n\t\t\t\t<\/picture>\n\t\t\t\t<div class=\"spectra-image-gallery__media-thumbnail-blurrer\"><\/div>\n\t\t\t\t\t\t\t\t\t\t\t<div class=\"spectra-image-gallery__media-thumbnail-caption-wrapper spectra-image-gallery__media-thumbnail-caption-wrapper--overlay\">\n\t\t\t\t\t\t\t\t\t\t\t<div class=\"spectra-image-gallery__media-thumbnail-caption spectra-image-gallery__media-thumbnail-caption--overlay\">\n\t\t\t\t\t28 \u0633\u0628\u062a\u0645\u0628\u0631 2024 - \u0645\u0648\u062a\u0627\u0646 \u0646\u0648\u0627\u0631 \u0645\u0639 \u0628\u0648\u0644 \u0645\u0648\u0644\u064a\u0646\u0627 \u0641\u064a \u0645\u0647\u0631\u062c\u0627\u0646 \u0645\u0648\u0632\u0627\u064a\u064a\u0643 \u0641\u064a \u0645\u0633\u0631\u062d \u0644\u0627 \u0641\u064a\u0646\u0633\u064a\u0631\u064a-\u0643\u0631\u064a\u0644\t\t\t\t<\/div>\n\t\t\t\t\t\t\t\t\t\t<\/div>\n\t\t\t\t\t\t\t\t\t<\/div>\n\t\t\t\t\t\t<\/div>\n\t\t\t\t\t\t<div class='spectra-image-gallery__media-wrapper' data-spectra-gallery-image-id='6717'>\n\t\t\t\t\t\t\t<div class=\"spectra-image-gallery__media spectra-image-gallery__media--carousel\">\n\t\t\t\t<picture>\n\t\t\t\t\t<source media=\"(min-width: 1024px)\" srcset=\"https:\/\/mairie-montataire.fr\/app\/uploads\/2025\/08\/2024-10-04-Orchestre-national-Barbes-Palace-28-1024x683.jpg\">\n\t\t\t\t\t<source media=\"(min-width: 768px)\" srcset=\"https:\/\/mairie-montataire.fr\/app\/uploads\/2025\/08\/2024-10-04-Orchestre-national-Barbes-Palace-28-1024x683.jpg\">\n\t\t\t\t\t<img decoding=\"async\" class=\"spectra-image-gallery__media-thumbnail spectra-image-gallery__media-thumbnail--carousel\" src=\"https:\/\/mairie-montataire.fr\/app\/uploads\/2025\/08\/2024-10-04-Orchestre-national-Barbes-Palace-28-300x200.jpg\" alt=\"\" loading=\"lazy\" \/>\n\t\t\t\t<\/picture>\n\t\t\t\t<div class=\"spectra-image-gallery__media-thumbnail-blurrer\"><\/div>\n\t\t\t\t\t\t\t\t\t\t\t<div class=\"spectra-image-gallery__media-thumbnail-caption-wrapper spectra-image-gallery__media-thumbnail-caption-wrapper--overlay\">\n\t\t\t\t\t\t\t\t\t\t\t<div class=\"spectra-image-gallery__media-thumbnail-caption spectra-image-gallery__media-thumbnail-caption--overlay\">\n\t\t\t\t\t4 \u0623\u0643\u062a\u0648\u0628\u0631 2024 - \u0623\u0648\u0631\u0643\u0633\u062a\u0631\u0627 \u0628\u0627\u0631\u0628\u064a\u0633 \u0627\u0644\u0648\u0637\u0646\u064a\u0629\t\t\t\t<\/div>\n\t\t\t\t\t\t\t\t\t\t<\/div>\n\t\t\t\t\t\t\t\t\t<\/div>\n\t\t\t\t\t\t<\/div>\n\t\t\t\t\t\t<div class='spectra-image-gallery__media-wrapper' data-spectra-gallery-image-id='6719'>\n\t\t\t\t\t\t\t<div class=\"spectra-image-gallery__media spectra-image-gallery__media--carousel\">\n\t\t\t\t<picture>\n\t\t\t\t\t<source media=\"(min-width: 1024px)\" srcset=\"https:\/\/mairie-montataire.fr\/app\/uploads\/2025\/08\/2024-10-12-Semaine-bleue-Grains-de-sel-1-1024x768.jpg\">\n\t\t\t\t\t<source media=\"(min-width: 768px)\" srcset=\"https:\/\/mairie-montataire.fr\/app\/uploads\/2025\/08\/2024-10-12-Semaine-bleue-Grains-de-sel-1-1024x768.jpg\">\n\t\t\t\t\t<img decoding=\"async\" class=\"spectra-image-gallery__media-thumbnail spectra-image-gallery__media-thumbnail--carousel\" src=\"https:\/\/mairie-montataire.fr\/app\/uploads\/2025\/08\/2024-10-12-Semaine-bleue-Grains-de-sel-1-300x225.jpg\" alt=\"\" loading=\"lazy\" \/>\n\t\t\t\t<\/picture>\n\t\t\t\t<div class=\"spectra-image-gallery__media-thumbnail-blurrer\"><\/div>\n\t\t\t\t\t\t\t\t\t\t\t<div class=\"spectra-image-gallery__media-thumbnail-caption-wrapper spectra-image-gallery__media-thumbnail-caption-wrapper--overlay\">\n\t\t\t\t\t\t\t\t\t\t\t<div class=\"spectra-image-gallery__media-thumbnail-caption spectra-image-gallery__media-thumbnail-caption--overlay\">\n\t\t\t\t\t12 \u0623\u0643\u062a\u0648\u0628\u0631 2024 - \u062d\u0628\u0648\u0628 \u0627\u0644\u0635\u0648\u062f\u064a\u0648\u0645 \u0645\u0639 \u0634\u0631\u0643\u0629 \u0644\u064a\u0643\u0648\u0631\u0646 \u062f\u064a \u0628\u0631\u0648\u0645\t\t\t\t<\/div>\n\t\t\t\t\t\t\t\t\t\t<\/div>\n\t\t\t\t\t\t\t\t\t<\/div>\n\t\t\t\t\t\t<\/div>\n\t\t\t\t\t\t<div class='spectra-image-gallery__media-wrapper' data-spectra-gallery-image-id='6718'>\n\t\t\t\t\t\t\t<div class=\"spectra-image-gallery__media spectra-image-gallery__media--carousel\">\n\t\t\t\t<picture>\n\t\t\t\t\t<source media=\"(min-width: 1024px)\" srcset=\"https:\/\/mairie-montataire.fr\/app\/uploads\/2025\/08\/2024-10-12-Concert-Darling-Buds-of-May-14-1024x683.jpg\">\n\t\t\t\t\t<source media=\"(min-width: 768px)\" srcset=\"https:\/\/mairie-montataire.fr\/app\/uploads\/2025\/08\/2024-10-12-Concert-Darling-Buds-of-May-14-1024x683.jpg\">\n\t\t\t\t\t<img decoding=\"async\" class=\"spectra-image-gallery__media-thumbnail spectra-image-gallery__media-thumbnail--carousel\" src=\"https:\/\/mairie-montataire.fr\/app\/uploads\/2025\/08\/2024-10-12-Concert-Darling-Buds-of-May-14-300x200.jpg\" alt=\"\" loading=\"lazy\" \/>\n\t\t\t\t<\/picture>\n\t\t\t\t<div class=\"spectra-image-gallery__media-thumbnail-blurrer\"><\/div>\n\t\t\t\t\t\t\t\t\t\t\t<div class=\"spectra-image-gallery__media-thumbnail-caption-wrapper spectra-image-gallery__media-thumbnail-caption-wrapper--overlay\">\n\t\t\t\t\t\t\t\t\t\t\t<div class=\"spectra-image-gallery__media-thumbnail-caption spectra-image-gallery__media-thumbnail-caption--overlay\">\n\t\t\t\t\t12 \u0623\u0643\u062a\u0648\u0628\u0631 2024 - 12 \u0623\u0643\u062a\u0648\u0628\u0631 2024 - \u0628\u0631\u0627\u0639\u0645 \u0645\u0627\u064a\u0648 \u0627\u0644\u0639\u0632\u064a\u0632\u0629\t\t\t\t<\/div>\n\t\t\t\t\t\t\t\t\t\t<\/div>\n\t\t\t\t\t\t\t\t\t<\/div>\n\t\t\t\t\t\t<\/div>\n\t\t\t\t\t\t<div class='spectra-image-gallery__media-wrapper' data-spectra-gallery-image-id='6720'>\n\t\t\t\t\t\t\t<div class=\"spectra-image-gallery__media spectra-image-gallery__media--carousel\">\n\t\t\t\t<picture>\n\t\t\t\t\t<source media=\"(min-width: 1024px)\" srcset=\"https:\/\/mairie-montataire.fr\/app\/uploads\/2025\/08\/2024-10-18-Festival-Alimenterre-2-1024x683.jpg\">\n\t\t\t\t\t<source media=\"(min-width: 768px)\" srcset=\"https:\/\/mairie-montataire.fr\/app\/uploads\/2025\/08\/2024-10-18-Festival-Alimenterre-2-1024x683.jpg\">\n\t\t\t\t\t<img decoding=\"async\" class=\"spectra-image-gallery__media-thumbnail spectra-image-gallery__media-thumbnail--carousel\" src=\"https:\/\/mairie-montataire.fr\/app\/uploads\/2025\/08\/2024-10-18-Festival-Alimenterre-2-300x200.jpg\" alt=\"\" loading=\"lazy\" \/>\n\t\t\t\t<\/picture>\n\t\t\t\t<div class=\"spectra-image-gallery__media-thumbnail-blurrer\"><\/div>\n\t\t\t\t\t\t\t\t\t\t\t<div class=\"spectra-image-gallery__media-thumbnail-caption-wrapper spectra-image-gallery__media-thumbnail-caption-wrapper--overlay\">\n\t\t\t\t\t\t\t\t\t\t\t<div class=\"spectra-image-gallery__media-thumbnail-caption spectra-image-gallery__media-thumbnail-caption--overlay\">\n\t\t\t\t\t18 \u0623\u0643\u062a\u0648\u0628\u0631 2024 - \u0645\u0647\u0631\u062c\u0627\u0646 \u0623\u0644\u064a\u0645\u064a\u0646\u062a\u064a\u0631\u064a\u0631\t\t\t\t<\/div>\n\t\t\t\t\t\t\t\t\t\t<\/div>\n\t\t\t\t\t\t\t\t\t<\/div>\n\t\t\t\t\t\t<\/div>\n\t\t\t\t\t\t<div class='spectra-image-gallery__media-wrapper' data-spectra-gallery-image-id='6721'>\n\t\t\t\t\t\t\t<div class=\"spectra-image-gallery__media spectra-image-gallery__media--carousel\">\n\t\t\t\t<picture>\n\t\t\t\t\t<source media=\"(min-width: 1024px)\" srcset=\"https:\/\/mairie-montataire.fr\/app\/uploads\/2025\/08\/2024-11-12-Nodine-Ganso-Palace-9-1024x683.jpg\">\n\t\t\t\t\t<source media=\"(min-width: 768px)\" srcset=\"https:\/\/mairie-montataire.fr\/app\/uploads\/2025\/08\/2024-11-12-Nodine-Ganso-Palace-9-1024x683.jpg\">\n\t\t\t\t\t<img decoding=\"async\" class=\"spectra-image-gallery__media-thumbnail spectra-image-gallery__media-thumbnail--carousel\" src=\"https:\/\/mairie-montataire.fr\/app\/uploads\/2025\/08\/2024-11-12-Nodine-Ganso-Palace-9-300x200.jpg\" alt=\"\" loading=\"lazy\" \/>\n\t\t\t\t<\/picture>\n\t\t\t\t<div class=\"spectra-image-gallery__media-thumbnail-blurrer\"><\/div>\n\t\t\t\t\t\t\t\t\t\t\t<div class=\"spectra-image-gallery__media-thumbnail-caption-wrapper spectra-image-gallery__media-thumbnail-caption-wrapper--overlay\">\n\t\t\t\t\t\t\t\t\t\t\t<div class=\"spectra-image-gallery__media-thumbnail-caption spectra-image-gallery__media-thumbnail-caption--overlay\">\n\t\t\t\t\t8 \u0646\u0648\u0641\u0645\u0628\u0631 2024 - \u0641\u064a\u0648\u0644\u064a\u062a \u0628\u0642\u0644\u0645 \u0646\u0648\u0631 \u0627\u0644\u062f\u064a\u0646 \u0642\u0627\u0646\u0635\u0648\t\t\t\t<\/div>\n\t\t\t\t\t\t\t\t\t\t<\/div>\n\t\t\t\t\t\t\t\t\t<\/div>\n\t\t\t\t\t\t<\/div>\n\t\t\t\t\t\t<div class='spectra-image-gallery__media-wrapper' data-spectra-gallery-image-id='6722'>\n\t\t\t\t\t\t\t<div class=\"spectra-image-gallery__media spectra-image-gallery__media--carousel\">\n\t\t\t\t<picture>\n\t\t\t\t\t<source media=\"(min-width: 1024px)\" srcset=\"https:\/\/mairie-montataire.fr\/app\/uploads\/2025\/08\/2024-11-15-Elephanz-Palace-26-1024x683.jpg\">\n\t\t\t\t\t<source media=\"(min-width: 768px)\" srcset=\"https:\/\/mairie-montataire.fr\/app\/uploads\/2025\/08\/2024-11-15-Elephanz-Palace-26-1024x683.jpg\">\n\t\t\t\t\t<img decoding=\"async\" class=\"spectra-image-gallery__media-thumbnail spectra-image-gallery__media-thumbnail--carousel\" src=\"https:\/\/mairie-montataire.fr\/app\/uploads\/2025\/08\/2024-11-15-Elephanz-Palace-26-300x200.jpg\" alt=\"\" loading=\"lazy\" \/>\n\t\t\t\t<\/picture>\n\t\t\t\t<div class=\"spectra-image-gallery__media-thumbnail-blurrer\"><\/div>\n\t\t\t\t\t\t\t\t\t\t\t<div class=\"spectra-image-gallery__media-thumbnail-caption-wrapper spectra-image-gallery__media-thumbnail-caption-wrapper--overlay\">\n\t\t\t\t\t\t\t\t\t\t\t<div class=\"spectra-image-gallery__media-thumbnail-caption spectra-image-gallery__media-thumbnail-caption--overlay\">\n\t\t\t\t\t15 \u0646\u0648\u0641\u0645\u0628\u0631 2024 - ELEPHANZ\t\t\t\t<\/div>\n\t\t\t\t\t\t\t\t\t\t<\/div>\n\t\t\t\t\t\t\t\t\t<\/div>\n\t\t\t\t\t\t<\/div>\n\t\t\t\t\t\t<div class='spectra-image-gallery__media-wrapper' data-spectra-gallery-image-id='6723'>\n\t\t\t\t\t\t\t<div class=\"spectra-image-gallery__media spectra-image-gallery__media--carousel\">\n\t\t\t\t<picture>\n\t\t\t\t\t<source media=\"(min-width: 1024px)\" srcset=\"https:\/\/mairie-montataire.fr\/app\/uploads\/2025\/08\/2024-12-14-Concert-Noel-AMEM-14-1024x683.jpg\">\n\t\t\t\t\t<source media=\"(min-width: 768px)\" srcset=\"https:\/\/mairie-montataire.fr\/app\/uploads\/2025\/08\/2024-12-14-Concert-Noel-AMEM-14-1024x683.jpg\">\n\t\t\t\t\t<img decoding=\"async\" class=\"spectra-image-gallery__media-thumbnail spectra-image-gallery__media-thumbnail--carousel\" src=\"https:\/\/mairie-montataire.fr\/app\/uploads\/2025\/08\/2024-12-14-Concert-Noel-AMEM-14-300x200.jpg\" alt=\"\" loading=\"lazy\" \/>\n\t\t\t\t<\/picture>\n\t\t\t\t<div class=\"spectra-image-gallery__media-thumbnail-blurrer\"><\/div>\n\t\t\t\t\t\t\t\t\t\t\t<div class=\"spectra-image-gallery__media-thumbnail-caption-wrapper spectra-image-gallery__media-thumbnail-caption-wrapper--overlay\">\n\t\t\t\t\t\t\t\t\t\t\t<div class=\"spectra-image-gallery__media-thumbnail-caption spectra-image-gallery__media-thumbnail-caption--overlay\">\n\t\t\t\t\t14 \u062f\u064a\u0633\u0645\u0628\u0631 2024 - \u062d\u0641\u0644 \u0639\u064a\u062f \u0627\u0644\u0645\u064a\u0644\u0627\u062f \u0627\u0644\u0630\u064a \u0623\u0642\u0627\u0645\u062a\u0647 \u0623\u0645\u064a\u0645 \u0645\u0648\u0646\u062a\u0627\u062a\u064a\u0631\t\t\t\t<\/div>\n\t\t\t\t\t\t\t\t\t\t<\/div>\n\t\t\t\t\t\t\t\t\t<\/div>\n\t\t\t\t\t\t<\/div>\n\t\t\t\t\t\t<div class='spectra-image-gallery__media-wrapper' data-spectra-gallery-image-id='6724'>\n\t\t\t\t\t\t\t<div class=\"spectra-image-gallery__media spectra-image-gallery__media--carousel\">\n\t\t\t\t<picture>\n\t\t\t\t\t<source media=\"(min-width: 1024px)\" srcset=\"https:\/\/mairie-montataire.fr\/app\/uploads\/2025\/08\/2025-01-24-Soiree-SOS-Mediterranee-1-1024x683.jpg\">\n\t\t\t\t\t<source media=\"(min-width: 768px)\" srcset=\"https:\/\/mairie-montataire.fr\/app\/uploads\/2025\/08\/2025-01-24-Soiree-SOS-Mediterranee-1-1024x683.jpg\">\n\t\t\t\t\t<img decoding=\"async\" class=\"spectra-image-gallery__media-thumbnail spectra-image-gallery__media-thumbnail--carousel\" src=\"https:\/\/mairie-montataire.fr\/app\/uploads\/2025\/08\/2025-01-24-Soiree-SOS-Mediterranee-1-300x200.jpg\" alt=\"\" loading=\"lazy\" \/>\n\t\t\t\t<\/picture>\n\t\t\t\t<div class=\"spectra-image-gallery__media-thumbnail-blurrer\"><\/div>\n\t\t\t\t\t\t\t\t\t\t\t<div class=\"spectra-image-gallery__media-thumbnail-caption-wrapper spectra-image-gallery__media-thumbnail-caption-wrapper--overlay\">\n\t\t\t\t\t\t\t\t\t\t\t<div class=\"spectra-image-gallery__media-thumbnail-caption spectra-image-gallery__media-thumbnail-caption--overlay\">\n\t\t\t\t\t24 \u064a\u0646\u0627\u064a\u0631 2025 - \u0627\u0644\u0633\u0641\u064a\u0646\u0629 \u0627\u0644\u0623\u0645 \u0645\u0639 SOS M\u00e9diterrann\u00e9e\t\t\t\t<\/div>\n\t\t\t\t\t\t\t\t\t\t<\/div>\n\t\t\t\t\t\t\t\t\t<\/div>\n\t\t\t\t\t\t<\/div>\n\t\t\t\t\t\t<div class='spectra-image-gallery__media-wrapper' data-spectra-gallery-image-id='6725'>\n\t\t\t\t\t\t\t<div class=\"spectra-image-gallery__media spectra-image-gallery__media--carousel\">\n\t\t\t\t<picture>\n\t\t\t\t\t<source media=\"(min-width: 1024px)\" srcset=\"https:\/\/mairie-montataire.fr\/app\/uploads\/2025\/08\/2025-01-29-Miam-Palace-5-1024x683.jpg\">\n\t\t\t\t\t<source media=\"(min-width: 768px)\" srcset=\"https:\/\/mairie-montataire.fr\/app\/uploads\/2025\/08\/2025-01-29-Miam-Palace-5-1024x683.jpg\">\n\t\t\t\t\t<img decoding=\"async\" class=\"spectra-image-gallery__media-thumbnail spectra-image-gallery__media-thumbnail--carousel\" src=\"https:\/\/mairie-montataire.fr\/app\/uploads\/2025\/08\/2025-01-29-Miam-Palace-5-300x200.jpg\" alt=\"\" loading=\"lazy\" \/>\n\t\t\t\t<\/picture>\n\t\t\t\t<div class=\"spectra-image-gallery__media-thumbnail-blurrer\"><\/div>\n\t\t\t\t\t\t\t\t\t\t\t<div class=\"spectra-image-gallery__media-thumbnail-caption-wrapper spectra-image-gallery__media-thumbnail-caption-wrapper--overlay\">\n\t\t\t\t\t\t\t\t\t\t\t<div class=\"spectra-image-gallery__media-thumbnail-caption spectra-image-gallery__media-thumbnail-caption--overlay\">\n\t\t\t\t\t29 \u064a\u0646\u0627\u064a\u0631 2025 - \u0645\u064a\u0627\u0645\u064a \u0645\u0639 \u0634\u0631\u0643\u0629 OUI merci  \t\t\t\t<\/div>\n\t\t\t\t\t\t\t\t\t\t<\/div>\n\t\t\t\t\t\t\t\t\t<\/div>\n\t\t\t\t\t\t<\/div>\n\t\t\t\t\t\t<div class='spectra-image-gallery__media-wrapper' data-spectra-gallery-image-id='6703'>\n\t\t\t\t\t\t\t<div class=\"spectra-image-gallery__media spectra-image-gallery__media--carousel\">\n\t\t\t\t<picture>\n\t\t\t\t\t<source media=\"(min-width: 1024px)\" srcset=\"https:\/\/mairie-montataire.fr\/app\/uploads\/2025\/08\/2025-02-02-AMEM-Concert-des-professeurs-15-1024x683.jpg\">\n\t\t\t\t\t<source media=\"(min-width: 768px)\" srcset=\"https:\/\/mairie-montataire.fr\/app\/uploads\/2025\/08\/2025-02-02-AMEM-Concert-des-professeurs-15-1024x683.jpg\">\n\t\t\t\t\t<img decoding=\"async\" class=\"spectra-image-gallery__media-thumbnail spectra-image-gallery__media-thumbnail--carousel\" src=\"https:\/\/mairie-montataire.fr\/app\/uploads\/2025\/08\/2025-02-02-AMEM-Concert-des-professeurs-15-300x200.jpg\" alt=\"\" loading=\"lazy\" \/>\n\t\t\t\t<\/picture>\n\t\t\t\t<div class=\"spectra-image-gallery__media-thumbnail-blurrer\"><\/div>\n\t\t\t\t\t\t\t\t\t\t\t<div class=\"spectra-image-gallery__media-thumbnail-caption-wrapper spectra-image-gallery__media-thumbnail-caption-wrapper--overlay\">\n\t\t\t\t\t\t\t\t\t\t\t<div class=\"spectra-image-gallery__media-thumbnail-caption spectra-image-gallery__media-thumbnail-caption--overlay\">\n\t\t\t\t\t2 \u0641\u0628\u0631\u0627\u064a\u0631 2025 - \u062d\u0641\u0644\u0629 \u0645\u0648\u0633\u064a\u0642\u064a\u0629 \u0644\u0644\u0645\u0639\u0644\u0645\u064a\u0646 \u0645\u0639 \u0641\u0631\u0642\u0629 \u0645\u0648\u0646\u062a\u0627\u062a\u064a\u0631 AMEM\t\t\t\t<\/div>\n\t\t\t\t\t\t\t\t\t\t<\/div>\n\t\t\t\t\t\t\t\t\t<\/div>\n\t\t\t\t\t\t<\/div>\n\t\t\t\t\t\t<div class='spectra-image-gallery__media-wrapper' data-spectra-gallery-image-id='6704'>\n\t\t\t\t\t\t\t<div class=\"spectra-image-gallery__media spectra-image-gallery__media--carousel\">\n\t\t\t\t<picture>\n\t\t\t\t\t<source media=\"(min-width: 1024px)\" srcset=\"https:\/\/mairie-montataire.fr\/app\/uploads\/2025\/08\/2025-02-07-LAfrique-en-fete-spectacle-7-683x1024.jpg\">\n\t\t\t\t\t<source media=\"(min-width: 768px)\" srcset=\"https:\/\/mairie-montataire.fr\/app\/uploads\/2025\/08\/2025-02-07-LAfrique-en-fete-spectacle-7-683x1024.jpg\">\n\t\t\t\t\t<img decoding=\"async\" class=\"spectra-image-gallery__media-thumbnail spectra-image-gallery__media-thumbnail--carousel\" src=\"https:\/\/mairie-montataire.fr\/app\/uploads\/2025\/08\/2025-02-07-LAfrique-en-fete-spectacle-7-200x300.jpg\" alt=\"\" loading=\"lazy\" \/>\n\t\t\t\t<\/picture>\n\t\t\t\t<div class=\"spectra-image-gallery__media-thumbnail-blurrer\"><\/div>\n\t\t\t\t\t\t\t\t\t\t\t<div class=\"spectra-image-gallery__media-thumbnail-caption-wrapper spectra-image-gallery__media-thumbnail-caption-wrapper--overlay\">\n\t\t\t\t\t\t\t\t\t\t\t<div class=\"spectra-image-gallery__media-thumbnail-caption spectra-image-gallery__media-thumbnail-caption--overlay\">\n\t\t\t\t\t7 \u0641\u0628\u0631\u0627\u064a\u0631 2025 - \u0623\u0641\u0631\u064a\u0642\u064a\u0627 \u062a\u062d\u062a\u0641\u0644 \u0645\u0639 \u0623\u0645\u0648 \u062a\u0627\u062a\u064a \u0644\u0627 \u0641\u064a\u0645 \u062f\u0648 \u0641\u064a\u064a\u0631 (\u062a\u0627\u062a\u064a\u0627\u0646\u0627 \u0631\u0648\u062e\u0648)\t\t\t\t<\/div>\n\t\t\t\t\t\t\t\t\t\t<\/div>\n\t\t\t\t\t\t\t\t\t<\/div>\n\t\t\t\t\t\t<\/div>\n\t\t\t\t\t\t<div class='spectra-image-gallery__media-wrapper' data-spectra-gallery-image-id='6705'>\n\t\t\t\t\t\t\t<div class=\"spectra-image-gallery__media spectra-image-gallery__media--carousel\">\n\t\t\t\t<picture>\n\t\t\t\t\t<source media=\"(min-width: 1024px)\" srcset=\"https:\/\/mairie-montataire.fr\/app\/uploads\/2025\/08\/2025-02-26-Fuega-Palace-14-1024x683.jpg\">\n\t\t\t\t\t<source media=\"(min-width: 768px)\" srcset=\"https:\/\/mairie-montataire.fr\/app\/uploads\/2025\/08\/2025-02-26-Fuega-Palace-14-1024x683.jpg\">\n\t\t\t\t\t<img decoding=\"async\" class=\"spectra-image-gallery__media-thumbnail spectra-image-gallery__media-thumbnail--carousel\" src=\"https:\/\/mairie-montataire.fr\/app\/uploads\/2025\/08\/2025-02-26-Fuega-Palace-14-300x200.jpg\" alt=\"\" loading=\"lazy\" \/>\n\t\t\t\t<\/picture>\n\t\t\t\t<div class=\"spectra-image-gallery__media-thumbnail-blurrer\"><\/div>\n\t\t\t\t\t\t\t\t\t\t\t<div class=\"spectra-image-gallery__media-thumbnail-caption-wrapper spectra-image-gallery__media-thumbnail-caption-wrapper--overlay\">\n\t\t\t\t\t\t\t\t\t\t\t<div class=\"spectra-image-gallery__media-thumbnail-caption spectra-image-gallery__media-thumbnail-caption--overlay\">\n\t\t\t\t\t26 \u0641\u0628\u0631\u0627\u064a\u0631 2025 - \u0641\u0648\u064a\u063a\u0648\u0627 - \u0642\u0627\u0628\u0644\u062a \u062e\u0646\u0632\u064a\u0631\u064b\u0627 \u0628\u0631\u064a\u064b\u0627 \u0645\u0646 \u0642\u0628\u0644 \u0634\u0631\u0643\u0629 Mon grand l'ombre\t\t\t\t<\/div>\n\t\t\t\t\t\t\t\t\t\t<\/div>\n\t\t\t\t\t\t\t\t\t<\/div>\n\t\t\t\t\t\t<\/div>\n\t\t\t\t\t\t<div class='spectra-image-gallery__media-wrapper' data-spectra-gallery-image-id='6706'>\n\t\t\t\t\t\t\t<div class=\"spectra-image-gallery__media spectra-image-gallery__media--carousel\">\n\t\t\t\t<picture>\n\t\t\t\t\t<source media=\"(min-width: 1024px)\" srcset=\"https:\/\/mairie-montataire.fr\/app\/uploads\/2025\/08\/2025-03-08-Moonlight-Benjamin-Palace-49-1024x683.jpg\">\n\t\t\t\t\t<source media=\"(min-width: 768px)\" srcset=\"https:\/\/mairie-montataire.fr\/app\/uploads\/2025\/08\/2025-03-08-Moonlight-Benjamin-Palace-49-1024x683.jpg\">\n\t\t\t\t\t<img decoding=\"async\" class=\"spectra-image-gallery__media-thumbnail spectra-image-gallery__media-thumbnail--carousel\" src=\"https:\/\/mairie-montataire.fr\/app\/uploads\/2025\/08\/2025-03-08-Moonlight-Benjamin-Palace-49-300x200.jpg\" alt=\"\" loading=\"lazy\" \/>\n\t\t\t\t<\/picture>\n\t\t\t\t<div class=\"spectra-image-gallery__media-thumbnail-blurrer\"><\/div>\n\t\t\t\t\t\t\t\t\t\t\t<div class=\"spectra-image-gallery__media-thumbnail-caption-wrapper spectra-image-gallery__media-thumbnail-caption-wrapper--overlay\">\n\t\t\t\t\t\t\t\t\t\t\t<div class=\"spectra-image-gallery__media-thumbnail-caption spectra-image-gallery__media-thumbnail-caption--overlay\">\n\t\t\t\t\t8 \u0645\u0627\u0631\u0633 2025 - \u0645\u0648\u0646\u0644\u0627\u064a\u062a \u0628\u0646\u062c\u0627\u0645\u064a\u0646 \u0641\u064a \u0625\u0637\u0627\u0631 \u0627\u0644\u064a\u0648\u0645 \u0627\u0644\u0639\u0627\u0644\u0645\u064a \u0644\u062d\u0642\u0648\u0642 \u0627\u0644\u0645\u0631\u0623\u0629 \u0641\u064a 8 \u0645\u0627\u0631\u0633 2025 \t\t\t\t<\/div>\n\t\t\t\t\t\t\t\t\t\t<\/div>\n\t\t\t\t\t\t\t\t\t<\/div>\n\t\t\t\t\t\t<\/div>\n\t\t\t\t\t\t<div class='spectra-image-gallery__media-wrapper' data-spectra-gallery-image-id='6707'>\n\t\t\t\t\t\t\t<div class=\"spectra-image-gallery__media spectra-image-gallery__media--carousel\">\n\t\t\t\t<picture>\n\t\t\t\t\t<source media=\"(min-width: 1024px)\" srcset=\"https:\/\/mairie-montataire.fr\/app\/uploads\/2025\/08\/2025-03-14-spectacle-Saga-Moliere-Cie-Les-Estivants-14-1024x683.jpg\">\n\t\t\t\t\t<source media=\"(min-width: 768px)\" srcset=\"https:\/\/mairie-montataire.fr\/app\/uploads\/2025\/08\/2025-03-14-spectacle-Saga-Moliere-Cie-Les-Estivants-14-1024x683.jpg\">\n\t\t\t\t\t<img decoding=\"async\" class=\"spectra-image-gallery__media-thumbnail spectra-image-gallery__media-thumbnail--carousel\" src=\"https:\/\/mairie-montataire.fr\/app\/uploads\/2025\/08\/2025-03-14-spectacle-Saga-Moliere-Cie-Les-Estivants-14-300x200.jpg\" alt=\"\" loading=\"lazy\" \/>\n\t\t\t\t<\/picture>\n\t\t\t\t<div class=\"spectra-image-gallery__media-thumbnail-blurrer\"><\/div>\n\t\t\t\t\t\t\t\t\t\t\t<div class=\"spectra-image-gallery__media-thumbnail-caption-wrapper spectra-image-gallery__media-thumbnail-caption-wrapper--overlay\">\n\t\t\t\t\t\t\t\t\t\t\t<div class=\"spectra-image-gallery__media-thumbnail-caption spectra-image-gallery__media-thumbnail-caption--overlay\">\n\t\t\t\t\t14 \u0645\u0627\u0631\u0633 2025 - \u0645\u0644\u062d\u0645\u0629 \u0645\u0648\u0644\u064a\u064a\u0631 \u0645\u0646 \u0625\u0646\u062a\u0627\u062c \u0634\u0631\u0643\u0629 Les Estivants\t\t\t\t<\/div>\n\t\t\t\t\t\t\t\t\t\t<\/div>\n\t\t\t\t\t\t\t\t\t<\/div>\n\t\t\t\t\t\t<\/div>\n\t\t\t\t\t\t<div class='spectra-image-gallery__media-wrapper' data-spectra-gallery-image-id='6708'>\n\t\t\t\t\t\t\t<div class=\"spectra-image-gallery__media spectra-image-gallery__media--carousel\">\n\t\t\t\t<picture>\n\t\t\t\t\t<source media=\"(min-width: 1024px)\" srcset=\"https:\/\/mairie-montataire.fr\/app\/uploads\/2025\/08\/2025-03-20-Taha-Palace-4-768x1024.jpg\">\n\t\t\t\t\t<source media=\"(min-width: 768px)\" srcset=\"https:\/\/mairie-montataire.fr\/app\/uploads\/2025\/08\/2025-03-20-Taha-Palace-4-768x1024.jpg\">\n\t\t\t\t\t<img decoding=\"async\" class=\"spectra-image-gallery__media-thumbnail spectra-image-gallery__media-thumbnail--carousel\" src=\"https:\/\/mairie-montataire.fr\/app\/uploads\/2025\/08\/2025-03-20-Taha-Palace-4-225x300.jpg\" alt=\"\" loading=\"lazy\" \/>\n\t\t\t\t<\/picture>\n\t\t\t\t<div class=\"spectra-image-gallery__media-thumbnail-blurrer\"><\/div>\n\t\t\t\t\t\t\t\t\t\t\t<div class=\"spectra-image-gallery__media-thumbnail-caption-wrapper spectra-image-gallery__media-thumbnail-caption-wrapper--overlay\">\n\t\t\t\t\t\t\t\t\t\t\t<div class=\"spectra-image-gallery__media-thumbnail-caption spectra-image-gallery__media-thumbnail-caption--overlay\">\n\t\t\t\t\t20 \u0645\u0627\u0631\u0633 2025 - 20 \u0645\u0627\u0631\u0633 2025 - TAHA \u0645\u0646 \u0623\u0631\u0648\u0645\t\t\t\t<\/div>\n\t\t\t\t\t\t\t\t\t\t<\/div>\n\t\t\t\t\t\t\t\t\t<\/div>\n\t\t\t\t\t\t<\/div>\n\t\t\t\t\t\t<div class='spectra-image-gallery__media-wrapper' data-spectra-gallery-image-id='6709'>\n\t\t\t\t\t\t\t<div class=\"spectra-image-gallery__media spectra-image-gallery__media--carousel\">\n\t\t\t\t<picture>\n\t\t\t\t\t<source media=\"(min-width: 1024px)\" srcset=\"https:\/\/mairie-montataire.fr\/app\/uploads\/2025\/08\/2025-04-04-Duplessy-The-violins-of-the-world-8-1024x683.jpg\">\n\t\t\t\t\t<source media=\"(min-width: 768px)\" srcset=\"https:\/\/mairie-montataire.fr\/app\/uploads\/2025\/08\/2025-04-04-Duplessy-The-violins-of-the-world-8-1024x683.jpg\">\n\t\t\t\t\t<img decoding=\"async\" class=\"spectra-image-gallery__media-thumbnail spectra-image-gallery__media-thumbnail--carousel\" src=\"https:\/\/mairie-montataire.fr\/app\/uploads\/2025\/08\/2025-04-04-Duplessy-The-violins-of-the-world-8-300x200.jpg\" alt=\"\" loading=\"lazy\" \/>\n\t\t\t\t<\/picture>\n\t\t\t\t<div class=\"spectra-image-gallery__media-thumbnail-blurrer\"><\/div>\n\t\t\t\t\t\t\t\t\t\t\t<div class=\"spectra-image-gallery__media-thumbnail-caption-wrapper spectra-image-gallery__media-thumbnail-caption-wrapper--overlay\">\n\t\t\t\t\t\t\t\t\t\t\t<div class=\"spectra-image-gallery__media-thumbnail-caption spectra-image-gallery__media-thumbnail-caption--overlay\">\n\t\t\t\t\t4 \u0623\u0628\u0631\u064a\u0644 2025 - \u062f\u0648\u0628\u0644\u064a\u0633\u064a \u0648\u0643\u0645\u0627\u0646 \u0627\u0644\u0639\u0627\u0644\u0645\t\t\t\t<\/div>\n\t\t\t\t\t\t\t\t\t\t<\/div>\n\t\t\t\t\t\t\t\t\t<\/div>\n\t\t\t\t\t\t<\/div>\n\t\t\t\t\t\t<div class='spectra-image-gallery__media-wrapper' data-spectra-gallery-image-id='6710'>\n\t\t\t\t\t\t\t<div class=\"spectra-image-gallery__media spectra-image-gallery__media--carousel\">\n\t\t\t\t<picture>\n\t\t\t\t\t<source media=\"(min-width: 1024px)\" srcset=\"https:\/\/mairie-montataire.fr\/app\/uploads\/2025\/08\/2025-04-23-Balerina-Balerina-Cie-Le-Tas-de-Sable-7-1024x683.jpg\">\n\t\t\t\t\t<source media=\"(min-width: 768px)\" srcset=\"https:\/\/mairie-montataire.fr\/app\/uploads\/2025\/08\/2025-04-23-Balerina-Balerina-Cie-Le-Tas-de-Sable-7-1024x683.jpg\">\n\t\t\t\t\t<img decoding=\"async\" class=\"spectra-image-gallery__media-thumbnail spectra-image-gallery__media-thumbnail--carousel\" src=\"https:\/\/mairie-montataire.fr\/app\/uploads\/2025\/08\/2025-04-23-Balerina-Balerina-Cie-Le-Tas-de-Sable-7-300x200.jpg\" alt=\"\" loading=\"lazy\" \/>\n\t\t\t\t<\/picture>\n\t\t\t\t<div class=\"spectra-image-gallery__media-thumbnail-blurrer\"><\/div>\n\t\t\t\t\t\t\t\t\t\t\t<div class=\"spectra-image-gallery__media-thumbnail-caption-wrapper spectra-image-gallery__media-thumbnail-caption-wrapper--overlay\">\n\t\t\t\t\t\t\t\t\t\t\t<div class=\"spectra-image-gallery__media-thumbnail-caption spectra-image-gallery__media-thumbnail-caption--overlay\">\n\t\t\t\t\t23 \u0623\u0628\u0631\u064a\u0644 2025 - \u0628\u0627\u0644\u064a\u0631\u064a\u0646\u0627\u060c \u0628\u0627\u0644\u064a\u0631\u064a\u0646\u0627 \u0645\u0646 \u0634\u0631\u0643\u0629 \u0644\u0648 \u062a\u0627\u0633 \u062f\u064a \u0633\u0627\u0628\u0644\t\t\t\t<\/div>\n\t\t\t\t\t\t\t\t\t\t<\/div>\n\t\t\t\t\t\t\t\t\t<\/div>\n\t\t\t\t\t\t<\/div>\n\t\t\t\t\t\t<div class='spectra-image-gallery__media-wrapper' data-spectra-gallery-image-id='6711'>\n\t\t\t\t\t\t\t<div class=\"spectra-image-gallery__media spectra-image-gallery__media--carousel\">\n\t\t\t\t<picture>\n\t\t\t\t\t<source media=\"(min-width: 1024px)\" srcset=\"https:\/\/mairie-montataire.fr\/app\/uploads\/2025\/08\/2025-05-18-Concert-Amem-8-1024x683.jpg\">\n\t\t\t\t\t<source media=\"(min-width: 768px)\" srcset=\"https:\/\/mairie-montataire.fr\/app\/uploads\/2025\/08\/2025-05-18-Concert-Amem-8-1024x683.jpg\">\n\t\t\t\t\t<img decoding=\"async\" class=\"spectra-image-gallery__media-thumbnail spectra-image-gallery__media-thumbnail--carousel\" src=\"https:\/\/mairie-montataire.fr\/app\/uploads\/2025\/08\/2025-05-18-Concert-Amem-8-300x200.jpg\" alt=\"\" loading=\"lazy\" \/>\n\t\t\t\t<\/picture>\n\t\t\t\t<div class=\"spectra-image-gallery__media-thumbnail-blurrer\"><\/div>\n\t\t\t\t\t\t\t\t\t\t\t<div class=\"spectra-image-gallery__media-thumbnail-caption-wrapper spectra-image-gallery__media-thumbnail-caption-wrapper--overlay\">\n\t\t\t\t\t\t\t\t\t\t\t<div class=\"spectra-image-gallery__media-thumbnail-caption spectra-image-gallery__media-thumbnail-caption--overlay\">\n\t\t\t\t\t18 \u0645\u0627\u064a\u0648 2025 - \u062d\u0641\u0644\u0629 \u0645\u0648\u0633\u064a\u0642\u064a\u0629 \u0644\u0641\u0631\u0642\u0629 \u0645\u0648\u0646\u062a\u0627\u062a\u064a\u0631 AMEM \u0645\u0639 \u062f\u0631\u0648\u0633 \u0641\u064a \u0627\u0644\u0645\u0648\u0633\u064a\u0642\u0649 \u0627\u0644\u0645\u0639\u0627\u0635\u0631\u0629\t\t\t\t<\/div>\n\t\t\t\t\t\t\t\t\t\t<\/div>\n\t\t\t\t\t\t\t\t\t<\/div>\n\t\t\t\t\t\t<\/div>\n\t\t\t\t\t\t<div class='spectra-image-gallery__media-wrapper' data-spectra-gallery-image-id='6712'>\n\t\t\t\t\t\t\t<div class=\"spectra-image-gallery__media spectra-image-gallery__media--carousel\">\n\t\t\t\t<picture>\n\t\t\t\t\t<source media=\"(min-width: 1024px)\" srcset=\"https:\/\/mairie-montataire.fr\/app\/uploads\/2025\/08\/2025-05-24-Retour-a-Ithaque-Cie-Temps-de-Vivre-10-1024x683.jpg\">\n\t\t\t\t\t<source media=\"(min-width: 768px)\" srcset=\"https:\/\/mairie-montataire.fr\/app\/uploads\/2025\/08\/2025-05-24-Retour-a-Ithaque-Cie-Temps-de-Vivre-10-1024x683.jpg\">\n\t\t\t\t\t<img decoding=\"async\" class=\"spectra-image-gallery__media-thumbnail spectra-image-gallery__media-thumbnail--carousel\" src=\"https:\/\/mairie-montataire.fr\/app\/uploads\/2025\/08\/2025-05-24-Retour-a-Ithaque-Cie-Temps-de-Vivre-10-300x200.jpg\" alt=\"\" loading=\"lazy\" \/>\n\t\t\t\t<\/picture>\n\t\t\t\t<div class=\"spectra-image-gallery__media-thumbnail-blurrer\"><\/div>\n\t\t\t\t\t\t\t\t\t\t\t<div class=\"spectra-image-gallery__media-thumbnail-caption-wrapper spectra-image-gallery__media-thumbnail-caption-wrapper--overlay\">\n\t\t\t\t\t\t\t\t\t\t\t<div class=\"spectra-image-gallery__media-thumbnail-caption spectra-image-gallery__media-thumbnail-caption--overlay\">\n\t\t\t\t\t24 \u0645\u0627\u064a\u0648 2025 - \u0627\u0644\u0639\u0648\u062f\u0629 \u0625\u0644\u0649 \u0625\u064a\u062b\u0627\u0643\u0627 \u0645\u0646 \u0642\u0628\u0644 \u0634\u0631\u0643\u0629 Le Temps de vivre\t\t\t\t<\/div>\n\t\t\t\t\t\t\t\t\t\t<\/div>\n\t\t\t\t\t\t\t\t\t<\/div>\n\t\t\t\t\t\t<\/div>\n\t\t\t\t\t\t<div class='spectra-image-gallery__media-wrapper' data-spectra-gallery-image-id='6713'>\n\t\t\t\t\t\t\t<div class=\"spectra-image-gallery__media spectra-image-gallery__media--carousel\">\n\t\t\t\t<picture>\n\t\t\t\t\t<source media=\"(min-width: 1024px)\" srcset=\"https:\/\/mairie-montataire.fr\/app\/uploads\/2025\/08\/2025-06-03-Antropocene-LEnvol-de-lOiseau-Compagnie-de-lOriel-15-1024x683.jpg\">\n\t\t\t\t\t<source media=\"(min-width: 768px)\" srcset=\"https:\/\/mairie-montataire.fr\/app\/uploads\/2025\/08\/2025-06-03-Antropocene-LEnvol-de-lOiseau-Compagnie-de-lOriel-15-1024x683.jpg\">\n\t\t\t\t\t<img decoding=\"async\" class=\"spectra-image-gallery__media-thumbnail spectra-image-gallery__media-thumbnail--carousel\" src=\"https:\/\/mairie-montataire.fr\/app\/uploads\/2025\/08\/2025-06-03-Antropocene-LEnvol-de-lOiseau-Compagnie-de-lOriel-15-300x200.jpg\" alt=\"\" loading=\"lazy\" \/>\n\t\t\t\t<\/picture>\n\t\t\t\t<div class=\"spectra-image-gallery__media-thumbnail-blurrer\"><\/div>\n\t\t\t\t\t\t\t\t\t\t\t<div class=\"spectra-image-gallery__media-thumbnail-caption-wrapper spectra-image-gallery__media-thumbnail-caption-wrapper--overlay\">\n\t\t\t\t\t\t\t\t\t\t\t<div class=\"spectra-image-gallery__media-thumbnail-caption spectra-image-gallery__media-thumbnail-caption--overlay\">\n\t\t\t\t\t3 \u064a\u0648\u0646\u064a\u0648 2025 - \u0627\u0644\u0623\u0646\u062b\u0631\u0648\u0628\u0648\u0633\u064a\u0646: \u0625\u0646\u0641\u0648\u0644 \u062f\u064a \u0644\u0648\u064a\u0632\u0648 \u0645\u0646 \u0625\u0646\u062a\u0627\u062c \u0634\u0631\u0643\u0629 \u0623\u0648\u0631\u064a\u064a\u0644\t\t\t\t<\/div>\n\t\t\t\t\t\t\t\t\t\t<\/div>\n\t\t\t\t\t\t\t\t\t<\/div>\n\t\t\t\t\t\t<\/div>\n\t\t\t\t\t\t\t\t\t\t\t<\/div>\n\t\t\t\t\t\t\t<\/div>\n\t\t\t\t\t\t\t\t\t\t\t<\/div>\n\t\t\t\t\t\t\t\t\t\t\t<div class='spectra-image-gallery__control-lightbox' tabindex='0'>\n\t\t\t\t\t\t\t\t\t\t\t<div class=\"swiper spectra-image-gallery__control-lightbox--main\" dir=\"\">\n\t\t\t\t\t<div class=\"swiper-wrapper\">\n\t\t\t\t\t\t\t\t\t\t\t\t\t\n\t\t\t\t\t\t\t<div class=\"swiper-slide\">\n\t\t\t\t\t\t\t\t<img class=\"swiper-lazy\" data-src=\"https:\/\/mairie-montataire.fr\/app\/uploads\/2025\/08\/2024-09-20-Presentation-programmation-Palace-32-scaled.jpg\" alt=\"\"\/>\n\t\t\t\t\t\t\t\t<div class=\"swiper-lazy-preloader swiper-lazy-preloader-white\"><\/div>\n\t\t\t\t\t\t\t\t\t\t\t\t\t\t\t\t\t<div class=\"spectra-image-gallery__control-lightbox--caption\" data-spectra-gallery-image-id='6715'>\n\t\t\t\t\t\t\t\t\t\t19 \u0633\u0628\u062a\u0645\u0628\u0631 2024 - \u0627\u0641\u062a\u062a\u0627\u062d \u0627\u0644\u0645\u0648\u0633\u0645 19 \u0633\u0628\u062a\u0645\u0628\u0631 2024\t\t\t\t\t\t\t\t\t<\/div>\n\t\t\t\t\t\t\t\t\t\t\t\t\t\t\t<\/div>\n\t\t\t\t\t\t\t\t\t\t\t\t\t\n\t\t\t\t\t\t\t<div class=\"swiper-slide\">\n\t\t\t\t\t\t\t\t<img class=\"swiper-lazy\" data-src=\"https:\/\/mairie-montataire.fr\/app\/uploads\/2025\/08\/2024-09-20-Presentation-programmation-Palace-15-scaled.jpg\" alt=\"\"\/>\n\t\t\t\t\t\t\t\t<div class=\"swiper-lazy-preloader swiper-lazy-preloader-white\"><\/div>\n\t\t\t\t\t\t\t\t\t\t\t\t\t\t\t\t\t<div class=\"spectra-image-gallery__control-lightbox--caption\" data-spectra-gallery-image-id='6714'>\n\t\t\t\t\t\t\t\t\t\t19 \u0633\u0628\u062a\u0645\u0628\u0631 2024 - \u0627\u0641\u062a\u062a\u0627\u062d \u0627\u0644\u0645\u0648\u0633\u0645 \u0645\u0639 \u0643\u0648\u0645\u0628\u0627\u0646\u064a \u0644\u064a\u0643\u0648\u0631\u0646 \u062f\u064a \u0628\u0631\u0648\u0645\t\t\t\t\t\t\t\t\t<\/div>\n\t\t\t\t\t\t\t\t\t\t\t\t\t\t\t<\/div>\n\t\t\t\t\t\t\t\t\t\t\t\t\t\n\t\t\t\t\t\t\t<div class=\"swiper-slide\">\n\t\t\t\t\t\t\t\t<img class=\"swiper-lazy\" data-src=\"https:\/\/mairie-montataire.fr\/app\/uploads\/2025\/08\/2024-09-28-Paul-Molina-footfreestyle-festival-Mosaique-41-scaled.jpg\" alt=\"\"\/>\n\t\t\t\t\t\t\t\t<div class=\"swiper-lazy-preloader swiper-lazy-preloader-white\"><\/div>\n\t\t\t\t\t\t\t\t\t\t\t\t\t\t\t\t\t<div class=\"spectra-image-gallery__control-lightbox--caption\" data-spectra-gallery-image-id='6716'>\n\t\t\t\t\t\t\t\t\t\t28 \u0633\u0628\u062a\u0645\u0628\u0631 2024 - \u0645\u0648\u062a\u0627\u0646 \u0646\u0648\u0627\u0631 \u0645\u0639 \u0628\u0648\u0644 \u0645\u0648\u0644\u064a\u0646\u0627 \u0641\u064a \u0645\u0647\u0631\u062c\u0627\u0646 \u0645\u0648\u0632\u0627\u064a\u064a\u0643 \u0641\u064a \u0645\u0633\u0631\u062d \u0644\u0627 \u0641\u064a\u0646\u0633\u064a\u0631\u064a-\u0643\u0631\u064a\u0644\t\t\t\t\t\t\t\t\t<\/div>\n\t\t\t\t\t\t\t\t\t\t\t\t\t\t\t<\/div>\n\t\t\t\t\t\t\t\t\t\t\t\t\t\n\t\t\t\t\t\t\t<div class=\"swiper-slide\">\n\t\t\t\t\t\t\t\t<img class=\"swiper-lazy\" data-src=\"https:\/\/mairie-montataire.fr\/app\/uploads\/2025\/08\/2024-10-04-Orchestre-national-Barbes-Palace-28-scaled.jpg\" alt=\"\"\/>\n\t\t\t\t\t\t\t\t<div class=\"swiper-lazy-preloader swiper-lazy-preloader-white\"><\/div>\n\t\t\t\t\t\t\t\t\t\t\t\t\t\t\t\t\t<div class=\"spectra-image-gallery__control-lightbox--caption\" data-spectra-gallery-image-id='6717'>\n\t\t\t\t\t\t\t\t\t\t4 \u0623\u0643\u062a\u0648\u0628\u0631 2024 - \u0623\u0648\u0631\u0643\u0633\u062a\u0631\u0627 \u0628\u0627\u0631\u0628\u064a\u0633 \u0627\u0644\u0648\u0637\u0646\u064a\u0629\t\t\t\t\t\t\t\t\t<\/div>\n\t\t\t\t\t\t\t\t\t\t\t\t\t\t\t<\/div>\n\t\t\t\t\t\t\t\t\t\t\t\t\t\n\t\t\t\t\t\t\t<div class=\"swiper-slide\">\n\t\t\t\t\t\t\t\t<img class=\"swiper-lazy\" data-src=\"https:\/\/mairie-montataire.fr\/app\/uploads\/2025\/08\/2024-10-12-Semaine-bleue-Grains-de-sel-1.jpg\" alt=\"\"\/>\n\t\t\t\t\t\t\t\t<div class=\"swiper-lazy-preloader swiper-lazy-preloader-white\"><\/div>\n\t\t\t\t\t\t\t\t\t\t\t\t\t\t\t\t\t<div class=\"spectra-image-gallery__control-lightbox--caption\" data-spectra-gallery-image-id='6719'>\n\t\t\t\t\t\t\t\t\t\t12 \u0623\u0643\u062a\u0648\u0628\u0631 2024 - \u062d\u0628\u0648\u0628 \u0627\u0644\u0635\u0648\u062f\u064a\u0648\u0645 \u0645\u0639 \u0634\u0631\u0643\u0629 \u0644\u064a\u0643\u0648\u0631\u0646 \u062f\u064a \u0628\u0631\u0648\u0645\t\t\t\t\t\t\t\t\t<\/div>\n\t\t\t\t\t\t\t\t\t\t\t\t\t\t\t<\/div>\n\t\t\t\t\t\t\t\t\t\t\t\t\t\n\t\t\t\t\t\t\t<div class=\"swiper-slide\">\n\t\t\t\t\t\t\t\t<img class=\"swiper-lazy\" data-src=\"https:\/\/mairie-montataire.fr\/app\/uploads\/2025\/08\/2024-10-12-Concert-Darling-Buds-of-May-14-scaled.jpg\" alt=\"\"\/>\n\t\t\t\t\t\t\t\t<div class=\"swiper-lazy-preloader swiper-lazy-preloader-white\"><\/div>\n\t\t\t\t\t\t\t\t\t\t\t\t\t\t\t\t\t<div class=\"spectra-image-gallery__control-lightbox--caption\" data-spectra-gallery-image-id='6718'>\n\t\t\t\t\t\t\t\t\t\t12 \u0623\u0643\u062a\u0648\u0628\u0631 2024 - 12 \u0623\u0643\u062a\u0648\u0628\u0631 2024 - \u0628\u0631\u0627\u0639\u0645 \u0645\u0627\u064a\u0648 \u0627\u0644\u0639\u0632\u064a\u0632\u0629\t\t\t\t\t\t\t\t\t<\/div>\n\t\t\t\t\t\t\t\t\t\t\t\t\t\t\t<\/div>\n\t\t\t\t\t\t\t\t\t\t\t\t\t\n\t\t\t\t\t\t\t<div class=\"swiper-slide\">\n\t\t\t\t\t\t\t\t<img class=\"swiper-lazy\" data-src=\"https:\/\/mairie-montataire.fr\/app\/uploads\/2025\/08\/2024-10-18-Festival-Alimenterre-2-scaled.jpg\" alt=\"\"\/>\n\t\t\t\t\t\t\t\t<div class=\"swiper-lazy-preloader swiper-lazy-preloader-white\"><\/div>\n\t\t\t\t\t\t\t\t\t\t\t\t\t\t\t\t\t<div class=\"spectra-image-gallery__control-lightbox--caption\" data-spectra-gallery-image-id='6720'>\n\t\t\t\t\t\t\t\t\t\t18 \u0623\u0643\u062a\u0648\u0628\u0631 2024 - \u0645\u0647\u0631\u062c\u0627\u0646 \u0623\u0644\u064a\u0645\u064a\u0646\u062a\u064a\u0631\u064a\u0631\t\t\t\t\t\t\t\t\t<\/div>\n\t\t\t\t\t\t\t\t\t\t\t\t\t\t\t<\/div>\n\t\t\t\t\t\t\t\t\t\t\t\t\t\n\t\t\t\t\t\t\t<div class=\"swiper-slide\">\n\t\t\t\t\t\t\t\t<img class=\"swiper-lazy\" data-src=\"https:\/\/mairie-montataire.fr\/app\/uploads\/2025\/08\/2024-11-12-Nodine-Ganso-Palace-9-scaled.jpg\" alt=\"\"\/>\n\t\t\t\t\t\t\t\t<div class=\"swiper-lazy-preloader swiper-lazy-preloader-white\"><\/div>\n\t\t\t\t\t\t\t\t\t\t\t\t\t\t\t\t\t<div class=\"spectra-image-gallery__control-lightbox--caption\" data-spectra-gallery-image-id='6721'>\n\t\t\t\t\t\t\t\t\t\t8 \u0646\u0648\u0641\u0645\u0628\u0631 2024 - \u0641\u064a\u0648\u0644\u064a\u062a \u0628\u0642\u0644\u0645 \u0646\u0648\u0631 \u0627\u0644\u062f\u064a\u0646 \u0642\u0627\u0646\u0635\u0648\t\t\t\t\t\t\t\t\t<\/div>\n\t\t\t\t\t\t\t\t\t\t\t\t\t\t\t<\/div>\n\t\t\t\t\t\t\t\t\t\t\t\t\t\n\t\t\t\t\t\t\t<div class=\"swiper-slide\">\n\t\t\t\t\t\t\t\t<img class=\"swiper-lazy\" data-src=\"https:\/\/mairie-montataire.fr\/app\/uploads\/2025\/08\/2024-11-15-Elephanz-Palace-26-scaled.jpg\" alt=\"\"\/>\n\t\t\t\t\t\t\t\t<div class=\"swiper-lazy-preloader swiper-lazy-preloader-white\"><\/div>\n\t\t\t\t\t\t\t\t\t\t\t\t\t\t\t\t\t<div class=\"spectra-image-gallery__control-lightbox--caption\" data-spectra-gallery-image-id='6722'>\n\t\t\t\t\t\t\t\t\t\t15 \u0646\u0648\u0641\u0645\u0628\u0631 2024 - ELEPHANZ\t\t\t\t\t\t\t\t\t<\/div>\n\t\t\t\t\t\t\t\t\t\t\t\t\t\t\t<\/div>\n\t\t\t\t\t\t\t\t\t\t\t\t\t\n\t\t\t\t\t\t\t<div class=\"swiper-slide\">\n\t\t\t\t\t\t\t\t<img class=\"swiper-lazy\" data-src=\"https:\/\/mairie-montataire.fr\/app\/uploads\/2025\/08\/2024-12-14-Concert-Noel-AMEM-14-scaled.jpg\" alt=\"\"\/>\n\t\t\t\t\t\t\t\t<div class=\"swiper-lazy-preloader swiper-lazy-preloader-white\"><\/div>\n\t\t\t\t\t\t\t\t\t\t\t\t\t\t\t\t\t<div class=\"spectra-image-gallery__control-lightbox--caption\" data-spectra-gallery-image-id='6723'>\n\t\t\t\t\t\t\t\t\t\t14 \u062f\u064a\u0633\u0645\u0628\u0631 2024 - \u062d\u0641\u0644 \u0639\u064a\u062f \u0627\u0644\u0645\u064a\u0644\u0627\u062f \u0627\u0644\u0630\u064a \u0623\u0642\u0627\u0645\u062a\u0647 \u0623\u0645\u064a\u0645 \u0645\u0648\u0646\u062a\u0627\u062a\u064a\u0631\t\t\t\t\t\t\t\t\t<\/div>\n\t\t\t\t\t\t\t\t\t\t\t\t\t\t\t<\/div>\n\t\t\t\t\t\t\t\t\t\t\t\t\t\n\t\t\t\t\t\t\t<div class=\"swiper-slide\">\n\t\t\t\t\t\t\t\t<img class=\"swiper-lazy\" data-src=\"https:\/\/mairie-montataire.fr\/app\/uploads\/2025\/08\/2025-01-24-Soiree-SOS-Mediterranee-1-scaled.jpg\" alt=\"\"\/>\n\t\t\t\t\t\t\t\t<div class=\"swiper-lazy-preloader swiper-lazy-preloader-white\"><\/div>\n\t\t\t\t\t\t\t\t\t\t\t\t\t\t\t\t\t<div class=\"spectra-image-gallery__control-lightbox--caption\" data-spectra-gallery-image-id='6724'>\n\t\t\t\t\t\t\t\t\t\t24 \u064a\u0646\u0627\u064a\u0631 2025 - \u0627\u0644\u0633\u0641\u064a\u0646\u0629 \u0627\u0644\u0623\u0645 \u0645\u0639 SOS M\u00e9diterrann\u00e9e\t\t\t\t\t\t\t\t\t<\/div>\n\t\t\t\t\t\t\t\t\t\t\t\t\t\t\t<\/div>\n\t\t\t\t\t\t\t\t\t\t\t\t\t\n\t\t\t\t\t\t\t<div class=\"swiper-slide\">\n\t\t\t\t\t\t\t\t<img class=\"swiper-lazy\" data-src=\"https:\/\/mairie-montataire.fr\/app\/uploads\/2025\/08\/2025-01-29-Miam-Palace-5-scaled.jpg\" alt=\"\"\/>\n\t\t\t\t\t\t\t\t<div class=\"swiper-lazy-preloader swiper-lazy-preloader-white\"><\/div>\n\t\t\t\t\t\t\t\t\t\t\t\t\t\t\t\t\t<div class=\"spectra-image-gallery__control-lightbox--caption\" data-spectra-gallery-image-id='6725'>\n\t\t\t\t\t\t\t\t\t\t29 \u064a\u0646\u0627\u064a\u0631 2025 - \u0645\u064a\u0627\u0645\u064a \u0645\u0639 \u0634\u0631\u0643\u0629 OUI merci  \t\t\t\t\t\t\t\t\t<\/div>\n\t\t\t\t\t\t\t\t\t\t\t\t\t\t\t<\/div>\n\t\t\t\t\t\t\t\t\t\t\t\t\t\n\t\t\t\t\t\t\t<div class=\"swiper-slide\">\n\t\t\t\t\t\t\t\t<img class=\"swiper-lazy\" data-src=\"https:\/\/mairie-montataire.fr\/app\/uploads\/2025\/08\/2025-02-02-AMEM-Concert-des-professeurs-15-scaled.jpg\" alt=\"\"\/>\n\t\t\t\t\t\t\t\t<div class=\"swiper-lazy-preloader swiper-lazy-preloader-white\"><\/div>\n\t\t\t\t\t\t\t\t\t\t\t\t\t\t\t\t\t<div class=\"spectra-image-gallery__control-lightbox--caption\" data-spectra-gallery-image-id='6703'>\n\t\t\t\t\t\t\t\t\t\t2 \u0641\u0628\u0631\u0627\u064a\u0631 2025 - \u062d\u0641\u0644\u0629 \u0645\u0648\u0633\u064a\u0642\u064a\u0629 \u0644\u0644\u0645\u0639\u0644\u0645\u064a\u0646 \u0645\u0639 \u0641\u0631\u0642\u0629 \u0645\u0648\u0646\u062a\u0627\u062a\u064a\u0631 AMEM\t\t\t\t\t\t\t\t\t<\/div>\n\t\t\t\t\t\t\t\t\t\t\t\t\t\t\t<\/div>\n\t\t\t\t\t\t\t\t\t\t\t\t\t\n\t\t\t\t\t\t\t<div class=\"swiper-slide\">\n\t\t\t\t\t\t\t\t<img class=\"swiper-lazy\" data-src=\"https:\/\/mairie-montataire.fr\/app\/uploads\/2025\/08\/2025-02-07-LAfrique-en-fete-spectacle-7-scaled.jpg\" alt=\"\"\/>\n\t\t\t\t\t\t\t\t<div class=\"swiper-lazy-preloader swiper-lazy-preloader-white\"><\/div>\n\t\t\t\t\t\t\t\t\t\t\t\t\t\t\t\t\t<div class=\"spectra-image-gallery__control-lightbox--caption\" data-spectra-gallery-image-id='6704'>\n\t\t\t\t\t\t\t\t\t\t7 \u0641\u0628\u0631\u0627\u064a\u0631 2025 - \u0623\u0641\u0631\u064a\u0642\u064a\u0627 \u062a\u062d\u062a\u0641\u0644 \u0645\u0639 \u0623\u0645\u0648 \u062a\u0627\u062a\u064a \u0644\u0627 \u0641\u064a\u0645 \u062f\u0648 \u0641\u064a\u064a\u0631 (\u062a\u0627\u062a\u064a\u0627\u0646\u0627 \u0631\u0648\u062e\u0648)\t\t\t\t\t\t\t\t\t<\/div>\n\t\t\t\t\t\t\t\t\t\t\t\t\t\t\t<\/div>\n\t\t\t\t\t\t\t\t\t\t\t\t\t\n\t\t\t\t\t\t\t<div class=\"swiper-slide\">\n\t\t\t\t\t\t\t\t<img class=\"swiper-lazy\" data-src=\"https:\/\/mairie-montataire.fr\/app\/uploads\/2025\/08\/2025-02-26-Fuega-Palace-14-scaled.jpg\" alt=\"\"\/>\n\t\t\t\t\t\t\t\t<div class=\"swiper-lazy-preloader swiper-lazy-preloader-white\"><\/div>\n\t\t\t\t\t\t\t\t\t\t\t\t\t\t\t\t\t<div class=\"spectra-image-gallery__control-lightbox--caption\" data-spectra-gallery-image-id='6705'>\n\t\t\t\t\t\t\t\t\t\t26 \u0641\u0628\u0631\u0627\u064a\u0631 2025 - \u0641\u0648\u064a\u063a\u0648\u0627 - \u0642\u0627\u0628\u0644\u062a \u062e\u0646\u0632\u064a\u0631\u064b\u0627 \u0628\u0631\u064a\u064b\u0627 \u0645\u0646 \u0642\u0628\u0644 \u0634\u0631\u0643\u0629 Mon grand l'ombre\t\t\t\t\t\t\t\t\t<\/div>\n\t\t\t\t\t\t\t\t\t\t\t\t\t\t\t<\/div>\n\t\t\t\t\t\t\t\t\t\t\t\t\t\n\t\t\t\t\t\t\t<div class=\"swiper-slide\">\n\t\t\t\t\t\t\t\t<img class=\"swiper-lazy\" data-src=\"https:\/\/mairie-montataire.fr\/app\/uploads\/2025\/08\/2025-03-08-Moonlight-Benjamin-Palace-49-scaled.jpg\" alt=\"\"\/>\n\t\t\t\t\t\t\t\t<div class=\"swiper-lazy-preloader swiper-lazy-preloader-white\"><\/div>\n\t\t\t\t\t\t\t\t\t\t\t\t\t\t\t\t\t<div class=\"spectra-image-gallery__control-lightbox--caption\" data-spectra-gallery-image-id='6706'>\n\t\t\t\t\t\t\t\t\t\t8 \u0645\u0627\u0631\u0633 2025 - \u0645\u0648\u0646\u0644\u0627\u064a\u062a \u0628\u0646\u062c\u0627\u0645\u064a\u0646 \u0641\u064a \u0625\u0637\u0627\u0631 \u0627\u0644\u064a\u0648\u0645 \u0627\u0644\u0639\u0627\u0644\u0645\u064a \u0644\u062d\u0642\u0648\u0642 \u0627\u0644\u0645\u0631\u0623\u0629 \u0641\u064a 8 \u0645\u0627\u0631\u0633 2025 \t\t\t\t\t\t\t\t\t<\/div>\n\t\t\t\t\t\t\t\t\t\t\t\t\t\t\t<\/div>\n\t\t\t\t\t\t\t\t\t\t\t\t\t\n\t\t\t\t\t\t\t<div class=\"swiper-slide\">\n\t\t\t\t\t\t\t\t<img class=\"swiper-lazy\" data-src=\"https:\/\/mairie-montataire.fr\/app\/uploads\/2025\/08\/2025-03-14-spectacle-Saga-Moliere-Cie-Les-Estivants-14-scaled.jpg\" alt=\"\"\/>\n\t\t\t\t\t\t\t\t<div class=\"swiper-lazy-preloader swiper-lazy-preloader-white\"><\/div>\n\t\t\t\t\t\t\t\t\t\t\t\t\t\t\t\t\t<div class=\"spectra-image-gallery__control-lightbox--caption\" data-spectra-gallery-image-id='6707'>\n\t\t\t\t\t\t\t\t\t\t14 \u0645\u0627\u0631\u0633 2025 - \u0645\u0644\u062d\u0645\u0629 \u0645\u0648\u0644\u064a\u064a\u0631 \u0645\u0646 \u0625\u0646\u062a\u0627\u062c \u0634\u0631\u0643\u0629 Les Estivants\t\t\t\t\t\t\t\t\t<\/div>\n\t\t\t\t\t\t\t\t\t\t\t\t\t\t\t<\/div>\n\t\t\t\t\t\t\t\t\t\t\t\t\t\n\t\t\t\t\t\t\t<div class=\"swiper-slide\">\n\t\t\t\t\t\t\t\t<img class=\"swiper-lazy\" data-src=\"https:\/\/mairie-montataire.fr\/app\/uploads\/2025\/08\/2025-03-20-Taha-Palace-4.jpg\" alt=\"\"\/>\n\t\t\t\t\t\t\t\t<div class=\"swiper-lazy-preloader swiper-lazy-preloader-white\"><\/div>\n\t\t\t\t\t\t\t\t\t\t\t\t\t\t\t\t\t<div class=\"spectra-image-gallery__control-lightbox--caption\" data-spectra-gallery-image-id='6708'>\n\t\t\t\t\t\t\t\t\t\t20 \u0645\u0627\u0631\u0633 2025 - 20 \u0645\u0627\u0631\u0633 2025 - TAHA \u0645\u0646 \u0623\u0631\u0648\u0645\t\t\t\t\t\t\t\t\t<\/div>\n\t\t\t\t\t\t\t\t\t\t\t\t\t\t\t<\/div>\n\t\t\t\t\t\t\t\t\t\t\t\t\t\n\t\t\t\t\t\t\t<div class=\"swiper-slide\">\n\t\t\t\t\t\t\t\t<img class=\"swiper-lazy\" data-src=\"https:\/\/mairie-montataire.fr\/app\/uploads\/2025\/08\/2025-04-04-Duplessy-The-violins-of-the-world-8-scaled.jpg\" alt=\"\"\/>\n\t\t\t\t\t\t\t\t<div class=\"swiper-lazy-preloader swiper-lazy-preloader-white\"><\/div>\n\t\t\t\t\t\t\t\t\t\t\t\t\t\t\t\t\t<div class=\"spectra-image-gallery__control-lightbox--caption\" data-spectra-gallery-image-id='6709'>\n\t\t\t\t\t\t\t\t\t\t4 \u0623\u0628\u0631\u064a\u0644 2025 - \u062f\u0648\u0628\u0644\u064a\u0633\u064a \u0648\u0643\u0645\u0627\u0646 \u0627\u0644\u0639\u0627\u0644\u0645\t\t\t\t\t\t\t\t\t<\/div>\n\t\t\t\t\t\t\t\t\t\t\t\t\t\t\t<\/div>\n\t\t\t\t\t\t\t\t\t\t\t\t\t\n\t\t\t\t\t\t\t<div class=\"swiper-slide\">\n\t\t\t\t\t\t\t\t<img class=\"swiper-lazy\" data-src=\"https:\/\/mairie-montataire.fr\/app\/uploads\/2025\/08\/2025-04-23-Balerina-Balerina-Cie-Le-Tas-de-Sable-7-scaled.jpg\" alt=\"\"\/>\n\t\t\t\t\t\t\t\t<div class=\"swiper-lazy-preloader swiper-lazy-preloader-white\"><\/div>\n\t\t\t\t\t\t\t\t\t\t\t\t\t\t\t\t\t<div class=\"spectra-image-gallery__control-lightbox--caption\" data-spectra-gallery-image-id='6710'>\n\t\t\t\t\t\t\t\t\t\t23 \u0623\u0628\u0631\u064a\u0644 2025 - \u0628\u0627\u0644\u064a\u0631\u064a\u0646\u0627\u060c \u0628\u0627\u0644\u064a\u0631\u064a\u0646\u0627 \u0645\u0646 \u0634\u0631\u0643\u0629 \u0644\u0648 \u062a\u0627\u0633 \u062f\u064a \u0633\u0627\u0628\u0644\t\t\t\t\t\t\t\t\t<\/div>\n\t\t\t\t\t\t\t\t\t\t\t\t\t\t\t<\/div>\n\t\t\t\t\t\t\t\t\t\t\t\t\t\n\t\t\t\t\t\t\t<div class=\"swiper-slide\">\n\t\t\t\t\t\t\t\t<img class=\"swiper-lazy\" data-src=\"https:\/\/mairie-montataire.fr\/app\/uploads\/2025\/08\/2025-05-18-Concert-Amem-8-scaled.jpg\" alt=\"\"\/>\n\t\t\t\t\t\t\t\t<div class=\"swiper-lazy-preloader swiper-lazy-preloader-white\"><\/div>\n\t\t\t\t\t\t\t\t\t\t\t\t\t\t\t\t\t<div class=\"spectra-image-gallery__control-lightbox--caption\" data-spectra-gallery-image-id='6711'>\n\t\t\t\t\t\t\t\t\t\t18 \u0645\u0627\u064a\u0648 2025 - \u062d\u0641\u0644\u0629 \u0645\u0648\u0633\u064a\u0642\u064a\u0629 \u0644\u0641\u0631\u0642\u0629 \u0645\u0648\u0646\u062a\u0627\u062a\u064a\u0631 AMEM \u0645\u0639 \u062f\u0631\u0648\u0633 \u0641\u064a \u0627\u0644\u0645\u0648\u0633\u064a\u0642\u0649 \u0627\u0644\u0645\u0639\u0627\u0635\u0631\u0629\t\t\t\t\t\t\t\t\t<\/div>\n\t\t\t\t\t\t\t\t\t\t\t\t\t\t\t<\/div>\n\t\t\t\t\t\t\t\t\t\t\t\t\t\n\t\t\t\t\t\t\t<div class=\"swiper-slide\">\n\t\t\t\t\t\t\t\t<img class=\"swiper-lazy\" data-src=\"https:\/\/mairie-montataire.fr\/app\/uploads\/2025\/08\/2025-05-24-Retour-a-Ithaque-Cie-Temps-de-Vivre-10-scaled.jpg\" alt=\"\"\/>\n\t\t\t\t\t\t\t\t<div class=\"swiper-lazy-preloader swiper-lazy-preloader-white\"><\/div>\n\t\t\t\t\t\t\t\t\t\t\t\t\t\t\t\t\t<div class=\"spectra-image-gallery__control-lightbox--caption\" data-spectra-gallery-image-id='6712'>\n\t\t\t\t\t\t\t\t\t\t24 \u0645\u0627\u064a\u0648 2025 - \u0627\u0644\u0639\u0648\u062f\u0629 \u0625\u0644\u0649 \u0625\u064a\u062b\u0627\u0643\u0627 \u0645\u0646 \u0642\u0628\u0644 \u0634\u0631\u0643\u0629 Le Temps de vivre\t\t\t\t\t\t\t\t\t<\/div>\n\t\t\t\t\t\t\t\t\t\t\t\t\t\t\t<\/div>\n\t\t\t\t\t\t\t\t\t\t\t\t\t\n\t\t\t\t\t\t\t<div class=\"swiper-slide\">\n\t\t\t\t\t\t\t\t<img class=\"swiper-lazy\" data-src=\"https:\/\/mairie-montataire.fr\/app\/uploads\/2025\/08\/2025-06-03-Antropocene-LEnvol-de-lOiseau-Compagnie-de-lOriel-15-scaled.jpg\" alt=\"\"\/>\n\t\t\t\t\t\t\t\t<div class=\"swiper-lazy-preloader swiper-lazy-preloader-white\"><\/div>\n\t\t\t\t\t\t\t\t\t\t\t\t\t\t\t\t\t<div class=\"spectra-image-gallery__control-lightbox--caption\" data-spectra-gallery-image-id='6713'>\n\t\t\t\t\t\t\t\t\t\t3 \u064a\u0648\u0646\u064a\u0648 2025 - \u0627\u0644\u0623\u0646\u062b\u0631\u0648\u0628\u0648\u0633\u064a\u0646: \u0625\u0646\u0641\u0648\u0644 \u062f\u064a \u0644\u0648\u064a\u0632\u0648 \u0645\u0646 \u0625\u0646\u062a\u0627\u062c \u0634\u0631\u0643\u0629 \u0623\u0648\u0631\u064a\u064a\u0644\t\t\t\t\t\t\t\t\t<\/div>\n\t\t\t\t\t\t\t\t\t\t\t\t\t\t\t<\/div>\n\t\t\t\t\t\t\t\t\t\t\t<\/div>\n\t\t\t\t\t<div class=\"swiper-button-next\"><\/div>\n\t\t\t\t\t<div class=\"swiper-button-prev\"><\/div>\n\t\t\t\t<\/div>\t\t\t\n\t\t\t\t\t\t\t\t\t\t\t\t\t\t\t\t\t\t\t\t\t\t\t\t\t\t\t\t\t\t\t\t<button class='spectra-image-gallery__control-lightbox--close' aria-label=\"\u0625\u063a\u0644\u0627\u0642\">\n\t\t\t\t\t\t\t\t\t\t\t\t\t<svg xmlns=\"https:\/\/www.w3.org\/2000\/svg\" viewbox= \"0 0 320 512\"><path d=\"M310.6 361.4c12.5 12.5 12.5 32.75 0 45.25C304.4 412.9 296.2 416 288 416s-16.38-3.125-22.62-9.375L160 301.3L54.63 406.6C48.38 412.9 40.19 416 32 416S15.63 412.9 9.375 406.6c-12.5-12.5-12.5-32.75 0-45.25l105.4-105.4L9.375 150.6c-12.5-12.5-12.5-32.75 0-45.25s32.75-12.5 45.25 0L160 210.8l105.4-105.4c12.5-12.5 32.75-12.5 45.25 0s12.5 32.75 0 45.25l-105.4 105.4L310.6 361.4z\"><\/path><\/svg>\n\t\t\t\t\t\t\t\t\t\t\t\t<\/button>\n\t\t\t\t\t\t\t\t\t\t\t\t\t<\/div>","protected":false},"excerpt":{"rendered":"<p>\u0643\u0645\u0627 \u062a\u0644\u062a\u0632\u0645 \u0627\u0644\u0628\u0644\u062f\u064a\u0629 \u0628\u062f\u0639\u0645 \u0627\u0644\u0639\u0645\u0644 \u0627\u0644\u0625\u0628\u062f\u0627\u0639\u064a \u0645\u0646 \u062e\u0644\u0627\u0644 \u0627\u0644\u0625\u0646\u062a\u0627\u062c \u0627\u0644\u0645\u0634\u062a\u0631\u0643 \u0648\u0627\u0633\u062a\u0636\u0627\u0641\u0629 \u0627\u0644\u0634\u0631\u0643\u0627\u062a \u0627\u0644\u0645\u0642\u064a\u0645\u0629. \u0642\u0627\u0639\u0629 \u0639\u0631\u0636 \u0628\u0623\u0628\u0639\u0627\u062f \u0627\u0644\u0645\u0633\u0631\u062d \u0633\u0639\u0629 \u0627\u0644\u0645\u0633\u0631\u062d \u0641\u0631\u064a\u0642 \u0645\u062a\u062e\u0635\u0635 \u0639\u0631\u0636 \u0627\u0644\u0645\u0648\u0633\u0645 \u0627\u0644\u062b\u0642\u0627\u0641\u064a 23\/24 :<\/p>","protected":false},"author":1,"featured_media":1057,"parent":48,"menu_order":42,"comment_status":"closed","ping_status":"closed","template":"","meta":{"_acf_changed":false,"_uag_custom_page_level_css":"","footnotes":""},"class_list":["post-60","page","type-page","status-publish","has-post-thumbnail","hentry"],"acf":[],"uagb_featured_image_src":{"full":["https:\/\/mairie-montataire.fr\/app\/uploads\/2024\/07\/2.1.1_presentation-1.jpg",480,319,false],"thumbnail":["https:\/\/mairie-montataire.fr\/app\/uploads\/2024\/07\/2.1.1_presentation-1-150x150.jpg",150,150,true],"medium":["https:\/\/mairie-montataire.fr\/app\/uploads\/2024\/07\/2.1.1_presentation-1-300x199.jpg",300,199,true],"medium_large":["https:\/\/mairie-montataire.fr\/app\/uploads\/2024\/07\/2.1.1_presentation-1.jpg",480,319,false],"large":["https:\/\/mairie-montataire.fr\/app\/uploads\/2024\/07\/2.1.1_presentation-1.jpg",480,319,false],"1536x1536":["https:\/\/mairie-montataire.fr\/app\/uploads\/2024\/07\/2.1.1_presentation-1.jpg",480,319,false],"2048x2048":["https:\/\/mairie-montataire.fr\/app\/uploads\/2024\/07\/2.1.1_presentation-1.jpg",480,319,false],"trp-custom-language-flag":["https:\/\/mairie-montataire.fr\/app\/uploads\/2024\/07\/2.1.1_presentation-1.jpg",18,12,false],"gform-image-choice-sm":["https:\/\/mairie-montataire.fr\/app\/uploads\/2024\/07\/2.1.1_presentation-1.jpg",300,199,false],"gform-image-choice-md":["https:\/\/mairie-montataire.fr\/app\/uploads\/2024\/07\/2.1.1_presentation-1.jpg",400,266,false],"gform-image-choice-lg":["https:\/\/mairie-montataire.fr\/app\/uploads\/2024\/07\/2.1.1_presentation-1.jpg",480,319,false]},"uagb_author_info":{"display_name":"mentalworks","author_link":"https:\/\/mairie-montataire.fr\/ar\/actualites\/author\/mentalworks\/"},"uagb_comment_info":0,"uagb_excerpt":"La municipalit\u00e9 s\u2019engage aussi dans le soutien \u00e0 la cr\u00e9ation \u00e0 travers la coproduction et l\u2019accueil de compagnies en r\u00e9sidence. Une salle de spectacle Dimensions sc\u00e9niques Capacit\u00e9 Une \u00e9quipe sp\u00e9cialis\u00e9e Vue sur la saison culturelle 23\/24 :","_links":{"self":[{"href":"https:\/\/mairie-montataire.fr\/ar\/wp-json\/wp\/v2\/pages\/60","targetHints":{"allow":["GET"]}}],"collection":[{"href":"https:\/\/mairie-montataire.fr\/ar\/wp-json\/wp\/v2\/pages"}],"about":[{"href":"https:\/\/mairie-montataire.fr\/ar\/wp-json\/wp\/v2\/types\/page"}],"author":[{"embeddable":true,"href":"https:\/\/mairie-montataire.fr\/ar\/wp-json\/wp\/v2\/users\/1"}],"replies":[{"embeddable":true,"href":"https:\/\/mairie-montataire.fr\/ar\/wp-json\/wp\/v2\/comments?post=60"}],"version-history":[{"count":70,"href":"https:\/\/mairie-montataire.fr\/ar\/wp-json\/wp\/v2\/pages\/60\/revisions"}],"predecessor-version":[{"id":7206,"href":"https:\/\/mairie-montataire.fr\/ar\/wp-json\/wp\/v2\/pages\/60\/revisions\/7206"}],"up":[{"embeddable":true,"href":"https:\/\/mairie-montataire.fr\/ar\/wp-json\/wp\/v2\/pages\/48"}],"wp:featuredmedia":[{"embeddable":true,"href":"https:\/\/mairie-montataire.fr\/ar\/wp-json\/wp\/v2\/media\/1057"}],"wp:attachment":[{"href":"https:\/\/mairie-montataire.fr\/ar\/wp-json\/wp\/v2\/media?parent=60"}],"curies":[{"name":"\u062f\u0628\u0644\u064a\u0648 \u0628\u064a","href":"https:\/\/api.w.org\/{rel}","templated":true}]}}