{"id":54,"date":"2024-05-03T09:13:05","date_gmt":"2024-05-03T09:13:05","guid":{"rendered":"https:\/\/montataire.local\/?page_id=54"},"modified":"2024-08-14T09:20:03","modified_gmt":"2024-08-14T09:20:03","slug":"%d8%a7%d9%84%d8%ac%d9%85%d8%b9%d9%8a%d8%a7%d8%aa","status":"publish","type":"page","link":"https:\/\/mairie-montataire.fr\/ar\/s-epanouir\/les-associations\/","title":{"rendered":"\u0627\u0644\u062c\u0645\u0639\u064a\u0627\u062a"},"content":{"rendered":"<p><strong>\u0625\u0646 \u062a\u0639\u062f\u062f \u062c\u0645\u0639\u064a\u0627\u062a\u0646\u0627 \u0648\u062a\u0646\u0648\u0639\u0647\u0627 \u0647\u0648 \u0627\u0644\u0642\u0644\u0628 \u0627\u0644\u0646\u0627\u0628\u0636 \u0644\u0645\u062f\u064a\u0646\u062a\u0646\u0627. \u0645\u0646 \u0627\u0644\u062b\u0642\u0627\u0641\u0629 \u0625\u0644\u0649 \u0627\u0644\u0631\u064a\u0627\u0636\u0629\u060c \u0648\u0645\u0646 \u0627\u0644\u0639\u0645\u0644 \u0627\u0644\u0627\u062c\u062a\u0645\u0627\u0639\u064a \u0625\u0644\u0649 \u0627\u0644\u0628\u064a\u0626\u0629\u060c \u0643\u0644 \u0634\u062e\u0635 \u0644\u062f\u064a\u0647 \u0634\u063a\u0641\u0647 \u0627\u0644\u062e\u0627\u0635 \u0648\u064a\u0633\u0627\u0647\u0645 \u0641\u064a \u0646\u0633\u062c \u0627\u0644\u0631\u0648\u0627\u0628\u0637 \u0627\u0644\u062a\u064a \u062a\u0634\u0643\u0644 \u0645\u062c\u062a\u0645\u0639\u0646\u0627. \u0648\u0628\u0647\u0630\u0647 \u0627\u0644\u0637\u0631\u064a\u0642\u0629\u060c \u064a\u0635\u0628\u062d \u0643\u0644 \u0645\u0648\u0627\u0637\u0646 \u0644\u0627\u0639\u0628\u0627\u064b \u0643\u0627\u0645\u0644\u0627\u064b \u0641\u064a \u0627\u0644\u062d\u064a\u0627\u0629 \u0627\u0644\u0645\u062d\u0644\u064a\u0629.<\/strong><strong>\u0648\u0644\u0644\u062d\u0641\u0627\u0638 \u0639\u0644\u0649 \u0647\u0630\u0627 \u0627\u0644\u0632\u062e\u0645\u060c \u064a\u0642\u062f\u0645 \u0645\u062c\u0644\u0633 \u0627\u0644\u0645\u062f\u064a\u0646\u0629 \u0627\u0644\u0625\u0639\u0627\u0646\u0627\u062a \u0648\u0627\u0644\u062e\u062f\u0645\u0627\u062a \u0648\u0627\u0644\u063a\u0631\u0641 \u0648\u0627\u0644\u0645\u0639\u062f\u0627\u062a \u0648\u062d\u0627\u0641\u0644\u0629 \u0635\u063a\u064a\u0631\u0629. <\/strong><strong>\u0643\u0645\u0627 \u0623\u0646\u0647\u0627 \u062a\u0646\u0638\u0645 \u0645\u0647\u0631\u062c\u0627\u0646\u0627\u064b \u0644\u0644\u062c\u0645\u0639\u064a\u0627\u062a \u0643\u0644 \u0639\u0627\u0645 \u0641\u064a \u0623\u0648\u0627\u0626\u0644 \u0633\u0628\u062a\u0645\u0628\u0631 \u0645\u0646 \u0643\u0644 \u0639\u0627\u0645.<\/strong><\/p>\n\n\n\n<div style=\"height:44px\" aria-hidden=\"true\" class=\"wp-block-spacer\"><\/div>\n\n\n\n<div class=\"wp-block-uagb-buttons uagb-buttons__outer-wrap uagb-btn__default-btn uagb-btn-tablet__default-btn uagb-btn-mobile__default-btn uagb-block-880ff14b\"><div class=\"uagb-buttons__wrap uagb-buttons-layout-wrap\">\n<div class=\"wp-block-uagb-buttons-child uagb-buttons__outer-wrap uagb-block-892171ac wp-block-button\"><div class=\"uagb-button__wrapper\"><a class=\"uagb-buttons-repeater wp-block-button__link\" aria-label=\"\" href=\"https:\/\/mairie-montataire.fr\/ar\/%d8%a7%d9%84%d8%af%d9%84%d8%a7%d8%a6%d9%84\/?categorie=associations&amp;ordre=a-z\" rel=\"follow noopener\" target=\"_self\" role=\"button\"><div class=\"uagb-button__link\"><strong>\u0627\u0644\u0628\u062d\u062b \u0639\u0646 \u062c\u0645\u064a\u0639 \u0627\u0644\u0627\u0631\u062a\u0628\u0627\u0637\u0627\u062a \u0641\u064a \u0627\u0644\u062f\u0644\u064a\u0644<\/strong><\/div><span class=\"uagb-button__icon uagb-button__icon-position-after\"><svg xmlns=\"https:\/\/www.w3.org\/2000\/svg\" viewbox=\"0 0 448 512\" aria-hidden=\"true\" focussable=\"false\"><path d=\"M438.6 278.6l-160 160C272.4 444.9 264.2 448 256 448s-16.38-3.125-22.62-9.375c-12.5-12.5-12.5-32.75 0-45.25L338.8 288H32C14.33 288 .0016 273.7 .0016 256S14.33 224 32 224h306.8l-105.4-105.4c-12.5-12.5-12.5-32.75 0-45.25s32.75-12.5 45.25 0l160 160C451.1 245.9 451.1 266.1 438.6 278.6z\"><\/path><\/svg><\/span><\/a><\/div><\/div>\n<\/div><\/div>","protected":false},"excerpt":{"rendered":"<p>La multitude et la diversit\u00e9 de nos associations font battre le c\u0153ur de notre ville. De la culture au sport, en passant par le social et l&rsquo;environnement, chacun trouve sa passion et contribue \u00e0 tisser les liens qui font notre communaut\u00e9. Ainsi, chaque citoyen devient un acteur \u00e0 part enti\u00e8re de la vie locale.Pour pr\u00e9server [&hellip;]<\/p>\n","protected":false},"author":1,"featured_media":1397,"parent":34,"menu_order":49,"comment_status":"closed","ping_status":"closed","template":"","meta":{"_acf_changed":false,"_uag_custom_page_level_css":"","footnotes":""},"class_list":["post-54","page","type-page","status-publish","has-post-thumbnail","hentry"],"acf":[],"uagb_featured_image_src":{"full":["https:\/\/mairie-montataire.fr\/app\/uploads\/2024\/07\/2.4_fete_des_assos.jpg",500,333,false],"thumbnail":["https:\/\/mairie-montataire.fr\/app\/uploads\/2024\/07\/2.4_fete_des_assos-150x150.jpg",150,150,true],"medium":["https:\/\/mairie-montataire.fr\/app\/uploads\/2024\/07\/2.4_fete_des_assos-300x200.jpg",300,200,true],"medium_large":["https:\/\/mairie-montataire.fr\/app\/uploads\/2024\/07\/2.4_fete_des_assos.jpg",500,333,false],"large":["https:\/\/mairie-montataire.fr\/app\/uploads\/2024\/07\/2.4_fete_des_assos.jpg",500,333,false],"1536x1536":["https:\/\/mairie-montataire.fr\/app\/uploads\/2024\/07\/2.4_fete_des_assos.jpg",500,333,false],"2048x2048":["https:\/\/mairie-montataire.fr\/app\/uploads\/2024\/07\/2.4_fete_des_assos.jpg",500,333,false],"trp-custom-language-flag":["https:\/\/mairie-montataire.fr\/app\/uploads\/2024\/07\/2.4_fete_des_assos.jpg",18,12,false],"gform-image-choice-sm":["https:\/\/mairie-montataire.fr\/app\/uploads\/2024\/07\/2.4_fete_des_assos.jpg",300,200,false],"gform-image-choice-md":["https:\/\/mairie-montataire.fr\/app\/uploads\/2024\/07\/2.4_fete_des_assos.jpg",400,266,false],"gform-image-choice-lg":["https:\/\/mairie-montataire.fr\/app\/uploads\/2024\/07\/2.4_fete_des_assos.jpg",500,333,false]},"uagb_author_info":{"display_name":"mentalworks","author_link":"https:\/\/mairie-montataire.fr\/ar\/actualites\/author\/mentalworks\/"},"uagb_comment_info":0,"uagb_excerpt":"La multitude et la diversit\u00e9 de nos associations font battre le c\u0153ur de notre ville. De la culture au sport, en passant par le social et l&rsquo;environnement, chacun trouve sa passion et contribue \u00e0 tisser les liens qui font notre communaut\u00e9. Ainsi, chaque citoyen devient un acteur \u00e0 part enti\u00e8re de la vie locale.Pour pr\u00e9server&hellip;","_links":{"self":[{"href":"https:\/\/mairie-montataire.fr\/ar\/wp-json\/wp\/v2\/pages\/54","targetHints":{"allow":["GET"]}}],"collection":[{"href":"https:\/\/mairie-montataire.fr\/ar\/wp-json\/wp\/v2\/pages"}],"about":[{"href":"https:\/\/mairie-montataire.fr\/ar\/wp-json\/wp\/v2\/types\/page"}],"author":[{"embeddable":true,"href":"https:\/\/mairie-montataire.fr\/ar\/wp-json\/wp\/v2\/users\/1"}],"replies":[{"embeddable":true,"href":"https:\/\/mairie-montataire.fr\/ar\/wp-json\/wp\/v2\/comments?post=54"}],"version-history":[{"count":5,"href":"https:\/\/mairie-montataire.fr\/ar\/wp-json\/wp\/v2\/pages\/54\/revisions"}],"predecessor-version":[{"id":3424,"href":"https:\/\/mairie-montataire.fr\/ar\/wp-json\/wp\/v2\/pages\/54\/revisions\/3424"}],"up":[{"embeddable":true,"href":"https:\/\/mairie-montataire.fr\/ar\/wp-json\/wp\/v2\/pages\/34"}],"wp:featuredmedia":[{"embeddable":true,"href":"https:\/\/mairie-montataire.fr\/ar\/wp-json\/wp\/v2\/media\/1397"}],"wp:attachment":[{"href":"https:\/\/mairie-montataire.fr\/ar\/wp-json\/wp\/v2\/media?parent=54"}],"curies":[{"name":"\u062f\u0628\u0644\u064a\u0648 \u0628\u064a","href":"https:\/\/api.w.org\/{rel}","templated":true}]}}