{"id":48,"date":"2024-05-03T09:12:25","date_gmt":"2024-05-03T09:12:25","guid":{"rendered":"https:\/\/montataire.local\/?page_id=48"},"modified":"2024-08-02T07:23:29","modified_gmt":"2024-08-02T07:23:29","slug":"%d8%a7%d9%84%d9%82%d8%b5%d8%b1","status":"publish","type":"page","link":"https:\/\/mairie-montataire.fr\/ar\/s-epanouir\/le-palace\/","title":{"rendered":"\u0644\u0648 \u0628\u0627\u0644\u0627\u0633"},"content":{"rendered":"<p><strong>\u064a\u0642\u062f\u0645 \u0644\u0648 \u0628\u0627\u0644\u0627\u0633 \u0645\u062c\u0645\u0648\u0639\u0629 \u0648\u0627\u0633\u0639\u0629 \u0645\u0646 \u0627\u0644\u062a\u062e\u0635\u0635\u0627\u062a \u0627\u0644\u0641\u0646\u064a\u0629 (\u0627\u0644\u0645\u0633\u0631\u062d \u0648\u0627\u0644\u0645\u0648\u0633\u064a\u0642\u0649 \u0648\u0627\u0644\u063a\u0646\u0627\u0621 \u0648\u0627\u0644\u0633\u064a\u0631\u0643 \u0648\u0627\u0644\u0631\u0642\u0635 \u0648\u0627\u0644\u0639\u0631\u0627\u0626\u0633 \u0648\u063a\u064a\u0631\u0647\u0627) \u0648\u0647\u0648 \u0645\u0643\u0627\u0646 \u062d\u064a\u0648\u064a \u0648\u0648\u062f\u0648\u062f \u0648\u0645\u062d\u0644\u0651\u064a \u0644\u062a\u0642\u062f\u064a\u0645 \u0639\u0631\u0648\u0636 \u0639\u0627\u0644\u064a\u0629 \u0627\u0644\u062c\u0648\u062f\u0629. \u0648\u064a\u0639\u0646\u064a \u0628\u0631\u0646\u0627\u0645\u062c\u0647 \u0627\u0644\u0645\u062a\u0646\u0648\u0639 \u0648\u0623\u0633\u0639\u0627\u0631\u0647 \u0627\u0644\u0645\u0639\u0642\u0648\u0644\u0629 \u0623\u0646\u0647 \u064a\u0635\u0644 \u0625\u0644\u0649 \u062c\u0645\u0647\u0648\u0631 \u0648\u0627\u0633\u0639.<\/strong><\/p>\n\n\n<div class=\"hub\">\n            <ul class=\"hub__list\" style=\"--nb-items: 5; --width-desktop: 3; --width-tablet: 2; --width-mobile: 1;\">\n                            <li class=\"hub__item\">\n                                            \n<div class=\"mw-card mw-card--3\">\n    <a class=\"mw-card__link\" href=\"https:\/\/mairie-montataire.fr\/ar\/s-epanouir\/le-palace\/presentation\/\" aria-label=\"\">\n        <div class=\"mw-card__top\">\n                                                                <figure class=\"mw-card__thumbnail-container\">\n                <img loading=\"lazy\" decoding=\"async\" class=\"mw-card__thumbnail\" src=\"https:\/\/mairie-montataire.fr\/app\/uploads\/2024\/07\/2.1.1_presentation-1.jpg\" srcset=\"https:\/\/mairie-montataire.fr\/app\/uploads\/2024\/07\/2.1.1_presentation-1.jpg 480w, https:\/\/mairie-montataire.fr\/app\/uploads\/2024\/07\/2.1.1_presentation-1-300x199.jpg 300w\"\n                     sizes=\"auto, (max-width: 480px) 100vw, 480px\" alt=\"\u0627\u0644\u0639\u0631\u0636 \u0627\u0644\u062a\u0642\u062f\u064a\u0645\u064a\" width=\"480\"\n                     height=\"319\"\/>\n            <\/figure>\n        <\/div>\n        <div class=\"mw-card__bottom\">\n            <div class=\"mw-card__content\">\n                                <h3 class=\"mw-card__title\">\u0639\u0631\u0636 \u0627\u0644\u0642\u0635\u0631<\/h3>\n                            <\/div>\n            <p class=\"mw-card__text-link\">\n                                    <span>\u0627\u0643\u062a\u0634\u0641 \u0627\u0644\u0645\u0632\u064a\u062f<\/span>\n                                <svg width=\"20\" height=\"20\" viewbox=\"0 0 24 24\" fill=\"none\" xmlns=\"http:\/\/www.w3.org\/2000\/svg\">\n<path d=\"M12 5V19M5 12H19\" stroke=\"black\" stroke-width=\"2\" stroke-linecap=\"round\" stroke-linejoin=\"round\"\/>\n<\/svg>\n            <\/p>\n        <\/div>\n    <\/a>\n<\/div>                                    <\/li>\n                            <li class=\"hub__item\">\n                                            \n<div class=\"mw-card mw-card--3\">\n    <a class=\"mw-card__link\" href=\"https:\/\/mairie-montataire.fr\/ar\/s-epanouir\/le-palace\/saison-culturelle\/\" aria-label=\"\">\n        <div class=\"mw-card__top\">\n                                                                <figure class=\"mw-card__thumbnail-container\">\n                <img loading=\"lazy\" decoding=\"async\" class=\"mw-card__thumbnail\" src=\"https:\/\/mairie-montataire.fr\/app\/uploads\/2025\/08\/2.1.2_SaisonCultutrelle25-26.jpg\" srcset=\"https:\/\/mairie-montataire.fr\/app\/uploads\/2025\/08\/2.1.2_SaisonCultutrelle25-26.jpg 500w, https:\/\/mairie-montataire.fr\/app\/uploads\/2025\/08\/2.1.2_SaisonCultutrelle25-26-300x210.jpg 300w, https:\/\/mairie-montataire.fr\/app\/uploads\/2025\/08\/2.1.2_SaisonCultutrelle25-26-18x12.jpg 18w\"\n                     sizes=\"auto, (max-width: 500px) 100vw, 500px\" alt=\"\" width=\"500\"\n                     height=\"350\"\/>\n            <\/figure>\n        <\/div>\n        <div class=\"mw-card__bottom\">\n            <div class=\"mw-card__content\">\n                                <h3 class=\"mw-card__title\">\u0627\u0644\u0645\u0648\u0633\u0645 \u0627\u0644\u062b\u0642\u0627\u0641\u064a<\/h3>\n                            <\/div>\n            <p class=\"mw-card__text-link\">\n                                    <span>\u0627\u0643\u062a\u0634\u0641 \u0627\u0644\u0645\u0632\u064a\u062f<\/span>\n                                <svg width=\"20\" height=\"20\" viewbox=\"0 0 24 24\" fill=\"none\" xmlns=\"http:\/\/www.w3.org\/2000\/svg\">\n<path d=\"M12 5V19M5 12H19\" stroke=\"black\" stroke-width=\"2\" stroke-linecap=\"round\" stroke-linejoin=\"round\"\/>\n<\/svg>\n            <\/p>\n        <\/div>\n    <\/a>\n<\/div>                                    <\/li>\n                            <li class=\"hub__item\">\n                                            \n<div class=\"mw-card mw-card--3\">\n    <a class=\"mw-card__link\" href=\"https:\/\/mairie-montataire.fr\/ar\/s-epanouir\/le-palace\/programmation-scolaire\/\" aria-label=\"\">\n        <div class=\"mw-card__top\">\n                                                                <figure class=\"mw-card__thumbnail-container\">\n                <img loading=\"lazy\" decoding=\"async\" class=\"mw-card__thumbnail\" src=\"https:\/\/mairie-montataire.fr\/app\/uploads\/2025\/08\/2.1.4_ProgScolaire25-26.jpg\" srcset=\"https:\/\/mairie-montataire.fr\/app\/uploads\/2025\/08\/2.1.4_ProgScolaire25-26.jpg 500w, https:\/\/mairie-montataire.fr\/app\/uploads\/2025\/08\/2.1.4_ProgScolaire25-26-300x210.jpg 300w, https:\/\/mairie-montataire.fr\/app\/uploads\/2025\/08\/2.1.4_ProgScolaire25-26-18x12.jpg 18w\"\n                     sizes=\"auto, (max-width: 500px) 100vw, 500px\" alt=\"\" width=\"500\"\n                     height=\"350\"\/>\n            <\/figure>\n        <\/div>\n        <div class=\"mw-card__bottom\">\n            <div class=\"mw-card__content\">\n                                <h3 class=\"mw-card__title\">\u0627\u0644\u0628\u0631\u0646\u0627\u0645\u062c \u0627\u0644\u0645\u062f\u0631\u0633\u064a<\/h3>\n                            <\/div>\n            <p class=\"mw-card__text-link\">\n                                    <span>\u0627\u0643\u062a\u0634\u0641 \u0627\u0644\u0645\u0632\u064a\u062f<\/span>\n                                <svg width=\"20\" height=\"20\" viewbox=\"0 0 24 24\" fill=\"none\" xmlns=\"http:\/\/www.w3.org\/2000\/svg\">\n<path d=\"M12 5V19M5 12H19\" stroke=\"black\" stroke-width=\"2\" stroke-linecap=\"round\" stroke-linejoin=\"round\"\/>\n<\/svg>\n            <\/p>\n        <\/div>\n    <\/a>\n<\/div>                                    <\/li>\n                            <li class=\"hub__item\">\n                                            \n<div class=\"mw-card mw-card--3\">\n    <a class=\"mw-card__link\" href=\"https:\/\/mairie-montataire.fr\/ar\/s-epanouir\/le-palace\/reseaux\/\" aria-label=\"\">\n        <div class=\"mw-card__top\">\n                                                                <figure class=\"mw-card__thumbnail-container\">\n                <img loading=\"lazy\" decoding=\"async\" class=\"mw-card__thumbnail\" src=\"https:\/\/mairie-montataire.fr\/app\/uploads\/2025\/08\/2.1.5_2024-07-16-reseaux-palace.jpg\" srcset=\"https:\/\/mairie-montataire.fr\/app\/uploads\/2025\/08\/2.1.5_2024-07-16-reseaux-palace.jpg 500w, https:\/\/mairie-montataire.fr\/app\/uploads\/2025\/08\/2.1.5_2024-07-16-reseaux-palace-300x210.jpg 300w, https:\/\/mairie-montataire.fr\/app\/uploads\/2025\/08\/2.1.5_2024-07-16-reseaux-palace-18x12.jpg 18w\"\n                     sizes=\"auto, (max-width: 500px) 100vw, 500px\" alt=\"\" width=\"500\"\n                     height=\"350\"\/>\n            <\/figure>\n        <\/div>\n        <div class=\"mw-card__bottom\">\n            <div class=\"mw-card__content\">\n                                <h3 class=\"mw-card__title\">\u0627\u0644\u0634\u0628\u0643\u0627\u062a<\/h3>\n                            <\/div>\n            <p class=\"mw-card__text-link\">\n                                    <span>\u0627\u0643\u062a\u0634\u0641 \u0627\u0644\u0645\u0632\u064a\u062f<\/span>\n                                <svg width=\"20\" height=\"20\" viewbox=\"0 0 24 24\" fill=\"none\" xmlns=\"http:\/\/www.w3.org\/2000\/svg\">\n<path d=\"M12 5V19M5 12H19\" stroke=\"black\" stroke-width=\"2\" stroke-linecap=\"round\" stroke-linejoin=\"round\"\/>\n<\/svg>\n            <\/p>\n        <\/div>\n    <\/a>\n<\/div>                                    <\/li>\n                            <li class=\"hub__item\">\n                                            \n<div class=\"mw-card mw-card--3\">\n    <a class=\"mw-card__link\" href=\"https:\/\/mairie-montataire.fr\/ar\/s-epanouir\/le-palace\/infos-pratiques\/\" aria-label=\"\">\n        <div class=\"mw-card__top\">\n                                                                <figure class=\"mw-card__thumbnail-container\">\n                <img loading=\"lazy\" decoding=\"async\" class=\"mw-card__thumbnail\" src=\"https:\/\/mairie-montataire.fr\/app\/uploads\/2025\/08\/2.1.6_InfosPratiques25-26.jpg\" srcset=\"https:\/\/mairie-montataire.fr\/app\/uploads\/2025\/08\/2.1.6_InfosPratiques25-26.jpg 500w, https:\/\/mairie-montataire.fr\/app\/uploads\/2025\/08\/2.1.6_InfosPratiques25-26-300x210.jpg 300w, https:\/\/mairie-montataire.fr\/app\/uploads\/2025\/08\/2.1.6_InfosPratiques25-26-18x12.jpg 18w\"\n                     sizes=\"auto, (max-width: 500px) 100vw, 500px\" alt=\"\" width=\"500\"\n                     height=\"350\"\/>\n            <\/figure>\n        <\/div>\n        <div class=\"mw-card__bottom\">\n            <div class=\"mw-card__content\">\n                                <h3 class=\"mw-card__title\">\u0645\u0639\u0644\u0648\u0645\u0627\u062a \u0639\u0645\u0644\u064a\u0629<\/h3>\n                            <\/div>\n            <p class=\"mw-card__text-link\">\n                                    <span>\u0627\u0643\u062a\u0634\u0641 \u0627\u0644\u0645\u0632\u064a\u062f<\/span>\n                                <svg width=\"20\" height=\"20\" viewbox=\"0 0 24 24\" fill=\"none\" xmlns=\"http:\/\/www.w3.org\/2000\/svg\">\n<path d=\"M12 5V19M5 12H19\" stroke=\"black\" stroke-width=\"2\" stroke-linecap=\"round\" stroke-linejoin=\"round\"\/>\n<\/svg>\n            <\/p>\n        <\/div>\n    <\/a>\n<\/div>                                    <\/li>\n                    <\/ul>\n    <\/div>\n\n\n<div class=\"wp-block-uagb-container uagb-block-43a94163 alignfull uagb-is-root-container\"><div class=\"uagb-container-inner-blocks-wrap\"><\/div><\/div>","protected":false},"excerpt":{"rendered":"<p>\u064a\u0642\u062f\u0645 \u0644\u0648 \u0628\u0627\u0644\u0627\u0633 \u0645\u062c\u0645\u0648\u0639\u0629 \u0648\u0627\u0633\u0639\u0629 \u0645\u0646 \u0627\u0644\u062a\u062e\u0635\u0635\u0627\u062a \u0627\u0644\u0641\u0646\u064a\u0629 (\u0627\u0644\u0645\u0633\u0631\u062d \u0648\u0627\u0644\u0645\u0648\u0633\u064a\u0642\u0649 \u0648\u0627\u0644\u063a\u0646\u0627\u0621 \u0648\u0627\u0644\u0633\u064a\u0631\u0643 \u0648\u0627\u0644\u0631\u0642\u0635 \u0648\u0627\u0644\u0639\u0631\u0627\u0626\u0633 \u0648\u063a\u064a\u0631\u0647\u0627) \u0648\u0647\u0648 \u0645\u0643\u0627\u0646 \u062d\u064a\u0648\u064a \u0648\u0648\u062f\u0648\u062f \u0648\u0645\u062d\u0644\u0651\u064a \u0644\u062a\u0642\u062f\u064a\u0645 \u0639\u0631\u0648\u0636 \u0639\u0627\u0644\u064a\u0629 \u0627\u0644\u062c\u0648\u062f\u0629. \u0648\u064a\u0639\u0646\u064a \u0628\u0631\u0646\u0627\u0645\u062c\u0647 \u0627\u0644\u0645\u062a\u0646\u0648\u0639 \u0648\u0623\u0633\u0639\u0627\u0631\u0647 \u0627\u0644\u0645\u0639\u0642\u0648\u0644\u0629 \u0623\u0646\u0647 \u064a\u0635\u0644 \u0625\u0644\u0649 \u062c\u0645\u0647\u0648\u0631 \u0648\u0627\u0633\u0639.<\/p>","protected":false},"author":1,"featured_media":1077,"parent":34,"menu_order":41,"comment_status":"closed","ping_status":"closed","template":"","meta":{"_acf_changed":false,"_uag_custom_page_level_css":"","footnotes":""},"class_list":["post-48","page","type-page","status-publish","has-post-thumbnail","hentry"],"acf":[],"uagb_featured_image_src":{"full":["https:\/\/mairie-montataire.fr\/app\/uploads\/2024\/07\/2.1_le-palace.jpg",490,327,false],"thumbnail":["https:\/\/mairie-montataire.fr\/app\/uploads\/2024\/07\/2.1_le-palace-150x150.jpg",150,150,true],"medium":["https:\/\/mairie-montataire.fr\/app\/uploads\/2024\/07\/2.1_le-palace-300x200.jpg",300,200,true],"medium_large":["https:\/\/mairie-montataire.fr\/app\/uploads\/2024\/07\/2.1_le-palace.jpg",490,327,false],"large":["https:\/\/mairie-montataire.fr\/app\/uploads\/2024\/07\/2.1_le-palace.jpg",490,327,false],"1536x1536":["https:\/\/mairie-montataire.fr\/app\/uploads\/2024\/07\/2.1_le-palace.jpg",490,327,false],"2048x2048":["https:\/\/mairie-montataire.fr\/app\/uploads\/2024\/07\/2.1_le-palace.jpg",490,327,false],"trp-custom-language-flag":["https:\/\/mairie-montataire.fr\/app\/uploads\/2024\/07\/2.1_le-palace.jpg",18,12,false],"gform-image-choice-sm":["https:\/\/mairie-montataire.fr\/app\/uploads\/2024\/07\/2.1_le-palace.jpg",300,200,false],"gform-image-choice-md":["https:\/\/mairie-montataire.fr\/app\/uploads\/2024\/07\/2.1_le-palace.jpg",400,267,false],"gform-image-choice-lg":["https:\/\/mairie-montataire.fr\/app\/uploads\/2024\/07\/2.1_le-palace.jpg",490,327,false]},"uagb_author_info":{"display_name":"mentalworks","author_link":"https:\/\/mairie-montataire.fr\/ar\/actualites\/author\/mentalworks\/"},"uagb_comment_info":0,"uagb_excerpt":"Faisant place \u00e0 la pluralit\u00e9 des disciplines artistiques\u00a0(th\u00e9\u00e2tre, musique, chanson,\u00a0cirque, danse, marionnettes\u2026) Le Palace est un lieu vivant, convivial et de proximit\u00e9 o\u00f9 sont propos\u00e9s des spectacles de qualit\u00e9. Sa diversit\u00e9 de programmation\u00a0et ses tarifs abordables permettent de toucher un large public.","_links":{"self":[{"href":"https:\/\/mairie-montataire.fr\/ar\/wp-json\/wp\/v2\/pages\/48","targetHints":{"allow":["GET"]}}],"collection":[{"href":"https:\/\/mairie-montataire.fr\/ar\/wp-json\/wp\/v2\/pages"}],"about":[{"href":"https:\/\/mairie-montataire.fr\/ar\/wp-json\/wp\/v2\/types\/page"}],"author":[{"embeddable":true,"href":"https:\/\/mairie-montataire.fr\/ar\/wp-json\/wp\/v2\/users\/1"}],"replies":[{"embeddable":true,"href":"https:\/\/mairie-montataire.fr\/ar\/wp-json\/wp\/v2\/comments?post=48"}],"version-history":[{"count":7,"href":"https:\/\/mairie-montataire.fr\/ar\/wp-json\/wp\/v2\/pages\/48\/revisions"}],"predecessor-version":[{"id":2471,"href":"https:\/\/mairie-montataire.fr\/ar\/wp-json\/wp\/v2\/pages\/48\/revisions\/2471"}],"up":[{"embeddable":true,"href":"https:\/\/mairie-montataire.fr\/ar\/wp-json\/wp\/v2\/pages\/34"}],"wp:featuredmedia":[{"embeddable":true,"href":"https:\/\/mairie-montataire.fr\/ar\/wp-json\/wp\/v2\/media\/1077"}],"wp:attachment":[{"href":"https:\/\/mairie-montataire.fr\/ar\/wp-json\/wp\/v2\/media?parent=48"}],"curies":[{"name":"\u062f\u0628\u0644\u064a\u0648 \u0628\u064a","href":"https:\/\/api.w.org\/{rel}","templated":true}]}}