{"id":421,"date":"2024-05-20T09:49:54","date_gmt":"2024-05-20T09:49:54","guid":{"rendered":"https:\/\/montataire.mentalworks.me\/?page_id=421"},"modified":"2024-08-14T10:03:26","modified_gmt":"2024-08-14T10:03:26","slug":"%d8%a7%d9%84%d9%85%d8%af%d8%b1%d8%b3%d8%a9-%d8%a7%d9%84%d8%b1%d9%8a%d8%a7%d8%b6%d9%8a%d8%a9-%d8%a7%d9%84%d8%a8%d9%84%d8%af%d9%8a%d8%a9","status":"publish","type":"page","link":"https:\/\/mairie-montataire.fr\/ar\/s-epanouir\/sports-loisirs\/ecole-municipale-des-sports\/","title":{"rendered":"\u0627\u0644\u0645\u062f\u0631\u0633\u0629 \u0627\u0644\u0631\u064a\u0627\u0636\u064a\u0629 \u0627\u0644\u0628\u0644\u062f\u064a\u0629"},"content":{"rendered":"<p><strong>\u062a\u062d\u0631\u0635 \u0645\u062f\u064a\u0646\u0629 \u0645\u0648\u0646\u062a\u0627\u062a\u064a\u0631 \u0639\u0644\u0649 \u062a\u0639\u0632\u064a\u0632 \u0648\u0635\u0648\u0644 \u0623\u0643\u0628\u0631 \u0639\u062f\u062f \u0645\u0645\u0643\u0646 \u0645\u0646 \u0627\u0644\u0623\u0634\u062e\u0627\u0635 \u0625\u0644\u0649 \u0627\u0644\u0623\u0646\u0634\u0637\u0629 \u0627\u0644\u0631\u064a\u0627\u0636\u064a\u0629. \u0648\u064a\u0634\u0645\u0644 \u0630\u0644\u0643 \u0625\u062a\u0627\u062d\u0629 \u0627\u0644\u0645\u062f\u0631\u0628\u064a\u0646 \u0627\u0644\u0631\u064a\u0627\u0636\u064a\u064a\u0646 \u0627\u0644\u062a\u0627\u0628\u0639\u064a\u0646 \u0644\u0644\u0628\u0644\u062f\u064a\u0629 \u062e\u0644\u0627\u0644 \u0627\u0644\u0623\u0646\u0634\u0637\u0629 \u0627\u0644\u0645\u062f\u0631\u0633\u064a\u0629 \u0648\u0627\u0644\u0623\u0646\u0634\u0637\u0629 \u0627\u0644\u0644\u0627\u0635\u0641\u064a\u0629\u060c \u0648\u0643\u0630\u0644\u0643 \u0627\u0644\u0645\u0631\u0627\u0641\u0642 \u0627\u0644\u0631\u064a\u0627\u0636\u064a\u0629.<\/strong><\/p>\n\n\n\n<p>\u0641\u064a \u0635\u0628\u0627\u062d \u0643\u0644 \u064a\u0648\u0645 \u0623\u0631\u0628\u0639\u0627\u0621\u060c \u062a\u062a\u0627\u062d \u0627\u0644\u0641\u0631\u0635\u0629 \u0644\u0644\u0623\u0637\u0641\u0627\u0644 \u0627\u0644\u0630\u064a\u0646 \u062a\u062a\u0631\u0627\u0648\u062d \u0623\u0639\u0645\u0627\u0631\u0647\u0645 \u0628\u064a\u0646 3 \u064811 \u0639\u0627\u0645\u0627\u064b \u0644\u0644\u0627\u0646\u063a\u0645\u0627\u0633 \u0641\u064a \u0639\u0627\u0644\u0645 \u0645\u0646 \u0627\u0644\u0623\u0646\u0634\u0637\u0629 \u0627\u0644\u062a\u0631\u0641\u064a\u0647\u064a\u0629 \u0648\u0627\u0644\u0631\u064a\u0627\u0636\u064a\u0629. \u0645\u0646 \u0627\u0644\u062c\u0645\u0628\u0627\u0632 \u0648\u0631\u0643\u0648\u0628 \u0627\u0644\u062f\u0631\u0627\u062c\u0627\u062a \u0625\u0644\u0649 \u0623\u0644\u0639\u0627\u0628 \u0627\u0644\u0642\u0648\u0649 \u0648\u0627\u0644\u062a\u0646\u0633 \u0648\u062a\u0646\u0633 \u0627\u0644\u0637\u0627\u0648\u0644\u0629 \u0648\u0627\u0644\u0628\u0644\u064a\u0627\u0631\u062f\u0648\u060c \u064a\u0642\u062f\u0645 \u0627\u0644\u0628\u0631\u0646\u0627\u0645\u062c \u0645\u062c\u0645\u0648\u0639\u0629 \u0645\u062a\u0646\u0648\u0639\u0629 \u0645\u0646 \u0627\u0644\u062e\u064a\u0627\u0631\u0627\u062a \u0627\u0644\u062a\u064a \u062a\u0646\u0627\u0633\u0628 \u0627\u0647\u062a\u0645\u0627\u0645\u0627\u062a \u0627\u0644\u062c\u0645\u064a\u0639. \u0643\u0645\u0627 \u062a\u0633\u0645\u062d \u0627\u0644\u0631\u064a\u0627\u0636\u0627\u062a \u0627\u0644\u062c\u0645\u0627\u0639\u064a\u0629 \u0627\u0644\u0645\u0639\u0631\u0648\u0636\u0629 \u0644\u0644\u0623\u0637\u0641\u0627\u0644 \u0628\u062a\u0637\u0648\u064a\u0631 \u0631\u0648\u062d \u0627\u0644\u0641\u0631\u064a\u0642 \u0648\u0627\u0644\u062a\u0646\u0633\u064a\u0642 \u0641\u064a\u0645\u0627 \u0628\u064a\u0646\u0647\u0645 \u0623\u062b\u0646\u0627\u0621 \u0627\u0644\u0627\u0633\u062a\u0645\u062a\u0627\u0639 \u0628\u0627\u0644\u0645\u0631\u062d.<\/p>\n\n\n\n<h2 class=\"wp-block-heading\"><strong>\u0627\u0644\u0645\u0631\u0627\u0641\u0642 \u0627\u0644\u0631\u064a\u0627\u0636\u064a\u0629<\/strong><\/h2>\n\n\n\n<p>\u0648\u064a\u0648\u062c\u062f \u0639\u062f\u062f \u0643\u0628\u064a\u0631 \u0645\u0646 \u0627\u0644\u0645\u0631\u0627\u0641\u0642 \u0627\u0644\u0631\u064a\u0627\u0636\u064a\u0629 \u0641\u064a \u062c\u0645\u064a\u0639 \u0623\u0646\u062d\u0627\u0621 \u0627\u0644\u0645\u062f\u064a\u0646\u0629\u060c \u062d\u064a\u062b \u062a\u0642\u062f\u0645 \u0645\u062c\u0645\u0648\u0639\u0629 \u0643\u0628\u064a\u0631\u0629 \u0645\u0646 \u0627\u0644\u0623\u0646\u0634\u0637\u0629.<\/p>\n\n\n\n<div style=\"height:44px\" aria-hidden=\"true\" class=\"wp-block-spacer\"><\/div>\n\n\n\n<div class=\"wp-block-uagb-buttons uagb-buttons__outer-wrap uagb-btn__default-btn uagb-btn-tablet__default-btn uagb-btn-mobile__default-btn uagb-block-880ff14b\"><div class=\"uagb-buttons__wrap uagb-buttons-layout-wrap\">\n<div class=\"wp-block-uagb-buttons-child uagb-buttons__outer-wrap uagb-block-892171ac wp-block-button\"><div class=\"uagb-button__wrapper\"><a class=\"uagb-buttons-repeater wp-block-button__link\" aria-label=\"\" href=\"https:\/\/mairie-montataire.fr\/ar\/%d8%a7%d9%84%d8%af%d9%84%d8%a7%d8%a6%d9%84\/?categorie=structures-sportives&amp;ordre=a-z\" rel=\"follow noopener\" target=\"_self\" role=\"button\"><div class=\"uagb-button__link\"><strong>\u0627\u0628\u062d\u062b \u0639\u0646\u0647\u0627 \u0641\u064a \u0627\u0644\u062f\u0644\u064a\u0644<\/strong><\/div><span class=\"uagb-button__icon uagb-button__icon-position-after\"><svg xmlns=\"https:\/\/www.w3.org\/2000\/svg\" viewbox=\"0 0 448 512\" aria-hidden=\"true\" focussable=\"false\"><path d=\"M438.6 278.6l-160 160C272.4 444.9 264.2 448 256 448s-16.38-3.125-22.62-9.375c-12.5-12.5-12.5-32.75 0-45.25L338.8 288H32C14.33 288 .0016 273.7 .0016 256S14.33 224 32 224h306.8l-105.4-105.4c-12.5-12.5-12.5-32.75 0-45.25s32.75-12.5 45.25 0l160 160C451.1 245.9 451.1 266.1 438.6 278.6z\"><\/path><\/svg><\/span><\/a><\/div><\/div>\n<\/div><\/div>","protected":false},"excerpt":{"rendered":"<p>La ville de Montataire souhaite favoriser l&rsquo;acc\u00e8s au plus grand nombre \u00e0 l&rsquo;activit\u00e9 sportive. Cela passe aussi bien par la mise \u00e0 disposition des \u00e9ducateurs sportifs municipaux lors des temps scolaires et extra-scolaires et des\u00a0\u00e9quipements sportifs. Chaque mercredi matin, les enfants \u00e2g\u00e9s de 3 \u00e0 11 ans ont l&rsquo;opportunit\u00e9 de s&rsquo;immerger dans un monde d&rsquo;activit\u00e9s [&hellip;]<\/p>\n","protected":false},"author":1,"featured_media":3467,"parent":56,"menu_order":51,"comment_status":"closed","ping_status":"closed","template":"","meta":{"_acf_changed":false,"_uag_custom_page_level_css":"","footnotes":""},"class_list":["post-421","page","type-page","status-publish","has-post-thumbnail","hentry"],"acf":[],"uagb_featured_image_src":{"full":["https:\/\/mairie-montataire.fr\/app\/uploads\/2024\/08\/2.5.1_2021-07-23-Animations-dete-Stade-Marcel-Coene-2-scaled.jpg",2560,1706,false],"thumbnail":["https:\/\/mairie-montataire.fr\/app\/uploads\/2024\/08\/2.5.1_2021-07-23-Animations-dete-Stade-Marcel-Coene-2-150x150.jpg",150,150,true],"medium":["https:\/\/mairie-montataire.fr\/app\/uploads\/2024\/08\/2.5.1_2021-07-23-Animations-dete-Stade-Marcel-Coene-2-300x200.jpg",300,200,true],"medium_large":["https:\/\/mairie-montataire.fr\/app\/uploads\/2024\/08\/2.5.1_2021-07-23-Animations-dete-Stade-Marcel-Coene-2-768x512.jpg",768,512,true],"large":["https:\/\/mairie-montataire.fr\/app\/uploads\/2024\/08\/2.5.1_2021-07-23-Animations-dete-Stade-Marcel-Coene-2-1024x683.jpg",1024,683,true],"1536x1536":["https:\/\/mairie-montataire.fr\/app\/uploads\/2024\/08\/2.5.1_2021-07-23-Animations-dete-Stade-Marcel-Coene-2-1536x1024.jpg",1536,1024,true],"2048x2048":["https:\/\/mairie-montataire.fr\/app\/uploads\/2024\/08\/2.5.1_2021-07-23-Animations-dete-Stade-Marcel-Coene-2-2048x1365.jpg",2048,1365,true],"trp-custom-language-flag":["https:\/\/mairie-montataire.fr\/app\/uploads\/2024\/08\/2.5.1_2021-07-23-Animations-dete-Stade-Marcel-Coene-2-18x12.jpg",18,12,true],"gform-image-choice-sm":["https:\/\/mairie-montataire.fr\/app\/uploads\/2024\/08\/2.5.1_2021-07-23-Animations-dete-Stade-Marcel-Coene-2-scaled.jpg",300,200,false],"gform-image-choice-md":["https:\/\/mairie-montataire.fr\/app\/uploads\/2024\/08\/2.5.1_2021-07-23-Animations-dete-Stade-Marcel-Coene-2-scaled.jpg",400,267,false],"gform-image-choice-lg":["https:\/\/mairie-montataire.fr\/app\/uploads\/2024\/08\/2.5.1_2021-07-23-Animations-dete-Stade-Marcel-Coene-2-scaled.jpg",600,400,false]},"uagb_author_info":{"display_name":"mentalworks","author_link":"https:\/\/mairie-montataire.fr\/ar\/actualites\/author\/mentalworks\/"},"uagb_comment_info":0,"uagb_excerpt":"La ville de Montataire souhaite favoriser l&rsquo;acc\u00e8s au plus grand nombre \u00e0 l&rsquo;activit\u00e9 sportive. Cela passe aussi bien par la mise \u00e0 disposition des \u00e9ducateurs sportifs municipaux lors des temps scolaires et extra-scolaires et des\u00a0\u00e9quipements sportifs. Chaque mercredi matin, les enfants \u00e2g\u00e9s de 3 \u00e0 11 ans ont l&rsquo;opportunit\u00e9 de s&rsquo;immerger dans un monde d&rsquo;activit\u00e9s&hellip;","_links":{"self":[{"href":"https:\/\/mairie-montataire.fr\/ar\/wp-json\/wp\/v2\/pages\/421","targetHints":{"allow":["GET"]}}],"collection":[{"href":"https:\/\/mairie-montataire.fr\/ar\/wp-json\/wp\/v2\/pages"}],"about":[{"href":"https:\/\/mairie-montataire.fr\/ar\/wp-json\/wp\/v2\/types\/page"}],"author":[{"embeddable":true,"href":"https:\/\/mairie-montataire.fr\/ar\/wp-json\/wp\/v2\/users\/1"}],"replies":[{"embeddable":true,"href":"https:\/\/mairie-montataire.fr\/ar\/wp-json\/wp\/v2\/comments?post=421"}],"version-history":[{"count":3,"href":"https:\/\/mairie-montataire.fr\/ar\/wp-json\/wp\/v2\/pages\/421\/revisions"}],"predecessor-version":[{"id":3426,"href":"https:\/\/mairie-montataire.fr\/ar\/wp-json\/wp\/v2\/pages\/421\/revisions\/3426"}],"up":[{"embeddable":true,"href":"https:\/\/mairie-montataire.fr\/ar\/wp-json\/wp\/v2\/pages\/56"}],"wp:featuredmedia":[{"embeddable":true,"href":"https:\/\/mairie-montataire.fr\/ar\/wp-json\/wp\/v2\/media\/3467"}],"wp:attachment":[{"href":"https:\/\/mairie-montataire.fr\/ar\/wp-json\/wp\/v2\/media?parent=421"}],"curies":[{"name":"\u062f\u0628\u0644\u064a\u0648 \u0628\u064a","href":"https:\/\/api.w.org\/{rel}","templated":true}]}}