{"id":419,"date":"2024-05-20T09:48:46","date_gmt":"2024-05-20T09:48:46","guid":{"rendered":"https:\/\/montataire.mentalworks.me\/?page_id=419"},"modified":"2025-08-19T09:50:12","modified_gmt":"2025-08-19T09:50:12","slug":"%d8%a7%d9%84%d8%b4%d8%a8%d9%83%d8%a7%d8%aa","status":"publish","type":"page","link":"https:\/\/mairie-montataire.fr\/ar\/s-epanouir\/le-palace\/reseaux\/","title":{"rendered":"\u0627\u0644\u0634\u0628\u0643\u0627\u062a"},"content":{"rendered":"<div class=\"wp-block-columns is-layout-flex wp-container-core-columns-is-layout-9d6595d7 wp-block-columns-is-layout-flex\">\n<div class=\"wp-block-column is-layout-flow wp-block-column-is-layout-flow\">\t\t\t\t\t<div\n\t\t\t\t\t\tclass=\"wp-block-uagb-image-gallery uagb-block-468156cf\"\n\t\t\t\t\t\tstyle=\"\"\n\t\t\t\t\t>\n\t\t\t\t\t\t\t\t\t\t\t<div class=\"spectra-image-gallery spectra-image-gallery__layout--masonry spectra-image-gallery__layout--masonry-col-1 spectra-image-gallery__layout--masonry-col-tab-1 spectra-image-gallery__layout--masonry-col-mob-1\">\n\t\t\t\t\t\t\t\t\t\t\t<div class='spectra-image-gallery__media-wrapper--isotope'>\n\t\t\t\t\t\t\t<div class='spectra-image-gallery__media-wrapper' data-spectra-gallery-image-id='3343' tabindex=\"0\">\n\t\t\t\t\t\t\t<div class=\"spectra-image-gallery__media spectra-image-gallery__media--masonry\">\n\t\t\t\t<picture>\n\t\t\t\t\t<source media=\"(min-width: 1024px)\" srcset=\"https:\/\/mairie-montataire.fr\/app\/uploads\/2024\/08\/Logo_Faiencerie-300x229.jpg\">\n\t\t\t\t\t<source media=\"(min-width: 768px)\" srcset=\"https:\/\/mairie-montataire.fr\/app\/uploads\/2024\/08\/Logo_Faiencerie-1024x781.jpg\">\n\t\t\t\t\t<img decoding=\"async\" class=\"spectra-image-gallery__media-thumbnail spectra-image-gallery__media-thumbnail--masonry\" src=\"https:\/\/mairie-montataire.fr\/app\/uploads\/2024\/08\/Logo_Faiencerie-300x229.jpg\" alt=\"\" \/>\n\t\t\t\t<\/picture>\n\t\t\t\t<div class=\"spectra-image-gallery__media-thumbnail-blurrer\"><\/div>\n\t\t\t\t\t\t\t\t\t\t\t<div class=\"spectra-image-gallery__media-thumbnail-caption-wrapper spectra-image-gallery__media-thumbnail-caption-wrapper--overlay\"><\/div>\n\t\t\t\t\t\t\t\t<\/div>\n\t\t\t\t\t\t<\/div>\n\t\t\t\t\t\t<\/div>\n\t\t\t\t\t\t\t\t\t\t<\/div>\n\t\t\t\t\t\t\t\t\t\t\t\t\t\t\t\t\t\t<\/div>\n\t\t\t\t\t\t\t\t\t\n\n\n<h3 class=\"wp-block-heading has-text-align-center\">\u0644\u0627 \u0641\u0627\u064a\u0646\u0633\u064a\u0631\u064a - \u0645\u0633\u0631\u062d \u0643\u0631\u064a\u0644<\/h3>\n\n\n\n<p>\u0634\u0631\u0643\u0627\u0621 \u0641\u064a \u0646\u0634\u0631 \u0627\u0644\u0641\u0646\u0648\u0646 \u0627\u0644\u0623\u062f\u0627\u0626\u064a\u0629 \u0639\u0644\u0649 \u0646\u0637\u0627\u0642 \u0623\u0648\u0633\u0639\u060c \u0628\u0645\u0627 \u0641\u064a \u0630\u0644\u0643 \u0627\u0633\u062a\u0636\u0627\u0641\u0629 \"\u0627\u0644\u0639\u0631\u0648\u0636 \u0627\u0644\u0645\u062a\u062c\u0648\u0644\u0629\" \u0648\u0639\u0631\u0648\u0636 \u0627\u0644\u0627\u0643\u062a\u0634\u0627\u0641.<br><br><a href=\"https:\/\/faiencerie-theatre.com\/\" target=\"_blank\" rel=\"noreferrer noopener\">\u0645\u0648\u0642\u0639 faiencerie-theatre.com<\/a><\/p>\n<\/div>\n\n\n\n<div class=\"wp-block-column is-layout-flow wp-block-column-is-layout-flow\">\t\t\t\t\t<div\n\t\t\t\t\t\tclass=\"wp-block-uagb-image-gallery uagb-block-e9b726ab\"\n\t\t\t\t\t\tstyle=\"\"\n\t\t\t\t\t>\n\t\t\t\t\t\t\t\t\t\t\t<div class=\"spectra-image-gallery spectra-image-gallery__layout--masonry spectra-image-gallery__layout--masonry-col-1 spectra-image-gallery__layout--masonry-col-tab-1 spectra-image-gallery__layout--masonry-col-mob-1\">\n\t\t\t\t\t\t\t\t\t\t\t<div class='spectra-image-gallery__media-wrapper--isotope'>\n\t\t\t\t\t\t\t<div class='spectra-image-gallery__media-wrapper' data-spectra-gallery-image-id='6767' tabindex=\"0\">\n\t\t\t\t\t\t\t<div class=\"spectra-image-gallery__media spectra-image-gallery__media--masonry\">\n\t\t\t\t<picture>\n\t\t\t\t\t<source media=\"(min-width: 1024px)\" srcset=\"https:\/\/mairie-montataire.fr\/app\/uploads\/2025\/08\/logo_ACRO-1-300x210.jpg\">\n\t\t\t\t\t<source media=\"(min-width: 768px)\" srcset=\"https:\/\/mairie-montataire.fr\/app\/uploads\/2025\/08\/logo_ACRO-1.jpg\">\n\t\t\t\t\t<img decoding=\"async\" class=\"spectra-image-gallery__media-thumbnail spectra-image-gallery__media-thumbnail--masonry\" src=\"https:\/\/mairie-montataire.fr\/app\/uploads\/2025\/08\/logo_ACRO-1-300x210.jpg\" alt=\"\" \/>\n\t\t\t\t<\/picture>\n\t\t\t\t<div class=\"spectra-image-gallery__media-thumbnail-blurrer\"><\/div>\n\t\t\t\t\t\t\t\t\t\t\t<div class=\"spectra-image-gallery__media-thumbnail-caption-wrapper spectra-image-gallery__media-thumbnail-caption-wrapper--overlay\"><\/div>\n\t\t\t\t\t\t\t\t<\/div>\n\t\t\t\t\t\t<\/div>\n\t\t\t\t\t\t<\/div>\n\t\t\t\t\t\t\t\t\t\t<\/div>\n\t\t\t\t\t\t\t\t\t\t\t\t\t\t\t\t\t\t<\/div>\n\t\t\t\t\t\t\t\t\t\n\n\n<h3 class=\"wp-block-heading has-text-align-center\">\u0623\u0643\u0631\u0648<\/h3>\n\n\n\n<p>\u064a\u062c\u0645\u0639 \u0628\u064a\u0646 \u0639\u062f\u062f \u0645\u0646 \u0627\u0644\u0623\u0645\u0627\u0643\u0646 \u0648\u0627\u0644\u0645\u0628\u0627\u062f\u0631\u0627\u062a \u0627\u0644\u062b\u0642\u0627\u0641\u064a\u0629 \u0644\u062a\u0639\u0632\u064a\u0632 \u0627\u0644\u0633\u064a\u0631\u0643 \u0648\u0641\u0646\u0648\u0646 \u0627\u0644\u0634\u0627\u0631\u0639 \u0648\u0627\u0644\u0641\u0636\u0627\u0621 \u0627\u0644\u0639\u0627\u0645. \u0628\u0631\u0645\u062c\u0629 \u0645\u0634\u062a\u0631\u0643\u0629 \u0648\u062a\u062c\u0645\u064a\u0639 \u0648\u062a\u062f\u0631\u064a\u0628... <br>\u064a\u062a\u0645 \u0648\u0636\u0639 \u0627\u0644\u0639\u062f\u064a\u062f \u0645\u0646 \u0627\u0644\u0625\u062c\u0631\u0627\u0621\u0627\u062a \u0628\u0634\u0643\u0644 \u062c\u0645\u0627\u0639\u064a \u0644\u0645\u0646\u0627\u0637\u0642 \u0623\u0648\u0632 \u0639\u0644\u0649 \u0645\u062f\u0627\u0631 \u0627\u0644\u0639\u0627\u0645.<\/p>\n<\/div>\n\n\n\n<div class=\"wp-block-column is-layout-flow wp-block-column-is-layout-flow\">\t\t\t\t\t<div\n\t\t\t\t\t\tclass=\"wp-block-uagb-image-gallery uagb-block-61a5b7c6\"\n\t\t\t\t\t\tstyle=\"\"\n\t\t\t\t\t>\n\t\t\t\t\t\t\t\t\t\t\t<div class=\"spectra-image-gallery spectra-image-gallery__layout--masonry spectra-image-gallery__layout--masonry-col-1 spectra-image-gallery__layout--masonry-col-tab-1 spectra-image-gallery__layout--masonry-col-mob-1\">\n\t\t\t\t\t\t\t\t\t\t\t<div class='spectra-image-gallery__media-wrapper--isotope'>\n\t\t\t\t\t\t\t<div class='spectra-image-gallery__media-wrapper' data-spectra-gallery-image-id='3342' tabindex=\"0\">\n\t\t\t\t\t\t\t<div class=\"spectra-image-gallery__media spectra-image-gallery__media--masonry\">\n\t\t\t\t<picture>\n\t\t\t\t\t<source media=\"(min-width: 1024px)\" srcset=\"https:\/\/mairie-montataire.fr\/app\/uploads\/2024\/08\/Logo_ARA-1-300x229.jpg\">\n\t\t\t\t\t<source media=\"(min-width: 768px)\" srcset=\"https:\/\/mairie-montataire.fr\/app\/uploads\/2024\/08\/Logo_ARA-1-1024x781.jpg\">\n\t\t\t\t\t<img decoding=\"async\" class=\"spectra-image-gallery__media-thumbnail spectra-image-gallery__media-thumbnail--masonry\" src=\"https:\/\/mairie-montataire.fr\/app\/uploads\/2024\/08\/Logo_ARA-1-300x229.jpg\" alt=\"\" \/>\n\t\t\t\t<\/picture>\n\t\t\t\t<div class=\"spectra-image-gallery__media-thumbnail-blurrer\"><\/div>\n\t\t\t\t\t\t\t\t\t\t\t<div class=\"spectra-image-gallery__media-thumbnail-caption-wrapper spectra-image-gallery__media-thumbnail-caption-wrapper--overlay\"><\/div>\n\t\t\t\t\t\t\t\t<\/div>\n\t\t\t\t\t\t<\/div>\n\t\t\t\t\t\t<\/div>\n\t\t\t\t\t\t\t\t\t\t<\/div>\n\t\t\t\t\t\t\t\t\t\t\t\t\t\t\t\t\t\t<\/div>\n\t\t\t\t\t\t\t\t\t\n\n\n<h3 class=\"wp-block-heading has-text-align-center\">ARA<\/h3>\n\n\n\n<p>\u062a\u0631\u0648\u064a\u062c \u0648\u062f\u0639\u0645 \u062a\u0637\u0648\u064a\u0631 \u0627\u0644\u0645\u0645\u0627\u0631\u0633\u0627\u062a \u0627\u0644\u0645\u0648\u0633\u064a\u0642\u064a\u0629 \u0627\u0644\u0645\u0639\u0627\u0635\u0631\u0629 \u0648\u0627\u0644\u0637\u064a\u0627\u0631\u064a\u0646 \u0627\u0644\u0645\u0639\u0627\u0635\u0631\u064a\u0646&nbsp;<em>\u0627\u0644\u0633\u0644\u0627\u0645 \u0648\u0627\u0644\u0641\u0635<\/em>&nbsp;\u0648\u0627\u0644\u062a\u064a \u062a\u062c\u0645\u0639 \u0628\u0637\u0628\u064a\u0639\u0629 \u0627\u0644\u062d\u0627\u0644 \u0628\u064a\u0646 \u0627\u0644\u0648\u0642\u0627\u064a\u0629 \u0648\u0632\u064a\u0627\u062f\u0629 \u0627\u0644\u0648\u0639\u064a \u0628\u0645\u062e\u0627\u0637\u0631 \u0627\u0644\u0633\u0645\u0639 \u0627\u0644\u0645\u0631\u062a\u0628\u0637\u0629 \u0628\u0627\u0644\u0627\u0633\u062a\u0645\u0627\u0639 \u0625\u0644\u0649 \u0627\u0644\u0645\u0648\u0633\u064a\u0642\u0649 \u0627\u0644\u0645\u0636\u062e\u0645\u0629 \u0628\u0637\u0631\u064a\u0642\u0629 \u0645\u0648\u0633\u064a\u0642\u064a\u0629 \u0645\u0645\u062a\u0639\u0629!<br><br><a href=\"https:\/\/www.ara-asso.fr\/\" target=\"_blank\" rel=\"noreferrer noopener\">ara-asso.fr<\/a><\/p>\n<\/div>\n<\/div>\n\n\n\n<div class=\"wp-block-columns is-layout-flex wp-container-core-columns-is-layout-9d6595d7 wp-block-columns-is-layout-flex\">\n<div class=\"wp-block-column is-layout-flow wp-block-column-is-layout-flow\">\t\t\t\t\t<div\n\t\t\t\t\t\tclass=\"wp-block-uagb-image-gallery uagb-block-49956247\"\n\t\t\t\t\t\tstyle=\"\"\n\t\t\t\t\t>\n\t\t\t\t\t\t\t\t\t\t\t<div class=\"spectra-image-gallery spectra-image-gallery__layout--masonry spectra-image-gallery__layout--masonry-col-1 spectra-image-gallery__layout--masonry-col-tab-1 spectra-image-gallery__layout--masonry-col-mob-1\">\n\t\t\t\t\t\t\t\t\t\t\t<div class='spectra-image-gallery__media-wrapper--isotope'>\n\t\t\t\t\t\t\t<div class='spectra-image-gallery__media-wrapper' data-spectra-gallery-image-id='4302' tabindex=\"0\">\n\t\t\t\t\t\t\t<div class=\"spectra-image-gallery__media spectra-image-gallery__media--masonry\">\n\t\t\t\t<picture>\n\t\t\t\t\t<source media=\"(min-width: 1024px)\" srcset=\"https:\/\/mairie-montataire.fr\/app\/uploads\/2024\/09\/Logo_HauteFidelite-300x229.jpg\">\n\t\t\t\t\t<source media=\"(min-width: 768px)\" srcset=\"https:\/\/mairie-montataire.fr\/app\/uploads\/2024\/09\/Logo_HauteFidelite-1024x781.jpg\">\n\t\t\t\t\t<img decoding=\"async\" class=\"spectra-image-gallery__media-thumbnail spectra-image-gallery__media-thumbnail--masonry\" src=\"https:\/\/mairie-montataire.fr\/app\/uploads\/2024\/09\/Logo_HauteFidelite-300x229.jpg\" alt=\"\" \/>\n\t\t\t\t<\/picture>\n\t\t\t\t<div class=\"spectra-image-gallery__media-thumbnail-blurrer\"><\/div>\n\t\t\t\t\t\t\t\t\t\t\t<div class=\"spectra-image-gallery__media-thumbnail-caption-wrapper spectra-image-gallery__media-thumbnail-caption-wrapper--overlay\"><\/div>\n\t\t\t\t\t\t\t\t<\/div>\n\t\t\t\t\t\t<\/div>\n\t\t\t\t\t\t<\/div>\n\t\t\t\t\t\t\t\t\t\t<\/div>\n\t\t\t\t\t\t\t\t\t\t\t\t\t\t\t\t\t\t<\/div>\n\t\t\t\t\t\t\t\t\t\n\n\n<h3 class=\"wp-block-heading has-text-align-center\">\u062f\u0642\u0629 \u0639\u0627\u0644\u064a\u0629<\/h3>\n\n\n\n<p>\u062a\u0648\u062d\u0651\u062f \u0627\u0644\u062c\u0647\u0627\u062a \u0627\u0644\u0641\u0627\u0639\u0644\u0629 \u0641\u064a \u0635\u0646\u0627\u0639\u0629 \u0627\u0644\u0645\u0648\u0633\u064a\u0642\u0649 \u0641\u064a \u0645\u0646\u0637\u0642\u0629 \"\u0623\u0648\u062a \u062f\u0648 \u0641\u0631\u0627\u0646\u0633\" \u0645\u0646 \u062e\u0644\u0627\u0644 \u062a\u0646\u0641\u064a\u0630 \u0645\u0634\u0627\u0631\u064a\u0639 \u0645\u0634\u062a\u0631\u0643\u0629 (\u0627\u0644\u0645\u0631\u0627\u0642\u0628\u0629 \u0648\u0627\u0644\u0645\u0648\u0627\u0631\u062f \u0648\u0627\u0644\u062f\u0639\u0645 \u0648\u0627\u0644\u0627\u0628\u062a\u0643\u0627\u0631). \u062a\u0634\u0631\u0641 \u0627\u0644\u0634\u0628\u0643\u0629 \u0639\u0644\u0649 \u0627\u0644\u0647\u064a\u0643\u0644\u0629 \u0648\u0627\u0644\u062a\u0639\u0627\u0648\u0646 \u0645\u0639 \u0627\u0644\u0645\u062d\u062a\u0631\u0641\u064a\u0646 \u0648\u0627\u0644\u0641\u0646\u0627\u0646\u064a\u0646.<br><br><a href=\"https:\/\/www.haute-fidelite.org\/\">\u0623\u0639\u0644\u0649-<\/a><a href=\"https:\/\/www.haute-fidelite.org\/\" target=\"_blank\" rel=\"noreferrer noopener\">\u0627\u0644\u0648\u0644\u0627\u0621<\/a><a href=\"https:\/\/www.haute-fidelite.org\/\">.org<br><\/a><\/p>\n<\/div>\n\n\n\n<div class=\"wp-block-column is-layout-flow wp-block-column-is-layout-flow\">\t\t\t\t\t<div\n\t\t\t\t\t\tclass=\"wp-block-uagb-image-gallery uagb-block-b883ae23\"\n\t\t\t\t\t\tstyle=\"\"\n\t\t\t\t\t>\n\t\t\t\t\t\t\t\t\t\t\t<div class=\"spectra-image-gallery spectra-image-gallery__layout--masonry spectra-image-gallery__layout--masonry-col-1 spectra-image-gallery__layout--masonry-col-tab-1 spectra-image-gallery__layout--masonry-col-mob-1\">\n\t\t\t\t\t\t\t\t\t\t\t<div class='spectra-image-gallery__media-wrapper--isotope'>\n\t\t\t\t\t\t\t<div class='spectra-image-gallery__media-wrapper' data-spectra-gallery-image-id='3345' tabindex=\"0\">\n\t\t\t\t\t\t\t<div class=\"spectra-image-gallery__media spectra-image-gallery__media--masonry\">\n\t\t\t\t<picture>\n\t\t\t\t\t<source media=\"(min-width: 1024px)\" srcset=\"https:\/\/mairie-montataire.fr\/app\/uploads\/2024\/08\/Logo_HDFenscene-300x229.jpg\">\n\t\t\t\t\t<source media=\"(min-width: 768px)\" srcset=\"https:\/\/mairie-montataire.fr\/app\/uploads\/2024\/08\/Logo_HDFenscene-1024x781.jpg\">\n\t\t\t\t\t<img decoding=\"async\" class=\"spectra-image-gallery__media-thumbnail spectra-image-gallery__media-thumbnail--masonry\" src=\"https:\/\/mairie-montataire.fr\/app\/uploads\/2024\/08\/Logo_HDFenscene-300x229.jpg\" alt=\"\" \/>\n\t\t\t\t<\/picture>\n\t\t\t\t<div class=\"spectra-image-gallery__media-thumbnail-blurrer\"><\/div>\n\t\t\t\t\t\t\t\t\t\t\t<div class=\"spectra-image-gallery__media-thumbnail-caption-wrapper spectra-image-gallery__media-thumbnail-caption-wrapper--overlay\"><\/div>\n\t\t\t\t\t\t\t\t<\/div>\n\t\t\t\t\t\t<\/div>\n\t\t\t\t\t\t<\/div>\n\t\t\t\t\t\t\t\t\t\t<\/div>\n\t\t\t\t\t\t\t\t\t\t\t\t\t\t\t\t\t\t<\/div>\n\t\t\t\t\t\t\t\t\t\n\n\n<h3 class=\"wp-block-heading has-text-align-center\">&nbsp;\u0623\u0648\u062a \u062f\u0648 \u0641\u0631\u0627\u0646\u0633 \u0639\u0644\u0649 \u062e\u0634\u0628\u0629 \u0627\u0644\u0645\u0633\u0631\u062d<\/h3>\n\n\n\n<p>\u0645\u0647\u0631\u062c\u0627\u0646 \u064a\u0634\u062c\u0639 \u0627\u0644\u0641\u0646\u0627\u0646\u064a\u0646 \u0627\u0644\u0646\u0627\u0634\u0626\u064a\u0646 \u0648\u062a\u0646\u0642\u0644 \u0627\u0644\u0634\u0631\u0643\u0627\u062a \u0648\u0627\u0644\u0644\u0642\u0627\u0621\u0627\u062a \u0628\u064a\u0646 \u0627\u0644\u0645\u062d\u062a\u0631\u0641\u064a\u0646 \u0648\u0627\u0644\u0641\u0646\u0627\u0646\u064a\u0646. \u0643\u0645\u0627 \u0623\u0646\u0647 \u0634\u0628\u0643\u0629 \u062a\u0634\u062c\u0639 \u0639\u0644\u0649 \u0627\u0644\u0645\u0634\u0627\u0631\u0643\u0629 \u0648\u0627\u0644\u062a\u0631\u0648\u064a\u062c \u0627\u0644\u0641\u0646\u064a \u0648\u0627\u0644\u062a\u0648\u0632\u064a\u0639.<br><br><a href=\"https:\/\/www.hautsdefranceenscene.fr\/\" target=\"_blank\" rel=\"noreferrer noopener\">hautsdefranceenscene.fr<\/a><\/p>\n<\/div>\n\n\n\n<div class=\"wp-block-column is-layout-flow wp-block-column-is-layout-flow\"><\/div>\n<\/div>","protected":false},"excerpt":{"rendered":"<p>La Fa\u00efencerie &#8211; Th\u00e9\u00e2tre de Creil Partenaires pour une diffusion \u00e9largie du spectacle vivant, avec notamment l&rsquo;accueil de \u00ab\u00a0spectacle nomades\u00a0\u00bb et des spectacles d\u00e9couverte. faiencerie-theatre.com ACRO Rassemble plusieurs lieux de diffusion et d&rsquo;actions culturelles pour agir en faveur des arts du cirque, de la rue et dans l\u2019espace public.&nbsp;Coprogrammations, mutualisations, formations\u2026 De nombreuses actions sont [&hellip;]<\/p>\n","protected":false},"author":1,"featured_media":6744,"parent":48,"menu_order":45,"comment_status":"closed","ping_status":"closed","template":"","meta":{"_acf_changed":false,"_uag_custom_page_level_css":"","footnotes":""},"class_list":["post-419","page","type-page","status-publish","has-post-thumbnail","hentry"],"acf":[],"uagb_featured_image_src":{"full":["https:\/\/mairie-montataire.fr\/app\/uploads\/2025\/08\/2.1.5_2024-07-16-reseaux-palace.jpg",500,350,false],"thumbnail":["https:\/\/mairie-montataire.fr\/app\/uploads\/2025\/08\/2.1.5_2024-07-16-reseaux-palace-150x150.jpg",150,150,true],"medium":["https:\/\/mairie-montataire.fr\/app\/uploads\/2025\/08\/2.1.5_2024-07-16-reseaux-palace-300x210.jpg",300,210,true],"medium_large":["https:\/\/mairie-montataire.fr\/app\/uploads\/2025\/08\/2.1.5_2024-07-16-reseaux-palace.jpg",500,350,false],"large":["https:\/\/mairie-montataire.fr\/app\/uploads\/2025\/08\/2.1.5_2024-07-16-reseaux-palace.jpg",500,350,false],"1536x1536":["https:\/\/mairie-montataire.fr\/app\/uploads\/2025\/08\/2.1.5_2024-07-16-reseaux-palace.jpg",500,350,false],"2048x2048":["https:\/\/mairie-montataire.fr\/app\/uploads\/2025\/08\/2.1.5_2024-07-16-reseaux-palace.jpg",500,350,false],"trp-custom-language-flag":["https:\/\/mairie-montataire.fr\/app\/uploads\/2025\/08\/2.1.5_2024-07-16-reseaux-palace-18x12.jpg",18,12,true],"gform-image-choice-sm":["https:\/\/mairie-montataire.fr\/app\/uploads\/2025\/08\/2.1.5_2024-07-16-reseaux-palace.jpg",300,210,false],"gform-image-choice-md":["https:\/\/mairie-montataire.fr\/app\/uploads\/2025\/08\/2.1.5_2024-07-16-reseaux-palace.jpg",400,280,false],"gform-image-choice-lg":["https:\/\/mairie-montataire.fr\/app\/uploads\/2025\/08\/2.1.5_2024-07-16-reseaux-palace.jpg",500,350,false]},"uagb_author_info":{"display_name":"mentalworks","author_link":"https:\/\/mairie-montataire.fr\/ar\/actualites\/author\/mentalworks\/"},"uagb_comment_info":0,"uagb_excerpt":"La Fa\u00efencerie &#8211; Th\u00e9\u00e2tre de Creil Partenaires pour une diffusion \u00e9largie du spectacle vivant, avec notamment l&rsquo;accueil de \u00ab\u00a0spectacle nomades\u00a0\u00bb et des spectacles d\u00e9couverte. faiencerie-theatre.com ACRO Rassemble plusieurs lieux de diffusion et d&rsquo;actions culturelles pour agir en faveur des arts du cirque, de la rue et dans l\u2019espace public.&nbsp;Coprogrammations, mutualisations, formations\u2026 De nombreuses actions sont&hellip;","_links":{"self":[{"href":"https:\/\/mairie-montataire.fr\/ar\/wp-json\/wp\/v2\/pages\/419","targetHints":{"allow":["GET"]}}],"collection":[{"href":"https:\/\/mairie-montataire.fr\/ar\/wp-json\/wp\/v2\/pages"}],"about":[{"href":"https:\/\/mairie-montataire.fr\/ar\/wp-json\/wp\/v2\/types\/page"}],"author":[{"embeddable":true,"href":"https:\/\/mairie-montataire.fr\/ar\/wp-json\/wp\/v2\/users\/1"}],"replies":[{"embeddable":true,"href":"https:\/\/mairie-montataire.fr\/ar\/wp-json\/wp\/v2\/comments?post=419"}],"version-history":[{"count":31,"href":"https:\/\/mairie-montataire.fr\/ar\/wp-json\/wp\/v2\/pages\/419\/revisions"}],"predecessor-version":[{"id":6776,"href":"https:\/\/mairie-montataire.fr\/ar\/wp-json\/wp\/v2\/pages\/419\/revisions\/6776"}],"up":[{"embeddable":true,"href":"https:\/\/mairie-montataire.fr\/ar\/wp-json\/wp\/v2\/pages\/48"}],"wp:featuredmedia":[{"embeddable":true,"href":"https:\/\/mairie-montataire.fr\/ar\/wp-json\/wp\/v2\/media\/6744"}],"wp:attachment":[{"href":"https:\/\/mairie-montataire.fr\/ar\/wp-json\/wp\/v2\/media?parent=419"}],"curies":[{"name":"\u062f\u0628\u0644\u064a\u0648 \u0628\u064a","href":"https:\/\/api.w.org\/{rel}","templated":true}]}}